{"id":44223,"date":"2023-10-20T09:43:45","date_gmt":"2023-10-20T07:43:45","guid":{"rendered":"http:\/\/turismevalles.com.mialias.net\/events\/la-castanada-y-el-tunel-del-terror-en-lametlla-del-valles\/"},"modified":"2023-10-20T09:43:45","modified_gmt":"2023-10-20T07:43:45","slug":"la-castanada-y-el-tunel-del-terror-en-lametlla-del-valles","status":"publish","type":"mec-events","link":"https:\/\/turismevalles.com\/es\/events\/la-castanada-y-el-tunel-del-terror-en-lametlla-del-valles\/","title":{"rendered":"La Casta\u00f1ada y el T\u00fanel del Terror en L&#8217;Ametlla del Vall\u00e8s"},"content":{"rendered":"<h1 id=\"\" class=\"title\">Todo a punto para la casta\u00f1ada!<\/h1>\n<div class=\"date\">Viernes, 27 de octubre de 2023 a las 17:00<\/div>\n<div class=\"ddbbtext\">\n<p>Llegada el oto\u00f1o y, tambi\u00e9n, la casta\u00f1ada, el Ayuntamiento y la Asociaci\u00f3n Almendra Comercio Activo (ACA) os invitamos a celebrar esta fiesta con los siguientes actas, que tendr\u00e1n lugar el viernes 27 de octubre:<\/p>\n<p><b>Marrameu torra castanyes<\/b><br \/>\nEspect\u00e1culo infantil de t\u00edteres y m\u00fasica en directo para a ni\u00f1os a partir de 4 a\u00f1os y sus familias, a cargo de En clave de clown.<br \/>\nA continuaci\u00f3n la casta\u00f1era repartir\u00e1 casta\u00f1as por los asistentes. Haciendo compras a los comercios y servicios del ACA se podr\u00e1n recoger vales por las casta\u00f1as.<br \/>\nHORA: 17 h<br \/>\nLUGAR: pla\u00e7a de l\u2019ajuntament<\/p>\n<p><b>Noche j\u00f3venes: t\u00fanel del terror<\/b><br \/>\nPara j\u00f3venes a partir de 12 a\u00f1os<br \/>\nHORA: 20 h<br \/>\nLUGAR: Can Muntanyola<\/p>\n<blockquote><p><strong>El t\u00fanel del terror<\/strong>:<\/p>\n<p>El pasaje sera especialmente terror\u00edfico. Recorreremos un camino de tinieblas sin ver nada, porque a menudo es nuestra imaginaci\u00f3n la que provoca nuestras peores pesadillas.<\/p>\n<p>As\u00ed, en este t\u00fanel nos adentraremos en nuestros propios miedos, y esto nos har\u00e1 plantear muchas cuestiones sobre esta emoci\u00f3n. Al finalizar el pasaje, nos ayudar\u00e1n a explorar este miedo y a reflexionar sobre su origen, porque todas las personas tenemos miedo&#8230; pero como la gestionamos?<\/p>\n<p>Adem\u00e1s, contaremos con una *maquilladora profesional, que nos pintar\u00e1 y maquillar\u00e1 al acabar el recorrido.<\/p>\n<p>Est\u00e1s dispuesta\/dispuesto a adentrarte en la oscuridad? Y a afrontar tus miedos?<\/p>\n<p>Te esperamos el viernes 27 de octubre a las *20h por las noches J\u00f3venes, a *Can Muntanyola!<\/p><\/blockquote>\n<p>Info: <a href=\"https:\/\/www.ametlla.cat\/actualitat\/noticies\/tot-a-punt-per-la-castanyada.html\">https:\/\/www.ametlla.cat\/actualitat\/noticies\/tot-a-punt-per-la-castanyada.html<\/a><\/p>\n<\/div>\n","protected":false},"excerpt":{"rendered":"<p>Todo a punto para la casta\u00f1ada! Viernes, 27 de octubre de 2023 a las 17:00 Llegada el oto\u00f1o y, tambi\u00e9n, la casta\u00f1ada, el Ayuntamiento y &#8230; <a title=\"La Casta\u00f1ada y el T\u00fanel del Terror en L&#8217;Ametlla del Vall\u00e8s\" class=\"read-more\" href=\"https:\/\/turismevalles.com\/es\/events\/la-castanada-y-el-tunel-del-terror-en-lametlla-del-valles\/\" aria-label=\"M\u00e1s en La Casta\u00f1ada y el T\u00fanel del Terror en L&#8217;Ametlla del Vall\u00e8s\">Veure m\u00e9s<\/a><\/p>\n","protected":false},"author":5,"featured_media":44221,"comment_status":"open","ping_status":"closed","template":"","tags":[2465,1913],"poblacions":[2406],"mec_category":[],"class_list":["post-44223","mec-events","type-mec-events","status-publish","has-post-thumbnail","hentry","tag-castanyada-es","tag-terror-es","poblacions-l-ametlla-del-valles-es-4","generate-columns","tablet-grid-50","mobile-grid-100","grid-parent","grid-33"],"acf":[],"yoast_head":"<!-- This site is optimized with the Yoast SEO plugin v26.4 - https:\/\/yoast.com\/wordpress\/plugins\/seo\/ -->\n<title>La Casta\u00f1ada y el T\u00fanel del Terror en L&#039;Ametlla del Vall\u00e8s - Turisme Vall\u00e8s<\/title>\n<meta name=\"robots\" content=\"index, follow, max-snippet:-1, max-image-preview:large, max-video-preview:-1\" \/>\n<link rel=\"canonical\" href=\"https:\/\/turismevalles.com\/es\/events\/la-castanada-y-el-tunel-del-terror-en-lametlla-del-valles\/\" \/>\n<meta property=\"og:locale\" content=\"es_ES\" \/>\n<meta property=\"og:type\" content=\"article\" \/>\n<meta property=\"og:title\" content=\"La Casta\u00f1ada y el T\u00fanel del Terror en L&#039;Ametlla del Vall\u00e8s - Turisme Vall\u00e8s\" \/>\n<meta property=\"og:description\" content=\"Todo a punto para la casta\u00f1ada! Viernes, 27 de octubre de 2023 a las 17:00 Llegada el oto\u00f1o y, tambi\u00e9n, la casta\u00f1ada, el Ayuntamiento y ... Veure m\u00e9s\" \/>\n<meta property=\"og:url\" content=\"https:\/\/turismevalles.com\/es\/events\/la-castanada-y-el-tunel-del-terror-en-lametlla-del-valles\/\" \/>\n<meta property=\"og:site_name\" content=\"Turisme Vall\u00e8s\" \/>\n<meta property=\"og:image\" content=\"https:\/\/turismevalles.com\/wp-content\/uploads\/2023\/10\/Castanyada-LAmetlla.jpg\" \/>\n\t<meta property=\"og:image:width\" content=\"488\" \/>\n\t<meta property=\"og:image:height\" content=\"679\" \/>\n\t<meta property=\"og:image:type\" content=\"image\/jpeg\" \/>\n<meta name=\"twitter:card\" content=\"summary_large_image\" \/>\n<meta name=\"twitter:label1\" content=\"Tiempo de lectura\" \/>\n\t<meta name=\"twitter:data1\" content=\"1 minuto\" \/>\n<script type=\"application\/ld+json\" class=\"yoast-schema-graph\">{\"@context\":\"https:\/\/schema.org\",\"@graph\":[{\"@type\":\"WebPage\",\"@id\":\"https:\/\/turismevalles.com\/es\/events\/la-castanada-y-el-tunel-del-terror-en-lametlla-del-valles\/\",\"url\":\"https:\/\/turismevalles.com\/es\/events\/la-castanada-y-el-tunel-del-terror-en-lametlla-del-valles\/\",\"name\":\"La Casta\u00f1ada y el T\u00fanel del Terror en L'Ametlla del Vall\u00e8s - Turisme Vall\u00e8s\",\"isPartOf\":{\"@id\":\"https:\/\/turismevalles.com\/en\/#website\"},\"primaryImageOfPage\":{\"@id\":\"https:\/\/turismevalles.com\/es\/events\/la-castanada-y-el-tunel-del-terror-en-lametlla-del-valles\/#primaryimage\"},\"image\":{\"@id\":\"https:\/\/turismevalles.com\/es\/events\/la-castanada-y-el-tunel-del-terror-en-lametlla-del-valles\/#primaryimage\"},\"thumbnailUrl\":\"https:\/\/turismevalles.com\/wp-content\/uploads\/2023\/10\/Castanyada-LAmetlla.jpg\",\"datePublished\":\"2023-10-20T07:43:45+00:00\",\"breadcrumb\":{\"@id\":\"https:\/\/turismevalles.com\/es\/events\/la-castanada-y-el-tunel-del-terror-en-lametlla-del-valles\/#breadcrumb\"},\"inLanguage\":\"es\",\"potentialAction\":[{\"@type\":\"ReadAction\",\"target\":[\"https:\/\/turismevalles.com\/es\/events\/la-castanada-y-el-tunel-del-terror-en-lametlla-del-valles\/\"]}]},{\"@type\":\"ImageObject\",\"inLanguage\":\"es\",\"@id\":\"https:\/\/turismevalles.com\/es\/events\/la-castanada-y-el-tunel-del-terror-en-lametlla-del-valles\/#primaryimage\",\"url\":\"https:\/\/turismevalles.com\/wp-content\/uploads\/2023\/10\/Castanyada-LAmetlla.jpg\",\"contentUrl\":\"https:\/\/turismevalles.com\/wp-content\/uploads\/2023\/10\/Castanyada-LAmetlla.jpg\",\"width\":488,\"height\":679},{\"@type\":\"BreadcrumbList\",\"@id\":\"https:\/\/turismevalles.com\/es\/events\/la-castanada-y-el-tunel-del-terror-en-lametlla-del-valles\/#breadcrumb\",\"itemListElement\":[{\"@type\":\"ListItem\",\"position\":1,\"name\":\"Inicio\",\"item\":\"https:\/\/turismevalles.com\/es\/\"},{\"@type\":\"ListItem\",\"position\":2,\"name\":\"Esdeveniments\",\"item\":\"https:\/\/turismevalles.com\/events\/\"},{\"@type\":\"ListItem\",\"position\":3,\"name\":\"La Casta\u00f1ada y el T\u00fanel del Terror en L&#8217;Ametlla del Vall\u00e8s\"}]},{\"@type\":\"WebSite\",\"@id\":\"https:\/\/turismevalles.com\/en\/#website\",\"url\":\"https:\/\/turismevalles.com\/en\/\",\"name\":\"Turisme Vall\u00e8s\",\"description\":\"\",\"publisher\":{\"@id\":\"https:\/\/turismevalles.com\/en\/#organization\"},\"potentialAction\":[{\"@type\":\"SearchAction\",\"target\":{\"@type\":\"EntryPoint\",\"urlTemplate\":\"https:\/\/turismevalles.com\/en\/?s={search_term_string}\"},\"query-input\":{\"@type\":\"PropertyValueSpecification\",\"valueRequired\":true,\"valueName\":\"search_term_string\"}}],\"inLanguage\":\"es\"},{\"@type\":\"Organization\",\"@id\":\"https:\/\/turismevalles.com\/en\/#organization\",\"name\":\"Turisme Vall\u00e8s\",\"url\":\"https:\/\/turismevalles.com\/en\/\",\"logo\":{\"@type\":\"ImageObject\",\"inLanguage\":\"es\",\"@id\":\"https:\/\/turismevalles.com\/en\/#\/schema\/logo\/image\/\",\"url\":\"https:\/\/turismevalles.com\/wp-content\/uploads\/2020\/08\/cropped-logo_ca-2.png\",\"contentUrl\":\"https:\/\/turismevalles.com\/wp-content\/uploads\/2020\/08\/cropped-logo_ca-2.png\",\"width\":314,\"height\":85,\"caption\":\"Turisme Vall\u00e8s\"},\"image\":{\"@id\":\"https:\/\/turismevalles.com\/en\/#\/schema\/logo\/image\/\"}}]}<\/script>\n<!-- \/ Yoast SEO plugin. -->","yoast_head_json":{"title":"La Casta\u00f1ada y el T\u00fanel del Terror en L'Ametlla del Vall\u00e8s - Turisme Vall\u00e8s","robots":{"index":"index","follow":"follow","max-snippet":"max-snippet:-1","max-image-preview":"max-image-preview:large","max-video-preview":"max-video-preview:-1"},"canonical":"https:\/\/turismevalles.com\/es\/events\/la-castanada-y-el-tunel-del-terror-en-lametlla-del-valles\/","og_locale":"es_ES","og_type":"article","og_title":"La Casta\u00f1ada y el T\u00fanel del Terror en L'Ametlla del Vall\u00e8s - Turisme Vall\u00e8s","og_description":"Todo a punto para la casta\u00f1ada! Viernes, 27 de octubre de 2023 a las 17:00 Llegada el oto\u00f1o y, tambi\u00e9n, la casta\u00f1ada, el Ayuntamiento y ... Veure m\u00e9s","og_url":"https:\/\/turismevalles.com\/es\/events\/la-castanada-y-el-tunel-del-terror-en-lametlla-del-valles\/","og_site_name":"Turisme Vall\u00e8s","og_image":[{"width":488,"height":679,"url":"https:\/\/turismevalles.com\/wp-content\/uploads\/2023\/10\/Castanyada-LAmetlla.jpg","type":"image\/jpeg"}],"twitter_card":"summary_large_image","twitter_misc":{"Tiempo de lectura":"1 minuto"},"schema":{"@context":"https:\/\/schema.org","@graph":[{"@type":"WebPage","@id":"https:\/\/turismevalles.com\/es\/events\/la-castanada-y-el-tunel-del-terror-en-lametlla-del-valles\/","url":"https:\/\/turismevalles.com\/es\/events\/la-castanada-y-el-tunel-del-terror-en-lametlla-del-valles\/","name":"La Casta\u00f1ada y el T\u00fanel del Terror en L'Ametlla del Vall\u00e8s - Turisme Vall\u00e8s","isPartOf":{"@id":"https:\/\/turismevalles.com\/en\/#website"},"primaryImageOfPage":{"@id":"https:\/\/turismevalles.com\/es\/events\/la-castanada-y-el-tunel-del-terror-en-lametlla-del-valles\/#primaryimage"},"image":{"@id":"https:\/\/turismevalles.com\/es\/events\/la-castanada-y-el-tunel-del-terror-en-lametlla-del-valles\/#primaryimage"},"thumbnailUrl":"https:\/\/turismevalles.com\/wp-content\/uploads\/2023\/10\/Castanyada-LAmetlla.jpg","datePublished":"2023-10-20T07:43:45+00:00","breadcrumb":{"@id":"https:\/\/turismevalles.com\/es\/events\/la-castanada-y-el-tunel-del-terror-en-lametlla-del-valles\/#breadcrumb"},"inLanguage":"es","potentialAction":[{"@type":"ReadAction","target":["https:\/\/turismevalles.com\/es\/events\/la-castanada-y-el-tunel-del-terror-en-lametlla-del-valles\/"]}]},{"@type":"ImageObject","inLanguage":"es","@id":"https:\/\/turismevalles.com\/es\/events\/la-castanada-y-el-tunel-del-terror-en-lametlla-del-valles\/#primaryimage","url":"https:\/\/turismevalles.com\/wp-content\/uploads\/2023\/10\/Castanyada-LAmetlla.jpg","contentUrl":"https:\/\/turismevalles.com\/wp-content\/uploads\/2023\/10\/Castanyada-LAmetlla.jpg","width":488,"height":679},{"@type":"BreadcrumbList","@id":"https:\/\/turismevalles.com\/es\/events\/la-castanada-y-el-tunel-del-terror-en-lametlla-del-valles\/#breadcrumb","itemListElement":[{"@type":"ListItem","position":1,"name":"Inicio","item":"https:\/\/turismevalles.com\/es\/"},{"@type":"ListItem","position":2,"name":"Esdeveniments","item":"https:\/\/turismevalles.com\/events\/"},{"@type":"ListItem","position":3,"name":"La Casta\u00f1ada y el T\u00fanel del Terror en L&#8217;Ametlla del Vall\u00e8s"}]},{"@type":"WebSite","@id":"https:\/\/turismevalles.com\/en\/#website","url":"https:\/\/turismevalles.com\/en\/","name":"Turisme Vall\u00e8s","description":"","publisher":{"@id":"https:\/\/turismevalles.com\/en\/#organization"},"potentialAction":[{"@type":"SearchAction","target":{"@type":"EntryPoint","urlTemplate":"https:\/\/turismevalles.com\/en\/?s={search_term_string}"},"query-input":{"@type":"PropertyValueSpecification","valueRequired":true,"valueName":"search_term_string"}}],"inLanguage":"es"},{"@type":"Organization","@id":"https:\/\/turismevalles.com\/en\/#organization","name":"Turisme Vall\u00e8s","url":"https:\/\/turismevalles.com\/en\/","logo":{"@type":"ImageObject","inLanguage":"es","@id":"https:\/\/turismevalles.com\/en\/#\/schema\/logo\/image\/","url":"https:\/\/turismevalles.com\/wp-content\/uploads\/2020\/08\/cropped-logo_ca-2.png","contentUrl":"https:\/\/turismevalles.com\/wp-content\/uploads\/2020\/08\/cropped-logo_ca-2.png","width":314,"height":85,"caption":"Turisme Vall\u00e8s"},"image":{"@id":"https:\/\/turismevalles.com\/en\/#\/schema\/logo\/image\/"}}]}},"uagb_featured_image_src":{"full":["https:\/\/turismevalles.com\/wp-content\/uploads\/2023\/10\/Castanyada-LAmetlla.jpg",488,679,false],"thumbnail":["https:\/\/turismevalles.com\/wp-content\/uploads\/2023\/10\/Castanyada-LAmetlla-150x150.jpg",150,150,true],"medium":["https:\/\/turismevalles.com\/wp-content\/uploads\/2023\/10\/Castanyada-LAmetlla-216x300.jpg",216,300,true],"medium_large":["https:\/\/turismevalles.com\/wp-content\/uploads\/2023\/10\/Castanyada-LAmetlla.jpg",488,679,false],"large":["https:\/\/turismevalles.com\/wp-content\/uploads\/2023\/10\/Castanyada-LAmetlla.jpg",488,679,false],"thumblist":["https:\/\/turismevalles.com\/wp-content\/uploads\/2023\/10\/Castanyada-LAmetlla-300x300.jpg",300,300,true],"meccarouselthumb":["https:\/\/turismevalles.com\/wp-content\/uploads\/2023\/10\/Castanyada-LAmetlla-474x324.jpg",474,324,true],"gridsquare":["https:\/\/turismevalles.com\/wp-content\/uploads\/2023\/10\/Castanyada-LAmetlla-391x260.jpg",391,260,true],"tileview":["https:\/\/turismevalles.com\/wp-content\/uploads\/2023\/10\/Castanyada-LAmetlla-300x400.jpg",300,400,true],"1536x1536":["https:\/\/turismevalles.com\/wp-content\/uploads\/2023\/10\/Castanyada-LAmetlla.jpg",488,679,false],"2048x2048":["https:\/\/turismevalles.com\/wp-content\/uploads\/2023\/10\/Castanyada-LAmetlla.jpg",488,679,false]},"uagb_author_info":{"display_name":"Turisme Valles","author_link":"https:\/\/turismevalles.com\/es\/author\/turismevallesoriental\/"},"uagb_comment_info":0,"uagb_excerpt":"Todo a punto para la casta\u00f1ada! Viernes, 27 de octubre de 2023 a las 17:00 Llegada el oto\u00f1o y, tambi\u00e9n, la casta\u00f1ada, el Ayuntamiento y ... Veure m\u00e9s","_links":{"self":[{"href":"https:\/\/turismevalles.com\/es\/wp-json\/wp\/v2\/mec-events\/44223","targetHints":{"allow":["GET"]}}],"collection":[{"href":"https:\/\/turismevalles.com\/es\/wp-json\/wp\/v2\/mec-events"}],"about":[{"href":"https:\/\/turismevalles.com\/es\/wp-json\/wp\/v2\/types\/mec-events"}],"author":[{"embeddable":true,"href":"https:\/\/turismevalles.com\/es\/wp-json\/wp\/v2\/users\/5"}],"replies":[{"embeddable":true,"href":"https:\/\/turismevalles.com\/es\/wp-json\/wp\/v2\/comments?post=44223"}],"wp:featuredmedia":[{"embeddable":true,"href":"https:\/\/turismevalles.com\/es\/wp-json\/wp\/v2\/media\/44221"}],"wp:attachment":[{"href":"https:\/\/turismevalles.com\/es\/wp-json\/wp\/v2\/media?parent=44223"}],"wp:term":[{"taxonomy":"post_tag","embeddable":true,"href":"https:\/\/turismevalles.com\/es\/wp-json\/wp\/v2\/tags?post=44223"},{"taxonomy":"poblacions","embeddable":true,"href":"https:\/\/turismevalles.com\/es\/wp-json\/wp\/v2\/poblacions?post=44223"},{"taxonomy":"mec_category","embeddable":true,"href":"https:\/\/turismevalles.com\/es\/wp-json\/wp\/v2\/mec_category?post=44223"}],"curies":[{"name":"wp","href":"https:\/\/api.w.org\/{rel}","templated":true}]}}