{"id":44470,"date":"2023-11-10T11:44:05","date_gmt":"2023-11-10T10:44:05","guid":{"rendered":"http:\/\/turismevalles.com.mialias.net\/events\/sortida-de-tardor-a-santa-eulalia-de-roncana\/"},"modified":"2023-11-10T11:45:22","modified_gmt":"2023-11-10T10:45:22","slug":"sortida-de-tardor-a-santa-eulalia-de-roncana","status":"publish","type":"mec-events","link":"https:\/\/turismevalles.com\/es\/events\/sortida-de-tardor-a-santa-eulalia-de-roncana\/","title":{"rendered":"Salida de Oto\u00f1o en Santa Eul\u00e0lia de Ron\u00e7ana"},"content":{"rendered":"<h2>Salida Santa Eul\u00e0lia Camina: Salida de oto\u00f1o<br \/>\nD\u00eda y hora:\u00a0domingo 19\/11\/2023 de las 10:00 a las 13:00<\/h2>\n<p>Lugar:\u00a0Plaza de la Iglesia<\/p>\n<p>Organiza: Santa Eul\u00e0lia Camina<\/p>\n<p>Inicio del ciclo de caminatas familiares \u00abA cada estaci\u00f3n una excursi\u00f3n\u00bb. Dirigida a ni\u00f1os y j\u00f3venes que quieran conocer y andar por el entorno de Santa Eul\u00e0lia junto con sus familias y amistades.<\/p>\n<p>A la primera caminata se recorrer\u00e1n zonas boscosas del municipio buscando hojas y frutos de esta temporada.<\/p>\n<p>Los\u00a0objetivos\u00a0de este nuevo proyecto son:<\/p>\n<p>Conocer el territorio.<br \/>\nRealizar actividad f\u00edsica.<br \/>\nInculcar h\u00e1bitos saludables a los ni\u00f1os.<br \/>\nRespetar el medio natural.<br \/>\nFomentar la relaci\u00f3n entre familias, ni\u00f1os, j\u00f3venes, adultos, etc. de nuestro municipio.<\/p>\n<p>Recorrido apto para todas las edades, si se tercia lo pare\/madre\/tutor\/tutora puede llevar el ni\u00f1o a la mochila de *porteig. A la llegada habr\u00e1 avituallamiento l\u00edquido y s\u00f3lido y tambi\u00e9n juegos por los m\u00e1s peque\u00f1os. Recorrido circular de unos 6km.<\/p>\n<p>Hay que llevar almorzar, agua y calzado c\u00f3modo.<\/p>\n<div class=\"brcm-calendar-module\">\n<div class=\"brcm-event-detail\">\n<div class=\"brcm-event-detail-column-left\">\n<p>Info:\u00a0<a href=\"https:\/\/www.ser.cat\/actualitat\/agenda\/2023\/11\/19\/sortida-santa-eulalia-camina-sortida-de-tardor\">https:\/\/www.ser.cat\/actualitat\/agenda\/2023\/11\/19\/sortida-santa-eulalia-camina-sortida-de-tardor<\/a><\/p>\n<\/div>\n<\/div>\n<\/div>\n","protected":false},"excerpt":{"rendered":"<p>Salida Santa Eul\u00e0lia Camina: Salida de oto\u00f1o D\u00eda y hora:\u00a0domingo 19\/11\/2023 de las 10:00 a las 13:00 Lugar:\u00a0Plaza de la Iglesia Organiza: Santa Eul\u00e0lia Camina &#8230; <a title=\"Salida de Oto\u00f1o en Santa Eul\u00e0lia de Ron\u00e7ana\" class=\"read-more\" href=\"https:\/\/turismevalles.com\/es\/events\/sortida-de-tardor-a-santa-eulalia-de-roncana\/\" aria-label=\"M\u00e1s en Salida de Oto\u00f1o en Santa Eul\u00e0lia de Ron\u00e7ana\">Veure m\u00e9s<\/a><\/p>\n","protected":false},"author":5,"featured_media":44469,"comment_status":"open","ping_status":"closed","template":"","tags":[2121],"poblacions":[899],"mec_category":[1603],"class_list":["post-44470","mec-events","type-mec-events","status-publish","has-post-thumbnail","hentry","tag-tardor-es","poblacions-santa-eulalia-de-roncana-es","mec_category-natura-es","generate-columns","tablet-grid-50","mobile-grid-100","grid-parent","grid-33"],"acf":[],"yoast_head":"<!-- This site is optimized with the Yoast SEO plugin v26.4 - https:\/\/yoast.com\/wordpress\/plugins\/seo\/ -->\n<title>Salida de Oto\u00f1o en Santa Eul\u00e0lia de Ron\u00e7ana - Turisme Vall\u00e8s<\/title>\n<meta name=\"robots\" content=\"index, follow, max-snippet:-1, max-image-preview:large, max-video-preview:-1\" \/>\n<link rel=\"canonical\" href=\"https:\/\/turismevalles.com\/es\/events\/sortida-de-tardor-a-santa-eulalia-de-roncana\/\" \/>\n<meta property=\"og:locale\" content=\"es_ES\" \/>\n<meta property=\"og:type\" content=\"article\" \/>\n<meta property=\"og:title\" content=\"Salida de Oto\u00f1o en Santa Eul\u00e0lia de Ron\u00e7ana - Turisme Vall\u00e8s\" \/>\n<meta property=\"og:description\" content=\"Salida Santa Eul\u00e0lia Camina: Salida de oto\u00f1o D\u00eda y hora:\u00a0domingo 19\/11\/2023 de las 10:00 a las 13:00 Lugar:\u00a0Plaza de la Iglesia Organiza: Santa Eul\u00e0lia Camina ... Veure m\u00e9s\" \/>\n<meta property=\"og:url\" content=\"https:\/\/turismevalles.com\/es\/events\/sortida-de-tardor-a-santa-eulalia-de-roncana\/\" \/>\n<meta property=\"og:site_name\" content=\"Turisme Vall\u00e8s\" \/>\n<meta property=\"article:modified_time\" content=\"2023-11-10T10:45:22+00:00\" \/>\n<meta property=\"og:image\" content=\"https:\/\/turismevalles.com\/wp-content\/uploads\/2023\/11\/SER-Tardor.jpg\" \/>\n\t<meta property=\"og:image:width\" content=\"578\" \/>\n\t<meta property=\"og:image:height\" content=\"813\" \/>\n\t<meta property=\"og:image:type\" content=\"image\/jpeg\" \/>\n<meta name=\"twitter:card\" content=\"summary_large_image\" \/>\n<meta name=\"twitter:label1\" content=\"Tiempo de lectura\" \/>\n\t<meta name=\"twitter:data1\" content=\"1 minuto\" \/>\n<script type=\"application\/ld+json\" class=\"yoast-schema-graph\">{\"@context\":\"https:\/\/schema.org\",\"@graph\":[{\"@type\":\"WebPage\",\"@id\":\"https:\/\/turismevalles.com\/es\/events\/sortida-de-tardor-a-santa-eulalia-de-roncana\/\",\"url\":\"https:\/\/turismevalles.com\/es\/events\/sortida-de-tardor-a-santa-eulalia-de-roncana\/\",\"name\":\"Salida de Oto\u00f1o en Santa Eul\u00e0lia de Ron\u00e7ana - Turisme Vall\u00e8s\",\"isPartOf\":{\"@id\":\"https:\/\/turismevalles.com\/en\/#website\"},\"primaryImageOfPage\":{\"@id\":\"https:\/\/turismevalles.com\/es\/events\/sortida-de-tardor-a-santa-eulalia-de-roncana\/#primaryimage\"},\"image\":{\"@id\":\"https:\/\/turismevalles.com\/es\/events\/sortida-de-tardor-a-santa-eulalia-de-roncana\/#primaryimage\"},\"thumbnailUrl\":\"https:\/\/turismevalles.com\/wp-content\/uploads\/2023\/11\/SER-Tardor.jpg\",\"datePublished\":\"2023-11-10T10:44:05+00:00\",\"dateModified\":\"2023-11-10T10:45:22+00:00\",\"breadcrumb\":{\"@id\":\"https:\/\/turismevalles.com\/es\/events\/sortida-de-tardor-a-santa-eulalia-de-roncana\/#breadcrumb\"},\"inLanguage\":\"es\",\"potentialAction\":[{\"@type\":\"ReadAction\",\"target\":[\"https:\/\/turismevalles.com\/es\/events\/sortida-de-tardor-a-santa-eulalia-de-roncana\/\"]}]},{\"@type\":\"ImageObject\",\"inLanguage\":\"es\",\"@id\":\"https:\/\/turismevalles.com\/es\/events\/sortida-de-tardor-a-santa-eulalia-de-roncana\/#primaryimage\",\"url\":\"https:\/\/turismevalles.com\/wp-content\/uploads\/2023\/11\/SER-Tardor.jpg\",\"contentUrl\":\"https:\/\/turismevalles.com\/wp-content\/uploads\/2023\/11\/SER-Tardor.jpg\",\"width\":578,\"height\":813},{\"@type\":\"BreadcrumbList\",\"@id\":\"https:\/\/turismevalles.com\/es\/events\/sortida-de-tardor-a-santa-eulalia-de-roncana\/#breadcrumb\",\"itemListElement\":[{\"@type\":\"ListItem\",\"position\":1,\"name\":\"Inicio\",\"item\":\"https:\/\/turismevalles.com\/es\/\"},{\"@type\":\"ListItem\",\"position\":2,\"name\":\"Esdeveniments\",\"item\":\"https:\/\/turismevalles.com\/events\/\"},{\"@type\":\"ListItem\",\"position\":3,\"name\":\"Salida de Oto\u00f1o en Santa Eul\u00e0lia de Ron\u00e7ana\"}]},{\"@type\":\"WebSite\",\"@id\":\"https:\/\/turismevalles.com\/en\/#website\",\"url\":\"https:\/\/turismevalles.com\/en\/\",\"name\":\"Turisme Vall\u00e8s\",\"description\":\"\",\"publisher\":{\"@id\":\"https:\/\/turismevalles.com\/en\/#organization\"},\"potentialAction\":[{\"@type\":\"SearchAction\",\"target\":{\"@type\":\"EntryPoint\",\"urlTemplate\":\"https:\/\/turismevalles.com\/en\/?s={search_term_string}\"},\"query-input\":{\"@type\":\"PropertyValueSpecification\",\"valueRequired\":true,\"valueName\":\"search_term_string\"}}],\"inLanguage\":\"es\"},{\"@type\":\"Organization\",\"@id\":\"https:\/\/turismevalles.com\/en\/#organization\",\"name\":\"Turisme Vall\u00e8s\",\"url\":\"https:\/\/turismevalles.com\/en\/\",\"logo\":{\"@type\":\"ImageObject\",\"inLanguage\":\"es\",\"@id\":\"https:\/\/turismevalles.com\/en\/#\/schema\/logo\/image\/\",\"url\":\"https:\/\/turismevalles.com\/wp-content\/uploads\/2020\/08\/cropped-logo_ca-2.png\",\"contentUrl\":\"https:\/\/turismevalles.com\/wp-content\/uploads\/2020\/08\/cropped-logo_ca-2.png\",\"width\":314,\"height\":85,\"caption\":\"Turisme Vall\u00e8s\"},\"image\":{\"@id\":\"https:\/\/turismevalles.com\/en\/#\/schema\/logo\/image\/\"}}]}<\/script>\n<!-- \/ Yoast SEO plugin. -->","yoast_head_json":{"title":"Salida de Oto\u00f1o en Santa Eul\u00e0lia de Ron\u00e7ana - Turisme Vall\u00e8s","robots":{"index":"index","follow":"follow","max-snippet":"max-snippet:-1","max-image-preview":"max-image-preview:large","max-video-preview":"max-video-preview:-1"},"canonical":"https:\/\/turismevalles.com\/es\/events\/sortida-de-tardor-a-santa-eulalia-de-roncana\/","og_locale":"es_ES","og_type":"article","og_title":"Salida de Oto\u00f1o en Santa Eul\u00e0lia de Ron\u00e7ana - Turisme Vall\u00e8s","og_description":"Salida Santa Eul\u00e0lia Camina: Salida de oto\u00f1o D\u00eda y hora:\u00a0domingo 19\/11\/2023 de las 10:00 a las 13:00 Lugar:\u00a0Plaza de la Iglesia Organiza: Santa Eul\u00e0lia Camina ... Veure m\u00e9s","og_url":"https:\/\/turismevalles.com\/es\/events\/sortida-de-tardor-a-santa-eulalia-de-roncana\/","og_site_name":"Turisme Vall\u00e8s","article_modified_time":"2023-11-10T10:45:22+00:00","og_image":[{"width":578,"height":813,"url":"https:\/\/turismevalles.com\/wp-content\/uploads\/2023\/11\/SER-Tardor.jpg","type":"image\/jpeg"}],"twitter_card":"summary_large_image","twitter_misc":{"Tiempo de lectura":"1 minuto"},"schema":{"@context":"https:\/\/schema.org","@graph":[{"@type":"WebPage","@id":"https:\/\/turismevalles.com\/es\/events\/sortida-de-tardor-a-santa-eulalia-de-roncana\/","url":"https:\/\/turismevalles.com\/es\/events\/sortida-de-tardor-a-santa-eulalia-de-roncana\/","name":"Salida de Oto\u00f1o en Santa Eul\u00e0lia de Ron\u00e7ana - Turisme Vall\u00e8s","isPartOf":{"@id":"https:\/\/turismevalles.com\/en\/#website"},"primaryImageOfPage":{"@id":"https:\/\/turismevalles.com\/es\/events\/sortida-de-tardor-a-santa-eulalia-de-roncana\/#primaryimage"},"image":{"@id":"https:\/\/turismevalles.com\/es\/events\/sortida-de-tardor-a-santa-eulalia-de-roncana\/#primaryimage"},"thumbnailUrl":"https:\/\/turismevalles.com\/wp-content\/uploads\/2023\/11\/SER-Tardor.jpg","datePublished":"2023-11-10T10:44:05+00:00","dateModified":"2023-11-10T10:45:22+00:00","breadcrumb":{"@id":"https:\/\/turismevalles.com\/es\/events\/sortida-de-tardor-a-santa-eulalia-de-roncana\/#breadcrumb"},"inLanguage":"es","potentialAction":[{"@type":"ReadAction","target":["https:\/\/turismevalles.com\/es\/events\/sortida-de-tardor-a-santa-eulalia-de-roncana\/"]}]},{"@type":"ImageObject","inLanguage":"es","@id":"https:\/\/turismevalles.com\/es\/events\/sortida-de-tardor-a-santa-eulalia-de-roncana\/#primaryimage","url":"https:\/\/turismevalles.com\/wp-content\/uploads\/2023\/11\/SER-Tardor.jpg","contentUrl":"https:\/\/turismevalles.com\/wp-content\/uploads\/2023\/11\/SER-Tardor.jpg","width":578,"height":813},{"@type":"BreadcrumbList","@id":"https:\/\/turismevalles.com\/es\/events\/sortida-de-tardor-a-santa-eulalia-de-roncana\/#breadcrumb","itemListElement":[{"@type":"ListItem","position":1,"name":"Inicio","item":"https:\/\/turismevalles.com\/es\/"},{"@type":"ListItem","position":2,"name":"Esdeveniments","item":"https:\/\/turismevalles.com\/events\/"},{"@type":"ListItem","position":3,"name":"Salida de Oto\u00f1o en Santa Eul\u00e0lia de Ron\u00e7ana"}]},{"@type":"WebSite","@id":"https:\/\/turismevalles.com\/en\/#website","url":"https:\/\/turismevalles.com\/en\/","name":"Turisme Vall\u00e8s","description":"","publisher":{"@id":"https:\/\/turismevalles.com\/en\/#organization"},"potentialAction":[{"@type":"SearchAction","target":{"@type":"EntryPoint","urlTemplate":"https:\/\/turismevalles.com\/en\/?s={search_term_string}"},"query-input":{"@type":"PropertyValueSpecification","valueRequired":true,"valueName":"search_term_string"}}],"inLanguage":"es"},{"@type":"Organization","@id":"https:\/\/turismevalles.com\/en\/#organization","name":"Turisme Vall\u00e8s","url":"https:\/\/turismevalles.com\/en\/","logo":{"@type":"ImageObject","inLanguage":"es","@id":"https:\/\/turismevalles.com\/en\/#\/schema\/logo\/image\/","url":"https:\/\/turismevalles.com\/wp-content\/uploads\/2020\/08\/cropped-logo_ca-2.png","contentUrl":"https:\/\/turismevalles.com\/wp-content\/uploads\/2020\/08\/cropped-logo_ca-2.png","width":314,"height":85,"caption":"Turisme Vall\u00e8s"},"image":{"@id":"https:\/\/turismevalles.com\/en\/#\/schema\/logo\/image\/"}}]}},"uagb_featured_image_src":{"full":["https:\/\/turismevalles.com\/wp-content\/uploads\/2023\/11\/SER-Tardor.jpg",578,813,false],"thumbnail":["https:\/\/turismevalles.com\/wp-content\/uploads\/2023\/11\/SER-Tardor-150x150.jpg",150,150,true],"medium":["https:\/\/turismevalles.com\/wp-content\/uploads\/2023\/11\/SER-Tardor-213x300.jpg",213,300,true],"medium_large":["https:\/\/turismevalles.com\/wp-content\/uploads\/2023\/11\/SER-Tardor.jpg",578,813,false],"large":["https:\/\/turismevalles.com\/wp-content\/uploads\/2023\/11\/SER-Tardor.jpg",578,813,false],"thumblist":["https:\/\/turismevalles.com\/wp-content\/uploads\/2023\/11\/SER-Tardor-300x300.jpg",300,300,true],"meccarouselthumb":["https:\/\/turismevalles.com\/wp-content\/uploads\/2023\/11\/SER-Tardor-474x324.jpg",474,324,true],"gridsquare":["https:\/\/turismevalles.com\/wp-content\/uploads\/2023\/11\/SER-Tardor-391x260.jpg",391,260,true],"tileview":["https:\/\/turismevalles.com\/wp-content\/uploads\/2023\/11\/SER-Tardor-300x400.jpg",300,400,true],"1536x1536":["https:\/\/turismevalles.com\/wp-content\/uploads\/2023\/11\/SER-Tardor.jpg",578,813,false],"2048x2048":["https:\/\/turismevalles.com\/wp-content\/uploads\/2023\/11\/SER-Tardor.jpg",578,813,false]},"uagb_author_info":{"display_name":"Turisme Valles","author_link":"https:\/\/turismevalles.com\/es\/author\/turismevallesoriental\/"},"uagb_comment_info":0,"uagb_excerpt":"Salida Santa Eul\u00e0lia Camina: Salida de oto\u00f1o D\u00eda y hora:\u00a0domingo 19\/11\/2023 de las 10:00 a las 13:00 Lugar:\u00a0Plaza de la Iglesia Organiza: Santa Eul\u00e0lia Camina ... Veure m\u00e9s","_links":{"self":[{"href":"https:\/\/turismevalles.com\/es\/wp-json\/wp\/v2\/mec-events\/44470","targetHints":{"allow":["GET"]}}],"collection":[{"href":"https:\/\/turismevalles.com\/es\/wp-json\/wp\/v2\/mec-events"}],"about":[{"href":"https:\/\/turismevalles.com\/es\/wp-json\/wp\/v2\/types\/mec-events"}],"author":[{"embeddable":true,"href":"https:\/\/turismevalles.com\/es\/wp-json\/wp\/v2\/users\/5"}],"replies":[{"embeddable":true,"href":"https:\/\/turismevalles.com\/es\/wp-json\/wp\/v2\/comments?post=44470"}],"wp:featuredmedia":[{"embeddable":true,"href":"https:\/\/turismevalles.com\/es\/wp-json\/wp\/v2\/media\/44469"}],"wp:attachment":[{"href":"https:\/\/turismevalles.com\/es\/wp-json\/wp\/v2\/media?parent=44470"}],"wp:term":[{"taxonomy":"post_tag","embeddable":true,"href":"https:\/\/turismevalles.com\/es\/wp-json\/wp\/v2\/tags?post=44470"},{"taxonomy":"poblacions","embeddable":true,"href":"https:\/\/turismevalles.com\/es\/wp-json\/wp\/v2\/poblacions?post=44470"},{"taxonomy":"mec_category","embeddable":true,"href":"https:\/\/turismevalles.com\/es\/wp-json\/wp\/v2\/mec_category?post=44470"}],"curies":[{"name":"wp","href":"https:\/\/api.w.org\/{rel}","templated":true}]}}