{"id":44649,"date":"2023-11-24T13:44:28","date_gmt":"2023-11-24T12:44:28","guid":{"rendered":"http:\/\/turismevalles.com.mialias.net\/events\/fira-de-santa-llucia-de-riells-del-fai\/"},"modified":"2023-11-24T13:46:06","modified_gmt":"2023-11-24T12:46:06","slug":"fira-de-santa-llucia-de-riells-del-fai","status":"publish","type":"mec-events","link":"https:\/\/turismevalles.com\/es\/events\/fira-de-santa-llucia-de-riells-del-fai\/","title":{"rendered":"Feria de Santa Ll\u00facia de Riells del Fai"},"content":{"rendered":"<div class=\"col-12\">\n<h1 class=\"titol-familia\">Feria de Santa Ll\u00facia de Riells del Fai del 2023<\/h1>\n<\/div>\n<div class=\"col-12 \">\n<div class=\"row seccio-detall\">\n<div class=\"col-12 col-lg-4\">\n<p><img decoding=\"async\" class=\"img-fluid margin-bottom-20\" src=\"https:\/\/www.biguesiriells.cat\/img\/galeria\/fira_riells-1418.png\" \/><\/p>\n<div class=\"data\"><\/div>\n<div class=\"text\">\n<p>La feria se har\u00e1 el 2 de diciembre en la plaza de Riells de las 10.00 a las 20.00 horas.<\/p>\n<p>El 2 de diciembre, Riells del Fai volver\u00e1 a vivir la Feria de Santa Ll\u00facia. De las 10.00 a las 20.00 horas la plaza de Riells ser\u00e1 el escenario de unas treinta paradas navide\u00f1as y de productos de proximidad. Se podr\u00e1 encontrar quesos, embutidos, miel artesana, pasteler\u00eda, cocas, decoraci\u00f3n de Navidad, ropa y complementos, plantas, bisuter\u00eda\u2026<\/p>\n<p>Qu\u00e9 actividades se har\u00e1n?<\/p>\n<p>A las 12.00 horas habr\u00e1 la actuaci\u00f3n de la charanga Echando Lo Band, que ya visit\u00f3 el municipio durante la Fiesta Mayor de Bigues.<\/p>\n<p>A partir de las 17.30 horas se podr\u00e1 visitar el\u00a0Pesebre viviente\u00a0en la iglesia y en las calles anexas. Las entradas se podr\u00e1n adquirir a la feria. Esta es una iniciativa de la entidad El Higo y de un grupo de personas voluntarias.<\/p>\n<\/div>\n<\/div>\n<div class=\"col-12 col-lg-4\">\n<div class=\"text\">\n<div><\/div>\n<\/div>\n<\/div>\n<\/div>\n<div>Info:\u00a0<a href=\"https:\/\/www.biguesiriells.cat\/ca\/actualitat-2\/noticies-2\/fira-santa-llucia-riells-del-fai-del-2023-1418.htm\">https:\/\/www.biguesiriells.cat\/ca\/actualitat-2\/noticies-2\/fira-santa-llucia-riells-del-fai-del-2023-1418.htm<\/a><\/div>\n<\/div>\n","protected":false},"excerpt":{"rendered":"<p>Feria de Santa Ll\u00facia de Riells del Fai del 2023 La feria se har\u00e1 el 2 de diciembre en la plaza de Riells de las &#8230; <a title=\"Feria de Santa Ll\u00facia de Riells del Fai\" class=\"read-more\" href=\"https:\/\/turismevalles.com\/es\/events\/fira-de-santa-llucia-de-riells-del-fai\/\" aria-label=\"M\u00e1s en Feria de Santa Ll\u00facia de Riells del Fai\">Veure m\u00e9s<\/a><\/p>\n","protected":false},"author":5,"featured_media":44648,"comment_status":"open","ping_status":"closed","template":"","tags":[2162],"poblacions":[2415],"mec_category":[1660,2182],"class_list":["post-44649","mec-events","type-mec-events","status-publish","has-post-thumbnail","hentry","tag-fira-nadal","poblacions-bigues-i-riells-del-fai-es","mec_category-fires-i-festes-es","mec_category-nadal-es","generate-columns","tablet-grid-50","mobile-grid-100","grid-parent","grid-33"],"acf":[],"yoast_head":"<!-- This site is optimized with the Yoast SEO plugin v26.4 - https:\/\/yoast.com\/wordpress\/plugins\/seo\/ -->\n<title>Feria de Santa Ll\u00facia de Riells del Fai - Turisme Vall\u00e8s<\/title>\n<meta name=\"robots\" content=\"index, follow, max-snippet:-1, max-image-preview:large, max-video-preview:-1\" \/>\n<link rel=\"canonical\" href=\"https:\/\/turismevalles.com\/events\/fira-de-santa-llucia-de-riells-del-fai\/\" \/>\n<meta property=\"og:locale\" content=\"es_ES\" \/>\n<meta property=\"og:type\" content=\"article\" \/>\n<meta property=\"og:title\" content=\"Feria de Santa Ll\u00facia de Riells del Fai - Turisme Vall\u00e8s\" \/>\n<meta property=\"og:description\" content=\"Feria de Santa Ll\u00facia de Riells del Fai del 2023 La feria se har\u00e1 el 2 de diciembre en la plaza de Riells de las ... Veure m\u00e9s\" \/>\n<meta property=\"og:url\" content=\"https:\/\/turismevalles.com\/events\/fira-de-santa-llucia-de-riells-del-fai\/\" \/>\n<meta property=\"og:site_name\" content=\"Turisme Vall\u00e8s\" \/>\n<meta property=\"article:modified_time\" content=\"2023-11-24T12:46:06+00:00\" \/>\n<meta property=\"og:image\" content=\"https:\/\/turismevalles.com\/wp-content\/uploads\/2023\/11\/Santa-Llucia.jpg\" \/>\n\t<meta property=\"og:image:width\" content=\"346\" \/>\n\t<meta property=\"og:image:height\" content=\"194\" \/>\n\t<meta property=\"og:image:type\" content=\"image\/jpeg\" \/>\n<meta name=\"twitter:card\" content=\"summary_large_image\" \/>\n<meta name=\"twitter:label1\" content=\"Tiempo de lectura\" \/>\n\t<meta name=\"twitter:data1\" content=\"2 minutos\" \/>\n<script type=\"application\/ld+json\" class=\"yoast-schema-graph\">{\"@context\":\"https:\/\/schema.org\",\"@graph\":[{\"@type\":\"WebPage\",\"@id\":\"https:\/\/turismevalles.com\/events\/fira-de-santa-llucia-de-riells-del-fai\/\",\"url\":\"https:\/\/turismevalles.com\/events\/fira-de-santa-llucia-de-riells-del-fai\/\",\"name\":\"Feria de Santa Ll\u00facia de Riells del Fai - Turisme Vall\u00e8s\",\"isPartOf\":{\"@id\":\"https:\/\/turismevalles.com\/en\/#website\"},\"primaryImageOfPage\":{\"@id\":\"https:\/\/turismevalles.com\/events\/fira-de-santa-llucia-de-riells-del-fai\/#primaryimage\"},\"image\":{\"@id\":\"https:\/\/turismevalles.com\/events\/fira-de-santa-llucia-de-riells-del-fai\/#primaryimage\"},\"thumbnailUrl\":\"https:\/\/turismevalles.com\/wp-content\/uploads\/2023\/11\/Santa-Llucia.jpg\",\"datePublished\":\"2023-11-24T12:44:28+00:00\",\"dateModified\":\"2023-11-24T12:46:06+00:00\",\"breadcrumb\":{\"@id\":\"https:\/\/turismevalles.com\/events\/fira-de-santa-llucia-de-riells-del-fai\/#breadcrumb\"},\"inLanguage\":\"es\",\"potentialAction\":[{\"@type\":\"ReadAction\",\"target\":[\"https:\/\/turismevalles.com\/events\/fira-de-santa-llucia-de-riells-del-fai\/\"]}]},{\"@type\":\"ImageObject\",\"inLanguage\":\"es\",\"@id\":\"https:\/\/turismevalles.com\/events\/fira-de-santa-llucia-de-riells-del-fai\/#primaryimage\",\"url\":\"https:\/\/turismevalles.com\/wp-content\/uploads\/2023\/11\/Santa-Llucia.jpg\",\"contentUrl\":\"https:\/\/turismevalles.com\/wp-content\/uploads\/2023\/11\/Santa-Llucia.jpg\",\"width\":346,\"height\":194},{\"@type\":\"BreadcrumbList\",\"@id\":\"https:\/\/turismevalles.com\/events\/fira-de-santa-llucia-de-riells-del-fai\/#breadcrumb\",\"itemListElement\":[{\"@type\":\"ListItem\",\"position\":1,\"name\":\"Inicio\",\"item\":\"https:\/\/turismevalles.com\/es\/\"},{\"@type\":\"ListItem\",\"position\":2,\"name\":\"Esdeveniments\",\"item\":\"https:\/\/turismevalles.com\/events\/\"},{\"@type\":\"ListItem\",\"position\":3,\"name\":\"Feria de Santa Ll\u00facia de Riells del Fai\"}]},{\"@type\":\"WebSite\",\"@id\":\"https:\/\/turismevalles.com\/en\/#website\",\"url\":\"https:\/\/turismevalles.com\/en\/\",\"name\":\"Turisme Vall\u00e8s\",\"description\":\"\",\"publisher\":{\"@id\":\"https:\/\/turismevalles.com\/en\/#organization\"},\"potentialAction\":[{\"@type\":\"SearchAction\",\"target\":{\"@type\":\"EntryPoint\",\"urlTemplate\":\"https:\/\/turismevalles.com\/en\/?s={search_term_string}\"},\"query-input\":{\"@type\":\"PropertyValueSpecification\",\"valueRequired\":true,\"valueName\":\"search_term_string\"}}],\"inLanguage\":\"es\"},{\"@type\":\"Organization\",\"@id\":\"https:\/\/turismevalles.com\/en\/#organization\",\"name\":\"Turisme Vall\u00e8s\",\"url\":\"https:\/\/turismevalles.com\/en\/\",\"logo\":{\"@type\":\"ImageObject\",\"inLanguage\":\"es\",\"@id\":\"https:\/\/turismevalles.com\/en\/#\/schema\/logo\/image\/\",\"url\":\"https:\/\/turismevalles.com\/wp-content\/uploads\/2020\/08\/cropped-logo_ca-2.png\",\"contentUrl\":\"https:\/\/turismevalles.com\/wp-content\/uploads\/2020\/08\/cropped-logo_ca-2.png\",\"width\":314,\"height\":85,\"caption\":\"Turisme Vall\u00e8s\"},\"image\":{\"@id\":\"https:\/\/turismevalles.com\/en\/#\/schema\/logo\/image\/\"}}]}<\/script>\n<!-- \/ Yoast SEO plugin. -->","yoast_head_json":{"title":"Feria de Santa Ll\u00facia de Riells del Fai - Turisme Vall\u00e8s","robots":{"index":"index","follow":"follow","max-snippet":"max-snippet:-1","max-image-preview":"max-image-preview:large","max-video-preview":"max-video-preview:-1"},"canonical":"https:\/\/turismevalles.com\/events\/fira-de-santa-llucia-de-riells-del-fai\/","og_locale":"es_ES","og_type":"article","og_title":"Feria de Santa Ll\u00facia de Riells del Fai - Turisme Vall\u00e8s","og_description":"Feria de Santa Ll\u00facia de Riells del Fai del 2023 La feria se har\u00e1 el 2 de diciembre en la plaza de Riells de las ... Veure m\u00e9s","og_url":"https:\/\/turismevalles.com\/events\/fira-de-santa-llucia-de-riells-del-fai\/","og_site_name":"Turisme Vall\u00e8s","article_modified_time":"2023-11-24T12:46:06+00:00","og_image":[{"width":346,"height":194,"url":"https:\/\/turismevalles.com\/wp-content\/uploads\/2023\/11\/Santa-Llucia.jpg","type":"image\/jpeg"}],"twitter_card":"summary_large_image","twitter_misc":{"Tiempo de lectura":"2 minutos"},"schema":{"@context":"https:\/\/schema.org","@graph":[{"@type":"WebPage","@id":"https:\/\/turismevalles.com\/events\/fira-de-santa-llucia-de-riells-del-fai\/","url":"https:\/\/turismevalles.com\/events\/fira-de-santa-llucia-de-riells-del-fai\/","name":"Feria de Santa Ll\u00facia de Riells del Fai - Turisme Vall\u00e8s","isPartOf":{"@id":"https:\/\/turismevalles.com\/en\/#website"},"primaryImageOfPage":{"@id":"https:\/\/turismevalles.com\/events\/fira-de-santa-llucia-de-riells-del-fai\/#primaryimage"},"image":{"@id":"https:\/\/turismevalles.com\/events\/fira-de-santa-llucia-de-riells-del-fai\/#primaryimage"},"thumbnailUrl":"https:\/\/turismevalles.com\/wp-content\/uploads\/2023\/11\/Santa-Llucia.jpg","datePublished":"2023-11-24T12:44:28+00:00","dateModified":"2023-11-24T12:46:06+00:00","breadcrumb":{"@id":"https:\/\/turismevalles.com\/events\/fira-de-santa-llucia-de-riells-del-fai\/#breadcrumb"},"inLanguage":"es","potentialAction":[{"@type":"ReadAction","target":["https:\/\/turismevalles.com\/events\/fira-de-santa-llucia-de-riells-del-fai\/"]}]},{"@type":"ImageObject","inLanguage":"es","@id":"https:\/\/turismevalles.com\/events\/fira-de-santa-llucia-de-riells-del-fai\/#primaryimage","url":"https:\/\/turismevalles.com\/wp-content\/uploads\/2023\/11\/Santa-Llucia.jpg","contentUrl":"https:\/\/turismevalles.com\/wp-content\/uploads\/2023\/11\/Santa-Llucia.jpg","width":346,"height":194},{"@type":"BreadcrumbList","@id":"https:\/\/turismevalles.com\/events\/fira-de-santa-llucia-de-riells-del-fai\/#breadcrumb","itemListElement":[{"@type":"ListItem","position":1,"name":"Inicio","item":"https:\/\/turismevalles.com\/es\/"},{"@type":"ListItem","position":2,"name":"Esdeveniments","item":"https:\/\/turismevalles.com\/events\/"},{"@type":"ListItem","position":3,"name":"Feria de Santa Ll\u00facia de Riells del Fai"}]},{"@type":"WebSite","@id":"https:\/\/turismevalles.com\/en\/#website","url":"https:\/\/turismevalles.com\/en\/","name":"Turisme Vall\u00e8s","description":"","publisher":{"@id":"https:\/\/turismevalles.com\/en\/#organization"},"potentialAction":[{"@type":"SearchAction","target":{"@type":"EntryPoint","urlTemplate":"https:\/\/turismevalles.com\/en\/?s={search_term_string}"},"query-input":{"@type":"PropertyValueSpecification","valueRequired":true,"valueName":"search_term_string"}}],"inLanguage":"es"},{"@type":"Organization","@id":"https:\/\/turismevalles.com\/en\/#organization","name":"Turisme Vall\u00e8s","url":"https:\/\/turismevalles.com\/en\/","logo":{"@type":"ImageObject","inLanguage":"es","@id":"https:\/\/turismevalles.com\/en\/#\/schema\/logo\/image\/","url":"https:\/\/turismevalles.com\/wp-content\/uploads\/2020\/08\/cropped-logo_ca-2.png","contentUrl":"https:\/\/turismevalles.com\/wp-content\/uploads\/2020\/08\/cropped-logo_ca-2.png","width":314,"height":85,"caption":"Turisme Vall\u00e8s"},"image":{"@id":"https:\/\/turismevalles.com\/en\/#\/schema\/logo\/image\/"}}]}},"uagb_featured_image_src":{"full":["https:\/\/turismevalles.com\/wp-content\/uploads\/2023\/11\/Santa-Llucia.jpg",346,194,false],"thumbnail":["https:\/\/turismevalles.com\/wp-content\/uploads\/2023\/11\/Santa-Llucia-150x150.jpg",150,150,true],"medium":["https:\/\/turismevalles.com\/wp-content\/uploads\/2023\/11\/Santa-Llucia-300x168.jpg",300,168,true],"medium_large":["https:\/\/turismevalles.com\/wp-content\/uploads\/2023\/11\/Santa-Llucia.jpg",346,194,false],"large":["https:\/\/turismevalles.com\/wp-content\/uploads\/2023\/11\/Santa-Llucia.jpg",346,194,false],"thumblist":["https:\/\/turismevalles.com\/wp-content\/uploads\/2023\/11\/Santa-Llucia-300x194.jpg",300,194,true],"meccarouselthumb":["https:\/\/turismevalles.com\/wp-content\/uploads\/2023\/11\/Santa-Llucia.jpg",346,194,false],"gridsquare":["https:\/\/turismevalles.com\/wp-content\/uploads\/2023\/11\/Santa-Llucia.jpg",346,194,false],"tileview":["https:\/\/turismevalles.com\/wp-content\/uploads\/2023\/11\/Santa-Llucia-300x194.jpg",300,194,true],"1536x1536":["https:\/\/turismevalles.com\/wp-content\/uploads\/2023\/11\/Santa-Llucia.jpg",346,194,false],"2048x2048":["https:\/\/turismevalles.com\/wp-content\/uploads\/2023\/11\/Santa-Llucia.jpg",346,194,false]},"uagb_author_info":{"display_name":"Turisme Valles","author_link":"https:\/\/turismevalles.com\/es\/author\/turismevallesoriental\/"},"uagb_comment_info":0,"uagb_excerpt":"Feria de Santa Ll\u00facia de Riells del Fai del 2023 La feria se har\u00e1 el 2 de diciembre en la plaza de Riells de las ... Veure m\u00e9s","_links":{"self":[{"href":"https:\/\/turismevalles.com\/es\/wp-json\/wp\/v2\/mec-events\/44649","targetHints":{"allow":["GET"]}}],"collection":[{"href":"https:\/\/turismevalles.com\/es\/wp-json\/wp\/v2\/mec-events"}],"about":[{"href":"https:\/\/turismevalles.com\/es\/wp-json\/wp\/v2\/types\/mec-events"}],"author":[{"embeddable":true,"href":"https:\/\/turismevalles.com\/es\/wp-json\/wp\/v2\/users\/5"}],"replies":[{"embeddable":true,"href":"https:\/\/turismevalles.com\/es\/wp-json\/wp\/v2\/comments?post=44649"}],"wp:featuredmedia":[{"embeddable":true,"href":"https:\/\/turismevalles.com\/es\/wp-json\/wp\/v2\/media\/44648"}],"wp:attachment":[{"href":"https:\/\/turismevalles.com\/es\/wp-json\/wp\/v2\/media?parent=44649"}],"wp:term":[{"taxonomy":"post_tag","embeddable":true,"href":"https:\/\/turismevalles.com\/es\/wp-json\/wp\/v2\/tags?post=44649"},{"taxonomy":"poblacions","embeddable":true,"href":"https:\/\/turismevalles.com\/es\/wp-json\/wp\/v2\/poblacions?post=44649"},{"taxonomy":"mec_category","embeddable":true,"href":"https:\/\/turismevalles.com\/es\/wp-json\/wp\/v2\/mec_category?post=44649"}],"curies":[{"name":"wp","href":"https:\/\/api.w.org\/{rel}","templated":true}]}}