{"id":45438,"date":"2023-12-15T10:28:20","date_gmt":"2023-12-15T09:28:20","guid":{"rendered":"http:\/\/turismevalles.com.mialias.net\/events\/parc-de-nadal-a-mollet-del-valles\/"},"modified":"2023-12-15T10:31:13","modified_gmt":"2023-12-15T09:31:13","slug":"parc-de-nadal-a-mollet-del-valles","status":"publish","type":"mec-events","link":"https:\/\/turismevalles.com\/es\/events\/parc-de-nadal-a-mollet-del-valles\/","title":{"rendered":"Parque de Navidad en Mollet del Vall\u00e8s"},"content":{"rendered":"<h1>Programaci\u00f3n de Navidad y Reyes<br \/>\nEl espacio infantil y juvenil de los Ciruelos se ampl\u00eda este a\u00f1o con nuevas actividades, despu\u00e9s de que el a\u00f1o pasado se incorporara lo *supertobogan de invierno, que vuelve esta temporada. El Gran Parque de Navidad ofrece diferentes colecciones de juegos del 22 de diciembre al 6 de enero y se a\u00f1ade al resto de actividades programadas para los d\u00edas de Navidad y Reyes.<br \/>\nEl Gran Parque de Navidad ofrece diferentes colecciones de juegos, todas ellos gratuitas, de 11 a 14 h y de 17.30 a 20.30 h. Son las siguientes:<\/h1>\n<p>El laberinto. D\u00edas 22, 23 y 24 (ma\u00f1ana y tarde) y 25 (ma\u00f1ana) de diciembre.<\/p>\n<p>Garabato de juegos. Juegos Infantil. D\u00edas 27 y 28 (ma\u00f1ana y tarde) de diciembre.<\/p>\n<p>Tumbo creativo. D\u00edas 29 y 30 (ma\u00f1ana y tarde) de diciembre.<\/p>\n<p>Mumusic Circus. El Minigolf Teatrets Mec\u00e1nicos. D\u00edas 2, 3 y 4 (ma\u00f1ana y tarde) de enero.<\/p>\n<p>Gran carrera de obst\u00e1culos. D\u00edas 29 y 30 (ma\u00f1ana y tarde) de diciembre. Dos itinerarios lineales de 80 m\u00b2 llenos de obst\u00e1culos y aventura por grandes y peque\u00f1os.<\/p>\n<p>Supertobogan de invierno. D\u00edas 2, 3 y 4 (ma\u00f1ana y tarde) de enero. Tobog\u00e1n de 40 m con rampas para disfrutar los peque\u00f1os y los grandes.<\/p>\n<p>La pista de hielo natural<\/p>\n<p>Se instala una gran pista de hielo natural de 350 metros cuadrados en la plaza Mayor, junto al Mercado Municipal. Del 22 de diciembre al 7 de enero, de 10 a 14 h y de 17 a 21 h. El precio es de 5 euros los mayores de 12 a\u00f1os y 3 euros los menores. Los comercios de la ciudad repartir\u00e1n vales de descuento de 2 euros.<\/p>\n<p>El Trenecito de Navidad<\/p>\n<p>Como cada a\u00f1o, conjuntamente con ADHEC, el Ayuntamiento de Mollet del Vall\u00e8s pone en marcha el trenecito con parada en la calle Berenguer III, del 22 de diciembre al 4 de enero.<\/p>\n<p>Campa\u00f1a de la zona azul<\/p>\n<p>Los comercios repartir\u00e1n tickets de 30 minutos gratuitos de zona azul. La campa\u00f1a se alarga del 22 de diciembre al 7 de enero.<\/p>\n<p>Sonidos de Navidad (\u00faltimas actuaciones)<\/p>\n<p>29 de diciembre. Rabadab Villancicos por jamaicanas.<\/p>\n<p>30 de diciembre. Coro Rociero del Centro Cultural Andaluz.<br \/>\nLos diferentes espacios de Navidad<\/p>\n<p>Casalet de arte al Museo Abell\u00f3. Talleres de arte infantiles para ni\u00f1os y ni\u00f1as de entre 5 a 12 a\u00f1os, del 27 al 29 de diciembre al Museo Abell\u00f3. Precio: 5 Euros. Hace falta inscripci\u00f3n previa.<\/p>\n<p>Casal de Navidad para J\u00f3venes y Ni\u00f1os. Actividad organizada por Juventud al Mercado Viejo los d\u00edas 27 y 28 de diciembre (ma\u00f1ana y tarde).<\/p>\n<p>Campeonato de Invierno Futsal Joven. Torneo matinal de f\u00fatbol sala para chicos y chicas de entre 12 y 16 a\u00f1os el 29 de diciembre, a las 10 h. Las inscripciones se tienen que hacer presencialmente en su punto Joven (CC Lo Era) o por WhatsApp al 616 82 30 59.<\/p>\n<p>Cl\u00e1sicos de Navidad y otras (\u00faltima actuaci\u00f3n)<\/p>\n<p>29 diciembre, a las 19.30 h: Concierto de Fin de a\u00f1o. Organiza la Asociaci\u00f3n Musical Pau Casals.<\/p>\n<p>Animaciones itinerantes (\u00faltima actuaci\u00f3n)<\/p>\n<p>30 de diciembre. Animaci\u00f3n en la calle Vinzia y Jaime I con el Dr. Burbujas, de 18 a 20 h.<\/p>\n<div id=\"content-core\">\n<p>Info:\u00a0<a href=\"https:\/\/www.molletvalles.cat\/ca\/serveis\/cultura\/calendari-festiu\/nadal-i-reis-1\/nadal-i-reis-2023-2024\/programacio-de-nadal-i-reis\">https:\/\/www.molletvalles.cat\/ca\/serveis\/cultura\/calendari-festiu\/nadal-i-reis-1\/nadal-i-reis-2023-2024\/programacio-de-nadal-i-reis<\/a><\/p>\n<\/div>\n","protected":false},"excerpt":{"rendered":"<p>Programaci\u00f3n de Navidad y Reyes El espacio infantil y juvenil de los Ciruelos se ampl\u00eda este a\u00f1o con nuevas actividades, despu\u00e9s de que el a\u00f1o &#8230; <a title=\"Parque de Navidad en Mollet del Vall\u00e8s\" class=\"read-more\" href=\"https:\/\/turismevalles.com\/es\/events\/parc-de-nadal-a-mollet-del-valles\/\" aria-label=\"M\u00e1s en Parque de Navidad en Mollet del Vall\u00e8s\">Veure m\u00e9s<\/a><\/p>\n","protected":false},"author":5,"featured_media":45437,"comment_status":"open","ping_status":"closed","template":"","tags":[1579],"poblacions":[433],"mec_category":[970,2182],"class_list":["post-45438","mec-events","type-mec-events","status-publish","has-post-thumbnail","hentry","tag-nadal-es","poblacions-mollet-del-valles-es","mec_category-activitats-en-familia-es","mec_category-nadal-es","generate-columns","tablet-grid-50","mobile-grid-100","grid-parent","grid-33"],"acf":[],"yoast_head":"<!-- This site is optimized with the Yoast SEO plugin v26.4 - https:\/\/yoast.com\/wordpress\/plugins\/seo\/ -->\n<title>Parque de Navidad en Mollet del Vall\u00e8s - Turisme Vall\u00e8s<\/title>\n<meta name=\"robots\" content=\"index, follow, max-snippet:-1, max-image-preview:large, max-video-preview:-1\" \/>\n<link rel=\"canonical\" href=\"https:\/\/turismevalles.com\/es\/events\/parc-de-nadal-a-mollet-del-valles\/\" \/>\n<meta property=\"og:locale\" content=\"es_ES\" \/>\n<meta property=\"og:type\" content=\"article\" \/>\n<meta property=\"og:title\" content=\"Parque de Navidad en Mollet del Vall\u00e8s - Turisme Vall\u00e8s\" \/>\n<meta property=\"og:description\" content=\"Programaci\u00f3n de Navidad y Reyes El espacio infantil y juvenil de los Ciruelos se ampl\u00eda este a\u00f1o con nuevas actividades, despu\u00e9s de que el a\u00f1o ... Veure m\u00e9s\" \/>\n<meta property=\"og:url\" content=\"https:\/\/turismevalles.com\/es\/events\/parc-de-nadal-a-mollet-del-valles\/\" \/>\n<meta property=\"og:site_name\" content=\"Turisme Vall\u00e8s\" \/>\n<meta property=\"article:modified_time\" content=\"2023-12-15T09:31:13+00:00\" \/>\n<meta property=\"og:image\" content=\"https:\/\/turismevalles.com\/wp-content\/uploads\/2023\/12\/Nadal-Mollet.jpg\" \/>\n\t<meta property=\"og:image:width\" content=\"502\" \/>\n\t<meta property=\"og:image:height\" content=\"397\" \/>\n\t<meta property=\"og:image:type\" content=\"image\/jpeg\" \/>\n<meta name=\"twitter:card\" content=\"summary_large_image\" \/>\n<meta name=\"twitter:label1\" content=\"Tiempo de lectura\" \/>\n\t<meta name=\"twitter:data1\" content=\"3 minutos\" \/>\n<script type=\"application\/ld+json\" class=\"yoast-schema-graph\">{\"@context\":\"https:\/\/schema.org\",\"@graph\":[{\"@type\":\"WebPage\",\"@id\":\"https:\/\/turismevalles.com\/es\/events\/parc-de-nadal-a-mollet-del-valles\/\",\"url\":\"https:\/\/turismevalles.com\/es\/events\/parc-de-nadal-a-mollet-del-valles\/\",\"name\":\"Parque de Navidad en Mollet del Vall\u00e8s - Turisme Vall\u00e8s\",\"isPartOf\":{\"@id\":\"https:\/\/turismevalles.com\/en\/#website\"},\"primaryImageOfPage\":{\"@id\":\"https:\/\/turismevalles.com\/es\/events\/parc-de-nadal-a-mollet-del-valles\/#primaryimage\"},\"image\":{\"@id\":\"https:\/\/turismevalles.com\/es\/events\/parc-de-nadal-a-mollet-del-valles\/#primaryimage\"},\"thumbnailUrl\":\"https:\/\/turismevalles.com\/wp-content\/uploads\/2023\/12\/Nadal-Mollet.jpg\",\"datePublished\":\"2023-12-15T09:28:20+00:00\",\"dateModified\":\"2023-12-15T09:31:13+00:00\",\"breadcrumb\":{\"@id\":\"https:\/\/turismevalles.com\/es\/events\/parc-de-nadal-a-mollet-del-valles\/#breadcrumb\"},\"inLanguage\":\"es\",\"potentialAction\":[{\"@type\":\"ReadAction\",\"target\":[\"https:\/\/turismevalles.com\/es\/events\/parc-de-nadal-a-mollet-del-valles\/\"]}]},{\"@type\":\"ImageObject\",\"inLanguage\":\"es\",\"@id\":\"https:\/\/turismevalles.com\/es\/events\/parc-de-nadal-a-mollet-del-valles\/#primaryimage\",\"url\":\"https:\/\/turismevalles.com\/wp-content\/uploads\/2023\/12\/Nadal-Mollet.jpg\",\"contentUrl\":\"https:\/\/turismevalles.com\/wp-content\/uploads\/2023\/12\/Nadal-Mollet.jpg\",\"width\":502,\"height\":397},{\"@type\":\"BreadcrumbList\",\"@id\":\"https:\/\/turismevalles.com\/es\/events\/parc-de-nadal-a-mollet-del-valles\/#breadcrumb\",\"itemListElement\":[{\"@type\":\"ListItem\",\"position\":1,\"name\":\"Inicio\",\"item\":\"https:\/\/turismevalles.com\/es\/\"},{\"@type\":\"ListItem\",\"position\":2,\"name\":\"Esdeveniments\",\"item\":\"https:\/\/turismevalles.com\/events\/\"},{\"@type\":\"ListItem\",\"position\":3,\"name\":\"Parque de Navidad en Mollet del Vall\u00e8s\"}]},{\"@type\":\"WebSite\",\"@id\":\"https:\/\/turismevalles.com\/en\/#website\",\"url\":\"https:\/\/turismevalles.com\/en\/\",\"name\":\"Turisme Vall\u00e8s\",\"description\":\"\",\"publisher\":{\"@id\":\"https:\/\/turismevalles.com\/en\/#organization\"},\"potentialAction\":[{\"@type\":\"SearchAction\",\"target\":{\"@type\":\"EntryPoint\",\"urlTemplate\":\"https:\/\/turismevalles.com\/en\/?s={search_term_string}\"},\"query-input\":{\"@type\":\"PropertyValueSpecification\",\"valueRequired\":true,\"valueName\":\"search_term_string\"}}],\"inLanguage\":\"es\"},{\"@type\":\"Organization\",\"@id\":\"https:\/\/turismevalles.com\/en\/#organization\",\"name\":\"Turisme Vall\u00e8s\",\"url\":\"https:\/\/turismevalles.com\/en\/\",\"logo\":{\"@type\":\"ImageObject\",\"inLanguage\":\"es\",\"@id\":\"https:\/\/turismevalles.com\/en\/#\/schema\/logo\/image\/\",\"url\":\"https:\/\/turismevalles.com\/wp-content\/uploads\/2020\/08\/cropped-logo_ca-2.png\",\"contentUrl\":\"https:\/\/turismevalles.com\/wp-content\/uploads\/2020\/08\/cropped-logo_ca-2.png\",\"width\":314,\"height\":85,\"caption\":\"Turisme Vall\u00e8s\"},\"image\":{\"@id\":\"https:\/\/turismevalles.com\/en\/#\/schema\/logo\/image\/\"}}]}<\/script>\n<!-- \/ Yoast SEO plugin. -->","yoast_head_json":{"title":"Parque de Navidad en Mollet del Vall\u00e8s - Turisme Vall\u00e8s","robots":{"index":"index","follow":"follow","max-snippet":"max-snippet:-1","max-image-preview":"max-image-preview:large","max-video-preview":"max-video-preview:-1"},"canonical":"https:\/\/turismevalles.com\/es\/events\/parc-de-nadal-a-mollet-del-valles\/","og_locale":"es_ES","og_type":"article","og_title":"Parque de Navidad en Mollet del Vall\u00e8s - Turisme Vall\u00e8s","og_description":"Programaci\u00f3n de Navidad y Reyes El espacio infantil y juvenil de los Ciruelos se ampl\u00eda este a\u00f1o con nuevas actividades, despu\u00e9s de que el a\u00f1o ... Veure m\u00e9s","og_url":"https:\/\/turismevalles.com\/es\/events\/parc-de-nadal-a-mollet-del-valles\/","og_site_name":"Turisme Vall\u00e8s","article_modified_time":"2023-12-15T09:31:13+00:00","og_image":[{"width":502,"height":397,"url":"https:\/\/turismevalles.com\/wp-content\/uploads\/2023\/12\/Nadal-Mollet.jpg","type":"image\/jpeg"}],"twitter_card":"summary_large_image","twitter_misc":{"Tiempo de lectura":"3 minutos"},"schema":{"@context":"https:\/\/schema.org","@graph":[{"@type":"WebPage","@id":"https:\/\/turismevalles.com\/es\/events\/parc-de-nadal-a-mollet-del-valles\/","url":"https:\/\/turismevalles.com\/es\/events\/parc-de-nadal-a-mollet-del-valles\/","name":"Parque de Navidad en Mollet del Vall\u00e8s - Turisme Vall\u00e8s","isPartOf":{"@id":"https:\/\/turismevalles.com\/en\/#website"},"primaryImageOfPage":{"@id":"https:\/\/turismevalles.com\/es\/events\/parc-de-nadal-a-mollet-del-valles\/#primaryimage"},"image":{"@id":"https:\/\/turismevalles.com\/es\/events\/parc-de-nadal-a-mollet-del-valles\/#primaryimage"},"thumbnailUrl":"https:\/\/turismevalles.com\/wp-content\/uploads\/2023\/12\/Nadal-Mollet.jpg","datePublished":"2023-12-15T09:28:20+00:00","dateModified":"2023-12-15T09:31:13+00:00","breadcrumb":{"@id":"https:\/\/turismevalles.com\/es\/events\/parc-de-nadal-a-mollet-del-valles\/#breadcrumb"},"inLanguage":"es","potentialAction":[{"@type":"ReadAction","target":["https:\/\/turismevalles.com\/es\/events\/parc-de-nadal-a-mollet-del-valles\/"]}]},{"@type":"ImageObject","inLanguage":"es","@id":"https:\/\/turismevalles.com\/es\/events\/parc-de-nadal-a-mollet-del-valles\/#primaryimage","url":"https:\/\/turismevalles.com\/wp-content\/uploads\/2023\/12\/Nadal-Mollet.jpg","contentUrl":"https:\/\/turismevalles.com\/wp-content\/uploads\/2023\/12\/Nadal-Mollet.jpg","width":502,"height":397},{"@type":"BreadcrumbList","@id":"https:\/\/turismevalles.com\/es\/events\/parc-de-nadal-a-mollet-del-valles\/#breadcrumb","itemListElement":[{"@type":"ListItem","position":1,"name":"Inicio","item":"https:\/\/turismevalles.com\/es\/"},{"@type":"ListItem","position":2,"name":"Esdeveniments","item":"https:\/\/turismevalles.com\/events\/"},{"@type":"ListItem","position":3,"name":"Parque de Navidad en Mollet del Vall\u00e8s"}]},{"@type":"WebSite","@id":"https:\/\/turismevalles.com\/en\/#website","url":"https:\/\/turismevalles.com\/en\/","name":"Turisme Vall\u00e8s","description":"","publisher":{"@id":"https:\/\/turismevalles.com\/en\/#organization"},"potentialAction":[{"@type":"SearchAction","target":{"@type":"EntryPoint","urlTemplate":"https:\/\/turismevalles.com\/en\/?s={search_term_string}"},"query-input":{"@type":"PropertyValueSpecification","valueRequired":true,"valueName":"search_term_string"}}],"inLanguage":"es"},{"@type":"Organization","@id":"https:\/\/turismevalles.com\/en\/#organization","name":"Turisme Vall\u00e8s","url":"https:\/\/turismevalles.com\/en\/","logo":{"@type":"ImageObject","inLanguage":"es","@id":"https:\/\/turismevalles.com\/en\/#\/schema\/logo\/image\/","url":"https:\/\/turismevalles.com\/wp-content\/uploads\/2020\/08\/cropped-logo_ca-2.png","contentUrl":"https:\/\/turismevalles.com\/wp-content\/uploads\/2020\/08\/cropped-logo_ca-2.png","width":314,"height":85,"caption":"Turisme Vall\u00e8s"},"image":{"@id":"https:\/\/turismevalles.com\/en\/#\/schema\/logo\/image\/"}}]}},"uagb_featured_image_src":{"full":["https:\/\/turismevalles.com\/wp-content\/uploads\/2023\/12\/Nadal-Mollet.jpg",502,397,false],"thumbnail":["https:\/\/turismevalles.com\/wp-content\/uploads\/2023\/12\/Nadal-Mollet-150x150.jpg",150,150,true],"medium":["https:\/\/turismevalles.com\/wp-content\/uploads\/2023\/12\/Nadal-Mollet-300x237.jpg",300,237,true],"medium_large":["https:\/\/turismevalles.com\/wp-content\/uploads\/2023\/12\/Nadal-Mollet.jpg",502,397,false],"large":["https:\/\/turismevalles.com\/wp-content\/uploads\/2023\/12\/Nadal-Mollet.jpg",502,397,false],"thumblist":["https:\/\/turismevalles.com\/wp-content\/uploads\/2023\/12\/Nadal-Mollet-300x300.jpg",300,300,true],"meccarouselthumb":["https:\/\/turismevalles.com\/wp-content\/uploads\/2023\/12\/Nadal-Mollet-474x324.jpg",474,324,true],"gridsquare":["https:\/\/turismevalles.com\/wp-content\/uploads\/2023\/12\/Nadal-Mollet-391x260.jpg",391,260,true],"tileview":["https:\/\/turismevalles.com\/wp-content\/uploads\/2023\/12\/Nadal-Mollet-300x397.jpg",300,397,true],"1536x1536":["https:\/\/turismevalles.com\/wp-content\/uploads\/2023\/12\/Nadal-Mollet.jpg",502,397,false],"2048x2048":["https:\/\/turismevalles.com\/wp-content\/uploads\/2023\/12\/Nadal-Mollet.jpg",502,397,false]},"uagb_author_info":{"display_name":"Turisme Valles","author_link":"https:\/\/turismevalles.com\/es\/author\/turismevallesoriental\/"},"uagb_comment_info":0,"uagb_excerpt":"Programaci\u00f3n de Navidad y Reyes El espacio infantil y juvenil de los Ciruelos se ampl\u00eda este a\u00f1o con nuevas actividades, despu\u00e9s de que el a\u00f1o ... Veure m\u00e9s","_links":{"self":[{"href":"https:\/\/turismevalles.com\/es\/wp-json\/wp\/v2\/mec-events\/45438","targetHints":{"allow":["GET"]}}],"collection":[{"href":"https:\/\/turismevalles.com\/es\/wp-json\/wp\/v2\/mec-events"}],"about":[{"href":"https:\/\/turismevalles.com\/es\/wp-json\/wp\/v2\/types\/mec-events"}],"author":[{"embeddable":true,"href":"https:\/\/turismevalles.com\/es\/wp-json\/wp\/v2\/users\/5"}],"replies":[{"embeddable":true,"href":"https:\/\/turismevalles.com\/es\/wp-json\/wp\/v2\/comments?post=45438"}],"wp:featuredmedia":[{"embeddable":true,"href":"https:\/\/turismevalles.com\/es\/wp-json\/wp\/v2\/media\/45437"}],"wp:attachment":[{"href":"https:\/\/turismevalles.com\/es\/wp-json\/wp\/v2\/media?parent=45438"}],"wp:term":[{"taxonomy":"post_tag","embeddable":true,"href":"https:\/\/turismevalles.com\/es\/wp-json\/wp\/v2\/tags?post=45438"},{"taxonomy":"poblacions","embeddable":true,"href":"https:\/\/turismevalles.com\/es\/wp-json\/wp\/v2\/poblacions?post=45438"},{"taxonomy":"mec_category","embeddable":true,"href":"https:\/\/turismevalles.com\/es\/wp-json\/wp\/v2\/mec_category?post=45438"}],"curies":[{"name":"wp","href":"https:\/\/api.w.org\/{rel}","templated":true}]}}