{"id":45970,"date":"2024-01-26T12:14:21","date_gmt":"2024-01-26T11:14:21","guid":{"rendered":"http:\/\/turismevalles.com.mialias.net\/events\/exposicio-dones-del-montseny-a-santa-maria-de-palautordera\/"},"modified":"2024-01-26T12:16:03","modified_gmt":"2024-01-26T11:16:03","slug":"exposicio-dones-del-montseny-a-santa-maria-de-palautordera","status":"publish","type":"mec-events","link":"https:\/\/turismevalles.com\/es\/events\/exposicio-dones-del-montseny-a-santa-maria-de-palautordera\/","title":{"rendered":"Exposici\u00f3n Mujeres del Montseny en Santa Maria de Palautordera"},"content":{"rendered":"<h2>Mujeres del Montseny<br \/>\nDel 12 de enero a las 16.00 h al 5 de febrero de 2024 a las 20.00 h<\/h2>\n<p>Muestra de fotograf\u00edas que recupera las vivencias, oficios y sabidur\u00eda de las mujeres m\u00e1s grandes del pueblo del Montseny.<\/p>\n<p>Inauguraci\u00f3n viernes 12 de enero a las *18h. Las autoras har\u00e1n una visita guiada a la exposici\u00f3n y narrar\u00e1n leyendas del Montseny.<\/p>\n<p>Qu\u00e9 coste tiene:<\/p>\n<p>Gratuito<\/p>\n<div class=\"relatedLocation\">\n<h3><a href=\"https:\/\/www.smpalautordera.cat\/el-municipi\/equipaments\/biblioteca-ferran-soldevila.html\">Biblioteca Ferran Soldevila<\/a><\/h3>\n<p>Pg. del Remei, 33 &#8211; 08460 Santa Maria de Palautordera &#8211; Barcelona<br \/>\nTel\u00e8fon:\u00a0<a href=\"tel:+34938 482 688\">938 482 688<\/a><br \/>\nAdre\u00e7a electr\u00f2nica:\u00a0<a href=\"mailto:b.st.m.palautordera.fs@diba.cat\">b.st.m.palautordera.fs@diba.cat<\/a><br \/>\nLloc web:\u00a0<a href=\"http:\/\/bibliotecavirtual.diba.cat\/santa-maria-de-palautordera-biblioteca-ferran-soldevila\" target=\"_blank\" rel=\"noopener\">bibliotecavirtual.diba.cat\/santa-maria-de-palautordera-biblioteca-ferran-soldevila<\/a><\/p>\n<div class=\"time\">\n<div class=\"title\">Horario:<br \/>\nMa\u00f1anas: mi\u00e9rcoles y s\u00e1bado de 10 a 13.30 h<br \/>\nTardes: de lunes a viernes de 15.30 a 20 h<\/div>\n<\/div>\n<\/div>\n<div><\/div>\n<div>Info:\u00a0<a href=\"https:\/\/www.smpalautordera.cat\/actualitat\/agenda\/dones-del-montseny.html\">https:\/\/www.smpalautordera.cat\/actualitat\/agenda\/dones-del-montseny.html<\/a><\/div>\n","protected":false},"excerpt":{"rendered":"<p>Mujeres del Montseny Del 12 de enero a las 16.00 h al 5 de febrero de 2024 a las 20.00 h Muestra de fotograf\u00edas que &#8230; <a title=\"Exposici\u00f3n Mujeres del Montseny en Santa Maria de Palautordera\" class=\"read-more\" href=\"https:\/\/turismevalles.com\/es\/events\/exposicio-dones-del-montseny-a-santa-maria-de-palautordera\/\" aria-label=\"M\u00e1s en Exposici\u00f3n Mujeres del Montseny en Santa Maria de Palautordera\">Veure m\u00e9s<\/a><\/p>\n","protected":false},"author":5,"featured_media":45969,"comment_status":"open","ping_status":"closed","template":"","tags":[1938],"poblacions":[435],"mec_category":[],"class_list":["post-45970","mec-events","type-mec-events","status-publish","has-post-thumbnail","hentry","tag-exposicio-es","poblacions-santa-maria-de-palautordera-es","generate-columns","tablet-grid-50","mobile-grid-100","grid-parent","grid-33"],"acf":[],"yoast_head":"<!-- This site is optimized with the Yoast SEO plugin v26.4 - https:\/\/yoast.com\/wordpress\/plugins\/seo\/ -->\n<title>Exposici\u00f3n Mujeres del Montseny en Santa Maria de Palautordera - Turisme Vall\u00e8s<\/title>\n<meta name=\"robots\" content=\"index, follow, max-snippet:-1, max-image-preview:large, max-video-preview:-1\" \/>\n<link rel=\"canonical\" href=\"https:\/\/turismevalles.com\/events\/exposicio-dones-del-montseny-a-santa-maria-de-palautordera\/\" \/>\n<meta property=\"og:locale\" content=\"es_ES\" \/>\n<meta property=\"og:type\" content=\"article\" \/>\n<meta property=\"og:title\" content=\"Exposici\u00f3n Mujeres del Montseny en Santa Maria de Palautordera - Turisme Vall\u00e8s\" \/>\n<meta property=\"og:description\" content=\"Mujeres del Montseny Del 12 de enero a las 16.00 h al 5 de febrero de 2024 a las 20.00 h Muestra de fotograf\u00edas que ... Veure m\u00e9s\" \/>\n<meta property=\"og:url\" content=\"https:\/\/turismevalles.com\/events\/exposicio-dones-del-montseny-a-santa-maria-de-palautordera\/\" \/>\n<meta property=\"og:site_name\" content=\"Turisme Vall\u00e8s\" \/>\n<meta property=\"article:modified_time\" content=\"2024-01-26T11:16:03+00:00\" \/>\n<meta property=\"og:image\" content=\"https:\/\/turismevalles.com\/wp-content\/uploads\/2024\/01\/Dones-al-Montseny.jpg\" \/>\n\t<meta property=\"og:image:width\" content=\"610\" \/>\n\t<meta property=\"og:image:height\" content=\"862\" \/>\n\t<meta property=\"og:image:type\" content=\"image\/jpeg\" \/>\n<meta name=\"twitter:card\" content=\"summary_large_image\" \/>\n<meta name=\"twitter:label1\" content=\"Tiempo de lectura\" \/>\n\t<meta name=\"twitter:data1\" content=\"1 minuto\" \/>\n<script type=\"application\/ld+json\" class=\"yoast-schema-graph\">{\"@context\":\"https:\/\/schema.org\",\"@graph\":[{\"@type\":\"WebPage\",\"@id\":\"https:\/\/turismevalles.com\/events\/exposicio-dones-del-montseny-a-santa-maria-de-palautordera\/\",\"url\":\"https:\/\/turismevalles.com\/events\/exposicio-dones-del-montseny-a-santa-maria-de-palautordera\/\",\"name\":\"Exposici\u00f3n Mujeres del Montseny en Santa Maria de Palautordera - Turisme Vall\u00e8s\",\"isPartOf\":{\"@id\":\"https:\/\/turismevalles.com\/en\/#website\"},\"primaryImageOfPage\":{\"@id\":\"https:\/\/turismevalles.com\/events\/exposicio-dones-del-montseny-a-santa-maria-de-palautordera\/#primaryimage\"},\"image\":{\"@id\":\"https:\/\/turismevalles.com\/events\/exposicio-dones-del-montseny-a-santa-maria-de-palautordera\/#primaryimage\"},\"thumbnailUrl\":\"https:\/\/turismevalles.com\/wp-content\/uploads\/2024\/01\/Dones-al-Montseny.jpg\",\"datePublished\":\"2024-01-26T11:14:21+00:00\",\"dateModified\":\"2024-01-26T11:16:03+00:00\",\"breadcrumb\":{\"@id\":\"https:\/\/turismevalles.com\/events\/exposicio-dones-del-montseny-a-santa-maria-de-palautordera\/#breadcrumb\"},\"inLanguage\":\"es\",\"potentialAction\":[{\"@type\":\"ReadAction\",\"target\":[\"https:\/\/turismevalles.com\/events\/exposicio-dones-del-montseny-a-santa-maria-de-palautordera\/\"]}]},{\"@type\":\"ImageObject\",\"inLanguage\":\"es\",\"@id\":\"https:\/\/turismevalles.com\/events\/exposicio-dones-del-montseny-a-santa-maria-de-palautordera\/#primaryimage\",\"url\":\"https:\/\/turismevalles.com\/wp-content\/uploads\/2024\/01\/Dones-al-Montseny.jpg\",\"contentUrl\":\"https:\/\/turismevalles.com\/wp-content\/uploads\/2024\/01\/Dones-al-Montseny.jpg\",\"width\":610,\"height\":862},{\"@type\":\"BreadcrumbList\",\"@id\":\"https:\/\/turismevalles.com\/events\/exposicio-dones-del-montseny-a-santa-maria-de-palautordera\/#breadcrumb\",\"itemListElement\":[{\"@type\":\"ListItem\",\"position\":1,\"name\":\"Inicio\",\"item\":\"https:\/\/turismevalles.com\/es\/\"},{\"@type\":\"ListItem\",\"position\":2,\"name\":\"Esdeveniments\",\"item\":\"https:\/\/turismevalles.com\/events\/\"},{\"@type\":\"ListItem\",\"position\":3,\"name\":\"Exposici\u00f3n Mujeres del Montseny en Santa Maria de Palautordera\"}]},{\"@type\":\"WebSite\",\"@id\":\"https:\/\/turismevalles.com\/en\/#website\",\"url\":\"https:\/\/turismevalles.com\/en\/\",\"name\":\"Turisme Vall\u00e8s\",\"description\":\"\",\"publisher\":{\"@id\":\"https:\/\/turismevalles.com\/en\/#organization\"},\"potentialAction\":[{\"@type\":\"SearchAction\",\"target\":{\"@type\":\"EntryPoint\",\"urlTemplate\":\"https:\/\/turismevalles.com\/en\/?s={search_term_string}\"},\"query-input\":{\"@type\":\"PropertyValueSpecification\",\"valueRequired\":true,\"valueName\":\"search_term_string\"}}],\"inLanguage\":\"es\"},{\"@type\":\"Organization\",\"@id\":\"https:\/\/turismevalles.com\/en\/#organization\",\"name\":\"Turisme Vall\u00e8s\",\"url\":\"https:\/\/turismevalles.com\/en\/\",\"logo\":{\"@type\":\"ImageObject\",\"inLanguage\":\"es\",\"@id\":\"https:\/\/turismevalles.com\/en\/#\/schema\/logo\/image\/\",\"url\":\"https:\/\/turismevalles.com\/wp-content\/uploads\/2020\/08\/cropped-logo_ca-2.png\",\"contentUrl\":\"https:\/\/turismevalles.com\/wp-content\/uploads\/2020\/08\/cropped-logo_ca-2.png\",\"width\":314,\"height\":85,\"caption\":\"Turisme Vall\u00e8s\"},\"image\":{\"@id\":\"https:\/\/turismevalles.com\/en\/#\/schema\/logo\/image\/\"}}]}<\/script>\n<!-- \/ Yoast SEO plugin. -->","yoast_head_json":{"title":"Exposici\u00f3n Mujeres del Montseny en Santa Maria de Palautordera - Turisme Vall\u00e8s","robots":{"index":"index","follow":"follow","max-snippet":"max-snippet:-1","max-image-preview":"max-image-preview:large","max-video-preview":"max-video-preview:-1"},"canonical":"https:\/\/turismevalles.com\/events\/exposicio-dones-del-montseny-a-santa-maria-de-palautordera\/","og_locale":"es_ES","og_type":"article","og_title":"Exposici\u00f3n Mujeres del Montseny en Santa Maria de Palautordera - Turisme Vall\u00e8s","og_description":"Mujeres del Montseny Del 12 de enero a las 16.00 h al 5 de febrero de 2024 a las 20.00 h Muestra de fotograf\u00edas que ... Veure m\u00e9s","og_url":"https:\/\/turismevalles.com\/events\/exposicio-dones-del-montseny-a-santa-maria-de-palautordera\/","og_site_name":"Turisme Vall\u00e8s","article_modified_time":"2024-01-26T11:16:03+00:00","og_image":[{"width":610,"height":862,"url":"https:\/\/turismevalles.com\/wp-content\/uploads\/2024\/01\/Dones-al-Montseny.jpg","type":"image\/jpeg"}],"twitter_card":"summary_large_image","twitter_misc":{"Tiempo de lectura":"1 minuto"},"schema":{"@context":"https:\/\/schema.org","@graph":[{"@type":"WebPage","@id":"https:\/\/turismevalles.com\/events\/exposicio-dones-del-montseny-a-santa-maria-de-palautordera\/","url":"https:\/\/turismevalles.com\/events\/exposicio-dones-del-montseny-a-santa-maria-de-palautordera\/","name":"Exposici\u00f3n Mujeres del Montseny en Santa Maria de Palautordera - Turisme Vall\u00e8s","isPartOf":{"@id":"https:\/\/turismevalles.com\/en\/#website"},"primaryImageOfPage":{"@id":"https:\/\/turismevalles.com\/events\/exposicio-dones-del-montseny-a-santa-maria-de-palautordera\/#primaryimage"},"image":{"@id":"https:\/\/turismevalles.com\/events\/exposicio-dones-del-montseny-a-santa-maria-de-palautordera\/#primaryimage"},"thumbnailUrl":"https:\/\/turismevalles.com\/wp-content\/uploads\/2024\/01\/Dones-al-Montseny.jpg","datePublished":"2024-01-26T11:14:21+00:00","dateModified":"2024-01-26T11:16:03+00:00","breadcrumb":{"@id":"https:\/\/turismevalles.com\/events\/exposicio-dones-del-montseny-a-santa-maria-de-palautordera\/#breadcrumb"},"inLanguage":"es","potentialAction":[{"@type":"ReadAction","target":["https:\/\/turismevalles.com\/events\/exposicio-dones-del-montseny-a-santa-maria-de-palautordera\/"]}]},{"@type":"ImageObject","inLanguage":"es","@id":"https:\/\/turismevalles.com\/events\/exposicio-dones-del-montseny-a-santa-maria-de-palautordera\/#primaryimage","url":"https:\/\/turismevalles.com\/wp-content\/uploads\/2024\/01\/Dones-al-Montseny.jpg","contentUrl":"https:\/\/turismevalles.com\/wp-content\/uploads\/2024\/01\/Dones-al-Montseny.jpg","width":610,"height":862},{"@type":"BreadcrumbList","@id":"https:\/\/turismevalles.com\/events\/exposicio-dones-del-montseny-a-santa-maria-de-palautordera\/#breadcrumb","itemListElement":[{"@type":"ListItem","position":1,"name":"Inicio","item":"https:\/\/turismevalles.com\/es\/"},{"@type":"ListItem","position":2,"name":"Esdeveniments","item":"https:\/\/turismevalles.com\/events\/"},{"@type":"ListItem","position":3,"name":"Exposici\u00f3n Mujeres del Montseny en Santa Maria de Palautordera"}]},{"@type":"WebSite","@id":"https:\/\/turismevalles.com\/en\/#website","url":"https:\/\/turismevalles.com\/en\/","name":"Turisme Vall\u00e8s","description":"","publisher":{"@id":"https:\/\/turismevalles.com\/en\/#organization"},"potentialAction":[{"@type":"SearchAction","target":{"@type":"EntryPoint","urlTemplate":"https:\/\/turismevalles.com\/en\/?s={search_term_string}"},"query-input":{"@type":"PropertyValueSpecification","valueRequired":true,"valueName":"search_term_string"}}],"inLanguage":"es"},{"@type":"Organization","@id":"https:\/\/turismevalles.com\/en\/#organization","name":"Turisme Vall\u00e8s","url":"https:\/\/turismevalles.com\/en\/","logo":{"@type":"ImageObject","inLanguage":"es","@id":"https:\/\/turismevalles.com\/en\/#\/schema\/logo\/image\/","url":"https:\/\/turismevalles.com\/wp-content\/uploads\/2020\/08\/cropped-logo_ca-2.png","contentUrl":"https:\/\/turismevalles.com\/wp-content\/uploads\/2020\/08\/cropped-logo_ca-2.png","width":314,"height":85,"caption":"Turisme Vall\u00e8s"},"image":{"@id":"https:\/\/turismevalles.com\/en\/#\/schema\/logo\/image\/"}}]}},"uagb_featured_image_src":{"full":["https:\/\/turismevalles.com\/wp-content\/uploads\/2024\/01\/Dones-al-Montseny.jpg",610,862,false],"thumbnail":["https:\/\/turismevalles.com\/wp-content\/uploads\/2024\/01\/Dones-al-Montseny-150x150.jpg",150,150,true],"medium":["https:\/\/turismevalles.com\/wp-content\/uploads\/2024\/01\/Dones-al-Montseny-212x300.jpg",212,300,true],"medium_large":["https:\/\/turismevalles.com\/wp-content\/uploads\/2024\/01\/Dones-al-Montseny.jpg",610,862,false],"large":["https:\/\/turismevalles.com\/wp-content\/uploads\/2024\/01\/Dones-al-Montseny.jpg",610,862,false],"thumblist":["https:\/\/turismevalles.com\/wp-content\/uploads\/2024\/01\/Dones-al-Montseny-300x300.jpg",300,300,true],"meccarouselthumb":["https:\/\/turismevalles.com\/wp-content\/uploads\/2024\/01\/Dones-al-Montseny-474x324.jpg",474,324,true],"gridsquare":["https:\/\/turismevalles.com\/wp-content\/uploads\/2024\/01\/Dones-al-Montseny-391x260.jpg",391,260,true],"tileview":["https:\/\/turismevalles.com\/wp-content\/uploads\/2024\/01\/Dones-al-Montseny-300x400.jpg",300,400,true],"1536x1536":["https:\/\/turismevalles.com\/wp-content\/uploads\/2024\/01\/Dones-al-Montseny.jpg",610,862,false],"2048x2048":["https:\/\/turismevalles.com\/wp-content\/uploads\/2024\/01\/Dones-al-Montseny.jpg",610,862,false]},"uagb_author_info":{"display_name":"Turisme Valles","author_link":"https:\/\/turismevalles.com\/es\/author\/turismevallesoriental\/"},"uagb_comment_info":0,"uagb_excerpt":"Mujeres del Montseny Del 12 de enero a las 16.00 h al 5 de febrero de 2024 a las 20.00 h Muestra de fotograf\u00edas que ... Veure m\u00e9s","_links":{"self":[{"href":"https:\/\/turismevalles.com\/es\/wp-json\/wp\/v2\/mec-events\/45970","targetHints":{"allow":["GET"]}}],"collection":[{"href":"https:\/\/turismevalles.com\/es\/wp-json\/wp\/v2\/mec-events"}],"about":[{"href":"https:\/\/turismevalles.com\/es\/wp-json\/wp\/v2\/types\/mec-events"}],"author":[{"embeddable":true,"href":"https:\/\/turismevalles.com\/es\/wp-json\/wp\/v2\/users\/5"}],"replies":[{"embeddable":true,"href":"https:\/\/turismevalles.com\/es\/wp-json\/wp\/v2\/comments?post=45970"}],"wp:featuredmedia":[{"embeddable":true,"href":"https:\/\/turismevalles.com\/es\/wp-json\/wp\/v2\/media\/45969"}],"wp:attachment":[{"href":"https:\/\/turismevalles.com\/es\/wp-json\/wp\/v2\/media?parent=45970"}],"wp:term":[{"taxonomy":"post_tag","embeddable":true,"href":"https:\/\/turismevalles.com\/es\/wp-json\/wp\/v2\/tags?post=45970"},{"taxonomy":"poblacions","embeddable":true,"href":"https:\/\/turismevalles.com\/es\/wp-json\/wp\/v2\/poblacions?post=45970"},{"taxonomy":"mec_category","embeddable":true,"href":"https:\/\/turismevalles.com\/es\/wp-json\/wp\/v2\/mec_category?post=45970"}],"curies":[{"name":"wp","href":"https:\/\/api.w.org\/{rel}","templated":true}]}}