{"id":54198,"date":"2024-03-01T14:17:33","date_gmt":"2024-03-01T13:17:33","guid":{"rendered":"http:\/\/turismevalles.com.mialias.net\/events\/la-passio-a-llinars-del-valles\/"},"modified":"2024-03-01T14:18:52","modified_gmt":"2024-03-01T13:18:52","slug":"la-passio-a-llinars-del-valles","status":"publish","type":"mec-events","link":"https:\/\/turismevalles.com\/es\/events\/la-passio-a-llinars-del-valles\/","title":{"rendered":"La Passi\u00f3n en Llinars del Vall\u00e8s"},"content":{"rendered":"<h2>Ven\u00eds a m\u00ed &#8211; La Pasi\u00f3n de Llinars del Vall\u00e8s<br \/>\nDel 16 al 24 de marzo de 2024 a las 17.00 h<\/h2>\n<p>16, 17, 23 y 24 de marzo a las 17 h<\/p>\n<p>El grupo de teatro Till-Corte os presenta de manera planera y entendedora la historia de los \u00faltimos a\u00f1os de Jes\u00fas, poniendo rigor, sentimiento, amor y, muy especialmente, dando voz a las mujeres que lo acompa\u00f1aron.<\/p>\n<p>Una Pasi\u00f3n es un g\u00e9nero teatral \u00fanico que une espect\u00e1culo y espiritualidad, por eso es tan especial e invita todo tipo de p\u00fablico. Ven\u00eds a conocer la \u00fanica Pasi\u00f3n, que desde el a\u00f1o 2000, se representa en tierras vallesanas. Una Pasi\u00f3n para compartir la emoci\u00f3n de revivir o de descubrir esta historia universal: la vida p\u00fablica y la pasi\u00f3n de Jes\u00fas de Nazaret.<\/p>\n<p>Descubr\u00eds mucho m\u00e1s sobre La Pasi\u00f3n de Llinars en este enlace y, por supuesto, en sus representaciones que tendr\u00e1n lugar al Teatro Auditorio de Llinars el 16, 17, 23 y 24 de marzo a las 17 h<\/p>\n<p>Info:\u00a0<a href=\"https:\/\/www.llinarsdelvalles.cat\/actualitat\/agenda\/57283-veniu-a-mi-la-passio-de-llinars-del-valles.html\">https:\/\/www.llinarsdelvalles.cat\/actualitat\/agenda\/57283-veniu-a-mi-la-passio-de-llinars-del-valles.html<\/a><\/p>\n","protected":false},"excerpt":{"rendered":"<p>Ven\u00eds a m\u00ed &#8211; La Pasi\u00f3n de Llinars del Vall\u00e8s Del 16 al 24 de marzo de 2024 a las 17.00 h 16, 17, 23 &#8230; <a title=\"La Passi\u00f3n en Llinars del Vall\u00e8s\" class=\"read-more\" href=\"https:\/\/turismevalles.com\/es\/events\/la-passio-a-llinars-del-valles\/\" aria-label=\"M\u00e1s en La Passi\u00f3n en Llinars del Vall\u00e8s\">Veure m\u00e9s<\/a><\/p>\n","protected":false},"author":5,"featured_media":54197,"comment_status":"open","ping_status":"closed","template":"","tags":[2559],"poblacions":[897],"mec_category":[970,929],"class_list":["post-54198","mec-events","type-mec-events","status-publish","has-post-thumbnail","hentry","tag-passio-es","poblacions-llinars-del-valles-es","mec_category-activitats-en-familia-es","mec_category-cultura-es","generate-columns","tablet-grid-50","mobile-grid-100","grid-parent","grid-33"],"acf":[],"yoast_head":"<!-- This site is optimized with the Yoast SEO plugin v26.4 - https:\/\/yoast.com\/wordpress\/plugins\/seo\/ -->\n<title>La Passi\u00f3n en Llinars del Vall\u00e8s - Turisme Vall\u00e8s<\/title>\n<meta name=\"robots\" content=\"index, follow, max-snippet:-1, max-image-preview:large, max-video-preview:-1\" \/>\n<link rel=\"canonical\" href=\"https:\/\/turismevalles.com\/events\/la-passio-a-llinars-del-valles\/\" \/>\n<meta property=\"og:locale\" content=\"es_ES\" \/>\n<meta property=\"og:type\" content=\"article\" \/>\n<meta property=\"og:title\" content=\"La Passi\u00f3n en Llinars del Vall\u00e8s - Turisme Vall\u00e8s\" \/>\n<meta property=\"og:description\" content=\"Ven\u00eds a m\u00ed &#8211; La Pasi\u00f3n de Llinars del Vall\u00e8s Del 16 al 24 de marzo de 2024 a las 17.00 h 16, 17, 23 ... Veure m\u00e9s\" \/>\n<meta property=\"og:url\" content=\"https:\/\/turismevalles.com\/events\/la-passio-a-llinars-del-valles\/\" \/>\n<meta property=\"og:site_name\" content=\"Turisme Vall\u00e8s\" \/>\n<meta property=\"article:modified_time\" content=\"2024-03-01T13:18:52+00:00\" \/>\n<meta property=\"og:image\" content=\"https:\/\/turismevalles.com\/wp-content\/uploads\/2024\/03\/Passio-Llinars.jpg\" \/>\n\t<meta property=\"og:image:width\" content=\"609\" \/>\n\t<meta property=\"og:image:height\" content=\"715\" \/>\n\t<meta property=\"og:image:type\" content=\"image\/jpeg\" \/>\n<meta name=\"twitter:card\" content=\"summary_large_image\" \/>\n<meta name=\"twitter:label1\" content=\"Tiempo de lectura\" \/>\n\t<meta name=\"twitter:data1\" content=\"2 minutos\" \/>\n<script type=\"application\/ld+json\" class=\"yoast-schema-graph\">{\"@context\":\"https:\/\/schema.org\",\"@graph\":[{\"@type\":\"WebPage\",\"@id\":\"https:\/\/turismevalles.com\/events\/la-passio-a-llinars-del-valles\/\",\"url\":\"https:\/\/turismevalles.com\/events\/la-passio-a-llinars-del-valles\/\",\"name\":\"La Passi\u00f3n en Llinars del Vall\u00e8s - Turisme Vall\u00e8s\",\"isPartOf\":{\"@id\":\"https:\/\/turismevalles.com\/en\/#website\"},\"primaryImageOfPage\":{\"@id\":\"https:\/\/turismevalles.com\/events\/la-passio-a-llinars-del-valles\/#primaryimage\"},\"image\":{\"@id\":\"https:\/\/turismevalles.com\/events\/la-passio-a-llinars-del-valles\/#primaryimage\"},\"thumbnailUrl\":\"https:\/\/turismevalles.com\/wp-content\/uploads\/2024\/03\/Passio-Llinars.jpg\",\"datePublished\":\"2024-03-01T13:17:33+00:00\",\"dateModified\":\"2024-03-01T13:18:52+00:00\",\"breadcrumb\":{\"@id\":\"https:\/\/turismevalles.com\/events\/la-passio-a-llinars-del-valles\/#breadcrumb\"},\"inLanguage\":\"es\",\"potentialAction\":[{\"@type\":\"ReadAction\",\"target\":[\"https:\/\/turismevalles.com\/events\/la-passio-a-llinars-del-valles\/\"]}]},{\"@type\":\"ImageObject\",\"inLanguage\":\"es\",\"@id\":\"https:\/\/turismevalles.com\/events\/la-passio-a-llinars-del-valles\/#primaryimage\",\"url\":\"https:\/\/turismevalles.com\/wp-content\/uploads\/2024\/03\/Passio-Llinars.jpg\",\"contentUrl\":\"https:\/\/turismevalles.com\/wp-content\/uploads\/2024\/03\/Passio-Llinars.jpg\",\"width\":609,\"height\":715},{\"@type\":\"BreadcrumbList\",\"@id\":\"https:\/\/turismevalles.com\/events\/la-passio-a-llinars-del-valles\/#breadcrumb\",\"itemListElement\":[{\"@type\":\"ListItem\",\"position\":1,\"name\":\"Inicio\",\"item\":\"https:\/\/turismevalles.com\/es\/\"},{\"@type\":\"ListItem\",\"position\":2,\"name\":\"Esdeveniments\",\"item\":\"https:\/\/turismevalles.com\/events\/\"},{\"@type\":\"ListItem\",\"position\":3,\"name\":\"La Passi\u00f3n en Llinars del Vall\u00e8s\"}]},{\"@type\":\"WebSite\",\"@id\":\"https:\/\/turismevalles.com\/en\/#website\",\"url\":\"https:\/\/turismevalles.com\/en\/\",\"name\":\"Turisme Vall\u00e8s\",\"description\":\"\",\"publisher\":{\"@id\":\"https:\/\/turismevalles.com\/en\/#organization\"},\"potentialAction\":[{\"@type\":\"SearchAction\",\"target\":{\"@type\":\"EntryPoint\",\"urlTemplate\":\"https:\/\/turismevalles.com\/en\/?s={search_term_string}\"},\"query-input\":{\"@type\":\"PropertyValueSpecification\",\"valueRequired\":true,\"valueName\":\"search_term_string\"}}],\"inLanguage\":\"es\"},{\"@type\":\"Organization\",\"@id\":\"https:\/\/turismevalles.com\/en\/#organization\",\"name\":\"Turisme Vall\u00e8s\",\"url\":\"https:\/\/turismevalles.com\/en\/\",\"logo\":{\"@type\":\"ImageObject\",\"inLanguage\":\"es\",\"@id\":\"https:\/\/turismevalles.com\/en\/#\/schema\/logo\/image\/\",\"url\":\"https:\/\/turismevalles.com\/wp-content\/uploads\/2020\/08\/cropped-logo_ca-2.png\",\"contentUrl\":\"https:\/\/turismevalles.com\/wp-content\/uploads\/2020\/08\/cropped-logo_ca-2.png\",\"width\":314,\"height\":85,\"caption\":\"Turisme Vall\u00e8s\"},\"image\":{\"@id\":\"https:\/\/turismevalles.com\/en\/#\/schema\/logo\/image\/\"}}]}<\/script>\n<!-- \/ Yoast SEO plugin. -->","yoast_head_json":{"title":"La Passi\u00f3n en Llinars del Vall\u00e8s - Turisme Vall\u00e8s","robots":{"index":"index","follow":"follow","max-snippet":"max-snippet:-1","max-image-preview":"max-image-preview:large","max-video-preview":"max-video-preview:-1"},"canonical":"https:\/\/turismevalles.com\/events\/la-passio-a-llinars-del-valles\/","og_locale":"es_ES","og_type":"article","og_title":"La Passi\u00f3n en Llinars del Vall\u00e8s - Turisme Vall\u00e8s","og_description":"Ven\u00eds a m\u00ed &#8211; La Pasi\u00f3n de Llinars del Vall\u00e8s Del 16 al 24 de marzo de 2024 a las 17.00 h 16, 17, 23 ... Veure m\u00e9s","og_url":"https:\/\/turismevalles.com\/events\/la-passio-a-llinars-del-valles\/","og_site_name":"Turisme Vall\u00e8s","article_modified_time":"2024-03-01T13:18:52+00:00","og_image":[{"width":609,"height":715,"url":"https:\/\/turismevalles.com\/wp-content\/uploads\/2024\/03\/Passio-Llinars.jpg","type":"image\/jpeg"}],"twitter_card":"summary_large_image","twitter_misc":{"Tiempo de lectura":"2 minutos"},"schema":{"@context":"https:\/\/schema.org","@graph":[{"@type":"WebPage","@id":"https:\/\/turismevalles.com\/events\/la-passio-a-llinars-del-valles\/","url":"https:\/\/turismevalles.com\/events\/la-passio-a-llinars-del-valles\/","name":"La Passi\u00f3n en Llinars del Vall\u00e8s - Turisme Vall\u00e8s","isPartOf":{"@id":"https:\/\/turismevalles.com\/en\/#website"},"primaryImageOfPage":{"@id":"https:\/\/turismevalles.com\/events\/la-passio-a-llinars-del-valles\/#primaryimage"},"image":{"@id":"https:\/\/turismevalles.com\/events\/la-passio-a-llinars-del-valles\/#primaryimage"},"thumbnailUrl":"https:\/\/turismevalles.com\/wp-content\/uploads\/2024\/03\/Passio-Llinars.jpg","datePublished":"2024-03-01T13:17:33+00:00","dateModified":"2024-03-01T13:18:52+00:00","breadcrumb":{"@id":"https:\/\/turismevalles.com\/events\/la-passio-a-llinars-del-valles\/#breadcrumb"},"inLanguage":"es","potentialAction":[{"@type":"ReadAction","target":["https:\/\/turismevalles.com\/events\/la-passio-a-llinars-del-valles\/"]}]},{"@type":"ImageObject","inLanguage":"es","@id":"https:\/\/turismevalles.com\/events\/la-passio-a-llinars-del-valles\/#primaryimage","url":"https:\/\/turismevalles.com\/wp-content\/uploads\/2024\/03\/Passio-Llinars.jpg","contentUrl":"https:\/\/turismevalles.com\/wp-content\/uploads\/2024\/03\/Passio-Llinars.jpg","width":609,"height":715},{"@type":"BreadcrumbList","@id":"https:\/\/turismevalles.com\/events\/la-passio-a-llinars-del-valles\/#breadcrumb","itemListElement":[{"@type":"ListItem","position":1,"name":"Inicio","item":"https:\/\/turismevalles.com\/es\/"},{"@type":"ListItem","position":2,"name":"Esdeveniments","item":"https:\/\/turismevalles.com\/events\/"},{"@type":"ListItem","position":3,"name":"La Passi\u00f3n en Llinars del Vall\u00e8s"}]},{"@type":"WebSite","@id":"https:\/\/turismevalles.com\/en\/#website","url":"https:\/\/turismevalles.com\/en\/","name":"Turisme Vall\u00e8s","description":"","publisher":{"@id":"https:\/\/turismevalles.com\/en\/#organization"},"potentialAction":[{"@type":"SearchAction","target":{"@type":"EntryPoint","urlTemplate":"https:\/\/turismevalles.com\/en\/?s={search_term_string}"},"query-input":{"@type":"PropertyValueSpecification","valueRequired":true,"valueName":"search_term_string"}}],"inLanguage":"es"},{"@type":"Organization","@id":"https:\/\/turismevalles.com\/en\/#organization","name":"Turisme Vall\u00e8s","url":"https:\/\/turismevalles.com\/en\/","logo":{"@type":"ImageObject","inLanguage":"es","@id":"https:\/\/turismevalles.com\/en\/#\/schema\/logo\/image\/","url":"https:\/\/turismevalles.com\/wp-content\/uploads\/2020\/08\/cropped-logo_ca-2.png","contentUrl":"https:\/\/turismevalles.com\/wp-content\/uploads\/2020\/08\/cropped-logo_ca-2.png","width":314,"height":85,"caption":"Turisme Vall\u00e8s"},"image":{"@id":"https:\/\/turismevalles.com\/en\/#\/schema\/logo\/image\/"}}]}},"uagb_featured_image_src":{"full":["https:\/\/turismevalles.com\/wp-content\/uploads\/2024\/03\/Passio-Llinars.jpg",609,715,false],"thumbnail":["https:\/\/turismevalles.com\/wp-content\/uploads\/2024\/03\/Passio-Llinars-150x150.jpg",150,150,true],"medium":["https:\/\/turismevalles.com\/wp-content\/uploads\/2024\/03\/Passio-Llinars-256x300.jpg",256,300,true],"medium_large":["https:\/\/turismevalles.com\/wp-content\/uploads\/2024\/03\/Passio-Llinars.jpg",609,715,false],"large":["https:\/\/turismevalles.com\/wp-content\/uploads\/2024\/03\/Passio-Llinars.jpg",609,715,false],"thumblist":["https:\/\/turismevalles.com\/wp-content\/uploads\/2024\/03\/Passio-Llinars-300x300.jpg",300,300,true],"meccarouselthumb":["https:\/\/turismevalles.com\/wp-content\/uploads\/2024\/03\/Passio-Llinars-474x324.jpg",474,324,true],"gridsquare":["https:\/\/turismevalles.com\/wp-content\/uploads\/2024\/03\/Passio-Llinars-391x260.jpg",391,260,true],"tileview":["https:\/\/turismevalles.com\/wp-content\/uploads\/2024\/03\/Passio-Llinars-300x400.jpg",300,400,true],"1536x1536":["https:\/\/turismevalles.com\/wp-content\/uploads\/2024\/03\/Passio-Llinars.jpg",609,715,false],"2048x2048":["https:\/\/turismevalles.com\/wp-content\/uploads\/2024\/03\/Passio-Llinars.jpg",609,715,false]},"uagb_author_info":{"display_name":"Turisme Valles","author_link":"https:\/\/turismevalles.com\/es\/author\/turismevallesoriental\/"},"uagb_comment_info":0,"uagb_excerpt":"Ven\u00eds a m\u00ed &#8211; La Pasi\u00f3n de Llinars del Vall\u00e8s Del 16 al 24 de marzo de 2024 a las 17.00 h 16, 17, 23 ... Veure m\u00e9s","_links":{"self":[{"href":"https:\/\/turismevalles.com\/es\/wp-json\/wp\/v2\/mec-events\/54198","targetHints":{"allow":["GET"]}}],"collection":[{"href":"https:\/\/turismevalles.com\/es\/wp-json\/wp\/v2\/mec-events"}],"about":[{"href":"https:\/\/turismevalles.com\/es\/wp-json\/wp\/v2\/types\/mec-events"}],"author":[{"embeddable":true,"href":"https:\/\/turismevalles.com\/es\/wp-json\/wp\/v2\/users\/5"}],"replies":[{"embeddable":true,"href":"https:\/\/turismevalles.com\/es\/wp-json\/wp\/v2\/comments?post=54198"}],"wp:featuredmedia":[{"embeddable":true,"href":"https:\/\/turismevalles.com\/es\/wp-json\/wp\/v2\/media\/54197"}],"wp:attachment":[{"href":"https:\/\/turismevalles.com\/es\/wp-json\/wp\/v2\/media?parent=54198"}],"wp:term":[{"taxonomy":"post_tag","embeddable":true,"href":"https:\/\/turismevalles.com\/es\/wp-json\/wp\/v2\/tags?post=54198"},{"taxonomy":"poblacions","embeddable":true,"href":"https:\/\/turismevalles.com\/es\/wp-json\/wp\/v2\/poblacions?post=54198"},{"taxonomy":"mec_category","embeddable":true,"href":"https:\/\/turismevalles.com\/es\/wp-json\/wp\/v2\/mec_category?post=54198"}],"curies":[{"name":"wp","href":"https:\/\/api.w.org\/{rel}","templated":true}]}}