{"id":54205,"date":"2024-03-01T14:22:32","date_gmt":"2024-03-01T13:22:32","guid":{"rendered":"http:\/\/turismevalles.com.mialias.net\/events\/sens-va-l-olla-gastronomia-de-caldes-de-montbui\/"},"modified":"2024-03-01T14:23:30","modified_gmt":"2024-03-01T13:23:30","slug":"sens-va-l-olla-gastronomia-de-caldes-de-montbui","status":"publish","type":"mec-events","link":"https:\/\/turismevalles.com\/es\/events\/sens-va-l-olla-gastronomia-de-caldes-de-montbui\/","title":{"rendered":"Se&#8217;ns va l&#8217; Olla! Gastronom\u00eda de Caldes de Montbui"},"content":{"rendered":"<h2>\u201cSe nos va la olla\u201d, la propuesta gastron\u00f3mica de los restaurantes calderines<\/h2>\n<p>Con el objetivo de ofrecer diferentes ejemplos de gastronom\u00eda tradicional y termal, los restaurantes de Caldes de Montbui participan al Mercado de la Olla con la propuesta \u201cSe nos va la olla\u201d,\u00a0que consiste en la creaci\u00f3n de un plato estrella que se incluir\u00e1 en cada una de las cartas de los restaurantes de Caldes entre el 16 y el 24 de marzo.<\/p>\n<p>La decena de restaurantes que participan de la iniciativa propondr\u00e1n un plato singular inspirado en la cocina termal y tradicional, que tiene que ser un homenaje a la cocina de proximidad y de calidad.<\/p>\n<p>A las cartas de los restaurantes participantes se podr\u00e1n encontrar los siguientes platos:<\/p>\n<p style=\"font-weight: 400;\"><b><strong><u>Del 16 al 24 de mar\u00e7 2024<\/u><\/strong><\/b><\/p>\n<p style=\"font-weight: 400;\"><b><strong>\u201c<\/strong><\/b><b><strong>Se&#8217;ns en va l\u2019olla\u201d:<\/strong><\/b><b><strong>\u00a0Plats estrella a la carta dels restaurants participants<\/strong><\/b><\/p>\n<p style=\"font-weight: 400;\"><b><strong>Caf\u00e8 del Centre Cooperativa<\/strong><\/b><\/p>\n<p style=\"font-weight: 400;\"><em>Capipota guisat amb botifarra de Ca l\u2019Abel\u00a0i cigrons menuts de Cal Parellada<\/em><\/p>\n<p style=\"font-weight: 400;\"><b><strong>Camping El Pasqualet<\/strong><\/b><\/p>\n<p style=\"font-weight: 400;\"><em>Cuixes de pollastre rostides amb cervesa La Calderina, elaborada amb aigua termal<\/em><\/p>\n<p style=\"font-weight: 400;\"><b><strong>El Pa Torrat\u00a0<\/strong><\/b><\/p>\n<p style=\"font-weight: 400;\"><em>Pizza termal<\/em><\/p>\n<p style=\"font-weight: 400;\"><b><strong>El Remei\u00a0<\/strong><\/b><\/p>\n<p style=\"font-weight: 400;\"><em>Peus de porc amb bolets fets a la cassola<\/em><\/p>\n<p style=\"font-weight: 400;\"><b><strong>Fika Brunch<\/strong><\/b><\/p>\n<p style=\"font-weight: 400;\"><em>Cassoleta de la fira: estofat de cigrons de Cal Parellada amb verdures de la temporada i xiitake<\/em><\/p>\n<p style=\"font-weight: 400;\"><b><strong>La Rectoria<\/strong><\/b><\/p>\n<p style=\"font-weight: 400;\"><em>Peus de porc a la cassola fets a foc lent de llenya<\/em><\/p>\n<p style=\"font-weight: 400;\"><b><strong>La Taperia de Caldes<\/strong><\/b><\/p>\n<p style=\"font-weight: 400;\"><em>B<\/em><em>omba farcida de rostit de l\u2019\u00e0via<\/em><\/p>\n<p style=\"font-weight: 400;\"><b><strong>Na Madrona<\/strong><\/b><\/p>\n<p style=\"font-weight: 400;\"><em>Minestrone Genovese<\/em><\/p>\n<p style=\"font-weight: 400;\"><b><strong>Robert de Nola<\/strong><\/b><\/p>\n<p style=\"font-weight: 400;\"><em>Guisat de porc ib\u00e8ric a l\u2019antiga, amb prunes<\/em><\/p>\n<p style=\"font-weight: 400;\"><b><strong>Rosset<\/strong><\/b><\/p>\n<p style=\"font-weight: 400;\"><em>Escudella barrejada<\/em><\/p>\n<p>&nbsp;<\/p>\n<p>Info:\u00a0<a href=\"https:\/\/www.caldesdemontbui.cat\/actualitat\/noticies\/torna-el-mercat-de-lolla-de-caldes-de-montbui-.html\">https:\/\/www.caldesdemontbui.cat\/actualitat\/noticies\/torna-el-mercat-de-lolla-de-caldes-de-montbui-.html<\/a><\/p>\n","protected":false},"excerpt":{"rendered":"<p>\u201cSe nos va la olla\u201d, la propuesta gastron\u00f3mica de los restaurantes calderines Con el objetivo de ofrecer diferentes ejemplos de gastronom\u00eda tradicional y termal, los &#8230; <a title=\"Se&#8217;ns va l&#8217; Olla! Gastronom\u00eda de Caldes de Montbui\" class=\"read-more\" href=\"https:\/\/turismevalles.com\/es\/events\/sens-va-l-olla-gastronomia-de-caldes-de-montbui\/\" aria-label=\"M\u00e1s en Se&#8217;ns va l&#8217; Olla! Gastronom\u00eda de Caldes de Montbui\">Veure m\u00e9s<\/a><\/p>\n","protected":false},"author":5,"featured_media":54204,"comment_status":"open","ping_status":"closed","template":"","tags":[1469],"poblacions":[431],"mec_category":[938],"class_list":["post-54205","mec-events","type-mec-events","status-publish","has-post-thumbnail","hentry","tag-gastronomia-es","poblacions-caldes-de-montbui-es","mec_category-gastronomia-es","generate-columns","tablet-grid-50","mobile-grid-100","grid-parent","grid-33"],"acf":[],"yoast_head":"<!-- This site is optimized with the Yoast SEO plugin v26.4 - https:\/\/yoast.com\/wordpress\/plugins\/seo\/ -->\n<title>Se&#039;ns va l&#039; Olla! Gastronom\u00eda de Caldes de Montbui - Turisme Vall\u00e8s<\/title>\n<meta name=\"robots\" content=\"index, follow, max-snippet:-1, max-image-preview:large, max-video-preview:-1\" \/>\n<link rel=\"canonical\" href=\"https:\/\/turismevalles.com\/es\/events\/sens-va-l-olla-gastronomia-de-caldes-de-montbui\/\" \/>\n<meta property=\"og:locale\" content=\"es_ES\" \/>\n<meta property=\"og:type\" content=\"article\" \/>\n<meta property=\"og:title\" content=\"Se&#039;ns va l&#039; Olla! Gastronom\u00eda de Caldes de Montbui - Turisme Vall\u00e8s\" \/>\n<meta property=\"og:description\" content=\"\u201cSe nos va la olla\u201d, la propuesta gastron\u00f3mica de los restaurantes calderines Con el objetivo de ofrecer diferentes ejemplos de gastronom\u00eda tradicional y termal, los ... Veure m\u00e9s\" \/>\n<meta property=\"og:url\" content=\"https:\/\/turismevalles.com\/es\/events\/sens-va-l-olla-gastronomia-de-caldes-de-montbui\/\" \/>\n<meta property=\"og:site_name\" content=\"Turisme Vall\u00e8s\" \/>\n<meta property=\"article:modified_time\" content=\"2024-03-01T13:23:30+00:00\" \/>\n<meta property=\"og:image\" content=\"https:\/\/turismevalles.com\/wp-content\/uploads\/2024\/03\/Olla.jpg\" \/>\n\t<meta property=\"og:image:width\" content=\"201\" \/>\n\t<meta property=\"og:image:height\" content=\"227\" \/>\n\t<meta property=\"og:image:type\" content=\"image\/jpeg\" \/>\n<meta name=\"twitter:card\" content=\"summary_large_image\" \/>\n<meta name=\"twitter:label1\" content=\"Tiempo de lectura\" \/>\n\t<meta name=\"twitter:data1\" content=\"2 minutos\" \/>\n<script type=\"application\/ld+json\" class=\"yoast-schema-graph\">{\"@context\":\"https:\/\/schema.org\",\"@graph\":[{\"@type\":\"WebPage\",\"@id\":\"https:\/\/turismevalles.com\/es\/events\/sens-va-l-olla-gastronomia-de-caldes-de-montbui\/\",\"url\":\"https:\/\/turismevalles.com\/es\/events\/sens-va-l-olla-gastronomia-de-caldes-de-montbui\/\",\"name\":\"Se'ns va l' Olla! Gastronom\u00eda de Caldes de Montbui - Turisme Vall\u00e8s\",\"isPartOf\":{\"@id\":\"https:\/\/turismevalles.com\/en\/#website\"},\"primaryImageOfPage\":{\"@id\":\"https:\/\/turismevalles.com\/es\/events\/sens-va-l-olla-gastronomia-de-caldes-de-montbui\/#primaryimage\"},\"image\":{\"@id\":\"https:\/\/turismevalles.com\/es\/events\/sens-va-l-olla-gastronomia-de-caldes-de-montbui\/#primaryimage\"},\"thumbnailUrl\":\"https:\/\/turismevalles.com\/wp-content\/uploads\/2024\/03\/Olla.jpg\",\"datePublished\":\"2024-03-01T13:22:32+00:00\",\"dateModified\":\"2024-03-01T13:23:30+00:00\",\"breadcrumb\":{\"@id\":\"https:\/\/turismevalles.com\/es\/events\/sens-va-l-olla-gastronomia-de-caldes-de-montbui\/#breadcrumb\"},\"inLanguage\":\"es\",\"potentialAction\":[{\"@type\":\"ReadAction\",\"target\":[\"https:\/\/turismevalles.com\/es\/events\/sens-va-l-olla-gastronomia-de-caldes-de-montbui\/\"]}]},{\"@type\":\"ImageObject\",\"inLanguage\":\"es\",\"@id\":\"https:\/\/turismevalles.com\/es\/events\/sens-va-l-olla-gastronomia-de-caldes-de-montbui\/#primaryimage\",\"url\":\"https:\/\/turismevalles.com\/wp-content\/uploads\/2024\/03\/Olla.jpg\",\"contentUrl\":\"https:\/\/turismevalles.com\/wp-content\/uploads\/2024\/03\/Olla.jpg\",\"width\":201,\"height\":227},{\"@type\":\"BreadcrumbList\",\"@id\":\"https:\/\/turismevalles.com\/es\/events\/sens-va-l-olla-gastronomia-de-caldes-de-montbui\/#breadcrumb\",\"itemListElement\":[{\"@type\":\"ListItem\",\"position\":1,\"name\":\"Inicio\",\"item\":\"https:\/\/turismevalles.com\/es\/\"},{\"@type\":\"ListItem\",\"position\":2,\"name\":\"Esdeveniments\",\"item\":\"https:\/\/turismevalles.com\/events\/\"},{\"@type\":\"ListItem\",\"position\":3,\"name\":\"Se&#8217;ns va l&#8217; Olla! Gastronom\u00eda de Caldes de Montbui\"}]},{\"@type\":\"WebSite\",\"@id\":\"https:\/\/turismevalles.com\/en\/#website\",\"url\":\"https:\/\/turismevalles.com\/en\/\",\"name\":\"Turisme Vall\u00e8s\",\"description\":\"\",\"publisher\":{\"@id\":\"https:\/\/turismevalles.com\/en\/#organization\"},\"potentialAction\":[{\"@type\":\"SearchAction\",\"target\":{\"@type\":\"EntryPoint\",\"urlTemplate\":\"https:\/\/turismevalles.com\/en\/?s={search_term_string}\"},\"query-input\":{\"@type\":\"PropertyValueSpecification\",\"valueRequired\":true,\"valueName\":\"search_term_string\"}}],\"inLanguage\":\"es\"},{\"@type\":\"Organization\",\"@id\":\"https:\/\/turismevalles.com\/en\/#organization\",\"name\":\"Turisme Vall\u00e8s\",\"url\":\"https:\/\/turismevalles.com\/en\/\",\"logo\":{\"@type\":\"ImageObject\",\"inLanguage\":\"es\",\"@id\":\"https:\/\/turismevalles.com\/en\/#\/schema\/logo\/image\/\",\"url\":\"https:\/\/turismevalles.com\/wp-content\/uploads\/2020\/08\/cropped-logo_ca-2.png\",\"contentUrl\":\"https:\/\/turismevalles.com\/wp-content\/uploads\/2020\/08\/cropped-logo_ca-2.png\",\"width\":314,\"height\":85,\"caption\":\"Turisme Vall\u00e8s\"},\"image\":{\"@id\":\"https:\/\/turismevalles.com\/en\/#\/schema\/logo\/image\/\"}}]}<\/script>\n<!-- \/ Yoast SEO plugin. -->","yoast_head_json":{"title":"Se'ns va l' Olla! Gastronom\u00eda de Caldes de Montbui - Turisme Vall\u00e8s","robots":{"index":"index","follow":"follow","max-snippet":"max-snippet:-1","max-image-preview":"max-image-preview:large","max-video-preview":"max-video-preview:-1"},"canonical":"https:\/\/turismevalles.com\/es\/events\/sens-va-l-olla-gastronomia-de-caldes-de-montbui\/","og_locale":"es_ES","og_type":"article","og_title":"Se'ns va l' Olla! Gastronom\u00eda de Caldes de Montbui - Turisme Vall\u00e8s","og_description":"\u201cSe nos va la olla\u201d, la propuesta gastron\u00f3mica de los restaurantes calderines Con el objetivo de ofrecer diferentes ejemplos de gastronom\u00eda tradicional y termal, los ... Veure m\u00e9s","og_url":"https:\/\/turismevalles.com\/es\/events\/sens-va-l-olla-gastronomia-de-caldes-de-montbui\/","og_site_name":"Turisme Vall\u00e8s","article_modified_time":"2024-03-01T13:23:30+00:00","og_image":[{"width":201,"height":227,"url":"https:\/\/turismevalles.com\/wp-content\/uploads\/2024\/03\/Olla.jpg","type":"image\/jpeg"}],"twitter_card":"summary_large_image","twitter_misc":{"Tiempo de lectura":"2 minutos"},"schema":{"@context":"https:\/\/schema.org","@graph":[{"@type":"WebPage","@id":"https:\/\/turismevalles.com\/es\/events\/sens-va-l-olla-gastronomia-de-caldes-de-montbui\/","url":"https:\/\/turismevalles.com\/es\/events\/sens-va-l-olla-gastronomia-de-caldes-de-montbui\/","name":"Se'ns va l' Olla! Gastronom\u00eda de Caldes de Montbui - Turisme Vall\u00e8s","isPartOf":{"@id":"https:\/\/turismevalles.com\/en\/#website"},"primaryImageOfPage":{"@id":"https:\/\/turismevalles.com\/es\/events\/sens-va-l-olla-gastronomia-de-caldes-de-montbui\/#primaryimage"},"image":{"@id":"https:\/\/turismevalles.com\/es\/events\/sens-va-l-olla-gastronomia-de-caldes-de-montbui\/#primaryimage"},"thumbnailUrl":"https:\/\/turismevalles.com\/wp-content\/uploads\/2024\/03\/Olla.jpg","datePublished":"2024-03-01T13:22:32+00:00","dateModified":"2024-03-01T13:23:30+00:00","breadcrumb":{"@id":"https:\/\/turismevalles.com\/es\/events\/sens-va-l-olla-gastronomia-de-caldes-de-montbui\/#breadcrumb"},"inLanguage":"es","potentialAction":[{"@type":"ReadAction","target":["https:\/\/turismevalles.com\/es\/events\/sens-va-l-olla-gastronomia-de-caldes-de-montbui\/"]}]},{"@type":"ImageObject","inLanguage":"es","@id":"https:\/\/turismevalles.com\/es\/events\/sens-va-l-olla-gastronomia-de-caldes-de-montbui\/#primaryimage","url":"https:\/\/turismevalles.com\/wp-content\/uploads\/2024\/03\/Olla.jpg","contentUrl":"https:\/\/turismevalles.com\/wp-content\/uploads\/2024\/03\/Olla.jpg","width":201,"height":227},{"@type":"BreadcrumbList","@id":"https:\/\/turismevalles.com\/es\/events\/sens-va-l-olla-gastronomia-de-caldes-de-montbui\/#breadcrumb","itemListElement":[{"@type":"ListItem","position":1,"name":"Inicio","item":"https:\/\/turismevalles.com\/es\/"},{"@type":"ListItem","position":2,"name":"Esdeveniments","item":"https:\/\/turismevalles.com\/events\/"},{"@type":"ListItem","position":3,"name":"Se&#8217;ns va l&#8217; Olla! Gastronom\u00eda de Caldes de Montbui"}]},{"@type":"WebSite","@id":"https:\/\/turismevalles.com\/en\/#website","url":"https:\/\/turismevalles.com\/en\/","name":"Turisme Vall\u00e8s","description":"","publisher":{"@id":"https:\/\/turismevalles.com\/en\/#organization"},"potentialAction":[{"@type":"SearchAction","target":{"@type":"EntryPoint","urlTemplate":"https:\/\/turismevalles.com\/en\/?s={search_term_string}"},"query-input":{"@type":"PropertyValueSpecification","valueRequired":true,"valueName":"search_term_string"}}],"inLanguage":"es"},{"@type":"Organization","@id":"https:\/\/turismevalles.com\/en\/#organization","name":"Turisme Vall\u00e8s","url":"https:\/\/turismevalles.com\/en\/","logo":{"@type":"ImageObject","inLanguage":"es","@id":"https:\/\/turismevalles.com\/en\/#\/schema\/logo\/image\/","url":"https:\/\/turismevalles.com\/wp-content\/uploads\/2020\/08\/cropped-logo_ca-2.png","contentUrl":"https:\/\/turismevalles.com\/wp-content\/uploads\/2020\/08\/cropped-logo_ca-2.png","width":314,"height":85,"caption":"Turisme Vall\u00e8s"},"image":{"@id":"https:\/\/turismevalles.com\/en\/#\/schema\/logo\/image\/"}}]}},"uagb_featured_image_src":{"full":["https:\/\/turismevalles.com\/wp-content\/uploads\/2024\/03\/Olla.jpg",201,227,false],"thumbnail":["https:\/\/turismevalles.com\/wp-content\/uploads\/2024\/03\/Olla-150x150.jpg",150,150,true],"medium":["https:\/\/turismevalles.com\/wp-content\/uploads\/2024\/03\/Olla.jpg",201,227,false],"medium_large":["https:\/\/turismevalles.com\/wp-content\/uploads\/2024\/03\/Olla.jpg",201,227,false],"large":["https:\/\/turismevalles.com\/wp-content\/uploads\/2024\/03\/Olla.jpg",201,227,false],"thumblist":["https:\/\/turismevalles.com\/wp-content\/uploads\/2024\/03\/Olla.jpg",201,227,false],"meccarouselthumb":["https:\/\/turismevalles.com\/wp-content\/uploads\/2024\/03\/Olla.jpg",201,227,false],"gridsquare":["https:\/\/turismevalles.com\/wp-content\/uploads\/2024\/03\/Olla.jpg",201,227,false],"tileview":["https:\/\/turismevalles.com\/wp-content\/uploads\/2024\/03\/Olla.jpg",201,227,false],"1536x1536":["https:\/\/turismevalles.com\/wp-content\/uploads\/2024\/03\/Olla.jpg",201,227,false],"2048x2048":["https:\/\/turismevalles.com\/wp-content\/uploads\/2024\/03\/Olla.jpg",201,227,false]},"uagb_author_info":{"display_name":"Turisme Valles","author_link":"https:\/\/turismevalles.com\/es\/author\/turismevallesoriental\/"},"uagb_comment_info":0,"uagb_excerpt":"\u201cSe nos va la olla\u201d, la propuesta gastron\u00f3mica de los restaurantes calderines Con el objetivo de ofrecer diferentes ejemplos de gastronom\u00eda tradicional y termal, los ... Veure m\u00e9s","_links":{"self":[{"href":"https:\/\/turismevalles.com\/es\/wp-json\/wp\/v2\/mec-events\/54205","targetHints":{"allow":["GET"]}}],"collection":[{"href":"https:\/\/turismevalles.com\/es\/wp-json\/wp\/v2\/mec-events"}],"about":[{"href":"https:\/\/turismevalles.com\/es\/wp-json\/wp\/v2\/types\/mec-events"}],"author":[{"embeddable":true,"href":"https:\/\/turismevalles.com\/es\/wp-json\/wp\/v2\/users\/5"}],"replies":[{"embeddable":true,"href":"https:\/\/turismevalles.com\/es\/wp-json\/wp\/v2\/comments?post=54205"}],"wp:featuredmedia":[{"embeddable":true,"href":"https:\/\/turismevalles.com\/es\/wp-json\/wp\/v2\/media\/54204"}],"wp:attachment":[{"href":"https:\/\/turismevalles.com\/es\/wp-json\/wp\/v2\/media?parent=54205"}],"wp:term":[{"taxonomy":"post_tag","embeddable":true,"href":"https:\/\/turismevalles.com\/es\/wp-json\/wp\/v2\/tags?post=54205"},{"taxonomy":"poblacions","embeddable":true,"href":"https:\/\/turismevalles.com\/es\/wp-json\/wp\/v2\/poblacions?post=54205"},{"taxonomy":"mec_category","embeddable":true,"href":"https:\/\/turismevalles.com\/es\/wp-json\/wp\/v2\/mec_category?post=54205"}],"curies":[{"name":"wp","href":"https:\/\/api.w.org\/{rel}","templated":true}]}}