{"id":55021,"date":"2024-04-05T10:39:48","date_gmt":"2024-04-05T08:39:48","guid":{"rendered":"http:\/\/turismevalles.com.mialias.net\/events\/dia-de-la-terra-a-bigues-i-riells-del-fai-taller-de-paper-reciclat\/"},"modified":"2024-04-05T10:40:53","modified_gmt":"2024-04-05T08:40:53","slug":"dia-de-la-terra-a-bigues-i-riells-del-fai-taller-de-paper-reciclat","status":"publish","type":"mec-events","link":"https:\/\/turismevalles.com\/es\/events\/dia-de-la-terra-a-bigues-i-riells-del-fai-taller-de-paper-reciclat\/","title":{"rendered":"D\u00eda de la Tierra en Bigues i Riells del Fai: Taller de Papel Reciclado"},"content":{"rendered":"<p>El 21 de abril se har\u00e1 un\u00a0taller de creaci\u00f3n para aprender a elaborar papel reciclado, de 10.00 h a 14.00 horas en el Espacio 1 de Octubre (ante el Centro C\u00edvico y Cultural Lo *Rieral). Esta es una actividad dirigida a familias con ni\u00f1os mayores de 4 a\u00f1os.\u00a0Hay que inscribirse\u00a0previamente a la Oficina de Atenci\u00f3n a la Ciudadan\u00eda. Los participantes pueden llevar material utilizado para darle una segunda vida (papeles, diarios, o restos de material).<\/p>\n<p>Info:\u00a0<a href=\"https:\/\/www.biguesiriells.cat\/ca\/actualitat-2\/noticies-2\/bigues-riells-del-fai-celebra-dia-terra-1484.htm\">https:\/\/www.biguesiriells.cat\/ca\/actualitat-2\/noticies-2\/bigues-riells-del-fai-celebra-dia-terra-1484.htm<\/a><\/p>\n","protected":false},"excerpt":{"rendered":"<p>El 21 de abril se har\u00e1 un\u00a0taller de creaci\u00f3n para aprender a elaborar papel reciclado, de 10.00 h a 14.00 horas en el Espacio 1 &#8230; <a title=\"D\u00eda de la Tierra en Bigues i Riells del Fai: Taller de Papel Reciclado\" class=\"read-more\" href=\"https:\/\/turismevalles.com\/es\/events\/dia-de-la-terra-a-bigues-i-riells-del-fai-taller-de-paper-reciclat\/\" aria-label=\"M\u00e1s en D\u00eda de la Tierra en Bigues i Riells del Fai: Taller de Papel Reciclado\">Veure m\u00e9s<\/a><\/p>\n","protected":false},"author":5,"featured_media":55020,"comment_status":"open","ping_status":"closed","template":"","tags":[1136,2463],"poblacions":[2415],"mec_category":[970,1603],"class_list":["post-55021","mec-events","type-mec-events","status-publish","has-post-thumbnail","hentry","tag-natura-es","tag-terra-es","poblacions-bigues-i-riells-del-fai-es","mec_category-activitats-en-familia-es","mec_category-natura-es","generate-columns","tablet-grid-50","mobile-grid-100","grid-parent","grid-33"],"acf":[],"yoast_head":"<!-- This site is optimized with the Yoast SEO plugin v26.4 - https:\/\/yoast.com\/wordpress\/plugins\/seo\/ -->\n<title>D\u00eda de la Tierra en Bigues i Riells del Fai: Taller de Papel Reciclado - Turisme Vall\u00e8s<\/title>\n<meta name=\"robots\" content=\"index, follow, max-snippet:-1, max-image-preview:large, max-video-preview:-1\" \/>\n<link rel=\"canonical\" href=\"https:\/\/turismevalles.com\/es\/events\/dia-de-la-terra-a-bigues-i-riells-del-fai-taller-de-paper-reciclat\/\" \/>\n<meta property=\"og:locale\" content=\"es_ES\" \/>\n<meta property=\"og:type\" content=\"article\" \/>\n<meta property=\"og:title\" content=\"D\u00eda de la Tierra en Bigues i Riells del Fai: Taller de Papel Reciclado - Turisme Vall\u00e8s\" \/>\n<meta property=\"og:description\" content=\"El 21 de abril se har\u00e1 un\u00a0taller de creaci\u00f3n para aprender a elaborar papel reciclado, de 10.00 h a 14.00 horas en el Espacio 1 ... Veure m\u00e9s\" \/>\n<meta property=\"og:url\" content=\"https:\/\/turismevalles.com\/es\/events\/dia-de-la-terra-a-bigues-i-riells-del-fai-taller-de-paper-reciclat\/\" \/>\n<meta property=\"og:site_name\" content=\"Turisme Vall\u00e8s\" \/>\n<meta property=\"article:modified_time\" content=\"2024-04-05T08:40:53+00:00\" \/>\n<meta property=\"og:image\" content=\"https:\/\/turismevalles.com\/wp-content\/uploads\/2024\/04\/dia-terra.jpg\" \/>\n\t<meta property=\"og:image:width\" content=\"349\" \/>\n\t<meta property=\"og:image:height\" content=\"197\" \/>\n\t<meta property=\"og:image:type\" content=\"image\/jpeg\" \/>\n<meta name=\"twitter:card\" content=\"summary_large_image\" \/>\n<meta name=\"twitter:label1\" content=\"Tiempo de lectura\" \/>\n\t<meta name=\"twitter:data1\" content=\"1 minuto\" \/>\n<script type=\"application\/ld+json\" class=\"yoast-schema-graph\">{\"@context\":\"https:\/\/schema.org\",\"@graph\":[{\"@type\":\"WebPage\",\"@id\":\"https:\/\/turismevalles.com\/es\/events\/dia-de-la-terra-a-bigues-i-riells-del-fai-taller-de-paper-reciclat\/\",\"url\":\"https:\/\/turismevalles.com\/es\/events\/dia-de-la-terra-a-bigues-i-riells-del-fai-taller-de-paper-reciclat\/\",\"name\":\"D\u00eda de la Tierra en Bigues i Riells del Fai: Taller de Papel Reciclado - Turisme Vall\u00e8s\",\"isPartOf\":{\"@id\":\"https:\/\/turismevalles.com\/en\/#website\"},\"primaryImageOfPage\":{\"@id\":\"https:\/\/turismevalles.com\/es\/events\/dia-de-la-terra-a-bigues-i-riells-del-fai-taller-de-paper-reciclat\/#primaryimage\"},\"image\":{\"@id\":\"https:\/\/turismevalles.com\/es\/events\/dia-de-la-terra-a-bigues-i-riells-del-fai-taller-de-paper-reciclat\/#primaryimage\"},\"thumbnailUrl\":\"https:\/\/turismevalles.com\/wp-content\/uploads\/2024\/04\/dia-terra.jpg\",\"datePublished\":\"2024-04-05T08:39:48+00:00\",\"dateModified\":\"2024-04-05T08:40:53+00:00\",\"breadcrumb\":{\"@id\":\"https:\/\/turismevalles.com\/es\/events\/dia-de-la-terra-a-bigues-i-riells-del-fai-taller-de-paper-reciclat\/#breadcrumb\"},\"inLanguage\":\"es\",\"potentialAction\":[{\"@type\":\"ReadAction\",\"target\":[\"https:\/\/turismevalles.com\/es\/events\/dia-de-la-terra-a-bigues-i-riells-del-fai-taller-de-paper-reciclat\/\"]}]},{\"@type\":\"ImageObject\",\"inLanguage\":\"es\",\"@id\":\"https:\/\/turismevalles.com\/es\/events\/dia-de-la-terra-a-bigues-i-riells-del-fai-taller-de-paper-reciclat\/#primaryimage\",\"url\":\"https:\/\/turismevalles.com\/wp-content\/uploads\/2024\/04\/dia-terra.jpg\",\"contentUrl\":\"https:\/\/turismevalles.com\/wp-content\/uploads\/2024\/04\/dia-terra.jpg\",\"width\":349,\"height\":197},{\"@type\":\"BreadcrumbList\",\"@id\":\"https:\/\/turismevalles.com\/es\/events\/dia-de-la-terra-a-bigues-i-riells-del-fai-taller-de-paper-reciclat\/#breadcrumb\",\"itemListElement\":[{\"@type\":\"ListItem\",\"position\":1,\"name\":\"Inicio\",\"item\":\"https:\/\/turismevalles.com\/es\/\"},{\"@type\":\"ListItem\",\"position\":2,\"name\":\"Esdeveniments\",\"item\":\"https:\/\/turismevalles.com\/events\/\"},{\"@type\":\"ListItem\",\"position\":3,\"name\":\"D\u00eda de la Tierra en Bigues i Riells del Fai: Taller de Papel Reciclado\"}]},{\"@type\":\"WebSite\",\"@id\":\"https:\/\/turismevalles.com\/en\/#website\",\"url\":\"https:\/\/turismevalles.com\/en\/\",\"name\":\"Turisme Vall\u00e8s\",\"description\":\"\",\"publisher\":{\"@id\":\"https:\/\/turismevalles.com\/en\/#organization\"},\"potentialAction\":[{\"@type\":\"SearchAction\",\"target\":{\"@type\":\"EntryPoint\",\"urlTemplate\":\"https:\/\/turismevalles.com\/en\/?s={search_term_string}\"},\"query-input\":{\"@type\":\"PropertyValueSpecification\",\"valueRequired\":true,\"valueName\":\"search_term_string\"}}],\"inLanguage\":\"es\"},{\"@type\":\"Organization\",\"@id\":\"https:\/\/turismevalles.com\/en\/#organization\",\"name\":\"Turisme Vall\u00e8s\",\"url\":\"https:\/\/turismevalles.com\/en\/\",\"logo\":{\"@type\":\"ImageObject\",\"inLanguage\":\"es\",\"@id\":\"https:\/\/turismevalles.com\/en\/#\/schema\/logo\/image\/\",\"url\":\"https:\/\/turismevalles.com\/wp-content\/uploads\/2020\/08\/cropped-logo_ca-2.png\",\"contentUrl\":\"https:\/\/turismevalles.com\/wp-content\/uploads\/2020\/08\/cropped-logo_ca-2.png\",\"width\":314,\"height\":85,\"caption\":\"Turisme Vall\u00e8s\"},\"image\":{\"@id\":\"https:\/\/turismevalles.com\/en\/#\/schema\/logo\/image\/\"}}]}<\/script>\n<!-- \/ Yoast SEO plugin. -->","yoast_head_json":{"title":"D\u00eda de la Tierra en Bigues i Riells del Fai: Taller de Papel Reciclado - Turisme Vall\u00e8s","robots":{"index":"index","follow":"follow","max-snippet":"max-snippet:-1","max-image-preview":"max-image-preview:large","max-video-preview":"max-video-preview:-1"},"canonical":"https:\/\/turismevalles.com\/es\/events\/dia-de-la-terra-a-bigues-i-riells-del-fai-taller-de-paper-reciclat\/","og_locale":"es_ES","og_type":"article","og_title":"D\u00eda de la Tierra en Bigues i Riells del Fai: Taller de Papel Reciclado - Turisme Vall\u00e8s","og_description":"El 21 de abril se har\u00e1 un\u00a0taller de creaci\u00f3n para aprender a elaborar papel reciclado, de 10.00 h a 14.00 horas en el Espacio 1 ... Veure m\u00e9s","og_url":"https:\/\/turismevalles.com\/es\/events\/dia-de-la-terra-a-bigues-i-riells-del-fai-taller-de-paper-reciclat\/","og_site_name":"Turisme Vall\u00e8s","article_modified_time":"2024-04-05T08:40:53+00:00","og_image":[{"width":349,"height":197,"url":"https:\/\/turismevalles.com\/wp-content\/uploads\/2024\/04\/dia-terra.jpg","type":"image\/jpeg"}],"twitter_card":"summary_large_image","twitter_misc":{"Tiempo de lectura":"1 minuto"},"schema":{"@context":"https:\/\/schema.org","@graph":[{"@type":"WebPage","@id":"https:\/\/turismevalles.com\/es\/events\/dia-de-la-terra-a-bigues-i-riells-del-fai-taller-de-paper-reciclat\/","url":"https:\/\/turismevalles.com\/es\/events\/dia-de-la-terra-a-bigues-i-riells-del-fai-taller-de-paper-reciclat\/","name":"D\u00eda de la Tierra en Bigues i Riells del Fai: Taller de Papel Reciclado - Turisme Vall\u00e8s","isPartOf":{"@id":"https:\/\/turismevalles.com\/en\/#website"},"primaryImageOfPage":{"@id":"https:\/\/turismevalles.com\/es\/events\/dia-de-la-terra-a-bigues-i-riells-del-fai-taller-de-paper-reciclat\/#primaryimage"},"image":{"@id":"https:\/\/turismevalles.com\/es\/events\/dia-de-la-terra-a-bigues-i-riells-del-fai-taller-de-paper-reciclat\/#primaryimage"},"thumbnailUrl":"https:\/\/turismevalles.com\/wp-content\/uploads\/2024\/04\/dia-terra.jpg","datePublished":"2024-04-05T08:39:48+00:00","dateModified":"2024-04-05T08:40:53+00:00","breadcrumb":{"@id":"https:\/\/turismevalles.com\/es\/events\/dia-de-la-terra-a-bigues-i-riells-del-fai-taller-de-paper-reciclat\/#breadcrumb"},"inLanguage":"es","potentialAction":[{"@type":"ReadAction","target":["https:\/\/turismevalles.com\/es\/events\/dia-de-la-terra-a-bigues-i-riells-del-fai-taller-de-paper-reciclat\/"]}]},{"@type":"ImageObject","inLanguage":"es","@id":"https:\/\/turismevalles.com\/es\/events\/dia-de-la-terra-a-bigues-i-riells-del-fai-taller-de-paper-reciclat\/#primaryimage","url":"https:\/\/turismevalles.com\/wp-content\/uploads\/2024\/04\/dia-terra.jpg","contentUrl":"https:\/\/turismevalles.com\/wp-content\/uploads\/2024\/04\/dia-terra.jpg","width":349,"height":197},{"@type":"BreadcrumbList","@id":"https:\/\/turismevalles.com\/es\/events\/dia-de-la-terra-a-bigues-i-riells-del-fai-taller-de-paper-reciclat\/#breadcrumb","itemListElement":[{"@type":"ListItem","position":1,"name":"Inicio","item":"https:\/\/turismevalles.com\/es\/"},{"@type":"ListItem","position":2,"name":"Esdeveniments","item":"https:\/\/turismevalles.com\/events\/"},{"@type":"ListItem","position":3,"name":"D\u00eda de la Tierra en Bigues i Riells del Fai: Taller de Papel Reciclado"}]},{"@type":"WebSite","@id":"https:\/\/turismevalles.com\/en\/#website","url":"https:\/\/turismevalles.com\/en\/","name":"Turisme Vall\u00e8s","description":"","publisher":{"@id":"https:\/\/turismevalles.com\/en\/#organization"},"potentialAction":[{"@type":"SearchAction","target":{"@type":"EntryPoint","urlTemplate":"https:\/\/turismevalles.com\/en\/?s={search_term_string}"},"query-input":{"@type":"PropertyValueSpecification","valueRequired":true,"valueName":"search_term_string"}}],"inLanguage":"es"},{"@type":"Organization","@id":"https:\/\/turismevalles.com\/en\/#organization","name":"Turisme Vall\u00e8s","url":"https:\/\/turismevalles.com\/en\/","logo":{"@type":"ImageObject","inLanguage":"es","@id":"https:\/\/turismevalles.com\/en\/#\/schema\/logo\/image\/","url":"https:\/\/turismevalles.com\/wp-content\/uploads\/2020\/08\/cropped-logo_ca-2.png","contentUrl":"https:\/\/turismevalles.com\/wp-content\/uploads\/2020\/08\/cropped-logo_ca-2.png","width":314,"height":85,"caption":"Turisme Vall\u00e8s"},"image":{"@id":"https:\/\/turismevalles.com\/en\/#\/schema\/logo\/image\/"}}]}},"uagb_featured_image_src":{"full":["https:\/\/turismevalles.com\/wp-content\/uploads\/2024\/04\/dia-terra.jpg",349,197,false],"thumbnail":["https:\/\/turismevalles.com\/wp-content\/uploads\/2024\/04\/dia-terra-150x150.jpg",150,150,true],"medium":["https:\/\/turismevalles.com\/wp-content\/uploads\/2024\/04\/dia-terra-300x169.jpg",300,169,true],"medium_large":["https:\/\/turismevalles.com\/wp-content\/uploads\/2024\/04\/dia-terra.jpg",349,197,false],"large":["https:\/\/turismevalles.com\/wp-content\/uploads\/2024\/04\/dia-terra.jpg",349,197,false],"thumblist":["https:\/\/turismevalles.com\/wp-content\/uploads\/2024\/04\/dia-terra-300x197.jpg",300,197,true],"meccarouselthumb":["https:\/\/turismevalles.com\/wp-content\/uploads\/2024\/04\/dia-terra.jpg",349,197,false],"gridsquare":["https:\/\/turismevalles.com\/wp-content\/uploads\/2024\/04\/dia-terra.jpg",349,197,false],"tileview":["https:\/\/turismevalles.com\/wp-content\/uploads\/2024\/04\/dia-terra-300x197.jpg",300,197,true],"1536x1536":["https:\/\/turismevalles.com\/wp-content\/uploads\/2024\/04\/dia-terra.jpg",349,197,false],"2048x2048":["https:\/\/turismevalles.com\/wp-content\/uploads\/2024\/04\/dia-terra.jpg",349,197,false]},"uagb_author_info":{"display_name":"Turisme Valles","author_link":"https:\/\/turismevalles.com\/es\/author\/turismevallesoriental\/"},"uagb_comment_info":0,"uagb_excerpt":"El 21 de abril se har\u00e1 un\u00a0taller de creaci\u00f3n para aprender a elaborar papel reciclado, de 10.00 h a 14.00 horas en el Espacio 1 ... Veure m\u00e9s","_links":{"self":[{"href":"https:\/\/turismevalles.com\/es\/wp-json\/wp\/v2\/mec-events\/55021","targetHints":{"allow":["GET"]}}],"collection":[{"href":"https:\/\/turismevalles.com\/es\/wp-json\/wp\/v2\/mec-events"}],"about":[{"href":"https:\/\/turismevalles.com\/es\/wp-json\/wp\/v2\/types\/mec-events"}],"author":[{"embeddable":true,"href":"https:\/\/turismevalles.com\/es\/wp-json\/wp\/v2\/users\/5"}],"replies":[{"embeddable":true,"href":"https:\/\/turismevalles.com\/es\/wp-json\/wp\/v2\/comments?post=55021"}],"wp:featuredmedia":[{"embeddable":true,"href":"https:\/\/turismevalles.com\/es\/wp-json\/wp\/v2\/media\/55020"}],"wp:attachment":[{"href":"https:\/\/turismevalles.com\/es\/wp-json\/wp\/v2\/media?parent=55021"}],"wp:term":[{"taxonomy":"post_tag","embeddable":true,"href":"https:\/\/turismevalles.com\/es\/wp-json\/wp\/v2\/tags?post=55021"},{"taxonomy":"poblacions","embeddable":true,"href":"https:\/\/turismevalles.com\/es\/wp-json\/wp\/v2\/poblacions?post=55021"},{"taxonomy":"mec_category","embeddable":true,"href":"https:\/\/turismevalles.com\/es\/wp-json\/wp\/v2\/mec_category?post=55021"}],"curies":[{"name":"wp","href":"https:\/\/api.w.org\/{rel}","templated":true}]}}