{"id":55786,"date":"2024-05-03T11:28:30","date_gmt":"2024-05-03T09:28:30","guid":{"rendered":"http:\/\/turismevalles.com.mialias.net\/events\/ii-ballada-de-gitanes-a-bigues-i-riells-del-fai\/"},"modified":"2024-05-03T11:29:38","modified_gmt":"2024-05-03T09:29:38","slug":"ii-ballada-de-gitanes-a-bigues-i-riells-del-fai","status":"publish","type":"mec-events","link":"https:\/\/turismevalles.com\/es\/events\/ii-ballada-de-gitanes-a-bigues-i-riells-del-fai\/","title":{"rendered":"II Baile de Gitanas en Bigues i Riells del Fai"},"content":{"rendered":"<div class=\"text\"><b>Fecha<\/b>: Domingo 19\/05\/2024<br \/>\n<b>Horario<\/b>: 11.00 h<br \/>\n<b>Lugar<\/b>: Centre C\u00edvic i Cultural de Riells del Fai<\/div>\n<div><\/div>\n<div class=\"text\">\n<div>Organitzaci\u00f3n: Associaci\u00f3 Ball de Gitanes de Bigues i Riells del Fa<\/div>\n<\/div>\n<div><\/div>\n<div>Info:\u00a0<a href=\"https:\/\/www.biguesiriells.cat\/ca\/actualitat-2\/agenda-1\/ii-diada-gitanes-bigues-riells-del-fai-1055.htm\">https:\/\/www.biguesiriells.cat\/ca\/actualitat-2\/agenda-1\/ii-diada-gitanes-bigues-riells-del-fai-1055.htm<\/a><\/div>\n","protected":false},"excerpt":{"rendered":"<p>Fecha: Domingo 19\/05\/2024 Horario: 11.00 h Lugar: Centre C\u00edvic i Cultural de Riells del Fai Organitzaci\u00f3n: Associaci\u00f3 Ball de Gitanes de Bigues i Riells del &#8230; <a title=\"II Baile de Gitanas en Bigues i Riells del Fai\" class=\"read-more\" href=\"https:\/\/turismevalles.com\/es\/events\/ii-ballada-de-gitanes-a-bigues-i-riells-del-fai\/\" aria-label=\"M\u00e1s en II Baile de Gitanas en Bigues i Riells del Fai\">Veure m\u00e9s<\/a><\/p>\n","protected":false},"author":5,"featured_media":55785,"comment_status":"open","ping_status":"closed","template":"","tags":[2272],"poblacions":[2415],"mec_category":[970,929],"class_list":["post-55786","mec-events","type-mec-events","status-publish","has-post-thumbnail","hentry","tag-gitanes","poblacions-bigues-i-riells-del-fai-es","mec_category-activitats-en-familia-es","mec_category-cultura-es","generate-columns","tablet-grid-50","mobile-grid-100","grid-parent","grid-33"],"acf":[],"yoast_head":"<!-- This site is optimized with the Yoast SEO plugin v26.4 - https:\/\/yoast.com\/wordpress\/plugins\/seo\/ -->\n<title>II Baile de Gitanas en Bigues i Riells del Fai - Turisme Vall\u00e8s<\/title>\n<meta name=\"robots\" content=\"index, follow, max-snippet:-1, max-image-preview:large, max-video-preview:-1\" \/>\n<link rel=\"canonical\" href=\"https:\/\/turismevalles.com\/es\/events\/ii-ballada-de-gitanes-a-bigues-i-riells-del-fai\/\" \/>\n<meta property=\"og:locale\" content=\"es_ES\" \/>\n<meta property=\"og:type\" content=\"article\" \/>\n<meta property=\"og:title\" content=\"II Baile de Gitanas en Bigues i Riells del Fai - Turisme Vall\u00e8s\" \/>\n<meta property=\"og:description\" content=\"Fecha: Domingo 19\/05\/2024 Horario: 11.00 h Lugar: Centre C\u00edvic i Cultural de Riells del Fai Organitzaci\u00f3n: Associaci\u00f3 Ball de Gitanes de Bigues i Riells del ... Veure m\u00e9s\" \/>\n<meta property=\"og:url\" content=\"https:\/\/turismevalles.com\/es\/events\/ii-ballada-de-gitanes-a-bigues-i-riells-del-fai\/\" \/>\n<meta property=\"og:site_name\" content=\"Turisme Vall\u00e8s\" \/>\n<meta property=\"article:modified_time\" content=\"2024-05-03T09:29:38+00:00\" \/>\n<meta property=\"og:image\" content=\"https:\/\/turismevalles.com\/wp-content\/uploads\/2024\/05\/Gitanes-Bigues.jpg\" \/>\n\t<meta property=\"og:image:width\" content=\"541\" \/>\n\t<meta property=\"og:image:height\" content=\"338\" \/>\n\t<meta property=\"og:image:type\" content=\"image\/jpeg\" \/>\n<meta name=\"twitter:card\" content=\"summary_large_image\" \/>\n<meta name=\"twitter:label1\" content=\"Tiempo de lectura\" \/>\n\t<meta name=\"twitter:data1\" content=\"1 minuto\" \/>\n<script type=\"application\/ld+json\" class=\"yoast-schema-graph\">{\"@context\":\"https:\/\/schema.org\",\"@graph\":[{\"@type\":\"WebPage\",\"@id\":\"https:\/\/turismevalles.com\/es\/events\/ii-ballada-de-gitanes-a-bigues-i-riells-del-fai\/\",\"url\":\"https:\/\/turismevalles.com\/es\/events\/ii-ballada-de-gitanes-a-bigues-i-riells-del-fai\/\",\"name\":\"II Baile de Gitanas en Bigues i Riells del Fai - Turisme Vall\u00e8s\",\"isPartOf\":{\"@id\":\"https:\/\/turismevalles.com\/en\/#website\"},\"primaryImageOfPage\":{\"@id\":\"https:\/\/turismevalles.com\/es\/events\/ii-ballada-de-gitanes-a-bigues-i-riells-del-fai\/#primaryimage\"},\"image\":{\"@id\":\"https:\/\/turismevalles.com\/es\/events\/ii-ballada-de-gitanes-a-bigues-i-riells-del-fai\/#primaryimage\"},\"thumbnailUrl\":\"https:\/\/turismevalles.com\/wp-content\/uploads\/2024\/05\/Gitanes-Bigues.jpg\",\"datePublished\":\"2024-05-03T09:28:30+00:00\",\"dateModified\":\"2024-05-03T09:29:38+00:00\",\"breadcrumb\":{\"@id\":\"https:\/\/turismevalles.com\/es\/events\/ii-ballada-de-gitanes-a-bigues-i-riells-del-fai\/#breadcrumb\"},\"inLanguage\":\"es\",\"potentialAction\":[{\"@type\":\"ReadAction\",\"target\":[\"https:\/\/turismevalles.com\/es\/events\/ii-ballada-de-gitanes-a-bigues-i-riells-del-fai\/\"]}]},{\"@type\":\"ImageObject\",\"inLanguage\":\"es\",\"@id\":\"https:\/\/turismevalles.com\/es\/events\/ii-ballada-de-gitanes-a-bigues-i-riells-del-fai\/#primaryimage\",\"url\":\"https:\/\/turismevalles.com\/wp-content\/uploads\/2024\/05\/Gitanes-Bigues.jpg\",\"contentUrl\":\"https:\/\/turismevalles.com\/wp-content\/uploads\/2024\/05\/Gitanes-Bigues.jpg\",\"width\":541,\"height\":338},{\"@type\":\"BreadcrumbList\",\"@id\":\"https:\/\/turismevalles.com\/es\/events\/ii-ballada-de-gitanes-a-bigues-i-riells-del-fai\/#breadcrumb\",\"itemListElement\":[{\"@type\":\"ListItem\",\"position\":1,\"name\":\"Inicio\",\"item\":\"https:\/\/turismevalles.com\/es\/\"},{\"@type\":\"ListItem\",\"position\":2,\"name\":\"Esdeveniments\",\"item\":\"https:\/\/turismevalles.com\/events\/\"},{\"@type\":\"ListItem\",\"position\":3,\"name\":\"II Baile de Gitanas en Bigues i Riells del Fai\"}]},{\"@type\":\"WebSite\",\"@id\":\"https:\/\/turismevalles.com\/en\/#website\",\"url\":\"https:\/\/turismevalles.com\/en\/\",\"name\":\"Turisme Vall\u00e8s\",\"description\":\"\",\"publisher\":{\"@id\":\"https:\/\/turismevalles.com\/en\/#organization\"},\"potentialAction\":[{\"@type\":\"SearchAction\",\"target\":{\"@type\":\"EntryPoint\",\"urlTemplate\":\"https:\/\/turismevalles.com\/en\/?s={search_term_string}\"},\"query-input\":{\"@type\":\"PropertyValueSpecification\",\"valueRequired\":true,\"valueName\":\"search_term_string\"}}],\"inLanguage\":\"es\"},{\"@type\":\"Organization\",\"@id\":\"https:\/\/turismevalles.com\/en\/#organization\",\"name\":\"Turisme Vall\u00e8s\",\"url\":\"https:\/\/turismevalles.com\/en\/\",\"logo\":{\"@type\":\"ImageObject\",\"inLanguage\":\"es\",\"@id\":\"https:\/\/turismevalles.com\/en\/#\/schema\/logo\/image\/\",\"url\":\"https:\/\/turismevalles.com\/wp-content\/uploads\/2020\/08\/cropped-logo_ca-2.png\",\"contentUrl\":\"https:\/\/turismevalles.com\/wp-content\/uploads\/2020\/08\/cropped-logo_ca-2.png\",\"width\":314,\"height\":85,\"caption\":\"Turisme Vall\u00e8s\"},\"image\":{\"@id\":\"https:\/\/turismevalles.com\/en\/#\/schema\/logo\/image\/\"}}]}<\/script>\n<!-- \/ Yoast SEO plugin. -->","yoast_head_json":{"title":"II Baile de Gitanas en Bigues i Riells del Fai - Turisme Vall\u00e8s","robots":{"index":"index","follow":"follow","max-snippet":"max-snippet:-1","max-image-preview":"max-image-preview:large","max-video-preview":"max-video-preview:-1"},"canonical":"https:\/\/turismevalles.com\/es\/events\/ii-ballada-de-gitanes-a-bigues-i-riells-del-fai\/","og_locale":"es_ES","og_type":"article","og_title":"II Baile de Gitanas en Bigues i Riells del Fai - Turisme Vall\u00e8s","og_description":"Fecha: Domingo 19\/05\/2024 Horario: 11.00 h Lugar: Centre C\u00edvic i Cultural de Riells del Fai Organitzaci\u00f3n: Associaci\u00f3 Ball de Gitanes de Bigues i Riells del ... Veure m\u00e9s","og_url":"https:\/\/turismevalles.com\/es\/events\/ii-ballada-de-gitanes-a-bigues-i-riells-del-fai\/","og_site_name":"Turisme Vall\u00e8s","article_modified_time":"2024-05-03T09:29:38+00:00","og_image":[{"width":541,"height":338,"url":"https:\/\/turismevalles.com\/wp-content\/uploads\/2024\/05\/Gitanes-Bigues.jpg","type":"image\/jpeg"}],"twitter_card":"summary_large_image","twitter_misc":{"Tiempo de lectura":"1 minuto"},"schema":{"@context":"https:\/\/schema.org","@graph":[{"@type":"WebPage","@id":"https:\/\/turismevalles.com\/es\/events\/ii-ballada-de-gitanes-a-bigues-i-riells-del-fai\/","url":"https:\/\/turismevalles.com\/es\/events\/ii-ballada-de-gitanes-a-bigues-i-riells-del-fai\/","name":"II Baile de Gitanas en Bigues i Riells del Fai - Turisme Vall\u00e8s","isPartOf":{"@id":"https:\/\/turismevalles.com\/en\/#website"},"primaryImageOfPage":{"@id":"https:\/\/turismevalles.com\/es\/events\/ii-ballada-de-gitanes-a-bigues-i-riells-del-fai\/#primaryimage"},"image":{"@id":"https:\/\/turismevalles.com\/es\/events\/ii-ballada-de-gitanes-a-bigues-i-riells-del-fai\/#primaryimage"},"thumbnailUrl":"https:\/\/turismevalles.com\/wp-content\/uploads\/2024\/05\/Gitanes-Bigues.jpg","datePublished":"2024-05-03T09:28:30+00:00","dateModified":"2024-05-03T09:29:38+00:00","breadcrumb":{"@id":"https:\/\/turismevalles.com\/es\/events\/ii-ballada-de-gitanes-a-bigues-i-riells-del-fai\/#breadcrumb"},"inLanguage":"es","potentialAction":[{"@type":"ReadAction","target":["https:\/\/turismevalles.com\/es\/events\/ii-ballada-de-gitanes-a-bigues-i-riells-del-fai\/"]}]},{"@type":"ImageObject","inLanguage":"es","@id":"https:\/\/turismevalles.com\/es\/events\/ii-ballada-de-gitanes-a-bigues-i-riells-del-fai\/#primaryimage","url":"https:\/\/turismevalles.com\/wp-content\/uploads\/2024\/05\/Gitanes-Bigues.jpg","contentUrl":"https:\/\/turismevalles.com\/wp-content\/uploads\/2024\/05\/Gitanes-Bigues.jpg","width":541,"height":338},{"@type":"BreadcrumbList","@id":"https:\/\/turismevalles.com\/es\/events\/ii-ballada-de-gitanes-a-bigues-i-riells-del-fai\/#breadcrumb","itemListElement":[{"@type":"ListItem","position":1,"name":"Inicio","item":"https:\/\/turismevalles.com\/es\/"},{"@type":"ListItem","position":2,"name":"Esdeveniments","item":"https:\/\/turismevalles.com\/events\/"},{"@type":"ListItem","position":3,"name":"II Baile de Gitanas en Bigues i Riells del Fai"}]},{"@type":"WebSite","@id":"https:\/\/turismevalles.com\/en\/#website","url":"https:\/\/turismevalles.com\/en\/","name":"Turisme Vall\u00e8s","description":"","publisher":{"@id":"https:\/\/turismevalles.com\/en\/#organization"},"potentialAction":[{"@type":"SearchAction","target":{"@type":"EntryPoint","urlTemplate":"https:\/\/turismevalles.com\/en\/?s={search_term_string}"},"query-input":{"@type":"PropertyValueSpecification","valueRequired":true,"valueName":"search_term_string"}}],"inLanguage":"es"},{"@type":"Organization","@id":"https:\/\/turismevalles.com\/en\/#organization","name":"Turisme Vall\u00e8s","url":"https:\/\/turismevalles.com\/en\/","logo":{"@type":"ImageObject","inLanguage":"es","@id":"https:\/\/turismevalles.com\/en\/#\/schema\/logo\/image\/","url":"https:\/\/turismevalles.com\/wp-content\/uploads\/2020\/08\/cropped-logo_ca-2.png","contentUrl":"https:\/\/turismevalles.com\/wp-content\/uploads\/2020\/08\/cropped-logo_ca-2.png","width":314,"height":85,"caption":"Turisme Vall\u00e8s"},"image":{"@id":"https:\/\/turismevalles.com\/en\/#\/schema\/logo\/image\/"}}]}},"uagb_featured_image_src":{"full":["https:\/\/turismevalles.com\/wp-content\/uploads\/2024\/05\/Gitanes-Bigues.jpg",541,338,false],"thumbnail":["https:\/\/turismevalles.com\/wp-content\/uploads\/2024\/05\/Gitanes-Bigues-150x150.jpg",150,150,true],"medium":["https:\/\/turismevalles.com\/wp-content\/uploads\/2024\/05\/Gitanes-Bigues-300x187.jpg",300,187,true],"medium_large":["https:\/\/turismevalles.com\/wp-content\/uploads\/2024\/05\/Gitanes-Bigues.jpg",541,338,false],"large":["https:\/\/turismevalles.com\/wp-content\/uploads\/2024\/05\/Gitanes-Bigues.jpg",541,338,false],"thumblist":["https:\/\/turismevalles.com\/wp-content\/uploads\/2024\/05\/Gitanes-Bigues-300x300.jpg",300,300,true],"meccarouselthumb":["https:\/\/turismevalles.com\/wp-content\/uploads\/2024\/05\/Gitanes-Bigues-474x324.jpg",474,324,true],"gridsquare":["https:\/\/turismevalles.com\/wp-content\/uploads\/2024\/05\/Gitanes-Bigues-391x260.jpg",391,260,true],"tileview":["https:\/\/turismevalles.com\/wp-content\/uploads\/2024\/05\/Gitanes-Bigues-300x338.jpg",300,338,true],"1536x1536":["https:\/\/turismevalles.com\/wp-content\/uploads\/2024\/05\/Gitanes-Bigues.jpg",541,338,false],"2048x2048":["https:\/\/turismevalles.com\/wp-content\/uploads\/2024\/05\/Gitanes-Bigues.jpg",541,338,false]},"uagb_author_info":{"display_name":"Turisme Valles","author_link":"https:\/\/turismevalles.com\/es\/author\/turismevallesoriental\/"},"uagb_comment_info":0,"uagb_excerpt":"Fecha: Domingo 19\/05\/2024 Horario: 11.00 h Lugar: Centre C\u00edvic i Cultural de Riells del Fai Organitzaci\u00f3n: Associaci\u00f3 Ball de Gitanes de Bigues i Riells del ... Veure m\u00e9s","_links":{"self":[{"href":"https:\/\/turismevalles.com\/es\/wp-json\/wp\/v2\/mec-events\/55786","targetHints":{"allow":["GET"]}}],"collection":[{"href":"https:\/\/turismevalles.com\/es\/wp-json\/wp\/v2\/mec-events"}],"about":[{"href":"https:\/\/turismevalles.com\/es\/wp-json\/wp\/v2\/types\/mec-events"}],"author":[{"embeddable":true,"href":"https:\/\/turismevalles.com\/es\/wp-json\/wp\/v2\/users\/5"}],"replies":[{"embeddable":true,"href":"https:\/\/turismevalles.com\/es\/wp-json\/wp\/v2\/comments?post=55786"}],"wp:featuredmedia":[{"embeddable":true,"href":"https:\/\/turismevalles.com\/es\/wp-json\/wp\/v2\/media\/55785"}],"wp:attachment":[{"href":"https:\/\/turismevalles.com\/es\/wp-json\/wp\/v2\/media?parent=55786"}],"wp:term":[{"taxonomy":"post_tag","embeddable":true,"href":"https:\/\/turismevalles.com\/es\/wp-json\/wp\/v2\/tags?post=55786"},{"taxonomy":"poblacions","embeddable":true,"href":"https:\/\/turismevalles.com\/es\/wp-json\/wp\/v2\/poblacions?post=55786"},{"taxonomy":"mec_category","embeddable":true,"href":"https:\/\/turismevalles.com\/es\/wp-json\/wp\/v2\/mec_category?post=55786"}],"curies":[{"name":"wp","href":"https:\/\/api.w.org\/{rel}","templated":true}]}}