{"id":55913,"date":"2024-05-17T12:38:50","date_gmt":"2024-05-17T10:38:50","guid":{"rendered":"http:\/\/turismevalles.com.mialias.net\/events\/dia-europeu-dels-parcs-taller-drap-de-llana-a-campins\/"},"modified":"2024-05-17T12:40:37","modified_gmt":"2024-05-17T10:40:37","slug":"dia-europeu-dels-parcs-taller-drap-de-llana-a-campins","status":"publish","type":"mec-events","link":"https:\/\/turismevalles.com\/es\/events\/dia-europeu-dels-parcs-taller-drap-de-llana-a-campins\/","title":{"rendered":"D\u00eda Europeo de los Parques: Taller \u00bb Trapo de Lana\u00bb en Campins"},"content":{"rendered":"<p>Trapo de lana: Taller para aprender del tejido m\u00e1s ancestral | D\u00eda Europeo de los Parques<\/p>\n<p>Horario de inicio:\u00a011 h<\/p>\n<p>Horario completo:<br \/>\nde 11 a 13.30 h<\/p>\n<p>Lugar:\u00a0Pista polideportiva<\/p>\n<p>Campins, Montseny<\/p>\n<p>Acceso:\u00a0gratuito<\/p>\n<p>Descripci\u00f3n:Taller para aprender a tejer un tejido no tejido a partir de fibras de lana de las manadas del territorio. Jugaremos con colores obtenidos de recursos naturales y a\u00f1adir fibras vegetales de lino para dise\u00f1ar una pieza con diferentes usos.<\/p>\n<p>Requisitos actividad:\u00a0Un taller para todas las edades. Los ni\u00f1os y ni\u00f1as podr\u00e1n tejer un punto de libro con sorpresa.<\/p>\n<div class=\"descripcion\">\n<p>Info:\u00a0<a href=\"https:\/\/parcs.diba.cat\/web\/agenda\/-\/montseny-drap-de-llana-taller-per-aprendre-del-teixit-mes-ancestral-amb-llana-del-territori-\">https:\/\/parcs.diba.cat\/web\/agenda\/-\/montseny-drap-de-llana-taller-per-aprendre-del-teixit-mes-ancestral-amb-llana-del-territori-<\/a><\/p>\n<\/div>\n","protected":false},"excerpt":{"rendered":"<p>Trapo de lana: Taller para aprender del tejido m\u00e1s ancestral | D\u00eda Europeo de los Parques Horario de inicio:\u00a011 h Horario completo: de 11 a &#8230; <a title=\"D\u00eda Europeo de los Parques: Taller \u00bb Trapo de Lana\u00bb en Campins\" class=\"read-more\" href=\"https:\/\/turismevalles.com\/es\/events\/dia-europeu-dels-parcs-taller-drap-de-llana-a-campins\/\" aria-label=\"M\u00e1s en D\u00eda Europeo de los Parques: Taller \u00bb Trapo de Lana\u00bb en Campins\">Veure m\u00e9s<\/a><\/p>\n","protected":false},"author":5,"featured_media":55912,"comment_status":"open","ping_status":"closed","template":"","tags":[1136,2634],"poblacions":[895],"mec_category":[970,1603],"class_list":["post-55913","mec-events","type-mec-events","status-publish","has-post-thumbnail","hentry","tag-natura-es","tag-parc-es","poblacions-campins-es","mec_category-activitats-en-familia-es","mec_category-natura-es","generate-columns","tablet-grid-50","mobile-grid-100","grid-parent","grid-33"],"acf":[],"yoast_head":"<!-- This site is optimized with the Yoast SEO plugin v26.4 - https:\/\/yoast.com\/wordpress\/plugins\/seo\/ -->\n<title>D\u00eda Europeo de los Parques: Taller &quot; Trapo de Lana&quot; en Campins - Turisme Vall\u00e8s<\/title>\n<meta name=\"robots\" content=\"index, follow, max-snippet:-1, max-image-preview:large, max-video-preview:-1\" \/>\n<link rel=\"canonical\" href=\"https:\/\/turismevalles.com\/es\/events\/dia-europeu-dels-parcs-taller-drap-de-llana-a-campins\/\" \/>\n<meta property=\"og:locale\" content=\"es_ES\" \/>\n<meta property=\"og:type\" content=\"article\" \/>\n<meta property=\"og:title\" content=\"D\u00eda Europeo de los Parques: Taller &quot; Trapo de Lana&quot; en Campins - Turisme Vall\u00e8s\" \/>\n<meta property=\"og:description\" content=\"Trapo de lana: Taller para aprender del tejido m\u00e1s ancestral | D\u00eda Europeo de los Parques Horario de inicio:\u00a011 h Horario completo: de 11 a ... Veure m\u00e9s\" \/>\n<meta property=\"og:url\" content=\"https:\/\/turismevalles.com\/es\/events\/dia-europeu-dels-parcs-taller-drap-de-llana-a-campins\/\" \/>\n<meta property=\"og:site_name\" content=\"Turisme Vall\u00e8s\" \/>\n<meta property=\"article:modified_time\" content=\"2024-05-17T10:40:37+00:00\" \/>\n<meta property=\"og:image\" content=\"https:\/\/turismevalles.com\/wp-content\/uploads\/2024\/05\/Drap-de-Llana.jpg\" \/>\n\t<meta property=\"og:image:width\" content=\"305\" \/>\n\t<meta property=\"og:image:height\" content=\"244\" \/>\n\t<meta property=\"og:image:type\" content=\"image\/jpeg\" \/>\n<meta name=\"twitter:card\" content=\"summary_large_image\" \/>\n<meta name=\"twitter:label1\" content=\"Tiempo de lectura\" \/>\n\t<meta name=\"twitter:data1\" content=\"1 minuto\" \/>\n<script type=\"application\/ld+json\" class=\"yoast-schema-graph\">{\"@context\":\"https:\/\/schema.org\",\"@graph\":[{\"@type\":\"WebPage\",\"@id\":\"https:\/\/turismevalles.com\/es\/events\/dia-europeu-dels-parcs-taller-drap-de-llana-a-campins\/\",\"url\":\"https:\/\/turismevalles.com\/es\/events\/dia-europeu-dels-parcs-taller-drap-de-llana-a-campins\/\",\"name\":\"D\u00eda Europeo de los Parques: Taller \\\" Trapo de Lana\\\" en Campins - Turisme Vall\u00e8s\",\"isPartOf\":{\"@id\":\"https:\/\/turismevalles.com\/en\/#website\"},\"primaryImageOfPage\":{\"@id\":\"https:\/\/turismevalles.com\/es\/events\/dia-europeu-dels-parcs-taller-drap-de-llana-a-campins\/#primaryimage\"},\"image\":{\"@id\":\"https:\/\/turismevalles.com\/es\/events\/dia-europeu-dels-parcs-taller-drap-de-llana-a-campins\/#primaryimage\"},\"thumbnailUrl\":\"https:\/\/turismevalles.com\/wp-content\/uploads\/2024\/05\/Drap-de-Llana.jpg\",\"datePublished\":\"2024-05-17T10:38:50+00:00\",\"dateModified\":\"2024-05-17T10:40:37+00:00\",\"breadcrumb\":{\"@id\":\"https:\/\/turismevalles.com\/es\/events\/dia-europeu-dels-parcs-taller-drap-de-llana-a-campins\/#breadcrumb\"},\"inLanguage\":\"es\",\"potentialAction\":[{\"@type\":\"ReadAction\",\"target\":[\"https:\/\/turismevalles.com\/es\/events\/dia-europeu-dels-parcs-taller-drap-de-llana-a-campins\/\"]}]},{\"@type\":\"ImageObject\",\"inLanguage\":\"es\",\"@id\":\"https:\/\/turismevalles.com\/es\/events\/dia-europeu-dels-parcs-taller-drap-de-llana-a-campins\/#primaryimage\",\"url\":\"https:\/\/turismevalles.com\/wp-content\/uploads\/2024\/05\/Drap-de-Llana.jpg\",\"contentUrl\":\"https:\/\/turismevalles.com\/wp-content\/uploads\/2024\/05\/Drap-de-Llana.jpg\",\"width\":305,\"height\":244},{\"@type\":\"BreadcrumbList\",\"@id\":\"https:\/\/turismevalles.com\/es\/events\/dia-europeu-dels-parcs-taller-drap-de-llana-a-campins\/#breadcrumb\",\"itemListElement\":[{\"@type\":\"ListItem\",\"position\":1,\"name\":\"Inicio\",\"item\":\"https:\/\/turismevalles.com\/es\/\"},{\"@type\":\"ListItem\",\"position\":2,\"name\":\"Esdeveniments\",\"item\":\"https:\/\/turismevalles.com\/events\/\"},{\"@type\":\"ListItem\",\"position\":3,\"name\":\"D\u00eda Europeo de los Parques: Taller \u00bb Trapo de Lana\u00bb en Campins\"}]},{\"@type\":\"WebSite\",\"@id\":\"https:\/\/turismevalles.com\/en\/#website\",\"url\":\"https:\/\/turismevalles.com\/en\/\",\"name\":\"Turisme Vall\u00e8s\",\"description\":\"\",\"publisher\":{\"@id\":\"https:\/\/turismevalles.com\/en\/#organization\"},\"potentialAction\":[{\"@type\":\"SearchAction\",\"target\":{\"@type\":\"EntryPoint\",\"urlTemplate\":\"https:\/\/turismevalles.com\/en\/?s={search_term_string}\"},\"query-input\":{\"@type\":\"PropertyValueSpecification\",\"valueRequired\":true,\"valueName\":\"search_term_string\"}}],\"inLanguage\":\"es\"},{\"@type\":\"Organization\",\"@id\":\"https:\/\/turismevalles.com\/en\/#organization\",\"name\":\"Turisme Vall\u00e8s\",\"url\":\"https:\/\/turismevalles.com\/en\/\",\"logo\":{\"@type\":\"ImageObject\",\"inLanguage\":\"es\",\"@id\":\"https:\/\/turismevalles.com\/en\/#\/schema\/logo\/image\/\",\"url\":\"https:\/\/turismevalles.com\/wp-content\/uploads\/2020\/08\/cropped-logo_ca-2.png\",\"contentUrl\":\"https:\/\/turismevalles.com\/wp-content\/uploads\/2020\/08\/cropped-logo_ca-2.png\",\"width\":314,\"height\":85,\"caption\":\"Turisme Vall\u00e8s\"},\"image\":{\"@id\":\"https:\/\/turismevalles.com\/en\/#\/schema\/logo\/image\/\"}}]}<\/script>\n<!-- \/ Yoast SEO plugin. -->","yoast_head_json":{"title":"D\u00eda Europeo de los Parques: Taller \" Trapo de Lana\" en Campins - Turisme Vall\u00e8s","robots":{"index":"index","follow":"follow","max-snippet":"max-snippet:-1","max-image-preview":"max-image-preview:large","max-video-preview":"max-video-preview:-1"},"canonical":"https:\/\/turismevalles.com\/es\/events\/dia-europeu-dels-parcs-taller-drap-de-llana-a-campins\/","og_locale":"es_ES","og_type":"article","og_title":"D\u00eda Europeo de los Parques: Taller \" Trapo de Lana\" en Campins - Turisme Vall\u00e8s","og_description":"Trapo de lana: Taller para aprender del tejido m\u00e1s ancestral | D\u00eda Europeo de los Parques Horario de inicio:\u00a011 h Horario completo: de 11 a ... Veure m\u00e9s","og_url":"https:\/\/turismevalles.com\/es\/events\/dia-europeu-dels-parcs-taller-drap-de-llana-a-campins\/","og_site_name":"Turisme Vall\u00e8s","article_modified_time":"2024-05-17T10:40:37+00:00","og_image":[{"width":305,"height":244,"url":"https:\/\/turismevalles.com\/wp-content\/uploads\/2024\/05\/Drap-de-Llana.jpg","type":"image\/jpeg"}],"twitter_card":"summary_large_image","twitter_misc":{"Tiempo de lectura":"1 minuto"},"schema":{"@context":"https:\/\/schema.org","@graph":[{"@type":"WebPage","@id":"https:\/\/turismevalles.com\/es\/events\/dia-europeu-dels-parcs-taller-drap-de-llana-a-campins\/","url":"https:\/\/turismevalles.com\/es\/events\/dia-europeu-dels-parcs-taller-drap-de-llana-a-campins\/","name":"D\u00eda Europeo de los Parques: Taller \" Trapo de Lana\" en Campins - Turisme Vall\u00e8s","isPartOf":{"@id":"https:\/\/turismevalles.com\/en\/#website"},"primaryImageOfPage":{"@id":"https:\/\/turismevalles.com\/es\/events\/dia-europeu-dels-parcs-taller-drap-de-llana-a-campins\/#primaryimage"},"image":{"@id":"https:\/\/turismevalles.com\/es\/events\/dia-europeu-dels-parcs-taller-drap-de-llana-a-campins\/#primaryimage"},"thumbnailUrl":"https:\/\/turismevalles.com\/wp-content\/uploads\/2024\/05\/Drap-de-Llana.jpg","datePublished":"2024-05-17T10:38:50+00:00","dateModified":"2024-05-17T10:40:37+00:00","breadcrumb":{"@id":"https:\/\/turismevalles.com\/es\/events\/dia-europeu-dels-parcs-taller-drap-de-llana-a-campins\/#breadcrumb"},"inLanguage":"es","potentialAction":[{"@type":"ReadAction","target":["https:\/\/turismevalles.com\/es\/events\/dia-europeu-dels-parcs-taller-drap-de-llana-a-campins\/"]}]},{"@type":"ImageObject","inLanguage":"es","@id":"https:\/\/turismevalles.com\/es\/events\/dia-europeu-dels-parcs-taller-drap-de-llana-a-campins\/#primaryimage","url":"https:\/\/turismevalles.com\/wp-content\/uploads\/2024\/05\/Drap-de-Llana.jpg","contentUrl":"https:\/\/turismevalles.com\/wp-content\/uploads\/2024\/05\/Drap-de-Llana.jpg","width":305,"height":244},{"@type":"BreadcrumbList","@id":"https:\/\/turismevalles.com\/es\/events\/dia-europeu-dels-parcs-taller-drap-de-llana-a-campins\/#breadcrumb","itemListElement":[{"@type":"ListItem","position":1,"name":"Inicio","item":"https:\/\/turismevalles.com\/es\/"},{"@type":"ListItem","position":2,"name":"Esdeveniments","item":"https:\/\/turismevalles.com\/events\/"},{"@type":"ListItem","position":3,"name":"D\u00eda Europeo de los Parques: Taller \u00bb Trapo de Lana\u00bb en Campins"}]},{"@type":"WebSite","@id":"https:\/\/turismevalles.com\/en\/#website","url":"https:\/\/turismevalles.com\/en\/","name":"Turisme Vall\u00e8s","description":"","publisher":{"@id":"https:\/\/turismevalles.com\/en\/#organization"},"potentialAction":[{"@type":"SearchAction","target":{"@type":"EntryPoint","urlTemplate":"https:\/\/turismevalles.com\/en\/?s={search_term_string}"},"query-input":{"@type":"PropertyValueSpecification","valueRequired":true,"valueName":"search_term_string"}}],"inLanguage":"es"},{"@type":"Organization","@id":"https:\/\/turismevalles.com\/en\/#organization","name":"Turisme Vall\u00e8s","url":"https:\/\/turismevalles.com\/en\/","logo":{"@type":"ImageObject","inLanguage":"es","@id":"https:\/\/turismevalles.com\/en\/#\/schema\/logo\/image\/","url":"https:\/\/turismevalles.com\/wp-content\/uploads\/2020\/08\/cropped-logo_ca-2.png","contentUrl":"https:\/\/turismevalles.com\/wp-content\/uploads\/2020\/08\/cropped-logo_ca-2.png","width":314,"height":85,"caption":"Turisme Vall\u00e8s"},"image":{"@id":"https:\/\/turismevalles.com\/en\/#\/schema\/logo\/image\/"}}]}},"uagb_featured_image_src":{"full":["https:\/\/turismevalles.com\/wp-content\/uploads\/2024\/05\/Drap-de-Llana.jpg",305,244,false],"thumbnail":["https:\/\/turismevalles.com\/wp-content\/uploads\/2024\/05\/Drap-de-Llana-150x150.jpg",150,150,true],"medium":["https:\/\/turismevalles.com\/wp-content\/uploads\/2024\/05\/Drap-de-Llana-300x240.jpg",300,240,true],"medium_large":["https:\/\/turismevalles.com\/wp-content\/uploads\/2024\/05\/Drap-de-Llana.jpg",305,244,false],"large":["https:\/\/turismevalles.com\/wp-content\/uploads\/2024\/05\/Drap-de-Llana.jpg",305,244,false],"thumblist":["https:\/\/turismevalles.com\/wp-content\/uploads\/2024\/05\/Drap-de-Llana-300x244.jpg",300,244,true],"meccarouselthumb":["https:\/\/turismevalles.com\/wp-content\/uploads\/2024\/05\/Drap-de-Llana.jpg",305,244,false],"gridsquare":["https:\/\/turismevalles.com\/wp-content\/uploads\/2024\/05\/Drap-de-Llana.jpg",305,244,false],"tileview":["https:\/\/turismevalles.com\/wp-content\/uploads\/2024\/05\/Drap-de-Llana-300x244.jpg",300,244,true],"1536x1536":["https:\/\/turismevalles.com\/wp-content\/uploads\/2024\/05\/Drap-de-Llana.jpg",305,244,false],"2048x2048":["https:\/\/turismevalles.com\/wp-content\/uploads\/2024\/05\/Drap-de-Llana.jpg",305,244,false]},"uagb_author_info":{"display_name":"Turisme Valles","author_link":"https:\/\/turismevalles.com\/es\/author\/turismevallesoriental\/"},"uagb_comment_info":0,"uagb_excerpt":"Trapo de lana: Taller para aprender del tejido m\u00e1s ancestral | D\u00eda Europeo de los Parques Horario de inicio:\u00a011 h Horario completo: de 11 a ... Veure m\u00e9s","_links":{"self":[{"href":"https:\/\/turismevalles.com\/es\/wp-json\/wp\/v2\/mec-events\/55913","targetHints":{"allow":["GET"]}}],"collection":[{"href":"https:\/\/turismevalles.com\/es\/wp-json\/wp\/v2\/mec-events"}],"about":[{"href":"https:\/\/turismevalles.com\/es\/wp-json\/wp\/v2\/types\/mec-events"}],"author":[{"embeddable":true,"href":"https:\/\/turismevalles.com\/es\/wp-json\/wp\/v2\/users\/5"}],"replies":[{"embeddable":true,"href":"https:\/\/turismevalles.com\/es\/wp-json\/wp\/v2\/comments?post=55913"}],"wp:featuredmedia":[{"embeddable":true,"href":"https:\/\/turismevalles.com\/es\/wp-json\/wp\/v2\/media\/55912"}],"wp:attachment":[{"href":"https:\/\/turismevalles.com\/es\/wp-json\/wp\/v2\/media?parent=55913"}],"wp:term":[{"taxonomy":"post_tag","embeddable":true,"href":"https:\/\/turismevalles.com\/es\/wp-json\/wp\/v2\/tags?post=55913"},{"taxonomy":"poblacions","embeddable":true,"href":"https:\/\/turismevalles.com\/es\/wp-json\/wp\/v2\/poblacions?post=55913"},{"taxonomy":"mec_category","embeddable":true,"href":"https:\/\/turismevalles.com\/es\/wp-json\/wp\/v2\/mec_category?post=55913"}],"curies":[{"name":"wp","href":"https:\/\/api.w.org\/{rel}","templated":true}]}}