{"id":59700,"date":"2024-12-05T14:26:34","date_gmt":"2024-12-05T13:26:34","guid":{"rendered":"https:\/\/turismevalles.com\/events\/larbre-dels-desitjos-del-museu-abello\/"},"modified":"2024-12-05T14:32:45","modified_gmt":"2024-12-05T13:32:45","slug":"larbre-dels-desitjos-del-museu-abello","status":"publish","type":"mec-events","link":"https:\/\/turismevalles.com\/es\/events\/larbre-dels-desitjos-del-museu-abello\/","title":{"rendered":"El \u00e1rbol de los deseos del Museu Abell\u00f3"},"content":{"rendered":"<p><strong>El \u00e1rbol de los deseos del Museu Abell\u00f3<\/strong><\/p>\n<p>6, 7 y 8 DE DICIEMBRE<\/p>\n<p>Ay\u00fadanos a decorar el \u00e1rbol de Navidad del Museu Abell\u00f3 con tu mejor deseo para este pr\u00f3ximo a\u00f1o 2025.<br \/>\nActividad gratuita sin monitoreo.<\/p>\n<p>Horarios<br \/>\nViernes 6 de diciembre, de 11 a 14 h<br \/>\nS\u00e1bado 7 de diciembre, de 11 a 14 h y de 16 a 19 h<br \/>\nDomingo 8 de diciembre, de 11 a 14 h<\/p>\n<p>M\u00e1s informaci\u00f3n :<br \/>\nTel. 93 544 50 99<br \/>\n<a href=\"mailto:educamabello@molletvalles.cat\" target=\"_blank\" rel=\"noopener\">educamabello@molletvalles.cat<\/a><\/p>\n<p>M\u00e1s informaci\u00f3n en el <a href=\"https:\/\/www.museuabello.cat\/2024\/12\/03\/larbre-dels-desitjos-del-museu-abello\/\" target=\"_blank\" rel=\"noopener\">siguiente vinculo<\/a><\/p>\n","protected":false},"excerpt":{"rendered":"<p>El \u00e1rbol de los deseos del Museu Abell\u00f3 6, 7 y 8 DE DICIEMBRE Ay\u00fadanos a decorar el \u00e1rbol de Navidad del Museu Abell\u00f3 con &#8230; <a title=\"El \u00e1rbol de los deseos del Museu Abell\u00f3\" class=\"read-more\" href=\"https:\/\/turismevalles.com\/es\/events\/larbre-dels-desitjos-del-museu-abello\/\" aria-label=\"M\u00e1s en El \u00e1rbol de los deseos del Museu Abell\u00f3\">Veure m\u00e9s<\/a><\/p>\n","protected":false},"author":5,"featured_media":59699,"comment_status":"open","ping_status":"closed","template":"","tags":[2711,1578,1780,1579],"poblacions":[433],"mec_category":[970,2182],"class_list":["post-59700","mec-events","type-mec-events","status-publish","has-post-thumbnail","hentry","tag-arbre-dels-desitjos-es","tag-magia-es","tag-museu-abello-es","tag-nadal-es","poblacions-mollet-del-valles-es","mec_category-activitats-en-familia-es","mec_category-nadal-es","generate-columns","tablet-grid-50","mobile-grid-100","grid-parent","grid-33"],"acf":[],"yoast_head":"<!-- This site is optimized with the Yoast SEO plugin v26.4 - https:\/\/yoast.com\/wordpress\/plugins\/seo\/ -->\n<title>El \u00e1rbol de los deseos del Museu Abell\u00f3 - Turisme Vall\u00e8s<\/title>\n<meta name=\"description\" content=\"Ven a disfrutar de la magia de la Navidad con el \u00e1rbol de los deseos del Museo Abell\u00f3.Mollet del Vall\u00e8s. Vall\u00e8s Oriental. Cerca de Barcelona.\" \/>\n<meta name=\"robots\" content=\"index, follow, max-snippet:-1, max-image-preview:large, max-video-preview:-1\" \/>\n<link rel=\"canonical\" href=\"https:\/\/turismevalles.com\/events\/larbre-dels-desitjos-del-museu-abello\/\" \/>\n<meta property=\"og:locale\" content=\"es_ES\" \/>\n<meta property=\"og:type\" content=\"article\" \/>\n<meta property=\"og:title\" content=\"El \u00e1rbol de los deseos del Museu Abell\u00f3 - Turisme Vall\u00e8s\" \/>\n<meta property=\"og:description\" content=\"Ven a disfrutar de la magia de la Navidad con el \u00e1rbol de los deseos del Museo Abell\u00f3.Mollet del Vall\u00e8s. Vall\u00e8s Oriental. Cerca de Barcelona.\" \/>\n<meta property=\"og:url\" content=\"https:\/\/turismevalles.com\/events\/larbre-dels-desitjos-del-museu-abello\/\" \/>\n<meta property=\"og:site_name\" content=\"Turisme Vall\u00e8s\" \/>\n<meta property=\"article:modified_time\" content=\"2024-12-05T13:32:45+00:00\" \/>\n<meta property=\"og:image\" content=\"https:\/\/turismevalles.com\/wp-content\/uploads\/2024\/12\/Arbre-dels-desitjos-Museu-Abello.jpg\" \/>\n\t<meta property=\"og:image:width\" content=\"965\" \/>\n\t<meta property=\"og:image:height\" content=\"721\" \/>\n\t<meta property=\"og:image:type\" content=\"image\/jpeg\" \/>\n<meta name=\"twitter:card\" content=\"summary_large_image\" \/>\n<meta name=\"twitter:label1\" content=\"Tiempo de lectura\" \/>\n\t<meta name=\"twitter:data1\" content=\"1 minuto\" \/>\n<script type=\"application\/ld+json\" class=\"yoast-schema-graph\">{\"@context\":\"https:\/\/schema.org\",\"@graph\":[{\"@type\":\"WebPage\",\"@id\":\"https:\/\/turismevalles.com\/events\/larbre-dels-desitjos-del-museu-abello\/\",\"url\":\"https:\/\/turismevalles.com\/events\/larbre-dels-desitjos-del-museu-abello\/\",\"name\":\"El \u00e1rbol de los deseos del Museu Abell\u00f3 - Turisme Vall\u00e8s\",\"isPartOf\":{\"@id\":\"https:\/\/turismevalles.com\/en\/#website\"},\"primaryImageOfPage\":{\"@id\":\"https:\/\/turismevalles.com\/events\/larbre-dels-desitjos-del-museu-abello\/#primaryimage\"},\"image\":{\"@id\":\"https:\/\/turismevalles.com\/events\/larbre-dels-desitjos-del-museu-abello\/#primaryimage\"},\"thumbnailUrl\":\"https:\/\/turismevalles.com\/wp-content\/uploads\/2024\/12\/Arbre-dels-desitjos-Museu-Abello.jpg\",\"datePublished\":\"2024-12-05T13:26:34+00:00\",\"dateModified\":\"2024-12-05T13:32:45+00:00\",\"description\":\"Ven a disfrutar de la magia de la Navidad con el \u00e1rbol de los deseos del Museo Abell\u00f3.Mollet del Vall\u00e8s. Vall\u00e8s Oriental. Cerca de Barcelona.\",\"breadcrumb\":{\"@id\":\"https:\/\/turismevalles.com\/events\/larbre-dels-desitjos-del-museu-abello\/#breadcrumb\"},\"inLanguage\":\"es\",\"potentialAction\":[{\"@type\":\"ReadAction\",\"target\":[\"https:\/\/turismevalles.com\/events\/larbre-dels-desitjos-del-museu-abello\/\"]}]},{\"@type\":\"ImageObject\",\"inLanguage\":\"es\",\"@id\":\"https:\/\/turismevalles.com\/events\/larbre-dels-desitjos-del-museu-abello\/#primaryimage\",\"url\":\"https:\/\/turismevalles.com\/wp-content\/uploads\/2024\/12\/Arbre-dels-desitjos-Museu-Abello.jpg\",\"contentUrl\":\"https:\/\/turismevalles.com\/wp-content\/uploads\/2024\/12\/Arbre-dels-desitjos-Museu-Abello.jpg\",\"width\":965,\"height\":721,\"caption\":\"L'arbre dels desitjos del Museu Abell\u00f3\"},{\"@type\":\"BreadcrumbList\",\"@id\":\"https:\/\/turismevalles.com\/events\/larbre-dels-desitjos-del-museu-abello\/#breadcrumb\",\"itemListElement\":[{\"@type\":\"ListItem\",\"position\":1,\"name\":\"Inicio\",\"item\":\"https:\/\/turismevalles.com\/es\/\"},{\"@type\":\"ListItem\",\"position\":2,\"name\":\"Esdeveniments\",\"item\":\"https:\/\/turismevalles.com\/events\/\"},{\"@type\":\"ListItem\",\"position\":3,\"name\":\"El \u00e1rbol de los deseos del Museu Abell\u00f3\"}]},{\"@type\":\"WebSite\",\"@id\":\"https:\/\/turismevalles.com\/en\/#website\",\"url\":\"https:\/\/turismevalles.com\/en\/\",\"name\":\"Turisme Vall\u00e8s\",\"description\":\"\",\"publisher\":{\"@id\":\"https:\/\/turismevalles.com\/en\/#organization\"},\"potentialAction\":[{\"@type\":\"SearchAction\",\"target\":{\"@type\":\"EntryPoint\",\"urlTemplate\":\"https:\/\/turismevalles.com\/en\/?s={search_term_string}\"},\"query-input\":{\"@type\":\"PropertyValueSpecification\",\"valueRequired\":true,\"valueName\":\"search_term_string\"}}],\"inLanguage\":\"es\"},{\"@type\":\"Organization\",\"@id\":\"https:\/\/turismevalles.com\/en\/#organization\",\"name\":\"Turisme Vall\u00e8s\",\"url\":\"https:\/\/turismevalles.com\/en\/\",\"logo\":{\"@type\":\"ImageObject\",\"inLanguage\":\"es\",\"@id\":\"https:\/\/turismevalles.com\/en\/#\/schema\/logo\/image\/\",\"url\":\"https:\/\/turismevalles.com\/wp-content\/uploads\/2020\/08\/cropped-logo_ca-2.png\",\"contentUrl\":\"https:\/\/turismevalles.com\/wp-content\/uploads\/2020\/08\/cropped-logo_ca-2.png\",\"width\":314,\"height\":85,\"caption\":\"Turisme Vall\u00e8s\"},\"image\":{\"@id\":\"https:\/\/turismevalles.com\/en\/#\/schema\/logo\/image\/\"}}]}<\/script>\n<!-- \/ Yoast SEO plugin. -->","yoast_head_json":{"title":"El \u00e1rbol de los deseos del Museu Abell\u00f3 - Turisme Vall\u00e8s","description":"Ven a disfrutar de la magia de la Navidad con el \u00e1rbol de los deseos del Museo Abell\u00f3.Mollet del Vall\u00e8s. Vall\u00e8s Oriental. Cerca de Barcelona.","robots":{"index":"index","follow":"follow","max-snippet":"max-snippet:-1","max-image-preview":"max-image-preview:large","max-video-preview":"max-video-preview:-1"},"canonical":"https:\/\/turismevalles.com\/events\/larbre-dels-desitjos-del-museu-abello\/","og_locale":"es_ES","og_type":"article","og_title":"El \u00e1rbol de los deseos del Museu Abell\u00f3 - Turisme Vall\u00e8s","og_description":"Ven a disfrutar de la magia de la Navidad con el \u00e1rbol de los deseos del Museo Abell\u00f3.Mollet del Vall\u00e8s. Vall\u00e8s Oriental. Cerca de Barcelona.","og_url":"https:\/\/turismevalles.com\/events\/larbre-dels-desitjos-del-museu-abello\/","og_site_name":"Turisme Vall\u00e8s","article_modified_time":"2024-12-05T13:32:45+00:00","og_image":[{"width":965,"height":721,"url":"https:\/\/turismevalles.com\/wp-content\/uploads\/2024\/12\/Arbre-dels-desitjos-Museu-Abello.jpg","type":"image\/jpeg"}],"twitter_card":"summary_large_image","twitter_misc":{"Tiempo de lectura":"1 minuto"},"schema":{"@context":"https:\/\/schema.org","@graph":[{"@type":"WebPage","@id":"https:\/\/turismevalles.com\/events\/larbre-dels-desitjos-del-museu-abello\/","url":"https:\/\/turismevalles.com\/events\/larbre-dels-desitjos-del-museu-abello\/","name":"El \u00e1rbol de los deseos del Museu Abell\u00f3 - Turisme Vall\u00e8s","isPartOf":{"@id":"https:\/\/turismevalles.com\/en\/#website"},"primaryImageOfPage":{"@id":"https:\/\/turismevalles.com\/events\/larbre-dels-desitjos-del-museu-abello\/#primaryimage"},"image":{"@id":"https:\/\/turismevalles.com\/events\/larbre-dels-desitjos-del-museu-abello\/#primaryimage"},"thumbnailUrl":"https:\/\/turismevalles.com\/wp-content\/uploads\/2024\/12\/Arbre-dels-desitjos-Museu-Abello.jpg","datePublished":"2024-12-05T13:26:34+00:00","dateModified":"2024-12-05T13:32:45+00:00","description":"Ven a disfrutar de la magia de la Navidad con el \u00e1rbol de los deseos del Museo Abell\u00f3.Mollet del Vall\u00e8s. Vall\u00e8s Oriental. Cerca de Barcelona.","breadcrumb":{"@id":"https:\/\/turismevalles.com\/events\/larbre-dels-desitjos-del-museu-abello\/#breadcrumb"},"inLanguage":"es","potentialAction":[{"@type":"ReadAction","target":["https:\/\/turismevalles.com\/events\/larbre-dels-desitjos-del-museu-abello\/"]}]},{"@type":"ImageObject","inLanguage":"es","@id":"https:\/\/turismevalles.com\/events\/larbre-dels-desitjos-del-museu-abello\/#primaryimage","url":"https:\/\/turismevalles.com\/wp-content\/uploads\/2024\/12\/Arbre-dels-desitjos-Museu-Abello.jpg","contentUrl":"https:\/\/turismevalles.com\/wp-content\/uploads\/2024\/12\/Arbre-dels-desitjos-Museu-Abello.jpg","width":965,"height":721,"caption":"L'arbre dels desitjos del Museu Abell\u00f3"},{"@type":"BreadcrumbList","@id":"https:\/\/turismevalles.com\/events\/larbre-dels-desitjos-del-museu-abello\/#breadcrumb","itemListElement":[{"@type":"ListItem","position":1,"name":"Inicio","item":"https:\/\/turismevalles.com\/es\/"},{"@type":"ListItem","position":2,"name":"Esdeveniments","item":"https:\/\/turismevalles.com\/events\/"},{"@type":"ListItem","position":3,"name":"El \u00e1rbol de los deseos del Museu Abell\u00f3"}]},{"@type":"WebSite","@id":"https:\/\/turismevalles.com\/en\/#website","url":"https:\/\/turismevalles.com\/en\/","name":"Turisme Vall\u00e8s","description":"","publisher":{"@id":"https:\/\/turismevalles.com\/en\/#organization"},"potentialAction":[{"@type":"SearchAction","target":{"@type":"EntryPoint","urlTemplate":"https:\/\/turismevalles.com\/en\/?s={search_term_string}"},"query-input":{"@type":"PropertyValueSpecification","valueRequired":true,"valueName":"search_term_string"}}],"inLanguage":"es"},{"@type":"Organization","@id":"https:\/\/turismevalles.com\/en\/#organization","name":"Turisme Vall\u00e8s","url":"https:\/\/turismevalles.com\/en\/","logo":{"@type":"ImageObject","inLanguage":"es","@id":"https:\/\/turismevalles.com\/en\/#\/schema\/logo\/image\/","url":"https:\/\/turismevalles.com\/wp-content\/uploads\/2020\/08\/cropped-logo_ca-2.png","contentUrl":"https:\/\/turismevalles.com\/wp-content\/uploads\/2020\/08\/cropped-logo_ca-2.png","width":314,"height":85,"caption":"Turisme Vall\u00e8s"},"image":{"@id":"https:\/\/turismevalles.com\/en\/#\/schema\/logo\/image\/"}}]}},"uagb_featured_image_src":{"full":["https:\/\/turismevalles.com\/wp-content\/uploads\/2024\/12\/Arbre-dels-desitjos-Museu-Abello.jpg",965,721,false],"thumbnail":["https:\/\/turismevalles.com\/wp-content\/uploads\/2024\/12\/Arbre-dels-desitjos-Museu-Abello-150x150.jpg",150,150,true],"medium":["https:\/\/turismevalles.com\/wp-content\/uploads\/2024\/12\/Arbre-dels-desitjos-Museu-Abello-300x224.jpg",300,224,true],"medium_large":["https:\/\/turismevalles.com\/wp-content\/uploads\/2024\/12\/Arbre-dels-desitjos-Museu-Abello-768x574.jpg",768,574,true],"large":["https:\/\/turismevalles.com\/wp-content\/uploads\/2024\/12\/Arbre-dels-desitjos-Museu-Abello.jpg",965,721,false],"thumblist":["https:\/\/turismevalles.com\/wp-content\/uploads\/2024\/12\/Arbre-dels-desitjos-Museu-Abello-300x300.jpg",300,300,true],"meccarouselthumb":["https:\/\/turismevalles.com\/wp-content\/uploads\/2024\/12\/Arbre-dels-desitjos-Museu-Abello-474x324.jpg",474,324,true],"gridsquare":["https:\/\/turismevalles.com\/wp-content\/uploads\/2024\/12\/Arbre-dels-desitjos-Museu-Abello-391x260.jpg",391,260,true],"tileview":["https:\/\/turismevalles.com\/wp-content\/uploads\/2024\/12\/Arbre-dels-desitjos-Museu-Abello-300x400.jpg",300,400,true],"1536x1536":["https:\/\/turismevalles.com\/wp-content\/uploads\/2024\/12\/Arbre-dels-desitjos-Museu-Abello.jpg",965,721,false],"2048x2048":["https:\/\/turismevalles.com\/wp-content\/uploads\/2024\/12\/Arbre-dels-desitjos-Museu-Abello.jpg",965,721,false]},"uagb_author_info":{"display_name":"Turisme Valles","author_link":"https:\/\/turismevalles.com\/es\/author\/turismevallesoriental\/"},"uagb_comment_info":0,"uagb_excerpt":"El \u00e1rbol de los deseos del Museu Abell\u00f3 6, 7 y 8 DE DICIEMBRE Ay\u00fadanos a decorar el \u00e1rbol de Navidad del Museu Abell\u00f3 con ... Veure m\u00e9s","_links":{"self":[{"href":"https:\/\/turismevalles.com\/es\/wp-json\/wp\/v2\/mec-events\/59700","targetHints":{"allow":["GET"]}}],"collection":[{"href":"https:\/\/turismevalles.com\/es\/wp-json\/wp\/v2\/mec-events"}],"about":[{"href":"https:\/\/turismevalles.com\/es\/wp-json\/wp\/v2\/types\/mec-events"}],"author":[{"embeddable":true,"href":"https:\/\/turismevalles.com\/es\/wp-json\/wp\/v2\/users\/5"}],"replies":[{"embeddable":true,"href":"https:\/\/turismevalles.com\/es\/wp-json\/wp\/v2\/comments?post=59700"}],"wp:featuredmedia":[{"embeddable":true,"href":"https:\/\/turismevalles.com\/es\/wp-json\/wp\/v2\/media\/59699"}],"wp:attachment":[{"href":"https:\/\/turismevalles.com\/es\/wp-json\/wp\/v2\/media?parent=59700"}],"wp:term":[{"taxonomy":"post_tag","embeddable":true,"href":"https:\/\/turismevalles.com\/es\/wp-json\/wp\/v2\/tags?post=59700"},{"taxonomy":"poblacions","embeddable":true,"href":"https:\/\/turismevalles.com\/es\/wp-json\/wp\/v2\/poblacions?post=59700"},{"taxonomy":"mec_category","embeddable":true,"href":"https:\/\/turismevalles.com\/es\/wp-json\/wp\/v2\/mec_category?post=59700"}],"curies":[{"name":"wp","href":"https:\/\/api.w.org\/{rel}","templated":true}]}}