{"id":63219,"date":"2025-05-23T11:39:30","date_gmt":"2025-05-23T09:39:30","guid":{"rendered":"https:\/\/turismevalles.com\/events\/temps-dessencia-retir-aromatic-i-emocional-entre-lavandes\/"},"modified":"2025-05-23T11:58:18","modified_gmt":"2025-05-23T09:58:18","slug":"temps-dessencia-retir-aromatic-i-emocional-entre-lavandes","status":"publish","type":"mec-events","link":"https:\/\/turismevalles.com\/es\/events\/temps-dessencia-retir-aromatic-i-emocional-entre-lavandes\/","title":{"rendered":"Tiempos de esencia. Retiro arom\u00e1tico y emocional entre lavandas"},"content":{"rendered":"<p>Un viaje arom\u00e1tico y sensorial para volver a la esencia des de la calma. Entre aromas, sonidos y palabras que abrazan.<\/p>\n<p>S\u00e1bado 7 Junio<br \/>\n<a class=\"x1i10hfl xjbqb8w x1ejq31n xd10rxx x1sy0etr x17r0tee x972fbf xcfux6l x1qhh985 xm0m39n x9f619 x1ypdohk xt0psk2 xe8uvvx xdj266r x11i5rnm xat24cr x1mh8g0r xexx8yu x4uap5 x18d9i69 xkhd6sd x16tdsg8 x1hl2dhg xggy1nq x1a2a7pz notranslate _a6hd\" tabindex=\"0\" role=\"link\" href=\"https:\/\/www.instagram.com\/massampera\/\">@massampera<\/a>\u00a0(Sta. Eul\u00e0lia Ron\u00e7ana &#8211; entre camps Lavanda)<br \/>\nSalida 8:45 &#8211; Llegada 16:30<br \/>\nCo-organizado: Laura Mart\u00edn ( <a class=\"x1i10hfl xjbqb8w x1ejq31n xd10rxx x1sy0etr x17r0tee x972fbf xcfux6l x1qhh985 xm0m39n x9f619 x1ypdohk xt0psk2 xe8uvvx xdj266r x11i5rnm xat24cr x1mh8g0r xexx8yu x4uap5 x18d9i69 xkhd6sd x16tdsg8 x1hl2dhg xggy1nq x1a2a7pz notranslate _a6hd\" tabindex=\"0\" role=\"link\" href=\"https:\/\/www.instagram.com\/corpore_bellesa\/\">@corpore_bellesa<\/a>\u00a0) &amp; Queralt Serra (\u00a0<a class=\"x1i10hfl xjbqb8w x1ejq31n xd10rxx x1sy0etr x17r0tee x972fbf xcfux6l x1qhh985 xm0m39n x9f619 x1ypdohk xt0psk2 xe8uvvx xdj266r x11i5rnm xat24cr x1mh8g0r xexx8yu x4uap5 x18d9i69 xkhd6sd x16tdsg8 x1hl2dhg xggy1nq x1a2a7pz notranslate _a6hd\" tabindex=\"0\" role=\"link\" href=\"https:\/\/www.instagram.com\/queraltalnatural\/\">@queraltalnatural<\/a>\u00a0)<br \/>\nInfo &amp; Reservas:<strong> queraltalnatural@gmail.com<\/strong><\/p>\n<p>Nos complace invitarte a participar en la II EXPERIENCIA CREATIVA DEL CORPORE<\/p>\n<p>Una ma\u00f1ana para ti. En un espacio refugio donde pausar, ser, dejarte sentir, compartir y nutrir tu esencia a trav\u00e9s del Mindfulness Sensorial, la Aromaterapia Emocional y la Neurociencia Arom\u00e1tica.<\/p>\n<p>Una experiencia \u00edntima y sensorial para calmar la mente, ensanchar el coraz\u00f3n y reconectar con tu energ\u00eda m\u00e1s aut\u00e9ntica.<\/p>\n<p>PROGRAMA DE LA EXPERIANCIA<\/p>\n<p>Refrigerio Bienvenida entre Lavandes<br \/>\nTaller Siembra de Intenciones para la nueva estaci\u00f3n | Neurociencia Arom\u00e1tica: cuerpo, mente y aromas<br \/>\nTaller Aromaterapia Emocional | Esencias que sostienen y aromas que calman<br \/>\nTaller Ba\u00f1o de sonidos | Mindfulness Sensorial: cuerpo, mente y sonidos (a cargo de <a class=\"x1i10hfl xjbqb8w x1ejq31n xd10rxx x1sy0etr x17r0tee x972fbf xcfux6l x1qhh985 xm0m39n x9f619 x1ypdohk xt0psk2 xe8uvvx xdj266r x11i5rnm xat24cr x1mh8g0r xexx8yu x4uap5 x18d9i69 xkhd6sd x16tdsg8 x1hl2dhg xggy1nq x1a2a7pz notranslate _a6hd\" tabindex=\"0\" role=\"link\" href=\"https:\/\/www.instagram.com\/naturat21\/\">@naturat21<\/a>\u00a0)<br \/>\nPicnic Clausura entre Lavandes<\/p>\n<p>Nos encantar\u00e1 compartir contigo esta ma\u00f1ana de Alquimia<\/p>\n","protected":false},"excerpt":{"rendered":"<p>Un viaje arom\u00e1tico y sensorial para volver a la esencia des de la calma. Entre aromas, sonidos y palabras que abrazan. S\u00e1bado 7 Junio @massampera\u00a0(Sta. &#8230; <a title=\"Tiempos de esencia. Retiro arom\u00e1tico y emocional entre lavandas\" class=\"read-more\" href=\"https:\/\/turismevalles.com\/es\/events\/temps-dessencia-retir-aromatic-i-emocional-entre-lavandes\/\" aria-label=\"M\u00e1s en Tiempos de esencia. Retiro arom\u00e1tico y emocional entre lavandas\">Veure m\u00e9s<\/a><\/p>\n","protected":false},"author":5,"featured_media":63210,"comment_status":"open","ping_status":"closed","template":"","tags":[2800,2796,2797,2768,2801,2803,2798,2799,2802],"poblacions":[899],"mec_category":[1348,1603],"class_list":["post-63219","mec-events","type-mec-events","status-publish","has-post-thumbnail","hentry","tag-actividad-en-la-naturaleza","tag-activitats-de-natura-es","tag-aromaterapia-es","tag-benestar-es","tag-bienestar","tag-lavandas","tag-lavandes-es","tag-retir-es","tag-retiro","poblacions-santa-eulalia-de-roncana-es","mec_category-benestar-es","mec_category-natura-es","generate-columns","tablet-grid-50","mobile-grid-100","grid-parent","grid-33"],"acf":[],"yoast_head":"<!-- This site is optimized with the Yoast SEO plugin v26.4 - https:\/\/yoast.com\/wordpress\/plugins\/seo\/ -->\n<title>Tiempos de esencia. Retiro arom\u00e1tico y emocional entre lavandas - Turisme Vall\u00e8s<\/title>\n<meta name=\"description\" content=\"Ven a Mas Sampere y disfruta de la actividad Tiempos de esencia. Retiro arom\u00e1tico y emocional entre lavandas. Cerca de Barcelona.\" \/>\n<meta name=\"robots\" content=\"index, follow, max-snippet:-1, max-image-preview:large, max-video-preview:-1\" \/>\n<link rel=\"canonical\" href=\"https:\/\/turismevalles.com\/es\/events\/temps-dessencia-retir-aromatic-i-emocional-entre-lavandes\/\" \/>\n<meta property=\"og:locale\" content=\"es_ES\" \/>\n<meta property=\"og:type\" content=\"article\" \/>\n<meta property=\"og:title\" content=\"Tiempos de esencia. Retiro arom\u00e1tico y emocional entre lavandas - Turisme Vall\u00e8s\" \/>\n<meta property=\"og:description\" content=\"Ven a Mas Sampere y disfruta de la actividad Tiempos de esencia. Retiro arom\u00e1tico y emocional entre lavandas. Cerca de Barcelona.\" \/>\n<meta property=\"og:url\" content=\"https:\/\/turismevalles.com\/es\/events\/temps-dessencia-retir-aromatic-i-emocional-entre-lavandes\/\" \/>\n<meta property=\"og:site_name\" content=\"Turisme Vall\u00e8s\" \/>\n<meta property=\"article:modified_time\" content=\"2025-05-23T09:58:18+00:00\" \/>\n<meta property=\"og:image\" content=\"https:\/\/turismevalles.com\/wp-content\/uploads\/2025\/05\/temps_dessencies.jpg\" \/>\n\t<meta property=\"og:image:width\" content=\"488\" \/>\n\t<meta property=\"og:image:height\" content=\"435\" \/>\n\t<meta property=\"og:image:type\" content=\"image\/jpeg\" \/>\n<meta name=\"twitter:card\" content=\"summary_large_image\" \/>\n<meta name=\"twitter:label1\" content=\"Tiempo de lectura\" \/>\n\t<meta name=\"twitter:data1\" content=\"2 minutos\" \/>\n<script type=\"application\/ld+json\" class=\"yoast-schema-graph\">{\"@context\":\"https:\/\/schema.org\",\"@graph\":[{\"@type\":\"WebPage\",\"@id\":\"https:\/\/turismevalles.com\/es\/events\/temps-dessencia-retir-aromatic-i-emocional-entre-lavandes\/\",\"url\":\"https:\/\/turismevalles.com\/es\/events\/temps-dessencia-retir-aromatic-i-emocional-entre-lavandes\/\",\"name\":\"Tiempos de esencia. Retiro arom\u00e1tico y emocional entre lavandas - Turisme Vall\u00e8s\",\"isPartOf\":{\"@id\":\"https:\/\/turismevalles.com\/en\/#website\"},\"primaryImageOfPage\":{\"@id\":\"https:\/\/turismevalles.com\/es\/events\/temps-dessencia-retir-aromatic-i-emocional-entre-lavandes\/#primaryimage\"},\"image\":{\"@id\":\"https:\/\/turismevalles.com\/es\/events\/temps-dessencia-retir-aromatic-i-emocional-entre-lavandes\/#primaryimage\"},\"thumbnailUrl\":\"https:\/\/turismevalles.com\/wp-content\/uploads\/2025\/05\/temps_dessencies.jpg\",\"datePublished\":\"2025-05-23T09:39:30+00:00\",\"dateModified\":\"2025-05-23T09:58:18+00:00\",\"description\":\"Ven a Mas Sampere y disfruta de la actividad Tiempos de esencia. Retiro arom\u00e1tico y emocional entre lavandas. Cerca de Barcelona.\",\"breadcrumb\":{\"@id\":\"https:\/\/turismevalles.com\/es\/events\/temps-dessencia-retir-aromatic-i-emocional-entre-lavandes\/#breadcrumb\"},\"inLanguage\":\"es\",\"potentialAction\":[{\"@type\":\"ReadAction\",\"target\":[\"https:\/\/turismevalles.com\/es\/events\/temps-dessencia-retir-aromatic-i-emocional-entre-lavandes\/\"]}]},{\"@type\":\"ImageObject\",\"inLanguage\":\"es\",\"@id\":\"https:\/\/turismevalles.com\/es\/events\/temps-dessencia-retir-aromatic-i-emocional-entre-lavandes\/#primaryimage\",\"url\":\"https:\/\/turismevalles.com\/wp-content\/uploads\/2025\/05\/temps_dessencies.jpg\",\"contentUrl\":\"https:\/\/turismevalles.com\/wp-content\/uploads\/2025\/05\/temps_dessencies.jpg\",\"width\":488,\"height\":435,\"caption\":\"Temps d'ess\u00e8ncies\"},{\"@type\":\"BreadcrumbList\",\"@id\":\"https:\/\/turismevalles.com\/es\/events\/temps-dessencia-retir-aromatic-i-emocional-entre-lavandes\/#breadcrumb\",\"itemListElement\":[{\"@type\":\"ListItem\",\"position\":1,\"name\":\"Inicio\",\"item\":\"https:\/\/turismevalles.com\/es\/\"},{\"@type\":\"ListItem\",\"position\":2,\"name\":\"Esdeveniments\",\"item\":\"https:\/\/turismevalles.com\/events\/\"},{\"@type\":\"ListItem\",\"position\":3,\"name\":\"Tiempos de esencia. Retiro arom\u00e1tico y emocional entre lavandas\"}]},{\"@type\":\"WebSite\",\"@id\":\"https:\/\/turismevalles.com\/en\/#website\",\"url\":\"https:\/\/turismevalles.com\/en\/\",\"name\":\"Turisme Vall\u00e8s\",\"description\":\"\",\"publisher\":{\"@id\":\"https:\/\/turismevalles.com\/en\/#organization\"},\"potentialAction\":[{\"@type\":\"SearchAction\",\"target\":{\"@type\":\"EntryPoint\",\"urlTemplate\":\"https:\/\/turismevalles.com\/en\/?s={search_term_string}\"},\"query-input\":{\"@type\":\"PropertyValueSpecification\",\"valueRequired\":true,\"valueName\":\"search_term_string\"}}],\"inLanguage\":\"es\"},{\"@type\":\"Organization\",\"@id\":\"https:\/\/turismevalles.com\/en\/#organization\",\"name\":\"Turisme Vall\u00e8s\",\"url\":\"https:\/\/turismevalles.com\/en\/\",\"logo\":{\"@type\":\"ImageObject\",\"inLanguage\":\"es\",\"@id\":\"https:\/\/turismevalles.com\/en\/#\/schema\/logo\/image\/\",\"url\":\"https:\/\/turismevalles.com\/wp-content\/uploads\/2020\/08\/cropped-logo_ca-2.png\",\"contentUrl\":\"https:\/\/turismevalles.com\/wp-content\/uploads\/2020\/08\/cropped-logo_ca-2.png\",\"width\":314,\"height\":85,\"caption\":\"Turisme Vall\u00e8s\"},\"image\":{\"@id\":\"https:\/\/turismevalles.com\/en\/#\/schema\/logo\/image\/\"}}]}<\/script>\n<!-- \/ Yoast SEO plugin. -->","yoast_head_json":{"title":"Tiempos de esencia. Retiro arom\u00e1tico y emocional entre lavandas - Turisme Vall\u00e8s","description":"Ven a Mas Sampere y disfruta de la actividad Tiempos de esencia. Retiro arom\u00e1tico y emocional entre lavandas. Cerca de Barcelona.","robots":{"index":"index","follow":"follow","max-snippet":"max-snippet:-1","max-image-preview":"max-image-preview:large","max-video-preview":"max-video-preview:-1"},"canonical":"https:\/\/turismevalles.com\/es\/events\/temps-dessencia-retir-aromatic-i-emocional-entre-lavandes\/","og_locale":"es_ES","og_type":"article","og_title":"Tiempos de esencia. Retiro arom\u00e1tico y emocional entre lavandas - Turisme Vall\u00e8s","og_description":"Ven a Mas Sampere y disfruta de la actividad Tiempos de esencia. Retiro arom\u00e1tico y emocional entre lavandas. Cerca de Barcelona.","og_url":"https:\/\/turismevalles.com\/es\/events\/temps-dessencia-retir-aromatic-i-emocional-entre-lavandes\/","og_site_name":"Turisme Vall\u00e8s","article_modified_time":"2025-05-23T09:58:18+00:00","og_image":[{"width":488,"height":435,"url":"https:\/\/turismevalles.com\/wp-content\/uploads\/2025\/05\/temps_dessencies.jpg","type":"image\/jpeg"}],"twitter_card":"summary_large_image","twitter_misc":{"Tiempo de lectura":"2 minutos"},"schema":{"@context":"https:\/\/schema.org","@graph":[{"@type":"WebPage","@id":"https:\/\/turismevalles.com\/es\/events\/temps-dessencia-retir-aromatic-i-emocional-entre-lavandes\/","url":"https:\/\/turismevalles.com\/es\/events\/temps-dessencia-retir-aromatic-i-emocional-entre-lavandes\/","name":"Tiempos de esencia. Retiro arom\u00e1tico y emocional entre lavandas - Turisme Vall\u00e8s","isPartOf":{"@id":"https:\/\/turismevalles.com\/en\/#website"},"primaryImageOfPage":{"@id":"https:\/\/turismevalles.com\/es\/events\/temps-dessencia-retir-aromatic-i-emocional-entre-lavandes\/#primaryimage"},"image":{"@id":"https:\/\/turismevalles.com\/es\/events\/temps-dessencia-retir-aromatic-i-emocional-entre-lavandes\/#primaryimage"},"thumbnailUrl":"https:\/\/turismevalles.com\/wp-content\/uploads\/2025\/05\/temps_dessencies.jpg","datePublished":"2025-05-23T09:39:30+00:00","dateModified":"2025-05-23T09:58:18+00:00","description":"Ven a Mas Sampere y disfruta de la actividad Tiempos de esencia. Retiro arom\u00e1tico y emocional entre lavandas. Cerca de Barcelona.","breadcrumb":{"@id":"https:\/\/turismevalles.com\/es\/events\/temps-dessencia-retir-aromatic-i-emocional-entre-lavandes\/#breadcrumb"},"inLanguage":"es","potentialAction":[{"@type":"ReadAction","target":["https:\/\/turismevalles.com\/es\/events\/temps-dessencia-retir-aromatic-i-emocional-entre-lavandes\/"]}]},{"@type":"ImageObject","inLanguage":"es","@id":"https:\/\/turismevalles.com\/es\/events\/temps-dessencia-retir-aromatic-i-emocional-entre-lavandes\/#primaryimage","url":"https:\/\/turismevalles.com\/wp-content\/uploads\/2025\/05\/temps_dessencies.jpg","contentUrl":"https:\/\/turismevalles.com\/wp-content\/uploads\/2025\/05\/temps_dessencies.jpg","width":488,"height":435,"caption":"Temps d'ess\u00e8ncies"},{"@type":"BreadcrumbList","@id":"https:\/\/turismevalles.com\/es\/events\/temps-dessencia-retir-aromatic-i-emocional-entre-lavandes\/#breadcrumb","itemListElement":[{"@type":"ListItem","position":1,"name":"Inicio","item":"https:\/\/turismevalles.com\/es\/"},{"@type":"ListItem","position":2,"name":"Esdeveniments","item":"https:\/\/turismevalles.com\/events\/"},{"@type":"ListItem","position":3,"name":"Tiempos de esencia. Retiro arom\u00e1tico y emocional entre lavandas"}]},{"@type":"WebSite","@id":"https:\/\/turismevalles.com\/en\/#website","url":"https:\/\/turismevalles.com\/en\/","name":"Turisme Vall\u00e8s","description":"","publisher":{"@id":"https:\/\/turismevalles.com\/en\/#organization"},"potentialAction":[{"@type":"SearchAction","target":{"@type":"EntryPoint","urlTemplate":"https:\/\/turismevalles.com\/en\/?s={search_term_string}"},"query-input":{"@type":"PropertyValueSpecification","valueRequired":true,"valueName":"search_term_string"}}],"inLanguage":"es"},{"@type":"Organization","@id":"https:\/\/turismevalles.com\/en\/#organization","name":"Turisme Vall\u00e8s","url":"https:\/\/turismevalles.com\/en\/","logo":{"@type":"ImageObject","inLanguage":"es","@id":"https:\/\/turismevalles.com\/en\/#\/schema\/logo\/image\/","url":"https:\/\/turismevalles.com\/wp-content\/uploads\/2020\/08\/cropped-logo_ca-2.png","contentUrl":"https:\/\/turismevalles.com\/wp-content\/uploads\/2020\/08\/cropped-logo_ca-2.png","width":314,"height":85,"caption":"Turisme Vall\u00e8s"},"image":{"@id":"https:\/\/turismevalles.com\/en\/#\/schema\/logo\/image\/"}}]}},"uagb_featured_image_src":{"full":["https:\/\/turismevalles.com\/wp-content\/uploads\/2025\/05\/temps_dessencies.jpg",488,435,false],"thumbnail":["https:\/\/turismevalles.com\/wp-content\/uploads\/2025\/05\/temps_dessencies-150x150.jpg",150,150,true],"medium":["https:\/\/turismevalles.com\/wp-content\/uploads\/2025\/05\/temps_dessencies-300x267.jpg",300,267,true],"medium_large":["https:\/\/turismevalles.com\/wp-content\/uploads\/2025\/05\/temps_dessencies.jpg",488,435,false],"large":["https:\/\/turismevalles.com\/wp-content\/uploads\/2025\/05\/temps_dessencies.jpg",488,435,false],"thumblist":["https:\/\/turismevalles.com\/wp-content\/uploads\/2025\/05\/temps_dessencies-300x300.jpg",300,300,true],"meccarouselthumb":["https:\/\/turismevalles.com\/wp-content\/uploads\/2025\/05\/temps_dessencies-474x324.jpg",474,324,true],"gridsquare":["https:\/\/turismevalles.com\/wp-content\/uploads\/2025\/05\/temps_dessencies-391x260.jpg",391,260,true],"tileview":["https:\/\/turismevalles.com\/wp-content\/uploads\/2025\/05\/temps_dessencies-300x400.jpg",300,400,true],"1536x1536":["https:\/\/turismevalles.com\/wp-content\/uploads\/2025\/05\/temps_dessencies.jpg",488,435,false],"2048x2048":["https:\/\/turismevalles.com\/wp-content\/uploads\/2025\/05\/temps_dessencies.jpg",488,435,false]},"uagb_author_info":{"display_name":"Turisme Valles","author_link":"https:\/\/turismevalles.com\/es\/author\/turismevallesoriental\/"},"uagb_comment_info":0,"uagb_excerpt":"Un viaje arom\u00e1tico y sensorial para volver a la esencia des de la calma. Entre aromas, sonidos y palabras que abrazan. S\u00e1bado 7 Junio @massampera\u00a0(Sta. ... Veure m\u00e9s","_links":{"self":[{"href":"https:\/\/turismevalles.com\/es\/wp-json\/wp\/v2\/mec-events\/63219","targetHints":{"allow":["GET"]}}],"collection":[{"href":"https:\/\/turismevalles.com\/es\/wp-json\/wp\/v2\/mec-events"}],"about":[{"href":"https:\/\/turismevalles.com\/es\/wp-json\/wp\/v2\/types\/mec-events"}],"author":[{"embeddable":true,"href":"https:\/\/turismevalles.com\/es\/wp-json\/wp\/v2\/users\/5"}],"replies":[{"embeddable":true,"href":"https:\/\/turismevalles.com\/es\/wp-json\/wp\/v2\/comments?post=63219"}],"wp:featuredmedia":[{"embeddable":true,"href":"https:\/\/turismevalles.com\/es\/wp-json\/wp\/v2\/media\/63210"}],"wp:attachment":[{"href":"https:\/\/turismevalles.com\/es\/wp-json\/wp\/v2\/media?parent=63219"}],"wp:term":[{"taxonomy":"post_tag","embeddable":true,"href":"https:\/\/turismevalles.com\/es\/wp-json\/wp\/v2\/tags?post=63219"},{"taxonomy":"poblacions","embeddable":true,"href":"https:\/\/turismevalles.com\/es\/wp-json\/wp\/v2\/poblacions?post=63219"},{"taxonomy":"mec_category","embeddable":true,"href":"https:\/\/turismevalles.com\/es\/wp-json\/wp\/v2\/mec_category?post=63219"}],"curies":[{"name":"wp","href":"https:\/\/api.w.org\/{rel}","templated":true}]}}