{"id":66864,"date":"2025-12-04T13:11:53","date_gmt":"2025-12-04T12:11:53","guid":{"rendered":"https:\/\/turismevalles.com\/events\/feria-del-mercado-de-navidad-a-les-franqueses-del-valles\/"},"modified":"2025-12-05T13:38:12","modified_gmt":"2025-12-05T12:38:12","slug":"feria-del-mercado-de-navidad-a-les-franqueses-del-valles","status":"publish","type":"mec-events","link":"https:\/\/turismevalles.com\/es\/events\/feria-del-mercado-de-navidad-a-les-franqueses-del-valles\/","title":{"rendered":"Feria del Mercado de Navidad a Les Franqueses del Vall\u00e8s"},"content":{"rendered":"<p><a href=\"https:\/\/www.lesfranqueses.cat\/actualitat\/noticies\/el-nadal-ja-es-aqui-.html#\">Para m\u00e1s informaci\u00f3n, https:\/\/circcric.com\/ca\/circ-cric-aquest-circ-es-diferent\/<\/a><\/p>\n","protected":false},"excerpt":{"rendered":"<p>Para m\u00e1s informaci\u00f3n, https:\/\/circcric.com\/ca\/circ-cric-aquest-circ-es-diferent\/<\/p>\n","protected":false},"author":5,"featured_media":66863,"comment_status":"open","ping_status":"closed","template":"","tags":[1158,956,1579],"poblacions":[903,1002],"mec_category":[970,1660,2182],"class_list":["post-66864","mec-events","type-mec-events","status-publish","has-post-thumbnail","hentry","tag-activitats-en-familia-es","tag-fira-es","tag-nadal-es","poblacions-les-franqueses-del-valles-es","poblacions-valles-oriental-es","mec_category-activitats-en-familia-es","mec_category-fires-i-festes-es","mec_category-nadal-es","generate-columns","tablet-grid-50","mobile-grid-100","grid-parent","grid-33"],"acf":[],"yoast_head":"<!-- This site is optimized with the Yoast SEO plugin v26.4 - https:\/\/yoast.com\/wordpress\/plugins\/seo\/ -->\n<title>Feria del Mercado de Navidad a Les Franqueses del Vall\u00e8s - Turisme Vall\u00e8s<\/title>\n<meta name=\"description\" content=\"Esta Navidad, les Franqueses vuelve a llenarse de luz, magia y actividades para todas les edades. La plaza de l\u2019Espolsada ser\u00e1, un a\u00f1o m\u00e1s, el gran punto de encuentro de la Feria de Navidad, con el Mercado del 12 al 14 de diciembre y la Matinal de Navidad, del dia 21 de diciembre, con numerosas actividades familiares.\" \/>\n<meta name=\"robots\" content=\"index, follow, max-snippet:-1, max-image-preview:large, max-video-preview:-1\" \/>\n<link rel=\"canonical\" href=\"https:\/\/turismevalles.com\/es\/events\/feria-del-mercado-de-navidad-a-les-franqueses-del-valles\/\" \/>\n<meta property=\"og:locale\" content=\"es_ES\" \/>\n<meta property=\"og:type\" content=\"article\" \/>\n<meta property=\"og:title\" content=\"Feria del Mercado de Navidad a Les Franqueses del Vall\u00e8s - Turisme Vall\u00e8s\" \/>\n<meta property=\"og:description\" content=\"Esta Navidad, les Franqueses vuelve a llenarse de luz, magia y actividades para todas les edades. La plaza de l\u2019Espolsada ser\u00e1, un a\u00f1o m\u00e1s, el gran punto de encuentro de la Feria de Navidad, con el Mercado del 12 al 14 de diciembre y la Matinal de Navidad, del dia 21 de diciembre, con numerosas actividades familiares.\" \/>\n<meta property=\"og:url\" content=\"https:\/\/turismevalles.com\/es\/events\/feria-del-mercado-de-navidad-a-les-franqueses-del-valles\/\" \/>\n<meta property=\"og:site_name\" content=\"Turisme Vall\u00e8s\" \/>\n<meta property=\"article:modified_time\" content=\"2025-12-05T12:38:12+00:00\" \/>\n<meta property=\"og:image\" content=\"https:\/\/turismevalles.com\/wp-content\/uploads\/2025\/12\/img151_LF.jpg\" \/>\n\t<meta property=\"og:image:width\" content=\"794\" \/>\n\t<meta property=\"og:image:height\" content=\"567\" \/>\n\t<meta property=\"og:image:type\" content=\"image\/jpeg\" \/>\n<meta name=\"twitter:card\" content=\"summary_large_image\" \/>\n<meta name=\"twitter:label1\" content=\"Tiempo de lectura\" \/>\n\t<meta name=\"twitter:data1\" content=\"1 minuto\" \/>\n<script type=\"application\/ld+json\" class=\"yoast-schema-graph\">{\"@context\":\"https:\/\/schema.org\",\"@graph\":[{\"@type\":\"WebPage\",\"@id\":\"https:\/\/turismevalles.com\/es\/events\/feria-del-mercado-de-navidad-a-les-franqueses-del-valles\/\",\"url\":\"https:\/\/turismevalles.com\/es\/events\/feria-del-mercado-de-navidad-a-les-franqueses-del-valles\/\",\"name\":\"Feria del Mercado de Navidad a Les Franqueses del Vall\u00e8s - Turisme Vall\u00e8s\",\"isPartOf\":{\"@id\":\"https:\/\/turismevalles.com\/en\/#website\"},\"primaryImageOfPage\":{\"@id\":\"https:\/\/turismevalles.com\/es\/events\/feria-del-mercado-de-navidad-a-les-franqueses-del-valles\/#primaryimage\"},\"image\":{\"@id\":\"https:\/\/turismevalles.com\/es\/events\/feria-del-mercado-de-navidad-a-les-franqueses-del-valles\/#primaryimage\"},\"thumbnailUrl\":\"https:\/\/turismevalles.com\/wp-content\/uploads\/2025\/12\/img151_LF.jpg\",\"datePublished\":\"2025-12-04T12:11:53+00:00\",\"dateModified\":\"2025-12-05T12:38:12+00:00\",\"description\":\"Esta Navidad, les Franqueses vuelve a llenarse de luz, magia y actividades para todas les edades. La plaza de l\u2019Espolsada ser\u00e1, un a\u00f1o m\u00e1s, el gran punto de encuentro de la Feria de Navidad, con el Mercado del 12 al 14 de diciembre y la Matinal de Navidad, del dia 21 de diciembre, con numerosas actividades familiares.\",\"breadcrumb\":{\"@id\":\"https:\/\/turismevalles.com\/es\/events\/feria-del-mercado-de-navidad-a-les-franqueses-del-valles\/#breadcrumb\"},\"inLanguage\":\"es\",\"potentialAction\":[{\"@type\":\"ReadAction\",\"target\":[\"https:\/\/turismevalles.com\/es\/events\/feria-del-mercado-de-navidad-a-les-franqueses-del-valles\/\"]}]},{\"@type\":\"ImageObject\",\"inLanguage\":\"es\",\"@id\":\"https:\/\/turismevalles.com\/es\/events\/feria-del-mercado-de-navidad-a-les-franqueses-del-valles\/#primaryimage\",\"url\":\"https:\/\/turismevalles.com\/wp-content\/uploads\/2025\/12\/img151_LF.jpg\",\"contentUrl\":\"https:\/\/turismevalles.com\/wp-content\/uploads\/2025\/12\/img151_LF.jpg\",\"width\":794,\"height\":567},{\"@type\":\"BreadcrumbList\",\"@id\":\"https:\/\/turismevalles.com\/es\/events\/feria-del-mercado-de-navidad-a-les-franqueses-del-valles\/#breadcrumb\",\"itemListElement\":[{\"@type\":\"ListItem\",\"position\":1,\"name\":\"Inicio\",\"item\":\"https:\/\/turismevalles.com\/es\/\"},{\"@type\":\"ListItem\",\"position\":2,\"name\":\"Esdeveniments\",\"item\":\"https:\/\/turismevalles.com\/events\/\"},{\"@type\":\"ListItem\",\"position\":3,\"name\":\"Feria del Mercado de Navidad a Les Franqueses del Vall\u00e8s\"}]},{\"@type\":\"WebSite\",\"@id\":\"https:\/\/turismevalles.com\/en\/#website\",\"url\":\"https:\/\/turismevalles.com\/en\/\",\"name\":\"Turisme Vall\u00e8s\",\"description\":\"\",\"publisher\":{\"@id\":\"https:\/\/turismevalles.com\/en\/#organization\"},\"potentialAction\":[{\"@type\":\"SearchAction\",\"target\":{\"@type\":\"EntryPoint\",\"urlTemplate\":\"https:\/\/turismevalles.com\/en\/?s={search_term_string}\"},\"query-input\":{\"@type\":\"PropertyValueSpecification\",\"valueRequired\":true,\"valueName\":\"search_term_string\"}}],\"inLanguage\":\"es\"},{\"@type\":\"Organization\",\"@id\":\"https:\/\/turismevalles.com\/en\/#organization\",\"name\":\"Turisme Vall\u00e8s\",\"url\":\"https:\/\/turismevalles.com\/en\/\",\"logo\":{\"@type\":\"ImageObject\",\"inLanguage\":\"es\",\"@id\":\"https:\/\/turismevalles.com\/en\/#\/schema\/logo\/image\/\",\"url\":\"https:\/\/turismevalles.com\/wp-content\/uploads\/2020\/08\/cropped-logo_ca-2.png\",\"contentUrl\":\"https:\/\/turismevalles.com\/wp-content\/uploads\/2020\/08\/cropped-logo_ca-2.png\",\"width\":314,\"height\":85,\"caption\":\"Turisme Vall\u00e8s\"},\"image\":{\"@id\":\"https:\/\/turismevalles.com\/en\/#\/schema\/logo\/image\/\"}}]}<\/script>\n<!-- \/ Yoast SEO plugin. -->","yoast_head_json":{"title":"Feria del Mercado de Navidad a Les Franqueses del Vall\u00e8s - Turisme Vall\u00e8s","description":"Esta Navidad, les Franqueses vuelve a llenarse de luz, magia y actividades para todas les edades. La plaza de l\u2019Espolsada ser\u00e1, un a\u00f1o m\u00e1s, el gran punto de encuentro de la Feria de Navidad, con el Mercado del 12 al 14 de diciembre y la Matinal de Navidad, del dia 21 de diciembre, con numerosas actividades familiares.","robots":{"index":"index","follow":"follow","max-snippet":"max-snippet:-1","max-image-preview":"max-image-preview:large","max-video-preview":"max-video-preview:-1"},"canonical":"https:\/\/turismevalles.com\/es\/events\/feria-del-mercado-de-navidad-a-les-franqueses-del-valles\/","og_locale":"es_ES","og_type":"article","og_title":"Feria del Mercado de Navidad a Les Franqueses del Vall\u00e8s - Turisme Vall\u00e8s","og_description":"Esta Navidad, les Franqueses vuelve a llenarse de luz, magia y actividades para todas les edades. La plaza de l\u2019Espolsada ser\u00e1, un a\u00f1o m\u00e1s, el gran punto de encuentro de la Feria de Navidad, con el Mercado del 12 al 14 de diciembre y la Matinal de Navidad, del dia 21 de diciembre, con numerosas actividades familiares.","og_url":"https:\/\/turismevalles.com\/es\/events\/feria-del-mercado-de-navidad-a-les-franqueses-del-valles\/","og_site_name":"Turisme Vall\u00e8s","article_modified_time":"2025-12-05T12:38:12+00:00","og_image":[{"width":794,"height":567,"url":"https:\/\/turismevalles.com\/wp-content\/uploads\/2025\/12\/img151_LF.jpg","type":"image\/jpeg"}],"twitter_card":"summary_large_image","twitter_misc":{"Tiempo de lectura":"1 minuto"},"schema":{"@context":"https:\/\/schema.org","@graph":[{"@type":"WebPage","@id":"https:\/\/turismevalles.com\/es\/events\/feria-del-mercado-de-navidad-a-les-franqueses-del-valles\/","url":"https:\/\/turismevalles.com\/es\/events\/feria-del-mercado-de-navidad-a-les-franqueses-del-valles\/","name":"Feria del Mercado de Navidad a Les Franqueses del Vall\u00e8s - Turisme Vall\u00e8s","isPartOf":{"@id":"https:\/\/turismevalles.com\/en\/#website"},"primaryImageOfPage":{"@id":"https:\/\/turismevalles.com\/es\/events\/feria-del-mercado-de-navidad-a-les-franqueses-del-valles\/#primaryimage"},"image":{"@id":"https:\/\/turismevalles.com\/es\/events\/feria-del-mercado-de-navidad-a-les-franqueses-del-valles\/#primaryimage"},"thumbnailUrl":"https:\/\/turismevalles.com\/wp-content\/uploads\/2025\/12\/img151_LF.jpg","datePublished":"2025-12-04T12:11:53+00:00","dateModified":"2025-12-05T12:38:12+00:00","description":"Esta Navidad, les Franqueses vuelve a llenarse de luz, magia y actividades para todas les edades. La plaza de l\u2019Espolsada ser\u00e1, un a\u00f1o m\u00e1s, el gran punto de encuentro de la Feria de Navidad, con el Mercado del 12 al 14 de diciembre y la Matinal de Navidad, del dia 21 de diciembre, con numerosas actividades familiares.","breadcrumb":{"@id":"https:\/\/turismevalles.com\/es\/events\/feria-del-mercado-de-navidad-a-les-franqueses-del-valles\/#breadcrumb"},"inLanguage":"es","potentialAction":[{"@type":"ReadAction","target":["https:\/\/turismevalles.com\/es\/events\/feria-del-mercado-de-navidad-a-les-franqueses-del-valles\/"]}]},{"@type":"ImageObject","inLanguage":"es","@id":"https:\/\/turismevalles.com\/es\/events\/feria-del-mercado-de-navidad-a-les-franqueses-del-valles\/#primaryimage","url":"https:\/\/turismevalles.com\/wp-content\/uploads\/2025\/12\/img151_LF.jpg","contentUrl":"https:\/\/turismevalles.com\/wp-content\/uploads\/2025\/12\/img151_LF.jpg","width":794,"height":567},{"@type":"BreadcrumbList","@id":"https:\/\/turismevalles.com\/es\/events\/feria-del-mercado-de-navidad-a-les-franqueses-del-valles\/#breadcrumb","itemListElement":[{"@type":"ListItem","position":1,"name":"Inicio","item":"https:\/\/turismevalles.com\/es\/"},{"@type":"ListItem","position":2,"name":"Esdeveniments","item":"https:\/\/turismevalles.com\/events\/"},{"@type":"ListItem","position":3,"name":"Feria del Mercado de Navidad a Les Franqueses del Vall\u00e8s"}]},{"@type":"WebSite","@id":"https:\/\/turismevalles.com\/en\/#website","url":"https:\/\/turismevalles.com\/en\/","name":"Turisme Vall\u00e8s","description":"","publisher":{"@id":"https:\/\/turismevalles.com\/en\/#organization"},"potentialAction":[{"@type":"SearchAction","target":{"@type":"EntryPoint","urlTemplate":"https:\/\/turismevalles.com\/en\/?s={search_term_string}"},"query-input":{"@type":"PropertyValueSpecification","valueRequired":true,"valueName":"search_term_string"}}],"inLanguage":"es"},{"@type":"Organization","@id":"https:\/\/turismevalles.com\/en\/#organization","name":"Turisme Vall\u00e8s","url":"https:\/\/turismevalles.com\/en\/","logo":{"@type":"ImageObject","inLanguage":"es","@id":"https:\/\/turismevalles.com\/en\/#\/schema\/logo\/image\/","url":"https:\/\/turismevalles.com\/wp-content\/uploads\/2020\/08\/cropped-logo_ca-2.png","contentUrl":"https:\/\/turismevalles.com\/wp-content\/uploads\/2020\/08\/cropped-logo_ca-2.png","width":314,"height":85,"caption":"Turisme Vall\u00e8s"},"image":{"@id":"https:\/\/turismevalles.com\/en\/#\/schema\/logo\/image\/"}}]}},"uagb_featured_image_src":{"full":["https:\/\/turismevalles.com\/wp-content\/uploads\/2025\/12\/img151_LF.jpg",794,567,false],"thumbnail":["https:\/\/turismevalles.com\/wp-content\/uploads\/2025\/12\/img151_LF-150x150.jpg",150,150,true],"medium":["https:\/\/turismevalles.com\/wp-content\/uploads\/2025\/12\/img151_LF-300x214.jpg",300,214,true],"medium_large":["https:\/\/turismevalles.com\/wp-content\/uploads\/2025\/12\/img151_LF-768x548.jpg",768,548,true],"large":["https:\/\/turismevalles.com\/wp-content\/uploads\/2025\/12\/img151_LF.jpg",794,567,false],"thumblist":["https:\/\/turismevalles.com\/wp-content\/uploads\/2025\/12\/img151_LF-300x300.jpg",300,300,true],"meccarouselthumb":["https:\/\/turismevalles.com\/wp-content\/uploads\/2025\/12\/img151_LF-474x324.jpg",474,324,true],"gridsquare":["https:\/\/turismevalles.com\/wp-content\/uploads\/2025\/12\/img151_LF-391x260.jpg",391,260,true],"tileview":["https:\/\/turismevalles.com\/wp-content\/uploads\/2025\/12\/img151_LF-300x400.jpg",300,400,true],"1536x1536":["https:\/\/turismevalles.com\/wp-content\/uploads\/2025\/12\/img151_LF.jpg",794,567,false],"2048x2048":["https:\/\/turismevalles.com\/wp-content\/uploads\/2025\/12\/img151_LF.jpg",794,567,false]},"uagb_author_info":{"display_name":"Turisme Valles","author_link":"https:\/\/turismevalles.com\/es\/author\/turismevallesoriental\/"},"uagb_comment_info":0,"uagb_excerpt":"Para m\u00e1s informaci\u00f3n, https:\/\/circcric.com\/ca\/circ-cric-aquest-circ-es-diferent\/","_links":{"self":[{"href":"https:\/\/turismevalles.com\/es\/wp-json\/wp\/v2\/mec-events\/66864","targetHints":{"allow":["GET"]}}],"collection":[{"href":"https:\/\/turismevalles.com\/es\/wp-json\/wp\/v2\/mec-events"}],"about":[{"href":"https:\/\/turismevalles.com\/es\/wp-json\/wp\/v2\/types\/mec-events"}],"author":[{"embeddable":true,"href":"https:\/\/turismevalles.com\/es\/wp-json\/wp\/v2\/users\/5"}],"replies":[{"embeddable":true,"href":"https:\/\/turismevalles.com\/es\/wp-json\/wp\/v2\/comments?post=66864"}],"wp:featuredmedia":[{"embeddable":true,"href":"https:\/\/turismevalles.com\/es\/wp-json\/wp\/v2\/media\/66863"}],"wp:attachment":[{"href":"https:\/\/turismevalles.com\/es\/wp-json\/wp\/v2\/media?parent=66864"}],"wp:term":[{"taxonomy":"post_tag","embeddable":true,"href":"https:\/\/turismevalles.com\/es\/wp-json\/wp\/v2\/tags?post=66864"},{"taxonomy":"poblacions","embeddable":true,"href":"https:\/\/turismevalles.com\/es\/wp-json\/wp\/v2\/poblacions?post=66864"},{"taxonomy":"mec_category","embeddable":true,"href":"https:\/\/turismevalles.com\/es\/wp-json\/wp\/v2\/mec_category?post=66864"}],"curies":[{"name":"wp","href":"https:\/\/api.w.org\/{rel}","templated":true}]}}