{"id":67067,"date":"2025-12-16T09:42:28","date_gmt":"2025-12-16T08:42:28","guid":{"rendered":"https:\/\/turismevalles.com\/events\/navidad-y-reyes-actividades-navidenas-en-mollet-del-valles\/"},"modified":"2025-12-16T09:43:39","modified_gmt":"2025-12-16T08:43:39","slug":"navidad-y-reyes-actividades-navidenas-en-mollet-del-valles","status":"publish","type":"mec-events","link":"https:\/\/turismevalles.com\/es\/events\/navidad-y-reyes-actividades-navidenas-en-mollet-del-valles\/","title":{"rendered":"Navidad y Reyes: actividades navide\u00f1as en Mollet del Vall\u00e8s"},"content":{"rendered":"<p><a href=\"https:\/\/www.molletvalles.cat\/ca\/serveis\/cultura\/calendari-festiu\/nadal-i-reis-1\/nadal-i-reis-2025-2026\">Para m\u00e1s informaci\u00f3n, <\/a><\/p>\n","protected":false},"excerpt":{"rendered":"<p>Para m\u00e1s informaci\u00f3n,<\/p>\n","protected":false},"author":5,"featured_media":67066,"comment_status":"open","ping_status":"closed","template":"","tags":[1158,1500,956,1579,2050],"poblacions":[433],"mec_category":[970,1660,2890,2864,2182,2894],"class_list":["post-67067","mec-events","type-mec-events","status-publish","has-post-thumbnail","hentry","tag-activitats-en-familia-es","tag-festa","tag-fira-es","tag-nadal-es","tag-valles-oriental-es","poblacions-mollet-del-valles-es","mec_category-activitats-en-familia-es","mec_category-fires-i-festes-es","mec_category-invierno","mec_category-musica-es","mec_category-nadal-es","mec_category-pesebre","generate-columns","tablet-grid-50","mobile-grid-100","grid-parent","grid-33"],"acf":[],"yoast_head":"<!-- This site is optimized with the Yoast SEO plugin v26.4 - https:\/\/yoast.com\/wordpress\/plugins\/seo\/ -->\n<title>Navidad y Reyes: actividades navide\u00f1as en Mollet del Vall\u00e8s - Turisme Vall\u00e8s<\/title>\n<meta name=\"description\" content=\"navidad-y-reyes-en-mollet-del-valles-mollet-brilla-contigo-valles-oriental-conca-del-besos-costa-barcelona\" \/>\n<meta name=\"robots\" content=\"index, follow, max-snippet:-1, max-image-preview:large, max-video-preview:-1\" \/>\n<link rel=\"canonical\" href=\"https:\/\/turismevalles.com\/es\/events\/navidad-y-reyes-actividades-navidenas-en-mollet-del-valles\/\" \/>\n<meta property=\"og:locale\" content=\"es_ES\" \/>\n<meta property=\"og:type\" content=\"article\" \/>\n<meta property=\"og:title\" content=\"Navidad y Reyes: actividades navide\u00f1as en Mollet del Vall\u00e8s - Turisme Vall\u00e8s\" \/>\n<meta property=\"og:description\" content=\"navidad-y-reyes-en-mollet-del-valles-mollet-brilla-contigo-valles-oriental-conca-del-besos-costa-barcelona\" \/>\n<meta property=\"og:url\" content=\"https:\/\/turismevalles.com\/es\/events\/navidad-y-reyes-actividades-navidenas-en-mollet-del-valles\/\" \/>\n<meta property=\"og:site_name\" content=\"Turisme Vall\u00e8s\" \/>\n<meta property=\"article:modified_time\" content=\"2025-12-16T08:43:39+00:00\" \/>\n<meta property=\"og:image\" content=\"https:\/\/turismevalles.com\/wp-content\/uploads\/2025\/12\/mollet_brilla_amb_tu_MOLLET.jpg\" \/>\n\t<meta property=\"og:image:width\" content=\"1312\" \/>\n\t<meta property=\"og:image:height\" content=\"1826\" \/>\n\t<meta property=\"og:image:type\" content=\"image\/jpeg\" \/>\n<meta name=\"twitter:card\" content=\"summary_large_image\" \/>\n<meta name=\"twitter:label1\" content=\"Tiempo de lectura\" \/>\n\t<meta name=\"twitter:data1\" content=\"1 minuto\" \/>\n<script type=\"application\/ld+json\" class=\"yoast-schema-graph\">{\"@context\":\"https:\/\/schema.org\",\"@graph\":[{\"@type\":\"WebPage\",\"@id\":\"https:\/\/turismevalles.com\/es\/events\/navidad-y-reyes-actividades-navidenas-en-mollet-del-valles\/\",\"url\":\"https:\/\/turismevalles.com\/es\/events\/navidad-y-reyes-actividades-navidenas-en-mollet-del-valles\/\",\"name\":\"Navidad y Reyes: actividades navide\u00f1as en Mollet del Vall\u00e8s - Turisme Vall\u00e8s\",\"isPartOf\":{\"@id\":\"https:\/\/turismevalles.com\/en\/#website\"},\"primaryImageOfPage\":{\"@id\":\"https:\/\/turismevalles.com\/es\/events\/navidad-y-reyes-actividades-navidenas-en-mollet-del-valles\/#primaryimage\"},\"image\":{\"@id\":\"https:\/\/turismevalles.com\/es\/events\/navidad-y-reyes-actividades-navidenas-en-mollet-del-valles\/#primaryimage\"},\"thumbnailUrl\":\"https:\/\/turismevalles.com\/wp-content\/uploads\/2025\/12\/mollet_brilla_amb_tu_MOLLET.jpg\",\"datePublished\":\"2025-12-16T08:42:28+00:00\",\"dateModified\":\"2025-12-16T08:43:39+00:00\",\"description\":\"navidad-y-reyes-en-mollet-del-valles-mollet-brilla-contigo-valles-oriental-conca-del-besos-costa-barcelona\",\"breadcrumb\":{\"@id\":\"https:\/\/turismevalles.com\/es\/events\/navidad-y-reyes-actividades-navidenas-en-mollet-del-valles\/#breadcrumb\"},\"inLanguage\":\"es\",\"potentialAction\":[{\"@type\":\"ReadAction\",\"target\":[\"https:\/\/turismevalles.com\/es\/events\/navidad-y-reyes-actividades-navidenas-en-mollet-del-valles\/\"]}]},{\"@type\":\"ImageObject\",\"inLanguage\":\"es\",\"@id\":\"https:\/\/turismevalles.com\/es\/events\/navidad-y-reyes-actividades-navidenas-en-mollet-del-valles\/#primaryimage\",\"url\":\"https:\/\/turismevalles.com\/wp-content\/uploads\/2025\/12\/mollet_brilla_amb_tu_MOLLET.jpg\",\"contentUrl\":\"https:\/\/turismevalles.com\/wp-content\/uploads\/2025\/12\/mollet_brilla_amb_tu_MOLLET.jpg\",\"width\":1312,\"height\":1826},{\"@type\":\"BreadcrumbList\",\"@id\":\"https:\/\/turismevalles.com\/es\/events\/navidad-y-reyes-actividades-navidenas-en-mollet-del-valles\/#breadcrumb\",\"itemListElement\":[{\"@type\":\"ListItem\",\"position\":1,\"name\":\"Inicio\",\"item\":\"https:\/\/turismevalles.com\/es\/\"},{\"@type\":\"ListItem\",\"position\":2,\"name\":\"Esdeveniments\",\"item\":\"https:\/\/turismevalles.com\/events\/\"},{\"@type\":\"ListItem\",\"position\":3,\"name\":\"Navidad y Reyes: actividades navide\u00f1as en Mollet del Vall\u00e8s\"}]},{\"@type\":\"WebSite\",\"@id\":\"https:\/\/turismevalles.com\/en\/#website\",\"url\":\"https:\/\/turismevalles.com\/en\/\",\"name\":\"Turisme Vall\u00e8s\",\"description\":\"\",\"publisher\":{\"@id\":\"https:\/\/turismevalles.com\/en\/#organization\"},\"potentialAction\":[{\"@type\":\"SearchAction\",\"target\":{\"@type\":\"EntryPoint\",\"urlTemplate\":\"https:\/\/turismevalles.com\/en\/?s={search_term_string}\"},\"query-input\":{\"@type\":\"PropertyValueSpecification\",\"valueRequired\":true,\"valueName\":\"search_term_string\"}}],\"inLanguage\":\"es\"},{\"@type\":\"Organization\",\"@id\":\"https:\/\/turismevalles.com\/en\/#organization\",\"name\":\"Turisme Vall\u00e8s\",\"url\":\"https:\/\/turismevalles.com\/en\/\",\"logo\":{\"@type\":\"ImageObject\",\"inLanguage\":\"es\",\"@id\":\"https:\/\/turismevalles.com\/en\/#\/schema\/logo\/image\/\",\"url\":\"https:\/\/turismevalles.com\/wp-content\/uploads\/2020\/08\/cropped-logo_ca-2.png\",\"contentUrl\":\"https:\/\/turismevalles.com\/wp-content\/uploads\/2020\/08\/cropped-logo_ca-2.png\",\"width\":314,\"height\":85,\"caption\":\"Turisme Vall\u00e8s\"},\"image\":{\"@id\":\"https:\/\/turismevalles.com\/en\/#\/schema\/logo\/image\/\"}}]}<\/script>\n<!-- \/ Yoast SEO plugin. -->","yoast_head_json":{"title":"Navidad y Reyes: actividades navide\u00f1as en Mollet del Vall\u00e8s - Turisme Vall\u00e8s","description":"navidad-y-reyes-en-mollet-del-valles-mollet-brilla-contigo-valles-oriental-conca-del-besos-costa-barcelona","robots":{"index":"index","follow":"follow","max-snippet":"max-snippet:-1","max-image-preview":"max-image-preview:large","max-video-preview":"max-video-preview:-1"},"canonical":"https:\/\/turismevalles.com\/es\/events\/navidad-y-reyes-actividades-navidenas-en-mollet-del-valles\/","og_locale":"es_ES","og_type":"article","og_title":"Navidad y Reyes: actividades navide\u00f1as en Mollet del Vall\u00e8s - Turisme Vall\u00e8s","og_description":"navidad-y-reyes-en-mollet-del-valles-mollet-brilla-contigo-valles-oriental-conca-del-besos-costa-barcelona","og_url":"https:\/\/turismevalles.com\/es\/events\/navidad-y-reyes-actividades-navidenas-en-mollet-del-valles\/","og_site_name":"Turisme Vall\u00e8s","article_modified_time":"2025-12-16T08:43:39+00:00","og_image":[{"width":1312,"height":1826,"url":"https:\/\/turismevalles.com\/wp-content\/uploads\/2025\/12\/mollet_brilla_amb_tu_MOLLET.jpg","type":"image\/jpeg"}],"twitter_card":"summary_large_image","twitter_misc":{"Tiempo de lectura":"1 minuto"},"schema":{"@context":"https:\/\/schema.org","@graph":[{"@type":"WebPage","@id":"https:\/\/turismevalles.com\/es\/events\/navidad-y-reyes-actividades-navidenas-en-mollet-del-valles\/","url":"https:\/\/turismevalles.com\/es\/events\/navidad-y-reyes-actividades-navidenas-en-mollet-del-valles\/","name":"Navidad y Reyes: actividades navide\u00f1as en Mollet del Vall\u00e8s - Turisme Vall\u00e8s","isPartOf":{"@id":"https:\/\/turismevalles.com\/en\/#website"},"primaryImageOfPage":{"@id":"https:\/\/turismevalles.com\/es\/events\/navidad-y-reyes-actividades-navidenas-en-mollet-del-valles\/#primaryimage"},"image":{"@id":"https:\/\/turismevalles.com\/es\/events\/navidad-y-reyes-actividades-navidenas-en-mollet-del-valles\/#primaryimage"},"thumbnailUrl":"https:\/\/turismevalles.com\/wp-content\/uploads\/2025\/12\/mollet_brilla_amb_tu_MOLLET.jpg","datePublished":"2025-12-16T08:42:28+00:00","dateModified":"2025-12-16T08:43:39+00:00","description":"navidad-y-reyes-en-mollet-del-valles-mollet-brilla-contigo-valles-oriental-conca-del-besos-costa-barcelona","breadcrumb":{"@id":"https:\/\/turismevalles.com\/es\/events\/navidad-y-reyes-actividades-navidenas-en-mollet-del-valles\/#breadcrumb"},"inLanguage":"es","potentialAction":[{"@type":"ReadAction","target":["https:\/\/turismevalles.com\/es\/events\/navidad-y-reyes-actividades-navidenas-en-mollet-del-valles\/"]}]},{"@type":"ImageObject","inLanguage":"es","@id":"https:\/\/turismevalles.com\/es\/events\/navidad-y-reyes-actividades-navidenas-en-mollet-del-valles\/#primaryimage","url":"https:\/\/turismevalles.com\/wp-content\/uploads\/2025\/12\/mollet_brilla_amb_tu_MOLLET.jpg","contentUrl":"https:\/\/turismevalles.com\/wp-content\/uploads\/2025\/12\/mollet_brilla_amb_tu_MOLLET.jpg","width":1312,"height":1826},{"@type":"BreadcrumbList","@id":"https:\/\/turismevalles.com\/es\/events\/navidad-y-reyes-actividades-navidenas-en-mollet-del-valles\/#breadcrumb","itemListElement":[{"@type":"ListItem","position":1,"name":"Inicio","item":"https:\/\/turismevalles.com\/es\/"},{"@type":"ListItem","position":2,"name":"Esdeveniments","item":"https:\/\/turismevalles.com\/events\/"},{"@type":"ListItem","position":3,"name":"Navidad y Reyes: actividades navide\u00f1as en Mollet del Vall\u00e8s"}]},{"@type":"WebSite","@id":"https:\/\/turismevalles.com\/en\/#website","url":"https:\/\/turismevalles.com\/en\/","name":"Turisme Vall\u00e8s","description":"","publisher":{"@id":"https:\/\/turismevalles.com\/en\/#organization"},"potentialAction":[{"@type":"SearchAction","target":{"@type":"EntryPoint","urlTemplate":"https:\/\/turismevalles.com\/en\/?s={search_term_string}"},"query-input":{"@type":"PropertyValueSpecification","valueRequired":true,"valueName":"search_term_string"}}],"inLanguage":"es"},{"@type":"Organization","@id":"https:\/\/turismevalles.com\/en\/#organization","name":"Turisme Vall\u00e8s","url":"https:\/\/turismevalles.com\/en\/","logo":{"@type":"ImageObject","inLanguage":"es","@id":"https:\/\/turismevalles.com\/en\/#\/schema\/logo\/image\/","url":"https:\/\/turismevalles.com\/wp-content\/uploads\/2020\/08\/cropped-logo_ca-2.png","contentUrl":"https:\/\/turismevalles.com\/wp-content\/uploads\/2020\/08\/cropped-logo_ca-2.png","width":314,"height":85,"caption":"Turisme Vall\u00e8s"},"image":{"@id":"https:\/\/turismevalles.com\/en\/#\/schema\/logo\/image\/"}}]}},"uagb_featured_image_src":{"full":["https:\/\/turismevalles.com\/wp-content\/uploads\/2025\/12\/mollet_brilla_amb_tu_MOLLET.jpg",1312,1826,false],"thumbnail":["https:\/\/turismevalles.com\/wp-content\/uploads\/2025\/12\/mollet_brilla_amb_tu_MOLLET-150x150.jpg",150,150,true],"medium":["https:\/\/turismevalles.com\/wp-content\/uploads\/2025\/12\/mollet_brilla_amb_tu_MOLLET-216x300.jpg",216,300,true],"medium_large":["https:\/\/turismevalles.com\/wp-content\/uploads\/2025\/12\/mollet_brilla_amb_tu_MOLLET-768x1069.jpg",768,1069,true],"large":["https:\/\/turismevalles.com\/wp-content\/uploads\/2025\/12\/mollet_brilla_amb_tu_MOLLET-736x1024.jpg",736,1024,true],"thumblist":["https:\/\/turismevalles.com\/wp-content\/uploads\/2025\/12\/mollet_brilla_amb_tu_MOLLET-300x300.jpg",300,300,true],"meccarouselthumb":["https:\/\/turismevalles.com\/wp-content\/uploads\/2025\/12\/mollet_brilla_amb_tu_MOLLET-474x324.jpg",474,324,true],"gridsquare":["https:\/\/turismevalles.com\/wp-content\/uploads\/2025\/12\/mollet_brilla_amb_tu_MOLLET-391x260.jpg",391,260,true],"tileview":["https:\/\/turismevalles.com\/wp-content\/uploads\/2025\/12\/mollet_brilla_amb_tu_MOLLET-300x400.jpg",300,400,true],"1536x1536":["https:\/\/turismevalles.com\/wp-content\/uploads\/2025\/12\/mollet_brilla_amb_tu_MOLLET-1104x1536.jpg",1104,1536,true],"2048x2048":["https:\/\/turismevalles.com\/wp-content\/uploads\/2025\/12\/mollet_brilla_amb_tu_MOLLET.jpg",1312,1826,false]},"uagb_author_info":{"display_name":"Turisme Valles","author_link":"https:\/\/turismevalles.com\/es\/author\/turismevallesoriental\/"},"uagb_comment_info":0,"uagb_excerpt":"Para m\u00e1s informaci\u00f3n,","_links":{"self":[{"href":"https:\/\/turismevalles.com\/es\/wp-json\/wp\/v2\/mec-events\/67067","targetHints":{"allow":["GET"]}}],"collection":[{"href":"https:\/\/turismevalles.com\/es\/wp-json\/wp\/v2\/mec-events"}],"about":[{"href":"https:\/\/turismevalles.com\/es\/wp-json\/wp\/v2\/types\/mec-events"}],"author":[{"embeddable":true,"href":"https:\/\/turismevalles.com\/es\/wp-json\/wp\/v2\/users\/5"}],"replies":[{"embeddable":true,"href":"https:\/\/turismevalles.com\/es\/wp-json\/wp\/v2\/comments?post=67067"}],"wp:featuredmedia":[{"embeddable":true,"href":"https:\/\/turismevalles.com\/es\/wp-json\/wp\/v2\/media\/67066"}],"wp:attachment":[{"href":"https:\/\/turismevalles.com\/es\/wp-json\/wp\/v2\/media?parent=67067"}],"wp:term":[{"taxonomy":"post_tag","embeddable":true,"href":"https:\/\/turismevalles.com\/es\/wp-json\/wp\/v2\/tags?post=67067"},{"taxonomy":"poblacions","embeddable":true,"href":"https:\/\/turismevalles.com\/es\/wp-json\/wp\/v2\/poblacions?post=67067"},{"taxonomy":"mec_category","embeddable":true,"href":"https:\/\/turismevalles.com\/es\/wp-json\/wp\/v2\/mec_category?post=67067"}],"curies":[{"name":"wp","href":"https:\/\/api.w.org\/{rel}","templated":true}]}}