{"id":67094,"date":"2025-12-18T11:54:33","date_gmt":"2025-12-18T10:54:33","guid":{"rendered":"https:\/\/turismevalles.com\/events\/tio-solidario-de-navidad-en-granollers\/"},"modified":"2025-12-18T11:55:22","modified_gmt":"2025-12-18T10:55:22","slug":"tio-solidario-de-navidad-en-granollers","status":"publish","type":"mec-events","link":"https:\/\/turismevalles.com\/es\/events\/tio-solidario-de-navidad-en-granollers\/","title":{"rendered":"Ti\u00f3 Solidario de Navidad en Granollers"},"content":{"rendered":"<p>Ti\u00f3 Solidario de Navidad en la plaza de la Porxada<\/p>\n<p>M\u00e1s informaci\u00f3n en <a href=\"https:\/\/www.granollers.cat\/agenda\/cultura\/ti%C3%B3-solidari-5\" target=\"_blank\" rel=\"noopener\">Navidad en Granollers 2026<\/a><\/p>\n","protected":false},"excerpt":{"rendered":"<p>Ti\u00f3 Solidario de Navidad en la plaza de la Porxada M\u00e1s informaci\u00f3n en Navidad en Granollers 2026<\/p>\n","protected":false},"author":5,"featured_media":67093,"comment_status":"open","ping_status":"closed","template":"","tags":[1158,1579,2872,2719],"poblacions":[407,1002],"mec_category":[970,929,1660,2890,2182,2887,2893,2910],"class_list":["post-67094","mec-events","type-mec-events","status-publish","has-post-thumbnail","hentry","tag-activitats-en-familia-es","tag-nadal-es","tag-navidad-2026","tag-tio-es","poblacions-granollers-es","poblacions-valles-oriental-es","mec_category-activitats-en-familia-es","mec_category-cultura-es","mec_category-fires-i-festes-es","mec_category-invierno","mec_category-nadal-es","mec_category-navidad","mec_category-solidaridad","mec_category-tio","generate-columns","tablet-grid-50","mobile-grid-100","grid-parent","grid-33"],"acf":[],"yoast_head":"<!-- This site is optimized with the Yoast SEO plugin v26.4 - https:\/\/yoast.com\/wordpress\/plugins\/seo\/ -->\n<title>Ti\u00f3 Solidario de Navidad en Granollers - Turisme Vall\u00e8s<\/title>\n<meta name=\"description\" content=\"Ti\u00f3 solidario en la plaza de la Porxada de Granollers\" \/>\n<meta name=\"robots\" content=\"index, follow, max-snippet:-1, max-image-preview:large, max-video-preview:-1\" \/>\n<link rel=\"canonical\" href=\"https:\/\/turismevalles.com\/es\/events\/tio-solidario-de-navidad-en-granollers\/\" \/>\n<meta property=\"og:locale\" content=\"es_ES\" \/>\n<meta property=\"og:type\" content=\"article\" \/>\n<meta property=\"og:title\" content=\"Ti\u00f3 Solidario de Navidad en Granollers - Turisme Vall\u00e8s\" \/>\n<meta property=\"og:description\" content=\"Ti\u00f3 solidario en la plaza de la Porxada de Granollers\" \/>\n<meta property=\"og:url\" content=\"https:\/\/turismevalles.com\/es\/events\/tio-solidario-de-navidad-en-granollers\/\" \/>\n<meta property=\"og:site_name\" content=\"Turisme Vall\u00e8s\" \/>\n<meta property=\"article:modified_time\" content=\"2025-12-18T10:55:22+00:00\" \/>\n<meta property=\"og:image\" content=\"https:\/\/turismevalles.com\/wp-content\/uploads\/2025\/12\/GRANOLLERS_tiosolidari.jpg\" \/>\n\t<meta property=\"og:image:width\" content=\"483\" \/>\n\t<meta property=\"og:image:height\" content=\"724\" \/>\n\t<meta property=\"og:image:type\" content=\"image\/jpeg\" \/>\n<meta name=\"twitter:card\" content=\"summary_large_image\" \/>\n<meta name=\"twitter:label1\" content=\"Tiempo de lectura\" \/>\n\t<meta name=\"twitter:data1\" content=\"1 minuto\" \/>\n<script type=\"application\/ld+json\" class=\"yoast-schema-graph\">{\"@context\":\"https:\/\/schema.org\",\"@graph\":[{\"@type\":\"WebPage\",\"@id\":\"https:\/\/turismevalles.com\/es\/events\/tio-solidario-de-navidad-en-granollers\/\",\"url\":\"https:\/\/turismevalles.com\/es\/events\/tio-solidario-de-navidad-en-granollers\/\",\"name\":\"Ti\u00f3 Solidario de Navidad en Granollers - Turisme Vall\u00e8s\",\"isPartOf\":{\"@id\":\"https:\/\/turismevalles.com\/en\/#website\"},\"primaryImageOfPage\":{\"@id\":\"https:\/\/turismevalles.com\/es\/events\/tio-solidario-de-navidad-en-granollers\/#primaryimage\"},\"image\":{\"@id\":\"https:\/\/turismevalles.com\/es\/events\/tio-solidario-de-navidad-en-granollers\/#primaryimage\"},\"thumbnailUrl\":\"https:\/\/turismevalles.com\/wp-content\/uploads\/2025\/12\/GRANOLLERS_tiosolidari.jpg\",\"datePublished\":\"2025-12-18T10:54:33+00:00\",\"dateModified\":\"2025-12-18T10:55:22+00:00\",\"description\":\"Ti\u00f3 solidario en la plaza de la Porxada de Granollers\",\"breadcrumb\":{\"@id\":\"https:\/\/turismevalles.com\/es\/events\/tio-solidario-de-navidad-en-granollers\/#breadcrumb\"},\"inLanguage\":\"es\",\"potentialAction\":[{\"@type\":\"ReadAction\",\"target\":[\"https:\/\/turismevalles.com\/es\/events\/tio-solidario-de-navidad-en-granollers\/\"]}]},{\"@type\":\"ImageObject\",\"inLanguage\":\"es\",\"@id\":\"https:\/\/turismevalles.com\/es\/events\/tio-solidario-de-navidad-en-granollers\/#primaryimage\",\"url\":\"https:\/\/turismevalles.com\/wp-content\/uploads\/2025\/12\/GRANOLLERS_tiosolidari.jpg\",\"contentUrl\":\"https:\/\/turismevalles.com\/wp-content\/uploads\/2025\/12\/GRANOLLERS_tiosolidari.jpg\",\"width\":483,\"height\":724,\"caption\":\"Ti\u00f3 de nadal. Typical character of Catalan culture for the Christmas season.\"},{\"@type\":\"BreadcrumbList\",\"@id\":\"https:\/\/turismevalles.com\/es\/events\/tio-solidario-de-navidad-en-granollers\/#breadcrumb\",\"itemListElement\":[{\"@type\":\"ListItem\",\"position\":1,\"name\":\"Inicio\",\"item\":\"https:\/\/turismevalles.com\/es\/\"},{\"@type\":\"ListItem\",\"position\":2,\"name\":\"Esdeveniments\",\"item\":\"https:\/\/turismevalles.com\/events\/\"},{\"@type\":\"ListItem\",\"position\":3,\"name\":\"Ti\u00f3 Solidario de Navidad en Granollers\"}]},{\"@type\":\"WebSite\",\"@id\":\"https:\/\/turismevalles.com\/en\/#website\",\"url\":\"https:\/\/turismevalles.com\/en\/\",\"name\":\"Turisme Vall\u00e8s\",\"description\":\"\",\"publisher\":{\"@id\":\"https:\/\/turismevalles.com\/en\/#organization\"},\"potentialAction\":[{\"@type\":\"SearchAction\",\"target\":{\"@type\":\"EntryPoint\",\"urlTemplate\":\"https:\/\/turismevalles.com\/en\/?s={search_term_string}\"},\"query-input\":{\"@type\":\"PropertyValueSpecification\",\"valueRequired\":true,\"valueName\":\"search_term_string\"}}],\"inLanguage\":\"es\"},{\"@type\":\"Organization\",\"@id\":\"https:\/\/turismevalles.com\/en\/#organization\",\"name\":\"Turisme Vall\u00e8s\",\"url\":\"https:\/\/turismevalles.com\/en\/\",\"logo\":{\"@type\":\"ImageObject\",\"inLanguage\":\"es\",\"@id\":\"https:\/\/turismevalles.com\/en\/#\/schema\/logo\/image\/\",\"url\":\"https:\/\/turismevalles.com\/wp-content\/uploads\/2020\/08\/cropped-logo_ca-2.png\",\"contentUrl\":\"https:\/\/turismevalles.com\/wp-content\/uploads\/2020\/08\/cropped-logo_ca-2.png\",\"width\":314,\"height\":85,\"caption\":\"Turisme Vall\u00e8s\"},\"image\":{\"@id\":\"https:\/\/turismevalles.com\/en\/#\/schema\/logo\/image\/\"}}]}<\/script>\n<!-- \/ Yoast SEO plugin. -->","yoast_head_json":{"title":"Ti\u00f3 Solidario de Navidad en Granollers - Turisme Vall\u00e8s","description":"Ti\u00f3 solidario en la plaza de la Porxada de Granollers","robots":{"index":"index","follow":"follow","max-snippet":"max-snippet:-1","max-image-preview":"max-image-preview:large","max-video-preview":"max-video-preview:-1"},"canonical":"https:\/\/turismevalles.com\/es\/events\/tio-solidario-de-navidad-en-granollers\/","og_locale":"es_ES","og_type":"article","og_title":"Ti\u00f3 Solidario de Navidad en Granollers - Turisme Vall\u00e8s","og_description":"Ti\u00f3 solidario en la plaza de la Porxada de Granollers","og_url":"https:\/\/turismevalles.com\/es\/events\/tio-solidario-de-navidad-en-granollers\/","og_site_name":"Turisme Vall\u00e8s","article_modified_time":"2025-12-18T10:55:22+00:00","og_image":[{"width":483,"height":724,"url":"https:\/\/turismevalles.com\/wp-content\/uploads\/2025\/12\/GRANOLLERS_tiosolidari.jpg","type":"image\/jpeg"}],"twitter_card":"summary_large_image","twitter_misc":{"Tiempo de lectura":"1 minuto"},"schema":{"@context":"https:\/\/schema.org","@graph":[{"@type":"WebPage","@id":"https:\/\/turismevalles.com\/es\/events\/tio-solidario-de-navidad-en-granollers\/","url":"https:\/\/turismevalles.com\/es\/events\/tio-solidario-de-navidad-en-granollers\/","name":"Ti\u00f3 Solidario de Navidad en Granollers - Turisme Vall\u00e8s","isPartOf":{"@id":"https:\/\/turismevalles.com\/en\/#website"},"primaryImageOfPage":{"@id":"https:\/\/turismevalles.com\/es\/events\/tio-solidario-de-navidad-en-granollers\/#primaryimage"},"image":{"@id":"https:\/\/turismevalles.com\/es\/events\/tio-solidario-de-navidad-en-granollers\/#primaryimage"},"thumbnailUrl":"https:\/\/turismevalles.com\/wp-content\/uploads\/2025\/12\/GRANOLLERS_tiosolidari.jpg","datePublished":"2025-12-18T10:54:33+00:00","dateModified":"2025-12-18T10:55:22+00:00","description":"Ti\u00f3 solidario en la plaza de la Porxada de Granollers","breadcrumb":{"@id":"https:\/\/turismevalles.com\/es\/events\/tio-solidario-de-navidad-en-granollers\/#breadcrumb"},"inLanguage":"es","potentialAction":[{"@type":"ReadAction","target":["https:\/\/turismevalles.com\/es\/events\/tio-solidario-de-navidad-en-granollers\/"]}]},{"@type":"ImageObject","inLanguage":"es","@id":"https:\/\/turismevalles.com\/es\/events\/tio-solidario-de-navidad-en-granollers\/#primaryimage","url":"https:\/\/turismevalles.com\/wp-content\/uploads\/2025\/12\/GRANOLLERS_tiosolidari.jpg","contentUrl":"https:\/\/turismevalles.com\/wp-content\/uploads\/2025\/12\/GRANOLLERS_tiosolidari.jpg","width":483,"height":724,"caption":"Ti\u00f3 de nadal. Typical character of Catalan culture for the Christmas season."},{"@type":"BreadcrumbList","@id":"https:\/\/turismevalles.com\/es\/events\/tio-solidario-de-navidad-en-granollers\/#breadcrumb","itemListElement":[{"@type":"ListItem","position":1,"name":"Inicio","item":"https:\/\/turismevalles.com\/es\/"},{"@type":"ListItem","position":2,"name":"Esdeveniments","item":"https:\/\/turismevalles.com\/events\/"},{"@type":"ListItem","position":3,"name":"Ti\u00f3 Solidario de Navidad en Granollers"}]},{"@type":"WebSite","@id":"https:\/\/turismevalles.com\/en\/#website","url":"https:\/\/turismevalles.com\/en\/","name":"Turisme Vall\u00e8s","description":"","publisher":{"@id":"https:\/\/turismevalles.com\/en\/#organization"},"potentialAction":[{"@type":"SearchAction","target":{"@type":"EntryPoint","urlTemplate":"https:\/\/turismevalles.com\/en\/?s={search_term_string}"},"query-input":{"@type":"PropertyValueSpecification","valueRequired":true,"valueName":"search_term_string"}}],"inLanguage":"es"},{"@type":"Organization","@id":"https:\/\/turismevalles.com\/en\/#organization","name":"Turisme Vall\u00e8s","url":"https:\/\/turismevalles.com\/en\/","logo":{"@type":"ImageObject","inLanguage":"es","@id":"https:\/\/turismevalles.com\/en\/#\/schema\/logo\/image\/","url":"https:\/\/turismevalles.com\/wp-content\/uploads\/2020\/08\/cropped-logo_ca-2.png","contentUrl":"https:\/\/turismevalles.com\/wp-content\/uploads\/2020\/08\/cropped-logo_ca-2.png","width":314,"height":85,"caption":"Turisme Vall\u00e8s"},"image":{"@id":"https:\/\/turismevalles.com\/en\/#\/schema\/logo\/image\/"}}]}},"uagb_featured_image_src":{"full":["https:\/\/turismevalles.com\/wp-content\/uploads\/2025\/12\/GRANOLLERS_tiosolidari.jpg",483,724,false],"thumbnail":["https:\/\/turismevalles.com\/wp-content\/uploads\/2025\/12\/GRANOLLERS_tiosolidari-150x150.jpg",150,150,true],"medium":["https:\/\/turismevalles.com\/wp-content\/uploads\/2025\/12\/GRANOLLERS_tiosolidari-200x300.jpg",200,300,true],"medium_large":["https:\/\/turismevalles.com\/wp-content\/uploads\/2025\/12\/GRANOLLERS_tiosolidari.jpg",483,724,false],"large":["https:\/\/turismevalles.com\/wp-content\/uploads\/2025\/12\/GRANOLLERS_tiosolidari.jpg",483,724,false],"thumblist":["https:\/\/turismevalles.com\/wp-content\/uploads\/2025\/12\/GRANOLLERS_tiosolidari-300x300.jpg",300,300,true],"meccarouselthumb":["https:\/\/turismevalles.com\/wp-content\/uploads\/2025\/12\/GRANOLLERS_tiosolidari-474x324.jpg",474,324,true],"gridsquare":["https:\/\/turismevalles.com\/wp-content\/uploads\/2025\/12\/GRANOLLERS_tiosolidari-391x260.jpg",391,260,true],"tileview":["https:\/\/turismevalles.com\/wp-content\/uploads\/2025\/12\/GRANOLLERS_tiosolidari-300x400.jpg",300,400,true],"1536x1536":["https:\/\/turismevalles.com\/wp-content\/uploads\/2025\/12\/GRANOLLERS_tiosolidari.jpg",483,724,false],"2048x2048":["https:\/\/turismevalles.com\/wp-content\/uploads\/2025\/12\/GRANOLLERS_tiosolidari.jpg",483,724,false]},"uagb_author_info":{"display_name":"Turisme Valles","author_link":"https:\/\/turismevalles.com\/es\/author\/turismevallesoriental\/"},"uagb_comment_info":0,"uagb_excerpt":"Ti\u00f3 Solidario de Navidad en la plaza de la Porxada M\u00e1s informaci\u00f3n en Navidad en Granollers 2026","_links":{"self":[{"href":"https:\/\/turismevalles.com\/es\/wp-json\/wp\/v2\/mec-events\/67094","targetHints":{"allow":["GET"]}}],"collection":[{"href":"https:\/\/turismevalles.com\/es\/wp-json\/wp\/v2\/mec-events"}],"about":[{"href":"https:\/\/turismevalles.com\/es\/wp-json\/wp\/v2\/types\/mec-events"}],"author":[{"embeddable":true,"href":"https:\/\/turismevalles.com\/es\/wp-json\/wp\/v2\/users\/5"}],"replies":[{"embeddable":true,"href":"https:\/\/turismevalles.com\/es\/wp-json\/wp\/v2\/comments?post=67094"}],"wp:featuredmedia":[{"embeddable":true,"href":"https:\/\/turismevalles.com\/es\/wp-json\/wp\/v2\/media\/67093"}],"wp:attachment":[{"href":"https:\/\/turismevalles.com\/es\/wp-json\/wp\/v2\/media?parent=67094"}],"wp:term":[{"taxonomy":"post_tag","embeddable":true,"href":"https:\/\/turismevalles.com\/es\/wp-json\/wp\/v2\/tags?post=67094"},{"taxonomy":"poblacions","embeddable":true,"href":"https:\/\/turismevalles.com\/es\/wp-json\/wp\/v2\/poblacions?post=67094"},{"taxonomy":"mec_category","embeddable":true,"href":"https:\/\/turismevalles.com\/es\/wp-json\/wp\/v2\/mec_category?post=67094"}],"curies":[{"name":"wp","href":"https:\/\/api.w.org\/{rel}","templated":true}]}}