{"id":68725,"date":"2026-03-09T13:13:50","date_gmt":"2026-03-09T12:13:50","guid":{"rendered":"https:\/\/turismevalles.com\/?post_type=mec-events&#038;p=68725"},"modified":"2026-03-09T13:21:00","modified_gmt":"2026-03-09T12:21:00","slug":"taller-de-ceramica-a-esdeve","status":"publish","type":"mec-events","link":"https:\/\/turismevalles.com\/es\/events\/taller-de-ceramica-a-esdeve\/","title":{"rendered":"Taller de cer\u00e1mica en \u00e9sdev\u00e9"},"content":{"rendered":"<p><strong>Taller de cer\u00e1mica en \u00e9sdev\u00e9<\/strong><\/p>\n<p>Con Iona Cer\u00e0mica (<a href=\"https:\/\/eur04.safelinks.protection.outlook.com\/?url=https%3A%2F%2Fwww.instagram.com%2Fiona_ceramica%2F&amp;data=05%7C02%7Cnadalrn%40vallesoriental.cat%7C7c508ff2d80e42661ece08de7905cf7e%7C5daf2afcee444bd8b585c6eea1c69bf8%7C0%7C0%7C639081263403300774%7CUnknown%7CTWFpbGZsb3d8eyJFbXB0eU1hcGkiOnRydWUsIlYiOiIwLjAuMDAwMCIsIlAiOiJXaW4zMiIsIkFOIjoiTWFpbCIsIldUIjoyfQ%3D%3D%7C0%7C%7C%7C&amp;sdata=fIB6PXX%2Bb8Io%2BGnnxhsSGP4LtEvmm%2FmCAP9jUKmKYY8%3D&amp;reserved=0\" target=\"_blank\" rel=\"noopener\">@iona_ceramica<\/a>)<\/p>\n<p>Enlace de compra:<a href=\"https:\/\/www.ionaceramica.com\/product\/taller-de-cer%C3%A0mica-i-tastets-granollers\" target=\"_blank\" rel=\"noopener\">\u00a0https:\/\/www.ionaceramica.com\/product\/taller-de-cer%C3%A0mica-i-tastets-granollers<\/a><\/p>\n<p>Org.: \u00e9sdev\u00e9<\/p>\n<p>M\u00e1s informaci\u00f3n: <a href=\"https:\/\/esdeve.eu\/\" target=\"_blank\" rel=\"noopener\">https:\/\/esdeve.eu\/<\/a><\/p>\n","protected":false},"excerpt":{"rendered":"<p>Taller de cer\u00e1mica en \u00e9sdev\u00e9 Con Iona Cer\u00e0mica (@iona_ceramica) Enlace de compra:\u00a0https:\/\/www.ionaceramica.com\/product\/taller-de-cer%C3%A0mica-i-tastets-granollers Org.: \u00e9sdev\u00e9 M\u00e1s informaci\u00f3n: https:\/\/esdeve.eu\/<\/p>\n","protected":false},"author":5,"featured_media":68726,"comment_status":"open","ping_status":"closed","template":"","tags":[1831,3077],"poblacions":[],"mec_category":[],"class_list":["post-68725","mec-events","type-mec-events","status-publish","has-post-thumbnail","hentry","tag-taller-es","tag-taller-de-ceramica","generate-columns","tablet-grid-50","mobile-grid-100","grid-parent","grid-33"],"acf":[],"yoast_head":"<!-- This site is optimized with the Yoast SEO plugin v26.4 - https:\/\/yoast.com\/wordpress\/plugins\/seo\/ -->\n<title>Taller de cer\u00e1mica en \u00e9sdev\u00e9 - Turisme Vall\u00e8s<\/title>\n<meta name=\"description\" content=\"Disfruta de un taller de cer\u00e1mica en el espacio \u00e9sdev\u00e9 de la ciudad de Granollers. Vall\u00e8s Oriental. Cerca de Barcelona.\" \/>\n<meta name=\"robots\" content=\"index, follow, max-snippet:-1, max-image-preview:large, max-video-preview:-1\" \/>\n<link rel=\"canonical\" href=\"https:\/\/turismevalles.com\/es\/events\/taller-de-ceramica-a-esdeve\/\" \/>\n<meta property=\"og:locale\" content=\"es_ES\" \/>\n<meta property=\"og:type\" content=\"article\" \/>\n<meta property=\"og:title\" content=\"Taller de cer\u00e1mica en \u00e9sdev\u00e9 - Turisme Vall\u00e8s\" \/>\n<meta property=\"og:description\" content=\"Disfruta de un taller de cer\u00e1mica en el espacio \u00e9sdev\u00e9 de la ciudad de Granollers. Vall\u00e8s Oriental. Cerca de Barcelona.\" \/>\n<meta property=\"og:url\" content=\"https:\/\/turismevalles.com\/es\/events\/taller-de-ceramica-a-esdeve\/\" \/>\n<meta property=\"og:site_name\" content=\"Turisme Vall\u00e8s\" \/>\n<meta property=\"article:modified_time\" content=\"2026-03-09T12:21:00+00:00\" \/>\n<meta property=\"og:image\" content=\"https:\/\/turismevalles.com\/wp-content\/uploads\/2026\/03\/V2_ESDEVE_CERAMICA_DSC0695_Nerea_Gaston_.jpg\" \/>\n\t<meta property=\"og:image:width\" content=\"599\" \/>\n\t<meta property=\"og:image:height\" content=\"845\" \/>\n\t<meta property=\"og:image:type\" content=\"image\/jpeg\" \/>\n<meta name=\"twitter:card\" content=\"summary_large_image\" \/>\n<meta name=\"twitter:label1\" content=\"Tiempo de lectura\" \/>\n\t<meta name=\"twitter:data1\" content=\"1 minuto\" \/>\n<script type=\"application\/ld+json\" class=\"yoast-schema-graph\">{\"@context\":\"https:\/\/schema.org\",\"@graph\":[{\"@type\":\"WebPage\",\"@id\":\"https:\/\/turismevalles.com\/es\/events\/taller-de-ceramica-a-esdeve\/\",\"url\":\"https:\/\/turismevalles.com\/es\/events\/taller-de-ceramica-a-esdeve\/\",\"name\":\"Taller de cer\u00e1mica en \u00e9sdev\u00e9 - Turisme Vall\u00e8s\",\"isPartOf\":{\"@id\":\"https:\/\/turismevalles.com\/en\/#website\"},\"primaryImageOfPage\":{\"@id\":\"https:\/\/turismevalles.com\/es\/events\/taller-de-ceramica-a-esdeve\/#primaryimage\"},\"image\":{\"@id\":\"https:\/\/turismevalles.com\/es\/events\/taller-de-ceramica-a-esdeve\/#primaryimage\"},\"thumbnailUrl\":\"https:\/\/turismevalles.com\/wp-content\/uploads\/2026\/03\/V2_ESDEVE_CERAMICA_DSC0695_Nerea_Gaston_.jpg\",\"datePublished\":\"2026-03-09T12:13:50+00:00\",\"dateModified\":\"2026-03-09T12:21:00+00:00\",\"description\":\"Disfruta de un taller de cer\u00e1mica en el espacio \u00e9sdev\u00e9 de la ciudad de Granollers. Vall\u00e8s Oriental. Cerca de Barcelona.\",\"breadcrumb\":{\"@id\":\"https:\/\/turismevalles.com\/es\/events\/taller-de-ceramica-a-esdeve\/#breadcrumb\"},\"inLanguage\":\"es\",\"potentialAction\":[{\"@type\":\"ReadAction\",\"target\":[\"https:\/\/turismevalles.com\/es\/events\/taller-de-ceramica-a-esdeve\/\"]}]},{\"@type\":\"ImageObject\",\"inLanguage\":\"es\",\"@id\":\"https:\/\/turismevalles.com\/es\/events\/taller-de-ceramica-a-esdeve\/#primaryimage\",\"url\":\"https:\/\/turismevalles.com\/wp-content\/uploads\/2026\/03\/V2_ESDEVE_CERAMICA_DSC0695_Nerea_Gaston_.jpg\",\"contentUrl\":\"https:\/\/turismevalles.com\/wp-content\/uploads\/2026\/03\/V2_ESDEVE_CERAMICA_DSC0695_Nerea_Gaston_.jpg\",\"width\":599,\"height\":845,\"caption\":\"\u00e9sdev\u00e9 Nerea Gascon\"},{\"@type\":\"BreadcrumbList\",\"@id\":\"https:\/\/turismevalles.com\/es\/events\/taller-de-ceramica-a-esdeve\/#breadcrumb\",\"itemListElement\":[{\"@type\":\"ListItem\",\"position\":1,\"name\":\"Inicio\",\"item\":\"https:\/\/turismevalles.com\/es\/\"},{\"@type\":\"ListItem\",\"position\":2,\"name\":\"Esdeveniments\",\"item\":\"https:\/\/turismevalles.com\/events\/\"},{\"@type\":\"ListItem\",\"position\":3,\"name\":\"Taller de cer\u00e1mica en \u00e9sdev\u00e9\"}]},{\"@type\":\"WebSite\",\"@id\":\"https:\/\/turismevalles.com\/en\/#website\",\"url\":\"https:\/\/turismevalles.com\/en\/\",\"name\":\"Turisme Vall\u00e8s\",\"description\":\"\",\"publisher\":{\"@id\":\"https:\/\/turismevalles.com\/en\/#organization\"},\"potentialAction\":[{\"@type\":\"SearchAction\",\"target\":{\"@type\":\"EntryPoint\",\"urlTemplate\":\"https:\/\/turismevalles.com\/en\/?s={search_term_string}\"},\"query-input\":{\"@type\":\"PropertyValueSpecification\",\"valueRequired\":true,\"valueName\":\"search_term_string\"}}],\"inLanguage\":\"es\"},{\"@type\":\"Organization\",\"@id\":\"https:\/\/turismevalles.com\/en\/#organization\",\"name\":\"Turisme Vall\u00e8s\",\"url\":\"https:\/\/turismevalles.com\/en\/\",\"logo\":{\"@type\":\"ImageObject\",\"inLanguage\":\"es\",\"@id\":\"https:\/\/turismevalles.com\/en\/#\/schema\/logo\/image\/\",\"url\":\"https:\/\/turismevalles.com\/wp-content\/uploads\/2020\/08\/cropped-logo_ca-2.png\",\"contentUrl\":\"https:\/\/turismevalles.com\/wp-content\/uploads\/2020\/08\/cropped-logo_ca-2.png\",\"width\":314,\"height\":85,\"caption\":\"Turisme Vall\u00e8s\"},\"image\":{\"@id\":\"https:\/\/turismevalles.com\/en\/#\/schema\/logo\/image\/\"}}]}<\/script>\n<!-- \/ Yoast SEO plugin. -->","yoast_head_json":{"title":"Taller de cer\u00e1mica en \u00e9sdev\u00e9 - Turisme Vall\u00e8s","description":"Disfruta de un taller de cer\u00e1mica en el espacio \u00e9sdev\u00e9 de la ciudad de Granollers. Vall\u00e8s Oriental. Cerca de Barcelona.","robots":{"index":"index","follow":"follow","max-snippet":"max-snippet:-1","max-image-preview":"max-image-preview:large","max-video-preview":"max-video-preview:-1"},"canonical":"https:\/\/turismevalles.com\/es\/events\/taller-de-ceramica-a-esdeve\/","og_locale":"es_ES","og_type":"article","og_title":"Taller de cer\u00e1mica en \u00e9sdev\u00e9 - Turisme Vall\u00e8s","og_description":"Disfruta de un taller de cer\u00e1mica en el espacio \u00e9sdev\u00e9 de la ciudad de Granollers. Vall\u00e8s Oriental. Cerca de Barcelona.","og_url":"https:\/\/turismevalles.com\/es\/events\/taller-de-ceramica-a-esdeve\/","og_site_name":"Turisme Vall\u00e8s","article_modified_time":"2026-03-09T12:21:00+00:00","og_image":[{"width":599,"height":845,"url":"https:\/\/turismevalles.com\/wp-content\/uploads\/2026\/03\/V2_ESDEVE_CERAMICA_DSC0695_Nerea_Gaston_.jpg","type":"image\/jpeg"}],"twitter_card":"summary_large_image","twitter_misc":{"Tiempo de lectura":"1 minuto"},"schema":{"@context":"https:\/\/schema.org","@graph":[{"@type":"WebPage","@id":"https:\/\/turismevalles.com\/es\/events\/taller-de-ceramica-a-esdeve\/","url":"https:\/\/turismevalles.com\/es\/events\/taller-de-ceramica-a-esdeve\/","name":"Taller de cer\u00e1mica en \u00e9sdev\u00e9 - Turisme Vall\u00e8s","isPartOf":{"@id":"https:\/\/turismevalles.com\/en\/#website"},"primaryImageOfPage":{"@id":"https:\/\/turismevalles.com\/es\/events\/taller-de-ceramica-a-esdeve\/#primaryimage"},"image":{"@id":"https:\/\/turismevalles.com\/es\/events\/taller-de-ceramica-a-esdeve\/#primaryimage"},"thumbnailUrl":"https:\/\/turismevalles.com\/wp-content\/uploads\/2026\/03\/V2_ESDEVE_CERAMICA_DSC0695_Nerea_Gaston_.jpg","datePublished":"2026-03-09T12:13:50+00:00","dateModified":"2026-03-09T12:21:00+00:00","description":"Disfruta de un taller de cer\u00e1mica en el espacio \u00e9sdev\u00e9 de la ciudad de Granollers. Vall\u00e8s Oriental. Cerca de Barcelona.","breadcrumb":{"@id":"https:\/\/turismevalles.com\/es\/events\/taller-de-ceramica-a-esdeve\/#breadcrumb"},"inLanguage":"es","potentialAction":[{"@type":"ReadAction","target":["https:\/\/turismevalles.com\/es\/events\/taller-de-ceramica-a-esdeve\/"]}]},{"@type":"ImageObject","inLanguage":"es","@id":"https:\/\/turismevalles.com\/es\/events\/taller-de-ceramica-a-esdeve\/#primaryimage","url":"https:\/\/turismevalles.com\/wp-content\/uploads\/2026\/03\/V2_ESDEVE_CERAMICA_DSC0695_Nerea_Gaston_.jpg","contentUrl":"https:\/\/turismevalles.com\/wp-content\/uploads\/2026\/03\/V2_ESDEVE_CERAMICA_DSC0695_Nerea_Gaston_.jpg","width":599,"height":845,"caption":"\u00e9sdev\u00e9 Nerea Gascon"},{"@type":"BreadcrumbList","@id":"https:\/\/turismevalles.com\/es\/events\/taller-de-ceramica-a-esdeve\/#breadcrumb","itemListElement":[{"@type":"ListItem","position":1,"name":"Inicio","item":"https:\/\/turismevalles.com\/es\/"},{"@type":"ListItem","position":2,"name":"Esdeveniments","item":"https:\/\/turismevalles.com\/events\/"},{"@type":"ListItem","position":3,"name":"Taller de cer\u00e1mica en \u00e9sdev\u00e9"}]},{"@type":"WebSite","@id":"https:\/\/turismevalles.com\/en\/#website","url":"https:\/\/turismevalles.com\/en\/","name":"Turisme Vall\u00e8s","description":"","publisher":{"@id":"https:\/\/turismevalles.com\/en\/#organization"},"potentialAction":[{"@type":"SearchAction","target":{"@type":"EntryPoint","urlTemplate":"https:\/\/turismevalles.com\/en\/?s={search_term_string}"},"query-input":{"@type":"PropertyValueSpecification","valueRequired":true,"valueName":"search_term_string"}}],"inLanguage":"es"},{"@type":"Organization","@id":"https:\/\/turismevalles.com\/en\/#organization","name":"Turisme Vall\u00e8s","url":"https:\/\/turismevalles.com\/en\/","logo":{"@type":"ImageObject","inLanguage":"es","@id":"https:\/\/turismevalles.com\/en\/#\/schema\/logo\/image\/","url":"https:\/\/turismevalles.com\/wp-content\/uploads\/2020\/08\/cropped-logo_ca-2.png","contentUrl":"https:\/\/turismevalles.com\/wp-content\/uploads\/2020\/08\/cropped-logo_ca-2.png","width":314,"height":85,"caption":"Turisme Vall\u00e8s"},"image":{"@id":"https:\/\/turismevalles.com\/en\/#\/schema\/logo\/image\/"}}]}},"uagb_featured_image_src":{"full":["https:\/\/turismevalles.com\/wp-content\/uploads\/2026\/03\/V2_ESDEVE_CERAMICA_DSC0695_Nerea_Gaston_.jpg",599,845,false],"thumbnail":["https:\/\/turismevalles.com\/wp-content\/uploads\/2026\/03\/V2_ESDEVE_CERAMICA_DSC0695_Nerea_Gaston_-150x150.jpg",150,150,true],"medium":["https:\/\/turismevalles.com\/wp-content\/uploads\/2026\/03\/V2_ESDEVE_CERAMICA_DSC0695_Nerea_Gaston_-213x300.jpg",213,300,true],"medium_large":["https:\/\/turismevalles.com\/wp-content\/uploads\/2026\/03\/V2_ESDEVE_CERAMICA_DSC0695_Nerea_Gaston_.jpg",599,845,false],"large":["https:\/\/turismevalles.com\/wp-content\/uploads\/2026\/03\/V2_ESDEVE_CERAMICA_DSC0695_Nerea_Gaston_.jpg",599,845,false],"thumblist":["https:\/\/turismevalles.com\/wp-content\/uploads\/2026\/03\/V2_ESDEVE_CERAMICA_DSC0695_Nerea_Gaston_-300x300.jpg",300,300,true],"meccarouselthumb":["https:\/\/turismevalles.com\/wp-content\/uploads\/2026\/03\/V2_ESDEVE_CERAMICA_DSC0695_Nerea_Gaston_-474x324.jpg",474,324,true],"gridsquare":["https:\/\/turismevalles.com\/wp-content\/uploads\/2026\/03\/V2_ESDEVE_CERAMICA_DSC0695_Nerea_Gaston_-391x260.jpg",391,260,true],"tileview":["https:\/\/turismevalles.com\/wp-content\/uploads\/2026\/03\/V2_ESDEVE_CERAMICA_DSC0695_Nerea_Gaston_-300x400.jpg",300,400,true],"1536x1536":["https:\/\/turismevalles.com\/wp-content\/uploads\/2026\/03\/V2_ESDEVE_CERAMICA_DSC0695_Nerea_Gaston_.jpg",599,845,false],"2048x2048":["https:\/\/turismevalles.com\/wp-content\/uploads\/2026\/03\/V2_ESDEVE_CERAMICA_DSC0695_Nerea_Gaston_.jpg",599,845,false]},"uagb_author_info":{"display_name":"Turisme Valles","author_link":"https:\/\/turismevalles.com\/es\/author\/turismevallesoriental\/"},"uagb_comment_info":0,"uagb_excerpt":"Taller de cer\u00e1mica en \u00e9sdev\u00e9 Con Iona Cer\u00e0mica (@iona_ceramica) Enlace de compra:\u00a0https:\/\/www.ionaceramica.com\/product\/taller-de-cer%C3%A0mica-i-tastets-granollers Org.: \u00e9sdev\u00e9 M\u00e1s informaci\u00f3n: https:\/\/esdeve.eu\/","_links":{"self":[{"href":"https:\/\/turismevalles.com\/es\/wp-json\/wp\/v2\/mec-events\/68725","targetHints":{"allow":["GET"]}}],"collection":[{"href":"https:\/\/turismevalles.com\/es\/wp-json\/wp\/v2\/mec-events"}],"about":[{"href":"https:\/\/turismevalles.com\/es\/wp-json\/wp\/v2\/types\/mec-events"}],"author":[{"embeddable":true,"href":"https:\/\/turismevalles.com\/es\/wp-json\/wp\/v2\/users\/5"}],"replies":[{"embeddable":true,"href":"https:\/\/turismevalles.com\/es\/wp-json\/wp\/v2\/comments?post=68725"}],"wp:featuredmedia":[{"embeddable":true,"href":"https:\/\/turismevalles.com\/es\/wp-json\/wp\/v2\/media\/68726"}],"wp:attachment":[{"href":"https:\/\/turismevalles.com\/es\/wp-json\/wp\/v2\/media?parent=68725"}],"wp:term":[{"taxonomy":"post_tag","embeddable":true,"href":"https:\/\/turismevalles.com\/es\/wp-json\/wp\/v2\/tags?post=68725"},{"taxonomy":"poblacions","embeddable":true,"href":"https:\/\/turismevalles.com\/es\/wp-json\/wp\/v2\/poblacions?post=68725"},{"taxonomy":"mec_category","embeddable":true,"href":"https:\/\/turismevalles.com\/es\/wp-json\/wp\/v2\/mec_category?post=68725"}],"curies":[{"name":"wp","href":"https:\/\/api.w.org\/{rel}","templated":true}]}}