{"id":68811,"date":"2026-03-12T14:22:08","date_gmt":"2026-03-12T13:22:08","guid":{"rendered":"https:\/\/turismevalles.com\/events\/sant-jordi-a-esdeve\/"},"modified":"2026-03-12T14:22:08","modified_gmt":"2026-03-12T13:22:08","slug":"sant-jordi-a-esdeve","status":"publish","type":"mec-events","link":"https:\/\/turismevalles.com\/es\/events\/sant-jordi-a-esdeve\/","title":{"rendered":"Sant Jordi a \u00e9sdev\u00e9"},"content":{"rendered":"<p><strong>Sant Jordi a \u00e9sdev\u00e9<\/strong><\/p>\n<p><strong>MI\u00c9RCOLES 22 DE ABRIL<\/strong><br \/>\n16 h &#8211; 21 h<br \/>\nPop-up de Sant Jordi. Un d\u00eda en que \u00e9sdev\u00e9 se transforma en una calle mas de Granollers, en la cual encontrar\u00e9is libros, rosas, m\u00fasica y gastronom\u00eda. <\/p>\n<p>19h<br \/>\nCharla de Cultura Vermutera. Explicaci\u00f3n de la historia, elaboraci\u00f3n, estilos y c\u00f3mo realizar correctamente una cata de vermut con la degustaci\u00f3n de un vermut con Ralfus de Maridamvermut. <\/p>\n<p><strong> JUEVES 23 D\u2019ABRIL<\/strong><br \/>\n10 h &#8211; 21 h<br \/>\nPop-up de Sant Jordi. Un d\u00eda en que \u00e9sdev\u00e9 se transforma en una calle nas de Granollers, en la cual encontrar\u00e9is libros, rosas, m\u00fasica y gastronom\u00eda. <\/p>\n<p>13 h<br \/>\nCharla de Cultura Vermutera. Explicaci\u00f3n de la historia, elaboraci\u00f3n, estilos y c\u00f3mo realizar correctamente una cata de vermut con la degustaci\u00f3n de un vermut con Ralfus de Maridamvermut. <\/p>\n<p>18 h<br \/>\nConcierto de poemas musicados con Marina Miralles<\/p>\n<p>M\u00e1s informaci\u00f3n en <a href=\"https:\/\/esdeve.eu\/\" target=\"_blank\" rel=\"noopener\">https:\/\/esdeve.eu\/<\/a><\/p>\n","protected":false},"excerpt":{"rendered":"<p>Sant Jordi a \u00e9sdev\u00e9 MI\u00c9RCOLES 22 DE ABRIL 16 h &#8211; 21 h Pop-up de Sant Jordi. Un d\u00eda en que \u00e9sdev\u00e9 se transforma en &#8230; <a title=\"Sant Jordi a \u00e9sdev\u00e9\" class=\"read-more\" href=\"https:\/\/turismevalles.com\/es\/events\/sant-jordi-a-esdeve\/\" aria-label=\"M\u00e1s en Sant Jordi a \u00e9sdev\u00e9\">Veure m\u00e9s<\/a><\/p>\n","protected":false},"author":5,"featured_media":68735,"comment_status":"open","ping_status":"closed","template":"","tags":[1039,1469,2385,2387],"poblacions":[],"mec_category":[],"class_list":["post-68811","mec-events","type-mec-events","status-publish","has-post-thumbnail","hentry","tag-cultura-es","tag-gastronomia-es","tag-llibres-es","tag-sant-jordi-es","generate-columns","tablet-grid-50","mobile-grid-100","grid-parent","grid-33"],"acf":[],"yoast_head":"<!-- This site is optimized with the Yoast SEO plugin v26.4 - https:\/\/yoast.com\/wordpress\/plugins\/seo\/ -->\n<title>Sant Jordi a \u00e9sdev\u00e9 - Turisme Vall\u00e8s<\/title>\n<meta name=\"description\" content=\"Gaudeix d&#039;un dels dies m\u00e9s bonics de l&#039;any amb les propostes d&#039;\u00e9dev\u00e9. Sant Jordi. Granollers. Vall\u00e8s Oriental.\" \/>\n<meta name=\"robots\" content=\"index, follow, max-snippet:-1, max-image-preview:large, max-video-preview:-1\" \/>\n<link rel=\"canonical\" href=\"https:\/\/turismevalles.com\/es\/events\/sant-jordi-a-esdeve\/\" \/>\n<meta property=\"og:locale\" content=\"es_ES\" \/>\n<meta property=\"og:type\" content=\"article\" \/>\n<meta property=\"og:title\" content=\"Sant Jordi a \u00e9sdev\u00e9 - Turisme Vall\u00e8s\" \/>\n<meta property=\"og:description\" content=\"Gaudeix d&#039;un dels dies m\u00e9s bonics de l&#039;any amb les propostes d&#039;\u00e9dev\u00e9. Sant Jordi. Granollers. Vall\u00e8s Oriental.\" \/>\n<meta property=\"og:url\" content=\"https:\/\/turismevalles.com\/es\/events\/sant-jordi-a-esdeve\/\" \/>\n<meta property=\"og:site_name\" content=\"Turisme Vall\u00e8s\" \/>\n<meta property=\"og:image\" content=\"https:\/\/turismevalles.com\/wp-content\/uploads\/2026\/03\/esdeve-x-sinonimastudio-73_.jpg\" \/>\n\t<meta property=\"og:image:width\" content=\"604\" \/>\n\t<meta property=\"og:image:height\" content=\"905\" \/>\n\t<meta property=\"og:image:type\" content=\"image\/jpeg\" \/>\n<meta name=\"twitter:card\" content=\"summary_large_image\" \/>\n<meta name=\"twitter:label1\" content=\"Tiempo de lectura\" \/>\n\t<meta name=\"twitter:data1\" content=\"1 minuto\" \/>\n<script type=\"application\/ld+json\" class=\"yoast-schema-graph\">{\"@context\":\"https:\/\/schema.org\",\"@graph\":[{\"@type\":\"WebPage\",\"@id\":\"https:\/\/turismevalles.com\/es\/events\/sant-jordi-a-esdeve\/\",\"url\":\"https:\/\/turismevalles.com\/es\/events\/sant-jordi-a-esdeve\/\",\"name\":\"Sant Jordi a \u00e9sdev\u00e9 - Turisme Vall\u00e8s\",\"isPartOf\":{\"@id\":\"https:\/\/turismevalles.com\/en\/#website\"},\"primaryImageOfPage\":{\"@id\":\"https:\/\/turismevalles.com\/es\/events\/sant-jordi-a-esdeve\/#primaryimage\"},\"image\":{\"@id\":\"https:\/\/turismevalles.com\/es\/events\/sant-jordi-a-esdeve\/#primaryimage\"},\"thumbnailUrl\":\"https:\/\/turismevalles.com\/wp-content\/uploads\/2026\/03\/esdeve-x-sinonimastudio-73_.jpg\",\"datePublished\":\"2026-03-12T13:22:08+00:00\",\"description\":\"Gaudeix d'un dels dies m\u00e9s bonics de l'any amb les propostes d'\u00e9dev\u00e9. Sant Jordi. Granollers. Vall\u00e8s Oriental.\",\"breadcrumb\":{\"@id\":\"https:\/\/turismevalles.com\/es\/events\/sant-jordi-a-esdeve\/#breadcrumb\"},\"inLanguage\":\"es\",\"potentialAction\":[{\"@type\":\"ReadAction\",\"target\":[\"https:\/\/turismevalles.com\/es\/events\/sant-jordi-a-esdeve\/\"]}]},{\"@type\":\"ImageObject\",\"inLanguage\":\"es\",\"@id\":\"https:\/\/turismevalles.com\/es\/events\/sant-jordi-a-esdeve\/#primaryimage\",\"url\":\"https:\/\/turismevalles.com\/wp-content\/uploads\/2026\/03\/esdeve-x-sinonimastudio-73_.jpg\",\"contentUrl\":\"https:\/\/turismevalles.com\/wp-content\/uploads\/2026\/03\/esdeve-x-sinonimastudio-73_.jpg\",\"width\":604,\"height\":905,\"caption\":\"esdeve\u0301 x sinonimastudio\"},{\"@type\":\"BreadcrumbList\",\"@id\":\"https:\/\/turismevalles.com\/es\/events\/sant-jordi-a-esdeve\/#breadcrumb\",\"itemListElement\":[{\"@type\":\"ListItem\",\"position\":1,\"name\":\"Inicio\",\"item\":\"https:\/\/turismevalles.com\/es\/\"},{\"@type\":\"ListItem\",\"position\":2,\"name\":\"Esdeveniments\",\"item\":\"https:\/\/turismevalles.com\/events\/\"},{\"@type\":\"ListItem\",\"position\":3,\"name\":\"Sant Jordi a \u00e9sdev\u00e9\"}]},{\"@type\":\"WebSite\",\"@id\":\"https:\/\/turismevalles.com\/en\/#website\",\"url\":\"https:\/\/turismevalles.com\/en\/\",\"name\":\"Turisme Vall\u00e8s\",\"description\":\"\",\"publisher\":{\"@id\":\"https:\/\/turismevalles.com\/en\/#organization\"},\"potentialAction\":[{\"@type\":\"SearchAction\",\"target\":{\"@type\":\"EntryPoint\",\"urlTemplate\":\"https:\/\/turismevalles.com\/en\/?s={search_term_string}\"},\"query-input\":{\"@type\":\"PropertyValueSpecification\",\"valueRequired\":true,\"valueName\":\"search_term_string\"}}],\"inLanguage\":\"es\"},{\"@type\":\"Organization\",\"@id\":\"https:\/\/turismevalles.com\/en\/#organization\",\"name\":\"Turisme Vall\u00e8s\",\"url\":\"https:\/\/turismevalles.com\/en\/\",\"logo\":{\"@type\":\"ImageObject\",\"inLanguage\":\"es\",\"@id\":\"https:\/\/turismevalles.com\/en\/#\/schema\/logo\/image\/\",\"url\":\"https:\/\/turismevalles.com\/wp-content\/uploads\/2020\/08\/cropped-logo_ca-2.png\",\"contentUrl\":\"https:\/\/turismevalles.com\/wp-content\/uploads\/2020\/08\/cropped-logo_ca-2.png\",\"width\":314,\"height\":85,\"caption\":\"Turisme Vall\u00e8s\"},\"image\":{\"@id\":\"https:\/\/turismevalles.com\/en\/#\/schema\/logo\/image\/\"}}]}<\/script>\n<!-- \/ Yoast SEO plugin. -->","yoast_head_json":{"title":"Sant Jordi a \u00e9sdev\u00e9 - Turisme Vall\u00e8s","description":"Gaudeix d'un dels dies m\u00e9s bonics de l'any amb les propostes d'\u00e9dev\u00e9. Sant Jordi. Granollers. Vall\u00e8s Oriental.","robots":{"index":"index","follow":"follow","max-snippet":"max-snippet:-1","max-image-preview":"max-image-preview:large","max-video-preview":"max-video-preview:-1"},"canonical":"https:\/\/turismevalles.com\/es\/events\/sant-jordi-a-esdeve\/","og_locale":"es_ES","og_type":"article","og_title":"Sant Jordi a \u00e9sdev\u00e9 - Turisme Vall\u00e8s","og_description":"Gaudeix d'un dels dies m\u00e9s bonics de l'any amb les propostes d'\u00e9dev\u00e9. Sant Jordi. Granollers. Vall\u00e8s Oriental.","og_url":"https:\/\/turismevalles.com\/es\/events\/sant-jordi-a-esdeve\/","og_site_name":"Turisme Vall\u00e8s","og_image":[{"width":604,"height":905,"url":"https:\/\/turismevalles.com\/wp-content\/uploads\/2026\/03\/esdeve-x-sinonimastudio-73_.jpg","type":"image\/jpeg"}],"twitter_card":"summary_large_image","twitter_misc":{"Tiempo de lectura":"1 minuto"},"schema":{"@context":"https:\/\/schema.org","@graph":[{"@type":"WebPage","@id":"https:\/\/turismevalles.com\/es\/events\/sant-jordi-a-esdeve\/","url":"https:\/\/turismevalles.com\/es\/events\/sant-jordi-a-esdeve\/","name":"Sant Jordi a \u00e9sdev\u00e9 - Turisme Vall\u00e8s","isPartOf":{"@id":"https:\/\/turismevalles.com\/en\/#website"},"primaryImageOfPage":{"@id":"https:\/\/turismevalles.com\/es\/events\/sant-jordi-a-esdeve\/#primaryimage"},"image":{"@id":"https:\/\/turismevalles.com\/es\/events\/sant-jordi-a-esdeve\/#primaryimage"},"thumbnailUrl":"https:\/\/turismevalles.com\/wp-content\/uploads\/2026\/03\/esdeve-x-sinonimastudio-73_.jpg","datePublished":"2026-03-12T13:22:08+00:00","description":"Gaudeix d'un dels dies m\u00e9s bonics de l'any amb les propostes d'\u00e9dev\u00e9. Sant Jordi. Granollers. Vall\u00e8s Oriental.","breadcrumb":{"@id":"https:\/\/turismevalles.com\/es\/events\/sant-jordi-a-esdeve\/#breadcrumb"},"inLanguage":"es","potentialAction":[{"@type":"ReadAction","target":["https:\/\/turismevalles.com\/es\/events\/sant-jordi-a-esdeve\/"]}]},{"@type":"ImageObject","inLanguage":"es","@id":"https:\/\/turismevalles.com\/es\/events\/sant-jordi-a-esdeve\/#primaryimage","url":"https:\/\/turismevalles.com\/wp-content\/uploads\/2026\/03\/esdeve-x-sinonimastudio-73_.jpg","contentUrl":"https:\/\/turismevalles.com\/wp-content\/uploads\/2026\/03\/esdeve-x-sinonimastudio-73_.jpg","width":604,"height":905,"caption":"esdeve\u0301 x sinonimastudio"},{"@type":"BreadcrumbList","@id":"https:\/\/turismevalles.com\/es\/events\/sant-jordi-a-esdeve\/#breadcrumb","itemListElement":[{"@type":"ListItem","position":1,"name":"Inicio","item":"https:\/\/turismevalles.com\/es\/"},{"@type":"ListItem","position":2,"name":"Esdeveniments","item":"https:\/\/turismevalles.com\/events\/"},{"@type":"ListItem","position":3,"name":"Sant Jordi a \u00e9sdev\u00e9"}]},{"@type":"WebSite","@id":"https:\/\/turismevalles.com\/en\/#website","url":"https:\/\/turismevalles.com\/en\/","name":"Turisme Vall\u00e8s","description":"","publisher":{"@id":"https:\/\/turismevalles.com\/en\/#organization"},"potentialAction":[{"@type":"SearchAction","target":{"@type":"EntryPoint","urlTemplate":"https:\/\/turismevalles.com\/en\/?s={search_term_string}"},"query-input":{"@type":"PropertyValueSpecification","valueRequired":true,"valueName":"search_term_string"}}],"inLanguage":"es"},{"@type":"Organization","@id":"https:\/\/turismevalles.com\/en\/#organization","name":"Turisme Vall\u00e8s","url":"https:\/\/turismevalles.com\/en\/","logo":{"@type":"ImageObject","inLanguage":"es","@id":"https:\/\/turismevalles.com\/en\/#\/schema\/logo\/image\/","url":"https:\/\/turismevalles.com\/wp-content\/uploads\/2020\/08\/cropped-logo_ca-2.png","contentUrl":"https:\/\/turismevalles.com\/wp-content\/uploads\/2020\/08\/cropped-logo_ca-2.png","width":314,"height":85,"caption":"Turisme Vall\u00e8s"},"image":{"@id":"https:\/\/turismevalles.com\/en\/#\/schema\/logo\/image\/"}}]}},"uagb_featured_image_src":{"full":["https:\/\/turismevalles.com\/wp-content\/uploads\/2026\/03\/esdeve-x-sinonimastudio-73_.jpg",604,905,false],"thumbnail":["https:\/\/turismevalles.com\/wp-content\/uploads\/2026\/03\/esdeve-x-sinonimastudio-73_-150x150.jpg",150,150,true],"medium":["https:\/\/turismevalles.com\/wp-content\/uploads\/2026\/03\/esdeve-x-sinonimastudio-73_-200x300.jpg",200,300,true],"medium_large":["https:\/\/turismevalles.com\/wp-content\/uploads\/2026\/03\/esdeve-x-sinonimastudio-73_.jpg",604,905,false],"large":["https:\/\/turismevalles.com\/wp-content\/uploads\/2026\/03\/esdeve-x-sinonimastudio-73_.jpg",604,905,false],"thumblist":["https:\/\/turismevalles.com\/wp-content\/uploads\/2026\/03\/esdeve-x-sinonimastudio-73_-300x300.jpg",300,300,true],"meccarouselthumb":["https:\/\/turismevalles.com\/wp-content\/uploads\/2026\/03\/esdeve-x-sinonimastudio-73_-474x324.jpg",474,324,true],"gridsquare":["https:\/\/turismevalles.com\/wp-content\/uploads\/2026\/03\/esdeve-x-sinonimastudio-73_-391x260.jpg",391,260,true],"tileview":["https:\/\/turismevalles.com\/wp-content\/uploads\/2026\/03\/esdeve-x-sinonimastudio-73_-300x400.jpg",300,400,true],"1536x1536":["https:\/\/turismevalles.com\/wp-content\/uploads\/2026\/03\/esdeve-x-sinonimastudio-73_.jpg",604,905,false],"2048x2048":["https:\/\/turismevalles.com\/wp-content\/uploads\/2026\/03\/esdeve-x-sinonimastudio-73_.jpg",604,905,false]},"uagb_author_info":{"display_name":"Turisme Valles","author_link":"https:\/\/turismevalles.com\/es\/author\/turismevallesoriental\/"},"uagb_comment_info":0,"uagb_excerpt":"Sant Jordi a \u00e9sdev\u00e9 MI\u00c9RCOLES 22 DE ABRIL 16 h &#8211; 21 h Pop-up de Sant Jordi. Un d\u00eda en que \u00e9sdev\u00e9 se transforma en ... Veure m\u00e9s","_links":{"self":[{"href":"https:\/\/turismevalles.com\/es\/wp-json\/wp\/v2\/mec-events\/68811","targetHints":{"allow":["GET"]}}],"collection":[{"href":"https:\/\/turismevalles.com\/es\/wp-json\/wp\/v2\/mec-events"}],"about":[{"href":"https:\/\/turismevalles.com\/es\/wp-json\/wp\/v2\/types\/mec-events"}],"author":[{"embeddable":true,"href":"https:\/\/turismevalles.com\/es\/wp-json\/wp\/v2\/users\/5"}],"replies":[{"embeddable":true,"href":"https:\/\/turismevalles.com\/es\/wp-json\/wp\/v2\/comments?post=68811"}],"wp:featuredmedia":[{"embeddable":true,"href":"https:\/\/turismevalles.com\/es\/wp-json\/wp\/v2\/media\/68735"}],"wp:attachment":[{"href":"https:\/\/turismevalles.com\/es\/wp-json\/wp\/v2\/media?parent=68811"}],"wp:term":[{"taxonomy":"post_tag","embeddable":true,"href":"https:\/\/turismevalles.com\/es\/wp-json\/wp\/v2\/tags?post=68811"},{"taxonomy":"poblacions","embeddable":true,"href":"https:\/\/turismevalles.com\/es\/wp-json\/wp\/v2\/poblacions?post=68811"},{"taxonomy":"mec_category","embeddable":true,"href":"https:\/\/turismevalles.com\/es\/wp-json\/wp\/v2\/mec_category?post=68811"}],"curies":[{"name":"wp","href":"https:\/\/api.w.org\/{rel}","templated":true}]}}