{"id":71311,"date":"2026-06-08T12:27:32","date_gmt":"2026-06-08T10:27:32","guid":{"rendered":"https:\/\/turismevalles.com\/events\/presentacion-del-mapa-cartografico-de-la-ruta-gravel-del-valles-oriental-granollers\/"},"modified":"2026-06-08T12:29:00","modified_gmt":"2026-06-08T10:29:00","slug":"presentacion-del-mapa-cartografico-de-la-ruta-gravel-del-valles-oriental-granollers","status":"publish","type":"mec-events","link":"https:\/\/turismevalles.com\/es\/events\/presentacion-del-mapa-cartografico-de-la-ruta-gravel-del-valles-oriental-granollers\/","title":{"rendered":"Presentaci\u00f3n del mapa cartogr\u00e1fico de la Ruta Gravel del Vall\u00e8s Oriental -Granollers-"},"content":{"rendered":"<p>Ven a conocer el mapa y la propuesta de ruta gravel de la comarca.<\/p>\n<p>La ruta se divide en 6 etapas, con un tiempo medio estimado de 3 a 4 horas diarias, sin contar las paradas.<\/p>\n<p>La distancia total es de 343 km y el desnivel acumulado de 1.213 m de media.<\/p>\n<p>La presentaci\u00f3n ser\u00e1 en Ravet Bike Granollers.<\/p>\n<p>Calle de Joanot Martorell, 272 &#8211; 08403 Granollers<\/p>\n<p>Para m\u00e1s informaci\u00f3n, <a href=\"https:\/\/www.vallesoriental.cat\/2028-el-consell\/lorganitzacio\/agenda-de-la-institucio\/presentacio-mapa-ruta-de-gravel-valles-oriental.html#\">clicar aqu\u00ed<\/a><\/p>\n<p>&nbsp;<\/p>\n<p>&nbsp;<\/p>\n<p>&nbsp;<\/p>\n","protected":false},"excerpt":{"rendered":"<p>Ven a conocer el mapa y la propuesta de ruta gravel de la comarca. La ruta se divide en 6 etapas, con un tiempo medio &#8230; <a title=\"Presentaci\u00f3n del mapa cartogr\u00e1fico de la Ruta Gravel del Vall\u00e8s Oriental -Granollers-\" class=\"read-more\" href=\"https:\/\/turismevalles.com\/es\/events\/presentacion-del-mapa-cartografico-de-la-ruta-gravel-del-valles-oriental-granollers\/\" aria-label=\"M\u00e1s en Presentaci\u00f3n del mapa cartogr\u00e1fico de la Ruta Gravel del Vall\u00e8s Oriental -Granollers-\">Veure m\u00e9s<\/a><\/p>\n","protected":false},"author":5,"featured_media":71308,"comment_status":"open","ping_status":"closed","template":"","tags":[2768,2095,990,3365,2649,3364,3363],"poblacions":[407],"mec_category":[3362,914,3361],"class_list":["post-71311","mec-events","type-mec-events","status-publish","has-post-thumbnail","hentry","tag-benestar-es","tag-ciclisme-es","tag-esport-es","tag-etapas","tag-gravel","tag-mapa-cartografico","tag-ruta-gravel","poblacions-granollers-es","mec_category-cicloturismo","mec_category-esport-es","mec_category-ruta-gravel","generate-columns","tablet-grid-50","mobile-grid-100","grid-parent","grid-33"],"acf":[],"yoast_head":"<!-- This site is optimized with the Yoast SEO plugin v26.4 - https:\/\/yoast.com\/wordpress\/plugins\/seo\/ -->\n<title>Presentaci\u00f3n del mapa cartogr\u00e1fico de la Ruta Gravel del Vall\u00e8s Oriental -Granollers- Turisme Vall\u00e8s<\/title>\n<meta name=\"description\" content=\"Presentaci\u00f3n-mapa-cartografico-de-la-Ruta-Gravel-del-Vall\u00e8s-Oriental-Granollers-capital-valles-oriental-rio-congost-costa-barcelona-circuit-de-catalunya\" \/>\n<meta name=\"robots\" content=\"index, follow, max-snippet:-1, max-image-preview:large, max-video-preview:-1\" \/>\n<link rel=\"canonical\" href=\"https:\/\/turismevalles.com\/es\/events\/presentacion-del-mapa-cartografico-de-la-ruta-gravel-del-valles-oriental-granollers\/\" \/>\n<meta property=\"og:locale\" content=\"es_ES\" \/>\n<meta property=\"og:type\" content=\"article\" \/>\n<meta property=\"og:title\" content=\"Presentaci\u00f3n del mapa cartogr\u00e1fico de la Ruta Gravel del Vall\u00e8s Oriental -Granollers- Turisme Vall\u00e8s\" \/>\n<meta property=\"og:description\" content=\"Presentaci\u00f3n-mapa-cartografico-de-la-Ruta-Gravel-del-Vall\u00e8s-Oriental-Granollers-capital-valles-oriental-rio-congost-costa-barcelona-circuit-de-catalunya\" \/>\n<meta property=\"og:url\" content=\"https:\/\/turismevalles.com\/es\/events\/presentacion-del-mapa-cartografico-de-la-ruta-gravel-del-valles-oriental-granollers\/\" \/>\n<meta property=\"og:site_name\" content=\"Turisme Vall\u00e8s\" \/>\n<meta property=\"article:modified_time\" content=\"2026-06-08T10:29:00+00:00\" \/>\n<meta property=\"og:image\" content=\"https:\/\/turismevalles.com\/wp-content\/uploads\/2026\/06\/mapa-1006206-1024x683.png\" \/>\n\t<meta property=\"og:image:width\" content=\"1024\" \/>\n\t<meta property=\"og:image:height\" content=\"683\" \/>\n\t<meta property=\"og:image:type\" content=\"image\/png\" \/>\n<meta name=\"twitter:card\" content=\"summary_large_image\" \/>\n<meta name=\"twitter:label1\" content=\"Tiempo de lectura\" \/>\n\t<meta name=\"twitter:data1\" content=\"1 minuto\" \/>\n<script type=\"application\/ld+json\" class=\"yoast-schema-graph\">{\"@context\":\"https:\/\/schema.org\",\"@graph\":[{\"@type\":\"WebPage\",\"@id\":\"https:\/\/turismevalles.com\/es\/events\/presentacion-del-mapa-cartografico-de-la-ruta-gravel-del-valles-oriental-granollers\/\",\"url\":\"https:\/\/turismevalles.com\/es\/events\/presentacion-del-mapa-cartografico-de-la-ruta-gravel-del-valles-oriental-granollers\/\",\"name\":\"Presentaci\u00f3n del mapa cartogr\u00e1fico de la Ruta Gravel del Vall\u00e8s Oriental -Granollers- Turisme Vall\u00e8s\",\"isPartOf\":{\"@id\":\"https:\/\/turismevalles.com\/en\/#website\"},\"primaryImageOfPage\":{\"@id\":\"https:\/\/turismevalles.com\/es\/events\/presentacion-del-mapa-cartografico-de-la-ruta-gravel-del-valles-oriental-granollers\/#primaryimage\"},\"image\":{\"@id\":\"https:\/\/turismevalles.com\/es\/events\/presentacion-del-mapa-cartografico-de-la-ruta-gravel-del-valles-oriental-granollers\/#primaryimage\"},\"thumbnailUrl\":\"https:\/\/turismevalles.com\/wp-content\/uploads\/2026\/06\/mapa-1006206.png\",\"datePublished\":\"2026-06-08T10:27:32+00:00\",\"dateModified\":\"2026-06-08T10:29:00+00:00\",\"description\":\"Presentaci\u00f3n-mapa-cartografico-de-la-Ruta-Gravel-del-Vall\u00e8s-Oriental-Granollers-capital-valles-oriental-rio-congost-costa-barcelona-circuit-de-catalunya\",\"breadcrumb\":{\"@id\":\"https:\/\/turismevalles.com\/es\/events\/presentacion-del-mapa-cartografico-de-la-ruta-gravel-del-valles-oriental-granollers\/#breadcrumb\"},\"inLanguage\":\"es\",\"potentialAction\":[{\"@type\":\"ReadAction\",\"target\":[\"https:\/\/turismevalles.com\/es\/events\/presentacion-del-mapa-cartografico-de-la-ruta-gravel-del-valles-oriental-granollers\/\"]}]},{\"@type\":\"ImageObject\",\"inLanguage\":\"es\",\"@id\":\"https:\/\/turismevalles.com\/es\/events\/presentacion-del-mapa-cartografico-de-la-ruta-gravel-del-valles-oriental-granollers\/#primaryimage\",\"url\":\"https:\/\/turismevalles.com\/wp-content\/uploads\/2026\/06\/mapa-1006206.png\",\"contentUrl\":\"https:\/\/turismevalles.com\/wp-content\/uploads\/2026\/06\/mapa-1006206.png\",\"width\":1999,\"height\":1333},{\"@type\":\"BreadcrumbList\",\"@id\":\"https:\/\/turismevalles.com\/es\/events\/presentacion-del-mapa-cartografico-de-la-ruta-gravel-del-valles-oriental-granollers\/#breadcrumb\",\"itemListElement\":[{\"@type\":\"ListItem\",\"position\":1,\"name\":\"Inicio\",\"item\":\"https:\/\/turismevalles.com\/es\/\"},{\"@type\":\"ListItem\",\"position\":2,\"name\":\"Esdeveniments\",\"item\":\"https:\/\/turismevalles.com\/events\/\"},{\"@type\":\"ListItem\",\"position\":3,\"name\":\"Presentaci\u00f3n del mapa cartogr\u00e1fico de la Ruta Gravel del Vall\u00e8s Oriental -Granollers-\"}]},{\"@type\":\"WebSite\",\"@id\":\"https:\/\/turismevalles.com\/en\/#website\",\"url\":\"https:\/\/turismevalles.com\/en\/\",\"name\":\"Turisme Vall\u00e8s\",\"description\":\"\",\"publisher\":{\"@id\":\"https:\/\/turismevalles.com\/en\/#organization\"},\"potentialAction\":[{\"@type\":\"SearchAction\",\"target\":{\"@type\":\"EntryPoint\",\"urlTemplate\":\"https:\/\/turismevalles.com\/en\/?s={search_term_string}\"},\"query-input\":{\"@type\":\"PropertyValueSpecification\",\"valueRequired\":true,\"valueName\":\"search_term_string\"}}],\"inLanguage\":\"es\"},{\"@type\":\"Organization\",\"@id\":\"https:\/\/turismevalles.com\/en\/#organization\",\"name\":\"Turisme Vall\u00e8s\",\"url\":\"https:\/\/turismevalles.com\/en\/\",\"logo\":{\"@type\":\"ImageObject\",\"inLanguage\":\"es\",\"@id\":\"https:\/\/turismevalles.com\/en\/#\/schema\/logo\/image\/\",\"url\":\"https:\/\/turismevalles.com\/wp-content\/uploads\/2020\/08\/cropped-logo_ca-2.png\",\"contentUrl\":\"https:\/\/turismevalles.com\/wp-content\/uploads\/2020\/08\/cropped-logo_ca-2.png\",\"width\":314,\"height\":85,\"caption\":\"Turisme Vall\u00e8s\"},\"image\":{\"@id\":\"https:\/\/turismevalles.com\/en\/#\/schema\/logo\/image\/\"}}]}<\/script>\n<!-- \/ Yoast SEO plugin. -->","yoast_head_json":{"title":"Presentaci\u00f3n del mapa cartogr\u00e1fico de la Ruta Gravel del Vall\u00e8s Oriental -Granollers- Turisme Vall\u00e8s","description":"Presentaci\u00f3n-mapa-cartografico-de-la-Ruta-Gravel-del-Vall\u00e8s-Oriental-Granollers-capital-valles-oriental-rio-congost-costa-barcelona-circuit-de-catalunya","robots":{"index":"index","follow":"follow","max-snippet":"max-snippet:-1","max-image-preview":"max-image-preview:large","max-video-preview":"max-video-preview:-1"},"canonical":"https:\/\/turismevalles.com\/es\/events\/presentacion-del-mapa-cartografico-de-la-ruta-gravel-del-valles-oriental-granollers\/","og_locale":"es_ES","og_type":"article","og_title":"Presentaci\u00f3n del mapa cartogr\u00e1fico de la Ruta Gravel del Vall\u00e8s Oriental -Granollers- Turisme Vall\u00e8s","og_description":"Presentaci\u00f3n-mapa-cartografico-de-la-Ruta-Gravel-del-Vall\u00e8s-Oriental-Granollers-capital-valles-oriental-rio-congost-costa-barcelona-circuit-de-catalunya","og_url":"https:\/\/turismevalles.com\/es\/events\/presentacion-del-mapa-cartografico-de-la-ruta-gravel-del-valles-oriental-granollers\/","og_site_name":"Turisme Vall\u00e8s","article_modified_time":"2026-06-08T10:29:00+00:00","og_image":[{"width":1024,"height":683,"url":"https:\/\/turismevalles.com\/wp-content\/uploads\/2026\/06\/mapa-1006206-1024x683.png","type":"image\/png"}],"twitter_card":"summary_large_image","twitter_misc":{"Tiempo de lectura":"1 minuto"},"schema":{"@context":"https:\/\/schema.org","@graph":[{"@type":"WebPage","@id":"https:\/\/turismevalles.com\/es\/events\/presentacion-del-mapa-cartografico-de-la-ruta-gravel-del-valles-oriental-granollers\/","url":"https:\/\/turismevalles.com\/es\/events\/presentacion-del-mapa-cartografico-de-la-ruta-gravel-del-valles-oriental-granollers\/","name":"Presentaci\u00f3n del mapa cartogr\u00e1fico de la Ruta Gravel del Vall\u00e8s Oriental -Granollers- Turisme Vall\u00e8s","isPartOf":{"@id":"https:\/\/turismevalles.com\/en\/#website"},"primaryImageOfPage":{"@id":"https:\/\/turismevalles.com\/es\/events\/presentacion-del-mapa-cartografico-de-la-ruta-gravel-del-valles-oriental-granollers\/#primaryimage"},"image":{"@id":"https:\/\/turismevalles.com\/es\/events\/presentacion-del-mapa-cartografico-de-la-ruta-gravel-del-valles-oriental-granollers\/#primaryimage"},"thumbnailUrl":"https:\/\/turismevalles.com\/wp-content\/uploads\/2026\/06\/mapa-1006206.png","datePublished":"2026-06-08T10:27:32+00:00","dateModified":"2026-06-08T10:29:00+00:00","description":"Presentaci\u00f3n-mapa-cartografico-de-la-Ruta-Gravel-del-Vall\u00e8s-Oriental-Granollers-capital-valles-oriental-rio-congost-costa-barcelona-circuit-de-catalunya","breadcrumb":{"@id":"https:\/\/turismevalles.com\/es\/events\/presentacion-del-mapa-cartografico-de-la-ruta-gravel-del-valles-oriental-granollers\/#breadcrumb"},"inLanguage":"es","potentialAction":[{"@type":"ReadAction","target":["https:\/\/turismevalles.com\/es\/events\/presentacion-del-mapa-cartografico-de-la-ruta-gravel-del-valles-oriental-granollers\/"]}]},{"@type":"ImageObject","inLanguage":"es","@id":"https:\/\/turismevalles.com\/es\/events\/presentacion-del-mapa-cartografico-de-la-ruta-gravel-del-valles-oriental-granollers\/#primaryimage","url":"https:\/\/turismevalles.com\/wp-content\/uploads\/2026\/06\/mapa-1006206.png","contentUrl":"https:\/\/turismevalles.com\/wp-content\/uploads\/2026\/06\/mapa-1006206.png","width":1999,"height":1333},{"@type":"BreadcrumbList","@id":"https:\/\/turismevalles.com\/es\/events\/presentacion-del-mapa-cartografico-de-la-ruta-gravel-del-valles-oriental-granollers\/#breadcrumb","itemListElement":[{"@type":"ListItem","position":1,"name":"Inicio","item":"https:\/\/turismevalles.com\/es\/"},{"@type":"ListItem","position":2,"name":"Esdeveniments","item":"https:\/\/turismevalles.com\/events\/"},{"@type":"ListItem","position":3,"name":"Presentaci\u00f3n del mapa cartogr\u00e1fico de la Ruta Gravel del Vall\u00e8s Oriental -Granollers-"}]},{"@type":"WebSite","@id":"https:\/\/turismevalles.com\/en\/#website","url":"https:\/\/turismevalles.com\/en\/","name":"Turisme Vall\u00e8s","description":"","publisher":{"@id":"https:\/\/turismevalles.com\/en\/#organization"},"potentialAction":[{"@type":"SearchAction","target":{"@type":"EntryPoint","urlTemplate":"https:\/\/turismevalles.com\/en\/?s={search_term_string}"},"query-input":{"@type":"PropertyValueSpecification","valueRequired":true,"valueName":"search_term_string"}}],"inLanguage":"es"},{"@type":"Organization","@id":"https:\/\/turismevalles.com\/en\/#organization","name":"Turisme Vall\u00e8s","url":"https:\/\/turismevalles.com\/en\/","logo":{"@type":"ImageObject","inLanguage":"es","@id":"https:\/\/turismevalles.com\/en\/#\/schema\/logo\/image\/","url":"https:\/\/turismevalles.com\/wp-content\/uploads\/2020\/08\/cropped-logo_ca-2.png","contentUrl":"https:\/\/turismevalles.com\/wp-content\/uploads\/2020\/08\/cropped-logo_ca-2.png","width":314,"height":85,"caption":"Turisme Vall\u00e8s"},"image":{"@id":"https:\/\/turismevalles.com\/en\/#\/schema\/logo\/image\/"}}]}},"uagb_featured_image_src":{"full":["https:\/\/turismevalles.com\/wp-content\/uploads\/2026\/06\/mapa-1006206.png",1999,1333,false],"thumbnail":["https:\/\/turismevalles.com\/wp-content\/uploads\/2026\/06\/mapa-1006206-150x150.png",150,150,true],"medium":["https:\/\/turismevalles.com\/wp-content\/uploads\/2026\/06\/mapa-1006206-300x200.png",300,200,true],"medium_large":["https:\/\/turismevalles.com\/wp-content\/uploads\/2026\/06\/mapa-1006206-768x512.png",768,512,true],"large":["https:\/\/turismevalles.com\/wp-content\/uploads\/2026\/06\/mapa-1006206-1024x683.png",1024,683,true],"thumblist":["https:\/\/turismevalles.com\/wp-content\/uploads\/2026\/06\/mapa-1006206-300x300.png",300,300,true],"meccarouselthumb":["https:\/\/turismevalles.com\/wp-content\/uploads\/2026\/06\/mapa-1006206-474x324.png",474,324,true],"gridsquare":["https:\/\/turismevalles.com\/wp-content\/uploads\/2026\/06\/mapa-1006206-391x260.png",391,260,true],"tileview":["https:\/\/turismevalles.com\/wp-content\/uploads\/2026\/06\/mapa-1006206-300x400.png",300,400,true],"1536x1536":["https:\/\/turismevalles.com\/wp-content\/uploads\/2026\/06\/mapa-1006206-1536x1024.png",1536,1024,true],"2048x2048":["https:\/\/turismevalles.com\/wp-content\/uploads\/2026\/06\/mapa-1006206.png",1999,1333,false]},"uagb_author_info":{"display_name":"Turisme Valles","author_link":"https:\/\/turismevalles.com\/es\/author\/turismevallesoriental\/"},"uagb_comment_info":0,"uagb_excerpt":"Ven a conocer el mapa y la propuesta de ruta gravel de la comarca. La ruta se divide en 6 etapas, con un tiempo medio ... Veure m\u00e9s","_links":{"self":[{"href":"https:\/\/turismevalles.com\/es\/wp-json\/wp\/v2\/mec-events\/71311","targetHints":{"allow":["GET"]}}],"collection":[{"href":"https:\/\/turismevalles.com\/es\/wp-json\/wp\/v2\/mec-events"}],"about":[{"href":"https:\/\/turismevalles.com\/es\/wp-json\/wp\/v2\/types\/mec-events"}],"author":[{"embeddable":true,"href":"https:\/\/turismevalles.com\/es\/wp-json\/wp\/v2\/users\/5"}],"replies":[{"embeddable":true,"href":"https:\/\/turismevalles.com\/es\/wp-json\/wp\/v2\/comments?post=71311"}],"wp:featuredmedia":[{"embeddable":true,"href":"https:\/\/turismevalles.com\/es\/wp-json\/wp\/v2\/media\/71308"}],"wp:attachment":[{"href":"https:\/\/turismevalles.com\/es\/wp-json\/wp\/v2\/media?parent=71311"}],"wp:term":[{"taxonomy":"post_tag","embeddable":true,"href":"https:\/\/turismevalles.com\/es\/wp-json\/wp\/v2\/tags?post=71311"},{"taxonomy":"poblacions","embeddable":true,"href":"https:\/\/turismevalles.com\/es\/wp-json\/wp\/v2\/poblacions?post=71311"},{"taxonomy":"mec_category","embeddable":true,"href":"https:\/\/turismevalles.com\/es\/wp-json\/wp\/v2\/mec_category?post=71311"}],"curies":[{"name":"wp","href":"https:\/\/api.w.org\/{rel}","templated":true}]}}