{"id":71585,"date":"2026-06-15T09:44:04","date_gmt":"2026-06-15T07:44:04","guid":{"rendered":"https:\/\/turismevalles.com\/events\/noche-de-san-juan-verbenas-populares-y-actividades-en-mollet-del-valles\/"},"modified":"2026-06-15T11:32:46","modified_gmt":"2026-06-15T09:32:46","slug":"noche-de-san-juan-verbenas-populares-y-actividades-en-mollet-del-valles","status":"publish","type":"mec-events","link":"https:\/\/turismevalles.com\/es\/events\/noche-de-san-juan-verbenas-populares-y-actividades-en-mollet-del-valles\/","title":{"rendered":"Verbenas populares y actividades para la noche de San Juan en Mollet del Vall\u00e8s"},"content":{"rendered":"<p>Vervenas populares en diferentes lugares y la verbena sardanista llenan la noche m\u00e1s corta del a\u00f1o en Mollet del Vall\u00e8s.<\/p>\n<p>Para m\u00e1s informaci\u00f3n consulta la agenda <a href=\"https:\/\/www.molletvalles.cat\/ca\/actualitat\/agenda?search-text=&amp;category=ALL&amp;location=ALL&amp;date=2026-06-23\">aqu\u00ed<\/a><\/p>\n<p>&nbsp;<\/p>\n<p>&nbsp;<\/p>\n","protected":false},"excerpt":{"rendered":"<p>Vervenas populares en diferentes lugares y la verbena sardanista llenan la noche m\u00e1s corta del a\u00f1o en Mollet del Vall\u00e8s. Para m\u00e1s informaci\u00f3n consulta la &#8230; <a title=\"Verbenas populares y actividades para la noche de San Juan en Mollet del Vall\u00e8s\" class=\"read-more\" href=\"https:\/\/turismevalles.com\/es\/events\/noche-de-san-juan-verbenas-populares-y-actividades-en-mollet-del-valles\/\" aria-label=\"M\u00e1s en Verbenas populares y actividades para la noche de San Juan en Mollet del Vall\u00e8s\">Veure m\u00e9s<\/a><\/p>\n","protected":false},"author":5,"featured_media":71584,"comment_status":"open","ping_status":"closed","template":"","tags":[1158,1039,3381,2006,2427],"poblacions":[433],"mec_category":[970,929,2987,2996],"class_list":["post-71585","mec-events","type-mec-events","status-publish","has-post-thumbnail","hentry","tag-activitats-en-familia-es","tag-cultura-es","tag-fogata","tag-revetlla-es","tag-sant-joan-es","poblacions-mollet-del-valles-es","mec_category-activitats-en-familia-es","mec_category-cultura-es","mec_category-sardanas","mec_category-tradiciones","generate-columns","tablet-grid-50","mobile-grid-100","grid-parent","grid-33"],"acf":[],"yoast_head":"<!-- This site is optimized with the Yoast SEO plugin v26.4 - https:\/\/yoast.com\/wordpress\/plugins\/seo\/ -->\n<title>Verbenas populares y actividades para la noche de San Juan en Mollet del Vall\u00e8s - Turisme Vall\u00e8s<\/title>\n<meta name=\"description\" content=\"verbena-sant-joan-la-noche-m\u00e1s-corta-del-a\u00f1o-valles-oriental-mollet-del-valles-conca-besos-costa-barcelona-espai-rural-gallecs\" \/>\n<meta name=\"robots\" content=\"index, follow, max-snippet:-1, max-image-preview:large, max-video-preview:-1\" \/>\n<link rel=\"canonical\" href=\"https:\/\/turismevalles.com\/es\/events\/noche-de-san-juan-verbenas-populares-y-actividades-en-mollet-del-valles\/\" \/>\n<meta property=\"og:locale\" content=\"es_ES\" \/>\n<meta property=\"og:type\" content=\"article\" \/>\n<meta property=\"og:title\" content=\"Verbenas populares y actividades para la noche de San Juan en Mollet del Vall\u00e8s - Turisme Vall\u00e8s\" \/>\n<meta property=\"og:description\" content=\"verbena-sant-joan-la-noche-m\u00e1s-corta-del-a\u00f1o-valles-oriental-mollet-del-valles-conca-besos-costa-barcelona-espai-rural-gallecs\" \/>\n<meta property=\"og:url\" content=\"https:\/\/turismevalles.com\/es\/events\/noche-de-san-juan-verbenas-populares-y-actividades-en-mollet-del-valles\/\" \/>\n<meta property=\"og:site_name\" content=\"Turisme Vall\u00e8s\" \/>\n<meta property=\"article:modified_time\" content=\"2026-06-15T09:32:46+00:00\" \/>\n<meta property=\"og:image\" content=\"https:\/\/turismevalles.com\/wp-content\/uploads\/2026\/06\/sant-joan-mollet.png\" \/>\n\t<meta property=\"og:image:width\" content=\"700\" \/>\n\t<meta property=\"og:image:height\" content=\"467\" \/>\n\t<meta property=\"og:image:type\" content=\"image\/png\" \/>\n<meta name=\"twitter:card\" content=\"summary_large_image\" \/>\n<meta name=\"twitter:label1\" content=\"Tiempo de lectura\" \/>\n\t<meta name=\"twitter:data1\" content=\"1 minuto\" \/>\n<script type=\"application\/ld+json\" class=\"yoast-schema-graph\">{\"@context\":\"https:\/\/schema.org\",\"@graph\":[{\"@type\":\"WebPage\",\"@id\":\"https:\/\/turismevalles.com\/es\/events\/noche-de-san-juan-verbenas-populares-y-actividades-en-mollet-del-valles\/\",\"url\":\"https:\/\/turismevalles.com\/es\/events\/noche-de-san-juan-verbenas-populares-y-actividades-en-mollet-del-valles\/\",\"name\":\"Verbenas populares y actividades para la noche de San Juan en Mollet del Vall\u00e8s - Turisme Vall\u00e8s\",\"isPartOf\":{\"@id\":\"https:\/\/turismevalles.com\/en\/#website\"},\"primaryImageOfPage\":{\"@id\":\"https:\/\/turismevalles.com\/es\/events\/noche-de-san-juan-verbenas-populares-y-actividades-en-mollet-del-valles\/#primaryimage\"},\"image\":{\"@id\":\"https:\/\/turismevalles.com\/es\/events\/noche-de-san-juan-verbenas-populares-y-actividades-en-mollet-del-valles\/#primaryimage\"},\"thumbnailUrl\":\"https:\/\/turismevalles.com\/wp-content\/uploads\/2026\/06\/sant-joan-mollet.png\",\"datePublished\":\"2026-06-15T07:44:04+00:00\",\"dateModified\":\"2026-06-15T09:32:46+00:00\",\"description\":\"verbena-sant-joan-la-noche-m\u00e1s-corta-del-a\u00f1o-valles-oriental-mollet-del-valles-conca-besos-costa-barcelona-espai-rural-gallecs\",\"breadcrumb\":{\"@id\":\"https:\/\/turismevalles.com\/es\/events\/noche-de-san-juan-verbenas-populares-y-actividades-en-mollet-del-valles\/#breadcrumb\"},\"inLanguage\":\"es\",\"potentialAction\":[{\"@type\":\"ReadAction\",\"target\":[\"https:\/\/turismevalles.com\/es\/events\/noche-de-san-juan-verbenas-populares-y-actividades-en-mollet-del-valles\/\"]}]},{\"@type\":\"ImageObject\",\"inLanguage\":\"es\",\"@id\":\"https:\/\/turismevalles.com\/es\/events\/noche-de-san-juan-verbenas-populares-y-actividades-en-mollet-del-valles\/#primaryimage\",\"url\":\"https:\/\/turismevalles.com\/wp-content\/uploads\/2026\/06\/sant-joan-mollet.png\",\"contentUrl\":\"https:\/\/turismevalles.com\/wp-content\/uploads\/2026\/06\/sant-joan-mollet.png\",\"width\":700,\"height\":467},{\"@type\":\"BreadcrumbList\",\"@id\":\"https:\/\/turismevalles.com\/es\/events\/noche-de-san-juan-verbenas-populares-y-actividades-en-mollet-del-valles\/#breadcrumb\",\"itemListElement\":[{\"@type\":\"ListItem\",\"position\":1,\"name\":\"Inicio\",\"item\":\"https:\/\/turismevalles.com\/es\/\"},{\"@type\":\"ListItem\",\"position\":2,\"name\":\"Esdeveniments\",\"item\":\"https:\/\/turismevalles.com\/events\/\"},{\"@type\":\"ListItem\",\"position\":3,\"name\":\"Verbenas populares y actividades para la noche de San Juan en Mollet del Vall\u00e8s\"}]},{\"@type\":\"WebSite\",\"@id\":\"https:\/\/turismevalles.com\/en\/#website\",\"url\":\"https:\/\/turismevalles.com\/en\/\",\"name\":\"Turisme Vall\u00e8s\",\"description\":\"\",\"publisher\":{\"@id\":\"https:\/\/turismevalles.com\/en\/#organization\"},\"potentialAction\":[{\"@type\":\"SearchAction\",\"target\":{\"@type\":\"EntryPoint\",\"urlTemplate\":\"https:\/\/turismevalles.com\/en\/?s={search_term_string}\"},\"query-input\":{\"@type\":\"PropertyValueSpecification\",\"valueRequired\":true,\"valueName\":\"search_term_string\"}}],\"inLanguage\":\"es\"},{\"@type\":\"Organization\",\"@id\":\"https:\/\/turismevalles.com\/en\/#organization\",\"name\":\"Turisme Vall\u00e8s\",\"url\":\"https:\/\/turismevalles.com\/en\/\",\"logo\":{\"@type\":\"ImageObject\",\"inLanguage\":\"es\",\"@id\":\"https:\/\/turismevalles.com\/en\/#\/schema\/logo\/image\/\",\"url\":\"https:\/\/turismevalles.com\/wp-content\/uploads\/2020\/08\/cropped-logo_ca-2.png\",\"contentUrl\":\"https:\/\/turismevalles.com\/wp-content\/uploads\/2020\/08\/cropped-logo_ca-2.png\",\"width\":314,\"height\":85,\"caption\":\"Turisme Vall\u00e8s\"},\"image\":{\"@id\":\"https:\/\/turismevalles.com\/en\/#\/schema\/logo\/image\/\"}}]}<\/script>\n<!-- \/ Yoast SEO plugin. -->","yoast_head_json":{"title":"Verbenas populares y actividades para la noche de San Juan en Mollet del Vall\u00e8s - Turisme Vall\u00e8s","description":"verbena-sant-joan-la-noche-m\u00e1s-corta-del-a\u00f1o-valles-oriental-mollet-del-valles-conca-besos-costa-barcelona-espai-rural-gallecs","robots":{"index":"index","follow":"follow","max-snippet":"max-snippet:-1","max-image-preview":"max-image-preview:large","max-video-preview":"max-video-preview:-1"},"canonical":"https:\/\/turismevalles.com\/es\/events\/noche-de-san-juan-verbenas-populares-y-actividades-en-mollet-del-valles\/","og_locale":"es_ES","og_type":"article","og_title":"Verbenas populares y actividades para la noche de San Juan en Mollet del Vall\u00e8s - Turisme Vall\u00e8s","og_description":"verbena-sant-joan-la-noche-m\u00e1s-corta-del-a\u00f1o-valles-oriental-mollet-del-valles-conca-besos-costa-barcelona-espai-rural-gallecs","og_url":"https:\/\/turismevalles.com\/es\/events\/noche-de-san-juan-verbenas-populares-y-actividades-en-mollet-del-valles\/","og_site_name":"Turisme Vall\u00e8s","article_modified_time":"2026-06-15T09:32:46+00:00","og_image":[{"width":700,"height":467,"url":"https:\/\/turismevalles.com\/wp-content\/uploads\/2026\/06\/sant-joan-mollet.png","type":"image\/png"}],"twitter_card":"summary_large_image","twitter_misc":{"Tiempo de lectura":"1 minuto"},"schema":{"@context":"https:\/\/schema.org","@graph":[{"@type":"WebPage","@id":"https:\/\/turismevalles.com\/es\/events\/noche-de-san-juan-verbenas-populares-y-actividades-en-mollet-del-valles\/","url":"https:\/\/turismevalles.com\/es\/events\/noche-de-san-juan-verbenas-populares-y-actividades-en-mollet-del-valles\/","name":"Verbenas populares y actividades para la noche de San Juan en Mollet del Vall\u00e8s - Turisme Vall\u00e8s","isPartOf":{"@id":"https:\/\/turismevalles.com\/en\/#website"},"primaryImageOfPage":{"@id":"https:\/\/turismevalles.com\/es\/events\/noche-de-san-juan-verbenas-populares-y-actividades-en-mollet-del-valles\/#primaryimage"},"image":{"@id":"https:\/\/turismevalles.com\/es\/events\/noche-de-san-juan-verbenas-populares-y-actividades-en-mollet-del-valles\/#primaryimage"},"thumbnailUrl":"https:\/\/turismevalles.com\/wp-content\/uploads\/2026\/06\/sant-joan-mollet.png","datePublished":"2026-06-15T07:44:04+00:00","dateModified":"2026-06-15T09:32:46+00:00","description":"verbena-sant-joan-la-noche-m\u00e1s-corta-del-a\u00f1o-valles-oriental-mollet-del-valles-conca-besos-costa-barcelona-espai-rural-gallecs","breadcrumb":{"@id":"https:\/\/turismevalles.com\/es\/events\/noche-de-san-juan-verbenas-populares-y-actividades-en-mollet-del-valles\/#breadcrumb"},"inLanguage":"es","potentialAction":[{"@type":"ReadAction","target":["https:\/\/turismevalles.com\/es\/events\/noche-de-san-juan-verbenas-populares-y-actividades-en-mollet-del-valles\/"]}]},{"@type":"ImageObject","inLanguage":"es","@id":"https:\/\/turismevalles.com\/es\/events\/noche-de-san-juan-verbenas-populares-y-actividades-en-mollet-del-valles\/#primaryimage","url":"https:\/\/turismevalles.com\/wp-content\/uploads\/2026\/06\/sant-joan-mollet.png","contentUrl":"https:\/\/turismevalles.com\/wp-content\/uploads\/2026\/06\/sant-joan-mollet.png","width":700,"height":467},{"@type":"BreadcrumbList","@id":"https:\/\/turismevalles.com\/es\/events\/noche-de-san-juan-verbenas-populares-y-actividades-en-mollet-del-valles\/#breadcrumb","itemListElement":[{"@type":"ListItem","position":1,"name":"Inicio","item":"https:\/\/turismevalles.com\/es\/"},{"@type":"ListItem","position":2,"name":"Esdeveniments","item":"https:\/\/turismevalles.com\/events\/"},{"@type":"ListItem","position":3,"name":"Verbenas populares y actividades para la noche de San Juan en Mollet del Vall\u00e8s"}]},{"@type":"WebSite","@id":"https:\/\/turismevalles.com\/en\/#website","url":"https:\/\/turismevalles.com\/en\/","name":"Turisme Vall\u00e8s","description":"","publisher":{"@id":"https:\/\/turismevalles.com\/en\/#organization"},"potentialAction":[{"@type":"SearchAction","target":{"@type":"EntryPoint","urlTemplate":"https:\/\/turismevalles.com\/en\/?s={search_term_string}"},"query-input":{"@type":"PropertyValueSpecification","valueRequired":true,"valueName":"search_term_string"}}],"inLanguage":"es"},{"@type":"Organization","@id":"https:\/\/turismevalles.com\/en\/#organization","name":"Turisme Vall\u00e8s","url":"https:\/\/turismevalles.com\/en\/","logo":{"@type":"ImageObject","inLanguage":"es","@id":"https:\/\/turismevalles.com\/en\/#\/schema\/logo\/image\/","url":"https:\/\/turismevalles.com\/wp-content\/uploads\/2020\/08\/cropped-logo_ca-2.png","contentUrl":"https:\/\/turismevalles.com\/wp-content\/uploads\/2020\/08\/cropped-logo_ca-2.png","width":314,"height":85,"caption":"Turisme Vall\u00e8s"},"image":{"@id":"https:\/\/turismevalles.com\/en\/#\/schema\/logo\/image\/"}}]}},"uagb_featured_image_src":{"full":["https:\/\/turismevalles.com\/wp-content\/uploads\/2026\/06\/sant-joan-mollet.png",700,467,false],"thumbnail":["https:\/\/turismevalles.com\/wp-content\/uploads\/2026\/06\/sant-joan-mollet-150x150.png",150,150,true],"medium":["https:\/\/turismevalles.com\/wp-content\/uploads\/2026\/06\/sant-joan-mollet-300x200.png",300,200,true],"medium_large":["https:\/\/turismevalles.com\/wp-content\/uploads\/2026\/06\/sant-joan-mollet.png",700,467,false],"large":["https:\/\/turismevalles.com\/wp-content\/uploads\/2026\/06\/sant-joan-mollet.png",700,467,false],"thumblist":["https:\/\/turismevalles.com\/wp-content\/uploads\/2026\/06\/sant-joan-mollet-300x300.png",300,300,true],"meccarouselthumb":["https:\/\/turismevalles.com\/wp-content\/uploads\/2026\/06\/sant-joan-mollet-474x324.png",474,324,true],"gridsquare":["https:\/\/turismevalles.com\/wp-content\/uploads\/2026\/06\/sant-joan-mollet-391x260.png",391,260,true],"tileview":["https:\/\/turismevalles.com\/wp-content\/uploads\/2026\/06\/sant-joan-mollet-300x400.png",300,400,true],"1536x1536":["https:\/\/turismevalles.com\/wp-content\/uploads\/2026\/06\/sant-joan-mollet.png",700,467,false],"2048x2048":["https:\/\/turismevalles.com\/wp-content\/uploads\/2026\/06\/sant-joan-mollet.png",700,467,false]},"uagb_author_info":{"display_name":"Turisme Valles","author_link":"https:\/\/turismevalles.com\/es\/author\/turismevallesoriental\/"},"uagb_comment_info":0,"uagb_excerpt":"Vervenas populares en diferentes lugares y la verbena sardanista llenan la noche m\u00e1s corta del a\u00f1o en Mollet del Vall\u00e8s. Para m\u00e1s informaci\u00f3n consulta la ... Veure m\u00e9s","_links":{"self":[{"href":"https:\/\/turismevalles.com\/es\/wp-json\/wp\/v2\/mec-events\/71585","targetHints":{"allow":["GET"]}}],"collection":[{"href":"https:\/\/turismevalles.com\/es\/wp-json\/wp\/v2\/mec-events"}],"about":[{"href":"https:\/\/turismevalles.com\/es\/wp-json\/wp\/v2\/types\/mec-events"}],"author":[{"embeddable":true,"href":"https:\/\/turismevalles.com\/es\/wp-json\/wp\/v2\/users\/5"}],"replies":[{"embeddable":true,"href":"https:\/\/turismevalles.com\/es\/wp-json\/wp\/v2\/comments?post=71585"}],"wp:featuredmedia":[{"embeddable":true,"href":"https:\/\/turismevalles.com\/es\/wp-json\/wp\/v2\/media\/71584"}],"wp:attachment":[{"href":"https:\/\/turismevalles.com\/es\/wp-json\/wp\/v2\/media?parent=71585"}],"wp:term":[{"taxonomy":"post_tag","embeddable":true,"href":"https:\/\/turismevalles.com\/es\/wp-json\/wp\/v2\/tags?post=71585"},{"taxonomy":"poblacions","embeddable":true,"href":"https:\/\/turismevalles.com\/es\/wp-json\/wp\/v2\/poblacions?post=71585"},{"taxonomy":"mec_category","embeddable":true,"href":"https:\/\/turismevalles.com\/es\/wp-json\/wp\/v2\/mec_category?post=71585"}],"curies":[{"name":"wp","href":"https:\/\/api.w.org\/{rel}","templated":true}]}}