{"id":71821,"date":"2026-06-29T12:52:32","date_gmt":"2026-06-29T10:52:32","guid":{"rendered":"https:\/\/turismevalles.com\/events\/salida-de-la-tercera-etapa-del-tour-de-france-en-granollers\/"},"modified":"2026-06-30T11:20:36","modified_gmt":"2026-06-30T09:20:36","slug":"salida-de-la-tercera-etapa-del-tour-de-france-en-granollers","status":"publish","type":"mec-events","link":"https:\/\/turismevalles.com\/es\/events\/salida-de-la-tercera-etapa-del-tour-de-france-en-granollers\/","title":{"rendered":"Salida de la tercera etapa del Tour de France en Granollers"},"content":{"rendered":"<p>El lunes 6 de julio Granollers acoger\u00e1 la salida de la 3a etapa del Tour de Francia en el marco del Grand D\u00e9part Barcelona 2026.<\/p>\n<p>La etapa recorrer\u00e1 197 kil\u00f3metros, de Granollers a Les Angles.<\/p>\n<p>La salida tendr\u00e1 lugar a las 12.10 h desde la calle Ramon Llull n\u00famero 20, donde tambi\u00e9n se ubicar\u00e1 el Village del Tour, punto de encuentro de los aficionados y donde se har\u00e1 la presentaci\u00f3n de los ciclistas instantes antes del inicio de la etapa.<br \/>\nPara m\u00e1s informaci\u00f3n, <a href=\"https:\/\/www.eltouragranollers.cat\/actualitat-1\/la-ciutat-es-prepara-per-la-sortida-de-la-3a-etapa-del-tour-de-frana-a-granollers\">clicar aqu\u00ed<\/a><\/p>\n","protected":false},"excerpt":{"rendered":"<p>El lunes 6 de julio Granollers acoger\u00e1 la salida de la 3a etapa del Tour de Francia en el marco del Grand D\u00e9part Barcelona 2026. &#8230; <a title=\"Salida de la tercera etapa del Tour de France en Granollers\" class=\"read-more\" href=\"https:\/\/turismevalles.com\/es\/events\/salida-de-la-tercera-etapa-del-tour-de-france-en-granollers\/\" aria-label=\"M\u00e1s en Salida de la tercera etapa del Tour de France en Granollers\">Veure m\u00e9s<\/a><\/p>\n","protected":false},"author":5,"featured_media":71820,"comment_status":"open","ping_status":"closed","template":"","tags":[2095,990,3407,3406],"poblacions":[407],"mec_category":[2861,3136],"class_list":["post-71821","mec-events","type-mec-events","status-publish","has-post-thumbnail","hentry","tag-ciclisme-es","tag-esport-es","tag-grand-depart","tag-le-tour-de-france-2","poblacions-granollers-es","mec_category-ciclismo","mec_category-salida","generate-columns","tablet-grid-50","mobile-grid-100","grid-parent","grid-33"],"acf":[],"yoast_head":"<!-- This site is optimized with the Yoast SEO plugin v26.4 - https:\/\/yoast.com\/wordpress\/plugins\/seo\/ -->\n<title>Salida de la tercera etapa del Tour de France en Granollers - Turisme Vall\u00e8s<\/title>\n<meta name=\"description\" content=\"Salida-de-la-tercera-etapa-del-Tour-de-France-a-Granollers-capital-comarca-Vall\u00e8s-Oriental-costa-Barcelona\" \/>\n<meta name=\"robots\" content=\"index, follow, max-snippet:-1, max-image-preview:large, max-video-preview:-1\" \/>\n<link rel=\"canonical\" href=\"https:\/\/turismevalles.com\/es\/events\/salida-de-la-tercera-etapa-del-tour-de-france-en-granollers\/\" \/>\n<meta property=\"og:locale\" content=\"es_ES\" \/>\n<meta property=\"og:type\" content=\"article\" \/>\n<meta property=\"og:title\" content=\"Salida de la tercera etapa del Tour de France en Granollers - Turisme Vall\u00e8s\" \/>\n<meta property=\"og:description\" content=\"Salida-de-la-tercera-etapa-del-Tour-de-France-a-Granollers-capital-comarca-Vall\u00e8s-Oriental-costa-Barcelona\" \/>\n<meta property=\"og:url\" content=\"https:\/\/turismevalles.com\/es\/events\/salida-de-la-tercera-etapa-del-tour-de-france-en-granollers\/\" \/>\n<meta property=\"og:site_name\" content=\"Turisme Vall\u00e8s\" \/>\n<meta property=\"article:modified_time\" content=\"2026-06-30T09:20:36+00:00\" \/>\n<meta property=\"og:image\" content=\"https:\/\/turismevalles.com\/wp-content\/uploads\/2026\/06\/foto_tour_noticia_granollers.webp\" \/>\n\t<meta property=\"og:image:width\" content=\"1600\" \/>\n\t<meta property=\"og:image:height\" content=\"900\" \/>\n\t<meta property=\"og:image:type\" content=\"image\/webp\" \/>\n<meta name=\"twitter:card\" content=\"summary_large_image\" \/>\n<meta name=\"twitter:label1\" content=\"Tiempo de lectura\" \/>\n\t<meta name=\"twitter:data1\" content=\"1 minuto\" \/>\n<script type=\"application\/ld+json\" class=\"yoast-schema-graph\">{\"@context\":\"https:\/\/schema.org\",\"@graph\":[{\"@type\":\"WebPage\",\"@id\":\"https:\/\/turismevalles.com\/es\/events\/salida-de-la-tercera-etapa-del-tour-de-france-en-granollers\/\",\"url\":\"https:\/\/turismevalles.com\/es\/events\/salida-de-la-tercera-etapa-del-tour-de-france-en-granollers\/\",\"name\":\"Salida de la tercera etapa del Tour de France en Granollers - Turisme Vall\u00e8s\",\"isPartOf\":{\"@id\":\"https:\/\/turismevalles.com\/en\/#website\"},\"primaryImageOfPage\":{\"@id\":\"https:\/\/turismevalles.com\/es\/events\/salida-de-la-tercera-etapa-del-tour-de-france-en-granollers\/#primaryimage\"},\"image\":{\"@id\":\"https:\/\/turismevalles.com\/es\/events\/salida-de-la-tercera-etapa-del-tour-de-france-en-granollers\/#primaryimage\"},\"thumbnailUrl\":\"https:\/\/turismevalles.com\/wp-content\/uploads\/2026\/06\/foto_tour_noticia_granollers.webp\",\"datePublished\":\"2026-06-29T10:52:32+00:00\",\"dateModified\":\"2026-06-30T09:20:36+00:00\",\"description\":\"Salida-de-la-tercera-etapa-del-Tour-de-France-a-Granollers-capital-comarca-Vall\u00e8s-Oriental-costa-Barcelona\",\"breadcrumb\":{\"@id\":\"https:\/\/turismevalles.com\/es\/events\/salida-de-la-tercera-etapa-del-tour-de-france-en-granollers\/#breadcrumb\"},\"inLanguage\":\"es\",\"potentialAction\":[{\"@type\":\"ReadAction\",\"target\":[\"https:\/\/turismevalles.com\/es\/events\/salida-de-la-tercera-etapa-del-tour-de-france-en-granollers\/\"]}]},{\"@type\":\"ImageObject\",\"inLanguage\":\"es\",\"@id\":\"https:\/\/turismevalles.com\/es\/events\/salida-de-la-tercera-etapa-del-tour-de-france-en-granollers\/#primaryimage\",\"url\":\"https:\/\/turismevalles.com\/wp-content\/uploads\/2026\/06\/foto_tour_noticia_granollers.webp\",\"contentUrl\":\"https:\/\/turismevalles.com\/wp-content\/uploads\/2026\/06\/foto_tour_noticia_granollers.webp\",\"width\":1600,\"height\":900},{\"@type\":\"BreadcrumbList\",\"@id\":\"https:\/\/turismevalles.com\/es\/events\/salida-de-la-tercera-etapa-del-tour-de-france-en-granollers\/#breadcrumb\",\"itemListElement\":[{\"@type\":\"ListItem\",\"position\":1,\"name\":\"Inicio\",\"item\":\"https:\/\/turismevalles.com\/es\/\"},{\"@type\":\"ListItem\",\"position\":2,\"name\":\"Esdeveniments\",\"item\":\"https:\/\/turismevalles.com\/events\/\"},{\"@type\":\"ListItem\",\"position\":3,\"name\":\"Salida de la tercera etapa del Tour de France en Granollers\"}]},{\"@type\":\"WebSite\",\"@id\":\"https:\/\/turismevalles.com\/en\/#website\",\"url\":\"https:\/\/turismevalles.com\/en\/\",\"name\":\"Turisme Vall\u00e8s\",\"description\":\"\",\"publisher\":{\"@id\":\"https:\/\/turismevalles.com\/en\/#organization\"},\"potentialAction\":[{\"@type\":\"SearchAction\",\"target\":{\"@type\":\"EntryPoint\",\"urlTemplate\":\"https:\/\/turismevalles.com\/en\/?s={search_term_string}\"},\"query-input\":{\"@type\":\"PropertyValueSpecification\",\"valueRequired\":true,\"valueName\":\"search_term_string\"}}],\"inLanguage\":\"es\"},{\"@type\":\"Organization\",\"@id\":\"https:\/\/turismevalles.com\/en\/#organization\",\"name\":\"Turisme Vall\u00e8s\",\"url\":\"https:\/\/turismevalles.com\/en\/\",\"logo\":{\"@type\":\"ImageObject\",\"inLanguage\":\"es\",\"@id\":\"https:\/\/turismevalles.com\/en\/#\/schema\/logo\/image\/\",\"url\":\"https:\/\/turismevalles.com\/wp-content\/uploads\/2020\/08\/cropped-logo_ca-2.png\",\"contentUrl\":\"https:\/\/turismevalles.com\/wp-content\/uploads\/2020\/08\/cropped-logo_ca-2.png\",\"width\":314,\"height\":85,\"caption\":\"Turisme Vall\u00e8s\"},\"image\":{\"@id\":\"https:\/\/turismevalles.com\/en\/#\/schema\/logo\/image\/\"}}]}<\/script>\n<!-- \/ Yoast SEO plugin. -->","yoast_head_json":{"title":"Salida de la tercera etapa del Tour de France en Granollers - Turisme Vall\u00e8s","description":"Salida-de-la-tercera-etapa-del-Tour-de-France-a-Granollers-capital-comarca-Vall\u00e8s-Oriental-costa-Barcelona","robots":{"index":"index","follow":"follow","max-snippet":"max-snippet:-1","max-image-preview":"max-image-preview:large","max-video-preview":"max-video-preview:-1"},"canonical":"https:\/\/turismevalles.com\/es\/events\/salida-de-la-tercera-etapa-del-tour-de-france-en-granollers\/","og_locale":"es_ES","og_type":"article","og_title":"Salida de la tercera etapa del Tour de France en Granollers - Turisme Vall\u00e8s","og_description":"Salida-de-la-tercera-etapa-del-Tour-de-France-a-Granollers-capital-comarca-Vall\u00e8s-Oriental-costa-Barcelona","og_url":"https:\/\/turismevalles.com\/es\/events\/salida-de-la-tercera-etapa-del-tour-de-france-en-granollers\/","og_site_name":"Turisme Vall\u00e8s","article_modified_time":"2026-06-30T09:20:36+00:00","og_image":[{"width":1600,"height":900,"url":"https:\/\/turismevalles.com\/wp-content\/uploads\/2026\/06\/foto_tour_noticia_granollers.webp","type":"image\/webp"}],"twitter_card":"summary_large_image","twitter_misc":{"Tiempo de lectura":"1 minuto"},"schema":{"@context":"https:\/\/schema.org","@graph":[{"@type":"WebPage","@id":"https:\/\/turismevalles.com\/es\/events\/salida-de-la-tercera-etapa-del-tour-de-france-en-granollers\/","url":"https:\/\/turismevalles.com\/es\/events\/salida-de-la-tercera-etapa-del-tour-de-france-en-granollers\/","name":"Salida de la tercera etapa del Tour de France en Granollers - Turisme Vall\u00e8s","isPartOf":{"@id":"https:\/\/turismevalles.com\/en\/#website"},"primaryImageOfPage":{"@id":"https:\/\/turismevalles.com\/es\/events\/salida-de-la-tercera-etapa-del-tour-de-france-en-granollers\/#primaryimage"},"image":{"@id":"https:\/\/turismevalles.com\/es\/events\/salida-de-la-tercera-etapa-del-tour-de-france-en-granollers\/#primaryimage"},"thumbnailUrl":"https:\/\/turismevalles.com\/wp-content\/uploads\/2026\/06\/foto_tour_noticia_granollers.webp","datePublished":"2026-06-29T10:52:32+00:00","dateModified":"2026-06-30T09:20:36+00:00","description":"Salida-de-la-tercera-etapa-del-Tour-de-France-a-Granollers-capital-comarca-Vall\u00e8s-Oriental-costa-Barcelona","breadcrumb":{"@id":"https:\/\/turismevalles.com\/es\/events\/salida-de-la-tercera-etapa-del-tour-de-france-en-granollers\/#breadcrumb"},"inLanguage":"es","potentialAction":[{"@type":"ReadAction","target":["https:\/\/turismevalles.com\/es\/events\/salida-de-la-tercera-etapa-del-tour-de-france-en-granollers\/"]}]},{"@type":"ImageObject","inLanguage":"es","@id":"https:\/\/turismevalles.com\/es\/events\/salida-de-la-tercera-etapa-del-tour-de-france-en-granollers\/#primaryimage","url":"https:\/\/turismevalles.com\/wp-content\/uploads\/2026\/06\/foto_tour_noticia_granollers.webp","contentUrl":"https:\/\/turismevalles.com\/wp-content\/uploads\/2026\/06\/foto_tour_noticia_granollers.webp","width":1600,"height":900},{"@type":"BreadcrumbList","@id":"https:\/\/turismevalles.com\/es\/events\/salida-de-la-tercera-etapa-del-tour-de-france-en-granollers\/#breadcrumb","itemListElement":[{"@type":"ListItem","position":1,"name":"Inicio","item":"https:\/\/turismevalles.com\/es\/"},{"@type":"ListItem","position":2,"name":"Esdeveniments","item":"https:\/\/turismevalles.com\/events\/"},{"@type":"ListItem","position":3,"name":"Salida de la tercera etapa del Tour de France en Granollers"}]},{"@type":"WebSite","@id":"https:\/\/turismevalles.com\/en\/#website","url":"https:\/\/turismevalles.com\/en\/","name":"Turisme Vall\u00e8s","description":"","publisher":{"@id":"https:\/\/turismevalles.com\/en\/#organization"},"potentialAction":[{"@type":"SearchAction","target":{"@type":"EntryPoint","urlTemplate":"https:\/\/turismevalles.com\/en\/?s={search_term_string}"},"query-input":{"@type":"PropertyValueSpecification","valueRequired":true,"valueName":"search_term_string"}}],"inLanguage":"es"},{"@type":"Organization","@id":"https:\/\/turismevalles.com\/en\/#organization","name":"Turisme Vall\u00e8s","url":"https:\/\/turismevalles.com\/en\/","logo":{"@type":"ImageObject","inLanguage":"es","@id":"https:\/\/turismevalles.com\/en\/#\/schema\/logo\/image\/","url":"https:\/\/turismevalles.com\/wp-content\/uploads\/2020\/08\/cropped-logo_ca-2.png","contentUrl":"https:\/\/turismevalles.com\/wp-content\/uploads\/2020\/08\/cropped-logo_ca-2.png","width":314,"height":85,"caption":"Turisme Vall\u00e8s"},"image":{"@id":"https:\/\/turismevalles.com\/en\/#\/schema\/logo\/image\/"}}]}},"uagb_featured_image_src":{"full":["https:\/\/turismevalles.com\/wp-content\/uploads\/2026\/06\/foto_tour_noticia_granollers.webp",1600,900,false],"thumbnail":["https:\/\/turismevalles.com\/wp-content\/uploads\/2026\/06\/foto_tour_noticia_granollers-150x150.webp",150,150,true],"medium":["https:\/\/turismevalles.com\/wp-content\/uploads\/2026\/06\/foto_tour_noticia_granollers-300x169.webp",300,169,true],"medium_large":["https:\/\/turismevalles.com\/wp-content\/uploads\/2026\/06\/foto_tour_noticia_granollers-768x432.webp",768,432,true],"large":["https:\/\/turismevalles.com\/wp-content\/uploads\/2026\/06\/foto_tour_noticia_granollers-1024x576.webp",1024,576,true],"thumblist":["https:\/\/turismevalles.com\/wp-content\/uploads\/2026\/06\/foto_tour_noticia_granollers-300x300.webp",300,300,true],"meccarouselthumb":["https:\/\/turismevalles.com\/wp-content\/uploads\/2026\/06\/foto_tour_noticia_granollers-474x324.webp",474,324,true],"gridsquare":["https:\/\/turismevalles.com\/wp-content\/uploads\/2026\/06\/foto_tour_noticia_granollers-391x260.webp",391,260,true],"tileview":["https:\/\/turismevalles.com\/wp-content\/uploads\/2026\/06\/foto_tour_noticia_granollers-300x400.webp",300,400,true],"1536x1536":["https:\/\/turismevalles.com\/wp-content\/uploads\/2026\/06\/foto_tour_noticia_granollers-1536x864.webp",1536,864,true],"2048x2048":["https:\/\/turismevalles.com\/wp-content\/uploads\/2026\/06\/foto_tour_noticia_granollers.webp",1600,900,false]},"uagb_author_info":{"display_name":"Turisme Valles","author_link":"https:\/\/turismevalles.com\/es\/author\/turismevallesoriental\/"},"uagb_comment_info":0,"uagb_excerpt":"El lunes 6 de julio Granollers acoger\u00e1 la salida de la 3a etapa del Tour de Francia en el marco del Grand D\u00e9part Barcelona 2026. ... Veure m\u00e9s","_links":{"self":[{"href":"https:\/\/turismevalles.com\/es\/wp-json\/wp\/v2\/mec-events\/71821","targetHints":{"allow":["GET"]}}],"collection":[{"href":"https:\/\/turismevalles.com\/es\/wp-json\/wp\/v2\/mec-events"}],"about":[{"href":"https:\/\/turismevalles.com\/es\/wp-json\/wp\/v2\/types\/mec-events"}],"author":[{"embeddable":true,"href":"https:\/\/turismevalles.com\/es\/wp-json\/wp\/v2\/users\/5"}],"replies":[{"embeddable":true,"href":"https:\/\/turismevalles.com\/es\/wp-json\/wp\/v2\/comments?post=71821"}],"wp:featuredmedia":[{"embeddable":true,"href":"https:\/\/turismevalles.com\/es\/wp-json\/wp\/v2\/media\/71820"}],"wp:attachment":[{"href":"https:\/\/turismevalles.com\/es\/wp-json\/wp\/v2\/media?parent=71821"}],"wp:term":[{"taxonomy":"post_tag","embeddable":true,"href":"https:\/\/turismevalles.com\/es\/wp-json\/wp\/v2\/tags?post=71821"},{"taxonomy":"poblacions","embeddable":true,"href":"https:\/\/turismevalles.com\/es\/wp-json\/wp\/v2\/poblacions?post=71821"},{"taxonomy":"mec_category","embeddable":true,"href":"https:\/\/turismevalles.com\/es\/wp-json\/wp\/v2\/mec_category?post=71821"}],"curies":[{"name":"wp","href":"https:\/\/api.w.org\/{rel}","templated":true}]}}