{"id":10020,"date":"2020-12-03T11:40:11","date_gmt":"2020-12-03T09:40:11","guid":{"rendered":"http:\/\/turismevalles.com.mialias.net\/menjar\/tomates-de-variedades-locales-del-valles\/"},"modified":"2020-12-03T11:40:11","modified_gmt":"2020-12-03T09:40:11","slug":"tomates-de-variedades-locales-del-valles","status":"publish","type":"menjar","link":"https:\/\/turismevalles.com\/es\/comer\/tomates-de-variedades-locales-del-valles\/","title":{"rendered":"Tomates de variedades locales del Vall\u00e8s"},"content":{"rendered":"\n<p>\u00daltimamente, se han ido recuperando varias variedades de tomates que se sol\u00edan cultivar en el\u00a0<span class=\"unknown\">Vall\u00e8s Oriental<\/span>, cada una de las cuales destaca por su sabor, color o textura: roc\u00eda \u201cpleno\u201d del Eterno,\u00a0<span class=\"unknown\">pometa<\/span>, coraz\u00f3n\u00a0de buey, Montserrat,\u00a0<span class=\"unknown\">palosanto<\/span>, tard\u00edo, padre<span class=\"unknown\">\u00a0Benet<\/span>, rosa de colgar y tomate de colgar. Las pod\u00e9is descubrir y adquirir en la Feria del Tomate del\u00a0<span class=\"unknown\">Vall\u00e8s<\/span>, que se celebra anualmente, y a varias fincas de la comarca.<\/p>\n\n<p>Fuente:\u00a0Tr\u00edptico sobre variedades antiguas de tomates editado por el Consejo Comarcal del <span class=\"unknown\">Vall\u00e8s Oriental\u00a0<a href=\"http:\/\/productesdelvalles.files.wordpress.com\/2012\/07\/varietats-antigues-de-tomc3a0quets-20121.pdf\">http:\/\/productesdelvalles.files.wordpress.com\/2012\/07\/varietats-antigues-de-tomc3a0quets-20121.pdf<\/a><\/span><\/p>\n","protected":false},"featured_media":5346,"template":"","poblacions":[],"tipus_menjar":[339],"class_list":["post-10020","menjar","type-menjar","status-publish","has-post-thumbnail","hentry","tipus_menjar-productos","generate-columns","tablet-grid-50","mobile-grid-100","grid-parent","grid-33"],"acf":[],"yoast_head":"<!-- This site is optimized with the Yoast SEO plugin v26.4 - https:\/\/yoast.com\/wordpress\/plugins\/seo\/ -->\n<title>Tomates de variedades locales del Vall\u00e8s - Turisme Vall\u00e8s<\/title>\n<meta name=\"robots\" content=\"index, follow, max-snippet:-1, max-image-preview:large, max-video-preview:-1\" \/>\n<link rel=\"canonical\" href=\"https:\/\/turismevalles.com\/es\/comer\/tomates-de-variedades-locales-del-valles\/\" \/>\n<meta property=\"og:locale\" content=\"es_ES\" \/>\n<meta property=\"og:type\" content=\"article\" \/>\n<meta property=\"og:title\" content=\"Tomates de variedades locales del Vall\u00e8s - Turisme Vall\u00e8s\" \/>\n<meta property=\"og:description\" content=\"\u00daltimamente, se han ido recuperando varias variedades de tomates que se sol\u00edan cultivar en el\u00a0Vall\u00e8s Oriental, cada una de las cuales destaca por su sabor, ... Veure m\u00e9s\" \/>\n<meta property=\"og:url\" content=\"https:\/\/turismevalles.com\/es\/comer\/tomates-de-variedades-locales-del-valles\/\" \/>\n<meta property=\"og:site_name\" content=\"Turisme Vall\u00e8s\" \/>\n<meta property=\"og:image\" content=\"https:\/\/turismevalles.com\/wp-content\/uploads\/2020\/11\/turismevalles992.jpg\" \/>\n\t<meta property=\"og:image:width\" content=\"1701\" \/>\n\t<meta property=\"og:image:height\" content=\"1134\" \/>\n\t<meta property=\"og:image:type\" content=\"image\/jpeg\" \/>\n<meta name=\"twitter:card\" content=\"summary_large_image\" \/>\n<meta name=\"twitter:label1\" content=\"Tiempo de lectura\" \/>\n\t<meta name=\"twitter:data1\" content=\"1 minuto\" \/>\n<script type=\"application\/ld+json\" class=\"yoast-schema-graph\">{\"@context\":\"https:\/\/schema.org\",\"@graph\":[{\"@type\":\"WebPage\",\"@id\":\"https:\/\/turismevalles.com\/es\/comer\/tomates-de-variedades-locales-del-valles\/\",\"url\":\"https:\/\/turismevalles.com\/es\/comer\/tomates-de-variedades-locales-del-valles\/\",\"name\":\"Tomates de variedades locales del Vall\u00e8s - Turisme Vall\u00e8s\",\"isPartOf\":{\"@id\":\"https:\/\/turismevalles.com\/en\/#website\"},\"primaryImageOfPage\":{\"@id\":\"https:\/\/turismevalles.com\/es\/comer\/tomates-de-variedades-locales-del-valles\/#primaryimage\"},\"image\":{\"@id\":\"https:\/\/turismevalles.com\/es\/comer\/tomates-de-variedades-locales-del-valles\/#primaryimage\"},\"thumbnailUrl\":\"https:\/\/turismevalles.com\/wp-content\/uploads\/2020\/11\/turismevalles992.jpg\",\"datePublished\":\"2020-12-03T09:40:11+00:00\",\"breadcrumb\":{\"@id\":\"https:\/\/turismevalles.com\/es\/comer\/tomates-de-variedades-locales-del-valles\/#breadcrumb\"},\"inLanguage\":\"es\",\"potentialAction\":[{\"@type\":\"ReadAction\",\"target\":[\"https:\/\/turismevalles.com\/es\/comer\/tomates-de-variedades-locales-del-valles\/\"]}]},{\"@type\":\"ImageObject\",\"inLanguage\":\"es\",\"@id\":\"https:\/\/turismevalles.com\/es\/comer\/tomates-de-variedades-locales-del-valles\/#primaryimage\",\"url\":\"https:\/\/turismevalles.com\/wp-content\/uploads\/2020\/11\/turismevalles992.jpg\",\"contentUrl\":\"https:\/\/turismevalles.com\/wp-content\/uploads\/2020\/11\/turismevalles992.jpg\",\"width\":1701,\"height\":1134,\"caption\":\"GRANOLLERS 22\/07\/13 PRESENTACIO DEL COL\u00b7LECTIU CUINAVO CUINERS DEL VALLES ORIENTAL PROJECTE IMPULSAT PEL CONSELL COMARCAL DEL VALLES ORIENTAL\"},{\"@type\":\"BreadcrumbList\",\"@id\":\"https:\/\/turismevalles.com\/es\/comer\/tomates-de-variedades-locales-del-valles\/#breadcrumb\",\"itemListElement\":[{\"@type\":\"ListItem\",\"position\":1,\"name\":\"Inicio\",\"item\":\"https:\/\/turismevalles.com\/es\/\"},{\"@type\":\"ListItem\",\"position\":2,\"name\":\"Menjar\",\"item\":\"https:\/\/turismevalles.com\/menjar\/\"},{\"@type\":\"ListItem\",\"position\":3,\"name\":\"Tomates de variedades locales del Vall\u00e8s\"}]},{\"@type\":\"WebSite\",\"@id\":\"https:\/\/turismevalles.com\/en\/#website\",\"url\":\"https:\/\/turismevalles.com\/en\/\",\"name\":\"Turisme Vall\u00e8s\",\"description\":\"\",\"publisher\":{\"@id\":\"https:\/\/turismevalles.com\/en\/#organization\"},\"potentialAction\":[{\"@type\":\"SearchAction\",\"target\":{\"@type\":\"EntryPoint\",\"urlTemplate\":\"https:\/\/turismevalles.com\/en\/?s={search_term_string}\"},\"query-input\":{\"@type\":\"PropertyValueSpecification\",\"valueRequired\":true,\"valueName\":\"search_term_string\"}}],\"inLanguage\":\"es\"},{\"@type\":\"Organization\",\"@id\":\"https:\/\/turismevalles.com\/en\/#organization\",\"name\":\"Turisme Vall\u00e8s\",\"url\":\"https:\/\/turismevalles.com\/en\/\",\"logo\":{\"@type\":\"ImageObject\",\"inLanguage\":\"es\",\"@id\":\"https:\/\/turismevalles.com\/en\/#\/schema\/logo\/image\/\",\"url\":\"https:\/\/turismevalles.com\/wp-content\/uploads\/2020\/08\/cropped-logo_ca-2.png\",\"contentUrl\":\"https:\/\/turismevalles.com\/wp-content\/uploads\/2020\/08\/cropped-logo_ca-2.png\",\"width\":314,\"height\":85,\"caption\":\"Turisme Vall\u00e8s\"},\"image\":{\"@id\":\"https:\/\/turismevalles.com\/en\/#\/schema\/logo\/image\/\"}}]}<\/script>\n<!-- \/ Yoast SEO plugin. -->","yoast_head_json":{"title":"Tomates de variedades locales del Vall\u00e8s - Turisme Vall\u00e8s","robots":{"index":"index","follow":"follow","max-snippet":"max-snippet:-1","max-image-preview":"max-image-preview:large","max-video-preview":"max-video-preview:-1"},"canonical":"https:\/\/turismevalles.com\/es\/comer\/tomates-de-variedades-locales-del-valles\/","og_locale":"es_ES","og_type":"article","og_title":"Tomates de variedades locales del Vall\u00e8s - Turisme Vall\u00e8s","og_description":"\u00daltimamente, se han ido recuperando varias variedades de tomates que se sol\u00edan cultivar en el\u00a0Vall\u00e8s Oriental, cada una de las cuales destaca por su sabor, ... Veure m\u00e9s","og_url":"https:\/\/turismevalles.com\/es\/comer\/tomates-de-variedades-locales-del-valles\/","og_site_name":"Turisme Vall\u00e8s","og_image":[{"width":1701,"height":1134,"url":"https:\/\/turismevalles.com\/wp-content\/uploads\/2020\/11\/turismevalles992.jpg","type":"image\/jpeg"}],"twitter_card":"summary_large_image","twitter_misc":{"Tiempo de lectura":"1 minuto"},"schema":{"@context":"https:\/\/schema.org","@graph":[{"@type":"WebPage","@id":"https:\/\/turismevalles.com\/es\/comer\/tomates-de-variedades-locales-del-valles\/","url":"https:\/\/turismevalles.com\/es\/comer\/tomates-de-variedades-locales-del-valles\/","name":"Tomates de variedades locales del Vall\u00e8s - Turisme Vall\u00e8s","isPartOf":{"@id":"https:\/\/turismevalles.com\/en\/#website"},"primaryImageOfPage":{"@id":"https:\/\/turismevalles.com\/es\/comer\/tomates-de-variedades-locales-del-valles\/#primaryimage"},"image":{"@id":"https:\/\/turismevalles.com\/es\/comer\/tomates-de-variedades-locales-del-valles\/#primaryimage"},"thumbnailUrl":"https:\/\/turismevalles.com\/wp-content\/uploads\/2020\/11\/turismevalles992.jpg","datePublished":"2020-12-03T09:40:11+00:00","breadcrumb":{"@id":"https:\/\/turismevalles.com\/es\/comer\/tomates-de-variedades-locales-del-valles\/#breadcrumb"},"inLanguage":"es","potentialAction":[{"@type":"ReadAction","target":["https:\/\/turismevalles.com\/es\/comer\/tomates-de-variedades-locales-del-valles\/"]}]},{"@type":"ImageObject","inLanguage":"es","@id":"https:\/\/turismevalles.com\/es\/comer\/tomates-de-variedades-locales-del-valles\/#primaryimage","url":"https:\/\/turismevalles.com\/wp-content\/uploads\/2020\/11\/turismevalles992.jpg","contentUrl":"https:\/\/turismevalles.com\/wp-content\/uploads\/2020\/11\/turismevalles992.jpg","width":1701,"height":1134,"caption":"GRANOLLERS 22\/07\/13 PRESENTACIO DEL COL\u00b7LECTIU CUINAVO CUINERS DEL VALLES ORIENTAL PROJECTE IMPULSAT PEL CONSELL COMARCAL DEL VALLES ORIENTAL"},{"@type":"BreadcrumbList","@id":"https:\/\/turismevalles.com\/es\/comer\/tomates-de-variedades-locales-del-valles\/#breadcrumb","itemListElement":[{"@type":"ListItem","position":1,"name":"Inicio","item":"https:\/\/turismevalles.com\/es\/"},{"@type":"ListItem","position":2,"name":"Menjar","item":"https:\/\/turismevalles.com\/menjar\/"},{"@type":"ListItem","position":3,"name":"Tomates de variedades locales del Vall\u00e8s"}]},{"@type":"WebSite","@id":"https:\/\/turismevalles.com\/en\/#website","url":"https:\/\/turismevalles.com\/en\/","name":"Turisme Vall\u00e8s","description":"","publisher":{"@id":"https:\/\/turismevalles.com\/en\/#organization"},"potentialAction":[{"@type":"SearchAction","target":{"@type":"EntryPoint","urlTemplate":"https:\/\/turismevalles.com\/en\/?s={search_term_string}"},"query-input":{"@type":"PropertyValueSpecification","valueRequired":true,"valueName":"search_term_string"}}],"inLanguage":"es"},{"@type":"Organization","@id":"https:\/\/turismevalles.com\/en\/#organization","name":"Turisme Vall\u00e8s","url":"https:\/\/turismevalles.com\/en\/","logo":{"@type":"ImageObject","inLanguage":"es","@id":"https:\/\/turismevalles.com\/en\/#\/schema\/logo\/image\/","url":"https:\/\/turismevalles.com\/wp-content\/uploads\/2020\/08\/cropped-logo_ca-2.png","contentUrl":"https:\/\/turismevalles.com\/wp-content\/uploads\/2020\/08\/cropped-logo_ca-2.png","width":314,"height":85,"caption":"Turisme Vall\u00e8s"},"image":{"@id":"https:\/\/turismevalles.com\/en\/#\/schema\/logo\/image\/"}}]}},"uagb_featured_image_src":{"full":["https:\/\/turismevalles.com\/wp-content\/uploads\/2020\/11\/turismevalles992.jpg",1701,1134,false],"thumbnail":["https:\/\/turismevalles.com\/wp-content\/uploads\/2020\/11\/turismevalles992-150x150.jpg",150,150,true],"medium":["https:\/\/turismevalles.com\/wp-content\/uploads\/2020\/11\/turismevalles992-300x200.jpg",300,200,true],"medium_large":["https:\/\/turismevalles.com\/wp-content\/uploads\/2020\/11\/turismevalles992-768x512.jpg",768,512,true],"large":["https:\/\/turismevalles.com\/wp-content\/uploads\/2020\/11\/turismevalles992-1024x683.jpg",1024,683,true],"thumblist":["https:\/\/turismevalles.com\/wp-content\/uploads\/2020\/11\/turismevalles992.jpg",300,200,false],"meccarouselthumb":["https:\/\/turismevalles.com\/wp-content\/uploads\/2020\/11\/turismevalles992.jpg",474,316,false],"gridsquare":["https:\/\/turismevalles.com\/wp-content\/uploads\/2020\/11\/turismevalles992.jpg",391,260,false],"tileview":["https:\/\/turismevalles.com\/wp-content\/uploads\/2020\/11\/turismevalles992.jpg",300,200,false],"1536x1536":["https:\/\/turismevalles.com\/wp-content\/uploads\/2020\/11\/turismevalles992-1536x1024.jpg",1536,1024,true],"2048x2048":["https:\/\/turismevalles.com\/wp-content\/uploads\/2020\/11\/turismevalles992.jpg",1701,1134,false]},"uagb_author_info":{"display_name":"Turisme Valles","author_link":"https:\/\/turismevalles.com\/es\/author\/"},"uagb_comment_info":0,"uagb_excerpt":"\u00daltimamente, se han ido recuperando varias variedades de tomates que se sol\u00edan cultivar en el\u00a0Vall\u00e8s Oriental, cada una de las cuales destaca por su sabor, ... Veure m\u00e9s","_links":{"self":[{"href":"https:\/\/turismevalles.com\/es\/wp-json\/wp\/v2\/menjar\/10020","targetHints":{"allow":["GET"]}}],"collection":[{"href":"https:\/\/turismevalles.com\/es\/wp-json\/wp\/v2\/menjar"}],"about":[{"href":"https:\/\/turismevalles.com\/es\/wp-json\/wp\/v2\/types\/menjar"}],"wp:featuredmedia":[{"embeddable":true,"href":"https:\/\/turismevalles.com\/es\/wp-json\/wp\/v2\/media\/5346"}],"wp:attachment":[{"href":"https:\/\/turismevalles.com\/es\/wp-json\/wp\/v2\/media?parent=10020"}],"wp:term":[{"taxonomy":"poblacions","embeddable":true,"href":"https:\/\/turismevalles.com\/es\/wp-json\/wp\/v2\/poblacions?post=10020"},{"taxonomy":"tipus_menjar","embeddable":true,"href":"https:\/\/turismevalles.com\/es\/wp-json\/wp\/v2\/tipus_menjar?post=10020"}],"curies":[{"name":"wp","href":"https:\/\/api.w.org\/{rel}","templated":true}]}}