{"id":10024,"date":"2020-12-03T11:45:18","date_gmt":"2020-12-03T09:45:18","guid":{"rendered":"http:\/\/turismevalles.com.mialias.net\/menjar\/garbanzo-menudo-del-valles-oriental\/"},"modified":"2020-12-03T11:45:18","modified_gmt":"2020-12-03T09:45:18","slug":"garbanzo-menudo-del-valles-oriental","status":"publish","type":"menjar","link":"https:\/\/turismevalles.com\/es\/comer\/garbanzo-menudo-del-valles-oriental\/","title":{"rendered":"Garbanzo menudo del Vall\u00e8s Oriental"},"content":{"rendered":"\n<p>Garbanzo que se introdujo en la comarca hace unos a\u00f1os y se ha adaptado muy bien. Es de medida peque\u00f1a, pero cuando se cuece *quadruplica su peso. El gusto es intenso y muy caracter\u00edstico, la textura es suave y la piel, imperceptible. Se conoce como garbanzo *menut del Vall\u00e8s Oriental y en el Espacio Rural de Gallegos se hace una feria espec\u00edfica. &#13;\n<\/p>\n\n<p>Fuentes:<\/p>\n\n<ul class=\"wp-block-list\"><li>Web de l\u2019Espai rural de Gallecs\u00a0<a href=\"http:\/\/www.espairuralgallecs.cat\/web\/pdfpubli\/7.pdf\">http:\/\/www.espairuralgallecs.cat\/web\/pdfpubli\/7.pdf<\/a><\/li><li>Cap\u00edtulo del programa Sector Primario dedicado al garbanzo *menut, realizado por el Canal Terrassa Vall\u00e8s <a href=\"http:\/\/www.xiptv.cat\/sector-primari\/capitol\/el-cigro-menut\">http:\/\/www.*xiptv.*cat\/sector-primario\/*capitol\/lo-*cigro-*menut<\/a><\/li><\/ul>\n","protected":false},"featured_media":5319,"template":"","poblacions":[],"tipus_menjar":[339],"class_list":["post-10024","menjar","type-menjar","status-publish","has-post-thumbnail","hentry","tipus_menjar-productos","generate-columns","tablet-grid-50","mobile-grid-100","grid-parent","grid-33"],"acf":[],"yoast_head":"<!-- This site is optimized with the Yoast SEO plugin v26.4 - https:\/\/yoast.com\/wordpress\/plugins\/seo\/ -->\n<title>Garbanzo menudo del Vall\u00e8s Oriental - Turisme Vall\u00e8s<\/title>\n<meta name=\"robots\" content=\"index, follow, max-snippet:-1, max-image-preview:large, max-video-preview:-1\" \/>\n<link rel=\"canonical\" href=\"https:\/\/turismevalles.com\/es\/comer\/garbanzo-menudo-del-valles-oriental\/\" \/>\n<meta property=\"og:locale\" content=\"es_ES\" \/>\n<meta property=\"og:type\" content=\"article\" \/>\n<meta property=\"og:title\" content=\"Garbanzo menudo del Vall\u00e8s Oriental - Turisme Vall\u00e8s\" \/>\n<meta property=\"og:description\" content=\"Garbanzo que se introdujo en la comarca hace unos a\u00f1os y se ha adaptado muy bien. Es de medida peque\u00f1a, pero cuando se cuece *quadruplica ... Veure m\u00e9s\" \/>\n<meta property=\"og:url\" content=\"https:\/\/turismevalles.com\/es\/comer\/garbanzo-menudo-del-valles-oriental\/\" \/>\n<meta property=\"og:site_name\" content=\"Turisme Vall\u00e8s\" \/>\n<meta property=\"og:image\" content=\"https:\/\/turismevalles.com\/wp-content\/uploads\/2020\/11\/turismevalles1457.jpg\" \/>\n\t<meta property=\"og:image:width\" content=\"275\" \/>\n\t<meta property=\"og:image:height\" content=\"183\" \/>\n\t<meta property=\"og:image:type\" content=\"image\/jpeg\" \/>\n<meta name=\"twitter:card\" content=\"summary_large_image\" \/>\n<meta name=\"twitter:label1\" content=\"Tiempo de lectura\" \/>\n\t<meta name=\"twitter:data1\" content=\"1 minuto\" \/>\n<script type=\"application\/ld+json\" class=\"yoast-schema-graph\">{\"@context\":\"https:\/\/schema.org\",\"@graph\":[{\"@type\":\"WebPage\",\"@id\":\"https:\/\/turismevalles.com\/es\/comer\/garbanzo-menudo-del-valles-oriental\/\",\"url\":\"https:\/\/turismevalles.com\/es\/comer\/garbanzo-menudo-del-valles-oriental\/\",\"name\":\"Garbanzo menudo del Vall\u00e8s Oriental - Turisme Vall\u00e8s\",\"isPartOf\":{\"@id\":\"https:\/\/turismevalles.com\/en\/#website\"},\"primaryImageOfPage\":{\"@id\":\"https:\/\/turismevalles.com\/es\/comer\/garbanzo-menudo-del-valles-oriental\/#primaryimage\"},\"image\":{\"@id\":\"https:\/\/turismevalles.com\/es\/comer\/garbanzo-menudo-del-valles-oriental\/#primaryimage\"},\"thumbnailUrl\":\"https:\/\/turismevalles.com\/wp-content\/uploads\/2020\/11\/turismevalles1457.jpg\",\"datePublished\":\"2020-12-03T09:45:18+00:00\",\"breadcrumb\":{\"@id\":\"https:\/\/turismevalles.com\/es\/comer\/garbanzo-menudo-del-valles-oriental\/#breadcrumb\"},\"inLanguage\":\"es\",\"potentialAction\":[{\"@type\":\"ReadAction\",\"target\":[\"https:\/\/turismevalles.com\/es\/comer\/garbanzo-menudo-del-valles-oriental\/\"]}]},{\"@type\":\"ImageObject\",\"inLanguage\":\"es\",\"@id\":\"https:\/\/turismevalles.com\/es\/comer\/garbanzo-menudo-del-valles-oriental\/#primaryimage\",\"url\":\"https:\/\/turismevalles.com\/wp-content\/uploads\/2020\/11\/turismevalles1457.jpg\",\"contentUrl\":\"https:\/\/turismevalles.com\/wp-content\/uploads\/2020\/11\/turismevalles1457.jpg\",\"width\":275,\"height\":183},{\"@type\":\"BreadcrumbList\",\"@id\":\"https:\/\/turismevalles.com\/es\/comer\/garbanzo-menudo-del-valles-oriental\/#breadcrumb\",\"itemListElement\":[{\"@type\":\"ListItem\",\"position\":1,\"name\":\"Inicio\",\"item\":\"https:\/\/turismevalles.com\/es\/\"},{\"@type\":\"ListItem\",\"position\":2,\"name\":\"Menjar\",\"item\":\"https:\/\/turismevalles.com\/menjar\/\"},{\"@type\":\"ListItem\",\"position\":3,\"name\":\"Garbanzo menudo del Vall\u00e8s Oriental\"}]},{\"@type\":\"WebSite\",\"@id\":\"https:\/\/turismevalles.com\/en\/#website\",\"url\":\"https:\/\/turismevalles.com\/en\/\",\"name\":\"Turisme Vall\u00e8s\",\"description\":\"\",\"publisher\":{\"@id\":\"https:\/\/turismevalles.com\/en\/#organization\"},\"potentialAction\":[{\"@type\":\"SearchAction\",\"target\":{\"@type\":\"EntryPoint\",\"urlTemplate\":\"https:\/\/turismevalles.com\/en\/?s={search_term_string}\"},\"query-input\":{\"@type\":\"PropertyValueSpecification\",\"valueRequired\":true,\"valueName\":\"search_term_string\"}}],\"inLanguage\":\"es\"},{\"@type\":\"Organization\",\"@id\":\"https:\/\/turismevalles.com\/en\/#organization\",\"name\":\"Turisme Vall\u00e8s\",\"url\":\"https:\/\/turismevalles.com\/en\/\",\"logo\":{\"@type\":\"ImageObject\",\"inLanguage\":\"es\",\"@id\":\"https:\/\/turismevalles.com\/en\/#\/schema\/logo\/image\/\",\"url\":\"https:\/\/turismevalles.com\/wp-content\/uploads\/2020\/08\/cropped-logo_ca-2.png\",\"contentUrl\":\"https:\/\/turismevalles.com\/wp-content\/uploads\/2020\/08\/cropped-logo_ca-2.png\",\"width\":314,\"height\":85,\"caption\":\"Turisme Vall\u00e8s\"},\"image\":{\"@id\":\"https:\/\/turismevalles.com\/en\/#\/schema\/logo\/image\/\"}}]}<\/script>\n<!-- \/ Yoast SEO plugin. -->","yoast_head_json":{"title":"Garbanzo menudo del Vall\u00e8s Oriental - Turisme Vall\u00e8s","robots":{"index":"index","follow":"follow","max-snippet":"max-snippet:-1","max-image-preview":"max-image-preview:large","max-video-preview":"max-video-preview:-1"},"canonical":"https:\/\/turismevalles.com\/es\/comer\/garbanzo-menudo-del-valles-oriental\/","og_locale":"es_ES","og_type":"article","og_title":"Garbanzo menudo del Vall\u00e8s Oriental - Turisme Vall\u00e8s","og_description":"Garbanzo que se introdujo en la comarca hace unos a\u00f1os y se ha adaptado muy bien. Es de medida peque\u00f1a, pero cuando se cuece *quadruplica ... Veure m\u00e9s","og_url":"https:\/\/turismevalles.com\/es\/comer\/garbanzo-menudo-del-valles-oriental\/","og_site_name":"Turisme Vall\u00e8s","og_image":[{"width":275,"height":183,"url":"https:\/\/turismevalles.com\/wp-content\/uploads\/2020\/11\/turismevalles1457.jpg","type":"image\/jpeg"}],"twitter_card":"summary_large_image","twitter_misc":{"Tiempo de lectura":"1 minuto"},"schema":{"@context":"https:\/\/schema.org","@graph":[{"@type":"WebPage","@id":"https:\/\/turismevalles.com\/es\/comer\/garbanzo-menudo-del-valles-oriental\/","url":"https:\/\/turismevalles.com\/es\/comer\/garbanzo-menudo-del-valles-oriental\/","name":"Garbanzo menudo del Vall\u00e8s Oriental - Turisme Vall\u00e8s","isPartOf":{"@id":"https:\/\/turismevalles.com\/en\/#website"},"primaryImageOfPage":{"@id":"https:\/\/turismevalles.com\/es\/comer\/garbanzo-menudo-del-valles-oriental\/#primaryimage"},"image":{"@id":"https:\/\/turismevalles.com\/es\/comer\/garbanzo-menudo-del-valles-oriental\/#primaryimage"},"thumbnailUrl":"https:\/\/turismevalles.com\/wp-content\/uploads\/2020\/11\/turismevalles1457.jpg","datePublished":"2020-12-03T09:45:18+00:00","breadcrumb":{"@id":"https:\/\/turismevalles.com\/es\/comer\/garbanzo-menudo-del-valles-oriental\/#breadcrumb"},"inLanguage":"es","potentialAction":[{"@type":"ReadAction","target":["https:\/\/turismevalles.com\/es\/comer\/garbanzo-menudo-del-valles-oriental\/"]}]},{"@type":"ImageObject","inLanguage":"es","@id":"https:\/\/turismevalles.com\/es\/comer\/garbanzo-menudo-del-valles-oriental\/#primaryimage","url":"https:\/\/turismevalles.com\/wp-content\/uploads\/2020\/11\/turismevalles1457.jpg","contentUrl":"https:\/\/turismevalles.com\/wp-content\/uploads\/2020\/11\/turismevalles1457.jpg","width":275,"height":183},{"@type":"BreadcrumbList","@id":"https:\/\/turismevalles.com\/es\/comer\/garbanzo-menudo-del-valles-oriental\/#breadcrumb","itemListElement":[{"@type":"ListItem","position":1,"name":"Inicio","item":"https:\/\/turismevalles.com\/es\/"},{"@type":"ListItem","position":2,"name":"Menjar","item":"https:\/\/turismevalles.com\/menjar\/"},{"@type":"ListItem","position":3,"name":"Garbanzo menudo del Vall\u00e8s Oriental"}]},{"@type":"WebSite","@id":"https:\/\/turismevalles.com\/en\/#website","url":"https:\/\/turismevalles.com\/en\/","name":"Turisme Vall\u00e8s","description":"","publisher":{"@id":"https:\/\/turismevalles.com\/en\/#organization"},"potentialAction":[{"@type":"SearchAction","target":{"@type":"EntryPoint","urlTemplate":"https:\/\/turismevalles.com\/en\/?s={search_term_string}"},"query-input":{"@type":"PropertyValueSpecification","valueRequired":true,"valueName":"search_term_string"}}],"inLanguage":"es"},{"@type":"Organization","@id":"https:\/\/turismevalles.com\/en\/#organization","name":"Turisme Vall\u00e8s","url":"https:\/\/turismevalles.com\/en\/","logo":{"@type":"ImageObject","inLanguage":"es","@id":"https:\/\/turismevalles.com\/en\/#\/schema\/logo\/image\/","url":"https:\/\/turismevalles.com\/wp-content\/uploads\/2020\/08\/cropped-logo_ca-2.png","contentUrl":"https:\/\/turismevalles.com\/wp-content\/uploads\/2020\/08\/cropped-logo_ca-2.png","width":314,"height":85,"caption":"Turisme Vall\u00e8s"},"image":{"@id":"https:\/\/turismevalles.com\/en\/#\/schema\/logo\/image\/"}}]}},"uagb_featured_image_src":{"full":["https:\/\/turismevalles.com\/wp-content\/uploads\/2020\/11\/turismevalles1457.jpg",275,183,false],"thumbnail":["https:\/\/turismevalles.com\/wp-content\/uploads\/2020\/11\/turismevalles1457-150x150.jpg",150,150,true],"medium":["https:\/\/turismevalles.com\/wp-content\/uploads\/2020\/11\/turismevalles1457.jpg",275,183,false],"medium_large":["https:\/\/turismevalles.com\/wp-content\/uploads\/2020\/11\/turismevalles1457.jpg",275,183,false],"large":["https:\/\/turismevalles.com\/wp-content\/uploads\/2020\/11\/turismevalles1457.jpg",275,183,false],"thumblist":["https:\/\/turismevalles.com\/wp-content\/uploads\/2020\/11\/turismevalles1457.jpg",275,183,false],"meccarouselthumb":["https:\/\/turismevalles.com\/wp-content\/uploads\/2020\/11\/turismevalles1457.jpg",275,183,false],"gridsquare":["https:\/\/turismevalles.com\/wp-content\/uploads\/2020\/11\/turismevalles1457.jpg",275,183,false],"tileview":["https:\/\/turismevalles.com\/wp-content\/uploads\/2020\/11\/turismevalles1457.jpg",275,183,false],"1536x1536":["https:\/\/turismevalles.com\/wp-content\/uploads\/2020\/11\/turismevalles1457.jpg",275,183,false],"2048x2048":["https:\/\/turismevalles.com\/wp-content\/uploads\/2020\/11\/turismevalles1457.jpg",275,183,false]},"uagb_author_info":{"display_name":"Turisme Valles","author_link":"https:\/\/turismevalles.com\/es\/author\/"},"uagb_comment_info":0,"uagb_excerpt":"Garbanzo que se introdujo en la comarca hace unos a\u00f1os y se ha adaptado muy bien. Es de medida peque\u00f1a, pero cuando se cuece *quadruplica ... Veure m\u00e9s","_links":{"self":[{"href":"https:\/\/turismevalles.com\/es\/wp-json\/wp\/v2\/menjar\/10024","targetHints":{"allow":["GET"]}}],"collection":[{"href":"https:\/\/turismevalles.com\/es\/wp-json\/wp\/v2\/menjar"}],"about":[{"href":"https:\/\/turismevalles.com\/es\/wp-json\/wp\/v2\/types\/menjar"}],"wp:featuredmedia":[{"embeddable":true,"href":"https:\/\/turismevalles.com\/es\/wp-json\/wp\/v2\/media\/5319"}],"wp:attachment":[{"href":"https:\/\/turismevalles.com\/es\/wp-json\/wp\/v2\/media?parent=10024"}],"wp:term":[{"taxonomy":"poblacions","embeddable":true,"href":"https:\/\/turismevalles.com\/es\/wp-json\/wp\/v2\/poblacions?post=10024"},{"taxonomy":"tipus_menjar","embeddable":true,"href":"https:\/\/turismevalles.com\/es\/wp-json\/wp\/v2\/tipus_menjar?post=10024"}],"curies":[{"name":"wp","href":"https:\/\/api.w.org\/{rel}","templated":true}]}}