{"id":21723,"date":"2022-09-08T13:02:14","date_gmt":"2022-09-08T11:02:14","guid":{"rendered":"http:\/\/turismevalles.com.mialias.net\/?post_type=menjar&#038;p=21723"},"modified":"2022-11-07T10:24:15","modified_gmt":"2022-11-07T09:24:15","slug":"vinos-denominacion-de-origen-alella","status":"publish","type":"menjar","link":"https:\/\/turismevalles.com\/es\/comer\/vinos-denominacion-de-origen-alella\/","title":{"rendered":"Vinos Denominaci\u00f3n de Origen Alella"},"content":{"rendered":"\n<p>Los vi\u00f1edos que configuran la actual Denominaci\u00f3n de Origen Alella, una de las m\u00e1s peque\u00f1as de la pen\u00ednsula y de las m\u00e1s antiguas, cubren una extensi\u00f3n de unas 560 hect\u00e1reas y est\u00e1n ubicadas entre el mar Mediterr\u00e1neo y la Serralada Litoral, al norte de Barcelona.<br>Los municipios del Vall\u00e8s Oriental que forman parte de la DO son La Roca del Vall\u00e9s, Martorelles, Montorn\u00e9s, San Fost de Campsentelles, Santa Mar\u00eda de Martorelles, Vallromanes, Vilanova del Vall\u00e8s, Granollers y Llinars del Vall\u00e8s. La DO agrupa a 96 viticultores y 7 bodegas embotelladoras, con una producci\u00f3n media anual de 9.000 hl.<\/p>\n\n\n\n<p>Los vinos blancos son los m\u00e1s caracter\u00edsticos, por ser elaborados con la variedad de uva, la Pansa Blanca. Esta variedad predominante en nuestra DOP es la que aporta singularidad a los vinos blancos, elaborados en acero inoxidable, maceraci\u00f3n pelicular, o fermentados y envejecidos en barril.<\/p>\n\n\n\n<p>Los vinos blancos son elaborados preferentemente por las variedades de Pansa blanca, la Garnacha blanca y Picapoll blanca. Tambi\u00e9n est\u00e1n autorizadas para hacer vino blanco, Chardonnay, Chenin, Macabeo, Malvas\u00eda, Moscatel de grano peque\u00f1o, Parellada y Sauvignon blanc.<\/p>\n\n\n\n<p>Si bien los vinos blancos son reconocidos por su calidad, destacan tambi\u00e9n los vinos rosados \u200b\u200belaborados con variedades garnacha, merlot y pasa rosada, y los tintos con variedades de cabernet sauvignon, tempranillo y merlot. Todos los vinos de crianza amparados por la DO son sometidos a una crianza m\u00ednima de dos a\u00f1os (al menos uno de ellos en envase de roble). La graduaci\u00f3n alcoh\u00f3lica que adquieren oscila entre el 11,5% y el 13,5%.<\/p>\n\n\n\n<p>La DO Alella est\u00e1 formada por 7 bodegas familiares 2 de las cuales se encuentran en la comarca del Vall\u00e8s Oriental.<\/p>\n\n\n\n<p>Bodegas del Vall\u00e8s Oriental:<\/p>\n\n\n\n<ul class=\"wp-block-list\"><li>Mas\u00eda Can Roda Vinyes i Vins \u2013 (Martorelles)<\/li><li>Mas\u00eda de Can Matons \u2013 Renvent\u00f3s de Alella ( Sta M\u00aa de Martorelles)<\/li><\/ul>\n\n\n\n<p>Descubre mucho m\u00e1s sobre la DO Alella <a href=\"https:\/\/doalella.com\/es\/\" target=\"_blank\" rel=\"noreferrer noopener\">aqu\u00ed.<\/a><\/p>\n","protected":false},"featured_media":21662,"template":"","poblacions":[],"tipus_menjar":[339],"class_list":["post-21723","menjar","type-menjar","status-publish","has-post-thumbnail","hentry","tipus_menjar-productos","generate-columns","tablet-grid-50","mobile-grid-100","grid-parent","grid-33"],"acf":[],"yoast_head":"<!-- This site is optimized with the Yoast SEO plugin v26.4 - https:\/\/yoast.com\/wordpress\/plugins\/seo\/ -->\n<title>Vinos Denominaci\u00f3n de Origen Alella - Turisme Vall\u00e8s<\/title>\n<meta name=\"description\" content=\"os vi\u00f1edos que configuran la actual Denominaci\u00f3n de Origen Alella, una de las m\u00e1s peque\u00f1as de la pen\u00ednsula y de las m\u00e1s antiguas, cubren una extensi\u00f3n de unas 560 hect\u00e1reas y est\u00e1n ubicadas entre el mar Mediterr\u00e1neo y la Serralada Litoral.\" \/>\n<meta name=\"robots\" content=\"index, follow, max-snippet:-1, max-image-preview:large, max-video-preview:-1\" \/>\n<link rel=\"canonical\" href=\"https:\/\/turismevalles.com\/es\/comer\/vinos-denominacion-de-origen-alella\/\" \/>\n<meta property=\"og:locale\" content=\"es_ES\" \/>\n<meta property=\"og:type\" content=\"article\" \/>\n<meta property=\"og:title\" content=\"Vinos Denominaci\u00f3n de Origen Alella - Turisme Vall\u00e8s\" \/>\n<meta property=\"og:description\" content=\"os vi\u00f1edos que configuran la actual Denominaci\u00f3n de Origen Alella, una de las m\u00e1s peque\u00f1as de la pen\u00ednsula y de las m\u00e1s antiguas, cubren una extensi\u00f3n de unas 560 hect\u00e1reas y est\u00e1n ubicadas entre el mar Mediterr\u00e1neo y la Serralada Litoral.\" \/>\n<meta property=\"og:url\" content=\"https:\/\/turismevalles.com\/es\/comer\/vinos-denominacion-de-origen-alella\/\" \/>\n<meta property=\"og:site_name\" content=\"Turisme Vall\u00e8s\" \/>\n<meta property=\"article:modified_time\" content=\"2022-11-07T09:24:15+00:00\" \/>\n<meta property=\"og:image\" content=\"https:\/\/turismevalles.com\/wp-content\/uploads\/2022\/09\/varema-scaled.jpg\" \/>\n\t<meta property=\"og:image:width\" content=\"1706\" \/>\n\t<meta property=\"og:image:height\" content=\"2560\" \/>\n\t<meta property=\"og:image:type\" content=\"image\/jpeg\" \/>\n<meta name=\"twitter:card\" content=\"summary_large_image\" \/>\n<meta name=\"twitter:label1\" content=\"Tiempo de lectura\" \/>\n\t<meta name=\"twitter:data1\" content=\"2 minutos\" \/>\n<script type=\"application\/ld+json\" class=\"yoast-schema-graph\">{\"@context\":\"https:\/\/schema.org\",\"@graph\":[{\"@type\":\"WebPage\",\"@id\":\"https:\/\/turismevalles.com\/es\/comer\/vinos-denominacion-de-origen-alella\/\",\"url\":\"https:\/\/turismevalles.com\/es\/comer\/vinos-denominacion-de-origen-alella\/\",\"name\":\"Vinos Denominaci\u00f3n de Origen Alella - Turisme Vall\u00e8s\",\"isPartOf\":{\"@id\":\"https:\/\/turismevalles.com\/en\/#website\"},\"primaryImageOfPage\":{\"@id\":\"https:\/\/turismevalles.com\/es\/comer\/vinos-denominacion-de-origen-alella\/#primaryimage\"},\"image\":{\"@id\":\"https:\/\/turismevalles.com\/es\/comer\/vinos-denominacion-de-origen-alella\/#primaryimage\"},\"thumbnailUrl\":\"https:\/\/turismevalles.com\/wp-content\/uploads\/2022\/09\/varema-scaled.jpg\",\"datePublished\":\"2022-09-08T11:02:14+00:00\",\"dateModified\":\"2022-11-07T09:24:15+00:00\",\"description\":\"os vi\u00f1edos que configuran la actual Denominaci\u00f3n de Origen Alella, una de las m\u00e1s peque\u00f1as de la pen\u00ednsula y de las m\u00e1s antiguas, cubren una extensi\u00f3n de unas 560 hect\u00e1reas y est\u00e1n ubicadas entre el mar Mediterr\u00e1neo y la Serralada Litoral.\",\"breadcrumb\":{\"@id\":\"https:\/\/turismevalles.com\/es\/comer\/vinos-denominacion-de-origen-alella\/#breadcrumb\"},\"inLanguage\":\"es\",\"potentialAction\":[{\"@type\":\"ReadAction\",\"target\":[\"https:\/\/turismevalles.com\/es\/comer\/vinos-denominacion-de-origen-alella\/\"]}]},{\"@type\":\"ImageObject\",\"inLanguage\":\"es\",\"@id\":\"https:\/\/turismevalles.com\/es\/comer\/vinos-denominacion-de-origen-alella\/#primaryimage\",\"url\":\"https:\/\/turismevalles.com\/wp-content\/uploads\/2022\/09\/varema-scaled.jpg\",\"contentUrl\":\"https:\/\/turismevalles.com\/wp-content\/uploads\/2022\/09\/varema-scaled.jpg\",\"width\":1706,\"height\":2560},{\"@type\":\"BreadcrumbList\",\"@id\":\"https:\/\/turismevalles.com\/es\/comer\/vinos-denominacion-de-origen-alella\/#breadcrumb\",\"itemListElement\":[{\"@type\":\"ListItem\",\"position\":1,\"name\":\"Inicio\",\"item\":\"https:\/\/turismevalles.com\/es\/\"},{\"@type\":\"ListItem\",\"position\":2,\"name\":\"Menjar\",\"item\":\"https:\/\/turismevalles.com\/menjar\/\"},{\"@type\":\"ListItem\",\"position\":3,\"name\":\"Vinos Denominaci\u00f3n de Origen Alella\"}]},{\"@type\":\"WebSite\",\"@id\":\"https:\/\/turismevalles.com\/en\/#website\",\"url\":\"https:\/\/turismevalles.com\/en\/\",\"name\":\"Turisme Vall\u00e8s\",\"description\":\"\",\"publisher\":{\"@id\":\"https:\/\/turismevalles.com\/en\/#organization\"},\"potentialAction\":[{\"@type\":\"SearchAction\",\"target\":{\"@type\":\"EntryPoint\",\"urlTemplate\":\"https:\/\/turismevalles.com\/en\/?s={search_term_string}\"},\"query-input\":{\"@type\":\"PropertyValueSpecification\",\"valueRequired\":true,\"valueName\":\"search_term_string\"}}],\"inLanguage\":\"es\"},{\"@type\":\"Organization\",\"@id\":\"https:\/\/turismevalles.com\/en\/#organization\",\"name\":\"Turisme Vall\u00e8s\",\"url\":\"https:\/\/turismevalles.com\/en\/\",\"logo\":{\"@type\":\"ImageObject\",\"inLanguage\":\"es\",\"@id\":\"https:\/\/turismevalles.com\/en\/#\/schema\/logo\/image\/\",\"url\":\"https:\/\/turismevalles.com\/wp-content\/uploads\/2020\/08\/cropped-logo_ca-2.png\",\"contentUrl\":\"https:\/\/turismevalles.com\/wp-content\/uploads\/2020\/08\/cropped-logo_ca-2.png\",\"width\":314,\"height\":85,\"caption\":\"Turisme Vall\u00e8s\"},\"image\":{\"@id\":\"https:\/\/turismevalles.com\/en\/#\/schema\/logo\/image\/\"}}]}<\/script>\n<!-- \/ Yoast SEO plugin. -->","yoast_head_json":{"title":"Vinos Denominaci\u00f3n de Origen Alella - Turisme Vall\u00e8s","description":"os vi\u00f1edos que configuran la actual Denominaci\u00f3n de Origen Alella, una de las m\u00e1s peque\u00f1as de la pen\u00ednsula y de las m\u00e1s antiguas, cubren una extensi\u00f3n de unas 560 hect\u00e1reas y est\u00e1n ubicadas entre el mar Mediterr\u00e1neo y la Serralada Litoral.","robots":{"index":"index","follow":"follow","max-snippet":"max-snippet:-1","max-image-preview":"max-image-preview:large","max-video-preview":"max-video-preview:-1"},"canonical":"https:\/\/turismevalles.com\/es\/comer\/vinos-denominacion-de-origen-alella\/","og_locale":"es_ES","og_type":"article","og_title":"Vinos Denominaci\u00f3n de Origen Alella - Turisme Vall\u00e8s","og_description":"os vi\u00f1edos que configuran la actual Denominaci\u00f3n de Origen Alella, una de las m\u00e1s peque\u00f1as de la pen\u00ednsula y de las m\u00e1s antiguas, cubren una extensi\u00f3n de unas 560 hect\u00e1reas y est\u00e1n ubicadas entre el mar Mediterr\u00e1neo y la Serralada Litoral.","og_url":"https:\/\/turismevalles.com\/es\/comer\/vinos-denominacion-de-origen-alella\/","og_site_name":"Turisme Vall\u00e8s","article_modified_time":"2022-11-07T09:24:15+00:00","og_image":[{"width":1706,"height":2560,"url":"https:\/\/turismevalles.com\/wp-content\/uploads\/2022\/09\/varema-scaled.jpg","type":"image\/jpeg"}],"twitter_card":"summary_large_image","twitter_misc":{"Tiempo de lectura":"2 minutos"},"schema":{"@context":"https:\/\/schema.org","@graph":[{"@type":"WebPage","@id":"https:\/\/turismevalles.com\/es\/comer\/vinos-denominacion-de-origen-alella\/","url":"https:\/\/turismevalles.com\/es\/comer\/vinos-denominacion-de-origen-alella\/","name":"Vinos Denominaci\u00f3n de Origen Alella - Turisme Vall\u00e8s","isPartOf":{"@id":"https:\/\/turismevalles.com\/en\/#website"},"primaryImageOfPage":{"@id":"https:\/\/turismevalles.com\/es\/comer\/vinos-denominacion-de-origen-alella\/#primaryimage"},"image":{"@id":"https:\/\/turismevalles.com\/es\/comer\/vinos-denominacion-de-origen-alella\/#primaryimage"},"thumbnailUrl":"https:\/\/turismevalles.com\/wp-content\/uploads\/2022\/09\/varema-scaled.jpg","datePublished":"2022-09-08T11:02:14+00:00","dateModified":"2022-11-07T09:24:15+00:00","description":"os vi\u00f1edos que configuran la actual Denominaci\u00f3n de Origen Alella, una de las m\u00e1s peque\u00f1as de la pen\u00ednsula y de las m\u00e1s antiguas, cubren una extensi\u00f3n de unas 560 hect\u00e1reas y est\u00e1n ubicadas entre el mar Mediterr\u00e1neo y la Serralada Litoral.","breadcrumb":{"@id":"https:\/\/turismevalles.com\/es\/comer\/vinos-denominacion-de-origen-alella\/#breadcrumb"},"inLanguage":"es","potentialAction":[{"@type":"ReadAction","target":["https:\/\/turismevalles.com\/es\/comer\/vinos-denominacion-de-origen-alella\/"]}]},{"@type":"ImageObject","inLanguage":"es","@id":"https:\/\/turismevalles.com\/es\/comer\/vinos-denominacion-de-origen-alella\/#primaryimage","url":"https:\/\/turismevalles.com\/wp-content\/uploads\/2022\/09\/varema-scaled.jpg","contentUrl":"https:\/\/turismevalles.com\/wp-content\/uploads\/2022\/09\/varema-scaled.jpg","width":1706,"height":2560},{"@type":"BreadcrumbList","@id":"https:\/\/turismevalles.com\/es\/comer\/vinos-denominacion-de-origen-alella\/#breadcrumb","itemListElement":[{"@type":"ListItem","position":1,"name":"Inicio","item":"https:\/\/turismevalles.com\/es\/"},{"@type":"ListItem","position":2,"name":"Menjar","item":"https:\/\/turismevalles.com\/menjar\/"},{"@type":"ListItem","position":3,"name":"Vinos Denominaci\u00f3n de Origen Alella"}]},{"@type":"WebSite","@id":"https:\/\/turismevalles.com\/en\/#website","url":"https:\/\/turismevalles.com\/en\/","name":"Turisme Vall\u00e8s","description":"","publisher":{"@id":"https:\/\/turismevalles.com\/en\/#organization"},"potentialAction":[{"@type":"SearchAction","target":{"@type":"EntryPoint","urlTemplate":"https:\/\/turismevalles.com\/en\/?s={search_term_string}"},"query-input":{"@type":"PropertyValueSpecification","valueRequired":true,"valueName":"search_term_string"}}],"inLanguage":"es"},{"@type":"Organization","@id":"https:\/\/turismevalles.com\/en\/#organization","name":"Turisme Vall\u00e8s","url":"https:\/\/turismevalles.com\/en\/","logo":{"@type":"ImageObject","inLanguage":"es","@id":"https:\/\/turismevalles.com\/en\/#\/schema\/logo\/image\/","url":"https:\/\/turismevalles.com\/wp-content\/uploads\/2020\/08\/cropped-logo_ca-2.png","contentUrl":"https:\/\/turismevalles.com\/wp-content\/uploads\/2020\/08\/cropped-logo_ca-2.png","width":314,"height":85,"caption":"Turisme Vall\u00e8s"},"image":{"@id":"https:\/\/turismevalles.com\/en\/#\/schema\/logo\/image\/"}}]}},"uagb_featured_image_src":{"full":["https:\/\/turismevalles.com\/wp-content\/uploads\/2022\/09\/varema-scaled.jpg",1706,2560,false],"thumbnail":["https:\/\/turismevalles.com\/wp-content\/uploads\/2022\/09\/varema-150x150.jpg",150,150,true],"medium":["https:\/\/turismevalles.com\/wp-content\/uploads\/2022\/09\/varema-200x300.jpg",200,300,true],"medium_large":["https:\/\/turismevalles.com\/wp-content\/uploads\/2022\/09\/varema-768x1152.jpg",768,1152,true],"large":["https:\/\/turismevalles.com\/wp-content\/uploads\/2022\/09\/varema-682x1024.jpg",682,1024,true],"thumblist":["https:\/\/turismevalles.com\/wp-content\/uploads\/2022\/09\/varema-300x300.jpg",300,300,true],"meccarouselthumb":["https:\/\/turismevalles.com\/wp-content\/uploads\/2022\/09\/varema-474x324.jpg",474,324,true],"gridsquare":["https:\/\/turismevalles.com\/wp-content\/uploads\/2022\/09\/varema-391x260.jpg",391,260,true],"tileview":["https:\/\/turismevalles.com\/wp-content\/uploads\/2022\/09\/varema-300x400.jpg",300,400,true],"1536x1536":["https:\/\/turismevalles.com\/wp-content\/uploads\/2022\/09\/varema-1024x1536.jpg",1024,1536,true],"2048x2048":["https:\/\/turismevalles.com\/wp-content\/uploads\/2022\/09\/varema-1365x2048.jpg",1365,2048,true]},"uagb_author_info":{"display_name":"Turisme Valles","author_link":"https:\/\/turismevalles.com\/es\/author\/"},"uagb_comment_info":0,"uagb_excerpt":"Los vi\u00f1edos que configuran la actual Denominaci\u00f3n de Origen Alella, una de las m\u00e1s peque\u00f1as de la pen\u00ednsula y de las m\u00e1s antiguas, cubren una ... Veure m\u00e9s","_links":{"self":[{"href":"https:\/\/turismevalles.com\/es\/wp-json\/wp\/v2\/menjar\/21723","targetHints":{"allow":["GET"]}}],"collection":[{"href":"https:\/\/turismevalles.com\/es\/wp-json\/wp\/v2\/menjar"}],"about":[{"href":"https:\/\/turismevalles.com\/es\/wp-json\/wp\/v2\/types\/menjar"}],"wp:featuredmedia":[{"embeddable":true,"href":"https:\/\/turismevalles.com\/es\/wp-json\/wp\/v2\/media\/21662"}],"wp:attachment":[{"href":"https:\/\/turismevalles.com\/es\/wp-json\/wp\/v2\/media?parent=21723"}],"wp:term":[{"taxonomy":"poblacions","embeddable":true,"href":"https:\/\/turismevalles.com\/es\/wp-json\/wp\/v2\/poblacions?post=21723"},{"taxonomy":"tipus_menjar","embeddable":true,"href":"https:\/\/turismevalles.com\/es\/wp-json\/wp\/v2\/tipus_menjar?post=21723"}],"curies":[{"name":"wp","href":"https:\/\/api.w.org\/{rel}","templated":true}]}}