{"id":73639,"date":"2026-08-25T14:33:31","date_gmt":"2026-08-25T12:33:31","guid":{"rendered":"https:\/\/turismevalles.com\/menjar\/ruta-de-los-esmorzars-de-forquilla-del-valles-oriental\/"},"modified":"2026-08-25T14:33:31","modified_gmt":"2026-08-25T12:33:31","slug":"ruta-de-los-esmorzars-de-forquilla-del-valles-oriental","status":"publish","type":"menjar","link":"https:\/\/turismevalles.com\/es\/comer\/ruta-de-los-esmorzars-de-forquilla-del-valles-oriental\/","title":{"rendered":"Ruta de los &#8216;esmorzars de forquilla&#8217; del Vall\u00e8s Oriental"},"content":{"rendered":"\n<p>Los &#8216;esmorzars de forquilla&#8217; o desayunos de tenedor son una de las tradiciones gastron\u00f3micas m\u00e1s arraigadas de nuestra casa: platos potentes y sabrosos que, antes, los campesinos y trabajadores hac\u00edan a primera hora de la ma\u00f1ana para tomar fuerzas para toda la jornada. Hoy se han convertido en una experiencia culinaria imprescindible para los amantes de la cocina aut\u00e9ntica. <\/p>\n\n<p>Em la Ruta dels Esmorzars de Forquilla del Vall\u00e8s Oriental encontrar\u00e1s restaurantes que celebran esta tradici\u00f3n con propuestas elaboradas con productos de proximidad y recetas de siempre: tortillas de temporada, capipota, butifarra con jud\u00edas del ganxet, callos, bacalao, pies de cerdo, brasa y muchas otras opciones que hacen honor a la cocina vallesana m\u00e1s genuina.<\/p>\n\n<p>Es una invitaci\u00f3n a empezar el d\u00eda con calma y buena comida, reconectar con los sabores de toda la vida y dejarte llevar por una comida que es historia, identidad y placer gastron\u00f3mico.<\/p>\n\n<p>Prepara el tenedor! <\/p>\n\n<div class=\"wp-block-uagb-buttons uagb-buttons__outer-wrap uagb-btn__default-btn uagb-btn-tablet__default-btn uagb-btn-mobile__default-btn uagb-block-7e5684e9\"><div class=\"uagb-buttons__wrap uagb-buttons-layout-wrap \">\n<div class=\"wp-block-uagb-buttons-child uagb-buttons__outer-wrap uagb-block-c3b38a43 wp-block-button\"><div class=\"uagb-button__wrapper\"><a class=\"uagb-buttons-repeater wp-block-button__link\" aria-label=\"\" href=\"https:\/\/www.google.com\/maps\/d\/u\/0\/edit?mid=14PZFvCciicDUphi08ihJFYq75UVRxuU&amp;usp=sharing\" rel=\"follow noopener\" target=\"_blank\" role=\"button\"><div class=\"uagb-button__link\">Visualiza los restaurantes en el mapa<\/div><\/a><\/div><\/div>\n<\/div><\/div>\n<div class=\"wp-block-image\">\n<figure class=\"aligncenter size-large\"><img loading=\"lazy\" decoding=\"async\" width=\"1024\" height=\"683\" src=\"https:\/\/turismevalles.com\/wp-content\/uploads\/2025\/12\/Restaurant-Can-tastet-de-Sant-Feliu-de-Codines-Fotograf-Xavier-Solanas-1024x683.jpg\" alt=\"Restaurante Can tastet de Sant Feliu de Codines - Fotografo Xavier Solanas\" class=\"wp-image-66726\" srcset=\"https:\/\/turismevalles.com\/wp-content\/uploads\/2025\/12\/Restaurant-Can-tastet-de-Sant-Feliu-de-Codines-Fotograf-Xavier-Solanas-1024x683.jpg 1024w, https:\/\/turismevalles.com\/wp-content\/uploads\/2025\/12\/Restaurant-Can-tastet-de-Sant-Feliu-de-Codines-Fotograf-Xavier-Solanas-300x200.jpg 300w, https:\/\/turismevalles.com\/wp-content\/uploads\/2025\/12\/Restaurant-Can-tastet-de-Sant-Feliu-de-Codines-Fotograf-Xavier-Solanas-768x512.jpg 768w, https:\/\/turismevalles.com\/wp-content\/uploads\/2025\/12\/Restaurant-Can-tastet-de-Sant-Feliu-de-Codines-Fotograf-Xavier-Solanas-391x260.jpg 391w, https:\/\/turismevalles.com\/wp-content\/uploads\/2025\/12\/Restaurant-Can-tastet-de-Sant-Feliu-de-Codines-Fotograf-Xavier-Solanas-1536x1025.jpg 1536w, https:\/\/turismevalles.com\/wp-content\/uploads\/2025\/12\/Restaurant-Can-tastet-de-Sant-Feliu-de-Codines-Fotograf-Xavier-Solanas-2048x1366.jpg 2048w\" sizes=\"auto, (max-width: 1024px) 100vw, 1024px\" \/><\/figure><\/div>","protected":false},"featured_media":66729,"template":"","poblacions":[],"tipus_menjar":[2707],"class_list":["post-73639","menjar","type-menjar","status-publish","has-post-thumbnail","hentry","tipus_menjar-rutas-gastronomicas","generate-columns","tablet-grid-50","mobile-grid-100","grid-parent","grid-33"],"acf":[],"yoast_head":"<!-- This site is optimized with the Yoast SEO plugin v26.4 - https:\/\/yoast.com\/wordpress\/plugins\/seo\/ -->\n<title>Ruta de los &#039;esmorzars de forquilla&#039; del Vall\u00e8s Oriental - Turisme Vall\u00e8s<\/title>\n<meta name=\"robots\" content=\"index, follow, max-snippet:-1, max-image-preview:large, max-video-preview:-1\" \/>\n<link rel=\"canonical\" href=\"https:\/\/turismevalles.com\/es\/comer\/ruta-de-los-esmorzars-de-forquilla-del-valles-oriental\/\" \/>\n<meta property=\"og:locale\" content=\"es_ES\" \/>\n<meta property=\"og:type\" content=\"article\" \/>\n<meta property=\"og:title\" content=\"Ruta de los &#039;esmorzars de forquilla&#039; del Vall\u00e8s Oriental - Turisme Vall\u00e8s\" \/>\n<meta property=\"og:description\" content=\"Los &#8216;esmorzars de forquilla&#8217; o desayunos de tenedor son una de las tradiciones gastron\u00f3micas m\u00e1s arraigadas de nuestra casa: platos potentes y sabrosos que, antes, ... Veure m\u00e9s\" \/>\n<meta property=\"og:url\" content=\"https:\/\/turismevalles.com\/es\/comer\/ruta-de-los-esmorzars-de-forquilla-del-valles-oriental\/\" \/>\n<meta property=\"og:site_name\" content=\"Turisme Vall\u00e8s\" \/>\n<meta property=\"og:image\" content=\"https:\/\/turismevalles.com\/wp-content\/uploads\/2025\/12\/Restaurant-Can-tastet-de-Sant-Feliu-de-Codines-Fotograf-Xavier-Solanas.jpg\" \/>\n\t<meta property=\"og:image:width\" content=\"2400\" \/>\n\t<meta property=\"og:image:height\" content=\"1601\" \/>\n\t<meta property=\"og:image:type\" content=\"image\/jpeg\" \/>\n<meta name=\"twitter:card\" content=\"summary_large_image\" \/>\n<meta name=\"twitter:label1\" content=\"Tiempo de lectura\" \/>\n\t<meta name=\"twitter:data1\" content=\"1 minuto\" \/>\n<script type=\"application\/ld+json\" class=\"yoast-schema-graph\">{\"@context\":\"https:\/\/schema.org\",\"@graph\":[{\"@type\":\"WebPage\",\"@id\":\"https:\/\/turismevalles.com\/es\/comer\/ruta-de-los-esmorzars-de-forquilla-del-valles-oriental\/\",\"url\":\"https:\/\/turismevalles.com\/es\/comer\/ruta-de-los-esmorzars-de-forquilla-del-valles-oriental\/\",\"name\":\"Ruta de los 'esmorzars de forquilla' del Vall\u00e8s Oriental - Turisme Vall\u00e8s\",\"isPartOf\":{\"@id\":\"https:\/\/turismevalles.com\/en\/#website\"},\"primaryImageOfPage\":{\"@id\":\"https:\/\/turismevalles.com\/es\/comer\/ruta-de-los-esmorzars-de-forquilla-del-valles-oriental\/#primaryimage\"},\"image\":{\"@id\":\"https:\/\/turismevalles.com\/es\/comer\/ruta-de-los-esmorzars-de-forquilla-del-valles-oriental\/#primaryimage\"},\"thumbnailUrl\":\"https:\/\/turismevalles.com\/wp-content\/uploads\/2025\/12\/Restaurant-Can-tastet-de-Sant-Feliu-de-Codines-Fotograf-Xavier-Solanas.jpg\",\"datePublished\":\"2026-08-25T12:33:31+00:00\",\"breadcrumb\":{\"@id\":\"https:\/\/turismevalles.com\/es\/comer\/ruta-de-los-esmorzars-de-forquilla-del-valles-oriental\/#breadcrumb\"},\"inLanguage\":\"es\",\"potentialAction\":[{\"@type\":\"ReadAction\",\"target\":[\"https:\/\/turismevalles.com\/es\/comer\/ruta-de-los-esmorzars-de-forquilla-del-valles-oriental\/\"]}]},{\"@type\":\"ImageObject\",\"inLanguage\":\"es\",\"@id\":\"https:\/\/turismevalles.com\/es\/comer\/ruta-de-los-esmorzars-de-forquilla-del-valles-oriental\/#primaryimage\",\"url\":\"https:\/\/turismevalles.com\/wp-content\/uploads\/2025\/12\/Restaurant-Can-tastet-de-Sant-Feliu-de-Codines-Fotograf-Xavier-Solanas.jpg\",\"contentUrl\":\"https:\/\/turismevalles.com\/wp-content\/uploads\/2025\/12\/Restaurant-Can-tastet-de-Sant-Feliu-de-Codines-Fotograf-Xavier-Solanas.jpg\",\"width\":2400,\"height\":1601,\"caption\":\"https:\/\/www.google.com\/maps\/d\/u\/0\/edit?mid=14PZFvCciicDUphi08ihJFYq75UVRxuU&usp=sharing\"},{\"@type\":\"BreadcrumbList\",\"@id\":\"https:\/\/turismevalles.com\/es\/comer\/ruta-de-los-esmorzars-de-forquilla-del-valles-oriental\/#breadcrumb\",\"itemListElement\":[{\"@type\":\"ListItem\",\"position\":1,\"name\":\"Inicio\",\"item\":\"https:\/\/turismevalles.com\/es\/\"},{\"@type\":\"ListItem\",\"position\":2,\"name\":\"Menjar\",\"item\":\"https:\/\/turismevalles.com\/menjar\/\"},{\"@type\":\"ListItem\",\"position\":3,\"name\":\"Ruta de los &#8216;esmorzars de forquilla&#8217; del Vall\u00e8s Oriental\"}]},{\"@type\":\"WebSite\",\"@id\":\"https:\/\/turismevalles.com\/en\/#website\",\"url\":\"https:\/\/turismevalles.com\/en\/\",\"name\":\"Turisme Vall\u00e8s\",\"description\":\"\",\"publisher\":{\"@id\":\"https:\/\/turismevalles.com\/en\/#organization\"},\"potentialAction\":[{\"@type\":\"SearchAction\",\"target\":{\"@type\":\"EntryPoint\",\"urlTemplate\":\"https:\/\/turismevalles.com\/en\/?s={search_term_string}\"},\"query-input\":{\"@type\":\"PropertyValueSpecification\",\"valueRequired\":true,\"valueName\":\"search_term_string\"}}],\"inLanguage\":\"es\"},{\"@type\":\"Organization\",\"@id\":\"https:\/\/turismevalles.com\/en\/#organization\",\"name\":\"Turisme Vall\u00e8s\",\"url\":\"https:\/\/turismevalles.com\/en\/\",\"logo\":{\"@type\":\"ImageObject\",\"inLanguage\":\"es\",\"@id\":\"https:\/\/turismevalles.com\/en\/#\/schema\/logo\/image\/\",\"url\":\"https:\/\/turismevalles.com\/wp-content\/uploads\/2020\/08\/cropped-logo_ca-2.png\",\"contentUrl\":\"https:\/\/turismevalles.com\/wp-content\/uploads\/2020\/08\/cropped-logo_ca-2.png\",\"width\":314,\"height\":85,\"caption\":\"Turisme Vall\u00e8s\"},\"image\":{\"@id\":\"https:\/\/turismevalles.com\/en\/#\/schema\/logo\/image\/\"}}]}<\/script>\n<!-- \/ Yoast SEO plugin. -->","yoast_head_json":{"title":"Ruta de los 'esmorzars de forquilla' del Vall\u00e8s Oriental - Turisme Vall\u00e8s","robots":{"index":"index","follow":"follow","max-snippet":"max-snippet:-1","max-image-preview":"max-image-preview:large","max-video-preview":"max-video-preview:-1"},"canonical":"https:\/\/turismevalles.com\/es\/comer\/ruta-de-los-esmorzars-de-forquilla-del-valles-oriental\/","og_locale":"es_ES","og_type":"article","og_title":"Ruta de los 'esmorzars de forquilla' del Vall\u00e8s Oriental - Turisme Vall\u00e8s","og_description":"Los &#8216;esmorzars de forquilla&#8217; o desayunos de tenedor son una de las tradiciones gastron\u00f3micas m\u00e1s arraigadas de nuestra casa: platos potentes y sabrosos que, antes, ... Veure m\u00e9s","og_url":"https:\/\/turismevalles.com\/es\/comer\/ruta-de-los-esmorzars-de-forquilla-del-valles-oriental\/","og_site_name":"Turisme Vall\u00e8s","og_image":[{"width":2400,"height":1601,"url":"https:\/\/turismevalles.com\/wp-content\/uploads\/2025\/12\/Restaurant-Can-tastet-de-Sant-Feliu-de-Codines-Fotograf-Xavier-Solanas.jpg","type":"image\/jpeg"}],"twitter_card":"summary_large_image","twitter_misc":{"Tiempo de lectura":"1 minuto"},"schema":{"@context":"https:\/\/schema.org","@graph":[{"@type":"WebPage","@id":"https:\/\/turismevalles.com\/es\/comer\/ruta-de-los-esmorzars-de-forquilla-del-valles-oriental\/","url":"https:\/\/turismevalles.com\/es\/comer\/ruta-de-los-esmorzars-de-forquilla-del-valles-oriental\/","name":"Ruta de los 'esmorzars de forquilla' del Vall\u00e8s Oriental - Turisme Vall\u00e8s","isPartOf":{"@id":"https:\/\/turismevalles.com\/en\/#website"},"primaryImageOfPage":{"@id":"https:\/\/turismevalles.com\/es\/comer\/ruta-de-los-esmorzars-de-forquilla-del-valles-oriental\/#primaryimage"},"image":{"@id":"https:\/\/turismevalles.com\/es\/comer\/ruta-de-los-esmorzars-de-forquilla-del-valles-oriental\/#primaryimage"},"thumbnailUrl":"https:\/\/turismevalles.com\/wp-content\/uploads\/2025\/12\/Restaurant-Can-tastet-de-Sant-Feliu-de-Codines-Fotograf-Xavier-Solanas.jpg","datePublished":"2026-08-25T12:33:31+00:00","breadcrumb":{"@id":"https:\/\/turismevalles.com\/es\/comer\/ruta-de-los-esmorzars-de-forquilla-del-valles-oriental\/#breadcrumb"},"inLanguage":"es","potentialAction":[{"@type":"ReadAction","target":["https:\/\/turismevalles.com\/es\/comer\/ruta-de-los-esmorzars-de-forquilla-del-valles-oriental\/"]}]},{"@type":"ImageObject","inLanguage":"es","@id":"https:\/\/turismevalles.com\/es\/comer\/ruta-de-los-esmorzars-de-forquilla-del-valles-oriental\/#primaryimage","url":"https:\/\/turismevalles.com\/wp-content\/uploads\/2025\/12\/Restaurant-Can-tastet-de-Sant-Feliu-de-Codines-Fotograf-Xavier-Solanas.jpg","contentUrl":"https:\/\/turismevalles.com\/wp-content\/uploads\/2025\/12\/Restaurant-Can-tastet-de-Sant-Feliu-de-Codines-Fotograf-Xavier-Solanas.jpg","width":2400,"height":1601,"caption":"https:\/\/www.google.com\/maps\/d\/u\/0\/edit?mid=14PZFvCciicDUphi08ihJFYq75UVRxuU&usp=sharing"},{"@type":"BreadcrumbList","@id":"https:\/\/turismevalles.com\/es\/comer\/ruta-de-los-esmorzars-de-forquilla-del-valles-oriental\/#breadcrumb","itemListElement":[{"@type":"ListItem","position":1,"name":"Inicio","item":"https:\/\/turismevalles.com\/es\/"},{"@type":"ListItem","position":2,"name":"Menjar","item":"https:\/\/turismevalles.com\/menjar\/"},{"@type":"ListItem","position":3,"name":"Ruta de los &#8216;esmorzars de forquilla&#8217; del Vall\u00e8s Oriental"}]},{"@type":"WebSite","@id":"https:\/\/turismevalles.com\/en\/#website","url":"https:\/\/turismevalles.com\/en\/","name":"Turisme Vall\u00e8s","description":"","publisher":{"@id":"https:\/\/turismevalles.com\/en\/#organization"},"potentialAction":[{"@type":"SearchAction","target":{"@type":"EntryPoint","urlTemplate":"https:\/\/turismevalles.com\/en\/?s={search_term_string}"},"query-input":{"@type":"PropertyValueSpecification","valueRequired":true,"valueName":"search_term_string"}}],"inLanguage":"es"},{"@type":"Organization","@id":"https:\/\/turismevalles.com\/en\/#organization","name":"Turisme Vall\u00e8s","url":"https:\/\/turismevalles.com\/en\/","logo":{"@type":"ImageObject","inLanguage":"es","@id":"https:\/\/turismevalles.com\/en\/#\/schema\/logo\/image\/","url":"https:\/\/turismevalles.com\/wp-content\/uploads\/2020\/08\/cropped-logo_ca-2.png","contentUrl":"https:\/\/turismevalles.com\/wp-content\/uploads\/2020\/08\/cropped-logo_ca-2.png","width":314,"height":85,"caption":"Turisme Vall\u00e8s"},"image":{"@id":"https:\/\/turismevalles.com\/en\/#\/schema\/logo\/image\/"}}]}},"uagb_featured_image_src":{"full":["https:\/\/turismevalles.com\/wp-content\/uploads\/2025\/12\/Restaurant-Can-tastet-de-Sant-Feliu-de-Codines-Fotograf-Xavier-Solanas.jpg",2400,1601,false],"thumbnail":["https:\/\/turismevalles.com\/wp-content\/uploads\/2025\/12\/Restaurant-Can-tastet-de-Sant-Feliu-de-Codines-Fotograf-Xavier-Solanas-150x150.jpg",150,150,true],"medium":["https:\/\/turismevalles.com\/wp-content\/uploads\/2025\/12\/Restaurant-Can-tastet-de-Sant-Feliu-de-Codines-Fotograf-Xavier-Solanas-300x200.jpg",300,200,true],"medium_large":["https:\/\/turismevalles.com\/wp-content\/uploads\/2025\/12\/Restaurant-Can-tastet-de-Sant-Feliu-de-Codines-Fotograf-Xavier-Solanas-768x512.jpg",768,512,true],"large":["https:\/\/turismevalles.com\/wp-content\/uploads\/2025\/12\/Restaurant-Can-tastet-de-Sant-Feliu-de-Codines-Fotograf-Xavier-Solanas-1024x683.jpg",1024,683,true],"thumblist":["https:\/\/turismevalles.com\/wp-content\/uploads\/2025\/12\/Restaurant-Can-tastet-de-Sant-Feliu-de-Codines-Fotograf-Xavier-Solanas-300x300.jpg",300,300,true],"meccarouselthumb":["https:\/\/turismevalles.com\/wp-content\/uploads\/2025\/12\/Restaurant-Can-tastet-de-Sant-Feliu-de-Codines-Fotograf-Xavier-Solanas-474x324.jpg",474,324,true],"gridsquare":["https:\/\/turismevalles.com\/wp-content\/uploads\/2025\/12\/Restaurant-Can-tastet-de-Sant-Feliu-de-Codines-Fotograf-Xavier-Solanas-391x260.jpg",391,260,true],"tileview":["https:\/\/turismevalles.com\/wp-content\/uploads\/2025\/12\/Restaurant-Can-tastet-de-Sant-Feliu-de-Codines-Fotograf-Xavier-Solanas-300x400.jpg",300,400,true],"1536x1536":["https:\/\/turismevalles.com\/wp-content\/uploads\/2025\/12\/Restaurant-Can-tastet-de-Sant-Feliu-de-Codines-Fotograf-Xavier-Solanas-1536x1025.jpg",1536,1025,true],"2048x2048":["https:\/\/turismevalles.com\/wp-content\/uploads\/2025\/12\/Restaurant-Can-tastet-de-Sant-Feliu-de-Codines-Fotograf-Xavier-Solanas-2048x1366.jpg",2048,1366,true]},"uagb_author_info":{"display_name":"Turisme Valles","author_link":"https:\/\/turismevalles.com\/es\/author\/"},"uagb_comment_info":0,"uagb_excerpt":"Los &#8216;esmorzars de forquilla&#8217; o desayunos de tenedor son una de las tradiciones gastron\u00f3micas m\u00e1s arraigadas de nuestra casa: platos potentes y sabrosos que, antes, ... Veure m\u00e9s","_links":{"self":[{"href":"https:\/\/turismevalles.com\/es\/wp-json\/wp\/v2\/menjar\/73639","targetHints":{"allow":["GET"]}}],"collection":[{"href":"https:\/\/turismevalles.com\/es\/wp-json\/wp\/v2\/menjar"}],"about":[{"href":"https:\/\/turismevalles.com\/es\/wp-json\/wp\/v2\/types\/menjar"}],"wp:featuredmedia":[{"embeddable":true,"href":"https:\/\/turismevalles.com\/es\/wp-json\/wp\/v2\/media\/66729"}],"wp:attachment":[{"href":"https:\/\/turismevalles.com\/es\/wp-json\/wp\/v2\/media?parent=73639"}],"wp:term":[{"taxonomy":"poblacions","embeddable":true,"href":"https:\/\/turismevalles.com\/es\/wp-json\/wp\/v2\/poblacions?post=73639"},{"taxonomy":"tipus_menjar","embeddable":true,"href":"https:\/\/turismevalles.com\/es\/wp-json\/wp\/v2\/tipus_menjar?post=73639"}],"curies":[{"name":"wp","href":"https:\/\/api.w.org\/{rel}","templated":true}]}}