{"id":15817,"date":"2021-10-07T11:54:40","date_gmt":"2021-10-07T09:54:40","guid":{"rendered":"http:\/\/turismevalles.com.mialias.net\/cultura\/"},"modified":"2022-02-25T14:35:37","modified_gmt":"2022-02-25T13:35:37","slug":"cultura","status":"publish","type":"page","link":"https:\/\/turismevalles.com\/es\/cultura\/","title":{"rendered":"Cultura"},"content":{"rendered":"\n<div style=\"height:31px\" aria-hidden=\"true\" class=\"wp-block-spacer\"><\/div>\n\n<div class=\"wp-block-columns rutesvalles is-layout-flex wp-container-core-columns-is-layout-9d6595d7 wp-block-columns-is-layout-flex\">\n<div class=\"wp-block-column is-layout-flow wp-block-column-is-layout-flow\">\n<div class=\"wp-block-image\"><figure class=\"aligncenter size-large\"><img decoding=\"async\" src=\"http:\/\/turismevalles.com\/wp-content\/uploads\/2021\/12\/Imagen1-1024x684.png\" alt=\"\" class=\"wp-image-16916\"\/><\/figure><\/div>\n\n\n<h2 class=\"gb-headline gb-headline-6dbb34fb gb-headline-text\"><a href=\"http:\/\/turismevalles.com\/es\/valles_oriental\/patrimonio-arquitectonico-y-arqueologico\/\" target=\"_blank\" rel=\"noreferrer noopener\">Patrimonio arquitect\u00f3nico y arqueol\u00f3gico<\/a><\/h2><\/div>\n\n\n\n<div class=\"wp-block-column is-layout-flow wp-block-column-is-layout-flow\">\n<div class=\"wp-block-image\"><figure class=\"aligncenter size-large\"><img loading=\"lazy\" decoding=\"async\" width=\"1024\" height=\"682\" src=\"http:\/\/turismevalles.com\/wp-content\/uploads\/2021\/12\/Imagen1-1-1024x682.png\" alt=\"\" class=\"wp-image-16954\" srcset=\"https:\/\/turismevalles.com\/wp-content\/uploads\/2021\/12\/Imagen1-1-1024x682.png 1024w, https:\/\/turismevalles.com\/wp-content\/uploads\/2021\/12\/Imagen1-1-300x200.png 300w, https:\/\/turismevalles.com\/wp-content\/uploads\/2021\/12\/Imagen1-1-768x512.png 768w, https:\/\/turismevalles.com\/wp-content\/uploads\/2021\/12\/Imagen1-1-391x260.png 391w, https:\/\/turismevalles.com\/wp-content\/uploads\/2021\/12\/Imagen1-1-1536x1024.png 1536w, https:\/\/turismevalles.com\/wp-content\/uploads\/2021\/12\/Imagen1-1.png 1688w\" sizes=\"auto, (max-width: 1024px) 100vw, 1024px\" \/><\/figure><\/div>\n\n\n<h2 class=\"gb-headline gb-headline-4f74cab3 gb-headline-text\"><a href=\"http:\/\/turismevalles.com\/es\/valles_oriental\/museos-y-centros-de-interpretacion\/\" target=\"_blank\" rel=\"noreferrer noopener\">Museos y centros de interpretaci\u00f3n<\/a><\/h2><\/div>\n\n\n\n<div class=\"wp-block-column is-layout-flow wp-block-column-is-layout-flow\">\n<div class=\"wp-block-image\"><figure class=\"aligncenter size-large\"><img decoding=\"async\" src=\"http:\/\/turismevalles.com\/wp-content\/uploads\/2021\/12\/Screenshot_1-3-1024x679.jpg\" alt=\"\" class=\"wp-image-16933\"\/><\/figure><\/div>\n\n\n<h2 class=\"gb-headline gb-headline-5d7c1075 gb-headline-text\"><a href=\"http:\/\/turismevalles.com\/es\/pagina-en-mantenimiento\/\" target=\"_blank\" rel=\"noreferrer noopener\">Fiestas y Folklore<\/a><\/h2><\/div>\n<\/div>\n\n<div class=\"wp-block-columns rutesvalles is-layout-flex wp-container-core-columns-is-layout-9d6595d7 wp-block-columns-is-layout-flex\">\n<div class=\"wp-block-column is-layout-flow wp-block-column-is-layout-flow\">\n<div class=\"wp-block-image\"><figure class=\"aligncenter size-large\"><img loading=\"lazy\" decoding=\"async\" width=\"1024\" height=\"682\" src=\"http:\/\/turismevalles.com\/wp-content\/uploads\/2021\/08\/YDRAY-IMG_0651-1024x682.jpg\" alt=\"\" class=\"wp-image-14870\" srcset=\"https:\/\/turismevalles.com\/wp-content\/uploads\/2021\/08\/YDRAY-IMG_0651-1024x682.jpg 1024w, https:\/\/turismevalles.com\/wp-content\/uploads\/2021\/08\/YDRAY-IMG_0651-300x200.jpg 300w, https:\/\/turismevalles.com\/wp-content\/uploads\/2021\/08\/YDRAY-IMG_0651-768x512.jpg 768w, https:\/\/turismevalles.com\/wp-content\/uploads\/2021\/08\/YDRAY-IMG_0651-391x260.jpg 391w, https:\/\/turismevalles.com\/wp-content\/uploads\/2021\/08\/YDRAY-IMG_0651-1536x1024.jpg 1536w, https:\/\/turismevalles.com\/wp-content\/uploads\/2021\/08\/YDRAY-IMG_0651.jpg 2000w\" sizes=\"auto, (max-width: 1024px) 100vw, 1024px\" \/><\/figure><\/div>\n\n\n<h2 class=\"gb-headline gb-headline-28ca9102 gb-headline-text\"><a href=\"http:\/\/turismevalles.com\/es\/valles_oriental\/rutas-y-itinerarios-culturales\/\" target=\"_blank\" rel=\"noreferrer noopener\">Rutas Culturales<\/a><\/h2><\/div>\n\n\n\n<div class=\"wp-block-column is-layout-flow wp-block-column-is-layout-flow\">\n<div class=\"wp-block-image\"><figure class=\"aligncenter size-large\"><img loading=\"lazy\" decoding=\"async\" width=\"1024\" height=\"685\" src=\"http:\/\/turismevalles.com\/wp-content\/uploads\/2021\/08\/YDRAY-Fira-Titelles-Caldes-32-Manel-Cuesta--1024x685.jpg\" alt=\"\" class=\"wp-image-14866\" srcset=\"https:\/\/turismevalles.com\/wp-content\/uploads\/2021\/08\/YDRAY-Fira-Titelles-Caldes-32-Manel-Cuesta--1024x685.jpg 1024w, https:\/\/turismevalles.com\/wp-content\/uploads\/2021\/08\/YDRAY-Fira-Titelles-Caldes-32-Manel-Cuesta--300x201.jpg 300w, https:\/\/turismevalles.com\/wp-content\/uploads\/2021\/08\/YDRAY-Fira-Titelles-Caldes-32-Manel-Cuesta--768x514.jpg 768w, https:\/\/turismevalles.com\/wp-content\/uploads\/2021\/08\/YDRAY-Fira-Titelles-Caldes-32-Manel-Cuesta--1536x1028.jpg 1536w, https:\/\/turismevalles.com\/wp-content\/uploads\/2021\/08\/YDRAY-Fira-Titelles-Caldes-32-Manel-Cuesta--2048x1371.jpg 2048w\" sizes=\"auto, (max-width: 1024px) 100vw, 1024px\" \/><\/figure><\/div>\n\n\n<h2 class=\"gb-headline gb-headline-32749f78 gb-headline-text\"><a href=\"http:\/\/turismevalles.com\/valles_oriental_contingut\/espectacles\/\">Espect\u00e1culos<\/a><\/h2><\/div>\n\n\n\n<div class=\"wp-block-column is-layout-flow wp-block-column-is-layout-flow\">\n<div class=\"wp-block-image\"><figure class=\"aligncenter size-large\"><img loading=\"lazy\" decoding=\"async\" width=\"1024\" height=\"682\" src=\"http:\/\/turismevalles.com\/wp-content\/uploads\/2021\/08\/YDRAY-MATB-Cardedeu-58-1024x682.jpg\" alt=\"\" class=\"wp-image-14887\" srcset=\"https:\/\/turismevalles.com\/wp-content\/uploads\/2021\/08\/YDRAY-MATB-Cardedeu-58-1024x682.jpg 1024w, https:\/\/turismevalles.com\/wp-content\/uploads\/2021\/08\/YDRAY-MATB-Cardedeu-58-300x200.jpg 300w, https:\/\/turismevalles.com\/wp-content\/uploads\/2021\/08\/YDRAY-MATB-Cardedeu-58-768x512.jpg 768w, https:\/\/turismevalles.com\/wp-content\/uploads\/2021\/08\/YDRAY-MATB-Cardedeu-58-391x260.jpg 391w, https:\/\/turismevalles.com\/wp-content\/uploads\/2021\/08\/YDRAY-MATB-Cardedeu-58-1536x1024.jpg 1536w, https:\/\/turismevalles.com\/wp-content\/uploads\/2021\/08\/YDRAY-MATB-Cardedeu-58.jpg 2000w\" sizes=\"auto, (max-width: 1024px) 100vw, 1024px\" \/><\/figure><\/div>\n\n\n<h2 class=\"gb-headline gb-headline-78178765 gb-headline-text\"><a href=\"http:\/\/turismevalles.com\/valles_oriental_contingut\/patrimoni-bibliografic-i-arxiu\/\">Patrimonio bibliogr\u00e1fico y archivo<\/a><\/h2><\/div>\n<\/div>\n\n<div class=\"wp-block-columns rutesvalles is-layout-flex wp-container-core-columns-is-layout-9d6595d7 wp-block-columns-is-layout-flex\">\n<div class=\"wp-block-column is-layout-flow wp-block-column-is-layout-flow\" style=\"flex-basis:33%\">\n<div class=\"wp-block-image\"><figure class=\"aligncenter size-large\"><img loading=\"lazy\" decoding=\"async\" width=\"1024\" height=\"685\" src=\"http:\/\/turismevalles.com\/wp-content\/uploads\/2021\/08\/YDRAY-Big-Band-Granollers-Manel-Cuesta-40-1024x685.jpg\" alt=\"\" class=\"wp-image-14858\" srcset=\"https:\/\/turismevalles.com\/wp-content\/uploads\/2021\/08\/YDRAY-Big-Band-Granollers-Manel-Cuesta-40-1024x685.jpg 1024w, https:\/\/turismevalles.com\/wp-content\/uploads\/2021\/08\/YDRAY-Big-Band-Granollers-Manel-Cuesta-40-300x201.jpg 300w, https:\/\/turismevalles.com\/wp-content\/uploads\/2021\/08\/YDRAY-Big-Band-Granollers-Manel-Cuesta-40-768x514.jpg 768w, https:\/\/turismevalles.com\/wp-content\/uploads\/2021\/08\/YDRAY-Big-Band-Granollers-Manel-Cuesta-40-1536x1028.jpg 1536w, https:\/\/turismevalles.com\/wp-content\/uploads\/2021\/08\/YDRAY-Big-Band-Granollers-Manel-Cuesta-40-2048x1371.jpg 2048w\" sizes=\"auto, (max-width: 1024px) 100vw, 1024px\" \/><\/figure><\/div>\n\n\n<h2 class=\"gb-headline gb-headline-5ef5be32 gb-headline-text\"><a href=\"http:\/\/www.enoturismedoalella.com\/larutadelvi\/\" target=\"_blank\" rel=\"noreferrer noopener\"><\/a><a href=\"http:\/\/turismevalles.com\/es\/valles_oriental\/musica-del-valles-oriental\/\" target=\"_blank\" rel=\"noreferrer noopener\">M\u00fasica del Vall\u00e8s Oriental<\/a><\/h2>\r\n<\/div>\n<\/div>\n\n<p><\/p>\n","protected":false},"excerpt":{"rendered":"<p>Patrimonio arquitect\u00f3nico y arqueol\u00f3gico Museos y centros de interpretaci\u00f3n Fiestas y Folklore Rutas Culturales Espect\u00e1culos Patrimonio bibliogr\u00e1fico y archivo M\u00fasica del Vall\u00e8s Oriental<\/p>\n","protected":false},"author":5,"featured_media":15814,"parent":0,"menu_order":0,"comment_status":"closed","ping_status":"closed","template":"","meta":{"_acf_changed":false,"inline_featured_image":false,"_uag_custom_page_level_css":"","footnotes":""},"class_list":{"0":"post-15817","1":"page","2":"type-page","3":"status-publish","4":"has-post-thumbnail","6":"generate-columns","7":"tablet-grid-50","8":"mobile-grid-100","9":"grid-parent","10":"grid-33"},"acf":[],"yoast_head":"<!-- This site is optimized with the Yoast SEO plugin v26.4 - https:\/\/yoast.com\/wordpress\/plugins\/seo\/ -->\n<title>Cultura - Turisme Vall\u00e8s<\/title>\n<meta name=\"description\" content=\"La riqueza del Vall\u00e8s Oriental se manifiesta a trav\u00e9s de su diversidad, y la cultura en la comarca es de los m\u00e1s diversa.\" \/>\n<meta name=\"robots\" content=\"index, follow, max-snippet:-1, max-image-preview:large, max-video-preview:-1\" \/>\n<link rel=\"canonical\" href=\"https:\/\/turismevalles.com\/cultura\/\" \/>\n<meta property=\"og:locale\" content=\"es_ES\" \/>\n<meta property=\"og:type\" content=\"article\" \/>\n<meta property=\"og:title\" content=\"Cultura - Turisme Vall\u00e8s\" \/>\n<meta property=\"og:description\" content=\"La riqueza del Vall\u00e8s Oriental se manifiesta a trav\u00e9s de su diversidad, y la cultura en la comarca es de los m\u00e1s diversa.\" \/>\n<meta property=\"og:url\" content=\"https:\/\/turismevalles.com\/cultura\/\" \/>\n<meta property=\"og:site_name\" content=\"Turisme Vall\u00e8s\" \/>\n<meta property=\"article:modified_time\" content=\"2022-02-25T13:35:37+00:00\" \/>\n<meta property=\"og:image\" content=\"https:\/\/turismevalles.com\/wp-content\/uploads\/2021\/10\/museu_abello_manel_cuesta_10.jpg\" \/>\n\t<meta property=\"og:image:width\" content=\"787\" \/>\n\t<meta property=\"og:image:height\" content=\"525\" \/>\n\t<meta property=\"og:image:type\" content=\"image\/jpeg\" \/>\n<meta name=\"twitter:card\" content=\"summary_large_image\" \/>\n<script type=\"application\/ld+json\" class=\"yoast-schema-graph\">{\"@context\":\"https:\/\/schema.org\",\"@graph\":[{\"@type\":\"WebPage\",\"@id\":\"https:\/\/turismevalles.com\/cultura\/\",\"url\":\"https:\/\/turismevalles.com\/cultura\/\",\"name\":\"Cultura - Turisme Vall\u00e8s\",\"isPartOf\":{\"@id\":\"https:\/\/turismevalles.com\/en\/#website\"},\"primaryImageOfPage\":{\"@id\":\"https:\/\/turismevalles.com\/cultura\/#primaryimage\"},\"image\":{\"@id\":\"https:\/\/turismevalles.com\/cultura\/#primaryimage\"},\"thumbnailUrl\":\"https:\/\/turismevalles.com\/wp-content\/uploads\/2021\/10\/museu_abello_manel_cuesta_10.jpg\",\"datePublished\":\"2021-10-07T09:54:40+00:00\",\"dateModified\":\"2022-02-25T13:35:37+00:00\",\"description\":\"La riqueza del Vall\u00e8s Oriental se manifiesta a trav\u00e9s de su diversidad, y la cultura en la comarca es de los m\u00e1s diversa.\",\"breadcrumb\":{\"@id\":\"https:\/\/turismevalles.com\/cultura\/#breadcrumb\"},\"inLanguage\":\"es\",\"potentialAction\":[{\"@type\":\"ReadAction\",\"target\":[\"https:\/\/turismevalles.com\/cultura\/\"]}]},{\"@type\":\"ImageObject\",\"inLanguage\":\"es\",\"@id\":\"https:\/\/turismevalles.com\/cultura\/#primaryimage\",\"url\":\"https:\/\/turismevalles.com\/wp-content\/uploads\/2021\/10\/museu_abello_manel_cuesta_10.jpg\",\"contentUrl\":\"https:\/\/turismevalles.com\/wp-content\/uploads\/2021\/10\/museu_abello_manel_cuesta_10.jpg\",\"width\":787,\"height\":525},{\"@type\":\"BreadcrumbList\",\"@id\":\"https:\/\/turismevalles.com\/cultura\/#breadcrumb\",\"itemListElement\":[{\"@type\":\"ListItem\",\"position\":1,\"name\":\"Inicio\",\"item\":\"https:\/\/turismevalles.com\/es\/\"},{\"@type\":\"ListItem\",\"position\":2,\"name\":\"Cultura\"}]},{\"@type\":\"WebSite\",\"@id\":\"https:\/\/turismevalles.com\/en\/#website\",\"url\":\"https:\/\/turismevalles.com\/en\/\",\"name\":\"Turisme Vall\u00e8s\",\"description\":\"\",\"publisher\":{\"@id\":\"https:\/\/turismevalles.com\/en\/#organization\"},\"potentialAction\":[{\"@type\":\"SearchAction\",\"target\":{\"@type\":\"EntryPoint\",\"urlTemplate\":\"https:\/\/turismevalles.com\/en\/?s={search_term_string}\"},\"query-input\":{\"@type\":\"PropertyValueSpecification\",\"valueRequired\":true,\"valueName\":\"search_term_string\"}}],\"inLanguage\":\"es\"},{\"@type\":\"Organization\",\"@id\":\"https:\/\/turismevalles.com\/en\/#organization\",\"name\":\"Turisme Vall\u00e8s\",\"url\":\"https:\/\/turismevalles.com\/en\/\",\"logo\":{\"@type\":\"ImageObject\",\"inLanguage\":\"es\",\"@id\":\"https:\/\/turismevalles.com\/en\/#\/schema\/logo\/image\/\",\"url\":\"https:\/\/turismevalles.com\/wp-content\/uploads\/2020\/08\/cropped-logo_ca-2.png\",\"contentUrl\":\"https:\/\/turismevalles.com\/wp-content\/uploads\/2020\/08\/cropped-logo_ca-2.png\",\"width\":314,\"height\":85,\"caption\":\"Turisme Vall\u00e8s\"},\"image\":{\"@id\":\"https:\/\/turismevalles.com\/en\/#\/schema\/logo\/image\/\"}}]}<\/script>\n<!-- \/ Yoast SEO plugin. -->","yoast_head_json":{"title":"Cultura - Turisme Vall\u00e8s","description":"La riqueza del Vall\u00e8s Oriental se manifiesta a trav\u00e9s de su diversidad, y la cultura en la comarca es de los m\u00e1s diversa.","robots":{"index":"index","follow":"follow","max-snippet":"max-snippet:-1","max-image-preview":"max-image-preview:large","max-video-preview":"max-video-preview:-1"},"canonical":"https:\/\/turismevalles.com\/cultura\/","og_locale":"es_ES","og_type":"article","og_title":"Cultura - Turisme Vall\u00e8s","og_description":"La riqueza del Vall\u00e8s Oriental se manifiesta a trav\u00e9s de su diversidad, y la cultura en la comarca es de los m\u00e1s diversa.","og_url":"https:\/\/turismevalles.com\/cultura\/","og_site_name":"Turisme Vall\u00e8s","article_modified_time":"2022-02-25T13:35:37+00:00","og_image":[{"width":787,"height":525,"url":"https:\/\/turismevalles.com\/wp-content\/uploads\/2021\/10\/museu_abello_manel_cuesta_10.jpg","type":"image\/jpeg"}],"twitter_card":"summary_large_image","schema":{"@context":"https:\/\/schema.org","@graph":[{"@type":"WebPage","@id":"https:\/\/turismevalles.com\/cultura\/","url":"https:\/\/turismevalles.com\/cultura\/","name":"Cultura - Turisme Vall\u00e8s","isPartOf":{"@id":"https:\/\/turismevalles.com\/en\/#website"},"primaryImageOfPage":{"@id":"https:\/\/turismevalles.com\/cultura\/#primaryimage"},"image":{"@id":"https:\/\/turismevalles.com\/cultura\/#primaryimage"},"thumbnailUrl":"https:\/\/turismevalles.com\/wp-content\/uploads\/2021\/10\/museu_abello_manel_cuesta_10.jpg","datePublished":"2021-10-07T09:54:40+00:00","dateModified":"2022-02-25T13:35:37+00:00","description":"La riqueza del Vall\u00e8s Oriental se manifiesta a trav\u00e9s de su diversidad, y la cultura en la comarca es de los m\u00e1s diversa.","breadcrumb":{"@id":"https:\/\/turismevalles.com\/cultura\/#breadcrumb"},"inLanguage":"es","potentialAction":[{"@type":"ReadAction","target":["https:\/\/turismevalles.com\/cultura\/"]}]},{"@type":"ImageObject","inLanguage":"es","@id":"https:\/\/turismevalles.com\/cultura\/#primaryimage","url":"https:\/\/turismevalles.com\/wp-content\/uploads\/2021\/10\/museu_abello_manel_cuesta_10.jpg","contentUrl":"https:\/\/turismevalles.com\/wp-content\/uploads\/2021\/10\/museu_abello_manel_cuesta_10.jpg","width":787,"height":525},{"@type":"BreadcrumbList","@id":"https:\/\/turismevalles.com\/cultura\/#breadcrumb","itemListElement":[{"@type":"ListItem","position":1,"name":"Inicio","item":"https:\/\/turismevalles.com\/es\/"},{"@type":"ListItem","position":2,"name":"Cultura"}]},{"@type":"WebSite","@id":"https:\/\/turismevalles.com\/en\/#website","url":"https:\/\/turismevalles.com\/en\/","name":"Turisme Vall\u00e8s","description":"","publisher":{"@id":"https:\/\/turismevalles.com\/en\/#organization"},"potentialAction":[{"@type":"SearchAction","target":{"@type":"EntryPoint","urlTemplate":"https:\/\/turismevalles.com\/en\/?s={search_term_string}"},"query-input":{"@type":"PropertyValueSpecification","valueRequired":true,"valueName":"search_term_string"}}],"inLanguage":"es"},{"@type":"Organization","@id":"https:\/\/turismevalles.com\/en\/#organization","name":"Turisme Vall\u00e8s","url":"https:\/\/turismevalles.com\/en\/","logo":{"@type":"ImageObject","inLanguage":"es","@id":"https:\/\/turismevalles.com\/en\/#\/schema\/logo\/image\/","url":"https:\/\/turismevalles.com\/wp-content\/uploads\/2020\/08\/cropped-logo_ca-2.png","contentUrl":"https:\/\/turismevalles.com\/wp-content\/uploads\/2020\/08\/cropped-logo_ca-2.png","width":314,"height":85,"caption":"Turisme Vall\u00e8s"},"image":{"@id":"https:\/\/turismevalles.com\/en\/#\/schema\/logo\/image\/"}}]}},"uagb_featured_image_src":{"full":["https:\/\/turismevalles.com\/wp-content\/uploads\/2021\/10\/museu_abello_manel_cuesta_10.jpg",787,525,false],"thumbnail":["https:\/\/turismevalles.com\/wp-content\/uploads\/2021\/10\/museu_abello_manel_cuesta_10-150x150.jpg",150,150,true],"medium":["https:\/\/turismevalles.com\/wp-content\/uploads\/2021\/10\/museu_abello_manel_cuesta_10-300x200.jpg",300,200,true],"medium_large":["https:\/\/turismevalles.com\/wp-content\/uploads\/2021\/10\/museu_abello_manel_cuesta_10-768x512.jpg",768,512,true],"large":["https:\/\/turismevalles.com\/wp-content\/uploads\/2021\/10\/museu_abello_manel_cuesta_10.jpg",787,525,false],"thumblist":["https:\/\/turismevalles.com\/wp-content\/uploads\/2021\/10\/museu_abello_manel_cuesta_10-300x300.jpg",300,300,true],"meccarouselthumb":["https:\/\/turismevalles.com\/wp-content\/uploads\/2021\/10\/museu_abello_manel_cuesta_10-474x324.jpg",474,324,true],"gridsquare":["https:\/\/turismevalles.com\/wp-content\/uploads\/2021\/10\/museu_abello_manel_cuesta_10-391x260.jpg",391,260,true],"tileview":["https:\/\/turismevalles.com\/wp-content\/uploads\/2021\/10\/museu_abello_manel_cuesta_10-300x400.jpg",300,400,true],"1536x1536":["https:\/\/turismevalles.com\/wp-content\/uploads\/2021\/10\/museu_abello_manel_cuesta_10.jpg",787,525,false],"2048x2048":["https:\/\/turismevalles.com\/wp-content\/uploads\/2021\/10\/museu_abello_manel_cuesta_10.jpg",787,525,false]},"uagb_author_info":{"display_name":"Turisme Valles","author_link":"https:\/\/turismevalles.com\/es\/author\/turismevallesoriental\/"},"uagb_comment_info":0,"uagb_excerpt":"Patrimonio arquitect\u00f3nico y arqueol\u00f3gico Museos y centros de interpretaci\u00f3n Fiestas y Folklore Rutas Culturales Espect\u00e1culos Patrimonio bibliogr\u00e1fico y archivo M\u00fasica del Vall\u00e8s Oriental","_links":{"self":[{"href":"https:\/\/turismevalles.com\/es\/wp-json\/wp\/v2\/pages\/15817","targetHints":{"allow":["GET"]}}],"collection":[{"href":"https:\/\/turismevalles.com\/es\/wp-json\/wp\/v2\/pages"}],"about":[{"href":"https:\/\/turismevalles.com\/es\/wp-json\/wp\/v2\/types\/page"}],"author":[{"embeddable":true,"href":"https:\/\/turismevalles.com\/es\/wp-json\/wp\/v2\/users\/5"}],"replies":[{"embeddable":true,"href":"https:\/\/turismevalles.com\/es\/wp-json\/wp\/v2\/comments?post=15817"}],"version-history":[{"count":0,"href":"https:\/\/turismevalles.com\/es\/wp-json\/wp\/v2\/pages\/15817\/revisions"}],"wp:featuredmedia":[{"embeddable":true,"href":"https:\/\/turismevalles.com\/es\/wp-json\/wp\/v2\/media\/15814"}],"wp:attachment":[{"href":"https:\/\/turismevalles.com\/es\/wp-json\/wp\/v2\/media?parent=15817"}],"curies":[{"name":"wp","href":"https:\/\/api.w.org\/{rel}","templated":true}]}}