{"id":18285,"date":"2022-02-22T10:51:52","date_gmt":"2022-02-22T09:51:52","guid":{"rendered":"http:\/\/turismevalles.com.mialias.net\/itinerarios-municipales\/"},"modified":"2022-02-22T10:51:54","modified_gmt":"2022-02-22T09:51:54","slug":"itinerarios-municipales","status":"publish","type":"page","link":"https:\/\/turismevalles.com\/es\/itinerarios-municipales\/","title":{"rendered":"Itinerarios municipales"},"content":{"rendered":"\n<p id=\"block-5f1d9353-fb8e-4952-86e0-529070468489\">Recopilamos los itinerarios municipales ciclables que proponen los ayuntamientos de la comarca.<\/p>\n\n<p id=\"block-886f7da5-28d6-489b-83f5-3043c9410c1d\">No olvide los consejos de seguridad para ciclistas cuando visite los parques naturales y siga todas las recomendaciones para disfrutar de un itinerario seguro.<\/p>\n\n<ul class=\"wp-block-list\" id=\"block-6849d82d-5a49-4162-9a94-faa79a9419e9\"><li>Respete la preferencia de los peatones y evite causarles molestias.<\/li><li>Adecue la velocidad al tipo de v\u00eda. Para pistas, la velocidad m\u00e1xima es de 30 km\/h, excepto en el Parque de la Cordillera de Marina que es 20 km\/h.<\/li><li>Circule s\u00f3lo por carreteras, pistas forestales o por caminos de paseo de m\u00e1s de 3 metros de ancho.<\/li><li>Por causas justificadas, en determinadas zonas del parque, la circulaci\u00f3n en bicicleta puede restringirse temporal o permanentemente.<\/li><li>Siga los consejos de la circulaci\u00f3n motorizada.<\/li><\/ul>\n\n<figure class=\"wp-block-table is-style-stripes\"><table><tbody><tr><td><strong>Municipio<\/strong><\/td><td><strong>Itinerarios<\/strong><\/td><td><strong>Pueblos cercanos<\/strong><\/td><td><strong>\u00bfQu\u00e9 hacer?<\/strong><\/td><td><strong>Informaci\u00f3n<\/strong><\/td><\/tr><tr><td>Cardedeu<\/td><td><br\/><a href=\"https:\/\/museudecardedeu.cat\/editem-8-nous-planols-per-passejar-en-bici-i-a-peu-per-cardedeu\/\" target=\"_blank\" rel=\"noreferrer noopener\">Clicar aqu\u00ed<\/a><br\/><\/td><td>Llinars del Vall\u00e8s- St. Pere i St. Antoni de Vilamajor- Vilalba Sasserra.<br\/>C\u00e0noves i Samal\u00fas- La Garriga<br\/>Les Franqueses del Vall\u00e8s- Granollers.<\/td><td><a href=\"https:\/\/www.cardedeu.cat\/el-municipi\/1833-turisme\/recursos-turistics\/\" target=\"_blank\" rel=\"noreferrer noopener\">Clicar aqu\u00ed<\/a><\/td><td><a href=\"https:\/\/museudecardedeu.cat\/\" target=\"_blank\" rel=\"noreferrer noopener\">Museu de Cardedeu<\/a>, T. 938713 070<\/td><\/tr><tr><td>C\u00e0noves i Samal\u00fas<br\/>(Parc Natural del Montseny)<\/td><td><br\/><a href=\"https:\/\/www.canovesisamalus.cat\/129-turisme\/rutes-turistiques\/\" target=\"_blank\" rel=\"noreferrer noopener\">Clicar aqu\u00ed<\/a><\/td><td>Cardedeu- Sant Antoni i Sant Pere de Vilamajor- Llinars del Vall\u00e8s- La Garriga i Les Franqueses del Vall\u00e8s<\/td><td><a href=\"https:\/\/www.canovesisamalus.cat\/129-turisme\/llocs-dinteres\/\" target=\"_blank\" rel=\"noreferrer noopener\">Clicar aqu\u00ed<\/a><\/td><td><a href=\"https:\/\/www.canovesisamalus.cat\/\" target=\"_blank\" rel=\"noreferrer noopener\">Ajuntament de C\u00e0noves<\/a>, T. 938 710 018<\/td><\/tr><tr><td>Sant Antoni de Vilamajor<\/td><td><a href=\"https:\/\/www.santantonidevilamajor.cat\/el-municipi\/turisme\/rutes\/\" target=\"_blank\" rel=\"noreferrer noopener\">Clicar aqu\u00ed<\/a><\/td><td>Llinars del Vall\u00e8s- Sant Pere de Vilamajor- Vilalba Sasserra- Santa Maria de Palautordera- Sant Esteve de Palautordera<\/td><td><a href=\"https:\/\/www.santantonidevilamajor.cat\/el-municipi\/turisme\/festes-fires-i-mercats\/\" target=\"_blank\" rel=\"noreferrer noopener\">Clicar aqu\u00ed<\/a><\/td><td><a href=\"https:\/\/www.santantonidevilamajor.cat\/el-municipi\/turisme\/llocs-dinteres\/\" target=\"_blank\" rel=\"noreferrer noopener\">Ajuntament de Sant Antoni de Vilamajor<\/a>, T. 938 452 400<\/td><\/tr><tr><td>Sant Pere de Vilamajor<br\/>( Parc Natural del Montseny)<\/td><td><a href=\"https:\/\/www.vilamajor.cat\/turisme\/rutes-i-excursions\/\" target=\"_blank\" rel=\"noreferrer noopener\">Clicar aqu\u00ed<\/a><\/td><td>C\u00e0noves i Samal\u00fas- Llinars del Vall\u00e8s- Sant Pere de Vilamajor- Vilalba Sasserra- Santa Maria de Palautordera- Sant Esteve de Palautordera<\/td><td><a href=\"https:\/\/www.vilamajor.cat\/turisme\/llocs-dinteres\/\" target=\"_blank\" rel=\"noreferrer noopener\">Clicar aqu\u00ed<\/a><\/td><td><a href=\"https:\/\/www.vilamajor.cat\/turisme\/oficina-dinformacio-turistica\/\" target=\"_blank\" rel=\"noreferrer noopener\">Oficina d\u2019Informaci\u00f3 Tur\u00edstica La Mongia<\/a>, T. 935 719 704<\/td><\/tr><tr><td>Llinars del Vall\u00e8s<br\/>( Parc Montnegre- Corredor)<\/td><td><a href=\"https:\/\/www.llinarsdelvalles.cat\/municipi\/turisme\/rutes-a-peu\/\" target=\"_blank\" rel=\"noreferrer noopener\">Clicar aqu\u00ed<\/a><\/td><td>Cardedeu- Sant Antoni i Sant Pere de Vilamajor- Vilalba Sasserra- Vallgorguina<\/td><td><a href=\"https:\/\/www.llinarsdelvalles.cat\/municipi\/guia-del-municipi\/llocs-dinteres\/\" target=\"_blank\" rel=\"noreferrer noopener\">Clicar aqu\u00ed<\/a><\/td><td><a href=\"https:\/\/www.llinarsdelvalles.cat\/municipi\/turisme\" target=\"_blank\" rel=\"noreferrer noopener\">Ajuntament de Llinars del Vall\u00e8s, Mas Bag\u00e0<\/a><br\/>T. 938412750<\/td><\/tr><tr><td>Vilalba Sasserra<br\/>( Parc Montnegre- Corredor)<\/td><td><a href=\"https:\/\/ca.wikiloc.com\/wikiloc\/map.do?sw=-89.999%2C-179.999&amp;ne=89.999%2C179.999&amp;q=vilalba%20sasserra&amp;fitMapToTrails=1&amp;page=1\" target=\"_blank\" rel=\"noreferrer noopener\">Clicar aqu\u00ed<\/a><\/td><td>Vallgorguina- Sant Celoni- Sta. Maria de Palautordera- Sant Antoni de Vilamajor- Llinars del Vall\u00e8s.<\/td><td><a href=\"https:\/\/www.vilalbasasserra.cat\/el-municipi\/llocs-dinteres\/\" target=\"_blank\" rel=\"noreferrer noopener\">Clicar aqu\u00ed<\/a><\/td><td><a href=\"https:\/\/www.vilalbasasserra.cat\/\" target=\"_blank\" rel=\"noreferrer noopener\">Ajuntament de Vilalba Sasserra<\/a>,<br\/>T. 938 410 383<\/td><\/tr><tr><td>Santa Maria de Palautordera<br\/>(Parc Natural del Montseny)<\/td><td><a href=\"https:\/\/www.smpalautordera.cat\/el-municipi\/llocs-dinteres-i-rutes\/\" target=\"_blank\" rel=\"noreferrer noopener\">Clicar aqu\u00ed<\/a><\/td><td>Sant Celoni- Sant Esteve de Palutordera- poble del Montseny- Fogars de Montcl\u00fas- Sant Antoni de Vilamajor<\/td><td><a href=\"https:\/\/turisme-montseny.com\/aquests-dies-visita-santa-maria-palautordera\/\" target=\"_blank\" rel=\"noreferrer noopener\">Clicar aqu\u00ed<\/a><\/td><td><br\/><a href=\"https:\/\/www.smpalautordera.cat\/serveis-i-tramits\/oficines-municipals\/punt-dinformacio-turistica-.html\" target=\"_blank\" rel=\"noreferrer noopener\">Punt d\u2019Informaci\u00f3 de Sta. Maria de Palautordera,<\/a><br\/>T. 938 479 620 <\/td><\/tr><tr><td>Sant Esteve de Palautordera<br\/>(Parc Natural del Montseny)<\/td><td><a href=\"http:\/\/www.santestevedepalautordera.cat\/el-municipi\/rutes-amb-bici\/\" target=\"_blank\" rel=\"noreferrer noopener\">Clicar aqu\u00ed<\/a><\/td><td>Sant Celoni- Sant Esteve de Palutordera- poble del Montseny- Fogars de Montcl\u00fas- Sant Antoni de Vilamajor<\/td><td><a href=\"https:\/\/turisme-montseny.com\/que-visitar\/recursos-arquitectonics\/castell-de-montclus\/\" target=\"_blank\" rel=\"noreferrer noopener\">Clicar aqu\u00ed<\/a><\/td><td><a href=\"https:\/\/turisme-montseny.com\/oficines-de-turisme\/\" target=\"_blank\" rel=\"noreferrer noopener\">Punt d\u2019Informaci\u00f3 de St. Esteve de Palautordera<\/a>, T. 938 482 008<\/td><\/tr><tr><td>Montseny ( poble)<br\/>(Parc Natural del Montseny)<\/td><td><a href=\"https:\/\/www.montseny.cat\/turisme\/rutes-i-excursions\/\" target=\"_blank\" rel=\"noreferrer noopener\">Clicar aqu\u00ed<\/a><\/td><td>Sant Celoni- Sant Esteve de Palutordera- poble del Montseny- Fogars de Montcl\u00fas- Sant Antoni de Vilamajor<\/td><td><a href=\"https:\/\/www.montseny.cat\/turisme\/llocs-dinteres\/\" target=\"_blank\" rel=\"noreferrer noopener\">Clicar aqu\u00ed<\/a><\/td><td><a href=\"https:\/\/turisme-montseny.com\/oficines-de-turisme\/\" target=\"_blank\" rel=\"noreferrer noopener\">Centre d\u2019Informaci\u00f3 del Montseny<\/a>,<\/td><\/tr><tr><td>Fogars de Montcl\u00fas<br\/>( Parc Natural del Montseny)<\/td><td><a href=\"https:\/\/www.fogarsdemontclus.cat\/129-turisme\/rutes\/\" target=\"_blank\" rel=\"noreferrer noopener\">Clicar aqu\u00ed<\/a><\/td><td>Sant Celoni- Sant Esteve de Palutordera- poble del Montseny- Fogars de Montcl\u00fas- Sant Antoni de Vilamajor<\/td><td><a href=\"https:\/\/www.fogarsdemontclus.cat\/129-turisme\/128-llocs-dinteres\/\" target=\"_blank\" rel=\"noreferrer noopener\">Clicar aqu\u00ed<\/a><\/td><td><a href=\"https:\/\/turisme-montseny.com\/oficines-de-turisme\/\" target=\"_blank\" rel=\"noreferrer noopener\">Centre d\u2019Informaci\u00f3 del Parc Natural del Montseny<\/a>, T. 938 475 102<\/td><\/tr><tr><td>Sant Celoni<br\/>(Parc Natural del Montseny i Parc Montnegre-Corredor)<\/td><td><a href=\"https:\/\/santceloni.cat\/8589\" target=\"_blank\" rel=\"noreferrer noopener\">Clicar aqu\u00ed<\/a><\/td><td>Fogars de Montcl\u00fas- Campins- Vallgorguina- Sta. Maria i St. Esteve de Palautordera <\/td><td><a href=\"https:\/\/santceloni.cat\/18335\" target=\"_blank\" rel=\"noreferrer noopener\">Clicar aqu\u00ed<\/a><\/td><td><a href=\"https:\/\/santceloni.cat\/6931\" target=\"_blank\" rel=\"noreferrer noopener\">Oficina de Turisme de Sant Celoni<\/a>,<br\/>T. 938 670 171<\/td><\/tr><tr><td>Campins<br\/>( Parc Natural del Montseny)<\/td><td><a href=\"https:\/\/campins.cat\/passejades-2\/\" target=\"_blank\" rel=\"noreferrer noopener\">Clicar aqu\u00ed<\/a><\/td><td>Sant Celoni- Fogars de Montcl\u00fas- Santa Maria de Palautordera<\/td><td><a href=\"https:\/\/campins.cat\/llocs-d-interes\/\" target=\"_blank\" rel=\"noreferrer noopener\">Clicar aqu\u00ed<\/a><\/td><td><a href=\"http:\/\/www.campins.cat\/\" target=\"_blank\" rel=\"noreferrer noopener\">Ajuntament de Campins<\/a>, 938 47 50 30<\/td><\/tr><tr><td>Gualba<br\/>(Parc Natural del Montseny)<\/td><td><a href=\"https:\/\/www.gualba.cat\/turisme\/rutes\/en-format-garmin\" target=\"_blank\" rel=\"noreferrer noopener\">Clicar aqu\u00ed<\/a><\/td><td>Sant Celoni- Campins<\/td><td><a href=\"https:\/\/www.gualba.cat\/turisme\" target=\"_blank\" rel=\"noreferrer noopener\">Clicar aqu\u00ed<\/a><\/td><td><a href=\"http:\/\/www.gualba.cat\/\" target=\"_blank\" rel=\"noreferrer noopener\">Ajuntament de Gualba<\/a>, T. 938 487 027<\/td><\/tr><tr><td>Vallgorguina<br\/>(Parc Montnegre-Corredor)<\/td><td><a href=\"https:\/\/www.turismevallgorguina.com\/rutes\/\" target=\"_blank\" rel=\"noreferrer noopener\">Clicar aqu\u00ed<\/a><\/td><td>Sant Celoni- Vilalba Saserra<\/td><td><a href=\"https:\/\/www.turismevallgorguina.com\/vallgorguina\/\" target=\"_blank\" rel=\"noreferrer noopener\">Clicar aqu\u00ed<\/a><\/td><td><a href=\"https:\/\/www.turismevallgorguina.com\/\" target=\"_blank\" rel=\"noreferrer noopener\">Turisme Vallgorguina<\/a>,<\/td><\/tr><tr><td>Granollers<\/td><td><a href=\"https:\/\/granollerspedala.cat\/bicimapa\/\" target=\"_blank\" rel=\"noreferrer noopener\">Clicar aqu\u00ed<\/a><\/td><td>Canovelles- Les Franqueses &#8211; Lli\u00e7a d&#8217;Amunt- Lli\u00e7a d&#8217;Avall- Parets- La Roca del Vall\u00e8s- Montmel\u00f3- Montorn\u00e8s- Vilanova del Vall\u00e8s<\/td><td><a href=\"https:\/\/www.visitgranollers.com\/\" target=\"_blank\" rel=\"noreferrer noopener\">Clicar aqu\u00ed<\/a><\/td><td><a href=\"https:\/\/www.visitgranollers.com\/\" target=\"_blank\" rel=\"noreferrer noopener\">Oficina de Turisme de Granollers<\/a><br\/>T.93 879 49 80<\/td><\/tr><tr><td>Caldes de Montbui<\/td><td><a href=\"https:\/\/www.visiteucaldes.cat\/senders\/\" target=\"_blank\" rel=\"noreferrer noopener\">Clicar aqu\u00ed<\/a><\/td><td>Sant Feliu de Codines- Bigues i Riells- Santa Eul\u00e0lia- Lli\u00e7a d&#8217;Amunt- Lli\u00e7a d&#8217;Avall<\/td><td><a href=\"https:\/\/www.visiteucaldes.cat\/\" target=\"_blank\" rel=\"noreferrer noopener\">Clicar aqu\u00ed<\/a><\/td><td><a href=\"https:\/\/www.visiteucaldes.cat\/contactar-3\/\" target=\"_blank\" rel=\"noreferrer noopener\">Museo Thermalia<\/a><br\/>T. 93 865 41 40<\/td><\/tr><tr><td>Bigues i Riells del Fai<\/td><td><a href=\"https:\/\/www.biguesiriells.cat\/ca\/coneixer-bigues-riells-del-fai-4\/turisme-14\/rutes-excursions-81.htm\" target=\"_blank\" rel=\"noreferrer noopener\">Clicar aqu\u00ed<\/a><\/td><td>Sant Feliu de Codines- Santa Eul\u00e0lia- L&#8217;Ametlla del Vall\u00e8s- Caldes de Montbui<\/td><td><a href=\"https:\/\/www.biguesiriells.cat\/ca\/coneixer-bigues-riells-del-fai-4\/turisme-14.htm\" target=\"_blank\" rel=\"noreferrer noopener\">Clicar aqu\u00ed<\/a><\/td><td><a href=\"https:\/\/www.biguesiriells.cat\/ca\/contactar.htm\" target=\"_blank\" rel=\"noreferrer noopener\">Ajuntament de Bigues i Riells del Fai<\/a><br\/>T. 93 865 62 43<\/td><\/tr><tr><td>La Garriga<br\/>(Parc Natural del Montseny)<\/td><td><a href=\"https:\/\/www.visitalagarriga.cat\/index.php\/ca\/senderisme-i-natura\" target=\"_blank\" rel=\"noreferrer noopener\">Clicar aqu\u00ed<\/a><\/td><td>C\u00e0noves i Samal\u00fas &#8211; Les Franqueses del Vall\u00e8s- L&#8217;Ametlla del Vall\u00e8s<\/td><td><a href=\"https:\/\/www.visitalagarriga.cat\/ca\" target=\"_blank\" rel=\"noreferrer noopener\">Clicar aqu\u00ed<\/a><\/td><td><a href=\"https:\/\/www.visitalagarriga.cat\/ca\/centre-de-visitants\" target=\"_blank\" rel=\"noreferrer noopener\">Centre de Visitants<\/a><br\/>T. 610 477 823 <\/td><\/tr><tr><td>Mollet del Vall\u00e8s<br\/>(PEIN Gallecs)<\/td><td><a href=\"https:\/\/www.molletvalles.cat\/assets\/Documents\/4-itineraris-per-Gallecs.pdf\" target=\"_blank\" rel=\"noreferrer noopener\">Clicar aqu\u00ed<\/a><\/td><td>Parets del Vall\u00e8s- Montmel\u00f3- Montorn\u00e8s del Vall\u00e8s- San Fost<\/td><td><a href=\"https:\/\/www.molletvalles.cat\/continguts\/la-ciutat\/turisme\/\" target=\"_blank\" rel=\"noreferrer noopener\">Clicar aqu\u00ed<\/a><\/td><td><a href=\"https:\/\/www.molletvalles.cat\/continguts\/la-ciutat\/turisme\/\" target=\"_blank\" rel=\"noreferrer noopener\">Ajuntament de Mollet del Vall\u00e8s<\/a><br\/>T. 93 571 95 00<\/td><\/tr><tr><td>\ufeff<\/td><td>\ufeff<\/td><td>\ufeff<\/td><td>\ufeff<\/td><td>\ufeff<\/td><\/tr><tr><td>\ufeff<\/td><td>\ufeff<\/td><td>\ufeff<\/td><td>\ufeff<\/td><td>\ufeff<\/td><\/tr><tr><td>\ufeff<\/td><td>\ufeff<\/td><td>\ufeff<\/td><td>\ufeff<\/td><td>\ufeff<\/td><\/tr><tr><td>\ufeff<\/td><td>\ufeff<\/td><td>\ufeff<\/td><td>\ufeff<\/td><td>\ufeff<\/td><\/tr><tr><td>\ufeff<\/td><td>\ufeff<\/td><td>\ufeff<\/td><td>\ufeff<\/td><td>\ufeff<\/td><\/tr><tr><td>\ufeff<\/td><td>\ufeff<\/td><td>\ufeff<\/td><td>\ufeff<\/td><td>\ufeff<\/td><\/tr><tr><td>\ufeff<\/td><td>\ufeff<\/td><td>\ufeff<\/td><td>\ufeff<\/td><td>\ufeff<\/td><\/tr><tr><td>\ufeff<\/td><td>\ufeff<\/td><td>\ufeff<\/td><td>\ufeff<\/td><td>\ufeff<\/td><\/tr><tr><td>\ufeff<\/td><td>\ufeff<\/td><td>\ufeff<\/td><td>\ufeff<\/td><td>\ufeff<\/td><\/tr><tr><td>\ufeff<\/td><td>\ufeff<\/td><td>\ufeff<\/td><td>\ufeff<\/td><td>\ufeff<\/td><\/tr><tr><td>\ufeff<\/td><td>\ufeff<\/td><td>\ufeff<\/td><td>\ufeff<\/td><td>\ufeff<\/td><\/tr><tr><td>\ufeff<\/td><td>\ufeff<\/td><td>\ufeff<\/td><td>\ufeff<\/td><td>\ufeff<\/td><\/tr><tr><td>\ufeff<\/td><td>\ufeff<\/td><td>\ufeff<\/td><td>\ufeff<\/td><td>\ufeff<\/td><\/tr><tr><td>\ufeff<\/td><td>\ufeff<\/td><td>\ufeff<\/td><td>\ufeff<\/td><td>\ufeff<\/td><\/tr><tr><td>\ufeff<\/td><td>\ufeff<\/td><td>\ufeff<\/td><td>\ufeff<\/td><td>\ufeff<\/td><\/tr><tr><td>\ufeff<\/td><td>\ufeff<\/td><td>\ufeff<\/td><td>\ufeff<\/td><td>\ufeff<\/td><\/tr><tr><td>\ufeff<\/td><td>\ufeff<\/td><td>\ufeff<\/td><td>\ufeff<\/td><td>\ufeff<\/td><\/tr><tr><td>\ufeff<\/td><td>\ufeff<\/td><td>\ufeff<\/td><td>\ufeff<\/td><td>\ufeff<\/td><\/tr><tr><td>\ufeff<\/td><td>\ufeff<\/td><td>\ufeff<\/td><td>\ufeff<\/td><td>\ufeff<\/td><\/tr><\/tbody><\/table><\/figure>\n","protected":false},"excerpt":{"rendered":"<p>Recopilamos los itinerarios municipales ciclables que proponen los ayuntamientos de la comarca. No olvide los consejos de seguridad para ciclistas cuando visite los parques naturales &#8230; <a title=\"Itinerarios municipales\" class=\"read-more\" href=\"https:\/\/turismevalles.com\/es\/itinerarios-municipales\/\" aria-label=\"M\u00e1s en Itinerarios municipales\">Veure m\u00e9s<\/a><\/p>\n","protected":false},"author":5,"featured_media":14977,"parent":0,"menu_order":0,"comment_status":"closed","ping_status":"closed","template":"","meta":{"_acf_changed":false,"inline_featured_image":false,"_uag_custom_page_level_css":"","footnotes":""},"class_list":{"0":"post-18285","1":"page","2":"type-page","3":"status-publish","4":"has-post-thumbnail","6":"generate-columns","7":"tablet-grid-50","8":"mobile-grid-100","9":"grid-parent","10":"grid-33"},"acf":[],"yoast_head":"<!-- This site is optimized with the Yoast SEO plugin v26.4 - https:\/\/yoast.com\/wordpress\/plugins\/seo\/ -->\n<title>Itinerarios municipales - Turisme Vall\u00e8s<\/title>\n<meta name=\"description\" content=\"Consulta toda la oferta de itinerarios de los 39 municipios del Vall\u00e8s Oriental. Encontrar\u00e1s una oferta muy diversa y para todos los p\u00fablicos.\" \/>\n<meta name=\"robots\" content=\"index, follow, max-snippet:-1, max-image-preview:large, max-video-preview:-1\" \/>\n<link rel=\"canonical\" href=\"https:\/\/turismevalles.com\/itineraris-municipals\/\" \/>\n<meta property=\"og:locale\" content=\"es_ES\" \/>\n<meta property=\"og:type\" content=\"article\" \/>\n<meta property=\"og:title\" content=\"Itinerarios municipales - Turisme Vall\u00e8s\" \/>\n<meta property=\"og:description\" content=\"Consulta toda la oferta de itinerarios de los 39 municipios del Vall\u00e8s Oriental. Encontrar\u00e1s una oferta muy diversa y para todos los p\u00fablicos.\" \/>\n<meta property=\"og:url\" content=\"https:\/\/turismevalles.com\/itineraris-municipals\/\" \/>\n<meta property=\"og:site_name\" content=\"Turisme Vall\u00e8s\" \/>\n<meta property=\"article:modified_time\" content=\"2022-02-22T09:51:54+00:00\" \/>\n<meta property=\"og:image\" content=\"https:\/\/turismevalles.com\/wp-content\/uploads\/2021\/08\/IMG_0691-1-3.jpg\" \/>\n\t<meta property=\"og:image:width\" content=\"2400\" \/>\n\t<meta property=\"og:image:height\" content=\"1600\" \/>\n\t<meta property=\"og:image:type\" content=\"image\/jpeg\" \/>\n<meta name=\"twitter:card\" content=\"summary_large_image\" \/>\n<meta name=\"twitter:label1\" content=\"Tiempo de lectura\" \/>\n\t<meta name=\"twitter:data1\" content=\"3 minutos\" \/>\n<script type=\"application\/ld+json\" class=\"yoast-schema-graph\">{\"@context\":\"https:\/\/schema.org\",\"@graph\":[{\"@type\":\"WebPage\",\"@id\":\"https:\/\/turismevalles.com\/itineraris-municipals\/\",\"url\":\"https:\/\/turismevalles.com\/itineraris-municipals\/\",\"name\":\"Itinerarios municipales - Turisme Vall\u00e8s\",\"isPartOf\":{\"@id\":\"https:\/\/turismevalles.com\/en\/#website\"},\"primaryImageOfPage\":{\"@id\":\"https:\/\/turismevalles.com\/itineraris-municipals\/#primaryimage\"},\"image\":{\"@id\":\"https:\/\/turismevalles.com\/itineraris-municipals\/#primaryimage\"},\"thumbnailUrl\":\"https:\/\/turismevalles.com\/wp-content\/uploads\/2021\/08\/IMG_0691-1-3.jpg\",\"datePublished\":\"2022-02-22T09:51:52+00:00\",\"dateModified\":\"2022-02-22T09:51:54+00:00\",\"description\":\"Consulta toda la oferta de itinerarios de los 39 municipios del Vall\u00e8s Oriental. Encontrar\u00e1s una oferta muy diversa y para todos los p\u00fablicos.\",\"breadcrumb\":{\"@id\":\"https:\/\/turismevalles.com\/itineraris-municipals\/#breadcrumb\"},\"inLanguage\":\"es\",\"potentialAction\":[{\"@type\":\"ReadAction\",\"target\":[\"https:\/\/turismevalles.com\/itineraris-municipals\/\"]}]},{\"@type\":\"ImageObject\",\"inLanguage\":\"es\",\"@id\":\"https:\/\/turismevalles.com\/itineraris-municipals\/#primaryimage\",\"url\":\"https:\/\/turismevalles.com\/wp-content\/uploads\/2021\/08\/IMG_0691-1-3.jpg\",\"contentUrl\":\"https:\/\/turismevalles.com\/wp-content\/uploads\/2021\/08\/IMG_0691-1-3.jpg\",\"width\":2400,\"height\":1600},{\"@type\":\"BreadcrumbList\",\"@id\":\"https:\/\/turismevalles.com\/itineraris-municipals\/#breadcrumb\",\"itemListElement\":[{\"@type\":\"ListItem\",\"position\":1,\"name\":\"Inicio\",\"item\":\"https:\/\/turismevalles.com\/es\/\"},{\"@type\":\"ListItem\",\"position\":2,\"name\":\"Itinerarios municipales\"}]},{\"@type\":\"WebSite\",\"@id\":\"https:\/\/turismevalles.com\/en\/#website\",\"url\":\"https:\/\/turismevalles.com\/en\/\",\"name\":\"Turisme Vall\u00e8s\",\"description\":\"\",\"publisher\":{\"@id\":\"https:\/\/turismevalles.com\/en\/#organization\"},\"potentialAction\":[{\"@type\":\"SearchAction\",\"target\":{\"@type\":\"EntryPoint\",\"urlTemplate\":\"https:\/\/turismevalles.com\/en\/?s={search_term_string}\"},\"query-input\":{\"@type\":\"PropertyValueSpecification\",\"valueRequired\":true,\"valueName\":\"search_term_string\"}}],\"inLanguage\":\"es\"},{\"@type\":\"Organization\",\"@id\":\"https:\/\/turismevalles.com\/en\/#organization\",\"name\":\"Turisme Vall\u00e8s\",\"url\":\"https:\/\/turismevalles.com\/en\/\",\"logo\":{\"@type\":\"ImageObject\",\"inLanguage\":\"es\",\"@id\":\"https:\/\/turismevalles.com\/en\/#\/schema\/logo\/image\/\",\"url\":\"https:\/\/turismevalles.com\/wp-content\/uploads\/2020\/08\/cropped-logo_ca-2.png\",\"contentUrl\":\"https:\/\/turismevalles.com\/wp-content\/uploads\/2020\/08\/cropped-logo_ca-2.png\",\"width\":314,\"height\":85,\"caption\":\"Turisme Vall\u00e8s\"},\"image\":{\"@id\":\"https:\/\/turismevalles.com\/en\/#\/schema\/logo\/image\/\"}}]}<\/script>\n<!-- \/ Yoast SEO plugin. -->","yoast_head_json":{"title":"Itinerarios municipales - Turisme Vall\u00e8s","description":"Consulta toda la oferta de itinerarios de los 39 municipios del Vall\u00e8s Oriental. Encontrar\u00e1s una oferta muy diversa y para todos los p\u00fablicos.","robots":{"index":"index","follow":"follow","max-snippet":"max-snippet:-1","max-image-preview":"max-image-preview:large","max-video-preview":"max-video-preview:-1"},"canonical":"https:\/\/turismevalles.com\/itineraris-municipals\/","og_locale":"es_ES","og_type":"article","og_title":"Itinerarios municipales - Turisme Vall\u00e8s","og_description":"Consulta toda la oferta de itinerarios de los 39 municipios del Vall\u00e8s Oriental. Encontrar\u00e1s una oferta muy diversa y para todos los p\u00fablicos.","og_url":"https:\/\/turismevalles.com\/itineraris-municipals\/","og_site_name":"Turisme Vall\u00e8s","article_modified_time":"2022-02-22T09:51:54+00:00","og_image":[{"width":2400,"height":1600,"url":"https:\/\/turismevalles.com\/wp-content\/uploads\/2021\/08\/IMG_0691-1-3.jpg","type":"image\/jpeg"}],"twitter_card":"summary_large_image","twitter_misc":{"Tiempo de lectura":"3 minutos"},"schema":{"@context":"https:\/\/schema.org","@graph":[{"@type":"WebPage","@id":"https:\/\/turismevalles.com\/itineraris-municipals\/","url":"https:\/\/turismevalles.com\/itineraris-municipals\/","name":"Itinerarios municipales - Turisme Vall\u00e8s","isPartOf":{"@id":"https:\/\/turismevalles.com\/en\/#website"},"primaryImageOfPage":{"@id":"https:\/\/turismevalles.com\/itineraris-municipals\/#primaryimage"},"image":{"@id":"https:\/\/turismevalles.com\/itineraris-municipals\/#primaryimage"},"thumbnailUrl":"https:\/\/turismevalles.com\/wp-content\/uploads\/2021\/08\/IMG_0691-1-3.jpg","datePublished":"2022-02-22T09:51:52+00:00","dateModified":"2022-02-22T09:51:54+00:00","description":"Consulta toda la oferta de itinerarios de los 39 municipios del Vall\u00e8s Oriental. Encontrar\u00e1s una oferta muy diversa y para todos los p\u00fablicos.","breadcrumb":{"@id":"https:\/\/turismevalles.com\/itineraris-municipals\/#breadcrumb"},"inLanguage":"es","potentialAction":[{"@type":"ReadAction","target":["https:\/\/turismevalles.com\/itineraris-municipals\/"]}]},{"@type":"ImageObject","inLanguage":"es","@id":"https:\/\/turismevalles.com\/itineraris-municipals\/#primaryimage","url":"https:\/\/turismevalles.com\/wp-content\/uploads\/2021\/08\/IMG_0691-1-3.jpg","contentUrl":"https:\/\/turismevalles.com\/wp-content\/uploads\/2021\/08\/IMG_0691-1-3.jpg","width":2400,"height":1600},{"@type":"BreadcrumbList","@id":"https:\/\/turismevalles.com\/itineraris-municipals\/#breadcrumb","itemListElement":[{"@type":"ListItem","position":1,"name":"Inicio","item":"https:\/\/turismevalles.com\/es\/"},{"@type":"ListItem","position":2,"name":"Itinerarios municipales"}]},{"@type":"WebSite","@id":"https:\/\/turismevalles.com\/en\/#website","url":"https:\/\/turismevalles.com\/en\/","name":"Turisme Vall\u00e8s","description":"","publisher":{"@id":"https:\/\/turismevalles.com\/en\/#organization"},"potentialAction":[{"@type":"SearchAction","target":{"@type":"EntryPoint","urlTemplate":"https:\/\/turismevalles.com\/en\/?s={search_term_string}"},"query-input":{"@type":"PropertyValueSpecification","valueRequired":true,"valueName":"search_term_string"}}],"inLanguage":"es"},{"@type":"Organization","@id":"https:\/\/turismevalles.com\/en\/#organization","name":"Turisme Vall\u00e8s","url":"https:\/\/turismevalles.com\/en\/","logo":{"@type":"ImageObject","inLanguage":"es","@id":"https:\/\/turismevalles.com\/en\/#\/schema\/logo\/image\/","url":"https:\/\/turismevalles.com\/wp-content\/uploads\/2020\/08\/cropped-logo_ca-2.png","contentUrl":"https:\/\/turismevalles.com\/wp-content\/uploads\/2020\/08\/cropped-logo_ca-2.png","width":314,"height":85,"caption":"Turisme Vall\u00e8s"},"image":{"@id":"https:\/\/turismevalles.com\/en\/#\/schema\/logo\/image\/"}}]}},"uagb_featured_image_src":{"full":["https:\/\/turismevalles.com\/wp-content\/uploads\/2021\/08\/IMG_0691-1-3.jpg",2400,1600,false],"thumbnail":["https:\/\/turismevalles.com\/wp-content\/uploads\/2021\/08\/IMG_0691-1-3-150x150.jpg",150,150,true],"medium":["https:\/\/turismevalles.com\/wp-content\/uploads\/2021\/08\/IMG_0691-1-3-300x200.jpg",300,200,true],"medium_large":["https:\/\/turismevalles.com\/wp-content\/uploads\/2021\/08\/IMG_0691-1-3-768x512.jpg",768,512,true],"large":["https:\/\/turismevalles.com\/wp-content\/uploads\/2021\/08\/IMG_0691-1-3-1024x683.jpg",1024,683,true],"thumblist":["https:\/\/turismevalles.com\/wp-content\/uploads\/2021\/08\/IMG_0691-1-3-300x300.jpg",300,300,true],"meccarouselthumb":["https:\/\/turismevalles.com\/wp-content\/uploads\/2021\/08\/IMG_0691-1-3-474x324.jpg",474,324,true],"gridsquare":["https:\/\/turismevalles.com\/wp-content\/uploads\/2021\/08\/IMG_0691-1-3-391x260.jpg",391,260,true],"tileview":["https:\/\/turismevalles.com\/wp-content\/uploads\/2021\/08\/IMG_0691-1-3-300x400.jpg",300,400,true],"1536x1536":["https:\/\/turismevalles.com\/wp-content\/uploads\/2021\/08\/IMG_0691-1-3-1536x1024.jpg",1536,1024,true],"2048x2048":["https:\/\/turismevalles.com\/wp-content\/uploads\/2021\/08\/IMG_0691-1-3-2048x1365.jpg",2048,1365,true]},"uagb_author_info":{"display_name":"Turisme Valles","author_link":"https:\/\/turismevalles.com\/es\/author\/turismevallesoriental\/"},"uagb_comment_info":0,"uagb_excerpt":"Recopilamos los itinerarios municipales ciclables que proponen los ayuntamientos de la comarca. No olvide los consejos de seguridad para ciclistas cuando visite los parques naturales ... Veure m\u00e9s","_links":{"self":[{"href":"https:\/\/turismevalles.com\/es\/wp-json\/wp\/v2\/pages\/18285","targetHints":{"allow":["GET"]}}],"collection":[{"href":"https:\/\/turismevalles.com\/es\/wp-json\/wp\/v2\/pages"}],"about":[{"href":"https:\/\/turismevalles.com\/es\/wp-json\/wp\/v2\/types\/page"}],"author":[{"embeddable":true,"href":"https:\/\/turismevalles.com\/es\/wp-json\/wp\/v2\/users\/5"}],"replies":[{"embeddable":true,"href":"https:\/\/turismevalles.com\/es\/wp-json\/wp\/v2\/comments?post=18285"}],"version-history":[{"count":0,"href":"https:\/\/turismevalles.com\/es\/wp-json\/wp\/v2\/pages\/18285\/revisions"}],"wp:featuredmedia":[{"embeddable":true,"href":"https:\/\/turismevalles.com\/es\/wp-json\/wp\/v2\/media\/14977"}],"wp:attachment":[{"href":"https:\/\/turismevalles.com\/es\/wp-json\/wp\/v2\/media?parent=18285"}],"curies":[{"name":"wp","href":"https:\/\/api.w.org\/{rel}","templated":true}]}}