{"id":62739,"date":"2025-05-05T12:50:12","date_gmt":"2025-05-05T10:50:12","guid":{"rendered":"https:\/\/turismevalles.com\/valles-oriental-tierra-de-sabores\/"},"modified":"2025-05-05T12:50:12","modified_gmt":"2025-05-05T10:50:12","slug":"valles-oriental-tierra-de-sabores","status":"publish","type":"page","link":"https:\/\/turismevalles.com\/es\/valles-oriental-tierra-de-sabores\/","title":{"rendered":"Vall\u00e8s Oriental, tierra de sabores"},"content":{"rendered":"\n<div class=\"wp-block-columns alignwide is-layout-flex wp-container-core-columns-is-layout-2656d967 wp-block-columns-is-layout-flex\">\n<div class=\"wp-block-column is-layout-flow wp-block-column-is-layout-flow\" style=\"flex-basis:33.38%\">\n<h3 class=\"gb-headline gb-headline-11985399 gb-headline-text\">El <strong>Vall\u00e8s Oriental<\/strong> es una tierra de aut\u00e9nticos sabores, con productos de proximidad de gran calidad y una gastronom\u00eda que une tradici\u00f3n e innovaci\u00f3n. Somos casa de dos Denominaciones de Origen: la <strong>DOP Jud\u00eda del Ganxet,<\/strong> legumbre emblem\u00e1tica de textura suave y sabor inconfundible y la <strong>DO Alella<\/strong>, una de las Denominiaciones de Origen m\u00e1s peque\u00f1as, pero m\u00e1s antiguas de Catalu\u00f1a, la tierra de la pasa blanca que da vinos frescos y elegantes.<br>Pero tambi\u00e9n somos tierra de coles, tomates y hortalizas de variedades antiguas y aut\u00f3ctonas, de embutidos tradicionales y quesos artesanos, de dulces y licores centenarios, de aceite de oliva de variedad \u00fanica y excelente, y recetas para degustarlo todo. <\/h3>\n<\/div>\n\n\n\n<div class=\"wp-block-column is-layout-flow wp-block-column-is-layout-flow\" style=\"flex-basis:33%\">\n<figure class=\"wp-block-image size-large is-resized\"><img loading=\"lazy\" decoding=\"async\" width=\"681\" height=\"1024\" src=\"https:\/\/turismevalles.com\/wp-content\/uploads\/2025\/04\/Gallecs-fira-de-la-Mongeta-del-Ganxet-Foto-Manel-Cuesta-19-681x1024.jpg\" alt=\"Mongeta del Ganxet\" class=\"wp-image-62224\" style=\"width:362px;height:auto\" srcset=\"https:\/\/turismevalles.com\/wp-content\/uploads\/2025\/04\/Gallecs-fira-de-la-Mongeta-del-Ganxet-Foto-Manel-Cuesta-19-681x1024.jpg 681w, https:\/\/turismevalles.com\/wp-content\/uploads\/2025\/04\/Gallecs-fira-de-la-Mongeta-del-Ganxet-Foto-Manel-Cuesta-19-200x300.jpg 200w, https:\/\/turismevalles.com\/wp-content\/uploads\/2025\/04\/Gallecs-fira-de-la-Mongeta-del-Ganxet-Foto-Manel-Cuesta-19-768x1154.jpg 768w, https:\/\/turismevalles.com\/wp-content\/uploads\/2025\/04\/Gallecs-fira-de-la-Mongeta-del-Ganxet-Foto-Manel-Cuesta-19-1022x1536.jpg 1022w, https:\/\/turismevalles.com\/wp-content\/uploads\/2025\/04\/Gallecs-fira-de-la-Mongeta-del-Ganxet-Foto-Manel-Cuesta-19-1363x2048.jpg 1363w, https:\/\/turismevalles.com\/wp-content\/uploads\/2025\/04\/Gallecs-fira-de-la-Mongeta-del-Ganxet-Foto-Manel-Cuesta-19-scaled.jpg 1704w\" sizes=\"auto, (max-width: 681px) 100vw, 681px\" \/><\/figure>\n<\/div>\n\n\n\n<div class=\"wp-block-column is-layout-flow wp-block-column-is-layout-flow\" style=\"flex-basis:33.62%\">\n<figure class=\"wp-block-image size-large is-resized\"><img loading=\"lazy\" decoding=\"async\" width=\"683\" height=\"1024\" src=\"https:\/\/turismevalles.com\/wp-content\/uploads\/2025\/04\/P1000368-683x1024.jpg\" alt=\"\" class=\"wp-image-62228\" style=\"width:358px;height:auto\" srcset=\"https:\/\/turismevalles.com\/wp-content\/uploads\/2025\/04\/P1000368-683x1024.jpg 683w, https:\/\/turismevalles.com\/wp-content\/uploads\/2025\/04\/P1000368-200x300.jpg 200w, https:\/\/turismevalles.com\/wp-content\/uploads\/2025\/04\/P1000368-768x1151.jpg 768w, https:\/\/turismevalles.com\/wp-content\/uploads\/2025\/04\/P1000368-1025x1536.jpg 1025w, https:\/\/turismevalles.com\/wp-content\/uploads\/2025\/04\/P1000368-1367x2048.jpg 1367w, https:\/\/turismevalles.com\/wp-content\/uploads\/2025\/04\/P1000368-scaled.jpg 1708w\" sizes=\"auto, (max-width: 683px) 100vw, 683px\" \/><\/figure>\n<\/div>\n<\/div>\n\n<h3 class=\"gb-headline gb-headline-aac1c007 gb-headline-text\">Detr\u00e1s de estos <a href=\"https:\/\/turismevalles.com\/es\/tipo_comida\/productos\/\">productos <\/a>se encuentra la dedicaci\u00f3n de los<a href=\"https:\/\/view.genially.com\/632356a40402090011fe74db\"> productores y elaborados del Vall\u00e8s Oriental<\/a>, que dan vida al gusto aut\u00e9ntico del Vall\u00e8s Oriental ya la esencia de este territorio.<br>Desc\u00fabrelos y contin\u00faa el viaje por los sabores del Vall\u00e8s Oriental a trav\u00e9s de rutas, experiencias y mucho m\u00e1s para saborear la comarca como merece.<br><br><br><br><br><\/h3>\n\n<h3 class=\"gb-headline gb-headline-3af0552d gb-headline-text\">Ferias, jornadas gastron\u00f3micas, experiencias en bodegas y restaurantes\u2026 Aqu\u00ed encontrar\u00e1s las mejores propuestas para disfrutar del turismo enogastron\u00f3mico y celebrar <strong><a href=\"https:\/\/somgastronomia.cat\/\">Catalu\u00f1a, Regi\u00f3n Mundial de la Gastronom\u00eda 2025.<\/a><\/strong><\/h3>\n\n<div class=\"wp-block-uagb-container uagb-block-9f26a2e1 alignwide uagb-is-root-container\">\n<div class=\"wp-block-uagb-container uagb-block-613a3472\"><div class=\"wp-block-image\">\n<figure class=\"aligncenter size-large is-resized\"><a href=\"https:\/\/turismevalles.com\/es\/restaurantes\/\"><img loading=\"lazy\" decoding=\"async\" width=\"1024\" height=\"683\" src=\"https:\/\/turismevalles.com\/wp-content\/uploads\/2025\/04\/La-Fonda-Europa-_MG_2123-1024x683.jpg\" alt=\"\" class=\"wp-image-62220\" style=\"width:545px;height:auto\" srcset=\"https:\/\/turismevalles.com\/wp-content\/uploads\/2025\/04\/La-Fonda-Europa-_MG_2123-1024x683.jpg 1024w, https:\/\/turismevalles.com\/wp-content\/uploads\/2025\/04\/La-Fonda-Europa-_MG_2123-300x200.jpg 300w, https:\/\/turismevalles.com\/wp-content\/uploads\/2025\/04\/La-Fonda-Europa-_MG_2123-768x512.jpg 768w, https:\/\/turismevalles.com\/wp-content\/uploads\/2025\/04\/La-Fonda-Europa-_MG_2123-391x260.jpg 391w, https:\/\/turismevalles.com\/wp-content\/uploads\/2025\/04\/La-Fonda-Europa-_MG_2123-1536x1024.jpg 1536w, https:\/\/turismevalles.com\/wp-content\/uploads\/2025\/04\/La-Fonda-Europa-_MG_2123-2048x1365.jpg 2048w\" sizes=\"auto, (max-width: 1024px) 100vw, 1024px\" \/><\/a><\/figure><\/div><\/div>\n\n\n\n<div class=\"wp-block-uagb-container uagb-block-000d9bd9\">\n<div class=\"wp-block-uagb-advanced-heading uagb-block-3967ab45\"><h2 class=\"uagb-heading-text\"><a href=\"https:\/\/turismevalles.com\/es\/tipo_comida\/productos\/\">Restaurantes<\/a><\/h2><\/div>\n\n\n\n<p class=\"has-text-color\" style=\"color:#000000;font-size:22px\">La mejor forma de degustar estos productos es en los restaurantes del territorio, donde la cocina de proximidad se transforma en platos llenos de identidad.<\/p>\n\n\n\n<div style=\"height:0px\" aria-hidden=\"true\" class=\"wp-block-spacer\"><\/div>\n<\/div>\n<\/div>\n\n<div class=\"wp-block-uagb-container uagb-block-deb33d8e alignwide uagb-is-root-container\">\n<div class=\"wp-block-uagb-container uagb-block-49624a53\"><div class=\"wp-block-image is-style-default\">\n<figure class=\"aligncenter size-large is-resized\"><a href=\"https:\/\/turismevalles.com\/es\/tipo_comida\/rutas-gastronomicas\/\"><img loading=\"lazy\" decoding=\"async\" width=\"1024\" height=\"768\" src=\"https:\/\/turismevalles.com\/wp-content\/uploads\/2025\/04\/YDRAY-IMG_6653-1024x768.jpeg\" alt=\"Borregos de Cardedeu\" class=\"wp-image-62244\" style=\"width:551px;height:auto\" srcset=\"https:\/\/turismevalles.com\/wp-content\/uploads\/2025\/04\/YDRAY-IMG_6653-1024x768.jpeg 1024w, https:\/\/turismevalles.com\/wp-content\/uploads\/2025\/04\/YDRAY-IMG_6653-300x225.jpeg 300w, https:\/\/turismevalles.com\/wp-content\/uploads\/2025\/04\/YDRAY-IMG_6653-768x576.jpeg 768w, https:\/\/turismevalles.com\/wp-content\/uploads\/2025\/04\/YDRAY-IMG_6653-1536x1152.jpeg 1536w, https:\/\/turismevalles.com\/wp-content\/uploads\/2025\/04\/YDRAY-IMG_6653-2048x1536.jpeg 2048w\" sizes=\"auto, (max-width: 1024px) 100vw, 1024px\" \/><\/a><\/figure><\/div><\/div>\n\n\n\n<div class=\"wp-block-uagb-container uagb-block-3e6bcf01\">\n<div class=\"wp-block-uagb-advanced-heading uagb-block-271251fb\"><h2 class=\"uagb-heading-text\"><a href=\"https:\/\/turismevalles.com\/es\/tipo_comida\/rutas-gastronomicas\/\">Rutas gastron\u00f3micas<\/a><\/h2><\/div>\n\n\n\n<p class=\"has-text-color\" style=\"color:#000000;font-size:21px\">Elige tu ruta gastron\u00f3mica y descubre la comarca a trav\u00e9s de sus sabores, paisajes y tradiciones.<\/p>\n\n\n\n<div style=\"height:0px\" aria-hidden=\"true\" class=\"wp-block-spacer\"><\/div>\n<\/div>\n<\/div>\n\n<div class=\"wp-block-uagb-container uagb-block-103104ca alignwide uagb-is-root-container\">\n<div class=\"wp-block-uagb-container uagb-block-e4c93915\"><div class=\"wp-block-image\">\n<figure class=\"aligncenter size-large is-resized\"><a href=\"https:\/\/turismevalles.com\/es\/actividades\/?tipus_turisme=turisme-gastronomic-es\"><img loading=\"lazy\" decoding=\"async\" width=\"1024\" height=\"683\" src=\"https:\/\/turismevalles.com\/wp-content\/uploads\/2025\/04\/tast-vins-1-1024x683.jpg\" alt=\"Visita la bodega Can Roda\" class=\"wp-image-62232\" style=\"width:551px;height:auto\" srcset=\"https:\/\/turismevalles.com\/wp-content\/uploads\/2025\/04\/tast-vins-1-1024x683.jpg 1024w, https:\/\/turismevalles.com\/wp-content\/uploads\/2025\/04\/tast-vins-1-300x200.jpg 300w, https:\/\/turismevalles.com\/wp-content\/uploads\/2025\/04\/tast-vins-1-768x512.jpg 768w, https:\/\/turismevalles.com\/wp-content\/uploads\/2025\/04\/tast-vins-1-391x260.jpg 391w, https:\/\/turismevalles.com\/wp-content\/uploads\/2025\/04\/tast-vins-1-1536x1024.jpg 1536w, https:\/\/turismevalles.com\/wp-content\/uploads\/2025\/04\/tast-vins-1-2048x1365.jpg 2048w\" sizes=\"auto, (max-width: 1024px) 100vw, 1024px\" \/><\/a><\/figure><\/div><\/div>\n\n\n\n<div class=\"wp-block-uagb-container uagb-block-517d287e\">\n<div class=\"wp-block-uagb-advanced-heading uagb-block-eaca92dd\"><h2 class=\"uagb-heading-text\"><a href=\"https:\/\/turismevalles.com\/activitats\/?tipus_turisme=Turisme-gastron%C3%B2mic\">Actividades gastron\u00f3micas<\/a><\/h2><\/div>\n\n\n\n<p class=\"has-text-color\" style=\"color:#000000;font-size:22px\">Prueba, aprende y vive experiencias \u00fanicas que te conectar\u00e1n con la tierra, los productores y la cultura gastron\u00f3mica local.<\/p>\n\n\n\n<div style=\"height:0px\" aria-hidden=\"true\" class=\"wp-block-spacer\"><\/div>\n<\/div>\n<\/div>\n\n<div class=\"wp-block-uagb-container uagb-block-bb242a91 alignwide uagb-is-root-container\">\n<div class=\"wp-block-uagb-container uagb-block-bec3fc7f\"><div class=\"wp-block-image\">\n<figure class=\"aligncenter size-full is-resized\"><a href=\"https:\/\/turismevalles.com\/events\/\"><img loading=\"lazy\" decoding=\"async\" width=\"2560\" height=\"1707\" src=\"https:\/\/turismevalles.com\/wp-content\/uploads\/2025\/04\/IMG_1565-scaled.jpg\" alt=\"Feria del aceite de Bigues i Riells del Fai\" class=\"wp-image-62252\" style=\"width:551px;height:auto\" srcset=\"https:\/\/turismevalles.com\/wp-content\/uploads\/2025\/04\/IMG_1565-scaled.jpg 2560w, https:\/\/turismevalles.com\/wp-content\/uploads\/2025\/04\/IMG_1565-300x200.jpg 300w, https:\/\/turismevalles.com\/wp-content\/uploads\/2025\/04\/IMG_1565-1024x683.jpg 1024w, https:\/\/turismevalles.com\/wp-content\/uploads\/2025\/04\/IMG_1565-768x512.jpg 768w, https:\/\/turismevalles.com\/wp-content\/uploads\/2025\/04\/IMG_1565-391x260.jpg 391w, https:\/\/turismevalles.com\/wp-content\/uploads\/2025\/04\/IMG_1565-1536x1024.jpg 1536w, https:\/\/turismevalles.com\/wp-content\/uploads\/2025\/04\/IMG_1565-2048x1365.jpg 2048w\" sizes=\"auto, (max-width: 2560px) 100vw, 2560px\" \/><\/a><\/figure><\/div><\/div>\n\n\n\n<div class=\"wp-block-uagb-container uagb-block-50f74c49\">\n<div class=\"wp-block-uagb-advanced-heading uagb-block-cc47ae0a\"><h2 class=\"uagb-heading-text\">Ferias y jornadas gastron\u00f3micas<\/h2><\/div>\n\n\n\n<p class=\"has-text-color\" style=\"color:#000000;font-size:22px\">Vive la fiesta de los sabores locales en las ferias, catas y jornadas gastron\u00f3micas, donde la cocina se comparte, huele y saborea con todos los sentidos. En la agenda de eventos encontrar\u00e1s las pr\u00f3ximas propuestas <\/p>\n\n\n\n<div style=\"height:0px\" aria-hidden=\"true\" class=\"wp-block-spacer\"><\/div>\n<\/div>\n<\/div>\n\n<style>.wp-block-column {\nborder:none!important;\n}\n<\/style>\n","protected":false},"excerpt":{"rendered":"<p>El Vall\u00e8s Oriental es una tierra de aut\u00e9nticos sabores, con productos de proximidad de gran calidad y una gastronom\u00eda que une tradici\u00f3n e innovaci\u00f3n. Somos &#8230; <a title=\"Vall\u00e8s Oriental, tierra de sabores\" class=\"read-more\" href=\"https:\/\/turismevalles.com\/es\/valles-oriental-tierra-de-sabores\/\" aria-label=\"M\u00e1s en Vall\u00e8s Oriental, tierra de sabores\">Veure m\u00e9s<\/a><\/p>\n","protected":false},"author":5,"featured_media":61386,"parent":0,"menu_order":0,"comment_status":"closed","ping_status":"closed","template":"","meta":{"_acf_changed":false,"inline_featured_image":false,"_uag_custom_page_level_css":"","footnotes":""},"class_list":{"0":"post-62739","1":"page","2":"type-page","3":"status-publish","4":"has-post-thumbnail","6":"generate-columns","7":"tablet-grid-50","8":"mobile-grid-100","9":"grid-parent","10":"grid-33"},"acf":[],"yoast_head":"<!-- This site is optimized with the Yoast SEO plugin v26.4 - https:\/\/yoast.com\/wordpress\/plugins\/seo\/ -->\n<title>Vall\u00e8s Oriental, tierra de sabores - Turisme Vall\u00e8s<\/title>\n<meta name=\"robots\" content=\"index, follow, max-snippet:-1, max-image-preview:large, max-video-preview:-1\" \/>\n<link rel=\"canonical\" href=\"https:\/\/turismevalles.com\/es\/valles-oriental-tierra-de-sabores\/\" \/>\n<meta property=\"og:locale\" content=\"es_ES\" \/>\n<meta property=\"og:type\" content=\"article\" \/>\n<meta property=\"og:title\" content=\"Vall\u00e8s Oriental, tierra de sabores - Turisme Vall\u00e8s\" \/>\n<meta property=\"og:description\" content=\"El Vall\u00e8s Oriental es una tierra de aut\u00e9nticos sabores, con productos de proximidad de gran calidad y una gastronom\u00eda que une tradici\u00f3n e innovaci\u00f3n. Somos ... Veure m\u00e9s\" \/>\n<meta property=\"og:url\" content=\"https:\/\/turismevalles.com\/es\/valles-oriental-tierra-de-sabores\/\" \/>\n<meta property=\"og:site_name\" content=\"Turisme Vall\u00e8s\" \/>\n<meta property=\"og:image\" content=\"https:\/\/turismevalles.com\/wp-content\/uploads\/2021\/02\/IMG_0198-1.jpg\" \/>\n\t<meta property=\"og:image:width\" content=\"2400\" \/>\n\t<meta property=\"og:image:height\" content=\"1600\" \/>\n\t<meta property=\"og:image:type\" content=\"image\/jpeg\" \/>\n<meta name=\"twitter:card\" content=\"summary_large_image\" \/>\n<meta name=\"twitter:label1\" content=\"Tiempo de lectura\" \/>\n\t<meta name=\"twitter:data1\" content=\"2 minutos\" \/>\n<script type=\"application\/ld+json\" class=\"yoast-schema-graph\">{\"@context\":\"https:\/\/schema.org\",\"@graph\":[{\"@type\":\"WebPage\",\"@id\":\"https:\/\/turismevalles.com\/es\/valles-oriental-tierra-de-sabores\/\",\"url\":\"https:\/\/turismevalles.com\/es\/valles-oriental-tierra-de-sabores\/\",\"name\":\"Vall\u00e8s Oriental, tierra de sabores - Turisme Vall\u00e8s\",\"isPartOf\":{\"@id\":\"https:\/\/turismevalles.com\/en\/#website\"},\"primaryImageOfPage\":{\"@id\":\"https:\/\/turismevalles.com\/es\/valles-oriental-tierra-de-sabores\/#primaryimage\"},\"image\":{\"@id\":\"https:\/\/turismevalles.com\/es\/valles-oriental-tierra-de-sabores\/#primaryimage\"},\"thumbnailUrl\":\"https:\/\/turismevalles.com\/wp-content\/uploads\/2021\/02\/IMG_0198-1.jpg\",\"datePublished\":\"2025-05-05T10:50:12+00:00\",\"breadcrumb\":{\"@id\":\"https:\/\/turismevalles.com\/es\/valles-oriental-tierra-de-sabores\/#breadcrumb\"},\"inLanguage\":\"es\",\"potentialAction\":[{\"@type\":\"ReadAction\",\"target\":[\"https:\/\/turismevalles.com\/es\/valles-oriental-tierra-de-sabores\/\"]}]},{\"@type\":\"ImageObject\",\"inLanguage\":\"es\",\"@id\":\"https:\/\/turismevalles.com\/es\/valles-oriental-tierra-de-sabores\/#primaryimage\",\"url\":\"https:\/\/turismevalles.com\/wp-content\/uploads\/2021\/02\/IMG_0198-1.jpg\",\"contentUrl\":\"https:\/\/turismevalles.com\/wp-content\/uploads\/2021\/02\/IMG_0198-1.jpg\",\"width\":2400,\"height\":1600,\"caption\":\"GRANOLLERS 14\/01\/21 OSTRYA CELLER DEL FERRER\"},{\"@type\":\"BreadcrumbList\",\"@id\":\"https:\/\/turismevalles.com\/es\/valles-oriental-tierra-de-sabores\/#breadcrumb\",\"itemListElement\":[{\"@type\":\"ListItem\",\"position\":1,\"name\":\"Inicio\",\"item\":\"https:\/\/turismevalles.com\/es\/\"},{\"@type\":\"ListItem\",\"position\":2,\"name\":\"Vall\u00e8s Oriental, tierra de sabores\"}]},{\"@type\":\"WebSite\",\"@id\":\"https:\/\/turismevalles.com\/en\/#website\",\"url\":\"https:\/\/turismevalles.com\/en\/\",\"name\":\"Turisme Vall\u00e8s\",\"description\":\"\",\"publisher\":{\"@id\":\"https:\/\/turismevalles.com\/en\/#organization\"},\"potentialAction\":[{\"@type\":\"SearchAction\",\"target\":{\"@type\":\"EntryPoint\",\"urlTemplate\":\"https:\/\/turismevalles.com\/en\/?s={search_term_string}\"},\"query-input\":{\"@type\":\"PropertyValueSpecification\",\"valueRequired\":true,\"valueName\":\"search_term_string\"}}],\"inLanguage\":\"es\"},{\"@type\":\"Organization\",\"@id\":\"https:\/\/turismevalles.com\/en\/#organization\",\"name\":\"Turisme Vall\u00e8s\",\"url\":\"https:\/\/turismevalles.com\/en\/\",\"logo\":{\"@type\":\"ImageObject\",\"inLanguage\":\"es\",\"@id\":\"https:\/\/turismevalles.com\/en\/#\/schema\/logo\/image\/\",\"url\":\"https:\/\/turismevalles.com\/wp-content\/uploads\/2020\/08\/cropped-logo_ca-2.png\",\"contentUrl\":\"https:\/\/turismevalles.com\/wp-content\/uploads\/2020\/08\/cropped-logo_ca-2.png\",\"width\":314,\"height\":85,\"caption\":\"Turisme Vall\u00e8s\"},\"image\":{\"@id\":\"https:\/\/turismevalles.com\/en\/#\/schema\/logo\/image\/\"}}]}<\/script>\n<!-- \/ Yoast SEO plugin. -->","yoast_head_json":{"title":"Vall\u00e8s Oriental, tierra de sabores - Turisme Vall\u00e8s","robots":{"index":"index","follow":"follow","max-snippet":"max-snippet:-1","max-image-preview":"max-image-preview:large","max-video-preview":"max-video-preview:-1"},"canonical":"https:\/\/turismevalles.com\/es\/valles-oriental-tierra-de-sabores\/","og_locale":"es_ES","og_type":"article","og_title":"Vall\u00e8s Oriental, tierra de sabores - Turisme Vall\u00e8s","og_description":"El Vall\u00e8s Oriental es una tierra de aut\u00e9nticos sabores, con productos de proximidad de gran calidad y una gastronom\u00eda que une tradici\u00f3n e innovaci\u00f3n. Somos ... Veure m\u00e9s","og_url":"https:\/\/turismevalles.com\/es\/valles-oriental-tierra-de-sabores\/","og_site_name":"Turisme Vall\u00e8s","og_image":[{"width":2400,"height":1600,"url":"https:\/\/turismevalles.com\/wp-content\/uploads\/2021\/02\/IMG_0198-1.jpg","type":"image\/jpeg"}],"twitter_card":"summary_large_image","twitter_misc":{"Tiempo de lectura":"2 minutos"},"schema":{"@context":"https:\/\/schema.org","@graph":[{"@type":"WebPage","@id":"https:\/\/turismevalles.com\/es\/valles-oriental-tierra-de-sabores\/","url":"https:\/\/turismevalles.com\/es\/valles-oriental-tierra-de-sabores\/","name":"Vall\u00e8s Oriental, tierra de sabores - Turisme Vall\u00e8s","isPartOf":{"@id":"https:\/\/turismevalles.com\/en\/#website"},"primaryImageOfPage":{"@id":"https:\/\/turismevalles.com\/es\/valles-oriental-tierra-de-sabores\/#primaryimage"},"image":{"@id":"https:\/\/turismevalles.com\/es\/valles-oriental-tierra-de-sabores\/#primaryimage"},"thumbnailUrl":"https:\/\/turismevalles.com\/wp-content\/uploads\/2021\/02\/IMG_0198-1.jpg","datePublished":"2025-05-05T10:50:12+00:00","breadcrumb":{"@id":"https:\/\/turismevalles.com\/es\/valles-oriental-tierra-de-sabores\/#breadcrumb"},"inLanguage":"es","potentialAction":[{"@type":"ReadAction","target":["https:\/\/turismevalles.com\/es\/valles-oriental-tierra-de-sabores\/"]}]},{"@type":"ImageObject","inLanguage":"es","@id":"https:\/\/turismevalles.com\/es\/valles-oriental-tierra-de-sabores\/#primaryimage","url":"https:\/\/turismevalles.com\/wp-content\/uploads\/2021\/02\/IMG_0198-1.jpg","contentUrl":"https:\/\/turismevalles.com\/wp-content\/uploads\/2021\/02\/IMG_0198-1.jpg","width":2400,"height":1600,"caption":"GRANOLLERS 14\/01\/21 OSTRYA CELLER DEL FERRER"},{"@type":"BreadcrumbList","@id":"https:\/\/turismevalles.com\/es\/valles-oriental-tierra-de-sabores\/#breadcrumb","itemListElement":[{"@type":"ListItem","position":1,"name":"Inicio","item":"https:\/\/turismevalles.com\/es\/"},{"@type":"ListItem","position":2,"name":"Vall\u00e8s Oriental, tierra de sabores"}]},{"@type":"WebSite","@id":"https:\/\/turismevalles.com\/en\/#website","url":"https:\/\/turismevalles.com\/en\/","name":"Turisme Vall\u00e8s","description":"","publisher":{"@id":"https:\/\/turismevalles.com\/en\/#organization"},"potentialAction":[{"@type":"SearchAction","target":{"@type":"EntryPoint","urlTemplate":"https:\/\/turismevalles.com\/en\/?s={search_term_string}"},"query-input":{"@type":"PropertyValueSpecification","valueRequired":true,"valueName":"search_term_string"}}],"inLanguage":"es"},{"@type":"Organization","@id":"https:\/\/turismevalles.com\/en\/#organization","name":"Turisme Vall\u00e8s","url":"https:\/\/turismevalles.com\/en\/","logo":{"@type":"ImageObject","inLanguage":"es","@id":"https:\/\/turismevalles.com\/en\/#\/schema\/logo\/image\/","url":"https:\/\/turismevalles.com\/wp-content\/uploads\/2020\/08\/cropped-logo_ca-2.png","contentUrl":"https:\/\/turismevalles.com\/wp-content\/uploads\/2020\/08\/cropped-logo_ca-2.png","width":314,"height":85,"caption":"Turisme Vall\u00e8s"},"image":{"@id":"https:\/\/turismevalles.com\/en\/#\/schema\/logo\/image\/"}}]}},"uagb_featured_image_src":{"full":["https:\/\/turismevalles.com\/wp-content\/uploads\/2021\/02\/IMG_0198-1.jpg",2400,1600,false],"thumbnail":["https:\/\/turismevalles.com\/wp-content\/uploads\/2021\/02\/IMG_0198-1-150x150.jpg",150,150,true],"medium":["https:\/\/turismevalles.com\/wp-content\/uploads\/2021\/02\/IMG_0198-1-300x200.jpg",300,200,true],"medium_large":["https:\/\/turismevalles.com\/wp-content\/uploads\/2021\/02\/IMG_0198-1-768x512.jpg",768,512,true],"large":["https:\/\/turismevalles.com\/wp-content\/uploads\/2021\/02\/IMG_0198-1-1024x683.jpg",1024,683,true],"thumblist":["https:\/\/turismevalles.com\/wp-content\/uploads\/2021\/02\/IMG_0198-1-300x300.jpg",300,300,true],"meccarouselthumb":["https:\/\/turismevalles.com\/wp-content\/uploads\/2021\/02\/IMG_0198-1-474x324.jpg",474,324,true],"gridsquare":["https:\/\/turismevalles.com\/wp-content\/uploads\/2021\/02\/IMG_0198-1-391x260.jpg",391,260,true],"tileview":["https:\/\/turismevalles.com\/wp-content\/uploads\/2021\/02\/IMG_0198-1-300x400.jpg",300,400,true],"1536x1536":["https:\/\/turismevalles.com\/wp-content\/uploads\/2021\/02\/IMG_0198-1-1536x1024.jpg",1536,1024,true],"2048x2048":["https:\/\/turismevalles.com\/wp-content\/uploads\/2021\/02\/IMG_0198-1-2048x1365.jpg",2048,1365,true]},"uagb_author_info":{"display_name":"Turisme Valles","author_link":"https:\/\/turismevalles.com\/es\/author\/turismevallesoriental\/"},"uagb_comment_info":0,"uagb_excerpt":"El Vall\u00e8s Oriental es una tierra de aut\u00e9nticos sabores, con productos de proximidad de gran calidad y una gastronom\u00eda que une tradici\u00f3n e innovaci\u00f3n. Somos ... Veure m\u00e9s","_links":{"self":[{"href":"https:\/\/turismevalles.com\/es\/wp-json\/wp\/v2\/pages\/62739","targetHints":{"allow":["GET"]}}],"collection":[{"href":"https:\/\/turismevalles.com\/es\/wp-json\/wp\/v2\/pages"}],"about":[{"href":"https:\/\/turismevalles.com\/es\/wp-json\/wp\/v2\/types\/page"}],"author":[{"embeddable":true,"href":"https:\/\/turismevalles.com\/es\/wp-json\/wp\/v2\/users\/5"}],"replies":[{"embeddable":true,"href":"https:\/\/turismevalles.com\/es\/wp-json\/wp\/v2\/comments?post=62739"}],"version-history":[{"count":0,"href":"https:\/\/turismevalles.com\/es\/wp-json\/wp\/v2\/pages\/62739\/revisions"}],"wp:featuredmedia":[{"embeddable":true,"href":"https:\/\/turismevalles.com\/es\/wp-json\/wp\/v2\/media\/61386"}],"wp:attachment":[{"href":"https:\/\/turismevalles.com\/es\/wp-json\/wp\/v2\/media?parent=62739"}],"curies":[{"name":"wp","href":"https:\/\/api.w.org\/{rel}","templated":true}]}}