{"id":9140,"date":"2020-11-25T10:31:33","date_gmt":"2020-11-25T08:31:33","guid":{"rendered":"http:\/\/turismevalles.com.mialias.net\/home\/"},"modified":"2026-03-31T13:26:13","modified_gmt":"2026-03-31T11:26:13","slug":"home","status":"publish","type":"page","link":"https:\/\/turismevalles.com\/es\/","title":{"rendered":"Turismo cerca de Barcelona, en el Vall\u00e8s Oriental"},"content":{"rendered":"<div class=\"n2_clear\"><ss3-force-full-width data-overflow-x=\"body\" data-horizontal-selector=\"body\"><div class=\"n2-section-smartslider fitvidsignore  n2_clear\" data-ssid=\"2\" tabindex=\"0\" role=\"region\" aria-label=\"Slider\"><div id=\"n2-ss-2-align\" class=\"n2-ss-align\"><div class=\"n2-padding\"><div id=\"n2-ss-2\" data-creator=\"Smart Slider 3\" data-responsive=\"fullwidth\" class=\"n2-ss-slider n2-ow n2-has-hover n2notransition  \">\n\n\n\n<div class=\"n2-ss-slider-wrapper-inside\">\n        <div class=\"n2-ss-slider-1 n2_ss__touch_element n2-ow\">\n            <div class=\"n2-ss-slider-2 n2-ow\">\n                                                <div class=\"n2-ss-slider-3 n2-ow\">\n\n                    <div class=\"n2-ss-slide-backgrounds n2-ow-all\"><div class=\"n2-ss-slide-background\" data-public-id=\"1\" data-mode=\"fit\"><div class=\"n2-ss-slide-background-image\" data-blur=\"0\" data-opacity=\"100\" data-x=\"50\" data-y=\"50\" data-alt=\"El Vall\u00e8s Oriental a tu ritmo\" data-title=\"\"><picture class=\"skip-lazy\" data-skip-lazy=\"1\"><img decoding=\"async\" src=\"\/\/turismevalles.com\/wp-content\/uploads\/2024\/03\/Creativitats-Banners_TurismeValles_BannerHome_1897x749px_ESP.png\" alt=\"El Vall\u00e8s Oriental a tu ritmo\" title=\"\" loading=\"lazy\" class=\"skip-lazy\" data-skip-lazy=\"1\"><\/picture><\/div><div data-color=\"RGBA(255,255,255,0)\" style=\"background-color: RGBA(255,255,255,0);\" class=\"n2-ss-slide-background-color\"><\/div><\/div><div class=\"n2-ss-slide-background\" data-public-id=\"2\" data-mode=\"fill\" aria-hidden=\"true\"><div class=\"n2-ss-slide-background-image\" data-blur=\"0\" data-opacity=\"100\" data-x=\"50\" data-y=\"50\" data-alt=\"Turisme Gastron\u00f2mic al Vall\u00e8s Oriental\" data-title=\"\"><picture class=\"skip-lazy\" data-skip-lazy=\"1\"><img decoding=\"async\" src=\"\/\/turismevalles.com\/wp-content\/uploads\/2021\/02\/IMG_0198-1.jpg\" alt=\"Turisme Gastron\u00f2mic al Vall\u00e8s Oriental\" title=\"\" loading=\"lazy\" class=\"skip-lazy\" data-skip-lazy=\"1\"><\/picture><\/div><div data-color=\"RGBA(255,255,255,0)\" style=\"background-color: RGBA(255,255,255,0);\" class=\"n2-ss-slide-background-color\"><\/div><\/div><div class=\"n2-ss-slide-background\" data-public-id=\"3\" data-mode=\"fill\" aria-hidden=\"true\"><div class=\"n2-ss-slide-background-image\" data-blur=\"0\" data-opacity=\"100\" data-x=\"50\" data-y=\"50\" data-alt=\"Cicloturisme al Vall\u00e8s Oriental\" data-title=\"\"><picture class=\"skip-lazy\" data-skip-lazy=\"1\"><img decoding=\"async\" src=\"\/\/turismevalles.com\/wp-content\/uploads\/2021\/02\/XSM-0120-scaled.jpg\" alt=\"Cicloturisme al Vall\u00e8s Oriental\" title=\"\" loading=\"lazy\" class=\"skip-lazy\" data-skip-lazy=\"1\"><\/picture><\/div><div data-color=\"RGBA(255,255,255,0)\" style=\"background-color: RGBA(255,255,255,0);\" class=\"n2-ss-slide-background-color\"><\/div><\/div><div class=\"n2-ss-slide-background\" data-public-id=\"4\" data-mode=\"fill\" aria-hidden=\"true\"><div class=\"n2-ss-slide-background-image\" data-blur=\"0\" data-opacity=\"100\" data-x=\"50\" data-y=\"50\" data-alt=\"\" data-title=\"\"><picture class=\"skip-lazy\" data-skip-lazy=\"1\"><img decoding=\"async\" src=\"\/\/turismevalles.com\/wp-content\/uploads\/2021\/02\/relaxat.jpg\" alt=\"\" title=\"\" loading=\"lazy\" class=\"skip-lazy\" data-skip-lazy=\"1\"><\/picture><\/div><div data-color=\"RGBA(255,255,255,0)\" style=\"background-color: RGBA(255,255,255,0);\" class=\"n2-ss-slide-background-color\"><\/div><\/div><div class=\"n2-ss-slide-background\" data-public-id=\"5\" data-mode=\"fill\" aria-hidden=\"true\"><div class=\"n2-ss-slide-background-image\" data-blur=\"0\" data-opacity=\"100\" data-x=\"50\" data-y=\"50\" data-alt=\"\" data-title=\"\"><picture class=\"skip-lazy\" data-skip-lazy=\"1\"><img decoding=\"async\" src=\"\/\/turismevalles.com\/wp-content\/uploads\/2021\/02\/Els-3-Monts-Montseny-Sant-Llorenc-del-Munt-i-Montserrat_ManelC-scaled.jpg\" alt=\"\" title=\"\" loading=\"lazy\" class=\"skip-lazy\" data-skip-lazy=\"1\"><\/picture><\/div><div data-color=\"RGBA(255,255,255,0)\" style=\"background-color: RGBA(255,255,255,0);\" class=\"n2-ss-slide-background-color\"><\/div><\/div><div class=\"n2-ss-slide-background\" data-public-id=\"6\" data-mode=\"fill\" aria-hidden=\"true\"><div class=\"n2-ss-slide-background-image\" data-blur=\"0\" data-opacity=\"100\" data-x=\"50\" data-y=\"50\" data-alt=\"\" data-title=\"\"><picture class=\"skip-lazy\" data-skip-lazy=\"1\"><img decoding=\"async\" src=\"\/\/turismevalles.com\/wp-content\/uploads\/2023\/05\/2023_Circuit_BCN_Catalunya_2205222465.jpg\" alt=\"\" title=\"\" loading=\"lazy\" class=\"skip-lazy\" data-skip-lazy=\"1\"><\/picture><\/div><div data-color=\"RGBA(255,255,255,0)\" style=\"background-color: RGBA(255,255,255,0);\" class=\"n2-ss-slide-background-color\"><\/div><\/div><div class=\"n2-ss-slide-background\" data-public-id=\"7\" data-mode=\"fill\" aria-hidden=\"true\"><div class=\"n2-ss-slide-background-image\" data-blur=\"0\" data-opacity=\"100\" data-x=\"50\" data-y=\"50\" data-alt=\"\" data-title=\"\"><picture class=\"skip-lazy\" data-skip-lazy=\"1\"><img decoding=\"async\" src=\"\/\/turismevalles.com\/wp-content\/uploads\/2021\/02\/Imatges-Granollers-13-Manel-Cuesta-1-scaled.jpg\" alt=\"\" title=\"\" loading=\"lazy\" class=\"skip-lazy\" data-skip-lazy=\"1\"><\/picture><\/div><div data-color=\"RGBA(255,255,255,0)\" style=\"background-color: RGBA(255,255,255,0);\" class=\"n2-ss-slide-background-color\"><\/div><\/div><div class=\"n2-ss-slide-background\" data-public-id=\"8\" data-mode=\"fill\" aria-hidden=\"true\"><div class=\"n2-ss-slide-background-image\" data-blur=\"0\" data-opacity=\"100\" data-x=\"50\" data-y=\"50\" data-alt=\"\" data-title=\"\"><picture class=\"skip-lazy\" data-skip-lazy=\"1\"><img decoding=\"async\" src=\"\/\/turismevalles.com\/wp-content\/uploads\/2021\/02\/RA1H1111-scaled.jpg\" alt=\"\" title=\"\" loading=\"lazy\" class=\"skip-lazy\" data-skip-lazy=\"1\"><\/picture><\/div><div data-color=\"RGBA(255,255,255,0)\" style=\"background-color: RGBA(255,255,255,0);\" class=\"n2-ss-slide-background-color\"><\/div><\/div><div class=\"n2-ss-slide-background\" data-public-id=\"9\" data-mode=\"fill\" aria-hidden=\"true\"><div class=\"n2-ss-slide-background-image\" data-blur=\"0\" data-opacity=\"100\" data-x=\"50\" data-y=\"50\" data-alt=\"Vall\u00e8s Oriental, Etapa del Tour de France 2026. Territorio ciclable todo el a\u00f1o\" data-title=\"\"><picture class=\"skip-lazy\" data-skip-lazy=\"1\"><img decoding=\"async\" src=\"\/\/turismevalles.com\/wp-content\/uploads\/2026\/03\/Banner-ESP.webp\" alt=\"Vall\u00e8s Oriental, Etapa del Tour de France 2026. Territorio ciclable todo el a\u00f1o\" title=\"\" loading=\"lazy\" class=\"skip-lazy\" data-skip-lazy=\"1\"><\/picture><\/div><div data-color=\"RGBA(255,255,255,0)\" style=\"background-color: RGBA(255,255,255,0);\" class=\"n2-ss-slide-background-color\"><\/div><\/div><\/div>                    <div class=\"n2-ss-slider-4 n2-ow\">\n                        <svg xmlns=\"http:\/\/www.w3.org\/2000\/svg\" viewBox=\"0 0 1200 750\" data-related-device=\"desktopPortrait\" class=\"n2-ow n2-ss-preserve-size n2-ss-preserve-size--slider n2-ss-slide-limiter\"><\/svg><div data-first=\"1\" data-slide-duration=\"0\" data-id=\"328\" data-slide-public-id=\"1\" data-title=\"Creativitats Banners_TurismeVall\u00e8s_BannerHome_1897x749px_ESP\" data-haslink=\"1\" data-href=\"http:\/\/turismevalles.com\/es\/el-valles-oriental-a-tu-ritmo\/\" tabindex=\"0\" role=\"button\" data-n2click=\"url\" data-force-pointer=\"\" class=\"n2-ss-slide n2-ow  n2-ss-slide-328\"><div role=\"note\" class=\"n2-ss-slide--focus\">Creativitats Banners_TurismeVall\u00e8s_BannerHome_1897x749px_ESP<\/div><div class=\"n2-ss-layers-container n2-ss-slide-limiter n2-ow\"><div class=\"n2-ss-layer n2-ow n-uc-9q4Au2G2GPdp\" data-sstype=\"slide\" data-pm=\"default\"><\/div><\/div><\/div><div data-slide-duration=\"0\" data-id=\"380\" data-slide-public-id=\"2\" aria-hidden=\"true\" data-title=\"Turisme Gastron\u00f2mic al Vall\u00e8s Oriental\" class=\"n2-ss-slide n2-ow  n2-ss-slide-380\"><div role=\"note\" class=\"n2-ss-slide--focus\" tabindex=\"-1\">Turisme Gastron\u00f2mic al Vall\u00e8s Oriental<\/div><div class=\"n2-ss-layers-container n2-ss-slide-limiter n2-ow\"><div class=\"n2-ss-layer n2-ow n-uc-yttOcrfeWRb8\" data-sstype=\"slide\" data-pm=\"default\"><div class=\"n2-ss-layer n2-ow n-uc-pq5TGGHUNFf8\" data-pm=\"default\" data-sstype=\"content\" data-hasbackground=\"0\"><div class=\"n2-ss-section-main-content n2-ss-layer-with-background n2-ss-layer-content n2-ow n-uc-pq5TGGHUNFf8-inner\"><div class=\"n2-ss-layer n2-ow n-uc-SVj7gTf0EOVS\" data-pm=\"normal\" data-sstype=\"layer\"><div id=\"n2-ss-2item1\" class=\"n2-font-577e3e94d392c80545fffaf7623e9404-hover   n2-ss-item-content n2-ss-text n2-ow\" style=\"display:block;\">Descubre el Vall\u00e8s Oriental<\/div><\/div><\/div><\/div><\/div><\/div><\/div><div data-slide-duration=\"0\" data-id=\"381\" data-slide-public-id=\"3\" aria-hidden=\"true\" data-title=\"XSM 0120\" data-haslink=\"1\" data-href=\"https:\/\/turismevalles.com\/es\/ruta-gravel-del-valles-oriental\/\" tabindex=\"0\" role=\"button\" data-n2click=\"url\" data-force-pointer=\"\" class=\"n2-ss-slide n2-ow  n2-ss-slide-381\"><div role=\"note\" class=\"n2-ss-slide--focus\">XSM 0120<\/div><div class=\"n2-ss-layers-container n2-ss-slide-limiter n2-ow\"><div class=\"n2-ss-layer n2-ow n-uc-vuRRIoRBABwZ\" data-sstype=\"slide\" data-pm=\"default\"><div class=\"n2-ss-layer n2-ow n-uc-iMaNosoKsaa3\" data-pm=\"default\" data-sstype=\"content\" data-hasbackground=\"0\"><div class=\"n2-ss-section-main-content n2-ss-layer-with-background n2-ss-layer-content n2-ow n-uc-iMaNosoKsaa3-inner\"><div class=\"n2-ss-layer n2-ow n-uc-lQr9NdEV8A2R\" data-pm=\"normal\" data-sstype=\"layer\"><div id=\"n2-ss-2item2\" class=\"n2-font-577e3e94d392c80545fffaf7623e9404-hover   n2-ss-item-content n2-ss-text n2-ow\" style=\"display:block;\">Descubre el Vall\u00e8s Oriental<\/div><\/div><\/div><\/div><\/div><\/div><\/div><div data-slide-duration=\"0\" data-id=\"22\" data-slide-public-id=\"4\" aria-hidden=\"true\" class=\"n2-ss-slide n2-ow  n2-ss-slide-22\"><div role=\"note\" class=\"n2-ss-slide--focus\" tabindex=\"-1\"><\/div><div class=\"n2-ss-layers-container n2-ss-slide-limiter n2-ow\"><div class=\"n2-ss-layer n2-ow n-uc-yeEss7nTI2YS\" data-sstype=\"slide\" data-pm=\"default\"><div class=\"n2-ss-layer n2-ow n-uc-180ada5ab64d1\" data-pm=\"default\" data-sstype=\"content\" data-hasbackground=\"0\"><div class=\"n2-ss-section-main-content n2-ss-layer-with-background n2-ss-layer-content n2-ow n-uc-180ada5ab64d1-inner\"><div class=\"n2-ss-layer n2-ow n-uc-Ai8cJ9AQU5rO\" data-pm=\"normal\" data-sstype=\"layer\"><div id=\"n2-ss-2item3\" class=\"n2-font-577e3e94d392c80545fffaf7623e9404-hover   n2-ss-item-content n2-ss-text n2-ow\" style=\"display:block;\">Descubre el Vall\u00e8s Oriental<\/div><\/div><\/div><\/div><\/div><\/div><\/div><div data-slide-duration=\"0\" data-id=\"133\" data-slide-public-id=\"5\" aria-hidden=\"true\" class=\"n2-ss-slide n2-ow  n2-ss-slide-133\"><div role=\"note\" class=\"n2-ss-slide--focus\" tabindex=\"-1\"><\/div><div class=\"n2-ss-layers-container n2-ss-slide-limiter n2-ow\"><div class=\"n2-ss-layer n2-ow n-uc-vO7Bt3SBA9lv\" data-sstype=\"slide\" data-pm=\"default\"><div class=\"n2-ss-layer n2-ow n-uc-ivuerUp0nGa0\" data-pm=\"default\" data-sstype=\"content\" data-hasbackground=\"0\"><div class=\"n2-ss-section-main-content n2-ss-layer-with-background n2-ss-layer-content n2-ow n-uc-ivuerUp0nGa0-inner\"><div class=\"n2-ss-layer n2-ow n-uc-PgKGvFpDlq1C\" data-pm=\"normal\" data-sstype=\"layer\"><div id=\"n2-ss-2item4\" class=\"n2-font-577e3e94d392c80545fffaf7623e9404-hover   n2-ss-item-content n2-ss-text n2-ow\" style=\"display:block;\">Descubre el Vall\u00e8s Oriental<\/div><\/div><\/div><\/div><\/div><\/div><\/div><div data-slide-duration=\"0\" data-id=\"303\" data-slide-public-id=\"6\" aria-hidden=\"true\" class=\"n2-ss-slide n2-ow  n2-ss-slide-303\"><div role=\"note\" class=\"n2-ss-slide--focus\" tabindex=\"-1\"><\/div><div class=\"n2-ss-layers-container n2-ss-slide-limiter n2-ow\"><div class=\"n2-ss-layer n2-ow n-uc-laoYukBTUXpi\" data-sstype=\"slide\" data-pm=\"default\"><div class=\"n2-ss-layer n2-ow n-uc-uoE6uIvaMcHl\" data-pm=\"default\" data-sstype=\"content\" data-hasbackground=\"0\"><div class=\"n2-ss-section-main-content n2-ss-layer-with-background n2-ss-layer-content n2-ow n-uc-uoE6uIvaMcHl-inner\"><div class=\"n2-ss-layer n2-ow n-uc-drge8LRkzuav\" data-pm=\"normal\" data-sstype=\"layer\"><div id=\"n2-ss-2item5\" class=\"n2-font-577e3e94d392c80545fffaf7623e9404-hover   n2-ss-item-content n2-ss-text n2-ow\" style=\"display:block;\">Descubre el Vall\u00e8s Oriental<\/div><\/div><\/div><\/div><\/div><\/div><\/div><div data-slide-duration=\"0\" data-id=\"17\" data-slide-public-id=\"7\" aria-hidden=\"true\" class=\"n2-ss-slide n2-ow  n2-ss-slide-17\"><div role=\"note\" class=\"n2-ss-slide--focus\" tabindex=\"-1\"><\/div><div class=\"n2-ss-layers-container n2-ss-slide-limiter n2-ow\"><div class=\"n2-ss-layer n2-ow n-uc-bFBsfJNWWdzY\" data-sstype=\"slide\" data-pm=\"default\"><div class=\"n2-ss-layer n2-ow n-uc-17d11bfe2b316\" data-pm=\"default\" data-sstype=\"content\" data-hasbackground=\"0\"><div class=\"n2-ss-section-main-content n2-ss-layer-with-background n2-ss-layer-content n2-ow n-uc-17d11bfe2b316-inner\"><div class=\"n2-ss-layer n2-ow n-uc-B1Vdfj44mgFL\" data-pm=\"normal\" data-sstype=\"layer\"><div id=\"n2-ss-2item6\" class=\"n2-font-577e3e94d392c80545fffaf7623e9404-hover   n2-ss-item-content n2-ss-text n2-ow\" style=\"display:block;\">Descubre el Vall\u00e8s Oriental<\/div><\/div><\/div><\/div><\/div><\/div><\/div><div data-slide-duration=\"0\" data-id=\"25\" data-slide-public-id=\"8\" aria-hidden=\"true\" class=\"n2-ss-slide n2-ow  n2-ss-slide-25\"><div role=\"note\" class=\"n2-ss-slide--focus\" tabindex=\"-1\"><\/div><div class=\"n2-ss-layers-container n2-ss-slide-limiter n2-ow\"><div class=\"n2-ss-layer n2-ow n-uc-0CUxb3hglI1b\" data-sstype=\"slide\" data-pm=\"default\"><div class=\"n2-ss-layer n2-ow n-uc-1ec691cfe0600\" data-pm=\"default\" data-sstype=\"content\" data-hasbackground=\"0\"><div class=\"n2-ss-section-main-content n2-ss-layer-with-background n2-ss-layer-content n2-ow n-uc-1ec691cfe0600-inner\"><div class=\"n2-ss-layer n2-ow n-uc-LuLV4RIZswTE\" data-pm=\"normal\" data-sstype=\"layer\"><div id=\"n2-ss-2item7\" class=\"n2-font-577e3e94d392c80545fffaf7623e9404-hover   n2-ss-item-content n2-ss-text n2-ow\" style=\"display:block;\">Descubre el Vall\u00e8s Oriental<\/div><\/div><\/div><\/div><\/div><\/div><\/div><div data-slide-duration=\"0\" data-id=\"456\" data-slide-public-id=\"9\" aria-hidden=\"true\" data-title=\"Banner ESP\" data-haslink=\"1\" data-href=\"https:\/\/turismevalles.com\/es\/el-tour-de-france-2026-en-el-valles-oriental\/\" tabindex=\"0\" role=\"button\" data-n2click=\"url\" data-force-pointer=\"\" class=\"n2-ss-slide n2-ow  n2-ss-slide-456\"><div role=\"note\" class=\"n2-ss-slide--focus\">Banner ESP<\/div><div class=\"n2-ss-layers-container n2-ss-slide-limiter n2-ow\"><div class=\"n2-ss-layer n2-ow n-uc-xFMOtfiRsjSF\" data-sstype=\"slide\" data-pm=\"default\"><\/div><\/div><\/div>                    <\/div>\n\n                                    <\/div>\n            <\/div>\n        <\/div>\n        <div class=\"n2-ss-slider-controls n2-ss-slider-controls-absolute-left-center\"><div style=\"--widget-offset:15px;\" class=\"n2-ss-widget nextend-arrow n2-ow-all nextend-arrow-previous  nextend-arrow-animated-fade\" data-hide-mobileportrait=\"1\" id=\"n2-ss-2-arrow-previous\" role=\"button\" aria-label=\"previous arrow\" tabindex=\"0\"><img loading=\"lazy\" decoding=\"async\" width=\"32\" height=\"32\" class=\"n2-arrow-normal-img skip-lazy\" data-skip-lazy=\"1\" src=\"data:image\/svg+xml;base64,PHN2ZyB3aWR0aD0iMzIiIGhlaWdodD0iMzIiIHZpZXdCb3g9IjAgMCAzMiAzMiIgeG1sbnM9Imh0dHA6Ly93d3cudzMub3JnLzIwMDAvc3ZnIj4KICAgIDxwYXRoIGQ9Ik0xMS40MzMgMTUuOTkyTDIyLjY5IDUuNzEyYy4zOTMtLjM5LjM5My0xLjAzIDAtMS40Mi0uMzkzLS4zOS0xLjAzLS4zOS0xLjQyMyAwbC0xMS45OCAxMC45NGMtLjIxLjIxLS4zLjQ5LS4yODUuNzYtLjAxNS4yOC4wNzUuNTYuMjg0Ljc3bDExLjk4IDEwLjk0Yy4zOTMuMzkgMS4wMy4zOSAxLjQyNCAwIC4zOTMtLjQuMzkzLTEuMDMgMC0xLjQybC0xMS4yNTctMTAuMjkiCiAgICAgICAgICBmaWxsPSIjZmZmZmZmIiBvcGFjaXR5PSIwLjgiIGZpbGwtcnVsZT0iZXZlbm9kZCIvPgo8L3N2Zz4=\" alt=\"previous arrow\"><img loading=\"lazy\" decoding=\"async\" width=\"32\" height=\"32\" class=\"n2-arrow-hover-img skip-lazy\" data-skip-lazy=\"1\" src=\"data:image\/svg+xml;base64,PHN2ZyB3aWR0aD0iMzIiIGhlaWdodD0iMzIiIHZpZXdCb3g9IjAgMCAzMiAzMiIgeG1sbnM9Imh0dHA6Ly93d3cudzMub3JnLzIwMDAvc3ZnIj4KICAgIDxwYXRoIGQ9Ik0xMS40MzMgMTUuOTkyTDIyLjY5IDUuNzEyYy4zOTMtLjM5LjM5My0xLjAzIDAtMS40Mi0uMzkzLS4zOS0xLjAzLS4zOS0xLjQyMyAwbC0xMS45OCAxMC45NGMtLjIxLjIxLS4zLjQ5LS4yODUuNzYtLjAxNS4yOC4wNzUuNTYuMjg0Ljc3bDExLjk4IDEwLjk0Yy4zOTMuMzkgMS4wMy4zOSAxLjQyNCAwIC4zOTMtLjQuMzkzLTEuMDMgMC0xLjQybC0xMS4yNTctMTAuMjkiCiAgICAgICAgICBmaWxsPSIjZmZmZmZmIiBvcGFjaXR5PSIxIiBmaWxsLXJ1bGU9ImV2ZW5vZGQiLz4KPC9zdmc+\" alt=\"previous arrow\"><\/div><\/div><div class=\"n2-ss-slider-controls n2-ss-slider-controls-absolute-right-center\"><div style=\"--widget-offset:15px;\" class=\"n2-ss-widget nextend-arrow n2-ow-all nextend-arrow-next  nextend-arrow-animated-fade\" data-hide-mobileportrait=\"1\" id=\"n2-ss-2-arrow-next\" role=\"button\" aria-label=\"next arrow\" tabindex=\"0\"><img loading=\"lazy\" decoding=\"async\" width=\"32\" height=\"32\" class=\"n2-arrow-normal-img skip-lazy\" data-skip-lazy=\"1\" src=\"data:image\/svg+xml;base64,PHN2ZyB3aWR0aD0iMzIiIGhlaWdodD0iMzIiIHZpZXdCb3g9IjAgMCAzMiAzMiIgeG1sbnM9Imh0dHA6Ly93d3cudzMub3JnLzIwMDAvc3ZnIj4KICAgIDxwYXRoIGQ9Ik0xMC43MjIgNC4yOTNjLS4zOTQtLjM5LTEuMDMyLS4zOS0xLjQyNyAwLS4zOTMuMzktLjM5MyAxLjAzIDAgMS40MmwxMS4yODMgMTAuMjgtMTEuMjgzIDEwLjI5Yy0uMzkzLjM5LS4zOTMgMS4wMiAwIDEuNDIuMzk1LjM5IDEuMDMzLjM5IDEuNDI3IDBsMTIuMDA3LTEwLjk0Yy4yMS0uMjEuMy0uNDkuMjg0LS43Ny4wMTQtLjI3LS4wNzYtLjU1LS4yODYtLjc2TDEwLjcyIDQuMjkzeiIKICAgICAgICAgIGZpbGw9IiNmZmZmZmYiIG9wYWNpdHk9IjAuOCIgZmlsbC1ydWxlPSJldmVub2RkIi8+Cjwvc3ZnPg==\" alt=\"next arrow\"><img loading=\"lazy\" decoding=\"async\" width=\"32\" height=\"32\" class=\"n2-arrow-hover-img skip-lazy\" data-skip-lazy=\"1\" src=\"data:image\/svg+xml;base64,PHN2ZyB3aWR0aD0iMzIiIGhlaWdodD0iMzIiIHZpZXdCb3g9IjAgMCAzMiAzMiIgeG1sbnM9Imh0dHA6Ly93d3cudzMub3JnLzIwMDAvc3ZnIj4KICAgIDxwYXRoIGQ9Ik0xMC43MjIgNC4yOTNjLS4zOTQtLjM5LTEuMDMyLS4zOS0xLjQyNyAwLS4zOTMuMzktLjM5MyAxLjAzIDAgMS40MmwxMS4yODMgMTAuMjgtMTEuMjgzIDEwLjI5Yy0uMzkzLjM5LS4zOTMgMS4wMiAwIDEuNDIuMzk1LjM5IDEuMDMzLjM5IDEuNDI3IDBsMTIuMDA3LTEwLjk0Yy4yMS0uMjEuMy0uNDkuMjg0LS43Ny4wMTQtLjI3LS4wNzYtLjU1LS4yODYtLjc2TDEwLjcyIDQuMjkzeiIKICAgICAgICAgIGZpbGw9IiNmZmZmZmYiIG9wYWNpdHk9IjEiIGZpbGwtcnVsZT0iZXZlbm9kZCIvPgo8L3N2Zz4=\" alt=\"next arrow\"><\/div><\/div><div class=\"n2-ss-slider-controls n2-ss-slider-controls-absolute-center-bottom\"><div style=\"--widget-offset:5px;\" class=\"n2-ss-widget n2-ss-control-bullet n2-ow-all n2-ss-control-bullet-horizontal\"><div class=\" nextend-bullet-bar n2-bar-justify-content-center\" role=\"group\" aria-label=\"Choose slide to display.\"><div class=\"n2-bullet n2-style-37b83350d88fb82e7ea26e8ad7887167-dot \" style=\"visibility:hidden;\"><\/div><\/div><\/div><\/div><\/div><\/div><ss3-loader><\/ss3-loader><\/div><\/div><div class=\"n2_clear\"><\/div><\/div><\/ss3-force-full-width><\/div>\n\n\n<div style=\"height:28px\" aria-hidden=\"true\" class=\"wp-block-spacer\"><\/div>\n\n\n\n<p class=\"has-text-align-center\">El Vall\u00e8s Oriental est\u00e1 situado a pocos quil\u00f3metros de las ciudades de Barcelona y Girona, del mar Mediterr\u00e1neo y de la alta monta\u00f1a. Es un territorio<strong> <\/strong>ideal para disfrutar del<strong> turismo pausado ya sea en familia, con amigos o en pareja<\/strong>. <\/p>\n\n\n\n<p class=\"has-text-align-center\">Cuenta con un \u00e1mplio abanico de recursos entre los que encontramos espacions naturales; villas modernistas; aguas termales; patrimonio cultural de diferentes \u00e9pocas; actividades al aire libre; rutas de senderismo; ruta de gravel; propuestas deportivas; zonas de compras; alojamientos con encanto y una oferta gastron\u00f3mica de gran calidad. <\/p>\n\n\n\n<p class=\"has-text-align-center\">\u00a1Consulta la agenda para ver todas las<strong> <a href=\"\/esdeveniments\/mes\/\" target=\"_blank\" rel=\"noreferrer noopener\">propuestas y actividades<\/a><\/strong> que ofrece el Vall\u00e8s Oriental!<\/p>\n\n\n\n<p class=\"has-text-align-center\">Insp\u00edrate y descubre, saborea, mu\u00e9vete, relajate, compra y respira!<br><a href=\"https:\/\/turismevalles.com\/es\/\"><strong>\u00a1El Vall\u00e8s Oriental bienestar que se comparte!<\/strong><\/a><\/p>\n\n\n\n<div style=\"height:35px\" aria-hidden=\"true\" class=\"wp-block-spacer\"><\/div>\n\n\n<div class=\"gb-grid-wrapper gb-grid-wrapper-91b94379 homeHighlight\">\n<div class=\"gb-grid-column gb-grid-column-c958c68c\"><div class=\"gb-container gb-container-c958c68c\"><div class=\"gb-inside-container\">\n<div class=\"wp-block-image is-resized\">\n<figure class=\"aligncenter size-large\"><a href=\"https:\/\/turismevalles.com\/es\/actividades\/?tipus_turisme=turismo-cultural\"><img loading=\"lazy\" decoding=\"async\" width=\"450\" height=\"300\" src=\"http:\/\/turismevalles.com\/wp-content\/uploads\/2020\/10\/descobreix.jpg\" alt=\"\" class=\"wp-image-3479\" srcset=\"https:\/\/turismevalles.com\/wp-content\/uploads\/2020\/10\/descobreix.jpg 450w, https:\/\/turismevalles.com\/wp-content\/uploads\/2020\/10\/descobreix-300x200.jpg 300w\" sizes=\"auto, (max-width: 450px) 100vw, 450px\" \/><\/a><\/figure><\/div>\n\n\n<h2 class=\"gb-headline gb-headline-5237ad1b gb-headline-text\">DESCUBRE<\/h2>\n\n<\/div><\/div><\/div>\n\n<div class=\"gb-grid-column gb-grid-column-39e8cdc7\"><div class=\"gb-container gb-container-39e8cdc7\"><div class=\"gb-inside-container\">\n\n<figure class=\"wp-block-image size-large\"><a href=\"https:\/\/turismevalles.com\/es\/actividades\/?tipus_turisme=turisme-gastronomic-es\"><img loading=\"lazy\" decoding=\"async\" width=\"1024\" height=\"683\" src=\"http:\/\/turismevalles.com\/wp-content\/uploads\/2021\/02\/IMG_0198-1024x683.jpg\" alt=\"\" class=\"wp-image-12358\" srcset=\"https:\/\/turismevalles.com\/wp-content\/uploads\/2021\/02\/IMG_0198-1024x683.jpg 1024w, https:\/\/turismevalles.com\/wp-content\/uploads\/2021\/02\/IMG_0198-300x200.jpg 300w, https:\/\/turismevalles.com\/wp-content\/uploads\/2021\/02\/IMG_0198-768x512.jpg 768w, https:\/\/turismevalles.com\/wp-content\/uploads\/2021\/02\/IMG_0198-391x260.jpg 391w, https:\/\/turismevalles.com\/wp-content\/uploads\/2021\/02\/IMG_0198-1536x1024.jpg 1536w, https:\/\/turismevalles.com\/wp-content\/uploads\/2021\/02\/IMG_0198-2048x1365.jpg 2048w\" sizes=\"auto, (max-width: 1024px) 100vw, 1024px\" \/><\/a><\/figure>\n\n\n\n<h2 class=\"gb-headline gb-headline-d53f6b33 gb-headline-text\">SABOREA<\/h2>\n\n<\/div><\/div><\/div>\n\n<div class=\"gb-grid-column gb-grid-column-5ffdab8e\"><div class=\"gb-container gb-container-5ffdab8e\"><div class=\"gb-inside-container\">\n\n<figure class=\"wp-block-image size-large\"><a href=\"https:\/\/turismevalles.com\/es\/actividades\/?tipus_turisme=turismo-activo\"><img loading=\"lazy\" decoding=\"async\" width=\"1024\" height=\"682\" src=\"http:\/\/turismevalles.com\/wp-content\/uploads\/2021\/02\/prehistorica_la_roca_del_vallesFoto_Manel_Cuesta25-1024x682.jpg\" alt=\"\" class=\"wp-image-12366\" srcset=\"https:\/\/turismevalles.com\/wp-content\/uploads\/2021\/02\/prehistorica_la_roca_del_vallesFoto_Manel_Cuesta25-1024x682.jpg 1024w, https:\/\/turismevalles.com\/wp-content\/uploads\/2021\/02\/prehistorica_la_roca_del_vallesFoto_Manel_Cuesta25-300x200.jpg 300w, https:\/\/turismevalles.com\/wp-content\/uploads\/2021\/02\/prehistorica_la_roca_del_vallesFoto_Manel_Cuesta25-768x511.jpg 768w, https:\/\/turismevalles.com\/wp-content\/uploads\/2021\/02\/prehistorica_la_roca_del_vallesFoto_Manel_Cuesta25-391x260.jpg 391w, https:\/\/turismevalles.com\/wp-content\/uploads\/2021\/02\/prehistorica_la_roca_del_vallesFoto_Manel_Cuesta25-1536x1022.jpg 1536w, https:\/\/turismevalles.com\/wp-content\/uploads\/2021\/02\/prehistorica_la_roca_del_vallesFoto_Manel_Cuesta25-2048x1363.jpg 2048w\" sizes=\"auto, (max-width: 1024px) 100vw, 1024px\" \/><\/a><\/figure>\n\n\n\n<h2 class=\"gb-headline gb-headline-1c3461f8 gb-headline-text\">MU\u00c9VETE<\/h2>\n\n<\/div><\/div><\/div>\n<\/div>\n\n<div class=\"gb-grid-wrapper gb-grid-wrapper-38a94bb2 homeHighlight\">\n<div class=\"gb-grid-column gb-grid-column-c3725e8d\"><div class=\"gb-container gb-container-c3725e8d\"><div class=\"gb-inside-container\">\n\n<figure class=\"wp-block-image size-large\"><a href=\"https:\/\/turismevalles.com\/es\/actividades\/?tipus_turisme=turismo-termal-y-bienestar\"><img loading=\"lazy\" decoding=\"async\" width=\"448\" height=\"299\" src=\"http:\/\/turismevalles.com\/wp-content\/uploads\/2021\/02\/YDRAY-Banys-i-massatge-15-min.jpg\" alt=\"\" class=\"wp-image-12422\" srcset=\"https:\/\/turismevalles.com\/wp-content\/uploads\/2021\/02\/YDRAY-Banys-i-massatge-15-min.jpg 448w, https:\/\/turismevalles.com\/wp-content\/uploads\/2021\/02\/YDRAY-Banys-i-massatge-15-min-300x200.jpg 300w, https:\/\/turismevalles.com\/wp-content\/uploads\/2021\/02\/YDRAY-Banys-i-massatge-15-min-391x260.jpg 391w\" sizes=\"auto, (max-width: 448px) 100vw, 448px\" \/><\/a><\/figure>\n\n\n\n<h2 class=\"gb-headline gb-headline-c8ea2ff7 gb-headline-text\">RELAJATE<\/h2>\n\n<\/div><\/div><\/div>\n\n<div class=\"gb-grid-column gb-grid-column-e879f13e\"><div class=\"gb-container gb-container-e879f13e\"><div class=\"gb-inside-container\">\n\n<figure class=\"wp-block-image size-large\"><a href=\"https:\/\/turismevalles.com\/es\/tipus_turisme\/turismo-de-compras\/\"><img loading=\"lazy\" decoding=\"async\" width=\"450\" height=\"300\" src=\"http:\/\/turismevalles.com\/wp-content\/uploads\/2020\/10\/rsz_woman-3040029_1920.jpg\" alt=\"\" class=\"wp-image-3496\" style=\"object-fit:cover\" srcset=\"https:\/\/turismevalles.com\/wp-content\/uploads\/2020\/10\/rsz_woman-3040029_1920.jpg 450w, https:\/\/turismevalles.com\/wp-content\/uploads\/2020\/10\/rsz_woman-3040029_1920-300x200.jpg 300w\" sizes=\"auto, (max-width: 450px) 100vw, 450px\" \/><\/a><\/figure>\n\n\n\n<h2 class=\"gb-headline gb-headline-4f21f262 gb-headline-text\">COMPRA<\/h2>\n\n<\/div><\/div><\/div>\n\n<div class=\"gb-grid-column gb-grid-column-084e407b\"><div class=\"gb-container gb-container-084e407b\"><div class=\"gb-inside-container\">\n\n<figure class=\"wp-block-image size-large\"><a href=\"https:\/\/turismevalles.com\/es\/actividades\/?tipus_turisme=turismo-de-naturaleza\"><img loading=\"lazy\" decoding=\"async\" width=\"1024\" height=\"683\" src=\"http:\/\/turismevalles.com\/wp-content\/uploads\/2021\/02\/tardor-a-Santa-Fe-de-Montseny-Manel-Cuesta-24-1-1024x683.jpg\" alt=\"\" class=\"wp-image-12372\" srcset=\"https:\/\/turismevalles.com\/wp-content\/uploads\/2021\/02\/tardor-a-Santa-Fe-de-Montseny-Manel-Cuesta-24-1-1024x683.jpg 1024w, https:\/\/turismevalles.com\/wp-content\/uploads\/2021\/02\/tardor-a-Santa-Fe-de-Montseny-Manel-Cuesta-24-1-300x200.jpg 300w, https:\/\/turismevalles.com\/wp-content\/uploads\/2021\/02\/tardor-a-Santa-Fe-de-Montseny-Manel-Cuesta-24-1-768x512.jpg 768w, https:\/\/turismevalles.com\/wp-content\/uploads\/2021\/02\/tardor-a-Santa-Fe-de-Montseny-Manel-Cuesta-24-1-391x260.jpg 391w, https:\/\/turismevalles.com\/wp-content\/uploads\/2021\/02\/tardor-a-Santa-Fe-de-Montseny-Manel-Cuesta-24-1-1536x1024.jpg 1536w, https:\/\/turismevalles.com\/wp-content\/uploads\/2021\/02\/tardor-a-Santa-Fe-de-Montseny-Manel-Cuesta-24-1-2048x1365.jpg 2048w\" sizes=\"auto, (max-width: 1024px) 100vw, 1024px\" \/><\/a><\/figure>\n\n\n\n<h2 class=\"gb-headline gb-headline-6134d52e gb-headline-text\">RESPIRA<\/h2>\n\n<\/div><\/div><\/div>\n<\/div>\n\n\n<div style=\"height:35px\" aria-hidden=\"true\" class=\"wp-block-spacer\"><\/div>\n\n\n<div class=\"gb-container gb-container-ce997798 alignfull\"><div class=\"gb-inside-container\">\n\n<div class=\"wp-block-columns is-layout-flex wp-container-core-columns-is-layout-9d6595d7 wp-block-columns-is-layout-flex\">\n<div class=\"wp-block-column is-layout-flow wp-block-column-is-layout-flow\"><div class=\"wp-block-image\">\n<figure class=\"aligncenter size-large\"><a href=\"\/es\/dormir\/\"><img loading=\"lazy\" decoding=\"async\" width=\"86\" height=\"81\" src=\"http:\/\/turismevalles.com\/wp-content\/uploads\/2020\/10\/services-accomodations.png\" alt=\"\" class=\"wp-image-3279\"\/><\/a><\/figure><\/div>\n\n\n<h2 class=\"gb-headline gb-headline-e7889fde gb-headline-text\">Alojamientos<\/h2>\n<\/div>\n\n\n\n<div class=\"wp-block-column is-layout-flow wp-block-column-is-layout-flow\"><div class=\"wp-block-image\">\n<figure class=\"aligncenter size-large\"><a href=\"https:\/\/turismevalles.com\/es\/restaurantes\/\"><img loading=\"lazy\" decoding=\"async\" width=\"86\" height=\"81\" src=\"http:\/\/turismevalles.com\/wp-content\/uploads\/2020\/10\/services-restaurants.png\" alt=\"\" class=\"wp-image-3292\"\/><\/a><\/figure><\/div>\n\n\n<h2 class=\"gb-headline gb-headline-987ec0da gb-headline-text\">Restaurantes<\/h2>\n<\/div>\n\n\n\n<div class=\"wp-block-column is-layout-flow wp-block-column-is-layout-flow\"><div class=\"wp-block-image\">\n<figure class=\"aligncenter size-large\"><a href=\"es\/actividades\/\"><img loading=\"lazy\" decoding=\"async\" width=\"86\" height=\"81\" src=\"http:\/\/turismevalles.com\/wp-content\/uploads\/2020\/10\/services-tour.png\" alt=\"\" class=\"wp-image-3293\"\/><\/a><\/figure><\/div>\n\n\n<h2 class=\"gb-headline gb-headline-3658cf37 gb-headline-text\">Visitas<\/h2>\n<\/div>\n\n\n\n<div class=\"wp-block-column is-layout-flow wp-block-column-is-layout-flow\"><div class=\"wp-block-image\">\n<figure class=\"aligncenter size-large is-resized\"><a href=\"es\/como-llegar\/\"><img loading=\"lazy\" decoding=\"async\" width=\"512\" height=\"512\" src=\"http:\/\/turismevalles.com\/wp-content\/uploads\/2020\/10\/bus2.png\" alt=\"\" class=\"wp-image-3376\" style=\"width:81px;height:81px\" srcset=\"https:\/\/turismevalles.com\/wp-content\/uploads\/2020\/10\/bus2.png 512w, https:\/\/turismevalles.com\/wp-content\/uploads\/2020\/10\/bus2-300x300.png 300w, https:\/\/turismevalles.com\/wp-content\/uploads\/2020\/10\/bus2-150x150.png 150w\" sizes=\"auto, (max-width: 512px) 100vw, 512px\" \/><\/a><\/figure><\/div>\n\n\n<h2 class=\"gb-headline gb-headline-b2fd3c55 gb-headline-text\">Transporte<\/h2>\n<\/div>\n<\/div>\n\n<\/div><\/div>\n\n\n<div style=\"height:100px\" aria-hidden=\"true\" class=\"wp-block-spacer\"><\/div>\n\n\n\n<h2 class=\"wp-block-heading\">No te pierdas los pr\u00f3ximos eventos<\/h2>\n\n\n<div id=\"mec_skin_11775\" class=\"mec-wrap   \">\r\n\r\n    \r\n    <div class=\"mec-calendar \">\r\n        <div class=\"mec-calendar-topsec\">        <div class=\"mec-calendar-side mec-clear\">\r\n                        <div class=\"mec-skin-monthly-view-month-navigator-container\">\r\n                <div class=\"mec-month-navigator\" id=\"mec_month_navigator_11775_202609\"><div class=\"mec-previous-month mec-load-month mec-previous-month\" data-mec-year=\"2026\" data-mec-month=\"08\"><span class=\"mec-sl-angle-left\"><\/span> agosto<\/div><div class=\"mec-calendar-header\"><span>septiembre 2026<\/span><\/div><div class=\"mec-next-month mec-load-month mec-next-month\" data-mec-year=\"2026\" data-mec-month=\"10\">octubre <span class=\"mec-sl-angle-right\"><\/span><\/div><\/div>\r\n            <\/div>\r\n            \r\n            <div class=\"mec-calendar-table\" id=\"mec_skin_events_11775\">\r\n                <div class=\"mec-month-container mec-month-container-selected\" id=\"mec_monthly_view_month_11775_202609\" data-month-id=\"202609\"><dl class=\"mec-calendar-table-head\"><dt class=\"mec-calendar-day-head\">LU<\/dt><dt class=\"mec-calendar-day-head\">MA<\/dt><dt class=\"mec-calendar-day-head\">MI<\/dt><dt class=\"mec-calendar-day-head\">JU<\/dt><dt class=\"mec-calendar-day-head\">VI<\/dt><dt class=\"mec-calendar-day-head\">SA<\/dt><dt class=\"mec-calendar-day-head\">DO<\/dt><\/dl><dl class=\"mec-calendar-row\">\r\n    <dt class=\"mec-calendar-day mec-has-event\" data-mec-cell=\"20260831\" data-day=\"31\" data-month=\"202609\"><a href=\"#\" class=\"mec-has-event-a\">31<\/a><\/dt><dt class=\"mec-calendar-day mec-has-event\" data-mec-cell=\"20260901\" data-day=\"1\" data-month=\"202609\"><a href=\"#\" class=\"mec-has-event-a\">1<\/a><\/dt><\/dt><dt class=\"mec-calendar-day mec-has-event\" data-mec-cell=\"20260902\" data-day=\"2\" data-month=\"202609\"><a href=\"#\" class=\"mec-has-event-a\">2<\/a><\/dt><\/dt><dt class=\"mec-calendar-day mec-has-event\" data-mec-cell=\"20260903\" data-day=\"3\" data-month=\"202609\"><a href=\"#\" class=\"mec-has-event-a\">3<\/a><\/dt><\/dt><dt class=\"mec-calendar-day mec-has-event\" data-mec-cell=\"20260904\" data-day=\"4\" data-month=\"202609\"><a href=\"#\" class=\"mec-has-event-a\">4<\/a><\/dt><\/dt><dt class=\"mec-calendar-day mec-has-event mec-selected-day\" data-mec-cell=\"20260905\" data-day=\"5\" data-month=\"202609\"><a href=\"#\" class=\"mec-has-event-a\">5<\/a><\/dt><\/dt><dt class=\"mec-calendar-day mec-has-event\" data-mec-cell=\"20260906\" data-day=\"6\" data-month=\"202609\"><a href=\"#\" class=\"mec-has-event-a\">6<\/a><\/dt><\/dt><\/dl><dl class=\"mec-calendar-row\"><dt class=\"mec-calendar-day mec-has-event\" data-mec-cell=\"20260907\" data-day=\"7\" data-month=\"202609\"><a href=\"#\" class=\"mec-has-event-a\">7<\/a><\/dt><\/dt><dt class=\"mec-calendar-day mec-has-event\" data-mec-cell=\"20260908\" data-day=\"8\" data-month=\"202609\"><a href=\"#\" class=\"mec-has-event-a\">8<\/a><\/dt><\/dt><dt class=\"mec-calendar-day mec-has-event\" data-mec-cell=\"20260909\" data-day=\"9\" data-month=\"202609\"><a href=\"#\" class=\"mec-has-event-a\">9<\/a><\/dt><\/dt><dt class=\"mec-calendar-day mec-has-event\" data-mec-cell=\"20260910\" data-day=\"10\" data-month=\"202609\"><a href=\"#\" class=\"mec-has-event-a\">10<\/a><\/dt><\/dt><dt class=\"mec-calendar-day mec-has-event\" data-mec-cell=\"20260911\" data-day=\"11\" data-month=\"202609\"><a href=\"#\" class=\"mec-has-event-a\">11<\/a><\/dt><\/dt><dt class=\"mec-calendar-day mec-has-event\" data-mec-cell=\"20260912\" data-day=\"12\" data-month=\"202609\"><a href=\"#\" class=\"mec-has-event-a\">12<\/a><\/dt><\/dt><dt class=\"mec-calendar-day mec-has-event\" data-mec-cell=\"20260913\" data-day=\"13\" data-month=\"202609\"><a href=\"#\" class=\"mec-has-event-a\">13<\/a><\/dt><\/dt><\/dl><dl class=\"mec-calendar-row\"><dt class=\"mec-calendar-day mec-has-event\" data-mec-cell=\"20260914\" data-day=\"14\" data-month=\"202609\"><a href=\"#\" class=\"mec-has-event-a\">14<\/a><\/dt><\/dt><dt class=\"mec-calendar-day mec-has-event\" data-mec-cell=\"20260915\" data-day=\"15\" data-month=\"202609\"><a href=\"#\" class=\"mec-has-event-a\">15<\/a><\/dt><\/dt><dt class=\"mec-calendar-day mec-has-event\" data-mec-cell=\"20260916\" data-day=\"16\" data-month=\"202609\"><a href=\"#\" class=\"mec-has-event-a\">16<\/a><\/dt><\/dt><dt class=\"mec-calendar-day mec-has-event\" data-mec-cell=\"20260917\" data-day=\"17\" data-month=\"202609\"><a href=\"#\" class=\"mec-has-event-a\">17<\/a><\/dt><\/dt><dt class=\"mec-calendar-day mec-has-event\" data-mec-cell=\"20260918\" data-day=\"18\" data-month=\"202609\"><a href=\"#\" class=\"mec-has-event-a\">18<\/a><\/dt><\/dt><dt class=\"mec-calendar-day mec-has-event\" data-mec-cell=\"20260919\" data-day=\"19\" data-month=\"202609\"><a href=\"#\" class=\"mec-has-event-a\">19<\/a><\/dt><\/dt><dt class=\"mec-calendar-day mec-has-event\" data-mec-cell=\"20260920\" data-day=\"20\" data-month=\"202609\"><a href=\"#\" class=\"mec-has-event-a\">20<\/a><\/dt><\/dt><\/dl><dl class=\"mec-calendar-row\"><dt class=\"mec-calendar-day mec-has-event\" data-mec-cell=\"20260921\" data-day=\"21\" data-month=\"202609\"><a href=\"#\" class=\"mec-has-event-a\">21<\/a><\/dt><\/dt><dt class=\"mec-calendar-day mec-has-event\" data-mec-cell=\"20260922\" data-day=\"22\" data-month=\"202609\"><a href=\"#\" class=\"mec-has-event-a\">22<\/a><\/dt><\/dt><dt class=\"mec-calendar-day mec-has-event\" data-mec-cell=\"20260923\" data-day=\"23\" data-month=\"202609\"><a href=\"#\" class=\"mec-has-event-a\">23<\/a><\/dt><\/dt><dt class=\"mec-calendar-day mec-has-event\" data-mec-cell=\"20260924\" data-day=\"24\" data-month=\"202609\"><a href=\"#\" class=\"mec-has-event-a\">24<\/a><\/dt><\/dt><dt class=\"mec-calendar-day mec-has-event\" data-mec-cell=\"20260925\" data-day=\"25\" data-month=\"202609\"><a href=\"#\" class=\"mec-has-event-a\">25<\/a><\/dt><\/dt><dt class=\"mec-calendar-day mec-has-event\" data-mec-cell=\"20260926\" data-day=\"26\" data-month=\"202609\"><a href=\"#\" class=\"mec-has-event-a\">26<\/a><\/dt><\/dt><dt class=\"mec-calendar-day mec-has-event\" data-mec-cell=\"20260927\" data-day=\"27\" data-month=\"202609\"><a href=\"#\" class=\"mec-has-event-a\">27<\/a><\/dt><\/dt><\/dl><dl class=\"mec-calendar-row\"><dt class=\"mec-calendar-day mec-has-event\" data-mec-cell=\"20260928\" data-day=\"28\" data-month=\"202609\"><a href=\"#\" class=\"mec-has-event-a\">28<\/a><\/dt><\/dt><dt class=\"mec-calendar-day mec-has-event\" data-mec-cell=\"20260929\" data-day=\"29\" data-month=\"202609\"><a href=\"#\" class=\"mec-has-event-a\">29<\/a><\/dt><\/dt><dt class=\"mec-calendar-day mec-has-event\" data-mec-cell=\"20260930\" data-day=\"30\" data-month=\"202609\"><a href=\"#\" class=\"mec-has-event-a\">30<\/a><\/dt><\/dt><dt class=\"mec-calendar-day mec-has-event\" data-mec-cell=\"20261001\" data-day=\"1\" data-month=\"202609\"><a href=\"#\" class=\"mec-has-event-a\">1<\/a><\/dt><dt class=\"mec-calendar-day mec-has-event\" data-mec-cell=\"20261002\" data-day=\"2\" data-month=\"202609\"><a href=\"#\" class=\"mec-has-event-a\">2<\/a><\/dt><dt class=\"mec-calendar-day mec-has-event\" data-mec-cell=\"20261003\" data-day=\"3\" data-month=\"202609\"><a href=\"#\" class=\"mec-has-event-a\">3<\/a><\/dt><dt class=\"mec-calendar-day mec-has-event\" data-mec-cell=\"20261004\" data-day=\"4\" data-month=\"202609\"><a href=\"#\" class=\"mec-has-event-a\">4<\/a><\/dt><\/dl>\r\n<\/div>\r\n            <\/div>\r\n        <\/div>\r\n        <div class=\"mec-calendar-events-side mec-clear\"><div class=\"mec-month-side\" id=\"mec_month_side_11775_202609\"><div class=\"mec-calendar-events-sec\" data-mec-cell=\"20260831\" ><div class=\"mec-table-side-title\">Eventos para <span class=\"mec-color mec-table-side-day\"> 31<\/span> agosto<\/div>        <script type=\"application\/ld+json\">\r\n        {\r\n            \"@context\": \"http:\/\/schema.org\",\r\n            \"@type\": \"Event\",\r\n            \"eventStatus\": \"https:\/\/schema.org\/EventScheduled\",\r\n            \"startDate\": \"2026-08-31\",\r\n            \"endDate\": \"2026-09-01\",\r\n            \"eventAttendanceMode\": \"https:\/\/schema.org\/OfflineEventAttendanceMode\",\r\n            \"location\":\r\n            {\r\n                \"@type\": \"Place\",\r\n                                \"name\": \"\",\r\n                \"image\": \"\",\r\n                \"address\": \"\"\r\n                            },\r\n            \"organizer\":\r\n            {\r\n                \"@type\": \"Person\",\r\n                \"name\": \"\",\r\n                \"url\": \"\"\r\n            },\r\n            \"offers\":\r\n            {\r\n                \"url\": \"https:\/\/turismevalles.com\/es\/events\/fiesta-mayor-de-figaro-montmany-3\/\",\r\n                \"price\": \"\",\r\n                \"priceCurrency\": \"$\",\r\n                \"availability\": \"https:\/\/schema.org\/InStock\",\r\n                \"validFrom\": \"2026-08-31T00:00\"\r\n            },\r\n            \"performer\": \"\",\r\n            \"description\": \"Para m\u00e1s informaci\u00f3n, &lt;a href=&quot;https:\/\/www-figaro--montmany-cat.translate.goog\/actualitat\/noticies\/la-gegantona-guillemona-artiguella-protagonitza-el-cartell-de-la-festa-major-de-figaro-montmany-2026.html?_x_tr_sl=ca&amp;_x_tr_tl=es&amp;_x_tr_hl=esie%3DUTF-8&quot;&gt;clicar aqu\u00ed&lt;\/a&gt;\",\r\n            \"image\": \"https:\/\/turismevalles.com\/wp-content\/uploads\/2023\/08\/Figaro.png\",\r\n            \"name\": \"Fiesta Mayor de Figar\u00f3-Montmany\",\r\n            \"url\": \"https:\/\/turismevalles.com\/es\/events\/fiesta-mayor-de-figaro-montmany-3\/\"\r\n        }\r\n        <\/script>\r\n        <article class=\"mec-past-event mec-event-article \"><div class=\"mec-event-image\"><img loading=\"lazy\" decoding=\"async\" width=\"300\" height=\"300\" src=\"https:\/\/turismevalles.com\/wp-content\/uploads\/2023\/08\/Figaro-300x300.png\" class=\"attachment-thumblist size-thumblist wp-post-image\" alt=\"\" data-mec-postid=\"28124\" srcset=\"https:\/\/turismevalles.com\/wp-content\/uploads\/2023\/08\/Figaro-300x300.png 300w, https:\/\/turismevalles.com\/wp-content\/uploads\/2023\/08\/Figaro-150x150.png 150w\" sizes=\"auto, (max-width: 300px) 100vw, 300px\" \/><\/div><div class=\"mec-event-time mec-color\"><span class=\"mec-sl-clock-o\"><\/span> Todo el d\u00eda<\/div><div class=\"mec-event-title\"><a class=\"mec-color-hover\"  data-event-id=\"28124\" href=\"https:\/\/turismevalles.com\/es\/events\/fiesta-mayor-de-figaro-montmany-3\/\" target=\"_self\" rel=\"noopener\">Fiesta Mayor de Figar\u00f3-Montmany<\/a><span class=\"event-color\" style=\"background: #fdd700\"><\/span><\/div><div class=\"mec-event-detail\"><div class=\"mec-event-loc-place\"><\/div><\/div><\/article>        <script type=\"application\/ld+json\">\r\n        {\r\n            \"@context\": \"http:\/\/schema.org\",\r\n            \"@type\": \"Event\",\r\n            \"eventStatus\": \"https:\/\/schema.org\/EventScheduled\",\r\n            \"startDate\": \"2026-08-31\",\r\n            \"endDate\": \"2026-09-07\",\r\n            \"eventAttendanceMode\": \"https:\/\/schema.org\/OfflineEventAttendanceMode\",\r\n            \"location\":\r\n            {\r\n                \"@type\": \"Place\",\r\n                                \"name\": \"\",\r\n                \"image\": \"\",\r\n                \"address\": \"\"\r\n                            },\r\n            \"organizer\":\r\n            {\r\n                \"@type\": \"Person\",\r\n                \"name\": \"\",\r\n                \"url\": \"\"\r\n            },\r\n            \"offers\":\r\n            {\r\n                \"url\": \"https:\/\/turismevalles.com\/es\/events\/fiesta-mayor-de-sant-celoni-2\/\",\r\n                \"price\": \"\",\r\n                \"priceCurrency\": \"$\",\r\n                \"availability\": \"https:\/\/schema.org\/InStock\",\r\n                \"validFrom\": \"2026-08-31T00:00\"\r\n            },\r\n            \"performer\": \"\",\r\n            \"description\": \"Para m\u00e1s informaci\u00f3n, &lt;a href=&quot;https:\/\/santceloni-cat.translate.goog\/35877?_x_tr_sl=ca&amp;_x_tr_tl=es&amp;_x_tr_hl=es&quot;&gt;clicar aqu\u00ed&lt;\/a&gt;\",\r\n            \"image\": \"https:\/\/turismevalles.com\/wp-content\/uploads\/2023\/08\/santCeloni.jpg\",\r\n            \"name\": \"Fiesta Mayor de Sant Celoni\",\r\n            \"url\": \"https:\/\/turismevalles.com\/es\/events\/fiesta-mayor-de-sant-celoni-2\/\"\r\n        }\r\n        <\/script>\r\n        <article class=\"mec-event-article \"><div class=\"mec-event-image\"><img loading=\"lazy\" decoding=\"async\" width=\"300\" height=\"300\" src=\"https:\/\/turismevalles.com\/wp-content\/uploads\/2023\/08\/santCeloni-300x300.jpg\" class=\"attachment-thumblist size-thumblist wp-post-image\" alt=\"\" data-mec-postid=\"28213\" srcset=\"https:\/\/turismevalles.com\/wp-content\/uploads\/2023\/08\/santCeloni-300x300.jpg 300w, https:\/\/turismevalles.com\/wp-content\/uploads\/2023\/08\/santCeloni-150x150.jpg 150w\" sizes=\"auto, (max-width: 300px) 100vw, 300px\" \/><\/div><div class=\"mec-event-time mec-color\"><span class=\"mec-sl-clock-o\"><\/span> Todo el d\u00eda<\/div><div class=\"mec-event-title\"><a class=\"mec-color-hover\"  data-event-id=\"28213\" href=\"https:\/\/turismevalles.com\/es\/events\/fiesta-mayor-de-sant-celoni-2\/\" target=\"_self\" rel=\"noopener\">Fiesta Mayor de Sant Celoni<\/a><span class=\"event-color\" style=\"background: #fdd700\"><\/span><\/div><div class=\"mec-event-detail\"><div class=\"mec-event-loc-place\"><\/div><\/div><\/article>        <script type=\"application\/ld+json\">\r\n        {\r\n            \"@context\": \"http:\/\/schema.org\",\r\n            \"@type\": \"Event\",\r\n            \"eventStatus\": \"https:\/\/schema.org\/EventScheduled\",\r\n            \"startDate\": \"2026-08-31\",\r\n            \"endDate\": \"2026-09-06\",\r\n            \"eventAttendanceMode\": \"https:\/\/schema.org\/OfflineEventAttendanceMode\",\r\n            \"location\":\r\n            {\r\n                \"@type\": \"Place\",\r\n                                \"name\": \"\",\r\n                \"image\": \"\",\r\n                \"address\": \"\"\r\n                            },\r\n            \"organizer\":\r\n            {\r\n                \"@type\": \"Person\",\r\n                \"name\": \"\",\r\n                \"url\": \"\"\r\n            },\r\n            \"offers\":\r\n            {\r\n                \"url\": \"https:\/\/turismevalles.com\/es\/events\/29o-ciclo-de-musica-catalana-en-santa-maria-de-palautordera\/\",\r\n                \"price\": \"\",\r\n                \"priceCurrency\": \"$\",\r\n                \"availability\": \"https:\/\/schema.org\/InStock\",\r\n                \"validFrom\": \"2026-08-31T00:00\"\r\n            },\r\n            \"performer\": \"\",\r\n            \"description\": \"Para m\u00e1s informaci\u00f3n, &lt;a href=&quot;https:\/\/www-smpalautordera-cat.translate.goog\/actualitat\/noticies\/30a-edicio-del-cicle-de-musica-catalana.html?_x_tr_sl=ca&amp;_x_tr_tl=es&amp;_x_tr_hl=esie%3DUTF-8&quot;&gt;clicar aqu\u00ed&lt;\/a&gt;\",\r\n            \"image\": \"https:\/\/turismevalles.com\/wp-content\/uploads\/2025\/07\/santaMariaPalau.jpeg\",\r\n            \"name\": \"30a. Ciclo de M\u00fasica Catalana en Santa Maria de Palautordera\",\r\n            \"url\": \"https:\/\/turismevalles.com\/es\/events\/29o-ciclo-de-musica-catalana-en-santa-maria-de-palautordera\/\"\r\n        }\r\n        <\/script>\r\n        <article class=\"mec-event-article \"><div class=\"mec-event-image\"><img loading=\"lazy\" decoding=\"async\" width=\"300\" height=\"300\" src=\"https:\/\/turismevalles.com\/wp-content\/uploads\/2025\/07\/santaMariaPalau-300x300.jpeg\" class=\"attachment-thumblist size-thumblist wp-post-image\" alt=\"\" data-mec-postid=\"64750\" srcset=\"https:\/\/turismevalles.com\/wp-content\/uploads\/2025\/07\/santaMariaPalau-300x300.jpeg 300w, https:\/\/turismevalles.com\/wp-content\/uploads\/2025\/07\/santaMariaPalau-150x150.jpeg 150w\" sizes=\"auto, (max-width: 300px) 100vw, 300px\" \/><\/div><div class=\"mec-event-time mec-color\"><span class=\"mec-sl-clock-o\"><\/span> Todo el d\u00eda<\/div><div class=\"mec-event-title\"><a class=\"mec-color-hover\"  data-event-id=\"64750\" href=\"https:\/\/turismevalles.com\/es\/events\/29o-ciclo-de-musica-catalana-en-santa-maria-de-palautordera\/\" target=\"_self\" rel=\"noopener\">30a. Ciclo de M\u00fasica Catalana en Santa Maria de Palautordera<\/a><span class=\"event-color\" style=\"background: #fdd700\"><\/span><\/div><div class=\"mec-event-detail\"><div class=\"mec-event-loc-place\"><\/div><\/div><\/article>        <script type=\"application\/ld+json\">\r\n        {\r\n            \"@context\": \"http:\/\/schema.org\",\r\n            \"@type\": \"Event\",\r\n            \"eventStatus\": \"https:\/\/schema.org\/EventScheduled\",\r\n            \"startDate\": \"2026-08-31\",\r\n            \"endDate\": \"2026-12-14\",\r\n            \"eventAttendanceMode\": \"https:\/\/schema.org\/OfflineEventAttendanceMode\",\r\n            \"location\":\r\n            {\r\n                \"@type\": \"Place\",\r\n                                \"name\": \"\",\r\n                \"image\": \"\",\r\n                \"address\": \"\"\r\n                            },\r\n            \"organizer\":\r\n            {\r\n                \"@type\": \"Person\",\r\n                \"name\": \"\",\r\n                \"url\": \"\"\r\n            },\r\n            \"offers\":\r\n            {\r\n                \"url\": \"https:\/\/turismevalles.com\/es\/events\/recorrerrido-por-sant-miquel-del-fai-bigues-i-riells-del-fai\/\",\r\n                \"price\": \"\",\r\n                \"priceCurrency\": \"$\",\r\n                \"availability\": \"https:\/\/schema.org\/InStock\",\r\n                \"validFrom\": \"2026-08-31T00:00\"\r\n            },\r\n            \"performer\": \"\",\r\n            \"description\": \"Para m\u00e1s informaci\u00f3n,&lt;a href=&quot;https:\/\/parcs.diba.cat\/es\/web\/agenda\/-\/cingles-de-berti-recorregut-per-sant-miquel-del-fai?utm_source=agenda&amp;utm_medium=correu&amp;utm_content=cingles-de-berti-recorregut-per-sant-miquel-del-fai&amp;utm_campaign=501&quot;&gt; clicar aqu\u00ed&lt;\/a&gt;    &nbsp;\",\r\n            \"image\": \"https:\/\/turismevalles.com\/wp-content\/uploads\/2026\/03\/RecorregutSMF.jpg\",\r\n            \"name\": \"Recorrerrido por Sant Miquel del Fai- Bigues i Riells del Fai_Sant Feliu de Codines\",\r\n            \"url\": \"https:\/\/turismevalles.com\/es\/events\/recorrerrido-por-sant-miquel-del-fai-bigues-i-riells-del-fai\/\"\r\n        }\r\n        <\/script>\r\n        <article class=\"mec-event-article \"><div class=\"mec-event-image\"><img loading=\"lazy\" decoding=\"async\" width=\"300\" height=\"300\" src=\"https:\/\/turismevalles.com\/wp-content\/uploads\/2026\/03\/RecorregutSMF-300x300.jpg\" class=\"attachment-thumblist size-thumblist wp-post-image\" alt=\"\" data-mec-postid=\"68822\" srcset=\"https:\/\/turismevalles.com\/wp-content\/uploads\/2026\/03\/RecorregutSMF-300x300.jpg 300w, https:\/\/turismevalles.com\/wp-content\/uploads\/2026\/03\/RecorregutSMF-150x150.jpg 150w\" sizes=\"auto, (max-width: 300px) 100vw, 300px\" \/><\/div><div class=\"mec-event-time mec-color\"><span class=\"mec-sl-clock-o\"><\/span> Todo el d\u00eda<\/div><div class=\"mec-event-title\"><a class=\"mec-color-hover\"  data-event-id=\"68822\" href=\"https:\/\/turismevalles.com\/es\/events\/recorrerrido-por-sant-miquel-del-fai-bigues-i-riells-del-fai\/\" target=\"_self\" rel=\"noopener\">Recorrerrido por Sant Miquel del Fai- Bigues i Riells del Fai_Sant Feliu de Codines<\/a><span class=\"event-color\" style=\"background: #fdd700\"><\/span><\/div><div class=\"mec-event-detail\"><div class=\"mec-event-loc-place\"><\/div><\/div><\/article>        <script type=\"application\/ld+json\">\r\n        {\r\n            \"@context\": \"http:\/\/schema.org\",\r\n            \"@type\": \"Event\",\r\n            \"eventStatus\": \"https:\/\/schema.org\/EventScheduled\",\r\n            \"startDate\": \"2026-08-31\",\r\n            \"endDate\": \"2026-09-06\",\r\n            \"eventAttendanceMode\": \"https:\/\/schema.org\/OfflineEventAttendanceMode\",\r\n            \"location\":\r\n            {\r\n                \"@type\": \"Place\",\r\n                                \"name\": \"\",\r\n                \"image\": \"\",\r\n                \"address\": \"\"\r\n                            },\r\n            \"organizer\":\r\n            {\r\n                \"@type\": \"Person\",\r\n                \"name\": \"\",\r\n                \"url\": \"\"\r\n            },\r\n            \"offers\":\r\n            {\r\n                \"url\": \"https:\/\/turismevalles.com\/es\/events\/torneo-de-historicos-del-valles-oriental-2026_-granollers-martorelles-y-caldes-de-montbui\/\",\r\n                \"price\": \"\",\r\n                \"priceCurrency\": \"$\",\r\n                \"availability\": \"https:\/\/schema.org\/InStock\",\r\n                \"validFrom\": \"2026-08-31T00:00\"\r\n            },\r\n            \"performer\": \"\",\r\n            \"description\": \"Para m\u00e1s informaci\u00f3n, &lt;a href=&quot;https:\/\/www-vallesoriental-cat.translate.goog\/actualitat\/noticies\/el-torneig-dhistorics-del-valles-oriental-2026-se-celebrara-del-28-dagost-al-6-de-setembre-.html?_x_tr_sl=ca&amp;_x_tr_tl=es&amp;_x_tr_hl=esie%3DUTF-8&quot;&gt;clicar aqu\u00ed&lt;\/a&gt;\",\r\n            \"image\": \"https:\/\/turismevalles.com\/wp-content\/uploads\/2026\/08\/consell.png\",\r\n            \"name\": \"Torneo de hist\u00f3ricos del Vall\u00e8s Oriental 2026_ Granollers- Martorelles y Caldes de Montbui\",\r\n            \"url\": \"https:\/\/turismevalles.com\/es\/events\/torneo-de-historicos-del-valles-oriental-2026_-granollers-martorelles-y-caldes-de-montbui\/\"\r\n        }\r\n        <\/script>\r\n        <article class=\"mec-event-article \"><div class=\"mec-event-image\"><img loading=\"lazy\" decoding=\"async\" width=\"300\" height=\"300\" src=\"https:\/\/turismevalles.com\/wp-content\/uploads\/2026\/08\/consell-300x300.png\" class=\"attachment-thumblist size-thumblist wp-post-image\" alt=\"\" data-mec-postid=\"73544\" srcset=\"https:\/\/turismevalles.com\/wp-content\/uploads\/2026\/08\/consell-300x300.png 300w, https:\/\/turismevalles.com\/wp-content\/uploads\/2026\/08\/consell-150x150.png 150w\" sizes=\"auto, (max-width: 300px) 100vw, 300px\" \/><\/div><div class=\"mec-event-time mec-color\"><span class=\"mec-sl-clock-o\"><\/span> Todo el d\u00eda<\/div><div class=\"mec-event-title\"><a class=\"mec-color-hover\"  data-event-id=\"73544\" href=\"https:\/\/turismevalles.com\/es\/events\/torneo-de-historicos-del-valles-oriental-2026_-granollers-martorelles-y-caldes-de-montbui\/\" target=\"_self\" rel=\"noopener\">Torneo de hist\u00f3ricos del Vall\u00e8s Oriental 2026_ Granollers- Martorelles y Caldes de Montbui<\/a><span class=\"event-color\" style=\"background: #fdd700\"><\/span><\/div><div class=\"mec-event-detail\"><div class=\"mec-event-loc-place\"><\/div><\/div><\/article><\/div><div class=\"mec-calendar-events-sec\" data-mec-cell=\"20260901\" ><div class=\"mec-table-side-title\">Eventos para <span class=\"mec-color mec-table-side-day\"> 1<\/span> septiembre<\/div>        <script type=\"application\/ld+json\">\r\n        {\r\n            \"@context\": \"http:\/\/schema.org\",\r\n            \"@type\": \"Event\",\r\n            \"eventStatus\": \"https:\/\/schema.org\/EventScheduled\",\r\n            \"startDate\": \"2026-09-01\",\r\n            \"endDate\": \"2026-09-01\",\r\n            \"eventAttendanceMode\": \"https:\/\/schema.org\/OfflineEventAttendanceMode\",\r\n            \"location\":\r\n            {\r\n                \"@type\": \"Place\",\r\n                                \"name\": \"\",\r\n                \"image\": \"\",\r\n                \"address\": \"\"\r\n                            },\r\n            \"organizer\":\r\n            {\r\n                \"@type\": \"Person\",\r\n                \"name\": \"\",\r\n                \"url\": \"\"\r\n            },\r\n            \"offers\":\r\n            {\r\n                \"url\": \"https:\/\/turismevalles.com\/es\/events\/fiesta-mayor-de-figaro-montmany-3\/\",\r\n                \"price\": \"\",\r\n                \"priceCurrency\": \"$\",\r\n                \"availability\": \"https:\/\/schema.org\/InStock\",\r\n                \"validFrom\": \"2026-09-01T00:00\"\r\n            },\r\n            \"performer\": \"\",\r\n            \"description\": \"Para m\u00e1s informaci\u00f3n, &lt;a href=&quot;https:\/\/www-figaro--montmany-cat.translate.goog\/actualitat\/noticies\/la-gegantona-guillemona-artiguella-protagonitza-el-cartell-de-la-festa-major-de-figaro-montmany-2026.html?_x_tr_sl=ca&amp;_x_tr_tl=es&amp;_x_tr_hl=esie%3DUTF-8&quot;&gt;clicar aqu\u00ed&lt;\/a&gt;\",\r\n            \"image\": \"https:\/\/turismevalles.com\/wp-content\/uploads\/2023\/08\/Figaro.png\",\r\n            \"name\": \"Fiesta Mayor de Figar\u00f3-Montmany\",\r\n            \"url\": \"https:\/\/turismevalles.com\/es\/events\/fiesta-mayor-de-figaro-montmany-3\/\"\r\n        }\r\n        <\/script>\r\n        <article class=\"mec-past-event mec-event-article \"><div class=\"mec-event-image\"><img loading=\"lazy\" decoding=\"async\" width=\"300\" height=\"300\" src=\"https:\/\/turismevalles.com\/wp-content\/uploads\/2023\/08\/Figaro-300x300.png\" class=\"attachment-thumblist size-thumblist wp-post-image\" alt=\"\" data-mec-postid=\"28124\" srcset=\"https:\/\/turismevalles.com\/wp-content\/uploads\/2023\/08\/Figaro-300x300.png 300w, https:\/\/turismevalles.com\/wp-content\/uploads\/2023\/08\/Figaro-150x150.png 150w\" sizes=\"auto, (max-width: 300px) 100vw, 300px\" \/><\/div><div class=\"mec-event-time mec-color\"><span class=\"mec-sl-clock-o\"><\/span> Todo el d\u00eda<\/div><div class=\"mec-event-title\"><a class=\"mec-color-hover\"  data-event-id=\"28124\" href=\"https:\/\/turismevalles.com\/es\/events\/fiesta-mayor-de-figaro-montmany-3\/\" target=\"_self\" rel=\"noopener\">Fiesta Mayor de Figar\u00f3-Montmany<\/a><span class=\"event-color\" style=\"background: #fdd700\"><\/span><\/div><div class=\"mec-event-detail\"><div class=\"mec-event-loc-place\"><\/div><\/div><\/article>        <script type=\"application\/ld+json\">\r\n        {\r\n            \"@context\": \"http:\/\/schema.org\",\r\n            \"@type\": \"Event\",\r\n            \"eventStatus\": \"https:\/\/schema.org\/EventScheduled\",\r\n            \"startDate\": \"2026-09-01\",\r\n            \"endDate\": \"2026-09-07\",\r\n            \"eventAttendanceMode\": \"https:\/\/schema.org\/OfflineEventAttendanceMode\",\r\n            \"location\":\r\n            {\r\n                \"@type\": \"Place\",\r\n                                \"name\": \"\",\r\n                \"image\": \"\",\r\n                \"address\": \"\"\r\n                            },\r\n            \"organizer\":\r\n            {\r\n                \"@type\": \"Person\",\r\n                \"name\": \"\",\r\n                \"url\": \"\"\r\n            },\r\n            \"offers\":\r\n            {\r\n                \"url\": \"https:\/\/turismevalles.com\/es\/events\/fiesta-mayor-de-sant-celoni-2\/\",\r\n                \"price\": \"\",\r\n                \"priceCurrency\": \"$\",\r\n                \"availability\": \"https:\/\/schema.org\/InStock\",\r\n                \"validFrom\": \"2026-09-01T00:00\"\r\n            },\r\n            \"performer\": \"\",\r\n            \"description\": \"Para m\u00e1s informaci\u00f3n, &lt;a href=&quot;https:\/\/santceloni-cat.translate.goog\/35877?_x_tr_sl=ca&amp;_x_tr_tl=es&amp;_x_tr_hl=es&quot;&gt;clicar aqu\u00ed&lt;\/a&gt;\",\r\n            \"image\": \"https:\/\/turismevalles.com\/wp-content\/uploads\/2023\/08\/santCeloni.jpg\",\r\n            \"name\": \"Fiesta Mayor de Sant Celoni\",\r\n            \"url\": \"https:\/\/turismevalles.com\/es\/events\/fiesta-mayor-de-sant-celoni-2\/\"\r\n        }\r\n        <\/script>\r\n        <article class=\"mec-event-article \"><div class=\"mec-event-image\"><img loading=\"lazy\" decoding=\"async\" width=\"300\" height=\"300\" src=\"https:\/\/turismevalles.com\/wp-content\/uploads\/2023\/08\/santCeloni-300x300.jpg\" class=\"attachment-thumblist size-thumblist wp-post-image\" alt=\"\" data-mec-postid=\"28213\" srcset=\"https:\/\/turismevalles.com\/wp-content\/uploads\/2023\/08\/santCeloni-300x300.jpg 300w, https:\/\/turismevalles.com\/wp-content\/uploads\/2023\/08\/santCeloni-150x150.jpg 150w\" sizes=\"auto, (max-width: 300px) 100vw, 300px\" \/><\/div><div class=\"mec-event-time mec-color\"><span class=\"mec-sl-clock-o\"><\/span> Todo el d\u00eda<\/div><div class=\"mec-event-title\"><a class=\"mec-color-hover\"  data-event-id=\"28213\" href=\"https:\/\/turismevalles.com\/es\/events\/fiesta-mayor-de-sant-celoni-2\/\" target=\"_self\" rel=\"noopener\">Fiesta Mayor de Sant Celoni<\/a><span class=\"event-color\" style=\"background: #fdd700\"><\/span><\/div><div class=\"mec-event-detail\"><div class=\"mec-event-loc-place\"><\/div><\/div><\/article>        <script type=\"application\/ld+json\">\r\n        {\r\n            \"@context\": \"http:\/\/schema.org\",\r\n            \"@type\": \"Event\",\r\n            \"eventStatus\": \"https:\/\/schema.org\/EventScheduled\",\r\n            \"startDate\": \"2026-09-01\",\r\n            \"endDate\": \"2026-09-06\",\r\n            \"eventAttendanceMode\": \"https:\/\/schema.org\/OfflineEventAttendanceMode\",\r\n            \"location\":\r\n            {\r\n                \"@type\": \"Place\",\r\n                                \"name\": \"\",\r\n                \"image\": \"\",\r\n                \"address\": \"\"\r\n                            },\r\n            \"organizer\":\r\n            {\r\n                \"@type\": \"Person\",\r\n                \"name\": \"\",\r\n                \"url\": \"\"\r\n            },\r\n            \"offers\":\r\n            {\r\n                \"url\": \"https:\/\/turismevalles.com\/es\/events\/29o-ciclo-de-musica-catalana-en-santa-maria-de-palautordera\/\",\r\n                \"price\": \"\",\r\n                \"priceCurrency\": \"$\",\r\n                \"availability\": \"https:\/\/schema.org\/InStock\",\r\n                \"validFrom\": \"2026-09-01T00:00\"\r\n            },\r\n            \"performer\": \"\",\r\n            \"description\": \"Para m\u00e1s informaci\u00f3n, &lt;a href=&quot;https:\/\/www-smpalautordera-cat.translate.goog\/actualitat\/noticies\/30a-edicio-del-cicle-de-musica-catalana.html?_x_tr_sl=ca&amp;_x_tr_tl=es&amp;_x_tr_hl=esie%3DUTF-8&quot;&gt;clicar aqu\u00ed&lt;\/a&gt;\",\r\n            \"image\": \"https:\/\/turismevalles.com\/wp-content\/uploads\/2025\/07\/santaMariaPalau.jpeg\",\r\n            \"name\": \"30a. Ciclo de M\u00fasica Catalana en Santa Maria de Palautordera\",\r\n            \"url\": \"https:\/\/turismevalles.com\/es\/events\/29o-ciclo-de-musica-catalana-en-santa-maria-de-palautordera\/\"\r\n        }\r\n        <\/script>\r\n        <article class=\"mec-event-article \"><div class=\"mec-event-image\"><img loading=\"lazy\" decoding=\"async\" width=\"300\" height=\"300\" src=\"https:\/\/turismevalles.com\/wp-content\/uploads\/2025\/07\/santaMariaPalau-300x300.jpeg\" class=\"attachment-thumblist size-thumblist wp-post-image\" alt=\"\" data-mec-postid=\"64750\" srcset=\"https:\/\/turismevalles.com\/wp-content\/uploads\/2025\/07\/santaMariaPalau-300x300.jpeg 300w, https:\/\/turismevalles.com\/wp-content\/uploads\/2025\/07\/santaMariaPalau-150x150.jpeg 150w\" sizes=\"auto, (max-width: 300px) 100vw, 300px\" \/><\/div><div class=\"mec-event-time mec-color\"><span class=\"mec-sl-clock-o\"><\/span> Todo el d\u00eda<\/div><div class=\"mec-event-title\"><a class=\"mec-color-hover\"  data-event-id=\"64750\" href=\"https:\/\/turismevalles.com\/es\/events\/29o-ciclo-de-musica-catalana-en-santa-maria-de-palautordera\/\" target=\"_self\" rel=\"noopener\">30a. Ciclo de M\u00fasica Catalana en Santa Maria de Palautordera<\/a><span class=\"event-color\" style=\"background: #fdd700\"><\/span><\/div><div class=\"mec-event-detail\"><div class=\"mec-event-loc-place\"><\/div><\/div><\/article>        <script type=\"application\/ld+json\">\r\n        {\r\n            \"@context\": \"http:\/\/schema.org\",\r\n            \"@type\": \"Event\",\r\n            \"eventStatus\": \"https:\/\/schema.org\/EventScheduled\",\r\n            \"startDate\": \"2026-09-01\",\r\n            \"endDate\": \"2026-12-14\",\r\n            \"eventAttendanceMode\": \"https:\/\/schema.org\/OfflineEventAttendanceMode\",\r\n            \"location\":\r\n            {\r\n                \"@type\": \"Place\",\r\n                                \"name\": \"\",\r\n                \"image\": \"\",\r\n                \"address\": \"\"\r\n                            },\r\n            \"organizer\":\r\n            {\r\n                \"@type\": \"Person\",\r\n                \"name\": \"\",\r\n                \"url\": \"\"\r\n            },\r\n            \"offers\":\r\n            {\r\n                \"url\": \"https:\/\/turismevalles.com\/es\/events\/recorrerrido-por-sant-miquel-del-fai-bigues-i-riells-del-fai\/\",\r\n                \"price\": \"\",\r\n                \"priceCurrency\": \"$\",\r\n                \"availability\": \"https:\/\/schema.org\/InStock\",\r\n                \"validFrom\": \"2026-09-01T00:00\"\r\n            },\r\n            \"performer\": \"\",\r\n            \"description\": \"Para m\u00e1s informaci\u00f3n,&lt;a href=&quot;https:\/\/parcs.diba.cat\/es\/web\/agenda\/-\/cingles-de-berti-recorregut-per-sant-miquel-del-fai?utm_source=agenda&amp;utm_medium=correu&amp;utm_content=cingles-de-berti-recorregut-per-sant-miquel-del-fai&amp;utm_campaign=501&quot;&gt; clicar aqu\u00ed&lt;\/a&gt;    &nbsp;\",\r\n            \"image\": \"https:\/\/turismevalles.com\/wp-content\/uploads\/2026\/03\/RecorregutSMF.jpg\",\r\n            \"name\": \"Recorrerrido por Sant Miquel del Fai- Bigues i Riells del Fai_Sant Feliu de Codines\",\r\n            \"url\": \"https:\/\/turismevalles.com\/es\/events\/recorrerrido-por-sant-miquel-del-fai-bigues-i-riells-del-fai\/\"\r\n        }\r\n        <\/script>\r\n        <article class=\"mec-event-article \"><div class=\"mec-event-image\"><img loading=\"lazy\" decoding=\"async\" width=\"300\" height=\"300\" src=\"https:\/\/turismevalles.com\/wp-content\/uploads\/2026\/03\/RecorregutSMF-300x300.jpg\" class=\"attachment-thumblist size-thumblist wp-post-image\" alt=\"\" data-mec-postid=\"68822\" srcset=\"https:\/\/turismevalles.com\/wp-content\/uploads\/2026\/03\/RecorregutSMF-300x300.jpg 300w, https:\/\/turismevalles.com\/wp-content\/uploads\/2026\/03\/RecorregutSMF-150x150.jpg 150w\" sizes=\"auto, (max-width: 300px) 100vw, 300px\" \/><\/div><div class=\"mec-event-time mec-color\"><span class=\"mec-sl-clock-o\"><\/span> Todo el d\u00eda<\/div><div class=\"mec-event-title\"><a class=\"mec-color-hover\"  data-event-id=\"68822\" href=\"https:\/\/turismevalles.com\/es\/events\/recorrerrido-por-sant-miquel-del-fai-bigues-i-riells-del-fai\/\" target=\"_self\" rel=\"noopener\">Recorrerrido por Sant Miquel del Fai- Bigues i Riells del Fai_Sant Feliu de Codines<\/a><span class=\"event-color\" style=\"background: #fdd700\"><\/span><\/div><div class=\"mec-event-detail\"><div class=\"mec-event-loc-place\"><\/div><\/div><\/article>        <script type=\"application\/ld+json\">\r\n        {\r\n            \"@context\": \"http:\/\/schema.org\",\r\n            \"@type\": \"Event\",\r\n            \"eventStatus\": \"https:\/\/schema.org\/EventScheduled\",\r\n            \"startDate\": \"2026-09-01\",\r\n            \"endDate\": \"2026-09-06\",\r\n            \"eventAttendanceMode\": \"https:\/\/schema.org\/OfflineEventAttendanceMode\",\r\n            \"location\":\r\n            {\r\n                \"@type\": \"Place\",\r\n                                \"name\": \"\",\r\n                \"image\": \"\",\r\n                \"address\": \"\"\r\n                            },\r\n            \"organizer\":\r\n            {\r\n                \"@type\": \"Person\",\r\n                \"name\": \"\",\r\n                \"url\": \"\"\r\n            },\r\n            \"offers\":\r\n            {\r\n                \"url\": \"https:\/\/turismevalles.com\/es\/events\/torneo-de-historicos-del-valles-oriental-2026_-granollers-martorelles-y-caldes-de-montbui\/\",\r\n                \"price\": \"\",\r\n                \"priceCurrency\": \"$\",\r\n                \"availability\": \"https:\/\/schema.org\/InStock\",\r\n                \"validFrom\": \"2026-09-01T00:00\"\r\n            },\r\n            \"performer\": \"\",\r\n            \"description\": \"Para m\u00e1s informaci\u00f3n, &lt;a href=&quot;https:\/\/www-vallesoriental-cat.translate.goog\/actualitat\/noticies\/el-torneig-dhistorics-del-valles-oriental-2026-se-celebrara-del-28-dagost-al-6-de-setembre-.html?_x_tr_sl=ca&amp;_x_tr_tl=es&amp;_x_tr_hl=esie%3DUTF-8&quot;&gt;clicar aqu\u00ed&lt;\/a&gt;\",\r\n            \"image\": \"https:\/\/turismevalles.com\/wp-content\/uploads\/2026\/08\/consell.png\",\r\n            \"name\": \"Torneo de hist\u00f3ricos del Vall\u00e8s Oriental 2026_ Granollers- Martorelles y Caldes de Montbui\",\r\n            \"url\": \"https:\/\/turismevalles.com\/es\/events\/torneo-de-historicos-del-valles-oriental-2026_-granollers-martorelles-y-caldes-de-montbui\/\"\r\n        }\r\n        <\/script>\r\n        <article class=\"mec-event-article \"><div class=\"mec-event-image\"><img loading=\"lazy\" decoding=\"async\" width=\"300\" height=\"300\" src=\"https:\/\/turismevalles.com\/wp-content\/uploads\/2026\/08\/consell-300x300.png\" class=\"attachment-thumblist size-thumblist wp-post-image\" alt=\"\" data-mec-postid=\"73544\" srcset=\"https:\/\/turismevalles.com\/wp-content\/uploads\/2026\/08\/consell-300x300.png 300w, https:\/\/turismevalles.com\/wp-content\/uploads\/2026\/08\/consell-150x150.png 150w\" sizes=\"auto, (max-width: 300px) 100vw, 300px\" \/><\/div><div class=\"mec-event-time mec-color\"><span class=\"mec-sl-clock-o\"><\/span> Todo el d\u00eda<\/div><div class=\"mec-event-title\"><a class=\"mec-color-hover\"  data-event-id=\"73544\" href=\"https:\/\/turismevalles.com\/es\/events\/torneo-de-historicos-del-valles-oriental-2026_-granollers-martorelles-y-caldes-de-montbui\/\" target=\"_self\" rel=\"noopener\">Torneo de hist\u00f3ricos del Vall\u00e8s Oriental 2026_ Granollers- Martorelles y Caldes de Montbui<\/a><span class=\"event-color\" style=\"background: #fdd700\"><\/span><\/div><div class=\"mec-event-detail\"><div class=\"mec-event-loc-place\"><\/div><\/div><\/article><\/div><div class=\"mec-calendar-events-sec\" data-mec-cell=\"20260902\" ><div class=\"mec-table-side-title\">Eventos para <span class=\"mec-color mec-table-side-day\"> 2<\/span> septiembre<\/div>        <script type=\"application\/ld+json\">\r\n        {\r\n            \"@context\": \"http:\/\/schema.org\",\r\n            \"@type\": \"Event\",\r\n            \"eventStatus\": \"https:\/\/schema.org\/EventScheduled\",\r\n            \"startDate\": \"2026-09-02\",\r\n            \"endDate\": \"2026-09-07\",\r\n            \"eventAttendanceMode\": \"https:\/\/schema.org\/OfflineEventAttendanceMode\",\r\n            \"location\":\r\n            {\r\n                \"@type\": \"Place\",\r\n                                \"name\": \"\",\r\n                \"image\": \"\",\r\n                \"address\": \"\"\r\n                            },\r\n            \"organizer\":\r\n            {\r\n                \"@type\": \"Person\",\r\n                \"name\": \"\",\r\n                \"url\": \"\"\r\n            },\r\n            \"offers\":\r\n            {\r\n                \"url\": \"https:\/\/turismevalles.com\/es\/events\/fiesta-mayor-de-sant-celoni-2\/\",\r\n                \"price\": \"\",\r\n                \"priceCurrency\": \"$\",\r\n                \"availability\": \"https:\/\/schema.org\/InStock\",\r\n                \"validFrom\": \"2026-09-02T00:00\"\r\n            },\r\n            \"performer\": \"\",\r\n            \"description\": \"Para m\u00e1s informaci\u00f3n, &lt;a href=&quot;https:\/\/santceloni-cat.translate.goog\/35877?_x_tr_sl=ca&amp;_x_tr_tl=es&amp;_x_tr_hl=es&quot;&gt;clicar aqu\u00ed&lt;\/a&gt;\",\r\n            \"image\": \"https:\/\/turismevalles.com\/wp-content\/uploads\/2023\/08\/santCeloni.jpg\",\r\n            \"name\": \"Fiesta Mayor de Sant Celoni\",\r\n            \"url\": \"https:\/\/turismevalles.com\/es\/events\/fiesta-mayor-de-sant-celoni-2\/\"\r\n        }\r\n        <\/script>\r\n        <article class=\"mec-event-article \"><div class=\"mec-event-image\"><img loading=\"lazy\" decoding=\"async\" width=\"300\" height=\"300\" src=\"https:\/\/turismevalles.com\/wp-content\/uploads\/2023\/08\/santCeloni-300x300.jpg\" class=\"attachment-thumblist size-thumblist wp-post-image\" alt=\"\" data-mec-postid=\"28213\" srcset=\"https:\/\/turismevalles.com\/wp-content\/uploads\/2023\/08\/santCeloni-300x300.jpg 300w, https:\/\/turismevalles.com\/wp-content\/uploads\/2023\/08\/santCeloni-150x150.jpg 150w\" sizes=\"auto, (max-width: 300px) 100vw, 300px\" \/><\/div><div class=\"mec-event-time mec-color\"><span class=\"mec-sl-clock-o\"><\/span> Todo el d\u00eda<\/div><div class=\"mec-event-title\"><a class=\"mec-color-hover\"  data-event-id=\"28213\" href=\"https:\/\/turismevalles.com\/es\/events\/fiesta-mayor-de-sant-celoni-2\/\" target=\"_self\" rel=\"noopener\">Fiesta Mayor de Sant Celoni<\/a><span class=\"event-color\" style=\"background: #fdd700\"><\/span><\/div><div class=\"mec-event-detail\"><div class=\"mec-event-loc-place\"><\/div><\/div><\/article>        <script type=\"application\/ld+json\">\r\n        {\r\n            \"@context\": \"http:\/\/schema.org\",\r\n            \"@type\": \"Event\",\r\n            \"eventStatus\": \"https:\/\/schema.org\/EventScheduled\",\r\n            \"startDate\": \"2026-09-02\",\r\n            \"endDate\": \"2026-09-06\",\r\n            \"eventAttendanceMode\": \"https:\/\/schema.org\/OfflineEventAttendanceMode\",\r\n            \"location\":\r\n            {\r\n                \"@type\": \"Place\",\r\n                                \"name\": \"\",\r\n                \"image\": \"\",\r\n                \"address\": \"\"\r\n                            },\r\n            \"organizer\":\r\n            {\r\n                \"@type\": \"Person\",\r\n                \"name\": \"\",\r\n                \"url\": \"\"\r\n            },\r\n            \"offers\":\r\n            {\r\n                \"url\": \"https:\/\/turismevalles.com\/es\/events\/29o-ciclo-de-musica-catalana-en-santa-maria-de-palautordera\/\",\r\n                \"price\": \"\",\r\n                \"priceCurrency\": \"$\",\r\n                \"availability\": \"https:\/\/schema.org\/InStock\",\r\n                \"validFrom\": \"2026-09-02T00:00\"\r\n            },\r\n            \"performer\": \"\",\r\n            \"description\": \"Para m\u00e1s informaci\u00f3n, &lt;a href=&quot;https:\/\/www-smpalautordera-cat.translate.goog\/actualitat\/noticies\/30a-edicio-del-cicle-de-musica-catalana.html?_x_tr_sl=ca&amp;_x_tr_tl=es&amp;_x_tr_hl=esie%3DUTF-8&quot;&gt;clicar aqu\u00ed&lt;\/a&gt;\",\r\n            \"image\": \"https:\/\/turismevalles.com\/wp-content\/uploads\/2025\/07\/santaMariaPalau.jpeg\",\r\n            \"name\": \"30a. Ciclo de M\u00fasica Catalana en Santa Maria de Palautordera\",\r\n            \"url\": \"https:\/\/turismevalles.com\/es\/events\/29o-ciclo-de-musica-catalana-en-santa-maria-de-palautordera\/\"\r\n        }\r\n        <\/script>\r\n        <article class=\"mec-event-article \"><div class=\"mec-event-image\"><img loading=\"lazy\" decoding=\"async\" width=\"300\" height=\"300\" src=\"https:\/\/turismevalles.com\/wp-content\/uploads\/2025\/07\/santaMariaPalau-300x300.jpeg\" class=\"attachment-thumblist size-thumblist wp-post-image\" alt=\"\" data-mec-postid=\"64750\" srcset=\"https:\/\/turismevalles.com\/wp-content\/uploads\/2025\/07\/santaMariaPalau-300x300.jpeg 300w, https:\/\/turismevalles.com\/wp-content\/uploads\/2025\/07\/santaMariaPalau-150x150.jpeg 150w\" sizes=\"auto, (max-width: 300px) 100vw, 300px\" \/><\/div><div class=\"mec-event-time mec-color\"><span class=\"mec-sl-clock-o\"><\/span> Todo el d\u00eda<\/div><div class=\"mec-event-title\"><a class=\"mec-color-hover\"  data-event-id=\"64750\" href=\"https:\/\/turismevalles.com\/es\/events\/29o-ciclo-de-musica-catalana-en-santa-maria-de-palautordera\/\" target=\"_self\" rel=\"noopener\">30a. Ciclo de M\u00fasica Catalana en Santa Maria de Palautordera<\/a><span class=\"event-color\" style=\"background: #fdd700\"><\/span><\/div><div class=\"mec-event-detail\"><div class=\"mec-event-loc-place\"><\/div><\/div><\/article>        <script type=\"application\/ld+json\">\r\n        {\r\n            \"@context\": \"http:\/\/schema.org\",\r\n            \"@type\": \"Event\",\r\n            \"eventStatus\": \"https:\/\/schema.org\/EventScheduled\",\r\n            \"startDate\": \"2026-09-02\",\r\n            \"endDate\": \"2026-12-14\",\r\n            \"eventAttendanceMode\": \"https:\/\/schema.org\/OfflineEventAttendanceMode\",\r\n            \"location\":\r\n            {\r\n                \"@type\": \"Place\",\r\n                                \"name\": \"\",\r\n                \"image\": \"\",\r\n                \"address\": \"\"\r\n                            },\r\n            \"organizer\":\r\n            {\r\n                \"@type\": \"Person\",\r\n                \"name\": \"\",\r\n                \"url\": \"\"\r\n            },\r\n            \"offers\":\r\n            {\r\n                \"url\": \"https:\/\/turismevalles.com\/es\/events\/recorrerrido-por-sant-miquel-del-fai-bigues-i-riells-del-fai\/\",\r\n                \"price\": \"\",\r\n                \"priceCurrency\": \"$\",\r\n                \"availability\": \"https:\/\/schema.org\/InStock\",\r\n                \"validFrom\": \"2026-09-02T00:00\"\r\n            },\r\n            \"performer\": \"\",\r\n            \"description\": \"Para m\u00e1s informaci\u00f3n,&lt;a href=&quot;https:\/\/parcs.diba.cat\/es\/web\/agenda\/-\/cingles-de-berti-recorregut-per-sant-miquel-del-fai?utm_source=agenda&amp;utm_medium=correu&amp;utm_content=cingles-de-berti-recorregut-per-sant-miquel-del-fai&amp;utm_campaign=501&quot;&gt; clicar aqu\u00ed&lt;\/a&gt;    &nbsp;\",\r\n            \"image\": \"https:\/\/turismevalles.com\/wp-content\/uploads\/2026\/03\/RecorregutSMF.jpg\",\r\n            \"name\": \"Recorrerrido por Sant Miquel del Fai- Bigues i Riells del Fai_Sant Feliu de Codines\",\r\n            \"url\": \"https:\/\/turismevalles.com\/es\/events\/recorrerrido-por-sant-miquel-del-fai-bigues-i-riells-del-fai\/\"\r\n        }\r\n        <\/script>\r\n        <article class=\"mec-event-article \"><div class=\"mec-event-image\"><img loading=\"lazy\" decoding=\"async\" width=\"300\" height=\"300\" src=\"https:\/\/turismevalles.com\/wp-content\/uploads\/2026\/03\/RecorregutSMF-300x300.jpg\" class=\"attachment-thumblist size-thumblist wp-post-image\" alt=\"\" data-mec-postid=\"68822\" srcset=\"https:\/\/turismevalles.com\/wp-content\/uploads\/2026\/03\/RecorregutSMF-300x300.jpg 300w, https:\/\/turismevalles.com\/wp-content\/uploads\/2026\/03\/RecorregutSMF-150x150.jpg 150w\" sizes=\"auto, (max-width: 300px) 100vw, 300px\" \/><\/div><div class=\"mec-event-time mec-color\"><span class=\"mec-sl-clock-o\"><\/span> Todo el d\u00eda<\/div><div class=\"mec-event-title\"><a class=\"mec-color-hover\"  data-event-id=\"68822\" href=\"https:\/\/turismevalles.com\/es\/events\/recorrerrido-por-sant-miquel-del-fai-bigues-i-riells-del-fai\/\" target=\"_self\" rel=\"noopener\">Recorrerrido por Sant Miquel del Fai- Bigues i Riells del Fai_Sant Feliu de Codines<\/a><span class=\"event-color\" style=\"background: #fdd700\"><\/span><\/div><div class=\"mec-event-detail\"><div class=\"mec-event-loc-place\"><\/div><\/div><\/article>        <script type=\"application\/ld+json\">\r\n        {\r\n            \"@context\": \"http:\/\/schema.org\",\r\n            \"@type\": \"Event\",\r\n            \"eventStatus\": \"https:\/\/schema.org\/EventScheduled\",\r\n            \"startDate\": \"2026-09-02\",\r\n            \"endDate\": \"2026-09-06\",\r\n            \"eventAttendanceMode\": \"https:\/\/schema.org\/OfflineEventAttendanceMode\",\r\n            \"location\":\r\n            {\r\n                \"@type\": \"Place\",\r\n                                \"name\": \"\",\r\n                \"image\": \"\",\r\n                \"address\": \"\"\r\n                            },\r\n            \"organizer\":\r\n            {\r\n                \"@type\": \"Person\",\r\n                \"name\": \"\",\r\n                \"url\": \"\"\r\n            },\r\n            \"offers\":\r\n            {\r\n                \"url\": \"https:\/\/turismevalles.com\/es\/events\/torneo-de-historicos-del-valles-oriental-2026_-granollers-martorelles-y-caldes-de-montbui\/\",\r\n                \"price\": \"\",\r\n                \"priceCurrency\": \"$\",\r\n                \"availability\": \"https:\/\/schema.org\/InStock\",\r\n                \"validFrom\": \"2026-09-02T00:00\"\r\n            },\r\n            \"performer\": \"\",\r\n            \"description\": \"Para m\u00e1s informaci\u00f3n, &lt;a href=&quot;https:\/\/www-vallesoriental-cat.translate.goog\/actualitat\/noticies\/el-torneig-dhistorics-del-valles-oriental-2026-se-celebrara-del-28-dagost-al-6-de-setembre-.html?_x_tr_sl=ca&amp;_x_tr_tl=es&amp;_x_tr_hl=esie%3DUTF-8&quot;&gt;clicar aqu\u00ed&lt;\/a&gt;\",\r\n            \"image\": \"https:\/\/turismevalles.com\/wp-content\/uploads\/2026\/08\/consell.png\",\r\n            \"name\": \"Torneo de hist\u00f3ricos del Vall\u00e8s Oriental 2026_ Granollers- Martorelles y Caldes de Montbui\",\r\n            \"url\": \"https:\/\/turismevalles.com\/es\/events\/torneo-de-historicos-del-valles-oriental-2026_-granollers-martorelles-y-caldes-de-montbui\/\"\r\n        }\r\n        <\/script>\r\n        <article class=\"mec-event-article \"><div class=\"mec-event-image\"><img loading=\"lazy\" decoding=\"async\" width=\"300\" height=\"300\" src=\"https:\/\/turismevalles.com\/wp-content\/uploads\/2026\/08\/consell-300x300.png\" class=\"attachment-thumblist size-thumblist wp-post-image\" alt=\"\" data-mec-postid=\"73544\" srcset=\"https:\/\/turismevalles.com\/wp-content\/uploads\/2026\/08\/consell-300x300.png 300w, https:\/\/turismevalles.com\/wp-content\/uploads\/2026\/08\/consell-150x150.png 150w\" sizes=\"auto, (max-width: 300px) 100vw, 300px\" \/><\/div><div class=\"mec-event-time mec-color\"><span class=\"mec-sl-clock-o\"><\/span> Todo el d\u00eda<\/div><div class=\"mec-event-title\"><a class=\"mec-color-hover\"  data-event-id=\"73544\" href=\"https:\/\/turismevalles.com\/es\/events\/torneo-de-historicos-del-valles-oriental-2026_-granollers-martorelles-y-caldes-de-montbui\/\" target=\"_self\" rel=\"noopener\">Torneo de hist\u00f3ricos del Vall\u00e8s Oriental 2026_ Granollers- Martorelles y Caldes de Montbui<\/a><span class=\"event-color\" style=\"background: #fdd700\"><\/span><\/div><div class=\"mec-event-detail\"><div class=\"mec-event-loc-place\"><\/div><\/div><\/article><\/div><div class=\"mec-calendar-events-sec\" data-mec-cell=\"20260903\" ><div class=\"mec-table-side-title\">Eventos para <span class=\"mec-color mec-table-side-day\"> 3<\/span> septiembre<\/div>        <script type=\"application\/ld+json\">\r\n        {\r\n            \"@context\": \"http:\/\/schema.org\",\r\n            \"@type\": \"Event\",\r\n            \"eventStatus\": \"https:\/\/schema.org\/EventScheduled\",\r\n            \"startDate\": \"2026-09-03\",\r\n            \"endDate\": \"2026-09-07\",\r\n            \"eventAttendanceMode\": \"https:\/\/schema.org\/OfflineEventAttendanceMode\",\r\n            \"location\":\r\n            {\r\n                \"@type\": \"Place\",\r\n                                \"name\": \"\",\r\n                \"image\": \"\",\r\n                \"address\": \"\"\r\n                            },\r\n            \"organizer\":\r\n            {\r\n                \"@type\": \"Person\",\r\n                \"name\": \"\",\r\n                \"url\": \"\"\r\n            },\r\n            \"offers\":\r\n            {\r\n                \"url\": \"https:\/\/turismevalles.com\/es\/events\/fiesta-mayor-de-sant-celoni-2\/\",\r\n                \"price\": \"\",\r\n                \"priceCurrency\": \"$\",\r\n                \"availability\": \"https:\/\/schema.org\/InStock\",\r\n                \"validFrom\": \"2026-09-03T00:00\"\r\n            },\r\n            \"performer\": \"\",\r\n            \"description\": \"Para m\u00e1s informaci\u00f3n, &lt;a href=&quot;https:\/\/santceloni-cat.translate.goog\/35877?_x_tr_sl=ca&amp;_x_tr_tl=es&amp;_x_tr_hl=es&quot;&gt;clicar aqu\u00ed&lt;\/a&gt;\",\r\n            \"image\": \"https:\/\/turismevalles.com\/wp-content\/uploads\/2023\/08\/santCeloni.jpg\",\r\n            \"name\": \"Fiesta Mayor de Sant Celoni\",\r\n            \"url\": \"https:\/\/turismevalles.com\/es\/events\/fiesta-mayor-de-sant-celoni-2\/\"\r\n        }\r\n        <\/script>\r\n        <article class=\"mec-event-article \"><div class=\"mec-event-image\"><img loading=\"lazy\" decoding=\"async\" width=\"300\" height=\"300\" src=\"https:\/\/turismevalles.com\/wp-content\/uploads\/2023\/08\/santCeloni-300x300.jpg\" class=\"attachment-thumblist size-thumblist wp-post-image\" alt=\"\" data-mec-postid=\"28213\" srcset=\"https:\/\/turismevalles.com\/wp-content\/uploads\/2023\/08\/santCeloni-300x300.jpg 300w, https:\/\/turismevalles.com\/wp-content\/uploads\/2023\/08\/santCeloni-150x150.jpg 150w\" sizes=\"auto, (max-width: 300px) 100vw, 300px\" \/><\/div><div class=\"mec-event-time mec-color\"><span class=\"mec-sl-clock-o\"><\/span> Todo el d\u00eda<\/div><div class=\"mec-event-title\"><a class=\"mec-color-hover\"  data-event-id=\"28213\" href=\"https:\/\/turismevalles.com\/es\/events\/fiesta-mayor-de-sant-celoni-2\/\" target=\"_self\" rel=\"noopener\">Fiesta Mayor de Sant Celoni<\/a><span class=\"event-color\" style=\"background: #fdd700\"><\/span><\/div><div class=\"mec-event-detail\"><div class=\"mec-event-loc-place\"><\/div><\/div><\/article>        <script type=\"application\/ld+json\">\r\n        {\r\n            \"@context\": \"http:\/\/schema.org\",\r\n            \"@type\": \"Event\",\r\n            \"eventStatus\": \"https:\/\/schema.org\/EventScheduled\",\r\n            \"startDate\": \"2026-09-03\",\r\n            \"endDate\": \"2026-09-06\",\r\n            \"eventAttendanceMode\": \"https:\/\/schema.org\/OfflineEventAttendanceMode\",\r\n            \"location\":\r\n            {\r\n                \"@type\": \"Place\",\r\n                                \"name\": \"\",\r\n                \"image\": \"\",\r\n                \"address\": \"\"\r\n                            },\r\n            \"organizer\":\r\n            {\r\n                \"@type\": \"Person\",\r\n                \"name\": \"\",\r\n                \"url\": \"\"\r\n            },\r\n            \"offers\":\r\n            {\r\n                \"url\": \"https:\/\/turismevalles.com\/es\/events\/29o-ciclo-de-musica-catalana-en-santa-maria-de-palautordera\/\",\r\n                \"price\": \"\",\r\n                \"priceCurrency\": \"$\",\r\n                \"availability\": \"https:\/\/schema.org\/InStock\",\r\n                \"validFrom\": \"2026-09-03T00:00\"\r\n            },\r\n            \"performer\": \"\",\r\n            \"description\": \"Para m\u00e1s informaci\u00f3n, &lt;a href=&quot;https:\/\/www-smpalautordera-cat.translate.goog\/actualitat\/noticies\/30a-edicio-del-cicle-de-musica-catalana.html?_x_tr_sl=ca&amp;_x_tr_tl=es&amp;_x_tr_hl=esie%3DUTF-8&quot;&gt;clicar aqu\u00ed&lt;\/a&gt;\",\r\n            \"image\": \"https:\/\/turismevalles.com\/wp-content\/uploads\/2025\/07\/santaMariaPalau.jpeg\",\r\n            \"name\": \"30a. Ciclo de M\u00fasica Catalana en Santa Maria de Palautordera\",\r\n            \"url\": \"https:\/\/turismevalles.com\/es\/events\/29o-ciclo-de-musica-catalana-en-santa-maria-de-palautordera\/\"\r\n        }\r\n        <\/script>\r\n        <article class=\"mec-event-article \"><div class=\"mec-event-image\"><img loading=\"lazy\" decoding=\"async\" width=\"300\" height=\"300\" src=\"https:\/\/turismevalles.com\/wp-content\/uploads\/2025\/07\/santaMariaPalau-300x300.jpeg\" class=\"attachment-thumblist size-thumblist wp-post-image\" alt=\"\" data-mec-postid=\"64750\" srcset=\"https:\/\/turismevalles.com\/wp-content\/uploads\/2025\/07\/santaMariaPalau-300x300.jpeg 300w, https:\/\/turismevalles.com\/wp-content\/uploads\/2025\/07\/santaMariaPalau-150x150.jpeg 150w\" sizes=\"auto, (max-width: 300px) 100vw, 300px\" \/><\/div><div class=\"mec-event-time mec-color\"><span class=\"mec-sl-clock-o\"><\/span> Todo el d\u00eda<\/div><div class=\"mec-event-title\"><a class=\"mec-color-hover\"  data-event-id=\"64750\" href=\"https:\/\/turismevalles.com\/es\/events\/29o-ciclo-de-musica-catalana-en-santa-maria-de-palautordera\/\" target=\"_self\" rel=\"noopener\">30a. Ciclo de M\u00fasica Catalana en Santa Maria de Palautordera<\/a><span class=\"event-color\" style=\"background: #fdd700\"><\/span><\/div><div class=\"mec-event-detail\"><div class=\"mec-event-loc-place\"><\/div><\/div><\/article>        <script type=\"application\/ld+json\">\r\n        {\r\n            \"@context\": \"http:\/\/schema.org\",\r\n            \"@type\": \"Event\",\r\n            \"eventStatus\": \"https:\/\/schema.org\/EventScheduled\",\r\n            \"startDate\": \"2026-09-03\",\r\n            \"endDate\": \"2026-12-14\",\r\n            \"eventAttendanceMode\": \"https:\/\/schema.org\/OfflineEventAttendanceMode\",\r\n            \"location\":\r\n            {\r\n                \"@type\": \"Place\",\r\n                                \"name\": \"\",\r\n                \"image\": \"\",\r\n                \"address\": \"\"\r\n                            },\r\n            \"organizer\":\r\n            {\r\n                \"@type\": \"Person\",\r\n                \"name\": \"\",\r\n                \"url\": \"\"\r\n            },\r\n            \"offers\":\r\n            {\r\n                \"url\": \"https:\/\/turismevalles.com\/es\/events\/recorrerrido-por-sant-miquel-del-fai-bigues-i-riells-del-fai\/\",\r\n                \"price\": \"\",\r\n                \"priceCurrency\": \"$\",\r\n                \"availability\": \"https:\/\/schema.org\/InStock\",\r\n                \"validFrom\": \"2026-09-03T00:00\"\r\n            },\r\n            \"performer\": \"\",\r\n            \"description\": \"Para m\u00e1s informaci\u00f3n,&lt;a href=&quot;https:\/\/parcs.diba.cat\/es\/web\/agenda\/-\/cingles-de-berti-recorregut-per-sant-miquel-del-fai?utm_source=agenda&amp;utm_medium=correu&amp;utm_content=cingles-de-berti-recorregut-per-sant-miquel-del-fai&amp;utm_campaign=501&quot;&gt; clicar aqu\u00ed&lt;\/a&gt;    &nbsp;\",\r\n            \"image\": \"https:\/\/turismevalles.com\/wp-content\/uploads\/2026\/03\/RecorregutSMF.jpg\",\r\n            \"name\": \"Recorrerrido por Sant Miquel del Fai- Bigues i Riells del Fai_Sant Feliu de Codines\",\r\n            \"url\": \"https:\/\/turismevalles.com\/es\/events\/recorrerrido-por-sant-miquel-del-fai-bigues-i-riells-del-fai\/\"\r\n        }\r\n        <\/script>\r\n        <article class=\"mec-event-article \"><div class=\"mec-event-image\"><img loading=\"lazy\" decoding=\"async\" width=\"300\" height=\"300\" src=\"https:\/\/turismevalles.com\/wp-content\/uploads\/2026\/03\/RecorregutSMF-300x300.jpg\" class=\"attachment-thumblist size-thumblist wp-post-image\" alt=\"\" data-mec-postid=\"68822\" srcset=\"https:\/\/turismevalles.com\/wp-content\/uploads\/2026\/03\/RecorregutSMF-300x300.jpg 300w, https:\/\/turismevalles.com\/wp-content\/uploads\/2026\/03\/RecorregutSMF-150x150.jpg 150w\" sizes=\"auto, (max-width: 300px) 100vw, 300px\" \/><\/div><div class=\"mec-event-time mec-color\"><span class=\"mec-sl-clock-o\"><\/span> Todo el d\u00eda<\/div><div class=\"mec-event-title\"><a class=\"mec-color-hover\"  data-event-id=\"68822\" href=\"https:\/\/turismevalles.com\/es\/events\/recorrerrido-por-sant-miquel-del-fai-bigues-i-riells-del-fai\/\" target=\"_self\" rel=\"noopener\">Recorrerrido por Sant Miquel del Fai- Bigues i Riells del Fai_Sant Feliu de Codines<\/a><span class=\"event-color\" style=\"background: #fdd700\"><\/span><\/div><div class=\"mec-event-detail\"><div class=\"mec-event-loc-place\"><\/div><\/div><\/article>        <script type=\"application\/ld+json\">\r\n        {\r\n            \"@context\": \"http:\/\/schema.org\",\r\n            \"@type\": \"Event\",\r\n            \"eventStatus\": \"https:\/\/schema.org\/EventScheduled\",\r\n            \"startDate\": \"2026-09-03\",\r\n            \"endDate\": \"2026-09-06\",\r\n            \"eventAttendanceMode\": \"https:\/\/schema.org\/OfflineEventAttendanceMode\",\r\n            \"location\":\r\n            {\r\n                \"@type\": \"Place\",\r\n                                \"name\": \"\",\r\n                \"image\": \"\",\r\n                \"address\": \"\"\r\n                            },\r\n            \"organizer\":\r\n            {\r\n                \"@type\": \"Person\",\r\n                \"name\": \"\",\r\n                \"url\": \"\"\r\n            },\r\n            \"offers\":\r\n            {\r\n                \"url\": \"https:\/\/turismevalles.com\/es\/events\/torneo-de-historicos-del-valles-oriental-2026_-granollers-martorelles-y-caldes-de-montbui\/\",\r\n                \"price\": \"\",\r\n                \"priceCurrency\": \"$\",\r\n                \"availability\": \"https:\/\/schema.org\/InStock\",\r\n                \"validFrom\": \"2026-09-03T00:00\"\r\n            },\r\n            \"performer\": \"\",\r\n            \"description\": \"Para m\u00e1s informaci\u00f3n, &lt;a href=&quot;https:\/\/www-vallesoriental-cat.translate.goog\/actualitat\/noticies\/el-torneig-dhistorics-del-valles-oriental-2026-se-celebrara-del-28-dagost-al-6-de-setembre-.html?_x_tr_sl=ca&amp;_x_tr_tl=es&amp;_x_tr_hl=esie%3DUTF-8&quot;&gt;clicar aqu\u00ed&lt;\/a&gt;\",\r\n            \"image\": \"https:\/\/turismevalles.com\/wp-content\/uploads\/2026\/08\/consell.png\",\r\n            \"name\": \"Torneo de hist\u00f3ricos del Vall\u00e8s Oriental 2026_ Granollers- Martorelles y Caldes de Montbui\",\r\n            \"url\": \"https:\/\/turismevalles.com\/es\/events\/torneo-de-historicos-del-valles-oriental-2026_-granollers-martorelles-y-caldes-de-montbui\/\"\r\n        }\r\n        <\/script>\r\n        <article class=\"mec-event-article \"><div class=\"mec-event-image\"><img loading=\"lazy\" decoding=\"async\" width=\"300\" height=\"300\" src=\"https:\/\/turismevalles.com\/wp-content\/uploads\/2026\/08\/consell-300x300.png\" class=\"attachment-thumblist size-thumblist wp-post-image\" alt=\"\" data-mec-postid=\"73544\" srcset=\"https:\/\/turismevalles.com\/wp-content\/uploads\/2026\/08\/consell-300x300.png 300w, https:\/\/turismevalles.com\/wp-content\/uploads\/2026\/08\/consell-150x150.png 150w\" sizes=\"auto, (max-width: 300px) 100vw, 300px\" \/><\/div><div class=\"mec-event-time mec-color\"><span class=\"mec-sl-clock-o\"><\/span> Todo el d\u00eda<\/div><div class=\"mec-event-title\"><a class=\"mec-color-hover\"  data-event-id=\"73544\" href=\"https:\/\/turismevalles.com\/es\/events\/torneo-de-historicos-del-valles-oriental-2026_-granollers-martorelles-y-caldes-de-montbui\/\" target=\"_self\" rel=\"noopener\">Torneo de hist\u00f3ricos del Vall\u00e8s Oriental 2026_ Granollers- Martorelles y Caldes de Montbui<\/a><span class=\"event-color\" style=\"background: #fdd700\"><\/span><\/div><div class=\"mec-event-detail\"><div class=\"mec-event-loc-place\"><\/div><\/div><\/article>        <script type=\"application\/ld+json\">\r\n        {\r\n            \"@context\": \"http:\/\/schema.org\",\r\n            \"@type\": \"Event\",\r\n            \"eventStatus\": \"https:\/\/schema.org\/EventScheduled\",\r\n            \"startDate\": \"2026-09-03\",\r\n            \"endDate\": \"2026-09-03\",\r\n            \"eventAttendanceMode\": \"https:\/\/schema.org\/OfflineEventAttendanceMode\",\r\n            \"location\":\r\n            {\r\n                \"@type\": \"Place\",\r\n                                \"name\": \"\",\r\n                \"image\": \"\",\r\n                \"address\": \"\"\r\n                            },\r\n            \"organizer\":\r\n            {\r\n                \"@type\": \"Person\",\r\n                \"name\": \"\",\r\n                \"url\": \"\"\r\n            },\r\n            \"offers\":\r\n            {\r\n                \"url\": \"https:\/\/turismevalles.com\/es\/events\/3a-edicion-de-juliols-al-xifreda-musica-en-vivo-en-sant-feliu-de-codines\/\",\r\n                \"price\": \"\",\r\n                \"priceCurrency\": \"$\",\r\n                \"availability\": \"https:\/\/schema.org\/InStock\",\r\n                \"validFrom\": \"2026-09-03T00:00\"\r\n            },\r\n            \"performer\": \"\",\r\n            \"description\": \"&lt;a href=&quot;https:\/\/www.santfeliudecodines.cat\/actualitat\/noticies\/en-marxa-la-3a-edicio-de-juliols-al-xifreda-un-cicle-de-concerts-de-musica-en-viu-.html&quot;&gt;Para m\u00e1s informaci\u00f3n, &lt;\/a&gt;\",\r\n            \"image\": \"https:\/\/turismevalles.com\/wp-content\/uploads\/2026\/06\/CARTELL_JULIOLS_A_CAN_XIFREDA_2026_SFC.jpg\",\r\n            \"name\": \"3a edici\u00f3n de Juliols al Xifreda, m\u00fasica en vivo en Sant Feliu de Codines\",\r\n            \"url\": \"https:\/\/turismevalles.com\/es\/events\/3a-edicion-de-juliols-al-xifreda-musica-en-vivo-en-sant-feliu-de-codines\/\"\r\n        }\r\n        <\/script>\r\n        <article class=\"mec-past-event mec-event-article \"><div class=\"mec-event-image\"><img loading=\"lazy\" decoding=\"async\" width=\"300\" height=\"300\" src=\"https:\/\/turismevalles.com\/wp-content\/uploads\/2026\/06\/CARTELL_JULIOLS_A_CAN_XIFREDA_2026_SFC-300x300.jpg\" class=\"attachment-thumblist size-thumblist wp-post-image\" alt=\"\" data-mec-postid=\"71796\" srcset=\"https:\/\/turismevalles.com\/wp-content\/uploads\/2026\/06\/CARTELL_JULIOLS_A_CAN_XIFREDA_2026_SFC-300x300.jpg 300w, https:\/\/turismevalles.com\/wp-content\/uploads\/2026\/06\/CARTELL_JULIOLS_A_CAN_XIFREDA_2026_SFC-150x150.jpg 150w\" sizes=\"auto, (max-width: 300px) 100vw, 300px\" \/><\/div><div class=\"mec-event-time mec-color\"><span class=\"mec-sl-clock-o\"><\/span> Todo el d\u00eda<\/div><div class=\"mec-event-title\"><a class=\"mec-color-hover\"  data-event-id=\"71796\" href=\"https:\/\/turismevalles.com\/es\/events\/3a-edicion-de-juliols-al-xifreda-musica-en-vivo-en-sant-feliu-de-codines\/\" target=\"_self\" rel=\"noopener\">3a edici\u00f3n de Juliols al Xifreda, m\u00fasica en vivo en Sant Feliu de Codines<\/a><span class=\"event-color\" style=\"background: #fdd700\"><\/span><\/div><div class=\"mec-event-detail\"><div class=\"mec-event-loc-place\"><\/div><\/div><\/article>        <script type=\"application\/ld+json\">\r\n        {\r\n            \"@context\": \"http:\/\/schema.org\",\r\n            \"@type\": \"Event\",\r\n            \"eventStatus\": \"https:\/\/schema.org\/EventScheduled\",\r\n            \"startDate\": \"2026-09-03\",\r\n            \"endDate\": \"2026-09-05\",\r\n            \"eventAttendanceMode\": \"https:\/\/schema.org\/OfflineEventAttendanceMode\",\r\n            \"location\":\r\n            {\r\n                \"@type\": \"Place\",\r\n                                \"name\": \"\",\r\n                \"image\": \"\",\r\n                \"address\": \"\"\r\n                            },\r\n            \"organizer\":\r\n            {\r\n                \"@type\": \"Person\",\r\n                \"name\": \"\",\r\n                \"url\": \"\"\r\n            },\r\n            \"offers\":\r\n            {\r\n                \"url\": \"https:\/\/turismevalles.com\/es\/events\/cine-alhambra-al-aire-libre-en-la-garriga\/\",\r\n                \"price\": \"\",\r\n                \"priceCurrency\": \"$\",\r\n                \"availability\": \"https:\/\/schema.org\/InStock\",\r\n                \"validFrom\": \"2026-09-03T00:00\"\r\n            },\r\n            \"performer\": \"\",\r\n            \"description\": \"Para m\u00e1s informaci\u00f3n y consulta del programa, &lt;a href=&quot;https:\/\/www.visitalagarriga.cat\/ca\/cinema-alhambra-la-fresca-1&quot;&gt;clicar aqu\u00ed&lt;\/a&gt;\",\r\n            \"image\": \"https:\/\/turismevalles.com\/wp-content\/uploads\/2026\/07\/Alhambra_a_la_fresca.jpeg\",\r\n            \"name\": \"Cine Alhambra al aire libre_ La Garriga\",\r\n            \"url\": \"https:\/\/turismevalles.com\/es\/events\/cine-alhambra-al-aire-libre-en-la-garriga\/\"\r\n        }\r\n        <\/script>\r\n        <article class=\"mec-event-article \"><div class=\"mec-event-image\"><img loading=\"lazy\" decoding=\"async\" width=\"300\" height=\"300\" src=\"https:\/\/turismevalles.com\/wp-content\/uploads\/2026\/07\/Alhambra_a_la_fresca-300x300.jpeg\" class=\"attachment-thumblist size-thumblist wp-post-image\" alt=\"\" data-mec-postid=\"71986\" srcset=\"https:\/\/turismevalles.com\/wp-content\/uploads\/2026\/07\/Alhambra_a_la_fresca-300x300.jpeg 300w, https:\/\/turismevalles.com\/wp-content\/uploads\/2026\/07\/Alhambra_a_la_fresca-150x150.jpeg 150w\" sizes=\"auto, (max-width: 300px) 100vw, 300px\" \/><\/div><div class=\"mec-event-time mec-color\"><span class=\"mec-sl-clock-o\"><\/span> Todo el d\u00eda<\/div><div class=\"mec-event-title\"><a class=\"mec-color-hover\"  data-event-id=\"71986\" href=\"https:\/\/turismevalles.com\/es\/events\/cine-alhambra-al-aire-libre-en-la-garriga\/\" target=\"_self\" rel=\"noopener\">Cine Alhambra al aire libre_ La Garriga<\/a><span class=\"event-color\" style=\"background: #fdd700\"><\/span><\/div><div class=\"mec-event-detail\"><div class=\"mec-event-loc-place\"><\/div><\/div><\/article><\/div><div class=\"mec-calendar-events-sec\" data-mec-cell=\"20260904\" ><div class=\"mec-table-side-title\">Eventos para <span class=\"mec-color mec-table-side-day\"> 4<\/span> septiembre<\/div>        <script type=\"application\/ld+json\">\r\n        {\r\n            \"@context\": \"http:\/\/schema.org\",\r\n            \"@type\": \"Event\",\r\n            \"eventStatus\": \"https:\/\/schema.org\/EventScheduled\",\r\n            \"startDate\": \"2026-09-04\",\r\n            \"endDate\": \"2026-09-07\",\r\n            \"eventAttendanceMode\": \"https:\/\/schema.org\/OfflineEventAttendanceMode\",\r\n            \"location\":\r\n            {\r\n                \"@type\": \"Place\",\r\n                                \"name\": \"\",\r\n                \"image\": \"\",\r\n                \"address\": \"\"\r\n                            },\r\n            \"organizer\":\r\n            {\r\n                \"@type\": \"Person\",\r\n                \"name\": \"\",\r\n                \"url\": \"\"\r\n            },\r\n            \"offers\":\r\n            {\r\n                \"url\": \"https:\/\/turismevalles.com\/es\/events\/fiesta-mayor-de-sant-celoni-2\/\",\r\n                \"price\": \"\",\r\n                \"priceCurrency\": \"$\",\r\n                \"availability\": \"https:\/\/schema.org\/InStock\",\r\n                \"validFrom\": \"2026-09-04T00:00\"\r\n            },\r\n            \"performer\": \"\",\r\n            \"description\": \"Para m\u00e1s informaci\u00f3n, &lt;a href=&quot;https:\/\/santceloni-cat.translate.goog\/35877?_x_tr_sl=ca&amp;_x_tr_tl=es&amp;_x_tr_hl=es&quot;&gt;clicar aqu\u00ed&lt;\/a&gt;\",\r\n            \"image\": \"https:\/\/turismevalles.com\/wp-content\/uploads\/2023\/08\/santCeloni.jpg\",\r\n            \"name\": \"Fiesta Mayor de Sant Celoni\",\r\n            \"url\": \"https:\/\/turismevalles.com\/es\/events\/fiesta-mayor-de-sant-celoni-2\/\"\r\n        }\r\n        <\/script>\r\n        <article class=\"mec-event-article \"><div class=\"mec-event-image\"><img loading=\"lazy\" decoding=\"async\" width=\"300\" height=\"300\" src=\"https:\/\/turismevalles.com\/wp-content\/uploads\/2023\/08\/santCeloni-300x300.jpg\" class=\"attachment-thumblist size-thumblist wp-post-image\" alt=\"\" data-mec-postid=\"28213\" srcset=\"https:\/\/turismevalles.com\/wp-content\/uploads\/2023\/08\/santCeloni-300x300.jpg 300w, https:\/\/turismevalles.com\/wp-content\/uploads\/2023\/08\/santCeloni-150x150.jpg 150w\" sizes=\"auto, (max-width: 300px) 100vw, 300px\" \/><\/div><div class=\"mec-event-time mec-color\"><span class=\"mec-sl-clock-o\"><\/span> Todo el d\u00eda<\/div><div class=\"mec-event-title\"><a class=\"mec-color-hover\"  data-event-id=\"28213\" href=\"https:\/\/turismevalles.com\/es\/events\/fiesta-mayor-de-sant-celoni-2\/\" target=\"_self\" rel=\"noopener\">Fiesta Mayor de Sant Celoni<\/a><span class=\"event-color\" style=\"background: #fdd700\"><\/span><\/div><div class=\"mec-event-detail\"><div class=\"mec-event-loc-place\"><\/div><\/div><\/article>        <script type=\"application\/ld+json\">\r\n        {\r\n            \"@context\": \"http:\/\/schema.org\",\r\n            \"@type\": \"Event\",\r\n            \"eventStatus\": \"https:\/\/schema.org\/EventScheduled\",\r\n            \"startDate\": \"2026-09-04\",\r\n            \"endDate\": \"2026-09-06\",\r\n            \"eventAttendanceMode\": \"https:\/\/schema.org\/OfflineEventAttendanceMode\",\r\n            \"location\":\r\n            {\r\n                \"@type\": \"Place\",\r\n                                \"name\": \"\",\r\n                \"image\": \"\",\r\n                \"address\": \"\"\r\n                            },\r\n            \"organizer\":\r\n            {\r\n                \"@type\": \"Person\",\r\n                \"name\": \"\",\r\n                \"url\": \"\"\r\n            },\r\n            \"offers\":\r\n            {\r\n                \"url\": \"https:\/\/turismevalles.com\/es\/events\/29o-ciclo-de-musica-catalana-en-santa-maria-de-palautordera\/\",\r\n                \"price\": \"\",\r\n                \"priceCurrency\": \"$\",\r\n                \"availability\": \"https:\/\/schema.org\/InStock\",\r\n                \"validFrom\": \"2026-09-04T00:00\"\r\n            },\r\n            \"performer\": \"\",\r\n            \"description\": \"Para m\u00e1s informaci\u00f3n, &lt;a href=&quot;https:\/\/www-smpalautordera-cat.translate.goog\/actualitat\/noticies\/30a-edicio-del-cicle-de-musica-catalana.html?_x_tr_sl=ca&amp;_x_tr_tl=es&amp;_x_tr_hl=esie%3DUTF-8&quot;&gt;clicar aqu\u00ed&lt;\/a&gt;\",\r\n            \"image\": \"https:\/\/turismevalles.com\/wp-content\/uploads\/2025\/07\/santaMariaPalau.jpeg\",\r\n            \"name\": \"30a. Ciclo de M\u00fasica Catalana en Santa Maria de Palautordera\",\r\n            \"url\": \"https:\/\/turismevalles.com\/es\/events\/29o-ciclo-de-musica-catalana-en-santa-maria-de-palautordera\/\"\r\n        }\r\n        <\/script>\r\n        <article class=\"mec-event-article \"><div class=\"mec-event-image\"><img loading=\"lazy\" decoding=\"async\" width=\"300\" height=\"300\" src=\"https:\/\/turismevalles.com\/wp-content\/uploads\/2025\/07\/santaMariaPalau-300x300.jpeg\" class=\"attachment-thumblist size-thumblist wp-post-image\" alt=\"\" data-mec-postid=\"64750\" srcset=\"https:\/\/turismevalles.com\/wp-content\/uploads\/2025\/07\/santaMariaPalau-300x300.jpeg 300w, https:\/\/turismevalles.com\/wp-content\/uploads\/2025\/07\/santaMariaPalau-150x150.jpeg 150w\" sizes=\"auto, (max-width: 300px) 100vw, 300px\" \/><\/div><div class=\"mec-event-time mec-color\"><span class=\"mec-sl-clock-o\"><\/span> Todo el d\u00eda<\/div><div class=\"mec-event-title\"><a class=\"mec-color-hover\"  data-event-id=\"64750\" href=\"https:\/\/turismevalles.com\/es\/events\/29o-ciclo-de-musica-catalana-en-santa-maria-de-palautordera\/\" target=\"_self\" rel=\"noopener\">30a. Ciclo de M\u00fasica Catalana en Santa Maria de Palautordera<\/a><span class=\"event-color\" style=\"background: #fdd700\"><\/span><\/div><div class=\"mec-event-detail\"><div class=\"mec-event-loc-place\"><\/div><\/div><\/article>        <script type=\"application\/ld+json\">\r\n        {\r\n            \"@context\": \"http:\/\/schema.org\",\r\n            \"@type\": \"Event\",\r\n            \"eventStatus\": \"https:\/\/schema.org\/EventScheduled\",\r\n            \"startDate\": \"2026-09-04\",\r\n            \"endDate\": \"2026-12-14\",\r\n            \"eventAttendanceMode\": \"https:\/\/schema.org\/OfflineEventAttendanceMode\",\r\n            \"location\":\r\n            {\r\n                \"@type\": \"Place\",\r\n                                \"name\": \"\",\r\n                \"image\": \"\",\r\n                \"address\": \"\"\r\n                            },\r\n            \"organizer\":\r\n            {\r\n                \"@type\": \"Person\",\r\n                \"name\": \"\",\r\n                \"url\": \"\"\r\n            },\r\n            \"offers\":\r\n            {\r\n                \"url\": \"https:\/\/turismevalles.com\/es\/events\/recorrerrido-por-sant-miquel-del-fai-bigues-i-riells-del-fai\/\",\r\n                \"price\": \"\",\r\n                \"priceCurrency\": \"$\",\r\n                \"availability\": \"https:\/\/schema.org\/InStock\",\r\n                \"validFrom\": \"2026-09-04T00:00\"\r\n            },\r\n            \"performer\": \"\",\r\n            \"description\": \"Para m\u00e1s informaci\u00f3n,&lt;a href=&quot;https:\/\/parcs.diba.cat\/es\/web\/agenda\/-\/cingles-de-berti-recorregut-per-sant-miquel-del-fai?utm_source=agenda&amp;utm_medium=correu&amp;utm_content=cingles-de-berti-recorregut-per-sant-miquel-del-fai&amp;utm_campaign=501&quot;&gt; clicar aqu\u00ed&lt;\/a&gt;    &nbsp;\",\r\n            \"image\": \"https:\/\/turismevalles.com\/wp-content\/uploads\/2026\/03\/RecorregutSMF.jpg\",\r\n            \"name\": \"Recorrerrido por Sant Miquel del Fai- Bigues i Riells del Fai_Sant Feliu de Codines\",\r\n            \"url\": \"https:\/\/turismevalles.com\/es\/events\/recorrerrido-por-sant-miquel-del-fai-bigues-i-riells-del-fai\/\"\r\n        }\r\n        <\/script>\r\n        <article class=\"mec-event-article \"><div class=\"mec-event-image\"><img loading=\"lazy\" decoding=\"async\" width=\"300\" height=\"300\" src=\"https:\/\/turismevalles.com\/wp-content\/uploads\/2026\/03\/RecorregutSMF-300x300.jpg\" class=\"attachment-thumblist size-thumblist wp-post-image\" alt=\"\" data-mec-postid=\"68822\" srcset=\"https:\/\/turismevalles.com\/wp-content\/uploads\/2026\/03\/RecorregutSMF-300x300.jpg 300w, https:\/\/turismevalles.com\/wp-content\/uploads\/2026\/03\/RecorregutSMF-150x150.jpg 150w\" sizes=\"auto, (max-width: 300px) 100vw, 300px\" \/><\/div><div class=\"mec-event-time mec-color\"><span class=\"mec-sl-clock-o\"><\/span> Todo el d\u00eda<\/div><div class=\"mec-event-title\"><a class=\"mec-color-hover\"  data-event-id=\"68822\" href=\"https:\/\/turismevalles.com\/es\/events\/recorrerrido-por-sant-miquel-del-fai-bigues-i-riells-del-fai\/\" target=\"_self\" rel=\"noopener\">Recorrerrido por Sant Miquel del Fai- Bigues i Riells del Fai_Sant Feliu de Codines<\/a><span class=\"event-color\" style=\"background: #fdd700\"><\/span><\/div><div class=\"mec-event-detail\"><div class=\"mec-event-loc-place\"><\/div><\/div><\/article>        <script type=\"application\/ld+json\">\r\n        {\r\n            \"@context\": \"http:\/\/schema.org\",\r\n            \"@type\": \"Event\",\r\n            \"eventStatus\": \"https:\/\/schema.org\/EventScheduled\",\r\n            \"startDate\": \"2026-09-04\",\r\n            \"endDate\": \"2026-09-05\",\r\n            \"eventAttendanceMode\": \"https:\/\/schema.org\/OfflineEventAttendanceMode\",\r\n            \"location\":\r\n            {\r\n                \"@type\": \"Place\",\r\n                                \"name\": \"\",\r\n                \"image\": \"\",\r\n                \"address\": \"\"\r\n                            },\r\n            \"organizer\":\r\n            {\r\n                \"@type\": \"Person\",\r\n                \"name\": \"\",\r\n                \"url\": \"\"\r\n            },\r\n            \"offers\":\r\n            {\r\n                \"url\": \"https:\/\/turismevalles.com\/es\/events\/cine-alhambra-al-aire-libre-en-la-garriga\/\",\r\n                \"price\": \"\",\r\n                \"priceCurrency\": \"$\",\r\n                \"availability\": \"https:\/\/schema.org\/InStock\",\r\n                \"validFrom\": \"2026-09-04T00:00\"\r\n            },\r\n            \"performer\": \"\",\r\n            \"description\": \"Para m\u00e1s informaci\u00f3n y consulta del programa, &lt;a href=&quot;https:\/\/www.visitalagarriga.cat\/ca\/cinema-alhambra-la-fresca-1&quot;&gt;clicar aqu\u00ed&lt;\/a&gt;\",\r\n            \"image\": \"https:\/\/turismevalles.com\/wp-content\/uploads\/2026\/07\/Alhambra_a_la_fresca.jpeg\",\r\n            \"name\": \"Cine Alhambra al aire libre_ La Garriga\",\r\n            \"url\": \"https:\/\/turismevalles.com\/es\/events\/cine-alhambra-al-aire-libre-en-la-garriga\/\"\r\n        }\r\n        <\/script>\r\n        <article class=\"mec-event-article \"><div class=\"mec-event-image\"><img loading=\"lazy\" decoding=\"async\" width=\"300\" height=\"300\" src=\"https:\/\/turismevalles.com\/wp-content\/uploads\/2026\/07\/Alhambra_a_la_fresca-300x300.jpeg\" class=\"attachment-thumblist size-thumblist wp-post-image\" alt=\"\" data-mec-postid=\"71986\" srcset=\"https:\/\/turismevalles.com\/wp-content\/uploads\/2026\/07\/Alhambra_a_la_fresca-300x300.jpeg 300w, https:\/\/turismevalles.com\/wp-content\/uploads\/2026\/07\/Alhambra_a_la_fresca-150x150.jpeg 150w\" sizes=\"auto, (max-width: 300px) 100vw, 300px\" \/><\/div><div class=\"mec-event-time mec-color\"><span class=\"mec-sl-clock-o\"><\/span> Todo el d\u00eda<\/div><div class=\"mec-event-title\"><a class=\"mec-color-hover\"  data-event-id=\"71986\" href=\"https:\/\/turismevalles.com\/es\/events\/cine-alhambra-al-aire-libre-en-la-garriga\/\" target=\"_self\" rel=\"noopener\">Cine Alhambra al aire libre_ La Garriga<\/a><span class=\"event-color\" style=\"background: #fdd700\"><\/span><\/div><div class=\"mec-event-detail\"><div class=\"mec-event-loc-place\"><\/div><\/div><\/article>        <script type=\"application\/ld+json\">\r\n        {\r\n            \"@context\": \"http:\/\/schema.org\",\r\n            \"@type\": \"Event\",\r\n            \"eventStatus\": \"https:\/\/schema.org\/EventScheduled\",\r\n            \"startDate\": \"2026-09-04\",\r\n            \"endDate\": \"2026-09-06\",\r\n            \"eventAttendanceMode\": \"https:\/\/schema.org\/OfflineEventAttendanceMode\",\r\n            \"location\":\r\n            {\r\n                \"@type\": \"Place\",\r\n                                \"name\": \"\",\r\n                \"image\": \"\",\r\n                \"address\": \"\"\r\n                            },\r\n            \"organizer\":\r\n            {\r\n                \"@type\": \"Person\",\r\n                \"name\": \"\",\r\n                \"url\": \"\"\r\n            },\r\n            \"offers\":\r\n            {\r\n                \"url\": \"https:\/\/turismevalles.com\/es\/events\/torneo-de-historicos-del-valles-oriental-2026_-granollers-martorelles-y-caldes-de-montbui\/\",\r\n                \"price\": \"\",\r\n                \"priceCurrency\": \"$\",\r\n                \"availability\": \"https:\/\/schema.org\/InStock\",\r\n                \"validFrom\": \"2026-09-04T00:00\"\r\n            },\r\n            \"performer\": \"\",\r\n            \"description\": \"Para m\u00e1s informaci\u00f3n, &lt;a href=&quot;https:\/\/www-vallesoriental-cat.translate.goog\/actualitat\/noticies\/el-torneig-dhistorics-del-valles-oriental-2026-se-celebrara-del-28-dagost-al-6-de-setembre-.html?_x_tr_sl=ca&amp;_x_tr_tl=es&amp;_x_tr_hl=esie%3DUTF-8&quot;&gt;clicar aqu\u00ed&lt;\/a&gt;\",\r\n            \"image\": \"https:\/\/turismevalles.com\/wp-content\/uploads\/2026\/08\/consell.png\",\r\n            \"name\": \"Torneo de hist\u00f3ricos del Vall\u00e8s Oriental 2026_ Granollers- Martorelles y Caldes de Montbui\",\r\n            \"url\": \"https:\/\/turismevalles.com\/es\/events\/torneo-de-historicos-del-valles-oriental-2026_-granollers-martorelles-y-caldes-de-montbui\/\"\r\n        }\r\n        <\/script>\r\n        <article class=\"mec-event-article \"><div class=\"mec-event-image\"><img loading=\"lazy\" decoding=\"async\" width=\"300\" height=\"300\" src=\"https:\/\/turismevalles.com\/wp-content\/uploads\/2026\/08\/consell-300x300.png\" class=\"attachment-thumblist size-thumblist wp-post-image\" alt=\"\" data-mec-postid=\"73544\" srcset=\"https:\/\/turismevalles.com\/wp-content\/uploads\/2026\/08\/consell-300x300.png 300w, https:\/\/turismevalles.com\/wp-content\/uploads\/2026\/08\/consell-150x150.png 150w\" sizes=\"auto, (max-width: 300px) 100vw, 300px\" \/><\/div><div class=\"mec-event-time mec-color\"><span class=\"mec-sl-clock-o\"><\/span> Todo el d\u00eda<\/div><div class=\"mec-event-title\"><a class=\"mec-color-hover\"  data-event-id=\"73544\" href=\"https:\/\/turismevalles.com\/es\/events\/torneo-de-historicos-del-valles-oriental-2026_-granollers-martorelles-y-caldes-de-montbui\/\" target=\"_self\" rel=\"noopener\">Torneo de hist\u00f3ricos del Vall\u00e8s Oriental 2026_ Granollers- Martorelles y Caldes de Montbui<\/a><span class=\"event-color\" style=\"background: #fdd700\"><\/span><\/div><div class=\"mec-event-detail\"><div class=\"mec-event-loc-place\"><\/div><\/div><\/article>        <script type=\"application\/ld+json\">\r\n        {\r\n            \"@context\": \"http:\/\/schema.org\",\r\n            \"@type\": \"Event\",\r\n            \"eventStatus\": \"https:\/\/schema.org\/EventScheduled\",\r\n            \"startDate\": \"2026-09-04\",\r\n            \"endDate\": \"2026-09-11\",\r\n            \"eventAttendanceMode\": \"https:\/\/schema.org\/OfflineEventAttendanceMode\",\r\n            \"location\":\r\n            {\r\n                \"@type\": \"Place\",\r\n                                \"name\": \"\",\r\n                \"image\": \"\",\r\n                \"address\": \"\"\r\n                            },\r\n            \"organizer\":\r\n            {\r\n                \"@type\": \"Person\",\r\n                \"name\": \"\",\r\n                \"url\": \"\"\r\n            },\r\n            \"offers\":\r\n            {\r\n                \"url\": \"https:\/\/turismevalles.com\/es\/events\/fiesta-mayor-de-llinars-del-valles-2\/\",\r\n                \"price\": \"\",\r\n                \"priceCurrency\": \"$\",\r\n                \"availability\": \"https:\/\/schema.org\/InStock\",\r\n                \"validFrom\": \"2026-09-04T00:00\"\r\n            },\r\n            \"performer\": \"\",\r\n            \"description\": \"Para m\u00e1s informaci\u00f3n, &lt;a href=&quot;https:\/\/www-llinarsdelvalles-cat.translate.goog\/actualitat\/noticies\/viu-la-festa-major-de-llinars-2026.html?_x_tr_sl=ca&amp;_x_tr_tl=es&amp;_x_tr_hl=esie%3DUTF-8&quot;&gt;clicar aqu\u00ed&lt;\/a&gt;\",\r\n            \"image\": \"https:\/\/turismevalles.com\/wp-content\/uploads\/2023\/08\/Llinars.jpg\",\r\n            \"name\": \"Fiesta Mayor de Llinars del Vall\u00e8s\",\r\n            \"url\": \"https:\/\/turismevalles.com\/es\/events\/fiesta-mayor-de-llinars-del-valles-2\/\"\r\n        }\r\n        <\/script>\r\n        <article class=\"mec-event-article \"><div class=\"mec-event-image\"><img loading=\"lazy\" decoding=\"async\" width=\"300\" height=\"300\" src=\"https:\/\/turismevalles.com\/wp-content\/uploads\/2023\/08\/Llinars-300x300.jpg\" class=\"attachment-thumblist size-thumblist wp-post-image\" alt=\"\" data-mec-postid=\"28195\" srcset=\"https:\/\/turismevalles.com\/wp-content\/uploads\/2023\/08\/Llinars-300x300.jpg 300w, https:\/\/turismevalles.com\/wp-content\/uploads\/2023\/08\/Llinars-150x150.jpg 150w\" sizes=\"auto, (max-width: 300px) 100vw, 300px\" \/><\/div><div class=\"mec-event-time mec-color\"><span class=\"mec-sl-clock-o\"><\/span> Todo el d\u00eda<\/div><div class=\"mec-event-title\"><a class=\"mec-color-hover\"  data-event-id=\"28195\" href=\"https:\/\/turismevalles.com\/es\/events\/fiesta-mayor-de-llinars-del-valles-2\/\" target=\"_self\" rel=\"noopener\">Fiesta Mayor de Llinars del Vall\u00e8s<\/a><span class=\"event-color\" style=\"background: #fdd700\"><\/span><\/div><div class=\"mec-event-detail\"><div class=\"mec-event-loc-place\"><\/div><\/div><\/article>        <script type=\"application\/ld+json\">\r\n        {\r\n            \"@context\": \"http:\/\/schema.org\",\r\n            \"@type\": \"Event\",\r\n            \"eventStatus\": \"https:\/\/schema.org\/EventScheduled\",\r\n            \"startDate\": \"2026-09-04\",\r\n            \"endDate\": \"2025-02-23\",\r\n            \"eventAttendanceMode\": \"https:\/\/schema.org\/OfflineEventAttendanceMode\",\r\n            \"location\":\r\n            {\r\n                \"@type\": \"Place\",\r\n                                \"name\": \"\",\r\n                \"image\": \"\",\r\n                \"address\": \"\"\r\n                            },\r\n            \"organizer\":\r\n            {\r\n                \"@type\": \"Person\",\r\n                \"name\": \"\",\r\n                \"url\": \"\"\r\n            },\r\n            \"offers\":\r\n            {\r\n                \"url\": \"https:\/\/turismevalles.com\/es\/events\/visita-teatralitzada-la-garriga-en-guerra\/\",\r\n                \"price\": \"\",\r\n                \"priceCurrency\": \"$\",\r\n                \"availability\": \"https:\/\/schema.org\/InStock\",\r\n                \"validFrom\": \"2026-09-04T00:00\"\r\n            },\r\n            \"performer\": \"\",\r\n            \"description\": \"Para m\u00e1s informaci\u00f3n, &lt;a href=&quot;https:\/\/lagarriga.cat\/actualitat\/agenda\/19134-visites-teatralitzades-al-refugi-la-garriga-en-guerra&quot;&gt;clicar aqu\u00ed&lt;\/a&gt;\",\r\n            \"image\": \"https:\/\/turismevalles.com\/wp-content\/uploads\/2024\/01\/LG-1.jpg\",\r\n            \"name\": \"Visita teatralizada en el Refugio de La Garriga\",\r\n            \"url\": \"https:\/\/turismevalles.com\/es\/events\/visita-teatralitzada-la-garriga-en-guerra\/\"\r\n        }\r\n        <\/script>\r\n        <article class=\"mec-past-event mec-event-article \"><div class=\"mec-event-image\"><img loading=\"lazy\" decoding=\"async\" width=\"300\" height=\"213\" src=\"https:\/\/turismevalles.com\/wp-content\/uploads\/2024\/01\/LG-1-300x213.jpg\" class=\"attachment-thumblist size-thumblist wp-post-image\" alt=\"\" data-mec-postid=\"46011\" \/><\/div><div class=\"mec-event-time mec-color\"><span class=\"mec-sl-clock-o\"><\/span> Todo el d\u00eda<\/div><div class=\"mec-event-title\"><a class=\"mec-color-hover\"  data-event-id=\"46011\" href=\"https:\/\/turismevalles.com\/es\/events\/visita-teatralitzada-la-garriga-en-guerra\/\" target=\"_self\" rel=\"noopener\">Visita teatralizada en el Refugio de La Garriga<\/a><span class=\"event-color\" style=\"background: #fdd700\"><\/span><\/div><div class=\"mec-event-detail\"><div class=\"mec-event-loc-place\"><\/div><\/div><\/article>        <script type=\"application\/ld+json\">\r\n        {\r\n            \"@context\": \"http:\/\/schema.org\",\r\n            \"@type\": \"Event\",\r\n            \"eventStatus\": \"https:\/\/schema.org\/EventScheduled\",\r\n            \"startDate\": \"2026-09-04\",\r\n            \"endDate\": \"2026-09-13\",\r\n            \"eventAttendanceMode\": \"https:\/\/schema.org\/OfflineEventAttendanceMode\",\r\n            \"location\":\r\n            {\r\n                \"@type\": \"Place\",\r\n                                \"name\": \"\",\r\n                \"image\": \"\",\r\n                \"address\": \"\"\r\n                            },\r\n            \"organizer\":\r\n            {\r\n                \"@type\": \"Person\",\r\n                \"name\": \"\",\r\n                \"url\": \"\"\r\n            },\r\n            \"offers\":\r\n            {\r\n                \"url\": \"https:\/\/turismevalles.com\/es\/events\/fiesta-mayor-en-llica-damunt-3\/\",\r\n                \"price\": \"\",\r\n                \"priceCurrency\": \"$\",\r\n                \"availability\": \"https:\/\/schema.org\/InStock\",\r\n                \"validFrom\": \"2026-09-04T00:00\"\r\n            },\r\n            \"performer\": \"\",\r\n            \"description\": \"Para m\u00e1s informaci\u00f3n, &lt;a href=&quot;http:\/\/www.llicamunt.cat&quot;&gt;clicar aqu\u00ed&lt;\/a&gt;\",\r\n            \"image\": \"https:\/\/turismevalles.com\/wp-content\/uploads\/2025\/09\/llicamunt_page-0001-2.jpg\",\r\n            \"name\": \"Fiesta Mayor en Lli\u00e7\u00e0 d&#8217;Amunt\",\r\n            \"url\": \"https:\/\/turismevalles.com\/es\/events\/fiesta-mayor-en-llica-damunt-3\/\"\r\n        }\r\n        <\/script>\r\n        <article class=\"mec-event-article \"><div class=\"mec-event-image\"><img loading=\"lazy\" decoding=\"async\" width=\"300\" height=\"300\" src=\"https:\/\/turismevalles.com\/wp-content\/uploads\/2025\/09\/llicamunt_page-0001-2-300x300.jpg\" class=\"attachment-thumblist size-thumblist wp-post-image\" alt=\"\" data-mec-postid=\"65369\" srcset=\"https:\/\/turismevalles.com\/wp-content\/uploads\/2025\/09\/llicamunt_page-0001-2-300x300.jpg 300w, https:\/\/turismevalles.com\/wp-content\/uploads\/2025\/09\/llicamunt_page-0001-2-150x150.jpg 150w\" sizes=\"auto, (max-width: 300px) 100vw, 300px\" \/><\/div><div class=\"mec-event-time mec-color\"><span class=\"mec-sl-clock-o\"><\/span> Todo el d\u00eda<\/div><div class=\"mec-event-title\"><a class=\"mec-color-hover\"  data-event-id=\"65369\" href=\"https:\/\/turismevalles.com\/es\/events\/fiesta-mayor-en-llica-damunt-3\/\" target=\"_self\" rel=\"noopener\">Fiesta Mayor en Lli\u00e7\u00e0 d&#8217;Amunt<\/a><span class=\"event-color\" style=\"background: #fdd700\"><\/span><\/div><div class=\"mec-event-detail\"><div class=\"mec-event-loc-place\"><\/div><\/div><\/article>        <script type=\"application\/ld+json\">\r\n        {\r\n            \"@context\": \"http:\/\/schema.org\",\r\n            \"@type\": \"Event\",\r\n            \"eventStatus\": \"https:\/\/schema.org\/EventScheduled\",\r\n            \"startDate\": \"2026-09-04\",\r\n            \"endDate\": \"2026-07-03\",\r\n            \"eventAttendanceMode\": \"https:\/\/schema.org\/OfflineEventAttendanceMode\",\r\n            \"location\":\r\n            {\r\n                \"@type\": \"Place\",\r\n                                \"name\": \"\",\r\n                \"image\": \"\",\r\n                \"address\": \"\"\r\n                            },\r\n            \"organizer\":\r\n            {\r\n                \"@type\": \"Person\",\r\n                \"name\": \"\",\r\n                \"url\": \"\"\r\n            },\r\n            \"offers\":\r\n            {\r\n                \"url\": \"https:\/\/turismevalles.com\/es\/events\/directes-al-porxo-conciertos-las-noches-de-los-viernes-de-julio-en-sant-antoni-de-vilamajor\/\",\r\n                \"price\": \"\",\r\n                \"priceCurrency\": \"$\",\r\n                \"availability\": \"https:\/\/schema.org\/InStock\",\r\n                \"validFrom\": \"2026-09-04T00:00\"\r\n            },\r\n            \"performer\": \"\",\r\n            \"description\": \"Para m\u00e1s informaci\u00f3n y consulta del programa, &lt;a href=&quot;https:\/\/www.santantonidevilamajor.cat\/actualitat\/noticies\/programa-directes-al-porxo-2026.html#&quot;&gt;clicar aqu\u00ed&lt;\/a&gt;\",\r\n            \"image\": \"https:\/\/turismevalles.com\/wp-content\/uploads\/2026\/06\/Diseno-sin-titulo20.png\",\r\n            \"name\": \"Directes al Porxo, conciertos las noches de los viernes de julio en Sant Antoni de Vilamajor\",\r\n            \"url\": \"https:\/\/turismevalles.com\/es\/events\/directes-al-porxo-conciertos-las-noches-de-los-viernes-de-julio-en-sant-antoni-de-vilamajor\/\"\r\n        }\r\n        <\/script>\r\n        <article class=\"mec-past-event mec-event-article \"><div class=\"mec-event-image\"><img loading=\"lazy\" decoding=\"async\" width=\"300\" height=\"300\" src=\"https:\/\/turismevalles.com\/wp-content\/uploads\/2026\/06\/Diseno-sin-titulo20-300x300.png\" class=\"attachment-thumblist size-thumblist wp-post-image\" alt=\"\" data-mec-postid=\"71804\" srcset=\"https:\/\/turismevalles.com\/wp-content\/uploads\/2026\/06\/Diseno-sin-titulo20-300x300.png 300w, https:\/\/turismevalles.com\/wp-content\/uploads\/2026\/06\/Diseno-sin-titulo20-1024x1024.png 1024w, https:\/\/turismevalles.com\/wp-content\/uploads\/2026\/06\/Diseno-sin-titulo20-150x150.png 150w, https:\/\/turismevalles.com\/wp-content\/uploads\/2026\/06\/Diseno-sin-titulo20-768x768.png 768w, https:\/\/turismevalles.com\/wp-content\/uploads\/2026\/06\/Diseno-sin-titulo20.png 1080w\" sizes=\"auto, (max-width: 300px) 100vw, 300px\" \/><\/div><div class=\"mec-event-time mec-color\"><span class=\"mec-sl-clock-o\"><\/span> Todo el d\u00eda<\/div><div class=\"mec-event-title\"><a class=\"mec-color-hover\"  data-event-id=\"71804\" href=\"https:\/\/turismevalles.com\/es\/events\/directes-al-porxo-conciertos-las-noches-de-los-viernes-de-julio-en-sant-antoni-de-vilamajor\/\" target=\"_self\" rel=\"noopener\">Directes al Porxo, conciertos las noches de los viernes de julio en Sant Antoni de Vilamajor<\/a><span class=\"event-color\" style=\"background: #fdd700\"><\/span><\/div><div class=\"mec-event-detail\"><div class=\"mec-event-loc-place\"><\/div><\/div><\/article>        <script type=\"application\/ld+json\">\r\n        {\r\n            \"@context\": \"http:\/\/schema.org\",\r\n            \"@type\": \"Event\",\r\n            \"eventStatus\": \"https:\/\/schema.org\/EventScheduled\",\r\n            \"startDate\": \"2026-09-04\",\r\n            \"endDate\": \"2026-09-06\",\r\n            \"eventAttendanceMode\": \"https:\/\/schema.org\/OfflineEventAttendanceMode\",\r\n            \"location\":\r\n            {\r\n                \"@type\": \"Place\",\r\n                                \"name\": \"\",\r\n                \"image\": \"\",\r\n                \"address\": \"\"\r\n                            },\r\n            \"organizer\":\r\n            {\r\n                \"@type\": \"Person\",\r\n                \"name\": \"\",\r\n                \"url\": \"\"\r\n            },\r\n            \"offers\":\r\n            {\r\n                \"url\": \"https:\/\/turismevalles.com\/es\/events\/fiesta-mayor-de-tagamanent\/\",\r\n                \"price\": \"\",\r\n                \"priceCurrency\": \"$\",\r\n                \"availability\": \"https:\/\/schema.org\/InStock\",\r\n                \"validFrom\": \"2026-09-04T00:00\"\r\n            },\r\n            \"performer\": \"\",\r\n            \"description\": \"Para m\u00e1s informaci\u00f3n, &lt;a href=&quot;https:\/\/tagamanent.cat\/festa-major-de-tagamanent-del-4-al-6-de-setembre\/&quot;&gt;clicar aqu\u00ed&lt;\/a&gt;\",\r\n            \"image\": \"https:\/\/turismevalles.com\/wp-content\/uploads\/2026\/08\/TAGA.jpg\",\r\n            \"name\": \"Fiesta Mayor de Tagamanent\",\r\n            \"url\": \"https:\/\/turismevalles.com\/es\/events\/fiesta-mayor-de-tagamanent\/\"\r\n        }\r\n        <\/script>\r\n        <article class=\"mec-event-article \"><div class=\"mec-event-image\"><img loading=\"lazy\" decoding=\"async\" width=\"300\" height=\"300\" src=\"https:\/\/turismevalles.com\/wp-content\/uploads\/2026\/08\/TAGA-300x300.jpg\" class=\"attachment-thumblist size-thumblist wp-post-image\" alt=\"\" data-mec-postid=\"73534\" srcset=\"https:\/\/turismevalles.com\/wp-content\/uploads\/2026\/08\/TAGA-300x300.jpg 300w, https:\/\/turismevalles.com\/wp-content\/uploads\/2026\/08\/TAGA-150x150.jpg 150w\" sizes=\"auto, (max-width: 300px) 100vw, 300px\" \/><\/div><div class=\"mec-event-time mec-color\"><span class=\"mec-sl-clock-o\"><\/span> Todo el d\u00eda<\/div><div class=\"mec-event-title\"><a class=\"mec-color-hover\"  data-event-id=\"73534\" href=\"https:\/\/turismevalles.com\/es\/events\/fiesta-mayor-de-tagamanent\/\" target=\"_self\" rel=\"noopener\">Fiesta Mayor de Tagamanent<\/a><span class=\"event-color\" style=\"background: #fdd700\"><\/span><\/div><div class=\"mec-event-detail\"><div class=\"mec-event-loc-place\"><\/div><\/div><\/article>        <script type=\"application\/ld+json\">\r\n        {\r\n            \"@context\": \"http:\/\/schema.org\",\r\n            \"@type\": \"Event\",\r\n            \"eventStatus\": \"https:\/\/schema.org\/EventScheduled\",\r\n            \"startDate\": \"2026-09-04\",\r\n            \"endDate\": \"2026-09-06\",\r\n            \"eventAttendanceMode\": \"https:\/\/schema.org\/OfflineEventAttendanceMode\",\r\n            \"location\":\r\n            {\r\n                \"@type\": \"Place\",\r\n                                \"name\": \"Lli\u00e7\u00e0 d\u2019Amunt\",\r\n                \"image\": \"\",\r\n                \"address\": \"\"\r\n                            },\r\n            \"organizer\":\r\n            {\r\n                \"@type\": \"Person\",\r\n                \"name\": \"Ajuntament de Lli\u00e7a d' Amunt\",\r\n                \"url\": \"\"\r\n            },\r\n            \"offers\":\r\n            {\r\n                \"url\": \"https:\/\/turismevalles.com\/es\/events\/24h-ciclomotors-vall-del-tenes-llica-d-amunt\/\",\r\n                \"price\": \"\",\r\n                \"priceCurrency\": \"$\",\r\n                \"availability\": \"https:\/\/schema.org\/InStock\",\r\n                \"validFrom\": \"2026-09-04T00:00\"\r\n            },\r\n            \"performer\": \"\",\r\n            \"description\": \"Para m\u00e1s informaci\u00f3n, &lt;a href=&quot;https:\/\/24hores.cat\/&quot;&gt;clicar aqu\u00ed&lt;\/a&gt;\",\r\n            \"image\": \"https:\/\/turismevalles.com\/wp-content\/uploads\/2021\/08\/24h-llica.jpg\",\r\n            \"name\": \"45 Edici\u00f3n de las 24 horas internacionales de resistencia en ciclomotores de la Vall del Tenes- Lli\u00e7\u00e0 d&#8217;Amunt\",\r\n            \"url\": \"https:\/\/turismevalles.com\/es\/events\/24h-ciclomotors-vall-del-tenes-llica-d-amunt\/\"\r\n        }\r\n        <\/script>\r\n        <article class=\"mec-event-article \"><div class=\"mec-event-image\"><img loading=\"lazy\" decoding=\"async\" width=\"300\" height=\"300\" src=\"https:\/\/turismevalles.com\/wp-content\/uploads\/2021\/08\/24h-llica-300x300.jpg\" class=\"attachment-thumblist size-thumblist wp-post-image\" alt=\"\" data-mec-postid=\"15149\" srcset=\"https:\/\/turismevalles.com\/wp-content\/uploads\/2021\/08\/24h-llica-300x300.jpg 300w, https:\/\/turismevalles.com\/wp-content\/uploads\/2021\/08\/24h-llica-150x150.jpg 150w\" sizes=\"auto, (max-width: 300px) 100vw, 300px\" \/><\/div><div class=\"mec-event-time mec-color\"><span class=\"mec-sl-clock-o\"><\/span> Todo el d\u00eda<\/div><div class=\"mec-event-title\"><a class=\"mec-color-hover\"  data-event-id=\"15149\" href=\"https:\/\/turismevalles.com\/es\/events\/24h-ciclomotors-vall-del-tenes-llica-d-amunt\/\" target=\"_self\" rel=\"noopener\">45 Edici\u00f3n de las 24 horas internacionales de resistencia en ciclomotores de la Vall del Tenes- Lli\u00e7\u00e0 d&#8217;Amunt<\/a><span class=\"event-color\" style=\"background: #fdd700\"><\/span><\/div><div class=\"mec-event-detail\"><div class=\"mec-event-loc-place\">Lli\u00e7\u00e0 d\u2019Amunt<\/div><\/div><\/article><\/div><div class=\"mec-calendar-events-sec\" data-mec-cell=\"20260905\"  style=\"display: block;\"><div class=\"mec-table-side-title\">Eventos para <span class=\"mec-color mec-table-side-day\"> 5<\/span> septiembre<\/div>        <script type=\"application\/ld+json\">\r\n        {\r\n            \"@context\": \"http:\/\/schema.org\",\r\n            \"@type\": \"Event\",\r\n            \"eventStatus\": \"https:\/\/schema.org\/EventScheduled\",\r\n            \"startDate\": \"2026-09-05\",\r\n            \"endDate\": \"2026-09-11\",\r\n            \"eventAttendanceMode\": \"https:\/\/schema.org\/OfflineEventAttendanceMode\",\r\n            \"location\":\r\n            {\r\n                \"@type\": \"Place\",\r\n                                \"name\": \"\",\r\n                \"image\": \"\",\r\n                \"address\": \"\"\r\n                            },\r\n            \"organizer\":\r\n            {\r\n                \"@type\": \"Person\",\r\n                \"name\": \"\",\r\n                \"url\": \"\"\r\n            },\r\n            \"offers\":\r\n            {\r\n                \"url\": \"https:\/\/turismevalles.com\/es\/events\/fiesta-mayor-de-llinars-del-valles-2\/\",\r\n                \"price\": \"\",\r\n                \"priceCurrency\": \"$\",\r\n                \"availability\": \"https:\/\/schema.org\/InStock\",\r\n                \"validFrom\": \"2026-09-05T00:00\"\r\n            },\r\n            \"performer\": \"\",\r\n            \"description\": \"Para m\u00e1s informaci\u00f3n, &lt;a href=&quot;https:\/\/www-llinarsdelvalles-cat.translate.goog\/actualitat\/noticies\/viu-la-festa-major-de-llinars-2026.html?_x_tr_sl=ca&amp;_x_tr_tl=es&amp;_x_tr_hl=esie%3DUTF-8&quot;&gt;clicar aqu\u00ed&lt;\/a&gt;\",\r\n            \"image\": \"https:\/\/turismevalles.com\/wp-content\/uploads\/2023\/08\/Llinars.jpg\",\r\n            \"name\": \"Fiesta Mayor de Llinars del Vall\u00e8s\",\r\n            \"url\": \"https:\/\/turismevalles.com\/es\/events\/fiesta-mayor-de-llinars-del-valles-2\/\"\r\n        }\r\n        <\/script>\r\n        <article class=\"mec-event-article \"><div class=\"mec-event-image\"><img loading=\"lazy\" decoding=\"async\" width=\"300\" height=\"300\" src=\"https:\/\/turismevalles.com\/wp-content\/uploads\/2023\/08\/Llinars-300x300.jpg\" class=\"attachment-thumblist size-thumblist wp-post-image\" alt=\"\" data-mec-postid=\"28195\" srcset=\"https:\/\/turismevalles.com\/wp-content\/uploads\/2023\/08\/Llinars-300x300.jpg 300w, https:\/\/turismevalles.com\/wp-content\/uploads\/2023\/08\/Llinars-150x150.jpg 150w\" sizes=\"auto, (max-width: 300px) 100vw, 300px\" \/><\/div><div class=\"mec-event-time mec-color\"><span class=\"mec-sl-clock-o\"><\/span> Todo el d\u00eda<\/div><div class=\"mec-event-title\"><a class=\"mec-color-hover\"  data-event-id=\"28195\" href=\"https:\/\/turismevalles.com\/es\/events\/fiesta-mayor-de-llinars-del-valles-2\/\" target=\"_self\" rel=\"noopener\">Fiesta Mayor de Llinars del Vall\u00e8s<\/a><span class=\"event-color\" style=\"background: #fdd700\"><\/span><\/div><div class=\"mec-event-detail\"><div class=\"mec-event-loc-place\"><\/div><\/div><\/article>        <script type=\"application\/ld+json\">\r\n        {\r\n            \"@context\": \"http:\/\/schema.org\",\r\n            \"@type\": \"Event\",\r\n            \"eventStatus\": \"https:\/\/schema.org\/EventScheduled\",\r\n            \"startDate\": \"2026-09-05\",\r\n            \"endDate\": \"2026-09-07\",\r\n            \"eventAttendanceMode\": \"https:\/\/schema.org\/OfflineEventAttendanceMode\",\r\n            \"location\":\r\n            {\r\n                \"@type\": \"Place\",\r\n                                \"name\": \"\",\r\n                \"image\": \"\",\r\n                \"address\": \"\"\r\n                            },\r\n            \"organizer\":\r\n            {\r\n                \"@type\": \"Person\",\r\n                \"name\": \"\",\r\n                \"url\": \"\"\r\n            },\r\n            \"offers\":\r\n            {\r\n                \"url\": \"https:\/\/turismevalles.com\/es\/events\/fiesta-mayor-de-sant-celoni-2\/\",\r\n                \"price\": \"\",\r\n                \"priceCurrency\": \"$\",\r\n                \"availability\": \"https:\/\/schema.org\/InStock\",\r\n                \"validFrom\": \"2026-09-05T00:00\"\r\n            },\r\n            \"performer\": \"\",\r\n            \"description\": \"Para m\u00e1s informaci\u00f3n, &lt;a href=&quot;https:\/\/santceloni-cat.translate.goog\/35877?_x_tr_sl=ca&amp;_x_tr_tl=es&amp;_x_tr_hl=es&quot;&gt;clicar aqu\u00ed&lt;\/a&gt;\",\r\n            \"image\": \"https:\/\/turismevalles.com\/wp-content\/uploads\/2023\/08\/santCeloni.jpg\",\r\n            \"name\": \"Fiesta Mayor de Sant Celoni\",\r\n            \"url\": \"https:\/\/turismevalles.com\/es\/events\/fiesta-mayor-de-sant-celoni-2\/\"\r\n        }\r\n        <\/script>\r\n        <article class=\"mec-event-article \"><div class=\"mec-event-image\"><img loading=\"lazy\" decoding=\"async\" width=\"300\" height=\"300\" src=\"https:\/\/turismevalles.com\/wp-content\/uploads\/2023\/08\/santCeloni-300x300.jpg\" class=\"attachment-thumblist size-thumblist wp-post-image\" alt=\"\" data-mec-postid=\"28213\" srcset=\"https:\/\/turismevalles.com\/wp-content\/uploads\/2023\/08\/santCeloni-300x300.jpg 300w, https:\/\/turismevalles.com\/wp-content\/uploads\/2023\/08\/santCeloni-150x150.jpg 150w\" sizes=\"auto, (max-width: 300px) 100vw, 300px\" \/><\/div><div class=\"mec-event-time mec-color\"><span class=\"mec-sl-clock-o\"><\/span> Todo el d\u00eda<\/div><div class=\"mec-event-title\"><a class=\"mec-color-hover\"  data-event-id=\"28213\" href=\"https:\/\/turismevalles.com\/es\/events\/fiesta-mayor-de-sant-celoni-2\/\" target=\"_self\" rel=\"noopener\">Fiesta Mayor de Sant Celoni<\/a><span class=\"event-color\" style=\"background: #fdd700\"><\/span><\/div><div class=\"mec-event-detail\"><div class=\"mec-event-loc-place\"><\/div><\/div><\/article>        <script type=\"application\/ld+json\">\r\n        {\r\n            \"@context\": \"http:\/\/schema.org\",\r\n            \"@type\": \"Event\",\r\n            \"eventStatus\": \"https:\/\/schema.org\/EventScheduled\",\r\n            \"startDate\": \"2026-09-05\",\r\n            \"endDate\": \"2026-09-06\",\r\n            \"eventAttendanceMode\": \"https:\/\/schema.org\/OfflineEventAttendanceMode\",\r\n            \"location\":\r\n            {\r\n                \"@type\": \"Place\",\r\n                                \"name\": \"\",\r\n                \"image\": \"\",\r\n                \"address\": \"\"\r\n                            },\r\n            \"organizer\":\r\n            {\r\n                \"@type\": \"Person\",\r\n                \"name\": \"\",\r\n                \"url\": \"\"\r\n            },\r\n            \"offers\":\r\n            {\r\n                \"url\": \"https:\/\/turismevalles.com\/es\/events\/29o-ciclo-de-musica-catalana-en-santa-maria-de-palautordera\/\",\r\n                \"price\": \"\",\r\n                \"priceCurrency\": \"$\",\r\n                \"availability\": \"https:\/\/schema.org\/InStock\",\r\n                \"validFrom\": \"2026-09-05T00:00\"\r\n            },\r\n            \"performer\": \"\",\r\n            \"description\": \"Para m\u00e1s informaci\u00f3n, &lt;a href=&quot;https:\/\/www-smpalautordera-cat.translate.goog\/actualitat\/noticies\/30a-edicio-del-cicle-de-musica-catalana.html?_x_tr_sl=ca&amp;_x_tr_tl=es&amp;_x_tr_hl=esie%3DUTF-8&quot;&gt;clicar aqu\u00ed&lt;\/a&gt;\",\r\n            \"image\": \"https:\/\/turismevalles.com\/wp-content\/uploads\/2025\/07\/santaMariaPalau.jpeg\",\r\n            \"name\": \"30a. Ciclo de M\u00fasica Catalana en Santa Maria de Palautordera\",\r\n            \"url\": \"https:\/\/turismevalles.com\/es\/events\/29o-ciclo-de-musica-catalana-en-santa-maria-de-palautordera\/\"\r\n        }\r\n        <\/script>\r\n        <article class=\"mec-event-article \"><div class=\"mec-event-image\"><img loading=\"lazy\" decoding=\"async\" width=\"300\" height=\"300\" src=\"https:\/\/turismevalles.com\/wp-content\/uploads\/2025\/07\/santaMariaPalau-300x300.jpeg\" class=\"attachment-thumblist size-thumblist wp-post-image\" alt=\"\" data-mec-postid=\"64750\" srcset=\"https:\/\/turismevalles.com\/wp-content\/uploads\/2025\/07\/santaMariaPalau-300x300.jpeg 300w, https:\/\/turismevalles.com\/wp-content\/uploads\/2025\/07\/santaMariaPalau-150x150.jpeg 150w\" sizes=\"auto, (max-width: 300px) 100vw, 300px\" \/><\/div><div class=\"mec-event-time mec-color\"><span class=\"mec-sl-clock-o\"><\/span> Todo el d\u00eda<\/div><div class=\"mec-event-title\"><a class=\"mec-color-hover\"  data-event-id=\"64750\" href=\"https:\/\/turismevalles.com\/es\/events\/29o-ciclo-de-musica-catalana-en-santa-maria-de-palautordera\/\" target=\"_self\" rel=\"noopener\">30a. Ciclo de M\u00fasica Catalana en Santa Maria de Palautordera<\/a><span class=\"event-color\" style=\"background: #fdd700\"><\/span><\/div><div class=\"mec-event-detail\"><div class=\"mec-event-loc-place\"><\/div><\/div><\/article>        <script type=\"application\/ld+json\">\r\n        {\r\n            \"@context\": \"http:\/\/schema.org\",\r\n            \"@type\": \"Event\",\r\n            \"eventStatus\": \"https:\/\/schema.org\/EventScheduled\",\r\n            \"startDate\": \"2026-09-05\",\r\n            \"endDate\": \"2026-09-13\",\r\n            \"eventAttendanceMode\": \"https:\/\/schema.org\/OfflineEventAttendanceMode\",\r\n            \"location\":\r\n            {\r\n                \"@type\": \"Place\",\r\n                                \"name\": \"\",\r\n                \"image\": \"\",\r\n                \"address\": \"\"\r\n                            },\r\n            \"organizer\":\r\n            {\r\n                \"@type\": \"Person\",\r\n                \"name\": \"\",\r\n                \"url\": \"\"\r\n            },\r\n            \"offers\":\r\n            {\r\n                \"url\": \"https:\/\/turismevalles.com\/es\/events\/fiesta-mayor-en-llica-damunt-3\/\",\r\n                \"price\": \"\",\r\n                \"priceCurrency\": \"$\",\r\n                \"availability\": \"https:\/\/schema.org\/InStock\",\r\n                \"validFrom\": \"2026-09-05T00:00\"\r\n            },\r\n            \"performer\": \"\",\r\n            \"description\": \"Para m\u00e1s informaci\u00f3n, &lt;a href=&quot;http:\/\/www.llicamunt.cat&quot;&gt;clicar aqu\u00ed&lt;\/a&gt;\",\r\n            \"image\": \"https:\/\/turismevalles.com\/wp-content\/uploads\/2025\/09\/llicamunt_page-0001-2.jpg\",\r\n            \"name\": \"Fiesta Mayor en Lli\u00e7\u00e0 d&#8217;Amunt\",\r\n            \"url\": \"https:\/\/turismevalles.com\/es\/events\/fiesta-mayor-en-llica-damunt-3\/\"\r\n        }\r\n        <\/script>\r\n        <article class=\"mec-event-article \"><div class=\"mec-event-image\"><img loading=\"lazy\" decoding=\"async\" width=\"300\" height=\"300\" src=\"https:\/\/turismevalles.com\/wp-content\/uploads\/2025\/09\/llicamunt_page-0001-2-300x300.jpg\" class=\"attachment-thumblist size-thumblist wp-post-image\" alt=\"\" data-mec-postid=\"65369\" srcset=\"https:\/\/turismevalles.com\/wp-content\/uploads\/2025\/09\/llicamunt_page-0001-2-300x300.jpg 300w, https:\/\/turismevalles.com\/wp-content\/uploads\/2025\/09\/llicamunt_page-0001-2-150x150.jpg 150w\" sizes=\"auto, (max-width: 300px) 100vw, 300px\" \/><\/div><div class=\"mec-event-time mec-color\"><span class=\"mec-sl-clock-o\"><\/span> Todo el d\u00eda<\/div><div class=\"mec-event-title\"><a class=\"mec-color-hover\"  data-event-id=\"65369\" href=\"https:\/\/turismevalles.com\/es\/events\/fiesta-mayor-en-llica-damunt-3\/\" target=\"_self\" rel=\"noopener\">Fiesta Mayor en Lli\u00e7\u00e0 d&#8217;Amunt<\/a><span class=\"event-color\" style=\"background: #fdd700\"><\/span><\/div><div class=\"mec-event-detail\"><div class=\"mec-event-loc-place\"><\/div><\/div><\/article>        <script type=\"application\/ld+json\">\r\n        {\r\n            \"@context\": \"http:\/\/schema.org\",\r\n            \"@type\": \"Event\",\r\n            \"eventStatus\": \"https:\/\/schema.org\/EventScheduled\",\r\n            \"startDate\": \"2026-09-05\",\r\n            \"endDate\": \"2026-12-14\",\r\n            \"eventAttendanceMode\": \"https:\/\/schema.org\/OfflineEventAttendanceMode\",\r\n            \"location\":\r\n            {\r\n                \"@type\": \"Place\",\r\n                                \"name\": \"\",\r\n                \"image\": \"\",\r\n                \"address\": \"\"\r\n                            },\r\n            \"organizer\":\r\n            {\r\n                \"@type\": \"Person\",\r\n                \"name\": \"\",\r\n                \"url\": \"\"\r\n            },\r\n            \"offers\":\r\n            {\r\n                \"url\": \"https:\/\/turismevalles.com\/es\/events\/recorrerrido-por-sant-miquel-del-fai-bigues-i-riells-del-fai\/\",\r\n                \"price\": \"\",\r\n                \"priceCurrency\": \"$\",\r\n                \"availability\": \"https:\/\/schema.org\/InStock\",\r\n                \"validFrom\": \"2026-09-05T00:00\"\r\n            },\r\n            \"performer\": \"\",\r\n            \"description\": \"Para m\u00e1s informaci\u00f3n,&lt;a href=&quot;https:\/\/parcs.diba.cat\/es\/web\/agenda\/-\/cingles-de-berti-recorregut-per-sant-miquel-del-fai?utm_source=agenda&amp;utm_medium=correu&amp;utm_content=cingles-de-berti-recorregut-per-sant-miquel-del-fai&amp;utm_campaign=501&quot;&gt; clicar aqu\u00ed&lt;\/a&gt;    &nbsp;\",\r\n            \"image\": \"https:\/\/turismevalles.com\/wp-content\/uploads\/2026\/03\/RecorregutSMF.jpg\",\r\n            \"name\": \"Recorrerrido por Sant Miquel del Fai- Bigues i Riells del Fai_Sant Feliu de Codines\",\r\n            \"url\": \"https:\/\/turismevalles.com\/es\/events\/recorrerrido-por-sant-miquel-del-fai-bigues-i-riells-del-fai\/\"\r\n        }\r\n        <\/script>\r\n        <article class=\"mec-event-article \"><div class=\"mec-event-image\"><img loading=\"lazy\" decoding=\"async\" width=\"300\" height=\"300\" src=\"https:\/\/turismevalles.com\/wp-content\/uploads\/2026\/03\/RecorregutSMF-300x300.jpg\" class=\"attachment-thumblist size-thumblist wp-post-image\" alt=\"\" data-mec-postid=\"68822\" srcset=\"https:\/\/turismevalles.com\/wp-content\/uploads\/2026\/03\/RecorregutSMF-300x300.jpg 300w, https:\/\/turismevalles.com\/wp-content\/uploads\/2026\/03\/RecorregutSMF-150x150.jpg 150w\" sizes=\"auto, (max-width: 300px) 100vw, 300px\" \/><\/div><div class=\"mec-event-time mec-color\"><span class=\"mec-sl-clock-o\"><\/span> Todo el d\u00eda<\/div><div class=\"mec-event-title\"><a class=\"mec-color-hover\"  data-event-id=\"68822\" href=\"https:\/\/turismevalles.com\/es\/events\/recorrerrido-por-sant-miquel-del-fai-bigues-i-riells-del-fai\/\" target=\"_self\" rel=\"noopener\">Recorrerrido por Sant Miquel del Fai- Bigues i Riells del Fai_Sant Feliu de Codines<\/a><span class=\"event-color\" style=\"background: #fdd700\"><\/span><\/div><div class=\"mec-event-detail\"><div class=\"mec-event-loc-place\"><\/div><\/div><\/article>        <script type=\"application\/ld+json\">\r\n        {\r\n            \"@context\": \"http:\/\/schema.org\",\r\n            \"@type\": \"Event\",\r\n            \"eventStatus\": \"https:\/\/schema.org\/EventScheduled\",\r\n            \"startDate\": \"2026-09-05\",\r\n            \"endDate\": \"2026-09-05\",\r\n            \"eventAttendanceMode\": \"https:\/\/schema.org\/OfflineEventAttendanceMode\",\r\n            \"location\":\r\n            {\r\n                \"@type\": \"Place\",\r\n                                \"name\": \"\",\r\n                \"image\": \"\",\r\n                \"address\": \"\"\r\n                            },\r\n            \"organizer\":\r\n            {\r\n                \"@type\": \"Person\",\r\n                \"name\": \"\",\r\n                \"url\": \"\"\r\n            },\r\n            \"offers\":\r\n            {\r\n                \"url\": \"https:\/\/turismevalles.com\/es\/events\/cine-alhambra-al-aire-libre-en-la-garriga\/\",\r\n                \"price\": \"\",\r\n                \"priceCurrency\": \"$\",\r\n                \"availability\": \"https:\/\/schema.org\/InStock\",\r\n                \"validFrom\": \"2026-09-05T00:00\"\r\n            },\r\n            \"performer\": \"\",\r\n            \"description\": \"Para m\u00e1s informaci\u00f3n y consulta del programa, &lt;a href=&quot;https:\/\/www.visitalagarriga.cat\/ca\/cinema-alhambra-la-fresca-1&quot;&gt;clicar aqu\u00ed&lt;\/a&gt;\",\r\n            \"image\": \"https:\/\/turismevalles.com\/wp-content\/uploads\/2026\/07\/Alhambra_a_la_fresca.jpeg\",\r\n            \"name\": \"Cine Alhambra al aire libre_ La Garriga\",\r\n            \"url\": \"https:\/\/turismevalles.com\/es\/events\/cine-alhambra-al-aire-libre-en-la-garriga\/\"\r\n        }\r\n        <\/script>\r\n        <article class=\"mec-event-article \"><div class=\"mec-event-image\"><img loading=\"lazy\" decoding=\"async\" width=\"300\" height=\"300\" src=\"https:\/\/turismevalles.com\/wp-content\/uploads\/2026\/07\/Alhambra_a_la_fresca-300x300.jpeg\" class=\"attachment-thumblist size-thumblist wp-post-image\" alt=\"\" data-mec-postid=\"71986\" srcset=\"https:\/\/turismevalles.com\/wp-content\/uploads\/2026\/07\/Alhambra_a_la_fresca-300x300.jpeg 300w, https:\/\/turismevalles.com\/wp-content\/uploads\/2026\/07\/Alhambra_a_la_fresca-150x150.jpeg 150w\" sizes=\"auto, (max-width: 300px) 100vw, 300px\" \/><\/div><div class=\"mec-event-time mec-color\"><span class=\"mec-sl-clock-o\"><\/span> Todo el d\u00eda<\/div><div class=\"mec-event-title\"><a class=\"mec-color-hover\"  data-event-id=\"71986\" href=\"https:\/\/turismevalles.com\/es\/events\/cine-alhambra-al-aire-libre-en-la-garriga\/\" target=\"_self\" rel=\"noopener\">Cine Alhambra al aire libre_ La Garriga<\/a><span class=\"event-color\" style=\"background: #fdd700\"><\/span><\/div><div class=\"mec-event-detail\"><div class=\"mec-event-loc-place\"><\/div><\/div><\/article>        <script type=\"application\/ld+json\">\r\n        {\r\n            \"@context\": \"http:\/\/schema.org\",\r\n            \"@type\": \"Event\",\r\n            \"eventStatus\": \"https:\/\/schema.org\/EventScheduled\",\r\n            \"startDate\": \"2026-09-05\",\r\n            \"endDate\": \"2026-09-06\",\r\n            \"eventAttendanceMode\": \"https:\/\/schema.org\/OfflineEventAttendanceMode\",\r\n            \"location\":\r\n            {\r\n                \"@type\": \"Place\",\r\n                                \"name\": \"\",\r\n                \"image\": \"\",\r\n                \"address\": \"\"\r\n                            },\r\n            \"organizer\":\r\n            {\r\n                \"@type\": \"Person\",\r\n                \"name\": \"\",\r\n                \"url\": \"\"\r\n            },\r\n            \"offers\":\r\n            {\r\n                \"url\": \"https:\/\/turismevalles.com\/es\/events\/fiesta-mayor-de-tagamanent\/\",\r\n                \"price\": \"\",\r\n                \"priceCurrency\": \"$\",\r\n                \"availability\": \"https:\/\/schema.org\/InStock\",\r\n                \"validFrom\": \"2026-09-05T00:00\"\r\n            },\r\n            \"performer\": \"\",\r\n            \"description\": \"Para m\u00e1s informaci\u00f3n, &lt;a href=&quot;https:\/\/tagamanent.cat\/festa-major-de-tagamanent-del-4-al-6-de-setembre\/&quot;&gt;clicar aqu\u00ed&lt;\/a&gt;\",\r\n            \"image\": \"https:\/\/turismevalles.com\/wp-content\/uploads\/2026\/08\/TAGA.jpg\",\r\n            \"name\": \"Fiesta Mayor de Tagamanent\",\r\n            \"url\": \"https:\/\/turismevalles.com\/es\/events\/fiesta-mayor-de-tagamanent\/\"\r\n        }\r\n        <\/script>\r\n        <article class=\"mec-event-article \"><div class=\"mec-event-image\"><img loading=\"lazy\" decoding=\"async\" width=\"300\" height=\"300\" src=\"https:\/\/turismevalles.com\/wp-content\/uploads\/2026\/08\/TAGA-300x300.jpg\" class=\"attachment-thumblist size-thumblist wp-post-image\" alt=\"\" data-mec-postid=\"73534\" srcset=\"https:\/\/turismevalles.com\/wp-content\/uploads\/2026\/08\/TAGA-300x300.jpg 300w, https:\/\/turismevalles.com\/wp-content\/uploads\/2026\/08\/TAGA-150x150.jpg 150w\" sizes=\"auto, (max-width: 300px) 100vw, 300px\" \/><\/div><div class=\"mec-event-time mec-color\"><span class=\"mec-sl-clock-o\"><\/span> Todo el d\u00eda<\/div><div class=\"mec-event-title\"><a class=\"mec-color-hover\"  data-event-id=\"73534\" href=\"https:\/\/turismevalles.com\/es\/events\/fiesta-mayor-de-tagamanent\/\" target=\"_self\" rel=\"noopener\">Fiesta Mayor de Tagamanent<\/a><span class=\"event-color\" style=\"background: #fdd700\"><\/span><\/div><div class=\"mec-event-detail\"><div class=\"mec-event-loc-place\"><\/div><\/div><\/article>        <script type=\"application\/ld+json\">\r\n        {\r\n            \"@context\": \"http:\/\/schema.org\",\r\n            \"@type\": \"Event\",\r\n            \"eventStatus\": \"https:\/\/schema.org\/EventScheduled\",\r\n            \"startDate\": \"2026-09-05\",\r\n            \"endDate\": \"2026-09-06\",\r\n            \"eventAttendanceMode\": \"https:\/\/schema.org\/OfflineEventAttendanceMode\",\r\n            \"location\":\r\n            {\r\n                \"@type\": \"Place\",\r\n                                \"name\": \"\",\r\n                \"image\": \"\",\r\n                \"address\": \"\"\r\n                            },\r\n            \"organizer\":\r\n            {\r\n                \"@type\": \"Person\",\r\n                \"name\": \"\",\r\n                \"url\": \"\"\r\n            },\r\n            \"offers\":\r\n            {\r\n                \"url\": \"https:\/\/turismevalles.com\/es\/events\/torneo-de-historicos-del-valles-oriental-2026_-granollers-martorelles-y-caldes-de-montbui\/\",\r\n                \"price\": \"\",\r\n                \"priceCurrency\": \"$\",\r\n                \"availability\": \"https:\/\/schema.org\/InStock\",\r\n                \"validFrom\": \"2026-09-05T00:00\"\r\n            },\r\n            \"performer\": \"\",\r\n            \"description\": \"Para m\u00e1s informaci\u00f3n, &lt;a href=&quot;https:\/\/www-vallesoriental-cat.translate.goog\/actualitat\/noticies\/el-torneig-dhistorics-del-valles-oriental-2026-se-celebrara-del-28-dagost-al-6-de-setembre-.html?_x_tr_sl=ca&amp;_x_tr_tl=es&amp;_x_tr_hl=esie%3DUTF-8&quot;&gt;clicar aqu\u00ed&lt;\/a&gt;\",\r\n            \"image\": \"https:\/\/turismevalles.com\/wp-content\/uploads\/2026\/08\/consell.png\",\r\n            \"name\": \"Torneo de hist\u00f3ricos del Vall\u00e8s Oriental 2026_ Granollers- Martorelles y Caldes de Montbui\",\r\n            \"url\": \"https:\/\/turismevalles.com\/es\/events\/torneo-de-historicos-del-valles-oriental-2026_-granollers-martorelles-y-caldes-de-montbui\/\"\r\n        }\r\n        <\/script>\r\n        <article class=\"mec-event-article \"><div class=\"mec-event-image\"><img loading=\"lazy\" decoding=\"async\" width=\"300\" height=\"300\" src=\"https:\/\/turismevalles.com\/wp-content\/uploads\/2026\/08\/consell-300x300.png\" class=\"attachment-thumblist size-thumblist wp-post-image\" alt=\"\" data-mec-postid=\"73544\" srcset=\"https:\/\/turismevalles.com\/wp-content\/uploads\/2026\/08\/consell-300x300.png 300w, https:\/\/turismevalles.com\/wp-content\/uploads\/2026\/08\/consell-150x150.png 150w\" sizes=\"auto, (max-width: 300px) 100vw, 300px\" \/><\/div><div class=\"mec-event-time mec-color\"><span class=\"mec-sl-clock-o\"><\/span> Todo el d\u00eda<\/div><div class=\"mec-event-title\"><a class=\"mec-color-hover\"  data-event-id=\"73544\" href=\"https:\/\/turismevalles.com\/es\/events\/torneo-de-historicos-del-valles-oriental-2026_-granollers-martorelles-y-caldes-de-montbui\/\" target=\"_self\" rel=\"noopener\">Torneo de hist\u00f3ricos del Vall\u00e8s Oriental 2026_ Granollers- Martorelles y Caldes de Montbui<\/a><span class=\"event-color\" style=\"background: #fdd700\"><\/span><\/div><div class=\"mec-event-detail\"><div class=\"mec-event-loc-place\"><\/div><\/div><\/article>        <script type=\"application\/ld+json\">\r\n        {\r\n            \"@context\": \"http:\/\/schema.org\",\r\n            \"@type\": \"Event\",\r\n            \"eventStatus\": \"https:\/\/schema.org\/EventScheduled\",\r\n            \"startDate\": \"2026-09-05\",\r\n            \"endDate\": \"2026-09-06\",\r\n            \"eventAttendanceMode\": \"https:\/\/schema.org\/OfflineEventAttendanceMode\",\r\n            \"location\":\r\n            {\r\n                \"@type\": \"Place\",\r\n                                \"name\": \"Lli\u00e7\u00e0 d\u2019Amunt\",\r\n                \"image\": \"\",\r\n                \"address\": \"\"\r\n                            },\r\n            \"organizer\":\r\n            {\r\n                \"@type\": \"Person\",\r\n                \"name\": \"Ajuntament de Lli\u00e7a d' Amunt\",\r\n                \"url\": \"\"\r\n            },\r\n            \"offers\":\r\n            {\r\n                \"url\": \"https:\/\/turismevalles.com\/es\/events\/24h-ciclomotors-vall-del-tenes-llica-d-amunt\/\",\r\n                \"price\": \"\",\r\n                \"priceCurrency\": \"$\",\r\n                \"availability\": \"https:\/\/schema.org\/InStock\",\r\n                \"validFrom\": \"2026-09-05T00:00\"\r\n            },\r\n            \"performer\": \"\",\r\n            \"description\": \"Para m\u00e1s informaci\u00f3n, &lt;a href=&quot;https:\/\/24hores.cat\/&quot;&gt;clicar aqu\u00ed&lt;\/a&gt;\",\r\n            \"image\": \"https:\/\/turismevalles.com\/wp-content\/uploads\/2021\/08\/24h-llica.jpg\",\r\n            \"name\": \"45 Edici\u00f3n de las 24 horas internacionales de resistencia en ciclomotores de la Vall del Tenes- Lli\u00e7\u00e0 d&#8217;Amunt\",\r\n            \"url\": \"https:\/\/turismevalles.com\/es\/events\/24h-ciclomotors-vall-del-tenes-llica-d-amunt\/\"\r\n        }\r\n        <\/script>\r\n        <article class=\"mec-event-article \"><div class=\"mec-event-image\"><img loading=\"lazy\" decoding=\"async\" width=\"300\" height=\"300\" src=\"https:\/\/turismevalles.com\/wp-content\/uploads\/2021\/08\/24h-llica-300x300.jpg\" class=\"attachment-thumblist size-thumblist wp-post-image\" alt=\"\" data-mec-postid=\"15149\" srcset=\"https:\/\/turismevalles.com\/wp-content\/uploads\/2021\/08\/24h-llica-300x300.jpg 300w, https:\/\/turismevalles.com\/wp-content\/uploads\/2021\/08\/24h-llica-150x150.jpg 150w\" sizes=\"auto, (max-width: 300px) 100vw, 300px\" \/><\/div><div class=\"mec-event-time mec-color\"><span class=\"mec-sl-clock-o\"><\/span> Todo el d\u00eda<\/div><div class=\"mec-event-title\"><a class=\"mec-color-hover\"  data-event-id=\"15149\" href=\"https:\/\/turismevalles.com\/es\/events\/24h-ciclomotors-vall-del-tenes-llica-d-amunt\/\" target=\"_self\" rel=\"noopener\">45 Edici\u00f3n de las 24 horas internacionales de resistencia en ciclomotores de la Vall del Tenes- Lli\u00e7\u00e0 d&#8217;Amunt<\/a><span class=\"event-color\" style=\"background: #fdd700\"><\/span><\/div><div class=\"mec-event-detail\"><div class=\"mec-event-loc-place\">Lli\u00e7\u00e0 d\u2019Amunt<\/div><\/div><\/article>        <script type=\"application\/ld+json\">\r\n        {\r\n            \"@context\": \"http:\/\/schema.org\",\r\n            \"@type\": \"Event\",\r\n            \"eventStatus\": \"https:\/\/schema.org\/EventScheduled\",\r\n            \"startDate\": \"2026-09-05\",\r\n            \"endDate\": \"2026-09-06\",\r\n            \"eventAttendanceMode\": \"https:\/\/schema.org\/OfflineEventAttendanceMode\",\r\n            \"location\":\r\n            {\r\n                \"@type\": \"Place\",\r\n                                \"name\": \"\",\r\n                \"image\": \"\",\r\n                \"address\": \"\"\r\n                            },\r\n            \"organizer\":\r\n            {\r\n                \"@type\": \"Person\",\r\n                \"name\": \"\",\r\n                \"url\": \"\"\r\n            },\r\n            \"offers\":\r\n            {\r\n                \"url\": \"https:\/\/turismevalles.com\/es\/events\/visita-gratuita-al-museu-cardedeu\/\",\r\n                \"price\": \"\",\r\n                \"priceCurrency\": \"$\",\r\n                \"availability\": \"https:\/\/schema.org\/InStock\",\r\n                \"validFrom\": \"2026-09-05T00:00\"\r\n            },\r\n            \"performer\": \"\",\r\n            \"description\": \"Ven y visita el museo gratuitamente cada primer fin de semana de mes!    Conoce el pasado y presente de Cardedeu y una de las farmacias rurales m\u00e1s antiguas de Europa.    Adem\u00e1s, cada s\u00e1bado a las 18h y domingos a las 12h se har\u00e1 una visita guiada en la sala de exposiciones temporales  de la planta baja del museo, y coincidiendo con el primer fin de semana, la visita se har\u00e1 a todas las salas.    El horario del museo es:  De martes a s\u00e1bado de 10 a 14h y de 16 a 19h  Domingos y festivos de 10 a 14h    excepto los domingos de marzo a junio y de octubre a noviembre.    Info: &lt;a href=&quot;https:\/\/museudecardedeu.cat\/agenda\/&quot;&gt;https:\/\/museudecardedeu.cat\/agenda\/&lt;\/a&gt;\",\r\n            \"image\": \"https:\/\/turismevalles.com\/wp-content\/uploads\/2023\/03\/025_museu.jpg\",\r\n            \"name\": \"Visita gratuita al Museo Cardedeu\",\r\n            \"url\": \"https:\/\/turismevalles.com\/es\/events\/visita-gratuita-al-museu-cardedeu\/\"\r\n        }\r\n        <\/script>\r\n        <article class=\"mec-past-event mec-event-article \"><div class=\"mec-event-image\"><img loading=\"lazy\" decoding=\"async\" width=\"300\" height=\"300\" src=\"https:\/\/turismevalles.com\/wp-content\/uploads\/2023\/03\/025_museu-300x300.jpg\" class=\"attachment-thumblist size-thumblist wp-post-image\" alt=\"\" data-mec-postid=\"25231\" srcset=\"https:\/\/turismevalles.com\/wp-content\/uploads\/2023\/03\/025_museu-300x300.jpg 300w, https:\/\/turismevalles.com\/wp-content\/uploads\/2023\/03\/025_museu-150x150.jpg 150w\" sizes=\"auto, (max-width: 300px) 100vw, 300px\" \/><\/div><div class=\"mec-event-title\"><a class=\"mec-color-hover\"  data-event-id=\"25231\" href=\"https:\/\/turismevalles.com\/es\/events\/visita-gratuita-al-museu-cardedeu\/\" target=\"_self\" rel=\"noopener\">Visita gratuita al Museo Cardedeu<\/a><span class=\"event-color\" style=\"background: #fdd700\"><\/span><\/div><div class=\"mec-event-detail\"><div class=\"mec-event-loc-place\"><\/div><\/div><\/article>        <script type=\"application\/ld+json\">\r\n        {\r\n            \"@context\": \"http:\/\/schema.org\",\r\n            \"@type\": \"Event\",\r\n            \"eventStatus\": \"https:\/\/schema.org\/EventScheduled\",\r\n            \"startDate\": \"2026-09-05\",\r\n            \"endDate\": \"2026-09-05\",\r\n            \"eventAttendanceMode\": \"https:\/\/schema.org\/OfflineEventAttendanceMode\",\r\n            \"location\":\r\n            {\r\n                \"@type\": \"Place\",\r\n                                \"name\": \"\",\r\n                \"image\": \"\",\r\n                \"address\": \"\"\r\n                            },\r\n            \"organizer\":\r\n            {\r\n                \"@type\": \"Person\",\r\n                \"name\": \"\",\r\n                \"url\": \"\"\r\n            },\r\n            \"offers\":\r\n            {\r\n                \"url\": \"https:\/\/turismevalles.com\/es\/events\/la-gran-feria-comercio-en-la-calles-de-granollers\/\",\r\n                \"price\": \"\",\r\n                \"priceCurrency\": \"$\",\r\n                \"availability\": \"https:\/\/schema.org\/InStock\",\r\n                \"validFrom\": \"2026-09-05T00:00\"\r\n            },\r\n            \"performer\": \"\",\r\n            \"description\": \"Para m\u00e1s informaci\u00f3n, &lt;a href=&quot;https:\/\/www.visitgranollers.com\/es\/agenda\/la-gran-feria-en-la-calle\/&quot;&gt;clicar aqu\u00ed&lt;\/a&gt;    &nbsp;\",\r\n            \"image\": \"https:\/\/turismevalles.com\/wp-content\/uploads\/2024\/02\/grancentre-1-scaled.jpg\",\r\n            \"name\": \"La Gran Feria Comercio en la calles de Granollers\",\r\n            \"url\": \"https:\/\/turismevalles.com\/es\/events\/la-gran-feria-comercio-en-la-calles-de-granollers\/\"\r\n        }\r\n        <\/script>\r\n        <article class=\"mec-event-article \"><div class=\"mec-event-image\"><img loading=\"lazy\" decoding=\"async\" width=\"300\" height=\"300\" src=\"https:\/\/turismevalles.com\/wp-content\/uploads\/2024\/02\/grancentre-1-300x300.jpg\" class=\"attachment-thumblist size-thumblist wp-post-image\" alt=\"\" data-mec-postid=\"53625\" srcset=\"https:\/\/turismevalles.com\/wp-content\/uploads\/2024\/02\/grancentre-1-300x300.jpg 300w, https:\/\/turismevalles.com\/wp-content\/uploads\/2024\/02\/grancentre-1-150x150.jpg 150w\" sizes=\"auto, (max-width: 300px) 100vw, 300px\" \/><\/div><div class=\"mec-event-time mec-color\"><span class=\"mec-sl-clock-o\"><\/span> Todo el d\u00eda<\/div><div class=\"mec-event-title\"><a class=\"mec-color-hover\"  data-event-id=\"53625\" href=\"https:\/\/turismevalles.com\/es\/events\/la-gran-feria-comercio-en-la-calles-de-granollers\/\" target=\"_self\" rel=\"noopener\">La Gran Feria Comercio en la calles de Granollers<\/a><span class=\"event-color\" style=\"background: #fdd700\"><\/span><\/div><div class=\"mec-event-detail\"><div class=\"mec-event-loc-place\"><\/div><\/div><\/article>        <script type=\"application\/ld+json\">\r\n        {\r\n            \"@context\": \"http:\/\/schema.org\",\r\n            \"@type\": \"Event\",\r\n            \"eventStatus\": \"https:\/\/schema.org\/EventScheduled\",\r\n            \"startDate\": \"2026-09-05\",\r\n            \"endDate\": \"2026-09-05\",\r\n            \"eventAttendanceMode\": \"https:\/\/schema.org\/OfflineEventAttendanceMode\",\r\n            \"location\":\r\n            {\r\n                \"@type\": \"Place\",\r\n                                \"name\": \"\",\r\n                \"image\": \"\",\r\n                \"address\": \"\"\r\n                            },\r\n            \"organizer\":\r\n            {\r\n                \"@type\": \"Person\",\r\n                \"name\": \"\",\r\n                \"url\": \"\"\r\n            },\r\n            \"offers\":\r\n            {\r\n                \"url\": \"https:\/\/turismevalles.com\/es\/events\/mercado-del-trasto-en-santa-maria-de-palautordera\/\",\r\n                \"price\": \"\",\r\n                \"priceCurrency\": \"$\",\r\n                \"availability\": \"https:\/\/schema.org\/InStock\",\r\n                \"validFrom\": \"2026-09-05T00:00\"\r\n            },\r\n            \"performer\": \"\",\r\n            \"description\": \"Para m\u00e1s informaci\u00f3n, &lt;a href=&quot;https:\/\/www-smpalautordera-cat.translate.goog\/actualitat\/agenda\/11335-mercat-del-trasto.html?_x_tr_sl=ca&amp;_x_tr_tl=es&amp;_x_tr_hl=esie%3DUTF-8&quot;&gt;clicar aqu\u00ed&lt;\/a&gt;\",\r\n            \"image\": \"https:\/\/turismevalles.com\/wp-content\/uploads\/2026\/02\/stamariapalau.jpg\",\r\n            \"name\": \"Mercado del Trasto en Santa Maria de Palautordera\",\r\n            \"url\": \"https:\/\/turismevalles.com\/es\/events\/mercado-del-trasto-en-santa-maria-de-palautordera\/\"\r\n        }\r\n        <\/script>\r\n        <article class=\"mec-event-article \"><div class=\"mec-event-image\"><img loading=\"lazy\" decoding=\"async\" width=\"300\" height=\"300\" src=\"https:\/\/turismevalles.com\/wp-content\/uploads\/2026\/02\/stamariapalau-300x300.jpg\" class=\"attachment-thumblist size-thumblist wp-post-image\" alt=\"\" data-mec-postid=\"68376\" srcset=\"https:\/\/turismevalles.com\/wp-content\/uploads\/2026\/02\/stamariapalau-300x300.jpg 300w, https:\/\/turismevalles.com\/wp-content\/uploads\/2026\/02\/stamariapalau-150x150.jpg 150w\" sizes=\"auto, (max-width: 300px) 100vw, 300px\" \/><\/div><div class=\"mec-event-time mec-color\"><span class=\"mec-sl-clock-o\"><\/span> Todo el d\u00eda<\/div><div class=\"mec-event-title\"><a class=\"mec-color-hover\"  data-event-id=\"68376\" href=\"https:\/\/turismevalles.com\/es\/events\/mercado-del-trasto-en-santa-maria-de-palautordera\/\" target=\"_self\" rel=\"noopener\">Mercado del Trasto en Santa Maria de Palautordera<\/a><span class=\"event-color\" style=\"background: #fdd700\"><\/span><\/div><div class=\"mec-event-detail\"><div class=\"mec-event-loc-place\"><\/div><\/div><\/article>        <script type=\"application\/ld+json\">\r\n        {\r\n            \"@context\": \"http:\/\/schema.org\",\r\n            \"@type\": \"Event\",\r\n            \"eventStatus\": \"https:\/\/schema.org\/EventScheduled\",\r\n            \"startDate\": \"2026-09-05\",\r\n            \"endDate\": \"2026-09-05\",\r\n            \"eventAttendanceMode\": \"https:\/\/schema.org\/OfflineEventAttendanceMode\",\r\n            \"location\":\r\n            {\r\n                \"@type\": \"Place\",\r\n                                \"name\": \"\",\r\n                \"image\": \"\",\r\n                \"address\": \"\"\r\n                            },\r\n            \"organizer\":\r\n            {\r\n                \"@type\": \"Person\",\r\n                \"name\": \"\",\r\n                \"url\": \"\"\r\n            },\r\n            \"offers\":\r\n            {\r\n                \"url\": \"https:\/\/turismevalles.com\/es\/events\/rally-coches-clasicos-de-la-garriga-a-puigcerda\/\",\r\n                \"price\": \"\",\r\n                \"priceCurrency\": \"$\",\r\n                \"availability\": \"https:\/\/schema.org\/InStock\",\r\n                \"validFrom\": \"2026-09-05T00:00\"\r\n            },\r\n            \"performer\": \"\",\r\n            \"description\": \"Para m\u00e1s informaci\u00f3n, &lt;a href=&quot;https:\/\/www.visitalagarriga.cat\/es\/rally-la-garriga-puigcerda&quot;&gt;clicar aqu\u00ed&lt;\/a&gt;\",\r\n            \"image\": \"https:\/\/turismevalles.com\/wp-content\/uploads\/2026\/08\/Raaly-classics.png\",\r\n            \"name\": \"Rally Coches Cl\u00e1sicos de La Garriga a Puigcerd\u00e0\",\r\n            \"url\": \"https:\/\/turismevalles.com\/es\/events\/rally-coches-clasicos-de-la-garriga-a-puigcerda\/\"\r\n        }\r\n        <\/script>\r\n        <article class=\"mec-event-article \"><div class=\"mec-event-image\"><img loading=\"lazy\" decoding=\"async\" width=\"300\" height=\"266\" src=\"https:\/\/turismevalles.com\/wp-content\/uploads\/2026\/08\/Raaly-classics-300x266.png\" class=\"attachment-thumblist size-thumblist wp-post-image\" alt=\"\" data-mec-postid=\"73186\" \/><\/div><div class=\"mec-event-time mec-color\"><span class=\"mec-sl-clock-o\"><\/span> Todo el d\u00eda<\/div><div class=\"mec-event-title\"><a class=\"mec-color-hover\"  data-event-id=\"73186\" href=\"https:\/\/turismevalles.com\/es\/events\/rally-coches-clasicos-de-la-garriga-a-puigcerda\/\" target=\"_self\" rel=\"noopener\">Rally Coches Cl\u00e1sicos de La Garriga a Puigcerd\u00e0<\/a><span class=\"event-color\" style=\"background: #fdd700\"><\/span><\/div><div class=\"mec-event-detail\"><div class=\"mec-event-loc-place\"><\/div><\/div><\/article>        <script type=\"application\/ld+json\">\r\n        {\r\n            \"@context\": \"http:\/\/schema.org\",\r\n            \"@type\": \"Event\",\r\n            \"eventStatus\": \"https:\/\/schema.org\/EventScheduled\",\r\n            \"startDate\": \"2026-09-05\",\r\n            \"endDate\": \"2026-09-05\",\r\n            \"eventAttendanceMode\": \"https:\/\/schema.org\/OfflineEventAttendanceMode\",\r\n            \"location\":\r\n            {\r\n                \"@type\": \"Place\",\r\n                                \"name\": \"\",\r\n                \"image\": \"\",\r\n                \"address\": \"\"\r\n                            },\r\n            \"organizer\":\r\n            {\r\n                \"@type\": \"Person\",\r\n                \"name\": \"\",\r\n                \"url\": \"\"\r\n            },\r\n            \"offers\":\r\n            {\r\n                \"url\": \"https:\/\/turismevalles.com\/es\/events\/48e-fiesta-de-la-sardana-en-martorelles\/\",\r\n                \"price\": \"\",\r\n                \"priceCurrency\": \"$\",\r\n                \"availability\": \"https:\/\/schema.org\/InStock\",\r\n                \"validFrom\": \"2026-09-05T00:00\"\r\n            },\r\n            \"performer\": \"\",\r\n            \"description\": \"Para m\u00e1s informaci\u00f3n,&lt;a href=&quot;https:\/\/www-martorelles-cat.translate.goog\/informat\/agenda\/fm26-48e-aplec-de-la-sardana-de-martorelles.html?_x_tr_sl=ca&amp;_x_tr_tl=es&amp;_x_tr_hl=esie%3DUTF-8&quot;&gt; clicar aqu\u00ed&lt;\/a&gt;\",\r\n            \"image\": \"https:\/\/turismevalles.com\/wp-content\/uploads\/2024\/08\/marto.jpeg\",\r\n            \"name\": \"48\u00e8. Fiesta de la Sardana en Martorelles\",\r\n            \"url\": \"https:\/\/turismevalles.com\/es\/events\/48e-fiesta-de-la-sardana-en-martorelles\/\"\r\n        }\r\n        <\/script>\r\n        <article class=\"mec-event-article \"><div class=\"mec-event-image\"><img loading=\"lazy\" decoding=\"async\" width=\"300\" height=\"300\" src=\"https:\/\/turismevalles.com\/wp-content\/uploads\/2024\/08\/marto-300x300.jpeg\" class=\"attachment-thumblist size-thumblist wp-post-image\" alt=\"\" data-mec-postid=\"73333\" srcset=\"https:\/\/turismevalles.com\/wp-content\/uploads\/2024\/08\/marto-300x300.jpeg 300w, https:\/\/turismevalles.com\/wp-content\/uploads\/2024\/08\/marto-150x150.jpeg 150w\" sizes=\"auto, (max-width: 300px) 100vw, 300px\" \/><\/div><div class=\"mec-event-time mec-color\"><span class=\"mec-sl-clock-o\"><\/span> Todo el d\u00eda<\/div><div class=\"mec-event-title\"><a class=\"mec-color-hover\"  data-event-id=\"73333\" href=\"https:\/\/turismevalles.com\/es\/events\/48e-fiesta-de-la-sardana-en-martorelles\/\" target=\"_self\" rel=\"noopener\">48\u00e8. Fiesta de la Sardana en Martorelles<\/a><span class=\"event-color\" style=\"background: #fdd700\"><\/span><\/div><div class=\"mec-event-detail\"><div class=\"mec-event-loc-place\"><\/div><\/div><\/article>        <script type=\"application\/ld+json\">\r\n        {\r\n            \"@context\": \"http:\/\/schema.org\",\r\n            \"@type\": \"Event\",\r\n            \"eventStatus\": \"https:\/\/schema.org\/EventScheduled\",\r\n            \"startDate\": \"2026-09-05\",\r\n            \"endDate\": \"2026-09-05\",\r\n            \"eventAttendanceMode\": \"https:\/\/schema.org\/OfflineEventAttendanceMode\",\r\n            \"location\":\r\n            {\r\n                \"@type\": \"Place\",\r\n                                \"name\": \"\",\r\n                \"image\": \"\",\r\n                \"address\": \"\"\r\n                            },\r\n            \"organizer\":\r\n            {\r\n                \"@type\": \"Person\",\r\n                \"name\": \"\",\r\n                \"url\": \"\"\r\n            },\r\n            \"offers\":\r\n            {\r\n                \"url\": \"https:\/\/turismevalles.com\/es\/events\/festival-internacional-folkore-en-santa-maria-de-palautordera\/\",\r\n                \"price\": \"\",\r\n                \"priceCurrency\": \"$\",\r\n                \"availability\": \"https:\/\/schema.org\/InStock\",\r\n                \"validFrom\": \"2026-09-05T00:00\"\r\n            },\r\n            \"performer\": \"\",\r\n            \"description\": \"Para m\u00e1s informaci\u00f3n,&lt;a href=&quot;https:\/\/www.smpalautordera.cat\/actualitat\/agenda\/11696-jornades-internacionals-folkloriques.html&quot;&gt; clicar aqu\u00ed&lt;\/a&gt;\",\r\n            \"image\": \"https:\/\/turismevalles.com\/wp-content\/uploads\/2026\/08\/StaMdP.jpg\",\r\n            \"name\": \"Festival Internacional Folkore en Santa Maria de Palautordera\",\r\n            \"url\": \"https:\/\/turismevalles.com\/es\/events\/festival-internacional-folkore-en-santa-maria-de-palautordera\/\"\r\n        }\r\n        <\/script>\r\n        <article class=\"mec-event-article \"><div class=\"mec-event-image\"><img loading=\"lazy\" decoding=\"async\" width=\"300\" height=\"300\" src=\"https:\/\/turismevalles.com\/wp-content\/uploads\/2026\/08\/StaMdP-300x300.jpg\" class=\"attachment-thumblist size-thumblist wp-post-image\" alt=\"\" data-mec-postid=\"73517\" srcset=\"https:\/\/turismevalles.com\/wp-content\/uploads\/2026\/08\/StaMdP-300x300.jpg 300w, https:\/\/turismevalles.com\/wp-content\/uploads\/2026\/08\/StaMdP-1024x1024.jpg 1024w, https:\/\/turismevalles.com\/wp-content\/uploads\/2026\/08\/StaMdP-150x150.jpg 150w, https:\/\/turismevalles.com\/wp-content\/uploads\/2026\/08\/StaMdP-768x768.jpg 768w, https:\/\/turismevalles.com\/wp-content\/uploads\/2026\/08\/StaMdP.jpg 1080w\" sizes=\"auto, (max-width: 300px) 100vw, 300px\" \/><\/div><div class=\"mec-event-time mec-color\"><span class=\"mec-sl-clock-o\"><\/span> Todo el d\u00eda<\/div><div class=\"mec-event-title\"><a class=\"mec-color-hover\"  data-event-id=\"73517\" href=\"https:\/\/turismevalles.com\/es\/events\/festival-internacional-folkore-en-santa-maria-de-palautordera\/\" target=\"_self\" rel=\"noopener\">Festival Internacional Folkore en Santa Maria de Palautordera<\/a><span class=\"event-color\" style=\"background: #fdd700\"><\/span><\/div><div class=\"mec-event-detail\"><div class=\"mec-event-loc-place\"><\/div><\/div><\/article><\/div><div class=\"mec-calendar-events-sec\" data-mec-cell=\"20260906\" ><div class=\"mec-table-side-title\">Eventos para <span class=\"mec-color mec-table-side-day\"> 6<\/span> septiembre<\/div>        <script type=\"application\/ld+json\">\r\n        {\r\n            \"@context\": \"http:\/\/schema.org\",\r\n            \"@type\": \"Event\",\r\n            \"eventStatus\": \"https:\/\/schema.org\/EventScheduled\",\r\n            \"startDate\": \"2026-09-06\",\r\n            \"endDate\": \"2026-09-07\",\r\n            \"eventAttendanceMode\": \"https:\/\/schema.org\/OfflineEventAttendanceMode\",\r\n            \"location\":\r\n            {\r\n                \"@type\": \"Place\",\r\n                                \"name\": \"\",\r\n                \"image\": \"\",\r\n                \"address\": \"\"\r\n                            },\r\n            \"organizer\":\r\n            {\r\n                \"@type\": \"Person\",\r\n                \"name\": \"\",\r\n                \"url\": \"\"\r\n            },\r\n            \"offers\":\r\n            {\r\n                \"url\": \"https:\/\/turismevalles.com\/es\/events\/visita-gratuita-al-museu-cardedeu\/\",\r\n                \"price\": \"\",\r\n                \"priceCurrency\": \"$\",\r\n                \"availability\": \"https:\/\/schema.org\/InStock\",\r\n                \"validFrom\": \"2026-09-06T00:00\"\r\n            },\r\n            \"performer\": \"\",\r\n            \"description\": \"Ven y visita el museo gratuitamente cada primer fin de semana de mes!    Conoce el pasado y presente de Cardedeu y una de las farmacias rurales m\u00e1s antiguas de Europa.    Adem\u00e1s, cada s\u00e1bado a las 18h y domingos a las 12h se har\u00e1 una visita guiada en la sala de exposiciones temporales  de la planta baja del museo, y coincidiendo con el primer fin de semana, la visita se har\u00e1 a todas las salas.    El horario del museo es:  De martes a s\u00e1bado de 10 a 14h y de 16 a 19h  Domingos y festivos de 10 a 14h    excepto los domingos de marzo a junio y de octubre a noviembre.    Info: &lt;a href=&quot;https:\/\/museudecardedeu.cat\/agenda\/&quot;&gt;https:\/\/museudecardedeu.cat\/agenda\/&lt;\/a&gt;\",\r\n            \"image\": \"https:\/\/turismevalles.com\/wp-content\/uploads\/2023\/03\/025_museu.jpg\",\r\n            \"name\": \"Visita gratuita al Museo Cardedeu\",\r\n            \"url\": \"https:\/\/turismevalles.com\/es\/events\/visita-gratuita-al-museu-cardedeu\/\"\r\n        }\r\n        <\/script>\r\n        <article class=\"mec-past-event mec-event-article \"><div class=\"mec-event-image\"><img loading=\"lazy\" decoding=\"async\" width=\"300\" height=\"300\" src=\"https:\/\/turismevalles.com\/wp-content\/uploads\/2023\/03\/025_museu-300x300.jpg\" class=\"attachment-thumblist size-thumblist wp-post-image\" alt=\"\" data-mec-postid=\"25231\" srcset=\"https:\/\/turismevalles.com\/wp-content\/uploads\/2023\/03\/025_museu-300x300.jpg 300w, https:\/\/turismevalles.com\/wp-content\/uploads\/2023\/03\/025_museu-150x150.jpg 150w\" sizes=\"auto, (max-width: 300px) 100vw, 300px\" \/><\/div><div class=\"mec-event-title\"><a class=\"mec-color-hover\"  data-event-id=\"25231\" href=\"https:\/\/turismevalles.com\/es\/events\/visita-gratuita-al-museu-cardedeu\/\" target=\"_self\" rel=\"noopener\">Visita gratuita al Museo Cardedeu<\/a><span class=\"event-color\" style=\"background: #fdd700\"><\/span><\/div><div class=\"mec-event-detail\"><div class=\"mec-event-loc-place\"><\/div><\/div><\/article>        <script type=\"application\/ld+json\">\r\n        {\r\n            \"@context\": \"http:\/\/schema.org\",\r\n            \"@type\": \"Event\",\r\n            \"eventStatus\": \"https:\/\/schema.org\/EventScheduled\",\r\n            \"startDate\": \"2026-09-06\",\r\n            \"endDate\": \"2026-09-11\",\r\n            \"eventAttendanceMode\": \"https:\/\/schema.org\/OfflineEventAttendanceMode\",\r\n            \"location\":\r\n            {\r\n                \"@type\": \"Place\",\r\n                                \"name\": \"\",\r\n                \"image\": \"\",\r\n                \"address\": \"\"\r\n                            },\r\n            \"organizer\":\r\n            {\r\n                \"@type\": \"Person\",\r\n                \"name\": \"\",\r\n                \"url\": \"\"\r\n            },\r\n            \"offers\":\r\n            {\r\n                \"url\": \"https:\/\/turismevalles.com\/es\/events\/fiesta-mayor-de-llinars-del-valles-2\/\",\r\n                \"price\": \"\",\r\n                \"priceCurrency\": \"$\",\r\n                \"availability\": \"https:\/\/schema.org\/InStock\",\r\n                \"validFrom\": \"2026-09-06T00:00\"\r\n            },\r\n            \"performer\": \"\",\r\n            \"description\": \"Para m\u00e1s informaci\u00f3n, &lt;a href=&quot;https:\/\/www-llinarsdelvalles-cat.translate.goog\/actualitat\/noticies\/viu-la-festa-major-de-llinars-2026.html?_x_tr_sl=ca&amp;_x_tr_tl=es&amp;_x_tr_hl=esie%3DUTF-8&quot;&gt;clicar aqu\u00ed&lt;\/a&gt;\",\r\n            \"image\": \"https:\/\/turismevalles.com\/wp-content\/uploads\/2023\/08\/Llinars.jpg\",\r\n            \"name\": \"Fiesta Mayor de Llinars del Vall\u00e8s\",\r\n            \"url\": \"https:\/\/turismevalles.com\/es\/events\/fiesta-mayor-de-llinars-del-valles-2\/\"\r\n        }\r\n        <\/script>\r\n        <article class=\"mec-event-article \"><div class=\"mec-event-image\"><img loading=\"lazy\" decoding=\"async\" width=\"300\" height=\"300\" src=\"https:\/\/turismevalles.com\/wp-content\/uploads\/2023\/08\/Llinars-300x300.jpg\" class=\"attachment-thumblist size-thumblist wp-post-image\" alt=\"\" data-mec-postid=\"28195\" srcset=\"https:\/\/turismevalles.com\/wp-content\/uploads\/2023\/08\/Llinars-300x300.jpg 300w, https:\/\/turismevalles.com\/wp-content\/uploads\/2023\/08\/Llinars-150x150.jpg 150w\" sizes=\"auto, (max-width: 300px) 100vw, 300px\" \/><\/div><div class=\"mec-event-time mec-color\"><span class=\"mec-sl-clock-o\"><\/span> Todo el d\u00eda<\/div><div class=\"mec-event-title\"><a class=\"mec-color-hover\"  data-event-id=\"28195\" href=\"https:\/\/turismevalles.com\/es\/events\/fiesta-mayor-de-llinars-del-valles-2\/\" target=\"_self\" rel=\"noopener\">Fiesta Mayor de Llinars del Vall\u00e8s<\/a><span class=\"event-color\" style=\"background: #fdd700\"><\/span><\/div><div class=\"mec-event-detail\"><div class=\"mec-event-loc-place\"><\/div><\/div><\/article>        <script type=\"application\/ld+json\">\r\n        {\r\n            \"@context\": \"http:\/\/schema.org\",\r\n            \"@type\": \"Event\",\r\n            \"eventStatus\": \"https:\/\/schema.org\/EventScheduled\",\r\n            \"startDate\": \"2026-09-06\",\r\n            \"endDate\": \"2026-09-07\",\r\n            \"eventAttendanceMode\": \"https:\/\/schema.org\/OfflineEventAttendanceMode\",\r\n            \"location\":\r\n            {\r\n                \"@type\": \"Place\",\r\n                                \"name\": \"\",\r\n                \"image\": \"\",\r\n                \"address\": \"\"\r\n                            },\r\n            \"organizer\":\r\n            {\r\n                \"@type\": \"Person\",\r\n                \"name\": \"\",\r\n                \"url\": \"\"\r\n            },\r\n            \"offers\":\r\n            {\r\n                \"url\": \"https:\/\/turismevalles.com\/es\/events\/fiesta-mayor-de-sant-celoni-2\/\",\r\n                \"price\": \"\",\r\n                \"priceCurrency\": \"$\",\r\n                \"availability\": \"https:\/\/schema.org\/InStock\",\r\n                \"validFrom\": \"2026-09-06T00:00\"\r\n            },\r\n            \"performer\": \"\",\r\n            \"description\": \"Para m\u00e1s informaci\u00f3n, &lt;a href=&quot;https:\/\/santceloni-cat.translate.goog\/35877?_x_tr_sl=ca&amp;_x_tr_tl=es&amp;_x_tr_hl=es&quot;&gt;clicar aqu\u00ed&lt;\/a&gt;\",\r\n            \"image\": \"https:\/\/turismevalles.com\/wp-content\/uploads\/2023\/08\/santCeloni.jpg\",\r\n            \"name\": \"Fiesta Mayor de Sant Celoni\",\r\n            \"url\": \"https:\/\/turismevalles.com\/es\/events\/fiesta-mayor-de-sant-celoni-2\/\"\r\n        }\r\n        <\/script>\r\n        <article class=\"mec-event-article \"><div class=\"mec-event-image\"><img loading=\"lazy\" decoding=\"async\" width=\"300\" height=\"300\" src=\"https:\/\/turismevalles.com\/wp-content\/uploads\/2023\/08\/santCeloni-300x300.jpg\" class=\"attachment-thumblist size-thumblist wp-post-image\" alt=\"\" data-mec-postid=\"28213\" srcset=\"https:\/\/turismevalles.com\/wp-content\/uploads\/2023\/08\/santCeloni-300x300.jpg 300w, https:\/\/turismevalles.com\/wp-content\/uploads\/2023\/08\/santCeloni-150x150.jpg 150w\" sizes=\"auto, (max-width: 300px) 100vw, 300px\" \/><\/div><div class=\"mec-event-time mec-color\"><span class=\"mec-sl-clock-o\"><\/span> Todo el d\u00eda<\/div><div class=\"mec-event-title\"><a class=\"mec-color-hover\"  data-event-id=\"28213\" href=\"https:\/\/turismevalles.com\/es\/events\/fiesta-mayor-de-sant-celoni-2\/\" target=\"_self\" rel=\"noopener\">Fiesta Mayor de Sant Celoni<\/a><span class=\"event-color\" style=\"background: #fdd700\"><\/span><\/div><div class=\"mec-event-detail\"><div class=\"mec-event-loc-place\"><\/div><\/div><\/article>        <script type=\"application\/ld+json\">\r\n        {\r\n            \"@context\": \"http:\/\/schema.org\",\r\n            \"@type\": \"Event\",\r\n            \"eventStatus\": \"https:\/\/schema.org\/EventScheduled\",\r\n            \"startDate\": \"2026-09-06\",\r\n            \"endDate\": \"2026-09-06\",\r\n            \"eventAttendanceMode\": \"https:\/\/schema.org\/OfflineEventAttendanceMode\",\r\n            \"location\":\r\n            {\r\n                \"@type\": \"Place\",\r\n                                \"name\": \"\",\r\n                \"image\": \"\",\r\n                \"address\": \"\"\r\n                            },\r\n            \"organizer\":\r\n            {\r\n                \"@type\": \"Person\",\r\n                \"name\": \"\",\r\n                \"url\": \"\"\r\n            },\r\n            \"offers\":\r\n            {\r\n                \"url\": \"https:\/\/turismevalles.com\/es\/events\/29o-ciclo-de-musica-catalana-en-santa-maria-de-palautordera\/\",\r\n                \"price\": \"\",\r\n                \"priceCurrency\": \"$\",\r\n                \"availability\": \"https:\/\/schema.org\/InStock\",\r\n                \"validFrom\": \"2026-09-06T00:00\"\r\n            },\r\n            \"performer\": \"\",\r\n            \"description\": \"Para m\u00e1s informaci\u00f3n, &lt;a href=&quot;https:\/\/www-smpalautordera-cat.translate.goog\/actualitat\/noticies\/30a-edicio-del-cicle-de-musica-catalana.html?_x_tr_sl=ca&amp;_x_tr_tl=es&amp;_x_tr_hl=esie%3DUTF-8&quot;&gt;clicar aqu\u00ed&lt;\/a&gt;\",\r\n            \"image\": \"https:\/\/turismevalles.com\/wp-content\/uploads\/2025\/07\/santaMariaPalau.jpeg\",\r\n            \"name\": \"30a. Ciclo de M\u00fasica Catalana en Santa Maria de Palautordera\",\r\n            \"url\": \"https:\/\/turismevalles.com\/es\/events\/29o-ciclo-de-musica-catalana-en-santa-maria-de-palautordera\/\"\r\n        }\r\n        <\/script>\r\n        <article class=\"mec-event-article \"><div class=\"mec-event-image\"><img loading=\"lazy\" decoding=\"async\" width=\"300\" height=\"300\" src=\"https:\/\/turismevalles.com\/wp-content\/uploads\/2025\/07\/santaMariaPalau-300x300.jpeg\" class=\"attachment-thumblist size-thumblist wp-post-image\" alt=\"\" data-mec-postid=\"64750\" srcset=\"https:\/\/turismevalles.com\/wp-content\/uploads\/2025\/07\/santaMariaPalau-300x300.jpeg 300w, https:\/\/turismevalles.com\/wp-content\/uploads\/2025\/07\/santaMariaPalau-150x150.jpeg 150w\" sizes=\"auto, (max-width: 300px) 100vw, 300px\" \/><\/div><div class=\"mec-event-time mec-color\"><span class=\"mec-sl-clock-o\"><\/span> Todo el d\u00eda<\/div><div class=\"mec-event-title\"><a class=\"mec-color-hover\"  data-event-id=\"64750\" href=\"https:\/\/turismevalles.com\/es\/events\/29o-ciclo-de-musica-catalana-en-santa-maria-de-palautordera\/\" target=\"_self\" rel=\"noopener\">30a. Ciclo de M\u00fasica Catalana en Santa Maria de Palautordera<\/a><span class=\"event-color\" style=\"background: #fdd700\"><\/span><\/div><div class=\"mec-event-detail\"><div class=\"mec-event-loc-place\"><\/div><\/div><\/article>        <script type=\"application\/ld+json\">\r\n        {\r\n            \"@context\": \"http:\/\/schema.org\",\r\n            \"@type\": \"Event\",\r\n            \"eventStatus\": \"https:\/\/schema.org\/EventScheduled\",\r\n            \"startDate\": \"2026-09-06\",\r\n            \"endDate\": \"2026-09-13\",\r\n            \"eventAttendanceMode\": \"https:\/\/schema.org\/OfflineEventAttendanceMode\",\r\n            \"location\":\r\n            {\r\n                \"@type\": \"Place\",\r\n                                \"name\": \"\",\r\n                \"image\": \"\",\r\n                \"address\": \"\"\r\n                            },\r\n            \"organizer\":\r\n            {\r\n                \"@type\": \"Person\",\r\n                \"name\": \"\",\r\n                \"url\": \"\"\r\n            },\r\n            \"offers\":\r\n            {\r\n                \"url\": \"https:\/\/turismevalles.com\/es\/events\/fiesta-mayor-en-llica-damunt-3\/\",\r\n                \"price\": \"\",\r\n                \"priceCurrency\": \"$\",\r\n                \"availability\": \"https:\/\/schema.org\/InStock\",\r\n                \"validFrom\": \"2026-09-06T00:00\"\r\n            },\r\n            \"performer\": \"\",\r\n            \"description\": \"Para m\u00e1s informaci\u00f3n, &lt;a href=&quot;http:\/\/www.llicamunt.cat&quot;&gt;clicar aqu\u00ed&lt;\/a&gt;\",\r\n            \"image\": \"https:\/\/turismevalles.com\/wp-content\/uploads\/2025\/09\/llicamunt_page-0001-2.jpg\",\r\n            \"name\": \"Fiesta Mayor en Lli\u00e7\u00e0 d&#8217;Amunt\",\r\n            \"url\": \"https:\/\/turismevalles.com\/es\/events\/fiesta-mayor-en-llica-damunt-3\/\"\r\n        }\r\n        <\/script>\r\n        <article class=\"mec-event-article \"><div class=\"mec-event-image\"><img loading=\"lazy\" decoding=\"async\" width=\"300\" height=\"300\" src=\"https:\/\/turismevalles.com\/wp-content\/uploads\/2025\/09\/llicamunt_page-0001-2-300x300.jpg\" class=\"attachment-thumblist size-thumblist wp-post-image\" alt=\"\" data-mec-postid=\"65369\" srcset=\"https:\/\/turismevalles.com\/wp-content\/uploads\/2025\/09\/llicamunt_page-0001-2-300x300.jpg 300w, https:\/\/turismevalles.com\/wp-content\/uploads\/2025\/09\/llicamunt_page-0001-2-150x150.jpg 150w\" sizes=\"auto, (max-width: 300px) 100vw, 300px\" \/><\/div><div class=\"mec-event-time mec-color\"><span class=\"mec-sl-clock-o\"><\/span> Todo el d\u00eda<\/div><div class=\"mec-event-title\"><a class=\"mec-color-hover\"  data-event-id=\"65369\" href=\"https:\/\/turismevalles.com\/es\/events\/fiesta-mayor-en-llica-damunt-3\/\" target=\"_self\" rel=\"noopener\">Fiesta Mayor en Lli\u00e7\u00e0 d&#8217;Amunt<\/a><span class=\"event-color\" style=\"background: #fdd700\"><\/span><\/div><div class=\"mec-event-detail\"><div class=\"mec-event-loc-place\"><\/div><\/div><\/article>        <script type=\"application\/ld+json\">\r\n        {\r\n            \"@context\": \"http:\/\/schema.org\",\r\n            \"@type\": \"Event\",\r\n            \"eventStatus\": \"https:\/\/schema.org\/EventScheduled\",\r\n            \"startDate\": \"2026-09-06\",\r\n            \"endDate\": \"2026-12-14\",\r\n            \"eventAttendanceMode\": \"https:\/\/schema.org\/OfflineEventAttendanceMode\",\r\n            \"location\":\r\n            {\r\n                \"@type\": \"Place\",\r\n                                \"name\": \"\",\r\n                \"image\": \"\",\r\n                \"address\": \"\"\r\n                            },\r\n            \"organizer\":\r\n            {\r\n                \"@type\": \"Person\",\r\n                \"name\": \"\",\r\n                \"url\": \"\"\r\n            },\r\n            \"offers\":\r\n            {\r\n                \"url\": \"https:\/\/turismevalles.com\/es\/events\/recorrerrido-por-sant-miquel-del-fai-bigues-i-riells-del-fai\/\",\r\n                \"price\": \"\",\r\n                \"priceCurrency\": \"$\",\r\n                \"availability\": \"https:\/\/schema.org\/InStock\",\r\n                \"validFrom\": \"2026-09-06T00:00\"\r\n            },\r\n            \"performer\": \"\",\r\n            \"description\": \"Para m\u00e1s informaci\u00f3n,&lt;a href=&quot;https:\/\/parcs.diba.cat\/es\/web\/agenda\/-\/cingles-de-berti-recorregut-per-sant-miquel-del-fai?utm_source=agenda&amp;utm_medium=correu&amp;utm_content=cingles-de-berti-recorregut-per-sant-miquel-del-fai&amp;utm_campaign=501&quot;&gt; clicar aqu\u00ed&lt;\/a&gt;    &nbsp;\",\r\n            \"image\": \"https:\/\/turismevalles.com\/wp-content\/uploads\/2026\/03\/RecorregutSMF.jpg\",\r\n            \"name\": \"Recorrerrido por Sant Miquel del Fai- Bigues i Riells del Fai_Sant Feliu de Codines\",\r\n            \"url\": \"https:\/\/turismevalles.com\/es\/events\/recorrerrido-por-sant-miquel-del-fai-bigues-i-riells-del-fai\/\"\r\n        }\r\n        <\/script>\r\n        <article class=\"mec-event-article \"><div class=\"mec-event-image\"><img loading=\"lazy\" decoding=\"async\" width=\"300\" height=\"300\" src=\"https:\/\/turismevalles.com\/wp-content\/uploads\/2026\/03\/RecorregutSMF-300x300.jpg\" class=\"attachment-thumblist size-thumblist wp-post-image\" alt=\"\" data-mec-postid=\"68822\" srcset=\"https:\/\/turismevalles.com\/wp-content\/uploads\/2026\/03\/RecorregutSMF-300x300.jpg 300w, https:\/\/turismevalles.com\/wp-content\/uploads\/2026\/03\/RecorregutSMF-150x150.jpg 150w\" sizes=\"auto, (max-width: 300px) 100vw, 300px\" \/><\/div><div class=\"mec-event-time mec-color\"><span class=\"mec-sl-clock-o\"><\/span> Todo el d\u00eda<\/div><div class=\"mec-event-title\"><a class=\"mec-color-hover\"  data-event-id=\"68822\" href=\"https:\/\/turismevalles.com\/es\/events\/recorrerrido-por-sant-miquel-del-fai-bigues-i-riells-del-fai\/\" target=\"_self\" rel=\"noopener\">Recorrerrido por Sant Miquel del Fai- Bigues i Riells del Fai_Sant Feliu de Codines<\/a><span class=\"event-color\" style=\"background: #fdd700\"><\/span><\/div><div class=\"mec-event-detail\"><div class=\"mec-event-loc-place\"><\/div><\/div><\/article>        <script type=\"application\/ld+json\">\r\n        {\r\n            \"@context\": \"http:\/\/schema.org\",\r\n            \"@type\": \"Event\",\r\n            \"eventStatus\": \"https:\/\/schema.org\/EventScheduled\",\r\n            \"startDate\": \"2026-09-06\",\r\n            \"endDate\": \"2026-09-06\",\r\n            \"eventAttendanceMode\": \"https:\/\/schema.org\/OfflineEventAttendanceMode\",\r\n            \"location\":\r\n            {\r\n                \"@type\": \"Place\",\r\n                                \"name\": \"\",\r\n                \"image\": \"\",\r\n                \"address\": \"\"\r\n                            },\r\n            \"organizer\":\r\n            {\r\n                \"@type\": \"Person\",\r\n                \"name\": \"\",\r\n                \"url\": \"\"\r\n            },\r\n            \"offers\":\r\n            {\r\n                \"url\": \"https:\/\/turismevalles.com\/es\/events\/fiesta-mayor-de-tagamanent\/\",\r\n                \"price\": \"\",\r\n                \"priceCurrency\": \"$\",\r\n                \"availability\": \"https:\/\/schema.org\/InStock\",\r\n                \"validFrom\": \"2026-09-06T00:00\"\r\n            },\r\n            \"performer\": \"\",\r\n            \"description\": \"Para m\u00e1s informaci\u00f3n, &lt;a href=&quot;https:\/\/tagamanent.cat\/festa-major-de-tagamanent-del-4-al-6-de-setembre\/&quot;&gt;clicar aqu\u00ed&lt;\/a&gt;\",\r\n            \"image\": \"https:\/\/turismevalles.com\/wp-content\/uploads\/2026\/08\/TAGA.jpg\",\r\n            \"name\": \"Fiesta Mayor de Tagamanent\",\r\n            \"url\": \"https:\/\/turismevalles.com\/es\/events\/fiesta-mayor-de-tagamanent\/\"\r\n        }\r\n        <\/script>\r\n        <article class=\"mec-event-article \"><div class=\"mec-event-image\"><img loading=\"lazy\" decoding=\"async\" width=\"300\" height=\"300\" src=\"https:\/\/turismevalles.com\/wp-content\/uploads\/2026\/08\/TAGA-300x300.jpg\" class=\"attachment-thumblist size-thumblist wp-post-image\" alt=\"\" data-mec-postid=\"73534\" srcset=\"https:\/\/turismevalles.com\/wp-content\/uploads\/2026\/08\/TAGA-300x300.jpg 300w, https:\/\/turismevalles.com\/wp-content\/uploads\/2026\/08\/TAGA-150x150.jpg 150w\" sizes=\"auto, (max-width: 300px) 100vw, 300px\" \/><\/div><div class=\"mec-event-time mec-color\"><span class=\"mec-sl-clock-o\"><\/span> Todo el d\u00eda<\/div><div class=\"mec-event-title\"><a class=\"mec-color-hover\"  data-event-id=\"73534\" href=\"https:\/\/turismevalles.com\/es\/events\/fiesta-mayor-de-tagamanent\/\" target=\"_self\" rel=\"noopener\">Fiesta Mayor de Tagamanent<\/a><span class=\"event-color\" style=\"background: #fdd700\"><\/span><\/div><div class=\"mec-event-detail\"><div class=\"mec-event-loc-place\"><\/div><\/div><\/article>        <script type=\"application\/ld+json\">\r\n        {\r\n            \"@context\": \"http:\/\/schema.org\",\r\n            \"@type\": \"Event\",\r\n            \"eventStatus\": \"https:\/\/schema.org\/EventScheduled\",\r\n            \"startDate\": \"2026-09-06\",\r\n            \"endDate\": \"2026-09-06\",\r\n            \"eventAttendanceMode\": \"https:\/\/schema.org\/OfflineEventAttendanceMode\",\r\n            \"location\":\r\n            {\r\n                \"@type\": \"Place\",\r\n                                \"name\": \"\",\r\n                \"image\": \"\",\r\n                \"address\": \"\"\r\n                            },\r\n            \"organizer\":\r\n            {\r\n                \"@type\": \"Person\",\r\n                \"name\": \"\",\r\n                \"url\": \"\"\r\n            },\r\n            \"offers\":\r\n            {\r\n                \"url\": \"https:\/\/turismevalles.com\/es\/events\/torneo-de-historicos-del-valles-oriental-2026_-granollers-martorelles-y-caldes-de-montbui\/\",\r\n                \"price\": \"\",\r\n                \"priceCurrency\": \"$\",\r\n                \"availability\": \"https:\/\/schema.org\/InStock\",\r\n                \"validFrom\": \"2026-09-06T00:00\"\r\n            },\r\n            \"performer\": \"\",\r\n            \"description\": \"Para m\u00e1s informaci\u00f3n, &lt;a href=&quot;https:\/\/www-vallesoriental-cat.translate.goog\/actualitat\/noticies\/el-torneig-dhistorics-del-valles-oriental-2026-se-celebrara-del-28-dagost-al-6-de-setembre-.html?_x_tr_sl=ca&amp;_x_tr_tl=es&amp;_x_tr_hl=esie%3DUTF-8&quot;&gt;clicar aqu\u00ed&lt;\/a&gt;\",\r\n            \"image\": \"https:\/\/turismevalles.com\/wp-content\/uploads\/2026\/08\/consell.png\",\r\n            \"name\": \"Torneo de hist\u00f3ricos del Vall\u00e8s Oriental 2026_ Granollers- Martorelles y Caldes de Montbui\",\r\n            \"url\": \"https:\/\/turismevalles.com\/es\/events\/torneo-de-historicos-del-valles-oriental-2026_-granollers-martorelles-y-caldes-de-montbui\/\"\r\n        }\r\n        <\/script>\r\n        <article class=\"mec-event-article \"><div class=\"mec-event-image\"><img loading=\"lazy\" decoding=\"async\" width=\"300\" height=\"300\" src=\"https:\/\/turismevalles.com\/wp-content\/uploads\/2026\/08\/consell-300x300.png\" class=\"attachment-thumblist size-thumblist wp-post-image\" alt=\"\" data-mec-postid=\"73544\" srcset=\"https:\/\/turismevalles.com\/wp-content\/uploads\/2026\/08\/consell-300x300.png 300w, https:\/\/turismevalles.com\/wp-content\/uploads\/2026\/08\/consell-150x150.png 150w\" sizes=\"auto, (max-width: 300px) 100vw, 300px\" \/><\/div><div class=\"mec-event-time mec-color\"><span class=\"mec-sl-clock-o\"><\/span> Todo el d\u00eda<\/div><div class=\"mec-event-title\"><a class=\"mec-color-hover\"  data-event-id=\"73544\" href=\"https:\/\/turismevalles.com\/es\/events\/torneo-de-historicos-del-valles-oriental-2026_-granollers-martorelles-y-caldes-de-montbui\/\" target=\"_self\" rel=\"noopener\">Torneo de hist\u00f3ricos del Vall\u00e8s Oriental 2026_ Granollers- Martorelles y Caldes de Montbui<\/a><span class=\"event-color\" style=\"background: #fdd700\"><\/span><\/div><div class=\"mec-event-detail\"><div class=\"mec-event-loc-place\"><\/div><\/div><\/article>        <script type=\"application\/ld+json\">\r\n        {\r\n            \"@context\": \"http:\/\/schema.org\",\r\n            \"@type\": \"Event\",\r\n            \"eventStatus\": \"https:\/\/schema.org\/EventScheduled\",\r\n            \"startDate\": \"2026-09-06\",\r\n            \"endDate\": \"2026-09-06\",\r\n            \"eventAttendanceMode\": \"https:\/\/schema.org\/OfflineEventAttendanceMode\",\r\n            \"location\":\r\n            {\r\n                \"@type\": \"Place\",\r\n                                \"name\": \"Lli\u00e7\u00e0 d\u2019Amunt\",\r\n                \"image\": \"\",\r\n                \"address\": \"\"\r\n                            },\r\n            \"organizer\":\r\n            {\r\n                \"@type\": \"Person\",\r\n                \"name\": \"Ajuntament de Lli\u00e7a d' Amunt\",\r\n                \"url\": \"\"\r\n            },\r\n            \"offers\":\r\n            {\r\n                \"url\": \"https:\/\/turismevalles.com\/es\/events\/24h-ciclomotors-vall-del-tenes-llica-d-amunt\/\",\r\n                \"price\": \"\",\r\n                \"priceCurrency\": \"$\",\r\n                \"availability\": \"https:\/\/schema.org\/InStock\",\r\n                \"validFrom\": \"2026-09-06T00:00\"\r\n            },\r\n            \"performer\": \"\",\r\n            \"description\": \"Para m\u00e1s informaci\u00f3n, &lt;a href=&quot;https:\/\/24hores.cat\/&quot;&gt;clicar aqu\u00ed&lt;\/a&gt;\",\r\n            \"image\": \"https:\/\/turismevalles.com\/wp-content\/uploads\/2021\/08\/24h-llica.jpg\",\r\n            \"name\": \"45 Edici\u00f3n de las 24 horas internacionales de resistencia en ciclomotores de la Vall del Tenes- Lli\u00e7\u00e0 d&#8217;Amunt\",\r\n            \"url\": \"https:\/\/turismevalles.com\/es\/events\/24h-ciclomotors-vall-del-tenes-llica-d-amunt\/\"\r\n        }\r\n        <\/script>\r\n        <article class=\"mec-event-article \"><div class=\"mec-event-image\"><img loading=\"lazy\" decoding=\"async\" width=\"300\" height=\"300\" src=\"https:\/\/turismevalles.com\/wp-content\/uploads\/2021\/08\/24h-llica-300x300.jpg\" class=\"attachment-thumblist size-thumblist wp-post-image\" alt=\"\" data-mec-postid=\"15149\" srcset=\"https:\/\/turismevalles.com\/wp-content\/uploads\/2021\/08\/24h-llica-300x300.jpg 300w, https:\/\/turismevalles.com\/wp-content\/uploads\/2021\/08\/24h-llica-150x150.jpg 150w\" sizes=\"auto, (max-width: 300px) 100vw, 300px\" \/><\/div><div class=\"mec-event-time mec-color\"><span class=\"mec-sl-clock-o\"><\/span> Todo el d\u00eda<\/div><div class=\"mec-event-title\"><a class=\"mec-color-hover\"  data-event-id=\"15149\" href=\"https:\/\/turismevalles.com\/es\/events\/24h-ciclomotors-vall-del-tenes-llica-d-amunt\/\" target=\"_self\" rel=\"noopener\">45 Edici\u00f3n de las 24 horas internacionales de resistencia en ciclomotores de la Vall del Tenes- Lli\u00e7\u00e0 d&#8217;Amunt<\/a><span class=\"event-color\" style=\"background: #fdd700\"><\/span><\/div><div class=\"mec-event-detail\"><div class=\"mec-event-loc-place\">Lli\u00e7\u00e0 d\u2019Amunt<\/div><\/div><\/article>        <script type=\"application\/ld+json\">\r\n        {\r\n            \"@context\": \"http:\/\/schema.org\",\r\n            \"@type\": \"Event\",\r\n            \"eventStatus\": \"https:\/\/schema.org\/EventScheduled\",\r\n            \"startDate\": \"2026-09-06\",\r\n            \"endDate\": \"2026-09-07\",\r\n            \"eventAttendanceMode\": \"https:\/\/schema.org\/OfflineEventAttendanceMode\",\r\n            \"location\":\r\n            {\r\n                \"@type\": \"Place\",\r\n                                \"name\": \"\",\r\n                \"image\": \"\",\r\n                \"address\": \"\"\r\n                            },\r\n            \"organizer\":\r\n            {\r\n                \"@type\": \"Person\",\r\n                \"name\": \"\",\r\n                \"url\": \"\"\r\n            },\r\n            \"offers\":\r\n            {\r\n                \"url\": \"https:\/\/turismevalles.com\/es\/events\/visita-gratuita-al-museu-cardedeu\/\",\r\n                \"price\": \"\",\r\n                \"priceCurrency\": \"$\",\r\n                \"availability\": \"https:\/\/schema.org\/InStock\",\r\n                \"validFrom\": \"2026-09-06T00:00\"\r\n            },\r\n            \"performer\": \"\",\r\n            \"description\": \"Ven y visita el museo gratuitamente cada primer fin de semana de mes!    Conoce el pasado y presente de Cardedeu y una de las farmacias rurales m\u00e1s antiguas de Europa.    Adem\u00e1s, cada s\u00e1bado a las 18h y domingos a las 12h se har\u00e1 una visita guiada en la sala de exposiciones temporales  de la planta baja del museo, y coincidiendo con el primer fin de semana, la visita se har\u00e1 a todas las salas.    El horario del museo es:  De martes a s\u00e1bado de 10 a 14h y de 16 a 19h  Domingos y festivos de 10 a 14h    excepto los domingos de marzo a junio y de octubre a noviembre.    Info: &lt;a href=&quot;https:\/\/museudecardedeu.cat\/agenda\/&quot;&gt;https:\/\/museudecardedeu.cat\/agenda\/&lt;\/a&gt;\",\r\n            \"image\": \"https:\/\/turismevalles.com\/wp-content\/uploads\/2023\/03\/025_museu.jpg\",\r\n            \"name\": \"Visita gratuita al Museo Cardedeu\",\r\n            \"url\": \"https:\/\/turismevalles.com\/es\/events\/visita-gratuita-al-museu-cardedeu\/\"\r\n        }\r\n        <\/script>\r\n        <article class=\"mec-past-event mec-event-article \"><div class=\"mec-event-image\"><img loading=\"lazy\" decoding=\"async\" width=\"300\" height=\"300\" src=\"https:\/\/turismevalles.com\/wp-content\/uploads\/2023\/03\/025_museu-300x300.jpg\" class=\"attachment-thumblist size-thumblist wp-post-image\" alt=\"\" data-mec-postid=\"25231\" srcset=\"https:\/\/turismevalles.com\/wp-content\/uploads\/2023\/03\/025_museu-300x300.jpg 300w, https:\/\/turismevalles.com\/wp-content\/uploads\/2023\/03\/025_museu-150x150.jpg 150w\" sizes=\"auto, (max-width: 300px) 100vw, 300px\" \/><\/div><div class=\"mec-event-title\"><a class=\"mec-color-hover\"  data-event-id=\"25231\" href=\"https:\/\/turismevalles.com\/es\/events\/visita-gratuita-al-museu-cardedeu\/\" target=\"_self\" rel=\"noopener\">Visita gratuita al Museo Cardedeu<\/a><span class=\"event-color\" style=\"background: #fdd700\"><\/span><\/div><div class=\"mec-event-detail\"><div class=\"mec-event-loc-place\"><\/div><\/div><\/article>        <script type=\"application\/ld+json\">\r\n        {\r\n            \"@context\": \"http:\/\/schema.org\",\r\n            \"@type\": \"Event\",\r\n            \"eventStatus\": \"https:\/\/schema.org\/EventScheduled\",\r\n            \"startDate\": \"2026-09-06\",\r\n            \"endDate\": \"2026-09-06\",\r\n            \"eventAttendanceMode\": \"https:\/\/schema.org\/OfflineEventAttendanceMode\",\r\n            \"location\":\r\n            {\r\n                \"@type\": \"Place\",\r\n                                \"name\": \"\",\r\n                \"image\": \"\",\r\n                \"address\": \"\"\r\n                            },\r\n            \"organizer\":\r\n            {\r\n                \"@type\": \"Person\",\r\n                \"name\": \"\",\r\n                \"url\": \"\"\r\n            },\r\n            \"offers\":\r\n            {\r\n                \"url\": \"https:\/\/turismevalles.com\/es\/events\/visperas-de-domingo-de-verano-actividades-de-septiembre-para-disfrutar-del-patrimonio-local-de-la-garriga\/\",\r\n                \"price\": \"\",\r\n                \"priceCurrency\": \"$\",\r\n                \"availability\": \"https:\/\/schema.org\/InStock\",\r\n                \"validFrom\": \"2026-09-06T00:00\"\r\n            },\r\n            \"performer\": \"\",\r\n            \"description\": \"Actividades pensadas para disfrutar del patrimonio local cuando la calor afloja y el d\u00eca se despide.    Para m\u00e1s informaci\u00f3n, &lt;a href=&quot;https:\/\/www.lagarriga.cat\/media\/repository\/\/documents\/noticies\/2026-06\/Activitats_3r_trimestre_CdV.pdf&quot;&gt;clicar aqu\u00ed&lt;\/a&gt;\",\r\n            \"image\": \"https:\/\/turismevalles.com\/wp-content\/uploads\/2026\/07\/Capvespre_la-garriga.jpg\",\r\n            \"name\": \"V\u00edsperas de domingo de verano, actividades de septiembre para disfrutar del patrimonio local de la Garriga\",\r\n            \"url\": \"https:\/\/turismevalles.com\/es\/events\/visperas-de-domingo-de-verano-actividades-de-septiembre-para-disfrutar-del-patrimonio-local-de-la-garriga\/\"\r\n        }\r\n        <\/script>\r\n        <article class=\"mec-event-article \"><div class=\"mec-event-image\"><img loading=\"lazy\" decoding=\"async\" width=\"300\" height=\"300\" src=\"https:\/\/turismevalles.com\/wp-content\/uploads\/2026\/07\/Capvespre_la-garriga-300x300.jpg\" class=\"attachment-thumblist size-thumblist wp-post-image\" alt=\"\" data-mec-postid=\"72482\" srcset=\"https:\/\/turismevalles.com\/wp-content\/uploads\/2026\/07\/Capvespre_la-garriga-300x300.jpg 300w, https:\/\/turismevalles.com\/wp-content\/uploads\/2026\/07\/Capvespre_la-garriga-150x150.jpg 150w\" sizes=\"auto, (max-width: 300px) 100vw, 300px\" \/><\/div><div class=\"mec-event-time mec-color\"><span class=\"mec-sl-clock-o\"><\/span> Todo el d\u00eda<\/div><div class=\"mec-event-title\"><a class=\"mec-color-hover\"  data-event-id=\"72482\" href=\"https:\/\/turismevalles.com\/es\/events\/visperas-de-domingo-de-verano-actividades-de-septiembre-para-disfrutar-del-patrimonio-local-de-la-garriga\/\" target=\"_self\" rel=\"noopener\">V\u00edsperas de domingo de verano, actividades de septiembre para disfrutar del patrimonio local de la Garriga<\/a><span class=\"event-color\" style=\"background: #fdd700\"><\/span><\/div><div class=\"mec-event-detail\"><div class=\"mec-event-loc-place\"><\/div><\/div><\/article>        <script type=\"application\/ld+json\">\r\n        {\r\n            \"@context\": \"http:\/\/schema.org\",\r\n            \"@type\": \"Event\",\r\n            \"eventStatus\": \"https:\/\/schema.org\/EventScheduled\",\r\n            \"startDate\": \"2026-09-06\",\r\n            \"endDate\": \"2026-09-06\",\r\n            \"eventAttendanceMode\": \"https:\/\/schema.org\/OfflineEventAttendanceMode\",\r\n            \"location\":\r\n            {\r\n                \"@type\": \"Place\",\r\n                                \"name\": \"\",\r\n                \"image\": \"\",\r\n                \"address\": \"\"\r\n                            },\r\n            \"organizer\":\r\n            {\r\n                \"@type\": \"Person\",\r\n                \"name\": \"\",\r\n                \"url\": \"\"\r\n            },\r\n            \"offers\":\r\n            {\r\n                \"url\": \"https:\/\/turismevalles.com\/es\/events\/desayuno-de-tenedor-popular-en-la-garriga\/\",\r\n                \"price\": \"\",\r\n                \"priceCurrency\": \"$\",\r\n                \"availability\": \"https:\/\/schema.org\/InStock\",\r\n                \"validFrom\": \"2026-09-06T00:00\"\r\n            },\r\n            \"performer\": \"\",\r\n            \"description\": \"Para m\u00e1s informaci\u00f3n, &lt;a href=&quot;https:\/\/www.visitalagarriga.cat\/es\/desayuno-de-la-liga-del-cerdo-y-el-tenedor&quot;&gt;clicar aqu\u00ed&lt;\/a&gt;\",\r\n            \"image\": \"https:\/\/turismevalles.com\/wp-content\/uploads\/2026\/08\/laGarriga.png\",\r\n            \"name\": \"Desayuno de Tenedor Popular en La Garriga\",\r\n            \"url\": \"https:\/\/turismevalles.com\/es\/events\/desayuno-de-tenedor-popular-en-la-garriga\/\"\r\n        }\r\n        <\/script>\r\n        <article class=\"mec-event-article \"><div class=\"mec-event-image\"><img loading=\"lazy\" decoding=\"async\" width=\"275\" height=\"207\" src=\"https:\/\/turismevalles.com\/wp-content\/uploads\/2026\/08\/laGarriga.png\" class=\"attachment-thumblist size-thumblist wp-post-image\" alt=\"\" data-mec-postid=\"73193\" \/><\/div><div class=\"mec-event-time mec-color\"><span class=\"mec-sl-clock-o\"><\/span> Todo el d\u00eda<\/div><div class=\"mec-event-title\"><a class=\"mec-color-hover\"  data-event-id=\"73193\" href=\"https:\/\/turismevalles.com\/es\/events\/desayuno-de-tenedor-popular-en-la-garriga\/\" target=\"_self\" rel=\"noopener\">Desayuno de Tenedor Popular en La Garriga<\/a><span class=\"event-color\" style=\"background: #fdd700\"><\/span><\/div><div class=\"mec-event-detail\"><div class=\"mec-event-loc-place\"><\/div><\/div><\/article>        <script type=\"application\/ld+json\">\r\n        {\r\n            \"@context\": \"http:\/\/schema.org\",\r\n            \"@type\": \"Event\",\r\n            \"eventStatus\": \"https:\/\/schema.org\/EventScheduled\",\r\n            \"startDate\": \"2026-09-06\",\r\n            \"endDate\": \"2026-09-06\",\r\n            \"eventAttendanceMode\": \"https:\/\/schema.org\/OfflineEventAttendanceMode\",\r\n            \"location\":\r\n            {\r\n                \"@type\": \"Place\",\r\n                                \"name\": \"\",\r\n                \"image\": \"\",\r\n                \"address\": \"\"\r\n                            },\r\n            \"organizer\":\r\n            {\r\n                \"@type\": \"Person\",\r\n                \"name\": \"\",\r\n                \"url\": \"\"\r\n            },\r\n            \"offers\":\r\n            {\r\n                \"url\": \"https:\/\/turismevalles.com\/es\/events\/11a-encuentro-de-motos-antiguas-en-martorelles\/\",\r\n                \"price\": \"\",\r\n                \"priceCurrency\": \"$\",\r\n                \"availability\": \"https:\/\/schema.org\/InStock\",\r\n                \"validFrom\": \"2026-09-06T00:00\"\r\n            },\r\n            \"performer\": \"\",\r\n            \"description\": \"Para m\u00e1s informaci\u00f3n, &lt;a href=&quot;https:\/\/www-martorelles-cat.translate.goog\/informat\/agenda\/fm26-11a-trobada-de-motos-antigues.html?_x_tr_sl=ca&amp;_x_tr_tl=es&amp;_x_tr_hl=esie%3DUTF-8&quot;&gt;clicar aqu\u00ed&lt;\/a&gt;\",\r\n            \"image\": \"https:\/\/turismevalles.com\/wp-content\/uploads\/2026\/08\/martorelles-1.jpg\",\r\n            \"name\": \"11a. Encuentro de Motos Antiguas en Martorelles\",\r\n            \"url\": \"https:\/\/turismevalles.com\/es\/events\/11a-encuentro-de-motos-antiguas-en-martorelles\/\"\r\n        }\r\n        <\/script>\r\n        <article class=\"mec-event-article \"><div class=\"mec-event-image\"><img loading=\"lazy\" decoding=\"async\" width=\"300\" height=\"300\" src=\"https:\/\/turismevalles.com\/wp-content\/uploads\/2026\/08\/martorelles-1-300x300.jpg\" class=\"attachment-thumblist size-thumblist wp-post-image\" alt=\"\" data-mec-postid=\"73289\" srcset=\"https:\/\/turismevalles.com\/wp-content\/uploads\/2026\/08\/martorelles-1-300x300.jpg 300w, https:\/\/turismevalles.com\/wp-content\/uploads\/2026\/08\/martorelles-1-150x150.jpg 150w\" sizes=\"auto, (max-width: 300px) 100vw, 300px\" \/><\/div><div class=\"mec-event-time mec-color\"><span class=\"mec-sl-clock-o\"><\/span> Todo el d\u00eda<\/div><div class=\"mec-event-title\"><a class=\"mec-color-hover\"  data-event-id=\"73289\" href=\"https:\/\/turismevalles.com\/es\/events\/11a-encuentro-de-motos-antiguas-en-martorelles\/\" target=\"_self\" rel=\"noopener\">11a. Encuentro de Motos Antiguas en Martorelles<\/a><span class=\"event-color\" style=\"background: #fdd700\"><\/span><\/div><div class=\"mec-event-detail\"><div class=\"mec-event-loc-place\"><\/div><\/div><\/article>        <script type=\"application\/ld+json\">\r\n        {\r\n            \"@context\": \"http:\/\/schema.org\",\r\n            \"@type\": \"Event\",\r\n            \"eventStatus\": \"https:\/\/schema.org\/EventScheduled\",\r\n            \"startDate\": \"2026-09-06\",\r\n            \"endDate\": \"2026-09-06\",\r\n            \"eventAttendanceMode\": \"https:\/\/schema.org\/OfflineEventAttendanceMode\",\r\n            \"location\":\r\n            {\r\n                \"@type\": \"Place\",\r\n                                \"name\": \"La Garriga\",\r\n                \"image\": \"\",\r\n                \"address\": \"\"\r\n                            },\r\n            \"organizer\":\r\n            {\r\n                \"@type\": \"Person\",\r\n                \"name\": \"\",\r\n                \"url\": \"\"\r\n            },\r\n            \"offers\":\r\n            {\r\n                \"url\": \"https:\/\/turismevalles.com\/es\/events\/botiga-al-carrer-a-la-garriga\/\",\r\n                \"price\": \"\",\r\n                \"priceCurrency\": \"$\",\r\n                \"availability\": \"https:\/\/schema.org\/InStock\",\r\n                \"validFrom\": \"2026-09-06T00:00\"\r\n            },\r\n            \"performer\": \"\",\r\n            \"description\": \"Para m\u00e1s informaci\u00f3n,&lt;a href=&quot;https:\/\/lagarriga-cat.translate.goog\/actualitat\/agenda\/19831-la-botiga-al-carrer?_x_tr_sl=ca&amp;_x_tr_tl=es&amp;_x_tr_hl=esie%3DUTF-8&quot;&gt; clicar aqu\u00ed&lt;\/a&gt;\",\r\n            \"image\": \"https:\/\/turismevalles.com\/wp-content\/uploads\/2021\/09\/La-botiga-al-carrer.png\",\r\n            \"name\": \"Tiendas en la calle- La Garriga\",\r\n            \"url\": \"https:\/\/turismevalles.com\/es\/events\/botiga-al-carrer-a-la-garriga\/\"\r\n        }\r\n        <\/script>\r\n        <article class=\"mec-event-article \"><div class=\"mec-event-image\"><img loading=\"lazy\" decoding=\"async\" width=\"300\" height=\"300\" src=\"https:\/\/turismevalles.com\/wp-content\/uploads\/2021\/09\/La-botiga-al-carrer-300x300.png\" class=\"attachment-thumblist size-thumblist wp-post-image\" alt=\"\" data-mec-postid=\"15565\" srcset=\"https:\/\/turismevalles.com\/wp-content\/uploads\/2021\/09\/La-botiga-al-carrer-300x300.png 300w, https:\/\/turismevalles.com\/wp-content\/uploads\/2021\/09\/La-botiga-al-carrer-150x150.png 150w\" sizes=\"auto, (max-width: 300px) 100vw, 300px\" \/><\/div><div class=\"mec-event-time mec-color\"><span class=\"mec-sl-clock-o\"><\/span> Todo el d\u00eda<\/div><div class=\"mec-event-title\"><a class=\"mec-color-hover\"  data-event-id=\"15565\" href=\"https:\/\/turismevalles.com\/es\/events\/botiga-al-carrer-a-la-garriga\/\" target=\"_self\" rel=\"noopener\">Tiendas en la calle- La Garriga<\/a><span class=\"event-color\" style=\"background: #fdd700\"><\/span><\/div><div class=\"mec-event-detail\"><div class=\"mec-event-loc-place\">La Garriga<\/div><\/div><\/article><\/div><div class=\"mec-calendar-events-sec\" data-mec-cell=\"20260907\" ><div class=\"mec-table-side-title\">Eventos para <span class=\"mec-color mec-table-side-day\"> 7<\/span> septiembre<\/div>        <script type=\"application\/ld+json\">\r\n        {\r\n            \"@context\": \"http:\/\/schema.org\",\r\n            \"@type\": \"Event\",\r\n            \"eventStatus\": \"https:\/\/schema.org\/EventScheduled\",\r\n            \"startDate\": \"2026-09-07\",\r\n            \"endDate\": \"2026-09-07\",\r\n            \"eventAttendanceMode\": \"https:\/\/schema.org\/OfflineEventAttendanceMode\",\r\n            \"location\":\r\n            {\r\n                \"@type\": \"Place\",\r\n                                \"name\": \"\",\r\n                \"image\": \"\",\r\n                \"address\": \"\"\r\n                            },\r\n            \"organizer\":\r\n            {\r\n                \"@type\": \"Person\",\r\n                \"name\": \"\",\r\n                \"url\": \"\"\r\n            },\r\n            \"offers\":\r\n            {\r\n                \"url\": \"https:\/\/turismevalles.com\/es\/events\/visita-gratuita-al-museu-cardedeu\/\",\r\n                \"price\": \"\",\r\n                \"priceCurrency\": \"$\",\r\n                \"availability\": \"https:\/\/schema.org\/InStock\",\r\n                \"validFrom\": \"2026-09-07T00:00\"\r\n            },\r\n            \"performer\": \"\",\r\n            \"description\": \"Ven y visita el museo gratuitamente cada primer fin de semana de mes!    Conoce el pasado y presente de Cardedeu y una de las farmacias rurales m\u00e1s antiguas de Europa.    Adem\u00e1s, cada s\u00e1bado a las 18h y domingos a las 12h se har\u00e1 una visita guiada en la sala de exposiciones temporales  de la planta baja del museo, y coincidiendo con el primer fin de semana, la visita se har\u00e1 a todas las salas.    El horario del museo es:  De martes a s\u00e1bado de 10 a 14h y de 16 a 19h  Domingos y festivos de 10 a 14h    excepto los domingos de marzo a junio y de octubre a noviembre.    Info: &lt;a href=&quot;https:\/\/museudecardedeu.cat\/agenda\/&quot;&gt;https:\/\/museudecardedeu.cat\/agenda\/&lt;\/a&gt;\",\r\n            \"image\": \"https:\/\/turismevalles.com\/wp-content\/uploads\/2023\/03\/025_museu.jpg\",\r\n            \"name\": \"Visita gratuita al Museo Cardedeu\",\r\n            \"url\": \"https:\/\/turismevalles.com\/es\/events\/visita-gratuita-al-museu-cardedeu\/\"\r\n        }\r\n        <\/script>\r\n        <article class=\"mec-past-event mec-event-article \"><div class=\"mec-event-image\"><img loading=\"lazy\" decoding=\"async\" width=\"300\" height=\"300\" src=\"https:\/\/turismevalles.com\/wp-content\/uploads\/2023\/03\/025_museu-300x300.jpg\" class=\"attachment-thumblist size-thumblist wp-post-image\" alt=\"\" data-mec-postid=\"25231\" srcset=\"https:\/\/turismevalles.com\/wp-content\/uploads\/2023\/03\/025_museu-300x300.jpg 300w, https:\/\/turismevalles.com\/wp-content\/uploads\/2023\/03\/025_museu-150x150.jpg 150w\" sizes=\"auto, (max-width: 300px) 100vw, 300px\" \/><\/div><div class=\"mec-event-title\"><a class=\"mec-color-hover\"  data-event-id=\"25231\" href=\"https:\/\/turismevalles.com\/es\/events\/visita-gratuita-al-museu-cardedeu\/\" target=\"_self\" rel=\"noopener\">Visita gratuita al Museo Cardedeu<\/a><span class=\"event-color\" style=\"background: #fdd700\"><\/span><\/div><div class=\"mec-event-detail\"><div class=\"mec-event-loc-place\"><\/div><\/div><\/article>        <script type=\"application\/ld+json\">\r\n        {\r\n            \"@context\": \"http:\/\/schema.org\",\r\n            \"@type\": \"Event\",\r\n            \"eventStatus\": \"https:\/\/schema.org\/EventScheduled\",\r\n            \"startDate\": \"2026-09-07\",\r\n            \"endDate\": \"2026-09-11\",\r\n            \"eventAttendanceMode\": \"https:\/\/schema.org\/OfflineEventAttendanceMode\",\r\n            \"location\":\r\n            {\r\n                \"@type\": \"Place\",\r\n                                \"name\": \"\",\r\n                \"image\": \"\",\r\n                \"address\": \"\"\r\n                            },\r\n            \"organizer\":\r\n            {\r\n                \"@type\": \"Person\",\r\n                \"name\": \"\",\r\n                \"url\": \"\"\r\n            },\r\n            \"offers\":\r\n            {\r\n                \"url\": \"https:\/\/turismevalles.com\/es\/events\/fiesta-mayor-de-llinars-del-valles-2\/\",\r\n                \"price\": \"\",\r\n                \"priceCurrency\": \"$\",\r\n                \"availability\": \"https:\/\/schema.org\/InStock\",\r\n                \"validFrom\": \"2026-09-07T00:00\"\r\n            },\r\n            \"performer\": \"\",\r\n            \"description\": \"Para m\u00e1s informaci\u00f3n, &lt;a href=&quot;https:\/\/www-llinarsdelvalles-cat.translate.goog\/actualitat\/noticies\/viu-la-festa-major-de-llinars-2026.html?_x_tr_sl=ca&amp;_x_tr_tl=es&amp;_x_tr_hl=esie%3DUTF-8&quot;&gt;clicar aqu\u00ed&lt;\/a&gt;\",\r\n            \"image\": \"https:\/\/turismevalles.com\/wp-content\/uploads\/2023\/08\/Llinars.jpg\",\r\n            \"name\": \"Fiesta Mayor de Llinars del Vall\u00e8s\",\r\n            \"url\": \"https:\/\/turismevalles.com\/es\/events\/fiesta-mayor-de-llinars-del-valles-2\/\"\r\n        }\r\n        <\/script>\r\n        <article class=\"mec-event-article \"><div class=\"mec-event-image\"><img loading=\"lazy\" decoding=\"async\" width=\"300\" height=\"300\" src=\"https:\/\/turismevalles.com\/wp-content\/uploads\/2023\/08\/Llinars-300x300.jpg\" class=\"attachment-thumblist size-thumblist wp-post-image\" alt=\"\" data-mec-postid=\"28195\" srcset=\"https:\/\/turismevalles.com\/wp-content\/uploads\/2023\/08\/Llinars-300x300.jpg 300w, https:\/\/turismevalles.com\/wp-content\/uploads\/2023\/08\/Llinars-150x150.jpg 150w\" sizes=\"auto, (max-width: 300px) 100vw, 300px\" \/><\/div><div class=\"mec-event-time mec-color\"><span class=\"mec-sl-clock-o\"><\/span> Todo el d\u00eda<\/div><div class=\"mec-event-title\"><a class=\"mec-color-hover\"  data-event-id=\"28195\" href=\"https:\/\/turismevalles.com\/es\/events\/fiesta-mayor-de-llinars-del-valles-2\/\" target=\"_self\" rel=\"noopener\">Fiesta Mayor de Llinars del Vall\u00e8s<\/a><span class=\"event-color\" style=\"background: #fdd700\"><\/span><\/div><div class=\"mec-event-detail\"><div class=\"mec-event-loc-place\"><\/div><\/div><\/article>        <script type=\"application\/ld+json\">\r\n        {\r\n            \"@context\": \"http:\/\/schema.org\",\r\n            \"@type\": \"Event\",\r\n            \"eventStatus\": \"https:\/\/schema.org\/EventScheduled\",\r\n            \"startDate\": \"2026-09-07\",\r\n            \"endDate\": \"2026-09-07\",\r\n            \"eventAttendanceMode\": \"https:\/\/schema.org\/OfflineEventAttendanceMode\",\r\n            \"location\":\r\n            {\r\n                \"@type\": \"Place\",\r\n                                \"name\": \"\",\r\n                \"image\": \"\",\r\n                \"address\": \"\"\r\n                            },\r\n            \"organizer\":\r\n            {\r\n                \"@type\": \"Person\",\r\n                \"name\": \"\",\r\n                \"url\": \"\"\r\n            },\r\n            \"offers\":\r\n            {\r\n                \"url\": \"https:\/\/turismevalles.com\/es\/events\/fiesta-mayor-de-sant-celoni-2\/\",\r\n                \"price\": \"\",\r\n                \"priceCurrency\": \"$\",\r\n                \"availability\": \"https:\/\/schema.org\/InStock\",\r\n                \"validFrom\": \"2026-09-07T00:00\"\r\n            },\r\n            \"performer\": \"\",\r\n            \"description\": \"Para m\u00e1s informaci\u00f3n, &lt;a href=&quot;https:\/\/santceloni-cat.translate.goog\/35877?_x_tr_sl=ca&amp;_x_tr_tl=es&amp;_x_tr_hl=es&quot;&gt;clicar aqu\u00ed&lt;\/a&gt;\",\r\n            \"image\": \"https:\/\/turismevalles.com\/wp-content\/uploads\/2023\/08\/santCeloni.jpg\",\r\n            \"name\": \"Fiesta Mayor de Sant Celoni\",\r\n            \"url\": \"https:\/\/turismevalles.com\/es\/events\/fiesta-mayor-de-sant-celoni-2\/\"\r\n        }\r\n        <\/script>\r\n        <article class=\"mec-event-article \"><div class=\"mec-event-image\"><img loading=\"lazy\" decoding=\"async\" width=\"300\" height=\"300\" src=\"https:\/\/turismevalles.com\/wp-content\/uploads\/2023\/08\/santCeloni-300x300.jpg\" class=\"attachment-thumblist size-thumblist wp-post-image\" alt=\"\" data-mec-postid=\"28213\" srcset=\"https:\/\/turismevalles.com\/wp-content\/uploads\/2023\/08\/santCeloni-300x300.jpg 300w, https:\/\/turismevalles.com\/wp-content\/uploads\/2023\/08\/santCeloni-150x150.jpg 150w\" sizes=\"auto, (max-width: 300px) 100vw, 300px\" \/><\/div><div class=\"mec-event-time mec-color\"><span class=\"mec-sl-clock-o\"><\/span> Todo el d\u00eda<\/div><div class=\"mec-event-title\"><a class=\"mec-color-hover\"  data-event-id=\"28213\" href=\"https:\/\/turismevalles.com\/es\/events\/fiesta-mayor-de-sant-celoni-2\/\" target=\"_self\" rel=\"noopener\">Fiesta Mayor de Sant Celoni<\/a><span class=\"event-color\" style=\"background: #fdd700\"><\/span><\/div><div class=\"mec-event-detail\"><div class=\"mec-event-loc-place\"><\/div><\/div><\/article>        <script type=\"application\/ld+json\">\r\n        {\r\n            \"@context\": \"http:\/\/schema.org\",\r\n            \"@type\": \"Event\",\r\n            \"eventStatus\": \"https:\/\/schema.org\/EventScheduled\",\r\n            \"startDate\": \"2026-09-07\",\r\n            \"endDate\": \"2026-09-13\",\r\n            \"eventAttendanceMode\": \"https:\/\/schema.org\/OfflineEventAttendanceMode\",\r\n            \"location\":\r\n            {\r\n                \"@type\": \"Place\",\r\n                                \"name\": \"\",\r\n                \"image\": \"\",\r\n                \"address\": \"\"\r\n                            },\r\n            \"organizer\":\r\n            {\r\n                \"@type\": \"Person\",\r\n                \"name\": \"\",\r\n                \"url\": \"\"\r\n            },\r\n            \"offers\":\r\n            {\r\n                \"url\": \"https:\/\/turismevalles.com\/es\/events\/fiesta-mayor-en-llica-damunt-3\/\",\r\n                \"price\": \"\",\r\n                \"priceCurrency\": \"$\",\r\n                \"availability\": \"https:\/\/schema.org\/InStock\",\r\n                \"validFrom\": \"2026-09-07T00:00\"\r\n            },\r\n            \"performer\": \"\",\r\n            \"description\": \"Para m\u00e1s informaci\u00f3n, &lt;a href=&quot;http:\/\/www.llicamunt.cat&quot;&gt;clicar aqu\u00ed&lt;\/a&gt;\",\r\n            \"image\": \"https:\/\/turismevalles.com\/wp-content\/uploads\/2025\/09\/llicamunt_page-0001-2.jpg\",\r\n            \"name\": \"Fiesta Mayor en Lli\u00e7\u00e0 d&#8217;Amunt\",\r\n            \"url\": \"https:\/\/turismevalles.com\/es\/events\/fiesta-mayor-en-llica-damunt-3\/\"\r\n        }\r\n        <\/script>\r\n        <article class=\"mec-event-article \"><div class=\"mec-event-image\"><img loading=\"lazy\" decoding=\"async\" width=\"300\" height=\"300\" src=\"https:\/\/turismevalles.com\/wp-content\/uploads\/2025\/09\/llicamunt_page-0001-2-300x300.jpg\" class=\"attachment-thumblist size-thumblist wp-post-image\" alt=\"\" data-mec-postid=\"65369\" srcset=\"https:\/\/turismevalles.com\/wp-content\/uploads\/2025\/09\/llicamunt_page-0001-2-300x300.jpg 300w, https:\/\/turismevalles.com\/wp-content\/uploads\/2025\/09\/llicamunt_page-0001-2-150x150.jpg 150w\" sizes=\"auto, (max-width: 300px) 100vw, 300px\" \/><\/div><div class=\"mec-event-time mec-color\"><span class=\"mec-sl-clock-o\"><\/span> Todo el d\u00eda<\/div><div class=\"mec-event-title\"><a class=\"mec-color-hover\"  data-event-id=\"65369\" href=\"https:\/\/turismevalles.com\/es\/events\/fiesta-mayor-en-llica-damunt-3\/\" target=\"_self\" rel=\"noopener\">Fiesta Mayor en Lli\u00e7\u00e0 d&#8217;Amunt<\/a><span class=\"event-color\" style=\"background: #fdd700\"><\/span><\/div><div class=\"mec-event-detail\"><div class=\"mec-event-loc-place\"><\/div><\/div><\/article>        <script type=\"application\/ld+json\">\r\n        {\r\n            \"@context\": \"http:\/\/schema.org\",\r\n            \"@type\": \"Event\",\r\n            \"eventStatus\": \"https:\/\/schema.org\/EventScheduled\",\r\n            \"startDate\": \"2026-09-07\",\r\n            \"endDate\": \"2026-12-14\",\r\n            \"eventAttendanceMode\": \"https:\/\/schema.org\/OfflineEventAttendanceMode\",\r\n            \"location\":\r\n            {\r\n                \"@type\": \"Place\",\r\n                                \"name\": \"\",\r\n                \"image\": \"\",\r\n                \"address\": \"\"\r\n                            },\r\n            \"organizer\":\r\n            {\r\n                \"@type\": \"Person\",\r\n                \"name\": \"\",\r\n                \"url\": \"\"\r\n            },\r\n            \"offers\":\r\n            {\r\n                \"url\": \"https:\/\/turismevalles.com\/es\/events\/recorrerrido-por-sant-miquel-del-fai-bigues-i-riells-del-fai\/\",\r\n                \"price\": \"\",\r\n                \"priceCurrency\": \"$\",\r\n                \"availability\": \"https:\/\/schema.org\/InStock\",\r\n                \"validFrom\": \"2026-09-07T00:00\"\r\n            },\r\n            \"performer\": \"\",\r\n            \"description\": \"Para m\u00e1s informaci\u00f3n,&lt;a href=&quot;https:\/\/parcs.diba.cat\/es\/web\/agenda\/-\/cingles-de-berti-recorregut-per-sant-miquel-del-fai?utm_source=agenda&amp;utm_medium=correu&amp;utm_content=cingles-de-berti-recorregut-per-sant-miquel-del-fai&amp;utm_campaign=501&quot;&gt; clicar aqu\u00ed&lt;\/a&gt;    &nbsp;\",\r\n            \"image\": \"https:\/\/turismevalles.com\/wp-content\/uploads\/2026\/03\/RecorregutSMF.jpg\",\r\n            \"name\": \"Recorrerrido por Sant Miquel del Fai- Bigues i Riells del Fai_Sant Feliu de Codines\",\r\n            \"url\": \"https:\/\/turismevalles.com\/es\/events\/recorrerrido-por-sant-miquel-del-fai-bigues-i-riells-del-fai\/\"\r\n        }\r\n        <\/script>\r\n        <article class=\"mec-event-article \"><div class=\"mec-event-image\"><img loading=\"lazy\" decoding=\"async\" width=\"300\" height=\"300\" src=\"https:\/\/turismevalles.com\/wp-content\/uploads\/2026\/03\/RecorregutSMF-300x300.jpg\" class=\"attachment-thumblist size-thumblist wp-post-image\" alt=\"\" data-mec-postid=\"68822\" srcset=\"https:\/\/turismevalles.com\/wp-content\/uploads\/2026\/03\/RecorregutSMF-300x300.jpg 300w, https:\/\/turismevalles.com\/wp-content\/uploads\/2026\/03\/RecorregutSMF-150x150.jpg 150w\" sizes=\"auto, (max-width: 300px) 100vw, 300px\" \/><\/div><div class=\"mec-event-time mec-color\"><span class=\"mec-sl-clock-o\"><\/span> Todo el d\u00eda<\/div><div class=\"mec-event-title\"><a class=\"mec-color-hover\"  data-event-id=\"68822\" href=\"https:\/\/turismevalles.com\/es\/events\/recorrerrido-por-sant-miquel-del-fai-bigues-i-riells-del-fai\/\" target=\"_self\" rel=\"noopener\">Recorrerrido por Sant Miquel del Fai- Bigues i Riells del Fai_Sant Feliu de Codines<\/a><span class=\"event-color\" style=\"background: #fdd700\"><\/span><\/div><div class=\"mec-event-detail\"><div class=\"mec-event-loc-place\"><\/div><\/div><\/article><\/div><div class=\"mec-calendar-events-sec\" data-mec-cell=\"20260908\" ><div class=\"mec-table-side-title\">Eventos para <span class=\"mec-color mec-table-side-day\"> 8<\/span> septiembre<\/div>        <script type=\"application\/ld+json\">\r\n        {\r\n            \"@context\": \"http:\/\/schema.org\",\r\n            \"@type\": \"Event\",\r\n            \"eventStatus\": \"https:\/\/schema.org\/EventScheduled\",\r\n            \"startDate\": \"2026-09-08\",\r\n            \"endDate\": \"2026-09-11\",\r\n            \"eventAttendanceMode\": \"https:\/\/schema.org\/OfflineEventAttendanceMode\",\r\n            \"location\":\r\n            {\r\n                \"@type\": \"Place\",\r\n                                \"name\": \"\",\r\n                \"image\": \"\",\r\n                \"address\": \"\"\r\n                            },\r\n            \"organizer\":\r\n            {\r\n                \"@type\": \"Person\",\r\n                \"name\": \"\",\r\n                \"url\": \"\"\r\n            },\r\n            \"offers\":\r\n            {\r\n                \"url\": \"https:\/\/turismevalles.com\/es\/events\/fiesta-mayor-de-llinars-del-valles-2\/\",\r\n                \"price\": \"\",\r\n                \"priceCurrency\": \"$\",\r\n                \"availability\": \"https:\/\/schema.org\/InStock\",\r\n                \"validFrom\": \"2026-09-08T00:00\"\r\n            },\r\n            \"performer\": \"\",\r\n            \"description\": \"Para m\u00e1s informaci\u00f3n, &lt;a href=&quot;https:\/\/www-llinarsdelvalles-cat.translate.goog\/actualitat\/noticies\/viu-la-festa-major-de-llinars-2026.html?_x_tr_sl=ca&amp;_x_tr_tl=es&amp;_x_tr_hl=esie%3DUTF-8&quot;&gt;clicar aqu\u00ed&lt;\/a&gt;\",\r\n            \"image\": \"https:\/\/turismevalles.com\/wp-content\/uploads\/2023\/08\/Llinars.jpg\",\r\n            \"name\": \"Fiesta Mayor de Llinars del Vall\u00e8s\",\r\n            \"url\": \"https:\/\/turismevalles.com\/es\/events\/fiesta-mayor-de-llinars-del-valles-2\/\"\r\n        }\r\n        <\/script>\r\n        <article class=\"mec-event-article \"><div class=\"mec-event-image\"><img loading=\"lazy\" decoding=\"async\" width=\"300\" height=\"300\" src=\"https:\/\/turismevalles.com\/wp-content\/uploads\/2023\/08\/Llinars-300x300.jpg\" class=\"attachment-thumblist size-thumblist wp-post-image\" alt=\"\" data-mec-postid=\"28195\" srcset=\"https:\/\/turismevalles.com\/wp-content\/uploads\/2023\/08\/Llinars-300x300.jpg 300w, https:\/\/turismevalles.com\/wp-content\/uploads\/2023\/08\/Llinars-150x150.jpg 150w\" sizes=\"auto, (max-width: 300px) 100vw, 300px\" \/><\/div><div class=\"mec-event-time mec-color\"><span class=\"mec-sl-clock-o\"><\/span> Todo el d\u00eda<\/div><div class=\"mec-event-title\"><a class=\"mec-color-hover\"  data-event-id=\"28195\" href=\"https:\/\/turismevalles.com\/es\/events\/fiesta-mayor-de-llinars-del-valles-2\/\" target=\"_self\" rel=\"noopener\">Fiesta Mayor de Llinars del Vall\u00e8s<\/a><span class=\"event-color\" style=\"background: #fdd700\"><\/span><\/div><div class=\"mec-event-detail\"><div class=\"mec-event-loc-place\"><\/div><\/div><\/article>        <script type=\"application\/ld+json\">\r\n        {\r\n            \"@context\": \"http:\/\/schema.org\",\r\n            \"@type\": \"Event\",\r\n            \"eventStatus\": \"https:\/\/schema.org\/EventScheduled\",\r\n            \"startDate\": \"2026-09-08\",\r\n            \"endDate\": \"2026-09-13\",\r\n            \"eventAttendanceMode\": \"https:\/\/schema.org\/OfflineEventAttendanceMode\",\r\n            \"location\":\r\n            {\r\n                \"@type\": \"Place\",\r\n                                \"name\": \"\",\r\n                \"image\": \"\",\r\n                \"address\": \"\"\r\n                            },\r\n            \"organizer\":\r\n            {\r\n                \"@type\": \"Person\",\r\n                \"name\": \"\",\r\n                \"url\": \"\"\r\n            },\r\n            \"offers\":\r\n            {\r\n                \"url\": \"https:\/\/turismevalles.com\/es\/events\/fiesta-mayor-en-llica-damunt-3\/\",\r\n                \"price\": \"\",\r\n                \"priceCurrency\": \"$\",\r\n                \"availability\": \"https:\/\/schema.org\/InStock\",\r\n                \"validFrom\": \"2026-09-08T00:00\"\r\n            },\r\n            \"performer\": \"\",\r\n            \"description\": \"Para m\u00e1s informaci\u00f3n, &lt;a href=&quot;http:\/\/www.llicamunt.cat&quot;&gt;clicar aqu\u00ed&lt;\/a&gt;\",\r\n            \"image\": \"https:\/\/turismevalles.com\/wp-content\/uploads\/2025\/09\/llicamunt_page-0001-2.jpg\",\r\n            \"name\": \"Fiesta Mayor en Lli\u00e7\u00e0 d&#8217;Amunt\",\r\n            \"url\": \"https:\/\/turismevalles.com\/es\/events\/fiesta-mayor-en-llica-damunt-3\/\"\r\n        }\r\n        <\/script>\r\n        <article class=\"mec-event-article \"><div class=\"mec-event-image\"><img loading=\"lazy\" decoding=\"async\" width=\"300\" height=\"300\" src=\"https:\/\/turismevalles.com\/wp-content\/uploads\/2025\/09\/llicamunt_page-0001-2-300x300.jpg\" class=\"attachment-thumblist size-thumblist wp-post-image\" alt=\"\" data-mec-postid=\"65369\" srcset=\"https:\/\/turismevalles.com\/wp-content\/uploads\/2025\/09\/llicamunt_page-0001-2-300x300.jpg 300w, https:\/\/turismevalles.com\/wp-content\/uploads\/2025\/09\/llicamunt_page-0001-2-150x150.jpg 150w\" sizes=\"auto, (max-width: 300px) 100vw, 300px\" \/><\/div><div class=\"mec-event-time mec-color\"><span class=\"mec-sl-clock-o\"><\/span> Todo el d\u00eda<\/div><div class=\"mec-event-title\"><a class=\"mec-color-hover\"  data-event-id=\"65369\" href=\"https:\/\/turismevalles.com\/es\/events\/fiesta-mayor-en-llica-damunt-3\/\" target=\"_self\" rel=\"noopener\">Fiesta Mayor en Lli\u00e7\u00e0 d&#8217;Amunt<\/a><span class=\"event-color\" style=\"background: #fdd700\"><\/span><\/div><div class=\"mec-event-detail\"><div class=\"mec-event-loc-place\"><\/div><\/div><\/article>        <script type=\"application\/ld+json\">\r\n        {\r\n            \"@context\": \"http:\/\/schema.org\",\r\n            \"@type\": \"Event\",\r\n            \"eventStatus\": \"https:\/\/schema.org\/EventScheduled\",\r\n            \"startDate\": \"2026-09-08\",\r\n            \"endDate\": \"2026-12-14\",\r\n            \"eventAttendanceMode\": \"https:\/\/schema.org\/OfflineEventAttendanceMode\",\r\n            \"location\":\r\n            {\r\n                \"@type\": \"Place\",\r\n                                \"name\": \"\",\r\n                \"image\": \"\",\r\n                \"address\": \"\"\r\n                            },\r\n            \"organizer\":\r\n            {\r\n                \"@type\": \"Person\",\r\n                \"name\": \"\",\r\n                \"url\": \"\"\r\n            },\r\n            \"offers\":\r\n            {\r\n                \"url\": \"https:\/\/turismevalles.com\/es\/events\/recorrerrido-por-sant-miquel-del-fai-bigues-i-riells-del-fai\/\",\r\n                \"price\": \"\",\r\n                \"priceCurrency\": \"$\",\r\n                \"availability\": \"https:\/\/schema.org\/InStock\",\r\n                \"validFrom\": \"2026-09-08T00:00\"\r\n            },\r\n            \"performer\": \"\",\r\n            \"description\": \"Para m\u00e1s informaci\u00f3n,&lt;a href=&quot;https:\/\/parcs.diba.cat\/es\/web\/agenda\/-\/cingles-de-berti-recorregut-per-sant-miquel-del-fai?utm_source=agenda&amp;utm_medium=correu&amp;utm_content=cingles-de-berti-recorregut-per-sant-miquel-del-fai&amp;utm_campaign=501&quot;&gt; clicar aqu\u00ed&lt;\/a&gt;    &nbsp;\",\r\n            \"image\": \"https:\/\/turismevalles.com\/wp-content\/uploads\/2026\/03\/RecorregutSMF.jpg\",\r\n            \"name\": \"Recorrerrido por Sant Miquel del Fai- Bigues i Riells del Fai_Sant Feliu de Codines\",\r\n            \"url\": \"https:\/\/turismevalles.com\/es\/events\/recorrerrido-por-sant-miquel-del-fai-bigues-i-riells-del-fai\/\"\r\n        }\r\n        <\/script>\r\n        <article class=\"mec-event-article \"><div class=\"mec-event-image\"><img loading=\"lazy\" decoding=\"async\" width=\"300\" height=\"300\" src=\"https:\/\/turismevalles.com\/wp-content\/uploads\/2026\/03\/RecorregutSMF-300x300.jpg\" class=\"attachment-thumblist size-thumblist wp-post-image\" alt=\"\" data-mec-postid=\"68822\" srcset=\"https:\/\/turismevalles.com\/wp-content\/uploads\/2026\/03\/RecorregutSMF-300x300.jpg 300w, https:\/\/turismevalles.com\/wp-content\/uploads\/2026\/03\/RecorregutSMF-150x150.jpg 150w\" sizes=\"auto, (max-width: 300px) 100vw, 300px\" \/><\/div><div class=\"mec-event-time mec-color\"><span class=\"mec-sl-clock-o\"><\/span> Todo el d\u00eda<\/div><div class=\"mec-event-title\"><a class=\"mec-color-hover\"  data-event-id=\"68822\" href=\"https:\/\/turismevalles.com\/es\/events\/recorrerrido-por-sant-miquel-del-fai-bigues-i-riells-del-fai\/\" target=\"_self\" rel=\"noopener\">Recorrerrido por Sant Miquel del Fai- Bigues i Riells del Fai_Sant Feliu de Codines<\/a><span class=\"event-color\" style=\"background: #fdd700\"><\/span><\/div><div class=\"mec-event-detail\"><div class=\"mec-event-loc-place\"><\/div><\/div><\/article><\/div><div class=\"mec-calendar-events-sec\" data-mec-cell=\"20260909\" ><div class=\"mec-table-side-title\">Eventos para <span class=\"mec-color mec-table-side-day\"> 9<\/span> septiembre<\/div>        <script type=\"application\/ld+json\">\r\n        {\r\n            \"@context\": \"http:\/\/schema.org\",\r\n            \"@type\": \"Event\",\r\n            \"eventStatus\": \"https:\/\/schema.org\/EventScheduled\",\r\n            \"startDate\": \"2026-09-09\",\r\n            \"endDate\": \"2026-09-11\",\r\n            \"eventAttendanceMode\": \"https:\/\/schema.org\/OfflineEventAttendanceMode\",\r\n            \"location\":\r\n            {\r\n                \"@type\": \"Place\",\r\n                                \"name\": \"\",\r\n                \"image\": \"\",\r\n                \"address\": \"\"\r\n                            },\r\n            \"organizer\":\r\n            {\r\n                \"@type\": \"Person\",\r\n                \"name\": \"\",\r\n                \"url\": \"\"\r\n            },\r\n            \"offers\":\r\n            {\r\n                \"url\": \"https:\/\/turismevalles.com\/es\/events\/fiesta-mayor-de-llinars-del-valles-2\/\",\r\n                \"price\": \"\",\r\n                \"priceCurrency\": \"$\",\r\n                \"availability\": \"https:\/\/schema.org\/InStock\",\r\n                \"validFrom\": \"2026-09-09T00:00\"\r\n            },\r\n            \"performer\": \"\",\r\n            \"description\": \"Para m\u00e1s informaci\u00f3n, &lt;a href=&quot;https:\/\/www-llinarsdelvalles-cat.translate.goog\/actualitat\/noticies\/viu-la-festa-major-de-llinars-2026.html?_x_tr_sl=ca&amp;_x_tr_tl=es&amp;_x_tr_hl=esie%3DUTF-8&quot;&gt;clicar aqu\u00ed&lt;\/a&gt;\",\r\n            \"image\": \"https:\/\/turismevalles.com\/wp-content\/uploads\/2023\/08\/Llinars.jpg\",\r\n            \"name\": \"Fiesta Mayor de Llinars del Vall\u00e8s\",\r\n            \"url\": \"https:\/\/turismevalles.com\/es\/events\/fiesta-mayor-de-llinars-del-valles-2\/\"\r\n        }\r\n        <\/script>\r\n        <article class=\"mec-event-article \"><div class=\"mec-event-image\"><img loading=\"lazy\" decoding=\"async\" width=\"300\" height=\"300\" src=\"https:\/\/turismevalles.com\/wp-content\/uploads\/2023\/08\/Llinars-300x300.jpg\" class=\"attachment-thumblist size-thumblist wp-post-image\" alt=\"\" data-mec-postid=\"28195\" srcset=\"https:\/\/turismevalles.com\/wp-content\/uploads\/2023\/08\/Llinars-300x300.jpg 300w, https:\/\/turismevalles.com\/wp-content\/uploads\/2023\/08\/Llinars-150x150.jpg 150w\" sizes=\"auto, (max-width: 300px) 100vw, 300px\" \/><\/div><div class=\"mec-event-time mec-color\"><span class=\"mec-sl-clock-o\"><\/span> Todo el d\u00eda<\/div><div class=\"mec-event-title\"><a class=\"mec-color-hover\"  data-event-id=\"28195\" href=\"https:\/\/turismevalles.com\/es\/events\/fiesta-mayor-de-llinars-del-valles-2\/\" target=\"_self\" rel=\"noopener\">Fiesta Mayor de Llinars del Vall\u00e8s<\/a><span class=\"event-color\" style=\"background: #fdd700\"><\/span><\/div><div class=\"mec-event-detail\"><div class=\"mec-event-loc-place\"><\/div><\/div><\/article>        <script type=\"application\/ld+json\">\r\n        {\r\n            \"@context\": \"http:\/\/schema.org\",\r\n            \"@type\": \"Event\",\r\n            \"eventStatus\": \"https:\/\/schema.org\/EventScheduled\",\r\n            \"startDate\": \"2026-09-09\",\r\n            \"endDate\": \"2026-09-13\",\r\n            \"eventAttendanceMode\": \"https:\/\/schema.org\/OfflineEventAttendanceMode\",\r\n            \"location\":\r\n            {\r\n                \"@type\": \"Place\",\r\n                                \"name\": \"\",\r\n                \"image\": \"\",\r\n                \"address\": \"\"\r\n                            },\r\n            \"organizer\":\r\n            {\r\n                \"@type\": \"Person\",\r\n                \"name\": \"\",\r\n                \"url\": \"\"\r\n            },\r\n            \"offers\":\r\n            {\r\n                \"url\": \"https:\/\/turismevalles.com\/es\/events\/fiesta-mayor-en-llica-damunt-3\/\",\r\n                \"price\": \"\",\r\n                \"priceCurrency\": \"$\",\r\n                \"availability\": \"https:\/\/schema.org\/InStock\",\r\n                \"validFrom\": \"2026-09-09T00:00\"\r\n            },\r\n            \"performer\": \"\",\r\n            \"description\": \"Para m\u00e1s informaci\u00f3n, &lt;a href=&quot;http:\/\/www.llicamunt.cat&quot;&gt;clicar aqu\u00ed&lt;\/a&gt;\",\r\n            \"image\": \"https:\/\/turismevalles.com\/wp-content\/uploads\/2025\/09\/llicamunt_page-0001-2.jpg\",\r\n            \"name\": \"Fiesta Mayor en Lli\u00e7\u00e0 d&#8217;Amunt\",\r\n            \"url\": \"https:\/\/turismevalles.com\/es\/events\/fiesta-mayor-en-llica-damunt-3\/\"\r\n        }\r\n        <\/script>\r\n        <article class=\"mec-event-article \"><div class=\"mec-event-image\"><img loading=\"lazy\" decoding=\"async\" width=\"300\" height=\"300\" src=\"https:\/\/turismevalles.com\/wp-content\/uploads\/2025\/09\/llicamunt_page-0001-2-300x300.jpg\" class=\"attachment-thumblist size-thumblist wp-post-image\" alt=\"\" data-mec-postid=\"65369\" srcset=\"https:\/\/turismevalles.com\/wp-content\/uploads\/2025\/09\/llicamunt_page-0001-2-300x300.jpg 300w, https:\/\/turismevalles.com\/wp-content\/uploads\/2025\/09\/llicamunt_page-0001-2-150x150.jpg 150w\" sizes=\"auto, (max-width: 300px) 100vw, 300px\" \/><\/div><div class=\"mec-event-time mec-color\"><span class=\"mec-sl-clock-o\"><\/span> Todo el d\u00eda<\/div><div class=\"mec-event-title\"><a class=\"mec-color-hover\"  data-event-id=\"65369\" href=\"https:\/\/turismevalles.com\/es\/events\/fiesta-mayor-en-llica-damunt-3\/\" target=\"_self\" rel=\"noopener\">Fiesta Mayor en Lli\u00e7\u00e0 d&#8217;Amunt<\/a><span class=\"event-color\" style=\"background: #fdd700\"><\/span><\/div><div class=\"mec-event-detail\"><div class=\"mec-event-loc-place\"><\/div><\/div><\/article>        <script type=\"application\/ld+json\">\r\n        {\r\n            \"@context\": \"http:\/\/schema.org\",\r\n            \"@type\": \"Event\",\r\n            \"eventStatus\": \"https:\/\/schema.org\/EventScheduled\",\r\n            \"startDate\": \"2026-09-09\",\r\n            \"endDate\": \"2026-12-14\",\r\n            \"eventAttendanceMode\": \"https:\/\/schema.org\/OfflineEventAttendanceMode\",\r\n            \"location\":\r\n            {\r\n                \"@type\": \"Place\",\r\n                                \"name\": \"\",\r\n                \"image\": \"\",\r\n                \"address\": \"\"\r\n                            },\r\n            \"organizer\":\r\n            {\r\n                \"@type\": \"Person\",\r\n                \"name\": \"\",\r\n                \"url\": \"\"\r\n            },\r\n            \"offers\":\r\n            {\r\n                \"url\": \"https:\/\/turismevalles.com\/es\/events\/recorrerrido-por-sant-miquel-del-fai-bigues-i-riells-del-fai\/\",\r\n                \"price\": \"\",\r\n                \"priceCurrency\": \"$\",\r\n                \"availability\": \"https:\/\/schema.org\/InStock\",\r\n                \"validFrom\": \"2026-09-09T00:00\"\r\n            },\r\n            \"performer\": \"\",\r\n            \"description\": \"Para m\u00e1s informaci\u00f3n,&lt;a href=&quot;https:\/\/parcs.diba.cat\/es\/web\/agenda\/-\/cingles-de-berti-recorregut-per-sant-miquel-del-fai?utm_source=agenda&amp;utm_medium=correu&amp;utm_content=cingles-de-berti-recorregut-per-sant-miquel-del-fai&amp;utm_campaign=501&quot;&gt; clicar aqu\u00ed&lt;\/a&gt;    &nbsp;\",\r\n            \"image\": \"https:\/\/turismevalles.com\/wp-content\/uploads\/2026\/03\/RecorregutSMF.jpg\",\r\n            \"name\": \"Recorrerrido por Sant Miquel del Fai- Bigues i Riells del Fai_Sant Feliu de Codines\",\r\n            \"url\": \"https:\/\/turismevalles.com\/es\/events\/recorrerrido-por-sant-miquel-del-fai-bigues-i-riells-del-fai\/\"\r\n        }\r\n        <\/script>\r\n        <article class=\"mec-event-article \"><div class=\"mec-event-image\"><img loading=\"lazy\" decoding=\"async\" width=\"300\" height=\"300\" src=\"https:\/\/turismevalles.com\/wp-content\/uploads\/2026\/03\/RecorregutSMF-300x300.jpg\" class=\"attachment-thumblist size-thumblist wp-post-image\" alt=\"\" data-mec-postid=\"68822\" srcset=\"https:\/\/turismevalles.com\/wp-content\/uploads\/2026\/03\/RecorregutSMF-300x300.jpg 300w, https:\/\/turismevalles.com\/wp-content\/uploads\/2026\/03\/RecorregutSMF-150x150.jpg 150w\" sizes=\"auto, (max-width: 300px) 100vw, 300px\" \/><\/div><div class=\"mec-event-time mec-color\"><span class=\"mec-sl-clock-o\"><\/span> Todo el d\u00eda<\/div><div class=\"mec-event-title\"><a class=\"mec-color-hover\"  data-event-id=\"68822\" href=\"https:\/\/turismevalles.com\/es\/events\/recorrerrido-por-sant-miquel-del-fai-bigues-i-riells-del-fai\/\" target=\"_self\" rel=\"noopener\">Recorrerrido por Sant Miquel del Fai- Bigues i Riells del Fai_Sant Feliu de Codines<\/a><span class=\"event-color\" style=\"background: #fdd700\"><\/span><\/div><div class=\"mec-event-detail\"><div class=\"mec-event-loc-place\"><\/div><\/div><\/article><\/div><div class=\"mec-calendar-events-sec\" data-mec-cell=\"20260910\" ><div class=\"mec-table-side-title\">Eventos para <span class=\"mec-color mec-table-side-day\"> 10<\/span> septiembre<\/div>        <script type=\"application\/ld+json\">\r\n        {\r\n            \"@context\": \"http:\/\/schema.org\",\r\n            \"@type\": \"Event\",\r\n            \"eventStatus\": \"https:\/\/schema.org\/EventScheduled\",\r\n            \"startDate\": \"2026-09-10\",\r\n            \"endDate\": \"2026-09-11\",\r\n            \"eventAttendanceMode\": \"https:\/\/schema.org\/OfflineEventAttendanceMode\",\r\n            \"location\":\r\n            {\r\n                \"@type\": \"Place\",\r\n                                \"name\": \"\",\r\n                \"image\": \"\",\r\n                \"address\": \"\"\r\n                            },\r\n            \"organizer\":\r\n            {\r\n                \"@type\": \"Person\",\r\n                \"name\": \"\",\r\n                \"url\": \"\"\r\n            },\r\n            \"offers\":\r\n            {\r\n                \"url\": \"https:\/\/turismevalles.com\/es\/events\/fiesta-mayor-de-llinars-del-valles-2\/\",\r\n                \"price\": \"\",\r\n                \"priceCurrency\": \"$\",\r\n                \"availability\": \"https:\/\/schema.org\/InStock\",\r\n                \"validFrom\": \"2026-09-10T00:00\"\r\n            },\r\n            \"performer\": \"\",\r\n            \"description\": \"Para m\u00e1s informaci\u00f3n, &lt;a href=&quot;https:\/\/www-llinarsdelvalles-cat.translate.goog\/actualitat\/noticies\/viu-la-festa-major-de-llinars-2026.html?_x_tr_sl=ca&amp;_x_tr_tl=es&amp;_x_tr_hl=esie%3DUTF-8&quot;&gt;clicar aqu\u00ed&lt;\/a&gt;\",\r\n            \"image\": \"https:\/\/turismevalles.com\/wp-content\/uploads\/2023\/08\/Llinars.jpg\",\r\n            \"name\": \"Fiesta Mayor de Llinars del Vall\u00e8s\",\r\n            \"url\": \"https:\/\/turismevalles.com\/es\/events\/fiesta-mayor-de-llinars-del-valles-2\/\"\r\n        }\r\n        <\/script>\r\n        <article class=\"mec-event-article \"><div class=\"mec-event-image\"><img loading=\"lazy\" decoding=\"async\" width=\"300\" height=\"300\" src=\"https:\/\/turismevalles.com\/wp-content\/uploads\/2023\/08\/Llinars-300x300.jpg\" class=\"attachment-thumblist size-thumblist wp-post-image\" alt=\"\" data-mec-postid=\"28195\" srcset=\"https:\/\/turismevalles.com\/wp-content\/uploads\/2023\/08\/Llinars-300x300.jpg 300w, https:\/\/turismevalles.com\/wp-content\/uploads\/2023\/08\/Llinars-150x150.jpg 150w\" sizes=\"auto, (max-width: 300px) 100vw, 300px\" \/><\/div><div class=\"mec-event-time mec-color\"><span class=\"mec-sl-clock-o\"><\/span> Todo el d\u00eda<\/div><div class=\"mec-event-title\"><a class=\"mec-color-hover\"  data-event-id=\"28195\" href=\"https:\/\/turismevalles.com\/es\/events\/fiesta-mayor-de-llinars-del-valles-2\/\" target=\"_self\" rel=\"noopener\">Fiesta Mayor de Llinars del Vall\u00e8s<\/a><span class=\"event-color\" style=\"background: #fdd700\"><\/span><\/div><div class=\"mec-event-detail\"><div class=\"mec-event-loc-place\"><\/div><\/div><\/article>        <script type=\"application\/ld+json\">\r\n        {\r\n            \"@context\": \"http:\/\/schema.org\",\r\n            \"@type\": \"Event\",\r\n            \"eventStatus\": \"https:\/\/schema.org\/EventScheduled\",\r\n            \"startDate\": \"2026-09-10\",\r\n            \"endDate\": \"2026-09-13\",\r\n            \"eventAttendanceMode\": \"https:\/\/schema.org\/OfflineEventAttendanceMode\",\r\n            \"location\":\r\n            {\r\n                \"@type\": \"Place\",\r\n                                \"name\": \"\",\r\n                \"image\": \"\",\r\n                \"address\": \"\"\r\n                            },\r\n            \"organizer\":\r\n            {\r\n                \"@type\": \"Person\",\r\n                \"name\": \"\",\r\n                \"url\": \"\"\r\n            },\r\n            \"offers\":\r\n            {\r\n                \"url\": \"https:\/\/turismevalles.com\/es\/events\/fiesta-mayor-en-llica-damunt-3\/\",\r\n                \"price\": \"\",\r\n                \"priceCurrency\": \"$\",\r\n                \"availability\": \"https:\/\/schema.org\/InStock\",\r\n                \"validFrom\": \"2026-09-10T00:00\"\r\n            },\r\n            \"performer\": \"\",\r\n            \"description\": \"Para m\u00e1s informaci\u00f3n, &lt;a href=&quot;http:\/\/www.llicamunt.cat&quot;&gt;clicar aqu\u00ed&lt;\/a&gt;\",\r\n            \"image\": \"https:\/\/turismevalles.com\/wp-content\/uploads\/2025\/09\/llicamunt_page-0001-2.jpg\",\r\n            \"name\": \"Fiesta Mayor en Lli\u00e7\u00e0 d&#8217;Amunt\",\r\n            \"url\": \"https:\/\/turismevalles.com\/es\/events\/fiesta-mayor-en-llica-damunt-3\/\"\r\n        }\r\n        <\/script>\r\n        <article class=\"mec-event-article \"><div class=\"mec-event-image\"><img loading=\"lazy\" decoding=\"async\" width=\"300\" height=\"300\" src=\"https:\/\/turismevalles.com\/wp-content\/uploads\/2025\/09\/llicamunt_page-0001-2-300x300.jpg\" class=\"attachment-thumblist size-thumblist wp-post-image\" alt=\"\" data-mec-postid=\"65369\" srcset=\"https:\/\/turismevalles.com\/wp-content\/uploads\/2025\/09\/llicamunt_page-0001-2-300x300.jpg 300w, https:\/\/turismevalles.com\/wp-content\/uploads\/2025\/09\/llicamunt_page-0001-2-150x150.jpg 150w\" sizes=\"auto, (max-width: 300px) 100vw, 300px\" \/><\/div><div class=\"mec-event-time mec-color\"><span class=\"mec-sl-clock-o\"><\/span> Todo el d\u00eda<\/div><div class=\"mec-event-title\"><a class=\"mec-color-hover\"  data-event-id=\"65369\" href=\"https:\/\/turismevalles.com\/es\/events\/fiesta-mayor-en-llica-damunt-3\/\" target=\"_self\" rel=\"noopener\">Fiesta Mayor en Lli\u00e7\u00e0 d&#8217;Amunt<\/a><span class=\"event-color\" style=\"background: #fdd700\"><\/span><\/div><div class=\"mec-event-detail\"><div class=\"mec-event-loc-place\"><\/div><\/div><\/article>        <script type=\"application\/ld+json\">\r\n        {\r\n            \"@context\": \"http:\/\/schema.org\",\r\n            \"@type\": \"Event\",\r\n            \"eventStatus\": \"https:\/\/schema.org\/EventScheduled\",\r\n            \"startDate\": \"2026-09-10\",\r\n            \"endDate\": \"2026-12-14\",\r\n            \"eventAttendanceMode\": \"https:\/\/schema.org\/OfflineEventAttendanceMode\",\r\n            \"location\":\r\n            {\r\n                \"@type\": \"Place\",\r\n                                \"name\": \"\",\r\n                \"image\": \"\",\r\n                \"address\": \"\"\r\n                            },\r\n            \"organizer\":\r\n            {\r\n                \"@type\": \"Person\",\r\n                \"name\": \"\",\r\n                \"url\": \"\"\r\n            },\r\n            \"offers\":\r\n            {\r\n                \"url\": \"https:\/\/turismevalles.com\/es\/events\/recorrerrido-por-sant-miquel-del-fai-bigues-i-riells-del-fai\/\",\r\n                \"price\": \"\",\r\n                \"priceCurrency\": \"$\",\r\n                \"availability\": \"https:\/\/schema.org\/InStock\",\r\n                \"validFrom\": \"2026-09-10T00:00\"\r\n            },\r\n            \"performer\": \"\",\r\n            \"description\": \"Para m\u00e1s informaci\u00f3n,&lt;a href=&quot;https:\/\/parcs.diba.cat\/es\/web\/agenda\/-\/cingles-de-berti-recorregut-per-sant-miquel-del-fai?utm_source=agenda&amp;utm_medium=correu&amp;utm_content=cingles-de-berti-recorregut-per-sant-miquel-del-fai&amp;utm_campaign=501&quot;&gt; clicar aqu\u00ed&lt;\/a&gt;    &nbsp;\",\r\n            \"image\": \"https:\/\/turismevalles.com\/wp-content\/uploads\/2026\/03\/RecorregutSMF.jpg\",\r\n            \"name\": \"Recorrerrido por Sant Miquel del Fai- Bigues i Riells del Fai_Sant Feliu de Codines\",\r\n            \"url\": \"https:\/\/turismevalles.com\/es\/events\/recorrerrido-por-sant-miquel-del-fai-bigues-i-riells-del-fai\/\"\r\n        }\r\n        <\/script>\r\n        <article class=\"mec-event-article \"><div class=\"mec-event-image\"><img loading=\"lazy\" decoding=\"async\" width=\"300\" height=\"300\" src=\"https:\/\/turismevalles.com\/wp-content\/uploads\/2026\/03\/RecorregutSMF-300x300.jpg\" class=\"attachment-thumblist size-thumblist wp-post-image\" alt=\"\" data-mec-postid=\"68822\" srcset=\"https:\/\/turismevalles.com\/wp-content\/uploads\/2026\/03\/RecorregutSMF-300x300.jpg 300w, https:\/\/turismevalles.com\/wp-content\/uploads\/2026\/03\/RecorregutSMF-150x150.jpg 150w\" sizes=\"auto, (max-width: 300px) 100vw, 300px\" \/><\/div><div class=\"mec-event-time mec-color\"><span class=\"mec-sl-clock-o\"><\/span> Todo el d\u00eda<\/div><div class=\"mec-event-title\"><a class=\"mec-color-hover\"  data-event-id=\"68822\" href=\"https:\/\/turismevalles.com\/es\/events\/recorrerrido-por-sant-miquel-del-fai-bigues-i-riells-del-fai\/\" target=\"_self\" rel=\"noopener\">Recorrerrido por Sant Miquel del Fai- Bigues i Riells del Fai_Sant Feliu de Codines<\/a><span class=\"event-color\" style=\"background: #fdd700\"><\/span><\/div><div class=\"mec-event-detail\"><div class=\"mec-event-loc-place\"><\/div><\/div><\/article>        <script type=\"application\/ld+json\">\r\n        {\r\n            \"@context\": \"http:\/\/schema.org\",\r\n            \"@type\": \"Event\",\r\n            \"eventStatus\": \"https:\/\/schema.org\/EventScheduled\",\r\n            \"startDate\": \"2026-09-10\",\r\n            \"endDate\": \"2026-09-13\",\r\n            \"eventAttendanceMode\": \"https:\/\/schema.org\/OfflineEventAttendanceMode\",\r\n            \"location\":\r\n            {\r\n                \"@type\": \"Place\",\r\n                                \"name\": \"\",\r\n                \"image\": \"\",\r\n                \"address\": \"\"\r\n                            },\r\n            \"organizer\":\r\n            {\r\n                \"@type\": \"Person\",\r\n                \"name\": \"\",\r\n                \"url\": \"\"\r\n            },\r\n            \"offers\":\r\n            {\r\n                \"url\": \"https:\/\/turismevalles.com\/es\/events\/fiesta-mayor-de-llerona-les-franqueses-del-valles-2\/\",\r\n                \"price\": \"\",\r\n                \"priceCurrency\": \"$\",\r\n                \"availability\": \"https:\/\/schema.org\/InStock\",\r\n                \"validFrom\": \"2026-09-10T00:00\"\r\n            },\r\n            \"performer\": \"\",\r\n            \"description\": \"Para m\u00e1s informaci\u00f3n, &lt;a href=&quot;https:\/\/www-lesfranqueses-cat.translate.goog\/?_x_tr_sl=ca&amp;_x_tr_tl=es&amp;_x_tr_hl=esie%3DUTF-8&quot;&gt;clicar aqu\u00ed&lt;\/a&gt;\",\r\n            \"image\": \"https:\/\/turismevalles.com\/wp-content\/uploads\/2023\/08\/Banner-900x330-fm2026-Franqueses.jpg\",\r\n            \"name\": \"Fiesta Mayor de Llerona- Les Franqueses del Vall\u00e8s\",\r\n            \"url\": \"https:\/\/turismevalles.com\/es\/events\/fiesta-mayor-de-llerona-les-franqueses-del-valles-2\/\"\r\n        }\r\n        <\/script>\r\n        <article class=\"mec-event-article \"><div class=\"mec-event-image\"><img loading=\"lazy\" decoding=\"async\" width=\"300\" height=\"300\" src=\"https:\/\/turismevalles.com\/wp-content\/uploads\/2023\/08\/Banner-900x330-fm2026-Franqueses-300x300.jpg\" class=\"attachment-thumblist size-thumblist wp-post-image\" alt=\"\" data-mec-postid=\"28169\" srcset=\"https:\/\/turismevalles.com\/wp-content\/uploads\/2023\/08\/Banner-900x330-fm2026-Franqueses-300x300.jpg 300w, https:\/\/turismevalles.com\/wp-content\/uploads\/2023\/08\/Banner-900x330-fm2026-Franqueses-150x150.jpg 150w\" sizes=\"auto, (max-width: 300px) 100vw, 300px\" \/><\/div><div class=\"mec-event-time mec-color\"><span class=\"mec-sl-clock-o\"><\/span> Todo el d\u00eda<\/div><div class=\"mec-event-title\"><a class=\"mec-color-hover\"  data-event-id=\"28169\" href=\"https:\/\/turismevalles.com\/es\/events\/fiesta-mayor-de-llerona-les-franqueses-del-valles-2\/\" target=\"_self\" rel=\"noopener\">Fiesta Mayor de Llerona- Les Franqueses del Vall\u00e8s<\/a><span class=\"event-color\" style=\"background: #fdd700\"><\/span><\/div><div class=\"mec-event-detail\"><div class=\"mec-event-loc-place\"><\/div><\/div><\/article>        <script type=\"application\/ld+json\">\r\n        {\r\n            \"@context\": \"http:\/\/schema.org\",\r\n            \"@type\": \"Event\",\r\n            \"eventStatus\": \"https:\/\/schema.org\/EventScheduled\",\r\n            \"startDate\": \"2026-09-10\",\r\n            \"endDate\": \"2026-09-13\",\r\n            \"eventAttendanceMode\": \"https:\/\/schema.org\/OfflineEventAttendanceMode\",\r\n            \"location\":\r\n            {\r\n                \"@type\": \"Place\",\r\n                                \"name\": \"\",\r\n                \"image\": \"\",\r\n                \"address\": \"\"\r\n                            },\r\n            \"organizer\":\r\n            {\r\n                \"@type\": \"Person\",\r\n                \"name\": \"\",\r\n                \"url\": \"\"\r\n            },\r\n            \"offers\":\r\n            {\r\n                \"url\": \"https:\/\/turismevalles.com\/es\/events\/fiesta-major-de-martorelles\/\",\r\n                \"price\": \"\",\r\n                \"priceCurrency\": \"$\",\r\n                \"availability\": \"https:\/\/schema.org\/InStock\",\r\n                \"validFrom\": \"2026-09-10T00:00\"\r\n            },\r\n            \"performer\": \"\",\r\n            \"description\": \"Para m\u00e1s informaci\u00f3n, &lt;a href=&quot;https:\/\/www-martorelles-cat.translate.goog\/ambits\/cultura-tradicions\/festa-major-2026\/el-programa\/?_x_tr_sl=ca&amp;_x_tr_tl=es&amp;_x_tr_hl=esie%3DUTF-8&quot;&gt;clicar aqu\u00ed&lt;\/a&gt;\",\r\n            \"image\": \"https:\/\/turismevalles.com\/wp-content\/uploads\/2023\/08\/martorelles_page-0001-2.jpg\",\r\n            \"name\": \"Fiesta Major de Martorelles\",\r\n            \"url\": \"https:\/\/turismevalles.com\/es\/events\/fiesta-major-de-martorelles\/\"\r\n        }\r\n        <\/script>\r\n        <article class=\"mec-event-article \"><div class=\"mec-event-image\"><img loading=\"lazy\" decoding=\"async\" width=\"300\" height=\"300\" src=\"https:\/\/turismevalles.com\/wp-content\/uploads\/2023\/08\/martorelles_page-0001-2-300x300.jpg\" class=\"attachment-thumblist size-thumblist wp-post-image\" alt=\"\" data-mec-postid=\"28290\" srcset=\"https:\/\/turismevalles.com\/wp-content\/uploads\/2023\/08\/martorelles_page-0001-2-300x300.jpg 300w, https:\/\/turismevalles.com\/wp-content\/uploads\/2023\/08\/martorelles_page-0001-2-150x150.jpg 150w\" sizes=\"auto, (max-width: 300px) 100vw, 300px\" \/><\/div><div class=\"mec-event-time mec-color\"><span class=\"mec-sl-clock-o\"><\/span> Todo el d\u00eda<\/div><div class=\"mec-event-title\"><a class=\"mec-color-hover\"  data-event-id=\"28290\" href=\"https:\/\/turismevalles.com\/es\/events\/fiesta-major-de-martorelles\/\" target=\"_self\" rel=\"noopener\">Fiesta Major de Martorelles<\/a><span class=\"event-color\" style=\"background: #fdd700\"><\/span><\/div><div class=\"mec-event-detail\"><div class=\"mec-event-loc-place\"><\/div><\/div><\/article>        <script type=\"application\/ld+json\">\r\n        {\r\n            \"@context\": \"http:\/\/schema.org\",\r\n            \"@type\": \"Event\",\r\n            \"eventStatus\": \"https:\/\/schema.org\/EventScheduled\",\r\n            \"startDate\": \"2026-09-10\",\r\n            \"endDate\": \"2026-09-10\",\r\n            \"eventAttendanceMode\": \"https:\/\/schema.org\/OfflineEventAttendanceMode\",\r\n            \"location\":\r\n            {\r\n                \"@type\": \"Place\",\r\n                                \"name\": \"\",\r\n                \"image\": \"\",\r\n                \"address\": \"\"\r\n                            },\r\n            \"organizer\":\r\n            {\r\n                \"@type\": \"Person\",\r\n                \"name\": \"\",\r\n                \"url\": \"\"\r\n            },\r\n            \"offers\":\r\n            {\r\n                \"url\": \"https:\/\/turismevalles.com\/es\/events\/x-aplec-de-invierno-de-la-sardana-en-la-garriga\/\",\r\n                \"price\": \"\",\r\n                \"priceCurrency\": \"$\",\r\n                \"availability\": \"https:\/\/schema.org\/InStock\",\r\n                \"validFrom\": \"2026-09-10T00:00\"\r\n            },\r\n            \"performer\": \"\",\r\n            \"description\": \"M\u00e1s informaci\u00f3n: &lt;a href=&quot;https:\/\/lagarriga-cat.translate.goog\/actualitat\/agenda\/69e-aplec-de-la-sardana?_x_tr_sl=ca&amp;_x_tr_tl=es&amp;_x_tr_hl=esie%3DUTF-8&quot;&gt;clicar aqu\u00ed&lt;\/a&gt;\",\r\n            \"image\": \"https:\/\/turismevalles.com\/wp-content\/uploads\/2024\/01\/Sardanes.png\",\r\n            \"name\": \"69 Encuentro de la Sardana en la Garriga\",\r\n            \"url\": \"https:\/\/turismevalles.com\/es\/events\/x-aplec-de-invierno-de-la-sardana-en-la-garriga\/\"\r\n        }\r\n        <\/script>\r\n        <article class=\"mec-event-article \"><div class=\"mec-event-image\"><img loading=\"lazy\" decoding=\"async\" width=\"225\" height=\"224\" src=\"https:\/\/turismevalles.com\/wp-content\/uploads\/2024\/01\/Sardanes.png\" class=\"attachment-thumblist size-thumblist wp-post-image\" alt=\"\" data-mec-postid=\"45671\" srcset=\"https:\/\/turismevalles.com\/wp-content\/uploads\/2024\/01\/Sardanes.png 225w, https:\/\/turismevalles.com\/wp-content\/uploads\/2024\/01\/Sardanes-150x150.png 150w\" sizes=\"auto, (max-width: 225px) 100vw, 225px\" \/><\/div><div class=\"mec-event-time mec-color\"><span class=\"mec-sl-clock-o\"><\/span> Todo el d\u00eda<\/div><div class=\"mec-event-title\"><a class=\"mec-color-hover\"  data-event-id=\"45671\" href=\"https:\/\/turismevalles.com\/es\/events\/x-aplec-de-invierno-de-la-sardana-en-la-garriga\/\" target=\"_self\" rel=\"noopener\">69 Encuentro de la Sardana en la Garriga<\/a><span class=\"event-color\" style=\"background: #fdd700\"><\/span><\/div><div class=\"mec-event-detail\"><div class=\"mec-event-loc-place\"><\/div><\/div><\/article>        <script type=\"application\/ld+json\">\r\n        {\r\n            \"@context\": \"http:\/\/schema.org\",\r\n            \"@type\": \"Event\",\r\n            \"eventStatus\": \"https:\/\/schema.org\/EventScheduled\",\r\n            \"startDate\": \"2026-09-10\",\r\n            \"endDate\": \"2026-09-14\",\r\n            \"eventAttendanceMode\": \"https:\/\/schema.org\/OfflineEventAttendanceMode\",\r\n            \"location\":\r\n            {\r\n                \"@type\": \"Place\",\r\n                                \"name\": \"\",\r\n                \"image\": \"\",\r\n                \"address\": \"\"\r\n                            },\r\n            \"organizer\":\r\n            {\r\n                \"@type\": \"Person\",\r\n                \"name\": \"\",\r\n                \"url\": \"\"\r\n            },\r\n            \"offers\":\r\n            {\r\n                \"url\": \"https:\/\/turismevalles.com\/es\/events\/fiesta-mayor-en-la-roca-del-valles-3\/\",\r\n                \"price\": \"\",\r\n                \"priceCurrency\": \"$\",\r\n                \"availability\": \"https:\/\/schema.org\/InStock\",\r\n                \"validFrom\": \"2026-09-10T00:00\"\r\n            },\r\n            \"performer\": \"\",\r\n            \"description\": \"Para m\u00e1s informaci\u00f3n, &lt;a href=&quot;https:\/\/www-laroca-cat.translate.goog\/actualitat\/que-esta-passant\/noticies\/temps-de-festa-major-a-la-roca-del-valles?_x_tr_sch=http&amp;_x_tr_sl=ca&amp;_x_tr_tl=es&amp;_x_tr_hl=esie%3DUTF-8&quot;&gt;clicar aqu\u00ed&lt;\/a&gt;\",\r\n            \"image\": \"https:\/\/turismevalles.com\/wp-content\/uploads\/2025\/09\/laroca_page-0003.jpg\",\r\n            \"name\": \"Fiesta Mayor en La Roca del Vall\u00e8s\",\r\n            \"url\": \"https:\/\/turismevalles.com\/es\/events\/fiesta-mayor-en-la-roca-del-valles-3\/\"\r\n        }\r\n        <\/script>\r\n        <article class=\"mec-event-article \"><div class=\"mec-event-image\"><img loading=\"lazy\" decoding=\"async\" width=\"300\" height=\"300\" src=\"https:\/\/turismevalles.com\/wp-content\/uploads\/2025\/09\/laroca_page-0003-300x300.jpg\" class=\"attachment-thumblist size-thumblist wp-post-image\" alt=\"\" data-mec-postid=\"65375\" srcset=\"https:\/\/turismevalles.com\/wp-content\/uploads\/2025\/09\/laroca_page-0003-300x300.jpg 300w, https:\/\/turismevalles.com\/wp-content\/uploads\/2025\/09\/laroca_page-0003-150x150.jpg 150w\" sizes=\"auto, (max-width: 300px) 100vw, 300px\" \/><\/div><div class=\"mec-event-time mec-color\"><span class=\"mec-sl-clock-o\"><\/span> Todo el d\u00eda<\/div><div class=\"mec-event-title\"><a class=\"mec-color-hover\"  data-event-id=\"65375\" href=\"https:\/\/turismevalles.com\/es\/events\/fiesta-mayor-en-la-roca-del-valles-3\/\" target=\"_self\" rel=\"noopener\">Fiesta Mayor en La Roca del Vall\u00e8s<\/a><span class=\"event-color\" style=\"background: #fdd700\"><\/span><\/div><div class=\"mec-event-detail\"><div class=\"mec-event-loc-place\"><\/div><\/div><\/article>        <script type=\"application\/ld+json\">\r\n        {\r\n            \"@context\": \"http:\/\/schema.org\",\r\n            \"@type\": \"Event\",\r\n            \"eventStatus\": \"https:\/\/schema.org\/EventScheduled\",\r\n            \"startDate\": \"2026-09-10\",\r\n            \"endDate\": \"2026-09-10\",\r\n            \"eventAttendanceMode\": \"https:\/\/schema.org\/OfflineEventAttendanceMode\",\r\n            \"location\":\r\n            {\r\n                \"@type\": \"Place\",\r\n                                \"name\": \"\",\r\n                \"image\": \"\",\r\n                \"address\": \"\"\r\n                            },\r\n            \"organizer\":\r\n            {\r\n                \"@type\": \"Person\",\r\n                \"name\": \"\",\r\n                \"url\": \"\"\r\n            },\r\n            \"offers\":\r\n            {\r\n                \"url\": \"https:\/\/turismevalles.com\/es\/events\/3a-edicion-de-juliols-al-xifreda-musica-en-vivo-en-sant-feliu-de-codines\/\",\r\n                \"price\": \"\",\r\n                \"priceCurrency\": \"$\",\r\n                \"availability\": \"https:\/\/schema.org\/InStock\",\r\n                \"validFrom\": \"2026-09-10T00:00\"\r\n            },\r\n            \"performer\": \"\",\r\n            \"description\": \"&lt;a href=&quot;https:\/\/www.santfeliudecodines.cat\/actualitat\/noticies\/en-marxa-la-3a-edicio-de-juliols-al-xifreda-un-cicle-de-concerts-de-musica-en-viu-.html&quot;&gt;Para m\u00e1s informaci\u00f3n, &lt;\/a&gt;\",\r\n            \"image\": \"https:\/\/turismevalles.com\/wp-content\/uploads\/2026\/06\/CARTELL_JULIOLS_A_CAN_XIFREDA_2026_SFC.jpg\",\r\n            \"name\": \"3a edici\u00f3n de Juliols al Xifreda, m\u00fasica en vivo en Sant Feliu de Codines\",\r\n            \"url\": \"https:\/\/turismevalles.com\/es\/events\/3a-edicion-de-juliols-al-xifreda-musica-en-vivo-en-sant-feliu-de-codines\/\"\r\n        }\r\n        <\/script>\r\n        <article class=\"mec-past-event mec-event-article \"><div class=\"mec-event-image\"><img loading=\"lazy\" decoding=\"async\" width=\"300\" height=\"300\" src=\"https:\/\/turismevalles.com\/wp-content\/uploads\/2026\/06\/CARTELL_JULIOLS_A_CAN_XIFREDA_2026_SFC-300x300.jpg\" class=\"attachment-thumblist size-thumblist wp-post-image\" alt=\"\" data-mec-postid=\"71796\" srcset=\"https:\/\/turismevalles.com\/wp-content\/uploads\/2026\/06\/CARTELL_JULIOLS_A_CAN_XIFREDA_2026_SFC-300x300.jpg 300w, https:\/\/turismevalles.com\/wp-content\/uploads\/2026\/06\/CARTELL_JULIOLS_A_CAN_XIFREDA_2026_SFC-150x150.jpg 150w\" sizes=\"auto, (max-width: 300px) 100vw, 300px\" \/><\/div><div class=\"mec-event-time mec-color\"><span class=\"mec-sl-clock-o\"><\/span> Todo el d\u00eda<\/div><div class=\"mec-event-title\"><a class=\"mec-color-hover\"  data-event-id=\"71796\" href=\"https:\/\/turismevalles.com\/es\/events\/3a-edicion-de-juliols-al-xifreda-musica-en-vivo-en-sant-feliu-de-codines\/\" target=\"_self\" rel=\"noopener\">3a edici\u00f3n de Juliols al Xifreda, m\u00fasica en vivo en Sant Feliu de Codines<\/a><span class=\"event-color\" style=\"background: #fdd700\"><\/span><\/div><div class=\"mec-event-detail\"><div class=\"mec-event-loc-place\"><\/div><\/div><\/article><\/div><div class=\"mec-calendar-events-sec\" data-mec-cell=\"20260911\" ><div class=\"mec-table-side-title\">Eventos para <span class=\"mec-color mec-table-side-day\"> 11<\/span> septiembre<\/div>        <script type=\"application\/ld+json\">\r\n        {\r\n            \"@context\": \"http:\/\/schema.org\",\r\n            \"@type\": \"Event\",\r\n            \"eventStatus\": \"https:\/\/schema.org\/EventScheduled\",\r\n            \"startDate\": \"2026-09-11\",\r\n            \"endDate\": \"2026-09-13\",\r\n            \"eventAttendanceMode\": \"https:\/\/schema.org\/OfflineEventAttendanceMode\",\r\n            \"location\":\r\n            {\r\n                \"@type\": \"Place\",\r\n                                \"name\": \"\",\r\n                \"image\": \"\",\r\n                \"address\": \"\"\r\n                            },\r\n            \"organizer\":\r\n            {\r\n                \"@type\": \"Person\",\r\n                \"name\": \"\",\r\n                \"url\": \"\"\r\n            },\r\n            \"offers\":\r\n            {\r\n                \"url\": \"https:\/\/turismevalles.com\/es\/events\/fiesta-mayor-de-llerona-les-franqueses-del-valles-2\/\",\r\n                \"price\": \"\",\r\n                \"priceCurrency\": \"$\",\r\n                \"availability\": \"https:\/\/schema.org\/InStock\",\r\n                \"validFrom\": \"2026-09-11T00:00\"\r\n            },\r\n            \"performer\": \"\",\r\n            \"description\": \"Para m\u00e1s informaci\u00f3n, &lt;a href=&quot;https:\/\/www-lesfranqueses-cat.translate.goog\/?_x_tr_sl=ca&amp;_x_tr_tl=es&amp;_x_tr_hl=esie%3DUTF-8&quot;&gt;clicar aqu\u00ed&lt;\/a&gt;\",\r\n            \"image\": \"https:\/\/turismevalles.com\/wp-content\/uploads\/2023\/08\/Banner-900x330-fm2026-Franqueses.jpg\",\r\n            \"name\": \"Fiesta Mayor de Llerona- Les Franqueses del Vall\u00e8s\",\r\n            \"url\": \"https:\/\/turismevalles.com\/es\/events\/fiesta-mayor-de-llerona-les-franqueses-del-valles-2\/\"\r\n        }\r\n        <\/script>\r\n        <article class=\"mec-event-article \"><div class=\"mec-event-image\"><img loading=\"lazy\" decoding=\"async\" width=\"300\" height=\"300\" src=\"https:\/\/turismevalles.com\/wp-content\/uploads\/2023\/08\/Banner-900x330-fm2026-Franqueses-300x300.jpg\" class=\"attachment-thumblist size-thumblist wp-post-image\" alt=\"\" data-mec-postid=\"28169\" srcset=\"https:\/\/turismevalles.com\/wp-content\/uploads\/2023\/08\/Banner-900x330-fm2026-Franqueses-300x300.jpg 300w, https:\/\/turismevalles.com\/wp-content\/uploads\/2023\/08\/Banner-900x330-fm2026-Franqueses-150x150.jpg 150w\" sizes=\"auto, (max-width: 300px) 100vw, 300px\" \/><\/div><div class=\"mec-event-time mec-color\"><span class=\"mec-sl-clock-o\"><\/span> Todo el d\u00eda<\/div><div class=\"mec-event-title\"><a class=\"mec-color-hover\"  data-event-id=\"28169\" href=\"https:\/\/turismevalles.com\/es\/events\/fiesta-mayor-de-llerona-les-franqueses-del-valles-2\/\" target=\"_self\" rel=\"noopener\">Fiesta Mayor de Llerona- Les Franqueses del Vall\u00e8s<\/a><span class=\"event-color\" style=\"background: #fdd700\"><\/span><\/div><div class=\"mec-event-detail\"><div class=\"mec-event-loc-place\"><\/div><\/div><\/article>        <script type=\"application\/ld+json\">\r\n        {\r\n            \"@context\": \"http:\/\/schema.org\",\r\n            \"@type\": \"Event\",\r\n            \"eventStatus\": \"https:\/\/schema.org\/EventScheduled\",\r\n            \"startDate\": \"2026-09-11\",\r\n            \"endDate\": \"2026-09-11\",\r\n            \"eventAttendanceMode\": \"https:\/\/schema.org\/OfflineEventAttendanceMode\",\r\n            \"location\":\r\n            {\r\n                \"@type\": \"Place\",\r\n                                \"name\": \"\",\r\n                \"image\": \"\",\r\n                \"address\": \"\"\r\n                            },\r\n            \"organizer\":\r\n            {\r\n                \"@type\": \"Person\",\r\n                \"name\": \"\",\r\n                \"url\": \"\"\r\n            },\r\n            \"offers\":\r\n            {\r\n                \"url\": \"https:\/\/turismevalles.com\/es\/events\/fiesta-mayor-de-llinars-del-valles-2\/\",\r\n                \"price\": \"\",\r\n                \"priceCurrency\": \"$\",\r\n                \"availability\": \"https:\/\/schema.org\/InStock\",\r\n                \"validFrom\": \"2026-09-11T00:00\"\r\n            },\r\n            \"performer\": \"\",\r\n            \"description\": \"Para m\u00e1s informaci\u00f3n, &lt;a href=&quot;https:\/\/www-llinarsdelvalles-cat.translate.goog\/actualitat\/noticies\/viu-la-festa-major-de-llinars-2026.html?_x_tr_sl=ca&amp;_x_tr_tl=es&amp;_x_tr_hl=esie%3DUTF-8&quot;&gt;clicar aqu\u00ed&lt;\/a&gt;\",\r\n            \"image\": \"https:\/\/turismevalles.com\/wp-content\/uploads\/2023\/08\/Llinars.jpg\",\r\n            \"name\": \"Fiesta Mayor de Llinars del Vall\u00e8s\",\r\n            \"url\": \"https:\/\/turismevalles.com\/es\/events\/fiesta-mayor-de-llinars-del-valles-2\/\"\r\n        }\r\n        <\/script>\r\n        <article class=\"mec-event-article \"><div class=\"mec-event-image\"><img loading=\"lazy\" decoding=\"async\" width=\"300\" height=\"300\" src=\"https:\/\/turismevalles.com\/wp-content\/uploads\/2023\/08\/Llinars-300x300.jpg\" class=\"attachment-thumblist size-thumblist wp-post-image\" alt=\"\" data-mec-postid=\"28195\" srcset=\"https:\/\/turismevalles.com\/wp-content\/uploads\/2023\/08\/Llinars-300x300.jpg 300w, https:\/\/turismevalles.com\/wp-content\/uploads\/2023\/08\/Llinars-150x150.jpg 150w\" sizes=\"auto, (max-width: 300px) 100vw, 300px\" \/><\/div><div class=\"mec-event-time mec-color\"><span class=\"mec-sl-clock-o\"><\/span> Todo el d\u00eda<\/div><div class=\"mec-event-title\"><a class=\"mec-color-hover\"  data-event-id=\"28195\" href=\"https:\/\/turismevalles.com\/es\/events\/fiesta-mayor-de-llinars-del-valles-2\/\" target=\"_self\" rel=\"noopener\">Fiesta Mayor de Llinars del Vall\u00e8s<\/a><span class=\"event-color\" style=\"background: #fdd700\"><\/span><\/div><div class=\"mec-event-detail\"><div class=\"mec-event-loc-place\"><\/div><\/div><\/article>        <script type=\"application\/ld+json\">\r\n        {\r\n            \"@context\": \"http:\/\/schema.org\",\r\n            \"@type\": \"Event\",\r\n            \"eventStatus\": \"https:\/\/schema.org\/EventScheduled\",\r\n            \"startDate\": \"2026-09-11\",\r\n            \"endDate\": \"2026-09-13\",\r\n            \"eventAttendanceMode\": \"https:\/\/schema.org\/OfflineEventAttendanceMode\",\r\n            \"location\":\r\n            {\r\n                \"@type\": \"Place\",\r\n                                \"name\": \"\",\r\n                \"image\": \"\",\r\n                \"address\": \"\"\r\n                            },\r\n            \"organizer\":\r\n            {\r\n                \"@type\": \"Person\",\r\n                \"name\": \"\",\r\n                \"url\": \"\"\r\n            },\r\n            \"offers\":\r\n            {\r\n                \"url\": \"https:\/\/turismevalles.com\/es\/events\/fiesta-major-de-martorelles\/\",\r\n                \"price\": \"\",\r\n                \"priceCurrency\": \"$\",\r\n                \"availability\": \"https:\/\/schema.org\/InStock\",\r\n                \"validFrom\": \"2026-09-11T00:00\"\r\n            },\r\n            \"performer\": \"\",\r\n            \"description\": \"Para m\u00e1s informaci\u00f3n, &lt;a href=&quot;https:\/\/www-martorelles-cat.translate.goog\/ambits\/cultura-tradicions\/festa-major-2026\/el-programa\/?_x_tr_sl=ca&amp;_x_tr_tl=es&amp;_x_tr_hl=esie%3DUTF-8&quot;&gt;clicar aqu\u00ed&lt;\/a&gt;\",\r\n            \"image\": \"https:\/\/turismevalles.com\/wp-content\/uploads\/2023\/08\/martorelles_page-0001-2.jpg\",\r\n            \"name\": \"Fiesta Major de Martorelles\",\r\n            \"url\": \"https:\/\/turismevalles.com\/es\/events\/fiesta-major-de-martorelles\/\"\r\n        }\r\n        <\/script>\r\n        <article class=\"mec-event-article \"><div class=\"mec-event-image\"><img loading=\"lazy\" decoding=\"async\" width=\"300\" height=\"300\" src=\"https:\/\/turismevalles.com\/wp-content\/uploads\/2023\/08\/martorelles_page-0001-2-300x300.jpg\" class=\"attachment-thumblist size-thumblist wp-post-image\" alt=\"\" data-mec-postid=\"28290\" srcset=\"https:\/\/turismevalles.com\/wp-content\/uploads\/2023\/08\/martorelles_page-0001-2-300x300.jpg 300w, https:\/\/turismevalles.com\/wp-content\/uploads\/2023\/08\/martorelles_page-0001-2-150x150.jpg 150w\" sizes=\"auto, (max-width: 300px) 100vw, 300px\" \/><\/div><div class=\"mec-event-time mec-color\"><span class=\"mec-sl-clock-o\"><\/span> Todo el d\u00eda<\/div><div class=\"mec-event-title\"><a class=\"mec-color-hover\"  data-event-id=\"28290\" href=\"https:\/\/turismevalles.com\/es\/events\/fiesta-major-de-martorelles\/\" target=\"_self\" rel=\"noopener\">Fiesta Major de Martorelles<\/a><span class=\"event-color\" style=\"background: #fdd700\"><\/span><\/div><div class=\"mec-event-detail\"><div class=\"mec-event-loc-place\"><\/div><\/div><\/article>        <script type=\"application\/ld+json\">\r\n        {\r\n            \"@context\": \"http:\/\/schema.org\",\r\n            \"@type\": \"Event\",\r\n            \"eventStatus\": \"https:\/\/schema.org\/EventScheduled\",\r\n            \"startDate\": \"2026-09-11\",\r\n            \"endDate\": \"2026-09-13\",\r\n            \"eventAttendanceMode\": \"https:\/\/schema.org\/OfflineEventAttendanceMode\",\r\n            \"location\":\r\n            {\r\n                \"@type\": \"Place\",\r\n                                \"name\": \"\",\r\n                \"image\": \"\",\r\n                \"address\": \"\"\r\n                            },\r\n            \"organizer\":\r\n            {\r\n                \"@type\": \"Person\",\r\n                \"name\": \"\",\r\n                \"url\": \"\"\r\n            },\r\n            \"offers\":\r\n            {\r\n                \"url\": \"https:\/\/turismevalles.com\/es\/events\/fiesta-mayor-en-llica-damunt-3\/\",\r\n                \"price\": \"\",\r\n                \"priceCurrency\": \"$\",\r\n                \"availability\": \"https:\/\/schema.org\/InStock\",\r\n                \"validFrom\": \"2026-09-11T00:00\"\r\n            },\r\n            \"performer\": \"\",\r\n            \"description\": \"Para m\u00e1s informaci\u00f3n, &lt;a href=&quot;http:\/\/www.llicamunt.cat&quot;&gt;clicar aqu\u00ed&lt;\/a&gt;\",\r\n            \"image\": \"https:\/\/turismevalles.com\/wp-content\/uploads\/2025\/09\/llicamunt_page-0001-2.jpg\",\r\n            \"name\": \"Fiesta Mayor en Lli\u00e7\u00e0 d&#8217;Amunt\",\r\n            \"url\": \"https:\/\/turismevalles.com\/es\/events\/fiesta-mayor-en-llica-damunt-3\/\"\r\n        }\r\n        <\/script>\r\n        <article class=\"mec-event-article \"><div class=\"mec-event-image\"><img loading=\"lazy\" decoding=\"async\" width=\"300\" height=\"300\" src=\"https:\/\/turismevalles.com\/wp-content\/uploads\/2025\/09\/llicamunt_page-0001-2-300x300.jpg\" class=\"attachment-thumblist size-thumblist wp-post-image\" alt=\"\" data-mec-postid=\"65369\" srcset=\"https:\/\/turismevalles.com\/wp-content\/uploads\/2025\/09\/llicamunt_page-0001-2-300x300.jpg 300w, https:\/\/turismevalles.com\/wp-content\/uploads\/2025\/09\/llicamunt_page-0001-2-150x150.jpg 150w\" sizes=\"auto, (max-width: 300px) 100vw, 300px\" \/><\/div><div class=\"mec-event-time mec-color\"><span class=\"mec-sl-clock-o\"><\/span> Todo el d\u00eda<\/div><div class=\"mec-event-title\"><a class=\"mec-color-hover\"  data-event-id=\"65369\" href=\"https:\/\/turismevalles.com\/es\/events\/fiesta-mayor-en-llica-damunt-3\/\" target=\"_self\" rel=\"noopener\">Fiesta Mayor en Lli\u00e7\u00e0 d&#8217;Amunt<\/a><span class=\"event-color\" style=\"background: #fdd700\"><\/span><\/div><div class=\"mec-event-detail\"><div class=\"mec-event-loc-place\"><\/div><\/div><\/article>        <script type=\"application\/ld+json\">\r\n        {\r\n            \"@context\": \"http:\/\/schema.org\",\r\n            \"@type\": \"Event\",\r\n            \"eventStatus\": \"https:\/\/schema.org\/EventScheduled\",\r\n            \"startDate\": \"2026-09-11\",\r\n            \"endDate\": \"2026-09-14\",\r\n            \"eventAttendanceMode\": \"https:\/\/schema.org\/OfflineEventAttendanceMode\",\r\n            \"location\":\r\n            {\r\n                \"@type\": \"Place\",\r\n                                \"name\": \"\",\r\n                \"image\": \"\",\r\n                \"address\": \"\"\r\n                            },\r\n            \"organizer\":\r\n            {\r\n                \"@type\": \"Person\",\r\n                \"name\": \"\",\r\n                \"url\": \"\"\r\n            },\r\n            \"offers\":\r\n            {\r\n                \"url\": \"https:\/\/turismevalles.com\/es\/events\/fiesta-mayor-en-la-roca-del-valles-3\/\",\r\n                \"price\": \"\",\r\n                \"priceCurrency\": \"$\",\r\n                \"availability\": \"https:\/\/schema.org\/InStock\",\r\n                \"validFrom\": \"2026-09-11T00:00\"\r\n            },\r\n            \"performer\": \"\",\r\n            \"description\": \"Para m\u00e1s informaci\u00f3n, &lt;a href=&quot;https:\/\/www-laroca-cat.translate.goog\/actualitat\/que-esta-passant\/noticies\/temps-de-festa-major-a-la-roca-del-valles?_x_tr_sch=http&amp;_x_tr_sl=ca&amp;_x_tr_tl=es&amp;_x_tr_hl=esie%3DUTF-8&quot;&gt;clicar aqu\u00ed&lt;\/a&gt;\",\r\n            \"image\": \"https:\/\/turismevalles.com\/wp-content\/uploads\/2025\/09\/laroca_page-0003.jpg\",\r\n            \"name\": \"Fiesta Mayor en La Roca del Vall\u00e8s\",\r\n            \"url\": \"https:\/\/turismevalles.com\/es\/events\/fiesta-mayor-en-la-roca-del-valles-3\/\"\r\n        }\r\n        <\/script>\r\n        <article class=\"mec-event-article \"><div class=\"mec-event-image\"><img loading=\"lazy\" decoding=\"async\" width=\"300\" height=\"300\" src=\"https:\/\/turismevalles.com\/wp-content\/uploads\/2025\/09\/laroca_page-0003-300x300.jpg\" class=\"attachment-thumblist size-thumblist wp-post-image\" alt=\"\" data-mec-postid=\"65375\" srcset=\"https:\/\/turismevalles.com\/wp-content\/uploads\/2025\/09\/laroca_page-0003-300x300.jpg 300w, https:\/\/turismevalles.com\/wp-content\/uploads\/2025\/09\/laroca_page-0003-150x150.jpg 150w\" sizes=\"auto, (max-width: 300px) 100vw, 300px\" \/><\/div><div class=\"mec-event-time mec-color\"><span class=\"mec-sl-clock-o\"><\/span> Todo el d\u00eda<\/div><div class=\"mec-event-title\"><a class=\"mec-color-hover\"  data-event-id=\"65375\" href=\"https:\/\/turismevalles.com\/es\/events\/fiesta-mayor-en-la-roca-del-valles-3\/\" target=\"_self\" rel=\"noopener\">Fiesta Mayor en La Roca del Vall\u00e8s<\/a><span class=\"event-color\" style=\"background: #fdd700\"><\/span><\/div><div class=\"mec-event-detail\"><div class=\"mec-event-loc-place\"><\/div><\/div><\/article>        <script type=\"application\/ld+json\">\r\n        {\r\n            \"@context\": \"http:\/\/schema.org\",\r\n            \"@type\": \"Event\",\r\n            \"eventStatus\": \"https:\/\/schema.org\/EventScheduled\",\r\n            \"startDate\": \"2026-09-11\",\r\n            \"endDate\": \"2026-12-14\",\r\n            \"eventAttendanceMode\": \"https:\/\/schema.org\/OfflineEventAttendanceMode\",\r\n            \"location\":\r\n            {\r\n                \"@type\": \"Place\",\r\n                                \"name\": \"\",\r\n                \"image\": \"\",\r\n                \"address\": \"\"\r\n                            },\r\n            \"organizer\":\r\n            {\r\n                \"@type\": \"Person\",\r\n                \"name\": \"\",\r\n                \"url\": \"\"\r\n            },\r\n            \"offers\":\r\n            {\r\n                \"url\": \"https:\/\/turismevalles.com\/es\/events\/recorrerrido-por-sant-miquel-del-fai-bigues-i-riells-del-fai\/\",\r\n                \"price\": \"\",\r\n                \"priceCurrency\": \"$\",\r\n                \"availability\": \"https:\/\/schema.org\/InStock\",\r\n                \"validFrom\": \"2026-09-11T00:00\"\r\n            },\r\n            \"performer\": \"\",\r\n            \"description\": \"Para m\u00e1s informaci\u00f3n,&lt;a href=&quot;https:\/\/parcs.diba.cat\/es\/web\/agenda\/-\/cingles-de-berti-recorregut-per-sant-miquel-del-fai?utm_source=agenda&amp;utm_medium=correu&amp;utm_content=cingles-de-berti-recorregut-per-sant-miquel-del-fai&amp;utm_campaign=501&quot;&gt; clicar aqu\u00ed&lt;\/a&gt;    &nbsp;\",\r\n            \"image\": \"https:\/\/turismevalles.com\/wp-content\/uploads\/2026\/03\/RecorregutSMF.jpg\",\r\n            \"name\": \"Recorrerrido por Sant Miquel del Fai- Bigues i Riells del Fai_Sant Feliu de Codines\",\r\n            \"url\": \"https:\/\/turismevalles.com\/es\/events\/recorrerrido-por-sant-miquel-del-fai-bigues-i-riells-del-fai\/\"\r\n        }\r\n        <\/script>\r\n        <article class=\"mec-event-article \"><div class=\"mec-event-image\"><img loading=\"lazy\" decoding=\"async\" width=\"300\" height=\"300\" src=\"https:\/\/turismevalles.com\/wp-content\/uploads\/2026\/03\/RecorregutSMF-300x300.jpg\" class=\"attachment-thumblist size-thumblist wp-post-image\" alt=\"\" data-mec-postid=\"68822\" srcset=\"https:\/\/turismevalles.com\/wp-content\/uploads\/2026\/03\/RecorregutSMF-300x300.jpg 300w, https:\/\/turismevalles.com\/wp-content\/uploads\/2026\/03\/RecorregutSMF-150x150.jpg 150w\" sizes=\"auto, (max-width: 300px) 100vw, 300px\" \/><\/div><div class=\"mec-event-time mec-color\"><span class=\"mec-sl-clock-o\"><\/span> Todo el d\u00eda<\/div><div class=\"mec-event-title\"><a class=\"mec-color-hover\"  data-event-id=\"68822\" href=\"https:\/\/turismevalles.com\/es\/events\/recorrerrido-por-sant-miquel-del-fai-bigues-i-riells-del-fai\/\" target=\"_self\" rel=\"noopener\">Recorrerrido por Sant Miquel del Fai- Bigues i Riells del Fai_Sant Feliu de Codines<\/a><span class=\"event-color\" style=\"background: #fdd700\"><\/span><\/div><div class=\"mec-event-detail\"><div class=\"mec-event-loc-place\"><\/div><\/div><\/article>        <script type=\"application\/ld+json\">\r\n        {\r\n            \"@context\": \"http:\/\/schema.org\",\r\n            \"@type\": \"Event\",\r\n            \"eventStatus\": \"https:\/\/schema.org\/EventScheduled\",\r\n            \"startDate\": \"2026-09-11\",\r\n            \"endDate\": \"2026-07-03\",\r\n            \"eventAttendanceMode\": \"https:\/\/schema.org\/OfflineEventAttendanceMode\",\r\n            \"location\":\r\n            {\r\n                \"@type\": \"Place\",\r\n                                \"name\": \"\",\r\n                \"image\": \"\",\r\n                \"address\": \"\"\r\n                            },\r\n            \"organizer\":\r\n            {\r\n                \"@type\": \"Person\",\r\n                \"name\": \"\",\r\n                \"url\": \"\"\r\n            },\r\n            \"offers\":\r\n            {\r\n                \"url\": \"https:\/\/turismevalles.com\/es\/events\/directes-al-porxo-conciertos-las-noches-de-los-viernes-de-julio-en-sant-antoni-de-vilamajor\/\",\r\n                \"price\": \"\",\r\n                \"priceCurrency\": \"$\",\r\n                \"availability\": \"https:\/\/schema.org\/InStock\",\r\n                \"validFrom\": \"2026-09-11T00:00\"\r\n            },\r\n            \"performer\": \"\",\r\n            \"description\": \"Para m\u00e1s informaci\u00f3n y consulta del programa, &lt;a href=&quot;https:\/\/www.santantonidevilamajor.cat\/actualitat\/noticies\/programa-directes-al-porxo-2026.html#&quot;&gt;clicar aqu\u00ed&lt;\/a&gt;\",\r\n            \"image\": \"https:\/\/turismevalles.com\/wp-content\/uploads\/2026\/06\/Diseno-sin-titulo20.png\",\r\n            \"name\": \"Directes al Porxo, conciertos las noches de los viernes de julio en Sant Antoni de Vilamajor\",\r\n            \"url\": \"https:\/\/turismevalles.com\/es\/events\/directes-al-porxo-conciertos-las-noches-de-los-viernes-de-julio-en-sant-antoni-de-vilamajor\/\"\r\n        }\r\n        <\/script>\r\n        <article class=\"mec-past-event mec-event-article \"><div class=\"mec-event-image\"><img loading=\"lazy\" decoding=\"async\" width=\"300\" height=\"300\" src=\"https:\/\/turismevalles.com\/wp-content\/uploads\/2026\/06\/Diseno-sin-titulo20-300x300.png\" class=\"attachment-thumblist size-thumblist wp-post-image\" alt=\"\" data-mec-postid=\"71804\" srcset=\"https:\/\/turismevalles.com\/wp-content\/uploads\/2026\/06\/Diseno-sin-titulo20-300x300.png 300w, https:\/\/turismevalles.com\/wp-content\/uploads\/2026\/06\/Diseno-sin-titulo20-1024x1024.png 1024w, https:\/\/turismevalles.com\/wp-content\/uploads\/2026\/06\/Diseno-sin-titulo20-150x150.png 150w, https:\/\/turismevalles.com\/wp-content\/uploads\/2026\/06\/Diseno-sin-titulo20-768x768.png 768w, https:\/\/turismevalles.com\/wp-content\/uploads\/2026\/06\/Diseno-sin-titulo20.png 1080w\" sizes=\"auto, (max-width: 300px) 100vw, 300px\" \/><\/div><div class=\"mec-event-time mec-color\"><span class=\"mec-sl-clock-o\"><\/span> Todo el d\u00eda<\/div><div class=\"mec-event-title\"><a class=\"mec-color-hover\"  data-event-id=\"71804\" href=\"https:\/\/turismevalles.com\/es\/events\/directes-al-porxo-conciertos-las-noches-de-los-viernes-de-julio-en-sant-antoni-de-vilamajor\/\" target=\"_self\" rel=\"noopener\">Directes al Porxo, conciertos las noches de los viernes de julio en Sant Antoni de Vilamajor<\/a><span class=\"event-color\" style=\"background: #fdd700\"><\/span><\/div><div class=\"mec-event-detail\"><div class=\"mec-event-loc-place\"><\/div><\/div><\/article>        <script type=\"application\/ld+json\">\r\n        {\r\n            \"@context\": \"http:\/\/schema.org\",\r\n            \"@type\": \"Event\",\r\n            \"eventStatus\": \"https:\/\/schema.org\/EventScheduled\",\r\n            \"startDate\": \"2026-09-11\",\r\n            \"endDate\": \"2026-09-11\",\r\n            \"eventAttendanceMode\": \"https:\/\/schema.org\/OfflineEventAttendanceMode\",\r\n            \"location\":\r\n            {\r\n                \"@type\": \"Place\",\r\n                                \"name\": \"\",\r\n                \"image\": \"\",\r\n                \"address\": \"\"\r\n                            },\r\n            \"organizer\":\r\n            {\r\n                \"@type\": \"Person\",\r\n                \"name\": \"\",\r\n                \"url\": \"\"\r\n            },\r\n            \"offers\":\r\n            {\r\n                \"url\": \"https:\/\/turismevalles.com\/es\/events\/xxxiv-carrera-popular-de-la-vall-del-tenes-santa-eulalia-de-roncana\/\",\r\n                \"price\": \"\",\r\n                \"priceCurrency\": \"$\",\r\n                \"availability\": \"https:\/\/schema.org\/InStock\",\r\n                \"validFrom\": \"2026-09-11T00:00\"\r\n            },\r\n            \"performer\": \"\",\r\n            \"description\": \"Para m\u00e1s informaci\u00f3n, &lt;a href=&quot;https:\/\/www-ser-cat.translate.goog\/actualitat\/agenda\/37a-cursa-de-la-vall-del-tenes.html?_x_tr_sl=ca&amp;_x_tr_tl=es&amp;_x_tr_hl=esie%3DUTF-8&quot;&gt;clicar aqu\u00ed&lt;\/a&gt;\",\r\n            \"image\": \"https:\/\/turismevalles.com\/wp-content\/uploads\/2023\/08\/Cartell_CURSA_VALL_DEL_TENES_2026-scaled.jpg\",\r\n            \"name\": \"XXXVII Carrera Popular de la Vall del Tenes- Santa Eul\u00e0lia de Ron\u00e7ana\",\r\n            \"url\": \"https:\/\/turismevalles.com\/es\/events\/xxxiv-carrera-popular-de-la-vall-del-tenes-santa-eulalia-de-roncana\/\"\r\n        }\r\n        <\/script>\r\n        <article class=\"mec-event-article \"><div class=\"mec-event-image\"><img loading=\"lazy\" decoding=\"async\" width=\"300\" height=\"300\" src=\"https:\/\/turismevalles.com\/wp-content\/uploads\/2023\/08\/Cartell_CURSA_VALL_DEL_TENES_2026-300x300.jpg\" class=\"attachment-thumblist size-thumblist wp-post-image\" alt=\"\" data-mec-postid=\"28233\" srcset=\"https:\/\/turismevalles.com\/wp-content\/uploads\/2023\/08\/Cartell_CURSA_VALL_DEL_TENES_2026-300x300.jpg 300w, https:\/\/turismevalles.com\/wp-content\/uploads\/2023\/08\/Cartell_CURSA_VALL_DEL_TENES_2026-150x150.jpg 150w\" sizes=\"auto, (max-width: 300px) 100vw, 300px\" \/><\/div><div class=\"mec-event-time mec-color\"><span class=\"mec-sl-clock-o\"><\/span> Todo el d\u00eda<\/div><div class=\"mec-event-title\"><a class=\"mec-color-hover\"  data-event-id=\"28233\" href=\"https:\/\/turismevalles.com\/es\/events\/xxxiv-carrera-popular-de-la-vall-del-tenes-santa-eulalia-de-roncana\/\" target=\"_self\" rel=\"noopener\">XXXVII Carrera Popular de la Vall del Tenes- Santa Eul\u00e0lia de Ron\u00e7ana<\/a><span class=\"event-color\" style=\"background: #fdd700\"><\/span><\/div><div class=\"mec-event-detail\"><div class=\"mec-event-loc-place\"><\/div><\/div><\/article>        <script type=\"application\/ld+json\">\r\n        {\r\n            \"@context\": \"http:\/\/schema.org\",\r\n            \"@type\": \"Event\",\r\n            \"eventStatus\": \"https:\/\/schema.org\/EventScheduled\",\r\n            \"startDate\": \"2026-09-11\",\r\n            \"endDate\": \"2026-09-11\",\r\n            \"eventAttendanceMode\": \"https:\/\/schema.org\/OfflineEventAttendanceMode\",\r\n            \"location\":\r\n            {\r\n                \"@type\": \"Place\",\r\n                                \"name\": \"\",\r\n                \"image\": \"\",\r\n                \"address\": \"\"\r\n                            },\r\n            \"organizer\":\r\n            {\r\n                \"@type\": \"Person\",\r\n                \"name\": \"\",\r\n                \"url\": \"\"\r\n            },\r\n            \"offers\":\r\n            {\r\n                \"url\": \"https:\/\/turismevalles.com\/es\/events\/fiesta-fin-de-verano-en-sant-pere-de-vilamajor\/\",\r\n                \"price\": \"\",\r\n                \"priceCurrency\": \"$\",\r\n                \"availability\": \"https:\/\/schema.org\/InStock\",\r\n                \"validFrom\": \"2026-09-11T00:00\"\r\n            },\r\n            \"performer\": \"\",\r\n            \"description\": \"Para m\u00e1s informaci\u00f3n, &lt;a href=&quot;https:\/\/www.vilamajor.cat\/actualitat\/agenda\/festa-de-fi-destiu-a-sant-pere-de-vilamajor.html&quot;&gt;clicar aqu\u00ed&lt;\/a&gt;\",\r\n            \"image\": \"https:\/\/turismevalles.com\/wp-content\/uploads\/2025\/08\/stpere.jpg\",\r\n            \"name\": \"Fiesta Fin de Verano en Sant Pere de Vilamajor\",\r\n            \"url\": \"https:\/\/turismevalles.com\/es\/events\/fiesta-fin-de-verano-en-sant-pere-de-vilamajor\/\"\r\n        }\r\n        <\/script>\r\n        <article class=\"mec-event-article \"><div class=\"mec-event-image\"><img loading=\"lazy\" decoding=\"async\" width=\"300\" height=\"300\" src=\"https:\/\/turismevalles.com\/wp-content\/uploads\/2025\/08\/stpere-300x300.jpg\" class=\"attachment-thumblist size-thumblist wp-post-image\" alt=\"\" data-mec-postid=\"64823\" srcset=\"https:\/\/turismevalles.com\/wp-content\/uploads\/2025\/08\/stpere-300x300.jpg 300w, https:\/\/turismevalles.com\/wp-content\/uploads\/2025\/08\/stpere-1024x1024.jpg 1024w, https:\/\/turismevalles.com\/wp-content\/uploads\/2025\/08\/stpere-150x150.jpg 150w, https:\/\/turismevalles.com\/wp-content\/uploads\/2025\/08\/stpere-768x768.jpg 768w, https:\/\/turismevalles.com\/wp-content\/uploads\/2025\/08\/stpere.jpg 1254w\" sizes=\"auto, (max-width: 300px) 100vw, 300px\" \/><\/div><div class=\"mec-event-time mec-color\"><span class=\"mec-sl-clock-o\"><\/span> Todo el d\u00eda<\/div><div class=\"mec-event-title\"><a class=\"mec-color-hover\"  data-event-id=\"64823\" href=\"https:\/\/turismevalles.com\/es\/events\/fiesta-fin-de-verano-en-sant-pere-de-vilamajor\/\" target=\"_self\" rel=\"noopener\">Fiesta Fin de Verano en Sant Pere de Vilamajor<\/a><span class=\"event-color\" style=\"background: #fdd700\"><\/span><\/div><div class=\"mec-event-detail\"><div class=\"mec-event-loc-place\"><\/div><\/div><\/article>        <script type=\"application\/ld+json\">\r\n        {\r\n            \"@context\": \"http:\/\/schema.org\",\r\n            \"@type\": \"Event\",\r\n            \"eventStatus\": \"https:\/\/schema.org\/EventScheduled\",\r\n            \"startDate\": \"2026-09-11\",\r\n            \"endDate\": \"2026-09-11\",\r\n            \"eventAttendanceMode\": \"https:\/\/schema.org\/OfflineEventAttendanceMode\",\r\n            \"location\":\r\n            {\r\n                \"@type\": \"Place\",\r\n                                \"name\": \"\",\r\n                \"image\": \"\",\r\n                \"address\": \"\"\r\n                            },\r\n            \"organizer\":\r\n            {\r\n                \"@type\": \"Person\",\r\n                \"name\": \"\",\r\n                \"url\": \"\"\r\n            },\r\n            \"offers\":\r\n            {\r\n                \"url\": \"https:\/\/turismevalles.com\/es\/events\/diada-nacional-de-catalunya\/\",\r\n                \"price\": \"\",\r\n                \"priceCurrency\": \"$\",\r\n                \"availability\": \"https:\/\/schema.org\/InStock\",\r\n                \"validFrom\": \"2026-09-11T00:00\"\r\n            },\r\n            \"performer\": \"\",\r\n            \"description\": \"Para m\u00e1s informaci\u00f3n, &lt;a href=&quot;https:\/\/www-vallesoriental-cat.translate.goog\/la-comarca?_x_tr_sl=ca&amp;_x_tr_tl=es&amp;_x_tr_hl=esie%3DUTF-8&quot;&gt;clicar aqu\u00ed&lt;\/a&gt;\",\r\n            \"image\": \"https:\/\/turismevalles.com\/wp-content\/uploads\/2025\/08\/diada-1.jpg\",\r\n            \"name\": \"Diada Nacional de Catalunya\",\r\n            \"url\": \"https:\/\/turismevalles.com\/es\/events\/diada-nacional-de-catalunya\/\"\r\n        }\r\n        <\/script>\r\n        <article class=\"mec-event-article \"><div class=\"mec-event-image\"><img loading=\"lazy\" decoding=\"async\" width=\"300\" height=\"300\" src=\"https:\/\/turismevalles.com\/wp-content\/uploads\/2025\/08\/diada-1-300x300.jpg\" class=\"attachment-thumblist size-thumblist wp-post-image\" alt=\"\" data-mec-postid=\"73213\" srcset=\"https:\/\/turismevalles.com\/wp-content\/uploads\/2025\/08\/diada-1-300x300.jpg 300w, https:\/\/turismevalles.com\/wp-content\/uploads\/2025\/08\/diada-1-150x150.jpg 150w\" sizes=\"auto, (max-width: 300px) 100vw, 300px\" \/><\/div><div class=\"mec-event-time mec-color\"><span class=\"mec-sl-clock-o\"><\/span> Todo el d\u00eda<\/div><div class=\"mec-event-title\"><a class=\"mec-color-hover\"  data-event-id=\"73213\" href=\"https:\/\/turismevalles.com\/es\/events\/diada-nacional-de-catalunya\/\" target=\"_self\" rel=\"noopener\">Diada Nacional de Catalunya<\/a><span class=\"event-color\" style=\"background: #fdd700\"><\/span><\/div><div class=\"mec-event-detail\"><div class=\"mec-event-loc-place\"><\/div><\/div><\/article><\/div><div class=\"mec-calendar-events-sec\" data-mec-cell=\"20260912\" ><div class=\"mec-table-side-title\">Eventos para <span class=\"mec-color mec-table-side-day\"> 12<\/span> septiembre<\/div>        <script type=\"application\/ld+json\">\r\n        {\r\n            \"@context\": \"http:\/\/schema.org\",\r\n            \"@type\": \"Event\",\r\n            \"eventStatus\": \"https:\/\/schema.org\/EventScheduled\",\r\n            \"startDate\": \"2026-09-12\",\r\n            \"endDate\": \"2026-09-13\",\r\n            \"eventAttendanceMode\": \"https:\/\/schema.org\/OfflineEventAttendanceMode\",\r\n            \"location\":\r\n            {\r\n                \"@type\": \"Place\",\r\n                                \"name\": \"\",\r\n                \"image\": \"\",\r\n                \"address\": \"\"\r\n                            },\r\n            \"organizer\":\r\n            {\r\n                \"@type\": \"Person\",\r\n                \"name\": \"\",\r\n                \"url\": \"\"\r\n            },\r\n            \"offers\":\r\n            {\r\n                \"url\": \"https:\/\/turismevalles.com\/es\/events\/fiesta-mayor-de-llerona-les-franqueses-del-valles-2\/\",\r\n                \"price\": \"\",\r\n                \"priceCurrency\": \"$\",\r\n                \"availability\": \"https:\/\/schema.org\/InStock\",\r\n                \"validFrom\": \"2026-09-12T00:00\"\r\n            },\r\n            \"performer\": \"\",\r\n            \"description\": \"Para m\u00e1s informaci\u00f3n, &lt;a href=&quot;https:\/\/www-lesfranqueses-cat.translate.goog\/?_x_tr_sl=ca&amp;_x_tr_tl=es&amp;_x_tr_hl=esie%3DUTF-8&quot;&gt;clicar aqu\u00ed&lt;\/a&gt;\",\r\n            \"image\": \"https:\/\/turismevalles.com\/wp-content\/uploads\/2023\/08\/Banner-900x330-fm2026-Franqueses.jpg\",\r\n            \"name\": \"Fiesta Mayor de Llerona- Les Franqueses del Vall\u00e8s\",\r\n            \"url\": \"https:\/\/turismevalles.com\/es\/events\/fiesta-mayor-de-llerona-les-franqueses-del-valles-2\/\"\r\n        }\r\n        <\/script>\r\n        <article class=\"mec-event-article \"><div class=\"mec-event-image\"><img loading=\"lazy\" decoding=\"async\" width=\"300\" height=\"300\" src=\"https:\/\/turismevalles.com\/wp-content\/uploads\/2023\/08\/Banner-900x330-fm2026-Franqueses-300x300.jpg\" class=\"attachment-thumblist size-thumblist wp-post-image\" alt=\"\" data-mec-postid=\"28169\" srcset=\"https:\/\/turismevalles.com\/wp-content\/uploads\/2023\/08\/Banner-900x330-fm2026-Franqueses-300x300.jpg 300w, https:\/\/turismevalles.com\/wp-content\/uploads\/2023\/08\/Banner-900x330-fm2026-Franqueses-150x150.jpg 150w\" sizes=\"auto, (max-width: 300px) 100vw, 300px\" \/><\/div><div class=\"mec-event-time mec-color\"><span class=\"mec-sl-clock-o\"><\/span> Todo el d\u00eda<\/div><div class=\"mec-event-title\"><a class=\"mec-color-hover\"  data-event-id=\"28169\" href=\"https:\/\/turismevalles.com\/es\/events\/fiesta-mayor-de-llerona-les-franqueses-del-valles-2\/\" target=\"_self\" rel=\"noopener\">Fiesta Mayor de Llerona- Les Franqueses del Vall\u00e8s<\/a><span class=\"event-color\" style=\"background: #fdd700\"><\/span><\/div><div class=\"mec-event-detail\"><div class=\"mec-event-loc-place\"><\/div><\/div><\/article>        <script type=\"application\/ld+json\">\r\n        {\r\n            \"@context\": \"http:\/\/schema.org\",\r\n            \"@type\": \"Event\",\r\n            \"eventStatus\": \"https:\/\/schema.org\/EventScheduled\",\r\n            \"startDate\": \"2026-09-12\",\r\n            \"endDate\": \"2026-09-13\",\r\n            \"eventAttendanceMode\": \"https:\/\/schema.org\/OfflineEventAttendanceMode\",\r\n            \"location\":\r\n            {\r\n                \"@type\": \"Place\",\r\n                                \"name\": \"\",\r\n                \"image\": \"\",\r\n                \"address\": \"\"\r\n                            },\r\n            \"organizer\":\r\n            {\r\n                \"@type\": \"Person\",\r\n                \"name\": \"\",\r\n                \"url\": \"\"\r\n            },\r\n            \"offers\":\r\n            {\r\n                \"url\": \"https:\/\/turismevalles.com\/es\/events\/fiesta-major-de-martorelles\/\",\r\n                \"price\": \"\",\r\n                \"priceCurrency\": \"$\",\r\n                \"availability\": \"https:\/\/schema.org\/InStock\",\r\n                \"validFrom\": \"2026-09-12T00:00\"\r\n            },\r\n            \"performer\": \"\",\r\n            \"description\": \"Para m\u00e1s informaci\u00f3n, &lt;a href=&quot;https:\/\/www-martorelles-cat.translate.goog\/ambits\/cultura-tradicions\/festa-major-2026\/el-programa\/?_x_tr_sl=ca&amp;_x_tr_tl=es&amp;_x_tr_hl=esie%3DUTF-8&quot;&gt;clicar aqu\u00ed&lt;\/a&gt;\",\r\n            \"image\": \"https:\/\/turismevalles.com\/wp-content\/uploads\/2023\/08\/martorelles_page-0001-2.jpg\",\r\n            \"name\": \"Fiesta Major de Martorelles\",\r\n            \"url\": \"https:\/\/turismevalles.com\/es\/events\/fiesta-major-de-martorelles\/\"\r\n        }\r\n        <\/script>\r\n        <article class=\"mec-event-article \"><div class=\"mec-event-image\"><img loading=\"lazy\" decoding=\"async\" width=\"300\" height=\"300\" src=\"https:\/\/turismevalles.com\/wp-content\/uploads\/2023\/08\/martorelles_page-0001-2-300x300.jpg\" class=\"attachment-thumblist size-thumblist wp-post-image\" alt=\"\" data-mec-postid=\"28290\" srcset=\"https:\/\/turismevalles.com\/wp-content\/uploads\/2023\/08\/martorelles_page-0001-2-300x300.jpg 300w, https:\/\/turismevalles.com\/wp-content\/uploads\/2023\/08\/martorelles_page-0001-2-150x150.jpg 150w\" sizes=\"auto, (max-width: 300px) 100vw, 300px\" \/><\/div><div class=\"mec-event-time mec-color\"><span class=\"mec-sl-clock-o\"><\/span> Todo el d\u00eda<\/div><div class=\"mec-event-title\"><a class=\"mec-color-hover\"  data-event-id=\"28290\" href=\"https:\/\/turismevalles.com\/es\/events\/fiesta-major-de-martorelles\/\" target=\"_self\" rel=\"noopener\">Fiesta Major de Martorelles<\/a><span class=\"event-color\" style=\"background: #fdd700\"><\/span><\/div><div class=\"mec-event-detail\"><div class=\"mec-event-loc-place\"><\/div><\/div><\/article>        <script type=\"application\/ld+json\">\r\n        {\r\n            \"@context\": \"http:\/\/schema.org\",\r\n            \"@type\": \"Event\",\r\n            \"eventStatus\": \"https:\/\/schema.org\/EventScheduled\",\r\n            \"startDate\": \"2026-09-12\",\r\n            \"endDate\": \"2026-09-13\",\r\n            \"eventAttendanceMode\": \"https:\/\/schema.org\/OfflineEventAttendanceMode\",\r\n            \"location\":\r\n            {\r\n                \"@type\": \"Place\",\r\n                                \"name\": \"\",\r\n                \"image\": \"\",\r\n                \"address\": \"\"\r\n                            },\r\n            \"organizer\":\r\n            {\r\n                \"@type\": \"Person\",\r\n                \"name\": \"\",\r\n                \"url\": \"\"\r\n            },\r\n            \"offers\":\r\n            {\r\n                \"url\": \"https:\/\/turismevalles.com\/es\/events\/fiesta-mayor-en-llica-damunt-3\/\",\r\n                \"price\": \"\",\r\n                \"priceCurrency\": \"$\",\r\n                \"availability\": \"https:\/\/schema.org\/InStock\",\r\n                \"validFrom\": \"2026-09-12T00:00\"\r\n            },\r\n            \"performer\": \"\",\r\n            \"description\": \"Para m\u00e1s informaci\u00f3n, &lt;a href=&quot;http:\/\/www.llicamunt.cat&quot;&gt;clicar aqu\u00ed&lt;\/a&gt;\",\r\n            \"image\": \"https:\/\/turismevalles.com\/wp-content\/uploads\/2025\/09\/llicamunt_page-0001-2.jpg\",\r\n            \"name\": \"Fiesta Mayor en Lli\u00e7\u00e0 d&#8217;Amunt\",\r\n            \"url\": \"https:\/\/turismevalles.com\/es\/events\/fiesta-mayor-en-llica-damunt-3\/\"\r\n        }\r\n        <\/script>\r\n        <article class=\"mec-event-article \"><div class=\"mec-event-image\"><img loading=\"lazy\" decoding=\"async\" width=\"300\" height=\"300\" src=\"https:\/\/turismevalles.com\/wp-content\/uploads\/2025\/09\/llicamunt_page-0001-2-300x300.jpg\" class=\"attachment-thumblist size-thumblist wp-post-image\" alt=\"\" data-mec-postid=\"65369\" srcset=\"https:\/\/turismevalles.com\/wp-content\/uploads\/2025\/09\/llicamunt_page-0001-2-300x300.jpg 300w, https:\/\/turismevalles.com\/wp-content\/uploads\/2025\/09\/llicamunt_page-0001-2-150x150.jpg 150w\" sizes=\"auto, (max-width: 300px) 100vw, 300px\" \/><\/div><div class=\"mec-event-time mec-color\"><span class=\"mec-sl-clock-o\"><\/span> Todo el d\u00eda<\/div><div class=\"mec-event-title\"><a class=\"mec-color-hover\"  data-event-id=\"65369\" href=\"https:\/\/turismevalles.com\/es\/events\/fiesta-mayor-en-llica-damunt-3\/\" target=\"_self\" rel=\"noopener\">Fiesta Mayor en Lli\u00e7\u00e0 d&#8217;Amunt<\/a><span class=\"event-color\" style=\"background: #fdd700\"><\/span><\/div><div class=\"mec-event-detail\"><div class=\"mec-event-loc-place\"><\/div><\/div><\/article>        <script type=\"application\/ld+json\">\r\n        {\r\n            \"@context\": \"http:\/\/schema.org\",\r\n            \"@type\": \"Event\",\r\n            \"eventStatus\": \"https:\/\/schema.org\/EventScheduled\",\r\n            \"startDate\": \"2026-09-12\",\r\n            \"endDate\": \"2026-09-14\",\r\n            \"eventAttendanceMode\": \"https:\/\/schema.org\/OfflineEventAttendanceMode\",\r\n            \"location\":\r\n            {\r\n                \"@type\": \"Place\",\r\n                                \"name\": \"\",\r\n                \"image\": \"\",\r\n                \"address\": \"\"\r\n                            },\r\n            \"organizer\":\r\n            {\r\n                \"@type\": \"Person\",\r\n                \"name\": \"\",\r\n                \"url\": \"\"\r\n            },\r\n            \"offers\":\r\n            {\r\n                \"url\": \"https:\/\/turismevalles.com\/es\/events\/fiesta-mayor-en-la-roca-del-valles-3\/\",\r\n                \"price\": \"\",\r\n                \"priceCurrency\": \"$\",\r\n                \"availability\": \"https:\/\/schema.org\/InStock\",\r\n                \"validFrom\": \"2026-09-12T00:00\"\r\n            },\r\n            \"performer\": \"\",\r\n            \"description\": \"Para m\u00e1s informaci\u00f3n, &lt;a href=&quot;https:\/\/www-laroca-cat.translate.goog\/actualitat\/que-esta-passant\/noticies\/temps-de-festa-major-a-la-roca-del-valles?_x_tr_sch=http&amp;_x_tr_sl=ca&amp;_x_tr_tl=es&amp;_x_tr_hl=esie%3DUTF-8&quot;&gt;clicar aqu\u00ed&lt;\/a&gt;\",\r\n            \"image\": \"https:\/\/turismevalles.com\/wp-content\/uploads\/2025\/09\/laroca_page-0003.jpg\",\r\n            \"name\": \"Fiesta Mayor en La Roca del Vall\u00e8s\",\r\n            \"url\": \"https:\/\/turismevalles.com\/es\/events\/fiesta-mayor-en-la-roca-del-valles-3\/\"\r\n        }\r\n        <\/script>\r\n        <article class=\"mec-event-article \"><div class=\"mec-event-image\"><img loading=\"lazy\" decoding=\"async\" width=\"300\" height=\"300\" src=\"https:\/\/turismevalles.com\/wp-content\/uploads\/2025\/09\/laroca_page-0003-300x300.jpg\" class=\"attachment-thumblist size-thumblist wp-post-image\" alt=\"\" data-mec-postid=\"65375\" srcset=\"https:\/\/turismevalles.com\/wp-content\/uploads\/2025\/09\/laroca_page-0003-300x300.jpg 300w, https:\/\/turismevalles.com\/wp-content\/uploads\/2025\/09\/laroca_page-0003-150x150.jpg 150w\" sizes=\"auto, (max-width: 300px) 100vw, 300px\" \/><\/div><div class=\"mec-event-time mec-color\"><span class=\"mec-sl-clock-o\"><\/span> Todo el d\u00eda<\/div><div class=\"mec-event-title\"><a class=\"mec-color-hover\"  data-event-id=\"65375\" href=\"https:\/\/turismevalles.com\/es\/events\/fiesta-mayor-en-la-roca-del-valles-3\/\" target=\"_self\" rel=\"noopener\">Fiesta Mayor en La Roca del Vall\u00e8s<\/a><span class=\"event-color\" style=\"background: #fdd700\"><\/span><\/div><div class=\"mec-event-detail\"><div class=\"mec-event-loc-place\"><\/div><\/div><\/article>        <script type=\"application\/ld+json\">\r\n        {\r\n            \"@context\": \"http:\/\/schema.org\",\r\n            \"@type\": \"Event\",\r\n            \"eventStatus\": \"https:\/\/schema.org\/EventScheduled\",\r\n            \"startDate\": \"2026-09-12\",\r\n            \"endDate\": \"2026-12-14\",\r\n            \"eventAttendanceMode\": \"https:\/\/schema.org\/OfflineEventAttendanceMode\",\r\n            \"location\":\r\n            {\r\n                \"@type\": \"Place\",\r\n                                \"name\": \"\",\r\n                \"image\": \"\",\r\n                \"address\": \"\"\r\n                            },\r\n            \"organizer\":\r\n            {\r\n                \"@type\": \"Person\",\r\n                \"name\": \"\",\r\n                \"url\": \"\"\r\n            },\r\n            \"offers\":\r\n            {\r\n                \"url\": \"https:\/\/turismevalles.com\/es\/events\/recorrerrido-por-sant-miquel-del-fai-bigues-i-riells-del-fai\/\",\r\n                \"price\": \"\",\r\n                \"priceCurrency\": \"$\",\r\n                \"availability\": \"https:\/\/schema.org\/InStock\",\r\n                \"validFrom\": \"2026-09-12T00:00\"\r\n            },\r\n            \"performer\": \"\",\r\n            \"description\": \"Para m\u00e1s informaci\u00f3n,&lt;a href=&quot;https:\/\/parcs.diba.cat\/es\/web\/agenda\/-\/cingles-de-berti-recorregut-per-sant-miquel-del-fai?utm_source=agenda&amp;utm_medium=correu&amp;utm_content=cingles-de-berti-recorregut-per-sant-miquel-del-fai&amp;utm_campaign=501&quot;&gt; clicar aqu\u00ed&lt;\/a&gt;    &nbsp;\",\r\n            \"image\": \"https:\/\/turismevalles.com\/wp-content\/uploads\/2026\/03\/RecorregutSMF.jpg\",\r\n            \"name\": \"Recorrerrido por Sant Miquel del Fai- Bigues i Riells del Fai_Sant Feliu de Codines\",\r\n            \"url\": \"https:\/\/turismevalles.com\/es\/events\/recorrerrido-por-sant-miquel-del-fai-bigues-i-riells-del-fai\/\"\r\n        }\r\n        <\/script>\r\n        <article class=\"mec-event-article \"><div class=\"mec-event-image\"><img loading=\"lazy\" decoding=\"async\" width=\"300\" height=\"300\" src=\"https:\/\/turismevalles.com\/wp-content\/uploads\/2026\/03\/RecorregutSMF-300x300.jpg\" class=\"attachment-thumblist size-thumblist wp-post-image\" alt=\"\" data-mec-postid=\"68822\" srcset=\"https:\/\/turismevalles.com\/wp-content\/uploads\/2026\/03\/RecorregutSMF-300x300.jpg 300w, https:\/\/turismevalles.com\/wp-content\/uploads\/2026\/03\/RecorregutSMF-150x150.jpg 150w\" sizes=\"auto, (max-width: 300px) 100vw, 300px\" \/><\/div><div class=\"mec-event-time mec-color\"><span class=\"mec-sl-clock-o\"><\/span> Todo el d\u00eda<\/div><div class=\"mec-event-title\"><a class=\"mec-color-hover\"  data-event-id=\"68822\" href=\"https:\/\/turismevalles.com\/es\/events\/recorrerrido-por-sant-miquel-del-fai-bigues-i-riells-del-fai\/\" target=\"_self\" rel=\"noopener\">Recorrerrido por Sant Miquel del Fai- Bigues i Riells del Fai_Sant Feliu de Codines<\/a><span class=\"event-color\" style=\"background: #fdd700\"><\/span><\/div><div class=\"mec-event-detail\"><div class=\"mec-event-loc-place\"><\/div><\/div><\/article>        <script type=\"application\/ld+json\">\r\n        {\r\n            \"@context\": \"http:\/\/schema.org\",\r\n            \"@type\": \"Event\",\r\n            \"eventStatus\": \"https:\/\/schema.org\/EventScheduled\",\r\n            \"startDate\": \"2026-09-12\",\r\n            \"endDate\": \"2025-07-12\",\r\n            \"eventAttendanceMode\": \"https:\/\/schema.org\/OfflineEventAttendanceMode\",\r\n            \"location\":\r\n            {\r\n                \"@type\": \"Place\",\r\n                                \"name\": \"\",\r\n                \"image\": \"\",\r\n                \"address\": \"\"\r\n                            },\r\n            \"organizer\":\r\n            {\r\n                \"@type\": \"Person\",\r\n                \"name\": \"\",\r\n                \"url\": \"\"\r\n            },\r\n            \"offers\":\r\n            {\r\n                \"url\": \"https:\/\/turismevalles.com\/es\/events\/visita-guiada-el-refugio-antiaereo-de-la-estacion-de-la-garriga\/\",\r\n                \"price\": \"\",\r\n                \"priceCurrency\": \"$\",\r\n                \"availability\": \"https:\/\/schema.org\/InStock\",\r\n                \"validFrom\": \"2026-09-12T00:00\"\r\n            },\r\n            \"performer\": \"\",\r\n            \"description\": \"Para m\u00e1s informaci\u00f3n, &lt;a href=&quot;https:\/\/lagarriga.cat\/actualitat\/agenda\/19796-visita-guiada-el-refugi-antiaeri-de-lestacio&quot;&gt;clicar aqu\u00ed&lt;\/a&gt;\",\r\n            \"image\": \"https:\/\/turismevalles.com\/wp-content\/uploads\/2025\/06\/refugiAntiaeri_0.jpg\",\r\n            \"name\": \"Visita Guiada: El Refugio Antia\u00e9reo de la Estaci\u00f3n de La Garriga\",\r\n            \"url\": \"https:\/\/turismevalles.com\/es\/events\/visita-guiada-el-refugio-antiaereo-de-la-estacion-de-la-garriga\/\"\r\n        }\r\n        <\/script>\r\n        <article class=\"mec-past-event mec-event-article \"><div class=\"mec-event-image\"><img loading=\"lazy\" decoding=\"async\" width=\"300\" height=\"300\" src=\"https:\/\/turismevalles.com\/wp-content\/uploads\/2025\/06\/refugiAntiaeri_0-300x300.jpg\" class=\"attachment-thumblist size-thumblist wp-post-image\" alt=\"\" data-mec-postid=\"63513\" srcset=\"https:\/\/turismevalles.com\/wp-content\/uploads\/2025\/06\/refugiAntiaeri_0-300x300.jpg 300w, https:\/\/turismevalles.com\/wp-content\/uploads\/2025\/06\/refugiAntiaeri_0-150x150.jpg 150w\" sizes=\"auto, (max-width: 300px) 100vw, 300px\" \/><\/div><div class=\"mec-event-time mec-color\"><span class=\"mec-sl-clock-o\"><\/span> Todo el d\u00eda<\/div><div class=\"mec-event-title\"><a class=\"mec-color-hover\"  data-event-id=\"63513\" href=\"https:\/\/turismevalles.com\/es\/events\/visita-guiada-el-refugio-antiaereo-de-la-estacion-de-la-garriga\/\" target=\"_self\" rel=\"noopener\">Visita Guiada: El Refugio Antia\u00e9reo de la Estaci\u00f3n de La Garriga<\/a><span class=\"event-color\" style=\"background: #fdd700\"><\/span><\/div><div class=\"mec-event-detail\"><div class=\"mec-event-loc-place\"><\/div><\/div><\/article>        <script type=\"application\/ld+json\">\r\n        {\r\n            \"@context\": \"http:\/\/schema.org\",\r\n            \"@type\": \"Event\",\r\n            \"eventStatus\": \"https:\/\/schema.org\/EventScheduled\",\r\n            \"startDate\": \"2026-09-12\",\r\n            \"endDate\": \"2026-09-12\",\r\n            \"eventAttendanceMode\": \"https:\/\/schema.org\/OfflineEventAttendanceMode\",\r\n            \"location\":\r\n            {\r\n                \"@type\": \"Place\",\r\n                                \"name\": \"\",\r\n                \"image\": \"\",\r\n                \"address\": \"\"\r\n                            },\r\n            \"organizer\":\r\n            {\r\n                \"@type\": \"Person\",\r\n                \"name\": \"\",\r\n                \"url\": \"\"\r\n            },\r\n            \"offers\":\r\n            {\r\n                \"url\": \"https:\/\/turismevalles.com\/es\/events\/visperas-de-verano-actividades-de-septiembre-para-disfrutar-del-patrimonio-local-de-la-garriga\/\",\r\n                \"price\": \"\",\r\n                \"priceCurrency\": \"$\",\r\n                \"availability\": \"https:\/\/schema.org\/InStock\",\r\n                \"validFrom\": \"2026-09-12T00:00\"\r\n            },\r\n            \"performer\": \"\",\r\n            \"description\": \"Actividades pensadas para disfrutar del patrimonio local cuando la calor afloja y el d\u00eca se despide.    Para m\u00e1s informaci\u00f3n, &lt;a href=&quot;https:\/\/www.lagarriga.cat\/media\/repository\/\/documents\/noticies\/2026-06\/Activitats_3r_trimestre_CdV.pdf&quot;&gt;clicar aqu\u00ed&lt;\/a&gt;\",\r\n            \"image\": \"https:\/\/turismevalles.com\/wp-content\/uploads\/2026\/07\/Capvespre_la-garriga.jpg\",\r\n            \"name\": \"V\u00edsperas de verano, actividades de septiembre para disfrutar del patrimonio local de la Garriga\",\r\n            \"url\": \"https:\/\/turismevalles.com\/es\/events\/visperas-de-verano-actividades-de-septiembre-para-disfrutar-del-patrimonio-local-de-la-garriga\/\"\r\n        }\r\n        <\/script>\r\n        <article class=\"mec-event-article \"><div class=\"mec-event-image\"><img loading=\"lazy\" decoding=\"async\" width=\"300\" height=\"300\" src=\"https:\/\/turismevalles.com\/wp-content\/uploads\/2026\/07\/Capvespre_la-garriga-300x300.jpg\" class=\"attachment-thumblist size-thumblist wp-post-image\" alt=\"\" data-mec-postid=\"72470\" srcset=\"https:\/\/turismevalles.com\/wp-content\/uploads\/2026\/07\/Capvespre_la-garriga-300x300.jpg 300w, https:\/\/turismevalles.com\/wp-content\/uploads\/2026\/07\/Capvespre_la-garriga-150x150.jpg 150w\" sizes=\"auto, (max-width: 300px) 100vw, 300px\" \/><\/div><div class=\"mec-event-time mec-color\"><span class=\"mec-sl-clock-o\"><\/span> Todo el d\u00eda<\/div><div class=\"mec-event-title\"><a class=\"mec-color-hover\"  data-event-id=\"72470\" href=\"https:\/\/turismevalles.com\/es\/events\/visperas-de-verano-actividades-de-septiembre-para-disfrutar-del-patrimonio-local-de-la-garriga\/\" target=\"_self\" rel=\"noopener\">V\u00edsperas de verano, actividades de septiembre para disfrutar del patrimonio local de la Garriga<\/a><span class=\"event-color\" style=\"background: #fdd700\"><\/span><\/div><div class=\"mec-event-detail\"><div class=\"mec-event-loc-place\"><\/div><\/div><\/article><\/div><div class=\"mec-calendar-events-sec\" data-mec-cell=\"20260913\" ><div class=\"mec-table-side-title\">Eventos para <span class=\"mec-color mec-table-side-day\"> 13<\/span> septiembre<\/div>        <script type=\"application\/ld+json\">\r\n        {\r\n            \"@context\": \"http:\/\/schema.org\",\r\n            \"@type\": \"Event\",\r\n            \"eventStatus\": \"https:\/\/schema.org\/EventScheduled\",\r\n            \"startDate\": \"2026-09-13\",\r\n            \"endDate\": \"2026-09-13\",\r\n            \"eventAttendanceMode\": \"https:\/\/schema.org\/OfflineEventAttendanceMode\",\r\n            \"location\":\r\n            {\r\n                \"@type\": \"Place\",\r\n                                \"name\": \"\",\r\n                \"image\": \"\",\r\n                \"address\": \"\"\r\n                            },\r\n            \"organizer\":\r\n            {\r\n                \"@type\": \"Person\",\r\n                \"name\": \"\",\r\n                \"url\": \"\"\r\n            },\r\n            \"offers\":\r\n            {\r\n                \"url\": \"https:\/\/turismevalles.com\/es\/events\/fiesta-mayor-de-llerona-les-franqueses-del-valles-2\/\",\r\n                \"price\": \"\",\r\n                \"priceCurrency\": \"$\",\r\n                \"availability\": \"https:\/\/schema.org\/InStock\",\r\n                \"validFrom\": \"2026-09-13T00:00\"\r\n            },\r\n            \"performer\": \"\",\r\n            \"description\": \"Para m\u00e1s informaci\u00f3n, &lt;a href=&quot;https:\/\/www-lesfranqueses-cat.translate.goog\/?_x_tr_sl=ca&amp;_x_tr_tl=es&amp;_x_tr_hl=esie%3DUTF-8&quot;&gt;clicar aqu\u00ed&lt;\/a&gt;\",\r\n            \"image\": \"https:\/\/turismevalles.com\/wp-content\/uploads\/2023\/08\/Banner-900x330-fm2026-Franqueses.jpg\",\r\n            \"name\": \"Fiesta Mayor de Llerona- Les Franqueses del Vall\u00e8s\",\r\n            \"url\": \"https:\/\/turismevalles.com\/es\/events\/fiesta-mayor-de-llerona-les-franqueses-del-valles-2\/\"\r\n        }\r\n        <\/script>\r\n        <article class=\"mec-event-article \"><div class=\"mec-event-image\"><img loading=\"lazy\" decoding=\"async\" width=\"300\" height=\"300\" src=\"https:\/\/turismevalles.com\/wp-content\/uploads\/2023\/08\/Banner-900x330-fm2026-Franqueses-300x300.jpg\" class=\"attachment-thumblist size-thumblist wp-post-image\" alt=\"\" data-mec-postid=\"28169\" srcset=\"https:\/\/turismevalles.com\/wp-content\/uploads\/2023\/08\/Banner-900x330-fm2026-Franqueses-300x300.jpg 300w, https:\/\/turismevalles.com\/wp-content\/uploads\/2023\/08\/Banner-900x330-fm2026-Franqueses-150x150.jpg 150w\" sizes=\"auto, (max-width: 300px) 100vw, 300px\" \/><\/div><div class=\"mec-event-time mec-color\"><span class=\"mec-sl-clock-o\"><\/span> Todo el d\u00eda<\/div><div class=\"mec-event-title\"><a class=\"mec-color-hover\"  data-event-id=\"28169\" href=\"https:\/\/turismevalles.com\/es\/events\/fiesta-mayor-de-llerona-les-franqueses-del-valles-2\/\" target=\"_self\" rel=\"noopener\">Fiesta Mayor de Llerona- Les Franqueses del Vall\u00e8s<\/a><span class=\"event-color\" style=\"background: #fdd700\"><\/span><\/div><div class=\"mec-event-detail\"><div class=\"mec-event-loc-place\"><\/div><\/div><\/article>        <script type=\"application\/ld+json\">\r\n        {\r\n            \"@context\": \"http:\/\/schema.org\",\r\n            \"@type\": \"Event\",\r\n            \"eventStatus\": \"https:\/\/schema.org\/EventScheduled\",\r\n            \"startDate\": \"2026-09-13\",\r\n            \"endDate\": \"2026-09-13\",\r\n            \"eventAttendanceMode\": \"https:\/\/schema.org\/OfflineEventAttendanceMode\",\r\n            \"location\":\r\n            {\r\n                \"@type\": \"Place\",\r\n                                \"name\": \"\",\r\n                \"image\": \"\",\r\n                \"address\": \"\"\r\n                            },\r\n            \"organizer\":\r\n            {\r\n                \"@type\": \"Person\",\r\n                \"name\": \"\",\r\n                \"url\": \"\"\r\n            },\r\n            \"offers\":\r\n            {\r\n                \"url\": \"https:\/\/turismevalles.com\/es\/events\/fiesta-major-de-martorelles\/\",\r\n                \"price\": \"\",\r\n                \"priceCurrency\": \"$\",\r\n                \"availability\": \"https:\/\/schema.org\/InStock\",\r\n                \"validFrom\": \"2026-09-13T00:00\"\r\n            },\r\n            \"performer\": \"\",\r\n            \"description\": \"Para m\u00e1s informaci\u00f3n, &lt;a href=&quot;https:\/\/www-martorelles-cat.translate.goog\/ambits\/cultura-tradicions\/festa-major-2026\/el-programa\/?_x_tr_sl=ca&amp;_x_tr_tl=es&amp;_x_tr_hl=esie%3DUTF-8&quot;&gt;clicar aqu\u00ed&lt;\/a&gt;\",\r\n            \"image\": \"https:\/\/turismevalles.com\/wp-content\/uploads\/2023\/08\/martorelles_page-0001-2.jpg\",\r\n            \"name\": \"Fiesta Major de Martorelles\",\r\n            \"url\": \"https:\/\/turismevalles.com\/es\/events\/fiesta-major-de-martorelles\/\"\r\n        }\r\n        <\/script>\r\n        <article class=\"mec-event-article \"><div class=\"mec-event-image\"><img loading=\"lazy\" decoding=\"async\" width=\"300\" height=\"300\" src=\"https:\/\/turismevalles.com\/wp-content\/uploads\/2023\/08\/martorelles_page-0001-2-300x300.jpg\" class=\"attachment-thumblist size-thumblist wp-post-image\" alt=\"\" data-mec-postid=\"28290\" srcset=\"https:\/\/turismevalles.com\/wp-content\/uploads\/2023\/08\/martorelles_page-0001-2-300x300.jpg 300w, https:\/\/turismevalles.com\/wp-content\/uploads\/2023\/08\/martorelles_page-0001-2-150x150.jpg 150w\" sizes=\"auto, (max-width: 300px) 100vw, 300px\" \/><\/div><div class=\"mec-event-time mec-color\"><span class=\"mec-sl-clock-o\"><\/span> Todo el d\u00eda<\/div><div class=\"mec-event-title\"><a class=\"mec-color-hover\"  data-event-id=\"28290\" href=\"https:\/\/turismevalles.com\/es\/events\/fiesta-major-de-martorelles\/\" target=\"_self\" rel=\"noopener\">Fiesta Major de Martorelles<\/a><span class=\"event-color\" style=\"background: #fdd700\"><\/span><\/div><div class=\"mec-event-detail\"><div class=\"mec-event-loc-place\"><\/div><\/div><\/article>        <script type=\"application\/ld+json\">\r\n        {\r\n            \"@context\": \"http:\/\/schema.org\",\r\n            \"@type\": \"Event\",\r\n            \"eventStatus\": \"https:\/\/schema.org\/EventScheduled\",\r\n            \"startDate\": \"2026-09-13\",\r\n            \"endDate\": \"2026-09-13\",\r\n            \"eventAttendanceMode\": \"https:\/\/schema.org\/OfflineEventAttendanceMode\",\r\n            \"location\":\r\n            {\r\n                \"@type\": \"Place\",\r\n                                \"name\": \"\",\r\n                \"image\": \"\",\r\n                \"address\": \"\"\r\n                            },\r\n            \"organizer\":\r\n            {\r\n                \"@type\": \"Person\",\r\n                \"name\": \"\",\r\n                \"url\": \"\"\r\n            },\r\n            \"offers\":\r\n            {\r\n                \"url\": \"https:\/\/turismevalles.com\/es\/events\/fiesta-mayor-en-llica-damunt-3\/\",\r\n                \"price\": \"\",\r\n                \"priceCurrency\": \"$\",\r\n                \"availability\": \"https:\/\/schema.org\/InStock\",\r\n                \"validFrom\": \"2026-09-13T00:00\"\r\n            },\r\n            \"performer\": \"\",\r\n            \"description\": \"Para m\u00e1s informaci\u00f3n, &lt;a href=&quot;http:\/\/www.llicamunt.cat&quot;&gt;clicar aqu\u00ed&lt;\/a&gt;\",\r\n            \"image\": \"https:\/\/turismevalles.com\/wp-content\/uploads\/2025\/09\/llicamunt_page-0001-2.jpg\",\r\n            \"name\": \"Fiesta Mayor en Lli\u00e7\u00e0 d&#8217;Amunt\",\r\n            \"url\": \"https:\/\/turismevalles.com\/es\/events\/fiesta-mayor-en-llica-damunt-3\/\"\r\n        }\r\n        <\/script>\r\n        <article class=\"mec-event-article \"><div class=\"mec-event-image\"><img loading=\"lazy\" decoding=\"async\" width=\"300\" height=\"300\" src=\"https:\/\/turismevalles.com\/wp-content\/uploads\/2025\/09\/llicamunt_page-0001-2-300x300.jpg\" class=\"attachment-thumblist size-thumblist wp-post-image\" alt=\"\" data-mec-postid=\"65369\" srcset=\"https:\/\/turismevalles.com\/wp-content\/uploads\/2025\/09\/llicamunt_page-0001-2-300x300.jpg 300w, https:\/\/turismevalles.com\/wp-content\/uploads\/2025\/09\/llicamunt_page-0001-2-150x150.jpg 150w\" sizes=\"auto, (max-width: 300px) 100vw, 300px\" \/><\/div><div class=\"mec-event-time mec-color\"><span class=\"mec-sl-clock-o\"><\/span> Todo el d\u00eda<\/div><div class=\"mec-event-title\"><a class=\"mec-color-hover\"  data-event-id=\"65369\" href=\"https:\/\/turismevalles.com\/es\/events\/fiesta-mayor-en-llica-damunt-3\/\" target=\"_self\" rel=\"noopener\">Fiesta Mayor en Lli\u00e7\u00e0 d&#8217;Amunt<\/a><span class=\"event-color\" style=\"background: #fdd700\"><\/span><\/div><div class=\"mec-event-detail\"><div class=\"mec-event-loc-place\"><\/div><\/div><\/article>        <script type=\"application\/ld+json\">\r\n        {\r\n            \"@context\": \"http:\/\/schema.org\",\r\n            \"@type\": \"Event\",\r\n            \"eventStatus\": \"https:\/\/schema.org\/EventScheduled\",\r\n            \"startDate\": \"2026-09-13\",\r\n            \"endDate\": \"2026-09-14\",\r\n            \"eventAttendanceMode\": \"https:\/\/schema.org\/OfflineEventAttendanceMode\",\r\n            \"location\":\r\n            {\r\n                \"@type\": \"Place\",\r\n                                \"name\": \"\",\r\n                \"image\": \"\",\r\n                \"address\": \"\"\r\n                            },\r\n            \"organizer\":\r\n            {\r\n                \"@type\": \"Person\",\r\n                \"name\": \"\",\r\n                \"url\": \"\"\r\n            },\r\n            \"offers\":\r\n            {\r\n                \"url\": \"https:\/\/turismevalles.com\/es\/events\/fiesta-mayor-en-la-roca-del-valles-3\/\",\r\n                \"price\": \"\",\r\n                \"priceCurrency\": \"$\",\r\n                \"availability\": \"https:\/\/schema.org\/InStock\",\r\n                \"validFrom\": \"2026-09-13T00:00\"\r\n            },\r\n            \"performer\": \"\",\r\n            \"description\": \"Para m\u00e1s informaci\u00f3n, &lt;a href=&quot;https:\/\/www-laroca-cat.translate.goog\/actualitat\/que-esta-passant\/noticies\/temps-de-festa-major-a-la-roca-del-valles?_x_tr_sch=http&amp;_x_tr_sl=ca&amp;_x_tr_tl=es&amp;_x_tr_hl=esie%3DUTF-8&quot;&gt;clicar aqu\u00ed&lt;\/a&gt;\",\r\n            \"image\": \"https:\/\/turismevalles.com\/wp-content\/uploads\/2025\/09\/laroca_page-0003.jpg\",\r\n            \"name\": \"Fiesta Mayor en La Roca del Vall\u00e8s\",\r\n            \"url\": \"https:\/\/turismevalles.com\/es\/events\/fiesta-mayor-en-la-roca-del-valles-3\/\"\r\n        }\r\n        <\/script>\r\n        <article class=\"mec-event-article \"><div class=\"mec-event-image\"><img loading=\"lazy\" decoding=\"async\" width=\"300\" height=\"300\" src=\"https:\/\/turismevalles.com\/wp-content\/uploads\/2025\/09\/laroca_page-0003-300x300.jpg\" class=\"attachment-thumblist size-thumblist wp-post-image\" alt=\"\" data-mec-postid=\"65375\" srcset=\"https:\/\/turismevalles.com\/wp-content\/uploads\/2025\/09\/laroca_page-0003-300x300.jpg 300w, https:\/\/turismevalles.com\/wp-content\/uploads\/2025\/09\/laroca_page-0003-150x150.jpg 150w\" sizes=\"auto, (max-width: 300px) 100vw, 300px\" \/><\/div><div class=\"mec-event-time mec-color\"><span class=\"mec-sl-clock-o\"><\/span> Todo el d\u00eda<\/div><div class=\"mec-event-title\"><a class=\"mec-color-hover\"  data-event-id=\"65375\" href=\"https:\/\/turismevalles.com\/es\/events\/fiesta-mayor-en-la-roca-del-valles-3\/\" target=\"_self\" rel=\"noopener\">Fiesta Mayor en La Roca del Vall\u00e8s<\/a><span class=\"event-color\" style=\"background: #fdd700\"><\/span><\/div><div class=\"mec-event-detail\"><div class=\"mec-event-loc-place\"><\/div><\/div><\/article>        <script type=\"application\/ld+json\">\r\n        {\r\n            \"@context\": \"http:\/\/schema.org\",\r\n            \"@type\": \"Event\",\r\n            \"eventStatus\": \"https:\/\/schema.org\/EventScheduled\",\r\n            \"startDate\": \"2026-09-13\",\r\n            \"endDate\": \"2026-12-14\",\r\n            \"eventAttendanceMode\": \"https:\/\/schema.org\/OfflineEventAttendanceMode\",\r\n            \"location\":\r\n            {\r\n                \"@type\": \"Place\",\r\n                                \"name\": \"\",\r\n                \"image\": \"\",\r\n                \"address\": \"\"\r\n                            },\r\n            \"organizer\":\r\n            {\r\n                \"@type\": \"Person\",\r\n                \"name\": \"\",\r\n                \"url\": \"\"\r\n            },\r\n            \"offers\":\r\n            {\r\n                \"url\": \"https:\/\/turismevalles.com\/es\/events\/recorrerrido-por-sant-miquel-del-fai-bigues-i-riells-del-fai\/\",\r\n                \"price\": \"\",\r\n                \"priceCurrency\": \"$\",\r\n                \"availability\": \"https:\/\/schema.org\/InStock\",\r\n                \"validFrom\": \"2026-09-13T00:00\"\r\n            },\r\n            \"performer\": \"\",\r\n            \"description\": \"Para m\u00e1s informaci\u00f3n,&lt;a href=&quot;https:\/\/parcs.diba.cat\/es\/web\/agenda\/-\/cingles-de-berti-recorregut-per-sant-miquel-del-fai?utm_source=agenda&amp;utm_medium=correu&amp;utm_content=cingles-de-berti-recorregut-per-sant-miquel-del-fai&amp;utm_campaign=501&quot;&gt; clicar aqu\u00ed&lt;\/a&gt;    &nbsp;\",\r\n            \"image\": \"https:\/\/turismevalles.com\/wp-content\/uploads\/2026\/03\/RecorregutSMF.jpg\",\r\n            \"name\": \"Recorrerrido por Sant Miquel del Fai- Bigues i Riells del Fai_Sant Feliu de Codines\",\r\n            \"url\": \"https:\/\/turismevalles.com\/es\/events\/recorrerrido-por-sant-miquel-del-fai-bigues-i-riells-del-fai\/\"\r\n        }\r\n        <\/script>\r\n        <article class=\"mec-event-article \"><div class=\"mec-event-image\"><img loading=\"lazy\" decoding=\"async\" width=\"300\" height=\"300\" src=\"https:\/\/turismevalles.com\/wp-content\/uploads\/2026\/03\/RecorregutSMF-300x300.jpg\" class=\"attachment-thumblist size-thumblist wp-post-image\" alt=\"\" data-mec-postid=\"68822\" srcset=\"https:\/\/turismevalles.com\/wp-content\/uploads\/2026\/03\/RecorregutSMF-300x300.jpg 300w, https:\/\/turismevalles.com\/wp-content\/uploads\/2026\/03\/RecorregutSMF-150x150.jpg 150w\" sizes=\"auto, (max-width: 300px) 100vw, 300px\" \/><\/div><div class=\"mec-event-time mec-color\"><span class=\"mec-sl-clock-o\"><\/span> Todo el d\u00eda<\/div><div class=\"mec-event-title\"><a class=\"mec-color-hover\"  data-event-id=\"68822\" href=\"https:\/\/turismevalles.com\/es\/events\/recorrerrido-por-sant-miquel-del-fai-bigues-i-riells-del-fai\/\" target=\"_self\" rel=\"noopener\">Recorrerrido por Sant Miquel del Fai- Bigues i Riells del Fai_Sant Feliu de Codines<\/a><span class=\"event-color\" style=\"background: #fdd700\"><\/span><\/div><div class=\"mec-event-detail\"><div class=\"mec-event-loc-place\"><\/div><\/div><\/article>        <script type=\"application\/ld+json\">\r\n        {\r\n            \"@context\": \"http:\/\/schema.org\",\r\n            \"@type\": \"Event\",\r\n            \"eventStatus\": \"https:\/\/schema.org\/EventScheduled\",\r\n            \"startDate\": \"2026-09-13\",\r\n            \"endDate\": \"2026-09-13\",\r\n            \"eventAttendanceMode\": \"https:\/\/schema.org\/OfflineEventAttendanceMode\",\r\n            \"location\":\r\n            {\r\n                \"@type\": \"Place\",\r\n                                \"name\": \"\",\r\n                \"image\": \"\",\r\n                \"address\": \"\"\r\n                            },\r\n            \"organizer\":\r\n            {\r\n                \"@type\": \"Person\",\r\n                \"name\": \"\",\r\n                \"url\": \"\"\r\n            },\r\n            \"offers\":\r\n            {\r\n                \"url\": \"https:\/\/turismevalles.com\/es\/events\/visites-guiades-al-museu-delger-de-caldes-de-montbui-2\/\",\r\n                \"price\": \"\",\r\n                \"priceCurrency\": \"$\",\r\n                \"availability\": \"https:\/\/schema.org\/InStock\",\r\n                \"validFrom\": \"2026-09-13T00:00\"\r\n            },\r\n            \"performer\": \"\",\r\n            \"description\": \"&lt;span dir=&quot;auto&quot;&gt;De la mano de un gu\u00eda visitar\u00e1 una casa del siglo XVIII, reconvertida en museo por su \u00faltimo propietario, mos\u00e9n Delger. Podr\u00e1 ver dos plantas de la casa donde se evocan los aspectos m\u00e1s cotidianos de la vida de una familia de clase media a lo largo de m\u00e1s de dos siglos.&lt;\/span&gt;  &lt;p align=&quot;justify&quot;&gt;&lt;span dir=&quot;auto&quot;&gt;&lt;span class=&quot;&quot; dir=&quot;auto&quot;&gt;Visitas: segundo y tercer domingo de mes a las 11h. Las jornadas que coincidan con la feria de Navidad y el Mercat de l&#039;Olla no se realizan visitas.&lt;\/span&gt;&lt;\/span&gt;&lt;\/p&gt;  &lt;strong&gt;&lt;span dir=&quot;auto&quot;&gt;&lt;span class=&quot;&quot; dir=&quot;auto&quot;&gt;PRECIO: 3,70 \u20ac&lt;\/span&gt;&lt;\/span&gt;  &lt;\/strong&gt;&lt;strong&gt;&lt;span dir=&quot;auto&quot;&gt;&lt;span class=&quot;&quot; dir=&quot;auto&quot;&gt;DURACI\u00d3N: 50 min aprox.&lt;\/span&gt;&lt;\/span&gt;&lt;\/strong&gt;  &lt;p align=&quot;justify&quot;&gt;&lt;span dir=&quot;auto&quot;&gt;Las visitas saldr\u00e1n desde Thermalia. Museo de Caldes de Montbui\/Oficina de Turismo. Es necesario adquirir las entradas 10 minutos antes del inicio de la visita.&lt;\/span&gt;&lt;\/p&gt;  &lt;p align=&quot;justify&quot;&gt;Info: &lt;a href=&quot;https:\/\/www.visiteucaldes.cat\/03-museu\/visitans-2\/visites-guiades\/&quot;&gt;https:\/\/www.visiteucaldes.cat\/03-museu\/visitans-2\/visites-guiades\/&lt;\/a&gt;&lt;\/p&gt;\",\r\n            \"image\": \"https:\/\/turismevalles.com\/wp-content\/uploads\/2023\/09\/museu-delger-1.jpg\",\r\n            \"name\": \"Visitas guiadas al Museo Delger de Caldes de Montbui\",\r\n            \"url\": \"https:\/\/turismevalles.com\/es\/events\/visites-guiades-al-museu-delger-de-caldes-de-montbui-2\/\"\r\n        }\r\n        <\/script>\r\n        <article class=\"mec-past-event mec-event-article \"><div class=\"mec-event-image\"><img loading=\"lazy\" decoding=\"async\" width=\"300\" height=\"300\" src=\"https:\/\/turismevalles.com\/wp-content\/uploads\/2023\/09\/museu-delger-1-300x300.jpg\" class=\"attachment-thumblist size-thumblist wp-post-image\" alt=\"\" data-mec-postid=\"43719\" srcset=\"https:\/\/turismevalles.com\/wp-content\/uploads\/2023\/09\/museu-delger-1-300x300.jpg 300w, https:\/\/turismevalles.com\/wp-content\/uploads\/2023\/09\/museu-delger-1-150x150.jpg 150w\" sizes=\"auto, (max-width: 300px) 100vw, 300px\" \/><\/div><div class=\"mec-event-time mec-color\"><span class=\"mec-sl-clock-o\"><\/span> 11:00<\/div><div class=\"mec-event-title\"><a class=\"mec-color-hover\"  data-event-id=\"43719\" href=\"https:\/\/turismevalles.com\/es\/events\/visites-guiades-al-museu-delger-de-caldes-de-montbui-2\/\" target=\"_self\" rel=\"noopener\">Visitas guiadas al Museo Delger de Caldes de Montbui<\/a><span class=\"event-color\" style=\"background: #fdd700\"><\/span><\/div><div class=\"mec-event-detail\"><div class=\"mec-event-loc-place\"><\/div><\/div><\/article><\/div><div class=\"mec-calendar-events-sec\" data-mec-cell=\"20260914\" ><div class=\"mec-table-side-title\">Eventos para <span class=\"mec-color mec-table-side-day\"> 14<\/span> septiembre<\/div>        <script type=\"application\/ld+json\">\r\n        {\r\n            \"@context\": \"http:\/\/schema.org\",\r\n            \"@type\": \"Event\",\r\n            \"eventStatus\": \"https:\/\/schema.org\/EventScheduled\",\r\n            \"startDate\": \"2026-09-14\",\r\n            \"endDate\": \"2026-09-14\",\r\n            \"eventAttendanceMode\": \"https:\/\/schema.org\/OfflineEventAttendanceMode\",\r\n            \"location\":\r\n            {\r\n                \"@type\": \"Place\",\r\n                                \"name\": \"\",\r\n                \"image\": \"\",\r\n                \"address\": \"\"\r\n                            },\r\n            \"organizer\":\r\n            {\r\n                \"@type\": \"Person\",\r\n                \"name\": \"\",\r\n                \"url\": \"\"\r\n            },\r\n            \"offers\":\r\n            {\r\n                \"url\": \"https:\/\/turismevalles.com\/es\/events\/fiesta-mayor-en-la-roca-del-valles-3\/\",\r\n                \"price\": \"\",\r\n                \"priceCurrency\": \"$\",\r\n                \"availability\": \"https:\/\/schema.org\/InStock\",\r\n                \"validFrom\": \"2026-09-14T00:00\"\r\n            },\r\n            \"performer\": \"\",\r\n            \"description\": \"Para m\u00e1s informaci\u00f3n, &lt;a href=&quot;https:\/\/www-laroca-cat.translate.goog\/actualitat\/que-esta-passant\/noticies\/temps-de-festa-major-a-la-roca-del-valles?_x_tr_sch=http&amp;_x_tr_sl=ca&amp;_x_tr_tl=es&amp;_x_tr_hl=esie%3DUTF-8&quot;&gt;clicar aqu\u00ed&lt;\/a&gt;\",\r\n            \"image\": \"https:\/\/turismevalles.com\/wp-content\/uploads\/2025\/09\/laroca_page-0003.jpg\",\r\n            \"name\": \"Fiesta Mayor en La Roca del Vall\u00e8s\",\r\n            \"url\": \"https:\/\/turismevalles.com\/es\/events\/fiesta-mayor-en-la-roca-del-valles-3\/\"\r\n        }\r\n        <\/script>\r\n        <article class=\"mec-event-article \"><div class=\"mec-event-image\"><img loading=\"lazy\" decoding=\"async\" width=\"300\" height=\"300\" src=\"https:\/\/turismevalles.com\/wp-content\/uploads\/2025\/09\/laroca_page-0003-300x300.jpg\" class=\"attachment-thumblist size-thumblist wp-post-image\" alt=\"\" data-mec-postid=\"65375\" srcset=\"https:\/\/turismevalles.com\/wp-content\/uploads\/2025\/09\/laroca_page-0003-300x300.jpg 300w, https:\/\/turismevalles.com\/wp-content\/uploads\/2025\/09\/laroca_page-0003-150x150.jpg 150w\" sizes=\"auto, (max-width: 300px) 100vw, 300px\" \/><\/div><div class=\"mec-event-time mec-color\"><span class=\"mec-sl-clock-o\"><\/span> Todo el d\u00eda<\/div><div class=\"mec-event-title\"><a class=\"mec-color-hover\"  data-event-id=\"65375\" href=\"https:\/\/turismevalles.com\/es\/events\/fiesta-mayor-en-la-roca-del-valles-3\/\" target=\"_self\" rel=\"noopener\">Fiesta Mayor en La Roca del Vall\u00e8s<\/a><span class=\"event-color\" style=\"background: #fdd700\"><\/span><\/div><div class=\"mec-event-detail\"><div class=\"mec-event-loc-place\"><\/div><\/div><\/article>        <script type=\"application\/ld+json\">\r\n        {\r\n            \"@context\": \"http:\/\/schema.org\",\r\n            \"@type\": \"Event\",\r\n            \"eventStatus\": \"https:\/\/schema.org\/EventScheduled\",\r\n            \"startDate\": \"2026-09-14\",\r\n            \"endDate\": \"2026-12-14\",\r\n            \"eventAttendanceMode\": \"https:\/\/schema.org\/OfflineEventAttendanceMode\",\r\n            \"location\":\r\n            {\r\n                \"@type\": \"Place\",\r\n                                \"name\": \"\",\r\n                \"image\": \"\",\r\n                \"address\": \"\"\r\n                            },\r\n            \"organizer\":\r\n            {\r\n                \"@type\": \"Person\",\r\n                \"name\": \"\",\r\n                \"url\": \"\"\r\n            },\r\n            \"offers\":\r\n            {\r\n                \"url\": \"https:\/\/turismevalles.com\/es\/events\/recorrerrido-por-sant-miquel-del-fai-bigues-i-riells-del-fai\/\",\r\n                \"price\": \"\",\r\n                \"priceCurrency\": \"$\",\r\n                \"availability\": \"https:\/\/schema.org\/InStock\",\r\n                \"validFrom\": \"2026-09-14T00:00\"\r\n            },\r\n            \"performer\": \"\",\r\n            \"description\": \"Para m\u00e1s informaci\u00f3n,&lt;a href=&quot;https:\/\/parcs.diba.cat\/es\/web\/agenda\/-\/cingles-de-berti-recorregut-per-sant-miquel-del-fai?utm_source=agenda&amp;utm_medium=correu&amp;utm_content=cingles-de-berti-recorregut-per-sant-miquel-del-fai&amp;utm_campaign=501&quot;&gt; clicar aqu\u00ed&lt;\/a&gt;    &nbsp;\",\r\n            \"image\": \"https:\/\/turismevalles.com\/wp-content\/uploads\/2026\/03\/RecorregutSMF.jpg\",\r\n            \"name\": \"Recorrerrido por Sant Miquel del Fai- Bigues i Riells del Fai_Sant Feliu de Codines\",\r\n            \"url\": \"https:\/\/turismevalles.com\/es\/events\/recorrerrido-por-sant-miquel-del-fai-bigues-i-riells-del-fai\/\"\r\n        }\r\n        <\/script>\r\n        <article class=\"mec-event-article \"><div class=\"mec-event-image\"><img loading=\"lazy\" decoding=\"async\" width=\"300\" height=\"300\" src=\"https:\/\/turismevalles.com\/wp-content\/uploads\/2026\/03\/RecorregutSMF-300x300.jpg\" class=\"attachment-thumblist size-thumblist wp-post-image\" alt=\"\" data-mec-postid=\"68822\" srcset=\"https:\/\/turismevalles.com\/wp-content\/uploads\/2026\/03\/RecorregutSMF-300x300.jpg 300w, https:\/\/turismevalles.com\/wp-content\/uploads\/2026\/03\/RecorregutSMF-150x150.jpg 150w\" sizes=\"auto, (max-width: 300px) 100vw, 300px\" \/><\/div><div class=\"mec-event-time mec-color\"><span class=\"mec-sl-clock-o\"><\/span> Todo el d\u00eda<\/div><div class=\"mec-event-title\"><a class=\"mec-color-hover\"  data-event-id=\"68822\" href=\"https:\/\/turismevalles.com\/es\/events\/recorrerrido-por-sant-miquel-del-fai-bigues-i-riells-del-fai\/\" target=\"_self\" rel=\"noopener\">Recorrerrido por Sant Miquel del Fai- Bigues i Riells del Fai_Sant Feliu de Codines<\/a><span class=\"event-color\" style=\"background: #fdd700\"><\/span><\/div><div class=\"mec-event-detail\"><div class=\"mec-event-loc-place\"><\/div><\/div><\/article><\/div><div class=\"mec-calendar-events-sec\" data-mec-cell=\"20260915\" ><div class=\"mec-table-side-title\">Eventos para <span class=\"mec-color mec-table-side-day\"> 15<\/span> septiembre<\/div>        <script type=\"application\/ld+json\">\r\n        {\r\n            \"@context\": \"http:\/\/schema.org\",\r\n            \"@type\": \"Event\",\r\n            \"eventStatus\": \"https:\/\/schema.org\/EventScheduled\",\r\n            \"startDate\": \"2026-09-15\",\r\n            \"endDate\": \"2026-12-14\",\r\n            \"eventAttendanceMode\": \"https:\/\/schema.org\/OfflineEventAttendanceMode\",\r\n            \"location\":\r\n            {\r\n                \"@type\": \"Place\",\r\n                                \"name\": \"\",\r\n                \"image\": \"\",\r\n                \"address\": \"\"\r\n                            },\r\n            \"organizer\":\r\n            {\r\n                \"@type\": \"Person\",\r\n                \"name\": \"\",\r\n                \"url\": \"\"\r\n            },\r\n            \"offers\":\r\n            {\r\n                \"url\": \"https:\/\/turismevalles.com\/es\/events\/recorrerrido-por-sant-miquel-del-fai-bigues-i-riells-del-fai\/\",\r\n                \"price\": \"\",\r\n                \"priceCurrency\": \"$\",\r\n                \"availability\": \"https:\/\/schema.org\/InStock\",\r\n                \"validFrom\": \"2026-09-15T00:00\"\r\n            },\r\n            \"performer\": \"\",\r\n            \"description\": \"Para m\u00e1s informaci\u00f3n,&lt;a href=&quot;https:\/\/parcs.diba.cat\/es\/web\/agenda\/-\/cingles-de-berti-recorregut-per-sant-miquel-del-fai?utm_source=agenda&amp;utm_medium=correu&amp;utm_content=cingles-de-berti-recorregut-per-sant-miquel-del-fai&amp;utm_campaign=501&quot;&gt; clicar aqu\u00ed&lt;\/a&gt;    &nbsp;\",\r\n            \"image\": \"https:\/\/turismevalles.com\/wp-content\/uploads\/2026\/03\/RecorregutSMF.jpg\",\r\n            \"name\": \"Recorrerrido por Sant Miquel del Fai- Bigues i Riells del Fai_Sant Feliu de Codines\",\r\n            \"url\": \"https:\/\/turismevalles.com\/es\/events\/recorrerrido-por-sant-miquel-del-fai-bigues-i-riells-del-fai\/\"\r\n        }\r\n        <\/script>\r\n        <article class=\"mec-event-article \"><div class=\"mec-event-image\"><img loading=\"lazy\" decoding=\"async\" width=\"300\" height=\"300\" src=\"https:\/\/turismevalles.com\/wp-content\/uploads\/2026\/03\/RecorregutSMF-300x300.jpg\" class=\"attachment-thumblist size-thumblist wp-post-image\" alt=\"\" data-mec-postid=\"68822\" srcset=\"https:\/\/turismevalles.com\/wp-content\/uploads\/2026\/03\/RecorregutSMF-300x300.jpg 300w, https:\/\/turismevalles.com\/wp-content\/uploads\/2026\/03\/RecorregutSMF-150x150.jpg 150w\" sizes=\"auto, (max-width: 300px) 100vw, 300px\" \/><\/div><div class=\"mec-event-time mec-color\"><span class=\"mec-sl-clock-o\"><\/span> Todo el d\u00eda<\/div><div class=\"mec-event-title\"><a class=\"mec-color-hover\"  data-event-id=\"68822\" href=\"https:\/\/turismevalles.com\/es\/events\/recorrerrido-por-sant-miquel-del-fai-bigues-i-riells-del-fai\/\" target=\"_self\" rel=\"noopener\">Recorrerrido por Sant Miquel del Fai- Bigues i Riells del Fai_Sant Feliu de Codines<\/a><span class=\"event-color\" style=\"background: #fdd700\"><\/span><\/div><div class=\"mec-event-detail\"><div class=\"mec-event-loc-place\"><\/div><\/div><\/article><\/div><div class=\"mec-calendar-events-sec\" data-mec-cell=\"20260916\" ><div class=\"mec-table-side-title\">Eventos para <span class=\"mec-color mec-table-side-day\"> 16<\/span> septiembre<\/div>        <script type=\"application\/ld+json\">\r\n        {\r\n            \"@context\": \"http:\/\/schema.org\",\r\n            \"@type\": \"Event\",\r\n            \"eventStatus\": \"https:\/\/schema.org\/EventScheduled\",\r\n            \"startDate\": \"2026-09-16\",\r\n            \"endDate\": \"2026-12-14\",\r\n            \"eventAttendanceMode\": \"https:\/\/schema.org\/OfflineEventAttendanceMode\",\r\n            \"location\":\r\n            {\r\n                \"@type\": \"Place\",\r\n                                \"name\": \"\",\r\n                \"image\": \"\",\r\n                \"address\": \"\"\r\n                            },\r\n            \"organizer\":\r\n            {\r\n                \"@type\": \"Person\",\r\n                \"name\": \"\",\r\n                \"url\": \"\"\r\n            },\r\n            \"offers\":\r\n            {\r\n                \"url\": \"https:\/\/turismevalles.com\/es\/events\/recorrerrido-por-sant-miquel-del-fai-bigues-i-riells-del-fai\/\",\r\n                \"price\": \"\",\r\n                \"priceCurrency\": \"$\",\r\n                \"availability\": \"https:\/\/schema.org\/InStock\",\r\n                \"validFrom\": \"2026-09-16T00:00\"\r\n            },\r\n            \"performer\": \"\",\r\n            \"description\": \"Para m\u00e1s informaci\u00f3n,&lt;a href=&quot;https:\/\/parcs.diba.cat\/es\/web\/agenda\/-\/cingles-de-berti-recorregut-per-sant-miquel-del-fai?utm_source=agenda&amp;utm_medium=correu&amp;utm_content=cingles-de-berti-recorregut-per-sant-miquel-del-fai&amp;utm_campaign=501&quot;&gt; clicar aqu\u00ed&lt;\/a&gt;    &nbsp;\",\r\n            \"image\": \"https:\/\/turismevalles.com\/wp-content\/uploads\/2026\/03\/RecorregutSMF.jpg\",\r\n            \"name\": \"Recorrerrido por Sant Miquel del Fai- Bigues i Riells del Fai_Sant Feliu de Codines\",\r\n            \"url\": \"https:\/\/turismevalles.com\/es\/events\/recorrerrido-por-sant-miquel-del-fai-bigues-i-riells-del-fai\/\"\r\n        }\r\n        <\/script>\r\n        <article class=\"mec-event-article \"><div class=\"mec-event-image\"><img loading=\"lazy\" decoding=\"async\" width=\"300\" height=\"300\" src=\"https:\/\/turismevalles.com\/wp-content\/uploads\/2026\/03\/RecorregutSMF-300x300.jpg\" class=\"attachment-thumblist size-thumblist wp-post-image\" alt=\"\" data-mec-postid=\"68822\" srcset=\"https:\/\/turismevalles.com\/wp-content\/uploads\/2026\/03\/RecorregutSMF-300x300.jpg 300w, https:\/\/turismevalles.com\/wp-content\/uploads\/2026\/03\/RecorregutSMF-150x150.jpg 150w\" sizes=\"auto, (max-width: 300px) 100vw, 300px\" \/><\/div><div class=\"mec-event-time mec-color\"><span class=\"mec-sl-clock-o\"><\/span> Todo el d\u00eda<\/div><div class=\"mec-event-title\"><a class=\"mec-color-hover\"  data-event-id=\"68822\" href=\"https:\/\/turismevalles.com\/es\/events\/recorrerrido-por-sant-miquel-del-fai-bigues-i-riells-del-fai\/\" target=\"_self\" rel=\"noopener\">Recorrerrido por Sant Miquel del Fai- Bigues i Riells del Fai_Sant Feliu de Codines<\/a><span class=\"event-color\" style=\"background: #fdd700\"><\/span><\/div><div class=\"mec-event-detail\"><div class=\"mec-event-loc-place\"><\/div><\/div><\/article>        <script type=\"application\/ld+json\">\r\n        {\r\n            \"@context\": \"http:\/\/schema.org\",\r\n            \"@type\": \"Event\",\r\n            \"eventStatus\": \"https:\/\/schema.org\/EventScheduled\",\r\n            \"startDate\": \"2026-09-16\",\r\n            \"endDate\": \"2026-09-22\",\r\n            \"eventAttendanceMode\": \"https:\/\/schema.org\/OfflineEventAttendanceMode\",\r\n            \"location\":\r\n            {\r\n                \"@type\": \"Place\",\r\n                                \"name\": \"\",\r\n                \"image\": \"\",\r\n                \"address\": \"\"\r\n                            },\r\n            \"organizer\":\r\n            {\r\n                \"@type\": \"Person\",\r\n                \"name\": \"\",\r\n                \"url\": \"\"\r\n            },\r\n            \"offers\":\r\n            {\r\n                \"url\": \"https:\/\/turismevalles.com\/es\/events\/semana-europea-en-el-valles-oriental\/\",\r\n                \"price\": \"\",\r\n                \"priceCurrency\": \"$\",\r\n                \"availability\": \"https:\/\/schema.org\/InStock\",\r\n                \"validFrom\": \"2026-09-16T00:00\"\r\n            },\r\n            \"performer\": \"\",\r\n            \"description\": \"Para m\u00e1s informaci\u00f3n, &lt;a href=&quot;https:\/\/territori.gencat.cat\/ca\/03_infraestructures_i_mobilitat\/sem\/index.html#googtrans(ca|es)&quot;&gt;clicar aqu\u00ed&lt;\/a&gt;\",\r\n            \"image\": \"https:\/\/turismevalles.com\/wp-content\/uploads\/2025\/08\/Setmana_mobilitat_eambient_1000x563.jpg\",\r\n            \"name\": \"Semana Europea en el Vall\u00e8s Oriental\",\r\n            \"url\": \"https:\/\/turismevalles.com\/es\/events\/semana-europea-en-el-valles-oriental\/\"\r\n        }\r\n        <\/script>\r\n        <article class=\"mec-event-article \"><div class=\"mec-event-image\"><img loading=\"lazy\" decoding=\"async\" width=\"300\" height=\"300\" src=\"https:\/\/turismevalles.com\/wp-content\/uploads\/2025\/08\/Setmana_mobilitat_eambient_1000x563-300x300.jpg\" class=\"attachment-thumblist size-thumblist wp-post-image\" alt=\"\" data-mec-postid=\"65227\" srcset=\"https:\/\/turismevalles.com\/wp-content\/uploads\/2025\/08\/Setmana_mobilitat_eambient_1000x563-300x300.jpg 300w, https:\/\/turismevalles.com\/wp-content\/uploads\/2025\/08\/Setmana_mobilitat_eambient_1000x563-150x150.jpg 150w\" sizes=\"auto, (max-width: 300px) 100vw, 300px\" \/><\/div><div class=\"mec-event-time mec-color\"><span class=\"mec-sl-clock-o\"><\/span> Todo el d\u00eda<\/div><div class=\"mec-event-title\"><a class=\"mec-color-hover\"  data-event-id=\"65227\" href=\"https:\/\/turismevalles.com\/es\/events\/semana-europea-en-el-valles-oriental\/\" target=\"_self\" rel=\"noopener\">Semana Europea en el Vall\u00e8s Oriental<\/a><span class=\"event-color\" style=\"background: #fdd700\"><\/span><\/div><div class=\"mec-event-detail\"><div class=\"mec-event-loc-place\"><\/div><\/div><\/article><\/div><div class=\"mec-calendar-events-sec\" data-mec-cell=\"20260917\" ><div class=\"mec-table-side-title\">Eventos para <span class=\"mec-color mec-table-side-day\"> 17<\/span> septiembre<\/div>        <script type=\"application\/ld+json\">\r\n        {\r\n            \"@context\": \"http:\/\/schema.org\",\r\n            \"@type\": \"Event\",\r\n            \"eventStatus\": \"https:\/\/schema.org\/EventScheduled\",\r\n            \"startDate\": \"2026-09-17\",\r\n            \"endDate\": \"2026-09-22\",\r\n            \"eventAttendanceMode\": \"https:\/\/schema.org\/OfflineEventAttendanceMode\",\r\n            \"location\":\r\n            {\r\n                \"@type\": \"Place\",\r\n                                \"name\": \"\",\r\n                \"image\": \"\",\r\n                \"address\": \"\"\r\n                            },\r\n            \"organizer\":\r\n            {\r\n                \"@type\": \"Person\",\r\n                \"name\": \"\",\r\n                \"url\": \"\"\r\n            },\r\n            \"offers\":\r\n            {\r\n                \"url\": \"https:\/\/turismevalles.com\/es\/events\/semana-europea-en-el-valles-oriental\/\",\r\n                \"price\": \"\",\r\n                \"priceCurrency\": \"$\",\r\n                \"availability\": \"https:\/\/schema.org\/InStock\",\r\n                \"validFrom\": \"2026-09-17T00:00\"\r\n            },\r\n            \"performer\": \"\",\r\n            \"description\": \"Para m\u00e1s informaci\u00f3n, &lt;a href=&quot;https:\/\/territori.gencat.cat\/ca\/03_infraestructures_i_mobilitat\/sem\/index.html#googtrans(ca|es)&quot;&gt;clicar aqu\u00ed&lt;\/a&gt;\",\r\n            \"image\": \"https:\/\/turismevalles.com\/wp-content\/uploads\/2025\/08\/Setmana_mobilitat_eambient_1000x563.jpg\",\r\n            \"name\": \"Semana Europea en el Vall\u00e8s Oriental\",\r\n            \"url\": \"https:\/\/turismevalles.com\/es\/events\/semana-europea-en-el-valles-oriental\/\"\r\n        }\r\n        <\/script>\r\n        <article class=\"mec-event-article \"><div class=\"mec-event-image\"><img loading=\"lazy\" decoding=\"async\" width=\"300\" height=\"300\" src=\"https:\/\/turismevalles.com\/wp-content\/uploads\/2025\/08\/Setmana_mobilitat_eambient_1000x563-300x300.jpg\" class=\"attachment-thumblist size-thumblist wp-post-image\" alt=\"\" data-mec-postid=\"65227\" srcset=\"https:\/\/turismevalles.com\/wp-content\/uploads\/2025\/08\/Setmana_mobilitat_eambient_1000x563-300x300.jpg 300w, https:\/\/turismevalles.com\/wp-content\/uploads\/2025\/08\/Setmana_mobilitat_eambient_1000x563-150x150.jpg 150w\" sizes=\"auto, (max-width: 300px) 100vw, 300px\" \/><\/div><div class=\"mec-event-time mec-color\"><span class=\"mec-sl-clock-o\"><\/span> Todo el d\u00eda<\/div><div class=\"mec-event-title\"><a class=\"mec-color-hover\"  data-event-id=\"65227\" href=\"https:\/\/turismevalles.com\/es\/events\/semana-europea-en-el-valles-oriental\/\" target=\"_self\" rel=\"noopener\">Semana Europea en el Vall\u00e8s Oriental<\/a><span class=\"event-color\" style=\"background: #fdd700\"><\/span><\/div><div class=\"mec-event-detail\"><div class=\"mec-event-loc-place\"><\/div><\/div><\/article>        <script type=\"application\/ld+json\">\r\n        {\r\n            \"@context\": \"http:\/\/schema.org\",\r\n            \"@type\": \"Event\",\r\n            \"eventStatus\": \"https:\/\/schema.org\/EventScheduled\",\r\n            \"startDate\": \"2026-09-17\",\r\n            \"endDate\": \"2026-12-14\",\r\n            \"eventAttendanceMode\": \"https:\/\/schema.org\/OfflineEventAttendanceMode\",\r\n            \"location\":\r\n            {\r\n                \"@type\": \"Place\",\r\n                                \"name\": \"\",\r\n                \"image\": \"\",\r\n                \"address\": \"\"\r\n                            },\r\n            \"organizer\":\r\n            {\r\n                \"@type\": \"Person\",\r\n                \"name\": \"\",\r\n                \"url\": \"\"\r\n            },\r\n            \"offers\":\r\n            {\r\n                \"url\": \"https:\/\/turismevalles.com\/es\/events\/recorrerrido-por-sant-miquel-del-fai-bigues-i-riells-del-fai\/\",\r\n                \"price\": \"\",\r\n                \"priceCurrency\": \"$\",\r\n                \"availability\": \"https:\/\/schema.org\/InStock\",\r\n                \"validFrom\": \"2026-09-17T00:00\"\r\n            },\r\n            \"performer\": \"\",\r\n            \"description\": \"Para m\u00e1s informaci\u00f3n,&lt;a href=&quot;https:\/\/parcs.diba.cat\/es\/web\/agenda\/-\/cingles-de-berti-recorregut-per-sant-miquel-del-fai?utm_source=agenda&amp;utm_medium=correu&amp;utm_content=cingles-de-berti-recorregut-per-sant-miquel-del-fai&amp;utm_campaign=501&quot;&gt; clicar aqu\u00ed&lt;\/a&gt;    &nbsp;\",\r\n            \"image\": \"https:\/\/turismevalles.com\/wp-content\/uploads\/2026\/03\/RecorregutSMF.jpg\",\r\n            \"name\": \"Recorrerrido por Sant Miquel del Fai- Bigues i Riells del Fai_Sant Feliu de Codines\",\r\n            \"url\": \"https:\/\/turismevalles.com\/es\/events\/recorrerrido-por-sant-miquel-del-fai-bigues-i-riells-del-fai\/\"\r\n        }\r\n        <\/script>\r\n        <article class=\"mec-event-article \"><div class=\"mec-event-image\"><img loading=\"lazy\" decoding=\"async\" width=\"300\" height=\"300\" src=\"https:\/\/turismevalles.com\/wp-content\/uploads\/2026\/03\/RecorregutSMF-300x300.jpg\" class=\"attachment-thumblist size-thumblist wp-post-image\" alt=\"\" data-mec-postid=\"68822\" srcset=\"https:\/\/turismevalles.com\/wp-content\/uploads\/2026\/03\/RecorregutSMF-300x300.jpg 300w, https:\/\/turismevalles.com\/wp-content\/uploads\/2026\/03\/RecorregutSMF-150x150.jpg 150w\" sizes=\"auto, (max-width: 300px) 100vw, 300px\" \/><\/div><div class=\"mec-event-time mec-color\"><span class=\"mec-sl-clock-o\"><\/span> Todo el d\u00eda<\/div><div class=\"mec-event-title\"><a class=\"mec-color-hover\"  data-event-id=\"68822\" href=\"https:\/\/turismevalles.com\/es\/events\/recorrerrido-por-sant-miquel-del-fai-bigues-i-riells-del-fai\/\" target=\"_self\" rel=\"noopener\">Recorrerrido por Sant Miquel del Fai- Bigues i Riells del Fai_Sant Feliu de Codines<\/a><span class=\"event-color\" style=\"background: #fdd700\"><\/span><\/div><div class=\"mec-event-detail\"><div class=\"mec-event-loc-place\"><\/div><\/div><\/article>        <script type=\"application\/ld+json\">\r\n        {\r\n            \"@context\": \"http:\/\/schema.org\",\r\n            \"@type\": \"Event\",\r\n            \"eventStatus\": \"https:\/\/schema.org\/EventScheduled\",\r\n            \"startDate\": \"2026-09-17\",\r\n            \"endDate\": \"2026-09-20\",\r\n            \"eventAttendanceMode\": \"https:\/\/schema.org\/OfflineEventAttendanceMode\",\r\n            \"location\":\r\n            {\r\n                \"@type\": \"Place\",\r\n                                \"name\": \"\",\r\n                \"image\": \"\",\r\n                \"address\": \"\"\r\n                            },\r\n            \"organizer\":\r\n            {\r\n                \"@type\": \"Person\",\r\n                \"name\": \"\",\r\n                \"url\": \"\"\r\n            },\r\n            \"offers\":\r\n            {\r\n                \"url\": \"https:\/\/turismevalles.com\/es\/events\/festa-major-de-corro-davall-a-les-franqueses-del-valles\/\",\r\n                \"price\": \"\",\r\n                \"priceCurrency\": \"$\",\r\n                \"availability\": \"https:\/\/schema.org\/InStock\",\r\n                \"validFrom\": \"2026-09-17T00:00\"\r\n            },\r\n            \"performer\": \"\",\r\n            \"description\": \"Para m\u00e1s informaci\u00f3n, &lt;a href=&quot;https:\/\/www-lesfranqueses-cat.translate.goog\/actualitat\/agenda\/agenda-dactivitats\/19947-festa-major-de-corro-davall.html?_x_tr_sl=ca&amp;_x_tr_tl=es&amp;_x_tr_hl=esie%3DUTF-8&quot;&gt;clicar aqu\u00ed&lt;\/a&gt;\",\r\n            \"image\": \"https:\/\/turismevalles.com\/wp-content\/uploads\/2023\/08\/Banner-900x330-fm2026-Franqueses.jpg\",\r\n            \"name\": \"Fiesta Mayor de Corr\u00f3 d&#8217;Avall en Les Franqueses del Vall\u00e8s\",\r\n            \"url\": \"https:\/\/turismevalles.com\/es\/events\/festa-major-de-corro-davall-a-les-franqueses-del-valles\/\"\r\n        }\r\n        <\/script>\r\n        <article class=\"mec-event-article \"><div class=\"mec-event-image\"><img loading=\"lazy\" decoding=\"async\" width=\"300\" height=\"300\" src=\"https:\/\/turismevalles.com\/wp-content\/uploads\/2023\/08\/Banner-900x330-fm2026-Franqueses-300x300.jpg\" class=\"attachment-thumblist size-thumblist wp-post-image\" alt=\"\" data-mec-postid=\"43450\" srcset=\"https:\/\/turismevalles.com\/wp-content\/uploads\/2023\/08\/Banner-900x330-fm2026-Franqueses-300x300.jpg 300w, https:\/\/turismevalles.com\/wp-content\/uploads\/2023\/08\/Banner-900x330-fm2026-Franqueses-150x150.jpg 150w\" sizes=\"auto, (max-width: 300px) 100vw, 300px\" \/><\/div><div class=\"mec-event-time mec-color\"><span class=\"mec-sl-clock-o\"><\/span> Todo el d\u00eda<\/div><div class=\"mec-event-title\"><a class=\"mec-color-hover\"  data-event-id=\"43450\" href=\"https:\/\/turismevalles.com\/es\/events\/festa-major-de-corro-davall-a-les-franqueses-del-valles\/\" target=\"_self\" rel=\"noopener\">Fiesta Mayor de Corr\u00f3 d&#8217;Avall en Les Franqueses del Vall\u00e8s<\/a><span class=\"event-color\" style=\"background: #fdd700\"><\/span><\/div><div class=\"mec-event-detail\"><div class=\"mec-event-loc-place\"><\/div><\/div><\/article>        <script type=\"application\/ld+json\">\r\n        {\r\n            \"@context\": \"http:\/\/schema.org\",\r\n            \"@type\": \"Event\",\r\n            \"eventStatus\": \"https:\/\/schema.org\/EventScheduled\",\r\n            \"startDate\": \"2026-09-17\",\r\n            \"endDate\": \"2026-09-21\",\r\n            \"eventAttendanceMode\": \"https:\/\/schema.org\/OfflineEventAttendanceMode\",\r\n            \"location\":\r\n            {\r\n                \"@type\": \"Place\",\r\n                                \"name\": \"\",\r\n                \"image\": \"\",\r\n                \"address\": \"\"\r\n                            },\r\n            \"organizer\":\r\n            {\r\n                \"@type\": \"Person\",\r\n                \"name\": \"\",\r\n                \"url\": \"\"\r\n            },\r\n            \"offers\":\r\n            {\r\n                \"url\": \"https:\/\/turismevalles.com\/es\/events\/fiesta-mayor-en-montornes-del-valles\/\",\r\n                \"price\": \"\",\r\n                \"priceCurrency\": \"$\",\r\n                \"availability\": \"https:\/\/schema.org\/InStock\",\r\n                \"validFrom\": \"2026-09-17T00:00\"\r\n            },\r\n            \"performer\": \"\",\r\n            \"description\": \"Para m\u00e1s informaci\u00f3n, &lt;a href=&quot;https:\/\/www.montornes.cat\/&quot;&gt;clicar aqu\u00ed&lt;\/a&gt;\",\r\n            \"image\": \"https:\/\/turismevalles.com\/wp-content\/uploads\/2025\/09\/Montornes.jpg\",\r\n            \"name\": \"Fiesta Mayor en Montorn\u00e8s del Vall\u00e8s\",\r\n            \"url\": \"https:\/\/turismevalles.com\/es\/events\/fiesta-mayor-en-montornes-del-valles\/\"\r\n        }\r\n        <\/script>\r\n        <article class=\"mec-event-article \"><div class=\"mec-event-image\"><img loading=\"lazy\" decoding=\"async\" width=\"300\" height=\"300\" src=\"https:\/\/turismevalles.com\/wp-content\/uploads\/2025\/09\/Montornes-300x300.jpg\" class=\"attachment-thumblist size-thumblist wp-post-image\" alt=\"\" data-mec-postid=\"65393\" srcset=\"https:\/\/turismevalles.com\/wp-content\/uploads\/2025\/09\/Montornes-300x300.jpg 300w, https:\/\/turismevalles.com\/wp-content\/uploads\/2025\/09\/Montornes-150x150.jpg 150w\" sizes=\"auto, (max-width: 300px) 100vw, 300px\" \/><\/div><div class=\"mec-event-time mec-color\"><span class=\"mec-sl-clock-o\"><\/span> Todo el d\u00eda<\/div><div class=\"mec-event-title\"><a class=\"mec-color-hover\"  data-event-id=\"65393\" href=\"https:\/\/turismevalles.com\/es\/events\/fiesta-mayor-en-montornes-del-valles\/\" target=\"_self\" rel=\"noopener\">Fiesta Mayor en Montorn\u00e8s del Vall\u00e8s<\/a><span class=\"event-color\" style=\"background: #fdd700\"><\/span><\/div><div class=\"mec-event-detail\"><div class=\"mec-event-loc-place\"><\/div><\/div><\/article>        <script type=\"application\/ld+json\">\r\n        {\r\n            \"@context\": \"http:\/\/schema.org\",\r\n            \"@type\": \"Event\",\r\n            \"eventStatus\": \"https:\/\/schema.org\/EventScheduled\",\r\n            \"startDate\": \"2026-09-17\",\r\n            \"endDate\": \"2026-09-17\",\r\n            \"eventAttendanceMode\": \"https:\/\/schema.org\/OfflineEventAttendanceMode\",\r\n            \"location\":\r\n            {\r\n                \"@type\": \"Place\",\r\n                                \"name\": \"\",\r\n                \"image\": \"\",\r\n                \"address\": \"\"\r\n                            },\r\n            \"organizer\":\r\n            {\r\n                \"@type\": \"Person\",\r\n                \"name\": \"\",\r\n                \"url\": \"\"\r\n            },\r\n            \"offers\":\r\n            {\r\n                \"url\": \"https:\/\/turismevalles.com\/es\/events\/3a-edicion-de-juliols-al-xifreda-musica-en-vivo-en-sant-feliu-de-codines\/\",\r\n                \"price\": \"\",\r\n                \"priceCurrency\": \"$\",\r\n                \"availability\": \"https:\/\/schema.org\/InStock\",\r\n                \"validFrom\": \"2026-09-17T00:00\"\r\n            },\r\n            \"performer\": \"\",\r\n            \"description\": \"&lt;a href=&quot;https:\/\/www.santfeliudecodines.cat\/actualitat\/noticies\/en-marxa-la-3a-edicio-de-juliols-al-xifreda-un-cicle-de-concerts-de-musica-en-viu-.html&quot;&gt;Para m\u00e1s informaci\u00f3n, &lt;\/a&gt;\",\r\n            \"image\": \"https:\/\/turismevalles.com\/wp-content\/uploads\/2026\/06\/CARTELL_JULIOLS_A_CAN_XIFREDA_2026_SFC.jpg\",\r\n            \"name\": \"3a edici\u00f3n de Juliols al Xifreda, m\u00fasica en vivo en Sant Feliu de Codines\",\r\n            \"url\": \"https:\/\/turismevalles.com\/es\/events\/3a-edicion-de-juliols-al-xifreda-musica-en-vivo-en-sant-feliu-de-codines\/\"\r\n        }\r\n        <\/script>\r\n        <article class=\"mec-past-event mec-event-article \"><div class=\"mec-event-image\"><img loading=\"lazy\" decoding=\"async\" width=\"300\" height=\"300\" src=\"https:\/\/turismevalles.com\/wp-content\/uploads\/2026\/06\/CARTELL_JULIOLS_A_CAN_XIFREDA_2026_SFC-300x300.jpg\" class=\"attachment-thumblist size-thumblist wp-post-image\" alt=\"\" data-mec-postid=\"71796\" srcset=\"https:\/\/turismevalles.com\/wp-content\/uploads\/2026\/06\/CARTELL_JULIOLS_A_CAN_XIFREDA_2026_SFC-300x300.jpg 300w, https:\/\/turismevalles.com\/wp-content\/uploads\/2026\/06\/CARTELL_JULIOLS_A_CAN_XIFREDA_2026_SFC-150x150.jpg 150w\" sizes=\"auto, (max-width: 300px) 100vw, 300px\" \/><\/div><div class=\"mec-event-time mec-color\"><span class=\"mec-sl-clock-o\"><\/span> Todo el d\u00eda<\/div><div class=\"mec-event-title\"><a class=\"mec-color-hover\"  data-event-id=\"71796\" href=\"https:\/\/turismevalles.com\/es\/events\/3a-edicion-de-juliols-al-xifreda-musica-en-vivo-en-sant-feliu-de-codines\/\" target=\"_self\" rel=\"noopener\">3a edici\u00f3n de Juliols al Xifreda, m\u00fasica en vivo en Sant Feliu de Codines<\/a><span class=\"event-color\" style=\"background: #fdd700\"><\/span><\/div><div class=\"mec-event-detail\"><div class=\"mec-event-loc-place\"><\/div><\/div><\/article>        <script type=\"application\/ld+json\">\r\n        {\r\n            \"@context\": \"http:\/\/schema.org\",\r\n            \"@type\": \"Event\",\r\n            \"eventStatus\": \"https:\/\/schema.org\/EventScheduled\",\r\n            \"startDate\": \"2026-09-17\",\r\n            \"endDate\": \"2026-09-17\",\r\n            \"eventAttendanceMode\": \"https:\/\/schema.org\/OfflineEventAttendanceMode\",\r\n            \"location\":\r\n            {\r\n                \"@type\": \"Place\",\r\n                                \"name\": \"\",\r\n                \"image\": \"\",\r\n                \"address\": \"\"\r\n                            },\r\n            \"organizer\":\r\n            {\r\n                \"@type\": \"Person\",\r\n                \"name\": \"\",\r\n                \"url\": \"\"\r\n            },\r\n            \"offers\":\r\n            {\r\n                \"url\": \"https:\/\/turismevalles.com\/es\/events\/enocata-saborea-la-tierra-de-la-pasa-blanca-en-vallromanes-2\/\",\r\n                \"price\": \"\",\r\n                \"priceCurrency\": \"$\",\r\n                \"availability\": \"https:\/\/schema.org\/InStock\",\r\n                \"validFrom\": \"2026-09-17T00:00\"\r\n            },\r\n            \"performer\": \"\",\r\n            \"description\": \"Para m\u00e1s informaci\u00f3n, clicar &lt;a href=&quot;http:\/\/www.terrapansablanca.cat&quot;&gt;aqu\u00ed&lt;\/a&gt;\",\r\n            \"image\": \"https:\/\/turismevalles.com\/wp-content\/uploads\/2026\/07\/Mercats-DO-ALELLA-Banner-1536x341-1.jpg\",\r\n            \"name\": \"EnoCata: saborea la tierra de la pasa blanca en Vallromanes\",\r\n            \"url\": \"https:\/\/turismevalles.com\/es\/events\/enocata-saborea-la-tierra-de-la-pasa-blanca-en-vallromanes-2\/\"\r\n        }\r\n        <\/script>\r\n        <article class=\"mec-event-article \"><div class=\"mec-event-image\"><img loading=\"lazy\" decoding=\"async\" width=\"300\" height=\"300\" src=\"https:\/\/turismevalles.com\/wp-content\/uploads\/2026\/07\/Mercats-DO-ALELLA-Banner-1536x341-1-300x300.jpg\" class=\"attachment-thumblist size-thumblist wp-post-image\" alt=\"\" data-mec-postid=\"72500\" srcset=\"https:\/\/turismevalles.com\/wp-content\/uploads\/2026\/07\/Mercats-DO-ALELLA-Banner-1536x341-1-300x300.jpg 300w, https:\/\/turismevalles.com\/wp-content\/uploads\/2026\/07\/Mercats-DO-ALELLA-Banner-1536x341-1-150x150.jpg 150w\" sizes=\"auto, (max-width: 300px) 100vw, 300px\" \/><\/div><div class=\"mec-event-time mec-color\"><span class=\"mec-sl-clock-o\"><\/span> Todo el d\u00eda<\/div><div class=\"mec-event-title\"><a class=\"mec-color-hover\"  data-event-id=\"72500\" href=\"https:\/\/turismevalles.com\/es\/events\/enocata-saborea-la-tierra-de-la-pasa-blanca-en-vallromanes-2\/\" target=\"_self\" rel=\"noopener\">EnoCata: saborea la tierra de la pasa blanca en Vallromanes<\/a><span class=\"event-color\" style=\"background: #fdd700\"><\/span><\/div><div class=\"mec-event-detail\"><div class=\"mec-event-loc-place\"><\/div><\/div><\/article><\/div><div class=\"mec-calendar-events-sec\" data-mec-cell=\"20260918\" ><div class=\"mec-table-side-title\">Eventos para <span class=\"mec-color mec-table-side-day\"> 18<\/span> septiembre<\/div>        <script type=\"application\/ld+json\">\r\n        {\r\n            \"@context\": \"http:\/\/schema.org\",\r\n            \"@type\": \"Event\",\r\n            \"eventStatus\": \"https:\/\/schema.org\/EventScheduled\",\r\n            \"startDate\": \"2026-09-18\",\r\n            \"endDate\": \"2026-09-20\",\r\n            \"eventAttendanceMode\": \"https:\/\/schema.org\/OfflineEventAttendanceMode\",\r\n            \"location\":\r\n            {\r\n                \"@type\": \"Place\",\r\n                                \"name\": \"\",\r\n                \"image\": \"\",\r\n                \"address\": \"\"\r\n                            },\r\n            \"organizer\":\r\n            {\r\n                \"@type\": \"Person\",\r\n                \"name\": \"\",\r\n                \"url\": \"\"\r\n            },\r\n            \"offers\":\r\n            {\r\n                \"url\": \"https:\/\/turismevalles.com\/es\/events\/festa-major-de-corro-davall-a-les-franqueses-del-valles\/\",\r\n                \"price\": \"\",\r\n                \"priceCurrency\": \"$\",\r\n                \"availability\": \"https:\/\/schema.org\/InStock\",\r\n                \"validFrom\": \"2026-09-18T00:00\"\r\n            },\r\n            \"performer\": \"\",\r\n            \"description\": \"Para m\u00e1s informaci\u00f3n, &lt;a href=&quot;https:\/\/www-lesfranqueses-cat.translate.goog\/actualitat\/agenda\/agenda-dactivitats\/19947-festa-major-de-corro-davall.html?_x_tr_sl=ca&amp;_x_tr_tl=es&amp;_x_tr_hl=esie%3DUTF-8&quot;&gt;clicar aqu\u00ed&lt;\/a&gt;\",\r\n            \"image\": \"https:\/\/turismevalles.com\/wp-content\/uploads\/2023\/08\/Banner-900x330-fm2026-Franqueses.jpg\",\r\n            \"name\": \"Fiesta Mayor de Corr\u00f3 d&#8217;Avall en Les Franqueses del Vall\u00e8s\",\r\n            \"url\": \"https:\/\/turismevalles.com\/es\/events\/festa-major-de-corro-davall-a-les-franqueses-del-valles\/\"\r\n        }\r\n        <\/script>\r\n        <article class=\"mec-event-article \"><div class=\"mec-event-image\"><img loading=\"lazy\" decoding=\"async\" width=\"300\" height=\"300\" src=\"https:\/\/turismevalles.com\/wp-content\/uploads\/2023\/08\/Banner-900x330-fm2026-Franqueses-300x300.jpg\" class=\"attachment-thumblist size-thumblist wp-post-image\" alt=\"\" data-mec-postid=\"43450\" srcset=\"https:\/\/turismevalles.com\/wp-content\/uploads\/2023\/08\/Banner-900x330-fm2026-Franqueses-300x300.jpg 300w, https:\/\/turismevalles.com\/wp-content\/uploads\/2023\/08\/Banner-900x330-fm2026-Franqueses-150x150.jpg 150w\" sizes=\"auto, (max-width: 300px) 100vw, 300px\" \/><\/div><div class=\"mec-event-time mec-color\"><span class=\"mec-sl-clock-o\"><\/span> Todo el d\u00eda<\/div><div class=\"mec-event-title\"><a class=\"mec-color-hover\"  data-event-id=\"43450\" href=\"https:\/\/turismevalles.com\/es\/events\/festa-major-de-corro-davall-a-les-franqueses-del-valles\/\" target=\"_self\" rel=\"noopener\">Fiesta Mayor de Corr\u00f3 d&#8217;Avall en Les Franqueses del Vall\u00e8s<\/a><span class=\"event-color\" style=\"background: #fdd700\"><\/span><\/div><div class=\"mec-event-detail\"><div class=\"mec-event-loc-place\"><\/div><\/div><\/article>        <script type=\"application\/ld+json\">\r\n        {\r\n            \"@context\": \"http:\/\/schema.org\",\r\n            \"@type\": \"Event\",\r\n            \"eventStatus\": \"https:\/\/schema.org\/EventScheduled\",\r\n            \"startDate\": \"2026-09-18\",\r\n            \"endDate\": \"2026-09-22\",\r\n            \"eventAttendanceMode\": \"https:\/\/schema.org\/OfflineEventAttendanceMode\",\r\n            \"location\":\r\n            {\r\n                \"@type\": \"Place\",\r\n                                \"name\": \"\",\r\n                \"image\": \"\",\r\n                \"address\": \"\"\r\n                            },\r\n            \"organizer\":\r\n            {\r\n                \"@type\": \"Person\",\r\n                \"name\": \"\",\r\n                \"url\": \"\"\r\n            },\r\n            \"offers\":\r\n            {\r\n                \"url\": \"https:\/\/turismevalles.com\/es\/events\/semana-europea-en-el-valles-oriental\/\",\r\n                \"price\": \"\",\r\n                \"priceCurrency\": \"$\",\r\n                \"availability\": \"https:\/\/schema.org\/InStock\",\r\n                \"validFrom\": \"2026-09-18T00:00\"\r\n            },\r\n            \"performer\": \"\",\r\n            \"description\": \"Para m\u00e1s informaci\u00f3n, &lt;a href=&quot;https:\/\/territori.gencat.cat\/ca\/03_infraestructures_i_mobilitat\/sem\/index.html#googtrans(ca|es)&quot;&gt;clicar aqu\u00ed&lt;\/a&gt;\",\r\n            \"image\": \"https:\/\/turismevalles.com\/wp-content\/uploads\/2025\/08\/Setmana_mobilitat_eambient_1000x563.jpg\",\r\n            \"name\": \"Semana Europea en el Vall\u00e8s Oriental\",\r\n            \"url\": \"https:\/\/turismevalles.com\/es\/events\/semana-europea-en-el-valles-oriental\/\"\r\n        }\r\n        <\/script>\r\n        <article class=\"mec-event-article \"><div class=\"mec-event-image\"><img loading=\"lazy\" decoding=\"async\" width=\"300\" height=\"300\" src=\"https:\/\/turismevalles.com\/wp-content\/uploads\/2025\/08\/Setmana_mobilitat_eambient_1000x563-300x300.jpg\" class=\"attachment-thumblist size-thumblist wp-post-image\" alt=\"\" data-mec-postid=\"65227\" srcset=\"https:\/\/turismevalles.com\/wp-content\/uploads\/2025\/08\/Setmana_mobilitat_eambient_1000x563-300x300.jpg 300w, https:\/\/turismevalles.com\/wp-content\/uploads\/2025\/08\/Setmana_mobilitat_eambient_1000x563-150x150.jpg 150w\" sizes=\"auto, (max-width: 300px) 100vw, 300px\" \/><\/div><div class=\"mec-event-time mec-color\"><span class=\"mec-sl-clock-o\"><\/span> Todo el d\u00eda<\/div><div class=\"mec-event-title\"><a class=\"mec-color-hover\"  data-event-id=\"65227\" href=\"https:\/\/turismevalles.com\/es\/events\/semana-europea-en-el-valles-oriental\/\" target=\"_self\" rel=\"noopener\">Semana Europea en el Vall\u00e8s Oriental<\/a><span class=\"event-color\" style=\"background: #fdd700\"><\/span><\/div><div class=\"mec-event-detail\"><div class=\"mec-event-loc-place\"><\/div><\/div><\/article>        <script type=\"application\/ld+json\">\r\n        {\r\n            \"@context\": \"http:\/\/schema.org\",\r\n            \"@type\": \"Event\",\r\n            \"eventStatus\": \"https:\/\/schema.org\/EventScheduled\",\r\n            \"startDate\": \"2026-09-18\",\r\n            \"endDate\": \"2026-09-21\",\r\n            \"eventAttendanceMode\": \"https:\/\/schema.org\/OfflineEventAttendanceMode\",\r\n            \"location\":\r\n            {\r\n                \"@type\": \"Place\",\r\n                                \"name\": \"\",\r\n                \"image\": \"\",\r\n                \"address\": \"\"\r\n                            },\r\n            \"organizer\":\r\n            {\r\n                \"@type\": \"Person\",\r\n                \"name\": \"\",\r\n                \"url\": \"\"\r\n            },\r\n            \"offers\":\r\n            {\r\n                \"url\": \"https:\/\/turismevalles.com\/es\/events\/fiesta-mayor-en-montornes-del-valles\/\",\r\n                \"price\": \"\",\r\n                \"priceCurrency\": \"$\",\r\n                \"availability\": \"https:\/\/schema.org\/InStock\",\r\n                \"validFrom\": \"2026-09-18T00:00\"\r\n            },\r\n            \"performer\": \"\",\r\n            \"description\": \"Para m\u00e1s informaci\u00f3n, &lt;a href=&quot;https:\/\/www.montornes.cat\/&quot;&gt;clicar aqu\u00ed&lt;\/a&gt;\",\r\n            \"image\": \"https:\/\/turismevalles.com\/wp-content\/uploads\/2025\/09\/Montornes.jpg\",\r\n            \"name\": \"Fiesta Mayor en Montorn\u00e8s del Vall\u00e8s\",\r\n            \"url\": \"https:\/\/turismevalles.com\/es\/events\/fiesta-mayor-en-montornes-del-valles\/\"\r\n        }\r\n        <\/script>\r\n        <article class=\"mec-event-article \"><div class=\"mec-event-image\"><img loading=\"lazy\" decoding=\"async\" width=\"300\" height=\"300\" src=\"https:\/\/turismevalles.com\/wp-content\/uploads\/2025\/09\/Montornes-300x300.jpg\" class=\"attachment-thumblist size-thumblist wp-post-image\" alt=\"\" data-mec-postid=\"65393\" srcset=\"https:\/\/turismevalles.com\/wp-content\/uploads\/2025\/09\/Montornes-300x300.jpg 300w, https:\/\/turismevalles.com\/wp-content\/uploads\/2025\/09\/Montornes-150x150.jpg 150w\" sizes=\"auto, (max-width: 300px) 100vw, 300px\" \/><\/div><div class=\"mec-event-time mec-color\"><span class=\"mec-sl-clock-o\"><\/span> Todo el d\u00eda<\/div><div class=\"mec-event-title\"><a class=\"mec-color-hover\"  data-event-id=\"65393\" href=\"https:\/\/turismevalles.com\/es\/events\/fiesta-mayor-en-montornes-del-valles\/\" target=\"_self\" rel=\"noopener\">Fiesta Mayor en Montorn\u00e8s del Vall\u00e8s<\/a><span class=\"event-color\" style=\"background: #fdd700\"><\/span><\/div><div class=\"mec-event-detail\"><div class=\"mec-event-loc-place\"><\/div><\/div><\/article>        <script type=\"application\/ld+json\">\r\n        {\r\n            \"@context\": \"http:\/\/schema.org\",\r\n            \"@type\": \"Event\",\r\n            \"eventStatus\": \"https:\/\/schema.org\/EventScheduled\",\r\n            \"startDate\": \"2026-09-18\",\r\n            \"endDate\": \"2026-12-14\",\r\n            \"eventAttendanceMode\": \"https:\/\/schema.org\/OfflineEventAttendanceMode\",\r\n            \"location\":\r\n            {\r\n                \"@type\": \"Place\",\r\n                                \"name\": \"\",\r\n                \"image\": \"\",\r\n                \"address\": \"\"\r\n                            },\r\n            \"organizer\":\r\n            {\r\n                \"@type\": \"Person\",\r\n                \"name\": \"\",\r\n                \"url\": \"\"\r\n            },\r\n            \"offers\":\r\n            {\r\n                \"url\": \"https:\/\/turismevalles.com\/es\/events\/recorrerrido-por-sant-miquel-del-fai-bigues-i-riells-del-fai\/\",\r\n                \"price\": \"\",\r\n                \"priceCurrency\": \"$\",\r\n                \"availability\": \"https:\/\/schema.org\/InStock\",\r\n                \"validFrom\": \"2026-09-18T00:00\"\r\n            },\r\n            \"performer\": \"\",\r\n            \"description\": \"Para m\u00e1s informaci\u00f3n,&lt;a href=&quot;https:\/\/parcs.diba.cat\/es\/web\/agenda\/-\/cingles-de-berti-recorregut-per-sant-miquel-del-fai?utm_source=agenda&amp;utm_medium=correu&amp;utm_content=cingles-de-berti-recorregut-per-sant-miquel-del-fai&amp;utm_campaign=501&quot;&gt; clicar aqu\u00ed&lt;\/a&gt;    &nbsp;\",\r\n            \"image\": \"https:\/\/turismevalles.com\/wp-content\/uploads\/2026\/03\/RecorregutSMF.jpg\",\r\n            \"name\": \"Recorrerrido por Sant Miquel del Fai- Bigues i Riells del Fai_Sant Feliu de Codines\",\r\n            \"url\": \"https:\/\/turismevalles.com\/es\/events\/recorrerrido-por-sant-miquel-del-fai-bigues-i-riells-del-fai\/\"\r\n        }\r\n        <\/script>\r\n        <article class=\"mec-event-article \"><div class=\"mec-event-image\"><img loading=\"lazy\" decoding=\"async\" width=\"300\" height=\"300\" src=\"https:\/\/turismevalles.com\/wp-content\/uploads\/2026\/03\/RecorregutSMF-300x300.jpg\" class=\"attachment-thumblist size-thumblist wp-post-image\" alt=\"\" data-mec-postid=\"68822\" srcset=\"https:\/\/turismevalles.com\/wp-content\/uploads\/2026\/03\/RecorregutSMF-300x300.jpg 300w, https:\/\/turismevalles.com\/wp-content\/uploads\/2026\/03\/RecorregutSMF-150x150.jpg 150w\" sizes=\"auto, (max-width: 300px) 100vw, 300px\" \/><\/div><div class=\"mec-event-time mec-color\"><span class=\"mec-sl-clock-o\"><\/span> Todo el d\u00eda<\/div><div class=\"mec-event-title\"><a class=\"mec-color-hover\"  data-event-id=\"68822\" href=\"https:\/\/turismevalles.com\/es\/events\/recorrerrido-por-sant-miquel-del-fai-bigues-i-riells-del-fai\/\" target=\"_self\" rel=\"noopener\">Recorrerrido por Sant Miquel del Fai- Bigues i Riells del Fai_Sant Feliu de Codines<\/a><span class=\"event-color\" style=\"background: #fdd700\"><\/span><\/div><div class=\"mec-event-detail\"><div class=\"mec-event-loc-place\"><\/div><\/div><\/article>        <script type=\"application\/ld+json\">\r\n        {\r\n            \"@context\": \"http:\/\/schema.org\",\r\n            \"@type\": \"Event\",\r\n            \"eventStatus\": \"https:\/\/schema.org\/EventScheduled\",\r\n            \"startDate\": \"2026-09-18\",\r\n            \"endDate\": \"2026-07-03\",\r\n            \"eventAttendanceMode\": \"https:\/\/schema.org\/OfflineEventAttendanceMode\",\r\n            \"location\":\r\n            {\r\n                \"@type\": \"Place\",\r\n                                \"name\": \"\",\r\n                \"image\": \"\",\r\n                \"address\": \"\"\r\n                            },\r\n            \"organizer\":\r\n            {\r\n                \"@type\": \"Person\",\r\n                \"name\": \"\",\r\n                \"url\": \"\"\r\n            },\r\n            \"offers\":\r\n            {\r\n                \"url\": \"https:\/\/turismevalles.com\/es\/events\/directes-al-porxo-conciertos-las-noches-de-los-viernes-de-julio-en-sant-antoni-de-vilamajor\/\",\r\n                \"price\": \"\",\r\n                \"priceCurrency\": \"$\",\r\n                \"availability\": \"https:\/\/schema.org\/InStock\",\r\n                \"validFrom\": \"2026-09-18T00:00\"\r\n            },\r\n            \"performer\": \"\",\r\n            \"description\": \"Para m\u00e1s informaci\u00f3n y consulta del programa, &lt;a href=&quot;https:\/\/www.santantonidevilamajor.cat\/actualitat\/noticies\/programa-directes-al-porxo-2026.html#&quot;&gt;clicar aqu\u00ed&lt;\/a&gt;\",\r\n            \"image\": \"https:\/\/turismevalles.com\/wp-content\/uploads\/2026\/06\/Diseno-sin-titulo20.png\",\r\n            \"name\": \"Directes al Porxo, conciertos las noches de los viernes de julio en Sant Antoni de Vilamajor\",\r\n            \"url\": \"https:\/\/turismevalles.com\/es\/events\/directes-al-porxo-conciertos-las-noches-de-los-viernes-de-julio-en-sant-antoni-de-vilamajor\/\"\r\n        }\r\n        <\/script>\r\n        <article class=\"mec-past-event mec-event-article \"><div class=\"mec-event-image\"><img loading=\"lazy\" decoding=\"async\" width=\"300\" height=\"300\" src=\"https:\/\/turismevalles.com\/wp-content\/uploads\/2026\/06\/Diseno-sin-titulo20-300x300.png\" class=\"attachment-thumblist size-thumblist wp-post-image\" alt=\"\" data-mec-postid=\"71804\" srcset=\"https:\/\/turismevalles.com\/wp-content\/uploads\/2026\/06\/Diseno-sin-titulo20-300x300.png 300w, https:\/\/turismevalles.com\/wp-content\/uploads\/2026\/06\/Diseno-sin-titulo20-1024x1024.png 1024w, https:\/\/turismevalles.com\/wp-content\/uploads\/2026\/06\/Diseno-sin-titulo20-150x150.png 150w, https:\/\/turismevalles.com\/wp-content\/uploads\/2026\/06\/Diseno-sin-titulo20-768x768.png 768w, https:\/\/turismevalles.com\/wp-content\/uploads\/2026\/06\/Diseno-sin-titulo20.png 1080w\" sizes=\"auto, (max-width: 300px) 100vw, 300px\" \/><\/div><div class=\"mec-event-time mec-color\"><span class=\"mec-sl-clock-o\"><\/span> Todo el d\u00eda<\/div><div class=\"mec-event-title\"><a class=\"mec-color-hover\"  data-event-id=\"71804\" href=\"https:\/\/turismevalles.com\/es\/events\/directes-al-porxo-conciertos-las-noches-de-los-viernes-de-julio-en-sant-antoni-de-vilamajor\/\" target=\"_self\" rel=\"noopener\">Directes al Porxo, conciertos las noches de los viernes de julio en Sant Antoni de Vilamajor<\/a><span class=\"event-color\" style=\"background: #fdd700\"><\/span><\/div><div class=\"mec-event-detail\"><div class=\"mec-event-loc-place\"><\/div><\/div><\/article>        <script type=\"application\/ld+json\">\r\n        {\r\n            \"@context\": \"http:\/\/schema.org\",\r\n            \"@type\": \"Event\",\r\n            \"eventStatus\": \"https:\/\/schema.org\/EventScheduled\",\r\n            \"startDate\": \"2026-09-18\",\r\n            \"endDate\": \"2026-09-18\",\r\n            \"eventAttendanceMode\": \"https:\/\/schema.org\/OfflineEventAttendanceMode\",\r\n            \"location\":\r\n            {\r\n                \"@type\": \"Place\",\r\n                                \"name\": \"\",\r\n                \"image\": \"\",\r\n                \"address\": \"\"\r\n                            },\r\n            \"organizer\":\r\n            {\r\n                \"@type\": \"Person\",\r\n                \"name\": \"\",\r\n                \"url\": \"\"\r\n            },\r\n            \"offers\":\r\n            {\r\n                \"url\": \"https:\/\/turismevalles.com\/es\/events\/11a-survival-zombie-vallromanes\/\",\r\n                \"price\": \"\",\r\n                \"priceCurrency\": \"$\",\r\n                \"availability\": \"https:\/\/schema.org\/InStock\",\r\n                \"validFrom\": \"2026-09-18T00:00\"\r\n            },\r\n            \"performer\": \"\",\r\n            \"description\": \"Para m\u00e1s informaci\u00f3n,&lt;a href=&quot;https:\/\/www-vallromanes-cat.translate.goog\/actualitat\/noticies\/vols-ser-voluntaria-a-la-survival-zombie-vallromanes-2026.html?_x_tr_sl=ca&amp;_x_tr_tl=es&amp;_x_tr_hl=esie%3DUTF-8&quot;&gt; clicar aqu\u00ed&lt;\/a&gt;\",\r\n            \"image\": \"https:\/\/turismevalles.com\/wp-content\/uploads\/2025\/07\/CARTEL_FINAL_survival_2026.jpg\",\r\n            \"name\": \"12\u00aa Survival Zombie Vallromanes\",\r\n            \"url\": \"https:\/\/turismevalles.com\/es\/events\/11a-survival-zombie-vallromanes\/\"\r\n        }\r\n        <\/script>\r\n        <article class=\"mec-event-article \"><div class=\"mec-event-image\"><img loading=\"lazy\" decoding=\"async\" width=\"300\" height=\"300\" src=\"https:\/\/turismevalles.com\/wp-content\/uploads\/2025\/07\/CARTEL_FINAL_survival_2026-300x300.jpg\" class=\"attachment-thumblist size-thumblist wp-post-image\" alt=\"\" data-mec-postid=\"64720\" srcset=\"https:\/\/turismevalles.com\/wp-content\/uploads\/2025\/07\/CARTEL_FINAL_survival_2026-300x300.jpg 300w, https:\/\/turismevalles.com\/wp-content\/uploads\/2025\/07\/CARTEL_FINAL_survival_2026-150x150.jpg 150w\" sizes=\"auto, (max-width: 300px) 100vw, 300px\" \/><\/div><div class=\"mec-event-time mec-color\"><span class=\"mec-sl-clock-o\"><\/span> Todo el d\u00eda<\/div><div class=\"mec-event-title\"><a class=\"mec-color-hover\"  data-event-id=\"64720\" href=\"https:\/\/turismevalles.com\/es\/events\/11a-survival-zombie-vallromanes\/\" target=\"_self\" rel=\"noopener\">12\u00aa Survival Zombie Vallromanes<\/a><span class=\"event-color\" style=\"background: #fdd700\"><\/span><\/div><div class=\"mec-event-detail\"><div class=\"mec-event-loc-place\"><\/div><\/div><\/article><\/div><div class=\"mec-calendar-events-sec\" data-mec-cell=\"20260919\" ><div class=\"mec-table-side-title\">Eventos para <span class=\"mec-color mec-table-side-day\"> 19<\/span> septiembre<\/div>        <script type=\"application\/ld+json\">\r\n        {\r\n            \"@context\": \"http:\/\/schema.org\",\r\n            \"@type\": \"Event\",\r\n            \"eventStatus\": \"https:\/\/schema.org\/EventScheduled\",\r\n            \"startDate\": \"2026-09-19\",\r\n            \"endDate\": \"2026-09-20\",\r\n            \"eventAttendanceMode\": \"https:\/\/schema.org\/OfflineEventAttendanceMode\",\r\n            \"location\":\r\n            {\r\n                \"@type\": \"Place\",\r\n                                \"name\": \"\",\r\n                \"image\": \"\",\r\n                \"address\": \"\"\r\n                            },\r\n            \"organizer\":\r\n            {\r\n                \"@type\": \"Person\",\r\n                \"name\": \"\",\r\n                \"url\": \"\"\r\n            },\r\n            \"offers\":\r\n            {\r\n                \"url\": \"https:\/\/turismevalles.com\/es\/events\/festa-major-de-corro-davall-a-les-franqueses-del-valles\/\",\r\n                \"price\": \"\",\r\n                \"priceCurrency\": \"$\",\r\n                \"availability\": \"https:\/\/schema.org\/InStock\",\r\n                \"validFrom\": \"2026-09-19T00:00\"\r\n            },\r\n            \"performer\": \"\",\r\n            \"description\": \"Para m\u00e1s informaci\u00f3n, &lt;a href=&quot;https:\/\/www-lesfranqueses-cat.translate.goog\/actualitat\/agenda\/agenda-dactivitats\/19947-festa-major-de-corro-davall.html?_x_tr_sl=ca&amp;_x_tr_tl=es&amp;_x_tr_hl=esie%3DUTF-8&quot;&gt;clicar aqu\u00ed&lt;\/a&gt;\",\r\n            \"image\": \"https:\/\/turismevalles.com\/wp-content\/uploads\/2023\/08\/Banner-900x330-fm2026-Franqueses.jpg\",\r\n            \"name\": \"Fiesta Mayor de Corr\u00f3 d&#8217;Avall en Les Franqueses del Vall\u00e8s\",\r\n            \"url\": \"https:\/\/turismevalles.com\/es\/events\/festa-major-de-corro-davall-a-les-franqueses-del-valles\/\"\r\n        }\r\n        <\/script>\r\n        <article class=\"mec-event-article \"><div class=\"mec-event-image\"><img loading=\"lazy\" decoding=\"async\" width=\"300\" height=\"300\" src=\"https:\/\/turismevalles.com\/wp-content\/uploads\/2023\/08\/Banner-900x330-fm2026-Franqueses-300x300.jpg\" class=\"attachment-thumblist size-thumblist wp-post-image\" alt=\"\" data-mec-postid=\"43450\" srcset=\"https:\/\/turismevalles.com\/wp-content\/uploads\/2023\/08\/Banner-900x330-fm2026-Franqueses-300x300.jpg 300w, https:\/\/turismevalles.com\/wp-content\/uploads\/2023\/08\/Banner-900x330-fm2026-Franqueses-150x150.jpg 150w\" sizes=\"auto, (max-width: 300px) 100vw, 300px\" \/><\/div><div class=\"mec-event-time mec-color\"><span class=\"mec-sl-clock-o\"><\/span> Todo el d\u00eda<\/div><div class=\"mec-event-title\"><a class=\"mec-color-hover\"  data-event-id=\"43450\" href=\"https:\/\/turismevalles.com\/es\/events\/festa-major-de-corro-davall-a-les-franqueses-del-valles\/\" target=\"_self\" rel=\"noopener\">Fiesta Mayor de Corr\u00f3 d&#8217;Avall en Les Franqueses del Vall\u00e8s<\/a><span class=\"event-color\" style=\"background: #fdd700\"><\/span><\/div><div class=\"mec-event-detail\"><div class=\"mec-event-loc-place\"><\/div><\/div><\/article>        <script type=\"application\/ld+json\">\r\n        {\r\n            \"@context\": \"http:\/\/schema.org\",\r\n            \"@type\": \"Event\",\r\n            \"eventStatus\": \"https:\/\/schema.org\/EventScheduled\",\r\n            \"startDate\": \"2026-09-19\",\r\n            \"endDate\": \"2026-09-22\",\r\n            \"eventAttendanceMode\": \"https:\/\/schema.org\/OfflineEventAttendanceMode\",\r\n            \"location\":\r\n            {\r\n                \"@type\": \"Place\",\r\n                                \"name\": \"\",\r\n                \"image\": \"\",\r\n                \"address\": \"\"\r\n                            },\r\n            \"organizer\":\r\n            {\r\n                \"@type\": \"Person\",\r\n                \"name\": \"\",\r\n                \"url\": \"\"\r\n            },\r\n            \"offers\":\r\n            {\r\n                \"url\": \"https:\/\/turismevalles.com\/es\/events\/semana-europea-en-el-valles-oriental\/\",\r\n                \"price\": \"\",\r\n                \"priceCurrency\": \"$\",\r\n                \"availability\": \"https:\/\/schema.org\/InStock\",\r\n                \"validFrom\": \"2026-09-19T00:00\"\r\n            },\r\n            \"performer\": \"\",\r\n            \"description\": \"Para m\u00e1s informaci\u00f3n, &lt;a href=&quot;https:\/\/territori.gencat.cat\/ca\/03_infraestructures_i_mobilitat\/sem\/index.html#googtrans(ca|es)&quot;&gt;clicar aqu\u00ed&lt;\/a&gt;\",\r\n            \"image\": \"https:\/\/turismevalles.com\/wp-content\/uploads\/2025\/08\/Setmana_mobilitat_eambient_1000x563.jpg\",\r\n            \"name\": \"Semana Europea en el Vall\u00e8s Oriental\",\r\n            \"url\": \"https:\/\/turismevalles.com\/es\/events\/semana-europea-en-el-valles-oriental\/\"\r\n        }\r\n        <\/script>\r\n        <article class=\"mec-event-article \"><div class=\"mec-event-image\"><img loading=\"lazy\" decoding=\"async\" width=\"300\" height=\"300\" src=\"https:\/\/turismevalles.com\/wp-content\/uploads\/2025\/08\/Setmana_mobilitat_eambient_1000x563-300x300.jpg\" class=\"attachment-thumblist size-thumblist wp-post-image\" alt=\"\" data-mec-postid=\"65227\" srcset=\"https:\/\/turismevalles.com\/wp-content\/uploads\/2025\/08\/Setmana_mobilitat_eambient_1000x563-300x300.jpg 300w, https:\/\/turismevalles.com\/wp-content\/uploads\/2025\/08\/Setmana_mobilitat_eambient_1000x563-150x150.jpg 150w\" sizes=\"auto, (max-width: 300px) 100vw, 300px\" \/><\/div><div class=\"mec-event-time mec-color\"><span class=\"mec-sl-clock-o\"><\/span> Todo el d\u00eda<\/div><div class=\"mec-event-title\"><a class=\"mec-color-hover\"  data-event-id=\"65227\" href=\"https:\/\/turismevalles.com\/es\/events\/semana-europea-en-el-valles-oriental\/\" target=\"_self\" rel=\"noopener\">Semana Europea en el Vall\u00e8s Oriental<\/a><span class=\"event-color\" style=\"background: #fdd700\"><\/span><\/div><div class=\"mec-event-detail\"><div class=\"mec-event-loc-place\"><\/div><\/div><\/article>        <script type=\"application\/ld+json\">\r\n        {\r\n            \"@context\": \"http:\/\/schema.org\",\r\n            \"@type\": \"Event\",\r\n            \"eventStatus\": \"https:\/\/schema.org\/EventScheduled\",\r\n            \"startDate\": \"2026-09-19\",\r\n            \"endDate\": \"2026-09-21\",\r\n            \"eventAttendanceMode\": \"https:\/\/schema.org\/OfflineEventAttendanceMode\",\r\n            \"location\":\r\n            {\r\n                \"@type\": \"Place\",\r\n                                \"name\": \"\",\r\n                \"image\": \"\",\r\n                \"address\": \"\"\r\n                            },\r\n            \"organizer\":\r\n            {\r\n                \"@type\": \"Person\",\r\n                \"name\": \"\",\r\n                \"url\": \"\"\r\n            },\r\n            \"offers\":\r\n            {\r\n                \"url\": \"https:\/\/turismevalles.com\/es\/events\/fiesta-mayor-en-montornes-del-valles\/\",\r\n                \"price\": \"\",\r\n                \"priceCurrency\": \"$\",\r\n                \"availability\": \"https:\/\/schema.org\/InStock\",\r\n                \"validFrom\": \"2026-09-19T00:00\"\r\n            },\r\n            \"performer\": \"\",\r\n            \"description\": \"Para m\u00e1s informaci\u00f3n, &lt;a href=&quot;https:\/\/www.montornes.cat\/&quot;&gt;clicar aqu\u00ed&lt;\/a&gt;\",\r\n            \"image\": \"https:\/\/turismevalles.com\/wp-content\/uploads\/2025\/09\/Montornes.jpg\",\r\n            \"name\": \"Fiesta Mayor en Montorn\u00e8s del Vall\u00e8s\",\r\n            \"url\": \"https:\/\/turismevalles.com\/es\/events\/fiesta-mayor-en-montornes-del-valles\/\"\r\n        }\r\n        <\/script>\r\n        <article class=\"mec-event-article \"><div class=\"mec-event-image\"><img loading=\"lazy\" decoding=\"async\" width=\"300\" height=\"300\" src=\"https:\/\/turismevalles.com\/wp-content\/uploads\/2025\/09\/Montornes-300x300.jpg\" class=\"attachment-thumblist size-thumblist wp-post-image\" alt=\"\" data-mec-postid=\"65393\" srcset=\"https:\/\/turismevalles.com\/wp-content\/uploads\/2025\/09\/Montornes-300x300.jpg 300w, https:\/\/turismevalles.com\/wp-content\/uploads\/2025\/09\/Montornes-150x150.jpg 150w\" sizes=\"auto, (max-width: 300px) 100vw, 300px\" \/><\/div><div class=\"mec-event-time mec-color\"><span class=\"mec-sl-clock-o\"><\/span> Todo el d\u00eda<\/div><div class=\"mec-event-title\"><a class=\"mec-color-hover\"  data-event-id=\"65393\" href=\"https:\/\/turismevalles.com\/es\/events\/fiesta-mayor-en-montornes-del-valles\/\" target=\"_self\" rel=\"noopener\">Fiesta Mayor en Montorn\u00e8s del Vall\u00e8s<\/a><span class=\"event-color\" style=\"background: #fdd700\"><\/span><\/div><div class=\"mec-event-detail\"><div class=\"mec-event-loc-place\"><\/div><\/div><\/article>        <script type=\"application\/ld+json\">\r\n        {\r\n            \"@context\": \"http:\/\/schema.org\",\r\n            \"@type\": \"Event\",\r\n            \"eventStatus\": \"https:\/\/schema.org\/EventScheduled\",\r\n            \"startDate\": \"2026-09-19\",\r\n            \"endDate\": \"2026-12-14\",\r\n            \"eventAttendanceMode\": \"https:\/\/schema.org\/OfflineEventAttendanceMode\",\r\n            \"location\":\r\n            {\r\n                \"@type\": \"Place\",\r\n                                \"name\": \"\",\r\n                \"image\": \"\",\r\n                \"address\": \"\"\r\n                            },\r\n            \"organizer\":\r\n            {\r\n                \"@type\": \"Person\",\r\n                \"name\": \"\",\r\n                \"url\": \"\"\r\n            },\r\n            \"offers\":\r\n            {\r\n                \"url\": \"https:\/\/turismevalles.com\/es\/events\/recorrerrido-por-sant-miquel-del-fai-bigues-i-riells-del-fai\/\",\r\n                \"price\": \"\",\r\n                \"priceCurrency\": \"$\",\r\n                \"availability\": \"https:\/\/schema.org\/InStock\",\r\n                \"validFrom\": \"2026-09-19T00:00\"\r\n            },\r\n            \"performer\": \"\",\r\n            \"description\": \"Para m\u00e1s informaci\u00f3n,&lt;a href=&quot;https:\/\/parcs.diba.cat\/es\/web\/agenda\/-\/cingles-de-berti-recorregut-per-sant-miquel-del-fai?utm_source=agenda&amp;utm_medium=correu&amp;utm_content=cingles-de-berti-recorregut-per-sant-miquel-del-fai&amp;utm_campaign=501&quot;&gt; clicar aqu\u00ed&lt;\/a&gt;    &nbsp;\",\r\n            \"image\": \"https:\/\/turismevalles.com\/wp-content\/uploads\/2026\/03\/RecorregutSMF.jpg\",\r\n            \"name\": \"Recorrerrido por Sant Miquel del Fai- Bigues i Riells del Fai_Sant Feliu de Codines\",\r\n            \"url\": \"https:\/\/turismevalles.com\/es\/events\/recorrerrido-por-sant-miquel-del-fai-bigues-i-riells-del-fai\/\"\r\n        }\r\n        <\/script>\r\n        <article class=\"mec-event-article \"><div class=\"mec-event-image\"><img loading=\"lazy\" decoding=\"async\" width=\"300\" height=\"300\" src=\"https:\/\/turismevalles.com\/wp-content\/uploads\/2026\/03\/RecorregutSMF-300x300.jpg\" class=\"attachment-thumblist size-thumblist wp-post-image\" alt=\"\" data-mec-postid=\"68822\" srcset=\"https:\/\/turismevalles.com\/wp-content\/uploads\/2026\/03\/RecorregutSMF-300x300.jpg 300w, https:\/\/turismevalles.com\/wp-content\/uploads\/2026\/03\/RecorregutSMF-150x150.jpg 150w\" sizes=\"auto, (max-width: 300px) 100vw, 300px\" \/><\/div><div class=\"mec-event-time mec-color\"><span class=\"mec-sl-clock-o\"><\/span> Todo el d\u00eda<\/div><div class=\"mec-event-title\"><a class=\"mec-color-hover\"  data-event-id=\"68822\" href=\"https:\/\/turismevalles.com\/es\/events\/recorrerrido-por-sant-miquel-del-fai-bigues-i-riells-del-fai\/\" target=\"_self\" rel=\"noopener\">Recorrerrido por Sant Miquel del Fai- Bigues i Riells del Fai_Sant Feliu de Codines<\/a><span class=\"event-color\" style=\"background: #fdd700\"><\/span><\/div><div class=\"mec-event-detail\"><div class=\"mec-event-loc-place\"><\/div><\/div><\/article>        <script type=\"application\/ld+json\">\r\n        {\r\n            \"@context\": \"http:\/\/schema.org\",\r\n            \"@type\": \"Event\",\r\n            \"eventStatus\": \"https:\/\/schema.org\/EventScheduled\",\r\n            \"startDate\": \"2026-09-19\",\r\n            \"endDate\": \"2026-10-04\",\r\n            \"eventAttendanceMode\": \"https:\/\/schema.org\/OfflineEventAttendanceMode\",\r\n            \"location\":\r\n            {\r\n                \"@type\": \"Place\",\r\n                                \"name\": \"\",\r\n                \"image\": \"\",\r\n                \"address\": \"\"\r\n                            },\r\n            \"organizer\":\r\n            {\r\n                \"@type\": \"Person\",\r\n                \"name\": \"\",\r\n                \"url\": \"\"\r\n            },\r\n            \"offers\":\r\n            {\r\n                \"url\": \"https:\/\/turismevalles.com\/es\/events\/viii-festival-de-jazz-en-bigues-i-riells-del-fai\/\",\r\n                \"price\": \"\",\r\n                \"priceCurrency\": \"$\",\r\n                \"availability\": \"https:\/\/schema.org\/InStock\",\r\n                \"validFrom\": \"2026-09-19T00:00\"\r\n            },\r\n            \"performer\": \"\",\r\n            \"description\": \"Para m\u00e1s informaci\u00f3n, &lt;a href=&quot;https:\/\/www.biguesiriells.cat\/ca\/actualitat-2\/agenda-1\/x-festival-jazz-bigues-riells-del-fai-marta-duran-quartet-1400.htm&quot;&gt;clica aqui&lt;\/a&gt;\",\r\n            \"image\": \"https:\/\/turismevalles.com\/wp-content\/uploads\/2023\/08\/biRdelF_page-0001.jpg\",\r\n            \"name\": \"XI Festival de Jazz en Bigues i Riells del Fai\",\r\n            \"url\": \"https:\/\/turismevalles.com\/es\/events\/viii-festival-de-jazz-en-bigues-i-riells-del-fai\/\"\r\n        }\r\n        <\/script>\r\n        <article class=\"mec-event-article \"><div class=\"mec-event-image\"><img loading=\"lazy\" decoding=\"async\" width=\"300\" height=\"300\" src=\"https:\/\/turismevalles.com\/wp-content\/uploads\/2023\/08\/biRdelF_page-0001-300x300.jpg\" class=\"attachment-thumblist size-thumblist wp-post-image\" alt=\"\" data-mec-postid=\"28281\" srcset=\"https:\/\/turismevalles.com\/wp-content\/uploads\/2023\/08\/biRdelF_page-0001-300x300.jpg 300w, https:\/\/turismevalles.com\/wp-content\/uploads\/2023\/08\/biRdelF_page-0001-150x150.jpg 150w\" sizes=\"auto, (max-width: 300px) 100vw, 300px\" \/><\/div><div class=\"mec-event-time mec-color\"><span class=\"mec-sl-clock-o\"><\/span> Todo el d\u00eda<\/div><div class=\"mec-event-title\"><a class=\"mec-color-hover\"  data-event-id=\"28281\" href=\"https:\/\/turismevalles.com\/es\/events\/viii-festival-de-jazz-en-bigues-i-riells-del-fai\/\" target=\"_self\" rel=\"noopener\">XI Festival de Jazz en Bigues i Riells del Fai<\/a><span class=\"event-color\" style=\"background: #fdd700\"><\/span><\/div><div class=\"mec-event-detail\"><div class=\"mec-event-loc-place\"><\/div><\/div><\/article>        <script type=\"application\/ld+json\">\r\n        {\r\n            \"@context\": \"http:\/\/schema.org\",\r\n            \"@type\": \"Event\",\r\n            \"eventStatus\": \"https:\/\/schema.org\/EventScheduled\",\r\n            \"startDate\": \"2026-09-19\",\r\n            \"endDate\": \"2026-09-20\",\r\n            \"eventAttendanceMode\": \"https:\/\/schema.org\/OfflineEventAttendanceMode\",\r\n            \"location\":\r\n            {\r\n                \"@type\": \"Place\",\r\n                                \"name\": \"\",\r\n                \"image\": \"\",\r\n                \"address\": \"\"\r\n                            },\r\n            \"organizer\":\r\n            {\r\n                \"@type\": \"Person\",\r\n                \"name\": \"\",\r\n                \"url\": \"\"\r\n            },\r\n            \"offers\":\r\n            {\r\n                \"url\": \"https:\/\/turismevalles.com\/es\/events\/24h-de-barcelona-trofeo-fermi-velez-en-el-circuit-barcelona-catalunya-montmelo\/\",\r\n                \"price\": \"\",\r\n                \"priceCurrency\": \"$\",\r\n                \"availability\": \"https:\/\/schema.org\/InStock\",\r\n                \"validFrom\": \"2026-09-19T00:00\"\r\n            },\r\n            \"performer\": \"\",\r\n            \"description\": \"Para m\u00e1s informaci\u00f3n, &lt;a href=&quot;https:\/\/www.circuitcat.com\/es\/event_type\/24-horas-de-barcelona-trofeo-fermi-velez\/&quot;&gt;clicar aqu\u00ed&lt;\/a&gt;\",\r\n            \"image\": \"https:\/\/turismevalles.com\/wp-content\/uploads\/2025\/08\/circuit.jpg\",\r\n            \"name\": \"24h de Barcelona: Trofeo Ferm\u00ed V\u00e9lez en el Circuit Barcelona- Catalunya ( Montmel\u00f3)\",\r\n            \"url\": \"https:\/\/turismevalles.com\/es\/events\/24h-de-barcelona-trofeo-fermi-velez-en-el-circuit-barcelona-catalunya-montmelo\/\"\r\n        }\r\n        <\/script>\r\n        <article class=\"mec-event-article \"><div class=\"mec-event-image\"><img loading=\"lazy\" decoding=\"async\" width=\"300\" height=\"300\" src=\"https:\/\/turismevalles.com\/wp-content\/uploads\/2025\/08\/circuit-300x300.jpg\" class=\"attachment-thumblist size-thumblist wp-post-image\" alt=\"\" data-mec-postid=\"65194\" srcset=\"https:\/\/turismevalles.com\/wp-content\/uploads\/2025\/08\/circuit-300x300.jpg 300w, https:\/\/turismevalles.com\/wp-content\/uploads\/2025\/08\/circuit-150x150.jpg 150w\" sizes=\"auto, (max-width: 300px) 100vw, 300px\" \/><\/div><div class=\"mec-event-time mec-color\"><span class=\"mec-sl-clock-o\"><\/span> Todo el d\u00eda<\/div><div class=\"mec-event-title\"><a class=\"mec-color-hover\"  data-event-id=\"65194\" href=\"https:\/\/turismevalles.com\/es\/events\/24h-de-barcelona-trofeo-fermi-velez-en-el-circuit-barcelona-catalunya-montmelo\/\" target=\"_self\" rel=\"noopener\">24h de Barcelona: Trofeo Ferm\u00ed V\u00e9lez en el Circuit Barcelona- Catalunya ( Montmel\u00f3)<\/a><span class=\"event-color\" style=\"background: #fdd700\"><\/span><\/div><div class=\"mec-event-detail\"><div class=\"mec-event-loc-place\"><\/div><\/div><\/article>        <script type=\"application\/ld+json\">\r\n        {\r\n            \"@context\": \"http:\/\/schema.org\",\r\n            \"@type\": \"Event\",\r\n            \"eventStatus\": \"https:\/\/schema.org\/EventScheduled\",\r\n            \"startDate\": \"2026-09-19\",\r\n            \"endDate\": \"2026-09-19\",\r\n            \"eventAttendanceMode\": \"https:\/\/schema.org\/OfflineEventAttendanceMode\",\r\n            \"location\":\r\n            {\r\n                \"@type\": \"Place\",\r\n                                \"name\": \"\",\r\n                \"image\": \"\",\r\n                \"address\": \"\"\r\n                            },\r\n            \"organizer\":\r\n            {\r\n                \"@type\": \"Person\",\r\n                \"name\": \"\",\r\n                \"url\": \"\"\r\n            },\r\n            \"offers\":\r\n            {\r\n                \"url\": \"https:\/\/turismevalles.com\/es\/events\/tardeo-final-destiu-a-llica-de-vall\/\",\r\n                \"price\": \"\",\r\n                \"priceCurrency\": \"$\",\r\n                \"availability\": \"https:\/\/schema.org\/InStock\",\r\n                \"validFrom\": \"2026-09-19T00:00\"\r\n            },\r\n            \"performer\": \"\",\r\n            \"description\": \"Para m\u00e1s informaci\u00f3n, clicar &lt;a href=&quot;https:\/\/www-llissadevall-cat.translate.goog\/actualitat\/lagenda-web?date=2026-09-19&amp;_x_tr_sl=ca&amp;_x_tr_tl=es&amp;_x_tr_hl=esie%3DUTF-8&quot;&gt;aqu\u00ed&lt;\/a&gt;\",\r\n            \"image\": \"https:\/\/turismevalles.com\/wp-content\/uploads\/2025\/09\/cancoll.jpg\",\r\n            \"name\": \"Tardeo Final de Verano en Lli\u00e7\u00e0 de Vall\",\r\n            \"url\": \"https:\/\/turismevalles.com\/es\/events\/tardeo-final-destiu-a-llica-de-vall\/\"\r\n        }\r\n        <\/script>\r\n        <article class=\"mec-event-article \"><div class=\"mec-event-image\"><img loading=\"lazy\" decoding=\"async\" width=\"300\" height=\"300\" src=\"https:\/\/turismevalles.com\/wp-content\/uploads\/2025\/09\/cancoll-300x300.jpg\" class=\"attachment-thumblist size-thumblist wp-post-image\" alt=\"\" data-mec-postid=\"65502\" srcset=\"https:\/\/turismevalles.com\/wp-content\/uploads\/2025\/09\/cancoll-300x300.jpg 300w, https:\/\/turismevalles.com\/wp-content\/uploads\/2025\/09\/cancoll-150x150.jpg 150w\" sizes=\"auto, (max-width: 300px) 100vw, 300px\" \/><\/div><div class=\"mec-event-time mec-color\"><span class=\"mec-sl-clock-o\"><\/span> Todo el d\u00eda<\/div><div class=\"mec-event-title\"><a class=\"mec-color-hover\"  data-event-id=\"65502\" href=\"https:\/\/turismevalles.com\/es\/events\/tardeo-final-destiu-a-llica-de-vall\/\" target=\"_self\" rel=\"noopener\">Tardeo Final de Verano en Lli\u00e7\u00e0 de Vall<\/a><span class=\"event-color\" style=\"background: #fdd700\"><\/span><\/div><div class=\"mec-event-detail\"><div class=\"mec-event-loc-place\"><\/div><\/div><\/article><\/div><div class=\"mec-calendar-events-sec\" data-mec-cell=\"20260920\" ><div class=\"mec-table-side-title\">Eventos para <span class=\"mec-color mec-table-side-day\"> 20<\/span> septiembre<\/div>        <script type=\"application\/ld+json\">\r\n        {\r\n            \"@context\": \"http:\/\/schema.org\",\r\n            \"@type\": \"Event\",\r\n            \"eventStatus\": \"https:\/\/schema.org\/EventScheduled\",\r\n            \"startDate\": \"2026-09-20\",\r\n            \"endDate\": \"2026-09-20\",\r\n            \"eventAttendanceMode\": \"https:\/\/schema.org\/OfflineEventAttendanceMode\",\r\n            \"location\":\r\n            {\r\n                \"@type\": \"Place\",\r\n                                \"name\": \"\",\r\n                \"image\": \"\",\r\n                \"address\": \"\"\r\n                            },\r\n            \"organizer\":\r\n            {\r\n                \"@type\": \"Person\",\r\n                \"name\": \"\",\r\n                \"url\": \"\"\r\n            },\r\n            \"offers\":\r\n            {\r\n                \"url\": \"https:\/\/turismevalles.com\/es\/events\/visperas-de-domingo-de-verano-actividades-de-septiembre-para-disfrutar-del-patrimonio-local-de-la-garriga\/\",\r\n                \"price\": \"\",\r\n                \"priceCurrency\": \"$\",\r\n                \"availability\": \"https:\/\/schema.org\/InStock\",\r\n                \"validFrom\": \"2026-09-20T00:00\"\r\n            },\r\n            \"performer\": \"\",\r\n            \"description\": \"Actividades pensadas para disfrutar del patrimonio local cuando la calor afloja y el d\u00eca se despide.    Para m\u00e1s informaci\u00f3n, &lt;a href=&quot;https:\/\/www.lagarriga.cat\/media\/repository\/\/documents\/noticies\/2026-06\/Activitats_3r_trimestre_CdV.pdf&quot;&gt;clicar aqu\u00ed&lt;\/a&gt;\",\r\n            \"image\": \"https:\/\/turismevalles.com\/wp-content\/uploads\/2026\/07\/Capvespre_la-garriga.jpg\",\r\n            \"name\": \"V\u00edsperas de domingo de verano, actividades de septiembre para disfrutar del patrimonio local de la Garriga\",\r\n            \"url\": \"https:\/\/turismevalles.com\/es\/events\/visperas-de-domingo-de-verano-actividades-de-septiembre-para-disfrutar-del-patrimonio-local-de-la-garriga\/\"\r\n        }\r\n        <\/script>\r\n        <article class=\"mec-event-article \"><div class=\"mec-event-image\"><img loading=\"lazy\" decoding=\"async\" width=\"300\" height=\"300\" src=\"https:\/\/turismevalles.com\/wp-content\/uploads\/2026\/07\/Capvespre_la-garriga-300x300.jpg\" class=\"attachment-thumblist size-thumblist wp-post-image\" alt=\"\" data-mec-postid=\"72482\" srcset=\"https:\/\/turismevalles.com\/wp-content\/uploads\/2026\/07\/Capvespre_la-garriga-300x300.jpg 300w, https:\/\/turismevalles.com\/wp-content\/uploads\/2026\/07\/Capvespre_la-garriga-150x150.jpg 150w\" sizes=\"auto, (max-width: 300px) 100vw, 300px\" \/><\/div><div class=\"mec-event-time mec-color\"><span class=\"mec-sl-clock-o\"><\/span> Todo el d\u00eda<\/div><div class=\"mec-event-title\"><a class=\"mec-color-hover\"  data-event-id=\"72482\" href=\"https:\/\/turismevalles.com\/es\/events\/visperas-de-domingo-de-verano-actividades-de-septiembre-para-disfrutar-del-patrimonio-local-de-la-garriga\/\" target=\"_self\" rel=\"noopener\">V\u00edsperas de domingo de verano, actividades de septiembre para disfrutar del patrimonio local de la Garriga<\/a><span class=\"event-color\" style=\"background: #fdd700\"><\/span><\/div><div class=\"mec-event-detail\"><div class=\"mec-event-loc-place\"><\/div><\/div><\/article>        <script type=\"application\/ld+json\">\r\n        {\r\n            \"@context\": \"http:\/\/schema.org\",\r\n            \"@type\": \"Event\",\r\n            \"eventStatus\": \"https:\/\/schema.org\/EventScheduled\",\r\n            \"startDate\": \"2026-09-20\",\r\n            \"endDate\": \"2026-09-20\",\r\n            \"eventAttendanceMode\": \"https:\/\/schema.org\/OfflineEventAttendanceMode\",\r\n            \"location\":\r\n            {\r\n                \"@type\": \"Place\",\r\n                                \"name\": \"\",\r\n                \"image\": \"\",\r\n                \"address\": \"\"\r\n                            },\r\n            \"organizer\":\r\n            {\r\n                \"@type\": \"Person\",\r\n                \"name\": \"\",\r\n                \"url\": \"\"\r\n            },\r\n            \"offers\":\r\n            {\r\n                \"url\": \"https:\/\/turismevalles.com\/es\/events\/feria-de-antiguedades-y-brocanteros-en-caldes-de-montbui\/\",\r\n                \"price\": \"\",\r\n                \"priceCurrency\": \"$\",\r\n                \"availability\": \"https:\/\/schema.org\/InStock\",\r\n                \"validFrom\": \"2026-09-20T00:00\"\r\n            },\r\n            \"performer\": \"\",\r\n            \"description\": \"Est encuentro tiene lugar en el municipio de manera habitual el tercer domingo de cada mes.    Para m\u00e1s informaci\u00f3n, aqu\u00ed &lt;a href=&quot;https:\/\/www.caldesdemontbui.cat\/actualitat\/agenda\/29602-fira-dantiquaris-i-brocanters-del-mes-de-juliol.html&quot;&gt;https:\/\/www.caldesdemontbui.cat\/actualitat\/agenda\/29602-fira-dantiquaris-i-brocanters-del-mes-de-juliol.html&lt;\/a&gt;\",\r\n            \"image\": \"https:\/\/turismevalles.com\/wp-content\/uploads\/2026\/07\/160624_Cartell_fira-antiquaris_2024_mensual.jpg\",\r\n            \"name\": \"Feria de antig\u00fcedades y brocanteros en Caldes de Montbui\",\r\n            \"url\": \"https:\/\/turismevalles.com\/es\/events\/feria-de-antiguedades-y-brocanteros-en-caldes-de-montbui\/\"\r\n        }\r\n        <\/script>\r\n        <article class=\"mec-past-event mec-event-article \"><div class=\"mec-event-image\"><img loading=\"lazy\" decoding=\"async\" width=\"300\" height=\"300\" src=\"https:\/\/turismevalles.com\/wp-content\/uploads\/2026\/07\/160624_Cartell_fira-antiquaris_2024_mensual-300x300.jpg\" class=\"attachment-thumblist size-thumblist wp-post-image\" alt=\"\" data-mec-postid=\"72488\" srcset=\"https:\/\/turismevalles.com\/wp-content\/uploads\/2026\/07\/160624_Cartell_fira-antiquaris_2024_mensual-300x300.jpg 300w, https:\/\/turismevalles.com\/wp-content\/uploads\/2026\/07\/160624_Cartell_fira-antiquaris_2024_mensual-150x150.jpg 150w\" sizes=\"auto, (max-width: 300px) 100vw, 300px\" \/><\/div><div class=\"mec-event-time mec-color\"><span class=\"mec-sl-clock-o\"><\/span> Todo el d\u00eda<\/div><div class=\"mec-event-title\"><a class=\"mec-color-hover\"  data-event-id=\"72488\" href=\"https:\/\/turismevalles.com\/es\/events\/feria-de-antiguedades-y-brocanteros-en-caldes-de-montbui\/\" target=\"_self\" rel=\"noopener\">Feria de antig\u00fcedades y brocanteros en Caldes de Montbui<\/a><span class=\"event-color\" style=\"background: #fdd700\"><\/span><\/div><div class=\"mec-event-detail\"><div class=\"mec-event-loc-place\"><\/div><\/div><\/article>        <script type=\"application\/ld+json\">\r\n        {\r\n            \"@context\": \"http:\/\/schema.org\",\r\n            \"@type\": \"Event\",\r\n            \"eventStatus\": \"https:\/\/schema.org\/EventScheduled\",\r\n            \"startDate\": \"2026-09-20\",\r\n            \"endDate\": \"2026-10-04\",\r\n            \"eventAttendanceMode\": \"https:\/\/schema.org\/OfflineEventAttendanceMode\",\r\n            \"location\":\r\n            {\r\n                \"@type\": \"Place\",\r\n                                \"name\": \"\",\r\n                \"image\": \"\",\r\n                \"address\": \"\"\r\n                            },\r\n            \"organizer\":\r\n            {\r\n                \"@type\": \"Person\",\r\n                \"name\": \"\",\r\n                \"url\": \"\"\r\n            },\r\n            \"offers\":\r\n            {\r\n                \"url\": \"https:\/\/turismevalles.com\/es\/events\/viii-festival-de-jazz-en-bigues-i-riells-del-fai\/\",\r\n                \"price\": \"\",\r\n                \"priceCurrency\": \"$\",\r\n                \"availability\": \"https:\/\/schema.org\/InStock\",\r\n                \"validFrom\": \"2026-09-20T00:00\"\r\n            },\r\n            \"performer\": \"\",\r\n            \"description\": \"Para m\u00e1s informaci\u00f3n, &lt;a href=&quot;https:\/\/www.biguesiriells.cat\/ca\/actualitat-2\/agenda-1\/x-festival-jazz-bigues-riells-del-fai-marta-duran-quartet-1400.htm&quot;&gt;clica aqui&lt;\/a&gt;\",\r\n            \"image\": \"https:\/\/turismevalles.com\/wp-content\/uploads\/2023\/08\/biRdelF_page-0001.jpg\",\r\n            \"name\": \"XI Festival de Jazz en Bigues i Riells del Fai\",\r\n            \"url\": \"https:\/\/turismevalles.com\/es\/events\/viii-festival-de-jazz-en-bigues-i-riells-del-fai\/\"\r\n        }\r\n        <\/script>\r\n        <article class=\"mec-event-article \"><div class=\"mec-event-image\"><img loading=\"lazy\" decoding=\"async\" width=\"300\" height=\"300\" src=\"https:\/\/turismevalles.com\/wp-content\/uploads\/2023\/08\/biRdelF_page-0001-300x300.jpg\" class=\"attachment-thumblist size-thumblist wp-post-image\" alt=\"\" data-mec-postid=\"28281\" srcset=\"https:\/\/turismevalles.com\/wp-content\/uploads\/2023\/08\/biRdelF_page-0001-300x300.jpg 300w, https:\/\/turismevalles.com\/wp-content\/uploads\/2023\/08\/biRdelF_page-0001-150x150.jpg 150w\" sizes=\"auto, (max-width: 300px) 100vw, 300px\" \/><\/div><div class=\"mec-event-time mec-color\"><span class=\"mec-sl-clock-o\"><\/span> Todo el d\u00eda<\/div><div class=\"mec-event-title\"><a class=\"mec-color-hover\"  data-event-id=\"28281\" href=\"https:\/\/turismevalles.com\/es\/events\/viii-festival-de-jazz-en-bigues-i-riells-del-fai\/\" target=\"_self\" rel=\"noopener\">XI Festival de Jazz en Bigues i Riells del Fai<\/a><span class=\"event-color\" style=\"background: #fdd700\"><\/span><\/div><div class=\"mec-event-detail\"><div class=\"mec-event-loc-place\"><\/div><\/div><\/article>        <script type=\"application\/ld+json\">\r\n        {\r\n            \"@context\": \"http:\/\/schema.org\",\r\n            \"@type\": \"Event\",\r\n            \"eventStatus\": \"https:\/\/schema.org\/EventScheduled\",\r\n            \"startDate\": \"2026-09-20\",\r\n            \"endDate\": \"2026-09-20\",\r\n            \"eventAttendanceMode\": \"https:\/\/schema.org\/OfflineEventAttendanceMode\",\r\n            \"location\":\r\n            {\r\n                \"@type\": \"Place\",\r\n                                \"name\": \"\",\r\n                \"image\": \"\",\r\n                \"address\": \"\"\r\n                            },\r\n            \"organizer\":\r\n            {\r\n                \"@type\": \"Person\",\r\n                \"name\": \"\",\r\n                \"url\": \"\"\r\n            },\r\n            \"offers\":\r\n            {\r\n                \"url\": \"https:\/\/turismevalles.com\/es\/events\/festa-major-de-corro-davall-a-les-franqueses-del-valles\/\",\r\n                \"price\": \"\",\r\n                \"priceCurrency\": \"$\",\r\n                \"availability\": \"https:\/\/schema.org\/InStock\",\r\n                \"validFrom\": \"2026-09-20T00:00\"\r\n            },\r\n            \"performer\": \"\",\r\n            \"description\": \"Para m\u00e1s informaci\u00f3n, &lt;a href=&quot;https:\/\/www-lesfranqueses-cat.translate.goog\/actualitat\/agenda\/agenda-dactivitats\/19947-festa-major-de-corro-davall.html?_x_tr_sl=ca&amp;_x_tr_tl=es&amp;_x_tr_hl=esie%3DUTF-8&quot;&gt;clicar aqu\u00ed&lt;\/a&gt;\",\r\n            \"image\": \"https:\/\/turismevalles.com\/wp-content\/uploads\/2023\/08\/Banner-900x330-fm2026-Franqueses.jpg\",\r\n            \"name\": \"Fiesta Mayor de Corr\u00f3 d&#8217;Avall en Les Franqueses del Vall\u00e8s\",\r\n            \"url\": \"https:\/\/turismevalles.com\/es\/events\/festa-major-de-corro-davall-a-les-franqueses-del-valles\/\"\r\n        }\r\n        <\/script>\r\n        <article class=\"mec-event-article \"><div class=\"mec-event-image\"><img loading=\"lazy\" decoding=\"async\" width=\"300\" height=\"300\" src=\"https:\/\/turismevalles.com\/wp-content\/uploads\/2023\/08\/Banner-900x330-fm2026-Franqueses-300x300.jpg\" class=\"attachment-thumblist size-thumblist wp-post-image\" alt=\"\" data-mec-postid=\"43450\" srcset=\"https:\/\/turismevalles.com\/wp-content\/uploads\/2023\/08\/Banner-900x330-fm2026-Franqueses-300x300.jpg 300w, https:\/\/turismevalles.com\/wp-content\/uploads\/2023\/08\/Banner-900x330-fm2026-Franqueses-150x150.jpg 150w\" sizes=\"auto, (max-width: 300px) 100vw, 300px\" \/><\/div><div class=\"mec-event-time mec-color\"><span class=\"mec-sl-clock-o\"><\/span> Todo el d\u00eda<\/div><div class=\"mec-event-title\"><a class=\"mec-color-hover\"  data-event-id=\"43450\" href=\"https:\/\/turismevalles.com\/es\/events\/festa-major-de-corro-davall-a-les-franqueses-del-valles\/\" target=\"_self\" rel=\"noopener\">Fiesta Mayor de Corr\u00f3 d&#8217;Avall en Les Franqueses del Vall\u00e8s<\/a><span class=\"event-color\" style=\"background: #fdd700\"><\/span><\/div><div class=\"mec-event-detail\"><div class=\"mec-event-loc-place\"><\/div><\/div><\/article>        <script type=\"application\/ld+json\">\r\n        {\r\n            \"@context\": \"http:\/\/schema.org\",\r\n            \"@type\": \"Event\",\r\n            \"eventStatus\": \"https:\/\/schema.org\/EventScheduled\",\r\n            \"startDate\": \"2026-09-20\",\r\n            \"endDate\": \"2026-09-20\",\r\n            \"eventAttendanceMode\": \"https:\/\/schema.org\/OfflineEventAttendanceMode\",\r\n            \"location\":\r\n            {\r\n                \"@type\": \"Place\",\r\n                                \"name\": \"\",\r\n                \"image\": \"\",\r\n                \"address\": \"\"\r\n                            },\r\n            \"organizer\":\r\n            {\r\n                \"@type\": \"Person\",\r\n                \"name\": \"\",\r\n                \"url\": \"\"\r\n            },\r\n            \"offers\":\r\n            {\r\n                \"url\": \"https:\/\/turismevalles.com\/es\/events\/24h-de-barcelona-trofeo-fermi-velez-en-el-circuit-barcelona-catalunya-montmelo\/\",\r\n                \"price\": \"\",\r\n                \"priceCurrency\": \"$\",\r\n                \"availability\": \"https:\/\/schema.org\/InStock\",\r\n                \"validFrom\": \"2026-09-20T00:00\"\r\n            },\r\n            \"performer\": \"\",\r\n            \"description\": \"Para m\u00e1s informaci\u00f3n, &lt;a href=&quot;https:\/\/www.circuitcat.com\/es\/event_type\/24-horas-de-barcelona-trofeo-fermi-velez\/&quot;&gt;clicar aqu\u00ed&lt;\/a&gt;\",\r\n            \"image\": \"https:\/\/turismevalles.com\/wp-content\/uploads\/2025\/08\/circuit.jpg\",\r\n            \"name\": \"24h de Barcelona: Trofeo Ferm\u00ed V\u00e9lez en el Circuit Barcelona- Catalunya ( Montmel\u00f3)\",\r\n            \"url\": \"https:\/\/turismevalles.com\/es\/events\/24h-de-barcelona-trofeo-fermi-velez-en-el-circuit-barcelona-catalunya-montmelo\/\"\r\n        }\r\n        <\/script>\r\n        <article class=\"mec-event-article \"><div class=\"mec-event-image\"><img loading=\"lazy\" decoding=\"async\" width=\"300\" height=\"300\" src=\"https:\/\/turismevalles.com\/wp-content\/uploads\/2025\/08\/circuit-300x300.jpg\" class=\"attachment-thumblist size-thumblist wp-post-image\" alt=\"\" data-mec-postid=\"65194\" srcset=\"https:\/\/turismevalles.com\/wp-content\/uploads\/2025\/08\/circuit-300x300.jpg 300w, https:\/\/turismevalles.com\/wp-content\/uploads\/2025\/08\/circuit-150x150.jpg 150w\" sizes=\"auto, (max-width: 300px) 100vw, 300px\" \/><\/div><div class=\"mec-event-time mec-color\"><span class=\"mec-sl-clock-o\"><\/span> Todo el d\u00eda<\/div><div class=\"mec-event-title\"><a class=\"mec-color-hover\"  data-event-id=\"65194\" href=\"https:\/\/turismevalles.com\/es\/events\/24h-de-barcelona-trofeo-fermi-velez-en-el-circuit-barcelona-catalunya-montmelo\/\" target=\"_self\" rel=\"noopener\">24h de Barcelona: Trofeo Ferm\u00ed V\u00e9lez en el Circuit Barcelona- Catalunya ( Montmel\u00f3)<\/a><span class=\"event-color\" style=\"background: #fdd700\"><\/span><\/div><div class=\"mec-event-detail\"><div class=\"mec-event-loc-place\"><\/div><\/div><\/article>        <script type=\"application\/ld+json\">\r\n        {\r\n            \"@context\": \"http:\/\/schema.org\",\r\n            \"@type\": \"Event\",\r\n            \"eventStatus\": \"https:\/\/schema.org\/EventScheduled\",\r\n            \"startDate\": \"2026-09-20\",\r\n            \"endDate\": \"2026-09-22\",\r\n            \"eventAttendanceMode\": \"https:\/\/schema.org\/OfflineEventAttendanceMode\",\r\n            \"location\":\r\n            {\r\n                \"@type\": \"Place\",\r\n                                \"name\": \"\",\r\n                \"image\": \"\",\r\n                \"address\": \"\"\r\n                            },\r\n            \"organizer\":\r\n            {\r\n                \"@type\": \"Person\",\r\n                \"name\": \"\",\r\n                \"url\": \"\"\r\n            },\r\n            \"offers\":\r\n            {\r\n                \"url\": \"https:\/\/turismevalles.com\/es\/events\/semana-europea-en-el-valles-oriental\/\",\r\n                \"price\": \"\",\r\n                \"priceCurrency\": \"$\",\r\n                \"availability\": \"https:\/\/schema.org\/InStock\",\r\n                \"validFrom\": \"2026-09-20T00:00\"\r\n            },\r\n            \"performer\": \"\",\r\n            \"description\": \"Para m\u00e1s informaci\u00f3n, &lt;a href=&quot;https:\/\/territori.gencat.cat\/ca\/03_infraestructures_i_mobilitat\/sem\/index.html#googtrans(ca|es)&quot;&gt;clicar aqu\u00ed&lt;\/a&gt;\",\r\n            \"image\": \"https:\/\/turismevalles.com\/wp-content\/uploads\/2025\/08\/Setmana_mobilitat_eambient_1000x563.jpg\",\r\n            \"name\": \"Semana Europea en el Vall\u00e8s Oriental\",\r\n            \"url\": \"https:\/\/turismevalles.com\/es\/events\/semana-europea-en-el-valles-oriental\/\"\r\n        }\r\n        <\/script>\r\n        <article class=\"mec-event-article \"><div class=\"mec-event-image\"><img loading=\"lazy\" decoding=\"async\" width=\"300\" height=\"300\" src=\"https:\/\/turismevalles.com\/wp-content\/uploads\/2025\/08\/Setmana_mobilitat_eambient_1000x563-300x300.jpg\" class=\"attachment-thumblist size-thumblist wp-post-image\" alt=\"\" data-mec-postid=\"65227\" srcset=\"https:\/\/turismevalles.com\/wp-content\/uploads\/2025\/08\/Setmana_mobilitat_eambient_1000x563-300x300.jpg 300w, https:\/\/turismevalles.com\/wp-content\/uploads\/2025\/08\/Setmana_mobilitat_eambient_1000x563-150x150.jpg 150w\" sizes=\"auto, (max-width: 300px) 100vw, 300px\" \/><\/div><div class=\"mec-event-time mec-color\"><span class=\"mec-sl-clock-o\"><\/span> Todo el d\u00eda<\/div><div class=\"mec-event-title\"><a class=\"mec-color-hover\"  data-event-id=\"65227\" href=\"https:\/\/turismevalles.com\/es\/events\/semana-europea-en-el-valles-oriental\/\" target=\"_self\" rel=\"noopener\">Semana Europea en el Vall\u00e8s Oriental<\/a><span class=\"event-color\" style=\"background: #fdd700\"><\/span><\/div><div class=\"mec-event-detail\"><div class=\"mec-event-loc-place\"><\/div><\/div><\/article>        <script type=\"application\/ld+json\">\r\n        {\r\n            \"@context\": \"http:\/\/schema.org\",\r\n            \"@type\": \"Event\",\r\n            \"eventStatus\": \"https:\/\/schema.org\/EventScheduled\",\r\n            \"startDate\": \"2026-09-20\",\r\n            \"endDate\": \"2026-09-21\",\r\n            \"eventAttendanceMode\": \"https:\/\/schema.org\/OfflineEventAttendanceMode\",\r\n            \"location\":\r\n            {\r\n                \"@type\": \"Place\",\r\n                                \"name\": \"\",\r\n                \"image\": \"\",\r\n                \"address\": \"\"\r\n                            },\r\n            \"organizer\":\r\n            {\r\n                \"@type\": \"Person\",\r\n                \"name\": \"\",\r\n                \"url\": \"\"\r\n            },\r\n            \"offers\":\r\n            {\r\n                \"url\": \"https:\/\/turismevalles.com\/es\/events\/fiesta-mayor-en-montornes-del-valles\/\",\r\n                \"price\": \"\",\r\n                \"priceCurrency\": \"$\",\r\n                \"availability\": \"https:\/\/schema.org\/InStock\",\r\n                \"validFrom\": \"2026-09-20T00:00\"\r\n            },\r\n            \"performer\": \"\",\r\n            \"description\": \"Para m\u00e1s informaci\u00f3n, &lt;a href=&quot;https:\/\/www.montornes.cat\/&quot;&gt;clicar aqu\u00ed&lt;\/a&gt;\",\r\n            \"image\": \"https:\/\/turismevalles.com\/wp-content\/uploads\/2025\/09\/Montornes.jpg\",\r\n            \"name\": \"Fiesta Mayor en Montorn\u00e8s del Vall\u00e8s\",\r\n            \"url\": \"https:\/\/turismevalles.com\/es\/events\/fiesta-mayor-en-montornes-del-valles\/\"\r\n        }\r\n        <\/script>\r\n        <article class=\"mec-event-article \"><div class=\"mec-event-image\"><img loading=\"lazy\" decoding=\"async\" width=\"300\" height=\"300\" src=\"https:\/\/turismevalles.com\/wp-content\/uploads\/2025\/09\/Montornes-300x300.jpg\" class=\"attachment-thumblist size-thumblist wp-post-image\" alt=\"\" data-mec-postid=\"65393\" srcset=\"https:\/\/turismevalles.com\/wp-content\/uploads\/2025\/09\/Montornes-300x300.jpg 300w, https:\/\/turismevalles.com\/wp-content\/uploads\/2025\/09\/Montornes-150x150.jpg 150w\" sizes=\"auto, (max-width: 300px) 100vw, 300px\" \/><\/div><div class=\"mec-event-time mec-color\"><span class=\"mec-sl-clock-o\"><\/span> Todo el d\u00eda<\/div><div class=\"mec-event-title\"><a class=\"mec-color-hover\"  data-event-id=\"65393\" href=\"https:\/\/turismevalles.com\/es\/events\/fiesta-mayor-en-montornes-del-valles\/\" target=\"_self\" rel=\"noopener\">Fiesta Mayor en Montorn\u00e8s del Vall\u00e8s<\/a><span class=\"event-color\" style=\"background: #fdd700\"><\/span><\/div><div class=\"mec-event-detail\"><div class=\"mec-event-loc-place\"><\/div><\/div><\/article>        <script type=\"application\/ld+json\">\r\n        {\r\n            \"@context\": \"http:\/\/schema.org\",\r\n            \"@type\": \"Event\",\r\n            \"eventStatus\": \"https:\/\/schema.org\/EventScheduled\",\r\n            \"startDate\": \"2026-09-20\",\r\n            \"endDate\": \"2026-12-14\",\r\n            \"eventAttendanceMode\": \"https:\/\/schema.org\/OfflineEventAttendanceMode\",\r\n            \"location\":\r\n            {\r\n                \"@type\": \"Place\",\r\n                                \"name\": \"\",\r\n                \"image\": \"\",\r\n                \"address\": \"\"\r\n                            },\r\n            \"organizer\":\r\n            {\r\n                \"@type\": \"Person\",\r\n                \"name\": \"\",\r\n                \"url\": \"\"\r\n            },\r\n            \"offers\":\r\n            {\r\n                \"url\": \"https:\/\/turismevalles.com\/es\/events\/recorrerrido-por-sant-miquel-del-fai-bigues-i-riells-del-fai\/\",\r\n                \"price\": \"\",\r\n                \"priceCurrency\": \"$\",\r\n                \"availability\": \"https:\/\/schema.org\/InStock\",\r\n                \"validFrom\": \"2026-09-20T00:00\"\r\n            },\r\n            \"performer\": \"\",\r\n            \"description\": \"Para m\u00e1s informaci\u00f3n,&lt;a href=&quot;https:\/\/parcs.diba.cat\/es\/web\/agenda\/-\/cingles-de-berti-recorregut-per-sant-miquel-del-fai?utm_source=agenda&amp;utm_medium=correu&amp;utm_content=cingles-de-berti-recorregut-per-sant-miquel-del-fai&amp;utm_campaign=501&quot;&gt; clicar aqu\u00ed&lt;\/a&gt;    &nbsp;\",\r\n            \"image\": \"https:\/\/turismevalles.com\/wp-content\/uploads\/2026\/03\/RecorregutSMF.jpg\",\r\n            \"name\": \"Recorrerrido por Sant Miquel del Fai- Bigues i Riells del Fai_Sant Feliu de Codines\",\r\n            \"url\": \"https:\/\/turismevalles.com\/es\/events\/recorrerrido-por-sant-miquel-del-fai-bigues-i-riells-del-fai\/\"\r\n        }\r\n        <\/script>\r\n        <article class=\"mec-event-article \"><div class=\"mec-event-image\"><img loading=\"lazy\" decoding=\"async\" width=\"300\" height=\"300\" src=\"https:\/\/turismevalles.com\/wp-content\/uploads\/2026\/03\/RecorregutSMF-300x300.jpg\" class=\"attachment-thumblist size-thumblist wp-post-image\" alt=\"\" data-mec-postid=\"68822\" srcset=\"https:\/\/turismevalles.com\/wp-content\/uploads\/2026\/03\/RecorregutSMF-300x300.jpg 300w, https:\/\/turismevalles.com\/wp-content\/uploads\/2026\/03\/RecorregutSMF-150x150.jpg 150w\" sizes=\"auto, (max-width: 300px) 100vw, 300px\" \/><\/div><div class=\"mec-event-time mec-color\"><span class=\"mec-sl-clock-o\"><\/span> Todo el d\u00eda<\/div><div class=\"mec-event-title\"><a class=\"mec-color-hover\"  data-event-id=\"68822\" href=\"https:\/\/turismevalles.com\/es\/events\/recorrerrido-por-sant-miquel-del-fai-bigues-i-riells-del-fai\/\" target=\"_self\" rel=\"noopener\">Recorrerrido por Sant Miquel del Fai- Bigues i Riells del Fai_Sant Feliu de Codines<\/a><span class=\"event-color\" style=\"background: #fdd700\"><\/span><\/div><div class=\"mec-event-detail\"><div class=\"mec-event-loc-place\"><\/div><\/div><\/article>        <script type=\"application\/ld+json\">\r\n        {\r\n            \"@context\": \"http:\/\/schema.org\",\r\n            \"@type\": \"Event\",\r\n            \"eventStatus\": \"https:\/\/schema.org\/EventScheduled\",\r\n            \"startDate\": \"2026-09-20\",\r\n            \"endDate\": \"2026-09-20\",\r\n            \"eventAttendanceMode\": \"https:\/\/schema.org\/OfflineEventAttendanceMode\",\r\n            \"location\":\r\n            {\r\n                \"@type\": \"Place\",\r\n                                \"name\": \"\",\r\n                \"image\": \"\",\r\n                \"address\": \"\"\r\n                            },\r\n            \"organizer\":\r\n            {\r\n                \"@type\": \"Person\",\r\n                \"name\": \"\",\r\n                \"url\": \"\"\r\n            },\r\n            \"offers\":\r\n            {\r\n                \"url\": \"https:\/\/turismevalles.com\/es\/events\/caminata-riells-del-fai-puiggracios-bigues-i-riells-del-fai\/\",\r\n                \"price\": \"\",\r\n                \"priceCurrency\": \"$\",\r\n                \"availability\": \"https:\/\/schema.org\/InStock\",\r\n                \"validFrom\": \"2026-09-20T00:00\"\r\n            },\r\n            \"performer\": \"\",\r\n            \"description\": \"Para m\u00e1s informaci\u00f3n, &lt;a href=&quot;https:\/\/gebracb.biguesiriells.cat\/ca\/index.htm&quot;&gt;clicar aqu\u00ed&lt;\/a&gt;\",\r\n            \"image\": \"https:\/\/turismevalles.com\/wp-content\/uploads\/2025\/04\/gebracb-1.jpg\",\r\n            \"name\": \"Caminata: Riells del Fai- Puiggraci\u00f3s ( Bigues i Riells del Fai)\",\r\n            \"url\": \"https:\/\/turismevalles.com\/es\/events\/caminata-riells-del-fai-puiggracios-bigues-i-riells-del-fai\/\"\r\n        }\r\n        <\/script>\r\n        <article class=\"mec-event-article \"><div class=\"mec-event-image\"><img loading=\"lazy\" decoding=\"async\" width=\"300\" height=\"300\" src=\"https:\/\/turismevalles.com\/wp-content\/uploads\/2025\/04\/gebracb-1-300x300.jpg\" class=\"attachment-thumblist size-thumblist wp-post-image\" alt=\"\" data-mec-postid=\"61599\" srcset=\"https:\/\/turismevalles.com\/wp-content\/uploads\/2025\/04\/gebracb-1-300x300.jpg 300w, https:\/\/turismevalles.com\/wp-content\/uploads\/2025\/04\/gebracb-1-150x150.jpg 150w\" sizes=\"auto, (max-width: 300px) 100vw, 300px\" \/><\/div><div class=\"mec-event-time mec-color\"><span class=\"mec-sl-clock-o\"><\/span> Todo el d\u00eda<\/div><div class=\"mec-event-title\"><a class=\"mec-color-hover\"  data-event-id=\"61599\" href=\"https:\/\/turismevalles.com\/es\/events\/caminata-riells-del-fai-puiggracios-bigues-i-riells-del-fai\/\" target=\"_self\" rel=\"noopener\">Caminata: Riells del Fai- Puiggraci\u00f3s ( Bigues i Riells del Fai)<\/a><span class=\"event-color\" style=\"background: #fdd700\"><\/span><\/div><div class=\"mec-event-detail\"><div class=\"mec-event-loc-place\"><\/div><\/div><\/article>        <script type=\"application\/ld+json\">\r\n        {\r\n            \"@context\": \"http:\/\/schema.org\",\r\n            \"@type\": \"Event\",\r\n            \"eventStatus\": \"https:\/\/schema.org\/EventScheduled\",\r\n            \"startDate\": \"2026-09-20\",\r\n            \"endDate\": \"2026-09-20\",\r\n            \"eventAttendanceMode\": \"https:\/\/schema.org\/OfflineEventAttendanceMode\",\r\n            \"location\":\r\n            {\r\n                \"@type\": \"Place\",\r\n                                \"name\": \"\",\r\n                \"image\": \"\",\r\n                \"address\": \"\"\r\n                            },\r\n            \"organizer\":\r\n            {\r\n                \"@type\": \"Person\",\r\n                \"name\": \"\",\r\n                \"url\": \"\"\r\n            },\r\n            \"offers\":\r\n            {\r\n                \"url\": \"https:\/\/turismevalles.com\/es\/events\/marcha-en-el-montseny-sant-celoni\/\",\r\n                \"price\": \"\",\r\n                \"priceCurrency\": \"$\",\r\n                \"availability\": \"https:\/\/schema.org\/InStock\",\r\n                \"validFrom\": \"2026-09-20T00:00\"\r\n            },\r\n            \"performer\": \"\",\r\n            \"description\": \"Para m\u00e1s informaci\u00f3n, &lt;a href=&quot;https:\/\/www-fogarsdemontclus-cat.translate.goog\/actualitat\/agenda\/marxa-pel-montseny.html?_x_tr_sl=ca&amp;_x_tr_tl=es&amp;_x_tr_hl=esie%3DUTF-8&quot;&gt;clicar aqu\u00ed&lt;\/a&gt;\",\r\n            \"image\": \"https:\/\/turismevalles.com\/wp-content\/uploads\/2025\/10\/montseny.jpg\",\r\n            \"name\": \"Marcha en el Montseny ( Sant Celoni)\",\r\n            \"url\": \"https:\/\/turismevalles.com\/es\/events\/marcha-en-el-montseny-sant-celoni\/\"\r\n        }\r\n        <\/script>\r\n        <article class=\"mec-event-article \"><div class=\"mec-event-image\"><img loading=\"lazy\" decoding=\"async\" width=\"183\" height=\"275\" src=\"https:\/\/turismevalles.com\/wp-content\/uploads\/2025\/10\/montseny.jpg\" class=\"attachment-thumblist size-thumblist wp-post-image\" alt=\"\" data-mec-postid=\"65776\" \/><\/div><div class=\"mec-event-time mec-color\"><span class=\"mec-sl-clock-o\"><\/span> Todo el d\u00eda<\/div><div class=\"mec-event-title\"><a class=\"mec-color-hover\"  data-event-id=\"65776\" href=\"https:\/\/turismevalles.com\/es\/events\/marcha-en-el-montseny-sant-celoni\/\" target=\"_self\" rel=\"noopener\">Marcha en el Montseny ( Sant Celoni)<\/a><span class=\"event-color\" style=\"background: #fdd700\"><\/span><\/div><div class=\"mec-event-detail\"><div class=\"mec-event-loc-place\"><\/div><\/div><\/article>        <script type=\"application\/ld+json\">\r\n        {\r\n            \"@context\": \"http:\/\/schema.org\",\r\n            \"@type\": \"Event\",\r\n            \"eventStatus\": \"https:\/\/schema.org\/EventScheduled\",\r\n            \"startDate\": \"2026-09-20\",\r\n            \"endDate\": \"2026-09-20\",\r\n            \"eventAttendanceMode\": \"https:\/\/schema.org\/OfflineEventAttendanceMode\",\r\n            \"location\":\r\n            {\r\n                \"@type\": \"Place\",\r\n                                \"name\": \"\",\r\n                \"image\": \"\",\r\n                \"address\": \"\"\r\n                            },\r\n            \"organizer\":\r\n            {\r\n                \"@type\": \"Person\",\r\n                \"name\": \"\",\r\n                \"url\": \"\"\r\n            },\r\n            \"offers\":\r\n            {\r\n                \"url\": \"https:\/\/turismevalles.com\/es\/events\/caminata-solidaria-contra-el-cancer-en-parets-del-valles\/\",\r\n                \"price\": \"\",\r\n                \"priceCurrency\": \"$\",\r\n                \"availability\": \"https:\/\/schema.org\/InStock\",\r\n                \"validFrom\": \"2026-09-20T00:00\"\r\n            },\r\n            \"performer\": \"\",\r\n            \"description\": \"Para m\u00e1s informaci\u00f3n, &lt;a href=&quot;https:\/\/www.rockthesport.com\/ca\/esdeveniment\/vii-cursa-i-caminada-km-contra-el-cancer-granollers&quot;&gt;clicar aqu\u00ed&lt;\/a&gt;\",\r\n            \"image\": \"https:\/\/turismevalles.com\/wp-content\/uploads\/2026\/02\/Cartell-cursa-Granollers-2026_page-0001-1.jpg\",\r\n            \"name\": \"Caminata Solidaria contra el cancer en Granollers\",\r\n            \"url\": \"https:\/\/turismevalles.com\/es\/events\/caminata-solidaria-contra-el-cancer-en-parets-del-valles\/\"\r\n        }\r\n        <\/script>\r\n        <article class=\"mec-event-article \"><div class=\"mec-event-image\"><img loading=\"lazy\" decoding=\"async\" width=\"300\" height=\"300\" src=\"https:\/\/turismevalles.com\/wp-content\/uploads\/2026\/02\/Cartell-cursa-Granollers-2026_page-0001-1-300x300.jpg\" class=\"attachment-thumblist size-thumblist wp-post-image\" alt=\"\" data-mec-postid=\"67728\" srcset=\"https:\/\/turismevalles.com\/wp-content\/uploads\/2026\/02\/Cartell-cursa-Granollers-2026_page-0001-1-300x300.jpg 300w, https:\/\/turismevalles.com\/wp-content\/uploads\/2026\/02\/Cartell-cursa-Granollers-2026_page-0001-1-150x150.jpg 150w\" sizes=\"auto, (max-width: 300px) 100vw, 300px\" \/><\/div><div class=\"mec-event-time mec-color\"><span class=\"mec-sl-clock-o\"><\/span> Todo el d\u00eda<\/div><div class=\"mec-event-title\"><a class=\"mec-color-hover\"  data-event-id=\"67728\" href=\"https:\/\/turismevalles.com\/es\/events\/caminata-solidaria-contra-el-cancer-en-parets-del-valles\/\" target=\"_self\" rel=\"noopener\">Caminata Solidaria contra el cancer en Granollers<\/a><span class=\"event-color\" style=\"background: #fdd700\"><\/span><\/div><div class=\"mec-event-detail\"><div class=\"mec-event-loc-place\"><\/div><\/div><\/article>        <script type=\"application\/ld+json\">\r\n        {\r\n            \"@context\": \"http:\/\/schema.org\",\r\n            \"@type\": \"Event\",\r\n            \"eventStatus\": \"https:\/\/schema.org\/EventScheduled\",\r\n            \"startDate\": \"2026-09-20\",\r\n            \"endDate\": \"2026-09-20\",\r\n            \"eventAttendanceMode\": \"https:\/\/schema.org\/OfflineEventAttendanceMode\",\r\n            \"location\":\r\n            {\r\n                \"@type\": \"Place\",\r\n                                \"name\": \"\",\r\n                \"image\": \"\",\r\n                \"address\": \"\"\r\n                            },\r\n            \"organizer\":\r\n            {\r\n                \"@type\": \"Person\",\r\n                \"name\": \"\",\r\n                \"url\": \"\"\r\n            },\r\n            \"offers\":\r\n            {\r\n                \"url\": \"https:\/\/turismevalles.com\/es\/events\/enotasto-de-vinos-pansa-blanca-con-chocolates-en-can-roda_-santa-maria-de-martorelles\/\",\r\n                \"price\": \"\",\r\n                \"priceCurrency\": \"$\",\r\n                \"availability\": \"https:\/\/schema.org\/InStock\",\r\n                \"validFrom\": \"2026-09-20T00:00\"\r\n            },\r\n            \"performer\": \"\",\r\n            \"description\": \"Para m\u00e1s informaci\u00f3n, &lt;a href=&quot;https:\/\/www.terrapansablanca.cat\/es\/&quot;&gt;clicar aqu\u00ed&lt;\/a&gt;\",\r\n            \"image\": \"https:\/\/turismevalles.com\/wp-content\/uploads\/2026\/04\/Tast-xocolates-Can-Roda.webp\",\r\n            \"name\": \"EnoTasto de Vinos Pansa Blanca con Chocolates en Can Roda_ Santa Maria de Martorelles\",\r\n            \"url\": \"https:\/\/turismevalles.com\/es\/events\/enotasto-de-vinos-pansa-blanca-con-chocolates-en-can-roda_-santa-maria-de-martorelles\/\"\r\n        }\r\n        <\/script>\r\n        <article class=\"mec-event-article \"><div class=\"mec-event-image\"><img loading=\"lazy\" decoding=\"async\" width=\"300\" height=\"300\" src=\"https:\/\/turismevalles.com\/wp-content\/uploads\/2026\/04\/Tast-xocolates-Can-Roda-300x300.webp\" class=\"attachment-thumblist size-thumblist wp-post-image\" alt=\"\" data-mec-postid=\"69432\" srcset=\"https:\/\/turismevalles.com\/wp-content\/uploads\/2026\/04\/Tast-xocolates-Can-Roda-300x300.webp 300w, https:\/\/turismevalles.com\/wp-content\/uploads\/2026\/04\/Tast-xocolates-Can-Roda-150x150.webp 150w\" sizes=\"auto, (max-width: 300px) 100vw, 300px\" \/><\/div><div class=\"mec-event-time mec-color\"><span class=\"mec-sl-clock-o\"><\/span> Todo el d\u00eda<\/div><div class=\"mec-event-title\"><a class=\"mec-color-hover\"  data-event-id=\"69432\" href=\"https:\/\/turismevalles.com\/es\/events\/enotasto-de-vinos-pansa-blanca-con-chocolates-en-can-roda_-santa-maria-de-martorelles\/\" target=\"_self\" rel=\"noopener\">EnoTasto de Vinos Pansa Blanca con Chocolates en Can Roda_ Santa Maria de Martorelles<\/a><span class=\"event-color\" style=\"background: #fdd700\"><\/span><\/div><div class=\"mec-event-detail\"><div class=\"mec-event-loc-place\"><\/div><\/div><\/article>        <script type=\"application\/ld+json\">\r\n        {\r\n            \"@context\": \"http:\/\/schema.org\",\r\n            \"@type\": \"Event\",\r\n            \"eventStatus\": \"https:\/\/schema.org\/EventScheduled\",\r\n            \"startDate\": \"2026-09-20\",\r\n            \"endDate\": \"2026-09-20\",\r\n            \"eventAttendanceMode\": \"https:\/\/schema.org\/OfflineEventAttendanceMode\",\r\n            \"location\":\r\n            {\r\n                \"@type\": \"Place\",\r\n                                \"name\": \"\",\r\n                \"image\": \"\",\r\n                \"address\": \"\"\r\n                            },\r\n            \"organizer\":\r\n            {\r\n                \"@type\": \"Person\",\r\n                \"name\": \"\",\r\n                \"url\": \"\"\r\n            },\r\n            \"offers\":\r\n            {\r\n                \"url\": \"https:\/\/turismevalles.com\/es\/events\/visites-guiades-al-museu-delger-de-caldes-de-montbui-2\/\",\r\n                \"price\": \"\",\r\n                \"priceCurrency\": \"$\",\r\n                \"availability\": \"https:\/\/schema.org\/InStock\",\r\n                \"validFrom\": \"2026-09-20T00:00\"\r\n            },\r\n            \"performer\": \"\",\r\n            \"description\": \"&lt;span dir=&quot;auto&quot;&gt;De la mano de un gu\u00eda visitar\u00e1 una casa del siglo XVIII, reconvertida en museo por su \u00faltimo propietario, mos\u00e9n Delger. Podr\u00e1 ver dos plantas de la casa donde se evocan los aspectos m\u00e1s cotidianos de la vida de una familia de clase media a lo largo de m\u00e1s de dos siglos.&lt;\/span&gt;  &lt;p align=&quot;justify&quot;&gt;&lt;span dir=&quot;auto&quot;&gt;&lt;span class=&quot;&quot; dir=&quot;auto&quot;&gt;Visitas: segundo y tercer domingo de mes a las 11h. Las jornadas que coincidan con la feria de Navidad y el Mercat de l&#039;Olla no se realizan visitas.&lt;\/span&gt;&lt;\/span&gt;&lt;\/p&gt;  &lt;strong&gt;&lt;span dir=&quot;auto&quot;&gt;&lt;span class=&quot;&quot; dir=&quot;auto&quot;&gt;PRECIO: 3,70 \u20ac&lt;\/span&gt;&lt;\/span&gt;  &lt;\/strong&gt;&lt;strong&gt;&lt;span dir=&quot;auto&quot;&gt;&lt;span class=&quot;&quot; dir=&quot;auto&quot;&gt;DURACI\u00d3N: 50 min aprox.&lt;\/span&gt;&lt;\/span&gt;&lt;\/strong&gt;  &lt;p align=&quot;justify&quot;&gt;&lt;span dir=&quot;auto&quot;&gt;Las visitas saldr\u00e1n desde Thermalia. Museo de Caldes de Montbui\/Oficina de Turismo. Es necesario adquirir las entradas 10 minutos antes del inicio de la visita.&lt;\/span&gt;&lt;\/p&gt;  &lt;p align=&quot;justify&quot;&gt;Info: &lt;a href=&quot;https:\/\/www.visiteucaldes.cat\/03-museu\/visitans-2\/visites-guiades\/&quot;&gt;https:\/\/www.visiteucaldes.cat\/03-museu\/visitans-2\/visites-guiades\/&lt;\/a&gt;&lt;\/p&gt;\",\r\n            \"image\": \"https:\/\/turismevalles.com\/wp-content\/uploads\/2023\/09\/museu-delger-1.jpg\",\r\n            \"name\": \"Visitas guiadas al Museo Delger de Caldes de Montbui\",\r\n            \"url\": \"https:\/\/turismevalles.com\/es\/events\/visites-guiades-al-museu-delger-de-caldes-de-montbui-2\/\"\r\n        }\r\n        <\/script>\r\n        <article class=\"mec-past-event mec-event-article \"><div class=\"mec-event-image\"><img loading=\"lazy\" decoding=\"async\" width=\"300\" height=\"300\" src=\"https:\/\/turismevalles.com\/wp-content\/uploads\/2023\/09\/museu-delger-1-300x300.jpg\" class=\"attachment-thumblist size-thumblist wp-post-image\" alt=\"\" data-mec-postid=\"43719\" srcset=\"https:\/\/turismevalles.com\/wp-content\/uploads\/2023\/09\/museu-delger-1-300x300.jpg 300w, https:\/\/turismevalles.com\/wp-content\/uploads\/2023\/09\/museu-delger-1-150x150.jpg 150w\" sizes=\"auto, (max-width: 300px) 100vw, 300px\" \/><\/div><div class=\"mec-event-time mec-color\"><span class=\"mec-sl-clock-o\"><\/span> 11:00<\/div><div class=\"mec-event-title\"><a class=\"mec-color-hover\"  data-event-id=\"43719\" href=\"https:\/\/turismevalles.com\/es\/events\/visites-guiades-al-museu-delger-de-caldes-de-montbui-2\/\" target=\"_self\" rel=\"noopener\">Visitas guiadas al Museo Delger de Caldes de Montbui<\/a><span class=\"event-color\" style=\"background: #fdd700\"><\/span><\/div><div class=\"mec-event-detail\"><div class=\"mec-event-loc-place\"><\/div><\/div><\/article><\/div><div class=\"mec-calendar-events-sec\" data-mec-cell=\"20260921\" ><div class=\"mec-table-side-title\">Eventos para <span class=\"mec-color mec-table-side-day\"> 21<\/span> septiembre<\/div>        <script type=\"application\/ld+json\">\r\n        {\r\n            \"@context\": \"http:\/\/schema.org\",\r\n            \"@type\": \"Event\",\r\n            \"eventStatus\": \"https:\/\/schema.org\/EventScheduled\",\r\n            \"startDate\": \"2026-09-21\",\r\n            \"endDate\": \"2026-10-04\",\r\n            \"eventAttendanceMode\": \"https:\/\/schema.org\/OfflineEventAttendanceMode\",\r\n            \"location\":\r\n            {\r\n                \"@type\": \"Place\",\r\n                                \"name\": \"\",\r\n                \"image\": \"\",\r\n                \"address\": \"\"\r\n                            },\r\n            \"organizer\":\r\n            {\r\n                \"@type\": \"Person\",\r\n                \"name\": \"\",\r\n                \"url\": \"\"\r\n            },\r\n            \"offers\":\r\n            {\r\n                \"url\": \"https:\/\/turismevalles.com\/es\/events\/viii-festival-de-jazz-en-bigues-i-riells-del-fai\/\",\r\n                \"price\": \"\",\r\n                \"priceCurrency\": \"$\",\r\n                \"availability\": \"https:\/\/schema.org\/InStock\",\r\n                \"validFrom\": \"2026-09-21T00:00\"\r\n            },\r\n            \"performer\": \"\",\r\n            \"description\": \"Para m\u00e1s informaci\u00f3n, &lt;a href=&quot;https:\/\/www.biguesiriells.cat\/ca\/actualitat-2\/agenda-1\/x-festival-jazz-bigues-riells-del-fai-marta-duran-quartet-1400.htm&quot;&gt;clica aqui&lt;\/a&gt;\",\r\n            \"image\": \"https:\/\/turismevalles.com\/wp-content\/uploads\/2023\/08\/biRdelF_page-0001.jpg\",\r\n            \"name\": \"XI Festival de Jazz en Bigues i Riells del Fai\",\r\n            \"url\": \"https:\/\/turismevalles.com\/es\/events\/viii-festival-de-jazz-en-bigues-i-riells-del-fai\/\"\r\n        }\r\n        <\/script>\r\n        <article class=\"mec-event-article \"><div class=\"mec-event-image\"><img loading=\"lazy\" decoding=\"async\" width=\"300\" height=\"300\" src=\"https:\/\/turismevalles.com\/wp-content\/uploads\/2023\/08\/biRdelF_page-0001-300x300.jpg\" class=\"attachment-thumblist size-thumblist wp-post-image\" alt=\"\" data-mec-postid=\"28281\" srcset=\"https:\/\/turismevalles.com\/wp-content\/uploads\/2023\/08\/biRdelF_page-0001-300x300.jpg 300w, https:\/\/turismevalles.com\/wp-content\/uploads\/2023\/08\/biRdelF_page-0001-150x150.jpg 150w\" sizes=\"auto, (max-width: 300px) 100vw, 300px\" \/><\/div><div class=\"mec-event-time mec-color\"><span class=\"mec-sl-clock-o\"><\/span> Todo el d\u00eda<\/div><div class=\"mec-event-title\"><a class=\"mec-color-hover\"  data-event-id=\"28281\" href=\"https:\/\/turismevalles.com\/es\/events\/viii-festival-de-jazz-en-bigues-i-riells-del-fai\/\" target=\"_self\" rel=\"noopener\">XI Festival de Jazz en Bigues i Riells del Fai<\/a><span class=\"event-color\" style=\"background: #fdd700\"><\/span><\/div><div class=\"mec-event-detail\"><div class=\"mec-event-loc-place\"><\/div><\/div><\/article>        <script type=\"application\/ld+json\">\r\n        {\r\n            \"@context\": \"http:\/\/schema.org\",\r\n            \"@type\": \"Event\",\r\n            \"eventStatus\": \"https:\/\/schema.org\/EventScheduled\",\r\n            \"startDate\": \"2026-09-21\",\r\n            \"endDate\": \"2026-09-22\",\r\n            \"eventAttendanceMode\": \"https:\/\/schema.org\/OfflineEventAttendanceMode\",\r\n            \"location\":\r\n            {\r\n                \"@type\": \"Place\",\r\n                                \"name\": \"\",\r\n                \"image\": \"\",\r\n                \"address\": \"\"\r\n                            },\r\n            \"organizer\":\r\n            {\r\n                \"@type\": \"Person\",\r\n                \"name\": \"\",\r\n                \"url\": \"\"\r\n            },\r\n            \"offers\":\r\n            {\r\n                \"url\": \"https:\/\/turismevalles.com\/es\/events\/semana-europea-en-el-valles-oriental\/\",\r\n                \"price\": \"\",\r\n                \"priceCurrency\": \"$\",\r\n                \"availability\": \"https:\/\/schema.org\/InStock\",\r\n                \"validFrom\": \"2026-09-21T00:00\"\r\n            },\r\n            \"performer\": \"\",\r\n            \"description\": \"Para m\u00e1s informaci\u00f3n, &lt;a href=&quot;https:\/\/territori.gencat.cat\/ca\/03_infraestructures_i_mobilitat\/sem\/index.html#googtrans(ca|es)&quot;&gt;clicar aqu\u00ed&lt;\/a&gt;\",\r\n            \"image\": \"https:\/\/turismevalles.com\/wp-content\/uploads\/2025\/08\/Setmana_mobilitat_eambient_1000x563.jpg\",\r\n            \"name\": \"Semana Europea en el Vall\u00e8s Oriental\",\r\n            \"url\": \"https:\/\/turismevalles.com\/es\/events\/semana-europea-en-el-valles-oriental\/\"\r\n        }\r\n        <\/script>\r\n        <article class=\"mec-event-article \"><div class=\"mec-event-image\"><img loading=\"lazy\" decoding=\"async\" width=\"300\" height=\"300\" src=\"https:\/\/turismevalles.com\/wp-content\/uploads\/2025\/08\/Setmana_mobilitat_eambient_1000x563-300x300.jpg\" class=\"attachment-thumblist size-thumblist wp-post-image\" alt=\"\" data-mec-postid=\"65227\" srcset=\"https:\/\/turismevalles.com\/wp-content\/uploads\/2025\/08\/Setmana_mobilitat_eambient_1000x563-300x300.jpg 300w, https:\/\/turismevalles.com\/wp-content\/uploads\/2025\/08\/Setmana_mobilitat_eambient_1000x563-150x150.jpg 150w\" sizes=\"auto, (max-width: 300px) 100vw, 300px\" \/><\/div><div class=\"mec-event-time mec-color\"><span class=\"mec-sl-clock-o\"><\/span> Todo el d\u00eda<\/div><div class=\"mec-event-title\"><a class=\"mec-color-hover\"  data-event-id=\"65227\" href=\"https:\/\/turismevalles.com\/es\/events\/semana-europea-en-el-valles-oriental\/\" target=\"_self\" rel=\"noopener\">Semana Europea en el Vall\u00e8s Oriental<\/a><span class=\"event-color\" style=\"background: #fdd700\"><\/span><\/div><div class=\"mec-event-detail\"><div class=\"mec-event-loc-place\"><\/div><\/div><\/article>        <script type=\"application\/ld+json\">\r\n        {\r\n            \"@context\": \"http:\/\/schema.org\",\r\n            \"@type\": \"Event\",\r\n            \"eventStatus\": \"https:\/\/schema.org\/EventScheduled\",\r\n            \"startDate\": \"2026-09-21\",\r\n            \"endDate\": \"2026-09-21\",\r\n            \"eventAttendanceMode\": \"https:\/\/schema.org\/OfflineEventAttendanceMode\",\r\n            \"location\":\r\n            {\r\n                \"@type\": \"Place\",\r\n                                \"name\": \"\",\r\n                \"image\": \"\",\r\n                \"address\": \"\"\r\n                            },\r\n            \"organizer\":\r\n            {\r\n                \"@type\": \"Person\",\r\n                \"name\": \"\",\r\n                \"url\": \"\"\r\n            },\r\n            \"offers\":\r\n            {\r\n                \"url\": \"https:\/\/turismevalles.com\/es\/events\/fiesta-mayor-en-montornes-del-valles\/\",\r\n                \"price\": \"\",\r\n                \"priceCurrency\": \"$\",\r\n                \"availability\": \"https:\/\/schema.org\/InStock\",\r\n                \"validFrom\": \"2026-09-21T00:00\"\r\n            },\r\n            \"performer\": \"\",\r\n            \"description\": \"Para m\u00e1s informaci\u00f3n, &lt;a href=&quot;https:\/\/www.montornes.cat\/&quot;&gt;clicar aqu\u00ed&lt;\/a&gt;\",\r\n            \"image\": \"https:\/\/turismevalles.com\/wp-content\/uploads\/2025\/09\/Montornes.jpg\",\r\n            \"name\": \"Fiesta Mayor en Montorn\u00e8s del Vall\u00e8s\",\r\n            \"url\": \"https:\/\/turismevalles.com\/es\/events\/fiesta-mayor-en-montornes-del-valles\/\"\r\n        }\r\n        <\/script>\r\n        <article class=\"mec-event-article \"><div class=\"mec-event-image\"><img loading=\"lazy\" decoding=\"async\" width=\"300\" height=\"300\" src=\"https:\/\/turismevalles.com\/wp-content\/uploads\/2025\/09\/Montornes-300x300.jpg\" class=\"attachment-thumblist size-thumblist wp-post-image\" alt=\"\" data-mec-postid=\"65393\" srcset=\"https:\/\/turismevalles.com\/wp-content\/uploads\/2025\/09\/Montornes-300x300.jpg 300w, https:\/\/turismevalles.com\/wp-content\/uploads\/2025\/09\/Montornes-150x150.jpg 150w\" sizes=\"auto, (max-width: 300px) 100vw, 300px\" \/><\/div><div class=\"mec-event-time mec-color\"><span class=\"mec-sl-clock-o\"><\/span> Todo el d\u00eda<\/div><div class=\"mec-event-title\"><a class=\"mec-color-hover\"  data-event-id=\"65393\" href=\"https:\/\/turismevalles.com\/es\/events\/fiesta-mayor-en-montornes-del-valles\/\" target=\"_self\" rel=\"noopener\">Fiesta Mayor en Montorn\u00e8s del Vall\u00e8s<\/a><span class=\"event-color\" style=\"background: #fdd700\"><\/span><\/div><div class=\"mec-event-detail\"><div class=\"mec-event-loc-place\"><\/div><\/div><\/article>        <script type=\"application\/ld+json\">\r\n        {\r\n            \"@context\": \"http:\/\/schema.org\",\r\n            \"@type\": \"Event\",\r\n            \"eventStatus\": \"https:\/\/schema.org\/EventScheduled\",\r\n            \"startDate\": \"2026-09-21\",\r\n            \"endDate\": \"2026-12-14\",\r\n            \"eventAttendanceMode\": \"https:\/\/schema.org\/OfflineEventAttendanceMode\",\r\n            \"location\":\r\n            {\r\n                \"@type\": \"Place\",\r\n                                \"name\": \"\",\r\n                \"image\": \"\",\r\n                \"address\": \"\"\r\n                            },\r\n            \"organizer\":\r\n            {\r\n                \"@type\": \"Person\",\r\n                \"name\": \"\",\r\n                \"url\": \"\"\r\n            },\r\n            \"offers\":\r\n            {\r\n                \"url\": \"https:\/\/turismevalles.com\/es\/events\/recorrerrido-por-sant-miquel-del-fai-bigues-i-riells-del-fai\/\",\r\n                \"price\": \"\",\r\n                \"priceCurrency\": \"$\",\r\n                \"availability\": \"https:\/\/schema.org\/InStock\",\r\n                \"validFrom\": \"2026-09-21T00:00\"\r\n            },\r\n            \"performer\": \"\",\r\n            \"description\": \"Para m\u00e1s informaci\u00f3n,&lt;a href=&quot;https:\/\/parcs.diba.cat\/es\/web\/agenda\/-\/cingles-de-berti-recorregut-per-sant-miquel-del-fai?utm_source=agenda&amp;utm_medium=correu&amp;utm_content=cingles-de-berti-recorregut-per-sant-miquel-del-fai&amp;utm_campaign=501&quot;&gt; clicar aqu\u00ed&lt;\/a&gt;    &nbsp;\",\r\n            \"image\": \"https:\/\/turismevalles.com\/wp-content\/uploads\/2026\/03\/RecorregutSMF.jpg\",\r\n            \"name\": \"Recorrerrido por Sant Miquel del Fai- Bigues i Riells del Fai_Sant Feliu de Codines\",\r\n            \"url\": \"https:\/\/turismevalles.com\/es\/events\/recorrerrido-por-sant-miquel-del-fai-bigues-i-riells-del-fai\/\"\r\n        }\r\n        <\/script>\r\n        <article class=\"mec-event-article \"><div class=\"mec-event-image\"><img loading=\"lazy\" decoding=\"async\" width=\"300\" height=\"300\" src=\"https:\/\/turismevalles.com\/wp-content\/uploads\/2026\/03\/RecorregutSMF-300x300.jpg\" class=\"attachment-thumblist size-thumblist wp-post-image\" alt=\"\" data-mec-postid=\"68822\" srcset=\"https:\/\/turismevalles.com\/wp-content\/uploads\/2026\/03\/RecorregutSMF-300x300.jpg 300w, https:\/\/turismevalles.com\/wp-content\/uploads\/2026\/03\/RecorregutSMF-150x150.jpg 150w\" sizes=\"auto, (max-width: 300px) 100vw, 300px\" \/><\/div><div class=\"mec-event-time mec-color\"><span class=\"mec-sl-clock-o\"><\/span> Todo el d\u00eda<\/div><div class=\"mec-event-title\"><a class=\"mec-color-hover\"  data-event-id=\"68822\" href=\"https:\/\/turismevalles.com\/es\/events\/recorrerrido-por-sant-miquel-del-fai-bigues-i-riells-del-fai\/\" target=\"_self\" rel=\"noopener\">Recorrerrido por Sant Miquel del Fai- Bigues i Riells del Fai_Sant Feliu de Codines<\/a><span class=\"event-color\" style=\"background: #fdd700\"><\/span><\/div><div class=\"mec-event-detail\"><div class=\"mec-event-loc-place\"><\/div><\/div><\/article><\/div><div class=\"mec-calendar-events-sec\" data-mec-cell=\"20260922\" ><div class=\"mec-table-side-title\">Eventos para <span class=\"mec-color mec-table-side-day\"> 22<\/span> septiembre<\/div>        <script type=\"application\/ld+json\">\r\n        {\r\n            \"@context\": \"http:\/\/schema.org\",\r\n            \"@type\": \"Event\",\r\n            \"eventStatus\": \"https:\/\/schema.org\/EventScheduled\",\r\n            \"startDate\": \"2026-09-22\",\r\n            \"endDate\": \"2026-10-04\",\r\n            \"eventAttendanceMode\": \"https:\/\/schema.org\/OfflineEventAttendanceMode\",\r\n            \"location\":\r\n            {\r\n                \"@type\": \"Place\",\r\n                                \"name\": \"\",\r\n                \"image\": \"\",\r\n                \"address\": \"\"\r\n                            },\r\n            \"organizer\":\r\n            {\r\n                \"@type\": \"Person\",\r\n                \"name\": \"\",\r\n                \"url\": \"\"\r\n            },\r\n            \"offers\":\r\n            {\r\n                \"url\": \"https:\/\/turismevalles.com\/es\/events\/viii-festival-de-jazz-en-bigues-i-riells-del-fai\/\",\r\n                \"price\": \"\",\r\n                \"priceCurrency\": \"$\",\r\n                \"availability\": \"https:\/\/schema.org\/InStock\",\r\n                \"validFrom\": \"2026-09-22T00:00\"\r\n            },\r\n            \"performer\": \"\",\r\n            \"description\": \"Para m\u00e1s informaci\u00f3n, &lt;a href=&quot;https:\/\/www.biguesiriells.cat\/ca\/actualitat-2\/agenda-1\/x-festival-jazz-bigues-riells-del-fai-marta-duran-quartet-1400.htm&quot;&gt;clica aqui&lt;\/a&gt;\",\r\n            \"image\": \"https:\/\/turismevalles.com\/wp-content\/uploads\/2023\/08\/biRdelF_page-0001.jpg\",\r\n            \"name\": \"XI Festival de Jazz en Bigues i Riells del Fai\",\r\n            \"url\": \"https:\/\/turismevalles.com\/es\/events\/viii-festival-de-jazz-en-bigues-i-riells-del-fai\/\"\r\n        }\r\n        <\/script>\r\n        <article class=\"mec-event-article \"><div class=\"mec-event-image\"><img loading=\"lazy\" decoding=\"async\" width=\"300\" height=\"300\" src=\"https:\/\/turismevalles.com\/wp-content\/uploads\/2023\/08\/biRdelF_page-0001-300x300.jpg\" class=\"attachment-thumblist size-thumblist wp-post-image\" alt=\"\" data-mec-postid=\"28281\" srcset=\"https:\/\/turismevalles.com\/wp-content\/uploads\/2023\/08\/biRdelF_page-0001-300x300.jpg 300w, https:\/\/turismevalles.com\/wp-content\/uploads\/2023\/08\/biRdelF_page-0001-150x150.jpg 150w\" sizes=\"auto, (max-width: 300px) 100vw, 300px\" \/><\/div><div class=\"mec-event-time mec-color\"><span class=\"mec-sl-clock-o\"><\/span> Todo el d\u00eda<\/div><div class=\"mec-event-title\"><a class=\"mec-color-hover\"  data-event-id=\"28281\" href=\"https:\/\/turismevalles.com\/es\/events\/viii-festival-de-jazz-en-bigues-i-riells-del-fai\/\" target=\"_self\" rel=\"noopener\">XI Festival de Jazz en Bigues i Riells del Fai<\/a><span class=\"event-color\" style=\"background: #fdd700\"><\/span><\/div><div class=\"mec-event-detail\"><div class=\"mec-event-loc-place\"><\/div><\/div><\/article>        <script type=\"application\/ld+json\">\r\n        {\r\n            \"@context\": \"http:\/\/schema.org\",\r\n            \"@type\": \"Event\",\r\n            \"eventStatus\": \"https:\/\/schema.org\/EventScheduled\",\r\n            \"startDate\": \"2026-09-22\",\r\n            \"endDate\": \"2026-09-22\",\r\n            \"eventAttendanceMode\": \"https:\/\/schema.org\/OfflineEventAttendanceMode\",\r\n            \"location\":\r\n            {\r\n                \"@type\": \"Place\",\r\n                                \"name\": \"\",\r\n                \"image\": \"\",\r\n                \"address\": \"\"\r\n                            },\r\n            \"organizer\":\r\n            {\r\n                \"@type\": \"Person\",\r\n                \"name\": \"\",\r\n                \"url\": \"\"\r\n            },\r\n            \"offers\":\r\n            {\r\n                \"url\": \"https:\/\/turismevalles.com\/es\/events\/semana-europea-en-el-valles-oriental\/\",\r\n                \"price\": \"\",\r\n                \"priceCurrency\": \"$\",\r\n                \"availability\": \"https:\/\/schema.org\/InStock\",\r\n                \"validFrom\": \"2026-09-22T00:00\"\r\n            },\r\n            \"performer\": \"\",\r\n            \"description\": \"Para m\u00e1s informaci\u00f3n, &lt;a href=&quot;https:\/\/territori.gencat.cat\/ca\/03_infraestructures_i_mobilitat\/sem\/index.html#googtrans(ca|es)&quot;&gt;clicar aqu\u00ed&lt;\/a&gt;\",\r\n            \"image\": \"https:\/\/turismevalles.com\/wp-content\/uploads\/2025\/08\/Setmana_mobilitat_eambient_1000x563.jpg\",\r\n            \"name\": \"Semana Europea en el Vall\u00e8s Oriental\",\r\n            \"url\": \"https:\/\/turismevalles.com\/es\/events\/semana-europea-en-el-valles-oriental\/\"\r\n        }\r\n        <\/script>\r\n        <article class=\"mec-event-article \"><div class=\"mec-event-image\"><img loading=\"lazy\" decoding=\"async\" width=\"300\" height=\"300\" src=\"https:\/\/turismevalles.com\/wp-content\/uploads\/2025\/08\/Setmana_mobilitat_eambient_1000x563-300x300.jpg\" class=\"attachment-thumblist size-thumblist wp-post-image\" alt=\"\" data-mec-postid=\"65227\" srcset=\"https:\/\/turismevalles.com\/wp-content\/uploads\/2025\/08\/Setmana_mobilitat_eambient_1000x563-300x300.jpg 300w, https:\/\/turismevalles.com\/wp-content\/uploads\/2025\/08\/Setmana_mobilitat_eambient_1000x563-150x150.jpg 150w\" sizes=\"auto, (max-width: 300px) 100vw, 300px\" \/><\/div><div class=\"mec-event-time mec-color\"><span class=\"mec-sl-clock-o\"><\/span> Todo el d\u00eda<\/div><div class=\"mec-event-title\"><a class=\"mec-color-hover\"  data-event-id=\"65227\" href=\"https:\/\/turismevalles.com\/es\/events\/semana-europea-en-el-valles-oriental\/\" target=\"_self\" rel=\"noopener\">Semana Europea en el Vall\u00e8s Oriental<\/a><span class=\"event-color\" style=\"background: #fdd700\"><\/span><\/div><div class=\"mec-event-detail\"><div class=\"mec-event-loc-place\"><\/div><\/div><\/article>        <script type=\"application\/ld+json\">\r\n        {\r\n            \"@context\": \"http:\/\/schema.org\",\r\n            \"@type\": \"Event\",\r\n            \"eventStatus\": \"https:\/\/schema.org\/EventScheduled\",\r\n            \"startDate\": \"2026-09-22\",\r\n            \"endDate\": \"2026-12-14\",\r\n            \"eventAttendanceMode\": \"https:\/\/schema.org\/OfflineEventAttendanceMode\",\r\n            \"location\":\r\n            {\r\n                \"@type\": \"Place\",\r\n                                \"name\": \"\",\r\n                \"image\": \"\",\r\n                \"address\": \"\"\r\n                            },\r\n            \"organizer\":\r\n            {\r\n                \"@type\": \"Person\",\r\n                \"name\": \"\",\r\n                \"url\": \"\"\r\n            },\r\n            \"offers\":\r\n            {\r\n                \"url\": \"https:\/\/turismevalles.com\/es\/events\/recorrerrido-por-sant-miquel-del-fai-bigues-i-riells-del-fai\/\",\r\n                \"price\": \"\",\r\n                \"priceCurrency\": \"$\",\r\n                \"availability\": \"https:\/\/schema.org\/InStock\",\r\n                \"validFrom\": \"2026-09-22T00:00\"\r\n            },\r\n            \"performer\": \"\",\r\n            \"description\": \"Para m\u00e1s informaci\u00f3n,&lt;a href=&quot;https:\/\/parcs.diba.cat\/es\/web\/agenda\/-\/cingles-de-berti-recorregut-per-sant-miquel-del-fai?utm_source=agenda&amp;utm_medium=correu&amp;utm_content=cingles-de-berti-recorregut-per-sant-miquel-del-fai&amp;utm_campaign=501&quot;&gt; clicar aqu\u00ed&lt;\/a&gt;    &nbsp;\",\r\n            \"image\": \"https:\/\/turismevalles.com\/wp-content\/uploads\/2026\/03\/RecorregutSMF.jpg\",\r\n            \"name\": \"Recorrerrido por Sant Miquel del Fai- Bigues i Riells del Fai_Sant Feliu de Codines\",\r\n            \"url\": \"https:\/\/turismevalles.com\/es\/events\/recorrerrido-por-sant-miquel-del-fai-bigues-i-riells-del-fai\/\"\r\n        }\r\n        <\/script>\r\n        <article class=\"mec-event-article \"><div class=\"mec-event-image\"><img loading=\"lazy\" decoding=\"async\" width=\"300\" height=\"300\" src=\"https:\/\/turismevalles.com\/wp-content\/uploads\/2026\/03\/RecorregutSMF-300x300.jpg\" class=\"attachment-thumblist size-thumblist wp-post-image\" alt=\"\" data-mec-postid=\"68822\" srcset=\"https:\/\/turismevalles.com\/wp-content\/uploads\/2026\/03\/RecorregutSMF-300x300.jpg 300w, https:\/\/turismevalles.com\/wp-content\/uploads\/2026\/03\/RecorregutSMF-150x150.jpg 150w\" sizes=\"auto, (max-width: 300px) 100vw, 300px\" \/><\/div><div class=\"mec-event-time mec-color\"><span class=\"mec-sl-clock-o\"><\/span> Todo el d\u00eda<\/div><div class=\"mec-event-title\"><a class=\"mec-color-hover\"  data-event-id=\"68822\" href=\"https:\/\/turismevalles.com\/es\/events\/recorrerrido-por-sant-miquel-del-fai-bigues-i-riells-del-fai\/\" target=\"_self\" rel=\"noopener\">Recorrerrido por Sant Miquel del Fai- Bigues i Riells del Fai_Sant Feliu de Codines<\/a><span class=\"event-color\" style=\"background: #fdd700\"><\/span><\/div><div class=\"mec-event-detail\"><div class=\"mec-event-loc-place\"><\/div><\/div><\/article><\/div><div class=\"mec-calendar-events-sec\" data-mec-cell=\"20260923\" ><div class=\"mec-table-side-title\">Eventos para <span class=\"mec-color mec-table-side-day\"> 23<\/span> septiembre<\/div>        <script type=\"application\/ld+json\">\r\n        {\r\n            \"@context\": \"http:\/\/schema.org\",\r\n            \"@type\": \"Event\",\r\n            \"eventStatus\": \"https:\/\/schema.org\/EventScheduled\",\r\n            \"startDate\": \"2026-09-23\",\r\n            \"endDate\": \"2026-10-04\",\r\n            \"eventAttendanceMode\": \"https:\/\/schema.org\/OfflineEventAttendanceMode\",\r\n            \"location\":\r\n            {\r\n                \"@type\": \"Place\",\r\n                                \"name\": \"\",\r\n                \"image\": \"\",\r\n                \"address\": \"\"\r\n                            },\r\n            \"organizer\":\r\n            {\r\n                \"@type\": \"Person\",\r\n                \"name\": \"\",\r\n                \"url\": \"\"\r\n            },\r\n            \"offers\":\r\n            {\r\n                \"url\": \"https:\/\/turismevalles.com\/es\/events\/viii-festival-de-jazz-en-bigues-i-riells-del-fai\/\",\r\n                \"price\": \"\",\r\n                \"priceCurrency\": \"$\",\r\n                \"availability\": \"https:\/\/schema.org\/InStock\",\r\n                \"validFrom\": \"2026-09-23T00:00\"\r\n            },\r\n            \"performer\": \"\",\r\n            \"description\": \"Para m\u00e1s informaci\u00f3n, &lt;a href=&quot;https:\/\/www.biguesiriells.cat\/ca\/actualitat-2\/agenda-1\/x-festival-jazz-bigues-riells-del-fai-marta-duran-quartet-1400.htm&quot;&gt;clica aqui&lt;\/a&gt;\",\r\n            \"image\": \"https:\/\/turismevalles.com\/wp-content\/uploads\/2023\/08\/biRdelF_page-0001.jpg\",\r\n            \"name\": \"XI Festival de Jazz en Bigues i Riells del Fai\",\r\n            \"url\": \"https:\/\/turismevalles.com\/es\/events\/viii-festival-de-jazz-en-bigues-i-riells-del-fai\/\"\r\n        }\r\n        <\/script>\r\n        <article class=\"mec-event-article \"><div class=\"mec-event-image\"><img loading=\"lazy\" decoding=\"async\" width=\"300\" height=\"300\" src=\"https:\/\/turismevalles.com\/wp-content\/uploads\/2023\/08\/biRdelF_page-0001-300x300.jpg\" class=\"attachment-thumblist size-thumblist wp-post-image\" alt=\"\" data-mec-postid=\"28281\" srcset=\"https:\/\/turismevalles.com\/wp-content\/uploads\/2023\/08\/biRdelF_page-0001-300x300.jpg 300w, https:\/\/turismevalles.com\/wp-content\/uploads\/2023\/08\/biRdelF_page-0001-150x150.jpg 150w\" sizes=\"auto, (max-width: 300px) 100vw, 300px\" \/><\/div><div class=\"mec-event-time mec-color\"><span class=\"mec-sl-clock-o\"><\/span> Todo el d\u00eda<\/div><div class=\"mec-event-title\"><a class=\"mec-color-hover\"  data-event-id=\"28281\" href=\"https:\/\/turismevalles.com\/es\/events\/viii-festival-de-jazz-en-bigues-i-riells-del-fai\/\" target=\"_self\" rel=\"noopener\">XI Festival de Jazz en Bigues i Riells del Fai<\/a><span class=\"event-color\" style=\"background: #fdd700\"><\/span><\/div><div class=\"mec-event-detail\"><div class=\"mec-event-loc-place\"><\/div><\/div><\/article>        <script type=\"application\/ld+json\">\r\n        {\r\n            \"@context\": \"http:\/\/schema.org\",\r\n            \"@type\": \"Event\",\r\n            \"eventStatus\": \"https:\/\/schema.org\/EventScheduled\",\r\n            \"startDate\": \"2026-09-23\",\r\n            \"endDate\": \"2026-12-14\",\r\n            \"eventAttendanceMode\": \"https:\/\/schema.org\/OfflineEventAttendanceMode\",\r\n            \"location\":\r\n            {\r\n                \"@type\": \"Place\",\r\n                                \"name\": \"\",\r\n                \"image\": \"\",\r\n                \"address\": \"\"\r\n                            },\r\n            \"organizer\":\r\n            {\r\n                \"@type\": \"Person\",\r\n                \"name\": \"\",\r\n                \"url\": \"\"\r\n            },\r\n            \"offers\":\r\n            {\r\n                \"url\": \"https:\/\/turismevalles.com\/es\/events\/recorrerrido-por-sant-miquel-del-fai-bigues-i-riells-del-fai\/\",\r\n                \"price\": \"\",\r\n                \"priceCurrency\": \"$\",\r\n                \"availability\": \"https:\/\/schema.org\/InStock\",\r\n                \"validFrom\": \"2026-09-23T00:00\"\r\n            },\r\n            \"performer\": \"\",\r\n            \"description\": \"Para m\u00e1s informaci\u00f3n,&lt;a href=&quot;https:\/\/parcs.diba.cat\/es\/web\/agenda\/-\/cingles-de-berti-recorregut-per-sant-miquel-del-fai?utm_source=agenda&amp;utm_medium=correu&amp;utm_content=cingles-de-berti-recorregut-per-sant-miquel-del-fai&amp;utm_campaign=501&quot;&gt; clicar aqu\u00ed&lt;\/a&gt;    &nbsp;\",\r\n            \"image\": \"https:\/\/turismevalles.com\/wp-content\/uploads\/2026\/03\/RecorregutSMF.jpg\",\r\n            \"name\": \"Recorrerrido por Sant Miquel del Fai- Bigues i Riells del Fai_Sant Feliu de Codines\",\r\n            \"url\": \"https:\/\/turismevalles.com\/es\/events\/recorrerrido-por-sant-miquel-del-fai-bigues-i-riells-del-fai\/\"\r\n        }\r\n        <\/script>\r\n        <article class=\"mec-event-article \"><div class=\"mec-event-image\"><img loading=\"lazy\" decoding=\"async\" width=\"300\" height=\"300\" src=\"https:\/\/turismevalles.com\/wp-content\/uploads\/2026\/03\/RecorregutSMF-300x300.jpg\" class=\"attachment-thumblist size-thumblist wp-post-image\" alt=\"\" data-mec-postid=\"68822\" srcset=\"https:\/\/turismevalles.com\/wp-content\/uploads\/2026\/03\/RecorregutSMF-300x300.jpg 300w, https:\/\/turismevalles.com\/wp-content\/uploads\/2026\/03\/RecorregutSMF-150x150.jpg 150w\" sizes=\"auto, (max-width: 300px) 100vw, 300px\" \/><\/div><div class=\"mec-event-time mec-color\"><span class=\"mec-sl-clock-o\"><\/span> Todo el d\u00eda<\/div><div class=\"mec-event-title\"><a class=\"mec-color-hover\"  data-event-id=\"68822\" href=\"https:\/\/turismevalles.com\/es\/events\/recorrerrido-por-sant-miquel-del-fai-bigues-i-riells-del-fai\/\" target=\"_self\" rel=\"noopener\">Recorrerrido por Sant Miquel del Fai- Bigues i Riells del Fai_Sant Feliu de Codines<\/a><span class=\"event-color\" style=\"background: #fdd700\"><\/span><\/div><div class=\"mec-event-detail\"><div class=\"mec-event-loc-place\"><\/div><\/div><\/article><\/div><div class=\"mec-calendar-events-sec\" data-mec-cell=\"20260924\" ><div class=\"mec-table-side-title\">Eventos para <span class=\"mec-color mec-table-side-day\"> 24<\/span> septiembre<\/div>        <script type=\"application\/ld+json\">\r\n        {\r\n            \"@context\": \"http:\/\/schema.org\",\r\n            \"@type\": \"Event\",\r\n            \"eventStatus\": \"https:\/\/schema.org\/EventScheduled\",\r\n            \"startDate\": \"2026-09-24\",\r\n            \"endDate\": \"2026-10-04\",\r\n            \"eventAttendanceMode\": \"https:\/\/schema.org\/OfflineEventAttendanceMode\",\r\n            \"location\":\r\n            {\r\n                \"@type\": \"Place\",\r\n                                \"name\": \"\",\r\n                \"image\": \"\",\r\n                \"address\": \"\"\r\n                            },\r\n            \"organizer\":\r\n            {\r\n                \"@type\": \"Person\",\r\n                \"name\": \"\",\r\n                \"url\": \"\"\r\n            },\r\n            \"offers\":\r\n            {\r\n                \"url\": \"https:\/\/turismevalles.com\/es\/events\/viii-festival-de-jazz-en-bigues-i-riells-del-fai\/\",\r\n                \"price\": \"\",\r\n                \"priceCurrency\": \"$\",\r\n                \"availability\": \"https:\/\/schema.org\/InStock\",\r\n                \"validFrom\": \"2026-09-24T00:00\"\r\n            },\r\n            \"performer\": \"\",\r\n            \"description\": \"Para m\u00e1s informaci\u00f3n, &lt;a href=&quot;https:\/\/www.biguesiriells.cat\/ca\/actualitat-2\/agenda-1\/x-festival-jazz-bigues-riells-del-fai-marta-duran-quartet-1400.htm&quot;&gt;clica aqui&lt;\/a&gt;\",\r\n            \"image\": \"https:\/\/turismevalles.com\/wp-content\/uploads\/2023\/08\/biRdelF_page-0001.jpg\",\r\n            \"name\": \"XI Festival de Jazz en Bigues i Riells del Fai\",\r\n            \"url\": \"https:\/\/turismevalles.com\/es\/events\/viii-festival-de-jazz-en-bigues-i-riells-del-fai\/\"\r\n        }\r\n        <\/script>\r\n        <article class=\"mec-event-article \"><div class=\"mec-event-image\"><img loading=\"lazy\" decoding=\"async\" width=\"300\" height=\"300\" src=\"https:\/\/turismevalles.com\/wp-content\/uploads\/2023\/08\/biRdelF_page-0001-300x300.jpg\" class=\"attachment-thumblist size-thumblist wp-post-image\" alt=\"\" data-mec-postid=\"28281\" srcset=\"https:\/\/turismevalles.com\/wp-content\/uploads\/2023\/08\/biRdelF_page-0001-300x300.jpg 300w, https:\/\/turismevalles.com\/wp-content\/uploads\/2023\/08\/biRdelF_page-0001-150x150.jpg 150w\" sizes=\"auto, (max-width: 300px) 100vw, 300px\" \/><\/div><div class=\"mec-event-time mec-color\"><span class=\"mec-sl-clock-o\"><\/span> Todo el d\u00eda<\/div><div class=\"mec-event-title\"><a class=\"mec-color-hover\"  data-event-id=\"28281\" href=\"https:\/\/turismevalles.com\/es\/events\/viii-festival-de-jazz-en-bigues-i-riells-del-fai\/\" target=\"_self\" rel=\"noopener\">XI Festival de Jazz en Bigues i Riells del Fai<\/a><span class=\"event-color\" style=\"background: #fdd700\"><\/span><\/div><div class=\"mec-event-detail\"><div class=\"mec-event-loc-place\"><\/div><\/div><\/article>        <script type=\"application\/ld+json\">\r\n        {\r\n            \"@context\": \"http:\/\/schema.org\",\r\n            \"@type\": \"Event\",\r\n            \"eventStatus\": \"https:\/\/schema.org\/EventScheduled\",\r\n            \"startDate\": \"2026-09-24\",\r\n            \"endDate\": \"2026-12-14\",\r\n            \"eventAttendanceMode\": \"https:\/\/schema.org\/OfflineEventAttendanceMode\",\r\n            \"location\":\r\n            {\r\n                \"@type\": \"Place\",\r\n                                \"name\": \"\",\r\n                \"image\": \"\",\r\n                \"address\": \"\"\r\n                            },\r\n            \"organizer\":\r\n            {\r\n                \"@type\": \"Person\",\r\n                \"name\": \"\",\r\n                \"url\": \"\"\r\n            },\r\n            \"offers\":\r\n            {\r\n                \"url\": \"https:\/\/turismevalles.com\/es\/events\/recorrerrido-por-sant-miquel-del-fai-bigues-i-riells-del-fai\/\",\r\n                \"price\": \"\",\r\n                \"priceCurrency\": \"$\",\r\n                \"availability\": \"https:\/\/schema.org\/InStock\",\r\n                \"validFrom\": \"2026-09-24T00:00\"\r\n            },\r\n            \"performer\": \"\",\r\n            \"description\": \"Para m\u00e1s informaci\u00f3n,&lt;a href=&quot;https:\/\/parcs.diba.cat\/es\/web\/agenda\/-\/cingles-de-berti-recorregut-per-sant-miquel-del-fai?utm_source=agenda&amp;utm_medium=correu&amp;utm_content=cingles-de-berti-recorregut-per-sant-miquel-del-fai&amp;utm_campaign=501&quot;&gt; clicar aqu\u00ed&lt;\/a&gt;    &nbsp;\",\r\n            \"image\": \"https:\/\/turismevalles.com\/wp-content\/uploads\/2026\/03\/RecorregutSMF.jpg\",\r\n            \"name\": \"Recorrerrido por Sant Miquel del Fai- Bigues i Riells del Fai_Sant Feliu de Codines\",\r\n            \"url\": \"https:\/\/turismevalles.com\/es\/events\/recorrerrido-por-sant-miquel-del-fai-bigues-i-riells-del-fai\/\"\r\n        }\r\n        <\/script>\r\n        <article class=\"mec-event-article \"><div class=\"mec-event-image\"><img loading=\"lazy\" decoding=\"async\" width=\"300\" height=\"300\" src=\"https:\/\/turismevalles.com\/wp-content\/uploads\/2026\/03\/RecorregutSMF-300x300.jpg\" class=\"attachment-thumblist size-thumblist wp-post-image\" alt=\"\" data-mec-postid=\"68822\" srcset=\"https:\/\/turismevalles.com\/wp-content\/uploads\/2026\/03\/RecorregutSMF-300x300.jpg 300w, https:\/\/turismevalles.com\/wp-content\/uploads\/2026\/03\/RecorregutSMF-150x150.jpg 150w\" sizes=\"auto, (max-width: 300px) 100vw, 300px\" \/><\/div><div class=\"mec-event-time mec-color\"><span class=\"mec-sl-clock-o\"><\/span> Todo el d\u00eda<\/div><div class=\"mec-event-title\"><a class=\"mec-color-hover\"  data-event-id=\"68822\" href=\"https:\/\/turismevalles.com\/es\/events\/recorrerrido-por-sant-miquel-del-fai-bigues-i-riells-del-fai\/\" target=\"_self\" rel=\"noopener\">Recorrerrido por Sant Miquel del Fai- Bigues i Riells del Fai_Sant Feliu de Codines<\/a><span class=\"event-color\" style=\"background: #fdd700\"><\/span><\/div><div class=\"mec-event-detail\"><div class=\"mec-event-loc-place\"><\/div><\/div><\/article>        <script type=\"application\/ld+json\">\r\n        {\r\n            \"@context\": \"http:\/\/schema.org\",\r\n            \"@type\": \"Event\",\r\n            \"eventStatus\": \"https:\/\/schema.org\/EventScheduled\",\r\n            \"startDate\": \"2026-09-24\",\r\n            \"endDate\": \"2026-09-24\",\r\n            \"eventAttendanceMode\": \"https:\/\/schema.org\/OfflineEventAttendanceMode\",\r\n            \"location\":\r\n            {\r\n                \"@type\": \"Place\",\r\n                                \"name\": \"\",\r\n                \"image\": \"\",\r\n                \"address\": \"\"\r\n                            },\r\n            \"organizer\":\r\n            {\r\n                \"@type\": \"Person\",\r\n                \"name\": \"\",\r\n                \"url\": \"\"\r\n            },\r\n            \"offers\":\r\n            {\r\n                \"url\": \"https:\/\/turismevalles.com\/es\/events\/3a-edicion-de-juliols-al-xifreda-musica-en-vivo-en-sant-feliu-de-codines\/\",\r\n                \"price\": \"\",\r\n                \"priceCurrency\": \"$\",\r\n                \"availability\": \"https:\/\/schema.org\/InStock\",\r\n                \"validFrom\": \"2026-09-24T00:00\"\r\n            },\r\n            \"performer\": \"\",\r\n            \"description\": \"&lt;a href=&quot;https:\/\/www.santfeliudecodines.cat\/actualitat\/noticies\/en-marxa-la-3a-edicio-de-juliols-al-xifreda-un-cicle-de-concerts-de-musica-en-viu-.html&quot;&gt;Para m\u00e1s informaci\u00f3n, &lt;\/a&gt;\",\r\n            \"image\": \"https:\/\/turismevalles.com\/wp-content\/uploads\/2026\/06\/CARTELL_JULIOLS_A_CAN_XIFREDA_2026_SFC.jpg\",\r\n            \"name\": \"3a edici\u00f3n de Juliols al Xifreda, m\u00fasica en vivo en Sant Feliu de Codines\",\r\n            \"url\": \"https:\/\/turismevalles.com\/es\/events\/3a-edicion-de-juliols-al-xifreda-musica-en-vivo-en-sant-feliu-de-codines\/\"\r\n        }\r\n        <\/script>\r\n        <article class=\"mec-past-event mec-event-article \"><div class=\"mec-event-image\"><img loading=\"lazy\" decoding=\"async\" width=\"300\" height=\"300\" src=\"https:\/\/turismevalles.com\/wp-content\/uploads\/2026\/06\/CARTELL_JULIOLS_A_CAN_XIFREDA_2026_SFC-300x300.jpg\" class=\"attachment-thumblist size-thumblist wp-post-image\" alt=\"\" data-mec-postid=\"71796\" srcset=\"https:\/\/turismevalles.com\/wp-content\/uploads\/2026\/06\/CARTELL_JULIOLS_A_CAN_XIFREDA_2026_SFC-300x300.jpg 300w, https:\/\/turismevalles.com\/wp-content\/uploads\/2026\/06\/CARTELL_JULIOLS_A_CAN_XIFREDA_2026_SFC-150x150.jpg 150w\" sizes=\"auto, (max-width: 300px) 100vw, 300px\" \/><\/div><div class=\"mec-event-time mec-color\"><span class=\"mec-sl-clock-o\"><\/span> Todo el d\u00eda<\/div><div class=\"mec-event-title\"><a class=\"mec-color-hover\"  data-event-id=\"71796\" href=\"https:\/\/turismevalles.com\/es\/events\/3a-edicion-de-juliols-al-xifreda-musica-en-vivo-en-sant-feliu-de-codines\/\" target=\"_self\" rel=\"noopener\">3a edici\u00f3n de Juliols al Xifreda, m\u00fasica en vivo en Sant Feliu de Codines<\/a><span class=\"event-color\" style=\"background: #fdd700\"><\/span><\/div><div class=\"mec-event-detail\"><div class=\"mec-event-loc-place\"><\/div><\/div><\/article><\/div><div class=\"mec-calendar-events-sec\" data-mec-cell=\"20260925\" ><div class=\"mec-table-side-title\">Eventos para <span class=\"mec-color mec-table-side-day\"> 25<\/span> septiembre<\/div>        <script type=\"application\/ld+json\">\r\n        {\r\n            \"@context\": \"http:\/\/schema.org\",\r\n            \"@type\": \"Event\",\r\n            \"eventStatus\": \"https:\/\/schema.org\/EventScheduled\",\r\n            \"startDate\": \"2026-09-25\",\r\n            \"endDate\": \"2026-10-04\",\r\n            \"eventAttendanceMode\": \"https:\/\/schema.org\/OfflineEventAttendanceMode\",\r\n            \"location\":\r\n            {\r\n                \"@type\": \"Place\",\r\n                                \"name\": \"\",\r\n                \"image\": \"\",\r\n                \"address\": \"\"\r\n                            },\r\n            \"organizer\":\r\n            {\r\n                \"@type\": \"Person\",\r\n                \"name\": \"\",\r\n                \"url\": \"\"\r\n            },\r\n            \"offers\":\r\n            {\r\n                \"url\": \"https:\/\/turismevalles.com\/es\/events\/viii-festival-de-jazz-en-bigues-i-riells-del-fai\/\",\r\n                \"price\": \"\",\r\n                \"priceCurrency\": \"$\",\r\n                \"availability\": \"https:\/\/schema.org\/InStock\",\r\n                \"validFrom\": \"2026-09-25T00:00\"\r\n            },\r\n            \"performer\": \"\",\r\n            \"description\": \"Para m\u00e1s informaci\u00f3n, &lt;a href=&quot;https:\/\/www.biguesiriells.cat\/ca\/actualitat-2\/agenda-1\/x-festival-jazz-bigues-riells-del-fai-marta-duran-quartet-1400.htm&quot;&gt;clica aqui&lt;\/a&gt;\",\r\n            \"image\": \"https:\/\/turismevalles.com\/wp-content\/uploads\/2023\/08\/biRdelF_page-0001.jpg\",\r\n            \"name\": \"XI Festival de Jazz en Bigues i Riells del Fai\",\r\n            \"url\": \"https:\/\/turismevalles.com\/es\/events\/viii-festival-de-jazz-en-bigues-i-riells-del-fai\/\"\r\n        }\r\n        <\/script>\r\n        <article class=\"mec-event-article \"><div class=\"mec-event-image\"><img loading=\"lazy\" decoding=\"async\" width=\"300\" height=\"300\" src=\"https:\/\/turismevalles.com\/wp-content\/uploads\/2023\/08\/biRdelF_page-0001-300x300.jpg\" class=\"attachment-thumblist size-thumblist wp-post-image\" alt=\"\" data-mec-postid=\"28281\" srcset=\"https:\/\/turismevalles.com\/wp-content\/uploads\/2023\/08\/biRdelF_page-0001-300x300.jpg 300w, https:\/\/turismevalles.com\/wp-content\/uploads\/2023\/08\/biRdelF_page-0001-150x150.jpg 150w\" sizes=\"auto, (max-width: 300px) 100vw, 300px\" \/><\/div><div class=\"mec-event-time mec-color\"><span class=\"mec-sl-clock-o\"><\/span> Todo el d\u00eda<\/div><div class=\"mec-event-title\"><a class=\"mec-color-hover\"  data-event-id=\"28281\" href=\"https:\/\/turismevalles.com\/es\/events\/viii-festival-de-jazz-en-bigues-i-riells-del-fai\/\" target=\"_self\" rel=\"noopener\">XI Festival de Jazz en Bigues i Riells del Fai<\/a><span class=\"event-color\" style=\"background: #fdd700\"><\/span><\/div><div class=\"mec-event-detail\"><div class=\"mec-event-loc-place\"><\/div><\/div><\/article>        <script type=\"application\/ld+json\">\r\n        {\r\n            \"@context\": \"http:\/\/schema.org\",\r\n            \"@type\": \"Event\",\r\n            \"eventStatus\": \"https:\/\/schema.org\/EventScheduled\",\r\n            \"startDate\": \"2026-09-25\",\r\n            \"endDate\": \"2026-12-14\",\r\n            \"eventAttendanceMode\": \"https:\/\/schema.org\/OfflineEventAttendanceMode\",\r\n            \"location\":\r\n            {\r\n                \"@type\": \"Place\",\r\n                                \"name\": \"\",\r\n                \"image\": \"\",\r\n                \"address\": \"\"\r\n                            },\r\n            \"organizer\":\r\n            {\r\n                \"@type\": \"Person\",\r\n                \"name\": \"\",\r\n                \"url\": \"\"\r\n            },\r\n            \"offers\":\r\n            {\r\n                \"url\": \"https:\/\/turismevalles.com\/es\/events\/recorrerrido-por-sant-miquel-del-fai-bigues-i-riells-del-fai\/\",\r\n                \"price\": \"\",\r\n                \"priceCurrency\": \"$\",\r\n                \"availability\": \"https:\/\/schema.org\/InStock\",\r\n                \"validFrom\": \"2026-09-25T00:00\"\r\n            },\r\n            \"performer\": \"\",\r\n            \"description\": \"Para m\u00e1s informaci\u00f3n,&lt;a href=&quot;https:\/\/parcs.diba.cat\/es\/web\/agenda\/-\/cingles-de-berti-recorregut-per-sant-miquel-del-fai?utm_source=agenda&amp;utm_medium=correu&amp;utm_content=cingles-de-berti-recorregut-per-sant-miquel-del-fai&amp;utm_campaign=501&quot;&gt; clicar aqu\u00ed&lt;\/a&gt;    &nbsp;\",\r\n            \"image\": \"https:\/\/turismevalles.com\/wp-content\/uploads\/2026\/03\/RecorregutSMF.jpg\",\r\n            \"name\": \"Recorrerrido por Sant Miquel del Fai- Bigues i Riells del Fai_Sant Feliu de Codines\",\r\n            \"url\": \"https:\/\/turismevalles.com\/es\/events\/recorrerrido-por-sant-miquel-del-fai-bigues-i-riells-del-fai\/\"\r\n        }\r\n        <\/script>\r\n        <article class=\"mec-event-article \"><div class=\"mec-event-image\"><img loading=\"lazy\" decoding=\"async\" width=\"300\" height=\"300\" src=\"https:\/\/turismevalles.com\/wp-content\/uploads\/2026\/03\/RecorregutSMF-300x300.jpg\" class=\"attachment-thumblist size-thumblist wp-post-image\" alt=\"\" data-mec-postid=\"68822\" srcset=\"https:\/\/turismevalles.com\/wp-content\/uploads\/2026\/03\/RecorregutSMF-300x300.jpg 300w, https:\/\/turismevalles.com\/wp-content\/uploads\/2026\/03\/RecorregutSMF-150x150.jpg 150w\" sizes=\"auto, (max-width: 300px) 100vw, 300px\" \/><\/div><div class=\"mec-event-time mec-color\"><span class=\"mec-sl-clock-o\"><\/span> Todo el d\u00eda<\/div><div class=\"mec-event-title\"><a class=\"mec-color-hover\"  data-event-id=\"68822\" href=\"https:\/\/turismevalles.com\/es\/events\/recorrerrido-por-sant-miquel-del-fai-bigues-i-riells-del-fai\/\" target=\"_self\" rel=\"noopener\">Recorrerrido por Sant Miquel del Fai- Bigues i Riells del Fai_Sant Feliu de Codines<\/a><span class=\"event-color\" style=\"background: #fdd700\"><\/span><\/div><div class=\"mec-event-detail\"><div class=\"mec-event-loc-place\"><\/div><\/div><\/article>        <script type=\"application\/ld+json\">\r\n        {\r\n            \"@context\": \"http:\/\/schema.org\",\r\n            \"@type\": \"Event\",\r\n            \"eventStatus\": \"https:\/\/schema.org\/EventScheduled\",\r\n            \"startDate\": \"2026-09-25\",\r\n            \"endDate\": \"2026-07-03\",\r\n            \"eventAttendanceMode\": \"https:\/\/schema.org\/OfflineEventAttendanceMode\",\r\n            \"location\":\r\n            {\r\n                \"@type\": \"Place\",\r\n                                \"name\": \"\",\r\n                \"image\": \"\",\r\n                \"address\": \"\"\r\n                            },\r\n            \"organizer\":\r\n            {\r\n                \"@type\": \"Person\",\r\n                \"name\": \"\",\r\n                \"url\": \"\"\r\n            },\r\n            \"offers\":\r\n            {\r\n                \"url\": \"https:\/\/turismevalles.com\/es\/events\/directes-al-porxo-conciertos-las-noches-de-los-viernes-de-julio-en-sant-antoni-de-vilamajor\/\",\r\n                \"price\": \"\",\r\n                \"priceCurrency\": \"$\",\r\n                \"availability\": \"https:\/\/schema.org\/InStock\",\r\n                \"validFrom\": \"2026-09-25T00:00\"\r\n            },\r\n            \"performer\": \"\",\r\n            \"description\": \"Para m\u00e1s informaci\u00f3n y consulta del programa, &lt;a href=&quot;https:\/\/www.santantonidevilamajor.cat\/actualitat\/noticies\/programa-directes-al-porxo-2026.html#&quot;&gt;clicar aqu\u00ed&lt;\/a&gt;\",\r\n            \"image\": \"https:\/\/turismevalles.com\/wp-content\/uploads\/2026\/06\/Diseno-sin-titulo20.png\",\r\n            \"name\": \"Directes al Porxo, conciertos las noches de los viernes de julio en Sant Antoni de Vilamajor\",\r\n            \"url\": \"https:\/\/turismevalles.com\/es\/events\/directes-al-porxo-conciertos-las-noches-de-los-viernes-de-julio-en-sant-antoni-de-vilamajor\/\"\r\n        }\r\n        <\/script>\r\n        <article class=\"mec-past-event mec-event-article \"><div class=\"mec-event-image\"><img loading=\"lazy\" decoding=\"async\" width=\"300\" height=\"300\" src=\"https:\/\/turismevalles.com\/wp-content\/uploads\/2026\/06\/Diseno-sin-titulo20-300x300.png\" class=\"attachment-thumblist size-thumblist wp-post-image\" alt=\"\" data-mec-postid=\"71804\" srcset=\"https:\/\/turismevalles.com\/wp-content\/uploads\/2026\/06\/Diseno-sin-titulo20-300x300.png 300w, https:\/\/turismevalles.com\/wp-content\/uploads\/2026\/06\/Diseno-sin-titulo20-1024x1024.png 1024w, https:\/\/turismevalles.com\/wp-content\/uploads\/2026\/06\/Diseno-sin-titulo20-150x150.png 150w, https:\/\/turismevalles.com\/wp-content\/uploads\/2026\/06\/Diseno-sin-titulo20-768x768.png 768w, https:\/\/turismevalles.com\/wp-content\/uploads\/2026\/06\/Diseno-sin-titulo20.png 1080w\" sizes=\"auto, (max-width: 300px) 100vw, 300px\" \/><\/div><div class=\"mec-event-time mec-color\"><span class=\"mec-sl-clock-o\"><\/span> Todo el d\u00eda<\/div><div class=\"mec-event-title\"><a class=\"mec-color-hover\"  data-event-id=\"71804\" href=\"https:\/\/turismevalles.com\/es\/events\/directes-al-porxo-conciertos-las-noches-de-los-viernes-de-julio-en-sant-antoni-de-vilamajor\/\" target=\"_self\" rel=\"noopener\">Directes al Porxo, conciertos las noches de los viernes de julio en Sant Antoni de Vilamajor<\/a><span class=\"event-color\" style=\"background: #fdd700\"><\/span><\/div><div class=\"mec-event-detail\"><div class=\"mec-event-loc-place\"><\/div><\/div><\/article><\/div><div class=\"mec-calendar-events-sec\" data-mec-cell=\"20260926\" ><div class=\"mec-table-side-title\">Eventos para <span class=\"mec-color mec-table-side-day\"> 26<\/span> septiembre<\/div>        <script type=\"application\/ld+json\">\r\n        {\r\n            \"@context\": \"http:\/\/schema.org\",\r\n            \"@type\": \"Event\",\r\n            \"eventStatus\": \"https:\/\/schema.org\/EventScheduled\",\r\n            \"startDate\": \"2026-09-26\",\r\n            \"endDate\": \"2026-09-26\",\r\n            \"eventAttendanceMode\": \"https:\/\/schema.org\/OfflineEventAttendanceMode\",\r\n            \"location\":\r\n            {\r\n                \"@type\": \"Place\",\r\n                                \"name\": \"\",\r\n                \"image\": \"\",\r\n                \"address\": \"\"\r\n                            },\r\n            \"organizer\":\r\n            {\r\n                \"@type\": \"Person\",\r\n                \"name\": \"\",\r\n                \"url\": \"\"\r\n            },\r\n            \"offers\":\r\n            {\r\n                \"url\": \"https:\/\/turismevalles.com\/es\/events\/visperas-de-verano-actividades-de-septiembre-para-disfrutar-del-patrimonio-local-de-la-garriga\/\",\r\n                \"price\": \"\",\r\n                \"priceCurrency\": \"$\",\r\n                \"availability\": \"https:\/\/schema.org\/InStock\",\r\n                \"validFrom\": \"2026-09-26T00:00\"\r\n            },\r\n            \"performer\": \"\",\r\n            \"description\": \"Actividades pensadas para disfrutar del patrimonio local cuando la calor afloja y el d\u00eca se despide.    Para m\u00e1s informaci\u00f3n, &lt;a href=&quot;https:\/\/www.lagarriga.cat\/media\/repository\/\/documents\/noticies\/2026-06\/Activitats_3r_trimestre_CdV.pdf&quot;&gt;clicar aqu\u00ed&lt;\/a&gt;\",\r\n            \"image\": \"https:\/\/turismevalles.com\/wp-content\/uploads\/2026\/07\/Capvespre_la-garriga.jpg\",\r\n            \"name\": \"V\u00edsperas de verano, actividades de septiembre para disfrutar del patrimonio local de la Garriga\",\r\n            \"url\": \"https:\/\/turismevalles.com\/es\/events\/visperas-de-verano-actividades-de-septiembre-para-disfrutar-del-patrimonio-local-de-la-garriga\/\"\r\n        }\r\n        <\/script>\r\n        <article class=\"mec-event-article \"><div class=\"mec-event-image\"><img loading=\"lazy\" decoding=\"async\" width=\"300\" height=\"300\" src=\"https:\/\/turismevalles.com\/wp-content\/uploads\/2026\/07\/Capvespre_la-garriga-300x300.jpg\" class=\"attachment-thumblist size-thumblist wp-post-image\" alt=\"\" data-mec-postid=\"72470\" srcset=\"https:\/\/turismevalles.com\/wp-content\/uploads\/2026\/07\/Capvespre_la-garriga-300x300.jpg 300w, https:\/\/turismevalles.com\/wp-content\/uploads\/2026\/07\/Capvespre_la-garriga-150x150.jpg 150w\" sizes=\"auto, (max-width: 300px) 100vw, 300px\" \/><\/div><div class=\"mec-event-time mec-color\"><span class=\"mec-sl-clock-o\"><\/span> Todo el d\u00eda<\/div><div class=\"mec-event-title\"><a class=\"mec-color-hover\"  data-event-id=\"72470\" href=\"https:\/\/turismevalles.com\/es\/events\/visperas-de-verano-actividades-de-septiembre-para-disfrutar-del-patrimonio-local-de-la-garriga\/\" target=\"_self\" rel=\"noopener\">V\u00edsperas de verano, actividades de septiembre para disfrutar del patrimonio local de la Garriga<\/a><span class=\"event-color\" style=\"background: #fdd700\"><\/span><\/div><div class=\"mec-event-detail\"><div class=\"mec-event-loc-place\"><\/div><\/div><\/article>        <script type=\"application\/ld+json\">\r\n        {\r\n            \"@context\": \"http:\/\/schema.org\",\r\n            \"@type\": \"Event\",\r\n            \"eventStatus\": \"https:\/\/schema.org\/EventScheduled\",\r\n            \"startDate\": \"2026-09-26\",\r\n            \"endDate\": \"2026-10-04\",\r\n            \"eventAttendanceMode\": \"https:\/\/schema.org\/OfflineEventAttendanceMode\",\r\n            \"location\":\r\n            {\r\n                \"@type\": \"Place\",\r\n                                \"name\": \"\",\r\n                \"image\": \"\",\r\n                \"address\": \"\"\r\n                            },\r\n            \"organizer\":\r\n            {\r\n                \"@type\": \"Person\",\r\n                \"name\": \"\",\r\n                \"url\": \"\"\r\n            },\r\n            \"offers\":\r\n            {\r\n                \"url\": \"https:\/\/turismevalles.com\/es\/events\/viii-festival-de-jazz-en-bigues-i-riells-del-fai\/\",\r\n                \"price\": \"\",\r\n                \"priceCurrency\": \"$\",\r\n                \"availability\": \"https:\/\/schema.org\/InStock\",\r\n                \"validFrom\": \"2026-09-26T00:00\"\r\n            },\r\n            \"performer\": \"\",\r\n            \"description\": \"Para m\u00e1s informaci\u00f3n, &lt;a href=&quot;https:\/\/www.biguesiriells.cat\/ca\/actualitat-2\/agenda-1\/x-festival-jazz-bigues-riells-del-fai-marta-duran-quartet-1400.htm&quot;&gt;clica aqui&lt;\/a&gt;\",\r\n            \"image\": \"https:\/\/turismevalles.com\/wp-content\/uploads\/2023\/08\/biRdelF_page-0001.jpg\",\r\n            \"name\": \"XI Festival de Jazz en Bigues i Riells del Fai\",\r\n            \"url\": \"https:\/\/turismevalles.com\/es\/events\/viii-festival-de-jazz-en-bigues-i-riells-del-fai\/\"\r\n        }\r\n        <\/script>\r\n        <article class=\"mec-event-article \"><div class=\"mec-event-image\"><img loading=\"lazy\" decoding=\"async\" width=\"300\" height=\"300\" src=\"https:\/\/turismevalles.com\/wp-content\/uploads\/2023\/08\/biRdelF_page-0001-300x300.jpg\" class=\"attachment-thumblist size-thumblist wp-post-image\" alt=\"\" data-mec-postid=\"28281\" srcset=\"https:\/\/turismevalles.com\/wp-content\/uploads\/2023\/08\/biRdelF_page-0001-300x300.jpg 300w, https:\/\/turismevalles.com\/wp-content\/uploads\/2023\/08\/biRdelF_page-0001-150x150.jpg 150w\" sizes=\"auto, (max-width: 300px) 100vw, 300px\" \/><\/div><div class=\"mec-event-time mec-color\"><span class=\"mec-sl-clock-o\"><\/span> Todo el d\u00eda<\/div><div class=\"mec-event-title\"><a class=\"mec-color-hover\"  data-event-id=\"28281\" href=\"https:\/\/turismevalles.com\/es\/events\/viii-festival-de-jazz-en-bigues-i-riells-del-fai\/\" target=\"_self\" rel=\"noopener\">XI Festival de Jazz en Bigues i Riells del Fai<\/a><span class=\"event-color\" style=\"background: #fdd700\"><\/span><\/div><div class=\"mec-event-detail\"><div class=\"mec-event-loc-place\"><\/div><\/div><\/article>        <script type=\"application\/ld+json\">\r\n        {\r\n            \"@context\": \"http:\/\/schema.org\",\r\n            \"@type\": \"Event\",\r\n            \"eventStatus\": \"https:\/\/schema.org\/EventScheduled\",\r\n            \"startDate\": \"2026-09-26\",\r\n            \"endDate\": \"2026-12-14\",\r\n            \"eventAttendanceMode\": \"https:\/\/schema.org\/OfflineEventAttendanceMode\",\r\n            \"location\":\r\n            {\r\n                \"@type\": \"Place\",\r\n                                \"name\": \"\",\r\n                \"image\": \"\",\r\n                \"address\": \"\"\r\n                            },\r\n            \"organizer\":\r\n            {\r\n                \"@type\": \"Person\",\r\n                \"name\": \"\",\r\n                \"url\": \"\"\r\n            },\r\n            \"offers\":\r\n            {\r\n                \"url\": \"https:\/\/turismevalles.com\/es\/events\/recorrerrido-por-sant-miquel-del-fai-bigues-i-riells-del-fai\/\",\r\n                \"price\": \"\",\r\n                \"priceCurrency\": \"$\",\r\n                \"availability\": \"https:\/\/schema.org\/InStock\",\r\n                \"validFrom\": \"2026-09-26T00:00\"\r\n            },\r\n            \"performer\": \"\",\r\n            \"description\": \"Para m\u00e1s informaci\u00f3n,&lt;a href=&quot;https:\/\/parcs.diba.cat\/es\/web\/agenda\/-\/cingles-de-berti-recorregut-per-sant-miquel-del-fai?utm_source=agenda&amp;utm_medium=correu&amp;utm_content=cingles-de-berti-recorregut-per-sant-miquel-del-fai&amp;utm_campaign=501&quot;&gt; clicar aqu\u00ed&lt;\/a&gt;    &nbsp;\",\r\n            \"image\": \"https:\/\/turismevalles.com\/wp-content\/uploads\/2026\/03\/RecorregutSMF.jpg\",\r\n            \"name\": \"Recorrerrido por Sant Miquel del Fai- Bigues i Riells del Fai_Sant Feliu de Codines\",\r\n            \"url\": \"https:\/\/turismevalles.com\/es\/events\/recorrerrido-por-sant-miquel-del-fai-bigues-i-riells-del-fai\/\"\r\n        }\r\n        <\/script>\r\n        <article class=\"mec-event-article \"><div class=\"mec-event-image\"><img loading=\"lazy\" decoding=\"async\" width=\"300\" height=\"300\" src=\"https:\/\/turismevalles.com\/wp-content\/uploads\/2026\/03\/RecorregutSMF-300x300.jpg\" class=\"attachment-thumblist size-thumblist wp-post-image\" alt=\"\" data-mec-postid=\"68822\" srcset=\"https:\/\/turismevalles.com\/wp-content\/uploads\/2026\/03\/RecorregutSMF-300x300.jpg 300w, https:\/\/turismevalles.com\/wp-content\/uploads\/2026\/03\/RecorregutSMF-150x150.jpg 150w\" sizes=\"auto, (max-width: 300px) 100vw, 300px\" \/><\/div><div class=\"mec-event-time mec-color\"><span class=\"mec-sl-clock-o\"><\/span> Todo el d\u00eda<\/div><div class=\"mec-event-title\"><a class=\"mec-color-hover\"  data-event-id=\"68822\" href=\"https:\/\/turismevalles.com\/es\/events\/recorrerrido-por-sant-miquel-del-fai-bigues-i-riells-del-fai\/\" target=\"_self\" rel=\"noopener\">Recorrerrido por Sant Miquel del Fai- Bigues i Riells del Fai_Sant Feliu de Codines<\/a><span class=\"event-color\" style=\"background: #fdd700\"><\/span><\/div><div class=\"mec-event-detail\"><div class=\"mec-event-loc-place\"><\/div><\/div><\/article>        <script type=\"application\/ld+json\">\r\n        {\r\n            \"@context\": \"http:\/\/schema.org\",\r\n            \"@type\": \"Event\",\r\n            \"eventStatus\": \"https:\/\/schema.org\/EventScheduled\",\r\n            \"startDate\": \"2026-09-26\",\r\n            \"endDate\": \"2026-09-27\",\r\n            \"eventAttendanceMode\": \"https:\/\/schema.org\/OfflineEventAttendanceMode\",\r\n            \"location\":\r\n            {\r\n                \"@type\": \"Place\",\r\n                                \"name\": \"\",\r\n                \"image\": \"\",\r\n                \"address\": \"\"\r\n                            },\r\n            \"organizer\":\r\n            {\r\n                \"@type\": \"Person\",\r\n                \"name\": \"\",\r\n                \"url\": \"\"\r\n            },\r\n            \"offers\":\r\n            {\r\n                \"url\": \"https:\/\/turismevalles.com\/es\/events\/feria-de-la-calabaza-en-sant-feliu-de-codines\/\",\r\n                \"price\": \"\",\r\n                \"priceCurrency\": \"$\",\r\n                \"availability\": \"https:\/\/schema.org\/InStock\",\r\n                \"validFrom\": \"2026-09-26T00:00\"\r\n            },\r\n            \"performer\": \"\",\r\n            \"description\": \"M\u00e1s informaci\u00f3n, &lt;a href=&quot;https:\/\/www-santfeliudecodines-cat.translate.goog\/actualitat\/agenda\/xxi-fira-de-la-carbassa-i-productes-de-la-terra.html?_x_tr_sl=ca&amp;_x_tr_tl=es&amp;_x_tr_hl=esie%3DUTF-8&quot;&gt;clicar aqu\u00ed&lt;\/a&gt;\",\r\n            \"image\": \"https:\/\/turismevalles.com\/wp-content\/uploads\/2023\/09\/2025-09-27_FIRA_CARBASSA_18.jpg\",\r\n            \"name\": \"Feria de la Calabaza en Sant Feliu de Codines\",\r\n            \"url\": \"https:\/\/turismevalles.com\/es\/events\/feria-de-la-calabaza-en-sant-feliu-de-codines\/\"\r\n        }\r\n        <\/script>\r\n        <article class=\"mec-event-article \"><div class=\"mec-event-image\"><img loading=\"lazy\" decoding=\"async\" width=\"300\" height=\"300\" src=\"https:\/\/turismevalles.com\/wp-content\/uploads\/2023\/09\/2025-09-27_FIRA_CARBASSA_18-300x300.jpg\" class=\"attachment-thumblist size-thumblist wp-post-image\" alt=\"\" data-mec-postid=\"58217\" srcset=\"https:\/\/turismevalles.com\/wp-content\/uploads\/2023\/09\/2025-09-27_FIRA_CARBASSA_18-300x300.jpg 300w, https:\/\/turismevalles.com\/wp-content\/uploads\/2023\/09\/2025-09-27_FIRA_CARBASSA_18-150x150.jpg 150w\" sizes=\"auto, (max-width: 300px) 100vw, 300px\" \/><\/div><div class=\"mec-event-time mec-color\"><span class=\"mec-sl-clock-o\"><\/span> Todo el d\u00eda<\/div><div class=\"mec-event-title\"><a class=\"mec-color-hover\"  data-event-id=\"58217\" href=\"https:\/\/turismevalles.com\/es\/events\/feria-de-la-calabaza-en-sant-feliu-de-codines\/\" target=\"_self\" rel=\"noopener\">Feria de la Calabaza en Sant Feliu de Codines<\/a><span class=\"event-color\" style=\"background: #fdd700\"><\/span><\/div><div class=\"mec-event-detail\"><div class=\"mec-event-loc-place\"><\/div><\/div><\/article>        <script type=\"application\/ld+json\">\r\n        {\r\n            \"@context\": \"http:\/\/schema.org\",\r\n            \"@type\": \"Event\",\r\n            \"eventStatus\": \"https:\/\/schema.org\/EventScheduled\",\r\n            \"startDate\": \"2026-09-26\",\r\n            \"endDate\": \"2026-09-26\",\r\n            \"eventAttendanceMode\": \"https:\/\/schema.org\/OfflineEventAttendanceMode\",\r\n            \"location\":\r\n            {\r\n                \"@type\": \"Place\",\r\n                                \"name\": \"\",\r\n                \"image\": \"\",\r\n                \"address\": \"\"\r\n                            },\r\n            \"organizer\":\r\n            {\r\n                \"@type\": \"Person\",\r\n                \"name\": \"\",\r\n                \"url\": \"\"\r\n            },\r\n            \"offers\":\r\n            {\r\n                \"url\": \"https:\/\/turismevalles.com\/es\/events\/visita-guiada-el-campo-de-aviacion-de-rosanes-la-garriga\/\",\r\n                \"price\": \"\",\r\n                \"priceCurrency\": \"$\",\r\n                \"availability\": \"https:\/\/schema.org\/InStock\",\r\n                \"validFrom\": \"2026-09-26T00:00\"\r\n            },\r\n            \"performer\": \"\",\r\n            \"description\": \"Para m\u00e1s informaci\u00f3n, &lt;a href=&quot;https:\/\/www.visitalagarriga.cat\/ca\/itinerari-guiat-el-camp-daviacio-de-rosanes-11&quot;&gt;clicar aqu\u00ed&lt;\/a&gt;\",\r\n            \"image\": \"https:\/\/turismevalles.com\/wp-content\/uploads\/2025\/04\/ruta-rosanes-1.png\",\r\n            \"name\": \"Visita Guiada: El Campo de Aviaci\u00f3n de Rosanes ( La Garriga)\",\r\n            \"url\": \"https:\/\/turismevalles.com\/es\/events\/visita-guiada-el-campo-de-aviacion-de-rosanes-la-garriga\/\"\r\n        }\r\n        <\/script>\r\n        <article class=\"mec-event-article \"><div class=\"mec-event-image\"><img loading=\"lazy\" decoding=\"async\" width=\"300\" height=\"300\" src=\"https:\/\/turismevalles.com\/wp-content\/uploads\/2025\/04\/ruta-rosanes-1-300x300.png\" class=\"attachment-thumblist size-thumblist wp-post-image\" alt=\"\" data-mec-postid=\"61719\" srcset=\"https:\/\/turismevalles.com\/wp-content\/uploads\/2025\/04\/ruta-rosanes-1-300x300.png 300w, https:\/\/turismevalles.com\/wp-content\/uploads\/2025\/04\/ruta-rosanes-1-1024x1024.png 1024w, https:\/\/turismevalles.com\/wp-content\/uploads\/2025\/04\/ruta-rosanes-1-150x150.png 150w, https:\/\/turismevalles.com\/wp-content\/uploads\/2025\/04\/ruta-rosanes-1-768x768.png 768w, https:\/\/turismevalles.com\/wp-content\/uploads\/2025\/04\/ruta-rosanes-1.png 1080w\" sizes=\"auto, (max-width: 300px) 100vw, 300px\" \/><\/div><div class=\"mec-event-time mec-color\"><span class=\"mec-sl-clock-o\"><\/span> Todo el d\u00eda<\/div><div class=\"mec-event-title\"><a class=\"mec-color-hover\"  data-event-id=\"61719\" href=\"https:\/\/turismevalles.com\/es\/events\/visita-guiada-el-campo-de-aviacion-de-rosanes-la-garriga\/\" target=\"_self\" rel=\"noopener\">Visita Guiada: El Campo de Aviaci\u00f3n de Rosanes ( La Garriga)<\/a><span class=\"event-color\" style=\"background: #fdd700\"><\/span><\/div><div class=\"mec-event-detail\"><div class=\"mec-event-loc-place\"><\/div><\/div><\/article>        <script type=\"application\/ld+json\">\r\n        {\r\n            \"@context\": \"http:\/\/schema.org\",\r\n            \"@type\": \"Event\",\r\n            \"eventStatus\": \"https:\/\/schema.org\/EventScheduled\",\r\n            \"startDate\": \"2026-09-26\",\r\n            \"endDate\": \"2026-09-26\",\r\n            \"eventAttendanceMode\": \"https:\/\/schema.org\/OfflineEventAttendanceMode\",\r\n            \"location\":\r\n            {\r\n                \"@type\": \"Place\",\r\n                                \"name\": \"\",\r\n                \"image\": \"\",\r\n                \"address\": \"\"\r\n                            },\r\n            \"organizer\":\r\n            {\r\n                \"@type\": \"Person\",\r\n                \"name\": \"\",\r\n                \"url\": \"\"\r\n            },\r\n            \"offers\":\r\n            {\r\n                \"url\": \"https:\/\/turismevalles.com\/es\/events\/caminada-nocturna-a-gallecs-mollet-del-valles\/\",\r\n                \"price\": \"\",\r\n                \"priceCurrency\": \"$\",\r\n                \"availability\": \"https:\/\/schema.org\/InStock\",\r\n                \"validFrom\": \"2026-09-26T00:00\"\r\n            },\r\n            \"performer\": \"\",\r\n            \"description\": \"Para m\u00e1s informaci\u00f3n, &lt;a href=&quot;https:\/\/cmmollet.cat\/gallecs\/&quot;&gt;clicar aqu\u00ed&lt;\/a&gt;\",\r\n            \"image\": \"https:\/\/turismevalles.com\/wp-content\/uploads\/2022\/08\/nocturna_gallecs_2026.png\",\r\n            \"name\": \"XXIV Caminada Nocturna en Gallecs- Mollet del Vall\u00e8s\",\r\n            \"url\": \"https:\/\/turismevalles.com\/es\/events\/caminada-nocturna-a-gallecs-mollet-del-valles\/\"\r\n        }\r\n        <\/script>\r\n        <article class=\"mec-event-article \"><div class=\"mec-event-image\"><img loading=\"lazy\" decoding=\"async\" width=\"300\" height=\"300\" src=\"https:\/\/turismevalles.com\/wp-content\/uploads\/2022\/08\/nocturna_gallecs_2026-300x300.png\" class=\"attachment-thumblist size-thumblist wp-post-image\" alt=\"\" data-mec-postid=\"21331\" srcset=\"https:\/\/turismevalles.com\/wp-content\/uploads\/2022\/08\/nocturna_gallecs_2026-300x300.png 300w, https:\/\/turismevalles.com\/wp-content\/uploads\/2022\/08\/nocturna_gallecs_2026-150x150.png 150w\" sizes=\"auto, (max-width: 300px) 100vw, 300px\" \/><\/div><div class=\"mec-event-time mec-color\"><span class=\"mec-sl-clock-o\"><\/span> Todo el d\u00eda<\/div><div class=\"mec-event-title\"><a class=\"mec-color-hover\"  data-event-id=\"21331\" href=\"https:\/\/turismevalles.com\/es\/events\/caminada-nocturna-a-gallecs-mollet-del-valles\/\" target=\"_self\" rel=\"noopener\">XXIV Caminada Nocturna en Gallecs- Mollet del Vall\u00e8s<\/a><span class=\"event-color\" style=\"background: #fdd700\"><\/span><\/div><div class=\"mec-event-detail\"><div class=\"mec-event-loc-place\"><\/div><\/div><\/article><\/div><div class=\"mec-calendar-events-sec\" data-mec-cell=\"20260927\" ><div class=\"mec-table-side-title\">Eventos para <span class=\"mec-color mec-table-side-day\"> 27<\/span> septiembre<\/div>        <script type=\"application\/ld+json\">\r\n        {\r\n            \"@context\": \"http:\/\/schema.org\",\r\n            \"@type\": \"Event\",\r\n            \"eventStatus\": \"https:\/\/schema.org\/EventScheduled\",\r\n            \"startDate\": \"2026-09-27\",\r\n            \"endDate\": \"2026-09-27\",\r\n            \"eventAttendanceMode\": \"https:\/\/schema.org\/OfflineEventAttendanceMode\",\r\n            \"location\":\r\n            {\r\n                \"@type\": \"Place\",\r\n                                \"name\": \"\",\r\n                \"image\": \"\",\r\n                \"address\": \"\"\r\n                            },\r\n            \"organizer\":\r\n            {\r\n                \"@type\": \"Person\",\r\n                \"name\": \"\",\r\n                \"url\": \"\"\r\n            },\r\n            \"offers\":\r\n            {\r\n                \"url\": \"https:\/\/turismevalles.com\/es\/events\/visperas-de-domingo-de-verano-actividades-de-septiembre-para-disfrutar-del-patrimonio-local-de-la-garriga\/\",\r\n                \"price\": \"\",\r\n                \"priceCurrency\": \"$\",\r\n                \"availability\": \"https:\/\/schema.org\/InStock\",\r\n                \"validFrom\": \"2026-09-27T00:00\"\r\n            },\r\n            \"performer\": \"\",\r\n            \"description\": \"Actividades pensadas para disfrutar del patrimonio local cuando la calor afloja y el d\u00eca se despide.    Para m\u00e1s informaci\u00f3n, &lt;a href=&quot;https:\/\/www.lagarriga.cat\/media\/repository\/\/documents\/noticies\/2026-06\/Activitats_3r_trimestre_CdV.pdf&quot;&gt;clicar aqu\u00ed&lt;\/a&gt;\",\r\n            \"image\": \"https:\/\/turismevalles.com\/wp-content\/uploads\/2026\/07\/Capvespre_la-garriga.jpg\",\r\n            \"name\": \"V\u00edsperas de domingo de verano, actividades de septiembre para disfrutar del patrimonio local de la Garriga\",\r\n            \"url\": \"https:\/\/turismevalles.com\/es\/events\/visperas-de-domingo-de-verano-actividades-de-septiembre-para-disfrutar-del-patrimonio-local-de-la-garriga\/\"\r\n        }\r\n        <\/script>\r\n        <article class=\"mec-event-article \"><div class=\"mec-event-image\"><img loading=\"lazy\" decoding=\"async\" width=\"300\" height=\"300\" src=\"https:\/\/turismevalles.com\/wp-content\/uploads\/2026\/07\/Capvespre_la-garriga-300x300.jpg\" class=\"attachment-thumblist size-thumblist wp-post-image\" alt=\"\" data-mec-postid=\"72482\" srcset=\"https:\/\/turismevalles.com\/wp-content\/uploads\/2026\/07\/Capvespre_la-garriga-300x300.jpg 300w, https:\/\/turismevalles.com\/wp-content\/uploads\/2026\/07\/Capvespre_la-garriga-150x150.jpg 150w\" sizes=\"auto, (max-width: 300px) 100vw, 300px\" \/><\/div><div class=\"mec-event-time mec-color\"><span class=\"mec-sl-clock-o\"><\/span> Todo el d\u00eda<\/div><div class=\"mec-event-title\"><a class=\"mec-color-hover\"  data-event-id=\"72482\" href=\"https:\/\/turismevalles.com\/es\/events\/visperas-de-domingo-de-verano-actividades-de-septiembre-para-disfrutar-del-patrimonio-local-de-la-garriga\/\" target=\"_self\" rel=\"noopener\">V\u00edsperas de domingo de verano, actividades de septiembre para disfrutar del patrimonio local de la Garriga<\/a><span class=\"event-color\" style=\"background: #fdd700\"><\/span><\/div><div class=\"mec-event-detail\"><div class=\"mec-event-loc-place\"><\/div><\/div><\/article>        <script type=\"application\/ld+json\">\r\n        {\r\n            \"@context\": \"http:\/\/schema.org\",\r\n            \"@type\": \"Event\",\r\n            \"eventStatus\": \"https:\/\/schema.org\/EventScheduled\",\r\n            \"startDate\": \"2026-09-27\",\r\n            \"endDate\": \"2026-10-04\",\r\n            \"eventAttendanceMode\": \"https:\/\/schema.org\/OfflineEventAttendanceMode\",\r\n            \"location\":\r\n            {\r\n                \"@type\": \"Place\",\r\n                                \"name\": \"\",\r\n                \"image\": \"\",\r\n                \"address\": \"\"\r\n                            },\r\n            \"organizer\":\r\n            {\r\n                \"@type\": \"Person\",\r\n                \"name\": \"\",\r\n                \"url\": \"\"\r\n            },\r\n            \"offers\":\r\n            {\r\n                \"url\": \"https:\/\/turismevalles.com\/es\/events\/viii-festival-de-jazz-en-bigues-i-riells-del-fai\/\",\r\n                \"price\": \"\",\r\n                \"priceCurrency\": \"$\",\r\n                \"availability\": \"https:\/\/schema.org\/InStock\",\r\n                \"validFrom\": \"2026-09-27T00:00\"\r\n            },\r\n            \"performer\": \"\",\r\n            \"description\": \"Para m\u00e1s informaci\u00f3n, &lt;a href=&quot;https:\/\/www.biguesiriells.cat\/ca\/actualitat-2\/agenda-1\/x-festival-jazz-bigues-riells-del-fai-marta-duran-quartet-1400.htm&quot;&gt;clica aqui&lt;\/a&gt;\",\r\n            \"image\": \"https:\/\/turismevalles.com\/wp-content\/uploads\/2023\/08\/biRdelF_page-0001.jpg\",\r\n            \"name\": \"XI Festival de Jazz en Bigues i Riells del Fai\",\r\n            \"url\": \"https:\/\/turismevalles.com\/es\/events\/viii-festival-de-jazz-en-bigues-i-riells-del-fai\/\"\r\n        }\r\n        <\/script>\r\n        <article class=\"mec-event-article \"><div class=\"mec-event-image\"><img loading=\"lazy\" decoding=\"async\" width=\"300\" height=\"300\" src=\"https:\/\/turismevalles.com\/wp-content\/uploads\/2023\/08\/biRdelF_page-0001-300x300.jpg\" class=\"attachment-thumblist size-thumblist wp-post-image\" alt=\"\" data-mec-postid=\"28281\" srcset=\"https:\/\/turismevalles.com\/wp-content\/uploads\/2023\/08\/biRdelF_page-0001-300x300.jpg 300w, https:\/\/turismevalles.com\/wp-content\/uploads\/2023\/08\/biRdelF_page-0001-150x150.jpg 150w\" sizes=\"auto, (max-width: 300px) 100vw, 300px\" \/><\/div><div class=\"mec-event-time mec-color\"><span class=\"mec-sl-clock-o\"><\/span> Todo el d\u00eda<\/div><div class=\"mec-event-title\"><a class=\"mec-color-hover\"  data-event-id=\"28281\" href=\"https:\/\/turismevalles.com\/es\/events\/viii-festival-de-jazz-en-bigues-i-riells-del-fai\/\" target=\"_self\" rel=\"noopener\">XI Festival de Jazz en Bigues i Riells del Fai<\/a><span class=\"event-color\" style=\"background: #fdd700\"><\/span><\/div><div class=\"mec-event-detail\"><div class=\"mec-event-loc-place\"><\/div><\/div><\/article>        <script type=\"application\/ld+json\">\r\n        {\r\n            \"@context\": \"http:\/\/schema.org\",\r\n            \"@type\": \"Event\",\r\n            \"eventStatus\": \"https:\/\/schema.org\/EventScheduled\",\r\n            \"startDate\": \"2026-09-27\",\r\n            \"endDate\": \"2026-09-27\",\r\n            \"eventAttendanceMode\": \"https:\/\/schema.org\/OfflineEventAttendanceMode\",\r\n            \"location\":\r\n            {\r\n                \"@type\": \"Place\",\r\n                                \"name\": \"\",\r\n                \"image\": \"\",\r\n                \"address\": \"\"\r\n                            },\r\n            \"organizer\":\r\n            {\r\n                \"@type\": \"Person\",\r\n                \"name\": \"\",\r\n                \"url\": \"\"\r\n            },\r\n            \"offers\":\r\n            {\r\n                \"url\": \"https:\/\/turismevalles.com\/es\/events\/feria-de-la-calabaza-en-sant-feliu-de-codines\/\",\r\n                \"price\": \"\",\r\n                \"priceCurrency\": \"$\",\r\n                \"availability\": \"https:\/\/schema.org\/InStock\",\r\n                \"validFrom\": \"2026-09-27T00:00\"\r\n            },\r\n            \"performer\": \"\",\r\n            \"description\": \"M\u00e1s informaci\u00f3n, &lt;a href=&quot;https:\/\/www-santfeliudecodines-cat.translate.goog\/actualitat\/agenda\/xxi-fira-de-la-carbassa-i-productes-de-la-terra.html?_x_tr_sl=ca&amp;_x_tr_tl=es&amp;_x_tr_hl=esie%3DUTF-8&quot;&gt;clicar aqu\u00ed&lt;\/a&gt;\",\r\n            \"image\": \"https:\/\/turismevalles.com\/wp-content\/uploads\/2023\/09\/2025-09-27_FIRA_CARBASSA_18.jpg\",\r\n            \"name\": \"Feria de la Calabaza en Sant Feliu de Codines\",\r\n            \"url\": \"https:\/\/turismevalles.com\/es\/events\/feria-de-la-calabaza-en-sant-feliu-de-codines\/\"\r\n        }\r\n        <\/script>\r\n        <article class=\"mec-event-article \"><div class=\"mec-event-image\"><img loading=\"lazy\" decoding=\"async\" width=\"300\" height=\"300\" src=\"https:\/\/turismevalles.com\/wp-content\/uploads\/2023\/09\/2025-09-27_FIRA_CARBASSA_18-300x300.jpg\" class=\"attachment-thumblist size-thumblist wp-post-image\" alt=\"\" data-mec-postid=\"58217\" srcset=\"https:\/\/turismevalles.com\/wp-content\/uploads\/2023\/09\/2025-09-27_FIRA_CARBASSA_18-300x300.jpg 300w, https:\/\/turismevalles.com\/wp-content\/uploads\/2023\/09\/2025-09-27_FIRA_CARBASSA_18-150x150.jpg 150w\" sizes=\"auto, (max-width: 300px) 100vw, 300px\" \/><\/div><div class=\"mec-event-time mec-color\"><span class=\"mec-sl-clock-o\"><\/span> Todo el d\u00eda<\/div><div class=\"mec-event-title\"><a class=\"mec-color-hover\"  data-event-id=\"58217\" href=\"https:\/\/turismevalles.com\/es\/events\/feria-de-la-calabaza-en-sant-feliu-de-codines\/\" target=\"_self\" rel=\"noopener\">Feria de la Calabaza en Sant Feliu de Codines<\/a><span class=\"event-color\" style=\"background: #fdd700\"><\/span><\/div><div class=\"mec-event-detail\"><div class=\"mec-event-loc-place\"><\/div><\/div><\/article>        <script type=\"application\/ld+json\">\r\n        {\r\n            \"@context\": \"http:\/\/schema.org\",\r\n            \"@type\": \"Event\",\r\n            \"eventStatus\": \"https:\/\/schema.org\/EventScheduled\",\r\n            \"startDate\": \"2026-09-27\",\r\n            \"endDate\": \"2026-12-14\",\r\n            \"eventAttendanceMode\": \"https:\/\/schema.org\/OfflineEventAttendanceMode\",\r\n            \"location\":\r\n            {\r\n                \"@type\": \"Place\",\r\n                                \"name\": \"\",\r\n                \"image\": \"\",\r\n                \"address\": \"\"\r\n                            },\r\n            \"organizer\":\r\n            {\r\n                \"@type\": \"Person\",\r\n                \"name\": \"\",\r\n                \"url\": \"\"\r\n            },\r\n            \"offers\":\r\n            {\r\n                \"url\": \"https:\/\/turismevalles.com\/es\/events\/recorrerrido-por-sant-miquel-del-fai-bigues-i-riells-del-fai\/\",\r\n                \"price\": \"\",\r\n                \"priceCurrency\": \"$\",\r\n                \"availability\": \"https:\/\/schema.org\/InStock\",\r\n                \"validFrom\": \"2026-09-27T00:00\"\r\n            },\r\n            \"performer\": \"\",\r\n            \"description\": \"Para m\u00e1s informaci\u00f3n,&lt;a href=&quot;https:\/\/parcs.diba.cat\/es\/web\/agenda\/-\/cingles-de-berti-recorregut-per-sant-miquel-del-fai?utm_source=agenda&amp;utm_medium=correu&amp;utm_content=cingles-de-berti-recorregut-per-sant-miquel-del-fai&amp;utm_campaign=501&quot;&gt; clicar aqu\u00ed&lt;\/a&gt;    &nbsp;\",\r\n            \"image\": \"https:\/\/turismevalles.com\/wp-content\/uploads\/2026\/03\/RecorregutSMF.jpg\",\r\n            \"name\": \"Recorrerrido por Sant Miquel del Fai- Bigues i Riells del Fai_Sant Feliu de Codines\",\r\n            \"url\": \"https:\/\/turismevalles.com\/es\/events\/recorrerrido-por-sant-miquel-del-fai-bigues-i-riells-del-fai\/\"\r\n        }\r\n        <\/script>\r\n        <article class=\"mec-event-article \"><div class=\"mec-event-image\"><img loading=\"lazy\" decoding=\"async\" width=\"300\" height=\"300\" src=\"https:\/\/turismevalles.com\/wp-content\/uploads\/2026\/03\/RecorregutSMF-300x300.jpg\" class=\"attachment-thumblist size-thumblist wp-post-image\" alt=\"\" data-mec-postid=\"68822\" srcset=\"https:\/\/turismevalles.com\/wp-content\/uploads\/2026\/03\/RecorregutSMF-300x300.jpg 300w, https:\/\/turismevalles.com\/wp-content\/uploads\/2026\/03\/RecorregutSMF-150x150.jpg 150w\" sizes=\"auto, (max-width: 300px) 100vw, 300px\" \/><\/div><div class=\"mec-event-time mec-color\"><span class=\"mec-sl-clock-o\"><\/span> Todo el d\u00eda<\/div><div class=\"mec-event-title\"><a class=\"mec-color-hover\"  data-event-id=\"68822\" href=\"https:\/\/turismevalles.com\/es\/events\/recorrerrido-por-sant-miquel-del-fai-bigues-i-riells-del-fai\/\" target=\"_self\" rel=\"noopener\">Recorrerrido por Sant Miquel del Fai- Bigues i Riells del Fai_Sant Feliu de Codines<\/a><span class=\"event-color\" style=\"background: #fdd700\"><\/span><\/div><div class=\"mec-event-detail\"><div class=\"mec-event-loc-place\"><\/div><\/div><\/article>        <script type=\"application\/ld+json\">\r\n        {\r\n            \"@context\": \"http:\/\/schema.org\",\r\n            \"@type\": \"Event\",\r\n            \"eventStatus\": \"https:\/\/schema.org\/EventScheduled\",\r\n            \"startDate\": \"2026-09-27\",\r\n            \"endDate\": \"2026-09-27\",\r\n            \"eventAttendanceMode\": \"https:\/\/schema.org\/OfflineEventAttendanceMode\",\r\n            \"location\":\r\n            {\r\n                \"@type\": \"Place\",\r\n                                \"name\": \"\",\r\n                \"image\": \"\",\r\n                \"address\": \"\"\r\n                            },\r\n            \"organizer\":\r\n            {\r\n                \"@type\": \"Person\",\r\n                \"name\": \"\",\r\n                \"url\": \"\"\r\n            },\r\n            \"offers\":\r\n            {\r\n                \"url\": \"https:\/\/turismevalles.com\/es\/events\/itinerario-virtual-guiada-en-la-garriga\/\",\r\n                \"price\": \"\",\r\n                \"priceCurrency\": \"$\",\r\n                \"availability\": \"https:\/\/schema.org\/InStock\",\r\n                \"validFrom\": \"2026-09-27T00:00\"\r\n            },\r\n            \"performer\": \"\",\r\n            \"description\": \"Para m\u00e1s informaci\u00f3n, &lt;a href=&quot;https:\/\/www.visitalagarriga.cat\/index.php\/ca\/itinerari-guiat-amb-realitat-virtual-tot-un-poble-en-un-carrer-lg1716-0&quot;&gt;consultar aqu\u00ed&lt;\/a&gt;\",\r\n            \"image\": \"https:\/\/turismevalles.com\/wp-content\/uploads\/2024\/11\/LG.jpg\",\r\n            \"name\": \"Itinerario Virtual Guiada en La Garriga\",\r\n            \"url\": \"https:\/\/turismevalles.com\/es\/events\/itinerario-virtual-guiada-en-la-garriga\/\"\r\n        }\r\n        <\/script>\r\n        <article class=\"mec-event-article \"><div class=\"mec-event-image\"><img loading=\"lazy\" decoding=\"async\" width=\"300\" height=\"300\" src=\"https:\/\/turismevalles.com\/wp-content\/uploads\/2024\/11\/LG-300x300.jpg\" class=\"attachment-thumblist size-thumblist wp-post-image\" alt=\"\" data-mec-postid=\"59328\" srcset=\"https:\/\/turismevalles.com\/wp-content\/uploads\/2024\/11\/LG-300x300.jpg 300w, https:\/\/turismevalles.com\/wp-content\/uploads\/2024\/11\/LG-150x150.jpg 150w\" sizes=\"auto, (max-width: 300px) 100vw, 300px\" \/><\/div><div class=\"mec-event-time mec-color\"><span class=\"mec-sl-clock-o\"><\/span> Todo el d\u00eda<\/div><div class=\"mec-event-title\"><a class=\"mec-color-hover\"  data-event-id=\"59328\" href=\"https:\/\/turismevalles.com\/es\/events\/itinerario-virtual-guiada-en-la-garriga\/\" target=\"_self\" rel=\"noopener\">Itinerario Virtual Guiada en La Garriga<\/a><span class=\"event-color\" style=\"background: #fdd700\"><\/span><\/div><div class=\"mec-event-detail\"><div class=\"mec-event-loc-place\"><\/div><\/div><\/article>        <script type=\"application\/ld+json\">\r\n        {\r\n            \"@context\": \"http:\/\/schema.org\",\r\n            \"@type\": \"Event\",\r\n            \"eventStatus\": \"https:\/\/schema.org\/EventScheduled\",\r\n            \"startDate\": \"2026-09-27\",\r\n            \"endDate\": \"2026-09-27\",\r\n            \"eventAttendanceMode\": \"https:\/\/schema.org\/OfflineEventAttendanceMode\",\r\n            \"location\":\r\n            {\r\n                \"@type\": \"Place\",\r\n                                \"name\": \"\",\r\n                \"image\": \"\",\r\n                \"address\": \"\"\r\n                            },\r\n            \"organizer\":\r\n            {\r\n                \"@type\": \"Person\",\r\n                \"name\": \"\",\r\n                \"url\": \"\"\r\n            },\r\n            \"offers\":\r\n            {\r\n                \"url\": \"https:\/\/turismevalles.com\/es\/events\/pasos-guiados-del-parque-de-la-codillera-litoral-naturalistas-2-0-en-vallromanes\/\",\r\n                \"price\": \"\",\r\n                \"priceCurrency\": \"$\",\r\n                \"availability\": \"https:\/\/schema.org\/InStock\",\r\n                \"validFrom\": \"2026-09-27T00:00\"\r\n            },\r\n            \"performer\": \"\",\r\n            \"description\": \"&lt;h4 class=&quot;section_cab&quot;&gt;El programa de Paseos guiados del Parque de la Codillera Litoral presenta 28 actividades para descobrir naturaleza, patrimonio y tradiciones&lt;\/h4&gt;  Es imprescindible inscribirse previamente.  &lt;h4 class=&quot;section_cab&quot;&gt;Consultad las actividades: &lt;a href=&quot;https:\/\/parcs.diba.cat\/ca\/web\/l-informatiu\/-\/litoral-el-programa-de-passejades-guiades-del-parc-de-la-serralada-litoral-presenta-un-total-de-28-activitats-per-descobrir-natura-patrimoni-i-tradicions&quot;&gt;clicar aqu\u00ed&lt;\/a&gt;&lt;\/h4&gt;\",\r\n            \"image\": \"https:\/\/turismevalles.com\/wp-content\/uploads\/2026\/05\/naturalistes_vallromanes.jpg\",\r\n            \"name\": \"Paseos guiados del Parque de la Codillera Litoral: Naturalistas 2.0 en Vallromanes\",\r\n            \"url\": \"https:\/\/turismevalles.com\/es\/events\/pasos-guiados-del-parque-de-la-codillera-litoral-naturalistas-2-0-en-vallromanes\/\"\r\n        }\r\n        <\/script>\r\n        <article class=\"mec-event-article \"><div class=\"mec-event-image\"><img loading=\"lazy\" decoding=\"async\" width=\"300\" height=\"300\" src=\"https:\/\/turismevalles.com\/wp-content\/uploads\/2026\/05\/naturalistes_vallromanes-300x300.jpg\" class=\"attachment-thumblist size-thumblist wp-post-image\" alt=\"\" data-mec-postid=\"70508\" srcset=\"https:\/\/turismevalles.com\/wp-content\/uploads\/2026\/05\/naturalistes_vallromanes-300x300.jpg 300w, https:\/\/turismevalles.com\/wp-content\/uploads\/2026\/05\/naturalistes_vallromanes-150x150.jpg 150w\" sizes=\"auto, (max-width: 300px) 100vw, 300px\" \/><\/div><div class=\"mec-event-time mec-color\"><span class=\"mec-sl-clock-o\"><\/span> Todo el d\u00eda<\/div><div class=\"mec-event-title\"><a class=\"mec-color-hover\"  data-event-id=\"70508\" href=\"https:\/\/turismevalles.com\/es\/events\/pasos-guiados-del-parque-de-la-codillera-litoral-naturalistas-2-0-en-vallromanes\/\" target=\"_self\" rel=\"noopener\">Paseos guiados del Parque de la Codillera Litoral: Naturalistas 2.0 en Vallromanes<\/a><span class=\"event-color\" style=\"background: #fdd700\"><\/span><\/div><div class=\"mec-event-detail\"><div class=\"mec-event-loc-place\"><\/div><\/div><\/article>        <script type=\"application\/ld+json\">\r\n        {\r\n            \"@context\": \"http:\/\/schema.org\",\r\n            \"@type\": \"Event\",\r\n            \"eventStatus\": \"https:\/\/schema.org\/EventScheduled\",\r\n            \"startDate\": \"2026-09-27\",\r\n            \"endDate\": \"2026-09-27\",\r\n            \"eventAttendanceMode\": \"https:\/\/schema.org\/OfflineEventAttendanceMode\",\r\n            \"location\":\r\n            {\r\n                \"@type\": \"Place\",\r\n                                \"name\": \"\",\r\n                \"image\": \"\",\r\n                \"address\": \"\"\r\n                            },\r\n            \"organizer\":\r\n            {\r\n                \"@type\": \"Person\",\r\n                \"name\": \"\",\r\n                \"url\": \"\"\r\n            },\r\n            \"offers\":\r\n            {\r\n                \"url\": \"https:\/\/turismevalles.com\/es\/events\/cata-de-vinos-y-quesos-en-la-bodega-de-can-roda-santa-maria-de-martorelles\/\",\r\n                \"price\": \"\",\r\n                \"priceCurrency\": \"$\",\r\n                \"availability\": \"https:\/\/schema.org\/InStock\",\r\n                \"validFrom\": \"2026-09-27T00:00\"\r\n            },\r\n            \"performer\": \"\",\r\n            \"description\": \"Para m\u00e1s informaci\u00f3n y consulta del programa, &lt;a href=&quot;https:\/\/www.terrapansablanca.cat\/es\/esdeveniment\/cata-de-vinos-y-quesos-en-bodega-20\/&quot;&gt;clicar aqu\u00ed&lt;\/a&gt;\",\r\n            \"image\": \"https:\/\/turismevalles.com\/wp-content\/uploads\/2026\/07\/canroda.jpg\",\r\n            \"name\": \"Cata de Vinos y Quesos en la Bodega de Can Roda &#8211; Santa Maria de Martorelles\",\r\n            \"url\": \"https:\/\/turismevalles.com\/es\/events\/cata-de-vinos-y-quesos-en-la-bodega-de-can-roda-santa-maria-de-martorelles\/\"\r\n        }\r\n        <\/script>\r\n        <article class=\"mec-event-article \"><div class=\"mec-event-image\"><img loading=\"lazy\" decoding=\"async\" width=\"300\" height=\"300\" src=\"https:\/\/turismevalles.com\/wp-content\/uploads\/2026\/07\/canroda-300x300.jpg\" class=\"attachment-thumblist size-thumblist wp-post-image\" alt=\"\" data-mec-postid=\"72216\" srcset=\"https:\/\/turismevalles.com\/wp-content\/uploads\/2026\/07\/canroda-300x300.jpg 300w, https:\/\/turismevalles.com\/wp-content\/uploads\/2026\/07\/canroda-150x150.jpg 150w\" sizes=\"auto, (max-width: 300px) 100vw, 300px\" \/><\/div><div class=\"mec-event-time mec-color\"><span class=\"mec-sl-clock-o\"><\/span> Todo el d\u00eda<\/div><div class=\"mec-event-title\"><a class=\"mec-color-hover\"  data-event-id=\"72216\" href=\"https:\/\/turismevalles.com\/es\/events\/cata-de-vinos-y-quesos-en-la-bodega-de-can-roda-santa-maria-de-martorelles\/\" target=\"_self\" rel=\"noopener\">Cata de Vinos y Quesos en la Bodega de Can Roda &#8211; Santa Maria de Martorelles<\/a><span class=\"event-color\" style=\"background: #fdd700\"><\/span><\/div><div class=\"mec-event-detail\"><div class=\"mec-event-loc-place\"><\/div><\/div><\/article>        <script type=\"application\/ld+json\">\r\n        {\r\n            \"@context\": \"http:\/\/schema.org\",\r\n            \"@type\": \"Event\",\r\n            \"eventStatus\": \"https:\/\/schema.org\/EventScheduled\",\r\n            \"startDate\": \"2026-09-27\",\r\n            \"endDate\": \"2026-09-27\",\r\n            \"eventAttendanceMode\": \"https:\/\/schema.org\/OfflineEventAttendanceMode\",\r\n            \"location\":\r\n            {\r\n                \"@type\": \"Place\",\r\n                                \"name\": \"\",\r\n                \"image\": \"\",\r\n                \"address\": \"\"\r\n                            },\r\n            \"organizer\":\r\n            {\r\n                \"@type\": \"Person\",\r\n                \"name\": \"\",\r\n                \"url\": \"\"\r\n            },\r\n            \"offers\":\r\n            {\r\n                \"url\": \"https:\/\/turismevalles.com\/es\/events\/carrera-murtrail-a-martorelles-i-santa-maria-de-martorelles\/\",\r\n                \"price\": \"\",\r\n                \"priceCurrency\": \"$\",\r\n                \"availability\": \"https:\/\/schema.org\/InStock\",\r\n                \"validFrom\": \"2026-09-27T00:00\"\r\n            },\r\n            \"performer\": \"\",\r\n            \"description\": \"Para m\u00e1s informaci\u00f3n, &lt;a href=&quot;https:\/\/www.cemm.cat\/murtrail-2026\/&quot;&gt;clicar aqu\u00ed&lt;\/a&gt;\",\r\n            \"image\": \"https:\/\/turismevalles.com\/wp-content\/uploads\/2026\/08\/SamarretaMurtrail.png\",\r\n            \"name\": \"Carrera MurTrail a Martorelles i Santa Maria de Martorelles\",\r\n            \"url\": \"https:\/\/turismevalles.com\/es\/events\/carrera-murtrail-a-martorelles-i-santa-maria-de-martorelles\/\"\r\n        }\r\n        <\/script>\r\n        <article class=\"mec-event-article \"><div class=\"mec-event-image\"><img loading=\"lazy\" decoding=\"async\" width=\"300\" height=\"300\" src=\"https:\/\/turismevalles.com\/wp-content\/uploads\/2026\/08\/SamarretaMurtrail-300x300.png\" class=\"attachment-thumblist size-thumblist wp-post-image\" alt=\"\" data-mec-postid=\"73553\" srcset=\"https:\/\/turismevalles.com\/wp-content\/uploads\/2026\/08\/SamarretaMurtrail-300x300.png 300w, https:\/\/turismevalles.com\/wp-content\/uploads\/2026\/08\/SamarretaMurtrail-150x150.png 150w\" sizes=\"auto, (max-width: 300px) 100vw, 300px\" \/><\/div><div class=\"mec-event-time mec-color\"><span class=\"mec-sl-clock-o\"><\/span> Todo el d\u00eda<\/div><div class=\"mec-event-title\"><a class=\"mec-color-hover\"  data-event-id=\"73553\" href=\"https:\/\/turismevalles.com\/es\/events\/carrera-murtrail-a-martorelles-i-santa-maria-de-martorelles\/\" target=\"_self\" rel=\"noopener\">Carrera MurTrail a Martorelles i Santa Maria de Martorelles<\/a><span class=\"event-color\" style=\"background: #fdd700\"><\/span><\/div><div class=\"mec-event-detail\"><div class=\"mec-event-loc-place\"><\/div><\/div><\/article><\/div><div class=\"mec-calendar-events-sec\" data-mec-cell=\"20260928\" ><div class=\"mec-table-side-title\">Eventos para <span class=\"mec-color mec-table-side-day\"> 28<\/span> septiembre<\/div>        <script type=\"application\/ld+json\">\r\n        {\r\n            \"@context\": \"http:\/\/schema.org\",\r\n            \"@type\": \"Event\",\r\n            \"eventStatus\": \"https:\/\/schema.org\/EventScheduled\",\r\n            \"startDate\": \"2026-09-28\",\r\n            \"endDate\": \"2026-10-04\",\r\n            \"eventAttendanceMode\": \"https:\/\/schema.org\/OfflineEventAttendanceMode\",\r\n            \"location\":\r\n            {\r\n                \"@type\": \"Place\",\r\n                                \"name\": \"\",\r\n                \"image\": \"\",\r\n                \"address\": \"\"\r\n                            },\r\n            \"organizer\":\r\n            {\r\n                \"@type\": \"Person\",\r\n                \"name\": \"\",\r\n                \"url\": \"\"\r\n            },\r\n            \"offers\":\r\n            {\r\n                \"url\": \"https:\/\/turismevalles.com\/es\/events\/viii-festival-de-jazz-en-bigues-i-riells-del-fai\/\",\r\n                \"price\": \"\",\r\n                \"priceCurrency\": \"$\",\r\n                \"availability\": \"https:\/\/schema.org\/InStock\",\r\n                \"validFrom\": \"2026-09-28T00:00\"\r\n            },\r\n            \"performer\": \"\",\r\n            \"description\": \"Para m\u00e1s informaci\u00f3n, &lt;a href=&quot;https:\/\/www.biguesiriells.cat\/ca\/actualitat-2\/agenda-1\/x-festival-jazz-bigues-riells-del-fai-marta-duran-quartet-1400.htm&quot;&gt;clica aqui&lt;\/a&gt;\",\r\n            \"image\": \"https:\/\/turismevalles.com\/wp-content\/uploads\/2023\/08\/biRdelF_page-0001.jpg\",\r\n            \"name\": \"XI Festival de Jazz en Bigues i Riells del Fai\",\r\n            \"url\": \"https:\/\/turismevalles.com\/es\/events\/viii-festival-de-jazz-en-bigues-i-riells-del-fai\/\"\r\n        }\r\n        <\/script>\r\n        <article class=\"mec-event-article \"><div class=\"mec-event-image\"><img loading=\"lazy\" decoding=\"async\" width=\"300\" height=\"300\" src=\"https:\/\/turismevalles.com\/wp-content\/uploads\/2023\/08\/biRdelF_page-0001-300x300.jpg\" class=\"attachment-thumblist size-thumblist wp-post-image\" alt=\"\" data-mec-postid=\"28281\" srcset=\"https:\/\/turismevalles.com\/wp-content\/uploads\/2023\/08\/biRdelF_page-0001-300x300.jpg 300w, https:\/\/turismevalles.com\/wp-content\/uploads\/2023\/08\/biRdelF_page-0001-150x150.jpg 150w\" sizes=\"auto, (max-width: 300px) 100vw, 300px\" \/><\/div><div class=\"mec-event-time mec-color\"><span class=\"mec-sl-clock-o\"><\/span> Todo el d\u00eda<\/div><div class=\"mec-event-title\"><a class=\"mec-color-hover\"  data-event-id=\"28281\" href=\"https:\/\/turismevalles.com\/es\/events\/viii-festival-de-jazz-en-bigues-i-riells-del-fai\/\" target=\"_self\" rel=\"noopener\">XI Festival de Jazz en Bigues i Riells del Fai<\/a><span class=\"event-color\" style=\"background: #fdd700\"><\/span><\/div><div class=\"mec-event-detail\"><div class=\"mec-event-loc-place\"><\/div><\/div><\/article>        <script type=\"application\/ld+json\">\r\n        {\r\n            \"@context\": \"http:\/\/schema.org\",\r\n            \"@type\": \"Event\",\r\n            \"eventStatus\": \"https:\/\/schema.org\/EventScheduled\",\r\n            \"startDate\": \"2026-09-28\",\r\n            \"endDate\": \"2026-12-14\",\r\n            \"eventAttendanceMode\": \"https:\/\/schema.org\/OfflineEventAttendanceMode\",\r\n            \"location\":\r\n            {\r\n                \"@type\": \"Place\",\r\n                                \"name\": \"\",\r\n                \"image\": \"\",\r\n                \"address\": \"\"\r\n                            },\r\n            \"organizer\":\r\n            {\r\n                \"@type\": \"Person\",\r\n                \"name\": \"\",\r\n                \"url\": \"\"\r\n            },\r\n            \"offers\":\r\n            {\r\n                \"url\": \"https:\/\/turismevalles.com\/es\/events\/recorrerrido-por-sant-miquel-del-fai-bigues-i-riells-del-fai\/\",\r\n                \"price\": \"\",\r\n                \"priceCurrency\": \"$\",\r\n                \"availability\": \"https:\/\/schema.org\/InStock\",\r\n                \"validFrom\": \"2026-09-28T00:00\"\r\n            },\r\n            \"performer\": \"\",\r\n            \"description\": \"Para m\u00e1s informaci\u00f3n,&lt;a href=&quot;https:\/\/parcs.diba.cat\/es\/web\/agenda\/-\/cingles-de-berti-recorregut-per-sant-miquel-del-fai?utm_source=agenda&amp;utm_medium=correu&amp;utm_content=cingles-de-berti-recorregut-per-sant-miquel-del-fai&amp;utm_campaign=501&quot;&gt; clicar aqu\u00ed&lt;\/a&gt;    &nbsp;\",\r\n            \"image\": \"https:\/\/turismevalles.com\/wp-content\/uploads\/2026\/03\/RecorregutSMF.jpg\",\r\n            \"name\": \"Recorrerrido por Sant Miquel del Fai- Bigues i Riells del Fai_Sant Feliu de Codines\",\r\n            \"url\": \"https:\/\/turismevalles.com\/es\/events\/recorrerrido-por-sant-miquel-del-fai-bigues-i-riells-del-fai\/\"\r\n        }\r\n        <\/script>\r\n        <article class=\"mec-event-article \"><div class=\"mec-event-image\"><img loading=\"lazy\" decoding=\"async\" width=\"300\" height=\"300\" src=\"https:\/\/turismevalles.com\/wp-content\/uploads\/2026\/03\/RecorregutSMF-300x300.jpg\" class=\"attachment-thumblist size-thumblist wp-post-image\" alt=\"\" data-mec-postid=\"68822\" srcset=\"https:\/\/turismevalles.com\/wp-content\/uploads\/2026\/03\/RecorregutSMF-300x300.jpg 300w, https:\/\/turismevalles.com\/wp-content\/uploads\/2026\/03\/RecorregutSMF-150x150.jpg 150w\" sizes=\"auto, (max-width: 300px) 100vw, 300px\" \/><\/div><div class=\"mec-event-time mec-color\"><span class=\"mec-sl-clock-o\"><\/span> Todo el d\u00eda<\/div><div class=\"mec-event-title\"><a class=\"mec-color-hover\"  data-event-id=\"68822\" href=\"https:\/\/turismevalles.com\/es\/events\/recorrerrido-por-sant-miquel-del-fai-bigues-i-riells-del-fai\/\" target=\"_self\" rel=\"noopener\">Recorrerrido por Sant Miquel del Fai- Bigues i Riells del Fai_Sant Feliu de Codines<\/a><span class=\"event-color\" style=\"background: #fdd700\"><\/span><\/div><div class=\"mec-event-detail\"><div class=\"mec-event-loc-place\"><\/div><\/div><\/article><\/div><div class=\"mec-calendar-events-sec\" data-mec-cell=\"20260929\" ><div class=\"mec-table-side-title\">Eventos para <span class=\"mec-color mec-table-side-day\"> 29<\/span> septiembre<\/div>        <script type=\"application\/ld+json\">\r\n        {\r\n            \"@context\": \"http:\/\/schema.org\",\r\n            \"@type\": \"Event\",\r\n            \"eventStatus\": \"https:\/\/schema.org\/EventScheduled\",\r\n            \"startDate\": \"2026-09-29\",\r\n            \"endDate\": \"2026-10-04\",\r\n            \"eventAttendanceMode\": \"https:\/\/schema.org\/OfflineEventAttendanceMode\",\r\n            \"location\":\r\n            {\r\n                \"@type\": \"Place\",\r\n                                \"name\": \"\",\r\n                \"image\": \"\",\r\n                \"address\": \"\"\r\n                            },\r\n            \"organizer\":\r\n            {\r\n                \"@type\": \"Person\",\r\n                \"name\": \"\",\r\n                \"url\": \"\"\r\n            },\r\n            \"offers\":\r\n            {\r\n                \"url\": \"https:\/\/turismevalles.com\/es\/events\/viii-festival-de-jazz-en-bigues-i-riells-del-fai\/\",\r\n                \"price\": \"\",\r\n                \"priceCurrency\": \"$\",\r\n                \"availability\": \"https:\/\/schema.org\/InStock\",\r\n                \"validFrom\": \"2026-09-29T00:00\"\r\n            },\r\n            \"performer\": \"\",\r\n            \"description\": \"Para m\u00e1s informaci\u00f3n, &lt;a href=&quot;https:\/\/www.biguesiriells.cat\/ca\/actualitat-2\/agenda-1\/x-festival-jazz-bigues-riells-del-fai-marta-duran-quartet-1400.htm&quot;&gt;clica aqui&lt;\/a&gt;\",\r\n            \"image\": \"https:\/\/turismevalles.com\/wp-content\/uploads\/2023\/08\/biRdelF_page-0001.jpg\",\r\n            \"name\": \"XI Festival de Jazz en Bigues i Riells del Fai\",\r\n            \"url\": \"https:\/\/turismevalles.com\/es\/events\/viii-festival-de-jazz-en-bigues-i-riells-del-fai\/\"\r\n        }\r\n        <\/script>\r\n        <article class=\"mec-event-article \"><div class=\"mec-event-image\"><img loading=\"lazy\" decoding=\"async\" width=\"300\" height=\"300\" src=\"https:\/\/turismevalles.com\/wp-content\/uploads\/2023\/08\/biRdelF_page-0001-300x300.jpg\" class=\"attachment-thumblist size-thumblist wp-post-image\" alt=\"\" data-mec-postid=\"28281\" srcset=\"https:\/\/turismevalles.com\/wp-content\/uploads\/2023\/08\/biRdelF_page-0001-300x300.jpg 300w, https:\/\/turismevalles.com\/wp-content\/uploads\/2023\/08\/biRdelF_page-0001-150x150.jpg 150w\" sizes=\"auto, (max-width: 300px) 100vw, 300px\" \/><\/div><div class=\"mec-event-time mec-color\"><span class=\"mec-sl-clock-o\"><\/span> Todo el d\u00eda<\/div><div class=\"mec-event-title\"><a class=\"mec-color-hover\"  data-event-id=\"28281\" href=\"https:\/\/turismevalles.com\/es\/events\/viii-festival-de-jazz-en-bigues-i-riells-del-fai\/\" target=\"_self\" rel=\"noopener\">XI Festival de Jazz en Bigues i Riells del Fai<\/a><span class=\"event-color\" style=\"background: #fdd700\"><\/span><\/div><div class=\"mec-event-detail\"><div class=\"mec-event-loc-place\"><\/div><\/div><\/article>        <script type=\"application\/ld+json\">\r\n        {\r\n            \"@context\": \"http:\/\/schema.org\",\r\n            \"@type\": \"Event\",\r\n            \"eventStatus\": \"https:\/\/schema.org\/EventScheduled\",\r\n            \"startDate\": \"2026-09-29\",\r\n            \"endDate\": \"2026-12-14\",\r\n            \"eventAttendanceMode\": \"https:\/\/schema.org\/OfflineEventAttendanceMode\",\r\n            \"location\":\r\n            {\r\n                \"@type\": \"Place\",\r\n                                \"name\": \"\",\r\n                \"image\": \"\",\r\n                \"address\": \"\"\r\n                            },\r\n            \"organizer\":\r\n            {\r\n                \"@type\": \"Person\",\r\n                \"name\": \"\",\r\n                \"url\": \"\"\r\n            },\r\n            \"offers\":\r\n            {\r\n                \"url\": \"https:\/\/turismevalles.com\/es\/events\/recorrerrido-por-sant-miquel-del-fai-bigues-i-riells-del-fai\/\",\r\n                \"price\": \"\",\r\n                \"priceCurrency\": \"$\",\r\n                \"availability\": \"https:\/\/schema.org\/InStock\",\r\n                \"validFrom\": \"2026-09-29T00:00\"\r\n            },\r\n            \"performer\": \"\",\r\n            \"description\": \"Para m\u00e1s informaci\u00f3n,&lt;a href=&quot;https:\/\/parcs.diba.cat\/es\/web\/agenda\/-\/cingles-de-berti-recorregut-per-sant-miquel-del-fai?utm_source=agenda&amp;utm_medium=correu&amp;utm_content=cingles-de-berti-recorregut-per-sant-miquel-del-fai&amp;utm_campaign=501&quot;&gt; clicar aqu\u00ed&lt;\/a&gt;    &nbsp;\",\r\n            \"image\": \"https:\/\/turismevalles.com\/wp-content\/uploads\/2026\/03\/RecorregutSMF.jpg\",\r\n            \"name\": \"Recorrerrido por Sant Miquel del Fai- Bigues i Riells del Fai_Sant Feliu de Codines\",\r\n            \"url\": \"https:\/\/turismevalles.com\/es\/events\/recorrerrido-por-sant-miquel-del-fai-bigues-i-riells-del-fai\/\"\r\n        }\r\n        <\/script>\r\n        <article class=\"mec-event-article \"><div class=\"mec-event-image\"><img loading=\"lazy\" decoding=\"async\" width=\"300\" height=\"300\" src=\"https:\/\/turismevalles.com\/wp-content\/uploads\/2026\/03\/RecorregutSMF-300x300.jpg\" class=\"attachment-thumblist size-thumblist wp-post-image\" alt=\"\" data-mec-postid=\"68822\" srcset=\"https:\/\/turismevalles.com\/wp-content\/uploads\/2026\/03\/RecorregutSMF-300x300.jpg 300w, https:\/\/turismevalles.com\/wp-content\/uploads\/2026\/03\/RecorregutSMF-150x150.jpg 150w\" sizes=\"auto, (max-width: 300px) 100vw, 300px\" \/><\/div><div class=\"mec-event-time mec-color\"><span class=\"mec-sl-clock-o\"><\/span> Todo el d\u00eda<\/div><div class=\"mec-event-title\"><a class=\"mec-color-hover\"  data-event-id=\"68822\" href=\"https:\/\/turismevalles.com\/es\/events\/recorrerrido-por-sant-miquel-del-fai-bigues-i-riells-del-fai\/\" target=\"_self\" rel=\"noopener\">Recorrerrido por Sant Miquel del Fai- Bigues i Riells del Fai_Sant Feliu de Codines<\/a><span class=\"event-color\" style=\"background: #fdd700\"><\/span><\/div><div class=\"mec-event-detail\"><div class=\"mec-event-loc-place\"><\/div><\/div><\/article><\/div><div class=\"mec-calendar-events-sec\" data-mec-cell=\"20260930\" ><div class=\"mec-table-side-title\">Eventos para <span class=\"mec-color mec-table-side-day\"> 30<\/span> septiembre<\/div>        <script type=\"application\/ld+json\">\r\n        {\r\n            \"@context\": \"http:\/\/schema.org\",\r\n            \"@type\": \"Event\",\r\n            \"eventStatus\": \"https:\/\/schema.org\/EventScheduled\",\r\n            \"startDate\": \"2026-09-30\",\r\n            \"endDate\": \"2026-10-04\",\r\n            \"eventAttendanceMode\": \"https:\/\/schema.org\/OfflineEventAttendanceMode\",\r\n            \"location\":\r\n            {\r\n                \"@type\": \"Place\",\r\n                                \"name\": \"\",\r\n                \"image\": \"\",\r\n                \"address\": \"\"\r\n                            },\r\n            \"organizer\":\r\n            {\r\n                \"@type\": \"Person\",\r\n                \"name\": \"\",\r\n                \"url\": \"\"\r\n            },\r\n            \"offers\":\r\n            {\r\n                \"url\": \"https:\/\/turismevalles.com\/es\/events\/viii-festival-de-jazz-en-bigues-i-riells-del-fai\/\",\r\n                \"price\": \"\",\r\n                \"priceCurrency\": \"$\",\r\n                \"availability\": \"https:\/\/schema.org\/InStock\",\r\n                \"validFrom\": \"2026-09-30T00:00\"\r\n            },\r\n            \"performer\": \"\",\r\n            \"description\": \"Para m\u00e1s informaci\u00f3n, &lt;a href=&quot;https:\/\/www.biguesiriells.cat\/ca\/actualitat-2\/agenda-1\/x-festival-jazz-bigues-riells-del-fai-marta-duran-quartet-1400.htm&quot;&gt;clica aqui&lt;\/a&gt;\",\r\n            \"image\": \"https:\/\/turismevalles.com\/wp-content\/uploads\/2023\/08\/biRdelF_page-0001.jpg\",\r\n            \"name\": \"XI Festival de Jazz en Bigues i Riells del Fai\",\r\n            \"url\": \"https:\/\/turismevalles.com\/es\/events\/viii-festival-de-jazz-en-bigues-i-riells-del-fai\/\"\r\n        }\r\n        <\/script>\r\n        <article class=\"mec-event-article \"><div class=\"mec-event-image\"><img loading=\"lazy\" decoding=\"async\" width=\"300\" height=\"300\" src=\"https:\/\/turismevalles.com\/wp-content\/uploads\/2023\/08\/biRdelF_page-0001-300x300.jpg\" class=\"attachment-thumblist size-thumblist wp-post-image\" alt=\"\" data-mec-postid=\"28281\" srcset=\"https:\/\/turismevalles.com\/wp-content\/uploads\/2023\/08\/biRdelF_page-0001-300x300.jpg 300w, https:\/\/turismevalles.com\/wp-content\/uploads\/2023\/08\/biRdelF_page-0001-150x150.jpg 150w\" sizes=\"auto, (max-width: 300px) 100vw, 300px\" \/><\/div><div class=\"mec-event-time mec-color\"><span class=\"mec-sl-clock-o\"><\/span> Todo el d\u00eda<\/div><div class=\"mec-event-title\"><a class=\"mec-color-hover\"  data-event-id=\"28281\" href=\"https:\/\/turismevalles.com\/es\/events\/viii-festival-de-jazz-en-bigues-i-riells-del-fai\/\" target=\"_self\" rel=\"noopener\">XI Festival de Jazz en Bigues i Riells del Fai<\/a><span class=\"event-color\" style=\"background: #fdd700\"><\/span><\/div><div class=\"mec-event-detail\"><div class=\"mec-event-loc-place\"><\/div><\/div><\/article>        <script type=\"application\/ld+json\">\r\n        {\r\n            \"@context\": \"http:\/\/schema.org\",\r\n            \"@type\": \"Event\",\r\n            \"eventStatus\": \"https:\/\/schema.org\/EventScheduled\",\r\n            \"startDate\": \"2026-09-30\",\r\n            \"endDate\": \"2026-12-14\",\r\n            \"eventAttendanceMode\": \"https:\/\/schema.org\/OfflineEventAttendanceMode\",\r\n            \"location\":\r\n            {\r\n                \"@type\": \"Place\",\r\n                                \"name\": \"\",\r\n                \"image\": \"\",\r\n                \"address\": \"\"\r\n                            },\r\n            \"organizer\":\r\n            {\r\n                \"@type\": \"Person\",\r\n                \"name\": \"\",\r\n                \"url\": \"\"\r\n            },\r\n            \"offers\":\r\n            {\r\n                \"url\": \"https:\/\/turismevalles.com\/es\/events\/recorrerrido-por-sant-miquel-del-fai-bigues-i-riells-del-fai\/\",\r\n                \"price\": \"\",\r\n                \"priceCurrency\": \"$\",\r\n                \"availability\": \"https:\/\/schema.org\/InStock\",\r\n                \"validFrom\": \"2026-09-30T00:00\"\r\n            },\r\n            \"performer\": \"\",\r\n            \"description\": \"Para m\u00e1s informaci\u00f3n,&lt;a href=&quot;https:\/\/parcs.diba.cat\/es\/web\/agenda\/-\/cingles-de-berti-recorregut-per-sant-miquel-del-fai?utm_source=agenda&amp;utm_medium=correu&amp;utm_content=cingles-de-berti-recorregut-per-sant-miquel-del-fai&amp;utm_campaign=501&quot;&gt; clicar aqu\u00ed&lt;\/a&gt;    &nbsp;\",\r\n            \"image\": \"https:\/\/turismevalles.com\/wp-content\/uploads\/2026\/03\/RecorregutSMF.jpg\",\r\n            \"name\": \"Recorrerrido por Sant Miquel del Fai- Bigues i Riells del Fai_Sant Feliu de Codines\",\r\n            \"url\": \"https:\/\/turismevalles.com\/es\/events\/recorrerrido-por-sant-miquel-del-fai-bigues-i-riells-del-fai\/\"\r\n        }\r\n        <\/script>\r\n        <article class=\"mec-event-article \"><div class=\"mec-event-image\"><img loading=\"lazy\" decoding=\"async\" width=\"300\" height=\"300\" src=\"https:\/\/turismevalles.com\/wp-content\/uploads\/2026\/03\/RecorregutSMF-300x300.jpg\" class=\"attachment-thumblist size-thumblist wp-post-image\" alt=\"\" data-mec-postid=\"68822\" srcset=\"https:\/\/turismevalles.com\/wp-content\/uploads\/2026\/03\/RecorregutSMF-300x300.jpg 300w, https:\/\/turismevalles.com\/wp-content\/uploads\/2026\/03\/RecorregutSMF-150x150.jpg 150w\" sizes=\"auto, (max-width: 300px) 100vw, 300px\" \/><\/div><div class=\"mec-event-time mec-color\"><span class=\"mec-sl-clock-o\"><\/span> Todo el d\u00eda<\/div><div class=\"mec-event-title\"><a class=\"mec-color-hover\"  data-event-id=\"68822\" href=\"https:\/\/turismevalles.com\/es\/events\/recorrerrido-por-sant-miquel-del-fai-bigues-i-riells-del-fai\/\" target=\"_self\" rel=\"noopener\">Recorrerrido por Sant Miquel del Fai- Bigues i Riells del Fai_Sant Feliu de Codines<\/a><span class=\"event-color\" style=\"background: #fdd700\"><\/span><\/div><div class=\"mec-event-detail\"><div class=\"mec-event-loc-place\"><\/div><\/div><\/article><\/div><div class=\"mec-calendar-events-sec\" data-mec-cell=\"20261001\" ><div class=\"mec-table-side-title\">Eventos para <span class=\"mec-color mec-table-side-day\"> 1<\/span> octubre<\/div>        <script type=\"application\/ld+json\">\r\n        {\r\n            \"@context\": \"http:\/\/schema.org\",\r\n            \"@type\": \"Event\",\r\n            \"eventStatus\": \"https:\/\/schema.org\/EventScheduled\",\r\n            \"startDate\": \"2026-10-01\",\r\n            \"endDate\": \"2026-10-04\",\r\n            \"eventAttendanceMode\": \"https:\/\/schema.org\/OfflineEventAttendanceMode\",\r\n            \"location\":\r\n            {\r\n                \"@type\": \"Place\",\r\n                                \"name\": \"\",\r\n                \"image\": \"\",\r\n                \"address\": \"\"\r\n                            },\r\n            \"organizer\":\r\n            {\r\n                \"@type\": \"Person\",\r\n                \"name\": \"\",\r\n                \"url\": \"\"\r\n            },\r\n            \"offers\":\r\n            {\r\n                \"url\": \"https:\/\/turismevalles.com\/es\/events\/viii-festival-de-jazz-en-bigues-i-riells-del-fai\/\",\r\n                \"price\": \"\",\r\n                \"priceCurrency\": \"$\",\r\n                \"availability\": \"https:\/\/schema.org\/InStock\",\r\n                \"validFrom\": \"2026-10-01T00:00\"\r\n            },\r\n            \"performer\": \"\",\r\n            \"description\": \"Para m\u00e1s informaci\u00f3n, &lt;a href=&quot;https:\/\/www.biguesiriells.cat\/ca\/actualitat-2\/agenda-1\/x-festival-jazz-bigues-riells-del-fai-marta-duran-quartet-1400.htm&quot;&gt;clica aqui&lt;\/a&gt;\",\r\n            \"image\": \"https:\/\/turismevalles.com\/wp-content\/uploads\/2023\/08\/biRdelF_page-0001.jpg\",\r\n            \"name\": \"XI Festival de Jazz en Bigues i Riells del Fai\",\r\n            \"url\": \"https:\/\/turismevalles.com\/es\/events\/viii-festival-de-jazz-en-bigues-i-riells-del-fai\/\"\r\n        }\r\n        <\/script>\r\n        <article class=\"mec-event-article \"><div class=\"mec-event-image\"><img loading=\"lazy\" decoding=\"async\" width=\"300\" height=\"300\" src=\"https:\/\/turismevalles.com\/wp-content\/uploads\/2023\/08\/biRdelF_page-0001-300x300.jpg\" class=\"attachment-thumblist size-thumblist wp-post-image\" alt=\"\" data-mec-postid=\"28281\" srcset=\"https:\/\/turismevalles.com\/wp-content\/uploads\/2023\/08\/biRdelF_page-0001-300x300.jpg 300w, https:\/\/turismevalles.com\/wp-content\/uploads\/2023\/08\/biRdelF_page-0001-150x150.jpg 150w\" sizes=\"auto, (max-width: 300px) 100vw, 300px\" \/><\/div><div class=\"mec-event-time mec-color\"><span class=\"mec-sl-clock-o\"><\/span> Todo el d\u00eda<\/div><div class=\"mec-event-title\"><a class=\"mec-color-hover\"  data-event-id=\"28281\" href=\"https:\/\/turismevalles.com\/es\/events\/viii-festival-de-jazz-en-bigues-i-riells-del-fai\/\" target=\"_self\" rel=\"noopener\">XI Festival de Jazz en Bigues i Riells del Fai<\/a><span class=\"event-color\" style=\"background: #fdd700\"><\/span><\/div><div class=\"mec-event-detail\"><div class=\"mec-event-loc-place\"><\/div><\/div><\/article>        <script type=\"application\/ld+json\">\r\n        {\r\n            \"@context\": \"http:\/\/schema.org\",\r\n            \"@type\": \"Event\",\r\n            \"eventStatus\": \"https:\/\/schema.org\/EventScheduled\",\r\n            \"startDate\": \"2026-10-01\",\r\n            \"endDate\": \"2026-12-14\",\r\n            \"eventAttendanceMode\": \"https:\/\/schema.org\/OfflineEventAttendanceMode\",\r\n            \"location\":\r\n            {\r\n                \"@type\": \"Place\",\r\n                                \"name\": \"\",\r\n                \"image\": \"\",\r\n                \"address\": \"\"\r\n                            },\r\n            \"organizer\":\r\n            {\r\n                \"@type\": \"Person\",\r\n                \"name\": \"\",\r\n                \"url\": \"\"\r\n            },\r\n            \"offers\":\r\n            {\r\n                \"url\": \"https:\/\/turismevalles.com\/es\/events\/recorrerrido-por-sant-miquel-del-fai-bigues-i-riells-del-fai\/\",\r\n                \"price\": \"\",\r\n                \"priceCurrency\": \"$\",\r\n                \"availability\": \"https:\/\/schema.org\/InStock\",\r\n                \"validFrom\": \"2026-10-01T00:00\"\r\n            },\r\n            \"performer\": \"\",\r\n            \"description\": \"Para m\u00e1s informaci\u00f3n,&lt;a href=&quot;https:\/\/parcs.diba.cat\/es\/web\/agenda\/-\/cingles-de-berti-recorregut-per-sant-miquel-del-fai?utm_source=agenda&amp;utm_medium=correu&amp;utm_content=cingles-de-berti-recorregut-per-sant-miquel-del-fai&amp;utm_campaign=501&quot;&gt; clicar aqu\u00ed&lt;\/a&gt;    &nbsp;\",\r\n            \"image\": \"https:\/\/turismevalles.com\/wp-content\/uploads\/2026\/03\/RecorregutSMF.jpg\",\r\n            \"name\": \"Recorrerrido por Sant Miquel del Fai- Bigues i Riells del Fai_Sant Feliu de Codines\",\r\n            \"url\": \"https:\/\/turismevalles.com\/es\/events\/recorrerrido-por-sant-miquel-del-fai-bigues-i-riells-del-fai\/\"\r\n        }\r\n        <\/script>\r\n        <article class=\"mec-event-article \"><div class=\"mec-event-image\"><img loading=\"lazy\" decoding=\"async\" width=\"300\" height=\"300\" src=\"https:\/\/turismevalles.com\/wp-content\/uploads\/2026\/03\/RecorregutSMF-300x300.jpg\" class=\"attachment-thumblist size-thumblist wp-post-image\" alt=\"\" data-mec-postid=\"68822\" srcset=\"https:\/\/turismevalles.com\/wp-content\/uploads\/2026\/03\/RecorregutSMF-300x300.jpg 300w, https:\/\/turismevalles.com\/wp-content\/uploads\/2026\/03\/RecorregutSMF-150x150.jpg 150w\" sizes=\"auto, (max-width: 300px) 100vw, 300px\" \/><\/div><div class=\"mec-event-time mec-color\"><span class=\"mec-sl-clock-o\"><\/span> Todo el d\u00eda<\/div><div class=\"mec-event-title\"><a class=\"mec-color-hover\"  data-event-id=\"68822\" href=\"https:\/\/turismevalles.com\/es\/events\/recorrerrido-por-sant-miquel-del-fai-bigues-i-riells-del-fai\/\" target=\"_self\" rel=\"noopener\">Recorrerrido por Sant Miquel del Fai- Bigues i Riells del Fai_Sant Feliu de Codines<\/a><span class=\"event-color\" style=\"background: #fdd700\"><\/span><\/div><div class=\"mec-event-detail\"><div class=\"mec-event-loc-place\"><\/div><\/div><\/article>        <script type=\"application\/ld+json\">\r\n        {\r\n            \"@context\": \"http:\/\/schema.org\",\r\n            \"@type\": \"Event\",\r\n            \"eventStatus\": \"https:\/\/schema.org\/EventScheduled\",\r\n            \"startDate\": \"2026-10-01\",\r\n            \"endDate\": \"2026-10-01\",\r\n            \"eventAttendanceMode\": \"https:\/\/schema.org\/OfflineEventAttendanceMode\",\r\n            \"location\":\r\n            {\r\n                \"@type\": \"Place\",\r\n                                \"name\": \"\",\r\n                \"image\": \"\",\r\n                \"address\": \"\"\r\n                            },\r\n            \"organizer\":\r\n            {\r\n                \"@type\": \"Person\",\r\n                \"name\": \"\",\r\n                \"url\": \"\"\r\n            },\r\n            \"offers\":\r\n            {\r\n                \"url\": \"https:\/\/turismevalles.com\/es\/events\/3a-edicion-de-juliols-al-xifreda-musica-en-vivo-en-sant-feliu-de-codines\/\",\r\n                \"price\": \"\",\r\n                \"priceCurrency\": \"$\",\r\n                \"availability\": \"https:\/\/schema.org\/InStock\",\r\n                \"validFrom\": \"2026-10-01T00:00\"\r\n            },\r\n            \"performer\": \"\",\r\n            \"description\": \"&lt;a href=&quot;https:\/\/www.santfeliudecodines.cat\/actualitat\/noticies\/en-marxa-la-3a-edicio-de-juliols-al-xifreda-un-cicle-de-concerts-de-musica-en-viu-.html&quot;&gt;Para m\u00e1s informaci\u00f3n, &lt;\/a&gt;\",\r\n            \"image\": \"https:\/\/turismevalles.com\/wp-content\/uploads\/2026\/06\/CARTELL_JULIOLS_A_CAN_XIFREDA_2026_SFC.jpg\",\r\n            \"name\": \"3a edici\u00f3n de Juliols al Xifreda, m\u00fasica en vivo en Sant Feliu de Codines\",\r\n            \"url\": \"https:\/\/turismevalles.com\/es\/events\/3a-edicion-de-juliols-al-xifreda-musica-en-vivo-en-sant-feliu-de-codines\/\"\r\n        }\r\n        <\/script>\r\n        <article class=\"mec-past-event mec-event-article \"><div class=\"mec-event-image\"><img loading=\"lazy\" decoding=\"async\" width=\"300\" height=\"300\" src=\"https:\/\/turismevalles.com\/wp-content\/uploads\/2026\/06\/CARTELL_JULIOLS_A_CAN_XIFREDA_2026_SFC-300x300.jpg\" class=\"attachment-thumblist size-thumblist wp-post-image\" alt=\"\" data-mec-postid=\"71796\" srcset=\"https:\/\/turismevalles.com\/wp-content\/uploads\/2026\/06\/CARTELL_JULIOLS_A_CAN_XIFREDA_2026_SFC-300x300.jpg 300w, https:\/\/turismevalles.com\/wp-content\/uploads\/2026\/06\/CARTELL_JULIOLS_A_CAN_XIFREDA_2026_SFC-150x150.jpg 150w\" sizes=\"auto, (max-width: 300px) 100vw, 300px\" \/><\/div><div class=\"mec-event-time mec-color\"><span class=\"mec-sl-clock-o\"><\/span> Todo el d\u00eda<\/div><div class=\"mec-event-title\"><a class=\"mec-color-hover\"  data-event-id=\"71796\" href=\"https:\/\/turismevalles.com\/es\/events\/3a-edicion-de-juliols-al-xifreda-musica-en-vivo-en-sant-feliu-de-codines\/\" target=\"_self\" rel=\"noopener\">3a edici\u00f3n de Juliols al Xifreda, m\u00fasica en vivo en Sant Feliu de Codines<\/a><span class=\"event-color\" style=\"background: #fdd700\"><\/span><\/div><div class=\"mec-event-detail\"><div class=\"mec-event-loc-place\"><\/div><\/div><\/article><\/div><div class=\"mec-calendar-events-sec\" data-mec-cell=\"20261002\" ><div class=\"mec-table-side-title\">Eventos para <span class=\"mec-color mec-table-side-day\"> 2<\/span> octubre<\/div>        <script type=\"application\/ld+json\">\r\n        {\r\n            \"@context\": \"http:\/\/schema.org\",\r\n            \"@type\": \"Event\",\r\n            \"eventStatus\": \"https:\/\/schema.org\/EventScheduled\",\r\n            \"startDate\": \"2026-10-02\",\r\n            \"endDate\": \"2026-10-04\",\r\n            \"eventAttendanceMode\": \"https:\/\/schema.org\/OfflineEventAttendanceMode\",\r\n            \"location\":\r\n            {\r\n                \"@type\": \"Place\",\r\n                                \"name\": \"\",\r\n                \"image\": \"\",\r\n                \"address\": \"\"\r\n                            },\r\n            \"organizer\":\r\n            {\r\n                \"@type\": \"Person\",\r\n                \"name\": \"\",\r\n                \"url\": \"\"\r\n            },\r\n            \"offers\":\r\n            {\r\n                \"url\": \"https:\/\/turismevalles.com\/es\/events\/viii-festival-de-jazz-en-bigues-i-riells-del-fai\/\",\r\n                \"price\": \"\",\r\n                \"priceCurrency\": \"$\",\r\n                \"availability\": \"https:\/\/schema.org\/InStock\",\r\n                \"validFrom\": \"2026-10-02T00:00\"\r\n            },\r\n            \"performer\": \"\",\r\n            \"description\": \"Para m\u00e1s informaci\u00f3n, &lt;a href=&quot;https:\/\/www.biguesiriells.cat\/ca\/actualitat-2\/agenda-1\/x-festival-jazz-bigues-riells-del-fai-marta-duran-quartet-1400.htm&quot;&gt;clica aqui&lt;\/a&gt;\",\r\n            \"image\": \"https:\/\/turismevalles.com\/wp-content\/uploads\/2023\/08\/biRdelF_page-0001.jpg\",\r\n            \"name\": \"XI Festival de Jazz en Bigues i Riells del Fai\",\r\n            \"url\": \"https:\/\/turismevalles.com\/es\/events\/viii-festival-de-jazz-en-bigues-i-riells-del-fai\/\"\r\n        }\r\n        <\/script>\r\n        <article class=\"mec-event-article \"><div class=\"mec-event-image\"><img loading=\"lazy\" decoding=\"async\" width=\"300\" height=\"300\" src=\"https:\/\/turismevalles.com\/wp-content\/uploads\/2023\/08\/biRdelF_page-0001-300x300.jpg\" class=\"attachment-thumblist size-thumblist wp-post-image\" alt=\"\" data-mec-postid=\"28281\" srcset=\"https:\/\/turismevalles.com\/wp-content\/uploads\/2023\/08\/biRdelF_page-0001-300x300.jpg 300w, https:\/\/turismevalles.com\/wp-content\/uploads\/2023\/08\/biRdelF_page-0001-150x150.jpg 150w\" sizes=\"auto, (max-width: 300px) 100vw, 300px\" \/><\/div><div class=\"mec-event-time mec-color\"><span class=\"mec-sl-clock-o\"><\/span> Todo el d\u00eda<\/div><div class=\"mec-event-title\"><a class=\"mec-color-hover\"  data-event-id=\"28281\" href=\"https:\/\/turismevalles.com\/es\/events\/viii-festival-de-jazz-en-bigues-i-riells-del-fai\/\" target=\"_self\" rel=\"noopener\">XI Festival de Jazz en Bigues i Riells del Fai<\/a><span class=\"event-color\" style=\"background: #fdd700\"><\/span><\/div><div class=\"mec-event-detail\"><div class=\"mec-event-loc-place\"><\/div><\/div><\/article>        <script type=\"application\/ld+json\">\r\n        {\r\n            \"@context\": \"http:\/\/schema.org\",\r\n            \"@type\": \"Event\",\r\n            \"eventStatus\": \"https:\/\/schema.org\/EventScheduled\",\r\n            \"startDate\": \"2026-10-02\",\r\n            \"endDate\": \"2026-12-14\",\r\n            \"eventAttendanceMode\": \"https:\/\/schema.org\/OfflineEventAttendanceMode\",\r\n            \"location\":\r\n            {\r\n                \"@type\": \"Place\",\r\n                                \"name\": \"\",\r\n                \"image\": \"\",\r\n                \"address\": \"\"\r\n                            },\r\n            \"organizer\":\r\n            {\r\n                \"@type\": \"Person\",\r\n                \"name\": \"\",\r\n                \"url\": \"\"\r\n            },\r\n            \"offers\":\r\n            {\r\n                \"url\": \"https:\/\/turismevalles.com\/es\/events\/recorrerrido-por-sant-miquel-del-fai-bigues-i-riells-del-fai\/\",\r\n                \"price\": \"\",\r\n                \"priceCurrency\": \"$\",\r\n                \"availability\": \"https:\/\/schema.org\/InStock\",\r\n                \"validFrom\": \"2026-10-02T00:00\"\r\n            },\r\n            \"performer\": \"\",\r\n            \"description\": \"Para m\u00e1s informaci\u00f3n,&lt;a href=&quot;https:\/\/parcs.diba.cat\/es\/web\/agenda\/-\/cingles-de-berti-recorregut-per-sant-miquel-del-fai?utm_source=agenda&amp;utm_medium=correu&amp;utm_content=cingles-de-berti-recorregut-per-sant-miquel-del-fai&amp;utm_campaign=501&quot;&gt; clicar aqu\u00ed&lt;\/a&gt;    &nbsp;\",\r\n            \"image\": \"https:\/\/turismevalles.com\/wp-content\/uploads\/2026\/03\/RecorregutSMF.jpg\",\r\n            \"name\": \"Recorrerrido por Sant Miquel del Fai- Bigues i Riells del Fai_Sant Feliu de Codines\",\r\n            \"url\": \"https:\/\/turismevalles.com\/es\/events\/recorrerrido-por-sant-miquel-del-fai-bigues-i-riells-del-fai\/\"\r\n        }\r\n        <\/script>\r\n        <article class=\"mec-event-article \"><div class=\"mec-event-image\"><img loading=\"lazy\" decoding=\"async\" width=\"300\" height=\"300\" src=\"https:\/\/turismevalles.com\/wp-content\/uploads\/2026\/03\/RecorregutSMF-300x300.jpg\" class=\"attachment-thumblist size-thumblist wp-post-image\" alt=\"\" data-mec-postid=\"68822\" srcset=\"https:\/\/turismevalles.com\/wp-content\/uploads\/2026\/03\/RecorregutSMF-300x300.jpg 300w, https:\/\/turismevalles.com\/wp-content\/uploads\/2026\/03\/RecorregutSMF-150x150.jpg 150w\" sizes=\"auto, (max-width: 300px) 100vw, 300px\" \/><\/div><div class=\"mec-event-time mec-color\"><span class=\"mec-sl-clock-o\"><\/span> Todo el d\u00eda<\/div><div class=\"mec-event-title\"><a class=\"mec-color-hover\"  data-event-id=\"68822\" href=\"https:\/\/turismevalles.com\/es\/events\/recorrerrido-por-sant-miquel-del-fai-bigues-i-riells-del-fai\/\" target=\"_self\" rel=\"noopener\">Recorrerrido por Sant Miquel del Fai- Bigues i Riells del Fai_Sant Feliu de Codines<\/a><span class=\"event-color\" style=\"background: #fdd700\"><\/span><\/div><div class=\"mec-event-detail\"><div class=\"mec-event-loc-place\"><\/div><\/div><\/article>        <script type=\"application\/ld+json\">\r\n        {\r\n            \"@context\": \"http:\/\/schema.org\",\r\n            \"@type\": \"Event\",\r\n            \"eventStatus\": \"https:\/\/schema.org\/EventScheduled\",\r\n            \"startDate\": \"2026-10-02\",\r\n            \"endDate\": \"2026-07-03\",\r\n            \"eventAttendanceMode\": \"https:\/\/schema.org\/OfflineEventAttendanceMode\",\r\n            \"location\":\r\n            {\r\n                \"@type\": \"Place\",\r\n                                \"name\": \"\",\r\n                \"image\": \"\",\r\n                \"address\": \"\"\r\n                            },\r\n            \"organizer\":\r\n            {\r\n                \"@type\": \"Person\",\r\n                \"name\": \"\",\r\n                \"url\": \"\"\r\n            },\r\n            \"offers\":\r\n            {\r\n                \"url\": \"https:\/\/turismevalles.com\/es\/events\/directes-al-porxo-conciertos-las-noches-de-los-viernes-de-julio-en-sant-antoni-de-vilamajor\/\",\r\n                \"price\": \"\",\r\n                \"priceCurrency\": \"$\",\r\n                \"availability\": \"https:\/\/schema.org\/InStock\",\r\n                \"validFrom\": \"2026-10-02T00:00\"\r\n            },\r\n            \"performer\": \"\",\r\n            \"description\": \"Para m\u00e1s informaci\u00f3n y consulta del programa, &lt;a href=&quot;https:\/\/www.santantonidevilamajor.cat\/actualitat\/noticies\/programa-directes-al-porxo-2026.html#&quot;&gt;clicar aqu\u00ed&lt;\/a&gt;\",\r\n            \"image\": \"https:\/\/turismevalles.com\/wp-content\/uploads\/2026\/06\/Diseno-sin-titulo20.png\",\r\n            \"name\": \"Directes al Porxo, conciertos las noches de los viernes de julio en Sant Antoni de Vilamajor\",\r\n            \"url\": \"https:\/\/turismevalles.com\/es\/events\/directes-al-porxo-conciertos-las-noches-de-los-viernes-de-julio-en-sant-antoni-de-vilamajor\/\"\r\n        }\r\n        <\/script>\r\n        <article class=\"mec-past-event mec-event-article \"><div class=\"mec-event-image\"><img loading=\"lazy\" decoding=\"async\" width=\"300\" height=\"300\" src=\"https:\/\/turismevalles.com\/wp-content\/uploads\/2026\/06\/Diseno-sin-titulo20-300x300.png\" class=\"attachment-thumblist size-thumblist wp-post-image\" alt=\"\" data-mec-postid=\"71804\" srcset=\"https:\/\/turismevalles.com\/wp-content\/uploads\/2026\/06\/Diseno-sin-titulo20-300x300.png 300w, https:\/\/turismevalles.com\/wp-content\/uploads\/2026\/06\/Diseno-sin-titulo20-1024x1024.png 1024w, https:\/\/turismevalles.com\/wp-content\/uploads\/2026\/06\/Diseno-sin-titulo20-150x150.png 150w, https:\/\/turismevalles.com\/wp-content\/uploads\/2026\/06\/Diseno-sin-titulo20-768x768.png 768w, https:\/\/turismevalles.com\/wp-content\/uploads\/2026\/06\/Diseno-sin-titulo20.png 1080w\" sizes=\"auto, (max-width: 300px) 100vw, 300px\" \/><\/div><div class=\"mec-event-time mec-color\"><span class=\"mec-sl-clock-o\"><\/span> Todo el d\u00eda<\/div><div class=\"mec-event-title\"><a class=\"mec-color-hover\"  data-event-id=\"71804\" href=\"https:\/\/turismevalles.com\/es\/events\/directes-al-porxo-conciertos-las-noches-de-los-viernes-de-julio-en-sant-antoni-de-vilamajor\/\" target=\"_self\" rel=\"noopener\">Directes al Porxo, conciertos las noches de los viernes de julio en Sant Antoni de Vilamajor<\/a><span class=\"event-color\" style=\"background: #fdd700\"><\/span><\/div><div class=\"mec-event-detail\"><div class=\"mec-event-loc-place\"><\/div><\/div><\/article>        <script type=\"application\/ld+json\">\r\n        {\r\n            \"@context\": \"http:\/\/schema.org\",\r\n            \"@type\": \"Event\",\r\n            \"eventStatus\": \"https:\/\/schema.org\/EventScheduled\",\r\n            \"startDate\": \"2026-10-02\",\r\n            \"endDate\": \"2026-10-03\",\r\n            \"eventAttendanceMode\": \"https:\/\/schema.org\/OfflineEventAttendanceMode\",\r\n            \"location\":\r\n            {\r\n                \"@type\": \"Place\",\r\n                                \"name\": \"\",\r\n                \"image\": \"\",\r\n                \"address\": \"\"\r\n                            },\r\n            \"organizer\":\r\n            {\r\n                \"@type\": \"Person\",\r\n                \"name\": \"\",\r\n                \"url\": \"\"\r\n            },\r\n            \"offers\":\r\n            {\r\n                \"url\": \"https:\/\/turismevalles.com\/es\/events\/xiii-jornadas-gastronomicas-en-vallromanes\/\",\r\n                \"price\": \"\",\r\n                \"priceCurrency\": \"$\",\r\n                \"availability\": \"https:\/\/schema.org\/InStock\",\r\n                \"validFrom\": \"2026-10-02T00:00\"\r\n            },\r\n            \"performer\": \"\",\r\n            \"description\": \"Para m\u00e1s informaci\u00f3n, &lt;a href=&quot;https:\/\/www-vallromanes-cat.translate.goog\/actualitat\/noticies\/vallromanes-escalfa-fogons-per-a-les-14es-jornades-gastronomiques-de-tastets.html?_x_tr_sl=ca&amp;_x_tr_tl=es&amp;_x_tr_hl=esie%3DUTF-8&quot;&gt;clicar aqu\u00ed&lt;\/a&gt;\",\r\n            \"image\": \"https:\/\/turismevalles.com\/wp-content\/uploads\/2025\/09\/Vallro-scaled.jpg\",\r\n            \"name\": \"XIV Jornadas Gastron\u00f3micas en Vallromanes\",\r\n            \"url\": \"https:\/\/turismevalles.com\/es\/events\/xiii-jornadas-gastronomicas-en-vallromanes\/\"\r\n        }\r\n        <\/script>\r\n        <article class=\"mec-event-article \"><div class=\"mec-event-image\"><img loading=\"lazy\" decoding=\"async\" width=\"300\" height=\"300\" src=\"https:\/\/turismevalles.com\/wp-content\/uploads\/2025\/09\/Vallro-300x300.jpg\" class=\"attachment-thumblist size-thumblist wp-post-image\" alt=\"\" data-mec-postid=\"65561\" srcset=\"https:\/\/turismevalles.com\/wp-content\/uploads\/2025\/09\/Vallro-300x300.jpg 300w, https:\/\/turismevalles.com\/wp-content\/uploads\/2025\/09\/Vallro-150x150.jpg 150w\" sizes=\"auto, (max-width: 300px) 100vw, 300px\" \/><\/div><div class=\"mec-event-time mec-color\"><span class=\"mec-sl-clock-o\"><\/span> Todo el d\u00eda<\/div><div class=\"mec-event-title\"><a class=\"mec-color-hover\"  data-event-id=\"65561\" href=\"https:\/\/turismevalles.com\/es\/events\/xiii-jornadas-gastronomicas-en-vallromanes\/\" target=\"_self\" rel=\"noopener\">XIV Jornadas Gastron\u00f3micas en Vallromanes<\/a><span class=\"event-color\" style=\"background: #fdd700\"><\/span><\/div><div class=\"mec-event-detail\"><div class=\"mec-event-loc-place\"><\/div><\/div><\/article><\/div><div class=\"mec-calendar-events-sec\" data-mec-cell=\"20261003\" ><div class=\"mec-table-side-title\">Eventos para <span class=\"mec-color mec-table-side-day\"> 3<\/span> octubre<\/div>        <script type=\"application\/ld+json\">\r\n        {\r\n            \"@context\": \"http:\/\/schema.org\",\r\n            \"@type\": \"Event\",\r\n            \"eventStatus\": \"https:\/\/schema.org\/EventScheduled\",\r\n            \"startDate\": \"2026-10-03\",\r\n            \"endDate\": \"2026-10-04\",\r\n            \"eventAttendanceMode\": \"https:\/\/schema.org\/OfflineEventAttendanceMode\",\r\n            \"location\":\r\n            {\r\n                \"@type\": \"Place\",\r\n                                \"name\": \"\",\r\n                \"image\": \"\",\r\n                \"address\": \"\"\r\n                            },\r\n            \"organizer\":\r\n            {\r\n                \"@type\": \"Person\",\r\n                \"name\": \"\",\r\n                \"url\": \"\"\r\n            },\r\n            \"offers\":\r\n            {\r\n                \"url\": \"https:\/\/turismevalles.com\/es\/events\/viii-festival-de-jazz-en-bigues-i-riells-del-fai\/\",\r\n                \"price\": \"\",\r\n                \"priceCurrency\": \"$\",\r\n                \"availability\": \"https:\/\/schema.org\/InStock\",\r\n                \"validFrom\": \"2026-10-03T00:00\"\r\n            },\r\n            \"performer\": \"\",\r\n            \"description\": \"Para m\u00e1s informaci\u00f3n, &lt;a href=&quot;https:\/\/www.biguesiriells.cat\/ca\/actualitat-2\/agenda-1\/x-festival-jazz-bigues-riells-del-fai-marta-duran-quartet-1400.htm&quot;&gt;clica aqui&lt;\/a&gt;\",\r\n            \"image\": \"https:\/\/turismevalles.com\/wp-content\/uploads\/2023\/08\/biRdelF_page-0001.jpg\",\r\n            \"name\": \"XI Festival de Jazz en Bigues i Riells del Fai\",\r\n            \"url\": \"https:\/\/turismevalles.com\/es\/events\/viii-festival-de-jazz-en-bigues-i-riells-del-fai\/\"\r\n        }\r\n        <\/script>\r\n        <article class=\"mec-event-article \"><div class=\"mec-event-image\"><img loading=\"lazy\" decoding=\"async\" width=\"300\" height=\"300\" src=\"https:\/\/turismevalles.com\/wp-content\/uploads\/2023\/08\/biRdelF_page-0001-300x300.jpg\" class=\"attachment-thumblist size-thumblist wp-post-image\" alt=\"\" data-mec-postid=\"28281\" srcset=\"https:\/\/turismevalles.com\/wp-content\/uploads\/2023\/08\/biRdelF_page-0001-300x300.jpg 300w, https:\/\/turismevalles.com\/wp-content\/uploads\/2023\/08\/biRdelF_page-0001-150x150.jpg 150w\" sizes=\"auto, (max-width: 300px) 100vw, 300px\" \/><\/div><div class=\"mec-event-time mec-color\"><span class=\"mec-sl-clock-o\"><\/span> Todo el d\u00eda<\/div><div class=\"mec-event-title\"><a class=\"mec-color-hover\"  data-event-id=\"28281\" href=\"https:\/\/turismevalles.com\/es\/events\/viii-festival-de-jazz-en-bigues-i-riells-del-fai\/\" target=\"_self\" rel=\"noopener\">XI Festival de Jazz en Bigues i Riells del Fai<\/a><span class=\"event-color\" style=\"background: #fdd700\"><\/span><\/div><div class=\"mec-event-detail\"><div class=\"mec-event-loc-place\"><\/div><\/div><\/article>        <script type=\"application\/ld+json\">\r\n        {\r\n            \"@context\": \"http:\/\/schema.org\",\r\n            \"@type\": \"Event\",\r\n            \"eventStatus\": \"https:\/\/schema.org\/EventScheduled\",\r\n            \"startDate\": \"2026-10-03\",\r\n            \"endDate\": \"2026-10-03\",\r\n            \"eventAttendanceMode\": \"https:\/\/schema.org\/OfflineEventAttendanceMode\",\r\n            \"location\":\r\n            {\r\n                \"@type\": \"Place\",\r\n                                \"name\": \"\",\r\n                \"image\": \"\",\r\n                \"address\": \"\"\r\n                            },\r\n            \"organizer\":\r\n            {\r\n                \"@type\": \"Person\",\r\n                \"name\": \"\",\r\n                \"url\": \"\"\r\n            },\r\n            \"offers\":\r\n            {\r\n                \"url\": \"https:\/\/turismevalles.com\/es\/events\/xiii-jornadas-gastronomicas-en-vallromanes\/\",\r\n                \"price\": \"\",\r\n                \"priceCurrency\": \"$\",\r\n                \"availability\": \"https:\/\/schema.org\/InStock\",\r\n                \"validFrom\": \"2026-10-03T00:00\"\r\n            },\r\n            \"performer\": \"\",\r\n            \"description\": \"Para m\u00e1s informaci\u00f3n, &lt;a href=&quot;https:\/\/www-vallromanes-cat.translate.goog\/actualitat\/noticies\/vallromanes-escalfa-fogons-per-a-les-14es-jornades-gastronomiques-de-tastets.html?_x_tr_sl=ca&amp;_x_tr_tl=es&amp;_x_tr_hl=esie%3DUTF-8&quot;&gt;clicar aqu\u00ed&lt;\/a&gt;\",\r\n            \"image\": \"https:\/\/turismevalles.com\/wp-content\/uploads\/2025\/09\/Vallro-scaled.jpg\",\r\n            \"name\": \"XIV Jornadas Gastron\u00f3micas en Vallromanes\",\r\n            \"url\": \"https:\/\/turismevalles.com\/es\/events\/xiii-jornadas-gastronomicas-en-vallromanes\/\"\r\n        }\r\n        <\/script>\r\n        <article class=\"mec-event-article \"><div class=\"mec-event-image\"><img loading=\"lazy\" decoding=\"async\" width=\"300\" height=\"300\" src=\"https:\/\/turismevalles.com\/wp-content\/uploads\/2025\/09\/Vallro-300x300.jpg\" class=\"attachment-thumblist size-thumblist wp-post-image\" alt=\"\" data-mec-postid=\"65561\" srcset=\"https:\/\/turismevalles.com\/wp-content\/uploads\/2025\/09\/Vallro-300x300.jpg 300w, https:\/\/turismevalles.com\/wp-content\/uploads\/2025\/09\/Vallro-150x150.jpg 150w\" sizes=\"auto, (max-width: 300px) 100vw, 300px\" \/><\/div><div class=\"mec-event-time mec-color\"><span class=\"mec-sl-clock-o\"><\/span> Todo el d\u00eda<\/div><div class=\"mec-event-title\"><a class=\"mec-color-hover\"  data-event-id=\"65561\" href=\"https:\/\/turismevalles.com\/es\/events\/xiii-jornadas-gastronomicas-en-vallromanes\/\" target=\"_self\" rel=\"noopener\">XIV Jornadas Gastron\u00f3micas en Vallromanes<\/a><span class=\"event-color\" style=\"background: #fdd700\"><\/span><\/div><div class=\"mec-event-detail\"><div class=\"mec-event-loc-place\"><\/div><\/div><\/article>        <script type=\"application\/ld+json\">\r\n        {\r\n            \"@context\": \"http:\/\/schema.org\",\r\n            \"@type\": \"Event\",\r\n            \"eventStatus\": \"https:\/\/schema.org\/EventScheduled\",\r\n            \"startDate\": \"2026-10-03\",\r\n            \"endDate\": \"2026-12-14\",\r\n            \"eventAttendanceMode\": \"https:\/\/schema.org\/OfflineEventAttendanceMode\",\r\n            \"location\":\r\n            {\r\n                \"@type\": \"Place\",\r\n                                \"name\": \"\",\r\n                \"image\": \"\",\r\n                \"address\": \"\"\r\n                            },\r\n            \"organizer\":\r\n            {\r\n                \"@type\": \"Person\",\r\n                \"name\": \"\",\r\n                \"url\": \"\"\r\n            },\r\n            \"offers\":\r\n            {\r\n                \"url\": \"https:\/\/turismevalles.com\/es\/events\/recorrerrido-por-sant-miquel-del-fai-bigues-i-riells-del-fai\/\",\r\n                \"price\": \"\",\r\n                \"priceCurrency\": \"$\",\r\n                \"availability\": \"https:\/\/schema.org\/InStock\",\r\n                \"validFrom\": \"2026-10-03T00:00\"\r\n            },\r\n            \"performer\": \"\",\r\n            \"description\": \"Para m\u00e1s informaci\u00f3n,&lt;a href=&quot;https:\/\/parcs.diba.cat\/es\/web\/agenda\/-\/cingles-de-berti-recorregut-per-sant-miquel-del-fai?utm_source=agenda&amp;utm_medium=correu&amp;utm_content=cingles-de-berti-recorregut-per-sant-miquel-del-fai&amp;utm_campaign=501&quot;&gt; clicar aqu\u00ed&lt;\/a&gt;    &nbsp;\",\r\n            \"image\": \"https:\/\/turismevalles.com\/wp-content\/uploads\/2026\/03\/RecorregutSMF.jpg\",\r\n            \"name\": \"Recorrerrido por Sant Miquel del Fai- Bigues i Riells del Fai_Sant Feliu de Codines\",\r\n            \"url\": \"https:\/\/turismevalles.com\/es\/events\/recorrerrido-por-sant-miquel-del-fai-bigues-i-riells-del-fai\/\"\r\n        }\r\n        <\/script>\r\n        <article class=\"mec-event-article \"><div class=\"mec-event-image\"><img loading=\"lazy\" decoding=\"async\" width=\"300\" height=\"300\" src=\"https:\/\/turismevalles.com\/wp-content\/uploads\/2026\/03\/RecorregutSMF-300x300.jpg\" class=\"attachment-thumblist size-thumblist wp-post-image\" alt=\"\" data-mec-postid=\"68822\" srcset=\"https:\/\/turismevalles.com\/wp-content\/uploads\/2026\/03\/RecorregutSMF-300x300.jpg 300w, https:\/\/turismevalles.com\/wp-content\/uploads\/2026\/03\/RecorregutSMF-150x150.jpg 150w\" sizes=\"auto, (max-width: 300px) 100vw, 300px\" \/><\/div><div class=\"mec-event-time mec-color\"><span class=\"mec-sl-clock-o\"><\/span> Todo el d\u00eda<\/div><div class=\"mec-event-title\"><a class=\"mec-color-hover\"  data-event-id=\"68822\" href=\"https:\/\/turismevalles.com\/es\/events\/recorrerrido-por-sant-miquel-del-fai-bigues-i-riells-del-fai\/\" target=\"_self\" rel=\"noopener\">Recorrerrido por Sant Miquel del Fai- Bigues i Riells del Fai_Sant Feliu de Codines<\/a><span class=\"event-color\" style=\"background: #fdd700\"><\/span><\/div><div class=\"mec-event-detail\"><div class=\"mec-event-loc-place\"><\/div><\/div><\/article>        <script type=\"application\/ld+json\">\r\n        {\r\n            \"@context\": \"http:\/\/schema.org\",\r\n            \"@type\": \"Event\",\r\n            \"eventStatus\": \"https:\/\/schema.org\/EventScheduled\",\r\n            \"startDate\": \"2026-10-03\",\r\n            \"endDate\": \"2026-10-04\",\r\n            \"eventAttendanceMode\": \"https:\/\/schema.org\/OfflineEventAttendanceMode\",\r\n            \"location\":\r\n            {\r\n                \"@type\": \"Place\",\r\n                                \"name\": \"\",\r\n                \"image\": \"\",\r\n                \"address\": \"\"\r\n                            },\r\n            \"organizer\":\r\n            {\r\n                \"@type\": \"Person\",\r\n                \"name\": \"\",\r\n                \"url\": \"\"\r\n            },\r\n            \"offers\":\r\n            {\r\n                \"url\": \"https:\/\/turismevalles.com\/es\/events\/visita-gratuita-al-museu-cardedeu\/\",\r\n                \"price\": \"\",\r\n                \"priceCurrency\": \"$\",\r\n                \"availability\": \"https:\/\/schema.org\/InStock\",\r\n                \"validFrom\": \"2026-10-03T00:00\"\r\n            },\r\n            \"performer\": \"\",\r\n            \"description\": \"Ven y visita el museo gratuitamente cada primer fin de semana de mes!    Conoce el pasado y presente de Cardedeu y una de las farmacias rurales m\u00e1s antiguas de Europa.    Adem\u00e1s, cada s\u00e1bado a las 18h y domingos a las 12h se har\u00e1 una visita guiada en la sala de exposiciones temporales  de la planta baja del museo, y coincidiendo con el primer fin de semana, la visita se har\u00e1 a todas las salas.    El horario del museo es:  De martes a s\u00e1bado de 10 a 14h y de 16 a 19h  Domingos y festivos de 10 a 14h    excepto los domingos de marzo a junio y de octubre a noviembre.    Info: &lt;a href=&quot;https:\/\/museudecardedeu.cat\/agenda\/&quot;&gt;https:\/\/museudecardedeu.cat\/agenda\/&lt;\/a&gt;\",\r\n            \"image\": \"https:\/\/turismevalles.com\/wp-content\/uploads\/2023\/03\/025_museu.jpg\",\r\n            \"name\": \"Visita gratuita al Museo Cardedeu\",\r\n            \"url\": \"https:\/\/turismevalles.com\/es\/events\/visita-gratuita-al-museu-cardedeu\/\"\r\n        }\r\n        <\/script>\r\n        <article class=\"mec-past-event mec-event-article \"><div class=\"mec-event-image\"><img loading=\"lazy\" decoding=\"async\" width=\"300\" height=\"300\" src=\"https:\/\/turismevalles.com\/wp-content\/uploads\/2023\/03\/025_museu-300x300.jpg\" class=\"attachment-thumblist size-thumblist wp-post-image\" alt=\"\" data-mec-postid=\"25231\" srcset=\"https:\/\/turismevalles.com\/wp-content\/uploads\/2023\/03\/025_museu-300x300.jpg 300w, https:\/\/turismevalles.com\/wp-content\/uploads\/2023\/03\/025_museu-150x150.jpg 150w\" sizes=\"auto, (max-width: 300px) 100vw, 300px\" \/><\/div><div class=\"mec-event-title\"><a class=\"mec-color-hover\"  data-event-id=\"25231\" href=\"https:\/\/turismevalles.com\/es\/events\/visita-gratuita-al-museu-cardedeu\/\" target=\"_self\" rel=\"noopener\">Visita gratuita al Museo Cardedeu<\/a><span class=\"event-color\" style=\"background: #fdd700\"><\/span><\/div><div class=\"mec-event-detail\"><div class=\"mec-event-loc-place\"><\/div><\/div><\/article><\/div><div class=\"mec-calendar-events-sec\" data-mec-cell=\"20261004\" ><div class=\"mec-table-side-title\">Eventos para <span class=\"mec-color mec-table-side-day\"> 4<\/span> octubre<\/div>        <script type=\"application\/ld+json\">\r\n        {\r\n            \"@context\": \"http:\/\/schema.org\",\r\n            \"@type\": \"Event\",\r\n            \"eventStatus\": \"https:\/\/schema.org\/EventScheduled\",\r\n            \"startDate\": \"2026-10-04\",\r\n            \"endDate\": \"2026-10-05\",\r\n            \"eventAttendanceMode\": \"https:\/\/schema.org\/OfflineEventAttendanceMode\",\r\n            \"location\":\r\n            {\r\n                \"@type\": \"Place\",\r\n                                \"name\": \"\",\r\n                \"image\": \"\",\r\n                \"address\": \"\"\r\n                            },\r\n            \"organizer\":\r\n            {\r\n                \"@type\": \"Person\",\r\n                \"name\": \"\",\r\n                \"url\": \"\"\r\n            },\r\n            \"offers\":\r\n            {\r\n                \"url\": \"https:\/\/turismevalles.com\/es\/events\/visita-gratuita-al-museu-cardedeu\/\",\r\n                \"price\": \"\",\r\n                \"priceCurrency\": \"$\",\r\n                \"availability\": \"https:\/\/schema.org\/InStock\",\r\n                \"validFrom\": \"2026-10-04T00:00\"\r\n            },\r\n            \"performer\": \"\",\r\n            \"description\": \"Ven y visita el museo gratuitamente cada primer fin de semana de mes!    Conoce el pasado y presente de Cardedeu y una de las farmacias rurales m\u00e1s antiguas de Europa.    Adem\u00e1s, cada s\u00e1bado a las 18h y domingos a las 12h se har\u00e1 una visita guiada en la sala de exposiciones temporales  de la planta baja del museo, y coincidiendo con el primer fin de semana, la visita se har\u00e1 a todas las salas.    El horario del museo es:  De martes a s\u00e1bado de 10 a 14h y de 16 a 19h  Domingos y festivos de 10 a 14h    excepto los domingos de marzo a junio y de octubre a noviembre.    Info: &lt;a href=&quot;https:\/\/museudecardedeu.cat\/agenda\/&quot;&gt;https:\/\/museudecardedeu.cat\/agenda\/&lt;\/a&gt;\",\r\n            \"image\": \"https:\/\/turismevalles.com\/wp-content\/uploads\/2023\/03\/025_museu.jpg\",\r\n            \"name\": \"Visita gratuita al Museo Cardedeu\",\r\n            \"url\": \"https:\/\/turismevalles.com\/es\/events\/visita-gratuita-al-museu-cardedeu\/\"\r\n        }\r\n        <\/script>\r\n        <article class=\"mec-past-event mec-event-article \"><div class=\"mec-event-image\"><img loading=\"lazy\" decoding=\"async\" width=\"300\" height=\"300\" src=\"https:\/\/turismevalles.com\/wp-content\/uploads\/2023\/03\/025_museu-300x300.jpg\" class=\"attachment-thumblist size-thumblist wp-post-image\" alt=\"\" data-mec-postid=\"25231\" srcset=\"https:\/\/turismevalles.com\/wp-content\/uploads\/2023\/03\/025_museu-300x300.jpg 300w, https:\/\/turismevalles.com\/wp-content\/uploads\/2023\/03\/025_museu-150x150.jpg 150w\" sizes=\"auto, (max-width: 300px) 100vw, 300px\" \/><\/div><div class=\"mec-event-title\"><a class=\"mec-color-hover\"  data-event-id=\"25231\" href=\"https:\/\/turismevalles.com\/es\/events\/visita-gratuita-al-museu-cardedeu\/\" target=\"_self\" rel=\"noopener\">Visita gratuita al Museo Cardedeu<\/a><span class=\"event-color\" style=\"background: #fdd700\"><\/span><\/div><div class=\"mec-event-detail\"><div class=\"mec-event-loc-place\"><\/div><\/div><\/article>        <script type=\"application\/ld+json\">\r\n        {\r\n            \"@context\": \"http:\/\/schema.org\",\r\n            \"@type\": \"Event\",\r\n            \"eventStatus\": \"https:\/\/schema.org\/EventScheduled\",\r\n            \"startDate\": \"2026-10-04\",\r\n            \"endDate\": \"2026-10-04\",\r\n            \"eventAttendanceMode\": \"https:\/\/schema.org\/OfflineEventAttendanceMode\",\r\n            \"location\":\r\n            {\r\n                \"@type\": \"Place\",\r\n                                \"name\": \"\",\r\n                \"image\": \"\",\r\n                \"address\": \"\"\r\n                            },\r\n            \"organizer\":\r\n            {\r\n                \"@type\": \"Person\",\r\n                \"name\": \"\",\r\n                \"url\": \"\"\r\n            },\r\n            \"offers\":\r\n            {\r\n                \"url\": \"https:\/\/turismevalles.com\/es\/events\/viii-festival-de-jazz-en-bigues-i-riells-del-fai\/\",\r\n                \"price\": \"\",\r\n                \"priceCurrency\": \"$\",\r\n                \"availability\": \"https:\/\/schema.org\/InStock\",\r\n                \"validFrom\": \"2026-10-04T00:00\"\r\n            },\r\n            \"performer\": \"\",\r\n            \"description\": \"Para m\u00e1s informaci\u00f3n, &lt;a href=&quot;https:\/\/www.biguesiriells.cat\/ca\/actualitat-2\/agenda-1\/x-festival-jazz-bigues-riells-del-fai-marta-duran-quartet-1400.htm&quot;&gt;clica aqui&lt;\/a&gt;\",\r\n            \"image\": \"https:\/\/turismevalles.com\/wp-content\/uploads\/2023\/08\/biRdelF_page-0001.jpg\",\r\n            \"name\": \"XI Festival de Jazz en Bigues i Riells del Fai\",\r\n            \"url\": \"https:\/\/turismevalles.com\/es\/events\/viii-festival-de-jazz-en-bigues-i-riells-del-fai\/\"\r\n        }\r\n        <\/script>\r\n        <article class=\"mec-event-article \"><div class=\"mec-event-image\"><img loading=\"lazy\" decoding=\"async\" width=\"300\" height=\"300\" src=\"https:\/\/turismevalles.com\/wp-content\/uploads\/2023\/08\/biRdelF_page-0001-300x300.jpg\" class=\"attachment-thumblist size-thumblist wp-post-image\" alt=\"\" data-mec-postid=\"28281\" srcset=\"https:\/\/turismevalles.com\/wp-content\/uploads\/2023\/08\/biRdelF_page-0001-300x300.jpg 300w, https:\/\/turismevalles.com\/wp-content\/uploads\/2023\/08\/biRdelF_page-0001-150x150.jpg 150w\" sizes=\"auto, (max-width: 300px) 100vw, 300px\" \/><\/div><div class=\"mec-event-time mec-color\"><span class=\"mec-sl-clock-o\"><\/span> Todo el d\u00eda<\/div><div class=\"mec-event-title\"><a class=\"mec-color-hover\"  data-event-id=\"28281\" href=\"https:\/\/turismevalles.com\/es\/events\/viii-festival-de-jazz-en-bigues-i-riells-del-fai\/\" target=\"_self\" rel=\"noopener\">XI Festival de Jazz en Bigues i Riells del Fai<\/a><span class=\"event-color\" style=\"background: #fdd700\"><\/span><\/div><div class=\"mec-event-detail\"><div class=\"mec-event-loc-place\"><\/div><\/div><\/article>        <script type=\"application\/ld+json\">\r\n        {\r\n            \"@context\": \"http:\/\/schema.org\",\r\n            \"@type\": \"Event\",\r\n            \"eventStatus\": \"https:\/\/schema.org\/EventScheduled\",\r\n            \"startDate\": \"2026-10-04\",\r\n            \"endDate\": \"2026-12-14\",\r\n            \"eventAttendanceMode\": \"https:\/\/schema.org\/OfflineEventAttendanceMode\",\r\n            \"location\":\r\n            {\r\n                \"@type\": \"Place\",\r\n                                \"name\": \"\",\r\n                \"image\": \"\",\r\n                \"address\": \"\"\r\n                            },\r\n            \"organizer\":\r\n            {\r\n                \"@type\": \"Person\",\r\n                \"name\": \"\",\r\n                \"url\": \"\"\r\n            },\r\n            \"offers\":\r\n            {\r\n                \"url\": \"https:\/\/turismevalles.com\/es\/events\/recorrerrido-por-sant-miquel-del-fai-bigues-i-riells-del-fai\/\",\r\n                \"price\": \"\",\r\n                \"priceCurrency\": \"$\",\r\n                \"availability\": \"https:\/\/schema.org\/InStock\",\r\n                \"validFrom\": \"2026-10-04T00:00\"\r\n            },\r\n            \"performer\": \"\",\r\n            \"description\": \"Para m\u00e1s informaci\u00f3n,&lt;a href=&quot;https:\/\/parcs.diba.cat\/es\/web\/agenda\/-\/cingles-de-berti-recorregut-per-sant-miquel-del-fai?utm_source=agenda&amp;utm_medium=correu&amp;utm_content=cingles-de-berti-recorregut-per-sant-miquel-del-fai&amp;utm_campaign=501&quot;&gt; clicar aqu\u00ed&lt;\/a&gt;    &nbsp;\",\r\n            \"image\": \"https:\/\/turismevalles.com\/wp-content\/uploads\/2026\/03\/RecorregutSMF.jpg\",\r\n            \"name\": \"Recorrerrido por Sant Miquel del Fai- Bigues i Riells del Fai_Sant Feliu de Codines\",\r\n            \"url\": \"https:\/\/turismevalles.com\/es\/events\/recorrerrido-por-sant-miquel-del-fai-bigues-i-riells-del-fai\/\"\r\n        }\r\n        <\/script>\r\n        <article class=\"mec-event-article \"><div class=\"mec-event-image\"><img loading=\"lazy\" decoding=\"async\" width=\"300\" height=\"300\" src=\"https:\/\/turismevalles.com\/wp-content\/uploads\/2026\/03\/RecorregutSMF-300x300.jpg\" class=\"attachment-thumblist size-thumblist wp-post-image\" alt=\"\" data-mec-postid=\"68822\" srcset=\"https:\/\/turismevalles.com\/wp-content\/uploads\/2026\/03\/RecorregutSMF-300x300.jpg 300w, https:\/\/turismevalles.com\/wp-content\/uploads\/2026\/03\/RecorregutSMF-150x150.jpg 150w\" sizes=\"auto, (max-width: 300px) 100vw, 300px\" \/><\/div><div class=\"mec-event-time mec-color\"><span class=\"mec-sl-clock-o\"><\/span> Todo el d\u00eda<\/div><div class=\"mec-event-title\"><a class=\"mec-color-hover\"  data-event-id=\"68822\" href=\"https:\/\/turismevalles.com\/es\/events\/recorrerrido-por-sant-miquel-del-fai-bigues-i-riells-del-fai\/\" target=\"_self\" rel=\"noopener\">Recorrerrido por Sant Miquel del Fai- Bigues i Riells del Fai_Sant Feliu de Codines<\/a><span class=\"event-color\" style=\"background: #fdd700\"><\/span><\/div><div class=\"mec-event-detail\"><div class=\"mec-event-loc-place\"><\/div><\/div><\/article>        <script type=\"application\/ld+json\">\r\n        {\r\n            \"@context\": \"http:\/\/schema.org\",\r\n            \"@type\": \"Event\",\r\n            \"eventStatus\": \"https:\/\/schema.org\/EventScheduled\",\r\n            \"startDate\": \"2026-10-04\",\r\n            \"endDate\": \"2026-10-05\",\r\n            \"eventAttendanceMode\": \"https:\/\/schema.org\/OfflineEventAttendanceMode\",\r\n            \"location\":\r\n            {\r\n                \"@type\": \"Place\",\r\n                                \"name\": \"\",\r\n                \"image\": \"\",\r\n                \"address\": \"\"\r\n                            },\r\n            \"organizer\":\r\n            {\r\n                \"@type\": \"Person\",\r\n                \"name\": \"\",\r\n                \"url\": \"\"\r\n            },\r\n            \"offers\":\r\n            {\r\n                \"url\": \"https:\/\/turismevalles.com\/es\/events\/visita-gratuita-al-museu-cardedeu\/\",\r\n                \"price\": \"\",\r\n                \"priceCurrency\": \"$\",\r\n                \"availability\": \"https:\/\/schema.org\/InStock\",\r\n                \"validFrom\": \"2026-10-04T00:00\"\r\n            },\r\n            \"performer\": \"\",\r\n            \"description\": \"Ven y visita el museo gratuitamente cada primer fin de semana de mes!    Conoce el pasado y presente de Cardedeu y una de las farmacias rurales m\u00e1s antiguas de Europa.    Adem\u00e1s, cada s\u00e1bado a las 18h y domingos a las 12h se har\u00e1 una visita guiada en la sala de exposiciones temporales  de la planta baja del museo, y coincidiendo con el primer fin de semana, la visita se har\u00e1 a todas las salas.    El horario del museo es:  De martes a s\u00e1bado de 10 a 14h y de 16 a 19h  Domingos y festivos de 10 a 14h    excepto los domingos de marzo a junio y de octubre a noviembre.    Info: &lt;a href=&quot;https:\/\/museudecardedeu.cat\/agenda\/&quot;&gt;https:\/\/museudecardedeu.cat\/agenda\/&lt;\/a&gt;\",\r\n            \"image\": \"https:\/\/turismevalles.com\/wp-content\/uploads\/2023\/03\/025_museu.jpg\",\r\n            \"name\": \"Visita gratuita al Museo Cardedeu\",\r\n            \"url\": \"https:\/\/turismevalles.com\/es\/events\/visita-gratuita-al-museu-cardedeu\/\"\r\n        }\r\n        <\/script>\r\n        <article class=\"mec-past-event mec-event-article \"><div class=\"mec-event-image\"><img loading=\"lazy\" decoding=\"async\" width=\"300\" height=\"300\" src=\"https:\/\/turismevalles.com\/wp-content\/uploads\/2023\/03\/025_museu-300x300.jpg\" class=\"attachment-thumblist size-thumblist wp-post-image\" alt=\"\" data-mec-postid=\"25231\" srcset=\"https:\/\/turismevalles.com\/wp-content\/uploads\/2023\/03\/025_museu-300x300.jpg 300w, https:\/\/turismevalles.com\/wp-content\/uploads\/2023\/03\/025_museu-150x150.jpg 150w\" sizes=\"auto, (max-width: 300px) 100vw, 300px\" \/><\/div><div class=\"mec-event-title\"><a class=\"mec-color-hover\"  data-event-id=\"25231\" href=\"https:\/\/turismevalles.com\/es\/events\/visita-gratuita-al-museu-cardedeu\/\" target=\"_self\" rel=\"noopener\">Visita gratuita al Museo Cardedeu<\/a><span class=\"event-color\" style=\"background: #fdd700\"><\/span><\/div><div class=\"mec-event-detail\"><div class=\"mec-event-loc-place\"><\/div><\/div><\/article><\/div><\/div><\/div><\/div><div class=\"mec-event-footer\"><\/div>    <\/div>\r\n\r\n<\/div>\r\n\n\n\n\n<div style=\"height:100px\" aria-hidden=\"true\" class=\"wp-block-spacer\"><\/div>\n\n\n\n<h2 class=\"wp-block-heading\">\u00bfCu\u00e1ndo visitas la comarca?<\/h2>\n\n\n<div class=\"gb-grid-wrapper gb-grid-wrapper-04791492 homeHighlight\">\n<div class=\"gb-grid-column gb-grid-column-b8a70c6e\"><div class=\"gb-container gb-container-b8a70c6e\"><div class=\"gb-inside-container\">\n\n<figure class=\"wp-block-image size-large\"><a href=\"es\/primavera\/\"><img loading=\"lazy\" decoding=\"async\" width=\"1024\" height=\"685\" src=\"http:\/\/turismevalles.com\/wp-content\/uploads\/2021\/02\/primavera-1024x685.jpg\" alt=\"\" class=\"wp-image-12321\" srcset=\"https:\/\/turismevalles.com\/wp-content\/uploads\/2021\/02\/primavera-1024x685.jpg 1024w, https:\/\/turismevalles.com\/wp-content\/uploads\/2021\/02\/primavera-300x201.jpg 300w, https:\/\/turismevalles.com\/wp-content\/uploads\/2021\/02\/primavera-768x514.jpg 768w, https:\/\/turismevalles.com\/wp-content\/uploads\/2021\/02\/primavera-1536x1028.jpg 1536w, https:\/\/turismevalles.com\/wp-content\/uploads\/2021\/02\/primavera-2048x1371.jpg 2048w\" sizes=\"auto, (max-width: 1024px) 100vw, 1024px\" \/><\/a><\/figure>\n\n\n\n<h2 class=\"gb-headline gb-headline-738207f9 gb-headline-text\">PRIMAVERA<\/h2>\n\n<\/div><\/div><\/div>\n\n<div class=\"gb-grid-column gb-grid-column-5f86ab94\"><div class=\"gb-container gb-container-5f86ab94\"><div class=\"gb-inside-container\">\n\n<figure class=\"wp-block-image size-large\"><a href=\"es\/verano\/\"><img loading=\"lazy\" decoding=\"async\" width=\"1024\" height=\"685\" src=\"http:\/\/turismevalles.com\/wp-content\/uploads\/2021\/02\/estiu-1024x685.jpg\" alt=\"\" class=\"wp-image-12325\" srcset=\"https:\/\/turismevalles.com\/wp-content\/uploads\/2021\/02\/estiu-1024x685.jpg 1024w, https:\/\/turismevalles.com\/wp-content\/uploads\/2021\/02\/estiu-300x201.jpg 300w, https:\/\/turismevalles.com\/wp-content\/uploads\/2021\/02\/estiu-768x514.jpg 768w, https:\/\/turismevalles.com\/wp-content\/uploads\/2021\/02\/estiu-1536x1028.jpg 1536w, https:\/\/turismevalles.com\/wp-content\/uploads\/2021\/02\/estiu-2048x1371.jpg 2048w\" sizes=\"auto, (max-width: 1024px) 100vw, 1024px\" \/><\/a><\/figure>\n\n\n\n<h2 class=\"gb-headline gb-headline-272570d3 gb-headline-text\">VERANO<\/h2>\n\n<\/div><\/div><\/div>\n<\/div>\n\n<div class=\"gb-grid-wrapper gb-grid-wrapper-82e28fae homeHighlight\">\n<div class=\"gb-grid-column gb-grid-column-f4ec8487\"><div class=\"gb-container gb-container-f4ec8487\"><div class=\"gb-inside-container\">\n\n<figure class=\"wp-block-image size-large\"><a href=\"es\/otono\/\"><img loading=\"lazy\" decoding=\"async\" width=\"1024\" height=\"683\" src=\"http:\/\/turismevalles.com\/wp-content\/uploads\/2021\/02\/tardor-1024x683.jpg\" alt=\"\" class=\"wp-image-12329\" srcset=\"https:\/\/turismevalles.com\/wp-content\/uploads\/2021\/02\/tardor-1024x683.jpg 1024w, https:\/\/turismevalles.com\/wp-content\/uploads\/2021\/02\/tardor-300x200.jpg 300w, https:\/\/turismevalles.com\/wp-content\/uploads\/2021\/02\/tardor-768x512.jpg 768w, https:\/\/turismevalles.com\/wp-content\/uploads\/2021\/02\/tardor-391x260.jpg 391w, https:\/\/turismevalles.com\/wp-content\/uploads\/2021\/02\/tardor-1536x1024.jpg 1536w, https:\/\/turismevalles.com\/wp-content\/uploads\/2021\/02\/tardor-2048x1365.jpg 2048w\" sizes=\"auto, (max-width: 1024px) 100vw, 1024px\" \/><\/a><\/figure>\n\n\n\n<h2 class=\"gb-headline gb-headline-6cc811fb gb-headline-text\">OTO\u00d1O<\/h2>\n\n<\/div><\/div><\/div>\n\n<div class=\"gb-grid-column gb-grid-column-dc7b814a\"><div class=\"gb-container gb-container-dc7b814a\"><div class=\"gb-inside-container\">\n\n<figure class=\"wp-block-image size-large\"><a href=\"es\/invierno\/\"><img loading=\"lazy\" decoding=\"async\" width=\"1024\" height=\"683\" src=\"http:\/\/turismevalles.com\/wp-content\/uploads\/2021\/02\/hivern-1024x683.jpg\" alt=\"\" class=\"wp-image-12333\" srcset=\"https:\/\/turismevalles.com\/wp-content\/uploads\/2021\/02\/hivern-1024x683.jpg 1024w, https:\/\/turismevalles.com\/wp-content\/uploads\/2021\/02\/hivern-300x200.jpg 300w, https:\/\/turismevalles.com\/wp-content\/uploads\/2021\/02\/hivern-768x512.jpg 768w, https:\/\/turismevalles.com\/wp-content\/uploads\/2021\/02\/hivern-391x260.jpg 391w, https:\/\/turismevalles.com\/wp-content\/uploads\/2021\/02\/hivern-1536x1024.jpg 1536w, https:\/\/turismevalles.com\/wp-content\/uploads\/2021\/02\/hivern-2048x1365.jpg 2048w\" sizes=\"auto, (max-width: 1024px) 100vw, 1024px\" \/><\/a><\/figure>\n\n\n\n<h2 class=\"gb-headline gb-headline-72f2db42 gb-headline-text\">INVIERNO<\/h2>\n\n<\/div><\/div><\/div>\n<\/div>\n\n\n<div style=\"height:35px\" aria-hidden=\"true\" class=\"wp-block-spacer\"><\/div>\n\n\n\n<p><\/p>\n","protected":false},"excerpt":{"rendered":"<p>El Vall\u00e8s Oriental est\u00e1 situado a pocos quil\u00f3metros de las ciudades de Barcelona y Girona, del mar Mediterr\u00e1neo y de la alta monta\u00f1a. Es un &#8230; <a title=\"Recorrerrido por Sant Miquel del Fai- Bigues i Riells del Fai_Sant Feliu de Codines\" class=\"read-more\" href=\"https:\/\/turismevalles.com\/es\/events\/recorrerrido-por-sant-miquel-del-fai-bigues-i-riells-del-fai\/\" aria-label=\"M\u00e1s en Recorrerrido por Sant Miquel del Fai- Bigues i Riells del Fai_Sant Feliu de Codines\">Veure m\u00e9s<\/a><\/p>\n","protected":false},"author":5,"featured_media":0,"parent":0,"menu_order":0,"comment_status":"closed","ping_status":"closed","template":"","meta":{"_acf_changed":false,"inline_featured_image":false,"_uag_custom_page_level_css":"","footnotes":""},"class_list":["post-9140","page","type-page","status-publish","hentry","generate-columns","tablet-grid-50","mobile-grid-100","grid-parent","grid-33"],"acf":[],"yoast_head":"<!-- This site is optimized with the Yoast SEO plugin v26.4 - https:\/\/yoast.com\/wordpress\/plugins\/seo\/ -->\n<title>Turismo cerca de Barcelona, en el Vall\u00e8s Oriental - Turisme Vall\u00e8s<\/title>\n<meta name=\"description\" content=\"Ven a descubrir el Vall\u00e8s Oriental. Cerca de Barcelona. Turismo pausado. Gravel. Naturaleza. Cultura. Termalismo. Compras. Deporte y mucho m\u00e1s!\" \/>\n<meta name=\"robots\" content=\"index, follow, max-snippet:-1, max-image-preview:large, max-video-preview:-1\" \/>\n<link rel=\"canonical\" href=\"https:\/\/turismevalles.com\/es\/\" \/>\n<meta property=\"og:locale\" content=\"es_ES\" \/>\n<meta property=\"og:type\" content=\"article\" \/>\n<meta property=\"og:title\" content=\"Turismo cerca de Barcelona, en el Vall\u00e8s Oriental - Turisme Vall\u00e8s\" \/>\n<meta property=\"og:description\" content=\"Ven a descubrir el Vall\u00e8s Oriental. Cerca de Barcelona. Turismo pausado. Gravel. Naturaleza. Cultura. Termalismo. Compras. Deporte y mucho m\u00e1s!\" \/>\n<meta property=\"og:url\" content=\"https:\/\/turismevalles.com\/es\/\" \/>\n<meta property=\"og:site_name\" content=\"Turisme Vall\u00e8s\" \/>\n<meta property=\"article:modified_time\" content=\"2026-03-31T11:26:13+00:00\" \/>\n<meta property=\"og:image\" content=\"http:\/\/turismevalles.com\/wp-content\/uploads\/2020\/10\/descobreix.jpg\" \/>\n<meta name=\"twitter:card\" content=\"summary_large_image\" \/>\n<meta name=\"twitter:label1\" content=\"Tiempo de lectura\" \/>\n\t<meta name=\"twitter:data1\" content=\"4 minutos\" \/>\n<script type=\"application\/ld+json\" class=\"yoast-schema-graph\">{\"@context\":\"https:\/\/schema.org\",\"@graph\":[{\"@type\":\"WebPage\",\"@id\":\"https:\/\/turismevalles.com\/es\/\",\"url\":\"https:\/\/turismevalles.com\/es\/\",\"name\":\"Turismo cerca de Barcelona, en el Vall\u00e8s Oriental - Turisme Vall\u00e8s\",\"isPartOf\":{\"@id\":\"https:\/\/turismevalles.com\/en\/#website\"},\"primaryImageOfPage\":{\"@id\":\"https:\/\/turismevalles.com\/es\/#primaryimage\"},\"image\":{\"@id\":\"https:\/\/turismevalles.com\/es\/#primaryimage\"},\"thumbnailUrl\":\"http:\/\/turismevalles.com\/wp-content\/uploads\/2020\/10\/descobreix.jpg\",\"datePublished\":\"2020-11-25T08:31:33+00:00\",\"dateModified\":\"2026-03-31T11:26:13+00:00\",\"description\":\"Ven a descubrir el Vall\u00e8s Oriental. Cerca de Barcelona. Turismo pausado. Gravel. Naturaleza. Cultura. Termalismo. Compras. Deporte y mucho m\u00e1s!\",\"breadcrumb\":{\"@id\":\"https:\/\/turismevalles.com\/es\/#breadcrumb\"},\"inLanguage\":\"es\",\"potentialAction\":[{\"@type\":\"ReadAction\",\"target\":[\"https:\/\/turismevalles.com\/es\/\"]}]},{\"@type\":\"ImageObject\",\"inLanguage\":\"es\",\"@id\":\"https:\/\/turismevalles.com\/es\/#primaryimage\",\"url\":\"http:\/\/turismevalles.com\/wp-content\/uploads\/2020\/10\/descobreix.jpg\",\"contentUrl\":\"http:\/\/turismevalles.com\/wp-content\/uploads\/2020\/10\/descobreix.jpg\"},{\"@type\":\"BreadcrumbList\",\"@id\":\"https:\/\/turismevalles.com\/es\/#breadcrumb\",\"itemListElement\":[{\"@type\":\"ListItem\",\"position\":1,\"name\":\"Inicio\",\"item\":\"https:\/\/turismevalles.com\/es\/\"},{\"@type\":\"ListItem\",\"position\":2,\"name\":\"Turismo cerca de Barcelona, en el Vall\u00e8s Oriental\"}]},{\"@type\":\"WebSite\",\"@id\":\"https:\/\/turismevalles.com\/en\/#website\",\"url\":\"https:\/\/turismevalles.com\/en\/\",\"name\":\"Turisme Vall\u00e8s\",\"description\":\"\",\"publisher\":{\"@id\":\"https:\/\/turismevalles.com\/en\/#organization\"},\"potentialAction\":[{\"@type\":\"SearchAction\",\"target\":{\"@type\":\"EntryPoint\",\"urlTemplate\":\"https:\/\/turismevalles.com\/en\/?s={search_term_string}\"},\"query-input\":{\"@type\":\"PropertyValueSpecification\",\"valueRequired\":true,\"valueName\":\"search_term_string\"}}],\"inLanguage\":\"es\"},{\"@type\":\"Organization\",\"@id\":\"https:\/\/turismevalles.com\/en\/#organization\",\"name\":\"Turisme Vall\u00e8s\",\"url\":\"https:\/\/turismevalles.com\/en\/\",\"logo\":{\"@type\":\"ImageObject\",\"inLanguage\":\"es\",\"@id\":\"https:\/\/turismevalles.com\/en\/#\/schema\/logo\/image\/\",\"url\":\"https:\/\/turismevalles.com\/wp-content\/uploads\/2020\/08\/cropped-logo_ca-2.png\",\"contentUrl\":\"https:\/\/turismevalles.com\/wp-content\/uploads\/2020\/08\/cropped-logo_ca-2.png\",\"width\":314,\"height\":85,\"caption\":\"Turisme Vall\u00e8s\"},\"image\":{\"@id\":\"https:\/\/turismevalles.com\/en\/#\/schema\/logo\/image\/\"}}]}<\/script>\n<!-- \/ Yoast SEO plugin. -->","yoast_head_json":{"title":"Turismo cerca de Barcelona, en el Vall\u00e8s Oriental - Turisme Vall\u00e8s","description":"Ven a descubrir el Vall\u00e8s Oriental. Cerca de Barcelona. Turismo pausado. Gravel. Naturaleza. Cultura. Termalismo. Compras. Deporte y mucho m\u00e1s!","robots":{"index":"index","follow":"follow","max-snippet":"max-snippet:-1","max-image-preview":"max-image-preview:large","max-video-preview":"max-video-preview:-1"},"canonical":"https:\/\/turismevalles.com\/es\/","og_locale":"es_ES","og_type":"article","og_title":"Turismo cerca de Barcelona, en el Vall\u00e8s Oriental - Turisme Vall\u00e8s","og_description":"Ven a descubrir el Vall\u00e8s Oriental. Cerca de Barcelona. Turismo pausado. Gravel. Naturaleza. Cultura. Termalismo. Compras. Deporte y mucho m\u00e1s!","og_url":"https:\/\/turismevalles.com\/es\/","og_site_name":"Turisme Vall\u00e8s","article_modified_time":"2026-03-31T11:26:13+00:00","og_image":[{"url":"http:\/\/turismevalles.com\/wp-content\/uploads\/2020\/10\/descobreix.jpg","type":"","width":"","height":""}],"twitter_card":"summary_large_image","twitter_misc":{"Tiempo de lectura":"4 minutos"},"schema":{"@context":"https:\/\/schema.org","@graph":[{"@type":"WebPage","@id":"https:\/\/turismevalles.com\/es\/","url":"https:\/\/turismevalles.com\/es\/","name":"Turismo cerca de Barcelona, en el Vall\u00e8s Oriental - Turisme Vall\u00e8s","isPartOf":{"@id":"https:\/\/turismevalles.com\/en\/#website"},"primaryImageOfPage":{"@id":"https:\/\/turismevalles.com\/es\/#primaryimage"},"image":{"@id":"https:\/\/turismevalles.com\/es\/#primaryimage"},"thumbnailUrl":"http:\/\/turismevalles.com\/wp-content\/uploads\/2020\/10\/descobreix.jpg","datePublished":"2020-11-25T08:31:33+00:00","dateModified":"2026-03-31T11:26:13+00:00","description":"Ven a descubrir el Vall\u00e8s Oriental. Cerca de Barcelona. Turismo pausado. Gravel. Naturaleza. Cultura. Termalismo. Compras. Deporte y mucho m\u00e1s!","breadcrumb":{"@id":"https:\/\/turismevalles.com\/es\/#breadcrumb"},"inLanguage":"es","potentialAction":[{"@type":"ReadAction","target":["https:\/\/turismevalles.com\/es\/"]}]},{"@type":"ImageObject","inLanguage":"es","@id":"https:\/\/turismevalles.com\/es\/#primaryimage","url":"http:\/\/turismevalles.com\/wp-content\/uploads\/2020\/10\/descobreix.jpg","contentUrl":"http:\/\/turismevalles.com\/wp-content\/uploads\/2020\/10\/descobreix.jpg"},{"@type":"BreadcrumbList","@id":"https:\/\/turismevalles.com\/es\/#breadcrumb","itemListElement":[{"@type":"ListItem","position":1,"name":"Inicio","item":"https:\/\/turismevalles.com\/es\/"},{"@type":"ListItem","position":2,"name":"Turismo cerca de Barcelona, en el Vall\u00e8s Oriental"}]},{"@type":"WebSite","@id":"https:\/\/turismevalles.com\/en\/#website","url":"https:\/\/turismevalles.com\/en\/","name":"Turisme Vall\u00e8s","description":"","publisher":{"@id":"https:\/\/turismevalles.com\/en\/#organization"},"potentialAction":[{"@type":"SearchAction","target":{"@type":"EntryPoint","urlTemplate":"https:\/\/turismevalles.com\/en\/?s={search_term_string}"},"query-input":{"@type":"PropertyValueSpecification","valueRequired":true,"valueName":"search_term_string"}}],"inLanguage":"es"},{"@type":"Organization","@id":"https:\/\/turismevalles.com\/en\/#organization","name":"Turisme Vall\u00e8s","url":"https:\/\/turismevalles.com\/en\/","logo":{"@type":"ImageObject","inLanguage":"es","@id":"https:\/\/turismevalles.com\/en\/#\/schema\/logo\/image\/","url":"https:\/\/turismevalles.com\/wp-content\/uploads\/2020\/08\/cropped-logo_ca-2.png","contentUrl":"https:\/\/turismevalles.com\/wp-content\/uploads\/2020\/08\/cropped-logo_ca-2.png","width":314,"height":85,"caption":"Turisme Vall\u00e8s"},"image":{"@id":"https:\/\/turismevalles.com\/en\/#\/schema\/logo\/image\/"}}]}},"uagb_featured_image_src":{"full":false,"thumbnail":false,"medium":false,"medium_large":false,"large":false,"thumblist":false,"meccarouselthumb":false,"gridsquare":false,"tileview":false,"1536x1536":false,"2048x2048":false},"uagb_author_info":{"display_name":"Turisme Valles","author_link":"https:\/\/turismevalles.com\/es\/author\/turismevallesoriental\/"},"uagb_comment_info":2,"uagb_excerpt":"El Vall\u00e8s Oriental est\u00e1 situado a pocos quil\u00f3metros de las ciudades de Barcelona y Girona, del mar Mediterr\u00e1neo y de la alta monta\u00f1a. Es un ... Veure m\u00e9s","_links":{"self":[{"href":"https:\/\/turismevalles.com\/es\/wp-json\/wp\/v2\/pages\/9140","targetHints":{"allow":["GET"]}}],"collection":[{"href":"https:\/\/turismevalles.com\/es\/wp-json\/wp\/v2\/pages"}],"about":[{"href":"https:\/\/turismevalles.com\/es\/wp-json\/wp\/v2\/types\/page"}],"author":[{"embeddable":true,"href":"https:\/\/turismevalles.com\/es\/wp-json\/wp\/v2\/users\/5"}],"replies":[{"embeddable":true,"href":"https:\/\/turismevalles.com\/es\/wp-json\/wp\/v2\/comments?post=9140"}],"version-history":[{"count":2,"href":"https:\/\/turismevalles.com\/es\/wp-json\/wp\/v2\/pages\/9140\/revisions"}],"predecessor-version":[{"id":69282,"href":"https:\/\/turismevalles.com\/es\/wp-json\/wp\/v2\/pages\/9140\/revisions\/69282"}],"wp:attachment":[{"href":"https:\/\/turismevalles.com\/es\/wp-json\/wp\/v2\/media?parent=9140"}],"curies":[{"name":"wp","href":"https:\/\/api.w.org\/{rel}","templated":true}]}}