{"id":59466,"date":"2024-11-08T13:54:37","date_gmt":"2024-11-08T12:54:37","guid":{"rendered":"https:\/\/turismevalles.com\/restaurants\/cafe-del-centre\/"},"modified":"2024-11-08T13:54:37","modified_gmt":"2024-11-08T12:54:37","slug":"cafe-del-centre","status":"publish","type":"restaurants","link":"https:\/\/turismevalles.com\/es\/restaurantes\/cafe-del-centre\/","title":{"rendered":"Caf\u00e8 del Centre"},"content":{"rendered":"\n<p>El Caf\u00e9 del Centre es un restaurante cooperativo que ofrece una cocina catalana, de temporada y de proximidad dirigida por el chef Xavier Vendranas. Combina tradici\u00f3n y creatividad en un ambiente acogedor y distendido. Destaca por un trato cercano y una experiencia gastron\u00f3mica \u00fanica.  <\/p>\n\n<p>Nuestra propuesta gastron\u00f3mica celebra la cocina catalana genuina, heredada de los fogones de las abuelas y bisabuelas de nuestro pa\u00eds. Con productos de proximidad, de la tierra y de temporada y enriquecida con una base creativa y toques de fusi\u00f3n, cada plato refleja el compromiso con la calidad y autenticidad de los ingredientes. Adem\u00e1s, la oferta incluye exclusivamente una cuidada selecci\u00f3n de vinos y cervezas artesanas procedentes de nuestro territorio.   <\/p>\n\n<p>La sala destaca por su atm\u00f3sfera animada y acogedora donde todo el mundo es bienvenido. El ambiente es c\u00e1lido y el trato es cercano y atento, buscando siempre establecer una relaci\u00f3n de confianza y un trato personalizado. Todo ello complementa perfectamente nuestra oferta culinaria, ofreciendo a nuestros clientes una experiencia completa e inmersiva en la gastronom\u00eda y cultura de Catalu\u00f1a.  <\/p>\n\n<p>Abierto de martes a domingo de 11.30 ha 00.00 h<\/p>\n","protected":false},"featured_media":57981,"template":"","poblacions":[431],"tipus_turisme":[249],"tipus_lloc_menjar":[301,304,309,312],"tipologia_estada":[1673,261,264,267,295,1672],"class_list":["post-59466","restaurants","type-restaurants","status-publish","has-post-thumbnail","hentry","poblacions-caldes-de-montbui-es","tipus_turisme-turisme-gastronomic-es","tipus_lloc_menjar-desayunos-de-tenedor","tipus_lloc_menjar-especializados-en-eventos","tipus_lloc_menjar-family-friendly-es","tipus_lloc_menjar-restaurantes","tipologia_estada-cicloturista-es","tipologia_estada-con-amigos","tipologia_estada-en-familia-es","tipologia_estada-en-pareja","tipologia_estada-negocios","tipologia_estada-senior-es","generate-columns","tablet-grid-50","mobile-grid-100","grid-parent","grid-33"],"acf":{"photo_gallery":{"imatges":[[{"id":57985,"title":"VIBLANC","caption":"","full_image_url":"https:\/\/turismevalles.com\/wp-content\/uploads\/2024\/09\/VIBLANC-scaled.jpg","thumbnail_image_url":"https:\/\/turismevalles.com\/wp-content\/uploads\/2024\/09\/VIBLANC-150x150.jpg","large_srcset":"https:\/\/turismevalles.com\/wp-content\/uploads\/2024\/09\/VIBLANC-1024x689.jpg 1024w, https:\/\/turismevalles.com\/wp-content\/uploads\/2024\/09\/VIBLANC-300x202.jpg 300w, https:\/\/turismevalles.com\/wp-content\/uploads\/2024\/09\/VIBLANC-768x517.jpg 768w, https:\/\/turismevalles.com\/wp-content\/uploads\/2024\/09\/VIBLANC-1536x1034.jpg 1536w, https:\/\/turismevalles.com\/wp-content\/uploads\/2024\/09\/VIBLANC-2048x1379.jpg 2048w","medium_srcset":"https:\/\/turismevalles.com\/wp-content\/uploads\/2024\/09\/VIBLANC-300x202.jpg 300w, https:\/\/turismevalles.com\/wp-content\/uploads\/2024\/09\/VIBLANC-1024x689.jpg 1024w, https:\/\/turismevalles.com\/wp-content\/uploads\/2024\/09\/VIBLANC-768x517.jpg 768w, https:\/\/turismevalles.com\/wp-content\/uploads\/2024\/09\/VIBLANC-1536x1034.jpg 1536w, https:\/\/turismevalles.com\/wp-content\/uploads\/2024\/09\/VIBLANC-2048x1379.jpg 2048w","media_details":{"width":2560,"height":1724,"sizes":{"medium":{"file":"VIBLANC-300x202.jpg","width":300,"height":202,"mime-type":"image\/jpeg","filesize":14729,"source_url":"https:\/\/turismevalles.com\/wp-content\/uploads\/2024\/09\/VIBLANC-300x202.jpg"},"large":{"file":"VIBLANC-1024x689.jpg","width":1024,"height":689,"mime-type":"image\/jpeg","filesize":93770,"source_url":"https:\/\/turismevalles.com\/wp-content\/uploads\/2024\/09\/VIBLANC-1024x689.jpg"},"thumbnail":{"file":"VIBLANC-150x150.jpg","width":150,"height":150,"mime-type":"image\/jpeg","filesize":7270,"source_url":"https:\/\/turismevalles.com\/wp-content\/uploads\/2024\/09\/VIBLANC-150x150.jpg"},"medium_large":{"file":"VIBLANC-768x517.jpg","width":768,"height":517,"mime-type":"image\/jpeg","filesize":60061,"source_url":"https:\/\/turismevalles.com\/wp-content\/uploads\/2024\/09\/VIBLANC-768x517.jpg"},"thumblist":{"file":"VIBLANC-300x300.jpg","width":300,"height":300,"mime-type":"image\/jpeg","filesize":20170,"source_url":"https:\/\/turismevalles.com\/wp-content\/uploads\/2024\/09\/VIBLANC-300x300.jpg"},"meccarouselthumb":{"file":"VIBLANC-474x324.jpg","width":474,"height":324,"mime-type":"image\/jpeg","filesize":29809,"source_url":"https:\/\/turismevalles.com\/wp-content\/uploads\/2024\/09\/VIBLANC-474x324.jpg"},"gridsquare":{"file":"VIBLANC-391x260.jpg","width":391,"height":260,"mime-type":"image\/jpeg","filesize":21504,"source_url":"https:\/\/turismevalles.com\/wp-content\/uploads\/2024\/09\/VIBLANC-391x260.jpg"},"tileview":{"file":"VIBLANC-300x400.jpg","width":300,"height":400,"mime-type":"image\/jpeg","filesize":23356,"source_url":"https:\/\/turismevalles.com\/wp-content\/uploads\/2024\/09\/VIBLANC-300x400.jpg"},"1536x1536":{"file":"VIBLANC-1536x1034.jpg","width":1536,"height":1034,"mime-type":"image\/jpeg","filesize":181872,"source_url":"https:\/\/turismevalles.com\/wp-content\/uploads\/2024\/09\/VIBLANC-1536x1034.jpg"},"2048x2048":{"file":"VIBLANC-2048x1379.jpg","width":2048,"height":1379,"mime-type":"image\/jpeg","filesize":304567,"source_url":"https:\/\/turismevalles.com\/wp-content\/uploads\/2024\/09\/VIBLANC-2048x1379.jpg"}}},"alt_text":"","url":"","target":""},{"id":57981,"title":"IMG_1391","caption":"Restaurant El Caf\u00e8 del Centre ","full_image_url":"https:\/\/turismevalles.com\/wp-content\/uploads\/2024\/09\/IMG_1391-scaled.jpg","thumbnail_image_url":"https:\/\/turismevalles.com\/wp-content\/uploads\/2024\/09\/IMG_1391-150x150.jpg","large_srcset":"https:\/\/turismevalles.com\/wp-content\/uploads\/2024\/09\/IMG_1391-768x1024.jpg 768w, https:\/\/turismevalles.com\/wp-content\/uploads\/2024\/09\/IMG_1391-225x300.jpg 225w, https:\/\/turismevalles.com\/wp-content\/uploads\/2024\/09\/IMG_1391-300x400.jpg 300w, https:\/\/turismevalles.com\/wp-content\/uploads\/2024\/09\/IMG_1391-1152x1536.jpg 1152w, https:\/\/turismevalles.com\/wp-content\/uploads\/2024\/09\/IMG_1391-1536x2048.jpg 1536w, https:\/\/turismevalles.com\/wp-content\/uploads\/2024\/09\/IMG_1391-scaled.jpg 1920w","medium_srcset":"https:\/\/turismevalles.com\/wp-content\/uploads\/2024\/09\/IMG_1391-225x300.jpg 225w, https:\/\/turismevalles.com\/wp-content\/uploads\/2024\/09\/IMG_1391-768x1024.jpg 768w, https:\/\/turismevalles.com\/wp-content\/uploads\/2024\/09\/IMG_1391-300x400.jpg 300w, https:\/\/turismevalles.com\/wp-content\/uploads\/2024\/09\/IMG_1391-1152x1536.jpg 1152w, https:\/\/turismevalles.com\/wp-content\/uploads\/2024\/09\/IMG_1391-1536x2048.jpg 1536w, https:\/\/turismevalles.com\/wp-content\/uploads\/2024\/09\/IMG_1391-scaled.jpg 1920w","media_details":{"width":1920,"height":2560,"sizes":{"medium":{"file":"IMG_1391-225x300.jpg","width":225,"height":300,"mime-type":"image\/jpeg","filesize":27754,"source_url":"https:\/\/turismevalles.com\/wp-content\/uploads\/2024\/09\/IMG_1391-225x300.jpg"},"large":{"file":"IMG_1391-768x1024.jpg","width":768,"height":1024,"mime-type":"image\/jpeg","filesize":243415,"source_url":"https:\/\/turismevalles.com\/wp-content\/uploads\/2024\/09\/IMG_1391-768x1024.jpg"},"thumbnail":{"file":"IMG_1391-150x150.jpg","width":150,"height":150,"mime-type":"image\/jpeg","filesize":10778,"source_url":"https:\/\/turismevalles.com\/wp-content\/uploads\/2024\/09\/IMG_1391-150x150.jpg"},"medium_large":{"file":"IMG_1391-768x1024.jpg","width":768,"height":1024,"mime-type":"image\/jpeg","filesize":243415,"source_url":"https:\/\/turismevalles.com\/wp-content\/uploads\/2024\/09\/IMG_1391-768x1024.jpg"},"thumblist":{"file":"IMG_1391-300x300.jpg","width":300,"height":300,"mime-type":"image\/jpeg","filesize":38353,"source_url":"https:\/\/turismevalles.com\/wp-content\/uploads\/2024\/09\/IMG_1391-300x300.jpg"},"meccarouselthumb":{"file":"IMG_1391-474x324.jpg","width":474,"height":324,"mime-type":"image\/jpeg","filesize":63869,"source_url":"https:\/\/turismevalles.com\/wp-content\/uploads\/2024\/09\/IMG_1391-474x324.jpg"},"gridsquare":{"file":"IMG_1391-391x260.jpg","width":391,"height":260,"mime-type":"image\/jpeg","filesize":43851,"source_url":"https:\/\/turismevalles.com\/wp-content\/uploads\/2024\/09\/IMG_1391-391x260.jpg"},"tileview":{"file":"IMG_1391-300x400.jpg","width":300,"height":400,"mime-type":"image\/jpeg","filesize":46487,"source_url":"https:\/\/turismevalles.com\/wp-content\/uploads\/2024\/09\/IMG_1391-300x400.jpg"},"1536x1536":{"file":"IMG_1391-1152x1536.jpg","width":1152,"height":1536,"mime-type":"image\/jpeg","filesize":468193,"source_url":"https:\/\/turismevalles.com\/wp-content\/uploads\/2024\/09\/IMG_1391-1152x1536.jpg"},"2048x2048":{"file":"IMG_1391-1536x2048.jpg","width":1536,"height":2048,"mime-type":"image\/jpeg","filesize":734222,"source_url":"https:\/\/turismevalles.com\/wp-content\/uploads\/2024\/09\/IMG_1391-1536x2048.jpg"}}},"alt_text":"Restaurant El Caf\u00e8 del Centre ","url":"","target":""},{"id":57977,"title":"COULANTCACAUET","caption":"Restaurant Caf\u00e8 del Centre de Caldes de Montbui","full_image_url":"https:\/\/turismevalles.com\/wp-content\/uploads\/2024\/09\/COULANTCACAUET-scaled.jpg","thumbnail_image_url":"https:\/\/turismevalles.com\/wp-content\/uploads\/2024\/09\/COULANTCACAUET-150x150.jpg","large_srcset":"https:\/\/turismevalles.com\/wp-content\/uploads\/2024\/09\/COULANTCACAUET-1024x680.jpg 1024w, https:\/\/turismevalles.com\/wp-content\/uploads\/2024\/09\/COULANTCACAUET-300x199.jpg 300w, https:\/\/turismevalles.com\/wp-content\/uploads\/2024\/09\/COULANTCACAUET-768x510.jpg 768w, https:\/\/turismevalles.com\/wp-content\/uploads\/2024\/09\/COULANTCACAUET-391x260.jpg 391w, https:\/\/turismevalles.com\/wp-content\/uploads\/2024\/09\/COULANTCACAUET-1536x1020.jpg 1536w, https:\/\/turismevalles.com\/wp-content\/uploads\/2024\/09\/COULANTCACAUET-2048x1360.jpg 2048w","medium_srcset":"https:\/\/turismevalles.com\/wp-content\/uploads\/2024\/09\/COULANTCACAUET-300x199.jpg 300w, https:\/\/turismevalles.com\/wp-content\/uploads\/2024\/09\/COULANTCACAUET-1024x680.jpg 1024w, https:\/\/turismevalles.com\/wp-content\/uploads\/2024\/09\/COULANTCACAUET-768x510.jpg 768w, https:\/\/turismevalles.com\/wp-content\/uploads\/2024\/09\/COULANTCACAUET-391x260.jpg 391w, https:\/\/turismevalles.com\/wp-content\/uploads\/2024\/09\/COULANTCACAUET-1536x1020.jpg 1536w, https:\/\/turismevalles.com\/wp-content\/uploads\/2024\/09\/COULANTCACAUET-2048x1360.jpg 2048w","media_details":{"width":2560,"height":1700,"sizes":{"medium":{"file":"COULANTCACAUET-300x199.jpg","width":300,"height":199,"mime-type":"image\/jpeg","filesize":10724,"source_url":"https:\/\/turismevalles.com\/wp-content\/uploads\/2024\/09\/COULANTCACAUET-300x199.jpg"},"large":{"file":"COULANTCACAUET-1024x680.jpg","width":1024,"height":680,"mime-type":"image\/jpeg","filesize":68461,"source_url":"https:\/\/turismevalles.com\/wp-content\/uploads\/2024\/09\/COULANTCACAUET-1024x680.jpg"},"thumbnail":{"file":"COULANTCACAUET-150x150.jpg","width":150,"height":150,"mime-type":"image\/jpeg","filesize":5544,"source_url":"https:\/\/turismevalles.com\/wp-content\/uploads\/2024\/09\/COULANTCACAUET-150x150.jpg"},"medium_large":{"file":"COULANTCACAUET-768x510.jpg","width":768,"height":510,"mime-type":"image\/jpeg","filesize":43432,"source_url":"https:\/\/turismevalles.com\/wp-content\/uploads\/2024\/09\/COULANTCACAUET-768x510.jpg"},"thumblist":{"file":"COULANTCACAUET-300x300.jpg","width":300,"height":300,"mime-type":"image\/jpeg","filesize":14735,"source_url":"https:\/\/turismevalles.com\/wp-content\/uploads\/2024\/09\/COULANTCACAUET-300x300.jpg"},"meccarouselthumb":{"file":"COULANTCACAUET-474x324.jpg","width":474,"height":324,"mime-type":"image\/jpeg","filesize":21398,"source_url":"https:\/\/turismevalles.com\/wp-content\/uploads\/2024\/09\/COULANTCACAUET-474x324.jpg"},"gridsquare":{"file":"COULANTCACAUET-391x260.jpg","width":391,"height":260,"mime-type":"image\/jpeg","filesize":15699,"source_url":"https:\/\/turismevalles.com\/wp-content\/uploads\/2024\/09\/COULANTCACAUET-391x260.jpg"},"tileview":{"file":"COULANTCACAUET-300x400.jpg","width":300,"height":400,"mime-type":"image\/jpeg","filesize":18495,"source_url":"https:\/\/turismevalles.com\/wp-content\/uploads\/2024\/09\/COULANTCACAUET-300x400.jpg"},"1536x1536":{"file":"COULANTCACAUET-1536x1020.jpg","width":1536,"height":1020,"mime-type":"image\/jpeg","filesize":133807,"source_url":"https:\/\/turismevalles.com\/wp-content\/uploads\/2024\/09\/COULANTCACAUET-1536x1020.jpg"},"2048x2048":{"file":"COULANTCACAUET-2048x1360.jpg","width":2048,"height":1360,"mime-type":"image\/jpeg","filesize":225185,"source_url":"https:\/\/turismevalles.com\/wp-content\/uploads\/2024\/09\/COULANTCACAUET-2048x1360.jpg"}}},"alt_text":"Restaurant Caf\u00e8 del Centre de Caldes de Montbui","url":"","target":""}]]}},"yoast_head":"<!-- This site is optimized with the Yoast SEO plugin v26.4 - https:\/\/yoast.com\/wordpress\/plugins\/seo\/ -->\n<title>Caf\u00e8 del Centre - Turisme Vall\u00e8s<\/title>\n<meta name=\"description\" content=\"Restaurante Caf\u00e9 del Centro de Caldes de Montbui en el Vall\u00e8s Oriental\" \/>\n<meta name=\"robots\" content=\"index, follow, max-snippet:-1, max-image-preview:large, max-video-preview:-1\" \/>\n<link rel=\"canonical\" href=\"https:\/\/turismevalles.com\/restaurantes\/cafe-del-centre\/\" \/>\n<meta property=\"og:locale\" content=\"es_ES\" \/>\n<meta property=\"og:type\" content=\"article\" \/>\n<meta property=\"og:title\" content=\"Caf\u00e8 del Centre - Turisme Vall\u00e8s\" \/>\n<meta property=\"og:description\" content=\"Restaurante Caf\u00e9 del Centro de Caldes de Montbui en el Vall\u00e8s Oriental\" \/>\n<meta property=\"og:url\" content=\"https:\/\/turismevalles.com\/restaurantes\/cafe-del-centre\/\" \/>\n<meta property=\"og:site_name\" content=\"Turisme Vall\u00e8s\" \/>\n<meta property=\"og:image\" content=\"https:\/\/turismevalles.com\/wp-content\/uploads\/2024\/09\/IMG_1391-scaled.jpg\" \/>\n\t<meta property=\"og:image:width\" content=\"1920\" \/>\n\t<meta property=\"og:image:height\" content=\"2560\" \/>\n\t<meta property=\"og:image:type\" content=\"image\/jpeg\" \/>\n<meta name=\"twitter:card\" content=\"summary_large_image\" \/>\n<meta name=\"twitter:label1\" content=\"Tiempo de lectura\" \/>\n\t<meta name=\"twitter:data1\" content=\"1 minuto\" \/>\n<script type=\"application\/ld+json\" class=\"yoast-schema-graph\">{\"@context\":\"https:\/\/schema.org\",\"@graph\":[{\"@type\":\"WebPage\",\"@id\":\"https:\/\/turismevalles.com\/restaurantes\/cafe-del-centre\/\",\"url\":\"https:\/\/turismevalles.com\/restaurantes\/cafe-del-centre\/\",\"name\":\"Caf\u00e8 del Centre - Turisme Vall\u00e8s\",\"isPartOf\":{\"@id\":\"https:\/\/turismevalles.com\/en\/#website\"},\"primaryImageOfPage\":{\"@id\":\"https:\/\/turismevalles.com\/restaurantes\/cafe-del-centre\/#primaryimage\"},\"image\":{\"@id\":\"https:\/\/turismevalles.com\/restaurantes\/cafe-del-centre\/#primaryimage\"},\"thumbnailUrl\":\"https:\/\/turismevalles.com\/wp-content\/uploads\/2024\/09\/IMG_1391-scaled.jpg\",\"datePublished\":\"2024-11-08T12:54:37+00:00\",\"description\":\"Restaurante Caf\u00e9 del Centro de Caldes de Montbui en el Vall\u00e8s Oriental\",\"breadcrumb\":{\"@id\":\"https:\/\/turismevalles.com\/restaurantes\/cafe-del-centre\/#breadcrumb\"},\"inLanguage\":\"es\",\"potentialAction\":[{\"@type\":\"ReadAction\",\"target\":[\"https:\/\/turismevalles.com\/restaurantes\/cafe-del-centre\/\"]}]},{\"@type\":\"ImageObject\",\"inLanguage\":\"es\",\"@id\":\"https:\/\/turismevalles.com\/restaurantes\/cafe-del-centre\/#primaryimage\",\"url\":\"https:\/\/turismevalles.com\/wp-content\/uploads\/2024\/09\/IMG_1391-scaled.jpg\",\"contentUrl\":\"https:\/\/turismevalles.com\/wp-content\/uploads\/2024\/09\/IMG_1391-scaled.jpg\",\"width\":1920,\"height\":2560,\"caption\":\"Restaurant El Caf\u00e8 del Centre\"},{\"@type\":\"BreadcrumbList\",\"@id\":\"https:\/\/turismevalles.com\/restaurantes\/cafe-del-centre\/#breadcrumb\",\"itemListElement\":[{\"@type\":\"ListItem\",\"position\":1,\"name\":\"Inicio\",\"item\":\"https:\/\/turismevalles.com\/es\/\"},{\"@type\":\"ListItem\",\"position\":2,\"name\":\"Restaurants\",\"item\":\"https:\/\/turismevalles.com\/en\/restaurants\/\"},{\"@type\":\"ListItem\",\"position\":3,\"name\":\"Caf\u00e8 del Centre\"}]},{\"@type\":\"WebSite\",\"@id\":\"https:\/\/turismevalles.com\/en\/#website\",\"url\":\"https:\/\/turismevalles.com\/en\/\",\"name\":\"Turisme Vall\u00e8s\",\"description\":\"\",\"publisher\":{\"@id\":\"https:\/\/turismevalles.com\/en\/#organization\"},\"potentialAction\":[{\"@type\":\"SearchAction\",\"target\":{\"@type\":\"EntryPoint\",\"urlTemplate\":\"https:\/\/turismevalles.com\/en\/?s={search_term_string}\"},\"query-input\":{\"@type\":\"PropertyValueSpecification\",\"valueRequired\":true,\"valueName\":\"search_term_string\"}}],\"inLanguage\":\"es\"},{\"@type\":\"Organization\",\"@id\":\"https:\/\/turismevalles.com\/en\/#organization\",\"name\":\"Turisme Vall\u00e8s\",\"url\":\"https:\/\/turismevalles.com\/en\/\",\"logo\":{\"@type\":\"ImageObject\",\"inLanguage\":\"es\",\"@id\":\"https:\/\/turismevalles.com\/en\/#\/schema\/logo\/image\/\",\"url\":\"https:\/\/turismevalles.com\/wp-content\/uploads\/2020\/08\/cropped-logo_ca-2.png\",\"contentUrl\":\"https:\/\/turismevalles.com\/wp-content\/uploads\/2020\/08\/cropped-logo_ca-2.png\",\"width\":314,\"height\":85,\"caption\":\"Turisme Vall\u00e8s\"},\"image\":{\"@id\":\"https:\/\/turismevalles.com\/en\/#\/schema\/logo\/image\/\"}}]}<\/script>\n<!-- \/ Yoast SEO plugin. -->","yoast_head_json":{"title":"Caf\u00e8 del Centre - Turisme Vall\u00e8s","description":"Restaurante Caf\u00e9 del Centro de Caldes de Montbui en el Vall\u00e8s Oriental","robots":{"index":"index","follow":"follow","max-snippet":"max-snippet:-1","max-image-preview":"max-image-preview:large","max-video-preview":"max-video-preview:-1"},"canonical":"https:\/\/turismevalles.com\/restaurantes\/cafe-del-centre\/","og_locale":"es_ES","og_type":"article","og_title":"Caf\u00e8 del Centre - Turisme Vall\u00e8s","og_description":"Restaurante Caf\u00e9 del Centro de Caldes de Montbui en el Vall\u00e8s Oriental","og_url":"https:\/\/turismevalles.com\/restaurantes\/cafe-del-centre\/","og_site_name":"Turisme Vall\u00e8s","og_image":[{"width":1920,"height":2560,"url":"https:\/\/turismevalles.com\/wp-content\/uploads\/2024\/09\/IMG_1391-scaled.jpg","type":"image\/jpeg"}],"twitter_card":"summary_large_image","twitter_misc":{"Tiempo de lectura":"1 minuto"},"schema":{"@context":"https:\/\/schema.org","@graph":[{"@type":"WebPage","@id":"https:\/\/turismevalles.com\/restaurantes\/cafe-del-centre\/","url":"https:\/\/turismevalles.com\/restaurantes\/cafe-del-centre\/","name":"Caf\u00e8 del Centre - Turisme Vall\u00e8s","isPartOf":{"@id":"https:\/\/turismevalles.com\/en\/#website"},"primaryImageOfPage":{"@id":"https:\/\/turismevalles.com\/restaurantes\/cafe-del-centre\/#primaryimage"},"image":{"@id":"https:\/\/turismevalles.com\/restaurantes\/cafe-del-centre\/#primaryimage"},"thumbnailUrl":"https:\/\/turismevalles.com\/wp-content\/uploads\/2024\/09\/IMG_1391-scaled.jpg","datePublished":"2024-11-08T12:54:37+00:00","description":"Restaurante Caf\u00e9 del Centro de Caldes de Montbui en el Vall\u00e8s Oriental","breadcrumb":{"@id":"https:\/\/turismevalles.com\/restaurantes\/cafe-del-centre\/#breadcrumb"},"inLanguage":"es","potentialAction":[{"@type":"ReadAction","target":["https:\/\/turismevalles.com\/restaurantes\/cafe-del-centre\/"]}]},{"@type":"ImageObject","inLanguage":"es","@id":"https:\/\/turismevalles.com\/restaurantes\/cafe-del-centre\/#primaryimage","url":"https:\/\/turismevalles.com\/wp-content\/uploads\/2024\/09\/IMG_1391-scaled.jpg","contentUrl":"https:\/\/turismevalles.com\/wp-content\/uploads\/2024\/09\/IMG_1391-scaled.jpg","width":1920,"height":2560,"caption":"Restaurant El Caf\u00e8 del Centre"},{"@type":"BreadcrumbList","@id":"https:\/\/turismevalles.com\/restaurantes\/cafe-del-centre\/#breadcrumb","itemListElement":[{"@type":"ListItem","position":1,"name":"Inicio","item":"https:\/\/turismevalles.com\/es\/"},{"@type":"ListItem","position":2,"name":"Restaurants","item":"https:\/\/turismevalles.com\/en\/restaurants\/"},{"@type":"ListItem","position":3,"name":"Caf\u00e8 del Centre"}]},{"@type":"WebSite","@id":"https:\/\/turismevalles.com\/en\/#website","url":"https:\/\/turismevalles.com\/en\/","name":"Turisme Vall\u00e8s","description":"","publisher":{"@id":"https:\/\/turismevalles.com\/en\/#organization"},"potentialAction":[{"@type":"SearchAction","target":{"@type":"EntryPoint","urlTemplate":"https:\/\/turismevalles.com\/en\/?s={search_term_string}"},"query-input":{"@type":"PropertyValueSpecification","valueRequired":true,"valueName":"search_term_string"}}],"inLanguage":"es"},{"@type":"Organization","@id":"https:\/\/turismevalles.com\/en\/#organization","name":"Turisme Vall\u00e8s","url":"https:\/\/turismevalles.com\/en\/","logo":{"@type":"ImageObject","inLanguage":"es","@id":"https:\/\/turismevalles.com\/en\/#\/schema\/logo\/image\/","url":"https:\/\/turismevalles.com\/wp-content\/uploads\/2020\/08\/cropped-logo_ca-2.png","contentUrl":"https:\/\/turismevalles.com\/wp-content\/uploads\/2020\/08\/cropped-logo_ca-2.png","width":314,"height":85,"caption":"Turisme Vall\u00e8s"},"image":{"@id":"https:\/\/turismevalles.com\/en\/#\/schema\/logo\/image\/"}}]}},"uagb_featured_image_src":{"full":["https:\/\/turismevalles.com\/wp-content\/uploads\/2024\/09\/IMG_1391-scaled.jpg",1920,2560,false],"thumbnail":["https:\/\/turismevalles.com\/wp-content\/uploads\/2024\/09\/IMG_1391-150x150.jpg",150,150,true],"medium":["https:\/\/turismevalles.com\/wp-content\/uploads\/2024\/09\/IMG_1391-225x300.jpg",225,300,true],"medium_large":["https:\/\/turismevalles.com\/wp-content\/uploads\/2024\/09\/IMG_1391-768x1024.jpg",768,1024,true],"large":["https:\/\/turismevalles.com\/wp-content\/uploads\/2024\/09\/IMG_1391-768x1024.jpg",768,1024,true],"thumblist":["https:\/\/turismevalles.com\/wp-content\/uploads\/2024\/09\/IMG_1391-300x300.jpg",300,300,true],"meccarouselthumb":["https:\/\/turismevalles.com\/wp-content\/uploads\/2024\/09\/IMG_1391-474x324.jpg",474,324,true],"gridsquare":["https:\/\/turismevalles.com\/wp-content\/uploads\/2024\/09\/IMG_1391-391x260.jpg",391,260,true],"tileview":["https:\/\/turismevalles.com\/wp-content\/uploads\/2024\/09\/IMG_1391-300x400.jpg",300,400,true],"1536x1536":["https:\/\/turismevalles.com\/wp-content\/uploads\/2024\/09\/IMG_1391-1152x1536.jpg",1152,1536,true],"2048x2048":["https:\/\/turismevalles.com\/wp-content\/uploads\/2024\/09\/IMG_1391-1536x2048.jpg",1536,2048,true]},"uagb_author_info":{"display_name":"Turisme Valles","author_link":"https:\/\/turismevalles.com\/es\/author\/"},"uagb_comment_info":0,"uagb_excerpt":"El Caf\u00e9 del Centre es un restaurante cooperativo que ofrece una cocina catalana, de temporada y de proximidad dirigida por el chef Xavier Vendranas. Combina ... Veure m\u00e9s","_links":{"self":[{"href":"https:\/\/turismevalles.com\/es\/wp-json\/wp\/v2\/restaurants\/59466","targetHints":{"allow":["GET"]}}],"collection":[{"href":"https:\/\/turismevalles.com\/es\/wp-json\/wp\/v2\/restaurants"}],"about":[{"href":"https:\/\/turismevalles.com\/es\/wp-json\/wp\/v2\/types\/restaurants"}],"wp:featuredmedia":[{"embeddable":true,"href":"https:\/\/turismevalles.com\/es\/wp-json\/wp\/v2\/media\/57981"}],"wp:attachment":[{"href":"https:\/\/turismevalles.com\/es\/wp-json\/wp\/v2\/media?parent=59466"}],"wp:term":[{"taxonomy":"poblacions","embeddable":true,"href":"https:\/\/turismevalles.com\/es\/wp-json\/wp\/v2\/poblacions?post=59466"},{"taxonomy":"tipus_turisme","embeddable":true,"href":"https:\/\/turismevalles.com\/es\/wp-json\/wp\/v2\/tipus_turisme?post=59466"},{"taxonomy":"tipus_lloc_menjar","embeddable":true,"href":"https:\/\/turismevalles.com\/es\/wp-json\/wp\/v2\/tipus_lloc_menjar?post=59466"},{"taxonomy":"tipologia_estada","embeddable":true,"href":"https:\/\/turismevalles.com\/es\/wp-json\/wp\/v2\/tipologia_estada?post=59466"}],"curies":[{"name":"wp","href":"https:\/\/api.w.org\/{rel}","templated":true}]}}