{"id":5508,"date":"2020-11-18T12:26:24","date_gmt":"2020-11-18T10:26:24","guid":{"rendered":"http:\/\/turismevalles.com.mialias.net\/dormir\/rectoria-de-vallcarquera\/"},"modified":"2020-12-01T12:32:48","modified_gmt":"2020-12-01T10:32:48","slug":"rectoria-de-vallcarquera","status":"publish","type":"ubicacio_dormir","link":"https:\/\/turismevalles.com\/es\/dormir\/rectoria-de-vallcarquera\/","title":{"rendered":"Rectoria de Vallc\u00e0rquera"},"content":{"rendered":"\n<p>Antigua casa del rector del Valle de Vallc\u00e0rquera, restaurada y convertida en una escuela de naturaleza y casa de colonias.<\/p>\n\n\n\n<p>Combina el encanto de una antigua mas\u00eda de monta\u00f1a con la comodidad de una casa de colonias actual.<\/p>\n\n\n\n<p>El equipamiento es puede alquilar \u00edntegramente para grupos y\/o familias con un m\u00ednimo de 20 adultos.<\/p>\n\n\n\n<p>Cada habitaci\u00f3n de 4 a 8 personas est\u00e1 equipada con ducha y ba\u00f1o privado<\/p>\n\n\n\n<p>Tranquilidad, belleza natural y cocina de calidad son tres grandes valores de la casa.<\/p>\n\n\n\n<p>\u00a1Os invitamos a disfrutarla!<\/p>\n\n\n\n<h2 class=\"wp-block-heading\">Condiciones de la reserva<\/h2>\n\n\n\n<p>Alquiler de la casa en pensi\u00f3n completa:<\/p>\n\n\n\n<ul class=\"wp-block-list\"><li>Adultos: 40,50\u20ac<\/li><li>Ni\u00f1os de 4 a 12 a\u00f1os: 31 \u20ac<\/li><li>Ni\u00f1os de 3 a\u00f1os: 15,90 \u20ac<\/li><\/ul>\n\n\n\n<p>Consultadnos precios de otras opciones: media pensi\u00f3n, comidas extras&#8230;<\/p>\n","protected":false},"featured_media":7410,"template":"","poblacions":[441,71],"establiment":[224],"tipus_turisme":[239],"tipologia_estada":[],"class_list":["post-5508","ubicacio_dormir","type-ubicacio_dormir","status-publish","has-post-thumbnail","hentry","poblacions-figaro-montmany-es","poblacions-figaro-montmany","establiment-casa-de-colonias","tipus_turisme-turismo-de-eventos","generate-columns","tablet-grid-50","mobile-grid-100","grid-parent","grid-33"],"acf":{"photo_gallery":{"imatges":[[{"id":7416,"title":"turismevalles4315","caption":"","full_image_url":"https:\/\/turismevalles.com\/wp-content\/uploads\/2020\/11\/turismevalles4315.jpg","thumbnail_image_url":"https:\/\/turismevalles.com\/wp-content\/uploads\/2020\/11\/turismevalles4315-150x150.jpg","large_srcset":"https:\/\/turismevalles.com\/wp-content\/uploads\/2020\/11\/turismevalles4315.jpg 720w, https:\/\/turismevalles.com\/wp-content\/uploads\/2020\/11\/turismevalles4315-300x126.jpg 300w","medium_srcset":"https:\/\/turismevalles.com\/wp-content\/uploads\/2020\/11\/turismevalles4315-300x126.jpg 300w, https:\/\/turismevalles.com\/wp-content\/uploads\/2020\/11\/turismevalles4315.jpg 720w","media_details":{"width":720,"height":302,"sizes":{"medium":{"file":"turismevalles4315-300x126.jpg","width":300,"height":126,"mime-type":"image\/jpeg","source_url":"https:\/\/turismevalles.com\/wp-content\/uploads\/2020\/11\/turismevalles4315-300x126.jpg"},"thumbnail":{"file":"turismevalles4315-150x150.jpg","width":150,"height":150,"mime-type":"image\/jpeg","source_url":"https:\/\/turismevalles.com\/wp-content\/uploads\/2020\/11\/turismevalles4315-150x150.jpg"}}},"alt_text":"","url":"","target":""},{"id":7413,"title":"turismevalles4167","caption":"","full_image_url":"https:\/\/turismevalles.com\/wp-content\/uploads\/2020\/11\/turismevalles4167.jpg","thumbnail_image_url":"https:\/\/turismevalles.com\/wp-content\/uploads\/2020\/11\/turismevalles4167-150x150.jpg","large_srcset":"https:\/\/turismevalles.com\/wp-content\/uploads\/2020\/11\/turismevalles4167.jpg 720w, https:\/\/turismevalles.com\/wp-content\/uploads\/2020\/11\/turismevalles4167-300x126.jpg 300w","medium_srcset":"https:\/\/turismevalles.com\/wp-content\/uploads\/2020\/11\/turismevalles4167-300x126.jpg 300w, https:\/\/turismevalles.com\/wp-content\/uploads\/2020\/11\/turismevalles4167.jpg 720w","media_details":{"width":720,"height":302,"sizes":{"medium":{"file":"turismevalles4167-300x126.jpg","width":300,"height":126,"mime-type":"image\/jpeg","source_url":"https:\/\/turismevalles.com\/wp-content\/uploads\/2020\/11\/turismevalles4167-300x126.jpg"},"thumbnail":{"file":"turismevalles4167-150x150.jpg","width":150,"height":150,"mime-type":"image\/jpeg","source_url":"https:\/\/turismevalles.com\/wp-content\/uploads\/2020\/11\/turismevalles4167-150x150.jpg"}}},"alt_text":"","url":"","target":""},{"id":7410,"title":"turismevalles4166","caption":"","full_image_url":"https:\/\/turismevalles.com\/wp-content\/uploads\/2020\/11\/turismevalles4166.jpg","thumbnail_image_url":"https:\/\/turismevalles.com\/wp-content\/uploads\/2020\/11\/turismevalles4166-150x150.jpg","large_srcset":"https:\/\/turismevalles.com\/wp-content\/uploads\/2020\/11\/turismevalles4166.jpg 720w, https:\/\/turismevalles.com\/wp-content\/uploads\/2020\/11\/turismevalles4166-300x126.jpg 300w","medium_srcset":"https:\/\/turismevalles.com\/wp-content\/uploads\/2020\/11\/turismevalles4166-300x126.jpg 300w, https:\/\/turismevalles.com\/wp-content\/uploads\/2020\/11\/turismevalles4166.jpg 720w","media_details":{"width":720,"height":302,"sizes":{"medium":{"file":"turismevalles4166-300x126.jpg","width":300,"height":126,"mime-type":"image\/jpeg","source_url":"https:\/\/turismevalles.com\/wp-content\/uploads\/2020\/11\/turismevalles4166-300x126.jpg"},"thumbnail":{"file":"turismevalles4166-150x150.jpg","width":150,"height":150,"mime-type":"image\/jpeg","source_url":"https:\/\/turismevalles.com\/wp-content\/uploads\/2020\/11\/turismevalles4166-150x150.jpg"}}},"alt_text":"Rectoria de Va","url":"","target":""},{"id":7407,"title":"turismevalles4165","caption":"","full_image_url":"https:\/\/turismevalles.com\/wp-content\/uploads\/2020\/11\/turismevalles4165.jpg","thumbnail_image_url":"https:\/\/turismevalles.com\/wp-content\/uploads\/2020\/11\/turismevalles4165-150x150.jpg","large_srcset":"https:\/\/turismevalles.com\/wp-content\/uploads\/2020\/11\/turismevalles4165.jpg 720w, https:\/\/turismevalles.com\/wp-content\/uploads\/2020\/11\/turismevalles4165-300x126.jpg 300w","medium_srcset":"https:\/\/turismevalles.com\/wp-content\/uploads\/2020\/11\/turismevalles4165-300x126.jpg 300w, https:\/\/turismevalles.com\/wp-content\/uploads\/2020\/11\/turismevalles4165.jpg 720w","media_details":{"width":720,"height":302,"sizes":{"medium":{"file":"turismevalles4165-300x126.jpg","width":300,"height":126,"mime-type":"image\/jpeg","source_url":"https:\/\/turismevalles.com\/wp-content\/uploads\/2020\/11\/turismevalles4165-300x126.jpg"},"thumbnail":{"file":"turismevalles4165-150x150.jpg","width":150,"height":150,"mime-type":"image\/jpeg","source_url":"https:\/\/turismevalles.com\/wp-content\/uploads\/2020\/11\/turismevalles4165-150x150.jpg"}}},"alt_text":"","url":"","target":""},{"id":7404,"title":"turismevalles4164","caption":"","full_image_url":"https:\/\/turismevalles.com\/wp-content\/uploads\/2020\/11\/turismevalles4164.jpg","thumbnail_image_url":"https:\/\/turismevalles.com\/wp-content\/uploads\/2020\/11\/turismevalles4164-150x150.jpg","large_srcset":"https:\/\/turismevalles.com\/wp-content\/uploads\/2020\/11\/turismevalles4164.jpg 720w, https:\/\/turismevalles.com\/wp-content\/uploads\/2020\/11\/turismevalles4164-300x126.jpg 300w","medium_srcset":"https:\/\/turismevalles.com\/wp-content\/uploads\/2020\/11\/turismevalles4164-300x126.jpg 300w, https:\/\/turismevalles.com\/wp-content\/uploads\/2020\/11\/turismevalles4164.jpg 720w","media_details":{"width":720,"height":302,"sizes":{"medium":{"file":"turismevalles4164-300x126.jpg","width":300,"height":126,"mime-type":"image\/jpeg","source_url":"https:\/\/turismevalles.com\/wp-content\/uploads\/2020\/11\/turismevalles4164-300x126.jpg"},"thumbnail":{"file":"turismevalles4164-150x150.jpg","width":150,"height":150,"mime-type":"image\/jpeg","source_url":"https:\/\/turismevalles.com\/wp-content\/uploads\/2020\/11\/turismevalles4164-150x150.jpg"}}},"alt_text":"","url":"","target":""},{"id":7401,"title":"turismevalles4163","caption":"","full_image_url":"https:\/\/turismevalles.com\/wp-content\/uploads\/2020\/11\/turismevalles4163.jpg","thumbnail_image_url":"https:\/\/turismevalles.com\/wp-content\/uploads\/2020\/11\/turismevalles4163-150x150.jpg","large_srcset":"https:\/\/turismevalles.com\/wp-content\/uploads\/2020\/11\/turismevalles4163.jpg 720w, https:\/\/turismevalles.com\/wp-content\/uploads\/2020\/11\/turismevalles4163-300x126.jpg 300w","medium_srcset":"https:\/\/turismevalles.com\/wp-content\/uploads\/2020\/11\/turismevalles4163-300x126.jpg 300w, https:\/\/turismevalles.com\/wp-content\/uploads\/2020\/11\/turismevalles4163.jpg 720w","media_details":{"width":720,"height":302,"sizes":{"medium":{"file":"turismevalles4163-300x126.jpg","width":300,"height":126,"mime-type":"image\/jpeg","source_url":"https:\/\/turismevalles.com\/wp-content\/uploads\/2020\/11\/turismevalles4163-300x126.jpg"},"thumbnail":{"file":"turismevalles4163-150x150.jpg","width":150,"height":150,"mime-type":"image\/jpeg","source_url":"https:\/\/turismevalles.com\/wp-content\/uploads\/2020\/11\/turismevalles4163-150x150.jpg"}}},"alt_text":"","url":"","target":""},{"id":7398,"title":"turismevalles4162","caption":"","full_image_url":"https:\/\/turismevalles.com\/wp-content\/uploads\/2020\/11\/turismevalles4162.jpg","thumbnail_image_url":"https:\/\/turismevalles.com\/wp-content\/uploads\/2020\/11\/turismevalles4162-150x150.jpg","large_srcset":"https:\/\/turismevalles.com\/wp-content\/uploads\/2020\/11\/turismevalles4162.jpg 720w, https:\/\/turismevalles.com\/wp-content\/uploads\/2020\/11\/turismevalles4162-300x126.jpg 300w","medium_srcset":"https:\/\/turismevalles.com\/wp-content\/uploads\/2020\/11\/turismevalles4162-300x126.jpg 300w, https:\/\/turismevalles.com\/wp-content\/uploads\/2020\/11\/turismevalles4162.jpg 720w","media_details":{"width":720,"height":302,"sizes":{"medium":{"file":"turismevalles4162-300x126.jpg","width":300,"height":126,"mime-type":"image\/jpeg","source_url":"https:\/\/turismevalles.com\/wp-content\/uploads\/2020\/11\/turismevalles4162-300x126.jpg"},"thumbnail":{"file":"turismevalles4162-150x150.jpg","width":150,"height":150,"mime-type":"image\/jpeg","source_url":"https:\/\/turismevalles.com\/wp-content\/uploads\/2020\/11\/turismevalles4162-150x150.jpg"}}},"alt_text":"","url":"","target":""},{"id":7395,"title":"turismevalles4161","caption":"","full_image_url":"https:\/\/turismevalles.com\/wp-content\/uploads\/2020\/11\/turismevalles4161.jpg","thumbnail_image_url":"https:\/\/turismevalles.com\/wp-content\/uploads\/2020\/11\/turismevalles4161-150x150.jpg","large_srcset":"https:\/\/turismevalles.com\/wp-content\/uploads\/2020\/11\/turismevalles4161.jpg 720w, https:\/\/turismevalles.com\/wp-content\/uploads\/2020\/11\/turismevalles4161-300x126.jpg 300w","medium_srcset":"https:\/\/turismevalles.com\/wp-content\/uploads\/2020\/11\/turismevalles4161-300x126.jpg 300w, https:\/\/turismevalles.com\/wp-content\/uploads\/2020\/11\/turismevalles4161.jpg 720w","media_details":{"width":720,"height":302,"sizes":{"medium":{"file":"turismevalles4161-300x126.jpg","width":300,"height":126,"mime-type":"image\/jpeg","source_url":"https:\/\/turismevalles.com\/wp-content\/uploads\/2020\/11\/turismevalles4161-300x126.jpg"},"thumbnail":{"file":"turismevalles4161-150x150.jpg","width":150,"height":150,"mime-type":"image\/jpeg","source_url":"https:\/\/turismevalles.com\/wp-content\/uploads\/2020\/11\/turismevalles4161-150x150.jpg"}}},"alt_text":"","url":"","target":""}]]}},"yoast_head":"<!-- This site is optimized with the Yoast SEO plugin v26.4 - https:\/\/yoast.com\/wordpress\/plugins\/seo\/ -->\n<title>Rectoria de Vallc\u00e0rquera - Turisme Vall\u00e8s<\/title>\n<meta name=\"description\" content=\"Reserva Casas de colonias, Vall\u00e8s Oriental, Barcelona en el Montseny (Barcelona) y disfruta de la naturaleza: excursiones, senderismo, rutas BTT y muchas actividades en los pueblos del Montseny.\" \/>\n<meta name=\"robots\" content=\"index, follow, max-snippet:-1, max-image-preview:large, max-video-preview:-1\" \/>\n<link rel=\"canonical\" href=\"https:\/\/turismevalles.com\/es\/dormir\/rectoria-de-vallcarquera\/\" \/>\n<meta property=\"og:locale\" content=\"es_ES\" \/>\n<meta property=\"og:type\" content=\"article\" \/>\n<meta property=\"og:title\" content=\"Rectoria de Vallc\u00e0rquera - Turisme Vall\u00e8s\" \/>\n<meta property=\"og:description\" content=\"Reserva Casas de colonias, Vall\u00e8s Oriental, Barcelona en el Montseny (Barcelona) y disfruta de la naturaleza: excursiones, senderismo, rutas BTT y muchas actividades en los pueblos del Montseny.\" \/>\n<meta property=\"og:url\" content=\"https:\/\/turismevalles.com\/es\/dormir\/rectoria-de-vallcarquera\/\" \/>\n<meta property=\"og:site_name\" content=\"Turisme Vall\u00e8s\" \/>\n<meta property=\"article:modified_time\" content=\"2020-12-01T10:32:48+00:00\" \/>\n<meta property=\"og:image\" content=\"https:\/\/turismevalles.com\/wp-content\/uploads\/2020\/11\/turismevalles4166.jpg\" \/>\n\t<meta property=\"og:image:width\" content=\"720\" \/>\n\t<meta property=\"og:image:height\" content=\"302\" \/>\n\t<meta property=\"og:image:type\" content=\"image\/jpeg\" \/>\n<meta name=\"twitter:card\" content=\"summary_large_image\" \/>\n<meta name=\"twitter:label1\" content=\"Tiempo de lectura\" \/>\n\t<meta name=\"twitter:data1\" content=\"1 minuto\" \/>\n<script type=\"application\/ld+json\" class=\"yoast-schema-graph\">{\"@context\":\"https:\/\/schema.org\",\"@graph\":[{\"@type\":\"WebPage\",\"@id\":\"https:\/\/turismevalles.com\/es\/dormir\/rectoria-de-vallcarquera\/\",\"url\":\"https:\/\/turismevalles.com\/es\/dormir\/rectoria-de-vallcarquera\/\",\"name\":\"Rectoria de Vallc\u00e0rquera - Turisme Vall\u00e8s\",\"isPartOf\":{\"@id\":\"https:\/\/turismevalles.com\/en\/#website\"},\"primaryImageOfPage\":{\"@id\":\"https:\/\/turismevalles.com\/es\/dormir\/rectoria-de-vallcarquera\/#primaryimage\"},\"image\":{\"@id\":\"https:\/\/turismevalles.com\/es\/dormir\/rectoria-de-vallcarquera\/#primaryimage\"},\"thumbnailUrl\":\"https:\/\/turismevalles.com\/wp-content\/uploads\/2020\/11\/turismevalles4166.jpg\",\"datePublished\":\"2020-11-18T10:26:24+00:00\",\"dateModified\":\"2020-12-01T10:32:48+00:00\",\"description\":\"Reserva Casas de colonias, Vall\u00e8s Oriental, Barcelona en el Montseny (Barcelona) y disfruta de la naturaleza: excursiones, senderismo, rutas BTT y muchas actividades en los pueblos del Montseny.\",\"breadcrumb\":{\"@id\":\"https:\/\/turismevalles.com\/es\/dormir\/rectoria-de-vallcarquera\/#breadcrumb\"},\"inLanguage\":\"es\",\"potentialAction\":[{\"@type\":\"ReadAction\",\"target\":[\"https:\/\/turismevalles.com\/es\/dormir\/rectoria-de-vallcarquera\/\"]}]},{\"@type\":\"ImageObject\",\"inLanguage\":\"es\",\"@id\":\"https:\/\/turismevalles.com\/es\/dormir\/rectoria-de-vallcarquera\/#primaryimage\",\"url\":\"https:\/\/turismevalles.com\/wp-content\/uploads\/2020\/11\/turismevalles4166.jpg\",\"contentUrl\":\"https:\/\/turismevalles.com\/wp-content\/uploads\/2020\/11\/turismevalles4166.jpg\",\"width\":720,\"height\":302,\"caption\":\"Rectoria de Va\"},{\"@type\":\"BreadcrumbList\",\"@id\":\"https:\/\/turismevalles.com\/es\/dormir\/rectoria-de-vallcarquera\/#breadcrumb\",\"itemListElement\":[{\"@type\":\"ListItem\",\"position\":1,\"name\":\"Inicio\",\"item\":\"https:\/\/turismevalles.com\/es\/\"},{\"@type\":\"ListItem\",\"position\":2,\"name\":\"Places to sleep\",\"item\":\"https:\/\/turismevalles.com\/en\/sleep\/\"},{\"@type\":\"ListItem\",\"position\":3,\"name\":\"Rectoria de Vallc\u00e0rquera\"}]},{\"@type\":\"WebSite\",\"@id\":\"https:\/\/turismevalles.com\/en\/#website\",\"url\":\"https:\/\/turismevalles.com\/en\/\",\"name\":\"Turisme Vall\u00e8s\",\"description\":\"\",\"publisher\":{\"@id\":\"https:\/\/turismevalles.com\/en\/#organization\"},\"potentialAction\":[{\"@type\":\"SearchAction\",\"target\":{\"@type\":\"EntryPoint\",\"urlTemplate\":\"https:\/\/turismevalles.com\/en\/?s={search_term_string}\"},\"query-input\":{\"@type\":\"PropertyValueSpecification\",\"valueRequired\":true,\"valueName\":\"search_term_string\"}}],\"inLanguage\":\"es\"},{\"@type\":\"Organization\",\"@id\":\"https:\/\/turismevalles.com\/en\/#organization\",\"name\":\"Turisme Vall\u00e8s\",\"url\":\"https:\/\/turismevalles.com\/en\/\",\"logo\":{\"@type\":\"ImageObject\",\"inLanguage\":\"es\",\"@id\":\"https:\/\/turismevalles.com\/en\/#\/schema\/logo\/image\/\",\"url\":\"https:\/\/turismevalles.com\/wp-content\/uploads\/2020\/08\/cropped-logo_ca-2.png\",\"contentUrl\":\"https:\/\/turismevalles.com\/wp-content\/uploads\/2020\/08\/cropped-logo_ca-2.png\",\"width\":314,\"height\":85,\"caption\":\"Turisme Vall\u00e8s\"},\"image\":{\"@id\":\"https:\/\/turismevalles.com\/en\/#\/schema\/logo\/image\/\"}}]}<\/script>\n<!-- \/ Yoast SEO plugin. -->","yoast_head_json":{"title":"Rectoria de Vallc\u00e0rquera - Turisme Vall\u00e8s","description":"Reserva Casas de colonias, Vall\u00e8s Oriental, Barcelona en el Montseny (Barcelona) y disfruta de la naturaleza: excursiones, senderismo, rutas BTT y muchas actividades en los pueblos del Montseny.","robots":{"index":"index","follow":"follow","max-snippet":"max-snippet:-1","max-image-preview":"max-image-preview:large","max-video-preview":"max-video-preview:-1"},"canonical":"https:\/\/turismevalles.com\/es\/dormir\/rectoria-de-vallcarquera\/","og_locale":"es_ES","og_type":"article","og_title":"Rectoria de Vallc\u00e0rquera - Turisme Vall\u00e8s","og_description":"Reserva Casas de colonias, Vall\u00e8s Oriental, Barcelona en el Montseny (Barcelona) y disfruta de la naturaleza: excursiones, senderismo, rutas BTT y muchas actividades en los pueblos del Montseny.","og_url":"https:\/\/turismevalles.com\/es\/dormir\/rectoria-de-vallcarquera\/","og_site_name":"Turisme Vall\u00e8s","article_modified_time":"2020-12-01T10:32:48+00:00","og_image":[{"width":720,"height":302,"url":"https:\/\/turismevalles.com\/wp-content\/uploads\/2020\/11\/turismevalles4166.jpg","type":"image\/jpeg"}],"twitter_card":"summary_large_image","twitter_misc":{"Tiempo de lectura":"1 minuto"},"schema":{"@context":"https:\/\/schema.org","@graph":[{"@type":"WebPage","@id":"https:\/\/turismevalles.com\/es\/dormir\/rectoria-de-vallcarquera\/","url":"https:\/\/turismevalles.com\/es\/dormir\/rectoria-de-vallcarquera\/","name":"Rectoria de Vallc\u00e0rquera - Turisme Vall\u00e8s","isPartOf":{"@id":"https:\/\/turismevalles.com\/en\/#website"},"primaryImageOfPage":{"@id":"https:\/\/turismevalles.com\/es\/dormir\/rectoria-de-vallcarquera\/#primaryimage"},"image":{"@id":"https:\/\/turismevalles.com\/es\/dormir\/rectoria-de-vallcarquera\/#primaryimage"},"thumbnailUrl":"https:\/\/turismevalles.com\/wp-content\/uploads\/2020\/11\/turismevalles4166.jpg","datePublished":"2020-11-18T10:26:24+00:00","dateModified":"2020-12-01T10:32:48+00:00","description":"Reserva Casas de colonias, Vall\u00e8s Oriental, Barcelona en el Montseny (Barcelona) y disfruta de la naturaleza: excursiones, senderismo, rutas BTT y muchas actividades en los pueblos del Montseny.","breadcrumb":{"@id":"https:\/\/turismevalles.com\/es\/dormir\/rectoria-de-vallcarquera\/#breadcrumb"},"inLanguage":"es","potentialAction":[{"@type":"ReadAction","target":["https:\/\/turismevalles.com\/es\/dormir\/rectoria-de-vallcarquera\/"]}]},{"@type":"ImageObject","inLanguage":"es","@id":"https:\/\/turismevalles.com\/es\/dormir\/rectoria-de-vallcarquera\/#primaryimage","url":"https:\/\/turismevalles.com\/wp-content\/uploads\/2020\/11\/turismevalles4166.jpg","contentUrl":"https:\/\/turismevalles.com\/wp-content\/uploads\/2020\/11\/turismevalles4166.jpg","width":720,"height":302,"caption":"Rectoria de Va"},{"@type":"BreadcrumbList","@id":"https:\/\/turismevalles.com\/es\/dormir\/rectoria-de-vallcarquera\/#breadcrumb","itemListElement":[{"@type":"ListItem","position":1,"name":"Inicio","item":"https:\/\/turismevalles.com\/es\/"},{"@type":"ListItem","position":2,"name":"Places to sleep","item":"https:\/\/turismevalles.com\/en\/sleep\/"},{"@type":"ListItem","position":3,"name":"Rectoria de Vallc\u00e0rquera"}]},{"@type":"WebSite","@id":"https:\/\/turismevalles.com\/en\/#website","url":"https:\/\/turismevalles.com\/en\/","name":"Turisme Vall\u00e8s","description":"","publisher":{"@id":"https:\/\/turismevalles.com\/en\/#organization"},"potentialAction":[{"@type":"SearchAction","target":{"@type":"EntryPoint","urlTemplate":"https:\/\/turismevalles.com\/en\/?s={search_term_string}"},"query-input":{"@type":"PropertyValueSpecification","valueRequired":true,"valueName":"search_term_string"}}],"inLanguage":"es"},{"@type":"Organization","@id":"https:\/\/turismevalles.com\/en\/#organization","name":"Turisme Vall\u00e8s","url":"https:\/\/turismevalles.com\/en\/","logo":{"@type":"ImageObject","inLanguage":"es","@id":"https:\/\/turismevalles.com\/en\/#\/schema\/logo\/image\/","url":"https:\/\/turismevalles.com\/wp-content\/uploads\/2020\/08\/cropped-logo_ca-2.png","contentUrl":"https:\/\/turismevalles.com\/wp-content\/uploads\/2020\/08\/cropped-logo_ca-2.png","width":314,"height":85,"caption":"Turisme Vall\u00e8s"},"image":{"@id":"https:\/\/turismevalles.com\/en\/#\/schema\/logo\/image\/"}}]}},"uagb_featured_image_src":{"full":["https:\/\/turismevalles.com\/wp-content\/uploads\/2020\/11\/turismevalles4166.jpg",720,302,false],"thumbnail":["https:\/\/turismevalles.com\/wp-content\/uploads\/2020\/11\/turismevalles4166-150x150.jpg",150,150,true],"medium":["https:\/\/turismevalles.com\/wp-content\/uploads\/2020\/11\/turismevalles4166-300x126.jpg",300,126,true],"medium_large":["https:\/\/turismevalles.com\/wp-content\/uploads\/2020\/11\/turismevalles4166.jpg",720,302,false],"large":["https:\/\/turismevalles.com\/wp-content\/uploads\/2020\/11\/turismevalles4166.jpg",720,302,false],"thumblist":["https:\/\/turismevalles.com\/wp-content\/uploads\/2020\/11\/turismevalles4166.jpg",300,126,false],"meccarouselthumb":["https:\/\/turismevalles.com\/wp-content\/uploads\/2020\/11\/turismevalles4166.jpg",474,199,false],"gridsquare":["https:\/\/turismevalles.com\/wp-content\/uploads\/2020\/11\/turismevalles4166.jpg",391,164,false],"tileview":["https:\/\/turismevalles.com\/wp-content\/uploads\/2020\/11\/turismevalles4166.jpg",300,126,false],"1536x1536":["https:\/\/turismevalles.com\/wp-content\/uploads\/2020\/11\/turismevalles4166.jpg",720,302,false],"2048x2048":["https:\/\/turismevalles.com\/wp-content\/uploads\/2020\/11\/turismevalles4166.jpg",720,302,false]},"uagb_author_info":{"display_name":"Turisme Valles","author_link":"https:\/\/turismevalles.com\/es\/author\/"},"uagb_comment_info":0,"uagb_excerpt":"Antigua casa del rector del Valle de Vallc\u00e0rquera, restaurada y convertida en una escuela de naturaleza y casa de colonias. Combina el encanto de una ... Veure m\u00e9s","_links":{"self":[{"href":"https:\/\/turismevalles.com\/es\/wp-json\/wp\/v2\/ubicacio_dormir\/5508","targetHints":{"allow":["GET"]}}],"collection":[{"href":"https:\/\/turismevalles.com\/es\/wp-json\/wp\/v2\/ubicacio_dormir"}],"about":[{"href":"https:\/\/turismevalles.com\/es\/wp-json\/wp\/v2\/types\/ubicacio_dormir"}],"wp:featuredmedia":[{"embeddable":true,"href":"https:\/\/turismevalles.com\/es\/wp-json\/wp\/v2\/media\/7410"}],"wp:attachment":[{"href":"https:\/\/turismevalles.com\/es\/wp-json\/wp\/v2\/media?parent=5508"}],"wp:term":[{"taxonomy":"poblacions","embeddable":true,"href":"https:\/\/turismevalles.com\/es\/wp-json\/wp\/v2\/poblacions?post=5508"},{"taxonomy":"establiment","embeddable":true,"href":"https:\/\/turismevalles.com\/es\/wp-json\/wp\/v2\/establiment?post=5508"},{"taxonomy":"tipus_turisme","embeddable":true,"href":"https:\/\/turismevalles.com\/es\/wp-json\/wp\/v2\/tipus_turisme?post=5508"},{"taxonomy":"tipologia_estada","embeddable":true,"href":"https:\/\/turismevalles.com\/es\/wp-json\/wp\/v2\/tipologia_estada?post=5508"}],"curies":[{"name":"wp","href":"https:\/\/api.w.org\/{rel}","templated":true}]}}