{"id":5510,"date":"2020-11-18T12:28:25","date_gmt":"2020-11-18T10:28:25","guid":{"rendered":"http:\/\/turismevalles.com.mialias.net\/dormir\/can-clarens\/"},"modified":"2021-03-01T12:04:27","modified_gmt":"2021-03-01T11:04:27","slug":"can-clarens","status":"publish","type":"ubicacio_dormir","link":"https:\/\/turismevalles.com\/es\/dormir\/can-clarens\/","title":{"rendered":"Can Clarens"},"content":{"rendered":"\n<p>Can Clarens es una masia que tiene sus or\u00edgenes en el 1771 y en el 1986 se convirti\u00f3 en Casa de colonias &#8211; Granja Escuela, situada en el municipio de Vallgorguina , en el medio del Parque Natural del Montnegre y el Corredor. El entorno y las instalaciones de Can Clarens permiten la realizaci\u00f3n de todo tipo de actividades l\u00fadicas y pedag\u00f3gicas.\n<\/p>\n\n\n\n<p>Can Clarens, como casa de colonias, os ofrece la posibilidad de realizar y organizar vuestras propias estancias.<\/p>\n\n\n\n<p>Can Clarens, como Centro de educaci\u00f3n ambiental, os ofrece un programa educativo y l\u00fadico con diferentes tem\u00e1ticas adaptadas a cada nivel escolar o para cada grupo.<\/p>\n\n\n\n<h2 class=\"wp-block-heading\">Condiciones de la reserva<\/h2>\n\n\n\n<p>Informaci\u00f3n y reservas: tel. 0034 600585990<\/p>\n","protected":false},"featured_media":7422,"template":"","poblacions":[896],"establiment":[224],"tipus_turisme":[252],"tipologia_estada":[261,264],"class_list":["post-5510","ubicacio_dormir","type-ubicacio_dormir","status-publish","has-post-thumbnail","hentry","poblacions-vallgorguina-es","establiment-casa-de-colonias","tipus_turisme-turismo-de-naturaleza","tipologia_estada-con-amigos","tipologia_estada-en-familia-es","generate-columns","tablet-grid-50","mobile-grid-100","grid-parent","grid-33"],"acf":{"photo_gallery":{"imatges":[[{"id":7425,"title":"turismevalles4171 (1)","caption":"","full_image_url":"https:\/\/turismevalles.com\/wp-content\/uploads\/2020\/11\/turismevalles4171-1.jpg","thumbnail_image_url":"https:\/\/turismevalles.com\/wp-content\/uploads\/2020\/11\/turismevalles4171-1-150x150.jpg","large_srcset":"https:\/\/turismevalles.com\/wp-content\/uploads\/2020\/11\/turismevalles4171-1.jpg 720w, https:\/\/turismevalles.com\/wp-content\/uploads\/2020\/11\/turismevalles4171-1-300x126.jpg 300w","medium_srcset":"https:\/\/turismevalles.com\/wp-content\/uploads\/2020\/11\/turismevalles4171-1-300x126.jpg 300w, https:\/\/turismevalles.com\/wp-content\/uploads\/2020\/11\/turismevalles4171-1.jpg 720w","media_details":{"width":720,"height":302,"sizes":{"medium":{"file":"turismevalles4171-1-300x126.jpg","width":300,"height":126,"mime-type":"image\/jpeg","source_url":"https:\/\/turismevalles.com\/wp-content\/uploads\/2020\/11\/turismevalles4171-1-300x126.jpg"},"thumbnail":{"file":"turismevalles4171-1-150x150.jpg","width":150,"height":150,"mime-type":"image\/jpeg","source_url":"https:\/\/turismevalles.com\/wp-content\/uploads\/2020\/11\/turismevalles4171-1-150x150.jpg"}}},"alt_text":"","url":"","target":""},{"id":7422,"title":"turismevalles4169","caption":"","full_image_url":"https:\/\/turismevalles.com\/wp-content\/uploads\/2020\/11\/turismevalles4169.jpg","thumbnail_image_url":"https:\/\/turismevalles.com\/wp-content\/uploads\/2020\/11\/turismevalles4169-150x150.jpg","large_srcset":"https:\/\/turismevalles.com\/wp-content\/uploads\/2020\/11\/turismevalles4169.jpg 720w, https:\/\/turismevalles.com\/wp-content\/uploads\/2020\/11\/turismevalles4169-300x126.jpg 300w","medium_srcset":"https:\/\/turismevalles.com\/wp-content\/uploads\/2020\/11\/turismevalles4169-300x126.jpg 300w, https:\/\/turismevalles.com\/wp-content\/uploads\/2020\/11\/turismevalles4169.jpg 720w","media_details":{"width":720,"height":302,"sizes":{"medium":{"file":"turismevalles4169-300x126.jpg","width":300,"height":126,"mime-type":"image\/jpeg","source_url":"https:\/\/turismevalles.com\/wp-content\/uploads\/2020\/11\/turismevalles4169-300x126.jpg"},"thumbnail":{"file":"turismevalles4169-150x150.jpg","width":150,"height":150,"mime-type":"image\/jpeg","source_url":"https:\/\/turismevalles.com\/wp-content\/uploads\/2020\/11\/turismevalles4169-150x150.jpg"}}},"alt_text":"Can Claren","url":"","target":""}]]}},"yoast_head":"<!-- This site is optimized with the Yoast SEO plugin v26.4 - https:\/\/yoast.com\/wordpress\/plugins\/seo\/ -->\n<title>Can Clarens - Turisme Vall\u00e8s<\/title>\n<meta name=\"description\" content=\"Casa Clarens es una casa de colonias - Granja Escola, situada en Vallgorguina, en medio del Parque Natural del Montnegre y el Corredor.\" \/>\n<meta name=\"robots\" content=\"index, follow, max-snippet:-1, max-image-preview:large, max-video-preview:-1\" \/>\n<link rel=\"canonical\" href=\"https:\/\/turismevalles.com\/dormir\/can-clarens\/\" \/>\n<meta property=\"og:locale\" content=\"es_ES\" \/>\n<meta property=\"og:type\" content=\"article\" \/>\n<meta property=\"og:title\" content=\"Can Clarens - Turisme Vall\u00e8s\" \/>\n<meta property=\"og:description\" content=\"Casa Clarens es una casa de colonias - Granja Escola, situada en Vallgorguina, en medio del Parque Natural del Montnegre y el Corredor.\" \/>\n<meta property=\"og:url\" content=\"https:\/\/turismevalles.com\/dormir\/can-clarens\/\" \/>\n<meta property=\"og:site_name\" content=\"Turisme Vall\u00e8s\" \/>\n<meta property=\"article:modified_time\" content=\"2021-03-01T11:04:27+00:00\" \/>\n<meta property=\"og:image\" content=\"https:\/\/turismevalles.com\/wp-content\/uploads\/2020\/11\/turismevalles4169.jpg\" \/>\n\t<meta property=\"og:image:width\" content=\"720\" \/>\n\t<meta property=\"og:image:height\" content=\"302\" \/>\n\t<meta property=\"og:image:type\" content=\"image\/jpeg\" \/>\n<meta name=\"twitter:card\" content=\"summary_large_image\" \/>\n<meta name=\"twitter:label1\" content=\"Tiempo de lectura\" \/>\n\t<meta name=\"twitter:data1\" content=\"1 minuto\" \/>\n<script type=\"application\/ld+json\" class=\"yoast-schema-graph\">{\"@context\":\"https:\/\/schema.org\",\"@graph\":[{\"@type\":\"WebPage\",\"@id\":\"https:\/\/turismevalles.com\/dormir\/can-clarens\/\",\"url\":\"https:\/\/turismevalles.com\/dormir\/can-clarens\/\",\"name\":\"Can Clarens - Turisme Vall\u00e8s\",\"isPartOf\":{\"@id\":\"https:\/\/turismevalles.com\/en\/#website\"},\"primaryImageOfPage\":{\"@id\":\"https:\/\/turismevalles.com\/dormir\/can-clarens\/#primaryimage\"},\"image\":{\"@id\":\"https:\/\/turismevalles.com\/dormir\/can-clarens\/#primaryimage\"},\"thumbnailUrl\":\"https:\/\/turismevalles.com\/wp-content\/uploads\/2020\/11\/turismevalles4169.jpg\",\"datePublished\":\"2020-11-18T10:28:25+00:00\",\"dateModified\":\"2021-03-01T11:04:27+00:00\",\"description\":\"Casa Clarens es una casa de colonias - Granja Escola, situada en Vallgorguina, en medio del Parque Natural del Montnegre y el Corredor.\",\"breadcrumb\":{\"@id\":\"https:\/\/turismevalles.com\/dormir\/can-clarens\/#breadcrumb\"},\"inLanguage\":\"es\",\"potentialAction\":[{\"@type\":\"ReadAction\",\"target\":[\"https:\/\/turismevalles.com\/dormir\/can-clarens\/\"]}]},{\"@type\":\"ImageObject\",\"inLanguage\":\"es\",\"@id\":\"https:\/\/turismevalles.com\/dormir\/can-clarens\/#primaryimage\",\"url\":\"https:\/\/turismevalles.com\/wp-content\/uploads\/2020\/11\/turismevalles4169.jpg\",\"contentUrl\":\"https:\/\/turismevalles.com\/wp-content\/uploads\/2020\/11\/turismevalles4169.jpg\",\"width\":720,\"height\":302,\"caption\":\"Can Claren\"},{\"@type\":\"BreadcrumbList\",\"@id\":\"https:\/\/turismevalles.com\/dormir\/can-clarens\/#breadcrumb\",\"itemListElement\":[{\"@type\":\"ListItem\",\"position\":1,\"name\":\"Inicio\",\"item\":\"https:\/\/turismevalles.com\/es\/\"},{\"@type\":\"ListItem\",\"position\":2,\"name\":\"Places to sleep\",\"item\":\"https:\/\/turismevalles.com\/en\/sleep\/\"},{\"@type\":\"ListItem\",\"position\":3,\"name\":\"Can Clarens\"}]},{\"@type\":\"WebSite\",\"@id\":\"https:\/\/turismevalles.com\/en\/#website\",\"url\":\"https:\/\/turismevalles.com\/en\/\",\"name\":\"Turisme Vall\u00e8s\",\"description\":\"\",\"publisher\":{\"@id\":\"https:\/\/turismevalles.com\/en\/#organization\"},\"potentialAction\":[{\"@type\":\"SearchAction\",\"target\":{\"@type\":\"EntryPoint\",\"urlTemplate\":\"https:\/\/turismevalles.com\/en\/?s={search_term_string}\"},\"query-input\":{\"@type\":\"PropertyValueSpecification\",\"valueRequired\":true,\"valueName\":\"search_term_string\"}}],\"inLanguage\":\"es\"},{\"@type\":\"Organization\",\"@id\":\"https:\/\/turismevalles.com\/en\/#organization\",\"name\":\"Turisme Vall\u00e8s\",\"url\":\"https:\/\/turismevalles.com\/en\/\",\"logo\":{\"@type\":\"ImageObject\",\"inLanguage\":\"es\",\"@id\":\"https:\/\/turismevalles.com\/en\/#\/schema\/logo\/image\/\",\"url\":\"https:\/\/turismevalles.com\/wp-content\/uploads\/2020\/08\/cropped-logo_ca-2.png\",\"contentUrl\":\"https:\/\/turismevalles.com\/wp-content\/uploads\/2020\/08\/cropped-logo_ca-2.png\",\"width\":314,\"height\":85,\"caption\":\"Turisme Vall\u00e8s\"},\"image\":{\"@id\":\"https:\/\/turismevalles.com\/en\/#\/schema\/logo\/image\/\"}}]}<\/script>\n<!-- \/ Yoast SEO plugin. -->","yoast_head_json":{"title":"Can Clarens - Turisme Vall\u00e8s","description":"Casa Clarens es una casa de colonias - Granja Escola, situada en Vallgorguina, en medio del Parque Natural del Montnegre y el Corredor.","robots":{"index":"index","follow":"follow","max-snippet":"max-snippet:-1","max-image-preview":"max-image-preview:large","max-video-preview":"max-video-preview:-1"},"canonical":"https:\/\/turismevalles.com\/dormir\/can-clarens\/","og_locale":"es_ES","og_type":"article","og_title":"Can Clarens - Turisme Vall\u00e8s","og_description":"Casa Clarens es una casa de colonias - Granja Escola, situada en Vallgorguina, en medio del Parque Natural del Montnegre y el Corredor.","og_url":"https:\/\/turismevalles.com\/dormir\/can-clarens\/","og_site_name":"Turisme Vall\u00e8s","article_modified_time":"2021-03-01T11:04:27+00:00","og_image":[{"width":720,"height":302,"url":"https:\/\/turismevalles.com\/wp-content\/uploads\/2020\/11\/turismevalles4169.jpg","type":"image\/jpeg"}],"twitter_card":"summary_large_image","twitter_misc":{"Tiempo de lectura":"1 minuto"},"schema":{"@context":"https:\/\/schema.org","@graph":[{"@type":"WebPage","@id":"https:\/\/turismevalles.com\/dormir\/can-clarens\/","url":"https:\/\/turismevalles.com\/dormir\/can-clarens\/","name":"Can Clarens - Turisme Vall\u00e8s","isPartOf":{"@id":"https:\/\/turismevalles.com\/en\/#website"},"primaryImageOfPage":{"@id":"https:\/\/turismevalles.com\/dormir\/can-clarens\/#primaryimage"},"image":{"@id":"https:\/\/turismevalles.com\/dormir\/can-clarens\/#primaryimage"},"thumbnailUrl":"https:\/\/turismevalles.com\/wp-content\/uploads\/2020\/11\/turismevalles4169.jpg","datePublished":"2020-11-18T10:28:25+00:00","dateModified":"2021-03-01T11:04:27+00:00","description":"Casa Clarens es una casa de colonias - Granja Escola, situada en Vallgorguina, en medio del Parque Natural del Montnegre y el Corredor.","breadcrumb":{"@id":"https:\/\/turismevalles.com\/dormir\/can-clarens\/#breadcrumb"},"inLanguage":"es","potentialAction":[{"@type":"ReadAction","target":["https:\/\/turismevalles.com\/dormir\/can-clarens\/"]}]},{"@type":"ImageObject","inLanguage":"es","@id":"https:\/\/turismevalles.com\/dormir\/can-clarens\/#primaryimage","url":"https:\/\/turismevalles.com\/wp-content\/uploads\/2020\/11\/turismevalles4169.jpg","contentUrl":"https:\/\/turismevalles.com\/wp-content\/uploads\/2020\/11\/turismevalles4169.jpg","width":720,"height":302,"caption":"Can Claren"},{"@type":"BreadcrumbList","@id":"https:\/\/turismevalles.com\/dormir\/can-clarens\/#breadcrumb","itemListElement":[{"@type":"ListItem","position":1,"name":"Inicio","item":"https:\/\/turismevalles.com\/es\/"},{"@type":"ListItem","position":2,"name":"Places to sleep","item":"https:\/\/turismevalles.com\/en\/sleep\/"},{"@type":"ListItem","position":3,"name":"Can Clarens"}]},{"@type":"WebSite","@id":"https:\/\/turismevalles.com\/en\/#website","url":"https:\/\/turismevalles.com\/en\/","name":"Turisme Vall\u00e8s","description":"","publisher":{"@id":"https:\/\/turismevalles.com\/en\/#organization"},"potentialAction":[{"@type":"SearchAction","target":{"@type":"EntryPoint","urlTemplate":"https:\/\/turismevalles.com\/en\/?s={search_term_string}"},"query-input":{"@type":"PropertyValueSpecification","valueRequired":true,"valueName":"search_term_string"}}],"inLanguage":"es"},{"@type":"Organization","@id":"https:\/\/turismevalles.com\/en\/#organization","name":"Turisme Vall\u00e8s","url":"https:\/\/turismevalles.com\/en\/","logo":{"@type":"ImageObject","inLanguage":"es","@id":"https:\/\/turismevalles.com\/en\/#\/schema\/logo\/image\/","url":"https:\/\/turismevalles.com\/wp-content\/uploads\/2020\/08\/cropped-logo_ca-2.png","contentUrl":"https:\/\/turismevalles.com\/wp-content\/uploads\/2020\/08\/cropped-logo_ca-2.png","width":314,"height":85,"caption":"Turisme Vall\u00e8s"},"image":{"@id":"https:\/\/turismevalles.com\/en\/#\/schema\/logo\/image\/"}}]}},"uagb_featured_image_src":{"full":["https:\/\/turismevalles.com\/wp-content\/uploads\/2020\/11\/turismevalles4169.jpg",720,302,false],"thumbnail":["https:\/\/turismevalles.com\/wp-content\/uploads\/2020\/11\/turismevalles4169-150x150.jpg",150,150,true],"medium":["https:\/\/turismevalles.com\/wp-content\/uploads\/2020\/11\/turismevalles4169-300x126.jpg",300,126,true],"medium_large":["https:\/\/turismevalles.com\/wp-content\/uploads\/2020\/11\/turismevalles4169.jpg",720,302,false],"large":["https:\/\/turismevalles.com\/wp-content\/uploads\/2020\/11\/turismevalles4169.jpg",720,302,false],"thumblist":["https:\/\/turismevalles.com\/wp-content\/uploads\/2020\/11\/turismevalles4169.jpg",300,126,false],"meccarouselthumb":["https:\/\/turismevalles.com\/wp-content\/uploads\/2020\/11\/turismevalles4169.jpg",474,199,false],"gridsquare":["https:\/\/turismevalles.com\/wp-content\/uploads\/2020\/11\/turismevalles4169.jpg",391,164,false],"tileview":["https:\/\/turismevalles.com\/wp-content\/uploads\/2020\/11\/turismevalles4169.jpg",300,126,false],"1536x1536":["https:\/\/turismevalles.com\/wp-content\/uploads\/2020\/11\/turismevalles4169.jpg",720,302,false],"2048x2048":["https:\/\/turismevalles.com\/wp-content\/uploads\/2020\/11\/turismevalles4169.jpg",720,302,false]},"uagb_author_info":{"display_name":"Turisme Valles","author_link":"https:\/\/turismevalles.com\/es\/author\/"},"uagb_comment_info":0,"uagb_excerpt":"Can Clarens es una masia que tiene sus or\u00edgenes en el 1771 y en el 1986 se convirti\u00f3 en Casa de colonias &#8211; Granja Escuela, ... Veure m\u00e9s","_links":{"self":[{"href":"https:\/\/turismevalles.com\/es\/wp-json\/wp\/v2\/ubicacio_dormir\/5510","targetHints":{"allow":["GET"]}}],"collection":[{"href":"https:\/\/turismevalles.com\/es\/wp-json\/wp\/v2\/ubicacio_dormir"}],"about":[{"href":"https:\/\/turismevalles.com\/es\/wp-json\/wp\/v2\/types\/ubicacio_dormir"}],"wp:featuredmedia":[{"embeddable":true,"href":"https:\/\/turismevalles.com\/es\/wp-json\/wp\/v2\/media\/7422"}],"wp:attachment":[{"href":"https:\/\/turismevalles.com\/es\/wp-json\/wp\/v2\/media?parent=5510"}],"wp:term":[{"taxonomy":"poblacions","embeddable":true,"href":"https:\/\/turismevalles.com\/es\/wp-json\/wp\/v2\/poblacions?post=5510"},{"taxonomy":"establiment","embeddable":true,"href":"https:\/\/turismevalles.com\/es\/wp-json\/wp\/v2\/establiment?post=5510"},{"taxonomy":"tipus_turisme","embeddable":true,"href":"https:\/\/turismevalles.com\/es\/wp-json\/wp\/v2\/tipus_turisme?post=5510"},{"taxonomy":"tipologia_estada","embeddable":true,"href":"https:\/\/turismevalles.com\/es\/wp-json\/wp\/v2\/tipologia_estada?post=5510"}],"curies":[{"name":"wp","href":"https:\/\/api.w.org\/{rel}","templated":true}]}}