{"id":5520,"date":"2020-11-18T13:00:34","date_gmt":"2020-11-18T11:00:34","guid":{"rendered":"http:\/\/turismevalles.com.mialias.net\/dormir\/hotel-aparthotel-verti\/"},"modified":"2021-03-01T10:58:06","modified_gmt":"2021-03-01T09:58:06","slug":"hotel-aparthotel-verti","status":"publish","type":"ubicacio_dormir","link":"https:\/\/turismevalles.com\/es\/dormir\/hotel-aparthotel-verti\/","title":{"rendered":"Hotel Aparthotel Verti"},"content":{"rendered":"\n<p>Disponemos de 12 habitaciones simples y dobles, y de 4 apartamentos de 65 m2. El hotel dispone tambi\u00e9n de aparcamiento en el propio edificio.\nNo solamente cuidamos de usted, tambi\u00e9n cuidamos el medio ambiente. En el hotel se utilizan energ\u00edas renovables solar y geot\u00e9rmica, y se recicla el agua de lluvia de manera eficiente.<\/p>\n\n\n\n<p>Nuestro compromiso es velar por su bienestar, tanto dentro como fuera de nuestro hotel.\n\nEn nuestro hotel, respetamos el medio ambiente.\n\nCriterios medioambientales, Clima sin aire de alta eficiencia energ\u00e9tica, energ\u00eda Renovable Solar y Geot\u00e9rmica, iluminaci\u00f3n natural y ventilaci\u00f3n en todas las habitaciones. Cisterna de pluviales para lavander\u00eda, inodoros y limpieza.<\/p>\n\n\n\n<h2 class=\"wp-block-heading\">Condiciones de la reserva<\/h2>\n\n\n\n<h2 class=\"wp-block-heading\"><em>Habitaci\u00f3n individual\/doble<\/em><\/h2>\n\n\n\n<p>Acogedora y confortable es el alojamiento perfecto para personas en viaje de negocios, CON BA\u00d1O COMPLETO equipadas con los mejores servicios tecnol\u00f3gicos, mesa de trabajo con conexi\u00f3n por cable gratuita a internet de alta velocidad, minibar, tel\u00e9fono con l\u00ednea directa desde la habitaci\u00f3n TV LCD de pantalla plana. La habitaci\u00f3n individual pone a su disposici\u00f3n una cama amplia y si lo desea es posible solicitar la habitaci\u00f3n doble para uso individual.<\/p>\n\n\n\n<h2 class=\"wp-block-heading\"><strong><em>Aparthotel<\/em><\/strong><\/h2>\n\n\n\n<p>Para dos personas o dos parejas en habitaciones dobles, puede albergar grupos o familias de hasta 6\/8 personas.\nD\u00faplex de 65m2, en dos plantas, muy luminoso, terraza, estudio, con habitaci\u00f3n doble y ba\u00f1o completo por planta.\nEspacioso para estancias tranquilas donde relajarse, descansar y\/o trabajar a gusto.\nPlanta baja: Habitaci\u00f3n doble y ba\u00f1o completo, Cocina equipada con nevera, microondas y placa de inducci\u00f3n, enseres de cocina, vajilla, amplio sal\u00f3n con sof\u00e1 cama, tv de 26\u201d , conexi\u00f3n a internet por cable gratuita y amplio ventanal.\nPlanta superior: Habitaci\u00f3n doble y ba\u00f1o completo, estudio con mesa y silla, conexi\u00f3n a internet por cable, terraza de 16m2 con mesa y sillas.<\/p>\n","protected":false},"featured_media":6108,"template":"","poblacions":[903],"establiment":[211],"tipus_turisme":[],"tipologia_estada":[],"class_list":["post-5520","ubicacio_dormir","type-ubicacio_dormir","status-publish","has-post-thumbnail","hentry","poblacions-les-franqueses-del-valles-es","establiment-hotel-es","generate-columns","tablet-grid-50","mobile-grid-100","grid-parent","grid-33"],"acf":{"photo_gallery":{"imatges":[[{"id":6123,"title":"turismevalles5112","caption":"","full_image_url":"https:\/\/turismevalles.com\/wp-content\/uploads\/2020\/11\/turismevalles5112.jpeg","thumbnail_image_url":"https:\/\/turismevalles.com\/wp-content\/uploads\/2020\/11\/turismevalles5112-150x150.jpeg","large_srcset":"https:\/\/turismevalles.com\/wp-content\/uploads\/2020\/11\/turismevalles5112.jpeg 720w, https:\/\/turismevalles.com\/wp-content\/uploads\/2020\/11\/turismevalles5112-300x126.jpeg 300w","medium_srcset":"https:\/\/turismevalles.com\/wp-content\/uploads\/2020\/11\/turismevalles5112-300x126.jpeg 300w, https:\/\/turismevalles.com\/wp-content\/uploads\/2020\/11\/turismevalles5112.jpeg 720w","media_details":{"width":720,"height":302,"sizes":{"medium":{"file":"turismevalles5112-300x126.jpeg","width":300,"height":126,"mime-type":"image\/jpeg","source_url":"https:\/\/turismevalles.com\/wp-content\/uploads\/2020\/11\/turismevalles5112-300x126.jpeg"},"thumbnail":{"file":"turismevalles5112-150x150.jpeg","width":150,"height":150,"mime-type":"image\/jpeg","source_url":"https:\/\/turismevalles.com\/wp-content\/uploads\/2020\/11\/turismevalles5112-150x150.jpeg"}}},"alt_text":"","url":"","target":""},{"id":6120,"title":"turismevalles5111","caption":"","full_image_url":"https:\/\/turismevalles.com\/wp-content\/uploads\/2020\/11\/turismevalles5111.jpeg","thumbnail_image_url":"https:\/\/turismevalles.com\/wp-content\/uploads\/2020\/11\/turismevalles5111-150x150.jpeg","large_srcset":"https:\/\/turismevalles.com\/wp-content\/uploads\/2020\/11\/turismevalles5111.jpeg 720w, https:\/\/turismevalles.com\/wp-content\/uploads\/2020\/11\/turismevalles5111-300x126.jpeg 300w","medium_srcset":"https:\/\/turismevalles.com\/wp-content\/uploads\/2020\/11\/turismevalles5111-300x126.jpeg 300w, https:\/\/turismevalles.com\/wp-content\/uploads\/2020\/11\/turismevalles5111.jpeg 720w","media_details":{"width":720,"height":302,"sizes":{"medium":{"file":"turismevalles5111-300x126.jpeg","width":300,"height":126,"mime-type":"image\/jpeg","source_url":"https:\/\/turismevalles.com\/wp-content\/uploads\/2020\/11\/turismevalles5111-300x126.jpeg"},"thumbnail":{"file":"turismevalles5111-150x150.jpeg","width":150,"height":150,"mime-type":"image\/jpeg","source_url":"https:\/\/turismevalles.com\/wp-content\/uploads\/2020\/11\/turismevalles5111-150x150.jpeg"}}},"alt_text":"","url":"","target":""},{"id":6117,"title":"turismevalles5110","caption":"","full_image_url":"https:\/\/turismevalles.com\/wp-content\/uploads\/2020\/11\/turismevalles5110.jpeg","thumbnail_image_url":"https:\/\/turismevalles.com\/wp-content\/uploads\/2020\/11\/turismevalles5110-150x150.jpeg","large_srcset":"https:\/\/turismevalles.com\/wp-content\/uploads\/2020\/11\/turismevalles5110.jpeg 720w, https:\/\/turismevalles.com\/wp-content\/uploads\/2020\/11\/turismevalles5110-300x126.jpeg 300w","medium_srcset":"https:\/\/turismevalles.com\/wp-content\/uploads\/2020\/11\/turismevalles5110-300x126.jpeg 300w, https:\/\/turismevalles.com\/wp-content\/uploads\/2020\/11\/turismevalles5110.jpeg 720w","media_details":{"width":720,"height":302,"sizes":{"medium":{"file":"turismevalles5110-300x126.jpeg","width":300,"height":126,"mime-type":"image\/jpeg","source_url":"https:\/\/turismevalles.com\/wp-content\/uploads\/2020\/11\/turismevalles5110-300x126.jpeg"},"thumbnail":{"file":"turismevalles5110-150x150.jpeg","width":150,"height":150,"mime-type":"image\/jpeg","source_url":"https:\/\/turismevalles.com\/wp-content\/uploads\/2020\/11\/turismevalles5110-150x150.jpeg"}}},"alt_text":"","url":"","target":""},{"id":6114,"title":"turismevalles5109","caption":"","full_image_url":"https:\/\/turismevalles.com\/wp-content\/uploads\/2020\/11\/turismevalles5109.jpeg","thumbnail_image_url":"https:\/\/turismevalles.com\/wp-content\/uploads\/2020\/11\/turismevalles5109-150x150.jpeg","large_srcset":"https:\/\/turismevalles.com\/wp-content\/uploads\/2020\/11\/turismevalles5109.jpeg 720w, https:\/\/turismevalles.com\/wp-content\/uploads\/2020\/11\/turismevalles5109-300x126.jpeg 300w","medium_srcset":"https:\/\/turismevalles.com\/wp-content\/uploads\/2020\/11\/turismevalles5109-300x126.jpeg 300w, https:\/\/turismevalles.com\/wp-content\/uploads\/2020\/11\/turismevalles5109.jpeg 720w","media_details":{"width":720,"height":302,"sizes":{"medium":{"file":"turismevalles5109-300x126.jpeg","width":300,"height":126,"mime-type":"image\/jpeg","source_url":"https:\/\/turismevalles.com\/wp-content\/uploads\/2020\/11\/turismevalles5109-300x126.jpeg"},"thumbnail":{"file":"turismevalles5109-150x150.jpeg","width":150,"height":150,"mime-type":"image\/jpeg","source_url":"https:\/\/turismevalles.com\/wp-content\/uploads\/2020\/11\/turismevalles5109-150x150.jpeg"}}},"alt_text":"","url":"","target":""},{"id":6111,"title":"turismevalles5108","caption":"","full_image_url":"https:\/\/turismevalles.com\/wp-content\/uploads\/2020\/11\/turismevalles5108.jpeg","thumbnail_image_url":"https:\/\/turismevalles.com\/wp-content\/uploads\/2020\/11\/turismevalles5108-150x150.jpeg","large_srcset":"https:\/\/turismevalles.com\/wp-content\/uploads\/2020\/11\/turismevalles5108.jpeg 720w, https:\/\/turismevalles.com\/wp-content\/uploads\/2020\/11\/turismevalles5108-300x126.jpeg 300w","medium_srcset":"https:\/\/turismevalles.com\/wp-content\/uploads\/2020\/11\/turismevalles5108-300x126.jpeg 300w, https:\/\/turismevalles.com\/wp-content\/uploads\/2020\/11\/turismevalles5108.jpeg 720w","media_details":{"width":720,"height":302,"sizes":{"medium":{"file":"turismevalles5108-300x126.jpeg","width":300,"height":126,"mime-type":"image\/jpeg","source_url":"https:\/\/turismevalles.com\/wp-content\/uploads\/2020\/11\/turismevalles5108-300x126.jpeg"},"thumbnail":{"file":"turismevalles5108-150x150.jpeg","width":150,"height":150,"mime-type":"image\/jpeg","source_url":"https:\/\/turismevalles.com\/wp-content\/uploads\/2020\/11\/turismevalles5108-150x150.jpeg"}}},"alt_text":"","url":"","target":""},{"id":6108,"title":"turismevalles5107","caption":"","full_image_url":"https:\/\/turismevalles.com\/wp-content\/uploads\/2020\/11\/turismevalles5107.jpeg","thumbnail_image_url":"https:\/\/turismevalles.com\/wp-content\/uploads\/2020\/11\/turismevalles5107-150x150.jpeg","large_srcset":"https:\/\/turismevalles.com\/wp-content\/uploads\/2020\/11\/turismevalles5107.jpeg 720w, https:\/\/turismevalles.com\/wp-content\/uploads\/2020\/11\/turismevalles5107-300x126.jpeg 300w","medium_srcset":"https:\/\/turismevalles.com\/wp-content\/uploads\/2020\/11\/turismevalles5107-300x126.jpeg 300w, https:\/\/turismevalles.com\/wp-content\/uploads\/2020\/11\/turismevalles5107.jpeg 720w","media_details":{"width":720,"height":302,"sizes":{"medium":{"file":"turismevalles5107-300x126.jpeg","width":300,"height":126,"mime-type":"image\/jpeg","source_url":"https:\/\/turismevalles.com\/wp-content\/uploads\/2020\/11\/turismevalles5107-300x126.jpeg"},"thumbnail":{"file":"turismevalles5107-150x150.jpeg","width":150,"height":150,"mime-type":"image\/jpeg","source_url":"https:\/\/turismevalles.com\/wp-content\/uploads\/2020\/11\/turismevalles5107-150x150.jpeg"}}},"alt_text":"Hotel Aparthotel Verti","url":"","target":""},{"id":6105,"title":"turismevalles5106","caption":"","full_image_url":"https:\/\/turismevalles.com\/wp-content\/uploads\/2020\/11\/turismevalles5106.jpeg","thumbnail_image_url":"https:\/\/turismevalles.com\/wp-content\/uploads\/2020\/11\/turismevalles5106-150x150.jpeg","large_srcset":"https:\/\/turismevalles.com\/wp-content\/uploads\/2020\/11\/turismevalles5106.jpeg 720w, https:\/\/turismevalles.com\/wp-content\/uploads\/2020\/11\/turismevalles5106-300x126.jpeg 300w","medium_srcset":"https:\/\/turismevalles.com\/wp-content\/uploads\/2020\/11\/turismevalles5106-300x126.jpeg 300w, https:\/\/turismevalles.com\/wp-content\/uploads\/2020\/11\/turismevalles5106.jpeg 720w","media_details":{"width":720,"height":302,"sizes":{"medium":{"file":"turismevalles5106-300x126.jpeg","width":300,"height":126,"mime-type":"image\/jpeg","source_url":"https:\/\/turismevalles.com\/wp-content\/uploads\/2020\/11\/turismevalles5106-300x126.jpeg"},"thumbnail":{"file":"turismevalles5106-150x150.jpeg","width":150,"height":150,"mime-type":"image\/jpeg","source_url":"https:\/\/turismevalles.com\/wp-content\/uploads\/2020\/11\/turismevalles5106-150x150.jpeg"}}},"alt_text":"","url":"","target":""}]]}},"yoast_head":"<!-- This site is optimized with the Yoast SEO plugin v26.4 - https:\/\/yoast.com\/wordpress\/plugins\/seo\/ -->\n<title>Hotel Aparthotel Verti - Turisme Vall\u00e8s<\/title>\n<meta name=\"description\" content=\"Hotel Aparthotel Verti, Les Franqueses del Vall\u00e8s, Vall\u00e9s Oriental, Turismevall\u00e8s, Costa Barcelona\" \/>\n<meta name=\"robots\" content=\"index, follow, max-snippet:-1, max-image-preview:large, max-video-preview:-1\" \/>\n<link rel=\"canonical\" href=\"https:\/\/turismevalles.com\/es\/dormir\/hotel-aparthotel-verti\/\" \/>\n<meta property=\"og:locale\" content=\"es_ES\" \/>\n<meta property=\"og:type\" content=\"article\" \/>\n<meta property=\"og:title\" content=\"Hotel Aparthotel Verti - Turisme Vall\u00e8s\" \/>\n<meta property=\"og:description\" content=\"Hotel Aparthotel Verti, Les Franqueses del Vall\u00e8s, Vall\u00e9s Oriental, Turismevall\u00e8s, Costa Barcelona\" \/>\n<meta property=\"og:url\" content=\"https:\/\/turismevalles.com\/es\/dormir\/hotel-aparthotel-verti\/\" \/>\n<meta property=\"og:site_name\" content=\"Turisme Vall\u00e8s\" \/>\n<meta property=\"article:modified_time\" content=\"2021-03-01T09:58:06+00:00\" \/>\n<meta property=\"og:image\" content=\"https:\/\/turismevalles.com\/wp-content\/uploads\/2020\/11\/turismevalles5107.jpeg\" \/>\n\t<meta property=\"og:image:width\" content=\"720\" \/>\n\t<meta property=\"og:image:height\" content=\"302\" \/>\n\t<meta property=\"og:image:type\" content=\"image\/jpeg\" \/>\n<meta name=\"twitter:card\" content=\"summary_large_image\" \/>\n<meta name=\"twitter:label1\" content=\"Tiempo de lectura\" \/>\n\t<meta name=\"twitter:data1\" content=\"2 minutos\" \/>\n<script type=\"application\/ld+json\" class=\"yoast-schema-graph\">{\"@context\":\"https:\/\/schema.org\",\"@graph\":[{\"@type\":\"WebPage\",\"@id\":\"https:\/\/turismevalles.com\/es\/dormir\/hotel-aparthotel-verti\/\",\"url\":\"https:\/\/turismevalles.com\/es\/dormir\/hotel-aparthotel-verti\/\",\"name\":\"Hotel Aparthotel Verti - Turisme Vall\u00e8s\",\"isPartOf\":{\"@id\":\"https:\/\/turismevalles.com\/en\/#website\"},\"primaryImageOfPage\":{\"@id\":\"https:\/\/turismevalles.com\/es\/dormir\/hotel-aparthotel-verti\/#primaryimage\"},\"image\":{\"@id\":\"https:\/\/turismevalles.com\/es\/dormir\/hotel-aparthotel-verti\/#primaryimage\"},\"thumbnailUrl\":\"https:\/\/turismevalles.com\/wp-content\/uploads\/2020\/11\/turismevalles5107.jpeg\",\"datePublished\":\"2020-11-18T11:00:34+00:00\",\"dateModified\":\"2021-03-01T09:58:06+00:00\",\"description\":\"Hotel Aparthotel Verti, Les Franqueses del Vall\u00e8s, Vall\u00e9s Oriental, Turismevall\u00e8s, Costa Barcelona\",\"breadcrumb\":{\"@id\":\"https:\/\/turismevalles.com\/es\/dormir\/hotel-aparthotel-verti\/#breadcrumb\"},\"inLanguage\":\"es\",\"potentialAction\":[{\"@type\":\"ReadAction\",\"target\":[\"https:\/\/turismevalles.com\/es\/dormir\/hotel-aparthotel-verti\/\"]}]},{\"@type\":\"ImageObject\",\"inLanguage\":\"es\",\"@id\":\"https:\/\/turismevalles.com\/es\/dormir\/hotel-aparthotel-verti\/#primaryimage\",\"url\":\"https:\/\/turismevalles.com\/wp-content\/uploads\/2020\/11\/turismevalles5107.jpeg\",\"contentUrl\":\"https:\/\/turismevalles.com\/wp-content\/uploads\/2020\/11\/turismevalles5107.jpeg\",\"width\":720,\"height\":302,\"caption\":\"Hotel Aparthotel Verti\"},{\"@type\":\"BreadcrumbList\",\"@id\":\"https:\/\/turismevalles.com\/es\/dormir\/hotel-aparthotel-verti\/#breadcrumb\",\"itemListElement\":[{\"@type\":\"ListItem\",\"position\":1,\"name\":\"Inicio\",\"item\":\"https:\/\/turismevalles.com\/es\/\"},{\"@type\":\"ListItem\",\"position\":2,\"name\":\"Places to sleep\",\"item\":\"https:\/\/turismevalles.com\/en\/sleep\/\"},{\"@type\":\"ListItem\",\"position\":3,\"name\":\"Hotel Aparthotel Verti\"}]},{\"@type\":\"WebSite\",\"@id\":\"https:\/\/turismevalles.com\/en\/#website\",\"url\":\"https:\/\/turismevalles.com\/en\/\",\"name\":\"Turisme Vall\u00e8s\",\"description\":\"\",\"publisher\":{\"@id\":\"https:\/\/turismevalles.com\/en\/#organization\"},\"potentialAction\":[{\"@type\":\"SearchAction\",\"target\":{\"@type\":\"EntryPoint\",\"urlTemplate\":\"https:\/\/turismevalles.com\/en\/?s={search_term_string}\"},\"query-input\":{\"@type\":\"PropertyValueSpecification\",\"valueRequired\":true,\"valueName\":\"search_term_string\"}}],\"inLanguage\":\"es\"},{\"@type\":\"Organization\",\"@id\":\"https:\/\/turismevalles.com\/en\/#organization\",\"name\":\"Turisme Vall\u00e8s\",\"url\":\"https:\/\/turismevalles.com\/en\/\",\"logo\":{\"@type\":\"ImageObject\",\"inLanguage\":\"es\",\"@id\":\"https:\/\/turismevalles.com\/en\/#\/schema\/logo\/image\/\",\"url\":\"https:\/\/turismevalles.com\/wp-content\/uploads\/2020\/08\/cropped-logo_ca-2.png\",\"contentUrl\":\"https:\/\/turismevalles.com\/wp-content\/uploads\/2020\/08\/cropped-logo_ca-2.png\",\"width\":314,\"height\":85,\"caption\":\"Turisme Vall\u00e8s\"},\"image\":{\"@id\":\"https:\/\/turismevalles.com\/en\/#\/schema\/logo\/image\/\"}}]}<\/script>\n<!-- \/ Yoast SEO plugin. -->","yoast_head_json":{"title":"Hotel Aparthotel Verti - Turisme Vall\u00e8s","description":"Hotel Aparthotel Verti, Les Franqueses del Vall\u00e8s, Vall\u00e9s Oriental, Turismevall\u00e8s, Costa Barcelona","robots":{"index":"index","follow":"follow","max-snippet":"max-snippet:-1","max-image-preview":"max-image-preview:large","max-video-preview":"max-video-preview:-1"},"canonical":"https:\/\/turismevalles.com\/es\/dormir\/hotel-aparthotel-verti\/","og_locale":"es_ES","og_type":"article","og_title":"Hotel Aparthotel Verti - Turisme Vall\u00e8s","og_description":"Hotel Aparthotel Verti, Les Franqueses del Vall\u00e8s, Vall\u00e9s Oriental, Turismevall\u00e8s, Costa Barcelona","og_url":"https:\/\/turismevalles.com\/es\/dormir\/hotel-aparthotel-verti\/","og_site_name":"Turisme Vall\u00e8s","article_modified_time":"2021-03-01T09:58:06+00:00","og_image":[{"width":720,"height":302,"url":"https:\/\/turismevalles.com\/wp-content\/uploads\/2020\/11\/turismevalles5107.jpeg","type":"image\/jpeg"}],"twitter_card":"summary_large_image","twitter_misc":{"Tiempo de lectura":"2 minutos"},"schema":{"@context":"https:\/\/schema.org","@graph":[{"@type":"WebPage","@id":"https:\/\/turismevalles.com\/es\/dormir\/hotel-aparthotel-verti\/","url":"https:\/\/turismevalles.com\/es\/dormir\/hotel-aparthotel-verti\/","name":"Hotel Aparthotel Verti - Turisme Vall\u00e8s","isPartOf":{"@id":"https:\/\/turismevalles.com\/en\/#website"},"primaryImageOfPage":{"@id":"https:\/\/turismevalles.com\/es\/dormir\/hotel-aparthotel-verti\/#primaryimage"},"image":{"@id":"https:\/\/turismevalles.com\/es\/dormir\/hotel-aparthotel-verti\/#primaryimage"},"thumbnailUrl":"https:\/\/turismevalles.com\/wp-content\/uploads\/2020\/11\/turismevalles5107.jpeg","datePublished":"2020-11-18T11:00:34+00:00","dateModified":"2021-03-01T09:58:06+00:00","description":"Hotel Aparthotel Verti, Les Franqueses del Vall\u00e8s, Vall\u00e9s Oriental, Turismevall\u00e8s, Costa Barcelona","breadcrumb":{"@id":"https:\/\/turismevalles.com\/es\/dormir\/hotel-aparthotel-verti\/#breadcrumb"},"inLanguage":"es","potentialAction":[{"@type":"ReadAction","target":["https:\/\/turismevalles.com\/es\/dormir\/hotel-aparthotel-verti\/"]}]},{"@type":"ImageObject","inLanguage":"es","@id":"https:\/\/turismevalles.com\/es\/dormir\/hotel-aparthotel-verti\/#primaryimage","url":"https:\/\/turismevalles.com\/wp-content\/uploads\/2020\/11\/turismevalles5107.jpeg","contentUrl":"https:\/\/turismevalles.com\/wp-content\/uploads\/2020\/11\/turismevalles5107.jpeg","width":720,"height":302,"caption":"Hotel Aparthotel Verti"},{"@type":"BreadcrumbList","@id":"https:\/\/turismevalles.com\/es\/dormir\/hotel-aparthotel-verti\/#breadcrumb","itemListElement":[{"@type":"ListItem","position":1,"name":"Inicio","item":"https:\/\/turismevalles.com\/es\/"},{"@type":"ListItem","position":2,"name":"Places to sleep","item":"https:\/\/turismevalles.com\/en\/sleep\/"},{"@type":"ListItem","position":3,"name":"Hotel Aparthotel Verti"}]},{"@type":"WebSite","@id":"https:\/\/turismevalles.com\/en\/#website","url":"https:\/\/turismevalles.com\/en\/","name":"Turisme Vall\u00e8s","description":"","publisher":{"@id":"https:\/\/turismevalles.com\/en\/#organization"},"potentialAction":[{"@type":"SearchAction","target":{"@type":"EntryPoint","urlTemplate":"https:\/\/turismevalles.com\/en\/?s={search_term_string}"},"query-input":{"@type":"PropertyValueSpecification","valueRequired":true,"valueName":"search_term_string"}}],"inLanguage":"es"},{"@type":"Organization","@id":"https:\/\/turismevalles.com\/en\/#organization","name":"Turisme Vall\u00e8s","url":"https:\/\/turismevalles.com\/en\/","logo":{"@type":"ImageObject","inLanguage":"es","@id":"https:\/\/turismevalles.com\/en\/#\/schema\/logo\/image\/","url":"https:\/\/turismevalles.com\/wp-content\/uploads\/2020\/08\/cropped-logo_ca-2.png","contentUrl":"https:\/\/turismevalles.com\/wp-content\/uploads\/2020\/08\/cropped-logo_ca-2.png","width":314,"height":85,"caption":"Turisme Vall\u00e8s"},"image":{"@id":"https:\/\/turismevalles.com\/en\/#\/schema\/logo\/image\/"}}]}},"uagb_featured_image_src":{"full":["https:\/\/turismevalles.com\/wp-content\/uploads\/2020\/11\/turismevalles5107.jpeg",720,302,false],"thumbnail":["https:\/\/turismevalles.com\/wp-content\/uploads\/2020\/11\/turismevalles5107-150x150.jpeg",150,150,true],"medium":["https:\/\/turismevalles.com\/wp-content\/uploads\/2020\/11\/turismevalles5107-300x126.jpeg",300,126,true],"medium_large":["https:\/\/turismevalles.com\/wp-content\/uploads\/2020\/11\/turismevalles5107.jpeg",720,302,false],"large":["https:\/\/turismevalles.com\/wp-content\/uploads\/2020\/11\/turismevalles5107.jpeg",720,302,false],"thumblist":["https:\/\/turismevalles.com\/wp-content\/uploads\/2020\/11\/turismevalles5107.jpeg",300,126,false],"meccarouselthumb":["https:\/\/turismevalles.com\/wp-content\/uploads\/2020\/11\/turismevalles5107.jpeg",474,199,false],"gridsquare":["https:\/\/turismevalles.com\/wp-content\/uploads\/2020\/11\/turismevalles5107.jpeg",391,164,false],"tileview":["https:\/\/turismevalles.com\/wp-content\/uploads\/2020\/11\/turismevalles5107.jpeg",300,126,false],"1536x1536":["https:\/\/turismevalles.com\/wp-content\/uploads\/2020\/11\/turismevalles5107.jpeg",720,302,false],"2048x2048":["https:\/\/turismevalles.com\/wp-content\/uploads\/2020\/11\/turismevalles5107.jpeg",720,302,false]},"uagb_author_info":{"display_name":"Turisme Valles","author_link":"https:\/\/turismevalles.com\/es\/author\/"},"uagb_comment_info":0,"uagb_excerpt":"Disponemos de 12 habitaciones simples y dobles, y de 4 apartamentos de 65 m2. El hotel dispone tambi\u00e9n de aparcamiento en el propio edificio. No ... Veure m\u00e9s","_links":{"self":[{"href":"https:\/\/turismevalles.com\/es\/wp-json\/wp\/v2\/ubicacio_dormir\/5520","targetHints":{"allow":["GET"]}}],"collection":[{"href":"https:\/\/turismevalles.com\/es\/wp-json\/wp\/v2\/ubicacio_dormir"}],"about":[{"href":"https:\/\/turismevalles.com\/es\/wp-json\/wp\/v2\/types\/ubicacio_dormir"}],"wp:featuredmedia":[{"embeddable":true,"href":"https:\/\/turismevalles.com\/es\/wp-json\/wp\/v2\/media\/6108"}],"wp:attachment":[{"href":"https:\/\/turismevalles.com\/es\/wp-json\/wp\/v2\/media?parent=5520"}],"wp:term":[{"taxonomy":"poblacions","embeddable":true,"href":"https:\/\/turismevalles.com\/es\/wp-json\/wp\/v2\/poblacions?post=5520"},{"taxonomy":"establiment","embeddable":true,"href":"https:\/\/turismevalles.com\/es\/wp-json\/wp\/v2\/establiment?post=5520"},{"taxonomy":"tipus_turisme","embeddable":true,"href":"https:\/\/turismevalles.com\/es\/wp-json\/wp\/v2\/tipus_turisme?post=5520"},{"taxonomy":"tipologia_estada","embeddable":true,"href":"https:\/\/turismevalles.com\/es\/wp-json\/wp\/v2\/tipologia_estada?post=5520"}],"curies":[{"name":"wp","href":"https:\/\/api.w.org\/{rel}","templated":true}]}}