{"id":5548,"date":"2020-11-18T13:35:47","date_gmt":"2020-11-18T11:35:47","guid":{"rendered":"http:\/\/turismevalles.com.mialias.net\/dormir\/turismo-rural-can-fabregas-del-bosc\/"},"modified":"2025-01-24T11:07:06","modified_gmt":"2025-01-24T10:07:06","slug":"turismo-rural-can-fabregas-del-bosc","status":"publish","type":"ubicacio_dormir","link":"https:\/\/turismevalles.com\/es\/dormir\/turismo-rural-can-fabregas-del-bosc\/","title":{"rendered":"Turismo rural Can F\u00e0bregas del Bosc"},"content":{"rendered":"\n<p><strong>Como es la casa<\/strong>\nLa mas\u00eda de Can F\u00e0bregas del Bosc tiene tres plantas. La planta baja dispone de una entrada que distribuye la zona de d\u00eda. A la derecha una gran cocina-comedor con chimenea y mesa para m\u00e1s de 12 comensales (ampliable), y a la izquierda, la sala de estar, muy acogedora y relajante; y la fresca bodega, ideal para jugar y compartir una buena charla. Al fondo, una zona de limpieza y plancha y un primer ba\u00f1o.<\/p>\n\n\n\n<p>En la primera planta esta la zona de noche: tres habitaciones dobles y una triple, una sala de estar amplia que distribuye las habitaciones y dos ba\u00f1os completos. Cada habitaci\u00f3n con su color diferenciado y pensado para crear el ambiente que cada tono proporciona.<\/p>\n\n\n\n<p>La segunda planta, los antiguos almacenes de grano y despu\u00e9s buhardillas, se han arreglado para convertirse ahora en un espacio luminoso y di\u00e1fano con m\u00faltiples funciones.<\/p>\n\n\n\n<p><strong>Una casa llena de historia<\/strong>\nCan F\u00e0bregas del Bosc es una casa Antigua que durante m\u00e1s de 500 a\u00f1os, ha ido viendo y viviendo las historias de nuestro pa\u00eds y su gente.<\/p>\n\n\n\n<p>Aparece ya en el fogaje del a\u00f1o 1565, pero las inscripciones m\u00e1s antiguas que conserva la casa son del a\u00f1o 1680. Estas corresponden a una de las remodelaciones m\u00e1s importantes que ha vivido la mas\u00eda, y que al cabo de 10 a\u00f1os, cuando finalizaron, dejaron la estructura actual.<\/p>\n\n\n\n<p>Posteriormente se han ido haciendo peque\u00f1os arreglos hasta que en los a\u00f1os 60 se a\u00f1adi\u00f3 una estructura en la parte de atr\u00e1s para incorporar un ba\u00f1o moderno.<\/p>\n\n\n\n<p>En 2004 empezaron las \u00faltimas grandes obras que ha visto la casa y que han rehabilitado totalmente la mas\u00eda manteniendo la estructura, recuperando las paredes de piedra, haci\u00e9ndola m\u00e1s confortable para la gente del siglo XXI y potenciando el exterior, que tambi\u00e9n ha ido variando seg\u00fan las necesidades de cada generaci\u00f3n.<\/p>\n\n\n\n<p>Actualmente se puede ver, paseando por los entornos, como funcionaba y se abastec\u00eda una casa de estas caracter\u00edsticas: los campos, las antiguas vi\u00f1as, el corral y las cortes, el cargador, la era&#8230;<\/p>\n\n\n\n<p><strong>Una parte importante de la Mas\u00eda de Can F\u00e0bregas del Bosc es su entorno, <\/strong>d\u00f3nde podr\u00e9is:<\/p>\n\n\n\n<ul class=\"wp-block-list\"><li>Pasear por el bosque a pie o en bicicleta. <\/li><li>Pasear entre los campos y animales. Disponemos de gallinero con gallinas.<\/li><li>Pasear por la orilla del rio Tenes. <\/li><li>Disfrutar del ruido de la fuente de agua natural. Visitar una granja.<\/li><li>Visitar una granja<\/li><li>Coger huevos de nuestros gallineros<\/li><li>Jugar a pelota, cuerda, bolos, tenis-mesa&#8230;<\/li><li>Comer pan con tomate y longaniza, adem\u00e1s de disfrutar de la cocina t\u00edpica catalana con servicio de catering.<\/li><\/ul>\n\n\n\n<p><strong>Lugares de inter\u00e9s para visitar \u00abcon coche\u00bb:<\/strong><\/p>\n\n\n\n<ul class=\"wp-block-list\"><li>Sant Miquel del Fai a 20 min<\/li><li>Cim d\u00b4\u00c0ligues a 20 min<\/li><li>La Garriga \/casa modernistas, ba\u00f1os termales y ruinas rom\u00e1nicas a 10 min)<\/li><li>Campo de Golf La Garriga a 10 min<\/li><li>Club h\u00edpico Llerona  a 10 min<\/li><li>Monta\u00f1a de Puig-graci\u00f2s a 15 min<\/li><li>Caldes de Montbui (fuente de agua caliente y ba\u00f1os termales) a 15 min<\/li><li>Parque de las olores en Riells (jard\u00edn de plantas arom\u00e1ticas) a 5 min<\/li><li>Circuito de Montmel\u00f3 a 15 min<\/li><li>La Roca Village boutiques outlet a 25 min<\/li><li>Granollers ciudad a 15 min<\/li><\/ul>\n\n\n\n<h2 class=\"wp-block-heading\">Condiciones de la reserva<\/h2>\n\n\n\n<p><strong>Tarifa de precios<\/strong>&#13;\nEl precio base para un fin de semana (dos noches) es desde 440 euros (iva y tasa tur\u00edstica incluida) hasta 8 personas e incluye obsequio de bienvenida a base de pan con tomate y longaniza artesana. Para otras opciones, hace falta consultar con la propietaria.&#13;\nLa casa dispone de:&#13;\n<div>S\u00e1banas, mantas, trapos de cocina y toallas&#13;\nTodo tipos enseres de cocina y electrodom\u00e9sticos: lavadora, nevera, congelador independiente, microondas, batidora el\u00e9ctrica, lavavajillas, plancha, tostador de pan, horno el\u00e9ctrico&#8230;&#13;\nElementos de limpieza y mantenimiento de la casa&#13;\nBotiqu\u00edn y plano de emergencia y accidentes&#13;\nTelevisi\u00f3n y DVD&#13;\nLibros y publicaciones del entorno&#13;\nJuegos de mesa y tradicionales catalanes&#13;\nCama de barandas para ni\u00f1os&#13;\nBarbacoa exterior&#13;\nChimenea interior&#13;\nCalefacci\u00f3n&#13;\nFutbol\u00edn<\/div>&#13;\n<strong>Condiciones de alquiler<\/strong>&#13;\n<div>NO aceptamos tarjetas de cr\u00e9dito.&#13;\nLa paga y se\u00f1al para efectuar la reserva: la casa se considerar\u00e1 reservada una vez realizado el pago de m\u00e1s o menos el 30% del total a la cuenta corriente que se facilitar\u00e1 en el momento del contacto. En caso de anulaci\u00f3n de la reserva, el importe s\u00f3lo se devolver\u00e1 en caso de que la anulaci\u00f3n se efect\u00fae un mes antes de la fecha acordada.&#13;\nSe incluye aceite, sal, vinagre, az\u00facar, le\u00f1a para la chimenea y carb\u00f3n para la barbacoa para todos los d\u00edas.&#13;\nLa seguridad: la casa est\u00e1 equipada con extintores reglamentarios y tiene plano de emergencia.<\/div><\/p>\n","protected":false},"featured_media":6891,"template":"","poblacions":[438],"establiment":[218],"tipus_turisme":[],"tipologia_estada":[1619,261,264],"class_list":["post-5548","ubicacio_dormir","type-ubicacio_dormir","status-publish","has-post-thumbnail","hentry","poblacions-lametlla-del-valles-es","establiment-turismo-rural","tipologia_estada-accesible","tipologia_estada-con-amigos","tipologia_estada-en-familia-es","generate-columns","tablet-grid-50","mobile-grid-100","grid-parent","grid-33"],"acf":{"photo_gallery":{"imatges":[[{"id":6912,"title":"turismevalles1093","caption":"","full_image_url":"https:\/\/turismevalles.com\/wp-content\/uploads\/2020\/11\/turismevalles1093.jpg","thumbnail_image_url":"https:\/\/turismevalles.com\/wp-content\/uploads\/2020\/11\/turismevalles1093-150x150.jpg","large_srcset":"https:\/\/turismevalles.com\/wp-content\/uploads\/2020\/11\/turismevalles1093.jpg 720w, https:\/\/turismevalles.com\/wp-content\/uploads\/2020\/11\/turismevalles1093-300x126.jpg 300w","medium_srcset":"https:\/\/turismevalles.com\/wp-content\/uploads\/2020\/11\/turismevalles1093-300x126.jpg 300w, https:\/\/turismevalles.com\/wp-content\/uploads\/2020\/11\/turismevalles1093.jpg 720w","media_details":{"width":720,"height":302,"sizes":{"medium":{"file":"turismevalles1093-300x126.jpg","width":300,"height":126,"mime-type":"image\/jpeg","source_url":"https:\/\/turismevalles.com\/wp-content\/uploads\/2020\/11\/turismevalles1093-300x126.jpg"},"thumbnail":{"file":"turismevalles1093-150x150.jpg","width":150,"height":150,"mime-type":"image\/jpeg","source_url":"https:\/\/turismevalles.com\/wp-content\/uploads\/2020\/11\/turismevalles1093-150x150.jpg"}}},"alt_text":"","url":"","target":""},{"id":6915,"title":"turismevalles4313","caption":"","full_image_url":"https:\/\/turismevalles.com\/wp-content\/uploads\/2020\/11\/turismevalles4313.jpg","thumbnail_image_url":"https:\/\/turismevalles.com\/wp-content\/uploads\/2020\/11\/turismevalles4313-150x150.jpg","large_srcset":"https:\/\/turismevalles.com\/wp-content\/uploads\/2020\/11\/turismevalles4313.jpg 720w, https:\/\/turismevalles.com\/wp-content\/uploads\/2020\/11\/turismevalles4313-300x126.jpg 300w","medium_srcset":"https:\/\/turismevalles.com\/wp-content\/uploads\/2020\/11\/turismevalles4313-300x126.jpg 300w, https:\/\/turismevalles.com\/wp-content\/uploads\/2020\/11\/turismevalles4313.jpg 720w","media_details":{"width":720,"height":302,"sizes":{"medium":{"file":"turismevalles4313-300x126.jpg","width":300,"height":126,"mime-type":"image\/jpeg","source_url":"https:\/\/turismevalles.com\/wp-content\/uploads\/2020\/11\/turismevalles4313-300x126.jpg"},"thumbnail":{"file":"turismevalles4313-150x150.jpg","width":150,"height":150,"mime-type":"image\/jpeg","source_url":"https:\/\/turismevalles.com\/wp-content\/uploads\/2020\/11\/turismevalles4313-150x150.jpg"}}},"alt_text":"","url":"","target":""},{"id":6909,"title":"turismevalles1091","caption":"","full_image_url":"https:\/\/turismevalles.com\/wp-content\/uploads\/2020\/11\/turismevalles1091.jpg","thumbnail_image_url":"https:\/\/turismevalles.com\/wp-content\/uploads\/2020\/11\/turismevalles1091-150x150.jpg","large_srcset":"https:\/\/turismevalles.com\/wp-content\/uploads\/2020\/11\/turismevalles1091.jpg 720w, https:\/\/turismevalles.com\/wp-content\/uploads\/2020\/11\/turismevalles1091-300x126.jpg 300w","medium_srcset":"https:\/\/turismevalles.com\/wp-content\/uploads\/2020\/11\/turismevalles1091-300x126.jpg 300w, https:\/\/turismevalles.com\/wp-content\/uploads\/2020\/11\/turismevalles1091.jpg 720w","media_details":{"width":720,"height":302,"sizes":{"medium":{"file":"turismevalles1091-300x126.jpg","width":300,"height":126,"mime-type":"image\/jpeg","source_url":"https:\/\/turismevalles.com\/wp-content\/uploads\/2020\/11\/turismevalles1091-300x126.jpg"},"thumbnail":{"file":"turismevalles1091-150x150.jpg","width":150,"height":150,"mime-type":"image\/jpeg","source_url":"https:\/\/turismevalles.com\/wp-content\/uploads\/2020\/11\/turismevalles1091-150x150.jpg"}}},"alt_text":"","url":"","target":""},{"id":6906,"title":"turismevalles1090","caption":"","full_image_url":"https:\/\/turismevalles.com\/wp-content\/uploads\/2020\/11\/turismevalles1090.jpg","thumbnail_image_url":"https:\/\/turismevalles.com\/wp-content\/uploads\/2020\/11\/turismevalles1090-150x150.jpg","large_srcset":"https:\/\/turismevalles.com\/wp-content\/uploads\/2020\/11\/turismevalles1090.jpg 720w, https:\/\/turismevalles.com\/wp-content\/uploads\/2020\/11\/turismevalles1090-300x126.jpg 300w","medium_srcset":"https:\/\/turismevalles.com\/wp-content\/uploads\/2020\/11\/turismevalles1090-300x126.jpg 300w, https:\/\/turismevalles.com\/wp-content\/uploads\/2020\/11\/turismevalles1090.jpg 720w","media_details":{"width":720,"height":302,"sizes":{"medium":{"file":"turismevalles1090-300x126.jpg","width":300,"height":126,"mime-type":"image\/jpeg","source_url":"https:\/\/turismevalles.com\/wp-content\/uploads\/2020\/11\/turismevalles1090-300x126.jpg"},"thumbnail":{"file":"turismevalles1090-150x150.jpg","width":150,"height":150,"mime-type":"image\/jpeg","source_url":"https:\/\/turismevalles.com\/wp-content\/uploads\/2020\/11\/turismevalles1090-150x150.jpg"}}},"alt_text":"","url":"","target":""},{"id":6903,"title":"turismevalles1089","caption":"","full_image_url":"https:\/\/turismevalles.com\/wp-content\/uploads\/2020\/11\/turismevalles1089.jpg","thumbnail_image_url":"https:\/\/turismevalles.com\/wp-content\/uploads\/2020\/11\/turismevalles1089-150x150.jpg","large_srcset":"https:\/\/turismevalles.com\/wp-content\/uploads\/2020\/11\/turismevalles1089.jpg 720w, https:\/\/turismevalles.com\/wp-content\/uploads\/2020\/11\/turismevalles1089-300x126.jpg 300w","medium_srcset":"https:\/\/turismevalles.com\/wp-content\/uploads\/2020\/11\/turismevalles1089-300x126.jpg 300w, https:\/\/turismevalles.com\/wp-content\/uploads\/2020\/11\/turismevalles1089.jpg 720w","media_details":{"width":720,"height":302,"sizes":{"medium":{"file":"turismevalles1089-300x126.jpg","width":300,"height":126,"mime-type":"image\/jpeg","source_url":"https:\/\/turismevalles.com\/wp-content\/uploads\/2020\/11\/turismevalles1089-300x126.jpg"},"thumbnail":{"file":"turismevalles1089-150x150.jpg","width":150,"height":150,"mime-type":"image\/jpeg","source_url":"https:\/\/turismevalles.com\/wp-content\/uploads\/2020\/11\/turismevalles1089-150x150.jpg"}}},"alt_text":"","url":"","target":""},{"id":6900,"title":"turismevalles1088","caption":"","full_image_url":"https:\/\/turismevalles.com\/wp-content\/uploads\/2020\/11\/turismevalles1088.jpg","thumbnail_image_url":"https:\/\/turismevalles.com\/wp-content\/uploads\/2020\/11\/turismevalles1088-150x150.jpg","large_srcset":"https:\/\/turismevalles.com\/wp-content\/uploads\/2020\/11\/turismevalles1088.jpg 720w, https:\/\/turismevalles.com\/wp-content\/uploads\/2020\/11\/turismevalles1088-300x126.jpg 300w","medium_srcset":"https:\/\/turismevalles.com\/wp-content\/uploads\/2020\/11\/turismevalles1088-300x126.jpg 300w, https:\/\/turismevalles.com\/wp-content\/uploads\/2020\/11\/turismevalles1088.jpg 720w","media_details":{"width":720,"height":302,"sizes":{"medium":{"file":"turismevalles1088-300x126.jpg","width":300,"height":126,"mime-type":"image\/jpeg","source_url":"https:\/\/turismevalles.com\/wp-content\/uploads\/2020\/11\/turismevalles1088-300x126.jpg"},"thumbnail":{"file":"turismevalles1088-150x150.jpg","width":150,"height":150,"mime-type":"image\/jpeg","source_url":"https:\/\/turismevalles.com\/wp-content\/uploads\/2020\/11\/turismevalles1088-150x150.jpg"}}},"alt_text":"","url":"","target":""},{"id":6897,"title":"turismevalles1087","caption":"","full_image_url":"https:\/\/turismevalles.com\/wp-content\/uploads\/2020\/11\/turismevalles1087.jpg","thumbnail_image_url":"https:\/\/turismevalles.com\/wp-content\/uploads\/2020\/11\/turismevalles1087-150x150.jpg","large_srcset":"https:\/\/turismevalles.com\/wp-content\/uploads\/2020\/11\/turismevalles1087.jpg 720w, https:\/\/turismevalles.com\/wp-content\/uploads\/2020\/11\/turismevalles1087-300x126.jpg 300w","medium_srcset":"https:\/\/turismevalles.com\/wp-content\/uploads\/2020\/11\/turismevalles1087-300x126.jpg 300w, https:\/\/turismevalles.com\/wp-content\/uploads\/2020\/11\/turismevalles1087.jpg 720w","media_details":{"width":720,"height":302,"sizes":{"medium":{"file":"turismevalles1087-300x126.jpg","width":300,"height":126,"mime-type":"image\/jpeg","source_url":"https:\/\/turismevalles.com\/wp-content\/uploads\/2020\/11\/turismevalles1087-300x126.jpg"},"thumbnail":{"file":"turismevalles1087-150x150.jpg","width":150,"height":150,"mime-type":"image\/jpeg","source_url":"https:\/\/turismevalles.com\/wp-content\/uploads\/2020\/11\/turismevalles1087-150x150.jpg"}}},"alt_text":"","url":"","target":""},{"id":6894,"title":"turismevalles1086","caption":"","full_image_url":"https:\/\/turismevalles.com\/wp-content\/uploads\/2020\/11\/turismevalles1086.jpg","thumbnail_image_url":"https:\/\/turismevalles.com\/wp-content\/uploads\/2020\/11\/turismevalles1086-150x150.jpg","large_srcset":"https:\/\/turismevalles.com\/wp-content\/uploads\/2020\/11\/turismevalles1086.jpg 720w, https:\/\/turismevalles.com\/wp-content\/uploads\/2020\/11\/turismevalles1086-300x126.jpg 300w","medium_srcset":"https:\/\/turismevalles.com\/wp-content\/uploads\/2020\/11\/turismevalles1086-300x126.jpg 300w, https:\/\/turismevalles.com\/wp-content\/uploads\/2020\/11\/turismevalles1086.jpg 720w","media_details":{"width":720,"height":302,"sizes":{"medium":{"file":"turismevalles1086-300x126.jpg","width":300,"height":126,"mime-type":"image\/jpeg","source_url":"https:\/\/turismevalles.com\/wp-content\/uploads\/2020\/11\/turismevalles1086-300x126.jpg"},"thumbnail":{"file":"turismevalles1086-150x150.jpg","width":150,"height":150,"mime-type":"image\/jpeg","source_url":"https:\/\/turismevalles.com\/wp-content\/uploads\/2020\/11\/turismevalles1086-150x150.jpg"}}},"alt_text":"","url":"","target":""},{"id":6891,"title":"turismevalles1085","caption":"","full_image_url":"https:\/\/turismevalles.com\/wp-content\/uploads\/2020\/11\/turismevalles1085.jpg","thumbnail_image_url":"https:\/\/turismevalles.com\/wp-content\/uploads\/2020\/11\/turismevalles1085-150x150.jpg","large_srcset":"https:\/\/turismevalles.com\/wp-content\/uploads\/2020\/11\/turismevalles1085.jpg 720w, https:\/\/turismevalles.com\/wp-content\/uploads\/2020\/11\/turismevalles1085-300x126.jpg 300w","medium_srcset":"https:\/\/turismevalles.com\/wp-content\/uploads\/2020\/11\/turismevalles1085-300x126.jpg 300w, https:\/\/turismevalles.com\/wp-content\/uploads\/2020\/11\/turismevalles1085.jpg 720w","media_details":{"width":720,"height":302,"sizes":{"medium":{"file":"turismevalles1085-300x126.jpg","width":300,"height":126,"mime-type":"image\/jpeg","source_url":"https:\/\/turismevalles.com\/wp-content\/uploads\/2020\/11\/turismevalles1085-300x126.jpg"},"thumbnail":{"file":"turismevalles1085-150x150.jpg","width":150,"height":150,"mime-type":"image\/jpeg","source_url":"https:\/\/turismevalles.com\/wp-content\/uploads\/2020\/11\/turismevalles1085-150x150.jpg"}}},"alt_text":"Turisme Rural","url":"","target":""},{"id":6888,"title":"turismevalles862","caption":"","full_image_url":"https:\/\/turismevalles.com\/wp-content\/uploads\/2020\/11\/turismevalles862.jpg","thumbnail_image_url":"https:\/\/turismevalles.com\/wp-content\/uploads\/2020\/11\/turismevalles862-150x150.jpg","large_srcset":"https:\/\/turismevalles.com\/wp-content\/uploads\/2020\/11\/turismevalles862.jpg 720w, https:\/\/turismevalles.com\/wp-content\/uploads\/2020\/11\/turismevalles862-300x126.jpg 300w","medium_srcset":"https:\/\/turismevalles.com\/wp-content\/uploads\/2020\/11\/turismevalles862-300x126.jpg 300w, https:\/\/turismevalles.com\/wp-content\/uploads\/2020\/11\/turismevalles862.jpg 720w","media_details":{"width":720,"height":302,"sizes":{"medium":{"file":"turismevalles862-300x126.jpg","width":300,"height":126,"mime-type":"image\/jpeg","source_url":"https:\/\/turismevalles.com\/wp-content\/uploads\/2020\/11\/turismevalles862-300x126.jpg"},"thumbnail":{"file":"turismevalles862-150x150.jpg","width":150,"height":150,"mime-type":"image\/jpeg","source_url":"https:\/\/turismevalles.com\/wp-content\/uploads\/2020\/11\/turismevalles862-150x150.jpg"}}},"alt_text":"","url":"","target":""}]]}},"yoast_head":"<!-- This site is optimized with the Yoast SEO plugin v26.4 - https:\/\/yoast.com\/wordpress\/plugins\/seo\/ -->\n<title>Turismo rural Can F\u00e0bregas del Bosc - Turisme Vall\u00e8s<\/title>\n<meta name=\"description\" content=\"Can F\u00e0bregas del Bosque es una casa antigua, ideal para disfrutar de la naturaleza. Podr\u00e1s hacer rutas de senderismo o ciclismo y visitar nuestros animales.\" \/>\n<meta name=\"robots\" content=\"index, follow, max-snippet:-1, max-image-preview:large, max-video-preview:-1\" \/>\n<link rel=\"canonical\" href=\"https:\/\/turismevalles.com\/es\/dormir\/turismo-rural-can-fabregas-del-bosc\/\" \/>\n<meta property=\"og:locale\" content=\"es_ES\" \/>\n<meta property=\"og:type\" content=\"article\" \/>\n<meta property=\"og:title\" content=\"Turismo rural Can F\u00e0bregas del Bosc - Turisme Vall\u00e8s\" \/>\n<meta property=\"og:description\" content=\"Can F\u00e0bregas del Bosque es una casa antigua, ideal para disfrutar de la naturaleza. Podr\u00e1s hacer rutas de senderismo o ciclismo y visitar nuestros animales.\" \/>\n<meta property=\"og:url\" content=\"https:\/\/turismevalles.com\/es\/dormir\/turismo-rural-can-fabregas-del-bosc\/\" \/>\n<meta property=\"og:site_name\" content=\"Turisme Vall\u00e8s\" \/>\n<meta property=\"article:modified_time\" content=\"2025-01-24T10:07:06+00:00\" \/>\n<meta property=\"og:image\" content=\"https:\/\/turismevalles.com\/wp-content\/uploads\/2020\/11\/turismevalles1085.jpg\" \/>\n\t<meta property=\"og:image:width\" content=\"720\" \/>\n\t<meta property=\"og:image:height\" content=\"302\" \/>\n\t<meta property=\"og:image:type\" content=\"image\/jpeg\" \/>\n<meta name=\"twitter:card\" content=\"summary_large_image\" \/>\n<meta name=\"twitter:label1\" content=\"Tiempo de lectura\" \/>\n\t<meta name=\"twitter:data1\" content=\"5 minutos\" \/>\n<script type=\"application\/ld+json\" class=\"yoast-schema-graph\">{\"@context\":\"https:\/\/schema.org\",\"@graph\":[{\"@type\":\"WebPage\",\"@id\":\"https:\/\/turismevalles.com\/es\/dormir\/turismo-rural-can-fabregas-del-bosc\/\",\"url\":\"https:\/\/turismevalles.com\/es\/dormir\/turismo-rural-can-fabregas-del-bosc\/\",\"name\":\"Turismo rural Can F\u00e0bregas del Bosc - Turisme Vall\u00e8s\",\"isPartOf\":{\"@id\":\"https:\/\/turismevalles.com\/en\/#website\"},\"primaryImageOfPage\":{\"@id\":\"https:\/\/turismevalles.com\/es\/dormir\/turismo-rural-can-fabregas-del-bosc\/#primaryimage\"},\"image\":{\"@id\":\"https:\/\/turismevalles.com\/es\/dormir\/turismo-rural-can-fabregas-del-bosc\/#primaryimage\"},\"thumbnailUrl\":\"https:\/\/turismevalles.com\/wp-content\/uploads\/2020\/11\/turismevalles1085.jpg\",\"datePublished\":\"2020-11-18T11:35:47+00:00\",\"dateModified\":\"2025-01-24T10:07:06+00:00\",\"description\":\"Can F\u00e0bregas del Bosque es una casa antigua, ideal para disfrutar de la naturaleza. Podr\u00e1s hacer rutas de senderismo o ciclismo y visitar nuestros animales.\",\"breadcrumb\":{\"@id\":\"https:\/\/turismevalles.com\/es\/dormir\/turismo-rural-can-fabregas-del-bosc\/#breadcrumb\"},\"inLanguage\":\"es\",\"potentialAction\":[{\"@type\":\"ReadAction\",\"target\":[\"https:\/\/turismevalles.com\/es\/dormir\/turismo-rural-can-fabregas-del-bosc\/\"]}]},{\"@type\":\"ImageObject\",\"inLanguage\":\"es\",\"@id\":\"https:\/\/turismevalles.com\/es\/dormir\/turismo-rural-can-fabregas-del-bosc\/#primaryimage\",\"url\":\"https:\/\/turismevalles.com\/wp-content\/uploads\/2020\/11\/turismevalles1085.jpg\",\"contentUrl\":\"https:\/\/turismevalles.com\/wp-content\/uploads\/2020\/11\/turismevalles1085.jpg\",\"width\":720,\"height\":302,\"caption\":\"Turisme Rural\"},{\"@type\":\"BreadcrumbList\",\"@id\":\"https:\/\/turismevalles.com\/es\/dormir\/turismo-rural-can-fabregas-del-bosc\/#breadcrumb\",\"itemListElement\":[{\"@type\":\"ListItem\",\"position\":1,\"name\":\"Inicio\",\"item\":\"https:\/\/turismevalles.com\/es\/\"},{\"@type\":\"ListItem\",\"position\":2,\"name\":\"Places to sleep\",\"item\":\"https:\/\/turismevalles.com\/en\/sleep\/\"},{\"@type\":\"ListItem\",\"position\":3,\"name\":\"Turismo rural Can F\u00e0bregas del Bosc\"}]},{\"@type\":\"WebSite\",\"@id\":\"https:\/\/turismevalles.com\/en\/#website\",\"url\":\"https:\/\/turismevalles.com\/en\/\",\"name\":\"Turisme Vall\u00e8s\",\"description\":\"\",\"publisher\":{\"@id\":\"https:\/\/turismevalles.com\/en\/#organization\"},\"potentialAction\":[{\"@type\":\"SearchAction\",\"target\":{\"@type\":\"EntryPoint\",\"urlTemplate\":\"https:\/\/turismevalles.com\/en\/?s={search_term_string}\"},\"query-input\":{\"@type\":\"PropertyValueSpecification\",\"valueRequired\":true,\"valueName\":\"search_term_string\"}}],\"inLanguage\":\"es\"},{\"@type\":\"Organization\",\"@id\":\"https:\/\/turismevalles.com\/en\/#organization\",\"name\":\"Turisme Vall\u00e8s\",\"url\":\"https:\/\/turismevalles.com\/en\/\",\"logo\":{\"@type\":\"ImageObject\",\"inLanguage\":\"es\",\"@id\":\"https:\/\/turismevalles.com\/en\/#\/schema\/logo\/image\/\",\"url\":\"https:\/\/turismevalles.com\/wp-content\/uploads\/2020\/08\/cropped-logo_ca-2.png\",\"contentUrl\":\"https:\/\/turismevalles.com\/wp-content\/uploads\/2020\/08\/cropped-logo_ca-2.png\",\"width\":314,\"height\":85,\"caption\":\"Turisme Vall\u00e8s\"},\"image\":{\"@id\":\"https:\/\/turismevalles.com\/en\/#\/schema\/logo\/image\/\"}}]}<\/script>\n<!-- \/ Yoast SEO plugin. -->","yoast_head_json":{"title":"Turismo rural Can F\u00e0bregas del Bosc - Turisme Vall\u00e8s","description":"Can F\u00e0bregas del Bosque es una casa antigua, ideal para disfrutar de la naturaleza. Podr\u00e1s hacer rutas de senderismo o ciclismo y visitar nuestros animales.","robots":{"index":"index","follow":"follow","max-snippet":"max-snippet:-1","max-image-preview":"max-image-preview:large","max-video-preview":"max-video-preview:-1"},"canonical":"https:\/\/turismevalles.com\/es\/dormir\/turismo-rural-can-fabregas-del-bosc\/","og_locale":"es_ES","og_type":"article","og_title":"Turismo rural Can F\u00e0bregas del Bosc - Turisme Vall\u00e8s","og_description":"Can F\u00e0bregas del Bosque es una casa antigua, ideal para disfrutar de la naturaleza. Podr\u00e1s hacer rutas de senderismo o ciclismo y visitar nuestros animales.","og_url":"https:\/\/turismevalles.com\/es\/dormir\/turismo-rural-can-fabregas-del-bosc\/","og_site_name":"Turisme Vall\u00e8s","article_modified_time":"2025-01-24T10:07:06+00:00","og_image":[{"width":720,"height":302,"url":"https:\/\/turismevalles.com\/wp-content\/uploads\/2020\/11\/turismevalles1085.jpg","type":"image\/jpeg"}],"twitter_card":"summary_large_image","twitter_misc":{"Tiempo de lectura":"5 minutos"},"schema":{"@context":"https:\/\/schema.org","@graph":[{"@type":"WebPage","@id":"https:\/\/turismevalles.com\/es\/dormir\/turismo-rural-can-fabregas-del-bosc\/","url":"https:\/\/turismevalles.com\/es\/dormir\/turismo-rural-can-fabregas-del-bosc\/","name":"Turismo rural Can F\u00e0bregas del Bosc - Turisme Vall\u00e8s","isPartOf":{"@id":"https:\/\/turismevalles.com\/en\/#website"},"primaryImageOfPage":{"@id":"https:\/\/turismevalles.com\/es\/dormir\/turismo-rural-can-fabregas-del-bosc\/#primaryimage"},"image":{"@id":"https:\/\/turismevalles.com\/es\/dormir\/turismo-rural-can-fabregas-del-bosc\/#primaryimage"},"thumbnailUrl":"https:\/\/turismevalles.com\/wp-content\/uploads\/2020\/11\/turismevalles1085.jpg","datePublished":"2020-11-18T11:35:47+00:00","dateModified":"2025-01-24T10:07:06+00:00","description":"Can F\u00e0bregas del Bosque es una casa antigua, ideal para disfrutar de la naturaleza. Podr\u00e1s hacer rutas de senderismo o ciclismo y visitar nuestros animales.","breadcrumb":{"@id":"https:\/\/turismevalles.com\/es\/dormir\/turismo-rural-can-fabregas-del-bosc\/#breadcrumb"},"inLanguage":"es","potentialAction":[{"@type":"ReadAction","target":["https:\/\/turismevalles.com\/es\/dormir\/turismo-rural-can-fabregas-del-bosc\/"]}]},{"@type":"ImageObject","inLanguage":"es","@id":"https:\/\/turismevalles.com\/es\/dormir\/turismo-rural-can-fabregas-del-bosc\/#primaryimage","url":"https:\/\/turismevalles.com\/wp-content\/uploads\/2020\/11\/turismevalles1085.jpg","contentUrl":"https:\/\/turismevalles.com\/wp-content\/uploads\/2020\/11\/turismevalles1085.jpg","width":720,"height":302,"caption":"Turisme Rural"},{"@type":"BreadcrumbList","@id":"https:\/\/turismevalles.com\/es\/dormir\/turismo-rural-can-fabregas-del-bosc\/#breadcrumb","itemListElement":[{"@type":"ListItem","position":1,"name":"Inicio","item":"https:\/\/turismevalles.com\/es\/"},{"@type":"ListItem","position":2,"name":"Places to sleep","item":"https:\/\/turismevalles.com\/en\/sleep\/"},{"@type":"ListItem","position":3,"name":"Turismo rural Can F\u00e0bregas del Bosc"}]},{"@type":"WebSite","@id":"https:\/\/turismevalles.com\/en\/#website","url":"https:\/\/turismevalles.com\/en\/","name":"Turisme Vall\u00e8s","description":"","publisher":{"@id":"https:\/\/turismevalles.com\/en\/#organization"},"potentialAction":[{"@type":"SearchAction","target":{"@type":"EntryPoint","urlTemplate":"https:\/\/turismevalles.com\/en\/?s={search_term_string}"},"query-input":{"@type":"PropertyValueSpecification","valueRequired":true,"valueName":"search_term_string"}}],"inLanguage":"es"},{"@type":"Organization","@id":"https:\/\/turismevalles.com\/en\/#organization","name":"Turisme Vall\u00e8s","url":"https:\/\/turismevalles.com\/en\/","logo":{"@type":"ImageObject","inLanguage":"es","@id":"https:\/\/turismevalles.com\/en\/#\/schema\/logo\/image\/","url":"https:\/\/turismevalles.com\/wp-content\/uploads\/2020\/08\/cropped-logo_ca-2.png","contentUrl":"https:\/\/turismevalles.com\/wp-content\/uploads\/2020\/08\/cropped-logo_ca-2.png","width":314,"height":85,"caption":"Turisme Vall\u00e8s"},"image":{"@id":"https:\/\/turismevalles.com\/en\/#\/schema\/logo\/image\/"}}]}},"uagb_featured_image_src":{"full":["https:\/\/turismevalles.com\/wp-content\/uploads\/2020\/11\/turismevalles1085.jpg",720,302,false],"thumbnail":["https:\/\/turismevalles.com\/wp-content\/uploads\/2020\/11\/turismevalles1085-150x150.jpg",150,150,true],"medium":["https:\/\/turismevalles.com\/wp-content\/uploads\/2020\/11\/turismevalles1085-300x126.jpg",300,126,true],"medium_large":["https:\/\/turismevalles.com\/wp-content\/uploads\/2020\/11\/turismevalles1085.jpg",720,302,false],"large":["https:\/\/turismevalles.com\/wp-content\/uploads\/2020\/11\/turismevalles1085.jpg",720,302,false],"thumblist":["https:\/\/turismevalles.com\/wp-content\/uploads\/2020\/11\/turismevalles1085.jpg",300,126,false],"meccarouselthumb":["https:\/\/turismevalles.com\/wp-content\/uploads\/2020\/11\/turismevalles1085.jpg",474,199,false],"gridsquare":["https:\/\/turismevalles.com\/wp-content\/uploads\/2020\/11\/turismevalles1085.jpg",391,164,false],"tileview":["https:\/\/turismevalles.com\/wp-content\/uploads\/2020\/11\/turismevalles1085.jpg",300,126,false],"1536x1536":["https:\/\/turismevalles.com\/wp-content\/uploads\/2020\/11\/turismevalles1085.jpg",720,302,false],"2048x2048":["https:\/\/turismevalles.com\/wp-content\/uploads\/2020\/11\/turismevalles1085.jpg",720,302,false]},"uagb_author_info":{"display_name":"Turisme Valles","author_link":"https:\/\/turismevalles.com\/es\/author\/"},"uagb_comment_info":0,"uagb_excerpt":"Como es la casa La mas\u00eda de Can F\u00e0bregas del Bosc tiene tres plantas. La planta baja dispone de una entrada que distribuye la zona ... Veure m\u00e9s","_links":{"self":[{"href":"https:\/\/turismevalles.com\/es\/wp-json\/wp\/v2\/ubicacio_dormir\/5548","targetHints":{"allow":["GET"]}}],"collection":[{"href":"https:\/\/turismevalles.com\/es\/wp-json\/wp\/v2\/ubicacio_dormir"}],"about":[{"href":"https:\/\/turismevalles.com\/es\/wp-json\/wp\/v2\/types\/ubicacio_dormir"}],"wp:featuredmedia":[{"embeddable":true,"href":"https:\/\/turismevalles.com\/es\/wp-json\/wp\/v2\/media\/6891"}],"wp:attachment":[{"href":"https:\/\/turismevalles.com\/es\/wp-json\/wp\/v2\/media?parent=5548"}],"wp:term":[{"taxonomy":"poblacions","embeddable":true,"href":"https:\/\/turismevalles.com\/es\/wp-json\/wp\/v2\/poblacions?post=5548"},{"taxonomy":"establiment","embeddable":true,"href":"https:\/\/turismevalles.com\/es\/wp-json\/wp\/v2\/establiment?post=5548"},{"taxonomy":"tipus_turisme","embeddable":true,"href":"https:\/\/turismevalles.com\/es\/wp-json\/wp\/v2\/tipus_turisme?post=5548"},{"taxonomy":"tipologia_estada","embeddable":true,"href":"https:\/\/turismevalles.com\/es\/wp-json\/wp\/v2\/tipologia_estada?post=5548"}],"curies":[{"name":"wp","href":"https:\/\/api.w.org\/{rel}","templated":true}]}}