{"id":60418,"date":"2025-01-24T10:03:11","date_gmt":"2025-01-24T09:03:11","guid":{"rendered":"https:\/\/turismevalles.com\/dormir\/casa-de-colonias-la-trauna\/"},"modified":"2025-01-24T10:49:42","modified_gmt":"2025-01-24T09:49:42","slug":"casa-de-colonias-la-trauna","status":"publish","type":"ubicacio_dormir","link":"https:\/\/turismevalles.com\/es\/dormir\/casa-de-colonias-la-trauna\/","title":{"rendered":"Casa de Colonias La Tra\u00fcna"},"content":{"rendered":"\n<p>La Tra\u00fcna es una <strong>mas\u00eda de monta\u00f1a en medio del bosque<\/strong> de encinas, robles, hayas y casta\u00f1os centenarios de la vertiente sur del Cerro del hombre.<\/p>\n\n<p>Es un lugar de naturaleza exuberante en el que <strong>se respira calma y silencio<\/strong>. Naturaleza en estado puro. <\/p>\n\n<p>La Tra\u00fcna cuenta con diversas medidas de sostenibilidad y ha obtenido la Certificaci\u00f3n <a href=\"https:\/\/www.biospheretourism.com\/es\">BIOSPHERE.<\/a> Te invitamos a leer nuestra <a href=\"https:\/\/cases.fundesplai.org\/politica-de-turisme-responsable\/\">pol\u00edtica de turismo responsable<\/a>. <\/p>\n\n<p><strong>\u00a1Un paisaje magn\u00edfico para descubrir el Montseny en familia, hacer excursiones, talleres de naturaleza, colonias escolares y mucho m\u00e1s!<\/strong><\/p>\n\n<p>Dispone de:<\/p>\n\n<ul class=\"wp-block-list\">\n<li>42 plazas en 4 habitaciones<\/li>\n\n\n\n<li>1 habitacion de 6 personas<\/li>\n\n\n\n<li>3 habitaciones de 12 personas<\/li>\n<\/ul>\n\n<h3 class=\"wp-block-heading\">Info COVID-19<\/h3>\n\n<p> Todas las actividades se organizan <strong>extremando las medidas de higiene y prevenci\u00f3n del COVID-19<\/strong> y siguiendo las<strong> indicaciones de las autoridades sanitarias<\/strong>. <a href=\"https:\/\/escoles.fundesplai.org\/mesures-de-prevencio-del-covid-19\/\" target=\"_blank\" rel=\"noreferrer noopener\">Consulta aqu\u00ed las medidas COVID-19<\/a>.<\/p>\n\n<h2 class=\"wp-block-heading\">COMO LLEGAR EN COCHE<\/h2>\n\n<p>Carretera BV-5301 de Santa Mar\u00eda de Palautordera en Seva, Pasado el km 15, comienza la pista forestal. La casa est\u00e1 a 5 km. <\/p>\n","protected":false},"featured_media":17709,"template":"","poblacions":[404],"establiment":[224],"tipus_turisme":[255,252,1014,943,245],"tipologia_estada":[264,292,295],"class_list":["post-60418","ubicacio_dormir","type-ubicacio_dormir","status-publish","has-post-thumbnail","hentry","poblacions-montseny-es","establiment-casa-de-colonias","tipus_turisme-turismo-activo","tipus_turisme-turismo-de-naturaleza","tipus_turisme-turismo-familiar","tipus_turisme-turismo-sostenible","tipus_turisme-turismo-termal-y-bienestar","tipologia_estada-en-familia-es","tipologia_estada-escuelas","tipologia_estada-negocios","generate-columns","tablet-grid-50","mobile-grid-100","grid-parent","grid-33"],"acf":{"photo_gallery":{"imatges":[[{"id":17717,"title":"la-trauna-saleta-amb-llar-de-foc-1200x675","caption":"","full_image_url":"https:\/\/turismevalles.com\/wp-content\/uploads\/2022\/01\/la-trauna-saleta-amb-llar-de-foc-1200x675-1.jpg","thumbnail_image_url":"https:\/\/turismevalles.com\/wp-content\/uploads\/2022\/01\/la-trauna-saleta-amb-llar-de-foc-1200x675-1-150x150.jpg","large_srcset":"https:\/\/turismevalles.com\/wp-content\/uploads\/2022\/01\/la-trauna-saleta-amb-llar-de-foc-1200x675-1-1024x576.jpg 1024w, https:\/\/turismevalles.com\/wp-content\/uploads\/2022\/01\/la-trauna-saleta-amb-llar-de-foc-1200x675-1-300x169.jpg 300w, https:\/\/turismevalles.com\/wp-content\/uploads\/2022\/01\/la-trauna-saleta-amb-llar-de-foc-1200x675-1-768x432.jpg 768w, https:\/\/turismevalles.com\/wp-content\/uploads\/2022\/01\/la-trauna-saleta-amb-llar-de-foc-1200x675-1.jpg 1200w","medium_srcset":"https:\/\/turismevalles.com\/wp-content\/uploads\/2022\/01\/la-trauna-saleta-amb-llar-de-foc-1200x675-1-300x169.jpg 300w, https:\/\/turismevalles.com\/wp-content\/uploads\/2022\/01\/la-trauna-saleta-amb-llar-de-foc-1200x675-1-1024x576.jpg 1024w, https:\/\/turismevalles.com\/wp-content\/uploads\/2022\/01\/la-trauna-saleta-amb-llar-de-foc-1200x675-1-768x432.jpg 768w, https:\/\/turismevalles.com\/wp-content\/uploads\/2022\/01\/la-trauna-saleta-amb-llar-de-foc-1200x675-1.jpg 1200w","media_details":{"width":1200,"height":675,"sizes":{"medium":{"file":"la-trauna-saleta-amb-llar-de-foc-1200x675-1-300x169.jpg","width":300,"height":169,"mime-type":"image\/jpeg","source_url":"https:\/\/turismevalles.com\/wp-content\/uploads\/2022\/01\/la-trauna-saleta-amb-llar-de-foc-1200x675-1-300x169.jpg"},"large":{"file":"la-trauna-saleta-amb-llar-de-foc-1200x675-1-1024x576.jpg","width":1024,"height":576,"mime-type":"image\/jpeg","source_url":"https:\/\/turismevalles.com\/wp-content\/uploads\/2022\/01\/la-trauna-saleta-amb-llar-de-foc-1200x675-1-1024x576.jpg"},"thumbnail":{"file":"la-trauna-saleta-amb-llar-de-foc-1200x675-1-150x150.jpg","width":150,"height":150,"mime-type":"image\/jpeg","source_url":"https:\/\/turismevalles.com\/wp-content\/uploads\/2022\/01\/la-trauna-saleta-amb-llar-de-foc-1200x675-1-150x150.jpg"},"medium_large":{"file":"la-trauna-saleta-amb-llar-de-foc-1200x675-1-768x432.jpg","width":768,"height":432,"mime-type":"image\/jpeg","source_url":"https:\/\/turismevalles.com\/wp-content\/uploads\/2022\/01\/la-trauna-saleta-amb-llar-de-foc-1200x675-1-768x432.jpg"},"thumblist":{"file":"la-trauna-saleta-amb-llar-de-foc-1200x675-1-300x300.jpg","width":300,"height":300,"mime-type":"image\/jpeg","source_url":"https:\/\/turismevalles.com\/wp-content\/uploads\/2022\/01\/la-trauna-saleta-amb-llar-de-foc-1200x675-1-300x300.jpg"},"meccarouselthumb":{"file":"la-trauna-saleta-amb-llar-de-foc-1200x675-1-474x324.jpg","width":474,"height":324,"mime-type":"image\/jpeg","source_url":"https:\/\/turismevalles.com\/wp-content\/uploads\/2022\/01\/la-trauna-saleta-amb-llar-de-foc-1200x675-1-474x324.jpg"},"gridsquare":{"file":"la-trauna-saleta-amb-llar-de-foc-1200x675-1-391x260.jpg","width":391,"height":260,"mime-type":"image\/jpeg","source_url":"https:\/\/turismevalles.com\/wp-content\/uploads\/2022\/01\/la-trauna-saleta-amb-llar-de-foc-1200x675-1-391x260.jpg"},"tileview":{"file":"la-trauna-saleta-amb-llar-de-foc-1200x675-1-300x400.jpg","width":300,"height":400,"mime-type":"image\/jpeg","source_url":"https:\/\/turismevalles.com\/wp-content\/uploads\/2022\/01\/la-trauna-saleta-amb-llar-de-foc-1200x675-1-300x400.jpg"}}},"alt_text":"","url":"","target":""},{"id":17713,"title":"la-trauna-piscina-1-1200x675","caption":"","full_image_url":"https:\/\/turismevalles.com\/wp-content\/uploads\/2022\/01\/la-trauna-piscina-1-1200x675-1.jpg","thumbnail_image_url":"https:\/\/turismevalles.com\/wp-content\/uploads\/2022\/01\/la-trauna-piscina-1-1200x675-1-150x150.jpg","large_srcset":"https:\/\/turismevalles.com\/wp-content\/uploads\/2022\/01\/la-trauna-piscina-1-1200x675-1-1024x576.jpg 1024w, https:\/\/turismevalles.com\/wp-content\/uploads\/2022\/01\/la-trauna-piscina-1-1200x675-1-300x169.jpg 300w, https:\/\/turismevalles.com\/wp-content\/uploads\/2022\/01\/la-trauna-piscina-1-1200x675-1-768x432.jpg 768w, https:\/\/turismevalles.com\/wp-content\/uploads\/2022\/01\/la-trauna-piscina-1-1200x675-1.jpg 1200w","medium_srcset":"https:\/\/turismevalles.com\/wp-content\/uploads\/2022\/01\/la-trauna-piscina-1-1200x675-1-300x169.jpg 300w, https:\/\/turismevalles.com\/wp-content\/uploads\/2022\/01\/la-trauna-piscina-1-1200x675-1-1024x576.jpg 1024w, https:\/\/turismevalles.com\/wp-content\/uploads\/2022\/01\/la-trauna-piscina-1-1200x675-1-768x432.jpg 768w, https:\/\/turismevalles.com\/wp-content\/uploads\/2022\/01\/la-trauna-piscina-1-1200x675-1.jpg 1200w","media_details":{"width":1200,"height":675,"sizes":{"medium":{"file":"la-trauna-piscina-1-1200x675-1-300x169.jpg","width":300,"height":169,"mime-type":"image\/jpeg","source_url":"https:\/\/turismevalles.com\/wp-content\/uploads\/2022\/01\/la-trauna-piscina-1-1200x675-1-300x169.jpg"},"large":{"file":"la-trauna-piscina-1-1200x675-1-1024x576.jpg","width":1024,"height":576,"mime-type":"image\/jpeg","source_url":"https:\/\/turismevalles.com\/wp-content\/uploads\/2022\/01\/la-trauna-piscina-1-1200x675-1-1024x576.jpg"},"thumbnail":{"file":"la-trauna-piscina-1-1200x675-1-150x150.jpg","width":150,"height":150,"mime-type":"image\/jpeg","source_url":"https:\/\/turismevalles.com\/wp-content\/uploads\/2022\/01\/la-trauna-piscina-1-1200x675-1-150x150.jpg"},"medium_large":{"file":"la-trauna-piscina-1-1200x675-1-768x432.jpg","width":768,"height":432,"mime-type":"image\/jpeg","source_url":"https:\/\/turismevalles.com\/wp-content\/uploads\/2022\/01\/la-trauna-piscina-1-1200x675-1-768x432.jpg"},"thumblist":{"file":"la-trauna-piscina-1-1200x675-1-300x300.jpg","width":300,"height":300,"mime-type":"image\/jpeg","source_url":"https:\/\/turismevalles.com\/wp-content\/uploads\/2022\/01\/la-trauna-piscina-1-1200x675-1-300x300.jpg"},"meccarouselthumb":{"file":"la-trauna-piscina-1-1200x675-1-474x324.jpg","width":474,"height":324,"mime-type":"image\/jpeg","source_url":"https:\/\/turismevalles.com\/wp-content\/uploads\/2022\/01\/la-trauna-piscina-1-1200x675-1-474x324.jpg"},"gridsquare":{"file":"la-trauna-piscina-1-1200x675-1-391x260.jpg","width":391,"height":260,"mime-type":"image\/jpeg","source_url":"https:\/\/turismevalles.com\/wp-content\/uploads\/2022\/01\/la-trauna-piscina-1-1200x675-1-391x260.jpg"},"tileview":{"file":"la-trauna-piscina-1-1200x675-1-300x400.jpg","width":300,"height":400,"mime-type":"image\/jpeg","source_url":"https:\/\/turismevalles.com\/wp-content\/uploads\/2022\/01\/la-trauna-piscina-1-1200x675-1-300x400.jpg"}}},"alt_text":"","url":"","target":""},{"id":17709,"title":"la-trauna-facana-principal_NEU-1024x681","caption":"","full_image_url":"https:\/\/turismevalles.com\/wp-content\/uploads\/2022\/01\/la-trauna-facana-principal_NEU-1024x681-1.jpg","thumbnail_image_url":"https:\/\/turismevalles.com\/wp-content\/uploads\/2022\/01\/la-trauna-facana-principal_NEU-1024x681-1-150x150.jpg","large_srcset":"https:\/\/turismevalles.com\/wp-content\/uploads\/2022\/01\/la-trauna-facana-principal_NEU-1024x681-1.jpg 1024w, https:\/\/turismevalles.com\/wp-content\/uploads\/2022\/01\/la-trauna-facana-principal_NEU-1024x681-1-300x200.jpg 300w, https:\/\/turismevalles.com\/wp-content\/uploads\/2022\/01\/la-trauna-facana-principal_NEU-1024x681-1-768x511.jpg 768w, https:\/\/turismevalles.com\/wp-content\/uploads\/2022\/01\/la-trauna-facana-principal_NEU-1024x681-1-391x260.jpg 391w","medium_srcset":"https:\/\/turismevalles.com\/wp-content\/uploads\/2022\/01\/la-trauna-facana-principal_NEU-1024x681-1-300x200.jpg 300w, https:\/\/turismevalles.com\/wp-content\/uploads\/2022\/01\/la-trauna-facana-principal_NEU-1024x681-1-768x511.jpg 768w, https:\/\/turismevalles.com\/wp-content\/uploads\/2022\/01\/la-trauna-facana-principal_NEU-1024x681-1-391x260.jpg 391w, https:\/\/turismevalles.com\/wp-content\/uploads\/2022\/01\/la-trauna-facana-principal_NEU-1024x681-1.jpg 1024w","media_details":{"width":1024,"height":681,"sizes":{"medium":{"file":"la-trauna-facana-principal_NEU-1024x681-1-300x200.jpg","width":300,"height":200,"mime-type":"image\/jpeg","source_url":"https:\/\/turismevalles.com\/wp-content\/uploads\/2022\/01\/la-trauna-facana-principal_NEU-1024x681-1-300x200.jpg"},"thumbnail":{"file":"la-trauna-facana-principal_NEU-1024x681-1-150x150.jpg","width":150,"height":150,"mime-type":"image\/jpeg","source_url":"https:\/\/turismevalles.com\/wp-content\/uploads\/2022\/01\/la-trauna-facana-principal_NEU-1024x681-1-150x150.jpg"},"medium_large":{"file":"la-trauna-facana-principal_NEU-1024x681-1-768x511.jpg","width":768,"height":511,"mime-type":"image\/jpeg","source_url":"https:\/\/turismevalles.com\/wp-content\/uploads\/2022\/01\/la-trauna-facana-principal_NEU-1024x681-1-768x511.jpg"},"thumblist":{"file":"la-trauna-facana-principal_NEU-1024x681-1-300x300.jpg","width":300,"height":300,"mime-type":"image\/jpeg","source_url":"https:\/\/turismevalles.com\/wp-content\/uploads\/2022\/01\/la-trauna-facana-principal_NEU-1024x681-1-300x300.jpg"},"meccarouselthumb":{"file":"la-trauna-facana-principal_NEU-1024x681-1-474x324.jpg","width":474,"height":324,"mime-type":"image\/jpeg","source_url":"https:\/\/turismevalles.com\/wp-content\/uploads\/2022\/01\/la-trauna-facana-principal_NEU-1024x681-1-474x324.jpg"},"gridsquare":{"file":"la-trauna-facana-principal_NEU-1024x681-1-391x260.jpg","width":391,"height":260,"mime-type":"image\/jpeg","source_url":"https:\/\/turismevalles.com\/wp-content\/uploads\/2022\/01\/la-trauna-facana-principal_NEU-1024x681-1-391x260.jpg"},"tileview":{"file":"la-trauna-facana-principal_NEU-1024x681-1-300x400.jpg","width":300,"height":400,"mime-type":"image\/jpeg","source_url":"https:\/\/turismevalles.com\/wp-content\/uploads\/2022\/01\/la-trauna-facana-principal_NEU-1024x681-1-300x400.jpg"}}},"alt_text":"","url":"","target":""},{"id":17705,"title":"la-trauna-balco-1200x675","caption":"","full_image_url":"https:\/\/turismevalles.com\/wp-content\/uploads\/2022\/01\/la-trauna-balco-1200x675-1.jpg","thumbnail_image_url":"https:\/\/turismevalles.com\/wp-content\/uploads\/2022\/01\/la-trauna-balco-1200x675-1-150x150.jpg","large_srcset":"https:\/\/turismevalles.com\/wp-content\/uploads\/2022\/01\/la-trauna-balco-1200x675-1-1024x576.jpg 1024w, https:\/\/turismevalles.com\/wp-content\/uploads\/2022\/01\/la-trauna-balco-1200x675-1-300x169.jpg 300w, https:\/\/turismevalles.com\/wp-content\/uploads\/2022\/01\/la-trauna-balco-1200x675-1-768x432.jpg 768w, https:\/\/turismevalles.com\/wp-content\/uploads\/2022\/01\/la-trauna-balco-1200x675-1.jpg 1200w","medium_srcset":"https:\/\/turismevalles.com\/wp-content\/uploads\/2022\/01\/la-trauna-balco-1200x675-1-300x169.jpg 300w, https:\/\/turismevalles.com\/wp-content\/uploads\/2022\/01\/la-trauna-balco-1200x675-1-1024x576.jpg 1024w, https:\/\/turismevalles.com\/wp-content\/uploads\/2022\/01\/la-trauna-balco-1200x675-1-768x432.jpg 768w, https:\/\/turismevalles.com\/wp-content\/uploads\/2022\/01\/la-trauna-balco-1200x675-1.jpg 1200w","media_details":{"width":1200,"height":675,"sizes":{"medium":{"file":"la-trauna-balco-1200x675-1-300x169.jpg","width":300,"height":169,"mime-type":"image\/jpeg","source_url":"https:\/\/turismevalles.com\/wp-content\/uploads\/2022\/01\/la-trauna-balco-1200x675-1-300x169.jpg"},"large":{"file":"la-trauna-balco-1200x675-1-1024x576.jpg","width":1024,"height":576,"mime-type":"image\/jpeg","source_url":"https:\/\/turismevalles.com\/wp-content\/uploads\/2022\/01\/la-trauna-balco-1200x675-1-1024x576.jpg"},"thumbnail":{"file":"la-trauna-balco-1200x675-1-150x150.jpg","width":150,"height":150,"mime-type":"image\/jpeg","source_url":"https:\/\/turismevalles.com\/wp-content\/uploads\/2022\/01\/la-trauna-balco-1200x675-1-150x150.jpg"},"medium_large":{"file":"la-trauna-balco-1200x675-1-768x432.jpg","width":768,"height":432,"mime-type":"image\/jpeg","source_url":"https:\/\/turismevalles.com\/wp-content\/uploads\/2022\/01\/la-trauna-balco-1200x675-1-768x432.jpg"},"thumblist":{"file":"la-trauna-balco-1200x675-1-300x300.jpg","width":300,"height":300,"mime-type":"image\/jpeg","source_url":"https:\/\/turismevalles.com\/wp-content\/uploads\/2022\/01\/la-trauna-balco-1200x675-1-300x300.jpg"},"meccarouselthumb":{"file":"la-trauna-balco-1200x675-1-474x324.jpg","width":474,"height":324,"mime-type":"image\/jpeg","source_url":"https:\/\/turismevalles.com\/wp-content\/uploads\/2022\/01\/la-trauna-balco-1200x675-1-474x324.jpg"},"gridsquare":{"file":"la-trauna-balco-1200x675-1-391x260.jpg","width":391,"height":260,"mime-type":"image\/jpeg","source_url":"https:\/\/turismevalles.com\/wp-content\/uploads\/2022\/01\/la-trauna-balco-1200x675-1-391x260.jpg"},"tileview":{"file":"la-trauna-balco-1200x675-1-300x400.jpg","width":300,"height":400,"mime-type":"image\/jpeg","source_url":"https:\/\/turismevalles.com\/wp-content\/uploads\/2022\/01\/la-trauna-balco-1200x675-1-300x400.jpg"}}},"alt_text":"","url":"","target":""},{"id":17701,"title":"La-trauna_exterior_2-1200x675","caption":"","full_image_url":"https:\/\/turismevalles.com\/wp-content\/uploads\/2022\/01\/La-trauna_exterior_2-1200x675-1.jpg","thumbnail_image_url":"https:\/\/turismevalles.com\/wp-content\/uploads\/2022\/01\/La-trauna_exterior_2-1200x675-1-150x150.jpg","large_srcset":"https:\/\/turismevalles.com\/wp-content\/uploads\/2022\/01\/La-trauna_exterior_2-1200x675-1-1024x576.jpg 1024w, https:\/\/turismevalles.com\/wp-content\/uploads\/2022\/01\/La-trauna_exterior_2-1200x675-1-300x169.jpg 300w, https:\/\/turismevalles.com\/wp-content\/uploads\/2022\/01\/La-trauna_exterior_2-1200x675-1-768x432.jpg 768w, https:\/\/turismevalles.com\/wp-content\/uploads\/2022\/01\/La-trauna_exterior_2-1200x675-1.jpg 1200w","medium_srcset":"https:\/\/turismevalles.com\/wp-content\/uploads\/2022\/01\/La-trauna_exterior_2-1200x675-1-300x169.jpg 300w, https:\/\/turismevalles.com\/wp-content\/uploads\/2022\/01\/La-trauna_exterior_2-1200x675-1-1024x576.jpg 1024w, https:\/\/turismevalles.com\/wp-content\/uploads\/2022\/01\/La-trauna_exterior_2-1200x675-1-768x432.jpg 768w, https:\/\/turismevalles.com\/wp-content\/uploads\/2022\/01\/La-trauna_exterior_2-1200x675-1.jpg 1200w","media_details":{"width":1200,"height":675,"sizes":{"medium":{"file":"La-trauna_exterior_2-1200x675-1-300x169.jpg","width":300,"height":169,"mime-type":"image\/jpeg","source_url":"https:\/\/turismevalles.com\/wp-content\/uploads\/2022\/01\/La-trauna_exterior_2-1200x675-1-300x169.jpg"},"large":{"file":"La-trauna_exterior_2-1200x675-1-1024x576.jpg","width":1024,"height":576,"mime-type":"image\/jpeg","source_url":"https:\/\/turismevalles.com\/wp-content\/uploads\/2022\/01\/La-trauna_exterior_2-1200x675-1-1024x576.jpg"},"thumbnail":{"file":"La-trauna_exterior_2-1200x675-1-150x150.jpg","width":150,"height":150,"mime-type":"image\/jpeg","source_url":"https:\/\/turismevalles.com\/wp-content\/uploads\/2022\/01\/La-trauna_exterior_2-1200x675-1-150x150.jpg"},"medium_large":{"file":"La-trauna_exterior_2-1200x675-1-768x432.jpg","width":768,"height":432,"mime-type":"image\/jpeg","source_url":"https:\/\/turismevalles.com\/wp-content\/uploads\/2022\/01\/La-trauna_exterior_2-1200x675-1-768x432.jpg"},"thumblist":{"file":"La-trauna_exterior_2-1200x675-1-300x300.jpg","width":300,"height":300,"mime-type":"image\/jpeg","source_url":"https:\/\/turismevalles.com\/wp-content\/uploads\/2022\/01\/La-trauna_exterior_2-1200x675-1-300x300.jpg"},"meccarouselthumb":{"file":"La-trauna_exterior_2-1200x675-1-474x324.jpg","width":474,"height":324,"mime-type":"image\/jpeg","source_url":"https:\/\/turismevalles.com\/wp-content\/uploads\/2022\/01\/La-trauna_exterior_2-1200x675-1-474x324.jpg"},"gridsquare":{"file":"La-trauna_exterior_2-1200x675-1-391x260.jpg","width":391,"height":260,"mime-type":"image\/jpeg","source_url":"https:\/\/turismevalles.com\/wp-content\/uploads\/2022\/01\/La-trauna_exterior_2-1200x675-1-391x260.jpg"},"tileview":{"file":"La-trauna_exterior_2-1200x675-1-300x400.jpg","width":300,"height":400,"mime-type":"image\/jpeg","source_url":"https:\/\/turismevalles.com\/wp-content\/uploads\/2022\/01\/La-trauna_exterior_2-1200x675-1-300x400.jpg"}}},"alt_text":"","url":"","target":""}]]}},"yoast_head":"<!-- This site is optimized with the Yoast SEO plugin v26.4 - https:\/\/yoast.com\/wordpress\/plugins\/seo\/ -->\n<title>Casa de Colonias La Tra\u00fcna - Turisme Vall\u00e8s<\/title>\n<meta name=\"description\" content=\"La Tra\u00fcna es una mas\u00eda de monta\u00f1a en medio del bosque de encinas, robles, hayas y casta\u00f1os centenarios de la vertiente sur del Cerro del hombre.\" \/>\n<meta name=\"robots\" content=\"index, follow, max-snippet:-1, max-image-preview:large, max-video-preview:-1\" \/>\n<link rel=\"canonical\" href=\"https:\/\/turismevalles.com\/es\/dormir\/casa-de-colonias-la-trauna\/\" \/>\n<meta property=\"og:locale\" content=\"es_ES\" \/>\n<meta property=\"og:type\" content=\"article\" \/>\n<meta property=\"og:title\" content=\"Casa de Colonias La Tra\u00fcna - Turisme Vall\u00e8s\" \/>\n<meta property=\"og:description\" content=\"La Tra\u00fcna es una mas\u00eda de monta\u00f1a en medio del bosque de encinas, robles, hayas y casta\u00f1os centenarios de la vertiente sur del Cerro del hombre.\" \/>\n<meta property=\"og:url\" content=\"https:\/\/turismevalles.com\/es\/dormir\/casa-de-colonias-la-trauna\/\" \/>\n<meta property=\"og:site_name\" content=\"Turisme Vall\u00e8s\" \/>\n<meta property=\"article:modified_time\" content=\"2025-01-24T09:49:42+00:00\" \/>\n<meta property=\"og:image\" content=\"https:\/\/turismevalles.com\/wp-content\/uploads\/2022\/01\/la-trauna-facana-principal_NEU-1024x681-1.jpg\" \/>\n\t<meta property=\"og:image:width\" content=\"1024\" \/>\n\t<meta property=\"og:image:height\" content=\"681\" \/>\n\t<meta property=\"og:image:type\" content=\"image\/jpeg\" \/>\n<meta name=\"twitter:card\" content=\"summary_large_image\" \/>\n<meta name=\"twitter:label1\" content=\"Tiempo de lectura\" \/>\n\t<meta name=\"twitter:data1\" content=\"2 minutos\" \/>\n<script type=\"application\/ld+json\" class=\"yoast-schema-graph\">{\"@context\":\"https:\/\/schema.org\",\"@graph\":[{\"@type\":\"WebPage\",\"@id\":\"https:\/\/turismevalles.com\/es\/dormir\/casa-de-colonias-la-trauna\/\",\"url\":\"https:\/\/turismevalles.com\/es\/dormir\/casa-de-colonias-la-trauna\/\",\"name\":\"Casa de Colonias La Tra\u00fcna - Turisme Vall\u00e8s\",\"isPartOf\":{\"@id\":\"https:\/\/turismevalles.com\/en\/#website\"},\"primaryImageOfPage\":{\"@id\":\"https:\/\/turismevalles.com\/es\/dormir\/casa-de-colonias-la-trauna\/#primaryimage\"},\"image\":{\"@id\":\"https:\/\/turismevalles.com\/es\/dormir\/casa-de-colonias-la-trauna\/#primaryimage\"},\"thumbnailUrl\":\"https:\/\/turismevalles.com\/wp-content\/uploads\/2022\/01\/la-trauna-facana-principal_NEU-1024x681-1.jpg\",\"datePublished\":\"2025-01-24T09:03:11+00:00\",\"dateModified\":\"2025-01-24T09:49:42+00:00\",\"description\":\"La Tra\u00fcna es una mas\u00eda de monta\u00f1a en medio del bosque de encinas, robles, hayas y casta\u00f1os centenarios de la vertiente sur del Cerro del hombre.\",\"breadcrumb\":{\"@id\":\"https:\/\/turismevalles.com\/es\/dormir\/casa-de-colonias-la-trauna\/#breadcrumb\"},\"inLanguage\":\"es\",\"potentialAction\":[{\"@type\":\"ReadAction\",\"target\":[\"https:\/\/turismevalles.com\/es\/dormir\/casa-de-colonias-la-trauna\/\"]}]},{\"@type\":\"ImageObject\",\"inLanguage\":\"es\",\"@id\":\"https:\/\/turismevalles.com\/es\/dormir\/casa-de-colonias-la-trauna\/#primaryimage\",\"url\":\"https:\/\/turismevalles.com\/wp-content\/uploads\/2022\/01\/la-trauna-facana-principal_NEU-1024x681-1.jpg\",\"contentUrl\":\"https:\/\/turismevalles.com\/wp-content\/uploads\/2022\/01\/la-trauna-facana-principal_NEU-1024x681-1.jpg\",\"width\":1024,\"height\":681},{\"@type\":\"BreadcrumbList\",\"@id\":\"https:\/\/turismevalles.com\/es\/dormir\/casa-de-colonias-la-trauna\/#breadcrumb\",\"itemListElement\":[{\"@type\":\"ListItem\",\"position\":1,\"name\":\"Inicio\",\"item\":\"https:\/\/turismevalles.com\/es\/\"},{\"@type\":\"ListItem\",\"position\":2,\"name\":\"Places to sleep\",\"item\":\"https:\/\/turismevalles.com\/en\/sleep\/\"},{\"@type\":\"ListItem\",\"position\":3,\"name\":\"Casa de Colonias La Tra\u00fcna\"}]},{\"@type\":\"WebSite\",\"@id\":\"https:\/\/turismevalles.com\/en\/#website\",\"url\":\"https:\/\/turismevalles.com\/en\/\",\"name\":\"Turisme Vall\u00e8s\",\"description\":\"\",\"publisher\":{\"@id\":\"https:\/\/turismevalles.com\/en\/#organization\"},\"potentialAction\":[{\"@type\":\"SearchAction\",\"target\":{\"@type\":\"EntryPoint\",\"urlTemplate\":\"https:\/\/turismevalles.com\/en\/?s={search_term_string}\"},\"query-input\":{\"@type\":\"PropertyValueSpecification\",\"valueRequired\":true,\"valueName\":\"search_term_string\"}}],\"inLanguage\":\"es\"},{\"@type\":\"Organization\",\"@id\":\"https:\/\/turismevalles.com\/en\/#organization\",\"name\":\"Turisme Vall\u00e8s\",\"url\":\"https:\/\/turismevalles.com\/en\/\",\"logo\":{\"@type\":\"ImageObject\",\"inLanguage\":\"es\",\"@id\":\"https:\/\/turismevalles.com\/en\/#\/schema\/logo\/image\/\",\"url\":\"https:\/\/turismevalles.com\/wp-content\/uploads\/2020\/08\/cropped-logo_ca-2.png\",\"contentUrl\":\"https:\/\/turismevalles.com\/wp-content\/uploads\/2020\/08\/cropped-logo_ca-2.png\",\"width\":314,\"height\":85,\"caption\":\"Turisme Vall\u00e8s\"},\"image\":{\"@id\":\"https:\/\/turismevalles.com\/en\/#\/schema\/logo\/image\/\"}}]}<\/script>\n<!-- \/ Yoast SEO plugin. -->","yoast_head_json":{"title":"Casa de Colonias La Tra\u00fcna - Turisme Vall\u00e8s","description":"La Tra\u00fcna es una mas\u00eda de monta\u00f1a en medio del bosque de encinas, robles, hayas y casta\u00f1os centenarios de la vertiente sur del Cerro del hombre.","robots":{"index":"index","follow":"follow","max-snippet":"max-snippet:-1","max-image-preview":"max-image-preview:large","max-video-preview":"max-video-preview:-1"},"canonical":"https:\/\/turismevalles.com\/es\/dormir\/casa-de-colonias-la-trauna\/","og_locale":"es_ES","og_type":"article","og_title":"Casa de Colonias La Tra\u00fcna - Turisme Vall\u00e8s","og_description":"La Tra\u00fcna es una mas\u00eda de monta\u00f1a en medio del bosque de encinas, robles, hayas y casta\u00f1os centenarios de la vertiente sur del Cerro del hombre.","og_url":"https:\/\/turismevalles.com\/es\/dormir\/casa-de-colonias-la-trauna\/","og_site_name":"Turisme Vall\u00e8s","article_modified_time":"2025-01-24T09:49:42+00:00","og_image":[{"width":1024,"height":681,"url":"https:\/\/turismevalles.com\/wp-content\/uploads\/2022\/01\/la-trauna-facana-principal_NEU-1024x681-1.jpg","type":"image\/jpeg"}],"twitter_card":"summary_large_image","twitter_misc":{"Tiempo de lectura":"2 minutos"},"schema":{"@context":"https:\/\/schema.org","@graph":[{"@type":"WebPage","@id":"https:\/\/turismevalles.com\/es\/dormir\/casa-de-colonias-la-trauna\/","url":"https:\/\/turismevalles.com\/es\/dormir\/casa-de-colonias-la-trauna\/","name":"Casa de Colonias La Tra\u00fcna - Turisme Vall\u00e8s","isPartOf":{"@id":"https:\/\/turismevalles.com\/en\/#website"},"primaryImageOfPage":{"@id":"https:\/\/turismevalles.com\/es\/dormir\/casa-de-colonias-la-trauna\/#primaryimage"},"image":{"@id":"https:\/\/turismevalles.com\/es\/dormir\/casa-de-colonias-la-trauna\/#primaryimage"},"thumbnailUrl":"https:\/\/turismevalles.com\/wp-content\/uploads\/2022\/01\/la-trauna-facana-principal_NEU-1024x681-1.jpg","datePublished":"2025-01-24T09:03:11+00:00","dateModified":"2025-01-24T09:49:42+00:00","description":"La Tra\u00fcna es una mas\u00eda de monta\u00f1a en medio del bosque de encinas, robles, hayas y casta\u00f1os centenarios de la vertiente sur del Cerro del hombre.","breadcrumb":{"@id":"https:\/\/turismevalles.com\/es\/dormir\/casa-de-colonias-la-trauna\/#breadcrumb"},"inLanguage":"es","potentialAction":[{"@type":"ReadAction","target":["https:\/\/turismevalles.com\/es\/dormir\/casa-de-colonias-la-trauna\/"]}]},{"@type":"ImageObject","inLanguage":"es","@id":"https:\/\/turismevalles.com\/es\/dormir\/casa-de-colonias-la-trauna\/#primaryimage","url":"https:\/\/turismevalles.com\/wp-content\/uploads\/2022\/01\/la-trauna-facana-principal_NEU-1024x681-1.jpg","contentUrl":"https:\/\/turismevalles.com\/wp-content\/uploads\/2022\/01\/la-trauna-facana-principal_NEU-1024x681-1.jpg","width":1024,"height":681},{"@type":"BreadcrumbList","@id":"https:\/\/turismevalles.com\/es\/dormir\/casa-de-colonias-la-trauna\/#breadcrumb","itemListElement":[{"@type":"ListItem","position":1,"name":"Inicio","item":"https:\/\/turismevalles.com\/es\/"},{"@type":"ListItem","position":2,"name":"Places to sleep","item":"https:\/\/turismevalles.com\/en\/sleep\/"},{"@type":"ListItem","position":3,"name":"Casa de Colonias La Tra\u00fcna"}]},{"@type":"WebSite","@id":"https:\/\/turismevalles.com\/en\/#website","url":"https:\/\/turismevalles.com\/en\/","name":"Turisme Vall\u00e8s","description":"","publisher":{"@id":"https:\/\/turismevalles.com\/en\/#organization"},"potentialAction":[{"@type":"SearchAction","target":{"@type":"EntryPoint","urlTemplate":"https:\/\/turismevalles.com\/en\/?s={search_term_string}"},"query-input":{"@type":"PropertyValueSpecification","valueRequired":true,"valueName":"search_term_string"}}],"inLanguage":"es"},{"@type":"Organization","@id":"https:\/\/turismevalles.com\/en\/#organization","name":"Turisme Vall\u00e8s","url":"https:\/\/turismevalles.com\/en\/","logo":{"@type":"ImageObject","inLanguage":"es","@id":"https:\/\/turismevalles.com\/en\/#\/schema\/logo\/image\/","url":"https:\/\/turismevalles.com\/wp-content\/uploads\/2020\/08\/cropped-logo_ca-2.png","contentUrl":"https:\/\/turismevalles.com\/wp-content\/uploads\/2020\/08\/cropped-logo_ca-2.png","width":314,"height":85,"caption":"Turisme Vall\u00e8s"},"image":{"@id":"https:\/\/turismevalles.com\/en\/#\/schema\/logo\/image\/"}}]}},"uagb_featured_image_src":{"full":["https:\/\/turismevalles.com\/wp-content\/uploads\/2022\/01\/la-trauna-facana-principal_NEU-1024x681-1.jpg",1024,681,false],"thumbnail":["https:\/\/turismevalles.com\/wp-content\/uploads\/2022\/01\/la-trauna-facana-principal_NEU-1024x681-1-150x150.jpg",150,150,true],"medium":["https:\/\/turismevalles.com\/wp-content\/uploads\/2022\/01\/la-trauna-facana-principal_NEU-1024x681-1-300x200.jpg",300,200,true],"medium_large":["https:\/\/turismevalles.com\/wp-content\/uploads\/2022\/01\/la-trauna-facana-principal_NEU-1024x681-1-768x511.jpg",768,511,true],"large":["https:\/\/turismevalles.com\/wp-content\/uploads\/2022\/01\/la-trauna-facana-principal_NEU-1024x681-1.jpg",1024,681,false],"thumblist":["https:\/\/turismevalles.com\/wp-content\/uploads\/2022\/01\/la-trauna-facana-principal_NEU-1024x681-1-300x300.jpg",300,300,true],"meccarouselthumb":["https:\/\/turismevalles.com\/wp-content\/uploads\/2022\/01\/la-trauna-facana-principal_NEU-1024x681-1-474x324.jpg",474,324,true],"gridsquare":["https:\/\/turismevalles.com\/wp-content\/uploads\/2022\/01\/la-trauna-facana-principal_NEU-1024x681-1-391x260.jpg",391,260,true],"tileview":["https:\/\/turismevalles.com\/wp-content\/uploads\/2022\/01\/la-trauna-facana-principal_NEU-1024x681-1-300x400.jpg",300,400,true],"1536x1536":["https:\/\/turismevalles.com\/wp-content\/uploads\/2022\/01\/la-trauna-facana-principal_NEU-1024x681-1.jpg",1024,681,false],"2048x2048":["https:\/\/turismevalles.com\/wp-content\/uploads\/2022\/01\/la-trauna-facana-principal_NEU-1024x681-1.jpg",1024,681,false]},"uagb_author_info":{"display_name":"Turisme Valles","author_link":"https:\/\/turismevalles.com\/es\/author\/"},"uagb_comment_info":0,"uagb_excerpt":"La Tra\u00fcna es una mas\u00eda de monta\u00f1a en medio del bosque de encinas, robles, hayas y casta\u00f1os centenarios de la vertiente sur del Cerro del ... Veure m\u00e9s","_links":{"self":[{"href":"https:\/\/turismevalles.com\/es\/wp-json\/wp\/v2\/ubicacio_dormir\/60418","targetHints":{"allow":["GET"]}}],"collection":[{"href":"https:\/\/turismevalles.com\/es\/wp-json\/wp\/v2\/ubicacio_dormir"}],"about":[{"href":"https:\/\/turismevalles.com\/es\/wp-json\/wp\/v2\/types\/ubicacio_dormir"}],"wp:featuredmedia":[{"embeddable":true,"href":"https:\/\/turismevalles.com\/es\/wp-json\/wp\/v2\/media\/17709"}],"wp:attachment":[{"href":"https:\/\/turismevalles.com\/es\/wp-json\/wp\/v2\/media?parent=60418"}],"wp:term":[{"taxonomy":"poblacions","embeddable":true,"href":"https:\/\/turismevalles.com\/es\/wp-json\/wp\/v2\/poblacions?post=60418"},{"taxonomy":"establiment","embeddable":true,"href":"https:\/\/turismevalles.com\/es\/wp-json\/wp\/v2\/establiment?post=60418"},{"taxonomy":"tipus_turisme","embeddable":true,"href":"https:\/\/turismevalles.com\/es\/wp-json\/wp\/v2\/tipus_turisme?post=60418"},{"taxonomy":"tipologia_estada","embeddable":true,"href":"https:\/\/turismevalles.com\/es\/wp-json\/wp\/v2\/tipologia_estada?post=60418"}],"curies":[{"name":"wp","href":"https:\/\/api.w.org\/{rel}","templated":true}]}}