{"id":16593,"date":"2021-11-17T12:04:21","date_gmt":"2021-11-17T11:04:21","guid":{"rendered":"http:\/\/turismevalles.com.mialias.net\/valles_oriental\/musica-del-valles-oriental\/"},"modified":"2025-08-22T14:46:05","modified_gmt":"2025-08-22T12:46:05","slug":"musica-del-valles-oriental","status":"publish","type":"valles_oriental","link":"https:\/\/turismevalles.com\/es\/valles_oriental\/musica-del-valles-oriental\/","title":{"rendered":"M\u00fasica del Vall\u00e8s Oriental"},"content":{"rendered":"\n<p>Si visitas el Vall\u00e8s Oriental y quieres animar tu trayecto o tu estancia con un poco de m\u00fasica, aqu\u00ed tienes algunas propuestas de grups y artistas de la comarca.<\/p>\n\n\n\n<hr class=\"wp-block-separator has-css-opacity\"\/>\n\n\n\n<div style=\"height:21px\" aria-hidden=\"true\" class=\"wp-block-spacer\"><\/div>\n\n\n<div class=\"gb-grid-wrapper gb-grid-wrapper-312ad783\">\n<div class=\"gb-grid-column gb-grid-column-22afe08e\"><div class=\"gb-container gb-container-22afe08e\"><div class=\"gb-inside-container\"><\/div><\/div><\/div>\n\n<div class=\"gb-grid-column gb-grid-column-cadc1e2f\"><div class=\"gb-container gb-container-cadc1e2f\"><div class=\"gb-inside-container\">\n\n<h3 class=\"gb-headline gb-headline-d0096171 gb-headline-text\">\u00bfHas escuchado la canci\u00f3n del <br>Vall\u00e8s Oriental?<\/h3>\n\n<\/div><\/div><\/div>\n\n<div class=\"gb-grid-column gb-grid-column-6a24c299\"><div class=\"gb-container gb-container-6a24c299\"><div class=\"gb-inside-container\">\n\n<figure class=\"wp-block-embed is-type-video is-provider-youtube wp-block-embed-youtube wp-embed-aspect-16-9 wp-has-aspect-ratio\"><div class=\"wp-block-embed__wrapper\">\n<iframe loading=\"lazy\" title=\"Apropa&#039;t i viu!\" width=\"1200\" height=\"675\" src=\"https:\/\/www.youtube.com\/embed\/tV-9Bu84Tj0?feature=oembed\" frameborder=\"0\" allow=\"accelerometer; autoplay; clipboard-write; encrypted-media; gyroscope; picture-in-picture; web-share\" referrerpolicy=\"strict-origin-when-cross-origin\" allowfullscreen><\/iframe>\n<\/div><\/figure>\n\n<\/div><\/div><\/div>\n\n<div class=\"gb-grid-column gb-grid-column-be3547fc\"><div class=\"gb-container gb-container-be3547fc\"><div class=\"gb-inside-container\"><\/div><\/div><\/div>\n<\/div>\n\n\n<hr class=\"wp-block-separator has-css-opacity\"\/>\n\n\n<div class=\"gb-grid-wrapper gb-grid-wrapper-b9839953\">\n<div class=\"gb-grid-column gb-grid-column-374d749f\"><div class=\"gb-container gb-container-374d749f\"><div class=\"gb-inside-container\">\n<div class=\"gb-container gb-container-6e2d4058\"><div class=\"gb-inside-container\">\n<div class=\"wp-block-image\">\n<figure class=\"aligncenter size-full is-resized\"><a class=\"descobreix\" href=\"https:\/\/open.spotify.com\/playlist\/5LX7sfFRyptxJymbhyn3jO\" target=\"_blank\" rel=\"Descobreix noopener\"><img loading=\"lazy\" decoding=\"async\" width=\"290\" height=\"288\" src=\"http:\/\/turismevalles.com\/wp-content\/uploads\/2021\/08\/Screenshot_1-5.jpg\" alt=\"\" class=\"wp-image-15228\" style=\"width:290px;height:288px\" srcset=\"https:\/\/turismevalles.com\/wp-content\/uploads\/2021\/08\/Screenshot_1-5.jpg 290w, https:\/\/turismevalles.com\/wp-content\/uploads\/2021\/08\/Screenshot_1-5-150x150.jpg 150w\" sizes=\"auto, (max-width: 290px) 100vw, 290px\" \/><\/a><\/figure><\/div>\n\n\n<div class=\"wp-block-buttons is-layout-flex wp-block-buttons-is-layout-flex\">\n<div class=\"wp-block-button has-custom-width wp-block-button__width-100\"><a class=\"wp-block-button__link wp-element-button\" href=\"https:\/\/open.spotify.com\/playlist\/5LX7sfFRyptxJymbhyn3jO\" target=\"_blank\" rel=\"noreferrer noopener\">DESCUBRE EL VALL\u00c8S ORIENTAL<\/a><\/div>\n<\/div>\n\n\n\n<p>Sum\u00e9rgete en la m\u00fasica del Vall\u00e8s Oriental mientras visitas tus espacios culturales preferidos.<\/p>\n\n<\/div><\/div>\n<\/div><\/div><\/div>\n\n<div class=\"gb-grid-column gb-grid-column-7db0589c\"><div class=\"gb-container gb-container-7db0589c\"><div class=\"gb-inside-container\">\n<div class=\"gb-container gb-container-6a002036\"><div class=\"gb-inside-container\">\n<div class=\"wp-block-image\">\n<figure class=\"aligncenter size-large is-resized\"><a class=\"relaxat\" href=\"https:\/\/open.spotify.com\/playlist\/0CZy5Wm7mGhOHfFfyjKWqv\" target=\"_blank\" rel=\"Relaxa&#039;t noopener\"><img loading=\"lazy\" decoding=\"async\" width=\"289\" height=\"289\" src=\"http:\/\/turismevalles.com\/wp-content\/uploads\/2021\/08\/Screenshot_1-9.jpg\" alt=\"\" class=\"wp-image-15244\" style=\"width:289px;height:289px\" srcset=\"https:\/\/turismevalles.com\/wp-content\/uploads\/2021\/08\/Screenshot_1-9.jpg 289w, https:\/\/turismevalles.com\/wp-content\/uploads\/2021\/08\/Screenshot_1-9-150x150.jpg 150w\" sizes=\"auto, (max-width: 289px) 100vw, 289px\" \/><\/a><\/figure><\/div>\n\n\n<div class=\"wp-block-buttons is-layout-flex wp-block-buttons-is-layout-flex\">\n<div class=\"wp-block-button has-custom-width wp-block-button__width-100\"><a class=\"wp-block-button__link wp-element-button\" href=\"https:\/\/open.spotify.com\/playlist\/0CZy5Wm7mGhOHfFfyjKWqv\" target=\"_blank\" rel=\"noreferrer noopener\">REL\u00c1JATE EN EL VALL\u00c8S ORIENTAL<\/a><\/div>\n<\/div>\n\n\n\n<p>Desconnecta con las mejores canciones de los artistas del Vall\u00e8s Oriental<\/p>\n\n<\/div><\/div>\n<\/div><\/div><\/div>\n\n<div class=\"gb-grid-column gb-grid-column-c6732528\"><div class=\"gb-container gb-container-c6732528\"><div class=\"gb-inside-container\">\n<div class=\"gb-container gb-container-5a4624a4\"><div class=\"gb-inside-container\">\n<div class=\"wp-block-image\">\n<figure class=\"aligncenter size-large is-resized\"><a class=\"Moute\" href=\"https:\/\/open.spotify.com\/playlist\/69Lq5yWYPCSKgCUsyWxJkd\" target=\"_blank\" rel=\"Mou-te noopener\"><img loading=\"lazy\" decoding=\"async\" width=\"288\" height=\"288\" src=\"http:\/\/turismevalles.com\/wp-content\/uploads\/2021\/08\/Screenshot_1-8.jpg\" alt=\"\" class=\"wp-image-15240\" style=\"width:288px;height:288px\" srcset=\"https:\/\/turismevalles.com\/wp-content\/uploads\/2021\/08\/Screenshot_1-8.jpg 288w, https:\/\/turismevalles.com\/wp-content\/uploads\/2021\/08\/Screenshot_1-8-150x150.jpg 150w\" sizes=\"auto, (max-width: 288px) 100vw, 288px\" \/><\/a><\/figure><\/div>\n\n\n<div class=\"wp-block-buttons is-layout-flex wp-block-buttons-is-layout-flex\">\n<div class=\"wp-block-button has-custom-width wp-block-button__width-100\"><a class=\"wp-block-button__link wp-element-button\" href=\"https:\/\/open.spotify.com\/playlist\/69Lq5yWYPCSKgCUsyWxJkd\" target=\"_blank\" rel=\"noreferrer noopener\">mu\u00e9vete en el Vall\u00e8s Oriental<\/a><\/div>\n<\/div>\n\n\n\n<p>Coje energ\u00eda al ritmo del Vall\u00e8s Oriental<\/p>\n\n<\/div><\/div>\n<\/div><\/div><\/div>\n<\/div>\n\n<div class=\"gb-grid-wrapper gb-grid-wrapper-3829c69a\">\n<div class=\"gb-grid-column gb-grid-column-cd4cafe7\"><div class=\"gb-container gb-container-cd4cafe7\"><div class=\"gb-inside-container\">\n<div class=\"gb-container gb-container-9b200477\"><div class=\"gb-inside-container\">\n<div class=\"wp-block-image\">\n<figure class=\"aligncenter size-large is-resized\"><a class=\"regalat\" href=\"https:\/\/open.spotify.com\/playlist\/2n90Dar87smS0VyUitHRJ2\" target=\"_blank\" rel=\"Regala&#039;t noopener\"><img loading=\"lazy\" decoding=\"async\" width=\"287\" height=\"288\" src=\"http:\/\/turismevalles.com\/wp-content\/uploads\/2021\/08\/Screenshot_1-11.jpg\" alt=\"\" class=\"wp-image-15252\" style=\"width:287px;height:288px\" srcset=\"https:\/\/turismevalles.com\/wp-content\/uploads\/2021\/08\/Screenshot_1-11.jpg 287w, https:\/\/turismevalles.com\/wp-content\/uploads\/2021\/08\/Screenshot_1-11-150x150.jpg 150w\" sizes=\"auto, (max-width: 287px) 100vw, 287px\" \/><\/a><\/figure><\/div>\n\n\n<div class=\"wp-block-buttons is-layout-flex wp-block-buttons-is-layout-flex\">\n<div class=\"wp-block-button has-custom-width wp-block-button__width-100\"><a class=\"wp-block-button__link wp-element-button\" href=\"http:\/\/turismevalles.com\/en\/valles_oriental\/laundry-of-santa-esperanca-termal-baths-el-safareig\/\" target=\"_blank\" rel=\"noreferrer noopener\">Compra en el Vall\u00e8s Oriental<\/a><\/div>\n<\/div>\n\n\n\n<p>La mejor banda sonora para ir de compras por el Vall\u00e8s Oriental.<\/p>\n\n<\/div><\/div>\n<\/div><\/div><\/div>\n\n<div class=\"gb-grid-column gb-grid-column-0c1932e0\"><div class=\"gb-container gb-container-0c1932e0\"><div class=\"gb-inside-container\">\n<div class=\"gb-container gb-container-a614f8b7\"><div class=\"gb-inside-container\">\n<div class=\"wp-block-image\">\n<figure class=\"aligncenter size-large is-resized\"><a class=\"romantic\" href=\"https:\/\/open.spotify.com\/playlist\/7lXnGVTcvD03RJCx6CvYKX\" target=\"_blank\" rel=\"Rom\u00e0ntic noopener\"><img loading=\"lazy\" decoding=\"async\" width=\"287\" height=\"288\" src=\"http:\/\/turismevalles.com\/wp-content\/uploads\/2021\/08\/Screenshot_1-2.jpg\" alt=\"\" class=\"wp-image-15216\" style=\"width:287px;height:288px\" srcset=\"https:\/\/turismevalles.com\/wp-content\/uploads\/2021\/08\/Screenshot_1-2.jpg 287w, https:\/\/turismevalles.com\/wp-content\/uploads\/2021\/08\/Screenshot_1-2-150x150.jpg 150w\" sizes=\"auto, (max-width: 287px) 100vw, 287px\" \/><\/a><\/figure><\/div>\n\n\n<div class=\"wp-block-buttons is-layout-flex wp-block-buttons-is-layout-flex\">\n<div class=\"wp-block-button has-custom-width wp-block-button__width-100 is-style-fill\"><a class=\"wp-block-button__link wp-element-button\" href=\"https:\/\/open.spotify.com\/playlist\/7lXnGVTcvD03RJCx6CvYKX\" target=\"_blank\" rel=\"noreferrer noopener\">El Vall\u00e8s Oriental rom\u00e0ntic<\/a><\/div>\n<\/div>\n\n\n\n<p>Enamorate con las canciones m\u00e1s rom\u00e1nticas del Vall\u00e8s Oriental.<\/p>\n\n<\/div><\/div>\n<\/div><\/div><\/div>\n\n<div class=\"gb-grid-column gb-grid-column-c93b8131\"><div class=\"gb-container gb-container-c93b8131\"><div class=\"gb-inside-container\">\n<div class=\"gb-container gb-container-b02221d2\"><div class=\"gb-inside-container\">\n<div class=\"wp-block-image\">\n<figure class=\"aligncenter size-large is-resized\"><a class=\"respira\" href=\"https:\/\/open.spotify.com\/playlist\/2XE6frNWB9FoUs7WG42pQA\" target=\"_blank\" rel=\"Respira noopener\"><img loading=\"lazy\" decoding=\"async\" width=\"287\" height=\"286\" src=\"http:\/\/turismevalles.com\/wp-content\/uploads\/2021\/08\/Screenshot_1-13.jpg\" alt=\"\" class=\"wp-image-15260\" style=\"width:287px;height:286px\" srcset=\"https:\/\/turismevalles.com\/wp-content\/uploads\/2021\/08\/Screenshot_1-13.jpg 287w, https:\/\/turismevalles.com\/wp-content\/uploads\/2021\/08\/Screenshot_1-13-150x150.jpg 150w\" sizes=\"auto, (max-width: 287px) 100vw, 287px\" \/><\/a><\/figure><\/div>\n\n\n<div class=\"wp-block-buttons is-layout-flex wp-block-buttons-is-layout-flex\">\n<div class=\"wp-block-button has-custom-width wp-block-button__width-100 is-style-fill\"><a class=\"wp-block-button__link wp-element-button\" href=\"https:\/\/open.spotify.com\/playlist\/2XE6frNWB9FoUs7WG42pQA\" target=\"_blank\" rel=\"noreferrer noopener\">respira el vall\u00e8s oriental<\/a><\/div>\n<\/div>\n\n\n\n<p>Recarga las pilas con los artistas del Vall\u00e8s Oriental.<\/p>\n\n<\/div><\/div>\n<\/div><\/div><\/div>\n<\/div>","protected":false},"featured_media":0,"template":"","poblacions":[],"valles_oriental_contingut":[],"tipologia_estada":[],"class_list":["post-16593","valles_oriental","type-valles_oriental","status-publish","hentry","generate-columns","tablet-grid-50","mobile-grid-100","grid-parent","grid-33"],"acf":[],"yoast_head":"<!-- This site is optimized with the Yoast SEO plugin v26.4 - https:\/\/yoast.com\/wordpress\/plugins\/seo\/ -->\n<title>M\u00fasica del Vall\u00e8s Oriental - Turisme Vall\u00e8s<\/title>\n<meta name=\"description\" content=\"Aqu\u00ed tienes algunas propuestas de grupos y artistas de la comarca, que pondr\u00e1n banda sonora a tu estancia en el Vall\u00e8s Oriental.\" \/>\n<meta name=\"robots\" content=\"index, follow, max-snippet:-1, max-image-preview:large, max-video-preview:-1\" \/>\n<link rel=\"canonical\" href=\"https:\/\/turismevalles.com\/es\/valles_oriental\/musica-del-valles-oriental\/\" \/>\n<meta property=\"og:locale\" content=\"es_ES\" \/>\n<meta property=\"og:type\" content=\"article\" \/>\n<meta property=\"og:title\" content=\"M\u00fasica del Vall\u00e8s Oriental - Turisme Vall\u00e8s\" \/>\n<meta property=\"og:description\" content=\"Aqu\u00ed tienes algunas propuestas de grupos y artistas de la comarca, que pondr\u00e1n banda sonora a tu estancia en el Vall\u00e8s Oriental.\" \/>\n<meta property=\"og:url\" content=\"https:\/\/turismevalles.com\/es\/valles_oriental\/musica-del-valles-oriental\/\" \/>\n<meta property=\"og:site_name\" content=\"Turisme Vall\u00e8s\" \/>\n<meta property=\"article:modified_time\" content=\"2025-08-22T12:46:05+00:00\" \/>\n<meta property=\"og:image\" content=\"http:\/\/turismevalles.com\/wp-content\/uploads\/2021\/08\/Screenshot_1-5.jpg\" \/>\n<meta name=\"twitter:card\" content=\"summary_large_image\" \/>\n<meta name=\"twitter:label1\" content=\"Tiempo de lectura\" \/>\n\t<meta name=\"twitter:data1\" content=\"2 minutos\" \/>\n<script type=\"application\/ld+json\" class=\"yoast-schema-graph\">{\"@context\":\"https:\/\/schema.org\",\"@graph\":[{\"@type\":\"WebPage\",\"@id\":\"https:\/\/turismevalles.com\/es\/valles_oriental\/musica-del-valles-oriental\/\",\"url\":\"https:\/\/turismevalles.com\/es\/valles_oriental\/musica-del-valles-oriental\/\",\"name\":\"M\u00fasica del Vall\u00e8s Oriental - Turisme Vall\u00e8s\",\"isPartOf\":{\"@id\":\"https:\/\/turismevalles.com\/en\/#website\"},\"primaryImageOfPage\":{\"@id\":\"https:\/\/turismevalles.com\/es\/valles_oriental\/musica-del-valles-oriental\/#primaryimage\"},\"image\":{\"@id\":\"https:\/\/turismevalles.com\/es\/valles_oriental\/musica-del-valles-oriental\/#primaryimage\"},\"thumbnailUrl\":\"http:\/\/turismevalles.com\/wp-content\/uploads\/2021\/08\/Screenshot_1-5.jpg\",\"datePublished\":\"2021-11-17T11:04:21+00:00\",\"dateModified\":\"2025-08-22T12:46:05+00:00\",\"description\":\"Aqu\u00ed tienes algunas propuestas de grupos y artistas de la comarca, que pondr\u00e1n banda sonora a tu estancia en el Vall\u00e8s Oriental.\",\"breadcrumb\":{\"@id\":\"https:\/\/turismevalles.com\/es\/valles_oriental\/musica-del-valles-oriental\/#breadcrumb\"},\"inLanguage\":\"es\",\"potentialAction\":[{\"@type\":\"ReadAction\",\"target\":[\"https:\/\/turismevalles.com\/es\/valles_oriental\/musica-del-valles-oriental\/\"]}]},{\"@type\":\"ImageObject\",\"inLanguage\":\"es\",\"@id\":\"https:\/\/turismevalles.com\/es\/valles_oriental\/musica-del-valles-oriental\/#primaryimage\",\"url\":\"http:\/\/turismevalles.com\/wp-content\/uploads\/2021\/08\/Screenshot_1-5.jpg\",\"contentUrl\":\"http:\/\/turismevalles.com\/wp-content\/uploads\/2021\/08\/Screenshot_1-5.jpg\"},{\"@type\":\"BreadcrumbList\",\"@id\":\"https:\/\/turismevalles.com\/es\/valles_oriental\/musica-del-valles-oriental\/#breadcrumb\",\"itemListElement\":[{\"@type\":\"ListItem\",\"position\":1,\"name\":\"Inicio\",\"item\":\"https:\/\/turismevalles.com\/es\/\"},{\"@type\":\"ListItem\",\"position\":2,\"name\":\"Vall\u00e8s Oriental\",\"item\":\"https:\/\/turismevalles.com\/valles_oriental\/\"},{\"@type\":\"ListItem\",\"position\":3,\"name\":\"M\u00fasica del Vall\u00e8s Oriental\"}]},{\"@type\":\"WebSite\",\"@id\":\"https:\/\/turismevalles.com\/en\/#website\",\"url\":\"https:\/\/turismevalles.com\/en\/\",\"name\":\"Turisme Vall\u00e8s\",\"description\":\"\",\"publisher\":{\"@id\":\"https:\/\/turismevalles.com\/en\/#organization\"},\"potentialAction\":[{\"@type\":\"SearchAction\",\"target\":{\"@type\":\"EntryPoint\",\"urlTemplate\":\"https:\/\/turismevalles.com\/en\/?s={search_term_string}\"},\"query-input\":{\"@type\":\"PropertyValueSpecification\",\"valueRequired\":true,\"valueName\":\"search_term_string\"}}],\"inLanguage\":\"es\"},{\"@type\":\"Organization\",\"@id\":\"https:\/\/turismevalles.com\/en\/#organization\",\"name\":\"Turisme Vall\u00e8s\",\"url\":\"https:\/\/turismevalles.com\/en\/\",\"logo\":{\"@type\":\"ImageObject\",\"inLanguage\":\"es\",\"@id\":\"https:\/\/turismevalles.com\/en\/#\/schema\/logo\/image\/\",\"url\":\"https:\/\/turismevalles.com\/wp-content\/uploads\/2020\/08\/cropped-logo_ca-2.png\",\"contentUrl\":\"https:\/\/turismevalles.com\/wp-content\/uploads\/2020\/08\/cropped-logo_ca-2.png\",\"width\":314,\"height\":85,\"caption\":\"Turisme Vall\u00e8s\"},\"image\":{\"@id\":\"https:\/\/turismevalles.com\/en\/#\/schema\/logo\/image\/\"}}]}<\/script>\n<!-- \/ Yoast SEO plugin. -->","yoast_head_json":{"title":"M\u00fasica del Vall\u00e8s Oriental - Turisme Vall\u00e8s","description":"Aqu\u00ed tienes algunas propuestas de grupos y artistas de la comarca, que pondr\u00e1n banda sonora a tu estancia en el Vall\u00e8s Oriental.","robots":{"index":"index","follow":"follow","max-snippet":"max-snippet:-1","max-image-preview":"max-image-preview:large","max-video-preview":"max-video-preview:-1"},"canonical":"https:\/\/turismevalles.com\/es\/valles_oriental\/musica-del-valles-oriental\/","og_locale":"es_ES","og_type":"article","og_title":"M\u00fasica del Vall\u00e8s Oriental - Turisme Vall\u00e8s","og_description":"Aqu\u00ed tienes algunas propuestas de grupos y artistas de la comarca, que pondr\u00e1n banda sonora a tu estancia en el Vall\u00e8s Oriental.","og_url":"https:\/\/turismevalles.com\/es\/valles_oriental\/musica-del-valles-oriental\/","og_site_name":"Turisme Vall\u00e8s","article_modified_time":"2025-08-22T12:46:05+00:00","og_image":[{"url":"http:\/\/turismevalles.com\/wp-content\/uploads\/2021\/08\/Screenshot_1-5.jpg","type":"","width":"","height":""}],"twitter_card":"summary_large_image","twitter_misc":{"Tiempo de lectura":"2 minutos"},"schema":{"@context":"https:\/\/schema.org","@graph":[{"@type":"WebPage","@id":"https:\/\/turismevalles.com\/es\/valles_oriental\/musica-del-valles-oriental\/","url":"https:\/\/turismevalles.com\/es\/valles_oriental\/musica-del-valles-oriental\/","name":"M\u00fasica del Vall\u00e8s Oriental - Turisme Vall\u00e8s","isPartOf":{"@id":"https:\/\/turismevalles.com\/en\/#website"},"primaryImageOfPage":{"@id":"https:\/\/turismevalles.com\/es\/valles_oriental\/musica-del-valles-oriental\/#primaryimage"},"image":{"@id":"https:\/\/turismevalles.com\/es\/valles_oriental\/musica-del-valles-oriental\/#primaryimage"},"thumbnailUrl":"http:\/\/turismevalles.com\/wp-content\/uploads\/2021\/08\/Screenshot_1-5.jpg","datePublished":"2021-11-17T11:04:21+00:00","dateModified":"2025-08-22T12:46:05+00:00","description":"Aqu\u00ed tienes algunas propuestas de grupos y artistas de la comarca, que pondr\u00e1n banda sonora a tu estancia en el Vall\u00e8s Oriental.","breadcrumb":{"@id":"https:\/\/turismevalles.com\/es\/valles_oriental\/musica-del-valles-oriental\/#breadcrumb"},"inLanguage":"es","potentialAction":[{"@type":"ReadAction","target":["https:\/\/turismevalles.com\/es\/valles_oriental\/musica-del-valles-oriental\/"]}]},{"@type":"ImageObject","inLanguage":"es","@id":"https:\/\/turismevalles.com\/es\/valles_oriental\/musica-del-valles-oriental\/#primaryimage","url":"http:\/\/turismevalles.com\/wp-content\/uploads\/2021\/08\/Screenshot_1-5.jpg","contentUrl":"http:\/\/turismevalles.com\/wp-content\/uploads\/2021\/08\/Screenshot_1-5.jpg"},{"@type":"BreadcrumbList","@id":"https:\/\/turismevalles.com\/es\/valles_oriental\/musica-del-valles-oriental\/#breadcrumb","itemListElement":[{"@type":"ListItem","position":1,"name":"Inicio","item":"https:\/\/turismevalles.com\/es\/"},{"@type":"ListItem","position":2,"name":"Vall\u00e8s Oriental","item":"https:\/\/turismevalles.com\/valles_oriental\/"},{"@type":"ListItem","position":3,"name":"M\u00fasica del Vall\u00e8s Oriental"}]},{"@type":"WebSite","@id":"https:\/\/turismevalles.com\/en\/#website","url":"https:\/\/turismevalles.com\/en\/","name":"Turisme Vall\u00e8s","description":"","publisher":{"@id":"https:\/\/turismevalles.com\/en\/#organization"},"potentialAction":[{"@type":"SearchAction","target":{"@type":"EntryPoint","urlTemplate":"https:\/\/turismevalles.com\/en\/?s={search_term_string}"},"query-input":{"@type":"PropertyValueSpecification","valueRequired":true,"valueName":"search_term_string"}}],"inLanguage":"es"},{"@type":"Organization","@id":"https:\/\/turismevalles.com\/en\/#organization","name":"Turisme Vall\u00e8s","url":"https:\/\/turismevalles.com\/en\/","logo":{"@type":"ImageObject","inLanguage":"es","@id":"https:\/\/turismevalles.com\/en\/#\/schema\/logo\/image\/","url":"https:\/\/turismevalles.com\/wp-content\/uploads\/2020\/08\/cropped-logo_ca-2.png","contentUrl":"https:\/\/turismevalles.com\/wp-content\/uploads\/2020\/08\/cropped-logo_ca-2.png","width":314,"height":85,"caption":"Turisme Vall\u00e8s"},"image":{"@id":"https:\/\/turismevalles.com\/en\/#\/schema\/logo\/image\/"}}]}},"uagb_featured_image_src":{"full":false,"thumbnail":false,"medium":false,"medium_large":false,"large":false,"thumblist":false,"meccarouselthumb":false,"gridsquare":false,"tileview":false,"1536x1536":false,"2048x2048":false},"uagb_author_info":{"display_name":"Turisme Valles","author_link":"https:\/\/turismevalles.com\/es\/author\/"},"uagb_comment_info":0,"uagb_excerpt":"Si visitas el Vall\u00e8s Oriental y quieres animar tu trayecto o tu estancia con un poco de m\u00fasica, aqu\u00ed tienes algunas propuestas de grups y ... Veure m\u00e9s","_links":{"self":[{"href":"https:\/\/turismevalles.com\/es\/wp-json\/wp\/v2\/valles_oriental\/16593","targetHints":{"allow":["GET"]}}],"collection":[{"href":"https:\/\/turismevalles.com\/es\/wp-json\/wp\/v2\/valles_oriental"}],"about":[{"href":"https:\/\/turismevalles.com\/es\/wp-json\/wp\/v2\/types\/valles_oriental"}],"wp:attachment":[{"href":"https:\/\/turismevalles.com\/es\/wp-json\/wp\/v2\/media?parent=16593"}],"wp:term":[{"taxonomy":"poblacions","embeddable":true,"href":"https:\/\/turismevalles.com\/es\/wp-json\/wp\/v2\/poblacions?post=16593"},{"taxonomy":"valles_oriental_contingut","embeddable":true,"href":"https:\/\/turismevalles.com\/es\/wp-json\/wp\/v2\/valles_oriental_contingut?post=16593"},{"taxonomy":"tipologia_estada","embeddable":true,"href":"https:\/\/turismevalles.com\/es\/wp-json\/wp\/v2\/tipologia_estada?post=16593"}],"curies":[{"name":"wp","href":"https:\/\/api.w.org\/{rel}","templated":true}]}}