{"id":16594,"date":"2021-11-17T12:10:46","date_gmt":"2021-11-17T11:10:46","guid":{"rendered":"http:\/\/turismevalles.com.mialias.net\/valles_oriental\/museos-y-centros-de-interpretacion\/"},"modified":"2026-07-07T14:01:53","modified_gmt":"2026-07-07T12:01:53","slug":"museos-y-centros-de-interpretacion","status":"publish","type":"valles_oriental","link":"https:\/\/turismevalles.com\/es\/valles_oriental\/museos-y-centros-de-interpretacion\/","title":{"rendered":"Museos"},"content":{"rendered":"\n<p>Si eres amantes de la cultura y te gusta descubrir las ra\u00edces y el arte de un territorio, no te pierdas estas propuestas.<\/p>\n\n<div class=\"wp-block-columns rutesvalles is-layout-flex wp-container-core-columns-is-layout-9d6595d7 wp-block-columns-is-layout-flex\">\n<div class=\"wp-block-column is-layout-flow wp-block-column-is-layout-flow\"><div class=\"wp-block-image\">\n<figure class=\"aligncenter size-large\"><img loading=\"lazy\" decoding=\"async\" width=\"1024\" height=\"683\" src=\"http:\/\/turismevalles.com\/wp-content\/uploads\/2021\/08\/Abello-1-1024x683.jpg\" alt=\"\" class=\"wp-image-15374\" srcset=\"https:\/\/turismevalles.com\/wp-content\/uploads\/2021\/08\/Abello-1-1024x683.jpg 1024w, https:\/\/turismevalles.com\/wp-content\/uploads\/2021\/08\/Abello-1-300x200.jpg 300w, https:\/\/turismevalles.com\/wp-content\/uploads\/2021\/08\/Abello-1-768x512.jpg 768w, https:\/\/turismevalles.com\/wp-content\/uploads\/2021\/08\/Abello-1-391x260.jpg 391w, https:\/\/turismevalles.com\/wp-content\/uploads\/2021\/08\/Abello-1.jpg 1296w\" sizes=\"auto, (max-width: 1024px) 100vw, 1024px\" \/><\/figure><\/div>\n\n\n<h2 class=\"gb-headline gb-headline-8e884d61 gb-headline-text\"><a href=\"http:\/\/turismevalles.com\/activitats\/casa-del-pintor-abello\/\" target=\"_blank\" rel=\"noreferrer noopener\">Casa del Pintor Abell\u00f3<\/a><\/h2>\n\n\n\n<p>Casa natal del pintor molletano Joan Abell\u00f3, donde se re\u00fanen los miles de piezas, objetos y obras de arte.<\/p>\n<\/div>\n\n\n\n<div class=\"wp-block-column is-layout-flow wp-block-column-is-layout-flow\">\n<figure class=\"wp-block-image size-large\"><img loading=\"lazy\" decoding=\"async\" width=\"1024\" height=\"683\" src=\"https:\/\/turismevalles.com\/wp-content\/uploads\/2021\/08\/XSM-0026-1024x683.jpg\" alt=\"\" class=\"wp-image-57355\" srcset=\"https:\/\/turismevalles.com\/wp-content\/uploads\/2021\/08\/XSM-0026-1024x683.jpg 1024w, https:\/\/turismevalles.com\/wp-content\/uploads\/2021\/08\/XSM-0026-300x200.jpg 300w, https:\/\/turismevalles.com\/wp-content\/uploads\/2021\/08\/XSM-0026-768x512.jpg 768w, https:\/\/turismevalles.com\/wp-content\/uploads\/2021\/08\/XSM-0026-391x260.jpg 391w, https:\/\/turismevalles.com\/wp-content\/uploads\/2021\/08\/XSM-0026-1536x1025.jpg 1536w, https:\/\/turismevalles.com\/wp-content\/uploads\/2021\/08\/XSM-0026-2048x1366.jpg 2048w\" sizes=\"auto, (max-width: 1024px) 100vw, 1024px\" \/><\/figure>\n\n\n\n<h2 class=\"gb-headline gb-headline-b4cf2d2b gb-headline-text\"><a href=\"http:\/\/turismevalles.com\/activitats\/museu-abello\/\" target=\"_blank\" rel=\"noreferrer noopener\">Museo Abell\u00f3<\/a><\/h2>\n\n\n\n<p>Representaci\u00f3n de la obra del pintor molletano Joan Abell\u00f3, adem\u00e1s de una de las colecciones de arte m\u00e1s destacadas del panorama catal\u00e1n.<\/p>\n<\/div>\n\n\n\n<div class=\"wp-block-column is-layout-flow wp-block-column-is-layout-flow\">\n<figure class=\"wp-block-image size-large\"><img loading=\"lazy\" decoding=\"async\" width=\"1024\" height=\"683\" src=\"http:\/\/turismevalles.com\/wp-content\/uploads\/2024\/02\/Balvey-XSM-1024x683.jpg\" alt=\"\" class=\"wp-image-53796\" srcset=\"https:\/\/turismevalles.com\/wp-content\/uploads\/2024\/02\/Balvey-XSM-1024x683.jpg 1024w, https:\/\/turismevalles.com\/wp-content\/uploads\/2024\/02\/Balvey-XSM-300x200.jpg 300w, https:\/\/turismevalles.com\/wp-content\/uploads\/2024\/02\/Balvey-XSM-768x512.jpg 768w, https:\/\/turismevalles.com\/wp-content\/uploads\/2024\/02\/Balvey-XSM-391x260.jpg 391w, https:\/\/turismevalles.com\/wp-content\/uploads\/2024\/02\/Balvey-XSM-1536x1024.jpg 1536w, https:\/\/turismevalles.com\/wp-content\/uploads\/2024\/02\/Balvey-XSM-2048x1366.jpg 2048w\" sizes=\"auto, (max-width: 1024px) 100vw, 1024px\" \/><\/figure>\n\n\n\n<h2 class=\"gb-headline gb-headline-72c1d6cb gb-headline-text\"><a href=\"http:\/\/turismevalles.com\/activitats\/museu-arxiu-tomas-balvey\/\" target=\"_blank\" rel=\"noreferrer noopener\">Museo Arxiu Tom\u00e0s Balvey<\/a><\/h2>\n\n\n\n<p>El fondo del MATBC est\u00e1 formado por diversas colecciones, conservando la antigua farmacia rural de los Balvey.<\/p>\n<\/div>\n<\/div>\n\n<div class=\"wp-block-columns rutesvalles is-layout-flex wp-container-core-columns-is-layout-9d6595d7 wp-block-columns-is-layout-flex\">\n<div class=\"wp-block-column is-layout-flow wp-block-column-is-layout-flow\"><div class=\"wp-block-image\">\n<figure class=\"aligncenter size-large\"><img loading=\"lazy\" decoding=\"async\" width=\"1024\" height=\"697\" src=\"http:\/\/turismevalles.com\/wp-content\/uploads\/2021\/08\/119-1024x697.jpg\" alt=\"\" class=\"wp-image-15413\" srcset=\"https:\/\/turismevalles.com\/wp-content\/uploads\/2021\/08\/119-1024x697.jpg 1024w, https:\/\/turismevalles.com\/wp-content\/uploads\/2021\/08\/119-300x204.jpg 300w, https:\/\/turismevalles.com\/wp-content\/uploads\/2021\/08\/119-768x523.jpg 768w, https:\/\/turismevalles.com\/wp-content\/uploads\/2021\/08\/119-474x324.jpg 474w, https:\/\/turismevalles.com\/wp-content\/uploads\/2021\/08\/119-1536x1046.jpg 1536w, https:\/\/turismevalles.com\/wp-content\/uploads\/2021\/08\/119.jpg 2000w\" sizes=\"auto, (max-width: 1024px) 100vw, 1024px\" \/><\/figure><\/div>\n\n\n<h2 class=\"gb-headline gb-headline-a11b7a46 gb-headline-text\"><a href=\"http:\/\/turismevalles.com\/activitats\/museu-de-granollers\/\" target=\"_blank\" rel=\"noreferrer noopener\">Museo de Granollers<\/a><\/h2>\n\n\n\n<p>Arqueolog\u00eda, arte, etnograf\u00eda y numism\u00e1tica del municipio de Granollers.<\/p>\n<\/div>\n\n\n\n<div class=\"wp-block-column is-layout-flow wp-block-column-is-layout-flow\">\n<figure class=\"wp-block-image size-large\"><img loading=\"lazy\" decoding=\"async\" width=\"1024\" height=\"682\" src=\"http:\/\/turismevalles.com\/wp-content\/uploads\/2024\/02\/MMontmelo-1024x682.jpg\" alt=\"\" class=\"wp-image-53872\" srcset=\"https:\/\/turismevalles.com\/wp-content\/uploads\/2024\/02\/MMontmelo-1024x682.jpg 1024w, https:\/\/turismevalles.com\/wp-content\/uploads\/2024\/02\/MMontmelo-300x200.jpg 300w, https:\/\/turismevalles.com\/wp-content\/uploads\/2024\/02\/MMontmelo-768x512.jpg 768w, https:\/\/turismevalles.com\/wp-content\/uploads\/2024\/02\/MMontmelo-391x260.jpg 391w, https:\/\/turismevalles.com\/wp-content\/uploads\/2024\/02\/MMontmelo-1536x1024.jpg 1536w, https:\/\/turismevalles.com\/wp-content\/uploads\/2024\/02\/MMontmelo.jpg 2000w\" sizes=\"auto, (max-width: 1024px) 100vw, 1024px\" \/><\/figure>\n\n\n\n<h2 class=\"gb-headline gb-headline-eae9d4ab gb-headline-text\"><a href=\"http:\/\/turismevalles.com\/activitats\/museu-de-montmelo\/\" target=\"_blank\" rel=\"noreferrer noopener\">Museo de Montmel\u00f3<\/a><\/h2>\n\n\n\n<p>Bajo el t\u00edtulo de Montmel\u00f3, caminos y a\u00f1os, el museo expone la evoluci\u00f3n hist\u00f3rica del municipio en el contexto del Vall\u00e8s y de Catalunya.<\/p>\n<\/div>\n\n\n\n<div class=\"wp-block-column is-layout-flow wp-block-column-is-layout-flow\"><div class=\"wp-block-image\">\n<figure class=\"aligncenter size-large\"><img loading=\"lazy\" decoding=\"async\" width=\"1024\" height=\"683\" src=\"http:\/\/turismevalles.com\/wp-content\/uploads\/2021\/08\/1-1-expo-manolo-1024x683.jpg\" alt=\"\" class=\"wp-image-16950\" srcset=\"https:\/\/turismevalles.com\/wp-content\/uploads\/2021\/08\/1-1-expo-manolo-1024x683.jpg 1024w, https:\/\/turismevalles.com\/wp-content\/uploads\/2021\/08\/1-1-expo-manolo-300x200.jpg 300w, https:\/\/turismevalles.com\/wp-content\/uploads\/2021\/08\/1-1-expo-manolo-768x512.jpg 768w, https:\/\/turismevalles.com\/wp-content\/uploads\/2021\/08\/1-1-expo-manolo-391x260.jpg 391w, https:\/\/turismevalles.com\/wp-content\/uploads\/2021\/08\/1-1-expo-manolo-1536x1024.jpg 1536w, https:\/\/turismevalles.com\/wp-content\/uploads\/2021\/08\/1-1-expo-manolo-2048x1365.jpg 2048w\" sizes=\"auto, (max-width: 1024px) 100vw, 1024px\" \/><\/figure><\/div>\n\n\n<h2 class=\"gb-headline gb-headline-b91892d7 gb-headline-text\"><a href=\"http:\/\/turismevalles.com\/activitats\/museu-thermalia\/\" target=\"_blank\" rel=\"noreferrer noopener\">Museo Thermalia<\/a><\/h2>\n\n\n\n<p>Thermalia te ofrece la experiencia de descubrir la evoluci\u00f3n del municipio en torno a su rasgo diferenciador: el agua termal.<br\/><\/p>\n<\/div>\n<\/div>\n\n<div class=\"wp-block-columns rutesvalles is-layout-flex wp-container-core-columns-is-layout-9d6595d7 wp-block-columns-is-layout-flex\">\n<div class=\"wp-block-column is-layout-flow wp-block-column-is-layout-flow\"><div class=\"wp-block-image\">\n<figure class=\"aligncenter size-large\"><img loading=\"lazy\" decoding=\"async\" width=\"641\" height=\"396\" src=\"http:\/\/turismevalles.com\/wp-content\/uploads\/2021\/12\/Museu_del_bosc_Vallgorguina01.jpg\" alt=\"\" class=\"wp-image-16958\" srcset=\"https:\/\/turismevalles.com\/wp-content\/uploads\/2021\/12\/Museu_del_bosc_Vallgorguina01.jpg 641w, https:\/\/turismevalles.com\/wp-content\/uploads\/2021\/12\/Museu_del_bosc_Vallgorguina01-300x185.jpg 300w\" sizes=\"auto, (max-width: 641px) 100vw, 641px\" \/><\/figure><\/div>\n\n\n<h2 class=\"gb-headline gb-headline-2521c1b3 gb-headline-text\"><a href=\"http:\/\/turismevalles.com\/activitats\/museu-del-bosc-i-la-pagesia\/\" target=\"_blank\" rel=\"noreferrer noopener\">Museo del Bosque y la Pagesia<\/a><\/h2>\n\n\n\n<p>Oficios y tradiciones del municipio recogidas a partir de los objetos que han aportado los habitantes del pueblo.<\/p>\n<\/div>\n\n\n\n<div class=\"wp-block-column is-layout-flow wp-block-column-is-layout-flow\"><div class=\"wp-block-image is-style-default\">\n<figure class=\"aligncenter size-large\" id=\"Museu-de-ci&#xE8;ncies-naturals\"><img loading=\"lazy\" decoding=\"async\" width=\"1024\" height=\"681\" src=\"http:\/\/turismevalles.com\/wp-content\/uploads\/2023\/06\/MCNG-1024x681.jpg\" alt=\"\" class=\"wp-image-27189\" title=\"Museo de Ciencias Naturales de Granollers\" srcset=\"https:\/\/turismevalles.com\/wp-content\/uploads\/2023\/06\/MCNG-1024x681.jpg 1024w, https:\/\/turismevalles.com\/wp-content\/uploads\/2023\/06\/MCNG-300x200.jpg 300w, https:\/\/turismevalles.com\/wp-content\/uploads\/2023\/06\/MCNG-768x511.jpg 768w, https:\/\/turismevalles.com\/wp-content\/uploads\/2023\/06\/MCNG-391x260.jpg 391w, https:\/\/turismevalles.com\/wp-content\/uploads\/2023\/06\/MCNG-1536x1022.jpg 1536w, https:\/\/turismevalles.com\/wp-content\/uploads\/2023\/06\/MCNG-2048x1363.jpg 2048w\" sizes=\"auto, (max-width: 1024px) 100vw, 1024px\" \/><\/figure><\/div>\n\n\n<h2 class=\"gb-headline gb-headline-5c66d33d gb-headline-text\"><a href=\"http:\/\/turismevalles.com\/activitats\/museu-de-les-ciencies-naturals-de-granollers\/\">Museo de Ciencias Naturales de Granollers<br><br><\/a><\/h2>\n\n\n\n<p>Un museo para descubrir el patrimonio natural de la comarca y acercar la ciencia a peque\u00f1os y mayores.<\/p>\n<\/div>\n\n\n\n<div class=\"wp-block-column is-layout-flow wp-block-column-is-layout-flow\">\n<figure class=\"wp-block-image size-large\"><img loading=\"lazy\" decoding=\"async\" width=\"1024\" height=\"683\" src=\"http:\/\/turismevalles.com\/wp-content\/uploads\/2023\/06\/Adoberia-GranollersIMG-1024x683.jpg\" alt=\"\" class=\"wp-image-27184\" srcset=\"https:\/\/turismevalles.com\/wp-content\/uploads\/2023\/06\/Adoberia-GranollersIMG-1024x683.jpg 1024w, https:\/\/turismevalles.com\/wp-content\/uploads\/2023\/06\/Adoberia-GranollersIMG-300x200.jpg 300w, https:\/\/turismevalles.com\/wp-content\/uploads\/2023\/06\/Adoberia-GranollersIMG-768x512.jpg 768w, https:\/\/turismevalles.com\/wp-content\/uploads\/2023\/06\/Adoberia-GranollersIMG-391x260.jpg 391w, https:\/\/turismevalles.com\/wp-content\/uploads\/2023\/06\/Adoberia-GranollersIMG-1536x1024.jpg 1536w, https:\/\/turismevalles.com\/wp-content\/uploads\/2023\/06\/Adoberia-GranollersIMG-2048x1365.jpg 2048w\" sizes=\"auto, (max-width: 1024px) 100vw, 1024px\" \/><\/figure>\n\n\n\n<h2 class=\"gb-headline gb-headline-00cc5bda gb-headline-text\"><a href=\"https:\/\/museugranollers.cat\/adoberia\" target=\"_blank\" rel=\"noreferrer noopener\">L&#8217;Adoberia<\/a><\/h2>\n\n\n\n<p>Yacimiento arqueol\u00f3gico y centro de interpretaci\u00f3n hist\u00f3rica del Granollers medieval.<\/p>\n<\/div>\n<\/div>\n\n<div class=\"wp-block-columns rutesvalles is-layout-flex wp-container-core-columns-is-layout-9d6595d7 wp-block-columns-is-layout-flex\">\n<div class=\"wp-block-column is-layout-flow wp-block-column-is-layout-flow\">\n<figure class=\"wp-block-image size-large\"><img loading=\"lazy\" decoding=\"async\" width=\"1024\" height=\"683\" src=\"http:\/\/turismevalles.com\/wp-content\/uploads\/2024\/02\/LaGarriga1-1-1024x683.jpg\" alt=\"\" class=\"wp-image-53760\" srcset=\"https:\/\/turismevalles.com\/wp-content\/uploads\/2024\/02\/LaGarriga1-1-1024x683.jpg 1024w, https:\/\/turismevalles.com\/wp-content\/uploads\/2024\/02\/LaGarriga1-1-300x200.jpg 300w, https:\/\/turismevalles.com\/wp-content\/uploads\/2024\/02\/LaGarriga1-1-768x512.jpg 768w, https:\/\/turismevalles.com\/wp-content\/uploads\/2024\/02\/LaGarriga1-1-391x260.jpg 391w, https:\/\/turismevalles.com\/wp-content\/uploads\/2024\/02\/LaGarriga1-1-1536x1024.jpg 1536w, https:\/\/turismevalles.com\/wp-content\/uploads\/2024\/02\/LaGarriga1-1-2048x1365.jpg 2048w\" sizes=\"auto, (max-width: 1024px) 100vw, 1024px\" \/><\/figure>\n\n\n\n<h2 class=\"gb-headline gb-headline-9d1f5618 gb-headline-text\"><a href=\"http:\/\/turismevalles.com\/activitats\/centre-de-visitants-de-la-garriga\/\">Centro de Visitantes de La Garriga<\/a><\/h2>\n\n\n\n<p>Punto de Informaci\u00f3n Tur\u00edstica de la Garriga y del Parque Natural del Montseny. <\/p>\n<\/div>\n\n\n\n<div class=\"wp-block-column is-layout-flow wp-block-column-is-layout-flow\">\n<figure class=\"wp-block-image size-full\"><img loading=\"lazy\" decoding=\"async\" width=\"860\" height=\"678\" src=\"http:\/\/turismevalles.com\/wp-content\/uploads\/2024\/03\/Roca-umbert-3.jpg\" alt=\"\" class=\"wp-image-54368\" style=\"aspect-ratio:3\/2;object-fit:cover\" srcset=\"https:\/\/turismevalles.com\/wp-content\/uploads\/2024\/03\/Roca-umbert-3.jpg 860w, https:\/\/turismevalles.com\/wp-content\/uploads\/2024\/03\/Roca-umbert-3-300x237.jpg 300w, https:\/\/turismevalles.com\/wp-content\/uploads\/2024\/03\/Roca-umbert-3-768x605.jpg 768w\" sizes=\"auto, (max-width: 860px) 100vw, 860px\" \/><\/figure>\n\n\n\n<h2 class=\"gb-headline gb-headline-2c11bb20 gb-headline-text\"><a href=\"http:\/\/turismevalles.com\/activitats\/espai-cultural-roca-umbert\/\">Espacio Cultural Roca Umbert<\/a><\/h2>\n\n\n\n<p>El recinto fabril de la antigua central t\u00e9rmica Roca Umbert es ahora un centro cultural multidisciplinar concebido para reunir a artistas y ciudadanos.<\/p>\n<\/div>\n\n\n\n<div class=\"wp-block-column is-layout-flow wp-block-column-is-layout-flow\">\n<figure class=\"wp-block-image size-large\"><img loading=\"lazy\" decoding=\"async\" width=\"1024\" height=\"768\" src=\"http:\/\/turismevalles.com\/wp-content\/uploads\/2024\/02\/CanXifreda-1-1024x768.jpg\" alt=\"\" class=\"wp-image-53764\" srcset=\"https:\/\/turismevalles.com\/wp-content\/uploads\/2024\/02\/CanXifreda-1-1024x768.jpg 1024w, https:\/\/turismevalles.com\/wp-content\/uploads\/2024\/02\/CanXifreda-1-300x225.jpg 300w, https:\/\/turismevalles.com\/wp-content\/uploads\/2024\/02\/CanXifreda-1-768x576.jpg 768w, https:\/\/turismevalles.com\/wp-content\/uploads\/2024\/02\/CanXifreda-1-1536x1152.jpg 1536w, https:\/\/turismevalles.com\/wp-content\/uploads\/2024\/02\/CanXifreda-1-2048x1536.jpg 2048w\" sizes=\"auto, (max-width: 1024px) 100vw, 1024px\" \/><\/figure>\n\n\n\n<h2 class=\"gb-headline gb-headline-8404badf gb-headline-text\"><a href=\"http:\/\/turismevalles.com\/activitats\/museu-municipal-de-can-xifreda\/\">Museo Municipal de Can Xifreda<\/a><\/h2>\n\n\n\n<p>La casa modernista de Can Xifreda ofrece una exposici\u00f3n de la paleontolog\u00eda de los Cingles de Bert\u00ed.<\/p>\n<\/div>\n<\/div>\n\n<div class=\"wp-block-columns rutesvalles is-layout-flex wp-container-core-columns-is-layout-9d6595d7 wp-block-columns-is-layout-flex\">\n<div class=\"wp-block-column is-layout-flow wp-block-column-is-layout-flow\">\n<figure class=\"wp-block-image size-large\"><img loading=\"lazy\" decoding=\"async\" width=\"1024\" height=\"685\" src=\"https:\/\/turismevalles.com\/wp-content\/uploads\/2024\/02\/Fira-del-rellotge-Sant-Feliu-35-Manel-Cuesta-_11zon-1024x685.jpg\" alt=\"Museo del reloj de Sant Feliu de Codines\" class=\"wp-image-65313\" srcset=\"https:\/\/turismevalles.com\/wp-content\/uploads\/2024\/02\/Fira-del-rellotge-Sant-Feliu-35-Manel-Cuesta-_11zon-1024x685.jpg 1024w, https:\/\/turismevalles.com\/wp-content\/uploads\/2024\/02\/Fira-del-rellotge-Sant-Feliu-35-Manel-Cuesta-_11zon-300x201.jpg 300w, https:\/\/turismevalles.com\/wp-content\/uploads\/2024\/02\/Fira-del-rellotge-Sant-Feliu-35-Manel-Cuesta-_11zon-768x514.jpg 768w, https:\/\/turismevalles.com\/wp-content\/uploads\/2024\/02\/Fira-del-rellotge-Sant-Feliu-35-Manel-Cuesta-_11zon-1536x1028.jpg 1536w, https:\/\/turismevalles.com\/wp-content\/uploads\/2024\/02\/Fira-del-rellotge-Sant-Feliu-35-Manel-Cuesta-_11zon-2048x1371.jpg 2048w\" sizes=\"auto, (max-width: 1024px) 100vw, 1024px\" \/><\/figure>\n\n\n\n<h2 class=\"gb-headline gb-headline-33746158 gb-headline-text\"><a href=\"http:\/\/turismevalles.com\/activitats\/museu-del-rellotge\/\">Museo del Reloj<\/a><\/h2>\n\n\n\n<p>Se expone diferentes elementos y colecciones relacionados con todo tipo de relojes.<\/p>\n<\/div>\n\n\n\n<div class=\"wp-block-column is-layout-flow wp-block-column-is-layout-flow\">\n<figure class=\"wp-block-image size-full\"><img loading=\"lazy\" decoding=\"async\" width=\"977\" height=\"674\" src=\"http:\/\/turismevalles.com\/wp-content\/uploads\/2024\/02\/CMAgusti-2.jpg\" alt=\"\" class=\"wp-image-53779\" srcset=\"https:\/\/turismevalles.com\/wp-content\/uploads\/2024\/02\/CMAgusti-2.jpg 977w, https:\/\/turismevalles.com\/wp-content\/uploads\/2024\/02\/CMAgusti-2-300x207.jpg 300w, https:\/\/turismevalles.com\/wp-content\/uploads\/2024\/02\/CMAgusti-2-768x530.jpg 768w\" sizes=\"auto, (max-width: 977px) 100vw, 977px\" \/><\/figure>\n\n\n\n<h2 class=\"gb-headline gb-headline-3d34197f gb-headline-text\"><a href=\"http:\/\/turismevalles.com\/activitats\/casa-museu-lagusti\/\">Casa Museo Agust\u00ed<\/a><\/h2>\n\n\n\n<p>La Casa Museo Agust\u00ed te ofrece experimentar la vida de los campesinos de los siglos XVII y XVIII.<\/p>\n<\/div>\n<\/div>\n\n<hr class=\"wp-block-separator has-css-opacity\"\/>\n\n<div style=\"height:32px\" aria-hidden=\"true\" class=\"wp-block-spacer\"><\/div>\n\n<h2 class=\"wp-block-heading\">\u00bfConoces el PassMuseum?<\/h2>\n\n<div class=\"wp-block-media-text alignwide is-stacked-on-mobile\"><figure class=\"wp-block-media-text__media\"><img loading=\"lazy\" decoding=\"async\" width=\"720\" height=\"302\" src=\"http:\/\/turismevalles.com\/wp-content\/uploads\/2021\/08\/turismevalles4935.jpeg\" alt=\"\" class=\"wp-image-15278 size-full\" srcset=\"https:\/\/turismevalles.com\/wp-content\/uploads\/2021\/08\/turismevalles4935.jpeg 720w, https:\/\/turismevalles.com\/wp-content\/uploads\/2021\/08\/turismevalles4935-300x126.jpeg 300w\" sizes=\"auto, (max-width: 720px) 100vw, 720px\" \/><\/figure><div class=\"wp-block-media-text__content\">\n<p>Si te apasiona la cultura y la gastronom\u00eda, el PassMuseum combina visitas guiadas al <a href=\"http:\/\/turismevalles.com\/activitats\/manolo-hugue-i-pablo-picasso-al-museu-thermalia\/\" target=\"_blank\" rel=\"noreferrer noopener\"><strong>Museo Thermalia de Caldes de Montbui<\/strong><\/a>; en el <a href=\"http:\/\/turismevalles.com\/activitats\/museu-arxiu-tomas-balvey\/\" target=\"_blank\" rel=\"noreferrer noopener\"><strong>Museo Archivo Tom\u00e0s Balvey de Cardedeu<\/strong><\/a>, en el <a href=\"http:\/\/turismevalles.com\/activitats\/museu-de-granollers\/\" target=\"_blank\" rel=\"noreferrer noopener\"><strong>Museo de Granollers<\/strong><\/a>, en el <a href=\"http:\/\/turismevalles.com\/activitats\/museu-abello\/\" target=\"_blank\" rel=\"noreferrer noopener\"><strong>Museo Abell\u00f3 de Mollet del Vall\u00e8s<\/strong><\/a> y en el <a href=\"http:\/\/turismevalles.com\/activitats\/museu-de-montmelo\/\" target=\"_blank\" rel=\"noreferrer noopener\">Museo de Montmel\u00f3<\/a>; con degustaciones gastron\u00f3micas y actividades de descubrimiento del entorno.<\/p>\n\n\n\n<p>Para m\u00e1s informaci\u00f3n, clica <strong><a href=\"http:\/\/turismevalles.com\/activitats\/passmuseum\/\" target=\"_blank\" rel=\"noreferrer noopener\">aqu\u00ed<\/a><\/strong>.<\/p>\n<\/div><\/div>\n\n<p><\/p>\n","protected":false},"featured_media":0,"template":"","poblacions":[],"valles_oriental_contingut":[284],"tipologia_estada":[],"class_list":["post-16594","valles_oriental","type-valles_oriental","status-publish","hentry","valles_oriental_contingut-patrimonio-arquitectonico-y-arqueologico","generate-columns","tablet-grid-50","mobile-grid-100","grid-parent","grid-33"],"acf":[],"yoast_head":"<!-- This site is optimized with the Yoast SEO plugin v26.4 - https:\/\/yoast.com\/wordpress\/plugins\/seo\/ -->\n<title>Museos - Turisme Vall\u00e8s<\/title>\n<meta name=\"description\" content=\"SI eres amante de la cultura y te gusta descubrir las ra\u00edces y el arte de un territorio, no te pierdas las propuestas culturales del Vall\u00e8s Oriental.\" \/>\n<meta name=\"robots\" content=\"index, follow, max-snippet:-1, max-image-preview:large, max-video-preview:-1\" \/>\n<link rel=\"canonical\" href=\"https:\/\/turismevalles.com\/es\/valles_oriental\/museos-y-centros-de-interpretacion\/\" \/>\n<meta property=\"og:locale\" content=\"es_ES\" \/>\n<meta property=\"og:type\" content=\"article\" \/>\n<meta property=\"og:title\" content=\"Museos - Turisme Vall\u00e8s\" \/>\n<meta property=\"og:description\" content=\"SI eres amante de la cultura y te gusta descubrir las ra\u00edces y el arte de un territorio, no te pierdas las propuestas culturales del Vall\u00e8s Oriental.\" \/>\n<meta property=\"og:url\" content=\"https:\/\/turismevalles.com\/es\/valles_oriental\/museos-y-centros-de-interpretacion\/\" \/>\n<meta property=\"og:site_name\" content=\"Turisme Vall\u00e8s\" \/>\n<meta property=\"article:modified_time\" content=\"2026-07-07T12:01:53+00:00\" \/>\n<meta property=\"og:image\" content=\"https:\/\/turismevalles.com\/wp-content\/uploads\/2021\/08\/Abello-1.jpg\" \/>\n\t<meta property=\"og:image:width\" content=\"1296\" \/>\n\t<meta property=\"og:image:height\" content=\"864\" \/>\n\t<meta property=\"og:image:type\" content=\"image\/jpeg\" \/>\n<meta name=\"twitter:card\" content=\"summary_large_image\" \/>\n<meta name=\"twitter:label1\" content=\"Tiempo de lectura\" \/>\n\t<meta name=\"twitter:data1\" content=\"2 minutos\" \/>\n<script type=\"application\/ld+json\" class=\"yoast-schema-graph\">{\"@context\":\"https:\/\/schema.org\",\"@graph\":[{\"@type\":\"WebPage\",\"@id\":\"https:\/\/turismevalles.com\/es\/valles_oriental\/museos-y-centros-de-interpretacion\/\",\"url\":\"https:\/\/turismevalles.com\/es\/valles_oriental\/museos-y-centros-de-interpretacion\/\",\"name\":\"Museos - Turisme Vall\u00e8s\",\"isPartOf\":{\"@id\":\"https:\/\/turismevalles.com\/en\/#website\"},\"primaryImageOfPage\":{\"@id\":\"https:\/\/turismevalles.com\/es\/valles_oriental\/museos-y-centros-de-interpretacion\/#primaryimage\"},\"image\":{\"@id\":\"https:\/\/turismevalles.com\/es\/valles_oriental\/museos-y-centros-de-interpretacion\/#primaryimage\"},\"thumbnailUrl\":\"http:\/\/turismevalles.com\/wp-content\/uploads\/2021\/08\/Abello-1-1024x683.jpg\",\"datePublished\":\"2021-11-17T11:10:46+00:00\",\"dateModified\":\"2026-07-07T12:01:53+00:00\",\"description\":\"SI eres amante de la cultura y te gusta descubrir las ra\u00edces y el arte de un territorio, no te pierdas las propuestas culturales del Vall\u00e8s Oriental.\",\"breadcrumb\":{\"@id\":\"https:\/\/turismevalles.com\/es\/valles_oriental\/museos-y-centros-de-interpretacion\/#breadcrumb\"},\"inLanguage\":\"es\",\"potentialAction\":[{\"@type\":\"ReadAction\",\"target\":[\"https:\/\/turismevalles.com\/es\/valles_oriental\/museos-y-centros-de-interpretacion\/\"]}]},{\"@type\":\"ImageObject\",\"inLanguage\":\"es\",\"@id\":\"https:\/\/turismevalles.com\/es\/valles_oriental\/museos-y-centros-de-interpretacion\/#primaryimage\",\"url\":\"http:\/\/turismevalles.com\/wp-content\/uploads\/2021\/08\/Abello-1-1024x683.jpg\",\"contentUrl\":\"http:\/\/turismevalles.com\/wp-content\/uploads\/2021\/08\/Abello-1-1024x683.jpg\"},{\"@type\":\"BreadcrumbList\",\"@id\":\"https:\/\/turismevalles.com\/es\/valles_oriental\/museos-y-centros-de-interpretacion\/#breadcrumb\",\"itemListElement\":[{\"@type\":\"ListItem\",\"position\":1,\"name\":\"Inicio\",\"item\":\"https:\/\/turismevalles.com\/es\/\"},{\"@type\":\"ListItem\",\"position\":2,\"name\":\"Vall\u00e8s Oriental\",\"item\":\"https:\/\/turismevalles.com\/valles_oriental\/\"},{\"@type\":\"ListItem\",\"position\":3,\"name\":\"Museos\"}]},{\"@type\":\"WebSite\",\"@id\":\"https:\/\/turismevalles.com\/en\/#website\",\"url\":\"https:\/\/turismevalles.com\/en\/\",\"name\":\"Turisme Vall\u00e8s\",\"description\":\"\",\"publisher\":{\"@id\":\"https:\/\/turismevalles.com\/en\/#organization\"},\"potentialAction\":[{\"@type\":\"SearchAction\",\"target\":{\"@type\":\"EntryPoint\",\"urlTemplate\":\"https:\/\/turismevalles.com\/en\/?s={search_term_string}\"},\"query-input\":{\"@type\":\"PropertyValueSpecification\",\"valueRequired\":true,\"valueName\":\"search_term_string\"}}],\"inLanguage\":\"es\"},{\"@type\":\"Organization\",\"@id\":\"https:\/\/turismevalles.com\/en\/#organization\",\"name\":\"Turisme Vall\u00e8s\",\"url\":\"https:\/\/turismevalles.com\/en\/\",\"logo\":{\"@type\":\"ImageObject\",\"inLanguage\":\"es\",\"@id\":\"https:\/\/turismevalles.com\/en\/#\/schema\/logo\/image\/\",\"url\":\"https:\/\/turismevalles.com\/wp-content\/uploads\/2020\/08\/cropped-logo_ca-2.png\",\"contentUrl\":\"https:\/\/turismevalles.com\/wp-content\/uploads\/2020\/08\/cropped-logo_ca-2.png\",\"width\":314,\"height\":85,\"caption\":\"Turisme Vall\u00e8s\"},\"image\":{\"@id\":\"https:\/\/turismevalles.com\/en\/#\/schema\/logo\/image\/\"}}]}<\/script>\n<!-- \/ Yoast SEO plugin. -->","yoast_head_json":{"title":"Museos - Turisme Vall\u00e8s","description":"SI eres amante de la cultura y te gusta descubrir las ra\u00edces y el arte de un territorio, no te pierdas las propuestas culturales del Vall\u00e8s Oriental.","robots":{"index":"index","follow":"follow","max-snippet":"max-snippet:-1","max-image-preview":"max-image-preview:large","max-video-preview":"max-video-preview:-1"},"canonical":"https:\/\/turismevalles.com\/es\/valles_oriental\/museos-y-centros-de-interpretacion\/","og_locale":"es_ES","og_type":"article","og_title":"Museos - Turisme Vall\u00e8s","og_description":"SI eres amante de la cultura y te gusta descubrir las ra\u00edces y el arte de un territorio, no te pierdas las propuestas culturales del Vall\u00e8s Oriental.","og_url":"https:\/\/turismevalles.com\/es\/valles_oriental\/museos-y-centros-de-interpretacion\/","og_site_name":"Turisme Vall\u00e8s","article_modified_time":"2026-07-07T12:01:53+00:00","og_image":[{"width":1296,"height":864,"url":"https:\/\/turismevalles.com\/wp-content\/uploads\/2021\/08\/Abello-1.jpg","type":"image\/jpeg"}],"twitter_card":"summary_large_image","twitter_misc":{"Tiempo de lectura":"2 minutos"},"schema":{"@context":"https:\/\/schema.org","@graph":[{"@type":"WebPage","@id":"https:\/\/turismevalles.com\/es\/valles_oriental\/museos-y-centros-de-interpretacion\/","url":"https:\/\/turismevalles.com\/es\/valles_oriental\/museos-y-centros-de-interpretacion\/","name":"Museos - Turisme Vall\u00e8s","isPartOf":{"@id":"https:\/\/turismevalles.com\/en\/#website"},"primaryImageOfPage":{"@id":"https:\/\/turismevalles.com\/es\/valles_oriental\/museos-y-centros-de-interpretacion\/#primaryimage"},"image":{"@id":"https:\/\/turismevalles.com\/es\/valles_oriental\/museos-y-centros-de-interpretacion\/#primaryimage"},"thumbnailUrl":"http:\/\/turismevalles.com\/wp-content\/uploads\/2021\/08\/Abello-1-1024x683.jpg","datePublished":"2021-11-17T11:10:46+00:00","dateModified":"2026-07-07T12:01:53+00:00","description":"SI eres amante de la cultura y te gusta descubrir las ra\u00edces y el arte de un territorio, no te pierdas las propuestas culturales del Vall\u00e8s Oriental.","breadcrumb":{"@id":"https:\/\/turismevalles.com\/es\/valles_oriental\/museos-y-centros-de-interpretacion\/#breadcrumb"},"inLanguage":"es","potentialAction":[{"@type":"ReadAction","target":["https:\/\/turismevalles.com\/es\/valles_oriental\/museos-y-centros-de-interpretacion\/"]}]},{"@type":"ImageObject","inLanguage":"es","@id":"https:\/\/turismevalles.com\/es\/valles_oriental\/museos-y-centros-de-interpretacion\/#primaryimage","url":"http:\/\/turismevalles.com\/wp-content\/uploads\/2021\/08\/Abello-1-1024x683.jpg","contentUrl":"http:\/\/turismevalles.com\/wp-content\/uploads\/2021\/08\/Abello-1-1024x683.jpg"},{"@type":"BreadcrumbList","@id":"https:\/\/turismevalles.com\/es\/valles_oriental\/museos-y-centros-de-interpretacion\/#breadcrumb","itemListElement":[{"@type":"ListItem","position":1,"name":"Inicio","item":"https:\/\/turismevalles.com\/es\/"},{"@type":"ListItem","position":2,"name":"Vall\u00e8s Oriental","item":"https:\/\/turismevalles.com\/valles_oriental\/"},{"@type":"ListItem","position":3,"name":"Museos"}]},{"@type":"WebSite","@id":"https:\/\/turismevalles.com\/en\/#website","url":"https:\/\/turismevalles.com\/en\/","name":"Turisme Vall\u00e8s","description":"","publisher":{"@id":"https:\/\/turismevalles.com\/en\/#organization"},"potentialAction":[{"@type":"SearchAction","target":{"@type":"EntryPoint","urlTemplate":"https:\/\/turismevalles.com\/en\/?s={search_term_string}"},"query-input":{"@type":"PropertyValueSpecification","valueRequired":true,"valueName":"search_term_string"}}],"inLanguage":"es"},{"@type":"Organization","@id":"https:\/\/turismevalles.com\/en\/#organization","name":"Turisme Vall\u00e8s","url":"https:\/\/turismevalles.com\/en\/","logo":{"@type":"ImageObject","inLanguage":"es","@id":"https:\/\/turismevalles.com\/en\/#\/schema\/logo\/image\/","url":"https:\/\/turismevalles.com\/wp-content\/uploads\/2020\/08\/cropped-logo_ca-2.png","contentUrl":"https:\/\/turismevalles.com\/wp-content\/uploads\/2020\/08\/cropped-logo_ca-2.png","width":314,"height":85,"caption":"Turisme Vall\u00e8s"},"image":{"@id":"https:\/\/turismevalles.com\/en\/#\/schema\/logo\/image\/"}}]}},"uagb_featured_image_src":{"full":false,"thumbnail":false,"medium":false,"medium_large":false,"large":false,"thumblist":false,"meccarouselthumb":false,"gridsquare":false,"tileview":false,"1536x1536":false,"2048x2048":false},"uagb_author_info":{"display_name":"Turisme Valles","author_link":"https:\/\/turismevalles.com\/es\/author\/"},"uagb_comment_info":0,"uagb_excerpt":"Si eres amantes de la cultura y te gusta descubrir las ra\u00edces y el arte de un territorio, no te pierdas estas propuestas. Casa del ... Veure m\u00e9s","_links":{"self":[{"href":"https:\/\/turismevalles.com\/es\/wp-json\/wp\/v2\/valles_oriental\/16594","targetHints":{"allow":["GET"]}}],"collection":[{"href":"https:\/\/turismevalles.com\/es\/wp-json\/wp\/v2\/valles_oriental"}],"about":[{"href":"https:\/\/turismevalles.com\/es\/wp-json\/wp\/v2\/types\/valles_oriental"}],"wp:attachment":[{"href":"https:\/\/turismevalles.com\/es\/wp-json\/wp\/v2\/media?parent=16594"}],"wp:term":[{"taxonomy":"poblacions","embeddable":true,"href":"https:\/\/turismevalles.com\/es\/wp-json\/wp\/v2\/poblacions?post=16594"},{"taxonomy":"valles_oriental_contingut","embeddable":true,"href":"https:\/\/turismevalles.com\/es\/wp-json\/wp\/v2\/valles_oriental_contingut?post=16594"},{"taxonomy":"tipologia_estada","embeddable":true,"href":"https:\/\/turismevalles.com\/es\/wp-json\/wp\/v2\/tipologia_estada?post=16594"}],"curies":[{"name":"wp","href":"https:\/\/api.w.org\/{rel}","templated":true}]}}