{"id":18105,"date":"2022-02-08T15:53:32","date_gmt":"2022-02-08T14:53:32","guid":{"rendered":"http:\/\/turismevalles.com.mialias.net\/valles_oriental\/eventos-de-ciclismo\/"},"modified":"2022-02-08T15:54:09","modified_gmt":"2022-02-08T14:54:09","slug":"eventos-de-ciclismo","status":"publish","type":"valles_oriental","link":"https:\/\/turismevalles.com\/es\/valles_oriental\/eventos-de-ciclismo\/","title":{"rendered":"Eventos de ciclismo"},"content":{"rendered":"\n<p>\u00bfTe gustar\u00eda participar en alguno de los eventos m\u00e1s importantes que se realizan en la comarca en ciclismo? o igual quieres asistir de p\u00fablico. No te pierdas estas propuestas.<\/p>\n\n<div class=\"wp-block-columns rutesvalles is-layout-flex wp-container-core-columns-is-layout-9d6595d7 wp-block-columns-is-layout-flex\">\n<div class=\"wp-block-column is-layout-flow wp-block-column-is-layout-flow\">\n<div class=\"wp-block-image\"><figure class=\"aligncenter size-large\"><img loading=\"lazy\" decoding=\"async\" width=\"1024\" height=\"682\" src=\"http:\/\/turismevalles.com\/wp-content\/uploads\/2021\/02\/prehistorica_la_roca_del_vallesFoto_Manel_Cuesta25-1024x682.jpg\" alt=\"\" class=\"wp-image-12363\" srcset=\"https:\/\/turismevalles.com\/wp-content\/uploads\/2021\/02\/prehistorica_la_roca_del_vallesFoto_Manel_Cuesta25-1024x682.jpg 1024w, https:\/\/turismevalles.com\/wp-content\/uploads\/2021\/02\/prehistorica_la_roca_del_vallesFoto_Manel_Cuesta25-300x200.jpg 300w, https:\/\/turismevalles.com\/wp-content\/uploads\/2021\/02\/prehistorica_la_roca_del_vallesFoto_Manel_Cuesta25-768x511.jpg 768w, https:\/\/turismevalles.com\/wp-content\/uploads\/2021\/02\/prehistorica_la_roca_del_vallesFoto_Manel_Cuesta25-391x260.jpg 391w, https:\/\/turismevalles.com\/wp-content\/uploads\/2021\/02\/prehistorica_la_roca_del_vallesFoto_Manel_Cuesta25-1536x1022.jpg 1536w, https:\/\/turismevalles.com\/wp-content\/uploads\/2021\/02\/prehistorica_la_roca_del_vallesFoto_Manel_Cuesta25-2048x1363.jpg 2048w\" sizes=\"auto, (max-width: 1024px) 100vw, 1024px\" \/><\/figure><\/div>\n\n\n\n<h2 class=\"gb-headline gb-headline-8e884d61 gb-headline-text\"><a href=\"http:\/\/www.larocaenbike.com\/prehistorica\/index.html#slide01\" target=\"_blank\" rel=\"noreferrer noopener\">Pedaleada Prehist\u00f3rica<\/a><\/h2>\n<\/div>\n\n\n\n<div class=\"wp-block-column is-layout-flow wp-block-column-is-layout-flow\">\n<div class=\"wp-block-image\"><figure class=\"aligncenter size-large\"><img loading=\"lazy\" decoding=\"async\" width=\"308\" height=\"248\" src=\"http:\/\/turismevalles.com\/wp-content\/uploads\/2022\/01\/logo-rutesdelmontseny.png\" alt=\"\" class=\"wp-image-17535\" srcset=\"https:\/\/turismevalles.com\/wp-content\/uploads\/2022\/01\/logo-rutesdelmontseny.png 308w, https:\/\/turismevalles.com\/wp-content\/uploads\/2022\/01\/logo-rutesdelmontseny-300x242.png 300w\" sizes=\"auto, (max-width: 308px) 100vw, 308px\" \/><\/figure><\/div>\n\n\n\n<h2 class=\"gb-headline gb-headline-b4cf2d2b gb-headline-text\"><a href=\"http:\/\/www.rutesdelmontseny.com\/\" target=\"_blank\" rel=\"noreferrer noopener\">Marcha Cicloturista Montseny<\/a><\/h2>\n<\/div>\n\n\n\n<div class=\"wp-block-column is-layout-flow wp-block-column-is-layout-flow\">\n<div class=\"wp-block-image\"><figure class=\"aligncenter size-large\"><img loading=\"lazy\" decoding=\"async\" width=\"1024\" height=\"575\" src=\"http:\/\/turismevalles.com\/wp-content\/uploads\/2022\/01\/logocolor-1024x575.png\" alt=\"\" class=\"wp-image-17540\" srcset=\"https:\/\/turismevalles.com\/wp-content\/uploads\/2022\/01\/logocolor-1024x575.png 1024w, https:\/\/turismevalles.com\/wp-content\/uploads\/2022\/01\/logocolor-300x168.png 300w, https:\/\/turismevalles.com\/wp-content\/uploads\/2022\/01\/logocolor-768x431.png 768w, https:\/\/turismevalles.com\/wp-content\/uploads\/2022\/01\/logocolor.png 1359w\" sizes=\"auto, (max-width: 1024px) 100vw, 1024px\" \/><\/figure><\/div>\n\n\n\n<h2 class=\"gb-headline gb-headline-72c1d6cb gb-headline-text\"><a href=\"https:\/\/www.ciclisme.cat\/\" target=\"_blank\" rel=\"noreferrer noopener\">Federaci\u00f3n catalana de ciclismo<\/a><\/h2>\n<\/div>\n<\/div>\n\n<div style=\"height:32px\" aria-hidden=\"true\" class=\"wp-block-spacer\"><\/div>\n\n<p><\/p>\n","protected":false},"featured_media":16660,"template":"","poblacions":[],"valles_oriental_contingut":[318],"tipologia_estada":[261,1618],"class_list":["post-18105","valles_oriental","type-valles_oriental","status-publish","has-post-thumbnail","hentry","valles_oriental_contingut-deporte","tipologia_estada-con-amigos","tipologia_estada-single-es","generate-columns","tablet-grid-50","mobile-grid-100","grid-parent","grid-33"],"acf":[],"yoast_head":"<!-- This site is optimized with the Yoast SEO plugin v26.4 - https:\/\/yoast.com\/wordpress\/plugins\/seo\/ -->\n<title>Eventos de ciclismo - Turisme Vall\u00e8s<\/title>\n<meta name=\"description\" content=\"\u00bfTe gustar\u00eda participar en alguno de los eventos m\u00e1s importantes que se realizan en la comarca en ciclismo? No te pierdas estas propuestas.\" \/>\n<meta name=\"robots\" content=\"index, follow, max-snippet:-1, max-image-preview:large, max-video-preview:-1\" \/>\n<link rel=\"canonical\" href=\"https:\/\/turismevalles.com\/valles_oriental\/esdeveniments-ciclisme\/\" \/>\n<meta property=\"og:locale\" content=\"es_ES\" \/>\n<meta property=\"og:type\" content=\"article\" \/>\n<meta property=\"og:title\" content=\"Eventos de ciclismo - Turisme Vall\u00e8s\" \/>\n<meta property=\"og:description\" content=\"\u00bfTe gustar\u00eda participar en alguno de los eventos m\u00e1s importantes que se realizan en la comarca en ciclismo? No te pierdas estas propuestas.\" \/>\n<meta property=\"og:url\" content=\"https:\/\/turismevalles.com\/valles_oriental\/esdeveniments-ciclisme\/\" \/>\n<meta property=\"og:site_name\" content=\"Turisme Vall\u00e8s\" \/>\n<meta property=\"article:modified_time\" content=\"2022-02-08T14:54:09+00:00\" \/>\n<meta property=\"og:image\" content=\"https:\/\/turismevalles.com\/wp-content\/uploads\/2021\/11\/Prehistorica-de-La-Roca-del-Valles-Foto-Manel-Cuesta-00-scaled.jpg\" \/>\n\t<meta property=\"og:image:width\" content=\"2560\" \/>\n\t<meta property=\"og:image:height\" content=\"1704\" \/>\n\t<meta property=\"og:image:type\" content=\"image\/jpeg\" \/>\n<meta name=\"twitter:card\" content=\"summary_large_image\" \/>\n<script type=\"application\/ld+json\" class=\"yoast-schema-graph\">{\"@context\":\"https:\/\/schema.org\",\"@graph\":[{\"@type\":\"WebPage\",\"@id\":\"https:\/\/turismevalles.com\/valles_oriental\/esdeveniments-ciclisme\/\",\"url\":\"https:\/\/turismevalles.com\/valles_oriental\/esdeveniments-ciclisme\/\",\"name\":\"Eventos de ciclismo - Turisme Vall\u00e8s\",\"isPartOf\":{\"@id\":\"https:\/\/turismevalles.com\/en\/#website\"},\"primaryImageOfPage\":{\"@id\":\"https:\/\/turismevalles.com\/valles_oriental\/esdeveniments-ciclisme\/#primaryimage\"},\"image\":{\"@id\":\"https:\/\/turismevalles.com\/valles_oriental\/esdeveniments-ciclisme\/#primaryimage\"},\"thumbnailUrl\":\"https:\/\/turismevalles.com\/wp-content\/uploads\/2021\/11\/Prehistorica-de-La-Roca-del-Valles-Foto-Manel-Cuesta-00-scaled.jpg\",\"datePublished\":\"2022-02-08T14:53:32+00:00\",\"dateModified\":\"2022-02-08T14:54:09+00:00\",\"description\":\"\u00bfTe gustar\u00eda participar en alguno de los eventos m\u00e1s importantes que se realizan en la comarca en ciclismo? No te pierdas estas propuestas.\",\"breadcrumb\":{\"@id\":\"https:\/\/turismevalles.com\/valles_oriental\/esdeveniments-ciclisme\/#breadcrumb\"},\"inLanguage\":\"es\",\"potentialAction\":[{\"@type\":\"ReadAction\",\"target\":[\"https:\/\/turismevalles.com\/valles_oriental\/esdeveniments-ciclisme\/\"]}]},{\"@type\":\"ImageObject\",\"inLanguage\":\"es\",\"@id\":\"https:\/\/turismevalles.com\/valles_oriental\/esdeveniments-ciclisme\/#primaryimage\",\"url\":\"https:\/\/turismevalles.com\/wp-content\/uploads\/2021\/11\/Prehistorica-de-La-Roca-del-Valles-Foto-Manel-Cuesta-00-scaled.jpg\",\"contentUrl\":\"https:\/\/turismevalles.com\/wp-content\/uploads\/2021\/11\/Prehistorica-de-La-Roca-del-Valles-Foto-Manel-Cuesta-00-scaled.jpg\",\"width\":2560,\"height\":1704},{\"@type\":\"BreadcrumbList\",\"@id\":\"https:\/\/turismevalles.com\/valles_oriental\/esdeveniments-ciclisme\/#breadcrumb\",\"itemListElement\":[{\"@type\":\"ListItem\",\"position\":1,\"name\":\"Inicio\",\"item\":\"https:\/\/turismevalles.com\/es\/\"},{\"@type\":\"ListItem\",\"position\":2,\"name\":\"Vall\u00e8s Oriental\",\"item\":\"https:\/\/turismevalles.com\/valles_oriental\/\"},{\"@type\":\"ListItem\",\"position\":3,\"name\":\"Eventos de ciclismo\"}]},{\"@type\":\"WebSite\",\"@id\":\"https:\/\/turismevalles.com\/en\/#website\",\"url\":\"https:\/\/turismevalles.com\/en\/\",\"name\":\"Turisme Vall\u00e8s\",\"description\":\"\",\"publisher\":{\"@id\":\"https:\/\/turismevalles.com\/en\/#organization\"},\"potentialAction\":[{\"@type\":\"SearchAction\",\"target\":{\"@type\":\"EntryPoint\",\"urlTemplate\":\"https:\/\/turismevalles.com\/en\/?s={search_term_string}\"},\"query-input\":{\"@type\":\"PropertyValueSpecification\",\"valueRequired\":true,\"valueName\":\"search_term_string\"}}],\"inLanguage\":\"es\"},{\"@type\":\"Organization\",\"@id\":\"https:\/\/turismevalles.com\/en\/#organization\",\"name\":\"Turisme Vall\u00e8s\",\"url\":\"https:\/\/turismevalles.com\/en\/\",\"logo\":{\"@type\":\"ImageObject\",\"inLanguage\":\"es\",\"@id\":\"https:\/\/turismevalles.com\/en\/#\/schema\/logo\/image\/\",\"url\":\"https:\/\/turismevalles.com\/wp-content\/uploads\/2020\/08\/cropped-logo_ca-2.png\",\"contentUrl\":\"https:\/\/turismevalles.com\/wp-content\/uploads\/2020\/08\/cropped-logo_ca-2.png\",\"width\":314,\"height\":85,\"caption\":\"Turisme Vall\u00e8s\"},\"image\":{\"@id\":\"https:\/\/turismevalles.com\/en\/#\/schema\/logo\/image\/\"}}]}<\/script>\n<!-- \/ Yoast SEO plugin. -->","yoast_head_json":{"title":"Eventos de ciclismo - Turisme Vall\u00e8s","description":"\u00bfTe gustar\u00eda participar en alguno de los eventos m\u00e1s importantes que se realizan en la comarca en ciclismo? No te pierdas estas propuestas.","robots":{"index":"index","follow":"follow","max-snippet":"max-snippet:-1","max-image-preview":"max-image-preview:large","max-video-preview":"max-video-preview:-1"},"canonical":"https:\/\/turismevalles.com\/valles_oriental\/esdeveniments-ciclisme\/","og_locale":"es_ES","og_type":"article","og_title":"Eventos de ciclismo - Turisme Vall\u00e8s","og_description":"\u00bfTe gustar\u00eda participar en alguno de los eventos m\u00e1s importantes que se realizan en la comarca en ciclismo? No te pierdas estas propuestas.","og_url":"https:\/\/turismevalles.com\/valles_oriental\/esdeveniments-ciclisme\/","og_site_name":"Turisme Vall\u00e8s","article_modified_time":"2022-02-08T14:54:09+00:00","og_image":[{"width":2560,"height":1704,"url":"https:\/\/turismevalles.com\/wp-content\/uploads\/2021\/11\/Prehistorica-de-La-Roca-del-Valles-Foto-Manel-Cuesta-00-scaled.jpg","type":"image\/jpeg"}],"twitter_card":"summary_large_image","schema":{"@context":"https:\/\/schema.org","@graph":[{"@type":"WebPage","@id":"https:\/\/turismevalles.com\/valles_oriental\/esdeveniments-ciclisme\/","url":"https:\/\/turismevalles.com\/valles_oriental\/esdeveniments-ciclisme\/","name":"Eventos de ciclismo - Turisme Vall\u00e8s","isPartOf":{"@id":"https:\/\/turismevalles.com\/en\/#website"},"primaryImageOfPage":{"@id":"https:\/\/turismevalles.com\/valles_oriental\/esdeveniments-ciclisme\/#primaryimage"},"image":{"@id":"https:\/\/turismevalles.com\/valles_oriental\/esdeveniments-ciclisme\/#primaryimage"},"thumbnailUrl":"https:\/\/turismevalles.com\/wp-content\/uploads\/2021\/11\/Prehistorica-de-La-Roca-del-Valles-Foto-Manel-Cuesta-00-scaled.jpg","datePublished":"2022-02-08T14:53:32+00:00","dateModified":"2022-02-08T14:54:09+00:00","description":"\u00bfTe gustar\u00eda participar en alguno de los eventos m\u00e1s importantes que se realizan en la comarca en ciclismo? No te pierdas estas propuestas.","breadcrumb":{"@id":"https:\/\/turismevalles.com\/valles_oriental\/esdeveniments-ciclisme\/#breadcrumb"},"inLanguage":"es","potentialAction":[{"@type":"ReadAction","target":["https:\/\/turismevalles.com\/valles_oriental\/esdeveniments-ciclisme\/"]}]},{"@type":"ImageObject","inLanguage":"es","@id":"https:\/\/turismevalles.com\/valles_oriental\/esdeveniments-ciclisme\/#primaryimage","url":"https:\/\/turismevalles.com\/wp-content\/uploads\/2021\/11\/Prehistorica-de-La-Roca-del-Valles-Foto-Manel-Cuesta-00-scaled.jpg","contentUrl":"https:\/\/turismevalles.com\/wp-content\/uploads\/2021\/11\/Prehistorica-de-La-Roca-del-Valles-Foto-Manel-Cuesta-00-scaled.jpg","width":2560,"height":1704},{"@type":"BreadcrumbList","@id":"https:\/\/turismevalles.com\/valles_oriental\/esdeveniments-ciclisme\/#breadcrumb","itemListElement":[{"@type":"ListItem","position":1,"name":"Inicio","item":"https:\/\/turismevalles.com\/es\/"},{"@type":"ListItem","position":2,"name":"Vall\u00e8s Oriental","item":"https:\/\/turismevalles.com\/valles_oriental\/"},{"@type":"ListItem","position":3,"name":"Eventos de ciclismo"}]},{"@type":"WebSite","@id":"https:\/\/turismevalles.com\/en\/#website","url":"https:\/\/turismevalles.com\/en\/","name":"Turisme Vall\u00e8s","description":"","publisher":{"@id":"https:\/\/turismevalles.com\/en\/#organization"},"potentialAction":[{"@type":"SearchAction","target":{"@type":"EntryPoint","urlTemplate":"https:\/\/turismevalles.com\/en\/?s={search_term_string}"},"query-input":{"@type":"PropertyValueSpecification","valueRequired":true,"valueName":"search_term_string"}}],"inLanguage":"es"},{"@type":"Organization","@id":"https:\/\/turismevalles.com\/en\/#organization","name":"Turisme Vall\u00e8s","url":"https:\/\/turismevalles.com\/en\/","logo":{"@type":"ImageObject","inLanguage":"es","@id":"https:\/\/turismevalles.com\/en\/#\/schema\/logo\/image\/","url":"https:\/\/turismevalles.com\/wp-content\/uploads\/2020\/08\/cropped-logo_ca-2.png","contentUrl":"https:\/\/turismevalles.com\/wp-content\/uploads\/2020\/08\/cropped-logo_ca-2.png","width":314,"height":85,"caption":"Turisme Vall\u00e8s"},"image":{"@id":"https:\/\/turismevalles.com\/en\/#\/schema\/logo\/image\/"}}]}},"uagb_featured_image_src":{"full":["https:\/\/turismevalles.com\/wp-content\/uploads\/2021\/11\/Prehistorica-de-La-Roca-del-Valles-Foto-Manel-Cuesta-00-scaled.jpg",2560,1704,false],"thumbnail":["https:\/\/turismevalles.com\/wp-content\/uploads\/2021\/11\/Prehistorica-de-La-Roca-del-Valles-Foto-Manel-Cuesta-00-150x150.jpg",150,150,true],"medium":["https:\/\/turismevalles.com\/wp-content\/uploads\/2021\/11\/Prehistorica-de-La-Roca-del-Valles-Foto-Manel-Cuesta-00-300x200.jpg",300,200,true],"medium_large":["https:\/\/turismevalles.com\/wp-content\/uploads\/2021\/11\/Prehistorica-de-La-Roca-del-Valles-Foto-Manel-Cuesta-00-768x511.jpg",768,511,true],"large":["https:\/\/turismevalles.com\/wp-content\/uploads\/2021\/11\/Prehistorica-de-La-Roca-del-Valles-Foto-Manel-Cuesta-00-1024x681.jpg",1024,681,true],"thumblist":["https:\/\/turismevalles.com\/wp-content\/uploads\/2021\/11\/Prehistorica-de-La-Roca-del-Valles-Foto-Manel-Cuesta-00-300x300.jpg",300,300,true],"meccarouselthumb":["https:\/\/turismevalles.com\/wp-content\/uploads\/2021\/11\/Prehistorica-de-La-Roca-del-Valles-Foto-Manel-Cuesta-00-474x324.jpg",474,324,true],"gridsquare":["https:\/\/turismevalles.com\/wp-content\/uploads\/2021\/11\/Prehistorica-de-La-Roca-del-Valles-Foto-Manel-Cuesta-00-391x260.jpg",391,260,true],"tileview":["https:\/\/turismevalles.com\/wp-content\/uploads\/2021\/11\/Prehistorica-de-La-Roca-del-Valles-Foto-Manel-Cuesta-00-300x400.jpg",300,400,true],"1536x1536":["https:\/\/turismevalles.com\/wp-content\/uploads\/2021\/11\/Prehistorica-de-La-Roca-del-Valles-Foto-Manel-Cuesta-00-1536x1022.jpg",1536,1022,true],"2048x2048":["https:\/\/turismevalles.com\/wp-content\/uploads\/2021\/11\/Prehistorica-de-La-Roca-del-Valles-Foto-Manel-Cuesta-00-2048x1363.jpg",2048,1363,true]},"uagb_author_info":{"display_name":"Turisme Valles","author_link":"https:\/\/turismevalles.com\/es\/author\/"},"uagb_comment_info":0,"uagb_excerpt":"\u00bfTe gustar\u00eda participar en alguno de los eventos m\u00e1s importantes que se realizan en la comarca en ciclismo? o igual quieres asistir de p\u00fablico. No ... Veure m\u00e9s","_links":{"self":[{"href":"https:\/\/turismevalles.com\/es\/wp-json\/wp\/v2\/valles_oriental\/18105","targetHints":{"allow":["GET"]}}],"collection":[{"href":"https:\/\/turismevalles.com\/es\/wp-json\/wp\/v2\/valles_oriental"}],"about":[{"href":"https:\/\/turismevalles.com\/es\/wp-json\/wp\/v2\/types\/valles_oriental"}],"wp:featuredmedia":[{"embeddable":true,"href":"https:\/\/turismevalles.com\/es\/wp-json\/wp\/v2\/media\/16660"}],"wp:attachment":[{"href":"https:\/\/turismevalles.com\/es\/wp-json\/wp\/v2\/media?parent=18105"}],"wp:term":[{"taxonomy":"poblacions","embeddable":true,"href":"https:\/\/turismevalles.com\/es\/wp-json\/wp\/v2\/poblacions?post=18105"},{"taxonomy":"valles_oriental_contingut","embeddable":true,"href":"https:\/\/turismevalles.com\/es\/wp-json\/wp\/v2\/valles_oriental_contingut?post=18105"},{"taxonomy":"tipologia_estada","embeddable":true,"href":"https:\/\/turismevalles.com\/es\/wp-json\/wp\/v2\/tipologia_estada?post=18105"}],"curies":[{"name":"wp","href":"https:\/\/api.w.org\/{rel}","templated":true}]}}