{"id":18113,"date":"2022-02-08T16:16:14","date_gmt":"2022-02-08T15:16:14","guid":{"rendered":"http:\/\/turismevalles.com.mialias.net\/valles_oriental\/patrimonio-arquitectonico-y-arqueologico\/"},"modified":"2022-02-25T14:39:51","modified_gmt":"2022-02-25T13:39:51","slug":"patrimonio-arquitectonico-y-arqueologico","status":"publish","type":"valles_oriental","link":"https:\/\/turismevalles.com\/es\/valles_oriental\/patrimonio-arquitectonico-y-arqueologico\/","title":{"rendered":"Patrimonio arquitect\u00f3nico y arqueol\u00f3gico"},"content":{"rendered":"\n<p>El Vall\u00e8s Oriental es un territorio rico en arquitectura y arqueolog\u00eda. Encuentra todas las propuestas para descubrir ese magn\u00edfico patrimonio.<\/p>\n\n<div class=\"wp-block-columns rutesvalles is-layout-flex wp-container-core-columns-is-layout-9d6595d7 wp-block-columns-is-layout-flex\">\n<div class=\"wp-block-column is-layout-flow wp-block-column-is-layout-flow\">\n<div class=\"wp-block-image\"><figure class=\"aligncenter size-large\"><img loading=\"lazy\" decoding=\"async\" width=\"1024\" height=\"683\" src=\"http:\/\/turismevalles.com\/wp-content\/uploads\/2021\/07\/Termes-Romanes-2-1024x683.jpg\" alt=\"\" class=\"wp-image-16965\" srcset=\"https:\/\/turismevalles.com\/wp-content\/uploads\/2021\/07\/Termes-Romanes-2-1024x683.jpg 1024w, https:\/\/turismevalles.com\/wp-content\/uploads\/2021\/07\/Termes-Romanes-2-300x200.jpg 300w, https:\/\/turismevalles.com\/wp-content\/uploads\/2021\/07\/Termes-Romanes-2-768x512.jpg 768w, https:\/\/turismevalles.com\/wp-content\/uploads\/2021\/07\/Termes-Romanes-2-391x260.jpg 391w, https:\/\/turismevalles.com\/wp-content\/uploads\/2021\/07\/Termes-Romanes-2-1536x1024.jpg 1536w, https:\/\/turismevalles.com\/wp-content\/uploads\/2021\/07\/Termes-Romanes-2-2048x1366.jpg 2048w\" sizes=\"auto, (max-width: 1024px) 100vw, 1024px\" \/><\/figure><\/div>\n\n\n\n<h2 class=\"gb-headline gb-headline-287f3a31 gb-headline-text\"><a href=\"http:\/\/turismevalles.com\/es\/valles_oriental\/termas-romanas\/?customize_changeset_uuid=12471548-6524-45a2-986c-4c69a0960fc5\" target=\"_blank\" rel=\"noreferrer noopener\">Ba\u00f1os Romanos<\/a><\/h2>\n\n\n\n<p id=\"block-c09469d0-9f55-42fa-a24f-26c84038cad8\">La villa de Caldes fue, en \u00e9poca romana, una estaci\u00f3n termal fundada sobre los manantiales de agua caliente que brotan.<\/p>\n<\/div>\n\n\n\n<div class=\"wp-block-column is-layout-flow wp-block-column-is-layout-flow\">\n<div class=\"wp-block-image\"><figure class=\"aligncenter size-large\"><img loading=\"lazy\" decoding=\"async\" width=\"954\" height=\"633\" src=\"http:\/\/turismevalles.com\/wp-content\/uploads\/2021\/07\/Screenshot_3.jpg\" alt=\"\" class=\"wp-image-16969\" srcset=\"https:\/\/turismevalles.com\/wp-content\/uploads\/2021\/07\/Screenshot_3.jpg 954w, https:\/\/turismevalles.com\/wp-content\/uploads\/2021\/07\/Screenshot_3-300x199.jpg 300w, https:\/\/turismevalles.com\/wp-content\/uploads\/2021\/07\/Screenshot_3-768x510.jpg 768w, https:\/\/turismevalles.com\/wp-content\/uploads\/2021\/07\/Screenshot_3-391x260.jpg 391w\" sizes=\"auto, (max-width: 954px) 100vw, 954px\" \/><\/figure><\/div>\n\n\n\n<h2 class=\"gb-headline gb-headline-4bcb5c86 gb-headline-text\"><a href=\"http:\/\/turismevalles.com\/es\/valles_oriental\/fuente-del-leon\/\" target=\"_blank\" rel=\"noreferrer noopener\">Fuente del Le\u00f3n<\/a><\/h2>\n\n\n\n<p>Es el manantial de agua termal m\u00e1s caracter\u00edstico de la poblaci\u00f3n con el agua que sale a 74\u00ba C de temperatura.<\/p>\n<\/div>\n\n\n\n<div class=\"wp-block-column is-layout-flow wp-block-column-is-layout-flow\">\n<div class=\"wp-block-image\"><figure class=\"aligncenter size-large\"><img loading=\"lazy\" decoding=\"async\" width=\"1024\" height=\"677\" src=\"http:\/\/turismevalles.com\/wp-content\/uploads\/2021\/12\/Imagen1-2-1024x677.png\" alt=\"\" class=\"wp-image-16973\" srcset=\"https:\/\/turismevalles.com\/wp-content\/uploads\/2021\/12\/Imagen1-2-1024x677.png 1024w, https:\/\/turismevalles.com\/wp-content\/uploads\/2021\/12\/Imagen1-2-300x198.png 300w, https:\/\/turismevalles.com\/wp-content\/uploads\/2021\/12\/Imagen1-2-768x508.png 768w, https:\/\/turismevalles.com\/wp-content\/uploads\/2021\/12\/Imagen1-2-391x260.png 391w, https:\/\/turismevalles.com\/wp-content\/uploads\/2021\/12\/Imagen1-2-1536x1015.png 1536w, https:\/\/turismevalles.com\/wp-content\/uploads\/2021\/12\/Imagen1-2.png 1702w\" sizes=\"auto, (max-width: 1024px) 100vw, 1024px\" \/><\/figure><\/div>\n\n\n\n<h2 class=\"gb-headline gb-headline-d4a033d0 gb-headline-text\"><a href=\"http:\/\/turismevalles.com\/es\/valles_oriental\/sant-sebastia-de-montmajor\/\" target=\"_blank\" rel=\"noreferrer noopener\">Sant Sebasti\u00e0 de Montmajor<\/a><\/h2>\n\n\n\n<p>Un n\u00facleo peque\u00f1o de poblaci\u00f3n situado a 12 km de Caldes de Montbui, en la vertiente norte del Farell, rodeado por monta\u00f1as.<\/p>\n<\/div>\n<\/div>\n\n<div class=\"wp-block-columns rutesvalles is-layout-flex wp-container-core-columns-is-layout-9d6595d7 wp-block-columns-is-layout-flex\">\n<div class=\"wp-block-column is-layout-flow wp-block-column-is-layout-flow\">\n<div class=\"wp-block-image\"><figure class=\"aligncenter size-large\"><img loading=\"lazy\" decoding=\"async\" width=\"949\" height=\"631\" src=\"http:\/\/turismevalles.com\/wp-content\/uploads\/2021\/12\/Screenshot_4.jpg\" alt=\"\" class=\"wp-image-16977\" srcset=\"https:\/\/turismevalles.com\/wp-content\/uploads\/2021\/12\/Screenshot_4.jpg 949w, https:\/\/turismevalles.com\/wp-content\/uploads\/2021\/12\/Screenshot_4-300x199.jpg 300w, https:\/\/turismevalles.com\/wp-content\/uploads\/2021\/12\/Screenshot_4-768x511.jpg 768w, https:\/\/turismevalles.com\/wp-content\/uploads\/2021\/12\/Screenshot_4-391x260.jpg 391w\" sizes=\"auto, (max-width: 949px) 100vw, 949px\" \/><\/figure><\/div>\n\n\n\n<h2 class=\"gb-headline gb-headline-c8cd9254 gb-headline-text\"><a href=\"http:\/\/turismevalles.com\/es\/valles_oriental\/lavadero-de-santa-esperanca-banos-termales-el-safareig\/\" target=\"_blank\" rel=\"noreferrer noopener\">Lavadero de Santa Esperanza, Ba\u00f1os termales el Lavadero<\/a><\/h2>\n\n\n\n<p id=\"block-c09469d0-9f55-42fa-a24f-26c84038cad8\">Antiguo lavadero construido a mediados del siglo XIX, que despu\u00e9s de m\u00e1s de 20 a\u00f1os sin ser utitizar se ha rehabilitado y convertido en los Ba\u00f1os Termales El Lavadero.<\/p>\n<\/div>\n\n\n\n<div class=\"wp-block-column is-layout-flow wp-block-column-is-layout-flow\">\n<div class=\"wp-block-image\"><figure class=\"aligncenter size-large\"><img loading=\"lazy\" decoding=\"async\" width=\"1024\" height=\"683\" src=\"http:\/\/turismevalles.com\/wp-content\/uploads\/2021\/12\/JHospital_093-C.-Industria-20110212_05434-JHI-5-1-1024x683.jpg\" alt=\"\" class=\"wp-image-16985\" srcset=\"https:\/\/turismevalles.com\/wp-content\/uploads\/2021\/12\/JHospital_093-C.-Industria-20110212_05434-JHI-5-1-1024x683.jpg 1024w, https:\/\/turismevalles.com\/wp-content\/uploads\/2021\/12\/JHospital_093-C.-Industria-20110212_05434-JHI-5-1-300x200.jpg 300w, https:\/\/turismevalles.com\/wp-content\/uploads\/2021\/12\/JHospital_093-C.-Industria-20110212_05434-JHI-5-1-768x512.jpg 768w, https:\/\/turismevalles.com\/wp-content\/uploads\/2021\/12\/JHospital_093-C.-Industria-20110212_05434-JHI-5-1-391x260.jpg 391w, https:\/\/turismevalles.com\/wp-content\/uploads\/2021\/12\/JHospital_093-C.-Industria-20110212_05434-JHI-5-1-1536x1024.jpg 1536w, https:\/\/turismevalles.com\/wp-content\/uploads\/2021\/12\/JHospital_093-C.-Industria-20110212_05434-JHI-5-1-2048x1365.jpg 2048w\" sizes=\"auto, (max-width: 1024px) 100vw, 1024px\" \/><\/figure><\/div>\n\n\n\n<h2 class=\"gb-headline gb-headline-5ca567e1 gb-headline-text\"><a href=\"http:\/\/turismevalles.com\/es\/valles_oriental\/esglesia-de-sant-felix\/\" target=\"_blank\" rel=\"noreferrer noopener\">Iglesia de San F\u00e9lix<\/a><\/h2>\n\n\n\n<p>Iglesia Rom\u00e1nica siglo XI del municipio de Canovelles.<\/p>\n<\/div>\n\n\n\n<div class=\"wp-block-column is-layout-flow wp-block-column-is-layout-flow\">\n<div class=\"wp-block-image\"><figure class=\"aligncenter size-large\"><img loading=\"lazy\" decoding=\"async\" width=\"1024\" height=\"683\" src=\"http:\/\/turismevalles.com\/wp-content\/uploads\/2021\/08\/YDRAY-XSM_2901-1024x683.jpg\" alt=\"\" class=\"wp-image-14883\" srcset=\"https:\/\/turismevalles.com\/wp-content\/uploads\/2021\/08\/YDRAY-XSM_2901-1024x683.jpg 1024w, https:\/\/turismevalles.com\/wp-content\/uploads\/2021\/08\/YDRAY-XSM_2901-300x200.jpg 300w, https:\/\/turismevalles.com\/wp-content\/uploads\/2021\/08\/YDRAY-XSM_2901-768x512.jpg 768w, https:\/\/turismevalles.com\/wp-content\/uploads\/2021\/08\/YDRAY-XSM_2901-391x260.jpg 391w, https:\/\/turismevalles.com\/wp-content\/uploads\/2021\/08\/YDRAY-XSM_2901-1536x1025.jpg 1536w, https:\/\/turismevalles.com\/wp-content\/uploads\/2021\/08\/YDRAY-XSM_2901.jpg 2000w\" sizes=\"auto, (max-width: 1024px) 100vw, 1024px\" \/><\/figure><\/div>\n\n\n\n<h2 class=\"gb-headline gb-headline-774b387d gb-headline-text\"><a href=\"http:\/\/turismevalles.com\/es\/actividades\/la-torrassa-la-mejor-vista-del-valles\/\" target=\"_blank\" rel=\"noreferrer noopener\">La Torrassa<\/a><\/h2>\n\n\n\n<p>Torre cil\u00edndrica situada a una altitud de 412 metros en la que encontrar\u00e1s la mejor vista del Vall\u00e9s.<\/p>\n<\/div>\n<\/div>\n\n<div class=\"wp-block-columns rutesvalles is-layout-flex wp-container-core-columns-is-layout-9d6595d7 wp-block-columns-is-layout-flex\">\n<div class=\"wp-block-column is-layout-flow wp-block-column-is-layout-flow\">\n<div class=\"wp-block-image\"><figure class=\"aligncenter size-large\"><img loading=\"lazy\" decoding=\"async\" width=\"1024\" height=\"683\" src=\"http:\/\/turismevalles.com\/wp-content\/uploads\/2021\/12\/Interior-refugi-2.-Foto-Rosa-Iglesias-1024x683.jpg\" alt=\"\" class=\"wp-image-16989\" srcset=\"https:\/\/turismevalles.com\/wp-content\/uploads\/2021\/12\/Interior-refugi-2.-Foto-Rosa-Iglesias-1024x683.jpg 1024w, https:\/\/turismevalles.com\/wp-content\/uploads\/2021\/12\/Interior-refugi-2.-Foto-Rosa-Iglesias-300x200.jpg 300w, https:\/\/turismevalles.com\/wp-content\/uploads\/2021\/12\/Interior-refugi-2.-Foto-Rosa-Iglesias-768x512.jpg 768w, https:\/\/turismevalles.com\/wp-content\/uploads\/2021\/12\/Interior-refugi-2.-Foto-Rosa-Iglesias-391x260.jpg 391w, https:\/\/turismevalles.com\/wp-content\/uploads\/2021\/12\/Interior-refugi-2.-Foto-Rosa-Iglesias-1536x1024.jpg 1536w, https:\/\/turismevalles.com\/wp-content\/uploads\/2021\/12\/Interior-refugi-2.-Foto-Rosa-Iglesias-2048x1365.jpg 2048w\" sizes=\"auto, (max-width: 1024px) 100vw, 1024px\" \/><\/figure><\/div>\n\n\n\n<h2 class=\"gb-headline gb-headline-564fd97b gb-headline-text\"><a href=\"http:\/\/turismevalles.com\/es\/valles_oriental\/lavadero-de-santa-esperanca-banos-termales-el-safareig\/\" target=\"_blank\" rel=\"noreferrer noopener\">Refugio antia\u00e9reo de la Garriga<\/a><\/h2>\n\n\n\n<p id=\"block-c09469d0-9f55-42fa-a24f-26c84038cad8\">Torre cil\u00edndrica situada a una altitud de 412 metros en la que encontrar\u00e1s la mejor vista del Vall\u00e9s.<\/p>\n<\/div>\n\n\n\n<div class=\"wp-block-column is-layout-flow wp-block-column-is-layout-flow\"><\/div>\n\n\n\n<div class=\"wp-block-column is-layout-flow wp-block-column-is-layout-flow\"><\/div>\n<\/div>\n\n<div class=\"wp-block-columns is-layout-flex wp-container-core-columns-is-layout-9d6595d7 wp-block-columns-is-layout-flex\">\n<div class=\"wp-block-column is-layout-flow wp-block-column-is-layout-flow\" style=\"flex-basis:100%\"><\/div>\n<\/div>\n\n<p><\/p>\n","protected":false},"featured_media":0,"template":"","poblacions":[],"valles_oriental_contingut":[],"tipologia_estada":[],"class_list":["post-18113","valles_oriental","type-valles_oriental","status-publish","hentry","generate-columns","tablet-grid-50","mobile-grid-100","grid-parent","grid-33"],"acf":[],"yoast_head":"<!-- This site is optimized with the Yoast SEO plugin v26.4 - https:\/\/yoast.com\/wordpress\/plugins\/seo\/ -->\n<title>Patrimonio arquitect\u00f3nico y arqueol\u00f3gico - Turisme Vall\u00e8s<\/title>\n<meta name=\"description\" content=\"El Vall\u00e8s Oriental es un territorio rico en arquitectura y arqueolog\u00eda. Encuentra todas las propuestas para descubrir ese magn\u00edfico patrimonio.\" \/>\n<meta name=\"robots\" content=\"index, follow, max-snippet:-1, max-image-preview:large, max-video-preview:-1\" \/>\n<link rel=\"canonical\" href=\"https:\/\/turismevalles.com\/es\/valles_oriental\/patrimonio-arquitectonico-y-arqueologico\/\" \/>\n<meta property=\"og:locale\" content=\"es_ES\" \/>\n<meta property=\"og:type\" content=\"article\" \/>\n<meta property=\"og:title\" content=\"Patrimonio arquitect\u00f3nico y arqueol\u00f3gico - Turisme Vall\u00e8s\" \/>\n<meta property=\"og:description\" content=\"El Vall\u00e8s Oriental es un territorio rico en arquitectura y arqueolog\u00eda. Encuentra todas las propuestas para descubrir ese magn\u00edfico patrimonio.\" \/>\n<meta property=\"og:url\" content=\"https:\/\/turismevalles.com\/es\/valles_oriental\/patrimonio-arquitectonico-y-arqueologico\/\" \/>\n<meta property=\"og:site_name\" content=\"Turisme Vall\u00e8s\" \/>\n<meta property=\"article:modified_time\" content=\"2022-02-25T13:39:51+00:00\" \/>\n<meta property=\"og:image\" content=\"http:\/\/turismevalles.com\/wp-content\/uploads\/2021\/07\/Termes-Romanes-2-1024x683.jpg\" \/>\n<meta name=\"twitter:card\" content=\"summary_large_image\" \/>\n<meta name=\"twitter:label1\" content=\"Tiempo de lectura\" \/>\n\t<meta name=\"twitter:data1\" content=\"1 minuto\" \/>\n<script type=\"application\/ld+json\" class=\"yoast-schema-graph\">{\"@context\":\"https:\/\/schema.org\",\"@graph\":[{\"@type\":\"WebPage\",\"@id\":\"https:\/\/turismevalles.com\/es\/valles_oriental\/patrimonio-arquitectonico-y-arqueologico\/\",\"url\":\"https:\/\/turismevalles.com\/es\/valles_oriental\/patrimonio-arquitectonico-y-arqueologico\/\",\"name\":\"Patrimonio arquitect\u00f3nico y arqueol\u00f3gico - Turisme Vall\u00e8s\",\"isPartOf\":{\"@id\":\"https:\/\/turismevalles.com\/en\/#website\"},\"primaryImageOfPage\":{\"@id\":\"https:\/\/turismevalles.com\/es\/valles_oriental\/patrimonio-arquitectonico-y-arqueologico\/#primaryimage\"},\"image\":{\"@id\":\"https:\/\/turismevalles.com\/es\/valles_oriental\/patrimonio-arquitectonico-y-arqueologico\/#primaryimage\"},\"thumbnailUrl\":\"http:\/\/turismevalles.com\/wp-content\/uploads\/2021\/07\/Termes-Romanes-2-1024x683.jpg\",\"datePublished\":\"2022-02-08T15:16:14+00:00\",\"dateModified\":\"2022-02-25T13:39:51+00:00\",\"description\":\"El Vall\u00e8s Oriental es un territorio rico en arquitectura y arqueolog\u00eda. Encuentra todas las propuestas para descubrir ese magn\u00edfico patrimonio.\",\"breadcrumb\":{\"@id\":\"https:\/\/turismevalles.com\/es\/valles_oriental\/patrimonio-arquitectonico-y-arqueologico\/#breadcrumb\"},\"inLanguage\":\"es\",\"potentialAction\":[{\"@type\":\"ReadAction\",\"target\":[\"https:\/\/turismevalles.com\/es\/valles_oriental\/patrimonio-arquitectonico-y-arqueologico\/\"]}]},{\"@type\":\"ImageObject\",\"inLanguage\":\"es\",\"@id\":\"https:\/\/turismevalles.com\/es\/valles_oriental\/patrimonio-arquitectonico-y-arqueologico\/#primaryimage\",\"url\":\"http:\/\/turismevalles.com\/wp-content\/uploads\/2021\/07\/Termes-Romanes-2-1024x683.jpg\",\"contentUrl\":\"http:\/\/turismevalles.com\/wp-content\/uploads\/2021\/07\/Termes-Romanes-2-1024x683.jpg\"},{\"@type\":\"BreadcrumbList\",\"@id\":\"https:\/\/turismevalles.com\/es\/valles_oriental\/patrimonio-arquitectonico-y-arqueologico\/#breadcrumb\",\"itemListElement\":[{\"@type\":\"ListItem\",\"position\":1,\"name\":\"Inicio\",\"item\":\"https:\/\/turismevalles.com\/es\/\"},{\"@type\":\"ListItem\",\"position\":2,\"name\":\"Vall\u00e8s Oriental\",\"item\":\"https:\/\/turismevalles.com\/valles_oriental\/\"},{\"@type\":\"ListItem\",\"position\":3,\"name\":\"Patrimonio arquitect\u00f3nico y arqueol\u00f3gico\"}]},{\"@type\":\"WebSite\",\"@id\":\"https:\/\/turismevalles.com\/en\/#website\",\"url\":\"https:\/\/turismevalles.com\/en\/\",\"name\":\"Turisme Vall\u00e8s\",\"description\":\"\",\"publisher\":{\"@id\":\"https:\/\/turismevalles.com\/en\/#organization\"},\"potentialAction\":[{\"@type\":\"SearchAction\",\"target\":{\"@type\":\"EntryPoint\",\"urlTemplate\":\"https:\/\/turismevalles.com\/en\/?s={search_term_string}\"},\"query-input\":{\"@type\":\"PropertyValueSpecification\",\"valueRequired\":true,\"valueName\":\"search_term_string\"}}],\"inLanguage\":\"es\"},{\"@type\":\"Organization\",\"@id\":\"https:\/\/turismevalles.com\/en\/#organization\",\"name\":\"Turisme Vall\u00e8s\",\"url\":\"https:\/\/turismevalles.com\/en\/\",\"logo\":{\"@type\":\"ImageObject\",\"inLanguage\":\"es\",\"@id\":\"https:\/\/turismevalles.com\/en\/#\/schema\/logo\/image\/\",\"url\":\"https:\/\/turismevalles.com\/wp-content\/uploads\/2020\/08\/cropped-logo_ca-2.png\",\"contentUrl\":\"https:\/\/turismevalles.com\/wp-content\/uploads\/2020\/08\/cropped-logo_ca-2.png\",\"width\":314,\"height\":85,\"caption\":\"Turisme Vall\u00e8s\"},\"image\":{\"@id\":\"https:\/\/turismevalles.com\/en\/#\/schema\/logo\/image\/\"}}]}<\/script>\n<!-- \/ Yoast SEO plugin. -->","yoast_head_json":{"title":"Patrimonio arquitect\u00f3nico y arqueol\u00f3gico - Turisme Vall\u00e8s","description":"El Vall\u00e8s Oriental es un territorio rico en arquitectura y arqueolog\u00eda. Encuentra todas las propuestas para descubrir ese magn\u00edfico patrimonio.","robots":{"index":"index","follow":"follow","max-snippet":"max-snippet:-1","max-image-preview":"max-image-preview:large","max-video-preview":"max-video-preview:-1"},"canonical":"https:\/\/turismevalles.com\/es\/valles_oriental\/patrimonio-arquitectonico-y-arqueologico\/","og_locale":"es_ES","og_type":"article","og_title":"Patrimonio arquitect\u00f3nico y arqueol\u00f3gico - Turisme Vall\u00e8s","og_description":"El Vall\u00e8s Oriental es un territorio rico en arquitectura y arqueolog\u00eda. Encuentra todas las propuestas para descubrir ese magn\u00edfico patrimonio.","og_url":"https:\/\/turismevalles.com\/es\/valles_oriental\/patrimonio-arquitectonico-y-arqueologico\/","og_site_name":"Turisme Vall\u00e8s","article_modified_time":"2022-02-25T13:39:51+00:00","og_image":[{"url":"http:\/\/turismevalles.com\/wp-content\/uploads\/2021\/07\/Termes-Romanes-2-1024x683.jpg","type":"","width":"","height":""}],"twitter_card":"summary_large_image","twitter_misc":{"Tiempo de lectura":"1 minuto"},"schema":{"@context":"https:\/\/schema.org","@graph":[{"@type":"WebPage","@id":"https:\/\/turismevalles.com\/es\/valles_oriental\/patrimonio-arquitectonico-y-arqueologico\/","url":"https:\/\/turismevalles.com\/es\/valles_oriental\/patrimonio-arquitectonico-y-arqueologico\/","name":"Patrimonio arquitect\u00f3nico y arqueol\u00f3gico - Turisme Vall\u00e8s","isPartOf":{"@id":"https:\/\/turismevalles.com\/en\/#website"},"primaryImageOfPage":{"@id":"https:\/\/turismevalles.com\/es\/valles_oriental\/patrimonio-arquitectonico-y-arqueologico\/#primaryimage"},"image":{"@id":"https:\/\/turismevalles.com\/es\/valles_oriental\/patrimonio-arquitectonico-y-arqueologico\/#primaryimage"},"thumbnailUrl":"http:\/\/turismevalles.com\/wp-content\/uploads\/2021\/07\/Termes-Romanes-2-1024x683.jpg","datePublished":"2022-02-08T15:16:14+00:00","dateModified":"2022-02-25T13:39:51+00:00","description":"El Vall\u00e8s Oriental es un territorio rico en arquitectura y arqueolog\u00eda. Encuentra todas las propuestas para descubrir ese magn\u00edfico patrimonio.","breadcrumb":{"@id":"https:\/\/turismevalles.com\/es\/valles_oriental\/patrimonio-arquitectonico-y-arqueologico\/#breadcrumb"},"inLanguage":"es","potentialAction":[{"@type":"ReadAction","target":["https:\/\/turismevalles.com\/es\/valles_oriental\/patrimonio-arquitectonico-y-arqueologico\/"]}]},{"@type":"ImageObject","inLanguage":"es","@id":"https:\/\/turismevalles.com\/es\/valles_oriental\/patrimonio-arquitectonico-y-arqueologico\/#primaryimage","url":"http:\/\/turismevalles.com\/wp-content\/uploads\/2021\/07\/Termes-Romanes-2-1024x683.jpg","contentUrl":"http:\/\/turismevalles.com\/wp-content\/uploads\/2021\/07\/Termes-Romanes-2-1024x683.jpg"},{"@type":"BreadcrumbList","@id":"https:\/\/turismevalles.com\/es\/valles_oriental\/patrimonio-arquitectonico-y-arqueologico\/#breadcrumb","itemListElement":[{"@type":"ListItem","position":1,"name":"Inicio","item":"https:\/\/turismevalles.com\/es\/"},{"@type":"ListItem","position":2,"name":"Vall\u00e8s Oriental","item":"https:\/\/turismevalles.com\/valles_oriental\/"},{"@type":"ListItem","position":3,"name":"Patrimonio arquitect\u00f3nico y arqueol\u00f3gico"}]},{"@type":"WebSite","@id":"https:\/\/turismevalles.com\/en\/#website","url":"https:\/\/turismevalles.com\/en\/","name":"Turisme Vall\u00e8s","description":"","publisher":{"@id":"https:\/\/turismevalles.com\/en\/#organization"},"potentialAction":[{"@type":"SearchAction","target":{"@type":"EntryPoint","urlTemplate":"https:\/\/turismevalles.com\/en\/?s={search_term_string}"},"query-input":{"@type":"PropertyValueSpecification","valueRequired":true,"valueName":"search_term_string"}}],"inLanguage":"es"},{"@type":"Organization","@id":"https:\/\/turismevalles.com\/en\/#organization","name":"Turisme Vall\u00e8s","url":"https:\/\/turismevalles.com\/en\/","logo":{"@type":"ImageObject","inLanguage":"es","@id":"https:\/\/turismevalles.com\/en\/#\/schema\/logo\/image\/","url":"https:\/\/turismevalles.com\/wp-content\/uploads\/2020\/08\/cropped-logo_ca-2.png","contentUrl":"https:\/\/turismevalles.com\/wp-content\/uploads\/2020\/08\/cropped-logo_ca-2.png","width":314,"height":85,"caption":"Turisme Vall\u00e8s"},"image":{"@id":"https:\/\/turismevalles.com\/en\/#\/schema\/logo\/image\/"}}]}},"uagb_featured_image_src":{"full":false,"thumbnail":false,"medium":false,"medium_large":false,"large":false,"thumblist":false,"meccarouselthumb":false,"gridsquare":false,"tileview":false,"1536x1536":false,"2048x2048":false},"uagb_author_info":{"display_name":"Turisme Valles","author_link":"https:\/\/turismevalles.com\/es\/author\/"},"uagb_comment_info":0,"uagb_excerpt":"El Vall\u00e8s Oriental es un territorio rico en arquitectura y arqueolog\u00eda. Encuentra todas las propuestas para descubrir ese magn\u00edfico patrimonio. Ba\u00f1os Romanos La villa de ... Veure m\u00e9s","_links":{"self":[{"href":"https:\/\/turismevalles.com\/es\/wp-json\/wp\/v2\/valles_oriental\/18113","targetHints":{"allow":["GET"]}}],"collection":[{"href":"https:\/\/turismevalles.com\/es\/wp-json\/wp\/v2\/valles_oriental"}],"about":[{"href":"https:\/\/turismevalles.com\/es\/wp-json\/wp\/v2\/types\/valles_oriental"}],"wp:attachment":[{"href":"https:\/\/turismevalles.com\/es\/wp-json\/wp\/v2\/media?parent=18113"}],"wp:term":[{"taxonomy":"poblacions","embeddable":true,"href":"https:\/\/turismevalles.com\/es\/wp-json\/wp\/v2\/poblacions?post=18113"},{"taxonomy":"valles_oriental_contingut","embeddable":true,"href":"https:\/\/turismevalles.com\/es\/wp-json\/wp\/v2\/valles_oriental_contingut?post=18113"},{"taxonomy":"tipologia_estada","embeddable":true,"href":"https:\/\/turismevalles.com\/es\/wp-json\/wp\/v2\/tipologia_estada?post=18113"}],"curies":[{"name":"wp","href":"https:\/\/api.w.org\/{rel}","templated":true}]}}