{"id":65309,"date":"2025-08-22T14:22:41","date_gmt":"2025-08-22T12:22:41","guid":{"rendered":"https:\/\/turismevalles.com\/valles_oriental\/sardanas\/"},"modified":"2025-08-22T14:22:43","modified_gmt":"2025-08-22T12:22:43","slug":"sardanas","status":"publish","type":"valles_oriental","link":"https:\/\/turismevalles.com\/es\/valles_oriental\/sardanas\/","title":{"rendered":"Sardanas"},"content":{"rendered":"\n<p>La tradici\u00f3n del baile de sardanas est\u00e1 bien asegurada en el Vall\u00e8s Oriental gracias a las siete agrupaciones sardanistas: la de La Llagosta, La Garriga, Caldes, Riells del Fai, Franqueses del Vall\u00e8s, Granollers, Martorelles y Santa Eulalia de Ron\u00e7ana.<\/p>\n\n<p>D\u00e9jate llevar por el sonido de las grajillas con los bailes de sardanas del Vall\u00e8s Oriental. Consulta la <a href=\"https:\/\/turismevalles.com\/events\/\">agenda<\/a> o las webs de los ayuntamientos y agrupaciones sardanistas para su descubrimiento. <\/p>\n<div class=\"wp-block-image\">\n<figure class=\"aligncenter size-large\"><img loading=\"lazy\" decoding=\"async\" width=\"683\" height=\"1024\" src=\"https:\/\/turismevalles.com\/wp-content\/uploads\/2025\/08\/Festa-Major-Granollers-2010-Foto-Manel-Cuesta-01-683x1024.jpg\" alt=\"\" class=\"wp-image-65300\" srcset=\"https:\/\/turismevalles.com\/wp-content\/uploads\/2025\/08\/Festa-Major-Granollers-2010-Foto-Manel-Cuesta-01-683x1024.jpg 683w, https:\/\/turismevalles.com\/wp-content\/uploads\/2025\/08\/Festa-Major-Granollers-2010-Foto-Manel-Cuesta-01-200x300.jpg 200w, https:\/\/turismevalles.com\/wp-content\/uploads\/2025\/08\/Festa-Major-Granollers-2010-Foto-Manel-Cuesta-01-768x1152.jpg 768w, https:\/\/turismevalles.com\/wp-content\/uploads\/2025\/08\/Festa-Major-Granollers-2010-Foto-Manel-Cuesta-01-1024x1536.jpg 1024w, https:\/\/turismevalles.com\/wp-content\/uploads\/2025\/08\/Festa-Major-Granollers-2010-Foto-Manel-Cuesta-01-1365x2048.jpg 1365w, https:\/\/turismevalles.com\/wp-content\/uploads\/2025\/08\/Festa-Major-Granollers-2010-Foto-Manel-Cuesta-01-scaled.jpg 1707w\" sizes=\"auto, (max-width: 683px) 100vw, 683px\" \/><\/figure><\/div>\n<p><\/p>\n","protected":false},"featured_media":65307,"template":"","poblacions":[],"valles_oriental_contingut":[2843],"tipologia_estada":[261,264,1672],"class_list":["post-65309","valles_oriental","type-valles_oriental","status-publish","has-post-thumbnail","hentry","valles_oriental_contingut-fiestas-y-folklore","tipologia_estada-con-amigos","tipologia_estada-en-familia-es","tipologia_estada-senior-es","generate-columns","tablet-grid-50","mobile-grid-100","grid-parent","grid-33"],"acf":[],"yoast_head":"<!-- This site is optimized with the Yoast SEO plugin v26.4 - https:\/\/yoast.com\/wordpress\/plugins\/seo\/ -->\n<title>Sardanas - Turisme Vall\u00e8s<\/title>\n<meta name=\"robots\" content=\"index, follow, max-snippet:-1, max-image-preview:large, max-video-preview:-1\" \/>\n<link rel=\"canonical\" href=\"https:\/\/turismevalles.com\/valles_oriental\/sardanes\/\" \/>\n<meta property=\"og:locale\" content=\"es_ES\" \/>\n<meta property=\"og:type\" content=\"article\" \/>\n<meta property=\"og:title\" content=\"Sardanas - Turisme Vall\u00e8s\" \/>\n<meta property=\"og:description\" content=\"La tradici\u00f3n del baile de sardanas est\u00e1 bien asegurada en el Vall\u00e8s Oriental gracias a las siete agrupaciones sardanistas: la de La Llagosta, La Garriga, ... Veure m\u00e9s\" \/>\n<meta property=\"og:url\" content=\"https:\/\/turismevalles.com\/valles_oriental\/sardanes\/\" \/>\n<meta property=\"og:site_name\" content=\"Turisme Vall\u00e8s\" \/>\n<meta property=\"article:modified_time\" content=\"2025-08-22T12:22:43+00:00\" \/>\n<meta property=\"og:image\" content=\"https:\/\/turismevalles.com\/wp-content\/uploads\/2025\/08\/Festa-Major-Granollers-2010-_Foto-Manel-Cuesta_-00-scaled.webp\" \/>\n\t<meta property=\"og:image:width\" content=\"2560\" \/>\n\t<meta property=\"og:image:height\" content=\"1707\" \/>\n\t<meta property=\"og:image:type\" content=\"image\/webp\" \/>\n<meta name=\"twitter:card\" content=\"summary_large_image\" \/>\n<script type=\"application\/ld+json\" class=\"yoast-schema-graph\">{\"@context\":\"https:\/\/schema.org\",\"@graph\":[{\"@type\":\"WebPage\",\"@id\":\"https:\/\/turismevalles.com\/valles_oriental\/sardanes\/\",\"url\":\"https:\/\/turismevalles.com\/valles_oriental\/sardanes\/\",\"name\":\"Sardanas - Turisme Vall\u00e8s\",\"isPartOf\":{\"@id\":\"https:\/\/turismevalles.com\/en\/#website\"},\"primaryImageOfPage\":{\"@id\":\"https:\/\/turismevalles.com\/valles_oriental\/sardanes\/#primaryimage\"},\"image\":{\"@id\":\"https:\/\/turismevalles.com\/valles_oriental\/sardanes\/#primaryimage\"},\"thumbnailUrl\":\"https:\/\/turismevalles.com\/wp-content\/uploads\/2025\/08\/Festa-Major-Granollers-2010-_Foto-Manel-Cuesta_-00-scaled.webp\",\"datePublished\":\"2025-08-22T12:22:41+00:00\",\"dateModified\":\"2025-08-22T12:22:43+00:00\",\"breadcrumb\":{\"@id\":\"https:\/\/turismevalles.com\/valles_oriental\/sardanes\/#breadcrumb\"},\"inLanguage\":\"es\",\"potentialAction\":[{\"@type\":\"ReadAction\",\"target\":[\"https:\/\/turismevalles.com\/valles_oriental\/sardanes\/\"]}]},{\"@type\":\"ImageObject\",\"inLanguage\":\"es\",\"@id\":\"https:\/\/turismevalles.com\/valles_oriental\/sardanes\/#primaryimage\",\"url\":\"https:\/\/turismevalles.com\/wp-content\/uploads\/2025\/08\/Festa-Major-Granollers-2010-_Foto-Manel-Cuesta_-00-scaled.webp\",\"contentUrl\":\"https:\/\/turismevalles.com\/wp-content\/uploads\/2025\/08\/Festa-Major-Granollers-2010-_Foto-Manel-Cuesta_-00-scaled.webp\",\"width\":2560,\"height\":1707,\"caption\":\"Sardanes\"},{\"@type\":\"BreadcrumbList\",\"@id\":\"https:\/\/turismevalles.com\/valles_oriental\/sardanes\/#breadcrumb\",\"itemListElement\":[{\"@type\":\"ListItem\",\"position\":1,\"name\":\"Inicio\",\"item\":\"https:\/\/turismevalles.com\/es\/\"},{\"@type\":\"ListItem\",\"position\":2,\"name\":\"Vall\u00e8s Oriental\",\"item\":\"https:\/\/turismevalles.com\/valles_oriental\/\"},{\"@type\":\"ListItem\",\"position\":3,\"name\":\"Sardanas\"}]},{\"@type\":\"WebSite\",\"@id\":\"https:\/\/turismevalles.com\/en\/#website\",\"url\":\"https:\/\/turismevalles.com\/en\/\",\"name\":\"Turisme Vall\u00e8s\",\"description\":\"\",\"publisher\":{\"@id\":\"https:\/\/turismevalles.com\/en\/#organization\"},\"potentialAction\":[{\"@type\":\"SearchAction\",\"target\":{\"@type\":\"EntryPoint\",\"urlTemplate\":\"https:\/\/turismevalles.com\/en\/?s={search_term_string}\"},\"query-input\":{\"@type\":\"PropertyValueSpecification\",\"valueRequired\":true,\"valueName\":\"search_term_string\"}}],\"inLanguage\":\"es\"},{\"@type\":\"Organization\",\"@id\":\"https:\/\/turismevalles.com\/en\/#organization\",\"name\":\"Turisme Vall\u00e8s\",\"url\":\"https:\/\/turismevalles.com\/en\/\",\"logo\":{\"@type\":\"ImageObject\",\"inLanguage\":\"es\",\"@id\":\"https:\/\/turismevalles.com\/en\/#\/schema\/logo\/image\/\",\"url\":\"https:\/\/turismevalles.com\/wp-content\/uploads\/2020\/08\/cropped-logo_ca-2.png\",\"contentUrl\":\"https:\/\/turismevalles.com\/wp-content\/uploads\/2020\/08\/cropped-logo_ca-2.png\",\"width\":314,\"height\":85,\"caption\":\"Turisme Vall\u00e8s\"},\"image\":{\"@id\":\"https:\/\/turismevalles.com\/en\/#\/schema\/logo\/image\/\"}}]}<\/script>\n<!-- \/ Yoast SEO plugin. -->","yoast_head_json":{"title":"Sardanas - Turisme Vall\u00e8s","robots":{"index":"index","follow":"follow","max-snippet":"max-snippet:-1","max-image-preview":"max-image-preview:large","max-video-preview":"max-video-preview:-1"},"canonical":"https:\/\/turismevalles.com\/valles_oriental\/sardanes\/","og_locale":"es_ES","og_type":"article","og_title":"Sardanas - Turisme Vall\u00e8s","og_description":"La tradici\u00f3n del baile de sardanas est\u00e1 bien asegurada en el Vall\u00e8s Oriental gracias a las siete agrupaciones sardanistas: la de La Llagosta, La Garriga, ... Veure m\u00e9s","og_url":"https:\/\/turismevalles.com\/valles_oriental\/sardanes\/","og_site_name":"Turisme Vall\u00e8s","article_modified_time":"2025-08-22T12:22:43+00:00","og_image":[{"width":2560,"height":1707,"url":"https:\/\/turismevalles.com\/wp-content\/uploads\/2025\/08\/Festa-Major-Granollers-2010-_Foto-Manel-Cuesta_-00-scaled.webp","type":"image\/webp"}],"twitter_card":"summary_large_image","schema":{"@context":"https:\/\/schema.org","@graph":[{"@type":"WebPage","@id":"https:\/\/turismevalles.com\/valles_oriental\/sardanes\/","url":"https:\/\/turismevalles.com\/valles_oriental\/sardanes\/","name":"Sardanas - Turisme Vall\u00e8s","isPartOf":{"@id":"https:\/\/turismevalles.com\/en\/#website"},"primaryImageOfPage":{"@id":"https:\/\/turismevalles.com\/valles_oriental\/sardanes\/#primaryimage"},"image":{"@id":"https:\/\/turismevalles.com\/valles_oriental\/sardanes\/#primaryimage"},"thumbnailUrl":"https:\/\/turismevalles.com\/wp-content\/uploads\/2025\/08\/Festa-Major-Granollers-2010-_Foto-Manel-Cuesta_-00-scaled.webp","datePublished":"2025-08-22T12:22:41+00:00","dateModified":"2025-08-22T12:22:43+00:00","breadcrumb":{"@id":"https:\/\/turismevalles.com\/valles_oriental\/sardanes\/#breadcrumb"},"inLanguage":"es","potentialAction":[{"@type":"ReadAction","target":["https:\/\/turismevalles.com\/valles_oriental\/sardanes\/"]}]},{"@type":"ImageObject","inLanguage":"es","@id":"https:\/\/turismevalles.com\/valles_oriental\/sardanes\/#primaryimage","url":"https:\/\/turismevalles.com\/wp-content\/uploads\/2025\/08\/Festa-Major-Granollers-2010-_Foto-Manel-Cuesta_-00-scaled.webp","contentUrl":"https:\/\/turismevalles.com\/wp-content\/uploads\/2025\/08\/Festa-Major-Granollers-2010-_Foto-Manel-Cuesta_-00-scaled.webp","width":2560,"height":1707,"caption":"Sardanes"},{"@type":"BreadcrumbList","@id":"https:\/\/turismevalles.com\/valles_oriental\/sardanes\/#breadcrumb","itemListElement":[{"@type":"ListItem","position":1,"name":"Inicio","item":"https:\/\/turismevalles.com\/es\/"},{"@type":"ListItem","position":2,"name":"Vall\u00e8s Oriental","item":"https:\/\/turismevalles.com\/valles_oriental\/"},{"@type":"ListItem","position":3,"name":"Sardanas"}]},{"@type":"WebSite","@id":"https:\/\/turismevalles.com\/en\/#website","url":"https:\/\/turismevalles.com\/en\/","name":"Turisme Vall\u00e8s","description":"","publisher":{"@id":"https:\/\/turismevalles.com\/en\/#organization"},"potentialAction":[{"@type":"SearchAction","target":{"@type":"EntryPoint","urlTemplate":"https:\/\/turismevalles.com\/en\/?s={search_term_string}"},"query-input":{"@type":"PropertyValueSpecification","valueRequired":true,"valueName":"search_term_string"}}],"inLanguage":"es"},{"@type":"Organization","@id":"https:\/\/turismevalles.com\/en\/#organization","name":"Turisme Vall\u00e8s","url":"https:\/\/turismevalles.com\/en\/","logo":{"@type":"ImageObject","inLanguage":"es","@id":"https:\/\/turismevalles.com\/en\/#\/schema\/logo\/image\/","url":"https:\/\/turismevalles.com\/wp-content\/uploads\/2020\/08\/cropped-logo_ca-2.png","contentUrl":"https:\/\/turismevalles.com\/wp-content\/uploads\/2020\/08\/cropped-logo_ca-2.png","width":314,"height":85,"caption":"Turisme Vall\u00e8s"},"image":{"@id":"https:\/\/turismevalles.com\/en\/#\/schema\/logo\/image\/"}}]}},"uagb_featured_image_src":{"full":["https:\/\/turismevalles.com\/wp-content\/uploads\/2025\/08\/Festa-Major-Granollers-2010-_Foto-Manel-Cuesta_-00-scaled.webp",2560,1707,false],"thumbnail":["https:\/\/turismevalles.com\/wp-content\/uploads\/2025\/08\/Festa-Major-Granollers-2010-_Foto-Manel-Cuesta_-00-150x150.webp",150,150,true],"medium":["https:\/\/turismevalles.com\/wp-content\/uploads\/2025\/08\/Festa-Major-Granollers-2010-_Foto-Manel-Cuesta_-00-300x200.webp",300,200,true],"medium_large":["https:\/\/turismevalles.com\/wp-content\/uploads\/2025\/08\/Festa-Major-Granollers-2010-_Foto-Manel-Cuesta_-00-768x512.webp",768,512,true],"large":["https:\/\/turismevalles.com\/wp-content\/uploads\/2025\/08\/Festa-Major-Granollers-2010-_Foto-Manel-Cuesta_-00-1024x683.webp",1024,683,true],"thumblist":["https:\/\/turismevalles.com\/wp-content\/uploads\/2025\/08\/Festa-Major-Granollers-2010-_Foto-Manel-Cuesta_-00-300x300.webp",300,300,true],"meccarouselthumb":["https:\/\/turismevalles.com\/wp-content\/uploads\/2025\/08\/Festa-Major-Granollers-2010-_Foto-Manel-Cuesta_-00-474x324.webp",474,324,true],"gridsquare":["https:\/\/turismevalles.com\/wp-content\/uploads\/2025\/08\/Festa-Major-Granollers-2010-_Foto-Manel-Cuesta_-00-391x260.webp",391,260,true],"tileview":["https:\/\/turismevalles.com\/wp-content\/uploads\/2025\/08\/Festa-Major-Granollers-2010-_Foto-Manel-Cuesta_-00-300x400.webp",300,400,true],"1536x1536":["https:\/\/turismevalles.com\/wp-content\/uploads\/2025\/08\/Festa-Major-Granollers-2010-_Foto-Manel-Cuesta_-00-1536x1024.webp",1536,1024,true],"2048x2048":["https:\/\/turismevalles.com\/wp-content\/uploads\/2025\/08\/Festa-Major-Granollers-2010-_Foto-Manel-Cuesta_-00-2048x1365.webp",2048,1365,true]},"uagb_author_info":{"display_name":"Turisme Valles","author_link":"https:\/\/turismevalles.com\/es\/author\/"},"uagb_comment_info":0,"uagb_excerpt":"La tradici\u00f3n del baile de sardanas est\u00e1 bien asegurada en el Vall\u00e8s Oriental gracias a las siete agrupaciones sardanistas: la de La Llagosta, La Garriga, ... Veure m\u00e9s","_links":{"self":[{"href":"https:\/\/turismevalles.com\/es\/wp-json\/wp\/v2\/valles_oriental\/65309","targetHints":{"allow":["GET"]}}],"collection":[{"href":"https:\/\/turismevalles.com\/es\/wp-json\/wp\/v2\/valles_oriental"}],"about":[{"href":"https:\/\/turismevalles.com\/es\/wp-json\/wp\/v2\/types\/valles_oriental"}],"wp:featuredmedia":[{"embeddable":true,"href":"https:\/\/turismevalles.com\/es\/wp-json\/wp\/v2\/media\/65307"}],"wp:attachment":[{"href":"https:\/\/turismevalles.com\/es\/wp-json\/wp\/v2\/media?parent=65309"}],"wp:term":[{"taxonomy":"poblacions","embeddable":true,"href":"https:\/\/turismevalles.com\/es\/wp-json\/wp\/v2\/poblacions?post=65309"},{"taxonomy":"valles_oriental_contingut","embeddable":true,"href":"https:\/\/turismevalles.com\/es\/wp-json\/wp\/v2\/valles_oriental_contingut?post=65309"},{"taxonomy":"tipologia_estada","embeddable":true,"href":"https:\/\/turismevalles.com\/es\/wp-json\/wp\/v2\/tipologia_estada?post=65309"}],"curies":[{"name":"wp","href":"https:\/\/api.w.org\/{rel}","templated":true}]}}