{"id":65312,"date":"2025-08-22T14:31:14","date_gmt":"2025-08-22T12:31:14","guid":{"rendered":"https:\/\/turismevalles.com\/valles_oriental\/gigantes-gigantas-y-cabezudos\/"},"modified":"2025-08-22T14:31:14","modified_gmt":"2025-08-22T12:31:14","slug":"gigantes-gigantas-y-cabezudos","status":"publish","type":"valles_oriental","link":"https:\/\/turismevalles.com\/es\/valles_oriental\/gigantes-gigantas-y-cabezudos\/","title":{"rendered":"Gigantes, gigantas y Cabezudos"},"content":{"rendered":"\n<p>Los gigantes y cabezudos son unas figuras tradicionales catalanas. Los gigantes representan a los personajes hist\u00f3ricos (reyes, nobles, figuras ic\u00f3nicas\u2026) importantes de cada poblaci\u00f3n. Los renacuajos hacen la misma funci\u00f3n, pero destacando s\u00f3lo la figura de la cabeza del personaje.<br\/>En el Vall\u00e8s Oriental hay hacia un centenar de gigantes y cabezudos.<br\/>Los gigantes, gigantes y cabezudos del Vall\u00e8s Oriental pasean por las calles de los pueblos durante las principales festividades populares. Consulta la <a href=\"https:\/\/turismevalles.com\/events\/\">agenda<\/a> para conocerlos a todos y todas.   <\/p>\n\n<ul class=\"wp-block-list\"><\/ul>\n\n<div class=\"wp-block-group\"><div class=\"wp-block-group__inner-container is-layout-constrained wp-block-group-is-layout-constrained\">\n<div class=\"wp-block-columns is-layout-flex wp-container-core-columns-is-layout-9d6595d7 wp-block-columns-is-layout-flex\">\n<div class=\"wp-block-column is-layout-flow wp-block-column-is-layout-flow\">\n<div class=\"wp-block-uagb-advanced-heading uagb-block-24f83e79\"><h2 class=\"uagb-heading-text\">Gigantes, Gegantas y Cabezudos del Vall\u00e8s Oriental<\/h2><\/div>\n\n\n\n<div class=\"wp-block-columns is-layout-flex wp-container-core-columns-is-layout-9d6595d7 wp-block-columns-is-layout-flex\">\n<div class=\"wp-block-column is-layout-flow wp-block-column-is-layout-flow\" style=\"flex-basis:50%\">\n<figure class=\"wp-block-table alignleft is-style-stripes\"><table class=\"has-fixed-layout\"><tbody><tr><td><strong>NOMBRES<\/strong><\/td><td><strong>MUNICIPIO<\/strong><\/td><\/tr><tr><td>Gegant\u00f3 Guill\u00e0s<br\/>Farellpas<br\/>Guisla<br\/>Lluci Caeceli<br\/>Corn\u00e8lia Flora<\/td><td>Caldes de Montbui<\/td><\/tr><tr><td>Miquelot<br\/>Rosalina<\/td><td>Campins<\/td><\/tr><tr><td>Carles<br\/>Cisqueta<\/td><td>Canovelles<\/td><\/tr><tr><td>El Marqu\u00e8s<br\/>La Pagesa<br\/>Miquelet<\/td><td>Les Franqueses del Vall\u00e8s<br\/><\/td><\/tr><tr><td>Xixilona<br\/>Mag\u00ed<br\/>Benet<\/td><td>La Garriga<\/td><\/tr><tr><td>Gegant\u00f3 Blanc Tirant<br\/>Gegantona Blanc Paula<br\/>Gegantona Blanc Rita<br\/>Gegantona Blau Mar<br\/>Gegant\u00f3 Blau Ramonet<br\/>Gegant\u00f3 Blau Trapella<br\/>Esteve<br\/>Pl\u00e0cida<br\/>Biscarri Rajoler<br\/>Gal\u00f3 Rajoler<br\/>Damiana<br\/>Cosme<\/td><td>Granollers<\/td><\/tr><tr><td>Senyor de Brian\u00e7\u00f3<br\/>Senyora Agualba<\/td><td>Gualba<\/td><\/tr><tr><td>Josepet<br\/>Blanqueta<br\/>Torradeta<br\/>Mariona<br\/>En Llago<\/td><td>La Llagosta<\/td><\/tr><tr><td>Juli\u00e0<br\/>Montserrat<br\/>Baldiri<br\/>Quit\u00e8ria<\/td><td>Lli\u00e7\u00e0 d&#8217;Amunt<\/td><\/tr><tr><td>Joan I, el Ca\u00e7ador<br\/>Violant de Baronia<\/td><td>Lli\u00e7\u00e0 de Vall<\/td><\/tr><tr><td>Gegant Boig<br\/>Capgro Esparriot<br\/>Gegant\u00f3 Guirbert<br\/>Gegantona San\u00e7a<br\/>Rimabu<br\/>Sibil\u00b7la de Corbera<br\/>Pepeta<br\/>Miquel<br\/>Gal\u00b7la<br\/>Heredita<\/td><td>Llinars del Vall\u00e8s<\/td><\/tr><tr><td>Pau<br\/>Caterina<\/td><td>Martorelles<\/td><\/tr><tr><td>Menhir<br\/>Gegantona Mariona<br\/>Guillema de Manlleu<br\/>Mir de Mollet<br\/>Vicen\u00e7<br\/>Marinette<\/td><td>Mollet del Vall\u00e8s<\/td><\/tr><tr><td>Mal\u00fas<br\/>Montserrat<br\/>Mal\u00fas<br\/>Montserrat<\/td><td>Montmel\u00f3<\/td><\/tr><tr><td>Gegant\u00f3 Banyetes<br\/>Gegantona Angeleta<br\/>Gegant\u00f3 Llu\u00eds<br\/>Gegantona Minerva<\/td><td>Montor\u00e8s del Vall\u00e8s<\/td><\/tr><tr><td>Llucifer<br\/>Marcel<br\/>Elisenda<\/td><td>Parets del Vall\u00e8s<\/td><\/tr><tr><td>Od\u00f3<br\/>Emma<\/td><td>Roca del Vall\u00e8s, La<\/td><\/tr><tr><td>Avi Felip<br\/>Pepeta la Bugadera<\/td><td>Sant Antoni de Vilamajor<\/td><\/tr><tr><td>Mart\u00ed<br\/>Maria del Puig<br\/>Charlie<br\/>Josep de Sant Ge<\/td><td>Sant Celoni<\/td><\/tr><tr><td>Roc<br\/>Esperan\u00e7a<br\/>Brugui<\/td><td>Sant Celoni \/ La Batll\u00f2ria<br\/><\/td><\/tr><tr><td>Garba<br\/>Rostoll<br\/>Bon Jan<br\/>Ben Plantada<\/td><td>Sant Esteve de Palautordera<\/td><\/tr><tr><td>Bar\u00f3 Pau d&#8217;Ordre<br\/>Pubilla<\/td><td>Sant Feliu de Codines<\/td><\/tr><tr><td>Faust<br\/>Marina<\/td><td>Sant Fost de Campsentelles<\/td><\/tr><tr><td>Gerd<br\/>Maduixa<\/td><td>Santa Eul\u00e0lia de Ron\u00e7ana<\/td><\/tr><tr><td>Bernat<br\/>Elionor<\/td><td>Vallgorguina<\/td><\/tr><tr><td>Esteve<br\/>Quit\u00e8ria<\/td><td>Vilanova del Vall\u00e8s<\/td><\/tr><\/tbody><\/table><\/figure>\n<\/div>\n\n\n\n<div class=\"wp-block-column is-layout-flow wp-block-column-is-layout-flow\" style=\"flex-basis:50%\">\n<figure class=\"wp-block-image size-large\"><img loading=\"lazy\" decoding=\"async\" width=\"681\" height=\"1024\" src=\"https:\/\/turismevalles.com\/wp-content\/uploads\/2025\/08\/FestaMAjor11-681x1024.webp\" alt=\"\" class=\"wp-image-65286\" srcset=\"https:\/\/turismevalles.com\/wp-content\/uploads\/2025\/08\/FestaMAjor11-681x1024.webp 681w, https:\/\/turismevalles.com\/wp-content\/uploads\/2025\/08\/FestaMAjor11-199x300.webp 199w, https:\/\/turismevalles.com\/wp-content\/uploads\/2025\/08\/FestaMAjor11-768x1155.webp 768w, https:\/\/turismevalles.com\/wp-content\/uploads\/2025\/08\/FestaMAjor11-1021x1536.webp 1021w, https:\/\/turismevalles.com\/wp-content\/uploads\/2025\/08\/FestaMAjor11-1362x2048.webp 1362w, https:\/\/turismevalles.com\/wp-content\/uploads\/2025\/08\/FestaMAjor11-scaled.webp 1702w\" sizes=\"auto, (max-width: 681px) 100vw, 681px\" \/><figcaption class=\"wp-element-caption\">Gegants de Sant Celoni<\/figcaption><\/figure>\n<\/div>\n<\/div>\n<\/div>\n<\/div>\n<\/div><\/div>\n","protected":false},"featured_media":65263,"template":"","poblacions":[],"valles_oriental_contingut":[2843],"tipologia_estada":[264],"class_list":["post-65312","valles_oriental","type-valles_oriental","status-publish","has-post-thumbnail","hentry","valles_oriental_contingut-fiestas-y-folklore","tipologia_estada-en-familia-es","generate-columns","tablet-grid-50","mobile-grid-100","grid-parent","grid-33"],"acf":[],"yoast_head":"<!-- This site is optimized with the Yoast SEO plugin v26.4 - https:\/\/yoast.com\/wordpress\/plugins\/seo\/ -->\n<title>Gigantes, gigantas y Cabezudos - Turisme Vall\u00e8s<\/title>\n<meta name=\"robots\" content=\"index, follow, max-snippet:-1, max-image-preview:large, max-video-preview:-1\" \/>\n<link rel=\"canonical\" href=\"https:\/\/turismevalles.com\/es\/valles_oriental\/gigantes-gigantas-y-cabezudos\/\" \/>\n<meta property=\"og:locale\" content=\"es_ES\" \/>\n<meta property=\"og:type\" content=\"article\" \/>\n<meta property=\"og:title\" content=\"Gigantes, gigantas y Cabezudos - Turisme Vall\u00e8s\" \/>\n<meta property=\"og:description\" content=\"Los gigantes y cabezudos son unas figuras tradicionales catalanas. Los gigantes representan a los personajes hist\u00f3ricos (reyes, nobles, figuras ic\u00f3nicas\u2026) importantes de cada poblaci\u00f3n. Los ... Veure m\u00e9s\" \/>\n<meta property=\"og:url\" content=\"https:\/\/turismevalles.com\/es\/valles_oriental\/gigantes-gigantas-y-cabezudos\/\" \/>\n<meta property=\"og:site_name\" content=\"Turisme Vall\u00e8s\" \/>\n<meta property=\"og:image\" content=\"https:\/\/turismevalles.com\/wp-content\/uploads\/2025\/08\/IMG20240612114046-scaled-e1755861725178.jpg\" \/>\n\t<meta property=\"og:image:width\" content=\"1920\" \/>\n\t<meta property=\"og:image:height\" content=\"2560\" \/>\n\t<meta property=\"og:image:type\" content=\"image\/jpeg\" \/>\n<meta name=\"twitter:card\" content=\"summary_large_image\" \/>\n<meta name=\"twitter:label1\" content=\"Tiempo de lectura\" \/>\n\t<meta name=\"twitter:data1\" content=\"1 minuto\" \/>\n<script type=\"application\/ld+json\" class=\"yoast-schema-graph\">{\"@context\":\"https:\/\/schema.org\",\"@graph\":[{\"@type\":\"WebPage\",\"@id\":\"https:\/\/turismevalles.com\/es\/valles_oriental\/gigantes-gigantas-y-cabezudos\/\",\"url\":\"https:\/\/turismevalles.com\/es\/valles_oriental\/gigantes-gigantas-y-cabezudos\/\",\"name\":\"Gigantes, gigantas y Cabezudos - Turisme Vall\u00e8s\",\"isPartOf\":{\"@id\":\"https:\/\/turismevalles.com\/en\/#website\"},\"primaryImageOfPage\":{\"@id\":\"https:\/\/turismevalles.com\/es\/valles_oriental\/gigantes-gigantas-y-cabezudos\/#primaryimage\"},\"image\":{\"@id\":\"https:\/\/turismevalles.com\/es\/valles_oriental\/gigantes-gigantas-y-cabezudos\/#primaryimage\"},\"thumbnailUrl\":\"https:\/\/turismevalles.com\/wp-content\/uploads\/2025\/08\/IMG20240612114046-scaled-e1755861725178.jpg\",\"datePublished\":\"2025-08-22T12:31:14+00:00\",\"breadcrumb\":{\"@id\":\"https:\/\/turismevalles.com\/es\/valles_oriental\/gigantes-gigantas-y-cabezudos\/#breadcrumb\"},\"inLanguage\":\"es\",\"potentialAction\":[{\"@type\":\"ReadAction\",\"target\":[\"https:\/\/turismevalles.com\/es\/valles_oriental\/gigantes-gigantas-y-cabezudos\/\"]}]},{\"@type\":\"ImageObject\",\"inLanguage\":\"es\",\"@id\":\"https:\/\/turismevalles.com\/es\/valles_oriental\/gigantes-gigantas-y-cabezudos\/#primaryimage\",\"url\":\"https:\/\/turismevalles.com\/wp-content\/uploads\/2025\/08\/IMG20240612114046-scaled-e1755861725178.jpg\",\"contentUrl\":\"https:\/\/turismevalles.com\/wp-content\/uploads\/2025\/08\/IMG20240612114046-scaled-e1755861725178.jpg\",\"width\":1920,\"height\":2560,\"caption\":\"oplus_34\"},{\"@type\":\"BreadcrumbList\",\"@id\":\"https:\/\/turismevalles.com\/es\/valles_oriental\/gigantes-gigantas-y-cabezudos\/#breadcrumb\",\"itemListElement\":[{\"@type\":\"ListItem\",\"position\":1,\"name\":\"Inicio\",\"item\":\"https:\/\/turismevalles.com\/es\/\"},{\"@type\":\"ListItem\",\"position\":2,\"name\":\"Vall\u00e8s Oriental\",\"item\":\"https:\/\/turismevalles.com\/valles_oriental\/\"},{\"@type\":\"ListItem\",\"position\":3,\"name\":\"Gigantes, gigantas y Cabezudos\"}]},{\"@type\":\"WebSite\",\"@id\":\"https:\/\/turismevalles.com\/en\/#website\",\"url\":\"https:\/\/turismevalles.com\/en\/\",\"name\":\"Turisme Vall\u00e8s\",\"description\":\"\",\"publisher\":{\"@id\":\"https:\/\/turismevalles.com\/en\/#organization\"},\"potentialAction\":[{\"@type\":\"SearchAction\",\"target\":{\"@type\":\"EntryPoint\",\"urlTemplate\":\"https:\/\/turismevalles.com\/en\/?s={search_term_string}\"},\"query-input\":{\"@type\":\"PropertyValueSpecification\",\"valueRequired\":true,\"valueName\":\"search_term_string\"}}],\"inLanguage\":\"es\"},{\"@type\":\"Organization\",\"@id\":\"https:\/\/turismevalles.com\/en\/#organization\",\"name\":\"Turisme Vall\u00e8s\",\"url\":\"https:\/\/turismevalles.com\/en\/\",\"logo\":{\"@type\":\"ImageObject\",\"inLanguage\":\"es\",\"@id\":\"https:\/\/turismevalles.com\/en\/#\/schema\/logo\/image\/\",\"url\":\"https:\/\/turismevalles.com\/wp-content\/uploads\/2020\/08\/cropped-logo_ca-2.png\",\"contentUrl\":\"https:\/\/turismevalles.com\/wp-content\/uploads\/2020\/08\/cropped-logo_ca-2.png\",\"width\":314,\"height\":85,\"caption\":\"Turisme Vall\u00e8s\"},\"image\":{\"@id\":\"https:\/\/turismevalles.com\/en\/#\/schema\/logo\/image\/\"}}]}<\/script>\n<!-- \/ Yoast SEO plugin. -->","yoast_head_json":{"title":"Gigantes, gigantas y Cabezudos - Turisme Vall\u00e8s","robots":{"index":"index","follow":"follow","max-snippet":"max-snippet:-1","max-image-preview":"max-image-preview:large","max-video-preview":"max-video-preview:-1"},"canonical":"https:\/\/turismevalles.com\/es\/valles_oriental\/gigantes-gigantas-y-cabezudos\/","og_locale":"es_ES","og_type":"article","og_title":"Gigantes, gigantas y Cabezudos - Turisme Vall\u00e8s","og_description":"Los gigantes y cabezudos son unas figuras tradicionales catalanas. Los gigantes representan a los personajes hist\u00f3ricos (reyes, nobles, figuras ic\u00f3nicas\u2026) importantes de cada poblaci\u00f3n. Los ... Veure m\u00e9s","og_url":"https:\/\/turismevalles.com\/es\/valles_oriental\/gigantes-gigantas-y-cabezudos\/","og_site_name":"Turisme Vall\u00e8s","og_image":[{"width":1920,"height":2560,"url":"https:\/\/turismevalles.com\/wp-content\/uploads\/2025\/08\/IMG20240612114046-scaled-e1755861725178.jpg","type":"image\/jpeg"}],"twitter_card":"summary_large_image","twitter_misc":{"Tiempo de lectura":"1 minuto"},"schema":{"@context":"https:\/\/schema.org","@graph":[{"@type":"WebPage","@id":"https:\/\/turismevalles.com\/es\/valles_oriental\/gigantes-gigantas-y-cabezudos\/","url":"https:\/\/turismevalles.com\/es\/valles_oriental\/gigantes-gigantas-y-cabezudos\/","name":"Gigantes, gigantas y Cabezudos - Turisme Vall\u00e8s","isPartOf":{"@id":"https:\/\/turismevalles.com\/en\/#website"},"primaryImageOfPage":{"@id":"https:\/\/turismevalles.com\/es\/valles_oriental\/gigantes-gigantas-y-cabezudos\/#primaryimage"},"image":{"@id":"https:\/\/turismevalles.com\/es\/valles_oriental\/gigantes-gigantas-y-cabezudos\/#primaryimage"},"thumbnailUrl":"https:\/\/turismevalles.com\/wp-content\/uploads\/2025\/08\/IMG20240612114046-scaled-e1755861725178.jpg","datePublished":"2025-08-22T12:31:14+00:00","breadcrumb":{"@id":"https:\/\/turismevalles.com\/es\/valles_oriental\/gigantes-gigantas-y-cabezudos\/#breadcrumb"},"inLanguage":"es","potentialAction":[{"@type":"ReadAction","target":["https:\/\/turismevalles.com\/es\/valles_oriental\/gigantes-gigantas-y-cabezudos\/"]}]},{"@type":"ImageObject","inLanguage":"es","@id":"https:\/\/turismevalles.com\/es\/valles_oriental\/gigantes-gigantas-y-cabezudos\/#primaryimage","url":"https:\/\/turismevalles.com\/wp-content\/uploads\/2025\/08\/IMG20240612114046-scaled-e1755861725178.jpg","contentUrl":"https:\/\/turismevalles.com\/wp-content\/uploads\/2025\/08\/IMG20240612114046-scaled-e1755861725178.jpg","width":1920,"height":2560,"caption":"oplus_34"},{"@type":"BreadcrumbList","@id":"https:\/\/turismevalles.com\/es\/valles_oriental\/gigantes-gigantas-y-cabezudos\/#breadcrumb","itemListElement":[{"@type":"ListItem","position":1,"name":"Inicio","item":"https:\/\/turismevalles.com\/es\/"},{"@type":"ListItem","position":2,"name":"Vall\u00e8s Oriental","item":"https:\/\/turismevalles.com\/valles_oriental\/"},{"@type":"ListItem","position":3,"name":"Gigantes, gigantas y Cabezudos"}]},{"@type":"WebSite","@id":"https:\/\/turismevalles.com\/en\/#website","url":"https:\/\/turismevalles.com\/en\/","name":"Turisme Vall\u00e8s","description":"","publisher":{"@id":"https:\/\/turismevalles.com\/en\/#organization"},"potentialAction":[{"@type":"SearchAction","target":{"@type":"EntryPoint","urlTemplate":"https:\/\/turismevalles.com\/en\/?s={search_term_string}"},"query-input":{"@type":"PropertyValueSpecification","valueRequired":true,"valueName":"search_term_string"}}],"inLanguage":"es"},{"@type":"Organization","@id":"https:\/\/turismevalles.com\/en\/#organization","name":"Turisme Vall\u00e8s","url":"https:\/\/turismevalles.com\/en\/","logo":{"@type":"ImageObject","inLanguage":"es","@id":"https:\/\/turismevalles.com\/en\/#\/schema\/logo\/image\/","url":"https:\/\/turismevalles.com\/wp-content\/uploads\/2020\/08\/cropped-logo_ca-2.png","contentUrl":"https:\/\/turismevalles.com\/wp-content\/uploads\/2020\/08\/cropped-logo_ca-2.png","width":314,"height":85,"caption":"Turisme Vall\u00e8s"},"image":{"@id":"https:\/\/turismevalles.com\/en\/#\/schema\/logo\/image\/"}}]}},"uagb_featured_image_src":{"full":["https:\/\/turismevalles.com\/wp-content\/uploads\/2025\/08\/IMG20240612114046-scaled-e1755861725178.jpg",1920,2560,false],"thumbnail":["https:\/\/turismevalles.com\/wp-content\/uploads\/2025\/08\/IMG20240612114046-150x150.jpg",150,150,true],"medium":["https:\/\/turismevalles.com\/wp-content\/uploads\/2025\/08\/IMG20240612114046-225x300.jpg",225,300,true],"medium_large":["https:\/\/turismevalles.com\/wp-content\/uploads\/2025\/08\/IMG20240612114046-768x1024.jpg",768,1024,true],"large":["https:\/\/turismevalles.com\/wp-content\/uploads\/2025\/08\/IMG20240612114046-768x1024.jpg",768,1024,true],"thumblist":["https:\/\/turismevalles.com\/wp-content\/uploads\/2025\/08\/IMG20240612114046-300x300.jpg",300,300,true],"meccarouselthumb":["https:\/\/turismevalles.com\/wp-content\/uploads\/2025\/08\/IMG20240612114046-474x324.jpg",474,324,true],"gridsquare":["https:\/\/turismevalles.com\/wp-content\/uploads\/2025\/08\/IMG20240612114046-391x260.jpg",391,260,true],"tileview":["https:\/\/turismevalles.com\/wp-content\/uploads\/2025\/08\/IMG20240612114046-300x400.jpg",300,400,true],"1536x1536":["https:\/\/turismevalles.com\/wp-content\/uploads\/2025\/08\/IMG20240612114046-1152x1536.jpg",1152,1536,true],"2048x2048":["https:\/\/turismevalles.com\/wp-content\/uploads\/2025\/08\/IMG20240612114046-1536x2048.jpg",1536,2048,true]},"uagb_author_info":{"display_name":"Turisme Valles","author_link":"https:\/\/turismevalles.com\/es\/author\/"},"uagb_comment_info":0,"uagb_excerpt":"Los gigantes y cabezudos son unas figuras tradicionales catalanas. Los gigantes representan a los personajes hist\u00f3ricos (reyes, nobles, figuras ic\u00f3nicas\u2026) importantes de cada poblaci\u00f3n. Los ... Veure m\u00e9s","_links":{"self":[{"href":"https:\/\/turismevalles.com\/es\/wp-json\/wp\/v2\/valles_oriental\/65312","targetHints":{"allow":["GET"]}}],"collection":[{"href":"https:\/\/turismevalles.com\/es\/wp-json\/wp\/v2\/valles_oriental"}],"about":[{"href":"https:\/\/turismevalles.com\/es\/wp-json\/wp\/v2\/types\/valles_oriental"}],"wp:featuredmedia":[{"embeddable":true,"href":"https:\/\/turismevalles.com\/es\/wp-json\/wp\/v2\/media\/65263"}],"wp:attachment":[{"href":"https:\/\/turismevalles.com\/es\/wp-json\/wp\/v2\/media?parent=65312"}],"wp:term":[{"taxonomy":"poblacions","embeddable":true,"href":"https:\/\/turismevalles.com\/es\/wp-json\/wp\/v2\/poblacions?post=65312"},{"taxonomy":"valles_oriental_contingut","embeddable":true,"href":"https:\/\/turismevalles.com\/es\/wp-json\/wp\/v2\/valles_oriental_contingut?post=65312"},{"taxonomy":"tipologia_estada","embeddable":true,"href":"https:\/\/turismevalles.com\/es\/wp-json\/wp\/v2\/tipologia_estada?post=65312"}],"curies":[{"name":"wp","href":"https:\/\/api.w.org\/{rel}","templated":true}]}}