{"id":9765,"date":"2020-12-02T10:08:46","date_gmt":"2020-12-02T08:08:46","guid":{"rendered":"http:\/\/turismevalles.com.mialias.net\/valles_oriental\/sant-sebastia-de-montmajor\/"},"modified":"2020-12-03T11:23:20","modified_gmt":"2020-12-03T09:23:20","slug":"sant-sebastia-de-montmajor","status":"publish","type":"valles_oriental","link":"https:\/\/turismevalles.com\/es\/valles_oriental\/sant-sebastia-de-montmajor\/","title":{"rendered":"Sant Sebasti\u00e0 de Montmajor"},"content":{"rendered":"\n<p>Es un peque\u00f1o n\u00facleo de poblaci\u00f3n situado a 12 Km de Caldes de Montbui, en la vertiente norte de El Farell, rodeado por monta\u00f1as. El Valle de Sant Sebasti\u00e0 conserva todo el encanto de la naturaleza. En este, encontramos la iglesia rom\u00e1nica del siglo XI. En su interior, podemos admirar las pinturas al fresco de Antoni Vila Arrufat hecha entre 1945 y 1950 y un Sant Sebasti\u00e0 de madera del artista Sebasti\u00e0 Badia.&#13;\nLa iglesia es de una sola nave con un transepto que da a la planta forma de cruz latina. La planta tiene, por el lado de levante, una cabecera triabsidial, en la que el \u00e1bside del centro es de planta cuadrada y los dos laterales de planta semicircular. En el extremo de mediod\u00eda del transepto hay otro \u00e1bside, tambi\u00e9n de planta semicircular. El \u00e1bside central, presenta como particularidades las tres fachadas decoradas. Destacamos la presencia de un peque\u00f1o campanario de torre prism\u00e1tica de planta cuadrangular, con dos pisos de ventanas en cada cara.<\/p>\n\n<p><a href=\"http:\/\/turismevalles.com\/ca\/valles-oriental\/cultura\/patrimoni-valles-oriental-cat\/sant-sebastia-montmajor\/sant-sebastia-montmajor-caldes-de-montbui-patrimoni-cat\">Plus information<\/a><\/p>\n","protected":false},"featured_media":7755,"template":"","poblacions":[],"valles_oriental_contingut":[284],"tipologia_estada":[],"class_list":["post-9765","valles_oriental","type-valles_oriental","status-publish","has-post-thumbnail","hentry","valles_oriental_contingut-patrimonio-arquitectonico-y-arqueologico","generate-columns","tablet-grid-50","mobile-grid-100","grid-parent","grid-33"],"acf":[],"yoast_head":"<!-- This site is optimized with the Yoast SEO plugin v26.4 - https:\/\/yoast.com\/wordpress\/plugins\/seo\/ -->\n<title>Sant Sebasti\u00e0 de Montmajor - Turisme Vall\u00e8s<\/title>\n<meta name=\"robots\" content=\"index, follow, max-snippet:-1, max-image-preview:large, max-video-preview:-1\" \/>\n<link rel=\"canonical\" href=\"https:\/\/turismevalles.com\/valles_oriental\/sant-sebastia-de-montmajor\/\" \/>\n<meta property=\"og:locale\" content=\"es_ES\" \/>\n<meta property=\"og:type\" content=\"article\" \/>\n<meta property=\"og:title\" content=\"Sant Sebasti\u00e0 de Montmajor - Turisme Vall\u00e8s\" \/>\n<meta property=\"og:description\" content=\"Es un peque\u00f1o n\u00facleo de poblaci\u00f3n situado a 12 Km de Caldes de Montbui, en la vertiente norte de El Farell, rodeado por monta\u00f1as. El ... Veure m\u00e9s\" \/>\n<meta property=\"og:url\" content=\"https:\/\/turismevalles.com\/valles_oriental\/sant-sebastia-de-montmajor\/\" \/>\n<meta property=\"og:site_name\" content=\"Turisme Vall\u00e8s\" \/>\n<meta property=\"article:modified_time\" content=\"2020-12-03T09:23:20+00:00\" \/>\n<meta property=\"og:image\" content=\"https:\/\/turismevalles.com\/wp-content\/uploads\/2020\/11\/turismevalles4074.jpg\" \/>\n\t<meta property=\"og:image:width\" content=\"581\" \/>\n\t<meta property=\"og:image:height\" content=\"831\" \/>\n\t<meta property=\"og:image:type\" content=\"image\/jpeg\" \/>\n<meta name=\"twitter:card\" content=\"summary_large_image\" \/>\n<meta name=\"twitter:label1\" content=\"Tiempo de lectura\" \/>\n\t<meta name=\"twitter:data1\" content=\"1 minuto\" \/>\n<script type=\"application\/ld+json\" class=\"yoast-schema-graph\">{\"@context\":\"https:\/\/schema.org\",\"@graph\":[{\"@type\":\"WebPage\",\"@id\":\"https:\/\/turismevalles.com\/valles_oriental\/sant-sebastia-de-montmajor\/\",\"url\":\"https:\/\/turismevalles.com\/valles_oriental\/sant-sebastia-de-montmajor\/\",\"name\":\"Sant Sebasti\u00e0 de Montmajor - Turisme Vall\u00e8s\",\"isPartOf\":{\"@id\":\"https:\/\/turismevalles.com\/en\/#website\"},\"primaryImageOfPage\":{\"@id\":\"https:\/\/turismevalles.com\/valles_oriental\/sant-sebastia-de-montmajor\/#primaryimage\"},\"image\":{\"@id\":\"https:\/\/turismevalles.com\/valles_oriental\/sant-sebastia-de-montmajor\/#primaryimage\"},\"thumbnailUrl\":\"https:\/\/turismevalles.com\/wp-content\/uploads\/2020\/11\/turismevalles4074.jpg\",\"datePublished\":\"2020-12-02T08:08:46+00:00\",\"dateModified\":\"2020-12-03T09:23:20+00:00\",\"breadcrumb\":{\"@id\":\"https:\/\/turismevalles.com\/valles_oriental\/sant-sebastia-de-montmajor\/#breadcrumb\"},\"inLanguage\":\"es\",\"potentialAction\":[{\"@type\":\"ReadAction\",\"target\":[\"https:\/\/turismevalles.com\/valles_oriental\/sant-sebastia-de-montmajor\/\"]}]},{\"@type\":\"ImageObject\",\"inLanguage\":\"es\",\"@id\":\"https:\/\/turismevalles.com\/valles_oriental\/sant-sebastia-de-montmajor\/#primaryimage\",\"url\":\"https:\/\/turismevalles.com\/wp-content\/uploads\/2020\/11\/turismevalles4074.jpg\",\"contentUrl\":\"https:\/\/turismevalles.com\/wp-content\/uploads\/2020\/11\/turismevalles4074.jpg\",\"width\":581,\"height\":831,\"caption\":\"Sant Sebasti\u00e0 de Montmajor\"},{\"@type\":\"BreadcrumbList\",\"@id\":\"https:\/\/turismevalles.com\/valles_oriental\/sant-sebastia-de-montmajor\/#breadcrumb\",\"itemListElement\":[{\"@type\":\"ListItem\",\"position\":1,\"name\":\"Inicio\",\"item\":\"https:\/\/turismevalles.com\/es\/\"},{\"@type\":\"ListItem\",\"position\":2,\"name\":\"Vall\u00e8s Oriental\",\"item\":\"https:\/\/turismevalles.com\/valles_oriental\/\"},{\"@type\":\"ListItem\",\"position\":3,\"name\":\"Sant Sebasti\u00e0 de Montmajor\"}]},{\"@type\":\"WebSite\",\"@id\":\"https:\/\/turismevalles.com\/en\/#website\",\"url\":\"https:\/\/turismevalles.com\/en\/\",\"name\":\"Turisme Vall\u00e8s\",\"description\":\"\",\"publisher\":{\"@id\":\"https:\/\/turismevalles.com\/en\/#organization\"},\"potentialAction\":[{\"@type\":\"SearchAction\",\"target\":{\"@type\":\"EntryPoint\",\"urlTemplate\":\"https:\/\/turismevalles.com\/en\/?s={search_term_string}\"},\"query-input\":{\"@type\":\"PropertyValueSpecification\",\"valueRequired\":true,\"valueName\":\"search_term_string\"}}],\"inLanguage\":\"es\"},{\"@type\":\"Organization\",\"@id\":\"https:\/\/turismevalles.com\/en\/#organization\",\"name\":\"Turisme Vall\u00e8s\",\"url\":\"https:\/\/turismevalles.com\/en\/\",\"logo\":{\"@type\":\"ImageObject\",\"inLanguage\":\"es\",\"@id\":\"https:\/\/turismevalles.com\/en\/#\/schema\/logo\/image\/\",\"url\":\"https:\/\/turismevalles.com\/wp-content\/uploads\/2020\/08\/cropped-logo_ca-2.png\",\"contentUrl\":\"https:\/\/turismevalles.com\/wp-content\/uploads\/2020\/08\/cropped-logo_ca-2.png\",\"width\":314,\"height\":85,\"caption\":\"Turisme Vall\u00e8s\"},\"image\":{\"@id\":\"https:\/\/turismevalles.com\/en\/#\/schema\/logo\/image\/\"}}]}<\/script>\n<!-- \/ Yoast SEO plugin. -->","yoast_head_json":{"title":"Sant Sebasti\u00e0 de Montmajor - Turisme Vall\u00e8s","robots":{"index":"index","follow":"follow","max-snippet":"max-snippet:-1","max-image-preview":"max-image-preview:large","max-video-preview":"max-video-preview:-1"},"canonical":"https:\/\/turismevalles.com\/valles_oriental\/sant-sebastia-de-montmajor\/","og_locale":"es_ES","og_type":"article","og_title":"Sant Sebasti\u00e0 de Montmajor - Turisme Vall\u00e8s","og_description":"Es un peque\u00f1o n\u00facleo de poblaci\u00f3n situado a 12 Km de Caldes de Montbui, en la vertiente norte de El Farell, rodeado por monta\u00f1as. El ... Veure m\u00e9s","og_url":"https:\/\/turismevalles.com\/valles_oriental\/sant-sebastia-de-montmajor\/","og_site_name":"Turisme Vall\u00e8s","article_modified_time":"2020-12-03T09:23:20+00:00","og_image":[{"width":581,"height":831,"url":"https:\/\/turismevalles.com\/wp-content\/uploads\/2020\/11\/turismevalles4074.jpg","type":"image\/jpeg"}],"twitter_card":"summary_large_image","twitter_misc":{"Tiempo de lectura":"1 minuto"},"schema":{"@context":"https:\/\/schema.org","@graph":[{"@type":"WebPage","@id":"https:\/\/turismevalles.com\/valles_oriental\/sant-sebastia-de-montmajor\/","url":"https:\/\/turismevalles.com\/valles_oriental\/sant-sebastia-de-montmajor\/","name":"Sant Sebasti\u00e0 de Montmajor - Turisme Vall\u00e8s","isPartOf":{"@id":"https:\/\/turismevalles.com\/en\/#website"},"primaryImageOfPage":{"@id":"https:\/\/turismevalles.com\/valles_oriental\/sant-sebastia-de-montmajor\/#primaryimage"},"image":{"@id":"https:\/\/turismevalles.com\/valles_oriental\/sant-sebastia-de-montmajor\/#primaryimage"},"thumbnailUrl":"https:\/\/turismevalles.com\/wp-content\/uploads\/2020\/11\/turismevalles4074.jpg","datePublished":"2020-12-02T08:08:46+00:00","dateModified":"2020-12-03T09:23:20+00:00","breadcrumb":{"@id":"https:\/\/turismevalles.com\/valles_oriental\/sant-sebastia-de-montmajor\/#breadcrumb"},"inLanguage":"es","potentialAction":[{"@type":"ReadAction","target":["https:\/\/turismevalles.com\/valles_oriental\/sant-sebastia-de-montmajor\/"]}]},{"@type":"ImageObject","inLanguage":"es","@id":"https:\/\/turismevalles.com\/valles_oriental\/sant-sebastia-de-montmajor\/#primaryimage","url":"https:\/\/turismevalles.com\/wp-content\/uploads\/2020\/11\/turismevalles4074.jpg","contentUrl":"https:\/\/turismevalles.com\/wp-content\/uploads\/2020\/11\/turismevalles4074.jpg","width":581,"height":831,"caption":"Sant Sebasti\u00e0 de Montmajor"},{"@type":"BreadcrumbList","@id":"https:\/\/turismevalles.com\/valles_oriental\/sant-sebastia-de-montmajor\/#breadcrumb","itemListElement":[{"@type":"ListItem","position":1,"name":"Inicio","item":"https:\/\/turismevalles.com\/es\/"},{"@type":"ListItem","position":2,"name":"Vall\u00e8s Oriental","item":"https:\/\/turismevalles.com\/valles_oriental\/"},{"@type":"ListItem","position":3,"name":"Sant Sebasti\u00e0 de Montmajor"}]},{"@type":"WebSite","@id":"https:\/\/turismevalles.com\/en\/#website","url":"https:\/\/turismevalles.com\/en\/","name":"Turisme Vall\u00e8s","description":"","publisher":{"@id":"https:\/\/turismevalles.com\/en\/#organization"},"potentialAction":[{"@type":"SearchAction","target":{"@type":"EntryPoint","urlTemplate":"https:\/\/turismevalles.com\/en\/?s={search_term_string}"},"query-input":{"@type":"PropertyValueSpecification","valueRequired":true,"valueName":"search_term_string"}}],"inLanguage":"es"},{"@type":"Organization","@id":"https:\/\/turismevalles.com\/en\/#organization","name":"Turisme Vall\u00e8s","url":"https:\/\/turismevalles.com\/en\/","logo":{"@type":"ImageObject","inLanguage":"es","@id":"https:\/\/turismevalles.com\/en\/#\/schema\/logo\/image\/","url":"https:\/\/turismevalles.com\/wp-content\/uploads\/2020\/08\/cropped-logo_ca-2.png","contentUrl":"https:\/\/turismevalles.com\/wp-content\/uploads\/2020\/08\/cropped-logo_ca-2.png","width":314,"height":85,"caption":"Turisme Vall\u00e8s"},"image":{"@id":"https:\/\/turismevalles.com\/en\/#\/schema\/logo\/image\/"}}]}},"uagb_featured_image_src":{"full":["https:\/\/turismevalles.com\/wp-content\/uploads\/2020\/11\/turismevalles4074.jpg",581,831,false],"thumbnail":["https:\/\/turismevalles.com\/wp-content\/uploads\/2020\/11\/turismevalles4074-150x150.jpg",150,150,true],"medium":["https:\/\/turismevalles.com\/wp-content\/uploads\/2020\/11\/turismevalles4074-210x300.jpg",210,300,true],"medium_large":["https:\/\/turismevalles.com\/wp-content\/uploads\/2020\/11\/turismevalles4074.jpg",581,831,false],"large":["https:\/\/turismevalles.com\/wp-content\/uploads\/2020\/11\/turismevalles4074.jpg",581,831,false],"thumblist":["https:\/\/turismevalles.com\/wp-content\/uploads\/2020\/11\/turismevalles4074.jpg",210,300,false],"meccarouselthumb":["https:\/\/turismevalles.com\/wp-content\/uploads\/2020\/11\/turismevalles4074.jpg",227,324,false],"gridsquare":["https:\/\/turismevalles.com\/wp-content\/uploads\/2020\/11\/turismevalles4074.jpg",182,260,false],"tileview":["https:\/\/turismevalles.com\/wp-content\/uploads\/2020\/11\/turismevalles4074.jpg",280,400,false],"1536x1536":["https:\/\/turismevalles.com\/wp-content\/uploads\/2020\/11\/turismevalles4074.jpg",581,831,false],"2048x2048":["https:\/\/turismevalles.com\/wp-content\/uploads\/2020\/11\/turismevalles4074.jpg",581,831,false]},"uagb_author_info":{"display_name":"Turisme Valles","author_link":"https:\/\/turismevalles.com\/es\/author\/"},"uagb_comment_info":0,"uagb_excerpt":"Es un peque\u00f1o n\u00facleo de poblaci\u00f3n situado a 12 Km de Caldes de Montbui, en la vertiente norte de El Farell, rodeado por monta\u00f1as. El ... Veure m\u00e9s","_links":{"self":[{"href":"https:\/\/turismevalles.com\/es\/wp-json\/wp\/v2\/valles_oriental\/9765","targetHints":{"allow":["GET"]}}],"collection":[{"href":"https:\/\/turismevalles.com\/es\/wp-json\/wp\/v2\/valles_oriental"}],"about":[{"href":"https:\/\/turismevalles.com\/es\/wp-json\/wp\/v2\/types\/valles_oriental"}],"wp:featuredmedia":[{"embeddable":true,"href":"https:\/\/turismevalles.com\/es\/wp-json\/wp\/v2\/media\/7755"}],"wp:attachment":[{"href":"https:\/\/turismevalles.com\/es\/wp-json\/wp\/v2\/media?parent=9765"}],"wp:term":[{"taxonomy":"poblacions","embeddable":true,"href":"https:\/\/turismevalles.com\/es\/wp-json\/wp\/v2\/poblacions?post=9765"},{"taxonomy":"valles_oriental_contingut","embeddable":true,"href":"https:\/\/turismevalles.com\/es\/wp-json\/wp\/v2\/valles_oriental_contingut?post=9765"},{"taxonomy":"tipologia_estada","embeddable":true,"href":"https:\/\/turismevalles.com\/es\/wp-json\/wp\/v2\/tipologia_estada?post=9765"}],"curies":[{"name":"wp","href":"https:\/\/api.w.org\/{rel}","templated":true}]}}