{"id":9777,"date":"2020-12-02T10:26:48","date_gmt":"2020-12-02T08:26:48","guid":{"rendered":"http:\/\/turismevalles.com.mialias.net\/valles_oriental\/la-media-maraton\/"},"modified":"2020-12-02T10:32:22","modified_gmt":"2020-12-02T08:32:22","slug":"la-media-maraton","status":"publish","type":"valles_oriental","link":"https:\/\/turismevalles.com\/es\/valles_oriental\/la-media-maraton\/","title":{"rendered":"La Media Marat\u00f3n"},"content":{"rendered":"\n<p>Despu\u00e9s de veinte a\u00f1os de historia escrita, la Mitja Marat\u00f3 Granollers &#8211; La Garriga \u2013 Les Franqueses se ha destacado como la m\u00e1s importante de Catalunya y la que m\u00e1s aprecian 8.000 atletas que se dan cita uno de los primeros domingos de febrero.&#13;\n&#13;\n<\/p>\n\n<p>Y es que la Mitja Marat\u00f3 re\u00fane muchos factores que lo hacen posible. Por un lado, la carrera combina a la perfecci\u00f3n el <strong>atletismo de \u00e9lite<\/strong> que le da emoci\u00f3n deportiva con <strong>el atletismo popular<\/strong>, con miles de corredores que forman el gran grupo. Por el recorrido de la Mitja Marat\u00f3 han pasado atletas de primera fila con Samuel Wanjiru, que bati\u00f3 el r\u00e9cord de la prueba y el de Espa\u00f1a con un tiempo de 00:59:26, el a\u00f1o 2008; Haile Gebreselassie, Marta Dom\u00ednguez, Estefano Baldini, Gianni Poli, Martin Fiz, Alberto Juzgado, Charlie Spinning&#8230; Este brillante palmar\u00e9s en las primeras filas ha sido uno de los alicientes deportivos m\u00e1s importantes. Pero detr\u00e1s de estos atletas punteros a nivel mundial ha habido una masa popular que ha conseguido llenar la carretera entre Granollers y la Garriga y animar a muchos ciudadanos que ya tienen marcado en su calendario este domingo para salir a la calle y animar a los miles de corredores que llenan todo el recorrido.&#13;\n&#13;\n<\/p>\n\n<p>La organizaci\u00f3n de la Mitja Marat\u00f3 no han desestimando otros niveles menos competitivos y por este motivo des de hace a\u00f1os organiza paralelamente el Quart de la Mitja, para los que no quieren pasar de los cinco quil\u00f3metros, y la <strong>Mini<\/strong>, destinada a los m\u00e1s peque\u00f1os de la casa, que con los a\u00f1os ser\u00e1n los futuros corredores de la media.&#13;\n&#13;\n<\/p>\n\n<p>As\u00ed pues, en total, La Mitja Marat\u00f3, el <strong>Quart de la Mitja<\/strong> y la Mini movilizan y hacen correr alrededor de 8.000 atletas de todas las edades que en todo momento reciben el apoyo de centenares de voluntarios que trabajan desinteresadamente y s\u00f3lo por la ilusi\u00f3n de ser part\u00edcipes de un gran evento tanto deportivo como popular.&#13;\n&#13;\n<\/p>\n\n<p><a href=\"http:\/\/www.lamitja.cat\/\">M\u00e1s informaci\u00f3<\/a><\/p>\n","protected":false},"featured_media":7776,"template":"","poblacions":[],"valles_oriental_contingut":[318],"tipologia_estada":[],"class_list":["post-9777","valles_oriental","type-valles_oriental","status-publish","has-post-thumbnail","hentry","valles_oriental_contingut-deporte","generate-columns","tablet-grid-50","mobile-grid-100","grid-parent","grid-33"],"acf":[],"yoast_head":"<!-- This site is optimized with the Yoast SEO plugin v26.4 - https:\/\/yoast.com\/wordpress\/plugins\/seo\/ -->\n<title>La Media Marat\u00f3n - Turisme Vall\u00e8s<\/title>\n<meta name=\"robots\" content=\"index, follow, max-snippet:-1, max-image-preview:large, max-video-preview:-1\" \/>\n<link rel=\"canonical\" href=\"https:\/\/turismevalles.com\/valles_oriental\/la-mitja-marato\/\" \/>\n<meta property=\"og:locale\" content=\"es_ES\" \/>\n<meta property=\"og:type\" content=\"article\" \/>\n<meta property=\"og:title\" content=\"La Media Marat\u00f3n - Turisme Vall\u00e8s\" \/>\n<meta property=\"og:description\" content=\"Despu\u00e9s de veinte a\u00f1os de historia escrita, la Mitja Marat\u00f3 Granollers &#8211; La Garriga \u2013 Les Franqueses se ha destacado como la m\u00e1s importante de ... Veure m\u00e9s\" \/>\n<meta property=\"og:url\" content=\"https:\/\/turismevalles.com\/valles_oriental\/la-mitja-marato\/\" \/>\n<meta property=\"og:site_name\" content=\"Turisme Vall\u00e8s\" \/>\n<meta property=\"article:modified_time\" content=\"2020-12-02T08:32:22+00:00\" \/>\n<meta property=\"og:image\" content=\"https:\/\/turismevalles.com\/wp-content\/uploads\/2020\/11\/turismevalles143.jpg\" \/>\n\t<meta property=\"og:image:width\" content=\"640\" \/>\n\t<meta property=\"og:image:height\" content=\"427\" \/>\n\t<meta property=\"og:image:type\" content=\"image\/jpeg\" \/>\n<meta name=\"twitter:card\" content=\"summary_large_image\" \/>\n<meta name=\"twitter:label1\" content=\"Tiempo de lectura\" \/>\n\t<meta name=\"twitter:data1\" content=\"2 minutos\" \/>\n<script type=\"application\/ld+json\" class=\"yoast-schema-graph\">{\"@context\":\"https:\/\/schema.org\",\"@graph\":[{\"@type\":\"WebPage\",\"@id\":\"https:\/\/turismevalles.com\/valles_oriental\/la-mitja-marato\/\",\"url\":\"https:\/\/turismevalles.com\/valles_oriental\/la-mitja-marato\/\",\"name\":\"La Media Marat\u00f3n - Turisme Vall\u00e8s\",\"isPartOf\":{\"@id\":\"https:\/\/turismevalles.com\/en\/#website\"},\"primaryImageOfPage\":{\"@id\":\"https:\/\/turismevalles.com\/valles_oriental\/la-mitja-marato\/#primaryimage\"},\"image\":{\"@id\":\"https:\/\/turismevalles.com\/valles_oriental\/la-mitja-marato\/#primaryimage\"},\"thumbnailUrl\":\"https:\/\/turismevalles.com\/wp-content\/uploads\/2020\/11\/turismevalles143.jpg\",\"datePublished\":\"2020-12-02T08:26:48+00:00\",\"dateModified\":\"2020-12-02T08:32:22+00:00\",\"breadcrumb\":{\"@id\":\"https:\/\/turismevalles.com\/valles_oriental\/la-mitja-marato\/#breadcrumb\"},\"inLanguage\":\"es\",\"potentialAction\":[{\"@type\":\"ReadAction\",\"target\":[\"https:\/\/turismevalles.com\/valles_oriental\/la-mitja-marato\/\"]}]},{\"@type\":\"ImageObject\",\"inLanguage\":\"es\",\"@id\":\"https:\/\/turismevalles.com\/valles_oriental\/la-mitja-marato\/#primaryimage\",\"url\":\"https:\/\/turismevalles.com\/wp-content\/uploads\/2020\/11\/turismevalles143.jpg\",\"contentUrl\":\"https:\/\/turismevalles.com\/wp-content\/uploads\/2020\/11\/turismevalles143.jpg\",\"width\":640,\"height\":427,\"caption\":\"La mitja\"},{\"@type\":\"BreadcrumbList\",\"@id\":\"https:\/\/turismevalles.com\/valles_oriental\/la-mitja-marato\/#breadcrumb\",\"itemListElement\":[{\"@type\":\"ListItem\",\"position\":1,\"name\":\"Inicio\",\"item\":\"https:\/\/turismevalles.com\/es\/\"},{\"@type\":\"ListItem\",\"position\":2,\"name\":\"Vall\u00e8s Oriental\",\"item\":\"https:\/\/turismevalles.com\/valles_oriental\/\"},{\"@type\":\"ListItem\",\"position\":3,\"name\":\"La Media Marat\u00f3n\"}]},{\"@type\":\"WebSite\",\"@id\":\"https:\/\/turismevalles.com\/en\/#website\",\"url\":\"https:\/\/turismevalles.com\/en\/\",\"name\":\"Turisme Vall\u00e8s\",\"description\":\"\",\"publisher\":{\"@id\":\"https:\/\/turismevalles.com\/en\/#organization\"},\"potentialAction\":[{\"@type\":\"SearchAction\",\"target\":{\"@type\":\"EntryPoint\",\"urlTemplate\":\"https:\/\/turismevalles.com\/en\/?s={search_term_string}\"},\"query-input\":{\"@type\":\"PropertyValueSpecification\",\"valueRequired\":true,\"valueName\":\"search_term_string\"}}],\"inLanguage\":\"es\"},{\"@type\":\"Organization\",\"@id\":\"https:\/\/turismevalles.com\/en\/#organization\",\"name\":\"Turisme Vall\u00e8s\",\"url\":\"https:\/\/turismevalles.com\/en\/\",\"logo\":{\"@type\":\"ImageObject\",\"inLanguage\":\"es\",\"@id\":\"https:\/\/turismevalles.com\/en\/#\/schema\/logo\/image\/\",\"url\":\"https:\/\/turismevalles.com\/wp-content\/uploads\/2020\/08\/cropped-logo_ca-2.png\",\"contentUrl\":\"https:\/\/turismevalles.com\/wp-content\/uploads\/2020\/08\/cropped-logo_ca-2.png\",\"width\":314,\"height\":85,\"caption\":\"Turisme Vall\u00e8s\"},\"image\":{\"@id\":\"https:\/\/turismevalles.com\/en\/#\/schema\/logo\/image\/\"}}]}<\/script>\n<!-- \/ Yoast SEO plugin. -->","yoast_head_json":{"title":"La Media Marat\u00f3n - Turisme Vall\u00e8s","robots":{"index":"index","follow":"follow","max-snippet":"max-snippet:-1","max-image-preview":"max-image-preview:large","max-video-preview":"max-video-preview:-1"},"canonical":"https:\/\/turismevalles.com\/valles_oriental\/la-mitja-marato\/","og_locale":"es_ES","og_type":"article","og_title":"La Media Marat\u00f3n - Turisme Vall\u00e8s","og_description":"Despu\u00e9s de veinte a\u00f1os de historia escrita, la Mitja Marat\u00f3 Granollers &#8211; La Garriga \u2013 Les Franqueses se ha destacado como la m\u00e1s importante de ... Veure m\u00e9s","og_url":"https:\/\/turismevalles.com\/valles_oriental\/la-mitja-marato\/","og_site_name":"Turisme Vall\u00e8s","article_modified_time":"2020-12-02T08:32:22+00:00","og_image":[{"width":640,"height":427,"url":"https:\/\/turismevalles.com\/wp-content\/uploads\/2020\/11\/turismevalles143.jpg","type":"image\/jpeg"}],"twitter_card":"summary_large_image","twitter_misc":{"Tiempo de lectura":"2 minutos"},"schema":{"@context":"https:\/\/schema.org","@graph":[{"@type":"WebPage","@id":"https:\/\/turismevalles.com\/valles_oriental\/la-mitja-marato\/","url":"https:\/\/turismevalles.com\/valles_oriental\/la-mitja-marato\/","name":"La Media Marat\u00f3n - Turisme Vall\u00e8s","isPartOf":{"@id":"https:\/\/turismevalles.com\/en\/#website"},"primaryImageOfPage":{"@id":"https:\/\/turismevalles.com\/valles_oriental\/la-mitja-marato\/#primaryimage"},"image":{"@id":"https:\/\/turismevalles.com\/valles_oriental\/la-mitja-marato\/#primaryimage"},"thumbnailUrl":"https:\/\/turismevalles.com\/wp-content\/uploads\/2020\/11\/turismevalles143.jpg","datePublished":"2020-12-02T08:26:48+00:00","dateModified":"2020-12-02T08:32:22+00:00","breadcrumb":{"@id":"https:\/\/turismevalles.com\/valles_oriental\/la-mitja-marato\/#breadcrumb"},"inLanguage":"es","potentialAction":[{"@type":"ReadAction","target":["https:\/\/turismevalles.com\/valles_oriental\/la-mitja-marato\/"]}]},{"@type":"ImageObject","inLanguage":"es","@id":"https:\/\/turismevalles.com\/valles_oriental\/la-mitja-marato\/#primaryimage","url":"https:\/\/turismevalles.com\/wp-content\/uploads\/2020\/11\/turismevalles143.jpg","contentUrl":"https:\/\/turismevalles.com\/wp-content\/uploads\/2020\/11\/turismevalles143.jpg","width":640,"height":427,"caption":"La mitja"},{"@type":"BreadcrumbList","@id":"https:\/\/turismevalles.com\/valles_oriental\/la-mitja-marato\/#breadcrumb","itemListElement":[{"@type":"ListItem","position":1,"name":"Inicio","item":"https:\/\/turismevalles.com\/es\/"},{"@type":"ListItem","position":2,"name":"Vall\u00e8s Oriental","item":"https:\/\/turismevalles.com\/valles_oriental\/"},{"@type":"ListItem","position":3,"name":"La Media Marat\u00f3n"}]},{"@type":"WebSite","@id":"https:\/\/turismevalles.com\/en\/#website","url":"https:\/\/turismevalles.com\/en\/","name":"Turisme Vall\u00e8s","description":"","publisher":{"@id":"https:\/\/turismevalles.com\/en\/#organization"},"potentialAction":[{"@type":"SearchAction","target":{"@type":"EntryPoint","urlTemplate":"https:\/\/turismevalles.com\/en\/?s={search_term_string}"},"query-input":{"@type":"PropertyValueSpecification","valueRequired":true,"valueName":"search_term_string"}}],"inLanguage":"es"},{"@type":"Organization","@id":"https:\/\/turismevalles.com\/en\/#organization","name":"Turisme Vall\u00e8s","url":"https:\/\/turismevalles.com\/en\/","logo":{"@type":"ImageObject","inLanguage":"es","@id":"https:\/\/turismevalles.com\/en\/#\/schema\/logo\/image\/","url":"https:\/\/turismevalles.com\/wp-content\/uploads\/2020\/08\/cropped-logo_ca-2.png","contentUrl":"https:\/\/turismevalles.com\/wp-content\/uploads\/2020\/08\/cropped-logo_ca-2.png","width":314,"height":85,"caption":"Turisme Vall\u00e8s"},"image":{"@id":"https:\/\/turismevalles.com\/en\/#\/schema\/logo\/image\/"}}]}},"uagb_featured_image_src":{"full":["https:\/\/turismevalles.com\/wp-content\/uploads\/2020\/11\/turismevalles143.jpg",640,427,false],"thumbnail":["https:\/\/turismevalles.com\/wp-content\/uploads\/2020\/11\/turismevalles143-150x150.jpg",150,150,true],"medium":["https:\/\/turismevalles.com\/wp-content\/uploads\/2020\/11\/turismevalles143-300x200.jpg",300,200,true],"medium_large":["https:\/\/turismevalles.com\/wp-content\/uploads\/2020\/11\/turismevalles143.jpg",640,427,false],"large":["https:\/\/turismevalles.com\/wp-content\/uploads\/2020\/11\/turismevalles143.jpg",640,427,false],"thumblist":["https:\/\/turismevalles.com\/wp-content\/uploads\/2020\/11\/turismevalles143.jpg",300,200,false],"meccarouselthumb":["https:\/\/turismevalles.com\/wp-content\/uploads\/2020\/11\/turismevalles143.jpg",474,316,false],"gridsquare":["https:\/\/turismevalles.com\/wp-content\/uploads\/2020\/11\/turismevalles143.jpg",391,260,false],"tileview":["https:\/\/turismevalles.com\/wp-content\/uploads\/2020\/11\/turismevalles143.jpg",300,200,false],"1536x1536":["https:\/\/turismevalles.com\/wp-content\/uploads\/2020\/11\/turismevalles143.jpg",640,427,false],"2048x2048":["https:\/\/turismevalles.com\/wp-content\/uploads\/2020\/11\/turismevalles143.jpg",640,427,false]},"uagb_author_info":{"display_name":"Turisme Valles","author_link":"https:\/\/turismevalles.com\/es\/author\/"},"uagb_comment_info":0,"uagb_excerpt":"Despu\u00e9s de veinte a\u00f1os de historia escrita, la Mitja Marat\u00f3 Granollers &#8211; La Garriga \u2013 Les Franqueses se ha destacado como la m\u00e1s importante de ... Veure m\u00e9s","_links":{"self":[{"href":"https:\/\/turismevalles.com\/es\/wp-json\/wp\/v2\/valles_oriental\/9777","targetHints":{"allow":["GET"]}}],"collection":[{"href":"https:\/\/turismevalles.com\/es\/wp-json\/wp\/v2\/valles_oriental"}],"about":[{"href":"https:\/\/turismevalles.com\/es\/wp-json\/wp\/v2\/types\/valles_oriental"}],"wp:featuredmedia":[{"embeddable":true,"href":"https:\/\/turismevalles.com\/es\/wp-json\/wp\/v2\/media\/7776"}],"wp:attachment":[{"href":"https:\/\/turismevalles.com\/es\/wp-json\/wp\/v2\/media?parent=9777"}],"wp:term":[{"taxonomy":"poblacions","embeddable":true,"href":"https:\/\/turismevalles.com\/es\/wp-json\/wp\/v2\/poblacions?post=9777"},{"taxonomy":"valles_oriental_contingut","embeddable":true,"href":"https:\/\/turismevalles.com\/es\/wp-json\/wp\/v2\/valles_oriental_contingut?post=9777"},{"taxonomy":"tipologia_estada","embeddable":true,"href":"https:\/\/turismevalles.com\/es\/wp-json\/wp\/v2\/tipologia_estada?post=9777"}],"curies":[{"name":"wp","href":"https:\/\/api.w.org\/{rel}","templated":true}]}}