{"id":9792,"date":"2020-12-02T10:43:09","date_gmt":"2020-12-02T08:43:09","guid":{"rendered":"http:\/\/turismevalles.com.mialias.net\/valles_oriental\/la-garriga\/"},"modified":"2024-07-08T14:17:20","modified_gmt":"2024-07-08T12:17:20","slug":"la-garriga","status":"publish","type":"valles_oriental","link":"https:\/\/turismevalles.com\/es\/valles_oriental\/la-garriga\/","title":{"rendered":"La Garriga"},"content":{"rendered":"\n<p>El municipio de <a href=\"https:\/\/turismevalles.com\/es\/valles_oriental\/la-garriga-2\/\">La Garriga<\/a> est\u00e1 situado en el \u00e1ngulo sudoeste del Montseny, con el t\u00e9rmino municipal atravesado por el r\u00edo Congost, un paso natural entre el Vall\u00e8s y la plana de Vic. Su historia est\u00e1 ligada al termalismo, desde la \u00e9poca antigua y sobre todo durante la romanizaci\u00f3n, de la que conserva vestigios de inter\u00e9s como la villa romana de Can Terrers.<\/p>\n\n<p>El n\u00facleo urbano se form\u00f3 en torno al manantial termal, con agua caliente superior a los 60\u00baC. Durante la segunda mitad del siglo XIX, los balnearios potenciaron el crecimiento del municipio y, en especial, la construcci\u00f3n de gran n\u00famero de torres y casas para los veraneantes barceloneses. Ambos hechos ayudaron a consolidar la Garriga como villa de veraneo y, hoy re\u00fane el conjunto modernista m\u00e1s destacado de la comarca: la manzana Raspall, con cuatro torres de este arquitecto declaradas Bien Cultural de Inter\u00e9s Nacional.<\/p>\n\n<h2 class=\"gb-headline gb-headline-ce91ad77 gb-headline-text\">Ruta del Modernismo de Veraneo de La Garriga<\/h2>\n\n<div data-wp-interactive=\"core\/file\" class=\"wp-block-file\"><object data-wp-bind--hidden=\"!state.hasPdfPreview\" hidden class=\"wp-block-file__embed\" data=\"https:\/\/turismevalles.com\/wp-content\/uploads\/2024\/07\/05_GuiaModernisme-Garriga-22-4.pdf\" type=\"application\/pdf\" style=\"width:100%;height:600px\" aria-label=\"Incrustado de 05_GuiaModernisme-Garriga-22-4.\"><\/object><a id=\"wp-block-file--media-36cfd5a9-70e2-4f20-a0cf-2596ab366a8b\" href=\"https:\/\/turismevalles.com\/wp-content\/uploads\/2024\/07\/05_GuiaModernisme-Garriga-22-4.pdf\">05_GuiaModernisme-Garriga-22-4<\/a><a href=\"https:\/\/turismevalles.com\/wp-content\/uploads\/2024\/07\/05_GuiaModernisme-Garriga-22-4.pdf\" class=\"wp-block-file__button wp-element-button\" download=\"\" aria-describedby=\"wp-block-file--media-36cfd5a9-70e2-4f20-a0cf-2596ab366a8b\">Descarga<\/a><\/div>\n\n<p><a href=\"http:\/\/www.visitalagarriga.cat\/\">M\u00e1s informaci\u00f3n<\/a><\/p>\n","protected":false},"featured_media":56797,"template":"","poblacions":[439],"valles_oriental_contingut":[321],"tipologia_estada":[],"class_list":["post-9792","valles_oriental","type-valles_oriental","status-publish","has-post-thumbnail","hentry","poblacions-la-garriga-es","valles_oriental_contingut-modernismo","generate-columns","tablet-grid-50","mobile-grid-100","grid-parent","grid-33"],"acf":[],"yoast_head":"<!-- This site is optimized with the Yoast SEO plugin v26.4 - https:\/\/yoast.com\/wordpress\/plugins\/seo\/ -->\n<title>La Garriga - Turisme Vall\u00e8s<\/title>\n<meta name=\"robots\" content=\"index, follow, max-snippet:-1, max-image-preview:large, max-video-preview:-1\" \/>\n<link rel=\"canonical\" href=\"https:\/\/turismevalles.com\/valles_oriental\/la-garriga-2\/\" \/>\n<meta property=\"og:locale\" content=\"es_ES\" \/>\n<meta property=\"og:type\" content=\"article\" \/>\n<meta property=\"og:title\" content=\"La Garriga - Turisme Vall\u00e8s\" \/>\n<meta property=\"og:description\" content=\"El municipio de La Garriga est\u00e1 situado en el \u00e1ngulo sudoeste del Montseny, con el t\u00e9rmino municipal atravesado por el r\u00edo Congost, un paso natural ... Veure m\u00e9s\" \/>\n<meta property=\"og:url\" content=\"https:\/\/turismevalles.com\/valles_oriental\/la-garriga-2\/\" \/>\n<meta property=\"og:site_name\" content=\"Turisme Vall\u00e8s\" \/>\n<meta property=\"article:modified_time\" content=\"2024-07-08T12:17:20+00:00\" \/>\n<meta property=\"og:image\" content=\"https:\/\/turismevalles.com\/wp-content\/uploads\/2020\/11\/modernisme-passeig-202-scaled.jpg\" \/>\n\t<meta property=\"og:image:width\" content=\"2560\" \/>\n\t<meta property=\"og:image:height\" content=\"1707\" \/>\n\t<meta property=\"og:image:type\" content=\"image\/jpeg\" \/>\n<meta name=\"twitter:card\" content=\"summary_large_image\" \/>\n<meta name=\"twitter:label1\" content=\"Tiempo de lectura\" \/>\n\t<meta name=\"twitter:data1\" content=\"1 minuto\" \/>\n<script type=\"application\/ld+json\" class=\"yoast-schema-graph\">{\"@context\":\"https:\/\/schema.org\",\"@graph\":[{\"@type\":\"WebPage\",\"@id\":\"https:\/\/turismevalles.com\/valles_oriental\/la-garriga-2\/\",\"url\":\"https:\/\/turismevalles.com\/valles_oriental\/la-garriga-2\/\",\"name\":\"La Garriga - Turisme Vall\u00e8s\",\"isPartOf\":{\"@id\":\"https:\/\/turismevalles.com\/en\/#website\"},\"primaryImageOfPage\":{\"@id\":\"https:\/\/turismevalles.com\/valles_oriental\/la-garriga-2\/#primaryimage\"},\"image\":{\"@id\":\"https:\/\/turismevalles.com\/valles_oriental\/la-garriga-2\/#primaryimage\"},\"thumbnailUrl\":\"https:\/\/turismevalles.com\/wp-content\/uploads\/2020\/11\/modernisme-passeig-202-scaled.jpg\",\"datePublished\":\"2020-12-02T08:43:09+00:00\",\"dateModified\":\"2024-07-08T12:17:20+00:00\",\"breadcrumb\":{\"@id\":\"https:\/\/turismevalles.com\/valles_oriental\/la-garriga-2\/#breadcrumb\"},\"inLanguage\":\"es\",\"potentialAction\":[{\"@type\":\"ReadAction\",\"target\":[\"https:\/\/turismevalles.com\/valles_oriental\/la-garriga-2\/\"]}]},{\"@type\":\"ImageObject\",\"inLanguage\":\"es\",\"@id\":\"https:\/\/turismevalles.com\/valles_oriental\/la-garriga-2\/#primaryimage\",\"url\":\"https:\/\/turismevalles.com\/wp-content\/uploads\/2020\/11\/modernisme-passeig-202-scaled.jpg\",\"contentUrl\":\"https:\/\/turismevalles.com\/wp-content\/uploads\/2020\/11\/modernisme-passeig-202-scaled.jpg\",\"width\":2560,\"height\":1707,\"caption\":\"26.10.2020 - La Garriga - modernisme - passeig - Torre Barbey - Arq M J Raspall - Foto Anna Mas\"},{\"@type\":\"BreadcrumbList\",\"@id\":\"https:\/\/turismevalles.com\/valles_oriental\/la-garriga-2\/#breadcrumb\",\"itemListElement\":[{\"@type\":\"ListItem\",\"position\":1,\"name\":\"Inicio\",\"item\":\"https:\/\/turismevalles.com\/es\/\"},{\"@type\":\"ListItem\",\"position\":2,\"name\":\"Vall\u00e8s Oriental\",\"item\":\"https:\/\/turismevalles.com\/valles_oriental\/\"},{\"@type\":\"ListItem\",\"position\":3,\"name\":\"La Garriga\"}]},{\"@type\":\"WebSite\",\"@id\":\"https:\/\/turismevalles.com\/en\/#website\",\"url\":\"https:\/\/turismevalles.com\/en\/\",\"name\":\"Turisme Vall\u00e8s\",\"description\":\"\",\"publisher\":{\"@id\":\"https:\/\/turismevalles.com\/en\/#organization\"},\"potentialAction\":[{\"@type\":\"SearchAction\",\"target\":{\"@type\":\"EntryPoint\",\"urlTemplate\":\"https:\/\/turismevalles.com\/en\/?s={search_term_string}\"},\"query-input\":{\"@type\":\"PropertyValueSpecification\",\"valueRequired\":true,\"valueName\":\"search_term_string\"}}],\"inLanguage\":\"es\"},{\"@type\":\"Organization\",\"@id\":\"https:\/\/turismevalles.com\/en\/#organization\",\"name\":\"Turisme Vall\u00e8s\",\"url\":\"https:\/\/turismevalles.com\/en\/\",\"logo\":{\"@type\":\"ImageObject\",\"inLanguage\":\"es\",\"@id\":\"https:\/\/turismevalles.com\/en\/#\/schema\/logo\/image\/\",\"url\":\"https:\/\/turismevalles.com\/wp-content\/uploads\/2020\/08\/cropped-logo_ca-2.png\",\"contentUrl\":\"https:\/\/turismevalles.com\/wp-content\/uploads\/2020\/08\/cropped-logo_ca-2.png\",\"width\":314,\"height\":85,\"caption\":\"Turisme Vall\u00e8s\"},\"image\":{\"@id\":\"https:\/\/turismevalles.com\/en\/#\/schema\/logo\/image\/\"}}]}<\/script>\n<!-- \/ Yoast SEO plugin. -->","yoast_head_json":{"title":"La Garriga - Turisme Vall\u00e8s","robots":{"index":"index","follow":"follow","max-snippet":"max-snippet:-1","max-image-preview":"max-image-preview:large","max-video-preview":"max-video-preview:-1"},"canonical":"https:\/\/turismevalles.com\/valles_oriental\/la-garriga-2\/","og_locale":"es_ES","og_type":"article","og_title":"La Garriga - Turisme Vall\u00e8s","og_description":"El municipio de La Garriga est\u00e1 situado en el \u00e1ngulo sudoeste del Montseny, con el t\u00e9rmino municipal atravesado por el r\u00edo Congost, un paso natural ... Veure m\u00e9s","og_url":"https:\/\/turismevalles.com\/valles_oriental\/la-garriga-2\/","og_site_name":"Turisme Vall\u00e8s","article_modified_time":"2024-07-08T12:17:20+00:00","og_image":[{"width":2560,"height":1707,"url":"https:\/\/turismevalles.com\/wp-content\/uploads\/2020\/11\/modernisme-passeig-202-scaled.jpg","type":"image\/jpeg"}],"twitter_card":"summary_large_image","twitter_misc":{"Tiempo de lectura":"1 minuto"},"schema":{"@context":"https:\/\/schema.org","@graph":[{"@type":"WebPage","@id":"https:\/\/turismevalles.com\/valles_oriental\/la-garriga-2\/","url":"https:\/\/turismevalles.com\/valles_oriental\/la-garriga-2\/","name":"La Garriga - Turisme Vall\u00e8s","isPartOf":{"@id":"https:\/\/turismevalles.com\/en\/#website"},"primaryImageOfPage":{"@id":"https:\/\/turismevalles.com\/valles_oriental\/la-garriga-2\/#primaryimage"},"image":{"@id":"https:\/\/turismevalles.com\/valles_oriental\/la-garriga-2\/#primaryimage"},"thumbnailUrl":"https:\/\/turismevalles.com\/wp-content\/uploads\/2020\/11\/modernisme-passeig-202-scaled.jpg","datePublished":"2020-12-02T08:43:09+00:00","dateModified":"2024-07-08T12:17:20+00:00","breadcrumb":{"@id":"https:\/\/turismevalles.com\/valles_oriental\/la-garriga-2\/#breadcrumb"},"inLanguage":"es","potentialAction":[{"@type":"ReadAction","target":["https:\/\/turismevalles.com\/valles_oriental\/la-garriga-2\/"]}]},{"@type":"ImageObject","inLanguage":"es","@id":"https:\/\/turismevalles.com\/valles_oriental\/la-garriga-2\/#primaryimage","url":"https:\/\/turismevalles.com\/wp-content\/uploads\/2020\/11\/modernisme-passeig-202-scaled.jpg","contentUrl":"https:\/\/turismevalles.com\/wp-content\/uploads\/2020\/11\/modernisme-passeig-202-scaled.jpg","width":2560,"height":1707,"caption":"26.10.2020 - La Garriga - modernisme - passeig - Torre Barbey - Arq M J Raspall - Foto Anna Mas"},{"@type":"BreadcrumbList","@id":"https:\/\/turismevalles.com\/valles_oriental\/la-garriga-2\/#breadcrumb","itemListElement":[{"@type":"ListItem","position":1,"name":"Inicio","item":"https:\/\/turismevalles.com\/es\/"},{"@type":"ListItem","position":2,"name":"Vall\u00e8s Oriental","item":"https:\/\/turismevalles.com\/valles_oriental\/"},{"@type":"ListItem","position":3,"name":"La Garriga"}]},{"@type":"WebSite","@id":"https:\/\/turismevalles.com\/en\/#website","url":"https:\/\/turismevalles.com\/en\/","name":"Turisme Vall\u00e8s","description":"","publisher":{"@id":"https:\/\/turismevalles.com\/en\/#organization"},"potentialAction":[{"@type":"SearchAction","target":{"@type":"EntryPoint","urlTemplate":"https:\/\/turismevalles.com\/en\/?s={search_term_string}"},"query-input":{"@type":"PropertyValueSpecification","valueRequired":true,"valueName":"search_term_string"}}],"inLanguage":"es"},{"@type":"Organization","@id":"https:\/\/turismevalles.com\/en\/#organization","name":"Turisme Vall\u00e8s","url":"https:\/\/turismevalles.com\/en\/","logo":{"@type":"ImageObject","inLanguage":"es","@id":"https:\/\/turismevalles.com\/en\/#\/schema\/logo\/image\/","url":"https:\/\/turismevalles.com\/wp-content\/uploads\/2020\/08\/cropped-logo_ca-2.png","contentUrl":"https:\/\/turismevalles.com\/wp-content\/uploads\/2020\/08\/cropped-logo_ca-2.png","width":314,"height":85,"caption":"Turisme Vall\u00e8s"},"image":{"@id":"https:\/\/turismevalles.com\/en\/#\/schema\/logo\/image\/"}}]}},"uagb_featured_image_src":{"full":["https:\/\/turismevalles.com\/wp-content\/uploads\/2020\/11\/modernisme-passeig-202-scaled.jpg",2560,1707,false],"thumbnail":["https:\/\/turismevalles.com\/wp-content\/uploads\/2020\/11\/modernisme-passeig-202-150x150.jpg",150,150,true],"medium":["https:\/\/turismevalles.com\/wp-content\/uploads\/2020\/11\/modernisme-passeig-202-300x200.jpg",300,200,true],"medium_large":["https:\/\/turismevalles.com\/wp-content\/uploads\/2020\/11\/modernisme-passeig-202-768x512.jpg",768,512,true],"large":["https:\/\/turismevalles.com\/wp-content\/uploads\/2020\/11\/modernisme-passeig-202-1024x683.jpg",1024,683,true],"thumblist":["https:\/\/turismevalles.com\/wp-content\/uploads\/2020\/11\/modernisme-passeig-202-300x300.jpg",300,300,true],"meccarouselthumb":["https:\/\/turismevalles.com\/wp-content\/uploads\/2020\/11\/modernisme-passeig-202-474x324.jpg",474,324,true],"gridsquare":["https:\/\/turismevalles.com\/wp-content\/uploads\/2020\/11\/modernisme-passeig-202-391x260.jpg",391,260,true],"tileview":["https:\/\/turismevalles.com\/wp-content\/uploads\/2020\/11\/modernisme-passeig-202-300x400.jpg",300,400,true],"1536x1536":["https:\/\/turismevalles.com\/wp-content\/uploads\/2020\/11\/modernisme-passeig-202-1536x1024.jpg",1536,1024,true],"2048x2048":["https:\/\/turismevalles.com\/wp-content\/uploads\/2020\/11\/modernisme-passeig-202-2048x1365.jpg",2048,1365,true]},"uagb_author_info":{"display_name":"Turisme Valles","author_link":"https:\/\/turismevalles.com\/es\/author\/"},"uagb_comment_info":0,"uagb_excerpt":"El municipio de La Garriga est\u00e1 situado en el \u00e1ngulo sudoeste del Montseny, con el t\u00e9rmino municipal atravesado por el r\u00edo Congost, un paso natural ... Veure m\u00e9s","_links":{"self":[{"href":"https:\/\/turismevalles.com\/es\/wp-json\/wp\/v2\/valles_oriental\/9792","targetHints":{"allow":["GET"]}}],"collection":[{"href":"https:\/\/turismevalles.com\/es\/wp-json\/wp\/v2\/valles_oriental"}],"about":[{"href":"https:\/\/turismevalles.com\/es\/wp-json\/wp\/v2\/types\/valles_oriental"}],"wp:featuredmedia":[{"embeddable":true,"href":"https:\/\/turismevalles.com\/es\/wp-json\/wp\/v2\/media\/56797"}],"wp:attachment":[{"href":"https:\/\/turismevalles.com\/es\/wp-json\/wp\/v2\/media?parent=9792"}],"wp:term":[{"taxonomy":"poblacions","embeddable":true,"href":"https:\/\/turismevalles.com\/es\/wp-json\/wp\/v2\/poblacions?post=9792"},{"taxonomy":"valles_oriental_contingut","embeddable":true,"href":"https:\/\/turismevalles.com\/es\/wp-json\/wp\/v2\/valles_oriental_contingut?post=9792"},{"taxonomy":"tipologia_estada","embeddable":true,"href":"https:\/\/turismevalles.com\/es\/wp-json\/wp\/v2\/tipologia_estada?post=9792"}],"curies":[{"name":"wp","href":"https:\/\/api.w.org\/{rel}","templated":true}]}}