{"id":9843,"date":"2020-12-02T12:06:06","date_gmt":"2020-12-02T10:06:06","guid":{"rendered":"http:\/\/turismevalles.com.mialias.net\/valles_oriental\/caldes-de-montbui\/"},"modified":"2020-12-02T12:06:07","modified_gmt":"2020-12-02T10:06:07","slug":"caldes-de-montbui","status":"publish","type":"valles_oriental","link":"https:\/\/turismevalles.com\/es\/valles_oriental\/caldes-de-montbui\/","title":{"rendered":"Caldes de Montbui"},"content":{"rendered":"\n<p>La tradici\u00f3n balnearia de\u00a0<a href=\"http:\/\/turismevalles.com\/es\/valles-oriental\/caldes-montbui\/\"><strong>Caldes de Montbui<\/strong><\/a>\u00a0data de mucho tiempo, ya en la \u00e9poca romana fue una estaci\u00f3n termal, fundada sobre las fuentes de agua caliente. Tiene el privilegio de ser el primer\u00a0<strong>pueblo termal<\/strong>\u00a0de Catalunya y de ser poseedor de las termas romanas m\u00e1s bien conservadas de la pen\u00ednsula. Su buen emplazamiento geogr\u00e1fico, un clima suave y unas aguas que brotan a\u00a0<strong>74\u00baC<\/strong>\u00a0de temperatura, una de las m\u00e1s elevadas de Europa, han configurado la vida de esta poblaci\u00f3n.<\/p>\n\n<p>El Museu Thermalia ofrece las siguientes visitas guiadas:&#13;\n&#13;\nCircuito termal&#13;\n-Museo\u00a0Delger&#13;\n-Micovisitas&#13;\n-Teatralitzadas<\/p>\n\n<p><a href=\"https:\/\/www.visiteucaldes.cat\/visites-guiades-2\/\" target=\"_blank\" rel=\"noopener noreferrer\">M\u00e1s informaci\u00f3n de las visitas guiadas<\/a><\/p>\n","protected":false},"featured_media":59216,"template":"","poblacions":[],"valles_oriental_contingut":[330],"tipologia_estada":[],"class_list":["post-9843","valles_oriental","type-valles_oriental","status-publish","has-post-thumbnail","hentry","valles_oriental_contingut-termalismo-y-bienestar","generate-columns","tablet-grid-50","mobile-grid-100","grid-parent","grid-33"],"acf":[],"yoast_head":"<!-- This site is optimized with the Yoast SEO plugin v26.4 - https:\/\/yoast.com\/wordpress\/plugins\/seo\/ -->\n<title>Caldes de Montbui - Turisme Vall\u00e8s<\/title>\n<meta name=\"robots\" content=\"index, follow, max-snippet:-1, max-image-preview:large, max-video-preview:-1\" \/>\n<link rel=\"canonical\" href=\"https:\/\/turismevalles.com\/es\/valles_oriental\/caldes-de-montbui\/\" \/>\n<meta property=\"og:locale\" content=\"es_ES\" \/>\n<meta property=\"og:type\" content=\"article\" \/>\n<meta property=\"og:title\" content=\"Caldes de Montbui - Turisme Vall\u00e8s\" \/>\n<meta property=\"og:description\" content=\"La tradici\u00f3n balnearia de\u00a0Caldes de Montbui\u00a0data de mucho tiempo, ya en la \u00e9poca romana fue una estaci\u00f3n termal, fundada sobre las fuentes de agua caliente. ... Veure m\u00e9s\" \/>\n<meta property=\"og:url\" content=\"https:\/\/turismevalles.com\/es\/valles_oriental\/caldes-de-montbui\/\" \/>\n<meta property=\"og:site_name\" content=\"Turisme Vall\u00e8s\" \/>\n<meta property=\"article:modified_time\" content=\"2020-12-02T10:06:07+00:00\" \/>\n<meta property=\"og:image\" content=\"https:\/\/turismevalles.com\/wp-content\/uploads\/2020\/11\/Font-del-lleo-2-683x1024.jpg\" \/>\n\t<meta property=\"og:image:width\" content=\"683\" \/>\n\t<meta property=\"og:image:height\" content=\"1024\" \/>\n\t<meta property=\"og:image:type\" content=\"image\/jpeg\" \/>\n<meta name=\"twitter:card\" content=\"summary_large_image\" \/>\n<meta name=\"twitter:label1\" content=\"Tiempo de lectura\" \/>\n\t<meta name=\"twitter:data1\" content=\"1 minuto\" \/>\n<script type=\"application\/ld+json\" class=\"yoast-schema-graph\">{\"@context\":\"https:\/\/schema.org\",\"@graph\":[{\"@type\":\"WebPage\",\"@id\":\"https:\/\/turismevalles.com\/es\/valles_oriental\/caldes-de-montbui\/\",\"url\":\"https:\/\/turismevalles.com\/es\/valles_oriental\/caldes-de-montbui\/\",\"name\":\"Caldes de Montbui - Turisme Vall\u00e8s\",\"isPartOf\":{\"@id\":\"https:\/\/turismevalles.com\/en\/#website\"},\"primaryImageOfPage\":{\"@id\":\"https:\/\/turismevalles.com\/es\/valles_oriental\/caldes-de-montbui\/#primaryimage\"},\"image\":{\"@id\":\"https:\/\/turismevalles.com\/es\/valles_oriental\/caldes-de-montbui\/#primaryimage\"},\"thumbnailUrl\":\"https:\/\/turismevalles.com\/wp-content\/uploads\/2020\/11\/Font-del-lleo-2.jpg\",\"datePublished\":\"2020-12-02T10:06:06+00:00\",\"dateModified\":\"2020-12-02T10:06:07+00:00\",\"breadcrumb\":{\"@id\":\"https:\/\/turismevalles.com\/es\/valles_oriental\/caldes-de-montbui\/#breadcrumb\"},\"inLanguage\":\"es\",\"potentialAction\":[{\"@type\":\"ReadAction\",\"target\":[\"https:\/\/turismevalles.com\/es\/valles_oriental\/caldes-de-montbui\/\"]}]},{\"@type\":\"ImageObject\",\"inLanguage\":\"es\",\"@id\":\"https:\/\/turismevalles.com\/es\/valles_oriental\/caldes-de-montbui\/#primaryimage\",\"url\":\"https:\/\/turismevalles.com\/wp-content\/uploads\/2020\/11\/Font-del-lleo-2.jpg\",\"contentUrl\":\"https:\/\/turismevalles.com\/wp-content\/uploads\/2020\/11\/Font-del-lleo-2.jpg\",\"width\":1400,\"height\":2100,\"caption\":\"Font del Lle\u00f3 de Caldes de Montbui\"},{\"@type\":\"BreadcrumbList\",\"@id\":\"https:\/\/turismevalles.com\/es\/valles_oriental\/caldes-de-montbui\/#breadcrumb\",\"itemListElement\":[{\"@type\":\"ListItem\",\"position\":1,\"name\":\"Inicio\",\"item\":\"https:\/\/turismevalles.com\/es\/\"},{\"@type\":\"ListItem\",\"position\":2,\"name\":\"Vall\u00e8s Oriental\",\"item\":\"https:\/\/turismevalles.com\/valles_oriental\/\"},{\"@type\":\"ListItem\",\"position\":3,\"name\":\"Caldes de Montbui\"}]},{\"@type\":\"WebSite\",\"@id\":\"https:\/\/turismevalles.com\/en\/#website\",\"url\":\"https:\/\/turismevalles.com\/en\/\",\"name\":\"Turisme Vall\u00e8s\",\"description\":\"\",\"publisher\":{\"@id\":\"https:\/\/turismevalles.com\/en\/#organization\"},\"potentialAction\":[{\"@type\":\"SearchAction\",\"target\":{\"@type\":\"EntryPoint\",\"urlTemplate\":\"https:\/\/turismevalles.com\/en\/?s={search_term_string}\"},\"query-input\":{\"@type\":\"PropertyValueSpecification\",\"valueRequired\":true,\"valueName\":\"search_term_string\"}}],\"inLanguage\":\"es\"},{\"@type\":\"Organization\",\"@id\":\"https:\/\/turismevalles.com\/en\/#organization\",\"name\":\"Turisme Vall\u00e8s\",\"url\":\"https:\/\/turismevalles.com\/en\/\",\"logo\":{\"@type\":\"ImageObject\",\"inLanguage\":\"es\",\"@id\":\"https:\/\/turismevalles.com\/en\/#\/schema\/logo\/image\/\",\"url\":\"https:\/\/turismevalles.com\/wp-content\/uploads\/2020\/08\/cropped-logo_ca-2.png\",\"contentUrl\":\"https:\/\/turismevalles.com\/wp-content\/uploads\/2020\/08\/cropped-logo_ca-2.png\",\"width\":314,\"height\":85,\"caption\":\"Turisme Vall\u00e8s\"},\"image\":{\"@id\":\"https:\/\/turismevalles.com\/en\/#\/schema\/logo\/image\/\"}}]}<\/script>\n<!-- \/ Yoast SEO plugin. -->","yoast_head_json":{"title":"Caldes de Montbui - Turisme Vall\u00e8s","robots":{"index":"index","follow":"follow","max-snippet":"max-snippet:-1","max-image-preview":"max-image-preview:large","max-video-preview":"max-video-preview:-1"},"canonical":"https:\/\/turismevalles.com\/es\/valles_oriental\/caldes-de-montbui\/","og_locale":"es_ES","og_type":"article","og_title":"Caldes de Montbui - Turisme Vall\u00e8s","og_description":"La tradici\u00f3n balnearia de\u00a0Caldes de Montbui\u00a0data de mucho tiempo, ya en la \u00e9poca romana fue una estaci\u00f3n termal, fundada sobre las fuentes de agua caliente. ... Veure m\u00e9s","og_url":"https:\/\/turismevalles.com\/es\/valles_oriental\/caldes-de-montbui\/","og_site_name":"Turisme Vall\u00e8s","article_modified_time":"2020-12-02T10:06:07+00:00","og_image":[{"width":683,"height":1024,"url":"https:\/\/turismevalles.com\/wp-content\/uploads\/2020\/11\/Font-del-lleo-2-683x1024.jpg","type":"image\/jpeg"}],"twitter_card":"summary_large_image","twitter_misc":{"Tiempo de lectura":"1 minuto"},"schema":{"@context":"https:\/\/schema.org","@graph":[{"@type":"WebPage","@id":"https:\/\/turismevalles.com\/es\/valles_oriental\/caldes-de-montbui\/","url":"https:\/\/turismevalles.com\/es\/valles_oriental\/caldes-de-montbui\/","name":"Caldes de Montbui - Turisme Vall\u00e8s","isPartOf":{"@id":"https:\/\/turismevalles.com\/en\/#website"},"primaryImageOfPage":{"@id":"https:\/\/turismevalles.com\/es\/valles_oriental\/caldes-de-montbui\/#primaryimage"},"image":{"@id":"https:\/\/turismevalles.com\/es\/valles_oriental\/caldes-de-montbui\/#primaryimage"},"thumbnailUrl":"https:\/\/turismevalles.com\/wp-content\/uploads\/2020\/11\/Font-del-lleo-2.jpg","datePublished":"2020-12-02T10:06:06+00:00","dateModified":"2020-12-02T10:06:07+00:00","breadcrumb":{"@id":"https:\/\/turismevalles.com\/es\/valles_oriental\/caldes-de-montbui\/#breadcrumb"},"inLanguage":"es","potentialAction":[{"@type":"ReadAction","target":["https:\/\/turismevalles.com\/es\/valles_oriental\/caldes-de-montbui\/"]}]},{"@type":"ImageObject","inLanguage":"es","@id":"https:\/\/turismevalles.com\/es\/valles_oriental\/caldes-de-montbui\/#primaryimage","url":"https:\/\/turismevalles.com\/wp-content\/uploads\/2020\/11\/Font-del-lleo-2.jpg","contentUrl":"https:\/\/turismevalles.com\/wp-content\/uploads\/2020\/11\/Font-del-lleo-2.jpg","width":1400,"height":2100,"caption":"Font del Lle\u00f3 de Caldes de Montbui"},{"@type":"BreadcrumbList","@id":"https:\/\/turismevalles.com\/es\/valles_oriental\/caldes-de-montbui\/#breadcrumb","itemListElement":[{"@type":"ListItem","position":1,"name":"Inicio","item":"https:\/\/turismevalles.com\/es\/"},{"@type":"ListItem","position":2,"name":"Vall\u00e8s Oriental","item":"https:\/\/turismevalles.com\/valles_oriental\/"},{"@type":"ListItem","position":3,"name":"Caldes de Montbui"}]},{"@type":"WebSite","@id":"https:\/\/turismevalles.com\/en\/#website","url":"https:\/\/turismevalles.com\/en\/","name":"Turisme Vall\u00e8s","description":"","publisher":{"@id":"https:\/\/turismevalles.com\/en\/#organization"},"potentialAction":[{"@type":"SearchAction","target":{"@type":"EntryPoint","urlTemplate":"https:\/\/turismevalles.com\/en\/?s={search_term_string}"},"query-input":{"@type":"PropertyValueSpecification","valueRequired":true,"valueName":"search_term_string"}}],"inLanguage":"es"},{"@type":"Organization","@id":"https:\/\/turismevalles.com\/en\/#organization","name":"Turisme Vall\u00e8s","url":"https:\/\/turismevalles.com\/en\/","logo":{"@type":"ImageObject","inLanguage":"es","@id":"https:\/\/turismevalles.com\/en\/#\/schema\/logo\/image\/","url":"https:\/\/turismevalles.com\/wp-content\/uploads\/2020\/08\/cropped-logo_ca-2.png","contentUrl":"https:\/\/turismevalles.com\/wp-content\/uploads\/2020\/08\/cropped-logo_ca-2.png","width":314,"height":85,"caption":"Turisme Vall\u00e8s"},"image":{"@id":"https:\/\/turismevalles.com\/en\/#\/schema\/logo\/image\/"}}]}},"uagb_featured_image_src":{"full":["https:\/\/turismevalles.com\/wp-content\/uploads\/2020\/11\/Font-del-lleo-2.jpg",1400,2100,false],"thumbnail":["https:\/\/turismevalles.com\/wp-content\/uploads\/2020\/11\/Font-del-lleo-2-150x150.jpg",150,150,true],"medium":["https:\/\/turismevalles.com\/wp-content\/uploads\/2020\/11\/Font-del-lleo-2-200x300.jpg",200,300,true],"medium_large":["https:\/\/turismevalles.com\/wp-content\/uploads\/2020\/11\/Font-del-lleo-2-768x1152.jpg",768,1152,true],"large":["https:\/\/turismevalles.com\/wp-content\/uploads\/2020\/11\/Font-del-lleo-2-683x1024.jpg",683,1024,true],"thumblist":["https:\/\/turismevalles.com\/wp-content\/uploads\/2020\/11\/Font-del-lleo-2-300x300.jpg",300,300,true],"meccarouselthumb":["https:\/\/turismevalles.com\/wp-content\/uploads\/2020\/11\/Font-del-lleo-2-474x324.jpg",474,324,true],"gridsquare":["https:\/\/turismevalles.com\/wp-content\/uploads\/2020\/11\/Font-del-lleo-2-391x260.jpg",391,260,true],"tileview":["https:\/\/turismevalles.com\/wp-content\/uploads\/2020\/11\/Font-del-lleo-2-300x400.jpg",300,400,true],"1536x1536":["https:\/\/turismevalles.com\/wp-content\/uploads\/2020\/11\/Font-del-lleo-2-1024x1536.jpg",1024,1536,true],"2048x2048":["https:\/\/turismevalles.com\/wp-content\/uploads\/2020\/11\/Font-del-lleo-2-1365x2048.jpg",1365,2048,true]},"uagb_author_info":{"display_name":"Turisme Valles","author_link":"https:\/\/turismevalles.com\/es\/author\/"},"uagb_comment_info":0,"uagb_excerpt":"La tradici\u00f3n balnearia de\u00a0Caldes de Montbui\u00a0data de mucho tiempo, ya en la \u00e9poca romana fue una estaci\u00f3n termal, fundada sobre las fuentes de agua caliente. ... Veure m\u00e9s","_links":{"self":[{"href":"https:\/\/turismevalles.com\/es\/wp-json\/wp\/v2\/valles_oriental\/9843","targetHints":{"allow":["GET"]}}],"collection":[{"href":"https:\/\/turismevalles.com\/es\/wp-json\/wp\/v2\/valles_oriental"}],"about":[{"href":"https:\/\/turismevalles.com\/es\/wp-json\/wp\/v2\/types\/valles_oriental"}],"wp:featuredmedia":[{"embeddable":true,"href":"https:\/\/turismevalles.com\/es\/wp-json\/wp\/v2\/media\/59216"}],"wp:attachment":[{"href":"https:\/\/turismevalles.com\/es\/wp-json\/wp\/v2\/media?parent=9843"}],"wp:term":[{"taxonomy":"poblacions","embeddable":true,"href":"https:\/\/turismevalles.com\/es\/wp-json\/wp\/v2\/poblacions?post=9843"},{"taxonomy":"valles_oriental_contingut","embeddable":true,"href":"https:\/\/turismevalles.com\/es\/wp-json\/wp\/v2\/valles_oriental_contingut?post=9843"},{"taxonomy":"tipologia_estada","embeddable":true,"href":"https:\/\/turismevalles.com\/es\/wp-json\/wp\/v2\/tipologia_estada?post=9843"}],"curies":[{"name":"wp","href":"https:\/\/api.w.org\/{rel}","templated":true}]}}