{"id":10001,"date":"2020-12-03T10:51:18","date_gmt":"2020-12-03T08:51:18","guid":{"rendered":"http:\/\/turismevalles.com.mialias.net\/activitats\/caps-de-setmana-de-natura-a-la-rectoria-de-vallcarquera\/"},"modified":"2020-12-03T10:51:19","modified_gmt":"2020-12-03T08:51:19","slug":"caps-de-setmana-de-natura-a-la-rectoria-de-vallcarquera","status":"publish","type":"activitats","link":"https:\/\/turismevalles.com\/fr\/activites\/caps-de-setmana-de-natura-a-la-rectoria-de-vallcarquera\/","title":{"rendered":"CAPS DE SETMANA DE NATURA A LA RECTORIA DE VALLC\u00c0RQUERA"},"content":{"rendered":"\n<p>\u00a0<\/p>\n\n<h2 class=\"wp-block-heading\">Les conditions de r\u00e9servation<\/h2>\n\n<p>\u00a0<\/p>\n\n<ul class=\"wp-block-list\"><li>    <\/li><li>   <\/li><\/ul>\n\n<h2 class=\"wp-block-heading\">Les fichiers \u00e0 t\u00e9l\u00e9charger :<\/h2>\n\n<ul class=\"wp-block-list\"><li><a href=\"http:\/\/turismevalles.com\/uploads\/dwn\/turismevalles2355.pdf\" target=\"_blank\" rel=\"noreferrer noopener\">Dossier_presentacio_2.pdf<\/a><\/li><\/ul>\n\n<p><\/p>\n","protected":false},"featured_media":5225,"template":"","poblacions":[444],"tipus_turisme":[254],"tipus_menjar":[],"tipologia_estada":[263,266],"class_list":["post-10001","activitats","type-activitats","status-publish","has-post-thumbnail","hentry","poblacions-figaro-montmany-fr","tipus_turisme-tourisme-de-nature","tipologia_estada-avec-des-amis","tipologia_estada-en-famille","generate-columns","tablet-grid-50","mobile-grid-100","grid-parent","grid-33"],"acf":{"photo_gallery":{"imatges":[[{"id":5225,"title":"turismevalles2315","caption":"","full_image_url":"https:\/\/turismevalles.com\/wp-content\/uploads\/2020\/11\/turismevalles2315.jpg","thumbnail_image_url":"https:\/\/turismevalles.com\/wp-content\/uploads\/2020\/11\/turismevalles2315-150x150.jpg","large_srcset":"https:\/\/turismevalles.com\/wp-content\/uploads\/2020\/11\/turismevalles2315.jpg 720w, https:\/\/turismevalles.com\/wp-content\/uploads\/2020\/11\/turismevalles2315-300x126.jpg 300w","medium_srcset":"https:\/\/turismevalles.com\/wp-content\/uploads\/2020\/11\/turismevalles2315-300x126.jpg 300w, https:\/\/turismevalles.com\/wp-content\/uploads\/2020\/11\/turismevalles2315.jpg 720w","media_details":{"width":720,"height":302,"sizes":{"medium":{"file":"turismevalles2315-300x126.jpg","width":300,"height":126,"mime-type":"image\/jpeg","source_url":"https:\/\/turismevalles.com\/wp-content\/uploads\/2020\/11\/turismevalles2315-300x126.jpg"},"thumbnail":{"file":"turismevalles2315-150x150.jpg","width":150,"height":150,"mime-type":"image\/jpeg","source_url":"https:\/\/turismevalles.com\/wp-content\/uploads\/2020\/11\/turismevalles2315-150x150.jpg"}}},"alt_text":"CAPS DE SETMANA DE NATURA A LA RECTORIA DE VALLC\u00c0RQUERA","url":"","target":""},{"id":5221,"title":"turismevalles2358","caption":"","full_image_url":"https:\/\/turismevalles.com\/wp-content\/uploads\/2020\/11\/turismevalles2358.jpg","thumbnail_image_url":"https:\/\/turismevalles.com\/wp-content\/uploads\/2020\/11\/turismevalles2358-150x150.jpg","large_srcset":"https:\/\/turismevalles.com\/wp-content\/uploads\/2020\/11\/turismevalles2358.jpg 720w, https:\/\/turismevalles.com\/wp-content\/uploads\/2020\/11\/turismevalles2358-300x126.jpg 300w","medium_srcset":"https:\/\/turismevalles.com\/wp-content\/uploads\/2020\/11\/turismevalles2358-300x126.jpg 300w, https:\/\/turismevalles.com\/wp-content\/uploads\/2020\/11\/turismevalles2358.jpg 720w","media_details":{"width":720,"height":302,"sizes":{"medium":{"file":"turismevalles2358-300x126.jpg","width":300,"height":126,"mime-type":"image\/jpeg","source_url":"https:\/\/turismevalles.com\/wp-content\/uploads\/2020\/11\/turismevalles2358-300x126.jpg"},"thumbnail":{"file":"turismevalles2358-150x150.jpg","width":150,"height":150,"mime-type":"image\/jpeg","source_url":"https:\/\/turismevalles.com\/wp-content\/uploads\/2020\/11\/turismevalles2358-150x150.jpg"}}},"alt_text":"","url":"","target":""},{"id":5217,"title":"turismevalles2359","caption":"","full_image_url":"https:\/\/turismevalles.com\/wp-content\/uploads\/2020\/11\/turismevalles2359.jpg","thumbnail_image_url":"https:\/\/turismevalles.com\/wp-content\/uploads\/2020\/11\/turismevalles2359-150x150.jpg","large_srcset":"https:\/\/turismevalles.com\/wp-content\/uploads\/2020\/11\/turismevalles2359.jpg 720w, https:\/\/turismevalles.com\/wp-content\/uploads\/2020\/11\/turismevalles2359-300x126.jpg 300w","medium_srcset":"https:\/\/turismevalles.com\/wp-content\/uploads\/2020\/11\/turismevalles2359-300x126.jpg 300w, https:\/\/turismevalles.com\/wp-content\/uploads\/2020\/11\/turismevalles2359.jpg 720w","media_details":{"width":720,"height":302,"sizes":{"medium":{"file":"turismevalles2359-300x126.jpg","width":300,"height":126,"mime-type":"image\/jpeg","source_url":"https:\/\/turismevalles.com\/wp-content\/uploads\/2020\/11\/turismevalles2359-300x126.jpg"},"thumbnail":{"file":"turismevalles2359-150x150.jpg","width":150,"height":150,"mime-type":"image\/jpeg","source_url":"https:\/\/turismevalles.com\/wp-content\/uploads\/2020\/11\/turismevalles2359-150x150.jpg"}}},"alt_text":"","url":"","target":""},{"id":5213,"title":"turismevalles2360","caption":"","full_image_url":"https:\/\/turismevalles.com\/wp-content\/uploads\/2020\/11\/turismevalles2360.jpg","thumbnail_image_url":"https:\/\/turismevalles.com\/wp-content\/uploads\/2020\/11\/turismevalles2360-150x150.jpg","large_srcset":"https:\/\/turismevalles.com\/wp-content\/uploads\/2020\/11\/turismevalles2360.jpg 720w, https:\/\/turismevalles.com\/wp-content\/uploads\/2020\/11\/turismevalles2360-300x126.jpg 300w","medium_srcset":"https:\/\/turismevalles.com\/wp-content\/uploads\/2020\/11\/turismevalles2360-300x126.jpg 300w, https:\/\/turismevalles.com\/wp-content\/uploads\/2020\/11\/turismevalles2360.jpg 720w","media_details":{"width":720,"height":302,"sizes":{"medium":{"file":"turismevalles2360-300x126.jpg","width":300,"height":126,"mime-type":"image\/jpeg","source_url":"https:\/\/turismevalles.com\/wp-content\/uploads\/2020\/11\/turismevalles2360-300x126.jpg"},"thumbnail":{"file":"turismevalles2360-150x150.jpg","width":150,"height":150,"mime-type":"image\/jpeg","source_url":"https:\/\/turismevalles.com\/wp-content\/uploads\/2020\/11\/turismevalles2360-150x150.jpg"}}},"alt_text":"","url":"","target":""},{"id":5209,"title":"turismevalles2361","caption":"","full_image_url":"https:\/\/turismevalles.com\/wp-content\/uploads\/2020\/11\/turismevalles2361.jpg","thumbnail_image_url":"https:\/\/turismevalles.com\/wp-content\/uploads\/2020\/11\/turismevalles2361-150x150.jpg","large_srcset":"https:\/\/turismevalles.com\/wp-content\/uploads\/2020\/11\/turismevalles2361.jpg 720w, https:\/\/turismevalles.com\/wp-content\/uploads\/2020\/11\/turismevalles2361-300x126.jpg 300w","medium_srcset":"https:\/\/turismevalles.com\/wp-content\/uploads\/2020\/11\/turismevalles2361-300x126.jpg 300w, https:\/\/turismevalles.com\/wp-content\/uploads\/2020\/11\/turismevalles2361.jpg 720w","media_details":{"width":720,"height":302,"sizes":{"medium":{"file":"turismevalles2361-300x126.jpg","width":300,"height":126,"mime-type":"image\/jpeg","source_url":"https:\/\/turismevalles.com\/wp-content\/uploads\/2020\/11\/turismevalles2361-300x126.jpg"},"thumbnail":{"file":"turismevalles2361-150x150.jpg","width":150,"height":150,"mime-type":"image\/jpeg","source_url":"https:\/\/turismevalles.com\/wp-content\/uploads\/2020\/11\/turismevalles2361-150x150.jpg"}}},"alt_text":"","url":"","target":""},{"id":5205,"title":"turismevalles2364","caption":"","full_image_url":"https:\/\/turismevalles.com\/wp-content\/uploads\/2020\/11\/turismevalles2364.jpg","thumbnail_image_url":"https:\/\/turismevalles.com\/wp-content\/uploads\/2020\/11\/turismevalles2364-150x150.jpg","large_srcset":"https:\/\/turismevalles.com\/wp-content\/uploads\/2020\/11\/turismevalles2364.jpg 720w, https:\/\/turismevalles.com\/wp-content\/uploads\/2020\/11\/turismevalles2364-300x126.jpg 300w","medium_srcset":"https:\/\/turismevalles.com\/wp-content\/uploads\/2020\/11\/turismevalles2364-300x126.jpg 300w, https:\/\/turismevalles.com\/wp-content\/uploads\/2020\/11\/turismevalles2364.jpg 720w","media_details":{"width":720,"height":302,"sizes":{"medium":{"file":"turismevalles2364-300x126.jpg","width":300,"height":126,"mime-type":"image\/jpeg","source_url":"https:\/\/turismevalles.com\/wp-content\/uploads\/2020\/11\/turismevalles2364-300x126.jpg"},"thumbnail":{"file":"turismevalles2364-150x150.jpg","width":150,"height":150,"mime-type":"image\/jpeg","source_url":"https:\/\/turismevalles.com\/wp-content\/uploads\/2020\/11\/turismevalles2364-150x150.jpg"}}},"alt_text":"","url":"","target":""},{"id":5201,"title":"turismevalles2365","caption":"","full_image_url":"https:\/\/turismevalles.com\/wp-content\/uploads\/2020\/11\/turismevalles2365.jpg","thumbnail_image_url":"https:\/\/turismevalles.com\/wp-content\/uploads\/2020\/11\/turismevalles2365-150x150.jpg","large_srcset":"https:\/\/turismevalles.com\/wp-content\/uploads\/2020\/11\/turismevalles2365.jpg 720w, https:\/\/turismevalles.com\/wp-content\/uploads\/2020\/11\/turismevalles2365-300x126.jpg 300w","medium_srcset":"https:\/\/turismevalles.com\/wp-content\/uploads\/2020\/11\/turismevalles2365-300x126.jpg 300w, https:\/\/turismevalles.com\/wp-content\/uploads\/2020\/11\/turismevalles2365.jpg 720w","media_details":{"width":720,"height":302,"sizes":{"medium":{"file":"turismevalles2365-300x126.jpg","width":300,"height":126,"mime-type":"image\/jpeg","source_url":"https:\/\/turismevalles.com\/wp-content\/uploads\/2020\/11\/turismevalles2365-300x126.jpg"},"thumbnail":{"file":"turismevalles2365-150x150.jpg","width":150,"height":150,"mime-type":"image\/jpeg","source_url":"https:\/\/turismevalles.com\/wp-content\/uploads\/2020\/11\/turismevalles2365-150x150.jpg"}}},"alt_text":"","url":"","target":""},{"id":5197,"title":"turismevalles2367","caption":"","full_image_url":"https:\/\/turismevalles.com\/wp-content\/uploads\/2020\/11\/turismevalles2367.jpg","thumbnail_image_url":"https:\/\/turismevalles.com\/wp-content\/uploads\/2020\/11\/turismevalles2367-150x150.jpg","large_srcset":"https:\/\/turismevalles.com\/wp-content\/uploads\/2020\/11\/turismevalles2367.jpg 720w, https:\/\/turismevalles.com\/wp-content\/uploads\/2020\/11\/turismevalles2367-300x126.jpg 300w","medium_srcset":"https:\/\/turismevalles.com\/wp-content\/uploads\/2020\/11\/turismevalles2367-300x126.jpg 300w, https:\/\/turismevalles.com\/wp-content\/uploads\/2020\/11\/turismevalles2367.jpg 720w","media_details":{"width":720,"height":302,"sizes":{"medium":{"file":"turismevalles2367-300x126.jpg","width":300,"height":126,"mime-type":"image\/jpeg","source_url":"https:\/\/turismevalles.com\/wp-content\/uploads\/2020\/11\/turismevalles2367-300x126.jpg"},"thumbnail":{"file":"turismevalles2367-150x150.jpg","width":150,"height":150,"mime-type":"image\/jpeg","source_url":"https:\/\/turismevalles.com\/wp-content\/uploads\/2020\/11\/turismevalles2367-150x150.jpg"}}},"alt_text":"","url":"","target":""},{"id":5193,"title":"turismevalles2368","caption":"","full_image_url":"https:\/\/turismevalles.com\/wp-content\/uploads\/2020\/11\/turismevalles2368.jpg","thumbnail_image_url":"https:\/\/turismevalles.com\/wp-content\/uploads\/2020\/11\/turismevalles2368-150x150.jpg","large_srcset":"https:\/\/turismevalles.com\/wp-content\/uploads\/2020\/11\/turismevalles2368.jpg 720w, https:\/\/turismevalles.com\/wp-content\/uploads\/2020\/11\/turismevalles2368-300x126.jpg 300w","medium_srcset":"https:\/\/turismevalles.com\/wp-content\/uploads\/2020\/11\/turismevalles2368-300x126.jpg 300w, https:\/\/turismevalles.com\/wp-content\/uploads\/2020\/11\/turismevalles2368.jpg 720w","media_details":{"width":720,"height":302,"sizes":{"medium":{"file":"turismevalles2368-300x126.jpg","width":300,"height":126,"mime-type":"image\/jpeg","source_url":"https:\/\/turismevalles.com\/wp-content\/uploads\/2020\/11\/turismevalles2368-300x126.jpg"},"thumbnail":{"file":"turismevalles2368-150x150.jpg","width":150,"height":150,"mime-type":"image\/jpeg","source_url":"https:\/\/turismevalles.com\/wp-content\/uploads\/2020\/11\/turismevalles2368-150x150.jpg"}}},"alt_text":"","url":"","target":""},{"id":5189,"title":"turismevalles2369","caption":"","full_image_url":"https:\/\/turismevalles.com\/wp-content\/uploads\/2020\/11\/turismevalles2369.jpg","thumbnail_image_url":"https:\/\/turismevalles.com\/wp-content\/uploads\/2020\/11\/turismevalles2369-150x150.jpg","large_srcset":"https:\/\/turismevalles.com\/wp-content\/uploads\/2020\/11\/turismevalles2369.jpg 720w, https:\/\/turismevalles.com\/wp-content\/uploads\/2020\/11\/turismevalles2369-300x126.jpg 300w","medium_srcset":"https:\/\/turismevalles.com\/wp-content\/uploads\/2020\/11\/turismevalles2369-300x126.jpg 300w, https:\/\/turismevalles.com\/wp-content\/uploads\/2020\/11\/turismevalles2369.jpg 720w","media_details":{"width":720,"height":302,"sizes":{"medium":{"file":"turismevalles2369-300x126.jpg","width":300,"height":126,"mime-type":"image\/jpeg","source_url":"https:\/\/turismevalles.com\/wp-content\/uploads\/2020\/11\/turismevalles2369-300x126.jpg"},"thumbnail":{"file":"turismevalles2369-150x150.jpg","width":150,"height":150,"mime-type":"image\/jpeg","source_url":"https:\/\/turismevalles.com\/wp-content\/uploads\/2020\/11\/turismevalles2369-150x150.jpg"}}},"alt_text":"","url":"","target":""},{"id":5185,"title":"turismevalles2370","caption":"","full_image_url":"https:\/\/turismevalles.com\/wp-content\/uploads\/2020\/11\/turismevalles2370.jpg","thumbnail_image_url":"https:\/\/turismevalles.com\/wp-content\/uploads\/2020\/11\/turismevalles2370-150x150.jpg","large_srcset":"https:\/\/turismevalles.com\/wp-content\/uploads\/2020\/11\/turismevalles2370.jpg 720w, https:\/\/turismevalles.com\/wp-content\/uploads\/2020\/11\/turismevalles2370-300x126.jpg 300w","medium_srcset":"https:\/\/turismevalles.com\/wp-content\/uploads\/2020\/11\/turismevalles2370-300x126.jpg 300w, https:\/\/turismevalles.com\/wp-content\/uploads\/2020\/11\/turismevalles2370.jpg 720w","media_details":{"width":720,"height":302,"sizes":{"medium":{"file":"turismevalles2370-300x126.jpg","width":300,"height":126,"mime-type":"image\/jpeg","source_url":"https:\/\/turismevalles.com\/wp-content\/uploads\/2020\/11\/turismevalles2370-300x126.jpg"},"thumbnail":{"file":"turismevalles2370-150x150.jpg","width":150,"height":150,"mime-type":"image\/jpeg","source_url":"https:\/\/turismevalles.com\/wp-content\/uploads\/2020\/11\/turismevalles2370-150x150.jpg"}}},"alt_text":"","url":"","target":""},{"id":5181,"title":"turismevalles2371","caption":"","full_image_url":"https:\/\/turismevalles.com\/wp-content\/uploads\/2020\/11\/turismevalles2371.jpg","thumbnail_image_url":"https:\/\/turismevalles.com\/wp-content\/uploads\/2020\/11\/turismevalles2371-150x150.jpg","large_srcset":"https:\/\/turismevalles.com\/wp-content\/uploads\/2020\/11\/turismevalles2371.jpg 720w, https:\/\/turismevalles.com\/wp-content\/uploads\/2020\/11\/turismevalles2371-300x126.jpg 300w","medium_srcset":"https:\/\/turismevalles.com\/wp-content\/uploads\/2020\/11\/turismevalles2371-300x126.jpg 300w, https:\/\/turismevalles.com\/wp-content\/uploads\/2020\/11\/turismevalles2371.jpg 720w","media_details":{"width":720,"height":302,"sizes":{"medium":{"file":"turismevalles2371-300x126.jpg","width":300,"height":126,"mime-type":"image\/jpeg","source_url":"https:\/\/turismevalles.com\/wp-content\/uploads\/2020\/11\/turismevalles2371-300x126.jpg"},"thumbnail":{"file":"turismevalles2371-150x150.jpg","width":150,"height":150,"mime-type":"image\/jpeg","source_url":"https:\/\/turismevalles.com\/wp-content\/uploads\/2020\/11\/turismevalles2371-150x150.jpg"}}},"alt_text":"","url":"","target":""}]]}},"yoast_head":"<!-- This site is optimized with the Yoast SEO plugin v26.4 - https:\/\/yoast.com\/wordpress\/plugins\/seo\/ -->\n<title>CAPS DE SETMANA DE NATURA A LA RECTORIA DE VALLC\u00c0RQUERA - Turisme Vall\u00e8s<\/title>\n<meta name=\"robots\" content=\"index, follow, max-snippet:-1, max-image-preview:large, max-video-preview:-1\" \/>\n<link rel=\"canonical\" href=\"https:\/\/turismevalles.com\/activites\/caps-de-setmana-de-natura-a-la-rectoria-de-vallcarquera\/\" \/>\n<meta property=\"og:locale\" content=\"fr_FR\" \/>\n<meta property=\"og:type\" content=\"article\" \/>\n<meta property=\"og:title\" content=\"CAPS DE SETMANA DE NATURA A LA RECTORIA DE VALLC\u00c0RQUERA - Turisme Vall\u00e8s\" \/>\n<meta property=\"og:description\" content=\"\u00a0 Les conditions de r\u00e9servation \u00a0 Les fichiers \u00e0 t\u00e9l\u00e9charger : Dossier_presentacio_2.pdf\" \/>\n<meta property=\"og:url\" content=\"https:\/\/turismevalles.com\/activites\/caps-de-setmana-de-natura-a-la-rectoria-de-vallcarquera\/\" \/>\n<meta property=\"og:site_name\" content=\"Turisme Vall\u00e8s\" \/>\n<meta property=\"article:modified_time\" content=\"2020-12-03T08:51:19+00:00\" \/>\n<meta property=\"og:image\" content=\"https:\/\/turismevalles.com\/wp-content\/uploads\/2020\/11\/turismevalles2315.jpg\" \/>\n\t<meta property=\"og:image:width\" content=\"720\" \/>\n\t<meta property=\"og:image:height\" content=\"302\" \/>\n\t<meta property=\"og:image:type\" content=\"image\/jpeg\" \/>\n<meta name=\"twitter:card\" content=\"summary_large_image\" \/>\n<script type=\"application\/ld+json\" class=\"yoast-schema-graph\">{\"@context\":\"https:\/\/schema.org\",\"@graph\":[{\"@type\":\"WebPage\",\"@id\":\"https:\/\/turismevalles.com\/activites\/caps-de-setmana-de-natura-a-la-rectoria-de-vallcarquera\/\",\"url\":\"https:\/\/turismevalles.com\/activites\/caps-de-setmana-de-natura-a-la-rectoria-de-vallcarquera\/\",\"name\":\"CAPS DE SETMANA DE NATURA A LA RECTORIA DE VALLC\u00c0RQUERA - Turisme Vall\u00e8s\",\"isPartOf\":{\"@id\":\"https:\/\/turismevalles.com\/en\/#website\"},\"primaryImageOfPage\":{\"@id\":\"https:\/\/turismevalles.com\/activites\/caps-de-setmana-de-natura-a-la-rectoria-de-vallcarquera\/#primaryimage\"},\"image\":{\"@id\":\"https:\/\/turismevalles.com\/activites\/caps-de-setmana-de-natura-a-la-rectoria-de-vallcarquera\/#primaryimage\"},\"thumbnailUrl\":\"https:\/\/turismevalles.com\/wp-content\/uploads\/2020\/11\/turismevalles2315.jpg\",\"datePublished\":\"2020-12-03T08:51:18+00:00\",\"dateModified\":\"2020-12-03T08:51:19+00:00\",\"breadcrumb\":{\"@id\":\"https:\/\/turismevalles.com\/activites\/caps-de-setmana-de-natura-a-la-rectoria-de-vallcarquera\/#breadcrumb\"},\"inLanguage\":\"fr-FR\",\"potentialAction\":[{\"@type\":\"ReadAction\",\"target\":[\"https:\/\/turismevalles.com\/activites\/caps-de-setmana-de-natura-a-la-rectoria-de-vallcarquera\/\"]}]},{\"@type\":\"ImageObject\",\"inLanguage\":\"fr-FR\",\"@id\":\"https:\/\/turismevalles.com\/activites\/caps-de-setmana-de-natura-a-la-rectoria-de-vallcarquera\/#primaryimage\",\"url\":\"https:\/\/turismevalles.com\/wp-content\/uploads\/2020\/11\/turismevalles2315.jpg\",\"contentUrl\":\"https:\/\/turismevalles.com\/wp-content\/uploads\/2020\/11\/turismevalles2315.jpg\",\"width\":720,\"height\":302,\"caption\":\"CAPS DE SETMANA DE NATURA A LA RECTORIA DE VALLC\u00c0RQUERA\"},{\"@type\":\"BreadcrumbList\",\"@id\":\"https:\/\/turismevalles.com\/activites\/caps-de-setmana-de-natura-a-la-rectoria-de-vallcarquera\/#breadcrumb\",\"itemListElement\":[{\"@type\":\"ListItem\",\"position\":1,\"name\":\"Inici\",\"item\":\"https:\/\/turismevalles.com\/fr\/\"},{\"@type\":\"ListItem\",\"position\":2,\"name\":\"Activities\",\"item\":\"https:\/\/turismevalles.com\/en\/activities\/\"},{\"@type\":\"ListItem\",\"position\":3,\"name\":\"CAPS DE SETMANA DE NATURA A LA RECTORIA DE VALLC\u00c0RQUERA\"}]},{\"@type\":\"WebSite\",\"@id\":\"https:\/\/turismevalles.com\/en\/#website\",\"url\":\"https:\/\/turismevalles.com\/en\/\",\"name\":\"Turisme Vall\u00e8s\",\"description\":\"\",\"publisher\":{\"@id\":\"https:\/\/turismevalles.com\/en\/#organization\"},\"potentialAction\":[{\"@type\":\"SearchAction\",\"target\":{\"@type\":\"EntryPoint\",\"urlTemplate\":\"https:\/\/turismevalles.com\/en\/?s={search_term_string}\"},\"query-input\":{\"@type\":\"PropertyValueSpecification\",\"valueRequired\":true,\"valueName\":\"search_term_string\"}}],\"inLanguage\":\"fr-FR\"},{\"@type\":\"Organization\",\"@id\":\"https:\/\/turismevalles.com\/en\/#organization\",\"name\":\"Turisme Vall\u00e8s\",\"url\":\"https:\/\/turismevalles.com\/en\/\",\"logo\":{\"@type\":\"ImageObject\",\"inLanguage\":\"fr-FR\",\"@id\":\"https:\/\/turismevalles.com\/en\/#\/schema\/logo\/image\/\",\"url\":\"https:\/\/turismevalles.com\/wp-content\/uploads\/2020\/08\/cropped-logo_ca-2.png\",\"contentUrl\":\"https:\/\/turismevalles.com\/wp-content\/uploads\/2020\/08\/cropped-logo_ca-2.png\",\"width\":314,\"height\":85,\"caption\":\"Turisme Vall\u00e8s\"},\"image\":{\"@id\":\"https:\/\/turismevalles.com\/en\/#\/schema\/logo\/image\/\"}}]}<\/script>\n<!-- \/ Yoast SEO plugin. -->","yoast_head_json":{"title":"CAPS DE SETMANA DE NATURA A LA RECTORIA DE VALLC\u00c0RQUERA - Turisme Vall\u00e8s","robots":{"index":"index","follow":"follow","max-snippet":"max-snippet:-1","max-image-preview":"max-image-preview:large","max-video-preview":"max-video-preview:-1"},"canonical":"https:\/\/turismevalles.com\/activites\/caps-de-setmana-de-natura-a-la-rectoria-de-vallcarquera\/","og_locale":"fr_FR","og_type":"article","og_title":"CAPS DE SETMANA DE NATURA A LA RECTORIA DE VALLC\u00c0RQUERA - Turisme Vall\u00e8s","og_description":"\u00a0 Les conditions de r\u00e9servation \u00a0 Les fichiers \u00e0 t\u00e9l\u00e9charger : Dossier_presentacio_2.pdf","og_url":"https:\/\/turismevalles.com\/activites\/caps-de-setmana-de-natura-a-la-rectoria-de-vallcarquera\/","og_site_name":"Turisme Vall\u00e8s","article_modified_time":"2020-12-03T08:51:19+00:00","og_image":[{"width":720,"height":302,"url":"https:\/\/turismevalles.com\/wp-content\/uploads\/2020\/11\/turismevalles2315.jpg","type":"image\/jpeg"}],"twitter_card":"summary_large_image","schema":{"@context":"https:\/\/schema.org","@graph":[{"@type":"WebPage","@id":"https:\/\/turismevalles.com\/activites\/caps-de-setmana-de-natura-a-la-rectoria-de-vallcarquera\/","url":"https:\/\/turismevalles.com\/activites\/caps-de-setmana-de-natura-a-la-rectoria-de-vallcarquera\/","name":"CAPS DE SETMANA DE NATURA A LA RECTORIA DE VALLC\u00c0RQUERA - Turisme Vall\u00e8s","isPartOf":{"@id":"https:\/\/turismevalles.com\/en\/#website"},"primaryImageOfPage":{"@id":"https:\/\/turismevalles.com\/activites\/caps-de-setmana-de-natura-a-la-rectoria-de-vallcarquera\/#primaryimage"},"image":{"@id":"https:\/\/turismevalles.com\/activites\/caps-de-setmana-de-natura-a-la-rectoria-de-vallcarquera\/#primaryimage"},"thumbnailUrl":"https:\/\/turismevalles.com\/wp-content\/uploads\/2020\/11\/turismevalles2315.jpg","datePublished":"2020-12-03T08:51:18+00:00","dateModified":"2020-12-03T08:51:19+00:00","breadcrumb":{"@id":"https:\/\/turismevalles.com\/activites\/caps-de-setmana-de-natura-a-la-rectoria-de-vallcarquera\/#breadcrumb"},"inLanguage":"fr-FR","potentialAction":[{"@type":"ReadAction","target":["https:\/\/turismevalles.com\/activites\/caps-de-setmana-de-natura-a-la-rectoria-de-vallcarquera\/"]}]},{"@type":"ImageObject","inLanguage":"fr-FR","@id":"https:\/\/turismevalles.com\/activites\/caps-de-setmana-de-natura-a-la-rectoria-de-vallcarquera\/#primaryimage","url":"https:\/\/turismevalles.com\/wp-content\/uploads\/2020\/11\/turismevalles2315.jpg","contentUrl":"https:\/\/turismevalles.com\/wp-content\/uploads\/2020\/11\/turismevalles2315.jpg","width":720,"height":302,"caption":"CAPS DE SETMANA DE NATURA A LA RECTORIA DE VALLC\u00c0RQUERA"},{"@type":"BreadcrumbList","@id":"https:\/\/turismevalles.com\/activites\/caps-de-setmana-de-natura-a-la-rectoria-de-vallcarquera\/#breadcrumb","itemListElement":[{"@type":"ListItem","position":1,"name":"Inici","item":"https:\/\/turismevalles.com\/fr\/"},{"@type":"ListItem","position":2,"name":"Activities","item":"https:\/\/turismevalles.com\/en\/activities\/"},{"@type":"ListItem","position":3,"name":"CAPS DE SETMANA DE NATURA A LA RECTORIA DE VALLC\u00c0RQUERA"}]},{"@type":"WebSite","@id":"https:\/\/turismevalles.com\/en\/#website","url":"https:\/\/turismevalles.com\/en\/","name":"Turisme Vall\u00e8s","description":"","publisher":{"@id":"https:\/\/turismevalles.com\/en\/#organization"},"potentialAction":[{"@type":"SearchAction","target":{"@type":"EntryPoint","urlTemplate":"https:\/\/turismevalles.com\/en\/?s={search_term_string}"},"query-input":{"@type":"PropertyValueSpecification","valueRequired":true,"valueName":"search_term_string"}}],"inLanguage":"fr-FR"},{"@type":"Organization","@id":"https:\/\/turismevalles.com\/en\/#organization","name":"Turisme Vall\u00e8s","url":"https:\/\/turismevalles.com\/en\/","logo":{"@type":"ImageObject","inLanguage":"fr-FR","@id":"https:\/\/turismevalles.com\/en\/#\/schema\/logo\/image\/","url":"https:\/\/turismevalles.com\/wp-content\/uploads\/2020\/08\/cropped-logo_ca-2.png","contentUrl":"https:\/\/turismevalles.com\/wp-content\/uploads\/2020\/08\/cropped-logo_ca-2.png","width":314,"height":85,"caption":"Turisme Vall\u00e8s"},"image":{"@id":"https:\/\/turismevalles.com\/en\/#\/schema\/logo\/image\/"}}]}},"uagb_featured_image_src":{"full":["https:\/\/turismevalles.com\/wp-content\/uploads\/2020\/11\/turismevalles2315.jpg",720,302,false],"thumbnail":["https:\/\/turismevalles.com\/wp-content\/uploads\/2020\/11\/turismevalles2315-150x150.jpg",150,150,true],"medium":["https:\/\/turismevalles.com\/wp-content\/uploads\/2020\/11\/turismevalles2315-300x126.jpg",300,126,true],"medium_large":["https:\/\/turismevalles.com\/wp-content\/uploads\/2020\/11\/turismevalles2315.jpg",720,302,false],"large":["https:\/\/turismevalles.com\/wp-content\/uploads\/2020\/11\/turismevalles2315.jpg",720,302,false],"thumblist":["https:\/\/turismevalles.com\/wp-content\/uploads\/2020\/11\/turismevalles2315.jpg",300,126,false],"meccarouselthumb":["https:\/\/turismevalles.com\/wp-content\/uploads\/2020\/11\/turismevalles2315.jpg",474,199,false],"gridsquare":["https:\/\/turismevalles.com\/wp-content\/uploads\/2020\/11\/turismevalles2315.jpg",391,164,false],"tileview":["https:\/\/turismevalles.com\/wp-content\/uploads\/2020\/11\/turismevalles2315.jpg",300,126,false],"1536x1536":["https:\/\/turismevalles.com\/wp-content\/uploads\/2020\/11\/turismevalles2315.jpg",720,302,false],"2048x2048":["https:\/\/turismevalles.com\/wp-content\/uploads\/2020\/11\/turismevalles2315.jpg",720,302,false]},"uagb_author_info":{"display_name":"Turisme Valles","author_link":"https:\/\/turismevalles.com\/fr\/author\/"},"uagb_comment_info":0,"uagb_excerpt":"\u00a0 Les conditions de r\u00e9servation \u00a0 Les fichiers \u00e0 t\u00e9l\u00e9charger : Dossier_presentacio_2.pdf","_links":{"self":[{"href":"https:\/\/turismevalles.com\/fr\/wp-json\/wp\/v2\/activitats\/10001","targetHints":{"allow":["GET"]}}],"collection":[{"href":"https:\/\/turismevalles.com\/fr\/wp-json\/wp\/v2\/activitats"}],"about":[{"href":"https:\/\/turismevalles.com\/fr\/wp-json\/wp\/v2\/types\/activitats"}],"wp:featuredmedia":[{"embeddable":true,"href":"https:\/\/turismevalles.com\/fr\/wp-json\/wp\/v2\/media\/5225"}],"wp:attachment":[{"href":"https:\/\/turismevalles.com\/fr\/wp-json\/wp\/v2\/media?parent=10001"}],"wp:term":[{"taxonomy":"poblacions","embeddable":true,"href":"https:\/\/turismevalles.com\/fr\/wp-json\/wp\/v2\/poblacions?post=10001"},{"taxonomy":"tipus_turisme","embeddable":true,"href":"https:\/\/turismevalles.com\/fr\/wp-json\/wp\/v2\/tipus_turisme?post=10001"},{"taxonomy":"tipus_menjar","embeddable":true,"href":"https:\/\/turismevalles.com\/fr\/wp-json\/wp\/v2\/tipus_menjar?post=10001"},{"taxonomy":"tipologia_estada","embeddable":true,"href":"https:\/\/turismevalles.com\/fr\/wp-json\/wp\/v2\/tipologia_estada?post=10001"}],"curies":[{"name":"wp","href":"https:\/\/api.w.org\/{rel}","templated":true}]}}