{"id":19153,"date":"2022-04-28T10:27:49","date_gmt":"2022-04-28T08:27:49","guid":{"rendered":"http:\/\/turismevalles.com.mialias.net\/activitats\/musee-de-montmelo\/"},"modified":"2022-04-28T10:27:50","modified_gmt":"2022-04-28T08:27:50","slug":"musee-de-montmelo","status":"publish","type":"activitats","link":"https:\/\/turismevalles.com\/fr\/activites\/musee-de-montmelo\/","title":{"rendered":"Mus\u00e9e de Montmel\u00f3"},"content":{"rendered":"\n<p>Le Mus\u00e9e municipal de Montmel\u00f3 pr\u00e9sente une exposition permanente qui, sous le titre de \u00ab\u00a0Montmel\u00f3, chemins et ann\u00e9es\u00a0\u00bb retrace l\u2019\u00e9volution historique de la commune dans le contexte de l\u2019\u00e9volution d\u2019El Vall\u00e8s et de la Catalogne.<\/p>\n\n<p>De plus, ce mus\u00e9e vous permettra de d\u00e9couvrir l\u2019histoire, l\u2019art et l\u2019arch\u00e9ologie de Montmel\u00f3 par le biais de l\u2019exposition permanente, des expositions temporaires et des diff\u00e9rentes activit\u00e9s.<\/p>\n\n<p>Vous trouverez ce mus\u00e9e dans l\u2019\u00e9difice de Can Caball\u00e9, sur la place Joan Mir\u00f3 de Montmel\u00f3.<\/p>\n\n<p><strong>Horaires\u00a0:<\/strong><\/p>\n\n<p>Du lundi au vendredi, de 10\u00a0h \u00e0 13\u00a0h. <br\/>Visites comment\u00e9es pour les groupes selon les horaires convenus.<\/p>\n\n<p>Entr\u00e9e gratuite.<\/p>\n\n<hr class=\"wp-block-separator\"\/>\n\n<h2 class=\"gb-headline gb-headline-2d1525fd gb-headline-text\">Connaissez-vous le PassMuseum\u00a0?<\/h2>\n\n<p><\/p>\n\n<div class=\"wp-block-media-text alignwide is-stacked-on-mobile\"><figure class=\"wp-block-media-text__media\"><a class=\"passmuseum\" href=\"http:\/\/turismevalles.com\/activitats\/passmuseum\/\" target=\"_blank\" rel=\"PassMuseum noopener\"><img loading=\"lazy\" decoding=\"async\" width=\"720\" height=\"302\" src=\"http:\/\/turismevalles.com\/wp-content\/uploads\/2021\/08\/turismevalles4935.jpeg\" alt=\"\" class=\"wp-image-15278 size-full\" srcset=\"https:\/\/turismevalles.com\/wp-content\/uploads\/2021\/08\/turismevalles4935.jpeg 720w, https:\/\/turismevalles.com\/wp-content\/uploads\/2021\/08\/turismevalles4935-300x126.jpeg 300w\" sizes=\"auto, (max-width: 720px) 100vw, 720px\" \/><\/a><\/figure><div class=\"wp-block-media-text__content\">\n<p class=\"has-normal-font-size\">Si vous \u00eates passionn\u00e9 par la culture et la gastronomie, sachez que le PassMuseum allie les visites guid\u00e9es dans le <strong><a href=\"http:\/\/turismevalles.com\/activitats\/manolo-hugue-i-pablo-picasso-al-museu-thermalia\/\" target=\"_blank\" rel=\"noreferrer noopener\">Mus\u00e9e Thermalia<\/a><\/strong> de Caldes de Montbui, le <strong><a href=\"http:\/\/turismevalles.com\/activitats\/museu-arxiu-tomas-balvey\/\" target=\"_blank\" rel=\"noreferrer noopener\">Mus\u00e9e-archives Tom\u00e0s Balvey<\/a><\/strong> de Cardedeu, le <strong><a href=\"http:\/\/turismevalles.com\/activitats\/museu-de-granollers\/\" target=\"_blank\" rel=\"noreferrer noopener\">Mus\u00e9e de Granollers<\/a><\/strong>, le <strong><a href=\"http:\/\/turismevalles.com\/activitats\/museu-abello\/\" target=\"_blank\" rel=\"noreferrer noopener\">Mus\u00e9e Abell\u00f3<\/a><\/strong> de Mollet del Vall\u00e8s et le <strong>Mus\u00e9e de Montmel\u00f3<\/strong> avec les d\u00e9gustations gastronomiques et les activit\u00e9s de d\u00e9couverte des environs.<\/p>\n\n\n\n<p>Pour en savoir plus, veuillez cliquer<strong> <a href=\"http:\/\/turismevalles.com\/activitats\/passmuseum\/\" target=\"_blank\" rel=\"noreferrer noopener\">ici<\/a><\/strong>.<\/p>\n<\/div><\/div>\n","protected":false},"featured_media":53870,"template":"","poblacions":[388],"tipus_turisme":[280,1633],"tipus_menjar":[],"tipologia_estada":[1620,263,266,269,1621,1668],"class_list":["post-19153","activitats","type-activitats","status-publish","has-post-thumbnail","hentry","poblacions-montmelo-fr","tipus_turisme-tourisme-culturel","tipus_turisme-tourisme-familial","tipologia_estada-accessible-fr","tipologia_estada-avec-des-amis","tipologia_estada-en-famille","tipologia_estada-in-couple","tipologia_estada-single-fr","tipologia_estada-senior-fr","generate-columns","tablet-grid-50","mobile-grid-100","grid-parent","grid-33"],"acf":{"photo_gallery":{"imatges":[[{"id":15432,"title":"museu-montmel","caption":"","full_image_url":"https:\/\/turismevalles.com\/wp-content\/uploads\/2021\/08\/museu-montmel.jpg","thumbnail_image_url":"https:\/\/turismevalles.com\/wp-content\/uploads\/2021\/08\/museu-montmel-150x150.jpg","large_srcset":"https:\/\/turismevalles.com\/wp-content\/uploads\/2021\/08\/museu-montmel.jpg 543w, https:\/\/turismevalles.com\/wp-content\/uploads\/2021\/08\/museu-montmel-272x300.jpg 272w","medium_srcset":"https:\/\/turismevalles.com\/wp-content\/uploads\/2021\/08\/museu-montmel-272x300.jpg 272w, https:\/\/turismevalles.com\/wp-content\/uploads\/2021\/08\/museu-montmel.jpg 543w","media_details":{"width":543,"height":600,"sizes":{"medium":{"file":"museu-montmel-272x300.jpg","width":272,"height":300,"mime-type":"image\/jpeg","source_url":"https:\/\/turismevalles.com\/wp-content\/uploads\/2021\/08\/museu-montmel-272x300.jpg"},"thumbnail":{"file":"museu-montmel-150x150.jpg","width":150,"height":150,"mime-type":"image\/jpeg","source_url":"https:\/\/turismevalles.com\/wp-content\/uploads\/2021\/08\/museu-montmel-150x150.jpg"},"thumblist":{"file":"museu-montmel-300x300.jpg","width":300,"height":300,"mime-type":"image\/jpeg","source_url":"https:\/\/turismevalles.com\/wp-content\/uploads\/2021\/08\/museu-montmel-300x300.jpg"},"meccarouselthumb":{"file":"museu-montmel-474x324.jpg","width":474,"height":324,"mime-type":"image\/jpeg","source_url":"https:\/\/turismevalles.com\/wp-content\/uploads\/2021\/08\/museu-montmel-474x324.jpg"},"gridsquare":{"file":"museu-montmel-391x260.jpg","width":391,"height":260,"mime-type":"image\/jpeg","source_url":"https:\/\/turismevalles.com\/wp-content\/uploads\/2021\/08\/museu-montmel-391x260.jpg"},"tileview":{"file":"museu-montmel-300x400.jpg","width":300,"height":400,"mime-type":"image\/jpeg","source_url":"https:\/\/turismevalles.com\/wp-content\/uploads\/2021\/08\/museu-montmel-300x400.jpg"}}},"alt_text":"","url":"","target":""},{"id":15436,"title":"plaf-estuc-restaurat","caption":"","full_image_url":"https:\/\/turismevalles.com\/wp-content\/uploads\/2021\/08\/plaf-estuc-restaurat.jpg","thumbnail_image_url":"https:\/\/turismevalles.com\/wp-content\/uploads\/2021\/08\/plaf-estuc-restaurat-150x150.jpg","large_srcset":"https:\/\/turismevalles.com\/wp-content\/uploads\/2021\/08\/plaf-estuc-restaurat.jpg 800w, https:\/\/turismevalles.com\/wp-content\/uploads\/2021\/08\/plaf-estuc-restaurat-300x185.jpg 300w, https:\/\/turismevalles.com\/wp-content\/uploads\/2021\/08\/plaf-estuc-restaurat-768x474.jpg 768w","medium_srcset":"https:\/\/turismevalles.com\/wp-content\/uploads\/2021\/08\/plaf-estuc-restaurat-300x185.jpg 300w, https:\/\/turismevalles.com\/wp-content\/uploads\/2021\/08\/plaf-estuc-restaurat-768x474.jpg 768w, https:\/\/turismevalles.com\/wp-content\/uploads\/2021\/08\/plaf-estuc-restaurat.jpg 800w","media_details":{"width":800,"height":494,"sizes":{"medium":{"file":"plaf-estuc-restaurat-300x185.jpg","width":300,"height":185,"mime-type":"image\/jpeg","source_url":"https:\/\/turismevalles.com\/wp-content\/uploads\/2021\/08\/plaf-estuc-restaurat-300x185.jpg"},"thumbnail":{"file":"plaf-estuc-restaurat-150x150.jpg","width":150,"height":150,"mime-type":"image\/jpeg","source_url":"https:\/\/turismevalles.com\/wp-content\/uploads\/2021\/08\/plaf-estuc-restaurat-150x150.jpg"},"medium_large":{"file":"plaf-estuc-restaurat-768x474.jpg","width":768,"height":474,"mime-type":"image\/jpeg","source_url":"https:\/\/turismevalles.com\/wp-content\/uploads\/2021\/08\/plaf-estuc-restaurat-768x474.jpg"},"thumblist":{"file":"plaf-estuc-restaurat-300x300.jpg","width":300,"height":300,"mime-type":"image\/jpeg","source_url":"https:\/\/turismevalles.com\/wp-content\/uploads\/2021\/08\/plaf-estuc-restaurat-300x300.jpg"},"meccarouselthumb":{"file":"plaf-estuc-restaurat-474x324.jpg","width":474,"height":324,"mime-type":"image\/jpeg","source_url":"https:\/\/turismevalles.com\/wp-content\/uploads\/2021\/08\/plaf-estuc-restaurat-474x324.jpg"},"gridsquare":{"file":"plaf-estuc-restaurat-391x260.jpg","width":391,"height":260,"mime-type":"image\/jpeg","source_url":"https:\/\/turismevalles.com\/wp-content\/uploads\/2021\/08\/plaf-estuc-restaurat-391x260.jpg"},"tileview":{"file":"plaf-estuc-restaurat-300x400.jpg","width":300,"height":400,"mime-type":"image\/jpeg","source_url":"https:\/\/turismevalles.com\/wp-content\/uploads\/2021\/08\/plaf-estuc-restaurat-300x400.jpg"}}},"alt_text":"","url":"","target":""}]]}},"yoast_head":"<!-- This site is optimized with the Yoast SEO plugin v26.4 - https:\/\/yoast.com\/wordpress\/plugins\/seo\/ -->\n<title>Mus\u00e9e de Montmel\u00f3 - Turisme Vall\u00e8s<\/title>\n<meta name=\"description\" content=\"D\u00e9couvrez l\u2019\u00e9volution historique, l\u2019art et l\u2019arch\u00e9ologie de Montmel\u00f3 dans le contexte d\u2019El Vall\u00e8s et de la Catalogne.\" \/>\n<meta name=\"robots\" content=\"index, follow, max-snippet:-1, max-image-preview:large, max-video-preview:-1\" \/>\n<link rel=\"canonical\" href=\"https:\/\/turismevalles.com\/fr\/activites\/musee-de-montmelo\/\" \/>\n<meta property=\"og:locale\" content=\"fr_FR\" \/>\n<meta property=\"og:type\" content=\"article\" \/>\n<meta property=\"og:title\" content=\"Mus\u00e9e de Montmel\u00f3 - Turisme Vall\u00e8s\" \/>\n<meta property=\"og:description\" content=\"D\u00e9couvrez l\u2019\u00e9volution historique, l\u2019art et l\u2019arch\u00e9ologie de Montmel\u00f3 dans le contexte d\u2019El Vall\u00e8s et de la Catalogne.\" \/>\n<meta property=\"og:url\" content=\"https:\/\/turismevalles.com\/fr\/activites\/musee-de-montmelo\/\" \/>\n<meta property=\"og:site_name\" content=\"Turisme Vall\u00e8s\" \/>\n<meta property=\"article:modified_time\" content=\"2022-04-28T08:27:50+00:00\" \/>\n<meta property=\"og:image\" content=\"https:\/\/turismevalles.com\/wp-content\/uploads\/2021\/08\/MMontmelo.jpg\" \/>\n\t<meta property=\"og:image:width\" content=\"2000\" \/>\n\t<meta property=\"og:image:height\" content=\"1333\" \/>\n\t<meta property=\"og:image:type\" content=\"image\/jpeg\" \/>\n<meta name=\"twitter:card\" content=\"summary_large_image\" \/>\n<meta name=\"twitter:label1\" content=\"Dur\u00e9e de lecture estim\u00e9e\" \/>\n\t<meta name=\"twitter:data1\" content=\"1 minute\" \/>\n<script type=\"application\/ld+json\" class=\"yoast-schema-graph\">{\"@context\":\"https:\/\/schema.org\",\"@graph\":[{\"@type\":\"WebPage\",\"@id\":\"https:\/\/turismevalles.com\/fr\/activites\/musee-de-montmelo\/\",\"url\":\"https:\/\/turismevalles.com\/fr\/activites\/musee-de-montmelo\/\",\"name\":\"Mus\u00e9e de Montmel\u00f3 - Turisme Vall\u00e8s\",\"isPartOf\":{\"@id\":\"https:\/\/turismevalles.com\/en\/#website\"},\"primaryImageOfPage\":{\"@id\":\"https:\/\/turismevalles.com\/fr\/activites\/musee-de-montmelo\/#primaryimage\"},\"image\":{\"@id\":\"https:\/\/turismevalles.com\/fr\/activites\/musee-de-montmelo\/#primaryimage\"},\"thumbnailUrl\":\"https:\/\/turismevalles.com\/wp-content\/uploads\/2021\/08\/MMontmelo.jpg\",\"datePublished\":\"2022-04-28T08:27:49+00:00\",\"dateModified\":\"2022-04-28T08:27:50+00:00\",\"description\":\"D\u00e9couvrez l\u2019\u00e9volution historique, l\u2019art et l\u2019arch\u00e9ologie de Montmel\u00f3 dans le contexte d\u2019El Vall\u00e8s et de la Catalogne.\",\"breadcrumb\":{\"@id\":\"https:\/\/turismevalles.com\/fr\/activites\/musee-de-montmelo\/#breadcrumb\"},\"inLanguage\":\"fr-FR\",\"potentialAction\":[{\"@type\":\"ReadAction\",\"target\":[\"https:\/\/turismevalles.com\/fr\/activites\/musee-de-montmelo\/\"]}]},{\"@type\":\"ImageObject\",\"inLanguage\":\"fr-FR\",\"@id\":\"https:\/\/turismevalles.com\/fr\/activites\/musee-de-montmelo\/#primaryimage\",\"url\":\"https:\/\/turismevalles.com\/wp-content\/uploads\/2021\/08\/MMontmelo.jpg\",\"contentUrl\":\"https:\/\/turismevalles.com\/wp-content\/uploads\/2021\/08\/MMontmelo.jpg\",\"width\":2000,\"height\":1333,\"caption\":\"museu de montmelo\"},{\"@type\":\"BreadcrumbList\",\"@id\":\"https:\/\/turismevalles.com\/fr\/activites\/musee-de-montmelo\/#breadcrumb\",\"itemListElement\":[{\"@type\":\"ListItem\",\"position\":1,\"name\":\"Inici\",\"item\":\"https:\/\/turismevalles.com\/fr\/\"},{\"@type\":\"ListItem\",\"position\":2,\"name\":\"Activities\",\"item\":\"https:\/\/turismevalles.com\/en\/activities\/\"},{\"@type\":\"ListItem\",\"position\":3,\"name\":\"Mus\u00e9e de Montmel\u00f3\"}]},{\"@type\":\"WebSite\",\"@id\":\"https:\/\/turismevalles.com\/en\/#website\",\"url\":\"https:\/\/turismevalles.com\/en\/\",\"name\":\"Turisme Vall\u00e8s\",\"description\":\"\",\"publisher\":{\"@id\":\"https:\/\/turismevalles.com\/en\/#organization\"},\"potentialAction\":[{\"@type\":\"SearchAction\",\"target\":{\"@type\":\"EntryPoint\",\"urlTemplate\":\"https:\/\/turismevalles.com\/en\/?s={search_term_string}\"},\"query-input\":{\"@type\":\"PropertyValueSpecification\",\"valueRequired\":true,\"valueName\":\"search_term_string\"}}],\"inLanguage\":\"fr-FR\"},{\"@type\":\"Organization\",\"@id\":\"https:\/\/turismevalles.com\/en\/#organization\",\"name\":\"Turisme Vall\u00e8s\",\"url\":\"https:\/\/turismevalles.com\/en\/\",\"logo\":{\"@type\":\"ImageObject\",\"inLanguage\":\"fr-FR\",\"@id\":\"https:\/\/turismevalles.com\/en\/#\/schema\/logo\/image\/\",\"url\":\"https:\/\/turismevalles.com\/wp-content\/uploads\/2020\/08\/cropped-logo_ca-2.png\",\"contentUrl\":\"https:\/\/turismevalles.com\/wp-content\/uploads\/2020\/08\/cropped-logo_ca-2.png\",\"width\":314,\"height\":85,\"caption\":\"Turisme Vall\u00e8s\"},\"image\":{\"@id\":\"https:\/\/turismevalles.com\/en\/#\/schema\/logo\/image\/\"}}]}<\/script>\n<!-- \/ Yoast SEO plugin. -->","yoast_head_json":{"title":"Mus\u00e9e de Montmel\u00f3 - Turisme Vall\u00e8s","description":"D\u00e9couvrez l\u2019\u00e9volution historique, l\u2019art et l\u2019arch\u00e9ologie de Montmel\u00f3 dans le contexte d\u2019El Vall\u00e8s et de la Catalogne.","robots":{"index":"index","follow":"follow","max-snippet":"max-snippet:-1","max-image-preview":"max-image-preview:large","max-video-preview":"max-video-preview:-1"},"canonical":"https:\/\/turismevalles.com\/fr\/activites\/musee-de-montmelo\/","og_locale":"fr_FR","og_type":"article","og_title":"Mus\u00e9e de Montmel\u00f3 - Turisme Vall\u00e8s","og_description":"D\u00e9couvrez l\u2019\u00e9volution historique, l\u2019art et l\u2019arch\u00e9ologie de Montmel\u00f3 dans le contexte d\u2019El Vall\u00e8s et de la Catalogne.","og_url":"https:\/\/turismevalles.com\/fr\/activites\/musee-de-montmelo\/","og_site_name":"Turisme Vall\u00e8s","article_modified_time":"2022-04-28T08:27:50+00:00","og_image":[{"width":2000,"height":1333,"url":"https:\/\/turismevalles.com\/wp-content\/uploads\/2021\/08\/MMontmelo.jpg","type":"image\/jpeg"}],"twitter_card":"summary_large_image","twitter_misc":{"Dur\u00e9e de lecture estim\u00e9e":"1 minute"},"schema":{"@context":"https:\/\/schema.org","@graph":[{"@type":"WebPage","@id":"https:\/\/turismevalles.com\/fr\/activites\/musee-de-montmelo\/","url":"https:\/\/turismevalles.com\/fr\/activites\/musee-de-montmelo\/","name":"Mus\u00e9e de Montmel\u00f3 - Turisme Vall\u00e8s","isPartOf":{"@id":"https:\/\/turismevalles.com\/en\/#website"},"primaryImageOfPage":{"@id":"https:\/\/turismevalles.com\/fr\/activites\/musee-de-montmelo\/#primaryimage"},"image":{"@id":"https:\/\/turismevalles.com\/fr\/activites\/musee-de-montmelo\/#primaryimage"},"thumbnailUrl":"https:\/\/turismevalles.com\/wp-content\/uploads\/2021\/08\/MMontmelo.jpg","datePublished":"2022-04-28T08:27:49+00:00","dateModified":"2022-04-28T08:27:50+00:00","description":"D\u00e9couvrez l\u2019\u00e9volution historique, l\u2019art et l\u2019arch\u00e9ologie de Montmel\u00f3 dans le contexte d\u2019El Vall\u00e8s et de la Catalogne.","breadcrumb":{"@id":"https:\/\/turismevalles.com\/fr\/activites\/musee-de-montmelo\/#breadcrumb"},"inLanguage":"fr-FR","potentialAction":[{"@type":"ReadAction","target":["https:\/\/turismevalles.com\/fr\/activites\/musee-de-montmelo\/"]}]},{"@type":"ImageObject","inLanguage":"fr-FR","@id":"https:\/\/turismevalles.com\/fr\/activites\/musee-de-montmelo\/#primaryimage","url":"https:\/\/turismevalles.com\/wp-content\/uploads\/2021\/08\/MMontmelo.jpg","contentUrl":"https:\/\/turismevalles.com\/wp-content\/uploads\/2021\/08\/MMontmelo.jpg","width":2000,"height":1333,"caption":"museu de montmelo"},{"@type":"BreadcrumbList","@id":"https:\/\/turismevalles.com\/fr\/activites\/musee-de-montmelo\/#breadcrumb","itemListElement":[{"@type":"ListItem","position":1,"name":"Inici","item":"https:\/\/turismevalles.com\/fr\/"},{"@type":"ListItem","position":2,"name":"Activities","item":"https:\/\/turismevalles.com\/en\/activities\/"},{"@type":"ListItem","position":3,"name":"Mus\u00e9e de Montmel\u00f3"}]},{"@type":"WebSite","@id":"https:\/\/turismevalles.com\/en\/#website","url":"https:\/\/turismevalles.com\/en\/","name":"Turisme Vall\u00e8s","description":"","publisher":{"@id":"https:\/\/turismevalles.com\/en\/#organization"},"potentialAction":[{"@type":"SearchAction","target":{"@type":"EntryPoint","urlTemplate":"https:\/\/turismevalles.com\/en\/?s={search_term_string}"},"query-input":{"@type":"PropertyValueSpecification","valueRequired":true,"valueName":"search_term_string"}}],"inLanguage":"fr-FR"},{"@type":"Organization","@id":"https:\/\/turismevalles.com\/en\/#organization","name":"Turisme Vall\u00e8s","url":"https:\/\/turismevalles.com\/en\/","logo":{"@type":"ImageObject","inLanguage":"fr-FR","@id":"https:\/\/turismevalles.com\/en\/#\/schema\/logo\/image\/","url":"https:\/\/turismevalles.com\/wp-content\/uploads\/2020\/08\/cropped-logo_ca-2.png","contentUrl":"https:\/\/turismevalles.com\/wp-content\/uploads\/2020\/08\/cropped-logo_ca-2.png","width":314,"height":85,"caption":"Turisme Vall\u00e8s"},"image":{"@id":"https:\/\/turismevalles.com\/en\/#\/schema\/logo\/image\/"}}]}},"uagb_featured_image_src":{"full":["https:\/\/turismevalles.com\/wp-content\/uploads\/2021\/08\/MMontmelo.jpg",2000,1333,false],"thumbnail":["https:\/\/turismevalles.com\/wp-content\/uploads\/2021\/08\/MMontmelo-150x150.jpg",150,150,true],"medium":["https:\/\/turismevalles.com\/wp-content\/uploads\/2021\/08\/MMontmelo-300x200.jpg",300,200,true],"medium_large":["https:\/\/turismevalles.com\/wp-content\/uploads\/2021\/08\/MMontmelo-768x512.jpg",768,512,true],"large":["https:\/\/turismevalles.com\/wp-content\/uploads\/2021\/08\/MMontmelo-1024x682.jpg",1024,682,true],"thumblist":["https:\/\/turismevalles.com\/wp-content\/uploads\/2021\/08\/MMontmelo-300x300.jpg",300,300,true],"meccarouselthumb":["https:\/\/turismevalles.com\/wp-content\/uploads\/2021\/08\/MMontmelo-474x324.jpg",474,324,true],"gridsquare":["https:\/\/turismevalles.com\/wp-content\/uploads\/2021\/08\/MMontmelo-391x260.jpg",391,260,true],"tileview":["https:\/\/turismevalles.com\/wp-content\/uploads\/2021\/08\/MMontmelo-300x400.jpg",300,400,true],"1536x1536":["https:\/\/turismevalles.com\/wp-content\/uploads\/2021\/08\/MMontmelo-1536x1024.jpg",1536,1024,true],"2048x2048":["https:\/\/turismevalles.com\/wp-content\/uploads\/2021\/08\/MMontmelo.jpg",2000,1333,false]},"uagb_author_info":{"display_name":"Turisme Valles","author_link":"https:\/\/turismevalles.com\/fr\/author\/"},"uagb_comment_info":0,"uagb_excerpt":"Le Mus\u00e9e municipal de Montmel\u00f3 pr\u00e9sente une exposition permanente qui, sous le titre de \u00ab\u00a0Montmel\u00f3, chemins et ann\u00e9es\u00a0\u00bb retrace l\u2019\u00e9volution historique de la commune dans ... Veure m\u00e9s","_links":{"self":[{"href":"https:\/\/turismevalles.com\/fr\/wp-json\/wp\/v2\/activitats\/19153","targetHints":{"allow":["GET"]}}],"collection":[{"href":"https:\/\/turismevalles.com\/fr\/wp-json\/wp\/v2\/activitats"}],"about":[{"href":"https:\/\/turismevalles.com\/fr\/wp-json\/wp\/v2\/types\/activitats"}],"wp:featuredmedia":[{"embeddable":true,"href":"https:\/\/turismevalles.com\/fr\/wp-json\/wp\/v2\/media\/53870"}],"wp:attachment":[{"href":"https:\/\/turismevalles.com\/fr\/wp-json\/wp\/v2\/media?parent=19153"}],"wp:term":[{"taxonomy":"poblacions","embeddable":true,"href":"https:\/\/turismevalles.com\/fr\/wp-json\/wp\/v2\/poblacions?post=19153"},{"taxonomy":"tipus_turisme","embeddable":true,"href":"https:\/\/turismevalles.com\/fr\/wp-json\/wp\/v2\/tipus_turisme?post=19153"},{"taxonomy":"tipus_menjar","embeddable":true,"href":"https:\/\/turismevalles.com\/fr\/wp-json\/wp\/v2\/tipus_menjar?post=19153"},{"taxonomy":"tipologia_estada","embeddable":true,"href":"https:\/\/turismevalles.com\/fr\/wp-json\/wp\/v2\/tipologia_estada?post=19153"}],"curies":[{"name":"wp","href":"https:\/\/api.w.org\/{rel}","templated":true}]}}