{"id":25878,"date":"2023-04-06T14:22:45","date_gmt":"2023-04-06T12:22:45","guid":{"rendered":"http:\/\/turismevalles.com.mialias.net\/activitats\/ruta-del-vi-de-laterra-de-la-pansa-blanca\/"},"modified":"2026-07-29T14:25:25","modified_gmt":"2026-07-29T12:25:25","slug":"routes-des-vins-de-la-terra-de-la-pansa-blanca","status":"publish","type":"activitats","link":"https:\/\/turismevalles.com\/fr\/activites\/routes-des-vins-de-la-terra-de-la-pansa-blanca\/","title":{"rendered":"Route des vins de la Terra de la Pansa Blanca"},"content":{"rendered":"\n<p><strong><em>D\u00e9couvrez la route des vins de cette r\u00e9gion appel\u00e9e Pansa Blanca<\/em><\/strong><\/p>\n\n\n\n<p><br>Sur chaque itin\u00e9raire, vous trouverez une s\u00e9rie d&rsquo;activit\u00e9s gastronomiques et \u0153nologiques pour d\u00e9couvrir le territoire tout en d\u00e9gustant les vins DO Alella.<\/p>\n\n\n<div class=\"wp-block-image\">\n<figure class=\"aligncenter size-large\"><img loading=\"lazy\" decoding=\"async\" width=\"776\" height=\"663\" src=\"http:\/\/turismevalles.com\/wp-content\/uploads\/2023\/04\/ruta_del_vi_do_alella.jpg\" alt=\"\" class=\"wp-image-25853\" srcset=\"https:\/\/turismevalles.com\/wp-content\/uploads\/2023\/04\/ruta_del_vi_do_alella.jpg 776w, https:\/\/turismevalles.com\/wp-content\/uploads\/2023\/04\/ruta_del_vi_do_alella-300x256.jpg 300w, https:\/\/turismevalles.com\/wp-content\/uploads\/2023\/04\/ruta_del_vi_do_alella-768x656.jpg 768w\" sizes=\"auto, (max-width: 776px) 100vw, 776px\" \/><\/figure><\/div>\n\n\n<p><br>Planifiez votre d\u00e9couverte en suivant une s\u00e9rie d&rsquo;itin\u00e9raires que vous pouvez parcourir vous-m\u00eame.<\/p>\n\n\n\n<ul class=\"wp-block-list\">\n<li>T\u00e9l\u00e9charger<strong> <a href=\"https:\/\/www.enoturismedoalella.com\/wp-content\/uploads\/2016\/06\/Maparuta2019.pdf\" target=\"_blank\" rel=\"noreferrer noopener\">la carte<\/a><\/strong> \u00ab\u00a0Ruta del vi DO Alella\u00a0\u00bb <\/li>\n\n\n\n<li><strong>Consortium de <a href=\"https:\/\/www.terrapansablanca.cat\/municipis-consorciats\/\" target=\"_blank\" rel=\"noreferrer noopener\">municipalit\u00e9s<\/a> <\/strong>de Terra de la pansa blanca (9 fils du Vall\u00e8s Oriental &#8211; Route 3) <\/li>\n\n\n\n<li>Acc\u00e9der \u00e0 toutes les informations sur <a href=\"http:\/\/www.enoturismedoalella.com\/planifica-la-teva-ruta\/\" target=\"_blank\" rel=\"noreferrer noopener\"><strong>l&rsquo;itin\u00e9raire<\/strong> <\/a><\/li>\n<\/ul>\n\n\n\t\t\t\t\t<div\n\t\t\t\t\t\tclass=\"wp-block-uagb-image-gallery uagb-block-aed7caaf     \"\n\t\t\t\t\t\tstyle=\"\"\n\t\t\t\t\t>\n\t\t\t\t\t\t\t\t\t\t\t<div class=\"spectra-image-gallery spectra-image-gallery__layout--grid spectra-image-gallery__layout--grid-col-2 spectra-image-gallery__layout--grid-col-tab-3 spectra-image-gallery__layout--grid-col-mob-2\">\n\t\t\t\t\t\t\t\t\t\t\t<div class='spectra-image-gallery__media-wrapper' data-spectra-gallery-image-id='72733' tabindex=\"0\">\n\t\t\t\t\t\t\t<div class=\"spectra-image-gallery__media spectra-image-gallery__media--grid\">\n\t\t\t\t<picture>\n\t\t\t\t\t<source media=\"(min-width: 1024px)\" srcset=\"https:\/\/turismevalles.com\/wp-content\/uploads\/2023\/04\/IGF-Can-Roda-19-1024x576.jpg\">\n\t\t\t\t\t<source media=\"(min-width: 768px)\" srcset=\"https:\/\/turismevalles.com\/wp-content\/uploads\/2023\/04\/IGF-Can-Roda-19-1024x576.jpg\">\n\t\t\t\t\t<img decoding=\"async\" class=\"spectra-image-gallery__media-thumbnail spectra-image-gallery__media-thumbnail--grid\" src=\"https:\/\/turismevalles.com\/wp-content\/uploads\/2023\/04\/IGF-Can-Roda-19-300x169.jpg\" alt=\"Taula de vins al celler Can Roda\" loading=\"lazy\" \/>\n\t\t\t\t<\/picture>\n\t\t\t\t<div class=\"spectra-image-gallery__media-thumbnail-blurrer\"><\/div>\n\t\t\t\t\t\t\t\t\t\t\t<div class=\"spectra-image-gallery__media-thumbnail-caption-wrapper spectra-image-gallery__media-thumbnail-caption-wrapper--overlay\">\n\t\t\t\t\t\t\t\t\t\t\t<div class=\"spectra-image-gallery__media-thumbnail-caption spectra-image-gallery__media-thumbnail-caption--overlay\">\n\t\t\t\t\tTaula de vins al celler Can Roda\t\t\t\t<\/div>\n\t\t\t\t\t\t\t\t\t\t<\/div>\n\t\t\t\t\t\t\t\t\t<\/div>\n\t\t\t\t\t\t<\/div>\n\t\t\t\t\t\t<div class='spectra-image-gallery__media-wrapper' data-spectra-gallery-image-id='72737' tabindex=\"0\">\n\t\t\t\t\t\t\t<div class=\"spectra-image-gallery__media spectra-image-gallery__media--grid\">\n\t\t\t\t<picture>\n\t\t\t\t\t<source media=\"(min-width: 1024px)\" srcset=\"https:\/\/turismevalles.com\/wp-content\/uploads\/2023\/04\/CanRoda-vistes-des-de-sala-reunions-1024x683.jpg\">\n\t\t\t\t\t<source media=\"(min-width: 768px)\" srcset=\"https:\/\/turismevalles.com\/wp-content\/uploads\/2023\/04\/CanRoda-vistes-des-de-sala-reunions-1024x683.jpg\">\n\t\t\t\t\t<img decoding=\"async\" class=\"spectra-image-gallery__media-thumbnail spectra-image-gallery__media-thumbnail--grid\" src=\"https:\/\/turismevalles.com\/wp-content\/uploads\/2023\/04\/CanRoda-vistes-des-de-sala-reunions-300x200.jpg\" alt=\"Vistes des de l&#039;interior Celler Can Roda, Santa Maria de Martorelles\" loading=\"lazy\" \/>\n\t\t\t\t<\/picture>\n\t\t\t\t<div class=\"spectra-image-gallery__media-thumbnail-blurrer\"><\/div>\n\t\t\t\t\t\t\t\t\t\t\t<div class=\"spectra-image-gallery__media-thumbnail-caption-wrapper spectra-image-gallery__media-thumbnail-caption-wrapper--overlay\">\n\t\t\t\t\t\t\t\t\t\t\t<div class=\"spectra-image-gallery__media-thumbnail-caption spectra-image-gallery__media-thumbnail-caption--overlay\">\n\t\t\t\t\tVistes des de l&rsquo;interior Celler Can Roda, Santa Maria de Martorelles\t\t\t\t<\/div>\n\t\t\t\t\t\t\t\t\t\t<\/div>\n\t\t\t\t\t\t\t\t\t<\/div>\n\t\t\t\t\t\t<\/div>\n\t\t\t\t\t\t\t\t\t\t<\/div>\n\t\t\t\t\t\t\t\t\t\t\t\t\t\t\t\t\t\t<\/div>\n\t\t\t\t\t\t\t\t\t\n\n\n<p><\/p>\n","protected":false},"featured_media":25867,"template":"","poblacions":[406,878,884,876,411,879,875,873,398],"tipus_turisme":[250,3373],"tipus_menjar":[259,2723],"tipologia_estada":[1620,263,269,1621,1668],"class_list":["post-25878","activitats","type-activitats","status-publish","has-post-thumbnail","hentry","poblacions-granollers-fr","poblacions-la-roca-del-valles-fr","poblacions-llinars-del-valles-fr","poblacions-martorelles-fr","poblacions-montornes-del-valles-fr","poblacions-sant-fost-de-campsentelles-fr","poblacions-santa-maria-de-martorelles-fr","poblacions-vallromanes-fr","poblacions-vilanova-del-valles-fr","tipus_turisme-tourisme-gastronomique","tipus_turisme-tourisme-senior","tipus_menjar-producteurs","tipus_menjar-rutes-gastronomiques-fr","tipologia_estada-accessible-fr","tipologia_estada-avec-des-amis","tipologia_estada-in-couple","tipologia_estada-single-fr","tipologia_estada-senior-fr","generate-columns","tablet-grid-50","mobile-grid-100","grid-parent","grid-33"],"acf":{"photo_gallery":{"imatges":[[]]}},"yoast_head":"<!-- This site is optimized with the Yoast SEO plugin v26.4 - https:\/\/yoast.com\/wordpress\/plugins\/seo\/ -->\n<title>Route des vins de la Terra de la Pansa Blanca - Turisme Vall\u00e8s<\/title>\n<meta name=\"description\" content=\"Venez d\u00e9couvrir la route des vins de LaTerra de la Pansa Blanca. Vall\u00e8s Oriental. Maresme. A cot\u00e9 de Barcelone\" \/>\n<meta name=\"robots\" content=\"index, follow, max-snippet:-1, max-image-preview:large, max-video-preview:-1\" \/>\n<link rel=\"canonical\" href=\"https:\/\/turismevalles.com\/fr\/activites\/routes-des-vins-de-la-terra-de-la-pansa-blanca\/\" \/>\n<meta property=\"og:locale\" content=\"fr_FR\" \/>\n<meta property=\"og:type\" content=\"article\" \/>\n<meta property=\"og:title\" content=\"Route des vins de la Terra de la Pansa Blanca - Turisme Vall\u00e8s\" \/>\n<meta property=\"og:description\" content=\"Venez d\u00e9couvrir la route des vins de LaTerra de la Pansa Blanca. Vall\u00e8s Oriental. Maresme. A cot\u00e9 de Barcelone\" \/>\n<meta property=\"og:url\" content=\"https:\/\/turismevalles.com\/fr\/activites\/routes-des-vins-de-la-terra-de-la-pansa-blanca\/\" \/>\n<meta property=\"og:site_name\" content=\"Turisme Vall\u00e8s\" \/>\n<meta property=\"article:modified_time\" content=\"2026-07-29T12:25:25+00:00\" \/>\n<meta property=\"og:image\" content=\"https:\/\/turismevalles.com\/wp-content\/uploads\/2023\/04\/Can-Roda-01.jpg\" \/>\n\t<meta property=\"og:image:width\" content=\"877\" \/>\n\t<meta property=\"og:image:height\" content=\"663\" \/>\n\t<meta property=\"og:image:type\" content=\"image\/jpeg\" \/>\n<meta name=\"twitter:card\" content=\"summary_large_image\" \/>\n<meta name=\"twitter:label1\" content=\"Dur\u00e9e de lecture estim\u00e9e\" \/>\n\t<meta name=\"twitter:data1\" content=\"1 minute\" \/>\n<script type=\"application\/ld+json\" class=\"yoast-schema-graph\">{\"@context\":\"https:\/\/schema.org\",\"@graph\":[{\"@type\":\"WebPage\",\"@id\":\"https:\/\/turismevalles.com\/fr\/activites\/routes-des-vins-de-la-terra-de-la-pansa-blanca\/\",\"url\":\"https:\/\/turismevalles.com\/fr\/activites\/routes-des-vins-de-la-terra-de-la-pansa-blanca\/\",\"name\":\"Route des vins de la Terra de la Pansa Blanca - Turisme Vall\u00e8s\",\"isPartOf\":{\"@id\":\"https:\/\/turismevalles.com\/en\/#website\"},\"primaryImageOfPage\":{\"@id\":\"https:\/\/turismevalles.com\/fr\/activites\/routes-des-vins-de-la-terra-de-la-pansa-blanca\/#primaryimage\"},\"image\":{\"@id\":\"https:\/\/turismevalles.com\/fr\/activites\/routes-des-vins-de-la-terra-de-la-pansa-blanca\/#primaryimage\"},\"thumbnailUrl\":\"https:\/\/turismevalles.com\/wp-content\/uploads\/2023\/04\/Can-Roda-01.jpg\",\"datePublished\":\"2023-04-06T12:22:45+00:00\",\"dateModified\":\"2026-07-29T12:25:25+00:00\",\"description\":\"Venez d\u00e9couvrir la route des vins de LaTerra de la Pansa Blanca. Vall\u00e8s Oriental. Maresme. A cot\u00e9 de Barcelone\",\"breadcrumb\":{\"@id\":\"https:\/\/turismevalles.com\/fr\/activites\/routes-des-vins-de-la-terra-de-la-pansa-blanca\/#breadcrumb\"},\"inLanguage\":\"fr-FR\",\"potentialAction\":[{\"@type\":\"ReadAction\",\"target\":[\"https:\/\/turismevalles.com\/fr\/activites\/routes-des-vins-de-la-terra-de-la-pansa-blanca\/\"]}]},{\"@type\":\"ImageObject\",\"inLanguage\":\"fr-FR\",\"@id\":\"https:\/\/turismevalles.com\/fr\/activites\/routes-des-vins-de-la-terra-de-la-pansa-blanca\/#primaryimage\",\"url\":\"https:\/\/turismevalles.com\/wp-content\/uploads\/2023\/04\/Can-Roda-01.jpg\",\"contentUrl\":\"https:\/\/turismevalles.com\/wp-content\/uploads\/2023\/04\/Can-Roda-01.jpg\",\"width\":877,\"height\":663,\"caption\":\"Can Roda - enoturisme\"},{\"@type\":\"BreadcrumbList\",\"@id\":\"https:\/\/turismevalles.com\/fr\/activites\/routes-des-vins-de-la-terra-de-la-pansa-blanca\/#breadcrumb\",\"itemListElement\":[{\"@type\":\"ListItem\",\"position\":1,\"name\":\"Inici\",\"item\":\"https:\/\/turismevalles.com\/fr\/\"},{\"@type\":\"ListItem\",\"position\":2,\"name\":\"Activities\",\"item\":\"https:\/\/turismevalles.com\/en\/activities\/\"},{\"@type\":\"ListItem\",\"position\":3,\"name\":\"Route des vins de la Terra de la Pansa Blanca\"}]},{\"@type\":\"WebSite\",\"@id\":\"https:\/\/turismevalles.com\/en\/#website\",\"url\":\"https:\/\/turismevalles.com\/en\/\",\"name\":\"Turisme Vall\u00e8s\",\"description\":\"\",\"publisher\":{\"@id\":\"https:\/\/turismevalles.com\/en\/#organization\"},\"potentialAction\":[{\"@type\":\"SearchAction\",\"target\":{\"@type\":\"EntryPoint\",\"urlTemplate\":\"https:\/\/turismevalles.com\/en\/?s={search_term_string}\"},\"query-input\":{\"@type\":\"PropertyValueSpecification\",\"valueRequired\":true,\"valueName\":\"search_term_string\"}}],\"inLanguage\":\"fr-FR\"},{\"@type\":\"Organization\",\"@id\":\"https:\/\/turismevalles.com\/en\/#organization\",\"name\":\"Turisme Vall\u00e8s\",\"url\":\"https:\/\/turismevalles.com\/en\/\",\"logo\":{\"@type\":\"ImageObject\",\"inLanguage\":\"fr-FR\",\"@id\":\"https:\/\/turismevalles.com\/en\/#\/schema\/logo\/image\/\",\"url\":\"https:\/\/turismevalles.com\/wp-content\/uploads\/2020\/08\/cropped-logo_ca-2.png\",\"contentUrl\":\"https:\/\/turismevalles.com\/wp-content\/uploads\/2020\/08\/cropped-logo_ca-2.png\",\"width\":314,\"height\":85,\"caption\":\"Turisme Vall\u00e8s\"},\"image\":{\"@id\":\"https:\/\/turismevalles.com\/en\/#\/schema\/logo\/image\/\"}}]}<\/script>\n<!-- \/ Yoast SEO plugin. -->","yoast_head_json":{"title":"Route des vins de la Terra de la Pansa Blanca - Turisme Vall\u00e8s","description":"Venez d\u00e9couvrir la route des vins de LaTerra de la Pansa Blanca. Vall\u00e8s Oriental. Maresme. A cot\u00e9 de Barcelone","robots":{"index":"index","follow":"follow","max-snippet":"max-snippet:-1","max-image-preview":"max-image-preview:large","max-video-preview":"max-video-preview:-1"},"canonical":"https:\/\/turismevalles.com\/fr\/activites\/routes-des-vins-de-la-terra-de-la-pansa-blanca\/","og_locale":"fr_FR","og_type":"article","og_title":"Route des vins de la Terra de la Pansa Blanca - Turisme Vall\u00e8s","og_description":"Venez d\u00e9couvrir la route des vins de LaTerra de la Pansa Blanca. Vall\u00e8s Oriental. Maresme. A cot\u00e9 de Barcelone","og_url":"https:\/\/turismevalles.com\/fr\/activites\/routes-des-vins-de-la-terra-de-la-pansa-blanca\/","og_site_name":"Turisme Vall\u00e8s","article_modified_time":"2026-07-29T12:25:25+00:00","og_image":[{"width":877,"height":663,"url":"https:\/\/turismevalles.com\/wp-content\/uploads\/2023\/04\/Can-Roda-01.jpg","type":"image\/jpeg"}],"twitter_card":"summary_large_image","twitter_misc":{"Dur\u00e9e de lecture estim\u00e9e":"1 minute"},"schema":{"@context":"https:\/\/schema.org","@graph":[{"@type":"WebPage","@id":"https:\/\/turismevalles.com\/fr\/activites\/routes-des-vins-de-la-terra-de-la-pansa-blanca\/","url":"https:\/\/turismevalles.com\/fr\/activites\/routes-des-vins-de-la-terra-de-la-pansa-blanca\/","name":"Route des vins de la Terra de la Pansa Blanca - Turisme Vall\u00e8s","isPartOf":{"@id":"https:\/\/turismevalles.com\/en\/#website"},"primaryImageOfPage":{"@id":"https:\/\/turismevalles.com\/fr\/activites\/routes-des-vins-de-la-terra-de-la-pansa-blanca\/#primaryimage"},"image":{"@id":"https:\/\/turismevalles.com\/fr\/activites\/routes-des-vins-de-la-terra-de-la-pansa-blanca\/#primaryimage"},"thumbnailUrl":"https:\/\/turismevalles.com\/wp-content\/uploads\/2023\/04\/Can-Roda-01.jpg","datePublished":"2023-04-06T12:22:45+00:00","dateModified":"2026-07-29T12:25:25+00:00","description":"Venez d\u00e9couvrir la route des vins de LaTerra de la Pansa Blanca. Vall\u00e8s Oriental. Maresme. A cot\u00e9 de Barcelone","breadcrumb":{"@id":"https:\/\/turismevalles.com\/fr\/activites\/routes-des-vins-de-la-terra-de-la-pansa-blanca\/#breadcrumb"},"inLanguage":"fr-FR","potentialAction":[{"@type":"ReadAction","target":["https:\/\/turismevalles.com\/fr\/activites\/routes-des-vins-de-la-terra-de-la-pansa-blanca\/"]}]},{"@type":"ImageObject","inLanguage":"fr-FR","@id":"https:\/\/turismevalles.com\/fr\/activites\/routes-des-vins-de-la-terra-de-la-pansa-blanca\/#primaryimage","url":"https:\/\/turismevalles.com\/wp-content\/uploads\/2023\/04\/Can-Roda-01.jpg","contentUrl":"https:\/\/turismevalles.com\/wp-content\/uploads\/2023\/04\/Can-Roda-01.jpg","width":877,"height":663,"caption":"Can Roda - enoturisme"},{"@type":"BreadcrumbList","@id":"https:\/\/turismevalles.com\/fr\/activites\/routes-des-vins-de-la-terra-de-la-pansa-blanca\/#breadcrumb","itemListElement":[{"@type":"ListItem","position":1,"name":"Inici","item":"https:\/\/turismevalles.com\/fr\/"},{"@type":"ListItem","position":2,"name":"Activities","item":"https:\/\/turismevalles.com\/en\/activities\/"},{"@type":"ListItem","position":3,"name":"Route des vins de la Terra de la Pansa Blanca"}]},{"@type":"WebSite","@id":"https:\/\/turismevalles.com\/en\/#website","url":"https:\/\/turismevalles.com\/en\/","name":"Turisme Vall\u00e8s","description":"","publisher":{"@id":"https:\/\/turismevalles.com\/en\/#organization"},"potentialAction":[{"@type":"SearchAction","target":{"@type":"EntryPoint","urlTemplate":"https:\/\/turismevalles.com\/en\/?s={search_term_string}"},"query-input":{"@type":"PropertyValueSpecification","valueRequired":true,"valueName":"search_term_string"}}],"inLanguage":"fr-FR"},{"@type":"Organization","@id":"https:\/\/turismevalles.com\/en\/#organization","name":"Turisme Vall\u00e8s","url":"https:\/\/turismevalles.com\/en\/","logo":{"@type":"ImageObject","inLanguage":"fr-FR","@id":"https:\/\/turismevalles.com\/en\/#\/schema\/logo\/image\/","url":"https:\/\/turismevalles.com\/wp-content\/uploads\/2020\/08\/cropped-logo_ca-2.png","contentUrl":"https:\/\/turismevalles.com\/wp-content\/uploads\/2020\/08\/cropped-logo_ca-2.png","width":314,"height":85,"caption":"Turisme Vall\u00e8s"},"image":{"@id":"https:\/\/turismevalles.com\/en\/#\/schema\/logo\/image\/"}}]}},"uagb_featured_image_src":{"full":["https:\/\/turismevalles.com\/wp-content\/uploads\/2023\/04\/Can-Roda-01.jpg",877,663,false],"thumbnail":["https:\/\/turismevalles.com\/wp-content\/uploads\/2023\/04\/Can-Roda-01-150x150.jpg",150,150,true],"medium":["https:\/\/turismevalles.com\/wp-content\/uploads\/2023\/04\/Can-Roda-01-300x227.jpg",300,227,true],"medium_large":["https:\/\/turismevalles.com\/wp-content\/uploads\/2023\/04\/Can-Roda-01-768x581.jpg",768,581,true],"large":["https:\/\/turismevalles.com\/wp-content\/uploads\/2023\/04\/Can-Roda-01.jpg",877,663,false],"thumblist":["https:\/\/turismevalles.com\/wp-content\/uploads\/2023\/04\/Can-Roda-01-300x300.jpg",300,300,true],"meccarouselthumb":["https:\/\/turismevalles.com\/wp-content\/uploads\/2023\/04\/Can-Roda-01-474x324.jpg",474,324,true],"gridsquare":["https:\/\/turismevalles.com\/wp-content\/uploads\/2023\/04\/Can-Roda-01-391x260.jpg",391,260,true],"tileview":["https:\/\/turismevalles.com\/wp-content\/uploads\/2023\/04\/Can-Roda-01-300x400.jpg",300,400,true],"1536x1536":["https:\/\/turismevalles.com\/wp-content\/uploads\/2023\/04\/Can-Roda-01.jpg",877,663,false],"2048x2048":["https:\/\/turismevalles.com\/wp-content\/uploads\/2023\/04\/Can-Roda-01.jpg",877,663,false]},"uagb_author_info":{"display_name":"Turisme Valles","author_link":"https:\/\/turismevalles.com\/fr\/author\/"},"uagb_comment_info":0,"uagb_excerpt":"D\u00e9couvrez la route des vins de cette r\u00e9gion appel\u00e9e Pansa Blanca Sur chaque itin\u00e9raire, vous trouverez une s\u00e9rie d&rsquo;activit\u00e9s gastronomiques et \u0153nologiques pour d\u00e9couvrir le ... Veure m\u00e9s","_links":{"self":[{"href":"https:\/\/turismevalles.com\/fr\/wp-json\/wp\/v2\/activitats\/25878","targetHints":{"allow":["GET"]}}],"collection":[{"href":"https:\/\/turismevalles.com\/fr\/wp-json\/wp\/v2\/activitats"}],"about":[{"href":"https:\/\/turismevalles.com\/fr\/wp-json\/wp\/v2\/types\/activitats"}],"wp:featuredmedia":[{"embeddable":true,"href":"https:\/\/turismevalles.com\/fr\/wp-json\/wp\/v2\/media\/25867"}],"wp:attachment":[{"href":"https:\/\/turismevalles.com\/fr\/wp-json\/wp\/v2\/media?parent=25878"}],"wp:term":[{"taxonomy":"poblacions","embeddable":true,"href":"https:\/\/turismevalles.com\/fr\/wp-json\/wp\/v2\/poblacions?post=25878"},{"taxonomy":"tipus_turisme","embeddable":true,"href":"https:\/\/turismevalles.com\/fr\/wp-json\/wp\/v2\/tipus_turisme?post=25878"},{"taxonomy":"tipus_menjar","embeddable":true,"href":"https:\/\/turismevalles.com\/fr\/wp-json\/wp\/v2\/tipus_menjar?post=25878"},{"taxonomy":"tipologia_estada","embeddable":true,"href":"https:\/\/turismevalles.com\/fr\/wp-json\/wp\/v2\/tipologia_estada?post=25878"}],"curies":[{"name":"wp","href":"https:\/\/api.w.org\/{rel}","templated":true}]}}