{"id":60334,"date":"2025-01-17T13:06:42","date_gmt":"2025-01-17T12:06:42","guid":{"rendered":"https:\/\/turismevalles.com\/?post_type=activitats&#038;p=60334"},"modified":"2025-01-17T13:12:04","modified_gmt":"2025-01-17T12:12:04","slug":"visita-la-fundacio-cacaolat","status":"publish","type":"activitats","link":"https:\/\/turismevalles.com\/fr\/activites\/visita-la-fundacio-cacaolat\/","title":{"rendered":"La Fondation Marc Viader &#8211; Cacaolat"},"content":{"rendered":"\n<p>La Fondation Marc Viader ouvre les portes de l&rsquo;espace \u00ab\u00a0Marc Viader i Bas\u00a0\u00bb, d\u00e9di\u00e9 \u00e0 l&rsquo;industrie laiti\u00e8re Cardedeu, avec une exposition qui nous permet de mieux conna\u00eetre la figure de&nbsp;&nbsp;Marc Viader i Bas en tant que commer\u00e7ant, \u00e9leveur et industriel en m\u00eame temps que l&rsquo;exposition permet un voyage aux origines du Cacaolat, le populaire milk-shake au cacao, cr\u00e9\u00e9 par la famille Viader dans les ann\u00e9es 1930, le premier du genre au monde.<\/p>\n\n\n\n<p>Sont \u00e9galement expos\u00e9s des documents et des photographies de la Granja M. Viader de la Carrer Xucl\u00e0, de la Granja Viader de Cardedeu et de Letona SA.<\/p>\n\n\n\n<h6 class=\"wp-block-heading\">Horaires am\u00e9nag\u00e9s<br>Tarif : 10 \u20ac par personne (groupe maximum de 10 personnes)<br>R\u00e9servez au mus\u00e9e ou en appelant le 938713070<br>Sortez du mus\u00e9e<\/h6>\n\n\n\n<h6 class=\"wp-block-heading\"><a href=\"https:\/\/jviader8.wixsite.com\/fundacio-marc-viader\" target=\"_blank\" rel=\"noreferrer noopener\"><strong>La Fondation Marc Viader<\/strong><\/a><br>Son objectif principal est de valoriser la m\u00e9moire et de diffuser la figure et l&rsquo;h\u00e9ritage de Marc Viader i Bas, ainsi que de cultiver et promouvoir les valeurs d&rsquo;entrepreneuriat, d&rsquo;innovation et de cr\u00e9ativit\u00e9, dans diff\u00e9rents domaines de l&rsquo;entreprise, de la culture. et la connaissance.<br>Sa r\u00e9sidence, si\u00e8ge de la Fondation, est un repr\u00e9sentant important du modernisme-noucentisme r\u00e9sidentiel catalan, con\u00e7ue par l&rsquo;architecte Manel Joaquim Raspall, au centre de Cardedeu.<\/h6>\n\n\n\n<p><a href=\"https:\/\/museudecardedeu.cat\/la-fundacio-marc-viader-obre-les-seves-portes-per-la-fira-de-nadal\/\" target=\"_blank\" rel=\"noreferrer noopener\">M\u00e9s informaci\u00f3<\/a><\/p>\n","protected":false},"featured_media":60331,"template":"","poblacions":[394],"tipus_turisme":[280,250],"tipus_menjar":[2723],"tipologia_estada":[],"class_list":["post-60334","activitats","type-activitats","status-publish","has-post-thumbnail","hentry","poblacions-cardedeu-fr","tipus_turisme-tourisme-culturel","tipus_turisme-tourisme-gastronomique","tipus_menjar-rutes-gastronomiques-fr","generate-columns","tablet-grid-50","mobile-grid-100","grid-parent","grid-33"],"acf":{"photo_gallery":{"imatges":[[]]}},"yoast_head":"<!-- This site is optimized with the Yoast SEO plugin v26.4 - https:\/\/yoast.com\/wordpress\/plugins\/seo\/ -->\n<title>La Fondation Marc Viader - Cacaolat - Turisme Vall\u00e8s<\/title>\n<meta name=\"robots\" content=\"index, follow, max-snippet:-1, max-image-preview:large, max-video-preview:-1\" \/>\n<link rel=\"canonical\" href=\"https:\/\/turismevalles.com\/activites\/visita-la-fundacio-cacaolat\/\" \/>\n<meta property=\"og:locale\" content=\"fr_FR\" \/>\n<meta property=\"og:type\" content=\"article\" \/>\n<meta property=\"og:title\" content=\"La Fondation Marc Viader - Cacaolat - Turisme Vall\u00e8s\" \/>\n<meta property=\"og:description\" content=\"La Fondation Marc Viader ouvre les portes de l&rsquo;espace \u00ab\u00a0Marc Viader i Bas\u00a0\u00bb, d\u00e9di\u00e9 \u00e0 l&rsquo;industrie laiti\u00e8re Cardedeu, avec une exposition qui nous permet de ... Veure m\u00e9s\" \/>\n<meta property=\"og:url\" content=\"https:\/\/turismevalles.com\/activites\/visita-la-fundacio-cacaolat\/\" \/>\n<meta property=\"og:site_name\" content=\"Turisme Vall\u00e8s\" \/>\n<meta property=\"article:modified_time\" content=\"2025-01-17T12:12:04+00:00\" \/>\n<meta property=\"og:image\" content=\"https:\/\/turismevalles.com\/wp-content\/uploads\/2025\/01\/IMG20241015124304-scaled.jpg\" \/>\n\t<meta property=\"og:image:width\" content=\"1920\" \/>\n\t<meta property=\"og:image:height\" content=\"2560\" \/>\n\t<meta property=\"og:image:type\" content=\"image\/jpeg\" \/>\n<meta name=\"twitter:card\" content=\"summary_large_image\" \/>\n<meta name=\"twitter:label1\" content=\"Dur\u00e9e de lecture estim\u00e9e\" \/>\n\t<meta name=\"twitter:data1\" content=\"2 minutes\" \/>\n<script type=\"application\/ld+json\" class=\"yoast-schema-graph\">{\"@context\":\"https:\/\/schema.org\",\"@graph\":[{\"@type\":\"WebPage\",\"@id\":\"https:\/\/turismevalles.com\/activites\/visita-la-fundacio-cacaolat\/\",\"url\":\"https:\/\/turismevalles.com\/activites\/visita-la-fundacio-cacaolat\/\",\"name\":\"La Fondation Marc Viader - Cacaolat - Turisme Vall\u00e8s\",\"isPartOf\":{\"@id\":\"https:\/\/turismevalles.com\/en\/#website\"},\"primaryImageOfPage\":{\"@id\":\"https:\/\/turismevalles.com\/activites\/visita-la-fundacio-cacaolat\/#primaryimage\"},\"image\":{\"@id\":\"https:\/\/turismevalles.com\/activites\/visita-la-fundacio-cacaolat\/#primaryimage\"},\"thumbnailUrl\":\"https:\/\/turismevalles.com\/wp-content\/uploads\/2025\/01\/IMG20241015124304-scaled.jpg\",\"datePublished\":\"2025-01-17T12:06:42+00:00\",\"dateModified\":\"2025-01-17T12:12:04+00:00\",\"breadcrumb\":{\"@id\":\"https:\/\/turismevalles.com\/activites\/visita-la-fundacio-cacaolat\/#breadcrumb\"},\"inLanguage\":\"fr-FR\",\"potentialAction\":[{\"@type\":\"ReadAction\",\"target\":[\"https:\/\/turismevalles.com\/activites\/visita-la-fundacio-cacaolat\/\"]}]},{\"@type\":\"ImageObject\",\"inLanguage\":\"fr-FR\",\"@id\":\"https:\/\/turismevalles.com\/activites\/visita-la-fundacio-cacaolat\/#primaryimage\",\"url\":\"https:\/\/turismevalles.com\/wp-content\/uploads\/2025\/01\/IMG20241015124304-scaled.jpg\",\"contentUrl\":\"https:\/\/turismevalles.com\/wp-content\/uploads\/2025\/01\/IMG20241015124304-scaled.jpg\",\"width\":1920,\"height\":2560,\"caption\":\"oplus_34\"},{\"@type\":\"BreadcrumbList\",\"@id\":\"https:\/\/turismevalles.com\/activites\/visita-la-fundacio-cacaolat\/#breadcrumb\",\"itemListElement\":[{\"@type\":\"ListItem\",\"position\":1,\"name\":\"Inici\",\"item\":\"https:\/\/turismevalles.com\/fr\/\"},{\"@type\":\"ListItem\",\"position\":2,\"name\":\"Activities\",\"item\":\"https:\/\/turismevalles.com\/en\/activities\/\"},{\"@type\":\"ListItem\",\"position\":3,\"name\":\"La Fondation Marc Viader &#8211; Cacaolat\"}]},{\"@type\":\"WebSite\",\"@id\":\"https:\/\/turismevalles.com\/en\/#website\",\"url\":\"https:\/\/turismevalles.com\/en\/\",\"name\":\"Turisme Vall\u00e8s\",\"description\":\"\",\"publisher\":{\"@id\":\"https:\/\/turismevalles.com\/en\/#organization\"},\"potentialAction\":[{\"@type\":\"SearchAction\",\"target\":{\"@type\":\"EntryPoint\",\"urlTemplate\":\"https:\/\/turismevalles.com\/en\/?s={search_term_string}\"},\"query-input\":{\"@type\":\"PropertyValueSpecification\",\"valueRequired\":true,\"valueName\":\"search_term_string\"}}],\"inLanguage\":\"fr-FR\"},{\"@type\":\"Organization\",\"@id\":\"https:\/\/turismevalles.com\/en\/#organization\",\"name\":\"Turisme Vall\u00e8s\",\"url\":\"https:\/\/turismevalles.com\/en\/\",\"logo\":{\"@type\":\"ImageObject\",\"inLanguage\":\"fr-FR\",\"@id\":\"https:\/\/turismevalles.com\/en\/#\/schema\/logo\/image\/\",\"url\":\"https:\/\/turismevalles.com\/wp-content\/uploads\/2020\/08\/cropped-logo_ca-2.png\",\"contentUrl\":\"https:\/\/turismevalles.com\/wp-content\/uploads\/2020\/08\/cropped-logo_ca-2.png\",\"width\":314,\"height\":85,\"caption\":\"Turisme Vall\u00e8s\"},\"image\":{\"@id\":\"https:\/\/turismevalles.com\/en\/#\/schema\/logo\/image\/\"}}]}<\/script>\n<!-- \/ Yoast SEO plugin. -->","yoast_head_json":{"title":"La Fondation Marc Viader - Cacaolat - Turisme Vall\u00e8s","robots":{"index":"index","follow":"follow","max-snippet":"max-snippet:-1","max-image-preview":"max-image-preview:large","max-video-preview":"max-video-preview:-1"},"canonical":"https:\/\/turismevalles.com\/activites\/visita-la-fundacio-cacaolat\/","og_locale":"fr_FR","og_type":"article","og_title":"La Fondation Marc Viader - Cacaolat - Turisme Vall\u00e8s","og_description":"La Fondation Marc Viader ouvre les portes de l&rsquo;espace \u00ab\u00a0Marc Viader i Bas\u00a0\u00bb, d\u00e9di\u00e9 \u00e0 l&rsquo;industrie laiti\u00e8re Cardedeu, avec une exposition qui nous permet de ... Veure m\u00e9s","og_url":"https:\/\/turismevalles.com\/activites\/visita-la-fundacio-cacaolat\/","og_site_name":"Turisme Vall\u00e8s","article_modified_time":"2025-01-17T12:12:04+00:00","og_image":[{"width":1920,"height":2560,"url":"https:\/\/turismevalles.com\/wp-content\/uploads\/2025\/01\/IMG20241015124304-scaled.jpg","type":"image\/jpeg"}],"twitter_card":"summary_large_image","twitter_misc":{"Dur\u00e9e de lecture estim\u00e9e":"2 minutes"},"schema":{"@context":"https:\/\/schema.org","@graph":[{"@type":"WebPage","@id":"https:\/\/turismevalles.com\/activites\/visita-la-fundacio-cacaolat\/","url":"https:\/\/turismevalles.com\/activites\/visita-la-fundacio-cacaolat\/","name":"La Fondation Marc Viader - Cacaolat - Turisme Vall\u00e8s","isPartOf":{"@id":"https:\/\/turismevalles.com\/en\/#website"},"primaryImageOfPage":{"@id":"https:\/\/turismevalles.com\/activites\/visita-la-fundacio-cacaolat\/#primaryimage"},"image":{"@id":"https:\/\/turismevalles.com\/activites\/visita-la-fundacio-cacaolat\/#primaryimage"},"thumbnailUrl":"https:\/\/turismevalles.com\/wp-content\/uploads\/2025\/01\/IMG20241015124304-scaled.jpg","datePublished":"2025-01-17T12:06:42+00:00","dateModified":"2025-01-17T12:12:04+00:00","breadcrumb":{"@id":"https:\/\/turismevalles.com\/activites\/visita-la-fundacio-cacaolat\/#breadcrumb"},"inLanguage":"fr-FR","potentialAction":[{"@type":"ReadAction","target":["https:\/\/turismevalles.com\/activites\/visita-la-fundacio-cacaolat\/"]}]},{"@type":"ImageObject","inLanguage":"fr-FR","@id":"https:\/\/turismevalles.com\/activites\/visita-la-fundacio-cacaolat\/#primaryimage","url":"https:\/\/turismevalles.com\/wp-content\/uploads\/2025\/01\/IMG20241015124304-scaled.jpg","contentUrl":"https:\/\/turismevalles.com\/wp-content\/uploads\/2025\/01\/IMG20241015124304-scaled.jpg","width":1920,"height":2560,"caption":"oplus_34"},{"@type":"BreadcrumbList","@id":"https:\/\/turismevalles.com\/activites\/visita-la-fundacio-cacaolat\/#breadcrumb","itemListElement":[{"@type":"ListItem","position":1,"name":"Inici","item":"https:\/\/turismevalles.com\/fr\/"},{"@type":"ListItem","position":2,"name":"Activities","item":"https:\/\/turismevalles.com\/en\/activities\/"},{"@type":"ListItem","position":3,"name":"La Fondation Marc Viader &#8211; Cacaolat"}]},{"@type":"WebSite","@id":"https:\/\/turismevalles.com\/en\/#website","url":"https:\/\/turismevalles.com\/en\/","name":"Turisme Vall\u00e8s","description":"","publisher":{"@id":"https:\/\/turismevalles.com\/en\/#organization"},"potentialAction":[{"@type":"SearchAction","target":{"@type":"EntryPoint","urlTemplate":"https:\/\/turismevalles.com\/en\/?s={search_term_string}"},"query-input":{"@type":"PropertyValueSpecification","valueRequired":true,"valueName":"search_term_string"}}],"inLanguage":"fr-FR"},{"@type":"Organization","@id":"https:\/\/turismevalles.com\/en\/#organization","name":"Turisme Vall\u00e8s","url":"https:\/\/turismevalles.com\/en\/","logo":{"@type":"ImageObject","inLanguage":"fr-FR","@id":"https:\/\/turismevalles.com\/en\/#\/schema\/logo\/image\/","url":"https:\/\/turismevalles.com\/wp-content\/uploads\/2020\/08\/cropped-logo_ca-2.png","contentUrl":"https:\/\/turismevalles.com\/wp-content\/uploads\/2020\/08\/cropped-logo_ca-2.png","width":314,"height":85,"caption":"Turisme Vall\u00e8s"},"image":{"@id":"https:\/\/turismevalles.com\/en\/#\/schema\/logo\/image\/"}}]}},"uagb_featured_image_src":{"full":["https:\/\/turismevalles.com\/wp-content\/uploads\/2025\/01\/IMG20241015124304-scaled.jpg",1920,2560,false],"thumbnail":["https:\/\/turismevalles.com\/wp-content\/uploads\/2025\/01\/IMG20241015124304-150x150.jpg",150,150,true],"medium":["https:\/\/turismevalles.com\/wp-content\/uploads\/2025\/01\/IMG20241015124304-225x300.jpg",225,300,true],"medium_large":["https:\/\/turismevalles.com\/wp-content\/uploads\/2025\/01\/IMG20241015124304-768x1024.jpg",768,1024,true],"large":["https:\/\/turismevalles.com\/wp-content\/uploads\/2025\/01\/IMG20241015124304-768x1024.jpg",768,1024,true],"thumblist":["https:\/\/turismevalles.com\/wp-content\/uploads\/2025\/01\/IMG20241015124304-300x300.jpg",300,300,true],"meccarouselthumb":["https:\/\/turismevalles.com\/wp-content\/uploads\/2025\/01\/IMG20241015124304-474x324.jpg",474,324,true],"gridsquare":["https:\/\/turismevalles.com\/wp-content\/uploads\/2025\/01\/IMG20241015124304-391x260.jpg",391,260,true],"tileview":["https:\/\/turismevalles.com\/wp-content\/uploads\/2025\/01\/IMG20241015124304-300x400.jpg",300,400,true],"1536x1536":["https:\/\/turismevalles.com\/wp-content\/uploads\/2025\/01\/IMG20241015124304-1152x1536.jpg",1152,1536,true],"2048x2048":["https:\/\/turismevalles.com\/wp-content\/uploads\/2025\/01\/IMG20241015124304-1536x2048.jpg",1536,2048,true]},"uagb_author_info":{"display_name":"Turisme Valles","author_link":"https:\/\/turismevalles.com\/fr\/author\/"},"uagb_comment_info":0,"uagb_excerpt":"La Fondation Marc Viader ouvre les portes de l&rsquo;espace \u00ab\u00a0Marc Viader i Bas\u00a0\u00bb, d\u00e9di\u00e9 \u00e0 l&rsquo;industrie laiti\u00e8re Cardedeu, avec une exposition qui nous permet de ... Veure m\u00e9s","_links":{"self":[{"href":"https:\/\/turismevalles.com\/fr\/wp-json\/wp\/v2\/activitats\/60334","targetHints":{"allow":["GET"]}}],"collection":[{"href":"https:\/\/turismevalles.com\/fr\/wp-json\/wp\/v2\/activitats"}],"about":[{"href":"https:\/\/turismevalles.com\/fr\/wp-json\/wp\/v2\/types\/activitats"}],"wp:featuredmedia":[{"embeddable":true,"href":"https:\/\/turismevalles.com\/fr\/wp-json\/wp\/v2\/media\/60331"}],"wp:attachment":[{"href":"https:\/\/turismevalles.com\/fr\/wp-json\/wp\/v2\/media?parent=60334"}],"wp:term":[{"taxonomy":"poblacions","embeddable":true,"href":"https:\/\/turismevalles.com\/fr\/wp-json\/wp\/v2\/poblacions?post=60334"},{"taxonomy":"tipus_turisme","embeddable":true,"href":"https:\/\/turismevalles.com\/fr\/wp-json\/wp\/v2\/tipus_turisme?post=60334"},{"taxonomy":"tipus_menjar","embeddable":true,"href":"https:\/\/turismevalles.com\/fr\/wp-json\/wp\/v2\/tipus_menjar?post=60334"},{"taxonomy":"tipologia_estada","embeddable":true,"href":"https:\/\/turismevalles.com\/fr\/wp-json\/wp\/v2\/tipologia_estada?post=60334"}],"curies":[{"name":"wp","href":"https:\/\/api.w.org\/{rel}","templated":true}]}}