{"id":9222,"date":"2020-11-26T11:39:06","date_gmt":"2020-11-26T09:39:06","guid":{"rendered":"http:\/\/turismevalles.com.mialias.net\/activitats\/le-musee-et-arxive-tomas-balvey\/"},"modified":"2022-02-25T13:22:01","modified_gmt":"2022-02-25T12:22:01","slug":"le-musee-et-arxive-tomas-balvey","status":"publish","type":"activitats","link":"https:\/\/turismevalles.com\/fr\/activites\/le-musee-et-arxive-tomas-balvey\/","title":{"rendered":"Le Mus\u00e9e et arxive Tom\u00e0s Balvey"},"content":{"rendered":"\n<p><strong>Le Mus\u00e9e et arxive Tom\u00e0s Balvey<\/strong><br\/>Le mus\u00e9e a son si\u00e8ge dans l\u2019ancienne maison d\u2019\u00e9t\u00e9 de la famille Daurella, au centre de la ville, dans un environnement urbain qui se caract\u00e9rise par de nombreux b\u00e2timents et maisons de vacances familles bourgeoises de Barcelona de la fin du XX\u00e8me.<\/p>\n\n<p>Le mus\u00e9e porte le nom de son fondateur, Tom\u00e0s Balvey i Bas, dernier repr\u00e9sentant d\u2019une ancienne famille d\u2019apothicaires enregistr\u00e9e \u00e0 Cardedeu d\u00e8s le XVII\u00e8me si\u00e8cle.<br\/>Le fonds du MATBC est constitu\u00e9 par diverses collections, dont l\u2019\u00e9l\u00e9ment le plus remarquable est l\u2019ancienne pharmacie rurale de la famille Balvey qui, avec celle d\u2019Esteve de Ll\u00edvia, sont les deux pharmacies les plus anciennes d\u2019Europe. L\u2019ensemble est compos\u00e9 par le mobilier original, de 1780, et comprend plus de deux-cents pots de c\u00e9ramique de style imp\u00e9rial, datant de 1827.<\/p>\n\n<p>Le parcours du mus\u00e9e MATBC commence par des collections de la pharmacie et du m\u00e9tier d\u2019apothicaire, pour finir sur le jardin du mus\u00e9e, consacr\u00e9 aux plantes m\u00e9dicinales, avec des sp\u00e9cimens remarcables, comme s\u2019il s\u2019agissait une salle d\u2019expositions en plain aire, compl\u00e9tant ainsi le th\u00e8me central du mus\u00e9e : le bien-\u00eatre, la sant\u00e9 et les rem\u00e8des.<\/p>\n\n<p>Le Mus\u00e9e Archive Tom\u00e0s Balvey a une longe historie et un solide parcours ; fortement ancr\u00e9 au territoire, le mus\u00e9e fait tout pour pr\u00e9server, r\u00e9cup\u00e9rer et expliquer l\u2019histoire et le patrimoine \u00e0 partir d\u2019expositions, d\u2019activit\u00e9s, d\u2019ateliers et d\u2019itin\u00e9raires touristiques.<br\/><br\/><strong>Itin\u00e9raires dans Cardedeu<\/strong><br\/>Le Mus\u00e9e propose un parcours guid\u00e9 dans le centre historique, avec de nombreux commentaires sur l\u2019art, l\u2019architecture et l\u2019histoire de la municipalit\u00e9 qui va du gothique au modernisme. Des maisons d\u2019\u00e9t\u00e9 entour\u00e9es de jardins, sans oublier l\u2019architecture civile fun\u00e9raire de l\u2019architecte manuel Joaquim Raspall (1877-1937).<br\/>Ou encoure des promenades dans les environs naturels de Cardedeu, guid\u00e9s par des sp\u00e9cialistes afin d\u2019apprendre et reconna\u00eetre la g\u00e9ologie, les plantes m\u00e9dicinales, les oiseaux ou les champignons locaux. <\/p>\n\n<hr class=\"wp-block-separator\"\/>\n\n<h2 class=\"wp-block-heading\">Connaissez-vous le PassMuseum?<\/h2>\n\n<div class=\"wp-block-media-text alignwide is-stacked-on-mobile\"><figure class=\"wp-block-media-text__media\"><img loading=\"lazy\" decoding=\"async\" width=\"720\" height=\"302\" src=\"http:\/\/turismevalles.com\/wp-content\/uploads\/2021\/08\/turismevalles4935.jpeg\" alt=\"\" class=\"wp-image-15278 size-full\" srcset=\"https:\/\/turismevalles.com\/wp-content\/uploads\/2021\/08\/turismevalles4935.jpeg 720w, https:\/\/turismevalles.com\/wp-content\/uploads\/2021\/08\/turismevalles4935-300x126.jpeg 300w\" sizes=\"auto, (max-width: 720px) 100vw, 720px\" \/><\/figure><div class=\"wp-block-media-text__content\">\n<p>Si vous \u00eates passionn\u00e9 de culture et de gastronomie, le PassMuseum combine des visites guid\u00e9es du <strong><a href=\"http:\/\/turismevalles.com\/fr\/activit&#xE9;s\/manolo-hugue-et-pablo-picasso-au-musee-thermalia\/\" target=\"_blank\" rel=\"noreferrer noopener\">Museu Thermalia<\/a><\/strong> de Caldes de Montbui; au <strong>Museu Arxiu Tom\u00e0s Balvey<\/strong> de Cardedeu, au <strong><a href=\"http:\/\/turismevalles.com\/activitats\/museu-de-granollers\/\" target=\"_blank\" rel=\"noreferrer noopener\">Museu de Granollers<\/a><\/strong>, au <strong><a href=\"http:\/\/turismevalles.com\/activitats\/museu-abello\/\" target=\"_blank\" rel=\"noreferrer noopener\">Museu Abell\u00f3<\/a><\/strong> de Mollet del Vall\u00e8s et au <strong><a href=\"http:\/\/turismevalles.com\/activitats\/museu-de-montmelo\/\" target=\"_blank\" rel=\"noreferrer noopener\">Museu de Montmel\u00f3<\/a><\/strong>; avec des d\u00e9gustations gastronomiques et des activit\u00e9s pour d\u00e9couvrir les environs.<\/p>\n\n\n\n<p>Pour plus d&rsquo;informations, cliquez <strong><a href=\"http:\/\/turismevalles.com\/fr\/activit&#xE9;s\/passmuseum\/\" target=\"_blank\" rel=\"noreferrer noopener\">ici<\/a><\/strong>.<\/p>\n<\/div><\/div>\n","protected":false},"featured_media":53794,"template":"","poblacions":[394],"tipus_turisme":[280],"tipus_menjar":[],"tipologia_estada":[1620,263,266,269,1668],"class_list":["post-9222","activitats","type-activitats","status-publish","has-post-thumbnail","hentry","poblacions-cardedeu-fr","tipus_turisme-tourisme-culturel","tipologia_estada-accessible-fr","tipologia_estada-avec-des-amis","tipologia_estada-en-famille","tipologia_estada-in-couple","tipologia_estada-senior-fr","generate-columns","tablet-grid-50","mobile-grid-100","grid-parent","grid-33"],"acf":{"photo_gallery":{"imatges":[[{"id":8186,"title":"turismevalles4622","caption":"","full_image_url":"https:\/\/turismevalles.com\/wp-content\/uploads\/2020\/11\/turismevalles4622.jpg","thumbnail_image_url":"https:\/\/turismevalles.com\/wp-content\/uploads\/2020\/11\/turismevalles4622-150x150.jpg","large_srcset":"https:\/\/turismevalles.com\/wp-content\/uploads\/2020\/11\/turismevalles4622.jpg 720w, https:\/\/turismevalles.com\/wp-content\/uploads\/2020\/11\/turismevalles4622-300x126.jpg 300w","medium_srcset":"https:\/\/turismevalles.com\/wp-content\/uploads\/2020\/11\/turismevalles4622-300x126.jpg 300w, https:\/\/turismevalles.com\/wp-content\/uploads\/2020\/11\/turismevalles4622.jpg 720w","media_details":{"width":720,"height":302,"sizes":{"medium":{"file":"turismevalles4622-300x126.jpg","width":300,"height":126,"mime-type":"image\/jpeg","source_url":"https:\/\/turismevalles.com\/wp-content\/uploads\/2020\/11\/turismevalles4622-300x126.jpg"},"thumbnail":{"file":"turismevalles4622-150x150.jpg","width":150,"height":150,"mime-type":"image\/jpeg","source_url":"https:\/\/turismevalles.com\/wp-content\/uploads\/2020\/11\/turismevalles4622-150x150.jpg"}}},"alt_text":"","url":"","target":""},{"id":8183,"title":"turismevalles4623","caption":"","full_image_url":"https:\/\/turismevalles.com\/wp-content\/uploads\/2020\/11\/turismevalles4623.jpg","thumbnail_image_url":"https:\/\/turismevalles.com\/wp-content\/uploads\/2020\/11\/turismevalles4623-150x150.jpg","large_srcset":"https:\/\/turismevalles.com\/wp-content\/uploads\/2020\/11\/turismevalles4623.jpg 720w, https:\/\/turismevalles.com\/wp-content\/uploads\/2020\/11\/turismevalles4623-300x126.jpg 300w","medium_srcset":"https:\/\/turismevalles.com\/wp-content\/uploads\/2020\/11\/turismevalles4623-300x126.jpg 300w, https:\/\/turismevalles.com\/wp-content\/uploads\/2020\/11\/turismevalles4623.jpg 720w","media_details":{"width":720,"height":302,"sizes":{"medium":{"file":"turismevalles4623-300x126.jpg","width":300,"height":126,"mime-type":"image\/jpeg","source_url":"https:\/\/turismevalles.com\/wp-content\/uploads\/2020\/11\/turismevalles4623-300x126.jpg"},"thumbnail":{"file":"turismevalles4623-150x150.jpg","width":150,"height":150,"mime-type":"image\/jpeg","source_url":"https:\/\/turismevalles.com\/wp-content\/uploads\/2020\/11\/turismevalles4623-150x150.jpg"}}},"alt_text":"","url":"","target":""},{"id":8180,"title":"turismevalles4624","caption":"","full_image_url":"https:\/\/turismevalles.com\/wp-content\/uploads\/2020\/11\/turismevalles4624-1.jpg","thumbnail_image_url":"https:\/\/turismevalles.com\/wp-content\/uploads\/2020\/11\/turismevalles4624-1-150x150.jpg","large_srcset":"https:\/\/turismevalles.com\/wp-content\/uploads\/2020\/11\/turismevalles4624-1.jpg 720w, https:\/\/turismevalles.com\/wp-content\/uploads\/2020\/11\/turismevalles4624-1-300x126.jpg 300w","medium_srcset":"https:\/\/turismevalles.com\/wp-content\/uploads\/2020\/11\/turismevalles4624-1-300x126.jpg 300w, https:\/\/turismevalles.com\/wp-content\/uploads\/2020\/11\/turismevalles4624-1.jpg 720w","media_details":{"width":720,"height":302,"sizes":{"medium":{"file":"turismevalles4624-1-300x126.jpg","width":300,"height":126,"mime-type":"image\/jpeg","source_url":"https:\/\/turismevalles.com\/wp-content\/uploads\/2020\/11\/turismevalles4624-1-300x126.jpg"},"thumbnail":{"file":"turismevalles4624-1-150x150.jpg","width":150,"height":150,"mime-type":"image\/jpeg","source_url":"https:\/\/turismevalles.com\/wp-content\/uploads\/2020\/11\/turismevalles4624-1-150x150.jpg"}}},"alt_text":"","url":"","target":""},{"id":8177,"title":"turismevalles4627","caption":"","full_image_url":"https:\/\/turismevalles.com\/wp-content\/uploads\/2020\/11\/turismevalles4627.jpg","thumbnail_image_url":"https:\/\/turismevalles.com\/wp-content\/uploads\/2020\/11\/turismevalles4627-150x150.jpg","large_srcset":"https:\/\/turismevalles.com\/wp-content\/uploads\/2020\/11\/turismevalles4627.jpg 720w, https:\/\/turismevalles.com\/wp-content\/uploads\/2020\/11\/turismevalles4627-300x126.jpg 300w","medium_srcset":"https:\/\/turismevalles.com\/wp-content\/uploads\/2020\/11\/turismevalles4627-300x126.jpg 300w, https:\/\/turismevalles.com\/wp-content\/uploads\/2020\/11\/turismevalles4627.jpg 720w","media_details":{"width":720,"height":302,"sizes":{"medium":{"file":"turismevalles4627-300x126.jpg","width":300,"height":126,"mime-type":"image\/jpeg","source_url":"https:\/\/turismevalles.com\/wp-content\/uploads\/2020\/11\/turismevalles4627-300x126.jpg"},"thumbnail":{"file":"turismevalles4627-150x150.jpg","width":150,"height":150,"mime-type":"image\/jpeg","source_url":"https:\/\/turismevalles.com\/wp-content\/uploads\/2020\/11\/turismevalles4627-150x150.jpg"}}},"alt_text":"","url":"","target":""},{"id":8174,"title":"turismevalles4628","caption":"","full_image_url":"https:\/\/turismevalles.com\/wp-content\/uploads\/2020\/11\/turismevalles4628.jpg","thumbnail_image_url":"https:\/\/turismevalles.com\/wp-content\/uploads\/2020\/11\/turismevalles4628-150x150.jpg","large_srcset":"https:\/\/turismevalles.com\/wp-content\/uploads\/2020\/11\/turismevalles4628.jpg 720w, https:\/\/turismevalles.com\/wp-content\/uploads\/2020\/11\/turismevalles4628-300x126.jpg 300w","medium_srcset":"https:\/\/turismevalles.com\/wp-content\/uploads\/2020\/11\/turismevalles4628-300x126.jpg 300w, https:\/\/turismevalles.com\/wp-content\/uploads\/2020\/11\/turismevalles4628.jpg 720w","media_details":{"width":720,"height":302,"sizes":{"medium":{"file":"turismevalles4628-300x126.jpg","width":300,"height":126,"mime-type":"image\/jpeg","source_url":"https:\/\/turismevalles.com\/wp-content\/uploads\/2020\/11\/turismevalles4628-300x126.jpg"},"thumbnail":{"file":"turismevalles4628-150x150.jpg","width":150,"height":150,"mime-type":"image\/jpeg","source_url":"https:\/\/turismevalles.com\/wp-content\/uploads\/2020\/11\/turismevalles4628-150x150.jpg"}}},"alt_text":"","url":"","target":""}]]}},"yoast_head":"<!-- This site is optimized with the Yoast SEO plugin v26.4 - https:\/\/yoast.com\/wordpress\/plugins\/seo\/ -->\n<title>Le Mus\u00e9e et arxive Tom\u00e0s Balvey - Turisme Vall\u00e8s<\/title>\n<meta name=\"robots\" content=\"index, follow, max-snippet:-1, max-image-preview:large, max-video-preview:-1\" \/>\n<link rel=\"canonical\" href=\"https:\/\/turismevalles.com\/activites\/museu-arxiu-tomas-balvey\/\" \/>\n<meta property=\"og:locale\" content=\"fr_FR\" \/>\n<meta property=\"og:type\" content=\"article\" \/>\n<meta property=\"og:title\" content=\"Le Mus\u00e9e et arxive Tom\u00e0s Balvey - Turisme Vall\u00e8s\" \/>\n<meta property=\"og:description\" content=\"Le Mus\u00e9e et arxive Tom\u00e0s BalveyLe mus\u00e9e a son si\u00e8ge dans l\u2019ancienne maison d\u2019\u00e9t\u00e9 de la famille Daurella, au centre de la ville, dans un ... Veure m\u00e9s\" \/>\n<meta property=\"og:url\" content=\"https:\/\/turismevalles.com\/activites\/museu-arxiu-tomas-balvey\/\" \/>\n<meta property=\"og:site_name\" content=\"Turisme Vall\u00e8s\" \/>\n<meta property=\"article:modified_time\" content=\"2022-02-25T12:22:01+00:00\" \/>\n<meta property=\"og:image\" content=\"https:\/\/turismevalles.com\/wp-content\/uploads\/2020\/11\/Balvey-XSM-scaled.jpg\" \/>\n\t<meta property=\"og:image:width\" content=\"2560\" \/>\n\t<meta property=\"og:image:height\" content=\"1707\" \/>\n\t<meta property=\"og:image:type\" content=\"image\/jpeg\" \/>\n<meta name=\"twitter:card\" content=\"summary_large_image\" \/>\n<meta name=\"twitter:label1\" content=\"Dur\u00e9e de lecture estim\u00e9e\" \/>\n\t<meta name=\"twitter:data1\" content=\"2 minutes\" \/>\n<script type=\"application\/ld+json\" class=\"yoast-schema-graph\">{\"@context\":\"https:\/\/schema.org\",\"@graph\":[{\"@type\":\"WebPage\",\"@id\":\"https:\/\/turismevalles.com\/activites\/museu-arxiu-tomas-balvey\/\",\"url\":\"https:\/\/turismevalles.com\/activites\/museu-arxiu-tomas-balvey\/\",\"name\":\"Le Mus\u00e9e et arxive Tom\u00e0s Balvey - Turisme Vall\u00e8s\",\"isPartOf\":{\"@id\":\"https:\/\/turismevalles.com\/en\/#website\"},\"primaryImageOfPage\":{\"@id\":\"https:\/\/turismevalles.com\/activites\/museu-arxiu-tomas-balvey\/#primaryimage\"},\"image\":{\"@id\":\"https:\/\/turismevalles.com\/activites\/museu-arxiu-tomas-balvey\/#primaryimage\"},\"thumbnailUrl\":\"https:\/\/turismevalles.com\/wp-content\/uploads\/2020\/11\/Balvey-XSM-scaled.jpg\",\"datePublished\":\"2020-11-26T09:39:06+00:00\",\"dateModified\":\"2022-02-25T12:22:01+00:00\",\"breadcrumb\":{\"@id\":\"https:\/\/turismevalles.com\/activites\/museu-arxiu-tomas-balvey\/#breadcrumb\"},\"inLanguage\":\"fr-FR\",\"potentialAction\":[{\"@type\":\"ReadAction\",\"target\":[\"https:\/\/turismevalles.com\/activites\/museu-arxiu-tomas-balvey\/\"]}]},{\"@type\":\"ImageObject\",\"inLanguage\":\"fr-FR\",\"@id\":\"https:\/\/turismevalles.com\/activites\/museu-arxiu-tomas-balvey\/#primaryimage\",\"url\":\"https:\/\/turismevalles.com\/wp-content\/uploads\/2020\/11\/Balvey-XSM-scaled.jpg\",\"contentUrl\":\"https:\/\/turismevalles.com\/wp-content\/uploads\/2020\/11\/Balvey-XSM-scaled.jpg\",\"width\":2560,\"height\":1707,\"caption\":\"museu balvey\"},{\"@type\":\"BreadcrumbList\",\"@id\":\"https:\/\/turismevalles.com\/activites\/museu-arxiu-tomas-balvey\/#breadcrumb\",\"itemListElement\":[{\"@type\":\"ListItem\",\"position\":1,\"name\":\"Inici\",\"item\":\"https:\/\/turismevalles.com\/fr\/\"},{\"@type\":\"ListItem\",\"position\":2,\"name\":\"Activities\",\"item\":\"https:\/\/turismevalles.com\/en\/activities\/\"},{\"@type\":\"ListItem\",\"position\":3,\"name\":\"Le Mus\u00e9e et arxive Tom\u00e0s Balvey\"}]},{\"@type\":\"WebSite\",\"@id\":\"https:\/\/turismevalles.com\/en\/#website\",\"url\":\"https:\/\/turismevalles.com\/en\/\",\"name\":\"Turisme Vall\u00e8s\",\"description\":\"\",\"publisher\":{\"@id\":\"https:\/\/turismevalles.com\/en\/#organization\"},\"potentialAction\":[{\"@type\":\"SearchAction\",\"target\":{\"@type\":\"EntryPoint\",\"urlTemplate\":\"https:\/\/turismevalles.com\/en\/?s={search_term_string}\"},\"query-input\":{\"@type\":\"PropertyValueSpecification\",\"valueRequired\":true,\"valueName\":\"search_term_string\"}}],\"inLanguage\":\"fr-FR\"},{\"@type\":\"Organization\",\"@id\":\"https:\/\/turismevalles.com\/en\/#organization\",\"name\":\"Turisme Vall\u00e8s\",\"url\":\"https:\/\/turismevalles.com\/en\/\",\"logo\":{\"@type\":\"ImageObject\",\"inLanguage\":\"fr-FR\",\"@id\":\"https:\/\/turismevalles.com\/en\/#\/schema\/logo\/image\/\",\"url\":\"https:\/\/turismevalles.com\/wp-content\/uploads\/2020\/08\/cropped-logo_ca-2.png\",\"contentUrl\":\"https:\/\/turismevalles.com\/wp-content\/uploads\/2020\/08\/cropped-logo_ca-2.png\",\"width\":314,\"height\":85,\"caption\":\"Turisme Vall\u00e8s\"},\"image\":{\"@id\":\"https:\/\/turismevalles.com\/en\/#\/schema\/logo\/image\/\"}}]}<\/script>\n<!-- \/ Yoast SEO plugin. -->","yoast_head_json":{"title":"Le Mus\u00e9e et arxive Tom\u00e0s Balvey - Turisme Vall\u00e8s","robots":{"index":"index","follow":"follow","max-snippet":"max-snippet:-1","max-image-preview":"max-image-preview:large","max-video-preview":"max-video-preview:-1"},"canonical":"https:\/\/turismevalles.com\/activites\/museu-arxiu-tomas-balvey\/","og_locale":"fr_FR","og_type":"article","og_title":"Le Mus\u00e9e et arxive Tom\u00e0s Balvey - Turisme Vall\u00e8s","og_description":"Le Mus\u00e9e et arxive Tom\u00e0s BalveyLe mus\u00e9e a son si\u00e8ge dans l\u2019ancienne maison d\u2019\u00e9t\u00e9 de la famille Daurella, au centre de la ville, dans un ... Veure m\u00e9s","og_url":"https:\/\/turismevalles.com\/activites\/museu-arxiu-tomas-balvey\/","og_site_name":"Turisme Vall\u00e8s","article_modified_time":"2022-02-25T12:22:01+00:00","og_image":[{"width":2560,"height":1707,"url":"https:\/\/turismevalles.com\/wp-content\/uploads\/2020\/11\/Balvey-XSM-scaled.jpg","type":"image\/jpeg"}],"twitter_card":"summary_large_image","twitter_misc":{"Dur\u00e9e de lecture estim\u00e9e":"2 minutes"},"schema":{"@context":"https:\/\/schema.org","@graph":[{"@type":"WebPage","@id":"https:\/\/turismevalles.com\/activites\/museu-arxiu-tomas-balvey\/","url":"https:\/\/turismevalles.com\/activites\/museu-arxiu-tomas-balvey\/","name":"Le Mus\u00e9e et arxive Tom\u00e0s Balvey - Turisme Vall\u00e8s","isPartOf":{"@id":"https:\/\/turismevalles.com\/en\/#website"},"primaryImageOfPage":{"@id":"https:\/\/turismevalles.com\/activites\/museu-arxiu-tomas-balvey\/#primaryimage"},"image":{"@id":"https:\/\/turismevalles.com\/activites\/museu-arxiu-tomas-balvey\/#primaryimage"},"thumbnailUrl":"https:\/\/turismevalles.com\/wp-content\/uploads\/2020\/11\/Balvey-XSM-scaled.jpg","datePublished":"2020-11-26T09:39:06+00:00","dateModified":"2022-02-25T12:22:01+00:00","breadcrumb":{"@id":"https:\/\/turismevalles.com\/activites\/museu-arxiu-tomas-balvey\/#breadcrumb"},"inLanguage":"fr-FR","potentialAction":[{"@type":"ReadAction","target":["https:\/\/turismevalles.com\/activites\/museu-arxiu-tomas-balvey\/"]}]},{"@type":"ImageObject","inLanguage":"fr-FR","@id":"https:\/\/turismevalles.com\/activites\/museu-arxiu-tomas-balvey\/#primaryimage","url":"https:\/\/turismevalles.com\/wp-content\/uploads\/2020\/11\/Balvey-XSM-scaled.jpg","contentUrl":"https:\/\/turismevalles.com\/wp-content\/uploads\/2020\/11\/Balvey-XSM-scaled.jpg","width":2560,"height":1707,"caption":"museu balvey"},{"@type":"BreadcrumbList","@id":"https:\/\/turismevalles.com\/activites\/museu-arxiu-tomas-balvey\/#breadcrumb","itemListElement":[{"@type":"ListItem","position":1,"name":"Inici","item":"https:\/\/turismevalles.com\/fr\/"},{"@type":"ListItem","position":2,"name":"Activities","item":"https:\/\/turismevalles.com\/en\/activities\/"},{"@type":"ListItem","position":3,"name":"Le Mus\u00e9e et arxive Tom\u00e0s Balvey"}]},{"@type":"WebSite","@id":"https:\/\/turismevalles.com\/en\/#website","url":"https:\/\/turismevalles.com\/en\/","name":"Turisme Vall\u00e8s","description":"","publisher":{"@id":"https:\/\/turismevalles.com\/en\/#organization"},"potentialAction":[{"@type":"SearchAction","target":{"@type":"EntryPoint","urlTemplate":"https:\/\/turismevalles.com\/en\/?s={search_term_string}"},"query-input":{"@type":"PropertyValueSpecification","valueRequired":true,"valueName":"search_term_string"}}],"inLanguage":"fr-FR"},{"@type":"Organization","@id":"https:\/\/turismevalles.com\/en\/#organization","name":"Turisme Vall\u00e8s","url":"https:\/\/turismevalles.com\/en\/","logo":{"@type":"ImageObject","inLanguage":"fr-FR","@id":"https:\/\/turismevalles.com\/en\/#\/schema\/logo\/image\/","url":"https:\/\/turismevalles.com\/wp-content\/uploads\/2020\/08\/cropped-logo_ca-2.png","contentUrl":"https:\/\/turismevalles.com\/wp-content\/uploads\/2020\/08\/cropped-logo_ca-2.png","width":314,"height":85,"caption":"Turisme Vall\u00e8s"},"image":{"@id":"https:\/\/turismevalles.com\/en\/#\/schema\/logo\/image\/"}}]}},"uagb_featured_image_src":{"full":["https:\/\/turismevalles.com\/wp-content\/uploads\/2020\/11\/Balvey-XSM-scaled.jpg",2560,1707,false],"thumbnail":["https:\/\/turismevalles.com\/wp-content\/uploads\/2020\/11\/Balvey-XSM-150x150.jpg",150,150,true],"medium":["https:\/\/turismevalles.com\/wp-content\/uploads\/2020\/11\/Balvey-XSM-300x200.jpg",300,200,true],"medium_large":["https:\/\/turismevalles.com\/wp-content\/uploads\/2020\/11\/Balvey-XSM-768x512.jpg",768,512,true],"large":["https:\/\/turismevalles.com\/wp-content\/uploads\/2020\/11\/Balvey-XSM-1024x683.jpg",1024,683,true],"thumblist":["https:\/\/turismevalles.com\/wp-content\/uploads\/2020\/11\/Balvey-XSM-300x300.jpg",300,300,true],"meccarouselthumb":["https:\/\/turismevalles.com\/wp-content\/uploads\/2020\/11\/Balvey-XSM-474x324.jpg",474,324,true],"gridsquare":["https:\/\/turismevalles.com\/wp-content\/uploads\/2020\/11\/Balvey-XSM-391x260.jpg",391,260,true],"tileview":["https:\/\/turismevalles.com\/wp-content\/uploads\/2020\/11\/Balvey-XSM-300x400.jpg",300,400,true],"1536x1536":["https:\/\/turismevalles.com\/wp-content\/uploads\/2020\/11\/Balvey-XSM-1536x1024.jpg",1536,1024,true],"2048x2048":["https:\/\/turismevalles.com\/wp-content\/uploads\/2020\/11\/Balvey-XSM-2048x1366.jpg",2048,1366,true]},"uagb_author_info":{"display_name":"Turisme Valles","author_link":"https:\/\/turismevalles.com\/fr\/author\/"},"uagb_comment_info":0,"uagb_excerpt":"Le Mus\u00e9e et arxive Tom\u00e0s BalveyLe mus\u00e9e a son si\u00e8ge dans l\u2019ancienne maison d\u2019\u00e9t\u00e9 de la famille Daurella, au centre de la ville, dans un ... Veure m\u00e9s","_links":{"self":[{"href":"https:\/\/turismevalles.com\/fr\/wp-json\/wp\/v2\/activitats\/9222","targetHints":{"allow":["GET"]}}],"collection":[{"href":"https:\/\/turismevalles.com\/fr\/wp-json\/wp\/v2\/activitats"}],"about":[{"href":"https:\/\/turismevalles.com\/fr\/wp-json\/wp\/v2\/types\/activitats"}],"wp:featuredmedia":[{"embeddable":true,"href":"https:\/\/turismevalles.com\/fr\/wp-json\/wp\/v2\/media\/53794"}],"wp:attachment":[{"href":"https:\/\/turismevalles.com\/fr\/wp-json\/wp\/v2\/media?parent=9222"}],"wp:term":[{"taxonomy":"poblacions","embeddable":true,"href":"https:\/\/turismevalles.com\/fr\/wp-json\/wp\/v2\/poblacions?post=9222"},{"taxonomy":"tipus_turisme","embeddable":true,"href":"https:\/\/turismevalles.com\/fr\/wp-json\/wp\/v2\/tipus_turisme?post=9222"},{"taxonomy":"tipus_menjar","embeddable":true,"href":"https:\/\/turismevalles.com\/fr\/wp-json\/wp\/v2\/tipus_menjar?post=9222"},{"taxonomy":"tipologia_estada","embeddable":true,"href":"https:\/\/turismevalles.com\/fr\/wp-json\/wp\/v2\/tipologia_estada?post=9222"}],"curies":[{"name":"wp","href":"https:\/\/api.w.org\/{rel}","templated":true}]}}