{"id":9904,"date":"2020-12-02T12:54:16","date_gmt":"2020-12-02T10:54:16","guid":{"rendered":"http:\/\/turismevalles.com.mialias.net\/activitats\/9904\/"},"modified":"2022-02-25T13:54:02","modified_gmt":"2022-02-25T12:54:02","slug":"modernisme-d-ete-a-figaro-montmany","status":"publish","type":"activitats","link":"https:\/\/turismevalles.com\/fr\/activites\/modernisme-d-ete-a-figaro-montmany\/","title":{"rendered":"&#8211;"},"content":{"rendered":"\n<p><strong>&#8211;<\/strong><\/p>\n\n<p>&#8211;<\/p>\n\n<p>&#8211; <strong>caract\u00e8re<\/strong><\/p>\n\n<p>&#8211;<\/p>\n\n<p>&#8211; &#8211;<\/p>\n\n<p><a href=\"https:\/\/drive.google.com\/drive\/folders\/1uq2QwxdgHHkRMUtqA7fez2Vtb0KkvVYt?usp=sharing\"><strong>&#8211;<\/strong><\/a><\/p>\n\n<p>&#8211;<\/p>\n","protected":false},"featured_media":54263,"template":"","poblacions":[444],"tipus_turisme":[280],"tipus_menjar":[],"tipologia_estada":[263,266,269,1621,1668],"class_list":["post-9904","activitats","type-activitats","status-publish","has-post-thumbnail","hentry","poblacions-figaro-montmany-fr","tipus_turisme-tourisme-culturel","tipologia_estada-avec-des-amis","tipologia_estada-en-famille","tipologia_estada-in-couple","tipologia_estada-single-fr","tipologia_estada-senior-fr","generate-columns","tablet-grid-50","mobile-grid-100","grid-parent","grid-33"],"acf":{"photo_gallery":{"imatges":[[{"id":54263,"title":"ModFigaro (Manel Cuesta)","caption":"modernisme figaro montmany","full_image_url":"https:\/\/turismevalles.com\/wp-content\/uploads\/2020\/11\/ModFigaro-Manel-Cuesta-scaled.jpg","thumbnail_image_url":"https:\/\/turismevalles.com\/wp-content\/uploads\/2020\/11\/ModFigaro-Manel-Cuesta-150x150.jpg","large_srcset":"https:\/\/turismevalles.com\/wp-content\/uploads\/2020\/11\/ModFigaro-Manel-Cuesta-683x1024.jpg 683w, https:\/\/turismevalles.com\/wp-content\/uploads\/2020\/11\/ModFigaro-Manel-Cuesta-200x300.jpg 200w, https:\/\/turismevalles.com\/wp-content\/uploads\/2020\/11\/ModFigaro-Manel-Cuesta-768x1151.jpg 768w, https:\/\/turismevalles.com\/wp-content\/uploads\/2020\/11\/ModFigaro-Manel-Cuesta-1024x1536.jpg 1024w, https:\/\/turismevalles.com\/wp-content\/uploads\/2020\/11\/ModFigaro-Manel-Cuesta-1366x2048.jpg 1366w, https:\/\/turismevalles.com\/wp-content\/uploads\/2020\/11\/ModFigaro-Manel-Cuesta-scaled.jpg 1707w","medium_srcset":"https:\/\/turismevalles.com\/wp-content\/uploads\/2020\/11\/ModFigaro-Manel-Cuesta-200x300.jpg 200w, https:\/\/turismevalles.com\/wp-content\/uploads\/2020\/11\/ModFigaro-Manel-Cuesta-683x1024.jpg 683w, https:\/\/turismevalles.com\/wp-content\/uploads\/2020\/11\/ModFigaro-Manel-Cuesta-768x1151.jpg 768w, https:\/\/turismevalles.com\/wp-content\/uploads\/2020\/11\/ModFigaro-Manel-Cuesta-1024x1536.jpg 1024w, https:\/\/turismevalles.com\/wp-content\/uploads\/2020\/11\/ModFigaro-Manel-Cuesta-1366x2048.jpg 1366w, https:\/\/turismevalles.com\/wp-content\/uploads\/2020\/11\/ModFigaro-Manel-Cuesta-scaled.jpg 1707w","media_details":{"width":1707,"height":2560,"sizes":{"medium":{"file":"ModFigaro-Manel-Cuesta-200x300.jpg","width":200,"height":300,"mime-type":"image\/jpeg","filesize":31654,"source_url":"https:\/\/turismevalles.com\/wp-content\/uploads\/2020\/11\/ModFigaro-Manel-Cuesta-200x300.jpg"},"large":{"file":"ModFigaro-Manel-Cuesta-683x1024.jpg","width":683,"height":1024,"mime-type":"image\/jpeg","filesize":162108,"source_url":"https:\/\/turismevalles.com\/wp-content\/uploads\/2020\/11\/ModFigaro-Manel-Cuesta-683x1024.jpg"},"thumbnail":{"file":"ModFigaro-Manel-Cuesta-150x150.jpg","width":150,"height":150,"mime-type":"image\/jpeg","filesize":23637,"source_url":"https:\/\/turismevalles.com\/wp-content\/uploads\/2020\/11\/ModFigaro-Manel-Cuesta-150x150.jpg"},"medium_large":{"file":"ModFigaro-Manel-Cuesta-768x1151.jpg","width":768,"height":1151,"mime-type":"image\/jpeg","filesize":196977,"source_url":"https:\/\/turismevalles.com\/wp-content\/uploads\/2020\/11\/ModFigaro-Manel-Cuesta-768x1151.jpg"},"thumblist":{"file":"ModFigaro-Manel-Cuesta-300x300.jpg","width":300,"height":300,"mime-type":"image\/jpeg","filesize":43579,"source_url":"https:\/\/turismevalles.com\/wp-content\/uploads\/2020\/11\/ModFigaro-Manel-Cuesta-300x300.jpg"},"meccarouselthumb":{"file":"ModFigaro-Manel-Cuesta-474x324.jpg","width":474,"height":324,"mime-type":"image\/jpeg","filesize":60128,"source_url":"https:\/\/turismevalles.com\/wp-content\/uploads\/2020\/11\/ModFigaro-Manel-Cuesta-474x324.jpg"},"gridsquare":{"file":"ModFigaro-Manel-Cuesta-391x260.jpg","width":391,"height":260,"mime-type":"image\/jpeg","filesize":46420,"source_url":"https:\/\/turismevalles.com\/wp-content\/uploads\/2020\/11\/ModFigaro-Manel-Cuesta-391x260.jpg"},"tileview":{"file":"ModFigaro-Manel-Cuesta-300x400.jpg","width":300,"height":400,"mime-type":"image\/jpeg","filesize":48235,"source_url":"https:\/\/turismevalles.com\/wp-content\/uploads\/2020\/11\/ModFigaro-Manel-Cuesta-300x400.jpg"},"1536x1536":{"file":"ModFigaro-Manel-Cuesta-1024x1536.jpg","width":1024,"height":1536,"mime-type":"image\/jpeg","filesize":318593,"source_url":"https:\/\/turismevalles.com\/wp-content\/uploads\/2020\/11\/ModFigaro-Manel-Cuesta-1024x1536.jpg"},"2048x2048":{"file":"ModFigaro-Manel-Cuesta-1366x2048.jpg","width":1366,"height":2048,"mime-type":"image\/jpeg","filesize":533024,"source_url":"https:\/\/turismevalles.com\/wp-content\/uploads\/2020\/11\/ModFigaro-Manel-Cuesta-1366x2048.jpg"}}},"alt_text":"modernisme figaro montmany","url":"","target":""},{"id":8150,"title":"turismevalles2243","caption":"","full_image_url":"https:\/\/turismevalles.com\/wp-content\/uploads\/2020\/11\/turismevalles2243.jpg","thumbnail_image_url":"https:\/\/turismevalles.com\/wp-content\/uploads\/2020\/11\/turismevalles2243-150x150.jpg","large_srcset":"https:\/\/turismevalles.com\/wp-content\/uploads\/2020\/11\/turismevalles2243.jpg 720w, https:\/\/turismevalles.com\/wp-content\/uploads\/2020\/11\/turismevalles2243-300x126.jpg 300w","medium_srcset":"https:\/\/turismevalles.com\/wp-content\/uploads\/2020\/11\/turismevalles2243-300x126.jpg 300w, https:\/\/turismevalles.com\/wp-content\/uploads\/2020\/11\/turismevalles2243.jpg 720w","media_details":{"width":720,"height":302,"sizes":{"medium":{"file":"turismevalles2243-300x126.jpg","width":300,"height":126,"mime-type":"image\/jpeg","source_url":"https:\/\/turismevalles.com\/wp-content\/uploads\/2020\/11\/turismevalles2243-300x126.jpg"},"thumbnail":{"file":"turismevalles2243-150x150.jpg","width":150,"height":150,"mime-type":"image\/jpeg","source_url":"https:\/\/turismevalles.com\/wp-content\/uploads\/2020\/11\/turismevalles2243-150x150.jpg"}}},"alt_text":"Ruta del Modernisme d'Estiueig a Figar\u00f3 - Montmany","url":"","target":""},{"id":8147,"title":"turismevalles2244","caption":"","full_image_url":"https:\/\/turismevalles.com\/wp-content\/uploads\/2020\/11\/turismevalles2244.jpg","thumbnail_image_url":"https:\/\/turismevalles.com\/wp-content\/uploads\/2020\/11\/turismevalles2244-150x150.jpg","large_srcset":"https:\/\/turismevalles.com\/wp-content\/uploads\/2020\/11\/turismevalles2244.jpg 720w, https:\/\/turismevalles.com\/wp-content\/uploads\/2020\/11\/turismevalles2244-300x126.jpg 300w","medium_srcset":"https:\/\/turismevalles.com\/wp-content\/uploads\/2020\/11\/turismevalles2244-300x126.jpg 300w, https:\/\/turismevalles.com\/wp-content\/uploads\/2020\/11\/turismevalles2244.jpg 720w","media_details":{"width":720,"height":302,"sizes":{"medium":{"file":"turismevalles2244-300x126.jpg","width":300,"height":126,"mime-type":"image\/jpeg","source_url":"https:\/\/turismevalles.com\/wp-content\/uploads\/2020\/11\/turismevalles2244-300x126.jpg"},"thumbnail":{"file":"turismevalles2244-150x150.jpg","width":150,"height":150,"mime-type":"image\/jpeg","source_url":"https:\/\/turismevalles.com\/wp-content\/uploads\/2020\/11\/turismevalles2244-150x150.jpg"}}},"alt_text":"","url":"","target":""},{"id":8144,"title":"turismevalles2245","caption":"","full_image_url":"https:\/\/turismevalles.com\/wp-content\/uploads\/2020\/11\/turismevalles2245.jpg","thumbnail_image_url":"https:\/\/turismevalles.com\/wp-content\/uploads\/2020\/11\/turismevalles2245-150x150.jpg","large_srcset":"https:\/\/turismevalles.com\/wp-content\/uploads\/2020\/11\/turismevalles2245.jpg 720w, https:\/\/turismevalles.com\/wp-content\/uploads\/2020\/11\/turismevalles2245-300x126.jpg 300w","medium_srcset":"https:\/\/turismevalles.com\/wp-content\/uploads\/2020\/11\/turismevalles2245-300x126.jpg 300w, https:\/\/turismevalles.com\/wp-content\/uploads\/2020\/11\/turismevalles2245.jpg 720w","media_details":{"width":720,"height":302,"sizes":{"medium":{"file":"turismevalles2245-300x126.jpg","width":300,"height":126,"mime-type":"image\/jpeg","source_url":"https:\/\/turismevalles.com\/wp-content\/uploads\/2020\/11\/turismevalles2245-300x126.jpg"},"thumbnail":{"file":"turismevalles2245-150x150.jpg","width":150,"height":150,"mime-type":"image\/jpeg","source_url":"https:\/\/turismevalles.com\/wp-content\/uploads\/2020\/11\/turismevalles2245-150x150.jpg"}}},"alt_text":"","url":"","target":""}]]}},"yoast_head":"<!-- This site is optimized with the Yoast SEO plugin v26.4 - https:\/\/yoast.com\/wordpress\/plugins\/seo\/ -->\n<title>- Turisme Vall\u00e8s<\/title>\n<meta name=\"description\" content=\"D\u00e9couvrez la route du modernisme estival dans le Vall\u00e8s Oriental, avec les maisons les plus impressionnantes de la commune de Figar\u00f3-Montmany.\" \/>\n<meta name=\"robots\" content=\"index, follow, max-snippet:-1, max-image-preview:large, max-video-preview:-1\" \/>\n<link rel=\"canonical\" href=\"https:\/\/turismevalles.com\/activites\/ruta-del-modernisme-destiueig-a-figaro-montmany\/\" \/>\n<meta property=\"og:locale\" content=\"fr_FR\" \/>\n<meta property=\"og:type\" content=\"article\" \/>\n<meta property=\"og:title\" content=\"- Turisme Vall\u00e8s\" \/>\n<meta property=\"og:description\" content=\"D\u00e9couvrez la route du modernisme estival dans le Vall\u00e8s Oriental, avec les maisons les plus impressionnantes de la commune de Figar\u00f3-Montmany.\" \/>\n<meta property=\"og:url\" content=\"https:\/\/turismevalles.com\/activites\/ruta-del-modernisme-destiueig-a-figaro-montmany\/\" \/>\n<meta property=\"og:site_name\" content=\"Turisme Vall\u00e8s\" \/>\n<meta property=\"article:modified_time\" content=\"2022-02-25T12:54:02+00:00\" \/>\n<meta property=\"og:image\" content=\"https:\/\/turismevalles.com\/wp-content\/uploads\/2020\/11\/ModFigaro-Manel-Cuesta-scaled.jpg\" \/>\n\t<meta property=\"og:image:width\" content=\"1707\" \/>\n\t<meta property=\"og:image:height\" content=\"2560\" \/>\n\t<meta property=\"og:image:type\" content=\"image\/jpeg\" \/>\n<meta name=\"twitter:card\" content=\"summary_large_image\" \/>\n<meta name=\"twitter:label1\" content=\"Dur\u00e9e de lecture estim\u00e9e\" \/>\n\t<meta name=\"twitter:data1\" content=\"1 minute\" \/>\n<script type=\"application\/ld+json\" class=\"yoast-schema-graph\">{\"@context\":\"https:\/\/schema.org\",\"@graph\":[{\"@type\":\"WebPage\",\"@id\":\"https:\/\/turismevalles.com\/activites\/ruta-del-modernisme-destiueig-a-figaro-montmany\/\",\"url\":\"https:\/\/turismevalles.com\/activites\/ruta-del-modernisme-destiueig-a-figaro-montmany\/\",\"name\":\"- Turisme Vall\u00e8s\",\"isPartOf\":{\"@id\":\"https:\/\/turismevalles.com\/en\/#website\"},\"primaryImageOfPage\":{\"@id\":\"https:\/\/turismevalles.com\/activites\/ruta-del-modernisme-destiueig-a-figaro-montmany\/#primaryimage\"},\"image\":{\"@id\":\"https:\/\/turismevalles.com\/activites\/ruta-del-modernisme-destiueig-a-figaro-montmany\/#primaryimage\"},\"thumbnailUrl\":\"https:\/\/turismevalles.com\/wp-content\/uploads\/2020\/11\/ModFigaro-Manel-Cuesta-scaled.jpg\",\"datePublished\":\"2020-12-02T10:54:16+00:00\",\"dateModified\":\"2022-02-25T12:54:02+00:00\",\"description\":\"D\u00e9couvrez la route du modernisme estival dans le Vall\u00e8s Oriental, avec les maisons les plus impressionnantes de la commune de Figar\u00f3-Montmany.\",\"breadcrumb\":{\"@id\":\"https:\/\/turismevalles.com\/activites\/ruta-del-modernisme-destiueig-a-figaro-montmany\/#breadcrumb\"},\"inLanguage\":\"fr-FR\",\"potentialAction\":[{\"@type\":\"ReadAction\",\"target\":[\"https:\/\/turismevalles.com\/activites\/ruta-del-modernisme-destiueig-a-figaro-montmany\/\"]}]},{\"@type\":\"ImageObject\",\"inLanguage\":\"fr-FR\",\"@id\":\"https:\/\/turismevalles.com\/activites\/ruta-del-modernisme-destiueig-a-figaro-montmany\/#primaryimage\",\"url\":\"https:\/\/turismevalles.com\/wp-content\/uploads\/2020\/11\/ModFigaro-Manel-Cuesta-scaled.jpg\",\"contentUrl\":\"https:\/\/turismevalles.com\/wp-content\/uploads\/2020\/11\/ModFigaro-Manel-Cuesta-scaled.jpg\",\"width\":1707,\"height\":2560,\"caption\":\"modernisme figaro montmany\"},{\"@type\":\"BreadcrumbList\",\"@id\":\"https:\/\/turismevalles.com\/activites\/ruta-del-modernisme-destiueig-a-figaro-montmany\/#breadcrumb\",\"itemListElement\":[{\"@type\":\"ListItem\",\"position\":1,\"name\":\"Inici\",\"item\":\"https:\/\/turismevalles.com\/fr\/\"},{\"@type\":\"ListItem\",\"position\":2,\"name\":\"Activities\",\"item\":\"https:\/\/turismevalles.com\/en\/activities\/\"},{\"@type\":\"ListItem\",\"position\":3,\"name\":\"&#8211;\"}]},{\"@type\":\"WebSite\",\"@id\":\"https:\/\/turismevalles.com\/en\/#website\",\"url\":\"https:\/\/turismevalles.com\/en\/\",\"name\":\"Turisme Vall\u00e8s\",\"description\":\"\",\"publisher\":{\"@id\":\"https:\/\/turismevalles.com\/en\/#organization\"},\"potentialAction\":[{\"@type\":\"SearchAction\",\"target\":{\"@type\":\"EntryPoint\",\"urlTemplate\":\"https:\/\/turismevalles.com\/en\/?s={search_term_string}\"},\"query-input\":{\"@type\":\"PropertyValueSpecification\",\"valueRequired\":true,\"valueName\":\"search_term_string\"}}],\"inLanguage\":\"fr-FR\"},{\"@type\":\"Organization\",\"@id\":\"https:\/\/turismevalles.com\/en\/#organization\",\"name\":\"Turisme Vall\u00e8s\",\"url\":\"https:\/\/turismevalles.com\/en\/\",\"logo\":{\"@type\":\"ImageObject\",\"inLanguage\":\"fr-FR\",\"@id\":\"https:\/\/turismevalles.com\/en\/#\/schema\/logo\/image\/\",\"url\":\"https:\/\/turismevalles.com\/wp-content\/uploads\/2020\/08\/cropped-logo_ca-2.png\",\"contentUrl\":\"https:\/\/turismevalles.com\/wp-content\/uploads\/2020\/08\/cropped-logo_ca-2.png\",\"width\":314,\"height\":85,\"caption\":\"Turisme Vall\u00e8s\"},\"image\":{\"@id\":\"https:\/\/turismevalles.com\/en\/#\/schema\/logo\/image\/\"}}]}<\/script>\n<!-- \/ Yoast SEO plugin. -->","yoast_head_json":{"title":"- Turisme Vall\u00e8s","description":"D\u00e9couvrez la route du modernisme estival dans le Vall\u00e8s Oriental, avec les maisons les plus impressionnantes de la commune de Figar\u00f3-Montmany.","robots":{"index":"index","follow":"follow","max-snippet":"max-snippet:-1","max-image-preview":"max-image-preview:large","max-video-preview":"max-video-preview:-1"},"canonical":"https:\/\/turismevalles.com\/activites\/ruta-del-modernisme-destiueig-a-figaro-montmany\/","og_locale":"fr_FR","og_type":"article","og_title":"- Turisme Vall\u00e8s","og_description":"D\u00e9couvrez la route du modernisme estival dans le Vall\u00e8s Oriental, avec les maisons les plus impressionnantes de la commune de Figar\u00f3-Montmany.","og_url":"https:\/\/turismevalles.com\/activites\/ruta-del-modernisme-destiueig-a-figaro-montmany\/","og_site_name":"Turisme Vall\u00e8s","article_modified_time":"2022-02-25T12:54:02+00:00","og_image":[{"width":1707,"height":2560,"url":"https:\/\/turismevalles.com\/wp-content\/uploads\/2020\/11\/ModFigaro-Manel-Cuesta-scaled.jpg","type":"image\/jpeg"}],"twitter_card":"summary_large_image","twitter_misc":{"Dur\u00e9e de lecture estim\u00e9e":"1 minute"},"schema":{"@context":"https:\/\/schema.org","@graph":[{"@type":"WebPage","@id":"https:\/\/turismevalles.com\/activites\/ruta-del-modernisme-destiueig-a-figaro-montmany\/","url":"https:\/\/turismevalles.com\/activites\/ruta-del-modernisme-destiueig-a-figaro-montmany\/","name":"- Turisme Vall\u00e8s","isPartOf":{"@id":"https:\/\/turismevalles.com\/en\/#website"},"primaryImageOfPage":{"@id":"https:\/\/turismevalles.com\/activites\/ruta-del-modernisme-destiueig-a-figaro-montmany\/#primaryimage"},"image":{"@id":"https:\/\/turismevalles.com\/activites\/ruta-del-modernisme-destiueig-a-figaro-montmany\/#primaryimage"},"thumbnailUrl":"https:\/\/turismevalles.com\/wp-content\/uploads\/2020\/11\/ModFigaro-Manel-Cuesta-scaled.jpg","datePublished":"2020-12-02T10:54:16+00:00","dateModified":"2022-02-25T12:54:02+00:00","description":"D\u00e9couvrez la route du modernisme estival dans le Vall\u00e8s Oriental, avec les maisons les plus impressionnantes de la commune de Figar\u00f3-Montmany.","breadcrumb":{"@id":"https:\/\/turismevalles.com\/activites\/ruta-del-modernisme-destiueig-a-figaro-montmany\/#breadcrumb"},"inLanguage":"fr-FR","potentialAction":[{"@type":"ReadAction","target":["https:\/\/turismevalles.com\/activites\/ruta-del-modernisme-destiueig-a-figaro-montmany\/"]}]},{"@type":"ImageObject","inLanguage":"fr-FR","@id":"https:\/\/turismevalles.com\/activites\/ruta-del-modernisme-destiueig-a-figaro-montmany\/#primaryimage","url":"https:\/\/turismevalles.com\/wp-content\/uploads\/2020\/11\/ModFigaro-Manel-Cuesta-scaled.jpg","contentUrl":"https:\/\/turismevalles.com\/wp-content\/uploads\/2020\/11\/ModFigaro-Manel-Cuesta-scaled.jpg","width":1707,"height":2560,"caption":"modernisme figaro montmany"},{"@type":"BreadcrumbList","@id":"https:\/\/turismevalles.com\/activites\/ruta-del-modernisme-destiueig-a-figaro-montmany\/#breadcrumb","itemListElement":[{"@type":"ListItem","position":1,"name":"Inici","item":"https:\/\/turismevalles.com\/fr\/"},{"@type":"ListItem","position":2,"name":"Activities","item":"https:\/\/turismevalles.com\/en\/activities\/"},{"@type":"ListItem","position":3,"name":"&#8211;"}]},{"@type":"WebSite","@id":"https:\/\/turismevalles.com\/en\/#website","url":"https:\/\/turismevalles.com\/en\/","name":"Turisme Vall\u00e8s","description":"","publisher":{"@id":"https:\/\/turismevalles.com\/en\/#organization"},"potentialAction":[{"@type":"SearchAction","target":{"@type":"EntryPoint","urlTemplate":"https:\/\/turismevalles.com\/en\/?s={search_term_string}"},"query-input":{"@type":"PropertyValueSpecification","valueRequired":true,"valueName":"search_term_string"}}],"inLanguage":"fr-FR"},{"@type":"Organization","@id":"https:\/\/turismevalles.com\/en\/#organization","name":"Turisme Vall\u00e8s","url":"https:\/\/turismevalles.com\/en\/","logo":{"@type":"ImageObject","inLanguage":"fr-FR","@id":"https:\/\/turismevalles.com\/en\/#\/schema\/logo\/image\/","url":"https:\/\/turismevalles.com\/wp-content\/uploads\/2020\/08\/cropped-logo_ca-2.png","contentUrl":"https:\/\/turismevalles.com\/wp-content\/uploads\/2020\/08\/cropped-logo_ca-2.png","width":314,"height":85,"caption":"Turisme Vall\u00e8s"},"image":{"@id":"https:\/\/turismevalles.com\/en\/#\/schema\/logo\/image\/"}}]}},"uagb_featured_image_src":{"full":["https:\/\/turismevalles.com\/wp-content\/uploads\/2020\/11\/ModFigaro-Manel-Cuesta-scaled.jpg",1707,2560,false],"thumbnail":["https:\/\/turismevalles.com\/wp-content\/uploads\/2020\/11\/ModFigaro-Manel-Cuesta-150x150.jpg",150,150,true],"medium":["https:\/\/turismevalles.com\/wp-content\/uploads\/2020\/11\/ModFigaro-Manel-Cuesta-200x300.jpg",200,300,true],"medium_large":["https:\/\/turismevalles.com\/wp-content\/uploads\/2020\/11\/ModFigaro-Manel-Cuesta-768x1151.jpg",768,1151,true],"large":["https:\/\/turismevalles.com\/wp-content\/uploads\/2020\/11\/ModFigaro-Manel-Cuesta-683x1024.jpg",683,1024,true],"thumblist":["https:\/\/turismevalles.com\/wp-content\/uploads\/2020\/11\/ModFigaro-Manel-Cuesta-300x300.jpg",300,300,true],"meccarouselthumb":["https:\/\/turismevalles.com\/wp-content\/uploads\/2020\/11\/ModFigaro-Manel-Cuesta-474x324.jpg",474,324,true],"gridsquare":["https:\/\/turismevalles.com\/wp-content\/uploads\/2020\/11\/ModFigaro-Manel-Cuesta-391x260.jpg",391,260,true],"tileview":["https:\/\/turismevalles.com\/wp-content\/uploads\/2020\/11\/ModFigaro-Manel-Cuesta-300x400.jpg",300,400,true],"1536x1536":["https:\/\/turismevalles.com\/wp-content\/uploads\/2020\/11\/ModFigaro-Manel-Cuesta-1024x1536.jpg",1024,1536,true],"2048x2048":["https:\/\/turismevalles.com\/wp-content\/uploads\/2020\/11\/ModFigaro-Manel-Cuesta-1366x2048.jpg",1366,2048,true]},"uagb_author_info":{"display_name":"Turisme Valles","author_link":"https:\/\/turismevalles.com\/fr\/author\/"},"uagb_comment_info":0,"uagb_excerpt":"&#8211; &#8211; &#8211; caract\u00e8re &#8211; &#8211; &#8211; &#8211; &#8211;","_links":{"self":[{"href":"https:\/\/turismevalles.com\/fr\/wp-json\/wp\/v2\/activitats\/9904","targetHints":{"allow":["GET"]}}],"collection":[{"href":"https:\/\/turismevalles.com\/fr\/wp-json\/wp\/v2\/activitats"}],"about":[{"href":"https:\/\/turismevalles.com\/fr\/wp-json\/wp\/v2\/types\/activitats"}],"wp:featuredmedia":[{"embeddable":true,"href":"https:\/\/turismevalles.com\/fr\/wp-json\/wp\/v2\/media\/54263"}],"wp:attachment":[{"href":"https:\/\/turismevalles.com\/fr\/wp-json\/wp\/v2\/media?parent=9904"}],"wp:term":[{"taxonomy":"poblacions","embeddable":true,"href":"https:\/\/turismevalles.com\/fr\/wp-json\/wp\/v2\/poblacions?post=9904"},{"taxonomy":"tipus_turisme","embeddable":true,"href":"https:\/\/turismevalles.com\/fr\/wp-json\/wp\/v2\/tipus_turisme?post=9904"},{"taxonomy":"tipus_menjar","embeddable":true,"href":"https:\/\/turismevalles.com\/fr\/wp-json\/wp\/v2\/tipus_menjar?post=9904"},{"taxonomy":"tipologia_estada","embeddable":true,"href":"https:\/\/turismevalles.com\/fr\/wp-json\/wp\/v2\/tipologia_estada?post=9904"}],"curies":[{"name":"wp","href":"https:\/\/api.w.org\/{rel}","templated":true}]}}